{"id":2510,"date":"2024-06-13T19:01:50","date_gmt":"2024-06-13T16:01:50","guid":{"rendered":"https:\/\/great-greider.212-227-6-40.plesk.page\/?page_id=2510"},"modified":"2024-12-07T18:43:22","modified_gmt":"2024-12-07T18:43:22","slug":"estetika-nosa-prirodnog-izgleda","status":"publish","type":"page","link":"https:\/\/www.alevcamcioglu.com\/sr\/rhinoplasty\/estetika-nosa-prirodnog-izgleda\/","title":{"rendered":"Estetika nosa prirodnog izgleda"},"content":{"rendered":"\n\t<section class=\"section\" id=\"section_805594822\">\n\t\t<div class=\"section-bg fill\" >\n\t\t\t<img decoding=\"async\" width=\"1600\" height=\"900\" src=\"https:\/\/www.alevcamcioglu.com\/wp-content\/uploads\/2024\/10\/Dogal-Gorunumlu-Burun-Estetigi.jpg\" class=\"bg attachment-2048x2048 size-2048x2048\" alt=\"\" title=\"\">\t\t\t\t\t\t\n\t\t\t\n\n\t\t<\/div>\n\n\t\t\n\n\t\t<div class=\"section-content relative\">\n\t\t\t\n\t\t<\/div>\n\n\t\t\n<style>\n#section_805594822 {\n  padding-top: 150px;\n  padding-bottom: 150px;\n}\n#section_805594822 .section-bg img {\n  object-position: 50% 42%;\n}\n@media (min-width:550px) {\n  #section_805594822 {\n    padding-top: 250px;\n    padding-bottom: 250px;\n  }\n}\n<\/style>\n\t<\/section>\n\t\n\n\t<section class=\"section\" id=\"section_1633345655\">\n\t\t<div class=\"section-bg fill\" >\n\t\t\t\t\t\t\t\t\t\n\t\t\t\n\n\t\t<\/div>\n\n\t\t\n\n\t\t<div class=\"section-content relative\">\n\t\t\t\n<div class=\"row\"  id=\"row-536640948\">\n\n\t<div id=\"col-1016050392\" class=\"col show-for-small small-12 large-12\"  >\n\t\t\t\t<div class=\"col-inner text-center\"  >\n\t\t\t\n\t<div class=\"is-border\"\n\t\tstyle=\"border-color:rgb(75, 85, 173);border-radius:20px;border-width:1px 1px 1px 1px;\">\n\t<\/div>\n\t\t\t\n  <div id=\"page-header-495444344\" class=\"page-header-wrapper\">\n  <div class=\"page-title light simple-title\">\n\n    \n    <div class=\"page-title-inner container align-center text-center flex-row-col medium-flex-wrap\" >\n              <div class=\"title-wrapper flex-col\">\n          <h1 class=\"entry-title mb-0\">\n            Estetika nosa prirodnog izgleda          <\/h1>\n        <\/div>\n                    <div class=\"title-content flex-col\">\n        <div class=\"title-breadcrumbs pb-half pt-half\"><\/div>      <\/div>\n    <\/div>\n\n       <\/div>\n    <\/div>\n  \n\t\t<\/div>\n\t\t\t\t\t<\/div>\n\n\t\n<\/div>\n<div class=\"row\"  id=\"row-1949699347\">\n\n\t<div id=\"col-1981776680\" class=\"col medium-6 small-12 large-6\"  >\n\t\t\t\t<div class=\"col-inner\"  >\n\t\t\t\n\t\t\t\n  <div id=\"page-header-942729835\" class=\"page-header-wrapper\">\n  <div class=\"page-title hide-for-small light simple-title\">\n\n    \n    <div class=\"page-title-inner container align-center flex-row medium-flex-wrap\" >\n              <div class=\"title-wrapper flex-col text-left medium-text-center\">\n          <h1 class=\"entry-title mb-0\">\n            Estetika nosa prirodnog izgleda          <\/h1>\n        <\/div>\n                    <div class=\"title-content flex-col flex-right text-right medium-text-center\">\n        <div class=\"title-breadcrumbs pb-half pt-half\"><\/div>      <\/div>\n    <\/div>\n\n       <\/div>\n    <\/div>\n  \n\t<div id=\"gap-977757637\" class=\"gap-element clearfix hide-for-small\" style=\"display:block; height:auto;\">\n\t\t\n<style>\n#gap-977757637 {\n  padding-top: 30px;\n}\n<\/style>\n\t<\/div>\n\t\n<p>Prirodna estetska operacija nosa je umetnost isticanja lepote lica prirodnim putem. Ovaj pristup zadovoljava li\u010dne estetske ideale bez naru\u0161avanja prirodne ravnote\u017ee lica. Danas su prirodno izgledaju\u0107i nosovi bez preterivanja sve vi\u0161e preferirani. Tako pojedinci imaju priliku da predstave jedinstvenu i sopstvenu lepotu. Zbog toga je prirodna estetska operacija nosa postala popularna. Ovaj pravac u estetskoj hirurgiji omogu\u0107ava osobama da postignu prirodniji i skladniji izraz lica. Na taj na\u010din, svaka osoba do\u017eivljava estetsko pobolj\u0161anje, \u010duvaju\u0107i svoje jedinstvene crte lica.<\/p>\n\t\t<\/div>\n\t\t\t\t\t<\/div>\n\n\t\n\n\t<div id=\"col-1613287683\" class=\"col medium-6 small-12 large-6\"  >\n\t\t\t\t<div class=\"col-inner\"  >\n\t\t\t\n\t\t\t\n\t<div class=\"img has-hover x md-x lg-x y md-y lg-y\" id=\"image_1075609825\">\n\t\t\t\t\t\t\t\t<div class=\"img-inner image-cover dark\" style=\"padding-top:75%;\">\n\t\t\t<img decoding=\"async\" width=\"1080\" height=\"1080\" src=\"https:\/\/www.alevcamcioglu.com\/wp-content\/uploads\/2024\/06\/dogal-gorunumlu-burun-estetigi-kadin.jpg\" class=\"attachment-2048x2048 size-2048x2048\" alt=\"do\u011fal g\u00f6r\u00fcn\u00fcml\u00fc burun esteti\u011fi kad\u0131n\" srcset=\"https:\/\/www.alevcamcioglu.com\/wp-content\/uploads\/2024\/06\/dogal-gorunumlu-burun-estetigi-kadin.jpg 1080w, https:\/\/www.alevcamcioglu.com\/wp-content\/uploads\/2024\/06\/dogal-gorunumlu-burun-estetigi-kadin-300x300.jpg 300w, https:\/\/www.alevcamcioglu.com\/wp-content\/uploads\/2024\/06\/dogal-gorunumlu-burun-estetigi-kadin-1024x1024.jpg 1024w, https:\/\/www.alevcamcioglu.com\/wp-content\/uploads\/2024\/06\/dogal-gorunumlu-burun-estetigi-kadin-150x150.jpg 150w, https:\/\/www.alevcamcioglu.com\/wp-content\/uploads\/2024\/06\/dogal-gorunumlu-burun-estetigi-kadin-768x768.jpg 768w, https:\/\/www.alevcamcioglu.com\/wp-content\/uploads\/2024\/06\/dogal-gorunumlu-burun-estetigi-kadin-370x370.jpg 370w, https:\/\/www.alevcamcioglu.com\/wp-content\/uploads\/2024\/06\/dogal-gorunumlu-burun-estetigi-kadin-244x244.jpg 244w, https:\/\/www.alevcamcioglu.com\/wp-content\/uploads\/2024\/06\/dogal-gorunumlu-burun-estetigi-kadin-760x760.jpg 760w\" sizes=\"(max-width: 1080px) 100vw, 1080px\" title=\"\">\t\t\t\t\t\t\n\t\t\t\t\t<\/div>\n\t\t\t\t\t\t\t\t\n<style>\n#image_1075609825 {\n  width: 100%;\n}\n<\/style>\n\t<\/div>\n\t\n\t\t<\/div>\n\t\t\t\t\t<\/div>\n\n\t\n\n\t<div id=\"col-550166093\" class=\"col small-12 large-12\"  >\n\t\t\t\t<div class=\"col-inner\"  >\n\t\t\t\n\t\t\t\n<h2>\u0160ta je Prirodna Estetska Operacija Nosa?<\/h2>\n<p>Prirodna estetska operacija nosa ima zna\u010dajno mesto u praksi plasti\u010dne hirurgije. Estetski izgled nosa treba da bude uskla\u0111en sa izrazom lica osobe. Estetski hirurzi imaju za cilj da dizajniraju nos prilago\u0111en crtama lica svakog pacijenta. Ovaj proces isti\u010de prirodne osobine osobe i izbegava preterane promene. Tokom zahvata, klju\u010dno je o\u010duvati anatomsku strukturu nosa. Ovo donosi kako estetske, tako i funkcionalne rezultate.<\/p>\n<ul>\n<li>Za\u0161tita vezivnog tkiva nosa: Odr\u017eavanje zdravlja vezivnog tkiva garantuje prirodan oblik nosa i njegovu dugotrajnu \u010dvrsto\u0107u.<\/li>\n<li>O\u010duvanje mi\u0161i\u0107ne strukture: Omogu\u0107ava prirodne mimi\u010dne pokrete nosa.<\/li>\n<li>Za\u0161tita ko\u017ee: Zdravlje ko\u017ee je jednako va\u017eno kao i estetski izgled i uti\u010de na proces oporavka.<\/li>\n<\/ul>\n<p>Ovi elementi omogu\u0107avaju ne samo postizanje prirodnog izgleda, ve\u0107 i o\u010duvanje funkcija nosa. Hirurzi koriste svoje tehni\u010dke ve\u0161tine da obezbede prirodan izgled nosa. Prirodna estetska operacija nosa \u010duva jedinstvenost pojedinca dok pru\u017ea estetska pobolj\u0161anja. Dizajn nosa proporcionalan strukturi lica svakog pojedinca pove\u0107ava uspeh estetske hirurgije. Ovaj pristup ima za cilj postizanje idealnih rezultata kako u estetskom, tako i u zdravstvenom smislu. Idealna estetska operacija nosa ne pobolj\u0161ava samo spolja\u0161nji izgled, ve\u0107 i pove\u0107ava samopouzdanje osobe. Ovo nagla\u0161ava va\u017enost prirodne estetske operacije nosa i \u010dini je po\u017eeljnim izborom za pacijente.<\/p>\n\t\t<\/div>\n\t\t\t\t\t<\/div>\n\n\t\n<\/div>\n\t\t<\/div>\n\n\t\t\n<style>\n#section_1633345655 {\n  padding-top: 30px;\n  padding-bottom: 30px;\n}\n<\/style>\n\t<\/section>\n\t\n\n\t<section class=\"section\" id=\"section_1108704380\">\n\t\t<div class=\"section-bg fill\" >\n\t\t\t\t\t\t\t\t\t\n\t\t\t\n\n\t\t<\/div>\n\n\t\t\n\n\t\t<div class=\"section-content relative\">\n\t\t\t\n\n<div class=\"row\"  id=\"row-154836014\">\n\n\n\t<div id=\"col-907058573\" class=\"col small-12 large-12\"  >\n\t\t\t\t<div class=\"col-inner box-shadow-2\"  >\n\t\t\t\n\t<div class=\"is-border\"\n\t\tstyle=\"border-color:rgb(0, 0, 76);border-radius:15px;border-width:2px 2px 2px 2px;\">\n\t<\/div>\n\t\t\t\n\n<div class=\"row row-full-width align-center\"  id=\"row-1045069332\">\n\n\n\t<div id=\"col-2129771389\" class=\"col small-12 large-12\"  >\n\t\t\t\t<div class=\"col-inner\"  >\n\t\t\t\n\t\t\t\n\n\t<div id=\"text-3349563943\" class=\"text\">\n\t\t\n\n<h2>6 Reasons to Get  in Istanbul<\/h2>\n\t\t\n<style>\n#text-3349563943 {\n  font-size: 2rem;\n  text-align: center;\n  color: #000065;\n}\n#text-3349563943 > * {\n  color: #000065;\n}\n@media (min-width:550px) {\n  #text-3349563943 {\n    font-size: 1.2rem;\n  }\n}\n<\/style>\n\t<\/div>\n\t\n\n\t\t<\/div>\n\t\t\t\t\t<\/div>\n\n\t\n\n\t<div id=\"col-421760654\" class=\"col medium-2 small-6 large-2\"  >\n\t\t\t\t<div class=\"col-inner\"  >\n\t\t\t\n\t\t\t\n\n\t<div class=\"box has-hover   has-hover box-text-bottom\" >\n\n\t\t<div class=\"box-image\" style=\"width:60%;\">\n\t\t\t\t\t\t<div class=\"image-cover\" style=\"padding-top:100%;\">\n\t\t\t\t<img decoding=\"async\" width=\"200\" height=\"200\" src=\"https:\/\/www.alevcamcioglu.com\/wp-content\/uploads\/2025\/04\/Proven-Results.png\" class=\"attachment-2048x2048 size-2048x2048\" alt=\"\" title=\"\">\t\t\t\t\t\t\t\t\t\t\t<\/div>\n\t\t\t\t\t<\/div>\n\n\t\t<div class=\"box-text text-center\" >\n\t\t\t<div class=\"box-text-inner\">\n\t\t\t\t\n\n\t<div id=\"text-2854347942\" class=\"text\">\n\t\t\n\n<p>Dokazani rezultati<\/p>\n\n\t\t\n<style>\n#text-2854347942 {\n  font-size: 1rem;\n  color: #404040;\n}\n#text-2854347942 > * {\n  color: #404040;\n}\n<\/style>\n\t<\/div>\n\t\n\n\t\t\t<\/div>\n\t\t<\/div>\n\t<\/div>\n\t\n\n\t\t<\/div>\n\t\t\t\t\t<\/div>\n\n\t\n\n\t<div id=\"col-1346765074\" class=\"col medium-2 small-6 large-2\"  >\n\t\t\t\t<div class=\"col-inner\"  >\n\t\t\t\n\t\t\t\n\n\t<div class=\"box has-hover   has-hover box-text-bottom\" >\n\n\t\t<div class=\"box-image\" style=\"width:60%;\">\n\t\t\t\t\t\t<div class=\"image-cover\" style=\"padding-top:100%;\">\n\t\t\t\t<img decoding=\"async\" width=\"200\" height=\"200\" src=\"https:\/\/www.alevcamcioglu.com\/wp-content\/uploads\/2025\/04\/5-Star-Reviews.png\" class=\"attachment-2048x2048 size-2048x2048\" alt=\"\" title=\"\">\t\t\t\t\t\t\t\t\t\t\t<\/div>\n\t\t\t\t\t<\/div>\n\n\t\t<div class=\"box-text text-center\" >\n\t\t\t<div class=\"box-text-inner\">\n\t\t\t\t\n\n\t<div id=\"text-2219193218\" class=\"text\">\n\t\t\n\n<p>Recenzije sa 5 zvezdica<\/p>\n\n\t\t\n<style>\n#text-2219193218 {\n  font-size: 1rem;\n  color: #404040;\n}\n#text-2219193218 > * {\n  color: #404040;\n}\n<\/style>\n\t<\/div>\n\t\n\n\t\t\t<\/div>\n\t\t<\/div>\n\t<\/div>\n\t\n\n\t\t<\/div>\n\t\t\t\t\t<\/div>\n\n\t\n\n\t<div id=\"col-457550134\" class=\"col medium-2 small-6 large-2\"  >\n\t\t\t\t<div class=\"col-inner\"  >\n\t\t\t\n\t\t\t\n\n\t<div class=\"box has-hover   has-hover box-text-bottom\" >\n\n\t\t<div class=\"box-image\" style=\"width:60%;\">\n\t\t\t\t\t\t<div class=\"image-cover\" style=\"padding-top:100%;\">\n\t\t\t\t<img decoding=\"async\" width=\"200\" height=\"200\" src=\"https:\/\/www.alevcamcioglu.com\/wp-content\/uploads\/2025\/04\/All-Inclusive-Packages.png\" class=\"attachment-2048x2048 size-2048x2048\" alt=\"\" title=\"\">\t\t\t\t\t\t\t\t\t\t\t<\/div>\n\t\t\t\t\t<\/div>\n\n\t\t<div class=\"box-text text-center\" >\n\t\t\t<div class=\"box-text-inner\">\n\t\t\t\t\n\n\t<div id=\"text-2745218298\" class=\"text\">\n\t\t\n\n<p>Paketi sa sve uklju\u010deno<\/p>\n\n\t\t\n<style>\n#text-2745218298 {\n  font-size: 1rem;\n  color: #404040;\n}\n#text-2745218298 > * {\n  color: #404040;\n}\n<\/style>\n\t<\/div>\n\t\n\n\t\t\t<\/div>\n\t\t<\/div>\n\t<\/div>\n\t\n\n\t\t<\/div>\n\t\t\t\t\t<\/div>\n\n\t\n\n\t<div id=\"col-1040992532\" class=\"col medium-2 small-6 large-2\"  >\n\t\t\t\t<div class=\"col-inner\"  >\n\t\t\t\n\t\t\t\n\n\t<div class=\"box has-hover   has-hover box-text-bottom\" >\n\n\t\t<div class=\"box-image\" style=\"width:60%;\">\n\t\t\t\t\t\t<div class=\"image-cover\" style=\"padding-top:100%;\">\n\t\t\t\t<img decoding=\"async\" width=\"200\" height=\"200\" src=\"https:\/\/www.alevcamcioglu.com\/wp-content\/uploads\/2025\/04\/Luxury-Hotels.png\" class=\"attachment-2048x2048 size-2048x2048\" alt=\"\" title=\"\">\t\t\t\t\t\t\t\t\t\t\t<\/div>\n\t\t\t\t\t<\/div>\n\n\t\t<div class=\"box-text text-center\" >\n\t\t\t<div class=\"box-text-inner\">\n\t\t\t\t\n\n\t<div id=\"text-1168405234\" class=\"text\">\n\t\t\n\n<p>Luksuzni hoteli<\/p>\n\n\t\t\n<style>\n#text-1168405234 {\n  font-size: 1rem;\n  color: #404040;\n}\n#text-1168405234 > * {\n  color: #404040;\n}\n<\/style>\n\t<\/div>\n\t\n\n\t\t\t<\/div>\n\t\t<\/div>\n\t<\/div>\n\t\n\n\t\t<\/div>\n\t\t\t\t\t<\/div>\n\n\t\n\n\t<div id=\"col-1995370396\" class=\"col medium-2 small-6 large-2\"  >\n\t\t\t\t<div class=\"col-inner\"  >\n\t\t\t\n\t\t\t\n\n\t<div class=\"box has-hover   has-hover box-text-bottom\" >\n\n\t\t<div class=\"box-image\" style=\"width:60%;\">\n\t\t\t\t\t\t<div class=\"image-cover\" style=\"padding-top:100%;\">\n\t\t\t\t<img decoding=\"async\" width=\"200\" height=\"200\" src=\"https:\/\/www.alevcamcioglu.com\/wp-content\/uploads\/2025\/04\/Accredited-Hospitals.png\" class=\"attachment-2048x2048 size-2048x2048\" alt=\"\" title=\"\">\t\t\t\t\t\t\t\t\t\t\t<\/div>\n\t\t\t\t\t<\/div>\n\n\t\t<div class=\"box-text text-center\" >\n\t\t\t<div class=\"box-text-inner\">\n\t\t\t\t\n\n\t<div id=\"text-3820989134\" class=\"text\">\n\t\t\n\n<p>Akreditovane bolnice<\/p>\n\n\t\t\n<style>\n#text-3820989134 {\n  font-size: 1rem;\n  color: #404040;\n}\n#text-3820989134 > * {\n  color: #404040;\n}\n<\/style>\n\t<\/div>\n\t\n\n\t\t\t<\/div>\n\t\t<\/div>\n\t<\/div>\n\t\n\n\t\t<\/div>\n\t\t\t\t\t<\/div>\n\n\t\n\n\t<div id=\"col-1583128304\" class=\"col medium-2 small-6 large-2\"  >\n\t\t\t\t<div class=\"col-inner\"  >\n\t\t\t\n\t\t\t\n\n\t<div class=\"box has-hover   has-hover box-text-bottom\" >\n\n\t\t<div class=\"box-image\" style=\"width:60%;\">\n\t\t\t\t\t\t<div class=\"image-cover\" style=\"padding-top:100%;\">\n\t\t\t\t<img decoding=\"async\" width=\"200\" height=\"200\" src=\"https:\/\/www.alevcamcioglu.com\/wp-content\/uploads\/2025\/04\/Waiting.png\" class=\"attachment-2048x2048 size-2048x2048\" alt=\"\" title=\"\">\t\t\t\t\t\t\t\t\t\t\t<\/div>\n\t\t\t\t\t<\/div>\n\n\t\t<div class=\"box-text text-center\" >\n\t\t\t<div class=\"box-text-inner\">\n\t\t\t\t\n\n\t<div id=\"text-95863155\" class=\"text\">\n\t\t\n\n<p>Postoperativna nega<\/p>\n\n\t\t\n<style>\n#text-95863155 {\n  font-size: 1rem;\n  color: #404040;\n}\n#text-95863155 > * {\n  color: #404040;\n}\n<\/style>\n\t<\/div>\n\t\n\n\t\t\t<\/div>\n\t\t<\/div>\n\t<\/div>\n\t\n\n\t\t<\/div>\n\t\t\t\t\t<\/div>\n\n\t\n\n<\/div>\n\n\t\t<\/div>\n\t\t\t\t\n<style>\n#col-907058573 > .col-inner {\n  padding: 30px 0px 0px 30px;\n  border-radius: 15px;\n}\n<\/style>\n\t<\/div>\n\n\t\n\n<\/div>\n\n\t\t<\/div>\n\n\t\t\n<style>\n#section_1108704380 {\n  padding-top: 30px;\n  padding-bottom: 30px;\n}\n<\/style>\n\t<\/section>\n\t\n\n\n\t<section class=\"section\" id=\"section_275500049\">\n\t\t<div class=\"section-bg fill\" >\n\t\t\t\t\t\t\t\t\t\n\t\t\t\n\n\t\t<\/div>\n\n\t\t\n\n\t\t<div class=\"section-content relative\">\n\t\t\t\n\n<div class=\"row\"  id=\"row-1753407346\">\n\n\n\t<div id=\"col-480999805\" class=\"col small-12 large-12\"  >\n\t\t\t\t<div class=\"col-inner text-center\"  >\n\t\t\t\n\t\t\t\n\n\t<div id=\"text-1464736638\" class=\"text\">\n\t\t\n\n<h2> Fotografije pre i posle u Turskoj<\/h2>\n\n\t\t\n<style>\n#text-1464736638 {\n  font-size: 1.25rem;\n  text-align: center;\n  color: rgb(243, 58, 58);\n}\n#text-1464736638 > * {\n  color: rgb(243, 58, 58);\n}\n<\/style>\n\t<\/div>\n\t\n\n  \n    <div class=\"row large-columns-4 medium-columns-3 small-columns-2 slider row-slider slider-nav-circle slider-nav-outside slider-nav-push\"  data-flickity-options='{&quot;imagesLoaded&quot;: true, &quot;groupCells&quot;: &quot;100%&quot;, &quot;dragThreshold&quot; : 5, &quot;cellAlign&quot;: &quot;left&quot;,&quot;wrapAround&quot;: true,&quot;prevNextButtons&quot;: true,&quot;percentPosition&quot;: true,&quot;pageDots&quot;: false, &quot;rightToLeft&quot;: false, &quot;autoPlay&quot; : false}' >\n\n  <div class=\"gallery-col col\" >\n          <div class=\"col-inner\">\n            <a class=\"image-lightbox lightbox-gallery\" href=\"https:\/\/www.alevcamcioglu.com\/wp-content\/uploads\/2024\/11\/rinoplastika-pre-posle-fotografija-u-turskoj-1.jpg\" title=\"\">            <div class=\"box has-hover gallery-box box-normal\">\n              <div class=\"box-image\" >\n                <img decoding=\"async\" width=\"320\" height=\"400\" src=\"https:\/\/www.alevcamcioglu.com\/wp-content\/uploads\/2024\/11\/rinoplastika-pre-posle-fotografija-u-turskoj-1-320x400.jpg\" class=\"attachment-medium size-medium\" alt=\"\" ids=\"9479,9485,9491,9497,9503,9509,9515,9521,9527,9533,9539,9545,9551,9557,9563,9569,9575,9581,9587,9593,9599,9605,9611,9617,9623,9629,9635,9641,9647,9653,9659,9665,9671,9677,9683,9689,9695,9701,9707,9713,9719,9725,9731,9737\" style=\"normal\" lightbox_image_size=\"2048x2048\" type=\"slider\" slider_nav_style=\"circle\" slider_nav_position=\"outside\" srcset=\"https:\/\/www.alevcamcioglu.com\/wp-content\/uploads\/2024\/11\/rinoplastika-pre-posle-fotografija-u-turskoj-1-320x400.jpg 320w, https:\/\/www.alevcamcioglu.com\/wp-content\/uploads\/2024\/11\/rinoplastika-pre-posle-fotografija-u-turskoj-1-640x800.jpg 640w, https:\/\/www.alevcamcioglu.com\/wp-content\/uploads\/2024\/11\/rinoplastika-pre-posle-fotografija-u-turskoj-1-768x960.jpg 768w, https:\/\/www.alevcamcioglu.com\/wp-content\/uploads\/2024\/11\/rinoplastika-pre-posle-fotografija-u-turskoj-1.jpg 1200w\" sizes=\"(max-width: 320px) 100vw, 320px\" title=\"\">                                                              <\/div>\n              <div class=\"box-text text-left\" >\n                 <p><\/p>\n              <\/div>\n            <\/div>\n            <\/a>          <\/div>\n         <\/div><div class=\"gallery-col col\" >\n          <div class=\"col-inner\">\n            <a class=\"image-lightbox lightbox-gallery\" href=\"https:\/\/www.alevcamcioglu.com\/wp-content\/uploads\/2024\/11\/rinoplastika-pre-posle-fotografija-u-turskoj-2.jpg\" title=\"\">            <div class=\"box has-hover gallery-box box-normal\">\n              <div class=\"box-image\" >\n                <img decoding=\"async\" width=\"320\" height=\"400\" src=\"https:\/\/www.alevcamcioglu.com\/wp-content\/uploads\/2024\/11\/rinoplastika-pre-posle-fotografija-u-turskoj-2-320x400.jpg\" class=\"attachment-medium size-medium\" alt=\"\" ids=\"9479,9485,9491,9497,9503,9509,9515,9521,9527,9533,9539,9545,9551,9557,9563,9569,9575,9581,9587,9593,9599,9605,9611,9617,9623,9629,9635,9641,9647,9653,9659,9665,9671,9677,9683,9689,9695,9701,9707,9713,9719,9725,9731,9737\" style=\"normal\" lightbox_image_size=\"2048x2048\" type=\"slider\" slider_nav_style=\"circle\" slider_nav_position=\"outside\" srcset=\"https:\/\/www.alevcamcioglu.com\/wp-content\/uploads\/2024\/11\/rinoplastika-pre-posle-fotografija-u-turskoj-2-320x400.jpg 320w, https:\/\/www.alevcamcioglu.com\/wp-content\/uploads\/2024\/11\/rinoplastika-pre-posle-fotografija-u-turskoj-2-640x800.jpg 640w, https:\/\/www.alevcamcioglu.com\/wp-content\/uploads\/2024\/11\/rinoplastika-pre-posle-fotografija-u-turskoj-2-768x960.jpg 768w, https:\/\/www.alevcamcioglu.com\/wp-content\/uploads\/2024\/11\/rinoplastika-pre-posle-fotografija-u-turskoj-2.jpg 1200w\" sizes=\"(max-width: 320px) 100vw, 320px\" title=\"\">                                                              <\/div>\n              <div class=\"box-text text-left\" >\n                 <p><\/p>\n              <\/div>\n            <\/div>\n            <\/a>          <\/div>\n         <\/div><div class=\"gallery-col col\" >\n          <div class=\"col-inner\">\n            <a class=\"image-lightbox lightbox-gallery\" href=\"https:\/\/www.alevcamcioglu.com\/wp-content\/uploads\/2024\/11\/rinoplastika-pre-posle-fotografija-u-turskoj-3.jpg\" title=\"\">            <div class=\"box has-hover gallery-box box-normal\">\n              <div class=\"box-image\" >\n                <img decoding=\"async\" width=\"320\" height=\"400\" src=\"https:\/\/www.alevcamcioglu.com\/wp-content\/uploads\/2024\/11\/rinoplastika-pre-posle-fotografija-u-turskoj-3-320x400.jpg\" class=\"attachment-medium size-medium\" alt=\"\" ids=\"9479,9485,9491,9497,9503,9509,9515,9521,9527,9533,9539,9545,9551,9557,9563,9569,9575,9581,9587,9593,9599,9605,9611,9617,9623,9629,9635,9641,9647,9653,9659,9665,9671,9677,9683,9689,9695,9701,9707,9713,9719,9725,9731,9737\" style=\"normal\" lightbox_image_size=\"2048x2048\" type=\"slider\" slider_nav_style=\"circle\" slider_nav_position=\"outside\" srcset=\"https:\/\/www.alevcamcioglu.com\/wp-content\/uploads\/2024\/11\/rinoplastika-pre-posle-fotografija-u-turskoj-3-320x400.jpg 320w, https:\/\/www.alevcamcioglu.com\/wp-content\/uploads\/2024\/11\/rinoplastika-pre-posle-fotografija-u-turskoj-3-640x800.jpg 640w, https:\/\/www.alevcamcioglu.com\/wp-content\/uploads\/2024\/11\/rinoplastika-pre-posle-fotografija-u-turskoj-3-768x960.jpg 768w, https:\/\/www.alevcamcioglu.com\/wp-content\/uploads\/2024\/11\/rinoplastika-pre-posle-fotografija-u-turskoj-3.jpg 1200w\" sizes=\"(max-width: 320px) 100vw, 320px\" title=\"\">                                                              <\/div>\n              <div class=\"box-text text-left\" >\n                 <p><\/p>\n              <\/div>\n            <\/div>\n            <\/a>          <\/div>\n         <\/div><div class=\"gallery-col col\" >\n          <div class=\"col-inner\">\n            <a class=\"image-lightbox lightbox-gallery\" href=\"https:\/\/www.alevcamcioglu.com\/wp-content\/uploads\/2024\/11\/rinoplastika-pre-posle-fotografija-u-turskoj-4.jpg\" title=\"\">            <div class=\"box has-hover gallery-box box-normal\">\n              <div class=\"box-image\" >\n                <img decoding=\"async\" width=\"320\" height=\"400\" src=\"https:\/\/www.alevcamcioglu.com\/wp-content\/uploads\/2024\/11\/rinoplastika-pre-posle-fotografija-u-turskoj-4-320x400.jpg\" class=\"attachment-medium size-medium\" alt=\"\" ids=\"9479,9485,9491,9497,9503,9509,9515,9521,9527,9533,9539,9545,9551,9557,9563,9569,9575,9581,9587,9593,9599,9605,9611,9617,9623,9629,9635,9641,9647,9653,9659,9665,9671,9677,9683,9689,9695,9701,9707,9713,9719,9725,9731,9737\" style=\"normal\" lightbox_image_size=\"2048x2048\" type=\"slider\" slider_nav_style=\"circle\" slider_nav_position=\"outside\" srcset=\"https:\/\/www.alevcamcioglu.com\/wp-content\/uploads\/2024\/11\/rinoplastika-pre-posle-fotografija-u-turskoj-4-320x400.jpg 320w, https:\/\/www.alevcamcioglu.com\/wp-content\/uploads\/2024\/11\/rinoplastika-pre-posle-fotografija-u-turskoj-4-640x800.jpg 640w, https:\/\/www.alevcamcioglu.com\/wp-content\/uploads\/2024\/11\/rinoplastika-pre-posle-fotografija-u-turskoj-4-768x960.jpg 768w, https:\/\/www.alevcamcioglu.com\/wp-content\/uploads\/2024\/11\/rinoplastika-pre-posle-fotografija-u-turskoj-4.jpg 1200w\" sizes=\"(max-width: 320px) 100vw, 320px\" title=\"\">                                                              <\/div>\n              <div class=\"box-text text-left\" >\n                 <p><\/p>\n              <\/div>\n            <\/div>\n            <\/a>          <\/div>\n         <\/div><div class=\"gallery-col col\" >\n          <div class=\"col-inner\">\n            <a class=\"image-lightbox lightbox-gallery\" href=\"https:\/\/www.alevcamcioglu.com\/wp-content\/uploads\/2024\/11\/rinoplastika-pre-posle-fotografija-u-turskoj-5.jpg\" title=\"\">            <div class=\"box has-hover gallery-box box-normal\">\n              <div class=\"box-image\" >\n                <img decoding=\"async\" width=\"320\" height=\"400\" src=\"https:\/\/www.alevcamcioglu.com\/wp-content\/uploads\/2024\/11\/rinoplastika-pre-posle-fotografija-u-turskoj-5-320x400.jpg\" class=\"attachment-medium size-medium\" alt=\"\" ids=\"9479,9485,9491,9497,9503,9509,9515,9521,9527,9533,9539,9545,9551,9557,9563,9569,9575,9581,9587,9593,9599,9605,9611,9617,9623,9629,9635,9641,9647,9653,9659,9665,9671,9677,9683,9689,9695,9701,9707,9713,9719,9725,9731,9737\" style=\"normal\" lightbox_image_size=\"2048x2048\" type=\"slider\" slider_nav_style=\"circle\" slider_nav_position=\"outside\" srcset=\"https:\/\/www.alevcamcioglu.com\/wp-content\/uploads\/2024\/11\/rinoplastika-pre-posle-fotografija-u-turskoj-5-320x400.jpg 320w, https:\/\/www.alevcamcioglu.com\/wp-content\/uploads\/2024\/11\/rinoplastika-pre-posle-fotografija-u-turskoj-5-640x800.jpg 640w, https:\/\/www.alevcamcioglu.com\/wp-content\/uploads\/2024\/11\/rinoplastika-pre-posle-fotografija-u-turskoj-5-768x960.jpg 768w, https:\/\/www.alevcamcioglu.com\/wp-content\/uploads\/2024\/11\/rinoplastika-pre-posle-fotografija-u-turskoj-5.jpg 1200w\" sizes=\"(max-width: 320px) 100vw, 320px\" title=\"\">                                                              <\/div>\n              <div class=\"box-text text-left\" >\n                 <p><\/p>\n              <\/div>\n            <\/div>\n            <\/a>          <\/div>\n         <\/div><div class=\"gallery-col col\" >\n          <div class=\"col-inner\">\n            <a class=\"image-lightbox lightbox-gallery\" href=\"https:\/\/www.alevcamcioglu.com\/wp-content\/uploads\/2024\/11\/rinoplastika-pre-posle-fotografija-u-turskoj-6.jpg\" title=\"\">            <div class=\"box has-hover gallery-box box-normal\">\n              <div class=\"box-image\" >\n                <img decoding=\"async\" width=\"320\" height=\"400\" src=\"https:\/\/www.alevcamcioglu.com\/wp-content\/uploads\/2024\/11\/rinoplastika-pre-posle-fotografija-u-turskoj-6-320x400.jpg\" class=\"attachment-medium size-medium\" alt=\"\" ids=\"9479,9485,9491,9497,9503,9509,9515,9521,9527,9533,9539,9545,9551,9557,9563,9569,9575,9581,9587,9593,9599,9605,9611,9617,9623,9629,9635,9641,9647,9653,9659,9665,9671,9677,9683,9689,9695,9701,9707,9713,9719,9725,9731,9737\" style=\"normal\" lightbox_image_size=\"2048x2048\" type=\"slider\" slider_nav_style=\"circle\" slider_nav_position=\"outside\" srcset=\"https:\/\/www.alevcamcioglu.com\/wp-content\/uploads\/2024\/11\/rinoplastika-pre-posle-fotografija-u-turskoj-6-320x400.jpg 320w, https:\/\/www.alevcamcioglu.com\/wp-content\/uploads\/2024\/11\/rinoplastika-pre-posle-fotografija-u-turskoj-6-640x800.jpg 640w, https:\/\/www.alevcamcioglu.com\/wp-content\/uploads\/2024\/11\/rinoplastika-pre-posle-fotografija-u-turskoj-6-768x960.jpg 768w, https:\/\/www.alevcamcioglu.com\/wp-content\/uploads\/2024\/11\/rinoplastika-pre-posle-fotografija-u-turskoj-6.jpg 1200w\" sizes=\"(max-width: 320px) 100vw, 320px\" title=\"\">                                                              <\/div>\n              <div class=\"box-text text-left\" >\n                 <p><\/p>\n              <\/div>\n            <\/div>\n            <\/a>          <\/div>\n         <\/div><div class=\"gallery-col col\" >\n          <div class=\"col-inner\">\n            <a class=\"image-lightbox lightbox-gallery\" href=\"https:\/\/www.alevcamcioglu.com\/wp-content\/uploads\/2024\/11\/rinoplastika-pre-posle-fotografija-u-turskoj-7.jpg\" title=\"\">            <div class=\"box has-hover gallery-box box-normal\">\n              <div class=\"box-image\" >\n                <img decoding=\"async\" width=\"320\" height=\"400\" src=\"https:\/\/www.alevcamcioglu.com\/wp-content\/uploads\/2024\/11\/rinoplastika-pre-posle-fotografija-u-turskoj-7-320x400.jpg\" class=\"attachment-medium size-medium\" alt=\"\" ids=\"9479,9485,9491,9497,9503,9509,9515,9521,9527,9533,9539,9545,9551,9557,9563,9569,9575,9581,9587,9593,9599,9605,9611,9617,9623,9629,9635,9641,9647,9653,9659,9665,9671,9677,9683,9689,9695,9701,9707,9713,9719,9725,9731,9737\" style=\"normal\" lightbox_image_size=\"2048x2048\" type=\"slider\" slider_nav_style=\"circle\" slider_nav_position=\"outside\" srcset=\"https:\/\/www.alevcamcioglu.com\/wp-content\/uploads\/2024\/11\/rinoplastika-pre-posle-fotografija-u-turskoj-7-320x400.jpg 320w, https:\/\/www.alevcamcioglu.com\/wp-content\/uploads\/2024\/11\/rinoplastika-pre-posle-fotografija-u-turskoj-7-640x800.jpg 640w, https:\/\/www.alevcamcioglu.com\/wp-content\/uploads\/2024\/11\/rinoplastika-pre-posle-fotografija-u-turskoj-7-768x960.jpg 768w, https:\/\/www.alevcamcioglu.com\/wp-content\/uploads\/2024\/11\/rinoplastika-pre-posle-fotografija-u-turskoj-7.jpg 1200w\" sizes=\"(max-width: 320px) 100vw, 320px\" title=\"\">                                                              <\/div>\n              <div class=\"box-text text-left\" >\n                 <p><\/p>\n              <\/div>\n            <\/div>\n            <\/a>          <\/div>\n         <\/div><div class=\"gallery-col col\" >\n          <div class=\"col-inner\">\n            <a class=\"image-lightbox lightbox-gallery\" href=\"https:\/\/www.alevcamcioglu.com\/wp-content\/uploads\/2024\/11\/rinoplastika-pre-posle-fotografija-u-turskoj-8.jpg\" title=\"\">            <div class=\"box has-hover gallery-box box-normal\">\n              <div class=\"box-image\" >\n                <img decoding=\"async\" width=\"320\" height=\"400\" src=\"https:\/\/www.alevcamcioglu.com\/wp-content\/uploads\/2024\/11\/rinoplastika-pre-posle-fotografija-u-turskoj-8-320x400.jpg\" class=\"attachment-medium size-medium\" alt=\"\" ids=\"9479,9485,9491,9497,9503,9509,9515,9521,9527,9533,9539,9545,9551,9557,9563,9569,9575,9581,9587,9593,9599,9605,9611,9617,9623,9629,9635,9641,9647,9653,9659,9665,9671,9677,9683,9689,9695,9701,9707,9713,9719,9725,9731,9737\" style=\"normal\" lightbox_image_size=\"2048x2048\" type=\"slider\" slider_nav_style=\"circle\" slider_nav_position=\"outside\" srcset=\"https:\/\/www.alevcamcioglu.com\/wp-content\/uploads\/2024\/11\/rinoplastika-pre-posle-fotografija-u-turskoj-8-320x400.jpg 320w, https:\/\/www.alevcamcioglu.com\/wp-content\/uploads\/2024\/11\/rinoplastika-pre-posle-fotografija-u-turskoj-8-640x800.jpg 640w, https:\/\/www.alevcamcioglu.com\/wp-content\/uploads\/2024\/11\/rinoplastika-pre-posle-fotografija-u-turskoj-8-768x960.jpg 768w, https:\/\/www.alevcamcioglu.com\/wp-content\/uploads\/2024\/11\/rinoplastika-pre-posle-fotografija-u-turskoj-8.jpg 1200w\" sizes=\"(max-width: 320px) 100vw, 320px\" title=\"\">                                                              <\/div>\n              <div class=\"box-text text-left\" >\n                 <p><\/p>\n              <\/div>\n            <\/div>\n            <\/a>          <\/div>\n         <\/div><div class=\"gallery-col col\" >\n          <div class=\"col-inner\">\n            <a class=\"image-lightbox lightbox-gallery\" href=\"https:\/\/www.alevcamcioglu.com\/wp-content\/uploads\/2024\/11\/rinoplastika-pre-posle-fotografija-u-turskoj-9.jpg\" title=\"\">            <div class=\"box has-hover gallery-box box-normal\">\n              <div class=\"box-image\" >\n                <img decoding=\"async\" width=\"320\" height=\"400\" src=\"https:\/\/www.alevcamcioglu.com\/wp-content\/uploads\/2024\/11\/rinoplastika-pre-posle-fotografija-u-turskoj-9-320x400.jpg\" class=\"attachment-medium size-medium\" alt=\"\" ids=\"9479,9485,9491,9497,9503,9509,9515,9521,9527,9533,9539,9545,9551,9557,9563,9569,9575,9581,9587,9593,9599,9605,9611,9617,9623,9629,9635,9641,9647,9653,9659,9665,9671,9677,9683,9689,9695,9701,9707,9713,9719,9725,9731,9737\" style=\"normal\" lightbox_image_size=\"2048x2048\" type=\"slider\" slider_nav_style=\"circle\" slider_nav_position=\"outside\" srcset=\"https:\/\/www.alevcamcioglu.com\/wp-content\/uploads\/2024\/11\/rinoplastika-pre-posle-fotografija-u-turskoj-9-320x400.jpg 320w, https:\/\/www.alevcamcioglu.com\/wp-content\/uploads\/2024\/11\/rinoplastika-pre-posle-fotografija-u-turskoj-9-640x800.jpg 640w, https:\/\/www.alevcamcioglu.com\/wp-content\/uploads\/2024\/11\/rinoplastika-pre-posle-fotografija-u-turskoj-9-768x960.jpg 768w, https:\/\/www.alevcamcioglu.com\/wp-content\/uploads\/2024\/11\/rinoplastika-pre-posle-fotografija-u-turskoj-9.jpg 1200w\" sizes=\"(max-width: 320px) 100vw, 320px\" title=\"\">                                                              <\/div>\n              <div class=\"box-text text-left\" >\n                 <p><\/p>\n              <\/div>\n            <\/div>\n            <\/a>          <\/div>\n         <\/div><div class=\"gallery-col col\" >\n          <div class=\"col-inner\">\n            <a class=\"image-lightbox lightbox-gallery\" href=\"https:\/\/www.alevcamcioglu.com\/wp-content\/uploads\/2024\/11\/rinoplastika-pre-posle-fotografija-u-turskoj-10.jpg\" title=\"\">            <div class=\"box has-hover gallery-box box-normal\">\n              <div class=\"box-image\" >\n                <img decoding=\"async\" width=\"320\" height=\"400\" src=\"https:\/\/www.alevcamcioglu.com\/wp-content\/uploads\/2024\/11\/rinoplastika-pre-posle-fotografija-u-turskoj-10-320x400.jpg\" class=\"attachment-medium size-medium\" alt=\"\" ids=\"9479,9485,9491,9497,9503,9509,9515,9521,9527,9533,9539,9545,9551,9557,9563,9569,9575,9581,9587,9593,9599,9605,9611,9617,9623,9629,9635,9641,9647,9653,9659,9665,9671,9677,9683,9689,9695,9701,9707,9713,9719,9725,9731,9737\" style=\"normal\" lightbox_image_size=\"2048x2048\" type=\"slider\" slider_nav_style=\"circle\" slider_nav_position=\"outside\" srcset=\"https:\/\/www.alevcamcioglu.com\/wp-content\/uploads\/2024\/11\/rinoplastika-pre-posle-fotografija-u-turskoj-10-320x400.jpg 320w, https:\/\/www.alevcamcioglu.com\/wp-content\/uploads\/2024\/11\/rinoplastika-pre-posle-fotografija-u-turskoj-10-640x800.jpg 640w, https:\/\/www.alevcamcioglu.com\/wp-content\/uploads\/2024\/11\/rinoplastika-pre-posle-fotografija-u-turskoj-10-768x960.jpg 768w, https:\/\/www.alevcamcioglu.com\/wp-content\/uploads\/2024\/11\/rinoplastika-pre-posle-fotografija-u-turskoj-10.jpg 1200w\" sizes=\"(max-width: 320px) 100vw, 320px\" title=\"\">                                                              <\/div>\n              <div class=\"box-text text-left\" >\n                 <p><\/p>\n              <\/div>\n            <\/div>\n            <\/a>          <\/div>\n         <\/div><div class=\"gallery-col col\" >\n          <div class=\"col-inner\">\n            <a class=\"image-lightbox lightbox-gallery\" href=\"https:\/\/www.alevcamcioglu.com\/wp-content\/uploads\/2024\/11\/rinoplastika-pre-posle-fotografija-u-turskoj-11.jpg\" title=\"\">            <div class=\"box has-hover gallery-box box-normal\">\n              <div class=\"box-image\" >\n                <img decoding=\"async\" width=\"320\" height=\"400\" src=\"https:\/\/www.alevcamcioglu.com\/wp-content\/uploads\/2024\/11\/rinoplastika-pre-posle-fotografija-u-turskoj-11-320x400.jpg\" class=\"attachment-medium size-medium\" alt=\"\" ids=\"9479,9485,9491,9497,9503,9509,9515,9521,9527,9533,9539,9545,9551,9557,9563,9569,9575,9581,9587,9593,9599,9605,9611,9617,9623,9629,9635,9641,9647,9653,9659,9665,9671,9677,9683,9689,9695,9701,9707,9713,9719,9725,9731,9737\" style=\"normal\" lightbox_image_size=\"2048x2048\" type=\"slider\" slider_nav_style=\"circle\" slider_nav_position=\"outside\" srcset=\"https:\/\/www.alevcamcioglu.com\/wp-content\/uploads\/2024\/11\/rinoplastika-pre-posle-fotografija-u-turskoj-11-320x400.jpg 320w, https:\/\/www.alevcamcioglu.com\/wp-content\/uploads\/2024\/11\/rinoplastika-pre-posle-fotografija-u-turskoj-11-640x800.jpg 640w, https:\/\/www.alevcamcioglu.com\/wp-content\/uploads\/2024\/11\/rinoplastika-pre-posle-fotografija-u-turskoj-11-768x960.jpg 768w, https:\/\/www.alevcamcioglu.com\/wp-content\/uploads\/2024\/11\/rinoplastika-pre-posle-fotografija-u-turskoj-11.jpg 1200w\" sizes=\"(max-width: 320px) 100vw, 320px\" title=\"\">                                                              <\/div>\n              <div class=\"box-text text-left\" >\n                 <p><\/p>\n              <\/div>\n            <\/div>\n            <\/a>          <\/div>\n         <\/div><div class=\"gallery-col col\" >\n          <div class=\"col-inner\">\n            <a class=\"image-lightbox lightbox-gallery\" href=\"https:\/\/www.alevcamcioglu.com\/wp-content\/uploads\/2024\/11\/rinoplastika-pre-posle-fotografija-u-turskoj-12.jpg\" title=\"\">            <div class=\"box has-hover gallery-box box-normal\">\n              <div class=\"box-image\" >\n                <img decoding=\"async\" width=\"320\" height=\"400\" src=\"https:\/\/www.alevcamcioglu.com\/wp-content\/uploads\/2024\/11\/rinoplastika-pre-posle-fotografija-u-turskoj-12-320x400.jpg\" class=\"attachment-medium size-medium\" alt=\"\" ids=\"9479,9485,9491,9497,9503,9509,9515,9521,9527,9533,9539,9545,9551,9557,9563,9569,9575,9581,9587,9593,9599,9605,9611,9617,9623,9629,9635,9641,9647,9653,9659,9665,9671,9677,9683,9689,9695,9701,9707,9713,9719,9725,9731,9737\" style=\"normal\" lightbox_image_size=\"2048x2048\" type=\"slider\" slider_nav_style=\"circle\" slider_nav_position=\"outside\" srcset=\"https:\/\/www.alevcamcioglu.com\/wp-content\/uploads\/2024\/11\/rinoplastika-pre-posle-fotografija-u-turskoj-12-320x400.jpg 320w, https:\/\/www.alevcamcioglu.com\/wp-content\/uploads\/2024\/11\/rinoplastika-pre-posle-fotografija-u-turskoj-12-640x800.jpg 640w, https:\/\/www.alevcamcioglu.com\/wp-content\/uploads\/2024\/11\/rinoplastika-pre-posle-fotografija-u-turskoj-12-768x960.jpg 768w, https:\/\/www.alevcamcioglu.com\/wp-content\/uploads\/2024\/11\/rinoplastika-pre-posle-fotografija-u-turskoj-12.jpg 1200w\" sizes=\"(max-width: 320px) 100vw, 320px\" title=\"\">                                                              <\/div>\n              <div class=\"box-text text-left\" >\n                 <p><\/p>\n              <\/div>\n            <\/div>\n            <\/a>          <\/div>\n         <\/div><div class=\"gallery-col col\" >\n          <div class=\"col-inner\">\n            <a class=\"image-lightbox lightbox-gallery\" href=\"https:\/\/www.alevcamcioglu.com\/wp-content\/uploads\/2024\/11\/rinoplastika-pre-posle-fotografija-u-turskoj-13.jpg\" title=\"\">            <div class=\"box has-hover gallery-box box-normal\">\n              <div class=\"box-image\" >\n                <img decoding=\"async\" width=\"320\" height=\"400\" src=\"https:\/\/www.alevcamcioglu.com\/wp-content\/uploads\/2024\/11\/rinoplastika-pre-posle-fotografija-u-turskoj-13-320x400.jpg\" class=\"attachment-medium size-medium\" alt=\"\" ids=\"9479,9485,9491,9497,9503,9509,9515,9521,9527,9533,9539,9545,9551,9557,9563,9569,9575,9581,9587,9593,9599,9605,9611,9617,9623,9629,9635,9641,9647,9653,9659,9665,9671,9677,9683,9689,9695,9701,9707,9713,9719,9725,9731,9737\" style=\"normal\" lightbox_image_size=\"2048x2048\" type=\"slider\" slider_nav_style=\"circle\" slider_nav_position=\"outside\" srcset=\"https:\/\/www.alevcamcioglu.com\/wp-content\/uploads\/2024\/11\/rinoplastika-pre-posle-fotografija-u-turskoj-13-320x400.jpg 320w, https:\/\/www.alevcamcioglu.com\/wp-content\/uploads\/2024\/11\/rinoplastika-pre-posle-fotografija-u-turskoj-13-640x800.jpg 640w, https:\/\/www.alevcamcioglu.com\/wp-content\/uploads\/2024\/11\/rinoplastika-pre-posle-fotografija-u-turskoj-13-768x960.jpg 768w, https:\/\/www.alevcamcioglu.com\/wp-content\/uploads\/2024\/11\/rinoplastika-pre-posle-fotografija-u-turskoj-13.jpg 1200w\" sizes=\"(max-width: 320px) 100vw, 320px\" title=\"\">                                                              <\/div>\n              <div class=\"box-text text-left\" >\n                 <p><\/p>\n              <\/div>\n            <\/div>\n            <\/a>          <\/div>\n         <\/div><div class=\"gallery-col col\" >\n          <div class=\"col-inner\">\n            <a class=\"image-lightbox lightbox-gallery\" href=\"https:\/\/www.alevcamcioglu.com\/wp-content\/uploads\/2024\/11\/rinoplastika-pre-posle-fotografija-u-turskoj-14.jpg\" title=\"\">            <div class=\"box has-hover gallery-box box-normal\">\n              <div class=\"box-image\" >\n                <img decoding=\"async\" width=\"320\" height=\"400\" src=\"https:\/\/www.alevcamcioglu.com\/wp-content\/uploads\/2024\/11\/rinoplastika-pre-posle-fotografija-u-turskoj-14-320x400.jpg\" class=\"attachment-medium size-medium\" alt=\"\" ids=\"9479,9485,9491,9497,9503,9509,9515,9521,9527,9533,9539,9545,9551,9557,9563,9569,9575,9581,9587,9593,9599,9605,9611,9617,9623,9629,9635,9641,9647,9653,9659,9665,9671,9677,9683,9689,9695,9701,9707,9713,9719,9725,9731,9737\" style=\"normal\" lightbox_image_size=\"2048x2048\" type=\"slider\" slider_nav_style=\"circle\" slider_nav_position=\"outside\" srcset=\"https:\/\/www.alevcamcioglu.com\/wp-content\/uploads\/2024\/11\/rinoplastika-pre-posle-fotografija-u-turskoj-14-320x400.jpg 320w, https:\/\/www.alevcamcioglu.com\/wp-content\/uploads\/2024\/11\/rinoplastika-pre-posle-fotografija-u-turskoj-14-640x800.jpg 640w, https:\/\/www.alevcamcioglu.com\/wp-content\/uploads\/2024\/11\/rinoplastika-pre-posle-fotografija-u-turskoj-14-768x960.jpg 768w, https:\/\/www.alevcamcioglu.com\/wp-content\/uploads\/2024\/11\/rinoplastika-pre-posle-fotografija-u-turskoj-14.jpg 1200w\" sizes=\"(max-width: 320px) 100vw, 320px\" title=\"\">                                                              <\/div>\n              <div class=\"box-text text-left\" >\n                 <p><\/p>\n              <\/div>\n            <\/div>\n            <\/a>          <\/div>\n         <\/div><div class=\"gallery-col col\" >\n          <div class=\"col-inner\">\n            <a class=\"image-lightbox lightbox-gallery\" href=\"https:\/\/www.alevcamcioglu.com\/wp-content\/uploads\/2024\/11\/rinoplastika-pre-posle-fotografija-u-turskoj-15.jpg\" title=\"\">            <div class=\"box has-hover gallery-box box-normal\">\n              <div class=\"box-image\" >\n                <img decoding=\"async\" width=\"320\" height=\"400\" src=\"https:\/\/www.alevcamcioglu.com\/wp-content\/uploads\/2024\/11\/rinoplastika-pre-posle-fotografija-u-turskoj-15-320x400.jpg\" class=\"attachment-medium size-medium\" alt=\"\" ids=\"9479,9485,9491,9497,9503,9509,9515,9521,9527,9533,9539,9545,9551,9557,9563,9569,9575,9581,9587,9593,9599,9605,9611,9617,9623,9629,9635,9641,9647,9653,9659,9665,9671,9677,9683,9689,9695,9701,9707,9713,9719,9725,9731,9737\" style=\"normal\" lightbox_image_size=\"2048x2048\" type=\"slider\" slider_nav_style=\"circle\" slider_nav_position=\"outside\" srcset=\"https:\/\/www.alevcamcioglu.com\/wp-content\/uploads\/2024\/11\/rinoplastika-pre-posle-fotografija-u-turskoj-15-320x400.jpg 320w, https:\/\/www.alevcamcioglu.com\/wp-content\/uploads\/2024\/11\/rinoplastika-pre-posle-fotografija-u-turskoj-15-640x800.jpg 640w, https:\/\/www.alevcamcioglu.com\/wp-content\/uploads\/2024\/11\/rinoplastika-pre-posle-fotografija-u-turskoj-15-768x960.jpg 768w, https:\/\/www.alevcamcioglu.com\/wp-content\/uploads\/2024\/11\/rinoplastika-pre-posle-fotografija-u-turskoj-15.jpg 1200w\" sizes=\"(max-width: 320px) 100vw, 320px\" title=\"\">                                                              <\/div>\n              <div class=\"box-text text-left\" >\n                 <p><\/p>\n              <\/div>\n            <\/div>\n            <\/a>          <\/div>\n         <\/div><div class=\"gallery-col col\" >\n          <div class=\"col-inner\">\n            <a class=\"image-lightbox lightbox-gallery\" href=\"https:\/\/www.alevcamcioglu.com\/wp-content\/uploads\/2024\/11\/rinoplastika-pre-posle-fotografija-u-turskoj-16.jpg\" title=\"\">            <div class=\"box has-hover gallery-box box-normal\">\n              <div class=\"box-image\" >\n                <img decoding=\"async\" width=\"320\" height=\"400\" src=\"https:\/\/www.alevcamcioglu.com\/wp-content\/uploads\/2024\/11\/rinoplastika-pre-posle-fotografija-u-turskoj-16-320x400.jpg\" class=\"attachment-medium size-medium\" alt=\"\" ids=\"9479,9485,9491,9497,9503,9509,9515,9521,9527,9533,9539,9545,9551,9557,9563,9569,9575,9581,9587,9593,9599,9605,9611,9617,9623,9629,9635,9641,9647,9653,9659,9665,9671,9677,9683,9689,9695,9701,9707,9713,9719,9725,9731,9737\" style=\"normal\" lightbox_image_size=\"2048x2048\" type=\"slider\" slider_nav_style=\"circle\" slider_nav_position=\"outside\" srcset=\"https:\/\/www.alevcamcioglu.com\/wp-content\/uploads\/2024\/11\/rinoplastika-pre-posle-fotografija-u-turskoj-16-320x400.jpg 320w, https:\/\/www.alevcamcioglu.com\/wp-content\/uploads\/2024\/11\/rinoplastika-pre-posle-fotografija-u-turskoj-16-640x800.jpg 640w, https:\/\/www.alevcamcioglu.com\/wp-content\/uploads\/2024\/11\/rinoplastika-pre-posle-fotografija-u-turskoj-16-768x960.jpg 768w, https:\/\/www.alevcamcioglu.com\/wp-content\/uploads\/2024\/11\/rinoplastika-pre-posle-fotografija-u-turskoj-16.jpg 1200w\" sizes=\"(max-width: 320px) 100vw, 320px\" title=\"\">                                                              <\/div>\n              <div class=\"box-text text-left\" >\n                 <p><\/p>\n              <\/div>\n            <\/div>\n            <\/a>          <\/div>\n         <\/div><div class=\"gallery-col col\" >\n          <div class=\"col-inner\">\n            <a class=\"image-lightbox lightbox-gallery\" href=\"https:\/\/www.alevcamcioglu.com\/wp-content\/uploads\/2024\/11\/rinoplastika-pre-posle-fotografija-u-turskoj-17.jpg\" title=\"\">            <div class=\"box has-hover gallery-box box-normal\">\n              <div class=\"box-image\" >\n                <img decoding=\"async\" width=\"320\" height=\"400\" src=\"https:\/\/www.alevcamcioglu.com\/wp-content\/uploads\/2024\/11\/rinoplastika-pre-posle-fotografija-u-turskoj-17-320x400.jpg\" class=\"attachment-medium size-medium\" alt=\"\" ids=\"9479,9485,9491,9497,9503,9509,9515,9521,9527,9533,9539,9545,9551,9557,9563,9569,9575,9581,9587,9593,9599,9605,9611,9617,9623,9629,9635,9641,9647,9653,9659,9665,9671,9677,9683,9689,9695,9701,9707,9713,9719,9725,9731,9737\" style=\"normal\" lightbox_image_size=\"2048x2048\" type=\"slider\" slider_nav_style=\"circle\" slider_nav_position=\"outside\" srcset=\"https:\/\/www.alevcamcioglu.com\/wp-content\/uploads\/2024\/11\/rinoplastika-pre-posle-fotografija-u-turskoj-17-320x400.jpg 320w, https:\/\/www.alevcamcioglu.com\/wp-content\/uploads\/2024\/11\/rinoplastika-pre-posle-fotografija-u-turskoj-17-640x800.jpg 640w, https:\/\/www.alevcamcioglu.com\/wp-content\/uploads\/2024\/11\/rinoplastika-pre-posle-fotografija-u-turskoj-17-768x960.jpg 768w, https:\/\/www.alevcamcioglu.com\/wp-content\/uploads\/2024\/11\/rinoplastika-pre-posle-fotografija-u-turskoj-17.jpg 1200w\" sizes=\"(max-width: 320px) 100vw, 320px\" title=\"\">                                                              <\/div>\n              <div class=\"box-text text-left\" >\n                 <p><\/p>\n              <\/div>\n            <\/div>\n            <\/a>          <\/div>\n         <\/div><div class=\"gallery-col col\" >\n          <div class=\"col-inner\">\n            <a class=\"image-lightbox lightbox-gallery\" href=\"https:\/\/www.alevcamcioglu.com\/wp-content\/uploads\/2024\/11\/rinoplastika-pre-posle-fotografija-u-turskoj-18.jpg\" title=\"\">            <div class=\"box has-hover gallery-box box-normal\">\n              <div class=\"box-image\" >\n                <img decoding=\"async\" width=\"320\" height=\"400\" src=\"https:\/\/www.alevcamcioglu.com\/wp-content\/uploads\/2024\/11\/rinoplastika-pre-posle-fotografija-u-turskoj-18-320x400.jpg\" class=\"attachment-medium size-medium\" alt=\"\" ids=\"9479,9485,9491,9497,9503,9509,9515,9521,9527,9533,9539,9545,9551,9557,9563,9569,9575,9581,9587,9593,9599,9605,9611,9617,9623,9629,9635,9641,9647,9653,9659,9665,9671,9677,9683,9689,9695,9701,9707,9713,9719,9725,9731,9737\" style=\"normal\" lightbox_image_size=\"2048x2048\" type=\"slider\" slider_nav_style=\"circle\" slider_nav_position=\"outside\" srcset=\"https:\/\/www.alevcamcioglu.com\/wp-content\/uploads\/2024\/11\/rinoplastika-pre-posle-fotografija-u-turskoj-18-320x400.jpg 320w, https:\/\/www.alevcamcioglu.com\/wp-content\/uploads\/2024\/11\/rinoplastika-pre-posle-fotografija-u-turskoj-18-640x800.jpg 640w, https:\/\/www.alevcamcioglu.com\/wp-content\/uploads\/2024\/11\/rinoplastika-pre-posle-fotografija-u-turskoj-18-768x960.jpg 768w, https:\/\/www.alevcamcioglu.com\/wp-content\/uploads\/2024\/11\/rinoplastika-pre-posle-fotografija-u-turskoj-18.jpg 1000w\" sizes=\"(max-width: 320px) 100vw, 320px\" title=\"\">                                                              <\/div>\n              <div class=\"box-text text-left\" >\n                 <p><\/p>\n              <\/div>\n            <\/div>\n            <\/a>          <\/div>\n         <\/div><div class=\"gallery-col col\" >\n          <div class=\"col-inner\">\n            <a class=\"image-lightbox lightbox-gallery\" href=\"https:\/\/www.alevcamcioglu.com\/wp-content\/uploads\/2024\/11\/rinoplastika-pre-posle-fotografija-u-turskoj-19.jpg\" title=\"\">            <div class=\"box has-hover gallery-box box-normal\">\n              <div class=\"box-image\" >\n                <img decoding=\"async\" width=\"320\" height=\"400\" src=\"https:\/\/www.alevcamcioglu.com\/wp-content\/uploads\/2024\/11\/rinoplastika-pre-posle-fotografija-u-turskoj-19-320x400.jpg\" class=\"attachment-medium size-medium\" alt=\"\" ids=\"9479,9485,9491,9497,9503,9509,9515,9521,9527,9533,9539,9545,9551,9557,9563,9569,9575,9581,9587,9593,9599,9605,9611,9617,9623,9629,9635,9641,9647,9653,9659,9665,9671,9677,9683,9689,9695,9701,9707,9713,9719,9725,9731,9737\" style=\"normal\" lightbox_image_size=\"2048x2048\" type=\"slider\" slider_nav_style=\"circle\" slider_nav_position=\"outside\" srcset=\"https:\/\/www.alevcamcioglu.com\/wp-content\/uploads\/2024\/11\/rinoplastika-pre-posle-fotografija-u-turskoj-19-320x400.jpg 320w, https:\/\/www.alevcamcioglu.com\/wp-content\/uploads\/2024\/11\/rinoplastika-pre-posle-fotografija-u-turskoj-19-640x800.jpg 640w, https:\/\/www.alevcamcioglu.com\/wp-content\/uploads\/2024\/11\/rinoplastika-pre-posle-fotografija-u-turskoj-19-768x960.jpg 768w, https:\/\/www.alevcamcioglu.com\/wp-content\/uploads\/2024\/11\/rinoplastika-pre-posle-fotografija-u-turskoj-19.jpg 1000w\" sizes=\"(max-width: 320px) 100vw, 320px\" title=\"\">                                                              <\/div>\n              <div class=\"box-text text-left\" >\n                 <p><\/p>\n              <\/div>\n            <\/div>\n            <\/a>          <\/div>\n         <\/div><div class=\"gallery-col col\" >\n          <div class=\"col-inner\">\n            <a class=\"image-lightbox lightbox-gallery\" href=\"https:\/\/www.alevcamcioglu.com\/wp-content\/uploads\/2024\/11\/rinoplastika-pre-posle-fotografija-u-turskoj-20.jpg\" title=\"\">            <div class=\"box has-hover gallery-box box-normal\">\n              <div class=\"box-image\" >\n                <img decoding=\"async\" width=\"320\" height=\"400\" src=\"https:\/\/www.alevcamcioglu.com\/wp-content\/uploads\/2024\/11\/rinoplastika-pre-posle-fotografija-u-turskoj-20-320x400.jpg\" class=\"attachment-medium size-medium\" alt=\"\" ids=\"9479,9485,9491,9497,9503,9509,9515,9521,9527,9533,9539,9545,9551,9557,9563,9569,9575,9581,9587,9593,9599,9605,9611,9617,9623,9629,9635,9641,9647,9653,9659,9665,9671,9677,9683,9689,9695,9701,9707,9713,9719,9725,9731,9737\" style=\"normal\" lightbox_image_size=\"2048x2048\" type=\"slider\" slider_nav_style=\"circle\" slider_nav_position=\"outside\" srcset=\"https:\/\/www.alevcamcioglu.com\/wp-content\/uploads\/2024\/11\/rinoplastika-pre-posle-fotografija-u-turskoj-20-320x400.jpg 320w, https:\/\/www.alevcamcioglu.com\/wp-content\/uploads\/2024\/11\/rinoplastika-pre-posle-fotografija-u-turskoj-20-639x800.jpg 639w, https:\/\/www.alevcamcioglu.com\/wp-content\/uploads\/2024\/11\/rinoplastika-pre-posle-fotografija-u-turskoj-20-768x961.jpg 768w, https:\/\/www.alevcamcioglu.com\/wp-content\/uploads\/2024\/11\/rinoplastika-pre-posle-fotografija-u-turskoj-20.jpg 999w\" sizes=\"(max-width: 320px) 100vw, 320px\" title=\"\">                                                              <\/div>\n              <div class=\"box-text text-left\" >\n                 <p><\/p>\n              <\/div>\n            <\/div>\n            <\/a>          <\/div>\n         <\/div><div class=\"gallery-col col\" >\n          <div class=\"col-inner\">\n            <a class=\"image-lightbox lightbox-gallery\" href=\"https:\/\/www.alevcamcioglu.com\/wp-content\/uploads\/2024\/11\/rinoplastika-pre-posle-fotografija-u-turskoj-21.jpg\" title=\"\">            <div class=\"box has-hover gallery-box box-normal\">\n              <div class=\"box-image\" >\n                <img decoding=\"async\" width=\"320\" height=\"400\" src=\"https:\/\/www.alevcamcioglu.com\/wp-content\/uploads\/2024\/11\/rinoplastika-pre-posle-fotografija-u-turskoj-21-320x400.jpg\" class=\"attachment-medium size-medium\" alt=\"\" ids=\"9479,9485,9491,9497,9503,9509,9515,9521,9527,9533,9539,9545,9551,9557,9563,9569,9575,9581,9587,9593,9599,9605,9611,9617,9623,9629,9635,9641,9647,9653,9659,9665,9671,9677,9683,9689,9695,9701,9707,9713,9719,9725,9731,9737\" style=\"normal\" lightbox_image_size=\"2048x2048\" type=\"slider\" slider_nav_style=\"circle\" slider_nav_position=\"outside\" srcset=\"https:\/\/www.alevcamcioglu.com\/wp-content\/uploads\/2024\/11\/rinoplastika-pre-posle-fotografija-u-turskoj-21-320x400.jpg 320w, https:\/\/www.alevcamcioglu.com\/wp-content\/uploads\/2024\/11\/rinoplastika-pre-posle-fotografija-u-turskoj-21-640x800.jpg 640w, https:\/\/www.alevcamcioglu.com\/wp-content\/uploads\/2024\/11\/rinoplastika-pre-posle-fotografija-u-turskoj-21-768x960.jpg 768w, https:\/\/www.alevcamcioglu.com\/wp-content\/uploads\/2024\/11\/rinoplastika-pre-posle-fotografija-u-turskoj-21.jpg 1000w\" sizes=\"(max-width: 320px) 100vw, 320px\" title=\"\">                                                              <\/div>\n              <div class=\"box-text text-left\" >\n                 <p><\/p>\n              <\/div>\n            <\/div>\n            <\/a>          <\/div>\n         <\/div><div class=\"gallery-col col\" >\n          <div class=\"col-inner\">\n            <a class=\"image-lightbox lightbox-gallery\" href=\"https:\/\/www.alevcamcioglu.com\/wp-content\/uploads\/2024\/11\/rinoplastika-pre-posle-fotografija-u-turskoj-22.jpg\" title=\"\">            <div class=\"box has-hover gallery-box box-normal\">\n              <div class=\"box-image\" >\n                <img decoding=\"async\" width=\"320\" height=\"400\" src=\"https:\/\/www.alevcamcioglu.com\/wp-content\/uploads\/2024\/11\/rinoplastika-pre-posle-fotografija-u-turskoj-22-320x400.jpg\" class=\"attachment-medium size-medium\" alt=\"\" ids=\"9479,9485,9491,9497,9503,9509,9515,9521,9527,9533,9539,9545,9551,9557,9563,9569,9575,9581,9587,9593,9599,9605,9611,9617,9623,9629,9635,9641,9647,9653,9659,9665,9671,9677,9683,9689,9695,9701,9707,9713,9719,9725,9731,9737\" style=\"normal\" lightbox_image_size=\"2048x2048\" type=\"slider\" slider_nav_style=\"circle\" slider_nav_position=\"outside\" srcset=\"https:\/\/www.alevcamcioglu.com\/wp-content\/uploads\/2024\/11\/rinoplastika-pre-posle-fotografija-u-turskoj-22-320x400.jpg 320w, https:\/\/www.alevcamcioglu.com\/wp-content\/uploads\/2024\/11\/rinoplastika-pre-posle-fotografija-u-turskoj-22-640x800.jpg 640w, https:\/\/www.alevcamcioglu.com\/wp-content\/uploads\/2024\/11\/rinoplastika-pre-posle-fotografija-u-turskoj-22-768x960.jpg 768w, https:\/\/www.alevcamcioglu.com\/wp-content\/uploads\/2024\/11\/rinoplastika-pre-posle-fotografija-u-turskoj-22.jpg 1000w\" sizes=\"(max-width: 320px) 100vw, 320px\" title=\"\">                                                              <\/div>\n              <div class=\"box-text text-left\" >\n                 <p><\/p>\n              <\/div>\n            <\/div>\n            <\/a>          <\/div>\n         <\/div><div class=\"gallery-col col\" >\n          <div class=\"col-inner\">\n            <a class=\"image-lightbox lightbox-gallery\" href=\"https:\/\/www.alevcamcioglu.com\/wp-content\/uploads\/2024\/11\/rinoplastika-pre-posle-fotografija-u-turskoj-23.jpg\" title=\"\">            <div class=\"box has-hover gallery-box box-normal\">\n              <div class=\"box-image\" >\n                <img decoding=\"async\" width=\"320\" height=\"400\" src=\"https:\/\/www.alevcamcioglu.com\/wp-content\/uploads\/2024\/11\/rinoplastika-pre-posle-fotografija-u-turskoj-23-320x400.jpg\" class=\"attachment-medium size-medium\" alt=\"\" ids=\"9479,9485,9491,9497,9503,9509,9515,9521,9527,9533,9539,9545,9551,9557,9563,9569,9575,9581,9587,9593,9599,9605,9611,9617,9623,9629,9635,9641,9647,9653,9659,9665,9671,9677,9683,9689,9695,9701,9707,9713,9719,9725,9731,9737\" style=\"normal\" lightbox_image_size=\"2048x2048\" type=\"slider\" slider_nav_style=\"circle\" slider_nav_position=\"outside\" srcset=\"https:\/\/www.alevcamcioglu.com\/wp-content\/uploads\/2024\/11\/rinoplastika-pre-posle-fotografija-u-turskoj-23-320x400.jpg 320w, https:\/\/www.alevcamcioglu.com\/wp-content\/uploads\/2024\/11\/rinoplastika-pre-posle-fotografija-u-turskoj-23-640x800.jpg 640w, https:\/\/www.alevcamcioglu.com\/wp-content\/uploads\/2024\/11\/rinoplastika-pre-posle-fotografija-u-turskoj-23-768x960.jpg 768w, https:\/\/www.alevcamcioglu.com\/wp-content\/uploads\/2024\/11\/rinoplastika-pre-posle-fotografija-u-turskoj-23.jpg 1000w\" sizes=\"(max-width: 320px) 100vw, 320px\" title=\"\">                                                              <\/div>\n              <div class=\"box-text text-left\" >\n                 <p><\/p>\n              <\/div>\n            <\/div>\n            <\/a>          <\/div>\n         <\/div><div class=\"gallery-col col\" >\n          <div class=\"col-inner\">\n            <a class=\"image-lightbox lightbox-gallery\" href=\"https:\/\/www.alevcamcioglu.com\/wp-content\/uploads\/2024\/11\/rinoplastika-pre-posle-fotografija-u-turskoj-24.jpg\" title=\"\">            <div class=\"box has-hover gallery-box box-normal\">\n              <div class=\"box-image\" >\n                <img decoding=\"async\" width=\"320\" height=\"400\" src=\"https:\/\/www.alevcamcioglu.com\/wp-content\/uploads\/2024\/11\/rinoplastika-pre-posle-fotografija-u-turskoj-24-320x400.jpg\" class=\"attachment-medium size-medium\" alt=\"\" ids=\"9479,9485,9491,9497,9503,9509,9515,9521,9527,9533,9539,9545,9551,9557,9563,9569,9575,9581,9587,9593,9599,9605,9611,9617,9623,9629,9635,9641,9647,9653,9659,9665,9671,9677,9683,9689,9695,9701,9707,9713,9719,9725,9731,9737\" style=\"normal\" lightbox_image_size=\"2048x2048\" type=\"slider\" slider_nav_style=\"circle\" slider_nav_position=\"outside\" srcset=\"https:\/\/www.alevcamcioglu.com\/wp-content\/uploads\/2024\/11\/rinoplastika-pre-posle-fotografija-u-turskoj-24-320x400.jpg 320w, https:\/\/www.alevcamcioglu.com\/wp-content\/uploads\/2024\/11\/rinoplastika-pre-posle-fotografija-u-turskoj-24-640x800.jpg 640w, https:\/\/www.alevcamcioglu.com\/wp-content\/uploads\/2024\/11\/rinoplastika-pre-posle-fotografija-u-turskoj-24-768x960.jpg 768w, https:\/\/www.alevcamcioglu.com\/wp-content\/uploads\/2024\/11\/rinoplastika-pre-posle-fotografija-u-turskoj-24.jpg 1000w\" sizes=\"(max-width: 320px) 100vw, 320px\" title=\"\">                                                              <\/div>\n              <div class=\"box-text text-left\" >\n                 <p><\/p>\n              <\/div>\n            <\/div>\n            <\/a>          <\/div>\n         <\/div><div class=\"gallery-col col\" >\n          <div class=\"col-inner\">\n            <a class=\"image-lightbox lightbox-gallery\" href=\"https:\/\/www.alevcamcioglu.com\/wp-content\/uploads\/2024\/11\/rinoplastika-pre-posle-fotografija-u-turskoj-25.jpg\" title=\"\">            <div class=\"box has-hover gallery-box box-normal\">\n              <div class=\"box-image\" >\n                <img decoding=\"async\" width=\"320\" height=\"400\" src=\"https:\/\/www.alevcamcioglu.com\/wp-content\/uploads\/2024\/11\/rinoplastika-pre-posle-fotografija-u-turskoj-25-320x400.jpg\" class=\"attachment-medium size-medium\" alt=\"\" ids=\"9479,9485,9491,9497,9503,9509,9515,9521,9527,9533,9539,9545,9551,9557,9563,9569,9575,9581,9587,9593,9599,9605,9611,9617,9623,9629,9635,9641,9647,9653,9659,9665,9671,9677,9683,9689,9695,9701,9707,9713,9719,9725,9731,9737\" style=\"normal\" lightbox_image_size=\"2048x2048\" type=\"slider\" slider_nav_style=\"circle\" slider_nav_position=\"outside\" srcset=\"https:\/\/www.alevcamcioglu.com\/wp-content\/uploads\/2024\/11\/rinoplastika-pre-posle-fotografija-u-turskoj-25-320x400.jpg 320w, https:\/\/www.alevcamcioglu.com\/wp-content\/uploads\/2024\/11\/rinoplastika-pre-posle-fotografija-u-turskoj-25-640x800.jpg 640w, https:\/\/www.alevcamcioglu.com\/wp-content\/uploads\/2024\/11\/rinoplastika-pre-posle-fotografija-u-turskoj-25-768x960.jpg 768w, https:\/\/www.alevcamcioglu.com\/wp-content\/uploads\/2024\/11\/rinoplastika-pre-posle-fotografija-u-turskoj-25.jpg 1000w\" sizes=\"(max-width: 320px) 100vw, 320px\" title=\"\">                                                              <\/div>\n              <div class=\"box-text text-left\" >\n                 <p><\/p>\n              <\/div>\n            <\/div>\n            <\/a>          <\/div>\n         <\/div><div class=\"gallery-col col\" >\n          <div class=\"col-inner\">\n            <a class=\"image-lightbox lightbox-gallery\" href=\"https:\/\/www.alevcamcioglu.com\/wp-content\/uploads\/2024\/11\/rinoplastika-pre-posle-fotografija-u-turskoj-26.jpg\" title=\"\">            <div class=\"box has-hover gallery-box box-normal\">\n              <div class=\"box-image\" >\n                <img decoding=\"async\" width=\"320\" height=\"400\" src=\"https:\/\/www.alevcamcioglu.com\/wp-content\/uploads\/2024\/11\/rinoplastika-pre-posle-fotografija-u-turskoj-26-320x400.jpg\" class=\"attachment-medium size-medium\" alt=\"\" ids=\"9479,9485,9491,9497,9503,9509,9515,9521,9527,9533,9539,9545,9551,9557,9563,9569,9575,9581,9587,9593,9599,9605,9611,9617,9623,9629,9635,9641,9647,9653,9659,9665,9671,9677,9683,9689,9695,9701,9707,9713,9719,9725,9731,9737\" style=\"normal\" lightbox_image_size=\"2048x2048\" type=\"slider\" slider_nav_style=\"circle\" slider_nav_position=\"outside\" srcset=\"https:\/\/www.alevcamcioglu.com\/wp-content\/uploads\/2024\/11\/rinoplastika-pre-posle-fotografija-u-turskoj-26-320x400.jpg 320w, https:\/\/www.alevcamcioglu.com\/wp-content\/uploads\/2024\/11\/rinoplastika-pre-posle-fotografija-u-turskoj-26-640x800.jpg 640w, https:\/\/www.alevcamcioglu.com\/wp-content\/uploads\/2024\/11\/rinoplastika-pre-posle-fotografija-u-turskoj-26-768x960.jpg 768w, https:\/\/www.alevcamcioglu.com\/wp-content\/uploads\/2024\/11\/rinoplastika-pre-posle-fotografija-u-turskoj-26.jpg 1000w\" sizes=\"(max-width: 320px) 100vw, 320px\" title=\"\">                                                              <\/div>\n              <div class=\"box-text text-left\" >\n                 <p><\/p>\n              <\/div>\n            <\/div>\n            <\/a>          <\/div>\n         <\/div><div class=\"gallery-col col\" >\n          <div class=\"col-inner\">\n            <a class=\"image-lightbox lightbox-gallery\" href=\"https:\/\/www.alevcamcioglu.com\/wp-content\/uploads\/2024\/11\/rinoplastika-pre-posle-fotografija-u-turskoj-27.jpg\" title=\"\">            <div class=\"box has-hover gallery-box box-normal\">\n              <div class=\"box-image\" >\n                <img decoding=\"async\" width=\"320\" height=\"400\" src=\"https:\/\/www.alevcamcioglu.com\/wp-content\/uploads\/2024\/11\/rinoplastika-pre-posle-fotografija-u-turskoj-27-320x400.jpg\" class=\"attachment-medium size-medium\" alt=\"\" ids=\"9479,9485,9491,9497,9503,9509,9515,9521,9527,9533,9539,9545,9551,9557,9563,9569,9575,9581,9587,9593,9599,9605,9611,9617,9623,9629,9635,9641,9647,9653,9659,9665,9671,9677,9683,9689,9695,9701,9707,9713,9719,9725,9731,9737\" style=\"normal\" lightbox_image_size=\"2048x2048\" type=\"slider\" slider_nav_style=\"circle\" slider_nav_position=\"outside\" srcset=\"https:\/\/www.alevcamcioglu.com\/wp-content\/uploads\/2024\/11\/rinoplastika-pre-posle-fotografija-u-turskoj-27-320x400.jpg 320w, https:\/\/www.alevcamcioglu.com\/wp-content\/uploads\/2024\/11\/rinoplastika-pre-posle-fotografija-u-turskoj-27-640x800.jpg 640w, https:\/\/www.alevcamcioglu.com\/wp-content\/uploads\/2024\/11\/rinoplastika-pre-posle-fotografija-u-turskoj-27-768x960.jpg 768w, https:\/\/www.alevcamcioglu.com\/wp-content\/uploads\/2024\/11\/rinoplastika-pre-posle-fotografija-u-turskoj-27.jpg 1000w\" sizes=\"(max-width: 320px) 100vw, 320px\" title=\"\">                                                              <\/div>\n              <div class=\"box-text text-left\" >\n                 <p><\/p>\n              <\/div>\n            <\/div>\n            <\/a>          <\/div>\n         <\/div><div class=\"gallery-col col\" >\n          <div class=\"col-inner\">\n            <a class=\"image-lightbox lightbox-gallery\" href=\"https:\/\/www.alevcamcioglu.com\/wp-content\/uploads\/2024\/11\/rinoplastika-pre-posle-fotografija-u-turskoj-28.jpg\" title=\"\">            <div class=\"box has-hover gallery-box box-normal\">\n              <div class=\"box-image\" >\n                <img decoding=\"async\" width=\"320\" height=\"400\" src=\"https:\/\/www.alevcamcioglu.com\/wp-content\/uploads\/2024\/11\/rinoplastika-pre-posle-fotografija-u-turskoj-28-320x400.jpg\" class=\"attachment-medium size-medium\" alt=\"\" ids=\"9479,9485,9491,9497,9503,9509,9515,9521,9527,9533,9539,9545,9551,9557,9563,9569,9575,9581,9587,9593,9599,9605,9611,9617,9623,9629,9635,9641,9647,9653,9659,9665,9671,9677,9683,9689,9695,9701,9707,9713,9719,9725,9731,9737\" style=\"normal\" lightbox_image_size=\"2048x2048\" type=\"slider\" slider_nav_style=\"circle\" slider_nav_position=\"outside\" srcset=\"https:\/\/www.alevcamcioglu.com\/wp-content\/uploads\/2024\/11\/rinoplastika-pre-posle-fotografija-u-turskoj-28-320x400.jpg 320w, https:\/\/www.alevcamcioglu.com\/wp-content\/uploads\/2024\/11\/rinoplastika-pre-posle-fotografija-u-turskoj-28-640x800.jpg 640w, https:\/\/www.alevcamcioglu.com\/wp-content\/uploads\/2024\/11\/rinoplastika-pre-posle-fotografija-u-turskoj-28-768x960.jpg 768w, https:\/\/www.alevcamcioglu.com\/wp-content\/uploads\/2024\/11\/rinoplastika-pre-posle-fotografija-u-turskoj-28.jpg 1000w\" sizes=\"(max-width: 320px) 100vw, 320px\" title=\"\">                                                              <\/div>\n              <div class=\"box-text text-left\" >\n                 <p><\/p>\n              <\/div>\n            <\/div>\n            <\/a>          <\/div>\n         <\/div><div class=\"gallery-col col\" >\n          <div class=\"col-inner\">\n            <a class=\"image-lightbox lightbox-gallery\" href=\"https:\/\/www.alevcamcioglu.com\/wp-content\/uploads\/2024\/11\/rinoplastika-pre-posle-fotografija-u-turskoj-29.jpg\" title=\"\">            <div class=\"box has-hover gallery-box box-normal\">\n              <div class=\"box-image\" >\n                <img decoding=\"async\" width=\"320\" height=\"400\" src=\"https:\/\/www.alevcamcioglu.com\/wp-content\/uploads\/2024\/11\/rinoplastika-pre-posle-fotografija-u-turskoj-29-320x400.jpg\" class=\"attachment-medium size-medium\" alt=\"\" ids=\"9479,9485,9491,9497,9503,9509,9515,9521,9527,9533,9539,9545,9551,9557,9563,9569,9575,9581,9587,9593,9599,9605,9611,9617,9623,9629,9635,9641,9647,9653,9659,9665,9671,9677,9683,9689,9695,9701,9707,9713,9719,9725,9731,9737\" style=\"normal\" lightbox_image_size=\"2048x2048\" type=\"slider\" slider_nav_style=\"circle\" slider_nav_position=\"outside\" srcset=\"https:\/\/www.alevcamcioglu.com\/wp-content\/uploads\/2024\/11\/rinoplastika-pre-posle-fotografija-u-turskoj-29-320x400.jpg 320w, https:\/\/www.alevcamcioglu.com\/wp-content\/uploads\/2024\/11\/rinoplastika-pre-posle-fotografija-u-turskoj-29-640x800.jpg 640w, https:\/\/www.alevcamcioglu.com\/wp-content\/uploads\/2024\/11\/rinoplastika-pre-posle-fotografija-u-turskoj-29-768x960.jpg 768w, https:\/\/www.alevcamcioglu.com\/wp-content\/uploads\/2024\/11\/rinoplastika-pre-posle-fotografija-u-turskoj-29.jpg 1000w\" sizes=\"(max-width: 320px) 100vw, 320px\" title=\"\">                                                              <\/div>\n              <div class=\"box-text text-left\" >\n                 <p><\/p>\n              <\/div>\n            <\/div>\n            <\/a>          <\/div>\n         <\/div><div class=\"gallery-col col\" >\n          <div class=\"col-inner\">\n            <a class=\"image-lightbox lightbox-gallery\" href=\"https:\/\/www.alevcamcioglu.com\/wp-content\/uploads\/2024\/11\/rinoplastika-pre-posle-fotografija-u-turskoj-30.jpg\" title=\"\">            <div class=\"box has-hover gallery-box box-normal\">\n              <div class=\"box-image\" >\n                <img decoding=\"async\" width=\"320\" height=\"400\" src=\"https:\/\/www.alevcamcioglu.com\/wp-content\/uploads\/2024\/11\/rinoplastika-pre-posle-fotografija-u-turskoj-30-320x400.jpg\" class=\"attachment-medium size-medium\" alt=\"\" ids=\"9479,9485,9491,9497,9503,9509,9515,9521,9527,9533,9539,9545,9551,9557,9563,9569,9575,9581,9587,9593,9599,9605,9611,9617,9623,9629,9635,9641,9647,9653,9659,9665,9671,9677,9683,9689,9695,9701,9707,9713,9719,9725,9731,9737\" style=\"normal\" lightbox_image_size=\"2048x2048\" type=\"slider\" slider_nav_style=\"circle\" slider_nav_position=\"outside\" srcset=\"https:\/\/www.alevcamcioglu.com\/wp-content\/uploads\/2024\/11\/rinoplastika-pre-posle-fotografija-u-turskoj-30-320x400.jpg 320w, https:\/\/www.alevcamcioglu.com\/wp-content\/uploads\/2024\/11\/rinoplastika-pre-posle-fotografija-u-turskoj-30-640x800.jpg 640w, https:\/\/www.alevcamcioglu.com\/wp-content\/uploads\/2024\/11\/rinoplastika-pre-posle-fotografija-u-turskoj-30-768x960.jpg 768w, https:\/\/www.alevcamcioglu.com\/wp-content\/uploads\/2024\/11\/rinoplastika-pre-posle-fotografija-u-turskoj-30.jpg 1200w\" sizes=\"(max-width: 320px) 100vw, 320px\" title=\"\">                                                              <\/div>\n              <div class=\"box-text text-left\" >\n                 <p><\/p>\n              <\/div>\n            <\/div>\n            <\/a>          <\/div>\n         <\/div><div class=\"gallery-col col\" >\n          <div class=\"col-inner\">\n            <a class=\"image-lightbox lightbox-gallery\" href=\"https:\/\/www.alevcamcioglu.com\/wp-content\/uploads\/2024\/11\/rinoplastika-pre-posle-fotografija-u-turskoj-31.jpg\" title=\"\">            <div class=\"box has-hover gallery-box box-normal\">\n              <div class=\"box-image\" >\n                <img decoding=\"async\" width=\"320\" height=\"400\" src=\"https:\/\/www.alevcamcioglu.com\/wp-content\/uploads\/2024\/11\/rinoplastika-pre-posle-fotografija-u-turskoj-31-320x400.jpg\" class=\"attachment-medium size-medium\" alt=\"\" ids=\"9479,9485,9491,9497,9503,9509,9515,9521,9527,9533,9539,9545,9551,9557,9563,9569,9575,9581,9587,9593,9599,9605,9611,9617,9623,9629,9635,9641,9647,9653,9659,9665,9671,9677,9683,9689,9695,9701,9707,9713,9719,9725,9731,9737\" style=\"normal\" lightbox_image_size=\"2048x2048\" type=\"slider\" slider_nav_style=\"circle\" slider_nav_position=\"outside\" srcset=\"https:\/\/www.alevcamcioglu.com\/wp-content\/uploads\/2024\/11\/rinoplastika-pre-posle-fotografija-u-turskoj-31-320x400.jpg 320w, https:\/\/www.alevcamcioglu.com\/wp-content\/uploads\/2024\/11\/rinoplastika-pre-posle-fotografija-u-turskoj-31-640x800.jpg 640w, https:\/\/www.alevcamcioglu.com\/wp-content\/uploads\/2024\/11\/rinoplastika-pre-posle-fotografija-u-turskoj-31-768x960.jpg 768w, https:\/\/www.alevcamcioglu.com\/wp-content\/uploads\/2024\/11\/rinoplastika-pre-posle-fotografija-u-turskoj-31.jpg 1000w\" sizes=\"(max-width: 320px) 100vw, 320px\" title=\"\">                                                              <\/div>\n              <div class=\"box-text text-left\" >\n                 <p><\/p>\n              <\/div>\n            <\/div>\n            <\/a>          <\/div>\n         <\/div><div class=\"gallery-col col\" >\n          <div class=\"col-inner\">\n            <a class=\"image-lightbox lightbox-gallery\" href=\"https:\/\/www.alevcamcioglu.com\/wp-content\/uploads\/2024\/11\/rinoplastika-pre-posle-fotografija-u-turskoj-32.jpg\" title=\"\">            <div class=\"box has-hover gallery-box box-normal\">\n              <div class=\"box-image\" >\n                <img decoding=\"async\" width=\"320\" height=\"400\" src=\"https:\/\/www.alevcamcioglu.com\/wp-content\/uploads\/2024\/11\/rinoplastika-pre-posle-fotografija-u-turskoj-32-320x400.jpg\" class=\"attachment-medium size-medium\" alt=\"\" ids=\"9479,9485,9491,9497,9503,9509,9515,9521,9527,9533,9539,9545,9551,9557,9563,9569,9575,9581,9587,9593,9599,9605,9611,9617,9623,9629,9635,9641,9647,9653,9659,9665,9671,9677,9683,9689,9695,9701,9707,9713,9719,9725,9731,9737\" style=\"normal\" lightbox_image_size=\"2048x2048\" type=\"slider\" slider_nav_style=\"circle\" slider_nav_position=\"outside\" srcset=\"https:\/\/www.alevcamcioglu.com\/wp-content\/uploads\/2024\/11\/rinoplastika-pre-posle-fotografija-u-turskoj-32-320x400.jpg 320w, https:\/\/www.alevcamcioglu.com\/wp-content\/uploads\/2024\/11\/rinoplastika-pre-posle-fotografija-u-turskoj-32-640x800.jpg 640w, https:\/\/www.alevcamcioglu.com\/wp-content\/uploads\/2024\/11\/rinoplastika-pre-posle-fotografija-u-turskoj-32-768x960.jpg 768w, https:\/\/www.alevcamcioglu.com\/wp-content\/uploads\/2024\/11\/rinoplastika-pre-posle-fotografija-u-turskoj-32.jpg 1000w\" sizes=\"(max-width: 320px) 100vw, 320px\" title=\"\">                                                              <\/div>\n              <div class=\"box-text text-left\" >\n                 <p><\/p>\n              <\/div>\n            <\/div>\n            <\/a>          <\/div>\n         <\/div><div class=\"gallery-col col\" >\n          <div class=\"col-inner\">\n            <a class=\"image-lightbox lightbox-gallery\" href=\"https:\/\/www.alevcamcioglu.com\/wp-content\/uploads\/2024\/11\/rinoplastika-pre-posle-fotografija-u-turskoj-33.jpg\" title=\"\">            <div class=\"box has-hover gallery-box box-normal\">\n              <div class=\"box-image\" >\n                <img decoding=\"async\" width=\"320\" height=\"400\" src=\"https:\/\/www.alevcamcioglu.com\/wp-content\/uploads\/2024\/11\/rinoplastika-pre-posle-fotografija-u-turskoj-33-320x400.jpg\" class=\"attachment-medium size-medium\" alt=\"\" ids=\"9479,9485,9491,9497,9503,9509,9515,9521,9527,9533,9539,9545,9551,9557,9563,9569,9575,9581,9587,9593,9599,9605,9611,9617,9623,9629,9635,9641,9647,9653,9659,9665,9671,9677,9683,9689,9695,9701,9707,9713,9719,9725,9731,9737\" style=\"normal\" lightbox_image_size=\"2048x2048\" type=\"slider\" slider_nav_style=\"circle\" slider_nav_position=\"outside\" srcset=\"https:\/\/www.alevcamcioglu.com\/wp-content\/uploads\/2024\/11\/rinoplastika-pre-posle-fotografija-u-turskoj-33-320x400.jpg 320w, https:\/\/www.alevcamcioglu.com\/wp-content\/uploads\/2024\/11\/rinoplastika-pre-posle-fotografija-u-turskoj-33-640x800.jpg 640w, https:\/\/www.alevcamcioglu.com\/wp-content\/uploads\/2024\/11\/rinoplastika-pre-posle-fotografija-u-turskoj-33-768x960.jpg 768w, https:\/\/www.alevcamcioglu.com\/wp-content\/uploads\/2024\/11\/rinoplastika-pre-posle-fotografija-u-turskoj-33.jpg 1000w\" sizes=\"(max-width: 320px) 100vw, 320px\" title=\"\">                                                              <\/div>\n              <div class=\"box-text text-left\" >\n                 <p><\/p>\n              <\/div>\n            <\/div>\n            <\/a>          <\/div>\n         <\/div><div class=\"gallery-col col\" >\n          <div class=\"col-inner\">\n            <a class=\"image-lightbox lightbox-gallery\" href=\"https:\/\/www.alevcamcioglu.com\/wp-content\/uploads\/2024\/11\/rinoplastika-pre-posle-fotografija-u-turskoj-34.jpg\" title=\"\">            <div class=\"box has-hover gallery-box box-normal\">\n              <div class=\"box-image\" >\n                <img decoding=\"async\" width=\"320\" height=\"400\" src=\"https:\/\/www.alevcamcioglu.com\/wp-content\/uploads\/2024\/11\/rinoplastika-pre-posle-fotografija-u-turskoj-34-320x400.jpg\" class=\"attachment-medium size-medium\" alt=\"\" ids=\"9479,9485,9491,9497,9503,9509,9515,9521,9527,9533,9539,9545,9551,9557,9563,9569,9575,9581,9587,9593,9599,9605,9611,9617,9623,9629,9635,9641,9647,9653,9659,9665,9671,9677,9683,9689,9695,9701,9707,9713,9719,9725,9731,9737\" style=\"normal\" lightbox_image_size=\"2048x2048\" type=\"slider\" slider_nav_style=\"circle\" slider_nav_position=\"outside\" srcset=\"https:\/\/www.alevcamcioglu.com\/wp-content\/uploads\/2024\/11\/rinoplastika-pre-posle-fotografija-u-turskoj-34-320x400.jpg 320w, https:\/\/www.alevcamcioglu.com\/wp-content\/uploads\/2024\/11\/rinoplastika-pre-posle-fotografija-u-turskoj-34-640x800.jpg 640w, https:\/\/www.alevcamcioglu.com\/wp-content\/uploads\/2024\/11\/rinoplastika-pre-posle-fotografija-u-turskoj-34-768x960.jpg 768w, https:\/\/www.alevcamcioglu.com\/wp-content\/uploads\/2024\/11\/rinoplastika-pre-posle-fotografija-u-turskoj-34.jpg 1000w\" sizes=\"(max-width: 320px) 100vw, 320px\" title=\"\">                                                              <\/div>\n              <div class=\"box-text text-left\" >\n                 <p><\/p>\n              <\/div>\n            <\/div>\n            <\/a>          <\/div>\n         <\/div><div class=\"gallery-col col\" >\n          <div class=\"col-inner\">\n            <a class=\"image-lightbox lightbox-gallery\" href=\"https:\/\/www.alevcamcioglu.com\/wp-content\/uploads\/2024\/11\/rinoplastika-pre-posle-fotografija-u-turskoj-35.jpg\" title=\"\">            <div class=\"box has-hover gallery-box box-normal\">\n              <div class=\"box-image\" >\n                <img decoding=\"async\" width=\"320\" height=\"400\" src=\"https:\/\/www.alevcamcioglu.com\/wp-content\/uploads\/2024\/11\/rinoplastika-pre-posle-fotografija-u-turskoj-35-320x400.jpg\" class=\"attachment-medium size-medium\" alt=\"\" ids=\"9479,9485,9491,9497,9503,9509,9515,9521,9527,9533,9539,9545,9551,9557,9563,9569,9575,9581,9587,9593,9599,9605,9611,9617,9623,9629,9635,9641,9647,9653,9659,9665,9671,9677,9683,9689,9695,9701,9707,9713,9719,9725,9731,9737\" style=\"normal\" lightbox_image_size=\"2048x2048\" type=\"slider\" slider_nav_style=\"circle\" slider_nav_position=\"outside\" srcset=\"https:\/\/www.alevcamcioglu.com\/wp-content\/uploads\/2024\/11\/rinoplastika-pre-posle-fotografija-u-turskoj-35-320x400.jpg 320w, https:\/\/www.alevcamcioglu.com\/wp-content\/uploads\/2024\/11\/rinoplastika-pre-posle-fotografija-u-turskoj-35-640x800.jpg 640w, https:\/\/www.alevcamcioglu.com\/wp-content\/uploads\/2024\/11\/rinoplastika-pre-posle-fotografija-u-turskoj-35-768x960.jpg 768w, https:\/\/www.alevcamcioglu.com\/wp-content\/uploads\/2024\/11\/rinoplastika-pre-posle-fotografija-u-turskoj-35.jpg 1000w\" sizes=\"(max-width: 320px) 100vw, 320px\" title=\"\">                                                              <\/div>\n              <div class=\"box-text text-left\" >\n                 <p><\/p>\n              <\/div>\n            <\/div>\n            <\/a>          <\/div>\n         <\/div><div class=\"gallery-col col\" >\n          <div class=\"col-inner\">\n            <a class=\"image-lightbox lightbox-gallery\" href=\"https:\/\/www.alevcamcioglu.com\/wp-content\/uploads\/2024\/11\/rinoplastika-pre-posle-fotografija-u-turskoj-36.jpg\" title=\"\">            <div class=\"box has-hover gallery-box box-normal\">\n              <div class=\"box-image\" >\n                <img decoding=\"async\" width=\"320\" height=\"400\" src=\"https:\/\/www.alevcamcioglu.com\/wp-content\/uploads\/2024\/11\/rinoplastika-pre-posle-fotografija-u-turskoj-36-320x400.jpg\" class=\"attachment-medium size-medium\" alt=\"\" ids=\"9479,9485,9491,9497,9503,9509,9515,9521,9527,9533,9539,9545,9551,9557,9563,9569,9575,9581,9587,9593,9599,9605,9611,9617,9623,9629,9635,9641,9647,9653,9659,9665,9671,9677,9683,9689,9695,9701,9707,9713,9719,9725,9731,9737\" style=\"normal\" lightbox_image_size=\"2048x2048\" type=\"slider\" slider_nav_style=\"circle\" slider_nav_position=\"outside\" srcset=\"https:\/\/www.alevcamcioglu.com\/wp-content\/uploads\/2024\/11\/rinoplastika-pre-posle-fotografija-u-turskoj-36-320x400.jpg 320w, https:\/\/www.alevcamcioglu.com\/wp-content\/uploads\/2024\/11\/rinoplastika-pre-posle-fotografija-u-turskoj-36-640x800.jpg 640w, https:\/\/www.alevcamcioglu.com\/wp-content\/uploads\/2024\/11\/rinoplastika-pre-posle-fotografija-u-turskoj-36-768x960.jpg 768w, https:\/\/www.alevcamcioglu.com\/wp-content\/uploads\/2024\/11\/rinoplastika-pre-posle-fotografija-u-turskoj-36.jpg 1200w\" sizes=\"(max-width: 320px) 100vw, 320px\" title=\"\">                                                              <\/div>\n              <div class=\"box-text text-left\" >\n                 <p><\/p>\n              <\/div>\n            <\/div>\n            <\/a>          <\/div>\n         <\/div><div class=\"gallery-col col\" >\n          <div class=\"col-inner\">\n            <a class=\"image-lightbox lightbox-gallery\" href=\"https:\/\/www.alevcamcioglu.com\/wp-content\/uploads\/2024\/11\/rinoplastika-pre-posle-fotografija-u-turskoj-37.jpg\" title=\"\">            <div class=\"box has-hover gallery-box box-normal\">\n              <div class=\"box-image\" >\n                <img decoding=\"async\" width=\"320\" height=\"400\" src=\"https:\/\/www.alevcamcioglu.com\/wp-content\/uploads\/2024\/11\/rinoplastika-pre-posle-fotografija-u-turskoj-37-320x400.jpg\" class=\"attachment-medium size-medium\" alt=\"\" ids=\"9479,9485,9491,9497,9503,9509,9515,9521,9527,9533,9539,9545,9551,9557,9563,9569,9575,9581,9587,9593,9599,9605,9611,9617,9623,9629,9635,9641,9647,9653,9659,9665,9671,9677,9683,9689,9695,9701,9707,9713,9719,9725,9731,9737\" style=\"normal\" lightbox_image_size=\"2048x2048\" type=\"slider\" slider_nav_style=\"circle\" slider_nav_position=\"outside\" srcset=\"https:\/\/www.alevcamcioglu.com\/wp-content\/uploads\/2024\/11\/rinoplastika-pre-posle-fotografija-u-turskoj-37-320x400.jpg 320w, https:\/\/www.alevcamcioglu.com\/wp-content\/uploads\/2024\/11\/rinoplastika-pre-posle-fotografija-u-turskoj-37-640x800.jpg 640w, https:\/\/www.alevcamcioglu.com\/wp-content\/uploads\/2024\/11\/rinoplastika-pre-posle-fotografija-u-turskoj-37-768x960.jpg 768w, https:\/\/www.alevcamcioglu.com\/wp-content\/uploads\/2024\/11\/rinoplastika-pre-posle-fotografija-u-turskoj-37.jpg 1200w\" sizes=\"(max-width: 320px) 100vw, 320px\" title=\"\">                                                              <\/div>\n              <div class=\"box-text text-left\" >\n                 <p><\/p>\n              <\/div>\n            <\/div>\n            <\/a>          <\/div>\n         <\/div><div class=\"gallery-col col\" >\n          <div class=\"col-inner\">\n            <a class=\"image-lightbox lightbox-gallery\" href=\"https:\/\/www.alevcamcioglu.com\/wp-content\/uploads\/2024\/11\/rinoplastika-pre-posle-fotografija-u-turskoj-38.jpg\" title=\"\">            <div class=\"box has-hover gallery-box box-normal\">\n              <div class=\"box-image\" >\n                <img decoding=\"async\" width=\"320\" height=\"400\" src=\"https:\/\/www.alevcamcioglu.com\/wp-content\/uploads\/2024\/11\/rinoplastika-pre-posle-fotografija-u-turskoj-38-320x400.jpg\" class=\"attachment-medium size-medium\" alt=\"\" ids=\"9479,9485,9491,9497,9503,9509,9515,9521,9527,9533,9539,9545,9551,9557,9563,9569,9575,9581,9587,9593,9599,9605,9611,9617,9623,9629,9635,9641,9647,9653,9659,9665,9671,9677,9683,9689,9695,9701,9707,9713,9719,9725,9731,9737\" style=\"normal\" lightbox_image_size=\"2048x2048\" type=\"slider\" slider_nav_style=\"circle\" slider_nav_position=\"outside\" srcset=\"https:\/\/www.alevcamcioglu.com\/wp-content\/uploads\/2024\/11\/rinoplastika-pre-posle-fotografija-u-turskoj-38-320x400.jpg 320w, https:\/\/www.alevcamcioglu.com\/wp-content\/uploads\/2024\/11\/rinoplastika-pre-posle-fotografija-u-turskoj-38-640x800.jpg 640w, https:\/\/www.alevcamcioglu.com\/wp-content\/uploads\/2024\/11\/rinoplastika-pre-posle-fotografija-u-turskoj-38-768x960.jpg 768w, https:\/\/www.alevcamcioglu.com\/wp-content\/uploads\/2024\/11\/rinoplastika-pre-posle-fotografija-u-turskoj-38.jpg 1200w\" sizes=\"(max-width: 320px) 100vw, 320px\" title=\"\">                                                              <\/div>\n              <div class=\"box-text text-left\" >\n                 <p><\/p>\n              <\/div>\n            <\/div>\n            <\/a>          <\/div>\n         <\/div><div class=\"gallery-col col\" >\n          <div class=\"col-inner\">\n            <a class=\"image-lightbox lightbox-gallery\" href=\"https:\/\/www.alevcamcioglu.com\/wp-content\/uploads\/2024\/11\/rinoplastika-pre-posle-fotografija-u-turskoj-39.jpg\" title=\"\">            <div class=\"box has-hover gallery-box box-normal\">\n              <div class=\"box-image\" >\n                <img decoding=\"async\" width=\"320\" height=\"400\" src=\"https:\/\/www.alevcamcioglu.com\/wp-content\/uploads\/2024\/11\/rinoplastika-pre-posle-fotografija-u-turskoj-39-320x400.jpg\" class=\"attachment-medium size-medium\" alt=\"\" ids=\"9479,9485,9491,9497,9503,9509,9515,9521,9527,9533,9539,9545,9551,9557,9563,9569,9575,9581,9587,9593,9599,9605,9611,9617,9623,9629,9635,9641,9647,9653,9659,9665,9671,9677,9683,9689,9695,9701,9707,9713,9719,9725,9731,9737\" style=\"normal\" lightbox_image_size=\"2048x2048\" type=\"slider\" slider_nav_style=\"circle\" slider_nav_position=\"outside\" srcset=\"https:\/\/www.alevcamcioglu.com\/wp-content\/uploads\/2024\/11\/rinoplastika-pre-posle-fotografija-u-turskoj-39-320x400.jpg 320w, https:\/\/www.alevcamcioglu.com\/wp-content\/uploads\/2024\/11\/rinoplastika-pre-posle-fotografija-u-turskoj-39-639x800.jpg 639w, https:\/\/www.alevcamcioglu.com\/wp-content\/uploads\/2024\/11\/rinoplastika-pre-posle-fotografija-u-turskoj-39-768x961.jpg 768w, https:\/\/www.alevcamcioglu.com\/wp-content\/uploads\/2024\/11\/rinoplastika-pre-posle-fotografija-u-turskoj-39.jpg 999w\" sizes=\"(max-width: 320px) 100vw, 320px\" title=\"\">                                                              <\/div>\n              <div class=\"box-text text-left\" >\n                 <p><\/p>\n              <\/div>\n            <\/div>\n            <\/a>          <\/div>\n         <\/div><div class=\"gallery-col col\" >\n          <div class=\"col-inner\">\n            <a class=\"image-lightbox lightbox-gallery\" href=\"https:\/\/www.alevcamcioglu.com\/wp-content\/uploads\/2024\/11\/rinoplastika-pre-posle-fotografija-u-turskoj-40.jpg\" title=\"\">            <div class=\"box has-hover gallery-box box-normal\">\n              <div class=\"box-image\" >\n                <img decoding=\"async\" width=\"320\" height=\"400\" src=\"https:\/\/www.alevcamcioglu.com\/wp-content\/uploads\/2024\/11\/rinoplastika-pre-posle-fotografija-u-turskoj-40-320x400.jpg\" class=\"attachment-medium size-medium\" alt=\"\" ids=\"9479,9485,9491,9497,9503,9509,9515,9521,9527,9533,9539,9545,9551,9557,9563,9569,9575,9581,9587,9593,9599,9605,9611,9617,9623,9629,9635,9641,9647,9653,9659,9665,9671,9677,9683,9689,9695,9701,9707,9713,9719,9725,9731,9737\" style=\"normal\" lightbox_image_size=\"2048x2048\" type=\"slider\" slider_nav_style=\"circle\" slider_nav_position=\"outside\" srcset=\"https:\/\/www.alevcamcioglu.com\/wp-content\/uploads\/2024\/11\/rinoplastika-pre-posle-fotografija-u-turskoj-40-320x400.jpg 320w, https:\/\/www.alevcamcioglu.com\/wp-content\/uploads\/2024\/11\/rinoplastika-pre-posle-fotografija-u-turskoj-40-640x800.jpg 640w, https:\/\/www.alevcamcioglu.com\/wp-content\/uploads\/2024\/11\/rinoplastika-pre-posle-fotografija-u-turskoj-40-768x960.jpg 768w, https:\/\/www.alevcamcioglu.com\/wp-content\/uploads\/2024\/11\/rinoplastika-pre-posle-fotografija-u-turskoj-40.jpg 1000w\" sizes=\"(max-width: 320px) 100vw, 320px\" title=\"\">                                                              <\/div>\n              <div class=\"box-text text-left\" >\n                 <p><\/p>\n              <\/div>\n            <\/div>\n            <\/a>          <\/div>\n         <\/div><div class=\"gallery-col col\" >\n          <div class=\"col-inner\">\n            <a class=\"image-lightbox lightbox-gallery\" href=\"https:\/\/www.alevcamcioglu.com\/wp-content\/uploads\/2024\/11\/rinoplastika-pre-posle-fotografija-u-turskoj-41.jpg\" title=\"\">            <div class=\"box has-hover gallery-box box-normal\">\n              <div class=\"box-image\" >\n                <img decoding=\"async\" width=\"320\" height=\"400\" src=\"https:\/\/www.alevcamcioglu.com\/wp-content\/uploads\/2024\/11\/rinoplastika-pre-posle-fotografija-u-turskoj-41-320x400.jpg\" class=\"attachment-medium size-medium\" alt=\"\" ids=\"9479,9485,9491,9497,9503,9509,9515,9521,9527,9533,9539,9545,9551,9557,9563,9569,9575,9581,9587,9593,9599,9605,9611,9617,9623,9629,9635,9641,9647,9653,9659,9665,9671,9677,9683,9689,9695,9701,9707,9713,9719,9725,9731,9737\" style=\"normal\" lightbox_image_size=\"2048x2048\" type=\"slider\" slider_nav_style=\"circle\" slider_nav_position=\"outside\" srcset=\"https:\/\/www.alevcamcioglu.com\/wp-content\/uploads\/2024\/11\/rinoplastika-pre-posle-fotografija-u-turskoj-41-320x400.jpg 320w, https:\/\/www.alevcamcioglu.com\/wp-content\/uploads\/2024\/11\/rinoplastika-pre-posle-fotografija-u-turskoj-41-640x800.jpg 640w, https:\/\/www.alevcamcioglu.com\/wp-content\/uploads\/2024\/11\/rinoplastika-pre-posle-fotografija-u-turskoj-41-768x960.jpg 768w, https:\/\/www.alevcamcioglu.com\/wp-content\/uploads\/2024\/11\/rinoplastika-pre-posle-fotografija-u-turskoj-41.jpg 1000w\" sizes=\"(max-width: 320px) 100vw, 320px\" title=\"\">                                                              <\/div>\n              <div class=\"box-text text-left\" >\n                 <p><\/p>\n              <\/div>\n            <\/div>\n            <\/a>          <\/div>\n         <\/div><div class=\"gallery-col col\" >\n          <div class=\"col-inner\">\n            <a class=\"image-lightbox lightbox-gallery\" href=\"https:\/\/www.alevcamcioglu.com\/wp-content\/uploads\/2024\/11\/rinoplastika-pre-posle-fotografija-u-turskoj-42.jpg\" title=\"\">            <div class=\"box has-hover gallery-box box-normal\">\n              <div class=\"box-image\" >\n                <img decoding=\"async\" width=\"320\" height=\"400\" src=\"https:\/\/www.alevcamcioglu.com\/wp-content\/uploads\/2024\/11\/rinoplastika-pre-posle-fotografija-u-turskoj-42-320x400.jpg\" class=\"attachment-medium size-medium\" alt=\"\" ids=\"9479,9485,9491,9497,9503,9509,9515,9521,9527,9533,9539,9545,9551,9557,9563,9569,9575,9581,9587,9593,9599,9605,9611,9617,9623,9629,9635,9641,9647,9653,9659,9665,9671,9677,9683,9689,9695,9701,9707,9713,9719,9725,9731,9737\" style=\"normal\" lightbox_image_size=\"2048x2048\" type=\"slider\" slider_nav_style=\"circle\" slider_nav_position=\"outside\" srcset=\"https:\/\/www.alevcamcioglu.com\/wp-content\/uploads\/2024\/11\/rinoplastika-pre-posle-fotografija-u-turskoj-42-320x400.jpg 320w, https:\/\/www.alevcamcioglu.com\/wp-content\/uploads\/2024\/11\/rinoplastika-pre-posle-fotografija-u-turskoj-42-640x800.jpg 640w, https:\/\/www.alevcamcioglu.com\/wp-content\/uploads\/2024\/11\/rinoplastika-pre-posle-fotografija-u-turskoj-42-768x960.jpg 768w, https:\/\/www.alevcamcioglu.com\/wp-content\/uploads\/2024\/11\/rinoplastika-pre-posle-fotografija-u-turskoj-42.jpg 1200w\" sizes=\"(max-width: 320px) 100vw, 320px\" title=\"\">                                                              <\/div>\n              <div class=\"box-text text-left\" >\n                 <p><\/p>\n              <\/div>\n            <\/div>\n            <\/a>          <\/div>\n         <\/div><div class=\"gallery-col col\" >\n          <div class=\"col-inner\">\n            <a class=\"image-lightbox lightbox-gallery\" href=\"https:\/\/www.alevcamcioglu.com\/wp-content\/uploads\/2024\/11\/rinoplastika-pre-posle-fotografija-u-turskoj-43.jpg\" title=\"\">            <div class=\"box has-hover gallery-box box-normal\">\n              <div class=\"box-image\" >\n                <img decoding=\"async\" width=\"320\" height=\"400\" src=\"https:\/\/www.alevcamcioglu.com\/wp-content\/uploads\/2024\/11\/rinoplastika-pre-posle-fotografija-u-turskoj-43-320x400.jpg\" class=\"attachment-medium size-medium\" alt=\"\" ids=\"9479,9485,9491,9497,9503,9509,9515,9521,9527,9533,9539,9545,9551,9557,9563,9569,9575,9581,9587,9593,9599,9605,9611,9617,9623,9629,9635,9641,9647,9653,9659,9665,9671,9677,9683,9689,9695,9701,9707,9713,9719,9725,9731,9737\" style=\"normal\" lightbox_image_size=\"2048x2048\" type=\"slider\" slider_nav_style=\"circle\" slider_nav_position=\"outside\" srcset=\"https:\/\/www.alevcamcioglu.com\/wp-content\/uploads\/2024\/11\/rinoplastika-pre-posle-fotografija-u-turskoj-43-320x400.jpg 320w, https:\/\/www.alevcamcioglu.com\/wp-content\/uploads\/2024\/11\/rinoplastika-pre-posle-fotografija-u-turskoj-43-640x800.jpg 640w, https:\/\/www.alevcamcioglu.com\/wp-content\/uploads\/2024\/11\/rinoplastika-pre-posle-fotografija-u-turskoj-43-768x960.jpg 768w, https:\/\/www.alevcamcioglu.com\/wp-content\/uploads\/2024\/11\/rinoplastika-pre-posle-fotografija-u-turskoj-43.jpg 1200w\" sizes=\"(max-width: 320px) 100vw, 320px\" title=\"\">                                                              <\/div>\n              <div class=\"box-text text-left\" >\n                 <p><\/p>\n              <\/div>\n            <\/div>\n            <\/a>          <\/div>\n         <\/div><div class=\"gallery-col col\" >\n          <div class=\"col-inner\">\n            <a class=\"image-lightbox lightbox-gallery\" href=\"https:\/\/www.alevcamcioglu.com\/wp-content\/uploads\/2024\/11\/rinoplastika-pre-posle-fotografija-u-turskoj-44.jpg\" title=\"\">            <div class=\"box has-hover gallery-box box-normal\">\n              <div class=\"box-image\" >\n                <img decoding=\"async\" width=\"320\" height=\"400\" src=\"https:\/\/www.alevcamcioglu.com\/wp-content\/uploads\/2024\/11\/rinoplastika-pre-posle-fotografija-u-turskoj-44-320x400.jpg\" class=\"attachment-medium size-medium\" alt=\"\" ids=\"9479,9485,9491,9497,9503,9509,9515,9521,9527,9533,9539,9545,9551,9557,9563,9569,9575,9581,9587,9593,9599,9605,9611,9617,9623,9629,9635,9641,9647,9653,9659,9665,9671,9677,9683,9689,9695,9701,9707,9713,9719,9725,9731,9737\" style=\"normal\" lightbox_image_size=\"2048x2048\" type=\"slider\" slider_nav_style=\"circle\" slider_nav_position=\"outside\" srcset=\"https:\/\/www.alevcamcioglu.com\/wp-content\/uploads\/2024\/11\/rinoplastika-pre-posle-fotografija-u-turskoj-44-320x400.jpg 320w, https:\/\/www.alevcamcioglu.com\/wp-content\/uploads\/2024\/11\/rinoplastika-pre-posle-fotografija-u-turskoj-44-640x800.jpg 640w, https:\/\/www.alevcamcioglu.com\/wp-content\/uploads\/2024\/11\/rinoplastika-pre-posle-fotografija-u-turskoj-44-768x960.jpg 768w, https:\/\/www.alevcamcioglu.com\/wp-content\/uploads\/2024\/11\/rinoplastika-pre-posle-fotografija-u-turskoj-44.jpg 1200w\" sizes=\"(max-width: 320px) 100vw, 320px\" title=\"\">                                                              <\/div>\n              <div class=\"box-text text-left\" >\n                 <p><\/p>\n              <\/div>\n            <\/div>\n            <\/a>          <\/div>\n         <\/div><\/div>\n\n<a href=\"https:\/\/www.alevcamcioglu.com\/sr\/results\/slike-pre-i-posle-operacije-nosa\/\" class=\"button primary lowercase\" style=\"border-radius:10px;padding:5px 40px 5px 40px;\">\n\t\t<span>Pogledajte sve na\u0161e rezultate<\/span>\n\t<i class=\"icon-angle-right\" aria-hidden=\"true\"><\/i><\/a>\n\n\n\n\t\t<\/div>\n\t\t\t\t\n<style>\n#col-480999805 > .col-inner {\n  padding: 20px 0px 0px 0px;\n}\n<\/style>\n\t<\/div>\n\n\t\n\n<\/div>\n\n\t\t<\/div>\n\n\t\t\n<style>\n#section_275500049 {\n  padding-top: 0px;\n  padding-bottom: 0px;\n  background-color: rgb(240, 240, 240);\n}\n<\/style>\n\t<\/section>\n\t\n\n\t<section class=\"section\" id=\"section_1455748348\">\n\t\t<div class=\"section-bg fill\" >\n\t\t\t\t\t\t\t\t\t\n\t\t\t\n\n\t\t<\/div>\n\n\t\t\n\n\t\t<div class=\"section-content relative\">\n\t\t\t\n<div class=\"row\"  id=\"row-927987833\">\n\n\t<div id=\"col-969288848\" class=\"col small-12 large-12\"  >\n\t\t\t\t<div class=\"col-inner\"  >\n\t\t\t\n\t\t\t\n<h2>Koje su Popularne Metode Nehirur\u0161ke Estetske Operacije Nosa?<\/h2>\n<p>Nehirur\u0161ka estetska operacija nosa je moderan i prakti\u010dan pristup koji ne zahteva hirur\u0161ku intervenciju. Ovi postupci koriste razli\u010dite materijale i tehnike za pobolj\u0161anje estetskog izgleda nosa. Onima koji \u017eele estetski privla\u010dan nos nudi se nekoliko opcija. Svaka metoda mo\u017ee biti prilago\u0111ena individualnim potrebama.<\/p>\n<p>Nehirur\u0161ka Estetska Operacija Nosa Pomo\u0107u Filera:<\/p>\n<ul>\n<li>Ko\u017eni fileri su efikasni za ispravljanje nepravilnosti u obliku nosa.<\/li>\n<li>Hijaluronska kiselina se koristi za dodavanje volumena nosu.<\/li>\n<li>Koristi se za ispravljanje nepravilnosti na dorzumu nosa i popunjavanje udubljenja na nosnom mostu.<\/li>\n<\/ul>\n<p>Nehirur\u0161ka Estetska Operacija Nosa Pomo\u0107u Botoksa:<\/p>\n<ul>\n<li>Botoks injekcije se \u010desto koriste za podizanje vrha nosa.<\/li>\n<li>Koristi se i za oblikovanje nosnih krila.<\/li>\n<li>U mnogim slu\u010dajevima, kombinacija sa filerima daje efikasnije rezultate.<\/li>\n<\/ul>\n<p>Druge Metode:<\/p>\n<ul>\n<li>Procedura podizanja vrha nosa koncem pru\u017ea podignutiji izgled nosa.<\/li>\n<li>Peeling i mezoterapija naneta na ko\u017eu nosa pobolj\u0161avaju kvalitet ko\u017ee i pru\u017eaju prirodnu lepotu.<\/li>\n<\/ul>\n<p>Ove metode su razvijene kako bi pove\u0107ale udobnost pacijenata i zadovoljstvo nakon postupka. Svaka tehnika se zasniva na principu minimalne invazivnosti i obi\u010dno pru\u017ea brze rezultate. Kori\u0161\u0107eni materijali tokom postupaka su odobreni od strane FDA i u skladu su sa sigurnosnim standardima. Dakle, za one koji se pla\u0161e operacije, ove metode su odli\u010dna alternativa.<\/p>\n<p>Nehirur\u0161ke tehnike estetske operacije nosa su idealne za osobe koje \u017eele brzo estetsko pobolj\u0161anje. Pacijenti sa ovim metodama posti\u017eu prirodan izgled bez dugih perioda oporavka.<\/p>\n<h2>Kako Se Izvodi Prirodna Estetska Operacija Nosa: Rinoplastika?<\/h2>\n<figure id=\"attachment_2100\" aria-describedby=\"caption-attachment-2100\" style=\"width: 1024px\" class=\"wp-caption aligncenter\"><img decoding=\"async\" class=\"wp-image-2100 size-large\" src=\"https:\/\/www.alevcamcioglu.com\/wp-content\/uploads\/2024\/06\/Burun-ameliyati-sirasinda-ameliyathaneden-goruntu-1024x1024.jpg\" alt=\"Burun ameliyat\u0131 s\u0131ras\u0131nda ameliyathaneden g\u00f6r\u00fcnt\u00fc\" width=\"1024\" height=\"1024\" title=\"\" srcset=\"https:\/\/www.alevcamcioglu.com\/wp-content\/uploads\/2024\/06\/Burun-ameliyati-sirasinda-ameliyathaneden-goruntu-1024x1024.jpg 1024w, https:\/\/www.alevcamcioglu.com\/wp-content\/uploads\/2024\/06\/Burun-ameliyati-sirasinda-ameliyathaneden-goruntu-300x300.jpg 300w, https:\/\/www.alevcamcioglu.com\/wp-content\/uploads\/2024\/06\/Burun-ameliyati-sirasinda-ameliyathaneden-goruntu-150x150.jpg 150w, https:\/\/www.alevcamcioglu.com\/wp-content\/uploads\/2024\/06\/Burun-ameliyati-sirasinda-ameliyathaneden-goruntu-768x768.jpg 768w, https:\/\/www.alevcamcioglu.com\/wp-content\/uploads\/2024\/06\/Burun-ameliyati-sirasinda-ameliyathaneden-goruntu-370x370.jpg 370w, https:\/\/www.alevcamcioglu.com\/wp-content\/uploads\/2024\/06\/Burun-ameliyati-sirasinda-ameliyathaneden-goruntu-244x244.jpg 244w, https:\/\/www.alevcamcioglu.com\/wp-content\/uploads\/2024\/06\/Burun-ameliyati-sirasinda-ameliyathaneden-goruntu-760x760.jpg 760w, https:\/\/www.alevcamcioglu.com\/wp-content\/uploads\/2024\/06\/Burun-ameliyati-sirasinda-ameliyathaneden-goruntu.jpg 1080w\" sizes=\"(max-width: 1024px) 100vw, 1024px\" \/><figcaption id=\"caption-attachment-2100\" class=\"wp-caption-text\">Slika operacione sale tokom operacije nosa<\/figcaption><\/figure>\n<p>Rinoplastika je kompleksna hirur\u0161ka procedura koja pru\u017ea estetska i funkcionalna pobolj\u0161anja. Ova operacija ima za cilj da postigne prirodno izgledaju\u0107i nos koji je u skladu sa crtama lica pacijenta. Tokom postupka, hirurg uzima u obzir li\u010dne karakteristike i estetska o\u010dekivanja pacijenta. Uspeh operacije je direktno povezan sa iskustvom hirurga i njegovom sposobno\u0161\u0107u analize lica.<\/p>\n<p>Proces Operacije:<\/p>\n<ul>\n<li>Izvodi se pod op\u0161tom anestezijom.<\/li>\n<li>Mali rezovi se prave unutar nosnica kako bi se uredila struktura nosa.<\/li>\n<li>Hijaluronska kiselina se koristi za dodavanje volumena nosu.<\/li>\n<li>Hrskavi\u010dno i ko\u0161tano tkivo se dovodi u \u017eeljeni oblik koriste\u0107i mikrohirur\u0161ke tehnike.<\/li>\n<li>Nakon zahvata, pa\u017eljivo se \u0161ivaju rezovi i nos se za\u0161ti\u0107uje za\u0161titnim gipsom.<\/li>\n<\/ul>\n<p>U ovom procesu, anatomsko znanje i estetski ose\u0107aj hirurga igraju klju\u010dnu ulogu u postizanju optimalnih rezultata. Rinoplastika ne pobolj\u0161ava samo spolja\u0161nji izgled, ve\u0107 i podr\u017eava funkcije nosa. Tokom postoperativnog perioda, pacijent mo\u017ee primetiti da njegovo lice ima prirodniji i skladniji izraz.<\/p>\n<p>Detaljna procena pre operacije ja\u010da komunikaciju izme\u0111u pacijenta i hirurga i poma\u017ee u definisanju o\u010dekivanja. Tokom ove procene, hirurg obavlja sveobuhvatnu analizu kako bi razumeo strukturu lica pacijenta i njegove li\u010dne estetske ciljeve. Prirodno izgledaju\u0107i nos postignut rinoplastikom omogu\u0107ava pacijentima da se ose\u0107aju bolje.<\/p>\n<p>Postoperativni period oporavka je va\u017ean kako bi se pacijent navikao na novi izgled i bio zadovoljan rezultatima. Pod vo\u0111stvom hirurga, pacijent dobija informacije o postoperativnoj nezi. Ovo smanjuje rizik od infekcije i ubrzava proces oporavka.<\/p>\n<h2>Ko Su Dobri Kandidati za Prirodnu Estetsku Operaciju Nosa?<\/h2>\n<figure id=\"attachment_2084\" aria-describedby=\"caption-attachment-2084\" style=\"width: 1024px\" class=\"wp-caption aligncenter\"><img decoding=\"async\" class=\"wp-image-2084 size-large\" src=\"https:\/\/www.alevcamcioglu.com\/wp-content\/uploads\/2024\/06\/burun-estetigi-ameliyati-oncesi-kontrol-1024x1024.jpg\" alt=\"burun esteti\u011fi ameliyat\u0131 \u00f6ncesi kontrol\" width=\"1024\" height=\"1024\" title=\"\" srcset=\"https:\/\/www.alevcamcioglu.com\/wp-content\/uploads\/2024\/06\/burun-estetigi-ameliyati-oncesi-kontrol-1024x1024.jpg 1024w, https:\/\/www.alevcamcioglu.com\/wp-content\/uploads\/2024\/06\/burun-estetigi-ameliyati-oncesi-kontrol-300x300.jpg 300w, https:\/\/www.alevcamcioglu.com\/wp-content\/uploads\/2024\/06\/burun-estetigi-ameliyati-oncesi-kontrol-150x150.jpg 150w, https:\/\/www.alevcamcioglu.com\/wp-content\/uploads\/2024\/06\/burun-estetigi-ameliyati-oncesi-kontrol-768x768.jpg 768w, https:\/\/www.alevcamcioglu.com\/wp-content\/uploads\/2024\/06\/burun-estetigi-ameliyati-oncesi-kontrol-370x370.jpg 370w, https:\/\/www.alevcamcioglu.com\/wp-content\/uploads\/2024\/06\/burun-estetigi-ameliyati-oncesi-kontrol-244x244.jpg 244w, https:\/\/www.alevcamcioglu.com\/wp-content\/uploads\/2024\/06\/burun-estetigi-ameliyati-oncesi-kontrol-760x760.jpg 760w, https:\/\/www.alevcamcioglu.com\/wp-content\/uploads\/2024\/06\/burun-estetigi-ameliyati-oncesi-kontrol.jpg 1080w\" sizes=\"(max-width: 1024px) 100vw, 1024px\" \/><figcaption id=\"caption-attachment-2084\" class=\"wp-caption-text\">Pregled pre operacije nosa<\/figcaption><\/figure>\n<p>Prirodna estetska operacija nosa omogu\u0107ava estetsko pobolj\u0161anje zadr\u017eavaju\u0107i prirodnu ravnote\u017eu lica. Idealni kandidati za ovaj postupak poseduju odre\u0111ene karakteristike. Pre svega, zdravstveno stanje je najva\u017eniji faktor za operaciju. Osobe koje<\/p>\n<p>se podvrgavaju ovoj operaciji ne bi trebalo da imaju ozbiljne zdravstvene probleme koji mogu uticati na zarastanje rana. Hroni\u010dna oboljenja koja su pod kontrolom ne predstavljaju prepreku za operaciju, dok osobe sa aktivnim infekcijama ili nedijagnostikovanim bolestima prvo moraju re\u0161iti te probleme.<\/p>\n<p>Zdravstveno Stanje:<\/p>\n<ul>\n<li>Osobe bez ozbiljnih bolesti koje uti\u010du na zarastanje rana<\/li>\n<li>Osobe sa hroni\u010dnim oboljenjima koja su pod kontrolom<\/li>\n<li>Osobe sa aktivnim infekcijama ili nedijagnostikovanim bolestima prvo moraju re\u0161iti te probleme<\/li>\n<\/ul>\n<p>O\u010dekivanja pacijenta tako\u0111e igraju va\u017enu ulogu pre operacije. Rinoplastika mo\u017ee promeniti fizi\u010dki izgled i pove\u0107ati samopouzdanje osobe, ali ne garantuje idealan izgled za sve. Stoga se savetuje kandidatima da realno procene svoja o\u010dekivanja pre operacije i da ih podele sa svojim lekarom.<\/p>\n<p>O\u010dekivanja:<\/p>\n<ul>\n<li>Mo\u017ee pove\u0107ati samopouzdanje promenom fizi\u010dkog izgleda<\/li>\n<li>Ne garantuje uvek idealan izgled<\/li>\n<li>O\u010dekivanja pre operacije treba da budu realna<\/li>\n<\/ul>\n<p>Starosna dob je tako\u0111e va\u017ean kriterijum za prirodnu estetsku operaciju nosa. Obi\u010dno se smatra da su osobe izme\u0111u 18 i 60 godina dobri kandidati za ovu operaciju. Ovaj starosni raspon obuhvata period kada je struktura nosa potpuno razvijena i stabilnija.<\/p>\n<p>Starosna Dob:<\/p>\n<ul>\n<li>Osobe izme\u0111u 18 i 60 godina<\/li>\n<\/ul>\n<p>Na kraju, psiholo\u0161ko stanje se procenjuje kako bi se utvrdila pogodnost za operaciju. Pored fizi\u010dkog zdravlja, osobe koje su psiholo\u0161ki stabilne i imaju realna o\u010dekivanja su dobri kandidati za prirodnu estetsku operaciju nosa.<\/p>\n<p>Psiholo\u0161ko Stanje:<\/p>\n<ul>\n<li>Osobe koje su fizi\u010dki zdrave i psiholo\u0161ki stabilne<\/li>\n<li>Osobe sa realnim o\u010dekivanjima<\/li>\n<\/ul>\n<h2>Kako Se Pripremiti za Prirodnu Estetsku Operaciju Nosa?<\/h2>\n<p>Pre prirodne estetske operacije nosa postoje neki va\u017eni koraci koje treba pa\u017eljivo pratiti. Ovaj proces je od klju\u010dne va\u017enosti za uspeh operacije. Prvo se detaljno procenjuje zdravstvena istorija pacijenta. Ako postoje prethodne hirur\u0161ke intervencije, trenutni zdravstveni problemi i alergije, kao i kori\u0161\u0107eni lekovi, oni odre\u0111uju plan le\u010denja.<\/p>\n<p>Tokom fizi\u010dkog pregleda, hirurg analizira strukturu nosa, tip ko\u017ee i proporcije lica pacijenta. Ova procena je klju\u010dna za pove\u0107anje prirodnosti estetskih rezultata i uskla\u0111enosti sa licem pacijenta. Tako\u0111e, radi dokumentovanja trenutnog izgleda pacijenta i predvi\u0111anja potencijalnih rezultata, vr\u0161i se fotografisanje.<\/p>\n<p>Tokom preoperativnog perioda, o\u010dekivanja pacijenta i estetski ciljevi se razja\u0161njavaju. Ovaj razgovor je neophodan da bi se razumelo da li \u0107e rezultati operacije ispuniti nade pacijenta. Tako\u0111e, kako bi hirur\u0161ki proces dao uspe\u0161ne rezultate, pacijent mora napraviti neke promene u \u017eivotnom stilu:<\/p>\n<p>Pu\u0161enje i Konzumacija Alkohola:<\/p>\n<ul>\n<li>Pu\u0161enje i konzumacija alkohola mogu negativno uticati na proces oporavka.<\/li>\n<li>Zbog toga ove navike treba prekinuti najmanje nekoliko nedelja pre operacije.<\/li>\n<\/ul>\n<p>Kori\u0161\u0107enje Lekova:<\/p>\n<ul>\n<li>Pod nadzorom lekara treba prekinuti upotrebu lekova koji mogu uticati na operaciju, posebno onih koji razre\u0111uju krv.<\/li>\n<\/ul>\n<p>Navike u Ishrani:<\/p>\n<ul>\n<li>Pacijent ne sme jesti nakon pono\u0107i pre operacije, jer je potrebno ostati nata\u0161te na dan operacije.<\/li>\n<\/ul>\n<h2>Kako Se Treba Brinuti o Nosu Nakon Prirodne Estetske Operacije?<\/h2>\n<p>Postoperativna nega nakon prirodne estetske operacije nosa prilago\u0111ava se individualnim karakteristikama i savetima lekara. Postoperativni period, posebno prva nedelja, ima klju\u010dnu va\u017enost. Tokom ovog perioda, potrebno je obratiti pa\u017enju na neke preporuke kako bi oporavak bio brz i zdrav.<\/p>\n<p>\u0160ta Raditi u Prvoj Nedelji:<\/p>\n<ul>\n<li>Prvi sati provedeni u sobi za bu\u0111enje pod uticajem anestezije mogu biti zaboravljeni. Tokom ovog perioda, va\u017eno je za\u0161tititi nos kori\u0161\u0107enjem gipsa i tampona.<\/li>\n<li>Krajem prve nedelje obi\u010dno postaje vidljivo pobolj\u0161anje i pacijenti izra\u017eavaju svoje zadovoljstvo.<\/li>\n<\/ul>\n<p>Na \u0160ta Obratiti Pa\u017enju:<\/p>\n<ul>\n<li>Treba izbegavati pritisak na ko\u017eu tokom nege.<\/li>\n<li>Lepljive trake i maske mogu o\u0161tetiti posebno novoizle\u010dena tkiva.<\/li>\n<li>Prvih meseci se ne preporu\u010duju topli parni tretmani jer pove\u0107avaju rizik od edema i krvarenja.<\/li>\n<\/ul>\n<p>Nega Nosa:<\/p>\n<ul>\n<li>Primena rutine nege nosa koju preporu\u010duje lekar podr\u017eava oporavak.<\/li>\n<li>Hidratantni preparati i fiziolo\u0161ki rastvori poma\u017eu omek\u0161avanju krastica unutar nosa i odr\u017eavaju \u010disto\u0107u.<\/li>\n<\/ul>\n<p>Ostale Preporuke:<\/p>\n<ul>\n<li>Dr\u017eanje glave u povi\u0161enom polo\u017eaju tokom spavanja poma\u017ee smanjenju edema.<\/li>\n<li>Hladni oblozi smanjuju otok i bol, pru\u017eaju\u0107i udobnost.<\/li>\n<li>U\u017eivanje u omiljenim aktivnostima poma\u017ee vam da se opustite i smanjite stres pre i posle operacije.<\/li>\n<\/ul>\n<h2>Rizici i Komplikacije Prirodne Estetske Operacije Nosa<\/h2>\n<figure id=\"attachment_2118\" aria-describedby=\"caption-attachment-2118\" style=\"width: 1080px\" class=\"wp-caption aligncenter\"><img decoding=\"async\" class=\"wp-image-2118 size-full\" src=\"https:\/\/www.alevcamcioglu.com\/wp-content\/uploads\/2024\/06\/burun-ameliyati-sonrasi-kontrol-yapan-doktor-ve-kadin-hasta.jpg\" alt=\"Burun ameliyat\u0131 sonras\u0131 kontrol yapan doktor ve kad\u0131n hasta\" width=\"1080\" height=\"1139\" title=\"\" srcset=\"https:\/\/www.alevcamcioglu.com\/wp-content\/uploads\/2024\/06\/burun-ameliyati-sonrasi-kontrol-yapan-doktor-ve-kadin-hasta.jpg 1080w, https:\/\/www.alevcamcioglu.com\/wp-content\/uploads\/2024\/06\/burun-ameliyati-sonrasi-kontrol-yapan-doktor-ve-kadin-hasta-284x300.jpg 284w, https:\/\/www.alevcamcioglu.com\/wp-content\/uploads\/2024\/06\/burun-ameliyati-sonrasi-kontrol-yapan-doktor-ve-kadin-hasta-971x1024.jpg 971w, https:\/\/www.alevcamcioglu.com\/wp-content\/uploads\/2024\/06\/burun-ameliyati-sonrasi-kontrol-yapan-doktor-ve-kadin-hasta-768x810.jpg 768w, https:\/\/www.alevcamcioglu.com\/wp-content\/uploads\/2024\/06\/burun-ameliyati-sonrasi-kontrol-yapan-doktor-ve-kadin-hasta-370x390.jpg 370w, https:\/\/www.alevcamcioglu.com\/wp-content\/uploads\/2024\/06\/burun-ameliyati-sonrasi-kontrol-yapan-doktor-ve-kadin-hasta-760x802.jpg 760w\" sizes=\"(max-width: 1080px) 100vw, 1080px\" \/><figcaption id=\"caption-attachment-2118\" class=\"wp-caption-text\">Kontrola nakon operacije nosa<\/figcaption><\/figure>\n<p>Prirodna estetska operacija nosa je hirur\u0161ka intervencija koja se sprovodi kako bi se postigli li\u010dni ideali lepote. Me\u0111utim, kao i svaka hirur\u0161ka procedura, i ova operacija nosi odre\u0111ene rizike i mogu\u0107e komplikacije. Negativni ishodi nakon operacije igraju va\u017enu ulogu u dono\u0161enju svesnih odluka pacijenata.<\/p>\n<p>Mogu\u0107i Rizici Rinoplastike:<\/p>\n<ul>\n<li>Infekcija: Hirur\u0161ke intervencije nose rizik od infekcije. Ova situacija zavisi od higijenskih uslova i postoperativne nege.<\/li>\n<li>Krvarenje: Krvarenje tokom i nakon operacije mo\u017ee izazvati razne zdravstvene probleme.<\/li>\n<li>Lo\u0161e zarastanje: Proces oporavka nakon operacije varira kod svakog pojedinca, a u nekim slu\u010dajevima zarastanje mo\u017ee biti druga\u010dije od o\u010dekivanog.<\/li>\n<li>Reakcije na anesteziju: Tokom anestezije mogu se javiti alergijske reakcije ili druge nuspojave.<\/li>\n<li>Neispunjenje estetskih ciljeva: Uvek nije mogu\u0107e posti\u0107i planirane estetske rezultate. To mo\u017ee biti zbog razlike izme\u0111u o\u010dekivanja i stvarnih rezultata.<\/li>\n<\/ul>\n<p>Komplikacije i Nuspojave nakon Rinoplastike:<\/p>\n<ul>\n<li>Otoci i modrice: Jedan od naj\u010de\u0161\u0107ih problema nakon operacije su otoci i modrice oko nosa.<\/li>\n<li>Privremeni gubitak ose\u0107aja: Mogu\u0107e je da se u podru\u010dju operacije privremeno izgubi ose\u0107aj.<\/li>\n<li>Nepravilnosti oblika: Retko, ali mogu se javiti ne\u017eeljene promene oblika nosa.<\/li>\n<li>Pote\u0161ko\u0107e u disanju: Nakon operacije mo\u017ee do\u0107i do za\u010depljenja nosa ili pote\u0161ko\u0107a sa disanjem.<\/li>\n<li>Formiranje o\u017eiljaka: Tokom zarastanja hirur\u0161kih rezova mo\u017ee se stvoriti o\u017eiljak.<\/li>\n<\/ul>\n\t\t<\/div>\n\t\t\t\t\t<\/div>\n\n\t\n\n\t<div id=\"col-1441877243\" class=\"col small-12 large-12\"  >\n\t\t\t\t<div class=\"col-inner\"  >\n\t\t\t\n\t\t\t\n<h2>Koliko ko\u0161ta  u Turska?<\/h2>\r\n<p><a href=\"https:\/\/www.alevcamcioglu.com\/sr\/cene-operacija-cena\/\">Cena <\/a> u Istanbulu, Turska obi\u010dno se kre\u0107e od 5000 do 7000 evra. Cena mo\u017ee varirati u zavisnosti od nekoliko faktora, kao \u0161to su stru\u010dnost hirurga, slo\u017eenost procedure, reputacija klinike i dodatne usluge uklju\u010dene u paket.<\/p>\r\n<table dir=\"ltr\" style=\"height: 506px;\" border=\"1\" width=\"693\" cellspacing=\"0\" cellpadding=\"0\" data-sheets-root=\"1\" data-sheets-baot=\"1\"><colgroup><col width=\"218\" \/><col width=\"117\" \/><\/colgroup>\r\n<tbody>\r\n<tr>\r\n<td style=\"text-align: center;\" colspan=\"2\" rowspan=\"1\"> cena u 2026<\/td>\r\n<\/tr>\r\n<tr>\r\n<td>Austrija<\/td>\r\n<td>\u20ac10,000 - \u20ac20,000<\/td>\r\n<\/tr>\r\n<tr>\r\n<td>Bosna i Hercegovina<\/td>\r\n<td>\u20ac3,500 - \u20ac10,500<\/td>\r\n<\/tr>\r\n<tr>\r\n<td>Brazil<\/td>\r\n<td>\u20ac9,000 - \u20ac17,000<\/td>\r\n<\/tr>\r\n<tr>\r\n<td>Hrvatska<\/td>\r\n<td>\u20ac5,000 - \u20ac15,000<\/td>\r\n<\/tr>\r\n<tr>\r\n<td>Francuska<\/td>\r\n<td>\u20ac11,000 - \u20ac23,000<\/td>\r\n<\/tr>\r\n<tr>\r\n<td>Nema\u010dka<\/td>\r\n<td>\u20ac11,000 - \u20ac23,000<\/td>\r\n<\/tr>\r\n<tr>\r\n<td>Gr\u010dka<\/td>\r\n<td>\u20ac4,000 - \u20ac12,000<\/td>\r\n<\/tr>\r\n<tr>\r\n<td>Italija<\/td>\r\n<td>\u20ac10,000 - \u20ac20,000<\/td>\r\n<\/tr>\r\n<tr>\r\n<td>Severna Makedonija<\/td>\r\n<td>\u20ac3,000 - \u20ac9,000<\/td>\r\n<\/tr>\r\n<tr>\r\n<td>Crna Gora<\/td>\r\n<td>\u20ac4,500 - \u20ac13,500<\/td>\r\n<\/tr>\r\n<tr>\r\n<td>Norve\u0161ka<\/td>\r\n<td>\u20ac12,000 - \u20ac26,000<\/td>\r\n<\/tr>\r\n<tr>\r\n<td>Srbija<\/td>\r\n<td>\u20ac4,000 - \u20ac12,000<\/td>\r\n<\/tr>\r\n<tr>\r\n<td>Slovenija<\/td>\r\n<td>\u20ac5,500 - \u20ac16,500<\/td>\r\n<\/tr>\r\n<tr>\r\n<td>\u0160vedska<\/td>\r\n<td>\u20ac12,000 - \u20ac26,000<\/td>\r\n<\/tr>\r\n<tr>\r\n<td>\u0160vajcarska<\/td>\r\n<td>\u20ac13,000 - \u20ac29,000<\/td>\r\n<\/tr>\r\n<tr>\r\n<td>Turska<\/td>\r\n<td>\u20ac5,000 - \u20ac7,000<\/td>\r\n<\/tr>\r\n<tr>\r\n<td>Ujedinjeno Kraljevstvo<\/td>\r\n<td>\u20ac12,000 - \u20ac26,000<\/td>\r\n<\/tr>\r\n<tr>\r\n<td>Sjedinjene Ameri\u010dke Dr\u017eave<\/td>\r\n<td>\u20ac12,000 - \u20ac26,000<\/td>\r\n<\/tr>\r\n<\/tbody>\r\n<\/table>\n<h2>\u010cesto Postavljana Pitanja<\/h2>\n<div class=\"accordion ameliyatlar-sss\">\n\t<div id=\"accordion-1701760585\" class=\"accordion-item\">\n\t\t<a id=\"accordion-1701760585-label\" class=\"accordion-title plain\" href=\"#accordion-item-kako-izgleda-najprirodniji-idealan-nos?\" aria-expanded=\"false\" aria-controls=\"accordion-1701760585-content\">\n\t\t\t<button class=\"toggle\" aria-label=\"Toggle\"><i class=\"icon-angle-down\" aria-hidden=\"true\"><\/i><\/button>\n\t\t\t<h3 class=\"accordion-heading\" role=\"heading\" aria-level=\"3\">Kako izgleda najprirodniji idealan nos?<\/h3>\n\t\t<\/a>\n\t\t<div id=\"accordion-1701760585-content\" class=\"accordion-inner\" aria-labelledby=\"accordion-1701760585-label\">\n\t\t\t\n<p>Najprirodniji izgled idealnog nosa treba da bude uskla\u0111en sa op\u0161tom strukturom lica. Nos treba da bude centriran, a ugao izme\u0111u nosa i usana ne sme prelaziti 90 stepeni. Kada se posmatra sa strane, ugao nosa treba da bude oko 30 stepeni. Tako\u0111e, va\u017eno je da dorzum nosa bude ravan. Tanke i mekane nosnice dodaju estetski izgled, dok nosne otvore ne bi trebalo da se vide s prednje strane. Blago podignut vrh nosa daje prirodan izraz licu. Ove karakteristike omogu\u0107avaju nosu da izgleda i estetski i prirodno.<\/p>\n\t\t<\/div>\n\t<\/div>\n\t\n\t<div id=\"accordion-3615007817\" class=\"accordion-item\">\n\t\t<a id=\"accordion-3615007817-label\" class=\"accordion-title plain\" href=\"#accordion-item-za\u0161to-neki-estetski-operisani-nosevi-izgledaju-sli\u010dno?\" aria-expanded=\"false\" aria-controls=\"accordion-3615007817-content\">\n\t\t\t<button class=\"toggle\" aria-label=\"Toggle\"><i class=\"icon-angle-down\" aria-hidden=\"true\"><\/i><\/button>\n\t\t\t<h3 class=\"accordion-heading\" role=\"heading\" aria-level=\"3\">Za\u0161to neki estetski operisani nosevi izgledaju sli\u010dno?<\/h3>\n\t\t<\/a>\n\t\t<div id=\"accordion-3615007817-content\" class=\"accordion-inner\" aria-labelledby=\"accordion-3615007817-label\">\n\t\t\t\n<p>Sli\u010dnost nekih estetski operisanih noseva proizilazi iz popularnih estetskih trendova. Tako\u0111e, hirurzi koriste sli\u010dne tehnike za stvaranje oblika nosa koje pacijenti \u010desto zahtevaju. Ove tehnike imaju za cilj da obezbede skladan i prirodan izgled u skladu sa crtama lica. Kao rezultat toga, popularni oblici nosa na dru\u0161tvenim mre\u017eama i me\u0111u slavnim osobama oblikuju op\u0161te estetske o\u010dekivanja i dovode do pojave sli\u010dnih noseva.<\/p>\n\t\t<\/div>\n\t<\/div>\n\t\n\t<div id=\"accordion-664845096\" class=\"accordion-item\">\n\t\t<a id=\"accordion-664845096-label\" class=\"accordion-title plain\" href=\"#accordion-item-kako-se-odre\u0111uje-estetska-operacija-nosa-u-skladu-sa-tipom-lica?\" aria-expanded=\"false\" aria-controls=\"accordion-664845096-content\">\n\t\t\t<button class=\"toggle\" aria-label=\"Toggle\"><i class=\"icon-angle-down\" aria-hidden=\"true\"><\/i><\/button>\n\t\t\t<h3 class=\"accordion-heading\" role=\"heading\" aria-level=\"3\">Kako se odre\u0111uje estetska operacija nosa u skladu sa tipom lica?<\/h3>\n\t\t<\/a>\n\t\t<div id=\"accordion-664845096-content\" class=\"accordion-inner\" aria-labelledby=\"accordion-664845096-label\">\n\t\t\t\n<p>Odre\u0111ivanje estetske operacije nosa u skladu sa tipom lica po\u010dinje procenom op\u0161tih karakteristika lica. Stru\u010dnjaci mere du\u017einu i \u0161irinu lica kako bi odredili najpogodniji oblik nosa. Zatim se procenjuje struktura kostiju lica, jer oblik nosa treba da bude prilago\u0111en strukturi kostiju lica. Na ovaj na\u010din, izabrani oblik nosa stvara estetski izgled bez naru\u0161avanja prirodne ravnote\u017ee lica. U ovom procesu simetrija igra va\u017enu ulogu, a promene se vr\u0161e tako da podr\u017eavaju simetri\u010dan izgled lica i karakteristi\u010dne osobine pojedinca.<\/p>\n\t\t<\/div>\n\t<\/div>\n\t\n\t<div id=\"accordion-2378466341\" class=\"accordion-item\">\n\t\t<a id=\"accordion-2378466341-label\" class=\"accordion-title plain\" href=\"#accordion-item-kako-se-balansiraju-estetske-i-funkcionalne-brige-u-prirodnoj-estetskoj-operaciji-nosa?\" aria-expanded=\"false\" aria-controls=\"accordion-2378466341-content\">\n\t\t\t<button class=\"toggle\" aria-label=\"Toggle\"><i class=\"icon-angle-down\" aria-hidden=\"true\"><\/i><\/button>\n\t\t\t<h3 class=\"accordion-heading\" role=\"heading\" aria-level=\"3\">Kako se balansiraju estetske i funkcionalne brige u prirodnoj estetskoj operaciji nosa?<\/h3>\n\t\t<\/a>\n\t\t<div id=\"accordion-2378466341-content\" class=\"accordion-inner\" aria-labelledby=\"accordion-2378466341-label\">\n\t\t\t\n<p>Balansiranje estetskih i funkcionalnih problema u prirodnoj estetskoj operaciji nosa se pa\u017eljivo vr\u0161i. Prvo, hirurzi ispravljaju unutra\u0161nje devijacije nosa i hipertrofiju nosne sluznice. Na taj na\u010din, pacijentima se olak\u0161ava disanje. Zatim se vr\u0161e estetske korekcije o\u010duvanjem anatomske strukture nosa. Tokom ovog procesa, vezivno tkivo nosa, mi\u0161i\u0107na struktura i zdravlje ko\u017ee ne trpe o\u0161te\u0107enja. Kao rezultat, pacijenti dobijaju prirodan izgled nosa uz funkcionalna pobolj\u0161anja.<\/p>\n\t\t<\/div>\n\t<\/div>\n\t\n\t<div id=\"accordion-4163269487\" class=\"accordion-item\">\n\t\t<a id=\"accordion-4163269487-label\" class=\"accordion-title plain\" href=\"#accordion-item-koliki-je-zna\u010daj-strukture-ko\u017ee-u-prirodnoj-estetskoj-operaciji-nosa?\" aria-expanded=\"false\" aria-controls=\"accordion-4163269487-content\">\n\t\t\t<button class=\"toggle\" aria-label=\"Toggle\"><i class=\"icon-angle-down\" aria-hidden=\"true\"><\/i><\/button>\n\t\t\t<h3 class=\"accordion-heading\" role=\"heading\" aria-level=\"3\">Koliki je zna\u010daj strukture ko\u017ee u prirodnoj estetskoj operaciji nosa?<\/h3>\n\t\t<\/a>\n\t\t<div id=\"accordion-4163269487-content\" class=\"accordion-inner\" aria-labelledby=\"accordion-4163269487-label\">\n\t\t\t\n<p>Struktura ko\u017ee ima zna\u010dajan uticaj na kvalitet rezultata prirodne estetske operacije nosa. Kod osoba sa debelom ko\u017eom, otoci nakon operacije mogu dugo trajati. Ovo mo\u017ee odlo\u017eiti postizanje \u017eeljenog estetskog izgleda nosa. S druge strane, tanka ko\u017ea jasnije pokazuje promene i nagla\u0161ava konture nosa. Stoga, hirurzi prilago\u0111avaju plan operacije prema karakteristikama ko\u017ee svakog pacijenta. Ova prilagodba direktno uti\u010de na proces oporavka i kona\u010dne estetske rezultate.<\/p>\n\t\t<\/div>\n\t<\/div>\n\t\n<\/div>\n\t\t<\/div>\n\t\t\t\t\t<\/div>\n\n\t\n\n\t<div id=\"col-91081962\" class=\"col small-12 large-12\"  >\n\t\t\t\t<div class=\"col-inner\"  >\n\t\t\t\n\t\t\t\n<h2 style=\"text-align: left;\">Jedan od najboljih klini\u010dkih timova za  u Turskoj<\/h2>\n<p>Dr. Alev Camc\u0131o\u011flu se smatra jednim od<a href=\"https:\/\/www.alevcamcioglu.com\/sr\/\"> najboljih  hirurga<\/a> u Turskoj. Mo\u017eete pogledati <a href=\"https:\/\/www.google.com\/search?sca_esv=19415285e7d3a11e&amp;q=Op.+Dr.+Alev+Camc%C4%B1o%C4%9Flu+%7C+Burun+Esteti%C4%9Fi+,+Rinoplasti&amp;si=ACC90nwjPmqJHrCEt6ewASzksVFQDX8zco_7MgBaIawvaF4-7h723rVnZZFvK9OUD_1VBtQCUeVRPTUGteg0cLBOJKCQcF0l8NwoxI3g4M0bcP1xT-CjIKs%3D&amp;uds=ADvngMjY3r6cFmkgAf0Cxo_OKwUu8-9wBrBINI3SgEOgMBDI-5zv7ouVxpoC5B3rGHvBXe2sC4UfcRCjxwtdIZqUOJLNbC7tiBSx22BIl7RGCQjdXli44B_uGb9i1YxcDMMbIHEpYimMnELWSd3nhL869lQu7z7kZ8TooMdqLcQgmPDHyHohCQ8&amp;sa=X&amp;ved=2ahUKEwiiiMOMqeSJAxVxS_EDHdySMG0Q3PALegQIGRAE&amp;biw=2276&amp;bih=1055&amp;dpr=1.13\" target=\"_blank\" rel=\"noopener\">recenzije za  ovde.<\/a><\/p>\n<div class=\"row row-full-width align-center\"  id=\"row-1342979637\">\n\n\n\t<div id=\"col-1910382897\" class=\"col medium-2 small-6 large-2\"  >\n\t\t\t\t<div class=\"col-inner\"  >\n\t\t\t\n\t\t\t\n\n    <div class=\"box has-hover has-hover box-text-bottom\" >\n\n                  <div class=\"box-image \" >\n           <div class=\"box-image-inner image-cover\" style=\"padding-top:100%;\">\n              <img decoding=\"async\" width=\"1080\" height=\"1122\" src=\"https:\/\/www.alevcamcioglu.com\/wp-content\/uploads\/2018\/02\/106913305_714307142741324_420816097913162768_n.jpg\" class=\"attachment- size-\" alt=\"\" srcset=\"https:\/\/www.alevcamcioglu.com\/wp-content\/uploads\/2018\/02\/106913305_714307142741324_420816097913162768_n.jpg 1080w, https:\/\/www.alevcamcioglu.com\/wp-content\/uploads\/2018\/02\/106913305_714307142741324_420816097913162768_n-289x300.jpg 289w, https:\/\/www.alevcamcioglu.com\/wp-content\/uploads\/2018\/02\/106913305_714307142741324_420816097913162768_n-986x1024.jpg 986w, https:\/\/www.alevcamcioglu.com\/wp-content\/uploads\/2018\/02\/106913305_714307142741324_420816097913162768_n-768x798.jpg 768w, https:\/\/www.alevcamcioglu.com\/wp-content\/uploads\/2018\/02\/106913305_714307142741324_420816097913162768_n-370x384.jpg 370w, https:\/\/www.alevcamcioglu.com\/wp-content\/uploads\/2018\/02\/106913305_714307142741324_420816097913162768_n-760x790.jpg 760w\" sizes=\"(max-width: 1080px) 100vw, 1080px\" title=\"\">                         <\/div>\n          <\/div>\n         \n          <div class=\"box-text text-center\" >\n                <div class=\"box-text-inner\">\n                  <h4 class=\"uppercase\">\n                    <span class=\"person-name\">Op. Dr. Alev Camc\u0131o\u011flu<\/span><br\/>\n                    <span class=\"person-title is-small thin-font op-7\">\n                      Hirurg za rinoplastiku                    <\/span>\n                  <\/h4>\n\t\t\t\t\t<div class=\"social-icons follow-icons\" ><a href=\"https:\/\/www.facebook.com\/dralevcamcioglu\/\" target=\"_blank\" data-label=\"Facebook\" class=\"icon primary button circle tooltip facebook\" title=\"Follow on Facebook\" aria-label=\"Follow on Facebook\" rel=\"noopener nofollow\"><i class=\"icon-facebook\" aria-hidden=\"true\"><\/i><\/a><a href=\"https:\/\/www.instagram.com\/dralevcamcioglu\/\" target=\"_blank\" data-label=\"Instagram\" class=\"icon primary button circle tooltip instagram\" title=\"Follow on Instagram\" aria-label=\"Follow on Instagram\" rel=\"noopener nofollow\"><i class=\"icon-instagram\" aria-hidden=\"true\"><\/i><\/a><\/div>\n\n\n                <\/div>\n          <\/div>\n    <\/div>\n\n\t\n    \n\n\t\t<\/div>\n\t\t\t\t\t<\/div>\n\n\t\n\n\t<div id=\"col-1241011345\" class=\"col medium-2 small-6 large-2\"  >\n\t\t\t\t<div class=\"col-inner\"  >\n\t\t\t\n\t\t\t\n\n    <div class=\"box has-hover has-hover box-text-bottom\" >\n\n                  <div class=\"box-image \" >\n           <div class=\"box-image-inner image-cover\" style=\"padding-top:100%;\">\n              <img decoding=\"async\" width=\"1200\" height=\"800\" src=\"https:\/\/www.alevcamcioglu.com\/wp-content\/uploads\/2018\/02\/DSC00496-1200x800-1.jpg\" class=\"attachment- size-\" alt=\"\" srcset=\"https:\/\/www.alevcamcioglu.com\/wp-content\/uploads\/2018\/02\/DSC00496-1200x800-1.jpg 1200w, https:\/\/www.alevcamcioglu.com\/wp-content\/uploads\/2018\/02\/DSC00496-1200x800-1-300x200.jpg 300w, https:\/\/www.alevcamcioglu.com\/wp-content\/uploads\/2018\/02\/DSC00496-1200x800-1-1024x683.jpg 1024w, https:\/\/www.alevcamcioglu.com\/wp-content\/uploads\/2018\/02\/DSC00496-1200x800-1-768x512.jpg 768w, https:\/\/www.alevcamcioglu.com\/wp-content\/uploads\/2018\/02\/DSC00496-1200x800-1-370x247.jpg 370w, https:\/\/www.alevcamcioglu.com\/wp-content\/uploads\/2018\/02\/DSC00496-1200x800-1-760x507.jpg 760w\" sizes=\"(max-width: 1200px) 100vw, 1200px\" title=\"\">                         <\/div>\n          <\/div>\n         \n          <div class=\"box-text text-center\" >\n                <div class=\"box-text-inner\">\n                  <h4 class=\"uppercase\">\n                    <span class=\"person-name\">Aylin Uyu\u015fmak<\/span><br\/>\n                    <span class=\"person-title is-small thin-font op-7\">\n                      Klini\u010dki Koordinator                    <\/span>\n                  <\/h4>\n\t\t\t\t\t<div class=\"social-icons follow-icons\" ><a href=\"https:\/\/www.facebook.com\/dralevcamcioglu\/\" target=\"_blank\" data-label=\"Facebook\" class=\"icon primary button circle tooltip facebook\" title=\"Follow on Facebook\" aria-label=\"Follow on Facebook\" rel=\"noopener nofollow\"><i class=\"icon-facebook\" aria-hidden=\"true\"><\/i><\/a><a href=\"https:\/\/www.instagram.com\/dralevcamcioglu\/\" target=\"_blank\" data-label=\"Instagram\" class=\"icon primary button circle tooltip instagram\" title=\"Follow on Instagram\" aria-label=\"Follow on Instagram\" rel=\"noopener nofollow\"><i class=\"icon-instagram\" aria-hidden=\"true\"><\/i><\/a><\/div>\n\n\n                <\/div>\n          <\/div>\n    <\/div>\n\n\t\n    \n\n\t\t<\/div>\n\t\t\t\t\t<\/div>\n\n\t\n\n\t<div id=\"col-2144824353\" class=\"col medium-2 small-6 large-2\"  >\n\t\t\t\t<div class=\"col-inner\"  >\n\t\t\t\n\t\t\t\n\n    <div class=\"box has-hover has-hover box-text-bottom\" >\n\n                  <div class=\"box-image \" >\n           <div class=\"box-image-inner image-cover\" style=\"padding-top:100%;\">\n              <img decoding=\"async\" width=\"1200\" height=\"1800\" src=\"https:\/\/www.alevcamcioglu.com\/wp-content\/uploads\/2018\/02\/DSC00493-1200x1800-1.jpg\" class=\"attachment- size-\" alt=\"\" srcset=\"https:\/\/www.alevcamcioglu.com\/wp-content\/uploads\/2018\/02\/DSC00493-1200x1800-1.jpg 1200w, https:\/\/www.alevcamcioglu.com\/wp-content\/uploads\/2018\/02\/DSC00493-1200x1800-1-200x300.jpg 200w, https:\/\/www.alevcamcioglu.com\/wp-content\/uploads\/2018\/02\/DSC00493-1200x1800-1-683x1024.jpg 683w, https:\/\/www.alevcamcioglu.com\/wp-content\/uploads\/2018\/02\/DSC00493-1200x1800-1-768x1152.jpg 768w, https:\/\/www.alevcamcioglu.com\/wp-content\/uploads\/2018\/02\/DSC00493-1200x1800-1-1024x1536.jpg 1024w, https:\/\/www.alevcamcioglu.com\/wp-content\/uploads\/2018\/02\/DSC00493-1200x1800-1-370x555.jpg 370w, https:\/\/www.alevcamcioglu.com\/wp-content\/uploads\/2018\/02\/DSC00493-1200x1800-1-760x1140.jpg 760w\" sizes=\"(max-width: 1200px) 100vw, 1200px\" title=\"\">                         <\/div>\n          <\/div>\n         \n          <div class=\"box-text text-center\" >\n                <div class=\"box-text-inner\">\n                  <h4 class=\"uppercase\">\n                    <span class=\"person-name\">Serra Sevgili<\/span><br\/>\n                    <span class=\"person-title is-small thin-font op-7\">\n                      Klini\u010dki Asistent                    <\/span>\n                  <\/h4>\n\t\t\t\t\t<div class=\"social-icons follow-icons\" ><a href=\"https:\/\/www.facebook.com\/dralevcamcioglu\/\" target=\"_blank\" data-label=\"Facebook\" class=\"icon primary button circle tooltip facebook\" title=\"Follow on Facebook\" aria-label=\"Follow on Facebook\" rel=\"noopener nofollow\"><i class=\"icon-facebook\" aria-hidden=\"true\"><\/i><\/a><a href=\"https:\/\/www.instagram.com\/dralevcamcioglu\/\" target=\"_blank\" data-label=\"Instagram\" class=\"icon primary button circle tooltip instagram\" title=\"Follow on Instagram\" aria-label=\"Follow on Instagram\" rel=\"noopener nofollow\"><i class=\"icon-instagram\" aria-hidden=\"true\"><\/i><\/a><\/div>\n\n\n                <\/div>\n          <\/div>\n    <\/div>\n\n\t\n    \n\n\t\t<\/div>\n\t\t\t\t\t<\/div>\n\n\t\n\n\t<div id=\"col-1700866842\" class=\"col medium-2 small-6 large-2\"  >\n\t\t\t\t<div class=\"col-inner\"  >\n\t\t\t\n\t\t\t\n\n    <div class=\"box has-hover has-hover box-text-bottom\" >\n\n                  <div class=\"box-image \" >\n           <div class=\"box-image-inner image-cover\" style=\"padding-top:100%;\">\n              <img decoding=\"async\" width=\"1200\" height=\"800\" src=\"https:\/\/www.alevcamcioglu.com\/wp-content\/uploads\/2018\/02\/DSC00510-1200x800-1.jpg\" class=\"attachment- size-\" alt=\"\" srcset=\"https:\/\/www.alevcamcioglu.com\/wp-content\/uploads\/2018\/02\/DSC00510-1200x800-1.jpg 1200w, https:\/\/www.alevcamcioglu.com\/wp-content\/uploads\/2018\/02\/DSC00510-1200x800-1-300x200.jpg 300w, https:\/\/www.alevcamcioglu.com\/wp-content\/uploads\/2018\/02\/DSC00510-1200x800-1-1024x683.jpg 1024w, https:\/\/www.alevcamcioglu.com\/wp-content\/uploads\/2018\/02\/DSC00510-1200x800-1-768x512.jpg 768w, https:\/\/www.alevcamcioglu.com\/wp-content\/uploads\/2018\/02\/DSC00510-1200x800-1-370x247.jpg 370w, https:\/\/www.alevcamcioglu.com\/wp-content\/uploads\/2018\/02\/DSC00510-1200x800-1-760x507.jpg 760w\" sizes=\"(max-width: 1200px) 100vw, 1200px\" title=\"\">                         <\/div>\n          <\/div>\n         \n          <div class=\"box-text text-center\" >\n                <div class=\"box-text-inner\">\n                  <h4 class=\"uppercase\">\n                    <span class=\"person-name\">Sema Yap\u0131c\u0131<\/span><br\/>\n                    <span class=\"person-title is-small thin-font op-7\">\n                      Medicinska sestra u operacionoj sali                    <\/span>\n                  <\/h4>\n\t\t\t\t\t<div class=\"social-icons follow-icons\" ><a href=\"https:\/\/www.facebook.com\/dralevcamcioglu\/\" target=\"_blank\" data-label=\"Facebook\" class=\"icon primary button circle tooltip facebook\" title=\"Follow on Facebook\" aria-label=\"Follow on Facebook\" rel=\"noopener nofollow\"><i class=\"icon-facebook\" aria-hidden=\"true\"><\/i><\/a><a href=\"https:\/\/www.instagram.com\/dralevcamcioglu\/\" target=\"_blank\" data-label=\"Instagram\" class=\"icon primary button circle tooltip instagram\" title=\"Follow on Instagram\" aria-label=\"Follow on Instagram\" rel=\"noopener nofollow\"><i class=\"icon-instagram\" aria-hidden=\"true\"><\/i><\/a><\/div>\n\n\n                <\/div>\n          <\/div>\n    <\/div>\n\n\t\n    \n\n\t\t<\/div>\n\t\t\t\t\t<\/div>\n\n\t\n\n\t<div id=\"col-2083369789\" class=\"col medium-2 small-6 large-2\"  >\n\t\t\t\t<div class=\"col-inner\"  >\n\t\t\t\n\t\t\t\n\n    <div class=\"box has-hover has-hover box-text-bottom\" >\n\n                  <div class=\"box-image \" >\n           <div class=\"box-image-inner image-cover\" style=\"padding-top:100%;\">\n              <img decoding=\"async\" width=\"1200\" height=\"800\" src=\"https:\/\/www.alevcamcioglu.com\/wp-content\/uploads\/2024\/02\/DSC00524-1200x800-1.jpg\" class=\"attachment- size-\" alt=\"\" srcset=\"https:\/\/www.alevcamcioglu.com\/wp-content\/uploads\/2024\/02\/DSC00524-1200x800-1.jpg 1200w, https:\/\/www.alevcamcioglu.com\/wp-content\/uploads\/2024\/02\/DSC00524-1200x800-1-300x200.jpg 300w, https:\/\/www.alevcamcioglu.com\/wp-content\/uploads\/2024\/02\/DSC00524-1200x800-1-1024x683.jpg 1024w, https:\/\/www.alevcamcioglu.com\/wp-content\/uploads\/2024\/02\/DSC00524-1200x800-1-768x512.jpg 768w, https:\/\/www.alevcamcioglu.com\/wp-content\/uploads\/2024\/02\/DSC00524-1200x800-1-370x247.jpg 370w, https:\/\/www.alevcamcioglu.com\/wp-content\/uploads\/2024\/02\/DSC00524-1200x800-1-760x507.jpg 760w\" sizes=\"(max-width: 1200px) 100vw, 1200px\" title=\"\">                         <\/div>\n          <\/div>\n         \n          <div class=\"box-text text-center\" >\n                <div class=\"box-text-inner\">\n                  <h4 class=\"uppercase\">\n                    <span class=\"person-name\">Aleyna Ceren Kurt<\/span><br\/>\n                    <span class=\"person-title is-small thin-font op-7\">\n                      Menad\u017eer dru\u0161tvenih medija                    <\/span>\n                  <\/h4>\n\t\t\t\t\t<div class=\"social-icons follow-icons\" ><a href=\"https:\/\/www.facebook.com\/dralevcamcioglu\/\" target=\"_blank\" data-label=\"Facebook\" class=\"icon primary button circle tooltip facebook\" title=\"Follow on Facebook\" aria-label=\"Follow on Facebook\" rel=\"noopener nofollow\"><i class=\"icon-facebook\" aria-hidden=\"true\"><\/i><\/a><a href=\"https:\/\/www.instagram.com\/dralevcamcioglu\/\" target=\"_blank\" data-label=\"Instagram\" class=\"icon primary button circle tooltip instagram\" title=\"Follow on Instagram\" aria-label=\"Follow on Instagram\" rel=\"noopener nofollow\"><i class=\"icon-instagram\" aria-hidden=\"true\"><\/i><\/a><\/div>\n\n\n                <\/div>\n          <\/div>\n    <\/div>\n\n\t\n    \n\n\t\t<\/div>\n\t\t\t\t\t<\/div>\n\n\t\n\n<\/div>\n\t\t<\/div>\n\t\t\t\t\t<\/div>\n\n\t\n\n\t<div id=\"col-208998583\" class=\"col small-12 large-12\"  >\n\t\t\t\t<div class=\"col-inner\"  >\n\t\t\t\n\t\t\t\n<h2>Postovi na Blogu<\/h2>\n\n  \n    <div class=\"row large-columns-3 medium-columns-1 small-columns-1 slider row-slider slider-nav-circle slider-nav-outside\"  data-flickity-options='{&quot;imagesLoaded&quot;: true, &quot;groupCells&quot;: &quot;100%&quot;, &quot;dragThreshold&quot; : 5, &quot;cellAlign&quot;: &quot;left&quot;,&quot;wrapAround&quot;: true,&quot;prevNextButtons&quot;: true,&quot;percentPosition&quot;: true,&quot;pageDots&quot;: false, &quot;rightToLeft&quot;: false, &quot;autoPlay&quot; : false}' >\n\n  <div class=\"col post-item\" >\n\t\t\t<div class=\"col-inner\">\n\t\t\t\t<div class=\"box box-push box-text-bottom box-blog-post has-hover\">\n            \t\t\t\t\t<div class=\"box-image\" >\n  \t\t\t\t\t\t<div class=\"image-cover\" style=\"padding-top:100%;\">\n\t\t\t\t\t\t\t<a href=\"https:\/\/www.alevcamcioglu.com\/sr\/cene-operacija-cena\/\" class=\"plain\" aria-label=\"Cene Operacija Cena\">\n\t\t\t\t\t\t\t\t<img decoding=\"async\" width=\"1140\" height=\"500\" src=\"https:\/\/www.alevcamcioglu.com\/wp-content\/uploads\/2024\/08\/Burun-Ucu-Estetigi-Fiyatlari-1.jpg\" class=\"attachment-2048x2048 size-2048x2048 wp-post-image\" alt=\"\" srcset=\"https:\/\/www.alevcamcioglu.com\/wp-content\/uploads\/2024\/08\/Burun-Ucu-Estetigi-Fiyatlari-1.jpg 1140w, https:\/\/www.alevcamcioglu.com\/wp-content\/uploads\/2024\/08\/Burun-Ucu-Estetigi-Fiyatlari-1-300x132.jpg 300w, https:\/\/www.alevcamcioglu.com\/wp-content\/uploads\/2024\/08\/Burun-Ucu-Estetigi-Fiyatlari-1-1024x449.jpg 1024w, https:\/\/www.alevcamcioglu.com\/wp-content\/uploads\/2024\/08\/Burun-Ucu-Estetigi-Fiyatlari-1-768x337.jpg 768w, https:\/\/www.alevcamcioglu.com\/wp-content\/uploads\/2024\/08\/Burun-Ucu-Estetigi-Fiyatlari-1-370x162.jpg 370w, https:\/\/www.alevcamcioglu.com\/wp-content\/uploads\/2024\/08\/Burun-Ucu-Estetigi-Fiyatlari-1-760x333.jpg 760w\" sizes=\"(max-width: 1140px) 100vw, 1140px\" title=\"\">\t\t\t\t\t\t\t<\/a>\n  \t\t\t\t\t\t\t  \t\t\t\t\t\t\t  \t\t\t\t\t\t<\/div>\n  \t\t\t\t\t\t  \t\t\t\t\t<\/div>\n          \t\t\t\t\t<div class=\"box-text text-center\" >\n\t\t\t\t\t<div class=\"box-text-inner blog-post-inner\">\n\n\t\t\t\t\t\n\t\t\t\t\t\t\t\t\t\t<h5 class=\"post-title is-large \">\n\t\t\t\t\t\t<a href=\"https:\/\/www.alevcamcioglu.com\/sr\/cene-operacija-cena\/\" class=\"plain\">Cene Operacija Cena<\/a>\n\t\t\t\t\t<\/h5>\n\t\t\t\t\t\t\t\t\t\t<div class=\"is-divider\"><\/div>\n\t\t\t\t\t                    \n\t\t\t\t\t\t\t\t\t\t\t<a href=\"https:\/\/www.alevcamcioglu.com\/sr\/cene-operacija-cena\/\" class=\"button primary is-outline is-small mb-0\">\n\t\t\t\t\t\t\tContinue Reading\t\t\t\t\t\t<\/a>\n\t\t\t\t\t\n\t\t\t\t\t\n\t\t\t\t\t<\/div>\n\t\t\t\t\t<\/div>\n\t\t\t\t\t\t\t\t\t\t\t\t\t\t\t\t<div class=\"badge absolute top post-date badge-circle\">\n\t\t\t\t\t\t\t<div class=\"badge-inner\">\n\t\t\t\t\t\t\t\t<span class=\"post-date-day\">16<\/span><br>\n\t\t\t\t\t\t\t\t<span class=\"post-date-month is-xsmall\">\u0430\u0432\u0433<\/span>\n\t\t\t\t\t\t\t<\/div>\n\t\t\t\t\t\t<\/div>\n\t\t\t\t\t\t\t\t\t<\/div>\n\t\t\t<\/div>\n\t\t<\/div><div class=\"col post-item\" >\n\t\t\t<div class=\"col-inner\">\n\t\t\t\t<div class=\"box box-push box-text-bottom box-blog-post has-hover\">\n            \t\t\t\t\t<div class=\"box-image\" >\n  \t\t\t\t\t\t<div class=\"image-cover\" style=\"padding-top:100%;\">\n\t\t\t\t\t\t\t<a href=\"https:\/\/www.alevcamcioglu.com\/sr\/preporuke-lekara-nakon-operacije-nosa\/\" class=\"plain\" aria-label=\"Preporuke Lekara Nakon Operacije Nosa\">\n\t\t\t\t\t\t\t\t<img decoding=\"async\" width=\"1140\" height=\"500\" src=\"https:\/\/www.alevcamcioglu.com\/wp-content\/uploads\/2024\/08\/Burun-Ameliyati-Sonrasi-Doktordan-Oneriler.jpg\" class=\"attachment-2048x2048 size-2048x2048 wp-post-image\" alt=\"\" srcset=\"https:\/\/www.alevcamcioglu.com\/wp-content\/uploads\/2024\/08\/Burun-Ameliyati-Sonrasi-Doktordan-Oneriler.jpg 1140w, https:\/\/www.alevcamcioglu.com\/wp-content\/uploads\/2024\/08\/Burun-Ameliyati-Sonrasi-Doktordan-Oneriler-300x132.jpg 300w, https:\/\/www.alevcamcioglu.com\/wp-content\/uploads\/2024\/08\/Burun-Ameliyati-Sonrasi-Doktordan-Oneriler-1024x449.jpg 1024w, https:\/\/www.alevcamcioglu.com\/wp-content\/uploads\/2024\/08\/Burun-Ameliyati-Sonrasi-Doktordan-Oneriler-768x337.jpg 768w, https:\/\/www.alevcamcioglu.com\/wp-content\/uploads\/2024\/08\/Burun-Ameliyati-Sonrasi-Doktordan-Oneriler-370x162.jpg 370w, https:\/\/www.alevcamcioglu.com\/wp-content\/uploads\/2024\/08\/Burun-Ameliyati-Sonrasi-Doktordan-Oneriler-760x333.jpg 760w\" sizes=\"(max-width: 1140px) 100vw, 1140px\" title=\"\">\t\t\t\t\t\t\t<\/a>\n  \t\t\t\t\t\t\t  \t\t\t\t\t\t\t  \t\t\t\t\t\t<\/div>\n  \t\t\t\t\t\t  \t\t\t\t\t<\/div>\n          \t\t\t\t\t<div class=\"box-text text-center\" >\n\t\t\t\t\t<div class=\"box-text-inner blog-post-inner\">\n\n\t\t\t\t\t\n\t\t\t\t\t\t\t\t\t\t<h5 class=\"post-title is-large \">\n\t\t\t\t\t\t<a href=\"https:\/\/www.alevcamcioglu.com\/sr\/preporuke-lekara-nakon-operacije-nosa\/\" class=\"plain\">Preporuke Lekara Nakon Operacije Nosa<\/a>\n\t\t\t\t\t<\/h5>\n\t\t\t\t\t\t\t\t\t\t<div class=\"is-divider\"><\/div>\n\t\t\t\t\t                    \n\t\t\t\t\t\t\t\t\t\t\t<a href=\"https:\/\/www.alevcamcioglu.com\/sr\/preporuke-lekara-nakon-operacije-nosa\/\" class=\"button primary is-outline is-small mb-0\">\n\t\t\t\t\t\t\tContinue Reading\t\t\t\t\t\t<\/a>\n\t\t\t\t\t\n\t\t\t\t\t\n\t\t\t\t\t<\/div>\n\t\t\t\t\t<\/div>\n\t\t\t\t\t\t\t\t\t\t\t\t\t\t\t\t<div class=\"badge absolute top post-date badge-circle\">\n\t\t\t\t\t\t\t<div class=\"badge-inner\">\n\t\t\t\t\t\t\t\t<span class=\"post-date-day\">16<\/span><br>\n\t\t\t\t\t\t\t\t<span class=\"post-date-month is-xsmall\">\u0430\u0432\u0433<\/span>\n\t\t\t\t\t\t\t<\/div>\n\t\t\t\t\t\t<\/div>\n\t\t\t\t\t\t\t\t\t<\/div>\n\t\t\t<\/div>\n\t\t<\/div><div class=\"col post-item\" >\n\t\t\t<div class=\"col-inner\">\n\t\t\t\t<div class=\"box box-push box-text-bottom box-blog-post has-hover\">\n            \t\t\t\t\t<div class=\"box-image\" >\n  \t\t\t\t\t\t<div class=\"image-cover\" style=\"padding-top:100%;\">\n\t\t\t\t\t\t\t<a href=\"https:\/\/www.alevcamcioglu.com\/sr\/krivljenje-nakon-operacije-nosa\/\" class=\"plain\" aria-label=\"Krivljenje Nakon Operacije Nosa\">\n\t\t\t\t\t\t\t\t<img decoding=\"async\" width=\"1140\" height=\"500\" src=\"https:\/\/www.alevcamcioglu.com\/wp-content\/uploads\/2024\/08\/Burun-Estetigi-Sonrasi-Yamukluk.jpg\" class=\"attachment-2048x2048 size-2048x2048 wp-post-image\" alt=\"\" srcset=\"https:\/\/www.alevcamcioglu.com\/wp-content\/uploads\/2024\/08\/Burun-Estetigi-Sonrasi-Yamukluk.jpg 1140w, https:\/\/www.alevcamcioglu.com\/wp-content\/uploads\/2024\/08\/Burun-Estetigi-Sonrasi-Yamukluk-300x132.jpg 300w, https:\/\/www.alevcamcioglu.com\/wp-content\/uploads\/2024\/08\/Burun-Estetigi-Sonrasi-Yamukluk-1024x449.jpg 1024w, https:\/\/www.alevcamcioglu.com\/wp-content\/uploads\/2024\/08\/Burun-Estetigi-Sonrasi-Yamukluk-768x337.jpg 768w, https:\/\/www.alevcamcioglu.com\/wp-content\/uploads\/2024\/08\/Burun-Estetigi-Sonrasi-Yamukluk-370x162.jpg 370w, https:\/\/www.alevcamcioglu.com\/wp-content\/uploads\/2024\/08\/Burun-Estetigi-Sonrasi-Yamukluk-760x333.jpg 760w\" sizes=\"(max-width: 1140px) 100vw, 1140px\" title=\"\">\t\t\t\t\t\t\t<\/a>\n  \t\t\t\t\t\t\t  \t\t\t\t\t\t\t  \t\t\t\t\t\t<\/div>\n  \t\t\t\t\t\t  \t\t\t\t\t<\/div>\n          \t\t\t\t\t<div class=\"box-text text-center\" >\n\t\t\t\t\t<div class=\"box-text-inner blog-post-inner\">\n\n\t\t\t\t\t\n\t\t\t\t\t\t\t\t\t\t<h5 class=\"post-title is-large \">\n\t\t\t\t\t\t<a href=\"https:\/\/www.alevcamcioglu.com\/sr\/krivljenje-nakon-operacije-nosa\/\" class=\"plain\">Krivljenje Nakon Operacije Nosa<\/a>\n\t\t\t\t\t<\/h5>\n\t\t\t\t\t\t\t\t\t\t<div class=\"is-divider\"><\/div>\n\t\t\t\t\t                    \n\t\t\t\t\t\t\t\t\t\t\t<a href=\"https:\/\/www.alevcamcioglu.com\/sr\/krivljenje-nakon-operacije-nosa\/\" class=\"button primary is-outline is-small mb-0\">\n\t\t\t\t\t\t\tContinue Reading\t\t\t\t\t\t<\/a>\n\t\t\t\t\t\n\t\t\t\t\t\n\t\t\t\t\t<\/div>\n\t\t\t\t\t<\/div>\n\t\t\t\t\t\t\t\t\t\t\t\t\t\t\t\t<div class=\"badge absolute top post-date badge-circle\">\n\t\t\t\t\t\t\t<div class=\"badge-inner\">\n\t\t\t\t\t\t\t\t<span class=\"post-date-day\">16<\/span><br>\n\t\t\t\t\t\t\t\t<span class=\"post-date-month is-xsmall\">\u0430\u0432\u0433<\/span>\n\t\t\t\t\t\t\t<\/div>\n\t\t\t\t\t\t<\/div>\n\t\t\t\t\t\t\t\t\t<\/div>\n\t\t\t<\/div>\n\t\t<\/div><div class=\"col post-item\" >\n\t\t\t<div class=\"col-inner\">\n\t\t\t\t<div class=\"box box-push box-text-bottom box-blog-post has-hover\">\n            \t\t\t\t\t<div class=\"box-image\" >\n  \t\t\t\t\t\t<div class=\"image-cover\" style=\"padding-top:100%;\">\n\t\t\t\t\t\t\t<a href=\"https:\/\/www.alevcamcioglu.com\/sr\/oticanje-na-hrptu-nosa-nakon-rinoplastike\/\" class=\"plain\" aria-label=\"Oticanje Na Hrptu Nosa Nakon Rinoplastike\">\n\t\t\t\t\t\t\t\t<img decoding=\"async\" width=\"1140\" height=\"500\" src=\"https:\/\/www.alevcamcioglu.com\/wp-content\/uploads\/2024\/08\/Burun-Estetigi-Sonrasi-Burun-Sirtinda-Sislik.jpg\" class=\"attachment-2048x2048 size-2048x2048 wp-post-image\" alt=\"\" srcset=\"https:\/\/www.alevcamcioglu.com\/wp-content\/uploads\/2024\/08\/Burun-Estetigi-Sonrasi-Burun-Sirtinda-Sislik.jpg 1140w, https:\/\/www.alevcamcioglu.com\/wp-content\/uploads\/2024\/08\/Burun-Estetigi-Sonrasi-Burun-Sirtinda-Sislik-300x132.jpg 300w, https:\/\/www.alevcamcioglu.com\/wp-content\/uploads\/2024\/08\/Burun-Estetigi-Sonrasi-Burun-Sirtinda-Sislik-1024x449.jpg 1024w, https:\/\/www.alevcamcioglu.com\/wp-content\/uploads\/2024\/08\/Burun-Estetigi-Sonrasi-Burun-Sirtinda-Sislik-768x337.jpg 768w, https:\/\/www.alevcamcioglu.com\/wp-content\/uploads\/2024\/08\/Burun-Estetigi-Sonrasi-Burun-Sirtinda-Sislik-370x162.jpg 370w, https:\/\/www.alevcamcioglu.com\/wp-content\/uploads\/2024\/08\/Burun-Estetigi-Sonrasi-Burun-Sirtinda-Sislik-760x333.jpg 760w\" sizes=\"(max-width: 1140px) 100vw, 1140px\" title=\"\">\t\t\t\t\t\t\t<\/a>\n  \t\t\t\t\t\t\t  \t\t\t\t\t\t\t  \t\t\t\t\t\t<\/div>\n  \t\t\t\t\t\t  \t\t\t\t\t<\/div>\n          \t\t\t\t\t<div class=\"box-text text-center\" >\n\t\t\t\t\t<div class=\"box-text-inner blog-post-inner\">\n\n\t\t\t\t\t\n\t\t\t\t\t\t\t\t\t\t<h5 class=\"post-title is-large \">\n\t\t\t\t\t\t<a href=\"https:\/\/www.alevcamcioglu.com\/sr\/oticanje-na-hrptu-nosa-nakon-rinoplastike\/\" class=\"plain\">Oticanje Na Hrptu Nosa Nakon Rinoplastike<\/a>\n\t\t\t\t\t<\/h5>\n\t\t\t\t\t\t\t\t\t\t<div class=\"is-divider\"><\/div>\n\t\t\t\t\t                    \n\t\t\t\t\t\t\t\t\t\t\t<a href=\"https:\/\/www.alevcamcioglu.com\/sr\/oticanje-na-hrptu-nosa-nakon-rinoplastike\/\" class=\"button primary is-outline is-small mb-0\">\n\t\t\t\t\t\t\tContinue Reading\t\t\t\t\t\t<\/a>\n\t\t\t\t\t\n\t\t\t\t\t\n\t\t\t\t\t<\/div>\n\t\t\t\t\t<\/div>\n\t\t\t\t\t\t\t\t\t\t\t\t\t\t\t\t<div class=\"badge absolute top post-date badge-circle\">\n\t\t\t\t\t\t\t<div class=\"badge-inner\">\n\t\t\t\t\t\t\t\t<span class=\"post-date-day\">16<\/span><br>\n\t\t\t\t\t\t\t\t<span class=\"post-date-month is-xsmall\">\u0430\u0432\u0433<\/span>\n\t\t\t\t\t\t\t<\/div>\n\t\t\t\t\t\t<\/div>\n\t\t\t\t\t\t\t\t\t<\/div>\n\t\t\t<\/div>\n\t\t<\/div><div class=\"col post-item\" >\n\t\t\t<div class=\"col-inner\">\n\t\t\t\t<div class=\"box box-push box-text-bottom box-blog-post has-hover\">\n            \t\t\t\t\t<div class=\"box-image\" >\n  \t\t\t\t\t\t<div class=\"image-cover\" style=\"padding-top:100%;\">\n\t\t\t\t\t\t\t<a href=\"https:\/\/www.alevcamcioglu.com\/sr\/da-li-je-opasno-uklanjati-obrve-i-brkove-nakon-operacije-nosa\/\" class=\"plain\" aria-label=\"Da Li je Opasno Uklanjati Obrve i Brkove Nakon Operacije Nosa?\">\n\t\t\t\t\t\t\t\t<img decoding=\"async\" width=\"1140\" height=\"500\" src=\"https:\/\/www.alevcamcioglu.com\/wp-content\/uploads\/2024\/08\/Burun-Ameliyati-Sonrasi-Kas-Biyik-Almak-Tehlikeli-Mi.jpg\" class=\"attachment-2048x2048 size-2048x2048 wp-post-image\" alt=\"\" srcset=\"https:\/\/www.alevcamcioglu.com\/wp-content\/uploads\/2024\/08\/Burun-Ameliyati-Sonrasi-Kas-Biyik-Almak-Tehlikeli-Mi.jpg 1140w, https:\/\/www.alevcamcioglu.com\/wp-content\/uploads\/2024\/08\/Burun-Ameliyati-Sonrasi-Kas-Biyik-Almak-Tehlikeli-Mi-300x132.jpg 300w, https:\/\/www.alevcamcioglu.com\/wp-content\/uploads\/2024\/08\/Burun-Ameliyati-Sonrasi-Kas-Biyik-Almak-Tehlikeli-Mi-1024x449.jpg 1024w, https:\/\/www.alevcamcioglu.com\/wp-content\/uploads\/2024\/08\/Burun-Ameliyati-Sonrasi-Kas-Biyik-Almak-Tehlikeli-Mi-768x337.jpg 768w, https:\/\/www.alevcamcioglu.com\/wp-content\/uploads\/2024\/08\/Burun-Ameliyati-Sonrasi-Kas-Biyik-Almak-Tehlikeli-Mi-370x162.jpg 370w, https:\/\/www.alevcamcioglu.com\/wp-content\/uploads\/2024\/08\/Burun-Ameliyati-Sonrasi-Kas-Biyik-Almak-Tehlikeli-Mi-760x333.jpg 760w\" sizes=\"(max-width: 1140px) 100vw, 1140px\" title=\"\">\t\t\t\t\t\t\t<\/a>\n  \t\t\t\t\t\t\t  \t\t\t\t\t\t\t  \t\t\t\t\t\t<\/div>\n  \t\t\t\t\t\t  \t\t\t\t\t<\/div>\n          \t\t\t\t\t<div class=\"box-text text-center\" >\n\t\t\t\t\t<div class=\"box-text-inner blog-post-inner\">\n\n\t\t\t\t\t\n\t\t\t\t\t\t\t\t\t\t<h5 class=\"post-title is-large \">\n\t\t\t\t\t\t<a href=\"https:\/\/www.alevcamcioglu.com\/sr\/da-li-je-opasno-uklanjati-obrve-i-brkove-nakon-operacije-nosa\/\" class=\"plain\">Da Li je Opasno Uklanjati Obrve i Brkove Nakon Operacije Nosa?<\/a>\n\t\t\t\t\t<\/h5>\n\t\t\t\t\t\t\t\t\t\t<div class=\"is-divider\"><\/div>\n\t\t\t\t\t                    \n\t\t\t\t\t\t\t\t\t\t\t<a href=\"https:\/\/www.alevcamcioglu.com\/sr\/da-li-je-opasno-uklanjati-obrve-i-brkove-nakon-operacije-nosa\/\" class=\"button primary is-outline is-small mb-0\">\n\t\t\t\t\t\t\tContinue Reading\t\t\t\t\t\t<\/a>\n\t\t\t\t\t\n\t\t\t\t\t\n\t\t\t\t\t<\/div>\n\t\t\t\t\t<\/div>\n\t\t\t\t\t\t\t\t\t\t\t\t\t\t\t\t<div class=\"badge absolute top post-date badge-circle\">\n\t\t\t\t\t\t\t<div class=\"badge-inner\">\n\t\t\t\t\t\t\t\t<span class=\"post-date-day\">16<\/span><br>\n\t\t\t\t\t\t\t\t<span class=\"post-date-month is-xsmall\">\u0430\u0432\u0433<\/span>\n\t\t\t\t\t\t\t<\/div>\n\t\t\t\t\t\t<\/div>\n\t\t\t\t\t\t\t\t\t<\/div>\n\t\t\t<\/div>\n\t\t<\/div><div class=\"col post-item\" >\n\t\t\t<div class=\"col-inner\">\n\t\t\t\t<div class=\"box box-push box-text-bottom box-blog-post has-hover\">\n            \t\t\t\t\t<div class=\"box-image\" >\n  \t\t\t\t\t\t<div class=\"image-cover\" style=\"padding-top:100%;\">\n\t\t\t\t\t\t\t<a href=\"https:\/\/www.alevcamcioglu.com\/sr\/more-pesak-i-sunce-nakon-operacije-nosa\/\" class=\"plain\" aria-label=\"More, Pesak i Sunce Nakon Operacije Nosa\">\n\t\t\t\t\t\t\t\t<img decoding=\"async\" width=\"1140\" height=\"500\" src=\"https:\/\/www.alevcamcioglu.com\/wp-content\/uploads\/2024\/08\/Burun-Estetigi-Sonrasi-Deniz-Kum-Gunes.jpg\" class=\"attachment-2048x2048 size-2048x2048 wp-post-image\" alt=\"\" srcset=\"https:\/\/www.alevcamcioglu.com\/wp-content\/uploads\/2024\/08\/Burun-Estetigi-Sonrasi-Deniz-Kum-Gunes.jpg 1140w, https:\/\/www.alevcamcioglu.com\/wp-content\/uploads\/2024\/08\/Burun-Estetigi-Sonrasi-Deniz-Kum-Gunes-300x132.jpg 300w, https:\/\/www.alevcamcioglu.com\/wp-content\/uploads\/2024\/08\/Burun-Estetigi-Sonrasi-Deniz-Kum-Gunes-1024x449.jpg 1024w, https:\/\/www.alevcamcioglu.com\/wp-content\/uploads\/2024\/08\/Burun-Estetigi-Sonrasi-Deniz-Kum-Gunes-768x337.jpg 768w, https:\/\/www.alevcamcioglu.com\/wp-content\/uploads\/2024\/08\/Burun-Estetigi-Sonrasi-Deniz-Kum-Gunes-370x162.jpg 370w, https:\/\/www.alevcamcioglu.com\/wp-content\/uploads\/2024\/08\/Burun-Estetigi-Sonrasi-Deniz-Kum-Gunes-760x333.jpg 760w\" sizes=\"(max-width: 1140px) 100vw, 1140px\" title=\"\">\t\t\t\t\t\t\t<\/a>\n  \t\t\t\t\t\t\t  \t\t\t\t\t\t\t  \t\t\t\t\t\t<\/div>\n  \t\t\t\t\t\t  \t\t\t\t\t<\/div>\n          \t\t\t\t\t<div class=\"box-text text-center\" >\n\t\t\t\t\t<div class=\"box-text-inner blog-post-inner\">\n\n\t\t\t\t\t\n\t\t\t\t\t\t\t\t\t\t<h5 class=\"post-title is-large \">\n\t\t\t\t\t\t<a href=\"https:\/\/www.alevcamcioglu.com\/sr\/more-pesak-i-sunce-nakon-operacije-nosa\/\" class=\"plain\">More, Pesak i Sunce Nakon Operacije Nosa<\/a>\n\t\t\t\t\t<\/h5>\n\t\t\t\t\t\t\t\t\t\t<div class=\"is-divider\"><\/div>\n\t\t\t\t\t                    \n\t\t\t\t\t\t\t\t\t\t\t<a href=\"https:\/\/www.alevcamcioglu.com\/sr\/more-pesak-i-sunce-nakon-operacije-nosa\/\" class=\"button primary is-outline is-small mb-0\">\n\t\t\t\t\t\t\tContinue Reading\t\t\t\t\t\t<\/a>\n\t\t\t\t\t\n\t\t\t\t\t\n\t\t\t\t\t<\/div>\n\t\t\t\t\t<\/div>\n\t\t\t\t\t\t\t\t\t\t\t\t\t\t\t\t<div class=\"badge absolute top post-date badge-circle\">\n\t\t\t\t\t\t\t<div class=\"badge-inner\">\n\t\t\t\t\t\t\t\t<span class=\"post-date-day\">16<\/span><br>\n\t\t\t\t\t\t\t\t<span class=\"post-date-month is-xsmall\">\u0430\u0432\u0433<\/span>\n\t\t\t\t\t\t\t<\/div>\n\t\t\t\t\t\t<\/div>\n\t\t\t\t\t\t\t\t\t<\/div>\n\t\t\t<\/div>\n\t\t<\/div><div class=\"col post-item\" >\n\t\t\t<div class=\"col-inner\">\n\t\t\t\t<div class=\"box box-push box-text-bottom box-blog-post has-hover\">\n            \t\t\t\t\t<div class=\"box-image\" >\n  \t\t\t\t\t\t<div class=\"image-cover\" style=\"padding-top:100%;\">\n\t\t\t\t\t\t\t<a href=\"https:\/\/www.alevcamcioglu.com\/sr\/da-li-se-nos-smanjuje-nakon-operacije-nosa\/\" class=\"plain\" aria-label=\"Da li se Nos Smanjuje Nakon Operacije Nosa?\">\n\t\t\t\t\t\t\t\t<img decoding=\"async\" width=\"1140\" height=\"500\" src=\"https:\/\/www.alevcamcioglu.com\/wp-content\/uploads\/2024\/08\/Burun-Ameliyati-Sonrasi-Burun-Kuculur-mu.jpg\" class=\"attachment-2048x2048 size-2048x2048 wp-post-image\" alt=\"\" srcset=\"https:\/\/www.alevcamcioglu.com\/wp-content\/uploads\/2024\/08\/Burun-Ameliyati-Sonrasi-Burun-Kuculur-mu.jpg 1140w, https:\/\/www.alevcamcioglu.com\/wp-content\/uploads\/2024\/08\/Burun-Ameliyati-Sonrasi-Burun-Kuculur-mu-300x132.jpg 300w, https:\/\/www.alevcamcioglu.com\/wp-content\/uploads\/2024\/08\/Burun-Ameliyati-Sonrasi-Burun-Kuculur-mu-1024x449.jpg 1024w, https:\/\/www.alevcamcioglu.com\/wp-content\/uploads\/2024\/08\/Burun-Ameliyati-Sonrasi-Burun-Kuculur-mu-768x337.jpg 768w, https:\/\/www.alevcamcioglu.com\/wp-content\/uploads\/2024\/08\/Burun-Ameliyati-Sonrasi-Burun-Kuculur-mu-370x162.jpg 370w, https:\/\/www.alevcamcioglu.com\/wp-content\/uploads\/2024\/08\/Burun-Ameliyati-Sonrasi-Burun-Kuculur-mu-760x333.jpg 760w\" sizes=\"(max-width: 1140px) 100vw, 1140px\" title=\"\">\t\t\t\t\t\t\t<\/a>\n  \t\t\t\t\t\t\t  \t\t\t\t\t\t\t  \t\t\t\t\t\t<\/div>\n  \t\t\t\t\t\t  \t\t\t\t\t<\/div>\n          \t\t\t\t\t<div class=\"box-text text-center\" >\n\t\t\t\t\t<div class=\"box-text-inner blog-post-inner\">\n\n\t\t\t\t\t\n\t\t\t\t\t\t\t\t\t\t<h5 class=\"post-title is-large \">\n\t\t\t\t\t\t<a href=\"https:\/\/www.alevcamcioglu.com\/sr\/da-li-se-nos-smanjuje-nakon-operacije-nosa\/\" class=\"plain\">Da li se Nos Smanjuje Nakon Operacije Nosa?<\/a>\n\t\t\t\t\t<\/h5>\n\t\t\t\t\t\t\t\t\t\t<div class=\"is-divider\"><\/div>\n\t\t\t\t\t                    \n\t\t\t\t\t\t\t\t\t\t\t<a href=\"https:\/\/www.alevcamcioglu.com\/sr\/da-li-se-nos-smanjuje-nakon-operacije-nosa\/\" class=\"button primary is-outline is-small mb-0\">\n\t\t\t\t\t\t\tContinue Reading\t\t\t\t\t\t<\/a>\n\t\t\t\t\t\n\t\t\t\t\t\n\t\t\t\t\t<\/div>\n\t\t\t\t\t<\/div>\n\t\t\t\t\t\t\t\t\t\t\t\t\t\t\t\t<div class=\"badge absolute top post-date badge-circle\">\n\t\t\t\t\t\t\t<div class=\"badge-inner\">\n\t\t\t\t\t\t\t\t<span class=\"post-date-day\">16<\/span><br>\n\t\t\t\t\t\t\t\t<span class=\"post-date-month is-xsmall\">\u0430\u0432\u0433<\/span>\n\t\t\t\t\t\t\t<\/div>\n\t\t\t\t\t\t<\/div>\n\t\t\t\t\t\t\t\t\t<\/div>\n\t\t\t<\/div>\n\t\t<\/div><div class=\"col post-item\" >\n\t\t\t<div class=\"col-inner\">\n\t\t\t\t<div class=\"box box-push box-text-bottom box-blog-post has-hover\">\n            \t\t\t\t\t<div class=\"box-image\" >\n  \t\t\t\t\t\t<div class=\"image-cover\" style=\"padding-top:100%;\">\n\t\t\t\t\t\t\t<a href=\"https:\/\/www.alevcamcioglu.com\/sr\/koliko-vremena-nakon-operacije-nosa-mozete-nositi-pirsing\/\" class=\"plain\" aria-label=\"Koliko Vremena Nakon Operacije Nosa Mo\u017eete Nositi Pirsing?\">\n\t\t\t\t\t\t\t\t<img decoding=\"async\" width=\"1140\" height=\"500\" src=\"https:\/\/www.alevcamcioglu.com\/wp-content\/uploads\/2024\/08\/Burun-Estetiginden-Ne-Kadar-Zaman-Sonra-Hizma-Piercing-Takilabilir.jpg\" class=\"attachment-2048x2048 size-2048x2048 wp-post-image\" alt=\"\" srcset=\"https:\/\/www.alevcamcioglu.com\/wp-content\/uploads\/2024\/08\/Burun-Estetiginden-Ne-Kadar-Zaman-Sonra-Hizma-Piercing-Takilabilir.jpg 1140w, https:\/\/www.alevcamcioglu.com\/wp-content\/uploads\/2024\/08\/Burun-Estetiginden-Ne-Kadar-Zaman-Sonra-Hizma-Piercing-Takilabilir-300x132.jpg 300w, https:\/\/www.alevcamcioglu.com\/wp-content\/uploads\/2024\/08\/Burun-Estetiginden-Ne-Kadar-Zaman-Sonra-Hizma-Piercing-Takilabilir-1024x449.jpg 1024w, https:\/\/www.alevcamcioglu.com\/wp-content\/uploads\/2024\/08\/Burun-Estetiginden-Ne-Kadar-Zaman-Sonra-Hizma-Piercing-Takilabilir-768x337.jpg 768w, https:\/\/www.alevcamcioglu.com\/wp-content\/uploads\/2024\/08\/Burun-Estetiginden-Ne-Kadar-Zaman-Sonra-Hizma-Piercing-Takilabilir-370x162.jpg 370w, https:\/\/www.alevcamcioglu.com\/wp-content\/uploads\/2024\/08\/Burun-Estetiginden-Ne-Kadar-Zaman-Sonra-Hizma-Piercing-Takilabilir-760x333.jpg 760w\" sizes=\"(max-width: 1140px) 100vw, 1140px\" title=\"\">\t\t\t\t\t\t\t<\/a>\n  \t\t\t\t\t\t\t  \t\t\t\t\t\t\t  \t\t\t\t\t\t<\/div>\n  \t\t\t\t\t\t  \t\t\t\t\t<\/div>\n          \t\t\t\t\t<div class=\"box-text text-center\" >\n\t\t\t\t\t<div class=\"box-text-inner blog-post-inner\">\n\n\t\t\t\t\t\n\t\t\t\t\t\t\t\t\t\t<h5 class=\"post-title is-large \">\n\t\t\t\t\t\t<a href=\"https:\/\/www.alevcamcioglu.com\/sr\/koliko-vremena-nakon-operacije-nosa-mozete-nositi-pirsing\/\" class=\"plain\">Koliko Vremena Nakon Operacije Nosa Mo\u017eete Nositi Pirsing?<\/a>\n\t\t\t\t\t<\/h5>\n\t\t\t\t\t\t\t\t\t\t<div class=\"is-divider\"><\/div>\n\t\t\t\t\t                    \n\t\t\t\t\t\t\t\t\t\t\t<a href=\"https:\/\/www.alevcamcioglu.com\/sr\/koliko-vremena-nakon-operacije-nosa-mozete-nositi-pirsing\/\" class=\"button primary is-outline is-small mb-0\">\n\t\t\t\t\t\t\tContinue Reading\t\t\t\t\t\t<\/a>\n\t\t\t\t\t\n\t\t\t\t\t\n\t\t\t\t\t<\/div>\n\t\t\t\t\t<\/div>\n\t\t\t\t\t\t\t\t\t\t\t\t\t\t\t\t<div class=\"badge absolute top post-date badge-circle\">\n\t\t\t\t\t\t\t<div class=\"badge-inner\">\n\t\t\t\t\t\t\t\t<span class=\"post-date-day\">16<\/span><br>\n\t\t\t\t\t\t\t\t<span class=\"post-date-month is-xsmall\">\u0430\u0432\u0433<\/span>\n\t\t\t\t\t\t\t<\/div>\n\t\t\t\t\t\t<\/div>\n\t\t\t\t\t\t\t\t\t<\/div>\n\t\t\t<\/div>\n\t\t<\/div><div class=\"col post-item\" >\n\t\t\t<div class=\"col-inner\">\n\t\t\t\t<div class=\"box box-push box-text-bottom box-blog-post has-hover\">\n          \t\t\t\t\t<div class=\"box-text text-center\" >\n\t\t\t\t\t<div class=\"box-text-inner blog-post-inner\">\n\n\t\t\t\t\t\n\t\t\t\t\t\t\t\t\t\t<h5 class=\"post-title is-large \">\n\t\t\t\t\t\t<a href=\"https:\/\/www.alevcamcioglu.com\/sr\/estetska-operacija-nosa-kod-osoba-sa-rascep-usne\/\" class=\"plain\">Estetska Operacija Nosa kod Osoba sa Rascep Usne<\/a>\n\t\t\t\t\t<\/h5>\n\t\t\t\t\t<div class=\"post-meta is-small op-8\">16. \u0430\u0432\u0433\u0443\u0441\u0442 2024.<\/div>\t\t\t\t\t<div class=\"is-divider\"><\/div>\n\t\t\t\t\t                    \n\t\t\t\t\t\t\t\t\t\t\t<a href=\"https:\/\/www.alevcamcioglu.com\/sr\/estetska-operacija-nosa-kod-osoba-sa-rascep-usne\/\" class=\"button primary is-outline is-small mb-0\">\n\t\t\t\t\t\t\tContinue Reading\t\t\t\t\t\t<\/a>\n\t\t\t\t\t\n\t\t\t\t\t\n\t\t\t\t\t<\/div>\n\t\t\t\t\t<\/div>\n\t\t\t\t\t\t\t\t\t<\/div>\n\t\t\t<\/div>\n\t\t<\/div><div class=\"col post-item\" >\n\t\t\t<div class=\"col-inner\">\n\t\t\t\t<div class=\"box box-push box-text-bottom box-blog-post has-hover\">\n            \t\t\t\t\t<div class=\"box-image\" >\n  \t\t\t\t\t\t<div class=\"image-cover\" style=\"padding-top:100%;\">\n\t\t\t\t\t\t\t<a href=\"https:\/\/www.alevcamcioglu.com\/sr\/pucketanje-u-nosu-nakon-operacije-nosa\/\" class=\"plain\" aria-label=\"Pucketanje u Nosu Nakon Operacije Nosa\">\n\t\t\t\t\t\t\t\t<img decoding=\"async\" width=\"1140\" height=\"500\" src=\"https:\/\/www.alevcamcioglu.com\/wp-content\/uploads\/2024\/08\/Burun-Ameliyati-Sonrasi-Burundan-Gelen-Cit-Sesi.jpg\" class=\"attachment-2048x2048 size-2048x2048 wp-post-image\" alt=\"\" srcset=\"https:\/\/www.alevcamcioglu.com\/wp-content\/uploads\/2024\/08\/Burun-Ameliyati-Sonrasi-Burundan-Gelen-Cit-Sesi.jpg 1140w, https:\/\/www.alevcamcioglu.com\/wp-content\/uploads\/2024\/08\/Burun-Ameliyati-Sonrasi-Burundan-Gelen-Cit-Sesi-300x132.jpg 300w, https:\/\/www.alevcamcioglu.com\/wp-content\/uploads\/2024\/08\/Burun-Ameliyati-Sonrasi-Burundan-Gelen-Cit-Sesi-1024x449.jpg 1024w, https:\/\/www.alevcamcioglu.com\/wp-content\/uploads\/2024\/08\/Burun-Ameliyati-Sonrasi-Burundan-Gelen-Cit-Sesi-768x337.jpg 768w, https:\/\/www.alevcamcioglu.com\/wp-content\/uploads\/2024\/08\/Burun-Ameliyati-Sonrasi-Burundan-Gelen-Cit-Sesi-370x162.jpg 370w, https:\/\/www.alevcamcioglu.com\/wp-content\/uploads\/2024\/08\/Burun-Ameliyati-Sonrasi-Burundan-Gelen-Cit-Sesi-760x333.jpg 760w\" sizes=\"(max-width: 1140px) 100vw, 1140px\" title=\"\">\t\t\t\t\t\t\t<\/a>\n  \t\t\t\t\t\t\t  \t\t\t\t\t\t\t  \t\t\t\t\t\t<\/div>\n  \t\t\t\t\t\t  \t\t\t\t\t<\/div>\n          \t\t\t\t\t<div class=\"box-text text-center\" >\n\t\t\t\t\t<div class=\"box-text-inner blog-post-inner\">\n\n\t\t\t\t\t\n\t\t\t\t\t\t\t\t\t\t<h5 class=\"post-title is-large \">\n\t\t\t\t\t\t<a href=\"https:\/\/www.alevcamcioglu.com\/sr\/pucketanje-u-nosu-nakon-operacije-nosa\/\" class=\"plain\">Pucketanje u Nosu Nakon Operacije Nosa<\/a>\n\t\t\t\t\t<\/h5>\n\t\t\t\t\t\t\t\t\t\t<div class=\"is-divider\"><\/div>\n\t\t\t\t\t                    \n\t\t\t\t\t\t\t\t\t\t\t<a href=\"https:\/\/www.alevcamcioglu.com\/sr\/pucketanje-u-nosu-nakon-operacije-nosa\/\" class=\"button primary is-outline is-small mb-0\">\n\t\t\t\t\t\t\tContinue Reading\t\t\t\t\t\t<\/a>\n\t\t\t\t\t\n\t\t\t\t\t\n\t\t\t\t\t<\/div>\n\t\t\t\t\t<\/div>\n\t\t\t\t\t\t\t\t\t\t\t\t\t\t\t\t<div class=\"badge absolute top post-date badge-circle\">\n\t\t\t\t\t\t\t<div class=\"badge-inner\">\n\t\t\t\t\t\t\t\t<span class=\"post-date-day\">13<\/span><br>\n\t\t\t\t\t\t\t\t<span class=\"post-date-month is-xsmall\">\u0430\u0432\u0433<\/span>\n\t\t\t\t\t\t\t<\/div>\n\t\t\t\t\t\t<\/div>\n\t\t\t\t\t\t\t\t\t<\/div>\n\t\t\t<\/div>\n\t\t<\/div><div class=\"col post-item\" >\n\t\t\t<div class=\"col-inner\">\n\t\t\t\t<div class=\"box box-push box-text-bottom box-blog-post has-hover\">\n            \t\t\t\t\t<div class=\"box-image\" >\n  \t\t\t\t\t\t<div class=\"image-cover\" style=\"padding-top:100%;\">\n\t\t\t\t\t\t\t<a href=\"https:\/\/www.alevcamcioglu.com\/sr\/da-li-se-lice-osobe-menja-nakon-rinoplastike\/\" class=\"plain\" aria-label=\"Da li Se Lice Osobe Menja Nakon Rinoplastike?\">\n\t\t\t\t\t\t\t\t<img decoding=\"async\" width=\"1140\" height=\"500\" src=\"https:\/\/www.alevcamcioglu.com\/wp-content\/uploads\/2024\/08\/Rinoplasti-Sonrasi-Kisinin-Yuzu-Degisir-Mi.jpg\" class=\"attachment-2048x2048 size-2048x2048 wp-post-image\" alt=\"\" srcset=\"https:\/\/www.alevcamcioglu.com\/wp-content\/uploads\/2024\/08\/Rinoplasti-Sonrasi-Kisinin-Yuzu-Degisir-Mi.jpg 1140w, https:\/\/www.alevcamcioglu.com\/wp-content\/uploads\/2024\/08\/Rinoplasti-Sonrasi-Kisinin-Yuzu-Degisir-Mi-300x132.jpg 300w, https:\/\/www.alevcamcioglu.com\/wp-content\/uploads\/2024\/08\/Rinoplasti-Sonrasi-Kisinin-Yuzu-Degisir-Mi-1024x449.jpg 1024w, https:\/\/www.alevcamcioglu.com\/wp-content\/uploads\/2024\/08\/Rinoplasti-Sonrasi-Kisinin-Yuzu-Degisir-Mi-768x337.jpg 768w, https:\/\/www.alevcamcioglu.com\/wp-content\/uploads\/2024\/08\/Rinoplasti-Sonrasi-Kisinin-Yuzu-Degisir-Mi-370x162.jpg 370w, https:\/\/www.alevcamcioglu.com\/wp-content\/uploads\/2024\/08\/Rinoplasti-Sonrasi-Kisinin-Yuzu-Degisir-Mi-760x333.jpg 760w\" sizes=\"(max-width: 1140px) 100vw, 1140px\" title=\"\">\t\t\t\t\t\t\t<\/a>\n  \t\t\t\t\t\t\t  \t\t\t\t\t\t\t  \t\t\t\t\t\t<\/div>\n  \t\t\t\t\t\t  \t\t\t\t\t<\/div>\n          \t\t\t\t\t<div class=\"box-text text-center\" >\n\t\t\t\t\t<div class=\"box-text-inner blog-post-inner\">\n\n\t\t\t\t\t\n\t\t\t\t\t\t\t\t\t\t<h5 class=\"post-title is-large \">\n\t\t\t\t\t\t<a href=\"https:\/\/www.alevcamcioglu.com\/sr\/da-li-se-lice-osobe-menja-nakon-rinoplastike\/\" class=\"plain\">Da li Se Lice Osobe Menja Nakon Rinoplastike?<\/a>\n\t\t\t\t\t<\/h5>\n\t\t\t\t\t\t\t\t\t\t<div class=\"is-divider\"><\/div>\n\t\t\t\t\t                    \n\t\t\t\t\t\t\t\t\t\t\t<a href=\"https:\/\/www.alevcamcioglu.com\/sr\/da-li-se-lice-osobe-menja-nakon-rinoplastike\/\" class=\"button primary is-outline is-small mb-0\">\n\t\t\t\t\t\t\tContinue Reading\t\t\t\t\t\t<\/a>\n\t\t\t\t\t\n\t\t\t\t\t\n\t\t\t\t\t<\/div>\n\t\t\t\t\t<\/div>\n\t\t\t\t\t\t\t\t\t\t\t\t\t\t\t\t<div class=\"badge absolute top post-date badge-circle\">\n\t\t\t\t\t\t\t<div class=\"badge-inner\">\n\t\t\t\t\t\t\t\t<span class=\"post-date-day\">13<\/span><br>\n\t\t\t\t\t\t\t\t<span class=\"post-date-month is-xsmall\">\u0430\u0432\u0433<\/span>\n\t\t\t\t\t\t\t<\/div>\n\t\t\t\t\t\t<\/div>\n\t\t\t\t\t\t\t\t\t<\/div>\n\t\t\t<\/div>\n\t\t<\/div><div class=\"col post-item\" >\n\t\t\t<div class=\"col-inner\">\n\t\t\t\t<div class=\"box box-push box-text-bottom box-blog-post has-hover\">\n            \t\t\t\t\t<div class=\"box-image\" >\n  \t\t\t\t\t\t<div class=\"image-cover\" style=\"padding-top:100%;\">\n\t\t\t\t\t\t\t<a href=\"https:\/\/www.alevcamcioglu.com\/sr\/da-li-ostaju-konci-i-oziljci-nakon-operacije-nosa\/\" class=\"plain\" aria-label=\"Da li Ostaju Konci i O\u017eiljci nakon Operacije Nosa?\">\n\t\t\t\t\t\t\t\t<img decoding=\"async\" width=\"1140\" height=\"500\" src=\"https:\/\/www.alevcamcioglu.com\/wp-content\/uploads\/2024\/08\/Burun-Estetigi-Sonrasi-Dikis-Yara-Izi-Kalir-Mi.jpg\" class=\"attachment-2048x2048 size-2048x2048 wp-post-image\" alt=\"\" srcset=\"https:\/\/www.alevcamcioglu.com\/wp-content\/uploads\/2024\/08\/Burun-Estetigi-Sonrasi-Dikis-Yara-Izi-Kalir-Mi.jpg 1140w, https:\/\/www.alevcamcioglu.com\/wp-content\/uploads\/2024\/08\/Burun-Estetigi-Sonrasi-Dikis-Yara-Izi-Kalir-Mi-300x132.jpg 300w, https:\/\/www.alevcamcioglu.com\/wp-content\/uploads\/2024\/08\/Burun-Estetigi-Sonrasi-Dikis-Yara-Izi-Kalir-Mi-1024x449.jpg 1024w, https:\/\/www.alevcamcioglu.com\/wp-content\/uploads\/2024\/08\/Burun-Estetigi-Sonrasi-Dikis-Yara-Izi-Kalir-Mi-768x337.jpg 768w, https:\/\/www.alevcamcioglu.com\/wp-content\/uploads\/2024\/08\/Burun-Estetigi-Sonrasi-Dikis-Yara-Izi-Kalir-Mi-370x162.jpg 370w, https:\/\/www.alevcamcioglu.com\/wp-content\/uploads\/2024\/08\/Burun-Estetigi-Sonrasi-Dikis-Yara-Izi-Kalir-Mi-760x333.jpg 760w\" sizes=\"(max-width: 1140px) 100vw, 1140px\" title=\"\">\t\t\t\t\t\t\t<\/a>\n  \t\t\t\t\t\t\t  \t\t\t\t\t\t\t  \t\t\t\t\t\t<\/div>\n  \t\t\t\t\t\t  \t\t\t\t\t<\/div>\n          \t\t\t\t\t<div class=\"box-text text-center\" >\n\t\t\t\t\t<div class=\"box-text-inner blog-post-inner\">\n\n\t\t\t\t\t\n\t\t\t\t\t\t\t\t\t\t<h5 class=\"post-title is-large \">\n\t\t\t\t\t\t<a href=\"https:\/\/www.alevcamcioglu.com\/sr\/da-li-ostaju-konci-i-oziljci-nakon-operacije-nosa\/\" class=\"plain\">Da li Ostaju Konci i O\u017eiljci nakon Operacije Nosa?<\/a>\n\t\t\t\t\t<\/h5>\n\t\t\t\t\t\t\t\t\t\t<div class=\"is-divider\"><\/div>\n\t\t\t\t\t                    \n\t\t\t\t\t\t\t\t\t\t\t<a href=\"https:\/\/www.alevcamcioglu.com\/sr\/da-li-ostaju-konci-i-oziljci-nakon-operacije-nosa\/\" class=\"button primary is-outline is-small mb-0\">\n\t\t\t\t\t\t\tContinue Reading\t\t\t\t\t\t<\/a>\n\t\t\t\t\t\n\t\t\t\t\t\n\t\t\t\t\t<\/div>\n\t\t\t\t\t<\/div>\n\t\t\t\t\t\t\t\t\t\t\t\t\t\t\t\t<div class=\"badge absolute top post-date badge-circle\">\n\t\t\t\t\t\t\t<div class=\"badge-inner\">\n\t\t\t\t\t\t\t\t<span class=\"post-date-day\">13<\/span><br>\n\t\t\t\t\t\t\t\t<span class=\"post-date-month is-xsmall\">\u0430\u0432\u0433<\/span>\n\t\t\t\t\t\t\t<\/div>\n\t\t\t\t\t\t<\/div>\n\t\t\t\t\t\t\t\t\t<\/div>\n\t\t\t<\/div>\n\t\t<\/div><div class=\"col post-item\" >\n\t\t\t<div class=\"col-inner\">\n\t\t\t\t<div class=\"box box-push box-text-bottom box-blog-post has-hover\">\n            \t\t\t\t\t<div class=\"box-image\" >\n  \t\t\t\t\t\t<div class=\"image-cover\" style=\"padding-top:100%;\">\n\t\t\t\t\t\t\t<a href=\"https:\/\/www.alevcamcioglu.com\/sr\/da-li-operacija-nosa-menja-oblik-usana\/\" class=\"plain\" aria-label=\"Da Li Operacija Nosa Menja Oblik Usana?\">\n\t\t\t\t\t\t\t\t<img decoding=\"async\" width=\"1140\" height=\"500\" src=\"https:\/\/www.alevcamcioglu.com\/wp-content\/uploads\/2024\/08\/Burun-Ameliyati-Dudak-Seklini-Degistirir-Mi.jpg\" class=\"attachment-2048x2048 size-2048x2048 wp-post-image\" alt=\"\" srcset=\"https:\/\/www.alevcamcioglu.com\/wp-content\/uploads\/2024\/08\/Burun-Ameliyati-Dudak-Seklini-Degistirir-Mi.jpg 1140w, https:\/\/www.alevcamcioglu.com\/wp-content\/uploads\/2024\/08\/Burun-Ameliyati-Dudak-Seklini-Degistirir-Mi-300x132.jpg 300w, https:\/\/www.alevcamcioglu.com\/wp-content\/uploads\/2024\/08\/Burun-Ameliyati-Dudak-Seklini-Degistirir-Mi-1024x449.jpg 1024w, https:\/\/www.alevcamcioglu.com\/wp-content\/uploads\/2024\/08\/Burun-Ameliyati-Dudak-Seklini-Degistirir-Mi-768x337.jpg 768w, https:\/\/www.alevcamcioglu.com\/wp-content\/uploads\/2024\/08\/Burun-Ameliyati-Dudak-Seklini-Degistirir-Mi-370x162.jpg 370w, https:\/\/www.alevcamcioglu.com\/wp-content\/uploads\/2024\/08\/Burun-Ameliyati-Dudak-Seklini-Degistirir-Mi-760x333.jpg 760w\" sizes=\"(max-width: 1140px) 100vw, 1140px\" title=\"\">\t\t\t\t\t\t\t<\/a>\n  \t\t\t\t\t\t\t  \t\t\t\t\t\t\t  \t\t\t\t\t\t<\/div>\n  \t\t\t\t\t\t  \t\t\t\t\t<\/div>\n          \t\t\t\t\t<div class=\"box-text text-center\" >\n\t\t\t\t\t<div class=\"box-text-inner blog-post-inner\">\n\n\t\t\t\t\t\n\t\t\t\t\t\t\t\t\t\t<h5 class=\"post-title is-large \">\n\t\t\t\t\t\t<a href=\"https:\/\/www.alevcamcioglu.com\/sr\/da-li-operacija-nosa-menja-oblik-usana\/\" class=\"plain\">Da Li Operacija Nosa Menja Oblik Usana?<\/a>\n\t\t\t\t\t<\/h5>\n\t\t\t\t\t\t\t\t\t\t<div class=\"is-divider\"><\/div>\n\t\t\t\t\t                    \n\t\t\t\t\t\t\t\t\t\t\t<a href=\"https:\/\/www.alevcamcioglu.com\/sr\/da-li-operacija-nosa-menja-oblik-usana\/\" class=\"button primary is-outline is-small mb-0\">\n\t\t\t\t\t\t\tContinue Reading\t\t\t\t\t\t<\/a>\n\t\t\t\t\t\n\t\t\t\t\t\n\t\t\t\t\t<\/div>\n\t\t\t\t\t<\/div>\n\t\t\t\t\t\t\t\t\t\t\t\t\t\t\t\t<div class=\"badge absolute top post-date badge-circle\">\n\t\t\t\t\t\t\t<div class=\"badge-inner\">\n\t\t\t\t\t\t\t\t<span class=\"post-date-day\">13<\/span><br>\n\t\t\t\t\t\t\t\t<span class=\"post-date-month is-xsmall\">\u0430\u0432\u0433<\/span>\n\t\t\t\t\t\t\t<\/div>\n\t\t\t\t\t\t<\/div>\n\t\t\t\t\t\t\t\t\t<\/div>\n\t\t\t<\/div>\n\t\t<\/div><div class=\"col post-item\" >\n\t\t\t<div class=\"col-inner\">\n\t\t\t\t<div class=\"box box-push box-text-bottom box-blog-post has-hover\">\n            \t\t\t\t\t<div class=\"box-image\" >\n  \t\t\t\t\t\t<div class=\"image-cover\" style=\"padding-top:100%;\">\n\t\t\t\t\t\t\t<a href=\"https:\/\/www.alevcamcioglu.com\/sr\/koji-faktori-mogu-biti-prepreka-za-operaciju-nosa\/\" class=\"plain\" aria-label=\"Koji Faktori Mogu Biti Prepreka Za Operaciju Nosa?\">\n\t\t\t\t\t\t\t\t<img decoding=\"async\" width=\"1140\" height=\"500\" src=\"https:\/\/www.alevcamcioglu.com\/wp-content\/uploads\/2024\/08\/Burun-Estetigi-Ameliyatina-Engel-Durumlar-Nelerdir.jpg\" class=\"attachment-2048x2048 size-2048x2048 wp-post-image\" alt=\"\" srcset=\"https:\/\/www.alevcamcioglu.com\/wp-content\/uploads\/2024\/08\/Burun-Estetigi-Ameliyatina-Engel-Durumlar-Nelerdir.jpg 1140w, https:\/\/www.alevcamcioglu.com\/wp-content\/uploads\/2024\/08\/Burun-Estetigi-Ameliyatina-Engel-Durumlar-Nelerdir-300x132.jpg 300w, https:\/\/www.alevcamcioglu.com\/wp-content\/uploads\/2024\/08\/Burun-Estetigi-Ameliyatina-Engel-Durumlar-Nelerdir-1024x449.jpg 1024w, https:\/\/www.alevcamcioglu.com\/wp-content\/uploads\/2024\/08\/Burun-Estetigi-Ameliyatina-Engel-Durumlar-Nelerdir-768x337.jpg 768w, https:\/\/www.alevcamcioglu.com\/wp-content\/uploads\/2024\/08\/Burun-Estetigi-Ameliyatina-Engel-Durumlar-Nelerdir-370x162.jpg 370w, https:\/\/www.alevcamcioglu.com\/wp-content\/uploads\/2024\/08\/Burun-Estetigi-Ameliyatina-Engel-Durumlar-Nelerdir-760x333.jpg 760w\" sizes=\"(max-width: 1140px) 100vw, 1140px\" title=\"\">\t\t\t\t\t\t\t<\/a>\n  \t\t\t\t\t\t\t  \t\t\t\t\t\t\t  \t\t\t\t\t\t<\/div>\n  \t\t\t\t\t\t  \t\t\t\t\t<\/div>\n          \t\t\t\t\t<div class=\"box-text text-center\" >\n\t\t\t\t\t<div class=\"box-text-inner blog-post-inner\">\n\n\t\t\t\t\t\n\t\t\t\t\t\t\t\t\t\t<h5 class=\"post-title is-large \">\n\t\t\t\t\t\t<a href=\"https:\/\/www.alevcamcioglu.com\/sr\/koji-faktori-mogu-biti-prepreka-za-operaciju-nosa\/\" class=\"plain\">Koji Faktori Mogu Biti Prepreka Za Operaciju Nosa?<\/a>\n\t\t\t\t\t<\/h5>\n\t\t\t\t\t\t\t\t\t\t<div class=\"is-divider\"><\/div>\n\t\t\t\t\t                    \n\t\t\t\t\t\t\t\t\t\t\t<a href=\"https:\/\/www.alevcamcioglu.com\/sr\/koji-faktori-mogu-biti-prepreka-za-operaciju-nosa\/\" class=\"button primary is-outline is-small mb-0\">\n\t\t\t\t\t\t\tContinue Reading\t\t\t\t\t\t<\/a>\n\t\t\t\t\t\n\t\t\t\t\t\n\t\t\t\t\t<\/div>\n\t\t\t\t\t<\/div>\n\t\t\t\t\t\t\t\t\t\t\t\t\t\t\t\t<div class=\"badge absolute top post-date badge-circle\">\n\t\t\t\t\t\t\t<div class=\"badge-inner\">\n\t\t\t\t\t\t\t\t<span class=\"post-date-day\">13<\/span><br>\n\t\t\t\t\t\t\t\t<span class=\"post-date-month is-xsmall\">\u0430\u0432\u0433<\/span>\n\t\t\t\t\t\t\t<\/div>\n\t\t\t\t\t\t<\/div>\n\t\t\t\t\t\t\t\t\t<\/div>\n\t\t\t<\/div>\n\t\t<\/div><div class=\"col post-item\" >\n\t\t\t<div class=\"col-inner\">\n\t\t\t\t<div class=\"box box-push box-text-bottom box-blog-post has-hover\">\n            \t\t\t\t\t<div class=\"box-image\" >\n  \t\t\t\t\t\t<div class=\"image-cover\" style=\"padding-top:100%;\">\n\t\t\t\t\t\t\t<a href=\"https:\/\/www.alevcamcioglu.com\/sr\/kada-se-povlace-modrice-nakon-operacije-nosa\/\" class=\"plain\" aria-label=\"Kada Se Povla\u010de Modrice Nakon Operacije Nosa?\">\n\t\t\t\t\t\t\t\t<img decoding=\"async\" width=\"1140\" height=\"500\" src=\"https:\/\/www.alevcamcioglu.com\/wp-content\/uploads\/2024\/08\/Rinoplasti-Sonrasi-Morluklar-Ne-Zaman-Iyilesir.jpg\" class=\"attachment-2048x2048 size-2048x2048 wp-post-image\" alt=\"\" srcset=\"https:\/\/www.alevcamcioglu.com\/wp-content\/uploads\/2024\/08\/Rinoplasti-Sonrasi-Morluklar-Ne-Zaman-Iyilesir.jpg 1140w, https:\/\/www.alevcamcioglu.com\/wp-content\/uploads\/2024\/08\/Rinoplasti-Sonrasi-Morluklar-Ne-Zaman-Iyilesir-300x132.jpg 300w, https:\/\/www.alevcamcioglu.com\/wp-content\/uploads\/2024\/08\/Rinoplasti-Sonrasi-Morluklar-Ne-Zaman-Iyilesir-1024x449.jpg 1024w, https:\/\/www.alevcamcioglu.com\/wp-content\/uploads\/2024\/08\/Rinoplasti-Sonrasi-Morluklar-Ne-Zaman-Iyilesir-768x337.jpg 768w, https:\/\/www.alevcamcioglu.com\/wp-content\/uploads\/2024\/08\/Rinoplasti-Sonrasi-Morluklar-Ne-Zaman-Iyilesir-370x162.jpg 370w, https:\/\/www.alevcamcioglu.com\/wp-content\/uploads\/2024\/08\/Rinoplasti-Sonrasi-Morluklar-Ne-Zaman-Iyilesir-760x333.jpg 760w\" sizes=\"(max-width: 1140px) 100vw, 1140px\" title=\"\">\t\t\t\t\t\t\t<\/a>\n  \t\t\t\t\t\t\t  \t\t\t\t\t\t\t  \t\t\t\t\t\t<\/div>\n  \t\t\t\t\t\t  \t\t\t\t\t<\/div>\n          \t\t\t\t\t<div class=\"box-text text-center\" >\n\t\t\t\t\t<div class=\"box-text-inner blog-post-inner\">\n\n\t\t\t\t\t\n\t\t\t\t\t\t\t\t\t\t<h5 class=\"post-title is-large \">\n\t\t\t\t\t\t<a href=\"https:\/\/www.alevcamcioglu.com\/sr\/kada-se-povlace-modrice-nakon-operacije-nosa\/\" class=\"plain\">Kada Se Povla\u010de Modrice Nakon Operacije Nosa?<\/a>\n\t\t\t\t\t<\/h5>\n\t\t\t\t\t\t\t\t\t\t<div class=\"is-divider\"><\/div>\n\t\t\t\t\t                    \n\t\t\t\t\t\t\t\t\t\t\t<a href=\"https:\/\/www.alevcamcioglu.com\/sr\/kada-se-povlace-modrice-nakon-operacije-nosa\/\" class=\"button primary is-outline is-small mb-0\">\n\t\t\t\t\t\t\tContinue Reading\t\t\t\t\t\t<\/a>\n\t\t\t\t\t\n\t\t\t\t\t\n\t\t\t\t\t<\/div>\n\t\t\t\t\t<\/div>\n\t\t\t\t\t\t\t\t\t\t\t\t\t\t\t\t<div class=\"badge absolute top post-date badge-circle\">\n\t\t\t\t\t\t\t<div class=\"badge-inner\">\n\t\t\t\t\t\t\t\t<span class=\"post-date-day\">13<\/span><br>\n\t\t\t\t\t\t\t\t<span class=\"post-date-month is-xsmall\">\u0430\u0432\u0433<\/span>\n\t\t\t\t\t\t\t<\/div>\n\t\t\t\t\t\t<\/div>\n\t\t\t\t\t\t\t\t\t<\/div>\n\t\t\t<\/div>\n\t\t<\/div><div class=\"col post-item\" >\n\t\t\t<div class=\"col-inner\">\n\t\t\t\t<div class=\"box box-push box-text-bottom box-blog-post has-hover\">\n            \t\t\t\t\t<div class=\"box-image\" >\n  \t\t\t\t\t\t<div class=\"image-cover\" style=\"padding-top:100%;\">\n\t\t\t\t\t\t\t<a href=\"https:\/\/www.alevcamcioglu.com\/sr\/upotreba-fiksatora-i-tampona-u-estetici-nosa\/\" class=\"plain\" aria-label=\"Upotreba Fiksatora i Tampona u Estetici Nosa\">\n\t\t\t\t\t\t\t\t<img decoding=\"async\" width=\"1140\" height=\"500\" src=\"https:\/\/www.alevcamcioglu.com\/wp-content\/uploads\/2024\/08\/Burun-Estetiginde-Atel-ve-Tampon-Kullanimi.jpg\" class=\"attachment-2048x2048 size-2048x2048 wp-post-image\" alt=\"\" srcset=\"https:\/\/www.alevcamcioglu.com\/wp-content\/uploads\/2024\/08\/Burun-Estetiginde-Atel-ve-Tampon-Kullanimi.jpg 1140w, https:\/\/www.alevcamcioglu.com\/wp-content\/uploads\/2024\/08\/Burun-Estetiginde-Atel-ve-Tampon-Kullanimi-300x132.jpg 300w, https:\/\/www.alevcamcioglu.com\/wp-content\/uploads\/2024\/08\/Burun-Estetiginde-Atel-ve-Tampon-Kullanimi-1024x449.jpg 1024w, https:\/\/www.alevcamcioglu.com\/wp-content\/uploads\/2024\/08\/Burun-Estetiginde-Atel-ve-Tampon-Kullanimi-768x337.jpg 768w, https:\/\/www.alevcamcioglu.com\/wp-content\/uploads\/2024\/08\/Burun-Estetiginde-Atel-ve-Tampon-Kullanimi-370x162.jpg 370w, https:\/\/www.alevcamcioglu.com\/wp-content\/uploads\/2024\/08\/Burun-Estetiginde-Atel-ve-Tampon-Kullanimi-760x333.jpg 760w\" sizes=\"(max-width: 1140px) 100vw, 1140px\" title=\"\">\t\t\t\t\t\t\t<\/a>\n  \t\t\t\t\t\t\t  \t\t\t\t\t\t\t  \t\t\t\t\t\t<\/div>\n  \t\t\t\t\t\t  \t\t\t\t\t<\/div>\n          \t\t\t\t\t<div class=\"box-text text-center\" >\n\t\t\t\t\t<div class=\"box-text-inner blog-post-inner\">\n\n\t\t\t\t\t\n\t\t\t\t\t\t\t\t\t\t<h5 class=\"post-title is-large \">\n\t\t\t\t\t\t<a href=\"https:\/\/www.alevcamcioglu.com\/sr\/upotreba-fiksatora-i-tampona-u-estetici-nosa\/\" class=\"plain\">Upotreba Fiksatora i Tampona u Estetici Nosa<\/a>\n\t\t\t\t\t<\/h5>\n\t\t\t\t\t\t\t\t\t\t<div class=\"is-divider\"><\/div>\n\t\t\t\t\t                    \n\t\t\t\t\t\t\t\t\t\t\t<a href=\"https:\/\/www.alevcamcioglu.com\/sr\/upotreba-fiksatora-i-tampona-u-estetici-nosa\/\" class=\"button primary is-outline is-small mb-0\">\n\t\t\t\t\t\t\tContinue Reading\t\t\t\t\t\t<\/a>\n\t\t\t\t\t\n\t\t\t\t\t\n\t\t\t\t\t<\/div>\n\t\t\t\t\t<\/div>\n\t\t\t\t\t\t\t\t\t\t\t\t\t\t\t\t<div class=\"badge absolute top post-date badge-circle\">\n\t\t\t\t\t\t\t<div class=\"badge-inner\">\n\t\t\t\t\t\t\t\t<span class=\"post-date-day\">13<\/span><br>\n\t\t\t\t\t\t\t\t<span class=\"post-date-month is-xsmall\">\u0430\u0432\u0433<\/span>\n\t\t\t\t\t\t\t<\/div>\n\t\t\t\t\t\t<\/div>\n\t\t\t\t\t\t\t\t\t<\/div>\n\t\t\t<\/div>\n\t\t<\/div><div class=\"col post-item\" >\n\t\t\t<div class=\"col-inner\">\n\t\t\t\t<div class=\"box box-push box-text-bottom box-blog-post has-hover\">\n            \t\t\t\t\t<div class=\"box-image\" >\n  \t\t\t\t\t\t<div class=\"image-cover\" style=\"padding-top:100%;\">\n\t\t\t\t\t\t\t<a href=\"https:\/\/www.alevcamcioglu.com\/sr\/da-li-je-moguce-izvesti-operaciju-estetike-nosa-dok-nosite-aparatic-za-zube\/\" class=\"plain\" aria-label=\"Da li je Mogu\u0107e Izvesti Operaciju Estetike Nosa Dok Nosite Aparati\u0107 za Zube?\">\n\t\t\t\t\t\t\t\t<img decoding=\"async\" width=\"1140\" height=\"500\" src=\"https:\/\/www.alevcamcioglu.com\/wp-content\/uploads\/2024\/07\/Dis-Teli-Varken-Burun-Estetigi-Ameliyati-Yapilir-Mi.jpg\" class=\"attachment-2048x2048 size-2048x2048 wp-post-image\" alt=\"\" srcset=\"https:\/\/www.alevcamcioglu.com\/wp-content\/uploads\/2024\/07\/Dis-Teli-Varken-Burun-Estetigi-Ameliyati-Yapilir-Mi.jpg 1140w, https:\/\/www.alevcamcioglu.com\/wp-content\/uploads\/2024\/07\/Dis-Teli-Varken-Burun-Estetigi-Ameliyati-Yapilir-Mi-300x132.jpg 300w, https:\/\/www.alevcamcioglu.com\/wp-content\/uploads\/2024\/07\/Dis-Teli-Varken-Burun-Estetigi-Ameliyati-Yapilir-Mi-1024x449.jpg 1024w, https:\/\/www.alevcamcioglu.com\/wp-content\/uploads\/2024\/07\/Dis-Teli-Varken-Burun-Estetigi-Ameliyati-Yapilir-Mi-768x337.jpg 768w, https:\/\/www.alevcamcioglu.com\/wp-content\/uploads\/2024\/07\/Dis-Teli-Varken-Burun-Estetigi-Ameliyati-Yapilir-Mi-370x162.jpg 370w, https:\/\/www.alevcamcioglu.com\/wp-content\/uploads\/2024\/07\/Dis-Teli-Varken-Burun-Estetigi-Ameliyati-Yapilir-Mi-760x333.jpg 760w\" sizes=\"(max-width: 1140px) 100vw, 1140px\" title=\"\">\t\t\t\t\t\t\t<\/a>\n  \t\t\t\t\t\t\t  \t\t\t\t\t\t\t  \t\t\t\t\t\t<\/div>\n  \t\t\t\t\t\t  \t\t\t\t\t<\/div>\n          \t\t\t\t\t<div class=\"box-text text-center\" >\n\t\t\t\t\t<div class=\"box-text-inner blog-post-inner\">\n\n\t\t\t\t\t\n\t\t\t\t\t\t\t\t\t\t<h5 class=\"post-title is-large \">\n\t\t\t\t\t\t<a href=\"https:\/\/www.alevcamcioglu.com\/sr\/da-li-je-moguce-izvesti-operaciju-estetike-nosa-dok-nosite-aparatic-za-zube\/\" class=\"plain\">Da li je Mogu\u0107e Izvesti Operaciju Estetike Nosa Dok Nosite Aparati\u0107 za Zube?<\/a>\n\t\t\t\t\t<\/h5>\n\t\t\t\t\t\t\t\t\t\t<div class=\"is-divider\"><\/div>\n\t\t\t\t\t                    \n\t\t\t\t\t\t\t\t\t\t\t<a href=\"https:\/\/www.alevcamcioglu.com\/sr\/da-li-je-moguce-izvesti-operaciju-estetike-nosa-dok-nosite-aparatic-za-zube\/\" class=\"button primary is-outline is-small mb-0\">\n\t\t\t\t\t\t\tContinue Reading\t\t\t\t\t\t<\/a>\n\t\t\t\t\t\n\t\t\t\t\t\n\t\t\t\t\t<\/div>\n\t\t\t\t\t<\/div>\n\t\t\t\t\t\t\t\t\t\t\t\t\t\t\t\t<div class=\"badge absolute top post-date badge-circle\">\n\t\t\t\t\t\t\t<div class=\"badge-inner\">\n\t\t\t\t\t\t\t\t<span class=\"post-date-day\">29<\/span><br>\n\t\t\t\t\t\t\t\t<span class=\"post-date-month is-xsmall\">\u0458\u0443\u043b<\/span>\n\t\t\t\t\t\t\t<\/div>\n\t\t\t\t\t\t<\/div>\n\t\t\t\t\t\t\t\t\t<\/div>\n\t\t\t<\/div>\n\t\t<\/div><div class=\"col post-item\" >\n\t\t\t<div class=\"col-inner\">\n\t\t\t\t<div class=\"box box-push box-text-bottom box-blog-post has-hover\">\n            \t\t\t\t\t<div class=\"box-image\" >\n  \t\t\t\t\t\t<div class=\"image-cover\" style=\"padding-top:100%;\">\n\t\t\t\t\t\t\t<a href=\"https:\/\/www.alevcamcioglu.com\/sr\/operacija-priraslica-unutar-nosa\/\" class=\"plain\" aria-label=\"Operacija Priraslica Unutar Nosa\">\n\t\t\t\t\t\t\t\t<img decoding=\"async\" width=\"1140\" height=\"500\" src=\"https:\/\/www.alevcamcioglu.com\/wp-content\/uploads\/2024\/07\/Burun-Ici-Yapisiklik-Ameliyati.jpg\" class=\"attachment-2048x2048 size-2048x2048 wp-post-image\" alt=\"\" srcset=\"https:\/\/www.alevcamcioglu.com\/wp-content\/uploads\/2024\/07\/Burun-Ici-Yapisiklik-Ameliyati.jpg 1140w, https:\/\/www.alevcamcioglu.com\/wp-content\/uploads\/2024\/07\/Burun-Ici-Yapisiklik-Ameliyati-300x132.jpg 300w, https:\/\/www.alevcamcioglu.com\/wp-content\/uploads\/2024\/07\/Burun-Ici-Yapisiklik-Ameliyati-1024x449.jpg 1024w, https:\/\/www.alevcamcioglu.com\/wp-content\/uploads\/2024\/07\/Burun-Ici-Yapisiklik-Ameliyati-768x337.jpg 768w, https:\/\/www.alevcamcioglu.com\/wp-content\/uploads\/2024\/07\/Burun-Ici-Yapisiklik-Ameliyati-370x162.jpg 370w, https:\/\/www.alevcamcioglu.com\/wp-content\/uploads\/2024\/07\/Burun-Ici-Yapisiklik-Ameliyati-760x333.jpg 760w\" sizes=\"(max-width: 1140px) 100vw, 1140px\" title=\"\">\t\t\t\t\t\t\t<\/a>\n  \t\t\t\t\t\t\t  \t\t\t\t\t\t\t  \t\t\t\t\t\t<\/div>\n  \t\t\t\t\t\t  \t\t\t\t\t<\/div>\n          \t\t\t\t\t<div class=\"box-text text-center\" >\n\t\t\t\t\t<div class=\"box-text-inner blog-post-inner\">\n\n\t\t\t\t\t\n\t\t\t\t\t\t\t\t\t\t<h5 class=\"post-title is-large \">\n\t\t\t\t\t\t<a href=\"https:\/\/www.alevcamcioglu.com\/sr\/operacija-priraslica-unutar-nosa\/\" class=\"plain\">Operacija Priraslica Unutar Nosa<\/a>\n\t\t\t\t\t<\/h5>\n\t\t\t\t\t\t\t\t\t\t<div class=\"is-divider\"><\/div>\n\t\t\t\t\t                    \n\t\t\t\t\t\t\t\t\t\t\t<a href=\"https:\/\/www.alevcamcioglu.com\/sr\/operacija-priraslica-unutar-nosa\/\" class=\"button primary is-outline is-small mb-0\">\n\t\t\t\t\t\t\tContinue Reading\t\t\t\t\t\t<\/a>\n\t\t\t\t\t\n\t\t\t\t\t\n\t\t\t\t\t<\/div>\n\t\t\t\t\t<\/div>\n\t\t\t\t\t\t\t\t\t\t\t\t\t\t\t\t<div class=\"badge absolute top post-date badge-circle\">\n\t\t\t\t\t\t\t<div class=\"badge-inner\">\n\t\t\t\t\t\t\t\t<span class=\"post-date-day\">29<\/span><br>\n\t\t\t\t\t\t\t\t<span class=\"post-date-month is-xsmall\">\u0458\u0443\u043b<\/span>\n\t\t\t\t\t\t\t<\/div>\n\t\t\t\t\t\t<\/div>\n\t\t\t\t\t\t\t\t\t<\/div>\n\t\t\t<\/div>\n\t\t<\/div><div class=\"col post-item\" >\n\t\t\t<div class=\"col-inner\">\n\t\t\t\t<div class=\"box box-push box-text-bottom box-blog-post has-hover\">\n            \t\t\t\t\t<div class=\"box-image\" >\n  \t\t\t\t\t\t<div class=\"image-cover\" style=\"padding-top:100%;\">\n\t\t\t\t\t\t\t<a href=\"https:\/\/www.alevcamcioglu.com\/sr\/da-li-je-moguce-raditi-rinoplastiku-tokom-letnjeg-perioda\/\" class=\"plain\" aria-label=\"Da li je mogu\u0107e raditi rinoplastiku tokom letnjeg perioda?\">\n\t\t\t\t\t\t\t\t<img decoding=\"async\" width=\"1140\" height=\"500\" src=\"https:\/\/www.alevcamcioglu.com\/wp-content\/uploads\/2024\/07\/Yaz-Doneminde-Burun-Estetigi-Olur-Mu.jpg\" class=\"attachment-2048x2048 size-2048x2048 wp-post-image\" alt=\"\" srcset=\"https:\/\/www.alevcamcioglu.com\/wp-content\/uploads\/2024\/07\/Yaz-Doneminde-Burun-Estetigi-Olur-Mu.jpg 1140w, https:\/\/www.alevcamcioglu.com\/wp-content\/uploads\/2024\/07\/Yaz-Doneminde-Burun-Estetigi-Olur-Mu-300x132.jpg 300w, https:\/\/www.alevcamcioglu.com\/wp-content\/uploads\/2024\/07\/Yaz-Doneminde-Burun-Estetigi-Olur-Mu-1024x449.jpg 1024w, https:\/\/www.alevcamcioglu.com\/wp-content\/uploads\/2024\/07\/Yaz-Doneminde-Burun-Estetigi-Olur-Mu-768x337.jpg 768w, https:\/\/www.alevcamcioglu.com\/wp-content\/uploads\/2024\/07\/Yaz-Doneminde-Burun-Estetigi-Olur-Mu-370x162.jpg 370w, https:\/\/www.alevcamcioglu.com\/wp-content\/uploads\/2024\/07\/Yaz-Doneminde-Burun-Estetigi-Olur-Mu-760x333.jpg 760w\" sizes=\"(max-width: 1140px) 100vw, 1140px\" title=\"\">\t\t\t\t\t\t\t<\/a>\n  \t\t\t\t\t\t\t  \t\t\t\t\t\t\t  \t\t\t\t\t\t<\/div>\n  \t\t\t\t\t\t  \t\t\t\t\t<\/div>\n          \t\t\t\t\t<div class=\"box-text text-center\" >\n\t\t\t\t\t<div class=\"box-text-inner blog-post-inner\">\n\n\t\t\t\t\t\n\t\t\t\t\t\t\t\t\t\t<h5 class=\"post-title is-large \">\n\t\t\t\t\t\t<a href=\"https:\/\/www.alevcamcioglu.com\/sr\/da-li-je-moguce-raditi-rinoplastiku-tokom-letnjeg-perioda\/\" class=\"plain\">Da li je mogu\u0107e raditi rinoplastiku tokom letnjeg perioda?<\/a>\n\t\t\t\t\t<\/h5>\n\t\t\t\t\t\t\t\t\t\t<div class=\"is-divider\"><\/div>\n\t\t\t\t\t                    \n\t\t\t\t\t\t\t\t\t\t\t<a href=\"https:\/\/www.alevcamcioglu.com\/sr\/da-li-je-moguce-raditi-rinoplastiku-tokom-letnjeg-perioda\/\" class=\"button primary is-outline is-small mb-0\">\n\t\t\t\t\t\t\tContinue Reading\t\t\t\t\t\t<\/a>\n\t\t\t\t\t\n\t\t\t\t\t\n\t\t\t\t\t<\/div>\n\t\t\t\t\t<\/div>\n\t\t\t\t\t\t\t\t\t\t\t\t\t\t\t\t<div class=\"badge absolute top post-date badge-circle\">\n\t\t\t\t\t\t\t<div class=\"badge-inner\">\n\t\t\t\t\t\t\t\t<span class=\"post-date-day\">29<\/span><br>\n\t\t\t\t\t\t\t\t<span class=\"post-date-month is-xsmall\">\u0458\u0443\u043b<\/span>\n\t\t\t\t\t\t\t<\/div>\n\t\t\t\t\t\t<\/div>\n\t\t\t\t\t\t\t\t\t<\/div>\n\t\t\t<\/div>\n\t\t<\/div><div class=\"col post-item\" >\n\t\t\t<div class=\"col-inner\">\n\t\t\t\t<div class=\"box box-push box-text-bottom box-blog-post has-hover\">\n            \t\t\t\t\t<div class=\"box-image\" >\n  \t\t\t\t\t\t<div class=\"image-cover\" style=\"padding-top:100%;\">\n\t\t\t\t\t\t\t<a href=\"https:\/\/www.alevcamcioglu.com\/sr\/da-li-je-moguce-ispraviti-grbu-na-nosu-vezbama\/\" class=\"plain\" aria-label=\"Da li je mogu\u0107e ispraviti grbu na nosu ve\u017ebama?\">\n\t\t\t\t\t\t\t\t<img decoding=\"async\" width=\"1140\" height=\"500\" src=\"https:\/\/www.alevcamcioglu.com\/wp-content\/uploads\/2024\/07\/Egzersiz-ile-Burun-Kemeri-Duzeltilebilir-Mi.jpg\" class=\"attachment-2048x2048 size-2048x2048 wp-post-image\" alt=\"\" srcset=\"https:\/\/www.alevcamcioglu.com\/wp-content\/uploads\/2024\/07\/Egzersiz-ile-Burun-Kemeri-Duzeltilebilir-Mi.jpg 1140w, https:\/\/www.alevcamcioglu.com\/wp-content\/uploads\/2024\/07\/Egzersiz-ile-Burun-Kemeri-Duzeltilebilir-Mi-300x132.jpg 300w, https:\/\/www.alevcamcioglu.com\/wp-content\/uploads\/2024\/07\/Egzersiz-ile-Burun-Kemeri-Duzeltilebilir-Mi-1024x449.jpg 1024w, https:\/\/www.alevcamcioglu.com\/wp-content\/uploads\/2024\/07\/Egzersiz-ile-Burun-Kemeri-Duzeltilebilir-Mi-768x337.jpg 768w, https:\/\/www.alevcamcioglu.com\/wp-content\/uploads\/2024\/07\/Egzersiz-ile-Burun-Kemeri-Duzeltilebilir-Mi-370x162.jpg 370w, https:\/\/www.alevcamcioglu.com\/wp-content\/uploads\/2024\/07\/Egzersiz-ile-Burun-Kemeri-Duzeltilebilir-Mi-760x333.jpg 760w\" sizes=\"(max-width: 1140px) 100vw, 1140px\" title=\"\">\t\t\t\t\t\t\t<\/a>\n  \t\t\t\t\t\t\t  \t\t\t\t\t\t\t  \t\t\t\t\t\t<\/div>\n  \t\t\t\t\t\t  \t\t\t\t\t<\/div>\n          \t\t\t\t\t<div class=\"box-text text-center\" >\n\t\t\t\t\t<div class=\"box-text-inner blog-post-inner\">\n\n\t\t\t\t\t\n\t\t\t\t\t\t\t\t\t\t<h5 class=\"post-title is-large \">\n\t\t\t\t\t\t<a href=\"https:\/\/www.alevcamcioglu.com\/sr\/da-li-je-moguce-ispraviti-grbu-na-nosu-vezbama\/\" class=\"plain\">Da li je mogu\u0107e ispraviti grbu na nosu ve\u017ebama?<\/a>\n\t\t\t\t\t<\/h5>\n\t\t\t\t\t\t\t\t\t\t<div class=\"is-divider\"><\/div>\n\t\t\t\t\t                    \n\t\t\t\t\t\t\t\t\t\t\t<a href=\"https:\/\/www.alevcamcioglu.com\/sr\/da-li-je-moguce-ispraviti-grbu-na-nosu-vezbama\/\" class=\"button primary is-outline is-small mb-0\">\n\t\t\t\t\t\t\tContinue Reading\t\t\t\t\t\t<\/a>\n\t\t\t\t\t\n\t\t\t\t\t\n\t\t\t\t\t<\/div>\n\t\t\t\t\t<\/div>\n\t\t\t\t\t\t\t\t\t\t\t\t\t\t\t\t<div class=\"badge absolute top post-date badge-circle\">\n\t\t\t\t\t\t\t<div class=\"badge-inner\">\n\t\t\t\t\t\t\t\t<span class=\"post-date-day\">29<\/span><br>\n\t\t\t\t\t\t\t\t<span class=\"post-date-month is-xsmall\">\u0458\u0443\u043b<\/span>\n\t\t\t\t\t\t\t<\/div>\n\t\t\t\t\t\t<\/div>\n\t\t\t\t\t\t\t\t\t<\/div>\n\t\t\t<\/div>\n\t\t<\/div><div class=\"col post-item\" >\n\t\t\t<div class=\"col-inner\">\n\t\t\t\t<div class=\"box box-push box-text-bottom box-blog-post has-hover\">\n            \t\t\t\t\t<div class=\"box-image\" >\n  \t\t\t\t\t\t<div class=\"image-cover\" style=\"padding-top:100%;\">\n\t\t\t\t\t\t\t<a href=\"https:\/\/www.alevcamcioglu.com\/sr\/da-li-se-moze-pojaviti-kolaps-nosa-nakon-operacije\/\" class=\"plain\" aria-label=\"Da li se mo\u017ee pojaviti kolaps nosa nakon operacije?\">\n\t\t\t\t\t\t\t\t<img decoding=\"async\" width=\"1140\" height=\"500\" src=\"https:\/\/www.alevcamcioglu.com\/wp-content\/uploads\/2024\/07\/Burun-Ameliyati-Sonrasi-Burunda-Cokme-Meydana-Gelir-Mi.jpg\" class=\"attachment-2048x2048 size-2048x2048 wp-post-image\" alt=\"\" srcset=\"https:\/\/www.alevcamcioglu.com\/wp-content\/uploads\/2024\/07\/Burun-Ameliyati-Sonrasi-Burunda-Cokme-Meydana-Gelir-Mi.jpg 1140w, https:\/\/www.alevcamcioglu.com\/wp-content\/uploads\/2024\/07\/Burun-Ameliyati-Sonrasi-Burunda-Cokme-Meydana-Gelir-Mi-300x132.jpg 300w, https:\/\/www.alevcamcioglu.com\/wp-content\/uploads\/2024\/07\/Burun-Ameliyati-Sonrasi-Burunda-Cokme-Meydana-Gelir-Mi-1024x449.jpg 1024w, https:\/\/www.alevcamcioglu.com\/wp-content\/uploads\/2024\/07\/Burun-Ameliyati-Sonrasi-Burunda-Cokme-Meydana-Gelir-Mi-768x337.jpg 768w, https:\/\/www.alevcamcioglu.com\/wp-content\/uploads\/2024\/07\/Burun-Ameliyati-Sonrasi-Burunda-Cokme-Meydana-Gelir-Mi-370x162.jpg 370w, https:\/\/www.alevcamcioglu.com\/wp-content\/uploads\/2024\/07\/Burun-Ameliyati-Sonrasi-Burunda-Cokme-Meydana-Gelir-Mi-760x333.jpg 760w\" sizes=\"(max-width: 1140px) 100vw, 1140px\" title=\"\">\t\t\t\t\t\t\t<\/a>\n  \t\t\t\t\t\t\t  \t\t\t\t\t\t\t  \t\t\t\t\t\t<\/div>\n  \t\t\t\t\t\t  \t\t\t\t\t<\/div>\n          \t\t\t\t\t<div class=\"box-text text-center\" >\n\t\t\t\t\t<div class=\"box-text-inner blog-post-inner\">\n\n\t\t\t\t\t\n\t\t\t\t\t\t\t\t\t\t<h5 class=\"post-title is-large \">\n\t\t\t\t\t\t<a href=\"https:\/\/www.alevcamcioglu.com\/sr\/da-li-se-moze-pojaviti-kolaps-nosa-nakon-operacije\/\" class=\"plain\">Da li se mo\u017ee pojaviti kolaps nosa nakon operacije?<\/a>\n\t\t\t\t\t<\/h5>\n\t\t\t\t\t\t\t\t\t\t<div class=\"is-divider\"><\/div>\n\t\t\t\t\t                    \n\t\t\t\t\t\t\t\t\t\t\t<a href=\"https:\/\/www.alevcamcioglu.com\/sr\/da-li-se-moze-pojaviti-kolaps-nosa-nakon-operacije\/\" class=\"button primary is-outline is-small mb-0\">\n\t\t\t\t\t\t\tContinue Reading\t\t\t\t\t\t<\/a>\n\t\t\t\t\t\n\t\t\t\t\t\n\t\t\t\t\t<\/div>\n\t\t\t\t\t<\/div>\n\t\t\t\t\t\t\t\t\t\t\t\t\t\t\t\t<div class=\"badge absolute top post-date badge-circle\">\n\t\t\t\t\t\t\t<div class=\"badge-inner\">\n\t\t\t\t\t\t\t\t<span class=\"post-date-day\">29<\/span><br>\n\t\t\t\t\t\t\t\t<span class=\"post-date-month is-xsmall\">\u0458\u0443\u043b<\/span>\n\t\t\t\t\t\t\t<\/div>\n\t\t\t\t\t\t<\/div>\n\t\t\t\t\t\t\t\t\t<\/div>\n\t\t\t<\/div>\n\t\t<\/div><div class=\"col post-item\" >\n\t\t\t<div class=\"col-inner\">\n\t\t\t\t<div class=\"box box-push box-text-bottom box-blog-post has-hover\">\n            \t\t\t\t\t<div class=\"box-image\" >\n  \t\t\t\t\t\t<div class=\"image-cover\" style=\"padding-top:100%;\">\n\t\t\t\t\t\t\t<a href=\"https:\/\/www.alevcamcioglu.com\/sr\/da-li-moze-doci-do-kolapsa-nosa-nakon-operacije-kod-osoba-sa-masnom-i-suvom-kozom\/\" class=\"plain\" aria-label=\"Da li mo\u017ee do\u0107i do kolapsa nosa nakon operacije kod osoba sa masnom i suvom ko\u017eom?\">\n\t\t\t\t\t\t\t\t<img decoding=\"async\" width=\"1140\" height=\"500\" src=\"https:\/\/www.alevcamcioglu.com\/wp-content\/uploads\/2024\/07\/Yagli-Derili-ve-Kuru-Derili-Burun-Ameliyati.jpg\" class=\"attachment-2048x2048 size-2048x2048 wp-post-image\" alt=\"\" srcset=\"https:\/\/www.alevcamcioglu.com\/wp-content\/uploads\/2024\/07\/Yagli-Derili-ve-Kuru-Derili-Burun-Ameliyati.jpg 1140w, https:\/\/www.alevcamcioglu.com\/wp-content\/uploads\/2024\/07\/Yagli-Derili-ve-Kuru-Derili-Burun-Ameliyati-300x132.jpg 300w, https:\/\/www.alevcamcioglu.com\/wp-content\/uploads\/2024\/07\/Yagli-Derili-ve-Kuru-Derili-Burun-Ameliyati-1024x449.jpg 1024w, https:\/\/www.alevcamcioglu.com\/wp-content\/uploads\/2024\/07\/Yagli-Derili-ve-Kuru-Derili-Burun-Ameliyati-768x337.jpg 768w, https:\/\/www.alevcamcioglu.com\/wp-content\/uploads\/2024\/07\/Yagli-Derili-ve-Kuru-Derili-Burun-Ameliyati-370x162.jpg 370w, https:\/\/www.alevcamcioglu.com\/wp-content\/uploads\/2024\/07\/Yagli-Derili-ve-Kuru-Derili-Burun-Ameliyati-760x333.jpg 760w\" sizes=\"(max-width: 1140px) 100vw, 1140px\" title=\"\">\t\t\t\t\t\t\t<\/a>\n  \t\t\t\t\t\t\t  \t\t\t\t\t\t\t  \t\t\t\t\t\t<\/div>\n  \t\t\t\t\t\t  \t\t\t\t\t<\/div>\n          \t\t\t\t\t<div class=\"box-text text-center\" >\n\t\t\t\t\t<div class=\"box-text-inner blog-post-inner\">\n\n\t\t\t\t\t\n\t\t\t\t\t\t\t\t\t\t<h5 class=\"post-title is-large \">\n\t\t\t\t\t\t<a href=\"https:\/\/www.alevcamcioglu.com\/sr\/da-li-moze-doci-do-kolapsa-nosa-nakon-operacije-kod-osoba-sa-masnom-i-suvom-kozom\/\" class=\"plain\">Da li mo\u017ee do\u0107i do kolapsa nosa nakon operacije kod osoba sa masnom i suvom ko\u017eom?<\/a>\n\t\t\t\t\t<\/h5>\n\t\t\t\t\t\t\t\t\t\t<div class=\"is-divider\"><\/div>\n\t\t\t\t\t                    \n\t\t\t\t\t\t\t\t\t\t\t<a href=\"https:\/\/www.alevcamcioglu.com\/sr\/da-li-moze-doci-do-kolapsa-nosa-nakon-operacije-kod-osoba-sa-masnom-i-suvom-kozom\/\" class=\"button primary is-outline is-small mb-0\">\n\t\t\t\t\t\t\tContinue Reading\t\t\t\t\t\t<\/a>\n\t\t\t\t\t\n\t\t\t\t\t\n\t\t\t\t\t<\/div>\n\t\t\t\t\t<\/div>\n\t\t\t\t\t\t\t\t\t\t\t\t\t\t\t\t<div class=\"badge absolute top post-date badge-circle\">\n\t\t\t\t\t\t\t<div class=\"badge-inner\">\n\t\t\t\t\t\t\t\t<span class=\"post-date-day\">29<\/span><br>\n\t\t\t\t\t\t\t\t<span class=\"post-date-month is-xsmall\">\u0458\u0443\u043b<\/span>\n\t\t\t\t\t\t\t<\/div>\n\t\t\t\t\t\t<\/div>\n\t\t\t\t\t\t\t\t\t<\/div>\n\t\t\t<\/div>\n\t\t<\/div><div class=\"col post-item\" >\n\t\t\t<div class=\"col-inner\">\n\t\t\t\t<div class=\"box box-push box-text-bottom box-blog-post has-hover\">\n            \t\t\t\t\t<div class=\"box-image\" >\n  \t\t\t\t\t\t<div class=\"image-cover\" style=\"padding-top:100%;\">\n\t\t\t\t\t\t\t<a href=\"https:\/\/www.alevcamcioglu.com\/sr\/da-li-je-moguca-operacija-nosa-tokom-perioda-dojenja\/\" class=\"plain\" aria-label=\"Da li je mogu\u0107a operacija nosa tokom perioda dojenja?\">\n\t\t\t\t\t\t\t\t<img decoding=\"async\" width=\"1140\" height=\"500\" src=\"https:\/\/www.alevcamcioglu.com\/wp-content\/uploads\/2024\/07\/Emzirme-Doneminde-Burun-Estetigi-Mumkun-Mudur.jpg\" class=\"attachment-2048x2048 size-2048x2048 wp-post-image\" alt=\"\" srcset=\"https:\/\/www.alevcamcioglu.com\/wp-content\/uploads\/2024\/07\/Emzirme-Doneminde-Burun-Estetigi-Mumkun-Mudur.jpg 1140w, https:\/\/www.alevcamcioglu.com\/wp-content\/uploads\/2024\/07\/Emzirme-Doneminde-Burun-Estetigi-Mumkun-Mudur-300x132.jpg 300w, https:\/\/www.alevcamcioglu.com\/wp-content\/uploads\/2024\/07\/Emzirme-Doneminde-Burun-Estetigi-Mumkun-Mudur-1024x449.jpg 1024w, https:\/\/www.alevcamcioglu.com\/wp-content\/uploads\/2024\/07\/Emzirme-Doneminde-Burun-Estetigi-Mumkun-Mudur-768x337.jpg 768w, https:\/\/www.alevcamcioglu.com\/wp-content\/uploads\/2024\/07\/Emzirme-Doneminde-Burun-Estetigi-Mumkun-Mudur-370x162.jpg 370w, https:\/\/www.alevcamcioglu.com\/wp-content\/uploads\/2024\/07\/Emzirme-Doneminde-Burun-Estetigi-Mumkun-Mudur-760x333.jpg 760w\" sizes=\"(max-width: 1140px) 100vw, 1140px\" title=\"\">\t\t\t\t\t\t\t<\/a>\n  \t\t\t\t\t\t\t  \t\t\t\t\t\t\t  \t\t\t\t\t\t<\/div>\n  \t\t\t\t\t\t  \t\t\t\t\t<\/div>\n          \t\t\t\t\t<div class=\"box-text text-center\" >\n\t\t\t\t\t<div class=\"box-text-inner blog-post-inner\">\n\n\t\t\t\t\t\n\t\t\t\t\t\t\t\t\t\t<h5 class=\"post-title is-large \">\n\t\t\t\t\t\t<a href=\"https:\/\/www.alevcamcioglu.com\/sr\/da-li-je-moguca-operacija-nosa-tokom-perioda-dojenja\/\" class=\"plain\">Da li je mogu\u0107a operacija nosa tokom perioda dojenja?<\/a>\n\t\t\t\t\t<\/h5>\n\t\t\t\t\t\t\t\t\t\t<div class=\"is-divider\"><\/div>\n\t\t\t\t\t                    \n\t\t\t\t\t\t\t\t\t\t\t<a href=\"https:\/\/www.alevcamcioglu.com\/sr\/da-li-je-moguca-operacija-nosa-tokom-perioda-dojenja\/\" class=\"button primary is-outline is-small mb-0\">\n\t\t\t\t\t\t\tContinue Reading\t\t\t\t\t\t<\/a>\n\t\t\t\t\t\n\t\t\t\t\t\n\t\t\t\t\t<\/div>\n\t\t\t\t\t<\/div>\n\t\t\t\t\t\t\t\t\t\t\t\t\t\t\t\t<div class=\"badge absolute top post-date badge-circle\">\n\t\t\t\t\t\t\t<div class=\"badge-inner\">\n\t\t\t\t\t\t\t\t<span class=\"post-date-day\">29<\/span><br>\n\t\t\t\t\t\t\t\t<span class=\"post-date-month is-xsmall\">\u0458\u0443\u043b<\/span>\n\t\t\t\t\t\t\t<\/div>\n\t\t\t\t\t\t<\/div>\n\t\t\t\t\t\t\t\t\t<\/div>\n\t\t\t<\/div>\n\t\t<\/div><div class=\"col post-item\" >\n\t\t\t<div class=\"col-inner\">\n\t\t\t\t<div class=\"box box-push box-text-bottom box-blog-post has-hover\">\n            \t\t\t\t\t<div class=\"box-image\" >\n  \t\t\t\t\t\t<div class=\"image-cover\" style=\"padding-top:100%;\">\n\t\t\t\t\t\t\t<a href=\"https:\/\/www.alevcamcioglu.com\/sr\/da-li-se-gubi-culo-mirisa-nakon-operacije-nosa\/\" class=\"plain\" aria-label=\"Da li se gubi \u010dulo mirisa nakon operacije nosa?\">\n\t\t\t\t\t\t\t\t<img decoding=\"async\" width=\"1140\" height=\"500\" src=\"https:\/\/www.alevcamcioglu.com\/wp-content\/uploads\/2024\/07\/Burun-Estetigi-Sonrasi-Koku-Alma-Kaybi-Yasanir-Mi.jpg\" class=\"attachment-2048x2048 size-2048x2048 wp-post-image\" alt=\"\" srcset=\"https:\/\/www.alevcamcioglu.com\/wp-content\/uploads\/2024\/07\/Burun-Estetigi-Sonrasi-Koku-Alma-Kaybi-Yasanir-Mi.jpg 1140w, https:\/\/www.alevcamcioglu.com\/wp-content\/uploads\/2024\/07\/Burun-Estetigi-Sonrasi-Koku-Alma-Kaybi-Yasanir-Mi-300x132.jpg 300w, https:\/\/www.alevcamcioglu.com\/wp-content\/uploads\/2024\/07\/Burun-Estetigi-Sonrasi-Koku-Alma-Kaybi-Yasanir-Mi-1024x449.jpg 1024w, https:\/\/www.alevcamcioglu.com\/wp-content\/uploads\/2024\/07\/Burun-Estetigi-Sonrasi-Koku-Alma-Kaybi-Yasanir-Mi-768x337.jpg 768w, https:\/\/www.alevcamcioglu.com\/wp-content\/uploads\/2024\/07\/Burun-Estetigi-Sonrasi-Koku-Alma-Kaybi-Yasanir-Mi-370x162.jpg 370w, https:\/\/www.alevcamcioglu.com\/wp-content\/uploads\/2024\/07\/Burun-Estetigi-Sonrasi-Koku-Alma-Kaybi-Yasanir-Mi-760x333.jpg 760w\" sizes=\"(max-width: 1140px) 100vw, 1140px\" title=\"\">\t\t\t\t\t\t\t<\/a>\n  \t\t\t\t\t\t\t  \t\t\t\t\t\t\t  \t\t\t\t\t\t<\/div>\n  \t\t\t\t\t\t  \t\t\t\t\t<\/div>\n          \t\t\t\t\t<div class=\"box-text text-center\" >\n\t\t\t\t\t<div class=\"box-text-inner blog-post-inner\">\n\n\t\t\t\t\t\n\t\t\t\t\t\t\t\t\t\t<h5 class=\"post-title is-large \">\n\t\t\t\t\t\t<a href=\"https:\/\/www.alevcamcioglu.com\/sr\/da-li-se-gubi-culo-mirisa-nakon-operacije-nosa\/\" class=\"plain\">Da li se gubi \u010dulo mirisa nakon operacije nosa?<\/a>\n\t\t\t\t\t<\/h5>\n\t\t\t\t\t\t\t\t\t\t<div class=\"is-divider\"><\/div>\n\t\t\t\t\t                    \n\t\t\t\t\t\t\t\t\t\t\t<a href=\"https:\/\/www.alevcamcioglu.com\/sr\/da-li-se-gubi-culo-mirisa-nakon-operacije-nosa\/\" class=\"button primary is-outline is-small mb-0\">\n\t\t\t\t\t\t\tContinue Reading\t\t\t\t\t\t<\/a>\n\t\t\t\t\t\n\t\t\t\t\t\n\t\t\t\t\t<\/div>\n\t\t\t\t\t<\/div>\n\t\t\t\t\t\t\t\t\t\t\t\t\t\t\t\t<div class=\"badge absolute top post-date badge-circle\">\n\t\t\t\t\t\t\t<div class=\"badge-inner\">\n\t\t\t\t\t\t\t\t<span class=\"post-date-day\">29<\/span><br>\n\t\t\t\t\t\t\t\t<span class=\"post-date-month is-xsmall\">\u0458\u0443\u043b<\/span>\n\t\t\t\t\t\t\t<\/div>\n\t\t\t\t\t\t<\/div>\n\t\t\t\t\t\t\t\t\t<\/div>\n\t\t\t<\/div>\n\t\t<\/div><div class=\"col post-item\" >\n\t\t\t<div class=\"col-inner\">\n\t\t\t\t<div class=\"box box-push box-text-bottom box-blog-post has-hover\">\n            \t\t\t\t\t<div class=\"box-image\" >\n  \t\t\t\t\t\t<div class=\"image-cover\" style=\"padding-top:100%;\">\n\t\t\t\t\t\t\t<a href=\"https:\/\/www.alevcamcioglu.com\/sr\/kako-prevazici-strah-od-operacije-nosa\/\" class=\"plain\" aria-label=\"Kako Prevazi\u0107i Strah od Operacije Nosa?\">\n\t\t\t\t\t\t\t\t<img decoding=\"async\" width=\"1140\" height=\"500\" src=\"https:\/\/www.alevcamcioglu.com\/wp-content\/uploads\/2024\/07\/Burun-Estetigi-Korkusu-Nasil-Yenilir.jpg\" class=\"attachment-2048x2048 size-2048x2048 wp-post-image\" alt=\"\" srcset=\"https:\/\/www.alevcamcioglu.com\/wp-content\/uploads\/2024\/07\/Burun-Estetigi-Korkusu-Nasil-Yenilir.jpg 1140w, https:\/\/www.alevcamcioglu.com\/wp-content\/uploads\/2024\/07\/Burun-Estetigi-Korkusu-Nasil-Yenilir-300x132.jpg 300w, https:\/\/www.alevcamcioglu.com\/wp-content\/uploads\/2024\/07\/Burun-Estetigi-Korkusu-Nasil-Yenilir-1024x449.jpg 1024w, https:\/\/www.alevcamcioglu.com\/wp-content\/uploads\/2024\/07\/Burun-Estetigi-Korkusu-Nasil-Yenilir-768x337.jpg 768w, https:\/\/www.alevcamcioglu.com\/wp-content\/uploads\/2024\/07\/Burun-Estetigi-Korkusu-Nasil-Yenilir-370x162.jpg 370w, https:\/\/www.alevcamcioglu.com\/wp-content\/uploads\/2024\/07\/Burun-Estetigi-Korkusu-Nasil-Yenilir-760x333.jpg 760w\" sizes=\"(max-width: 1140px) 100vw, 1140px\" title=\"\">\t\t\t\t\t\t\t<\/a>\n  \t\t\t\t\t\t\t  \t\t\t\t\t\t\t  \t\t\t\t\t\t<\/div>\n  \t\t\t\t\t\t  \t\t\t\t\t<\/div>\n          \t\t\t\t\t<div class=\"box-text text-center\" >\n\t\t\t\t\t<div class=\"box-text-inner blog-post-inner\">\n\n\t\t\t\t\t\n\t\t\t\t\t\t\t\t\t\t<h5 class=\"post-title is-large \">\n\t\t\t\t\t\t<a href=\"https:\/\/www.alevcamcioglu.com\/sr\/kako-prevazici-strah-od-operacije-nosa\/\" class=\"plain\">Kako Prevazi\u0107i Strah od Operacije Nosa?<\/a>\n\t\t\t\t\t<\/h5>\n\t\t\t\t\t\t\t\t\t\t<div class=\"is-divider\"><\/div>\n\t\t\t\t\t                    \n\t\t\t\t\t\t\t\t\t\t\t<a href=\"https:\/\/www.alevcamcioglu.com\/sr\/kako-prevazici-strah-od-operacije-nosa\/\" class=\"button primary is-outline is-small mb-0\">\n\t\t\t\t\t\t\tContinue Reading\t\t\t\t\t\t<\/a>\n\t\t\t\t\t\n\t\t\t\t\t\n\t\t\t\t\t<\/div>\n\t\t\t\t\t<\/div>\n\t\t\t\t\t\t\t\t\t\t\t\t\t\t\t\t<div class=\"badge absolute top post-date badge-circle\">\n\t\t\t\t\t\t\t<div class=\"badge-inner\">\n\t\t\t\t\t\t\t\t<span class=\"post-date-day\">29<\/span><br>\n\t\t\t\t\t\t\t\t<span class=\"post-date-month is-xsmall\">\u0458\u0443\u043b<\/span>\n\t\t\t\t\t\t\t<\/div>\n\t\t\t\t\t\t<\/div>\n\t\t\t\t\t\t\t\t\t<\/div>\n\t\t\t<\/div>\n\t\t<\/div><div class=\"col post-item\" >\n\t\t\t<div class=\"col-inner\">\n\t\t\t\t<div class=\"box box-push box-text-bottom box-blog-post has-hover\">\n            \t\t\t\t\t<div class=\"box-image\" >\n  \t\t\t\t\t\t<div class=\"image-cover\" style=\"padding-top:100%;\">\n\t\t\t\t\t\t\t<a href=\"https:\/\/www.alevcamcioglu.com\/sr\/kako-koristiti-naocare-za-sunce-nakon-operacije-nosa\/\" class=\"plain\" aria-label=\"Kako Koristiti Nao\u010dare za Sunce Nakon Operacije Nosa?\">\n\t\t\t\t\t\t\t\t<img decoding=\"async\" width=\"1140\" height=\"500\" src=\"https:\/\/www.alevcamcioglu.com\/wp-content\/uploads\/2024\/07\/Burun-Ameliyati-Sonrasi-Gunes-Gozlugu-Kullanimi-Nasil-Olmali.jpg\" class=\"attachment-2048x2048 size-2048x2048 wp-post-image\" alt=\"\" srcset=\"https:\/\/www.alevcamcioglu.com\/wp-content\/uploads\/2024\/07\/Burun-Ameliyati-Sonrasi-Gunes-Gozlugu-Kullanimi-Nasil-Olmali.jpg 1140w, https:\/\/www.alevcamcioglu.com\/wp-content\/uploads\/2024\/07\/Burun-Ameliyati-Sonrasi-Gunes-Gozlugu-Kullanimi-Nasil-Olmali-300x132.jpg 300w, https:\/\/www.alevcamcioglu.com\/wp-content\/uploads\/2024\/07\/Burun-Ameliyati-Sonrasi-Gunes-Gozlugu-Kullanimi-Nasil-Olmali-1024x449.jpg 1024w, https:\/\/www.alevcamcioglu.com\/wp-content\/uploads\/2024\/07\/Burun-Ameliyati-Sonrasi-Gunes-Gozlugu-Kullanimi-Nasil-Olmali-768x337.jpg 768w, https:\/\/www.alevcamcioglu.com\/wp-content\/uploads\/2024\/07\/Burun-Ameliyati-Sonrasi-Gunes-Gozlugu-Kullanimi-Nasil-Olmali-370x162.jpg 370w, https:\/\/www.alevcamcioglu.com\/wp-content\/uploads\/2024\/07\/Burun-Ameliyati-Sonrasi-Gunes-Gozlugu-Kullanimi-Nasil-Olmali-760x333.jpg 760w\" sizes=\"(max-width: 1140px) 100vw, 1140px\" title=\"\">\t\t\t\t\t\t\t<\/a>\n  \t\t\t\t\t\t\t  \t\t\t\t\t\t\t  \t\t\t\t\t\t<\/div>\n  \t\t\t\t\t\t  \t\t\t\t\t<\/div>\n          \t\t\t\t\t<div class=\"box-text text-center\" >\n\t\t\t\t\t<div class=\"box-text-inner blog-post-inner\">\n\n\t\t\t\t\t\n\t\t\t\t\t\t\t\t\t\t<h5 class=\"post-title is-large \">\n\t\t\t\t\t\t<a href=\"https:\/\/www.alevcamcioglu.com\/sr\/kako-koristiti-naocare-za-sunce-nakon-operacije-nosa\/\" class=\"plain\">Kako Koristiti Nao\u010dare za Sunce Nakon Operacije Nosa?<\/a>\n\t\t\t\t\t<\/h5>\n\t\t\t\t\t\t\t\t\t\t<div class=\"is-divider\"><\/div>\n\t\t\t\t\t                    \n\t\t\t\t\t\t\t\t\t\t\t<a href=\"https:\/\/www.alevcamcioglu.com\/sr\/kako-koristiti-naocare-za-sunce-nakon-operacije-nosa\/\" class=\"button primary is-outline is-small mb-0\">\n\t\t\t\t\t\t\tContinue Reading\t\t\t\t\t\t<\/a>\n\t\t\t\t\t\n\t\t\t\t\t\n\t\t\t\t\t<\/div>\n\t\t\t\t\t<\/div>\n\t\t\t\t\t\t\t\t\t\t\t\t\t\t\t\t<div class=\"badge absolute top post-date badge-circle\">\n\t\t\t\t\t\t\t<div class=\"badge-inner\">\n\t\t\t\t\t\t\t\t<span class=\"post-date-day\">08<\/span><br>\n\t\t\t\t\t\t\t\t<span class=\"post-date-month is-xsmall\">\u0458\u0443\u043b<\/span>\n\t\t\t\t\t\t\t<\/div>\n\t\t\t\t\t\t<\/div>\n\t\t\t\t\t\t\t\t\t<\/div>\n\t\t\t<\/div>\n\t\t<\/div><div class=\"col post-item\" >\n\t\t\t<div class=\"col-inner\">\n\t\t\t\t<div class=\"box box-push box-text-bottom box-blog-post has-hover\">\n            \t\t\t\t\t<div class=\"box-image\" >\n  \t\t\t\t\t\t<div class=\"image-cover\" style=\"padding-top:100%;\">\n\t\t\t\t\t\t\t<a href=\"https:\/\/www.alevcamcioglu.com\/sr\/cemu-sluzi-flaster-traka-nakon-operacije-nosa\/\" class=\"plain\" aria-label=\"\u010cemu Slu\u017ei Flaster Traka Nakon Operacije Nosa?\">\n\t\t\t\t\t\t\t\t<img decoding=\"async\" width=\"1140\" height=\"500\" src=\"https:\/\/www.alevcamcioglu.com\/wp-content\/uploads\/2024\/07\/Burun-Ameliyati-Sonrasi-Flester-Bant-Ne-Ise-Yarar.jpg\" class=\"attachment-2048x2048 size-2048x2048 wp-post-image\" alt=\"\" srcset=\"https:\/\/www.alevcamcioglu.com\/wp-content\/uploads\/2024\/07\/Burun-Ameliyati-Sonrasi-Flester-Bant-Ne-Ise-Yarar.jpg 1140w, https:\/\/www.alevcamcioglu.com\/wp-content\/uploads\/2024\/07\/Burun-Ameliyati-Sonrasi-Flester-Bant-Ne-Ise-Yarar-300x132.jpg 300w, https:\/\/www.alevcamcioglu.com\/wp-content\/uploads\/2024\/07\/Burun-Ameliyati-Sonrasi-Flester-Bant-Ne-Ise-Yarar-1024x449.jpg 1024w, https:\/\/www.alevcamcioglu.com\/wp-content\/uploads\/2024\/07\/Burun-Ameliyati-Sonrasi-Flester-Bant-Ne-Ise-Yarar-768x337.jpg 768w, https:\/\/www.alevcamcioglu.com\/wp-content\/uploads\/2024\/07\/Burun-Ameliyati-Sonrasi-Flester-Bant-Ne-Ise-Yarar-370x162.jpg 370w, https:\/\/www.alevcamcioglu.com\/wp-content\/uploads\/2024\/07\/Burun-Ameliyati-Sonrasi-Flester-Bant-Ne-Ise-Yarar-760x333.jpg 760w\" sizes=\"(max-width: 1140px) 100vw, 1140px\" title=\"\">\t\t\t\t\t\t\t<\/a>\n  \t\t\t\t\t\t\t  \t\t\t\t\t\t\t  \t\t\t\t\t\t<\/div>\n  \t\t\t\t\t\t  \t\t\t\t\t<\/div>\n          \t\t\t\t\t<div class=\"box-text text-center\" >\n\t\t\t\t\t<div class=\"box-text-inner blog-post-inner\">\n\n\t\t\t\t\t\n\t\t\t\t\t\t\t\t\t\t<h5 class=\"post-title is-large \">\n\t\t\t\t\t\t<a href=\"https:\/\/www.alevcamcioglu.com\/sr\/cemu-sluzi-flaster-traka-nakon-operacije-nosa\/\" class=\"plain\">\u010cemu Slu\u017ei Flaster Traka Nakon Operacije Nosa?<\/a>\n\t\t\t\t\t<\/h5>\n\t\t\t\t\t\t\t\t\t\t<div class=\"is-divider\"><\/div>\n\t\t\t\t\t                    \n\t\t\t\t\t\t\t\t\t\t\t<a href=\"https:\/\/www.alevcamcioglu.com\/sr\/cemu-sluzi-flaster-traka-nakon-operacije-nosa\/\" class=\"button primary is-outline is-small mb-0\">\n\t\t\t\t\t\t\tContinue Reading\t\t\t\t\t\t<\/a>\n\t\t\t\t\t\n\t\t\t\t\t\n\t\t\t\t\t<\/div>\n\t\t\t\t\t<\/div>\n\t\t\t\t\t\t\t\t\t\t\t\t\t\t\t\t<div class=\"badge absolute top post-date badge-circle\">\n\t\t\t\t\t\t\t<div class=\"badge-inner\">\n\t\t\t\t\t\t\t\t<span class=\"post-date-day\">08<\/span><br>\n\t\t\t\t\t\t\t\t<span class=\"post-date-month is-xsmall\">\u0458\u0443\u043b<\/span>\n\t\t\t\t\t\t\t<\/div>\n\t\t\t\t\t\t<\/div>\n\t\t\t\t\t\t\t\t\t<\/div>\n\t\t\t<\/div>\n\t\t<\/div><div class=\"col post-item\" >\n\t\t\t<div class=\"col-inner\">\n\t\t\t\t<div class=\"box box-push box-text-bottom box-blog-post has-hover\">\n            \t\t\t\t\t<div class=\"box-image\" >\n  \t\t\t\t\t\t<div class=\"image-cover\" style=\"padding-top:100%;\">\n\t\t\t\t\t\t\t<a href=\"https:\/\/www.alevcamcioglu.com\/sr\/da-li-se-nos-pogorsava-godinama-nakon-estetske-operacije-nosa\/\" class=\"plain\" aria-label=\"Da li Se Nos Pogor\u0161ava Godinama Nakon Estetske Operacije Nosa?\">\n\t\t\t\t\t\t\t\t<img decoding=\"async\" width=\"1140\" height=\"500\" src=\"https:\/\/www.alevcamcioglu.com\/wp-content\/uploads\/2024\/07\/Burun-Estetiginden-Yillar-Sonra-Burun-Bozulur-Mu.jpg\" class=\"attachment-2048x2048 size-2048x2048 wp-post-image\" alt=\"\" srcset=\"https:\/\/www.alevcamcioglu.com\/wp-content\/uploads\/2024\/07\/Burun-Estetiginden-Yillar-Sonra-Burun-Bozulur-Mu.jpg 1140w, https:\/\/www.alevcamcioglu.com\/wp-content\/uploads\/2024\/07\/Burun-Estetiginden-Yillar-Sonra-Burun-Bozulur-Mu-300x132.jpg 300w, https:\/\/www.alevcamcioglu.com\/wp-content\/uploads\/2024\/07\/Burun-Estetiginden-Yillar-Sonra-Burun-Bozulur-Mu-1024x449.jpg 1024w, https:\/\/www.alevcamcioglu.com\/wp-content\/uploads\/2024\/07\/Burun-Estetiginden-Yillar-Sonra-Burun-Bozulur-Mu-768x337.jpg 768w, https:\/\/www.alevcamcioglu.com\/wp-content\/uploads\/2024\/07\/Burun-Estetiginden-Yillar-Sonra-Burun-Bozulur-Mu-370x162.jpg 370w, https:\/\/www.alevcamcioglu.com\/wp-content\/uploads\/2024\/07\/Burun-Estetiginden-Yillar-Sonra-Burun-Bozulur-Mu-760x333.jpg 760w\" sizes=\"(max-width: 1140px) 100vw, 1140px\" title=\"\">\t\t\t\t\t\t\t<\/a>\n  \t\t\t\t\t\t\t  \t\t\t\t\t\t\t  \t\t\t\t\t\t<\/div>\n  \t\t\t\t\t\t  \t\t\t\t\t<\/div>\n          \t\t\t\t\t<div class=\"box-text text-center\" >\n\t\t\t\t\t<div class=\"box-text-inner blog-post-inner\">\n\n\t\t\t\t\t\n\t\t\t\t\t\t\t\t\t\t<h5 class=\"post-title is-large \">\n\t\t\t\t\t\t<a href=\"https:\/\/www.alevcamcioglu.com\/sr\/da-li-se-nos-pogorsava-godinama-nakon-estetske-operacije-nosa\/\" class=\"plain\">Da li Se Nos Pogor\u0161ava Godinama Nakon Estetske Operacije Nosa?<\/a>\n\t\t\t\t\t<\/h5>\n\t\t\t\t\t\t\t\t\t\t<div class=\"is-divider\"><\/div>\n\t\t\t\t\t                    \n\t\t\t\t\t\t\t\t\t\t\t<a href=\"https:\/\/www.alevcamcioglu.com\/sr\/da-li-se-nos-pogorsava-godinama-nakon-estetske-operacije-nosa\/\" class=\"button primary is-outline is-small mb-0\">\n\t\t\t\t\t\t\tContinue Reading\t\t\t\t\t\t<\/a>\n\t\t\t\t\t\n\t\t\t\t\t\n\t\t\t\t\t<\/div>\n\t\t\t\t\t<\/div>\n\t\t\t\t\t\t\t\t\t\t\t\t\t\t\t\t<div class=\"badge absolute top post-date badge-circle\">\n\t\t\t\t\t\t\t<div class=\"badge-inner\">\n\t\t\t\t\t\t\t\t<span class=\"post-date-day\">08<\/span><br>\n\t\t\t\t\t\t\t\t<span class=\"post-date-month is-xsmall\">\u0458\u0443\u043b<\/span>\n\t\t\t\t\t\t\t<\/div>\n\t\t\t\t\t\t<\/div>\n\t\t\t\t\t\t\t\t\t<\/div>\n\t\t\t<\/div>\n\t\t<\/div><div class=\"col post-item\" >\n\t\t\t<div class=\"col-inner\">\n\t\t\t\t<div class=\"box box-push box-text-bottom box-blog-post has-hover\">\n            \t\t\t\t\t<div class=\"box-image\" >\n  \t\t\t\t\t\t<div class=\"image-cover\" style=\"padding-top:100%;\">\n\t\t\t\t\t\t\t<a href=\"https:\/\/www.alevcamcioglu.com\/sr\/da-li-se-operacija-nosne-pregrade-moze-izvesti-istovremeno-sa-estetskom-operacijom-nosa\/\" class=\"plain\" aria-label=\"Da li Se Operacija Nosne Pregrade Mo\u017ee Izvesti Istovremeno sa Estetskom Operacijom Nosa?\">\n\t\t\t\t\t\t\t\t<img decoding=\"async\" width=\"1140\" height=\"500\" src=\"https:\/\/www.alevcamcioglu.com\/wp-content\/uploads\/2024\/07\/Burun-Eti-Ile-Burun-Estetigi-Ameliyati-Ayni-Anda-Yapilabilir-Mi.jpg\" class=\"attachment-2048x2048 size-2048x2048 wp-post-image\" alt=\"\" srcset=\"https:\/\/www.alevcamcioglu.com\/wp-content\/uploads\/2024\/07\/Burun-Eti-Ile-Burun-Estetigi-Ameliyati-Ayni-Anda-Yapilabilir-Mi.jpg 1140w, https:\/\/www.alevcamcioglu.com\/wp-content\/uploads\/2024\/07\/Burun-Eti-Ile-Burun-Estetigi-Ameliyati-Ayni-Anda-Yapilabilir-Mi-300x132.jpg 300w, https:\/\/www.alevcamcioglu.com\/wp-content\/uploads\/2024\/07\/Burun-Eti-Ile-Burun-Estetigi-Ameliyati-Ayni-Anda-Yapilabilir-Mi-1024x449.jpg 1024w, https:\/\/www.alevcamcioglu.com\/wp-content\/uploads\/2024\/07\/Burun-Eti-Ile-Burun-Estetigi-Ameliyati-Ayni-Anda-Yapilabilir-Mi-768x337.jpg 768w, https:\/\/www.alevcamcioglu.com\/wp-content\/uploads\/2024\/07\/Burun-Eti-Ile-Burun-Estetigi-Ameliyati-Ayni-Anda-Yapilabilir-Mi-370x162.jpg 370w, https:\/\/www.alevcamcioglu.com\/wp-content\/uploads\/2024\/07\/Burun-Eti-Ile-Burun-Estetigi-Ameliyati-Ayni-Anda-Yapilabilir-Mi-760x333.jpg 760w\" sizes=\"(max-width: 1140px) 100vw, 1140px\" title=\"\">\t\t\t\t\t\t\t<\/a>\n  \t\t\t\t\t\t\t  \t\t\t\t\t\t\t  \t\t\t\t\t\t<\/div>\n  \t\t\t\t\t\t  \t\t\t\t\t<\/div>\n          \t\t\t\t\t<div class=\"box-text text-center\" >\n\t\t\t\t\t<div class=\"box-text-inner blog-post-inner\">\n\n\t\t\t\t\t\n\t\t\t\t\t\t\t\t\t\t<h5 class=\"post-title is-large \">\n\t\t\t\t\t\t<a href=\"https:\/\/www.alevcamcioglu.com\/sr\/da-li-se-operacija-nosne-pregrade-moze-izvesti-istovremeno-sa-estetskom-operacijom-nosa\/\" class=\"plain\">Da li Se Operacija Nosne Pregrade Mo\u017ee Izvesti Istovremeno sa Estetskom Operacijom Nosa?<\/a>\n\t\t\t\t\t<\/h5>\n\t\t\t\t\t\t\t\t\t\t<div class=\"is-divider\"><\/div>\n\t\t\t\t\t                    \n\t\t\t\t\t\t\t\t\t\t\t<a href=\"https:\/\/www.alevcamcioglu.com\/sr\/da-li-se-operacija-nosne-pregrade-moze-izvesti-istovremeno-sa-estetskom-operacijom-nosa\/\" class=\"button primary is-outline is-small mb-0\">\n\t\t\t\t\t\t\tContinue Reading\t\t\t\t\t\t<\/a>\n\t\t\t\t\t\n\t\t\t\t\t\n\t\t\t\t\t<\/div>\n\t\t\t\t\t<\/div>\n\t\t\t\t\t\t\t\t\t\t\t\t\t\t\t\t<div class=\"badge absolute top post-date badge-circle\">\n\t\t\t\t\t\t\t<div class=\"badge-inner\">\n\t\t\t\t\t\t\t\t<span class=\"post-date-day\">08<\/span><br>\n\t\t\t\t\t\t\t\t<span class=\"post-date-month is-xsmall\">\u0458\u0443\u043b<\/span>\n\t\t\t\t\t\t\t<\/div>\n\t\t\t\t\t\t<\/div>\n\t\t\t\t\t\t\t\t\t<\/div>\n\t\t\t<\/div>\n\t\t<\/div><div class=\"col post-item\" >\n\t\t\t<div class=\"col-inner\">\n\t\t\t\t<div class=\"box box-push box-text-bottom box-blog-post has-hover\">\n            \t\t\t\t\t<div class=\"box-image\" >\n  \t\t\t\t\t\t<div class=\"image-cover\" style=\"padding-top:100%;\">\n\t\t\t\t\t\t\t<a href=\"https:\/\/www.alevcamcioglu.com\/sr\/rastojanje-izmedu-usana-i-nosa-nakon-estetske-operacije-nosa\/\" class=\"plain\" aria-label=\"Rastojanje Izme\u0111u Usana i Nosa Nakon Estetske Operacije Nosa\">\n\t\t\t\t\t\t\t\t<img decoding=\"async\" width=\"1140\" height=\"500\" src=\"https:\/\/www.alevcamcioglu.com\/wp-content\/uploads\/2024\/07\/Burun-Estetigi-Sonrasi-Dudak-Burun-Mesafesi.jpg\" class=\"attachment-2048x2048 size-2048x2048 wp-post-image\" alt=\"\" srcset=\"https:\/\/www.alevcamcioglu.com\/wp-content\/uploads\/2024\/07\/Burun-Estetigi-Sonrasi-Dudak-Burun-Mesafesi.jpg 1140w, https:\/\/www.alevcamcioglu.com\/wp-content\/uploads\/2024\/07\/Burun-Estetigi-Sonrasi-Dudak-Burun-Mesafesi-300x132.jpg 300w, https:\/\/www.alevcamcioglu.com\/wp-content\/uploads\/2024\/07\/Burun-Estetigi-Sonrasi-Dudak-Burun-Mesafesi-1024x449.jpg 1024w, https:\/\/www.alevcamcioglu.com\/wp-content\/uploads\/2024\/07\/Burun-Estetigi-Sonrasi-Dudak-Burun-Mesafesi-768x337.jpg 768w, https:\/\/www.alevcamcioglu.com\/wp-content\/uploads\/2024\/07\/Burun-Estetigi-Sonrasi-Dudak-Burun-Mesafesi-370x162.jpg 370w, https:\/\/www.alevcamcioglu.com\/wp-content\/uploads\/2024\/07\/Burun-Estetigi-Sonrasi-Dudak-Burun-Mesafesi-760x333.jpg 760w\" sizes=\"(max-width: 1140px) 100vw, 1140px\" title=\"\">\t\t\t\t\t\t\t<\/a>\n  \t\t\t\t\t\t\t  \t\t\t\t\t\t\t  \t\t\t\t\t\t<\/div>\n  \t\t\t\t\t\t  \t\t\t\t\t<\/div>\n          \t\t\t\t\t<div class=\"box-text text-center\" >\n\t\t\t\t\t<div class=\"box-text-inner blog-post-inner\">\n\n\t\t\t\t\t\n\t\t\t\t\t\t\t\t\t\t<h5 class=\"post-title is-large \">\n\t\t\t\t\t\t<a href=\"https:\/\/www.alevcamcioglu.com\/sr\/rastojanje-izmedu-usana-i-nosa-nakon-estetske-operacije-nosa\/\" class=\"plain\">Rastojanje Izme\u0111u Usana i Nosa Nakon Estetske Operacije Nosa<\/a>\n\t\t\t\t\t<\/h5>\n\t\t\t\t\t\t\t\t\t\t<div class=\"is-divider\"><\/div>\n\t\t\t\t\t                    \n\t\t\t\t\t\t\t\t\t\t\t<a href=\"https:\/\/www.alevcamcioglu.com\/sr\/rastojanje-izmedu-usana-i-nosa-nakon-estetske-operacije-nosa\/\" class=\"button primary is-outline is-small mb-0\">\n\t\t\t\t\t\t\tContinue Reading\t\t\t\t\t\t<\/a>\n\t\t\t\t\t\n\t\t\t\t\t\n\t\t\t\t\t<\/div>\n\t\t\t\t\t<\/div>\n\t\t\t\t\t\t\t\t\t\t\t\t\t\t\t\t<div class=\"badge absolute top post-date badge-circle\">\n\t\t\t\t\t\t\t<div class=\"badge-inner\">\n\t\t\t\t\t\t\t\t<span class=\"post-date-day\">08<\/span><br>\n\t\t\t\t\t\t\t\t<span class=\"post-date-month is-xsmall\">\u0458\u0443\u043b<\/span>\n\t\t\t\t\t\t\t<\/div>\n\t\t\t\t\t\t<\/div>\n\t\t\t\t\t\t\t\t\t<\/div>\n\t\t\t<\/div>\n\t\t<\/div><\/div>\n\t\t<\/div>\n\t\t\t\t\t<\/div>\n\n\t\n<\/div>\n\t\t<\/div>\n\n\t\t\n<style>\n#section_1455748348 {\n  padding-top: 30px;\n  padding-bottom: 30px;\n}\n<\/style>\n\t<\/section>\n\t\n","protected":false},"excerpt":{"rendered":"","protected":false},"author":990002,"featured_media":2046,"parent":1695,"menu_order":0,"comment_status":"closed","ping_status":"closed","template":"page-blank.php","meta":{"footnotes":""},"class_list":["post-2510","page","type-page","status-publish","has-post-thumbnail","hentry"],"_links":{"self":[{"href":"https:\/\/www.alevcamcioglu.com\/sr\/wp-json\/wp\/v2\/pages\/2510","targetHints":{"allow":["GET"]}}],"collection":[{"href":"https:\/\/www.alevcamcioglu.com\/sr\/wp-json\/wp\/v2\/pages"}],"about":[{"href":"https:\/\/www.alevcamcioglu.com\/sr\/wp-json\/wp\/v2\/types\/page"}],"author":[{"embeddable":true,"href":"https:\/\/www.alevcamcioglu.com\/sr\/wp-json\/wp\/v2\/users\/990002"}],"replies":[{"embeddable":true,"href":"https:\/\/www.alevcamcioglu.com\/sr\/wp-json\/wp\/v2\/comments?post=2510"}],"version-history":[{"count":2,"href":"https:\/\/www.alevcamcioglu.com\/sr\/wp-json\/wp\/v2\/pages\/2510\/revisions"}],"predecessor-version":[{"id":7387,"href":"https:\/\/www.alevcamcioglu.com\/sr\/wp-json\/wp\/v2\/pages\/2510\/revisions\/7387"}],"up":[{"embeddable":true,"href":"https:\/\/www.alevcamcioglu.com\/sr\/wp-json\/wp\/v2\/pages\/1695"}],"wp:featuredmedia":[{"embeddable":true,"href":"https:\/\/www.alevcamcioglu.com\/sr\/wp-json\/wp\/v2\/media\/2046"}],"wp:attachment":[{"href":"https:\/\/www.alevcamcioglu.com\/sr\/wp-json\/wp\/v2\/media?parent=2510"}],"curies":[{"name":"wp","href":"https:\/\/api.w.org\/{rel}","templated":true}]}}