{"id":2494,"date":"2024-06-13T19:09:25","date_gmt":"2024-06-13T16:09:25","guid":{"rendered":"https:\/\/great-greider.212-227-6-40.plesk.page\/?page_id=2494"},"modified":"2025-10-08T11:50:34","modified_gmt":"2025-10-08T11:50:34","slug":"estetika-vrha-nosa-tipplasti","status":"publish","type":"page","link":"https:\/\/www.alevcamcioglu.com\/sr\/rhinoplasty\/estetika-vrha-nosa-tipplasti\/","title":{"rendered":"Operacija Vrha Nosa"},"content":{"rendered":"\n\t<section class=\"section\" id=\"section_577490766\">\n\t\t<div class=\"section-bg fill\" >\n\t\t\t<img decoding=\"async\" width=\"1600\" height=\"900\" src=\"https:\/\/www.alevcamcioglu.com\/wp-content\/uploads\/2024\/10\/Burun-Ucu-Estetigi-Tipplasti.jpg\" class=\"bg attachment-2048x2048 size-2048x2048\" alt=\"\" title=\"\">\t\t\t\t\t\t\n\t\t\t\n\n\t\t<\/div>\n\n\t\t\n\n\t\t<div class=\"section-content relative\">\n\t\t\t\n\t\t<\/div>\n\n\t\t\n<style>\n#section_577490766 {\n  padding-top: 150px;\n  padding-bottom: 150px;\n}\n#section_577490766 .section-bg img {\n  object-position: 50% 42%;\n}\n@media (min-width:550px) {\n  #section_577490766 {\n    padding-top: 250px;\n    padding-bottom: 250px;\n  }\n}\n<\/style>\n\t<\/section>\n\t\n\n\t<section class=\"section\" id=\"section_219928991\">\n\t\t<div class=\"section-bg fill\" >\n\t\t\t\t\t\t\t\t\t\n\t\t\t\n\n\t\t<\/div>\n\n\t\t\n\n\t\t<div class=\"section-content relative\">\n\t\t\t\n<div class=\"row\"  id=\"row-1716939201\">\n\n\t<div id=\"col-2039262406\" class=\"col show-for-small small-12 large-12\"  >\n\t\t\t\t<div class=\"col-inner text-center\"  >\n\t\t\t\n\t<div class=\"is-border\"\n\t\tstyle=\"border-color:rgb(75, 85, 173);border-radius:20px;border-width:1px 1px 1px 1px;\">\n\t<\/div>\n\t\t\t\n  <div id=\"page-header-818524755\" class=\"page-header-wrapper\">\n  <div class=\"page-title light simple-title\">\n\n    \n    <div class=\"page-title-inner container align-center text-center flex-row-col medium-flex-wrap\" >\n              <div class=\"title-wrapper flex-col\">\n          <h1 class=\"entry-title mb-0\">\n            Operacija Vrha Nosa          <\/h1>\n        <\/div>\n                    <div class=\"title-content flex-col\">\n        <div class=\"title-breadcrumbs pb-half pt-half\"><\/div>      <\/div>\n    <\/div>\n\n       <\/div>\n    <\/div>\n  \n\t\t<\/div>\n\t\t\t\t\t<\/div>\n\n\t\n<\/div>\n<div class=\"row\"  id=\"row-1195852734\">\n\n\t<div id=\"col-1678817683\" class=\"col medium-6 small-12 large-6\"  >\n\t\t\t\t<div class=\"col-inner\"  >\n\t\t\t\n\t\t\t\n  <div id=\"page-header-889507081\" class=\"page-header-wrapper\">\n  <div class=\"page-title hide-for-small light simple-title\">\n\n    \n    <div class=\"page-title-inner container align-center flex-row medium-flex-wrap\" >\n              <div class=\"title-wrapper flex-col text-left medium-text-center\">\n          <h1 class=\"entry-title mb-0\">\n            Operacija Vrha Nosa          <\/h1>\n        <\/div>\n                    <div class=\"title-content flex-col flex-right text-right medium-text-center\">\n        <div class=\"title-breadcrumbs pb-half pt-half\"><\/div>      <\/div>\n    <\/div>\n\n       <\/div>\n    <\/div>\n  \n\t<div id=\"gap-282796117\" class=\"gap-element clearfix hide-for-small\" style=\"display:block; height:auto;\">\n\t\t\n<style>\n#gap-282796117 {\n  padding-top: 30px;\n}\n<\/style>\n\t<\/div>\n\t\n<p>Estetika vrha nosa je specijalna procedura \u010desto tra\u017eena u oblasti rinoplastike. Ovaj zahvat, poznat i kao tipplasti, pru\u017ea i estetska i funkcionalna pobolj\u0161anja. Me\u0111utim, ova hirur\u0161ka intervencija zahteva pravilno razumevanje anatomije i funkcije. Ako se ova ravnote\u017ea ne uspostavi dobro, mo\u017ee do\u0107i do nezadovoljstva pacijenata i potrebe za revizijskim operacijama. Stoga je za uspe\u0161nu estetiku vrha nosa neophodno da hirurg pa\u017eljivo proceni slo\u017eene odnose nosne strukture. Na taj na\u010din se zadovoljavaju estetska o\u010dekivanja dok se istovremeno \u010duvaju funkcije nosa.<\/p>\n\t\t<\/div>\n\t\t\t\t\t<\/div>\n\n\t\n\n\t<div id=\"col-1788701026\" class=\"col medium-6 small-12 large-6\"  >\n\t\t\t\t<div class=\"col-inner\"  >\n\t\t\t\n\t\t\t\n\t<div class=\"img has-hover x md-x lg-x y md-y lg-y\" id=\"image_1445032356\">\n\t\t\t\t\t\t\t\t<div class=\"img-inner image-cover dark\" style=\"padding-top:75%;\">\n\t\t\t<img decoding=\"async\" width=\"1080\" height=\"1080\" src=\"https:\/\/www.alevcamcioglu.com\/wp-content\/uploads\/2024\/06\/burun-ucu-estetigi.jpg\" class=\"attachment-2048x2048 size-2048x2048\" alt=\"burun ucu esteti\u011fi\" srcset=\"https:\/\/www.alevcamcioglu.com\/wp-content\/uploads\/2024\/06\/burun-ucu-estetigi.jpg 1080w, https:\/\/www.alevcamcioglu.com\/wp-content\/uploads\/2024\/06\/burun-ucu-estetigi-300x300.jpg 300w, https:\/\/www.alevcamcioglu.com\/wp-content\/uploads\/2024\/06\/burun-ucu-estetigi-1024x1024.jpg 1024w, https:\/\/www.alevcamcioglu.com\/wp-content\/uploads\/2024\/06\/burun-ucu-estetigi-150x150.jpg 150w, https:\/\/www.alevcamcioglu.com\/wp-content\/uploads\/2024\/06\/burun-ucu-estetigi-768x768.jpg 768w, https:\/\/www.alevcamcioglu.com\/wp-content\/uploads\/2024\/06\/burun-ucu-estetigi-370x370.jpg 370w, https:\/\/www.alevcamcioglu.com\/wp-content\/uploads\/2024\/06\/burun-ucu-estetigi-244x244.jpg 244w, https:\/\/www.alevcamcioglu.com\/wp-content\/uploads\/2024\/06\/burun-ucu-estetigi-760x760.jpg 760w\" sizes=\"(max-width: 1080px) 100vw, 1080px\" title=\"\">\t\t\t\t\t\t\n\t\t\t\t\t<\/div>\n\t\t\t\t\t\t\t\t\n<style>\n#image_1445032356 {\n  width: 100%;\n}\n<\/style>\n\t<\/div>\n\t\n\t\t<\/div>\n\t\t\t\t\t<\/div>\n\n\t\n\n\t<div id=\"col-408727043\" class=\"col small-12 large-12\"  >\n\t\t\t\t<div class=\"col-inner\"  >\n\t\t\t\n\t\t\t\n<h2>\u0160ta je Estetika Vrha Nosa?<\/h2>\n<p>Estetika vrha nosa zauzima va\u017eno mesto u oblasti estetske hirurgije. Hirurzi koji se bave ovim zahvatom nastoje da ispune estetska o\u010dekivanja pacijenata bez ugro\u017eavanja funkcionalnosti. Uspe\u0161na operacija tipplasti zahteva detaljno poznavanje anatomije. Hirurg mora dobro razumeti anatomsku strukturu vrha nosa i odnose sa okolnim tkivima. Tehnike koje se primenjuju tokom zahvata uklju\u010duju:<\/p>\n<ul>\n<li>Preoblikovanje tkiva<\/li>\n<li>Ja\u010danje potpornih struktura<\/li>\n<li>Ispravke koje pobolj\u0161avaju estetski izgled<\/li>\n<\/ul>\n<p>Svaka tehnika donosi i estetske i funkcionalne rezultate. Pravilna primena hirur\u0161ke intervencije omogu\u0107ava o\u010duvanje funkcija nosa. Posebno je va\u017eno pobolj\u0161ati estetski izgled bez uticaja na nosno disanje, \u0161to pokazuje ve\u0161tinu hirurga za rinoplastiku. Kao rezultat, estetika vrha nosa zadovoljava estetska o\u010dekivanja pacijenata i istovremeno odr\u017eava funkcije nosa u kriti\u010dnoj ravnote\u017ei.<\/p>\n<h2>Koje su vrste tipplastike?<\/h2>\n<p>Tipplastika se fokusira isklju\u010divo na oblikovanje vrha nosa, bez menjanja grebena ili drugih struktura. Glavne vrste uklju\u010duju:<\/p>\n<ul>\n<li>Tipplastika oblikovanjem hrskavice<\/li>\n<li>\u0160avna tipplastika<\/li>\n<li>Tipplastika zasnovana na graftu<\/li>\n<li>Redukciona tipplastika<\/li>\n<li>Zatvorena tipplastika<\/li>\n<li>Otvorena tipplastika<\/li>\n<\/ul>\n\t\t<\/div>\n\t\t\t\t\t<\/div>\n\n\t\n<\/div>\n\t\t<\/div>\n\n\t\t\n<style>\n#section_219928991 {\n  padding-top: 30px;\n  padding-bottom: 30px;\n}\n<\/style>\n\t<\/section>\n\t\n\n\t<section class=\"section\" id=\"section_1813152602\">\n\t\t<div class=\"section-bg fill\" >\n\t\t\t\t\t\t\t\t\t\n\t\t\t\n\n\t\t<\/div>\n\n\t\t\n\n\t\t<div class=\"section-content relative\">\n\t\t\t\n\n<div class=\"row\"  id=\"row-75691662\">\n\n\n\t<div id=\"col-1055928218\" class=\"col small-12 large-12\"  >\n\t\t\t\t<div class=\"col-inner box-shadow-2\"  >\n\t\t\t\n\t<div class=\"is-border\"\n\t\tstyle=\"border-color:rgb(0, 0, 76);border-radius:15px;border-width:2px 2px 2px 2px;\">\n\t<\/div>\n\t\t\t\n\n<div class=\"row row-full-width align-center\"  id=\"row-887370518\">\n\n\n\t<div id=\"col-1487796973\" class=\"col small-12 large-12\"  >\n\t\t\t\t<div class=\"col-inner\"  >\n\t\t\t\n\t\t\t\n\n\t<div id=\"text-69122139\" class=\"text\">\n\t\t\n\n<h2>6 Reasons to Get  in Istanbul<\/h2>\n\t\t\n<style>\n#text-69122139 {\n  font-size: 2rem;\n  text-align: center;\n  color: #000065;\n}\n#text-69122139 > * {\n  color: #000065;\n}\n@media (min-width:550px) {\n  #text-69122139 {\n    font-size: 1.2rem;\n  }\n}\n<\/style>\n\t<\/div>\n\t\n\n\t\t<\/div>\n\t\t\t\t\t<\/div>\n\n\t\n\n\t<div id=\"col-866105894\" class=\"col medium-2 small-6 large-2\"  >\n\t\t\t\t<div class=\"col-inner\"  >\n\t\t\t\n\t\t\t\n\n\t<div class=\"box has-hover   has-hover box-text-bottom\" >\n\n\t\t<div class=\"box-image\" style=\"width:60%;\">\n\t\t\t\t\t\t<div class=\"image-cover\" style=\"padding-top:100%;\">\n\t\t\t\t<img decoding=\"async\" width=\"200\" height=\"200\" src=\"https:\/\/www.alevcamcioglu.com\/wp-content\/uploads\/2025\/04\/Proven-Results.png\" class=\"attachment-2048x2048 size-2048x2048\" alt=\"\" title=\"\">\t\t\t\t\t\t\t\t\t\t\t<\/div>\n\t\t\t\t\t<\/div>\n\n\t\t<div class=\"box-text text-center\" >\n\t\t\t<div class=\"box-text-inner\">\n\t\t\t\t\n\n\t<div id=\"text-1133424961\" class=\"text\">\n\t\t\n\n<p>Dokazani rezultati<\/p>\n\n\t\t\n<style>\n#text-1133424961 {\n  font-size: 1rem;\n  color: #404040;\n}\n#text-1133424961 > * {\n  color: #404040;\n}\n<\/style>\n\t<\/div>\n\t\n\n\t\t\t<\/div>\n\t\t<\/div>\n\t<\/div>\n\t\n\n\t\t<\/div>\n\t\t\t\t\t<\/div>\n\n\t\n\n\t<div id=\"col-1859801921\" class=\"col medium-2 small-6 large-2\"  >\n\t\t\t\t<div class=\"col-inner\"  >\n\t\t\t\n\t\t\t\n\n\t<div class=\"box has-hover   has-hover box-text-bottom\" >\n\n\t\t<div class=\"box-image\" style=\"width:60%;\">\n\t\t\t\t\t\t<div class=\"image-cover\" style=\"padding-top:100%;\">\n\t\t\t\t<img decoding=\"async\" width=\"200\" height=\"200\" src=\"https:\/\/www.alevcamcioglu.com\/wp-content\/uploads\/2025\/04\/5-Star-Reviews.png\" class=\"attachment-2048x2048 size-2048x2048\" alt=\"\" title=\"\">\t\t\t\t\t\t\t\t\t\t\t<\/div>\n\t\t\t\t\t<\/div>\n\n\t\t<div class=\"box-text text-center\" >\n\t\t\t<div class=\"box-text-inner\">\n\t\t\t\t\n\n\t<div id=\"text-3867277928\" class=\"text\">\n\t\t\n\n<p>Recenzije sa 5 zvezdica<\/p>\n\n\t\t\n<style>\n#text-3867277928 {\n  font-size: 1rem;\n  color: #404040;\n}\n#text-3867277928 > * {\n  color: #404040;\n}\n<\/style>\n\t<\/div>\n\t\n\n\t\t\t<\/div>\n\t\t<\/div>\n\t<\/div>\n\t\n\n\t\t<\/div>\n\t\t\t\t\t<\/div>\n\n\t\n\n\t<div id=\"col-1163342180\" class=\"col medium-2 small-6 large-2\"  >\n\t\t\t\t<div class=\"col-inner\"  >\n\t\t\t\n\t\t\t\n\n\t<div class=\"box has-hover   has-hover box-text-bottom\" >\n\n\t\t<div class=\"box-image\" style=\"width:60%;\">\n\t\t\t\t\t\t<div class=\"image-cover\" style=\"padding-top:100%;\">\n\t\t\t\t<img decoding=\"async\" width=\"200\" height=\"200\" src=\"https:\/\/www.alevcamcioglu.com\/wp-content\/uploads\/2025\/04\/All-Inclusive-Packages.png\" class=\"attachment-2048x2048 size-2048x2048\" alt=\"\" title=\"\">\t\t\t\t\t\t\t\t\t\t\t<\/div>\n\t\t\t\t\t<\/div>\n\n\t\t<div class=\"box-text text-center\" >\n\t\t\t<div class=\"box-text-inner\">\n\t\t\t\t\n\n\t<div id=\"text-4029484894\" class=\"text\">\n\t\t\n\n<p>Paketi sa sve uklju\u010deno<\/p>\n\n\t\t\n<style>\n#text-4029484894 {\n  font-size: 1rem;\n  color: #404040;\n}\n#text-4029484894 > * {\n  color: #404040;\n}\n<\/style>\n\t<\/div>\n\t\n\n\t\t\t<\/div>\n\t\t<\/div>\n\t<\/div>\n\t\n\n\t\t<\/div>\n\t\t\t\t\t<\/div>\n\n\t\n\n\t<div id=\"col-293100308\" class=\"col medium-2 small-6 large-2\"  >\n\t\t\t\t<div class=\"col-inner\"  >\n\t\t\t\n\t\t\t\n\n\t<div class=\"box has-hover   has-hover box-text-bottom\" >\n\n\t\t<div class=\"box-image\" style=\"width:60%;\">\n\t\t\t\t\t\t<div class=\"image-cover\" style=\"padding-top:100%;\">\n\t\t\t\t<img decoding=\"async\" width=\"200\" height=\"200\" src=\"https:\/\/www.alevcamcioglu.com\/wp-content\/uploads\/2025\/04\/Luxury-Hotels.png\" class=\"attachment-2048x2048 size-2048x2048\" alt=\"\" title=\"\">\t\t\t\t\t\t\t\t\t\t\t<\/div>\n\t\t\t\t\t<\/div>\n\n\t\t<div class=\"box-text text-center\" >\n\t\t\t<div class=\"box-text-inner\">\n\t\t\t\t\n\n\t<div id=\"text-1055040836\" class=\"text\">\n\t\t\n\n<p>Luksuzni hoteli<\/p>\n\n\t\t\n<style>\n#text-1055040836 {\n  font-size: 1rem;\n  color: #404040;\n}\n#text-1055040836 > * {\n  color: #404040;\n}\n<\/style>\n\t<\/div>\n\t\n\n\t\t\t<\/div>\n\t\t<\/div>\n\t<\/div>\n\t\n\n\t\t<\/div>\n\t\t\t\t\t<\/div>\n\n\t\n\n\t<div id=\"col-242999693\" class=\"col medium-2 small-6 large-2\"  >\n\t\t\t\t<div class=\"col-inner\"  >\n\t\t\t\n\t\t\t\n\n\t<div class=\"box has-hover   has-hover box-text-bottom\" >\n\n\t\t<div class=\"box-image\" style=\"width:60%;\">\n\t\t\t\t\t\t<div class=\"image-cover\" style=\"padding-top:100%;\">\n\t\t\t\t<img decoding=\"async\" width=\"200\" height=\"200\" src=\"https:\/\/www.alevcamcioglu.com\/wp-content\/uploads\/2025\/04\/Accredited-Hospitals.png\" class=\"attachment-2048x2048 size-2048x2048\" alt=\"\" title=\"\">\t\t\t\t\t\t\t\t\t\t\t<\/div>\n\t\t\t\t\t<\/div>\n\n\t\t<div class=\"box-text text-center\" >\n\t\t\t<div class=\"box-text-inner\">\n\t\t\t\t\n\n\t<div id=\"text-1699709602\" class=\"text\">\n\t\t\n\n<p>Akreditovane bolnice<\/p>\n\n\t\t\n<style>\n#text-1699709602 {\n  font-size: 1rem;\n  color: #404040;\n}\n#text-1699709602 > * {\n  color: #404040;\n}\n<\/style>\n\t<\/div>\n\t\n\n\t\t\t<\/div>\n\t\t<\/div>\n\t<\/div>\n\t\n\n\t\t<\/div>\n\t\t\t\t\t<\/div>\n\n\t\n\n\t<div id=\"col-1946736801\" class=\"col medium-2 small-6 large-2\"  >\n\t\t\t\t<div class=\"col-inner\"  >\n\t\t\t\n\t\t\t\n\n\t<div class=\"box has-hover   has-hover box-text-bottom\" >\n\n\t\t<div class=\"box-image\" style=\"width:60%;\">\n\t\t\t\t\t\t<div class=\"image-cover\" style=\"padding-top:100%;\">\n\t\t\t\t<img decoding=\"async\" width=\"200\" height=\"200\" src=\"https:\/\/www.alevcamcioglu.com\/wp-content\/uploads\/2025\/04\/Waiting.png\" class=\"attachment-2048x2048 size-2048x2048\" alt=\"\" title=\"\">\t\t\t\t\t\t\t\t\t\t\t<\/div>\n\t\t\t\t\t<\/div>\n\n\t\t<div class=\"box-text text-center\" >\n\t\t\t<div class=\"box-text-inner\">\n\t\t\t\t\n\n\t<div id=\"text-1991399868\" class=\"text\">\n\t\t\n\n<p>Postoperativna nega<\/p>\n\n\t\t\n<style>\n#text-1991399868 {\n  font-size: 1rem;\n  color: #404040;\n}\n#text-1991399868 > * {\n  color: #404040;\n}\n<\/style>\n\t<\/div>\n\t\n\n\t\t\t<\/div>\n\t\t<\/div>\n\t<\/div>\n\t\n\n\t\t<\/div>\n\t\t\t\t\t<\/div>\n\n\t\n\n<\/div>\n\n\t\t<\/div>\n\t\t\t\t\n<style>\n#col-1055928218 > .col-inner {\n  padding: 30px 0px 0px 30px;\n  border-radius: 15px;\n}\n<\/style>\n\t<\/div>\n\n\t\n\n<\/div>\n\n\t\t<\/div>\n\n\t\t\n<style>\n#section_1813152602 {\n  padding-top: 30px;\n  padding-bottom: 30px;\n}\n<\/style>\n\t<\/section>\n\t\n\n\n\t<section class=\"section\" id=\"section_676908631\">\n\t\t<div class=\"section-bg fill\" >\n\t\t\t\t\t\t\t\t\t\n\t\t\t\n\n\t\t<\/div>\n\n\t\t\n\n\t\t<div class=\"section-content relative\">\n\t\t\t\n\n<div class=\"row\"  id=\"row-2116072190\">\n\n\n\t<div id=\"col-409128938\" class=\"col small-12 large-12\"  >\n\t\t\t\t<div class=\"col-inner text-center\"  >\n\t\t\t\n\t\t\t\n\n\t<div id=\"text-1511485300\" class=\"text\">\n\t\t\n\n<h2> Fotografije pre i posle u Turskoj<\/h2>\n\n\t\t\n<style>\n#text-1511485300 {\n  font-size: 1.25rem;\n  text-align: center;\n  color: rgb(243, 58, 58);\n}\n#text-1511485300 > * {\n  color: rgb(243, 58, 58);\n}\n<\/style>\n\t<\/div>\n\t\n\n  \n    <div class=\"row large-columns-4 medium-columns-3 small-columns-2 slider row-slider slider-nav-circle slider-nav-outside slider-nav-push\"  data-flickity-options='{&quot;imagesLoaded&quot;: true, &quot;groupCells&quot;: &quot;100%&quot;, &quot;dragThreshold&quot; : 5, &quot;cellAlign&quot;: &quot;left&quot;,&quot;wrapAround&quot;: true,&quot;prevNextButtons&quot;: true,&quot;percentPosition&quot;: true,&quot;pageDots&quot;: false, &quot;rightToLeft&quot;: false, &quot;autoPlay&quot; : false}' >\n\n  <div class=\"gallery-col col\" >\n          <div class=\"col-inner\">\n            <a class=\"image-lightbox lightbox-gallery\" href=\"https:\/\/www.alevcamcioglu.com\/wp-content\/uploads\/2024\/11\/rinoplastika-pre-posle-fotografija-u-turskoj-1.jpg\" title=\"\">            <div class=\"box has-hover gallery-box box-normal\">\n              <div class=\"box-image\" >\n                <img decoding=\"async\" width=\"320\" height=\"400\" src=\"https:\/\/www.alevcamcioglu.com\/wp-content\/uploads\/2024\/11\/rinoplastika-pre-posle-fotografija-u-turskoj-1-320x400.jpg\" class=\"attachment-medium size-medium\" alt=\"\" ids=\"9479,9485,9491,9497,9503,9509,9515,9521,9527,9533,9539,9545,9551,9557,9563,9569,9575,9581,9587,9593,9599,9605,9611,9617,9623,9629,9635,9641,9647,9653,9659,9665,9671,9677,9683,9689,9695,9701,9707,9713,9719,9725,9731,9737\" style=\"normal\" lightbox_image_size=\"2048x2048\" type=\"slider\" slider_nav_style=\"circle\" slider_nav_position=\"outside\" srcset=\"https:\/\/www.alevcamcioglu.com\/wp-content\/uploads\/2024\/11\/rinoplastika-pre-posle-fotografija-u-turskoj-1-320x400.jpg 320w, https:\/\/www.alevcamcioglu.com\/wp-content\/uploads\/2024\/11\/rinoplastika-pre-posle-fotografija-u-turskoj-1-640x800.jpg 640w, https:\/\/www.alevcamcioglu.com\/wp-content\/uploads\/2024\/11\/rinoplastika-pre-posle-fotografija-u-turskoj-1-768x960.jpg 768w, https:\/\/www.alevcamcioglu.com\/wp-content\/uploads\/2024\/11\/rinoplastika-pre-posle-fotografija-u-turskoj-1.jpg 1200w\" sizes=\"(max-width: 320px) 100vw, 320px\" title=\"\">                                                              <\/div>\n              <div class=\"box-text text-left\" >\n                 <p><\/p>\n              <\/div>\n            <\/div>\n            <\/a>          <\/div>\n         <\/div><div class=\"gallery-col col\" >\n          <div class=\"col-inner\">\n            <a class=\"image-lightbox lightbox-gallery\" href=\"https:\/\/www.alevcamcioglu.com\/wp-content\/uploads\/2024\/11\/rinoplastika-pre-posle-fotografija-u-turskoj-2.jpg\" title=\"\">            <div class=\"box has-hover gallery-box box-normal\">\n              <div class=\"box-image\" >\n                <img decoding=\"async\" width=\"320\" height=\"400\" src=\"https:\/\/www.alevcamcioglu.com\/wp-content\/uploads\/2024\/11\/rinoplastika-pre-posle-fotografija-u-turskoj-2-320x400.jpg\" class=\"attachment-medium size-medium\" alt=\"\" ids=\"9479,9485,9491,9497,9503,9509,9515,9521,9527,9533,9539,9545,9551,9557,9563,9569,9575,9581,9587,9593,9599,9605,9611,9617,9623,9629,9635,9641,9647,9653,9659,9665,9671,9677,9683,9689,9695,9701,9707,9713,9719,9725,9731,9737\" style=\"normal\" lightbox_image_size=\"2048x2048\" type=\"slider\" slider_nav_style=\"circle\" slider_nav_position=\"outside\" srcset=\"https:\/\/www.alevcamcioglu.com\/wp-content\/uploads\/2024\/11\/rinoplastika-pre-posle-fotografija-u-turskoj-2-320x400.jpg 320w, https:\/\/www.alevcamcioglu.com\/wp-content\/uploads\/2024\/11\/rinoplastika-pre-posle-fotografija-u-turskoj-2-640x800.jpg 640w, https:\/\/www.alevcamcioglu.com\/wp-content\/uploads\/2024\/11\/rinoplastika-pre-posle-fotografija-u-turskoj-2-768x960.jpg 768w, https:\/\/www.alevcamcioglu.com\/wp-content\/uploads\/2024\/11\/rinoplastika-pre-posle-fotografija-u-turskoj-2.jpg 1200w\" sizes=\"(max-width: 320px) 100vw, 320px\" title=\"\">                                                              <\/div>\n              <div class=\"box-text text-left\" >\n                 <p><\/p>\n              <\/div>\n            <\/div>\n            <\/a>          <\/div>\n         <\/div><div class=\"gallery-col col\" >\n          <div class=\"col-inner\">\n            <a class=\"image-lightbox lightbox-gallery\" href=\"https:\/\/www.alevcamcioglu.com\/wp-content\/uploads\/2024\/11\/rinoplastika-pre-posle-fotografija-u-turskoj-3.jpg\" title=\"\">            <div class=\"box has-hover gallery-box box-normal\">\n              <div class=\"box-image\" >\n                <img decoding=\"async\" width=\"320\" height=\"400\" src=\"https:\/\/www.alevcamcioglu.com\/wp-content\/uploads\/2024\/11\/rinoplastika-pre-posle-fotografija-u-turskoj-3-320x400.jpg\" class=\"attachment-medium size-medium\" alt=\"\" ids=\"9479,9485,9491,9497,9503,9509,9515,9521,9527,9533,9539,9545,9551,9557,9563,9569,9575,9581,9587,9593,9599,9605,9611,9617,9623,9629,9635,9641,9647,9653,9659,9665,9671,9677,9683,9689,9695,9701,9707,9713,9719,9725,9731,9737\" style=\"normal\" lightbox_image_size=\"2048x2048\" type=\"slider\" slider_nav_style=\"circle\" slider_nav_position=\"outside\" srcset=\"https:\/\/www.alevcamcioglu.com\/wp-content\/uploads\/2024\/11\/rinoplastika-pre-posle-fotografija-u-turskoj-3-320x400.jpg 320w, https:\/\/www.alevcamcioglu.com\/wp-content\/uploads\/2024\/11\/rinoplastika-pre-posle-fotografija-u-turskoj-3-640x800.jpg 640w, https:\/\/www.alevcamcioglu.com\/wp-content\/uploads\/2024\/11\/rinoplastika-pre-posle-fotografija-u-turskoj-3-768x960.jpg 768w, https:\/\/www.alevcamcioglu.com\/wp-content\/uploads\/2024\/11\/rinoplastika-pre-posle-fotografija-u-turskoj-3.jpg 1200w\" sizes=\"(max-width: 320px) 100vw, 320px\" title=\"\">                                                              <\/div>\n              <div class=\"box-text text-left\" >\n                 <p><\/p>\n              <\/div>\n            <\/div>\n            <\/a>          <\/div>\n         <\/div><div class=\"gallery-col col\" >\n          <div class=\"col-inner\">\n            <a class=\"image-lightbox lightbox-gallery\" href=\"https:\/\/www.alevcamcioglu.com\/wp-content\/uploads\/2024\/11\/rinoplastika-pre-posle-fotografija-u-turskoj-4.jpg\" title=\"\">            <div class=\"box has-hover gallery-box box-normal\">\n              <div class=\"box-image\" >\n                <img decoding=\"async\" width=\"320\" height=\"400\" src=\"https:\/\/www.alevcamcioglu.com\/wp-content\/uploads\/2024\/11\/rinoplastika-pre-posle-fotografija-u-turskoj-4-320x400.jpg\" class=\"attachment-medium size-medium\" alt=\"\" ids=\"9479,9485,9491,9497,9503,9509,9515,9521,9527,9533,9539,9545,9551,9557,9563,9569,9575,9581,9587,9593,9599,9605,9611,9617,9623,9629,9635,9641,9647,9653,9659,9665,9671,9677,9683,9689,9695,9701,9707,9713,9719,9725,9731,9737\" style=\"normal\" lightbox_image_size=\"2048x2048\" type=\"slider\" slider_nav_style=\"circle\" slider_nav_position=\"outside\" srcset=\"https:\/\/www.alevcamcioglu.com\/wp-content\/uploads\/2024\/11\/rinoplastika-pre-posle-fotografija-u-turskoj-4-320x400.jpg 320w, https:\/\/www.alevcamcioglu.com\/wp-content\/uploads\/2024\/11\/rinoplastika-pre-posle-fotografija-u-turskoj-4-640x800.jpg 640w, https:\/\/www.alevcamcioglu.com\/wp-content\/uploads\/2024\/11\/rinoplastika-pre-posle-fotografija-u-turskoj-4-768x960.jpg 768w, https:\/\/www.alevcamcioglu.com\/wp-content\/uploads\/2024\/11\/rinoplastika-pre-posle-fotografija-u-turskoj-4.jpg 1200w\" sizes=\"(max-width: 320px) 100vw, 320px\" title=\"\">                                                              <\/div>\n              <div class=\"box-text text-left\" >\n                 <p><\/p>\n              <\/div>\n            <\/div>\n            <\/a>          <\/div>\n         <\/div><div class=\"gallery-col col\" >\n          <div class=\"col-inner\">\n            <a class=\"image-lightbox lightbox-gallery\" href=\"https:\/\/www.alevcamcioglu.com\/wp-content\/uploads\/2024\/11\/rinoplastika-pre-posle-fotografija-u-turskoj-5.jpg\" title=\"\">            <div class=\"box has-hover gallery-box box-normal\">\n              <div class=\"box-image\" >\n                <img decoding=\"async\" width=\"320\" height=\"400\" src=\"https:\/\/www.alevcamcioglu.com\/wp-content\/uploads\/2024\/11\/rinoplastika-pre-posle-fotografija-u-turskoj-5-320x400.jpg\" class=\"attachment-medium size-medium\" alt=\"\" ids=\"9479,9485,9491,9497,9503,9509,9515,9521,9527,9533,9539,9545,9551,9557,9563,9569,9575,9581,9587,9593,9599,9605,9611,9617,9623,9629,9635,9641,9647,9653,9659,9665,9671,9677,9683,9689,9695,9701,9707,9713,9719,9725,9731,9737\" style=\"normal\" lightbox_image_size=\"2048x2048\" type=\"slider\" slider_nav_style=\"circle\" slider_nav_position=\"outside\" srcset=\"https:\/\/www.alevcamcioglu.com\/wp-content\/uploads\/2024\/11\/rinoplastika-pre-posle-fotografija-u-turskoj-5-320x400.jpg 320w, https:\/\/www.alevcamcioglu.com\/wp-content\/uploads\/2024\/11\/rinoplastika-pre-posle-fotografija-u-turskoj-5-640x800.jpg 640w, https:\/\/www.alevcamcioglu.com\/wp-content\/uploads\/2024\/11\/rinoplastika-pre-posle-fotografija-u-turskoj-5-768x960.jpg 768w, https:\/\/www.alevcamcioglu.com\/wp-content\/uploads\/2024\/11\/rinoplastika-pre-posle-fotografija-u-turskoj-5.jpg 1200w\" sizes=\"(max-width: 320px) 100vw, 320px\" title=\"\">                                                              <\/div>\n              <div class=\"box-text text-left\" >\n                 <p><\/p>\n              <\/div>\n            <\/div>\n            <\/a>          <\/div>\n         <\/div><div class=\"gallery-col col\" >\n          <div class=\"col-inner\">\n            <a class=\"image-lightbox lightbox-gallery\" href=\"https:\/\/www.alevcamcioglu.com\/wp-content\/uploads\/2024\/11\/rinoplastika-pre-posle-fotografija-u-turskoj-6.jpg\" title=\"\">            <div class=\"box has-hover gallery-box box-normal\">\n              <div class=\"box-image\" >\n                <img decoding=\"async\" width=\"320\" height=\"400\" src=\"https:\/\/www.alevcamcioglu.com\/wp-content\/uploads\/2024\/11\/rinoplastika-pre-posle-fotografija-u-turskoj-6-320x400.jpg\" class=\"attachment-medium size-medium\" alt=\"\" ids=\"9479,9485,9491,9497,9503,9509,9515,9521,9527,9533,9539,9545,9551,9557,9563,9569,9575,9581,9587,9593,9599,9605,9611,9617,9623,9629,9635,9641,9647,9653,9659,9665,9671,9677,9683,9689,9695,9701,9707,9713,9719,9725,9731,9737\" style=\"normal\" lightbox_image_size=\"2048x2048\" type=\"slider\" slider_nav_style=\"circle\" slider_nav_position=\"outside\" srcset=\"https:\/\/www.alevcamcioglu.com\/wp-content\/uploads\/2024\/11\/rinoplastika-pre-posle-fotografija-u-turskoj-6-320x400.jpg 320w, https:\/\/www.alevcamcioglu.com\/wp-content\/uploads\/2024\/11\/rinoplastika-pre-posle-fotografija-u-turskoj-6-640x800.jpg 640w, https:\/\/www.alevcamcioglu.com\/wp-content\/uploads\/2024\/11\/rinoplastika-pre-posle-fotografija-u-turskoj-6-768x960.jpg 768w, https:\/\/www.alevcamcioglu.com\/wp-content\/uploads\/2024\/11\/rinoplastika-pre-posle-fotografija-u-turskoj-6.jpg 1200w\" sizes=\"(max-width: 320px) 100vw, 320px\" title=\"\">                                                              <\/div>\n              <div class=\"box-text text-left\" >\n                 <p><\/p>\n              <\/div>\n            <\/div>\n            <\/a>          <\/div>\n         <\/div><div class=\"gallery-col col\" >\n          <div class=\"col-inner\">\n            <a class=\"image-lightbox lightbox-gallery\" href=\"https:\/\/www.alevcamcioglu.com\/wp-content\/uploads\/2024\/11\/rinoplastika-pre-posle-fotografija-u-turskoj-7.jpg\" title=\"\">            <div class=\"box has-hover gallery-box box-normal\">\n              <div class=\"box-image\" >\n                <img decoding=\"async\" width=\"320\" height=\"400\" src=\"https:\/\/www.alevcamcioglu.com\/wp-content\/uploads\/2024\/11\/rinoplastika-pre-posle-fotografija-u-turskoj-7-320x400.jpg\" class=\"attachment-medium size-medium\" alt=\"\" ids=\"9479,9485,9491,9497,9503,9509,9515,9521,9527,9533,9539,9545,9551,9557,9563,9569,9575,9581,9587,9593,9599,9605,9611,9617,9623,9629,9635,9641,9647,9653,9659,9665,9671,9677,9683,9689,9695,9701,9707,9713,9719,9725,9731,9737\" style=\"normal\" lightbox_image_size=\"2048x2048\" type=\"slider\" slider_nav_style=\"circle\" slider_nav_position=\"outside\" srcset=\"https:\/\/www.alevcamcioglu.com\/wp-content\/uploads\/2024\/11\/rinoplastika-pre-posle-fotografija-u-turskoj-7-320x400.jpg 320w, https:\/\/www.alevcamcioglu.com\/wp-content\/uploads\/2024\/11\/rinoplastika-pre-posle-fotografija-u-turskoj-7-640x800.jpg 640w, https:\/\/www.alevcamcioglu.com\/wp-content\/uploads\/2024\/11\/rinoplastika-pre-posle-fotografija-u-turskoj-7-768x960.jpg 768w, https:\/\/www.alevcamcioglu.com\/wp-content\/uploads\/2024\/11\/rinoplastika-pre-posle-fotografija-u-turskoj-7.jpg 1200w\" sizes=\"(max-width: 320px) 100vw, 320px\" title=\"\">                                                              <\/div>\n              <div class=\"box-text text-left\" >\n                 <p><\/p>\n              <\/div>\n            <\/div>\n            <\/a>          <\/div>\n         <\/div><div class=\"gallery-col col\" >\n          <div class=\"col-inner\">\n            <a class=\"image-lightbox lightbox-gallery\" href=\"https:\/\/www.alevcamcioglu.com\/wp-content\/uploads\/2024\/11\/rinoplastika-pre-posle-fotografija-u-turskoj-8.jpg\" title=\"\">            <div class=\"box has-hover gallery-box box-normal\">\n              <div class=\"box-image\" >\n                <img decoding=\"async\" width=\"320\" height=\"400\" src=\"https:\/\/www.alevcamcioglu.com\/wp-content\/uploads\/2024\/11\/rinoplastika-pre-posle-fotografija-u-turskoj-8-320x400.jpg\" class=\"attachment-medium size-medium\" alt=\"\" ids=\"9479,9485,9491,9497,9503,9509,9515,9521,9527,9533,9539,9545,9551,9557,9563,9569,9575,9581,9587,9593,9599,9605,9611,9617,9623,9629,9635,9641,9647,9653,9659,9665,9671,9677,9683,9689,9695,9701,9707,9713,9719,9725,9731,9737\" style=\"normal\" lightbox_image_size=\"2048x2048\" type=\"slider\" slider_nav_style=\"circle\" slider_nav_position=\"outside\" srcset=\"https:\/\/www.alevcamcioglu.com\/wp-content\/uploads\/2024\/11\/rinoplastika-pre-posle-fotografija-u-turskoj-8-320x400.jpg 320w, https:\/\/www.alevcamcioglu.com\/wp-content\/uploads\/2024\/11\/rinoplastika-pre-posle-fotografija-u-turskoj-8-640x800.jpg 640w, https:\/\/www.alevcamcioglu.com\/wp-content\/uploads\/2024\/11\/rinoplastika-pre-posle-fotografija-u-turskoj-8-768x960.jpg 768w, https:\/\/www.alevcamcioglu.com\/wp-content\/uploads\/2024\/11\/rinoplastika-pre-posle-fotografija-u-turskoj-8.jpg 1200w\" sizes=\"(max-width: 320px) 100vw, 320px\" title=\"\">                                                              <\/div>\n              <div class=\"box-text text-left\" >\n                 <p><\/p>\n              <\/div>\n            <\/div>\n            <\/a>          <\/div>\n         <\/div><div class=\"gallery-col col\" >\n          <div class=\"col-inner\">\n            <a class=\"image-lightbox lightbox-gallery\" href=\"https:\/\/www.alevcamcioglu.com\/wp-content\/uploads\/2024\/11\/rinoplastika-pre-posle-fotografija-u-turskoj-9.jpg\" title=\"\">            <div class=\"box has-hover gallery-box box-normal\">\n              <div class=\"box-image\" >\n                <img decoding=\"async\" width=\"320\" height=\"400\" src=\"https:\/\/www.alevcamcioglu.com\/wp-content\/uploads\/2024\/11\/rinoplastika-pre-posle-fotografija-u-turskoj-9-320x400.jpg\" class=\"attachment-medium size-medium\" alt=\"\" ids=\"9479,9485,9491,9497,9503,9509,9515,9521,9527,9533,9539,9545,9551,9557,9563,9569,9575,9581,9587,9593,9599,9605,9611,9617,9623,9629,9635,9641,9647,9653,9659,9665,9671,9677,9683,9689,9695,9701,9707,9713,9719,9725,9731,9737\" style=\"normal\" lightbox_image_size=\"2048x2048\" type=\"slider\" slider_nav_style=\"circle\" slider_nav_position=\"outside\" srcset=\"https:\/\/www.alevcamcioglu.com\/wp-content\/uploads\/2024\/11\/rinoplastika-pre-posle-fotografija-u-turskoj-9-320x400.jpg 320w, https:\/\/www.alevcamcioglu.com\/wp-content\/uploads\/2024\/11\/rinoplastika-pre-posle-fotografija-u-turskoj-9-640x800.jpg 640w, https:\/\/www.alevcamcioglu.com\/wp-content\/uploads\/2024\/11\/rinoplastika-pre-posle-fotografija-u-turskoj-9-768x960.jpg 768w, https:\/\/www.alevcamcioglu.com\/wp-content\/uploads\/2024\/11\/rinoplastika-pre-posle-fotografija-u-turskoj-9.jpg 1200w\" sizes=\"(max-width: 320px) 100vw, 320px\" title=\"\">                                                              <\/div>\n              <div class=\"box-text text-left\" >\n                 <p><\/p>\n              <\/div>\n            <\/div>\n            <\/a>          <\/div>\n         <\/div><div class=\"gallery-col col\" >\n          <div class=\"col-inner\">\n            <a class=\"image-lightbox lightbox-gallery\" href=\"https:\/\/www.alevcamcioglu.com\/wp-content\/uploads\/2024\/11\/rinoplastika-pre-posle-fotografija-u-turskoj-10.jpg\" title=\"\">            <div class=\"box has-hover gallery-box box-normal\">\n              <div class=\"box-image\" >\n                <img decoding=\"async\" width=\"320\" height=\"400\" src=\"https:\/\/www.alevcamcioglu.com\/wp-content\/uploads\/2024\/11\/rinoplastika-pre-posle-fotografija-u-turskoj-10-320x400.jpg\" class=\"attachment-medium size-medium\" alt=\"\" ids=\"9479,9485,9491,9497,9503,9509,9515,9521,9527,9533,9539,9545,9551,9557,9563,9569,9575,9581,9587,9593,9599,9605,9611,9617,9623,9629,9635,9641,9647,9653,9659,9665,9671,9677,9683,9689,9695,9701,9707,9713,9719,9725,9731,9737\" style=\"normal\" lightbox_image_size=\"2048x2048\" type=\"slider\" slider_nav_style=\"circle\" slider_nav_position=\"outside\" srcset=\"https:\/\/www.alevcamcioglu.com\/wp-content\/uploads\/2024\/11\/rinoplastika-pre-posle-fotografija-u-turskoj-10-320x400.jpg 320w, https:\/\/www.alevcamcioglu.com\/wp-content\/uploads\/2024\/11\/rinoplastika-pre-posle-fotografija-u-turskoj-10-640x800.jpg 640w, https:\/\/www.alevcamcioglu.com\/wp-content\/uploads\/2024\/11\/rinoplastika-pre-posle-fotografija-u-turskoj-10-768x960.jpg 768w, https:\/\/www.alevcamcioglu.com\/wp-content\/uploads\/2024\/11\/rinoplastika-pre-posle-fotografija-u-turskoj-10.jpg 1200w\" sizes=\"(max-width: 320px) 100vw, 320px\" title=\"\">                                                              <\/div>\n              <div class=\"box-text text-left\" >\n                 <p><\/p>\n              <\/div>\n            <\/div>\n            <\/a>          <\/div>\n         <\/div><div class=\"gallery-col col\" >\n          <div class=\"col-inner\">\n            <a class=\"image-lightbox lightbox-gallery\" href=\"https:\/\/www.alevcamcioglu.com\/wp-content\/uploads\/2024\/11\/rinoplastika-pre-posle-fotografija-u-turskoj-11.jpg\" title=\"\">            <div class=\"box has-hover gallery-box box-normal\">\n              <div class=\"box-image\" >\n                <img decoding=\"async\" width=\"320\" height=\"400\" src=\"https:\/\/www.alevcamcioglu.com\/wp-content\/uploads\/2024\/11\/rinoplastika-pre-posle-fotografija-u-turskoj-11-320x400.jpg\" class=\"attachment-medium size-medium\" alt=\"\" ids=\"9479,9485,9491,9497,9503,9509,9515,9521,9527,9533,9539,9545,9551,9557,9563,9569,9575,9581,9587,9593,9599,9605,9611,9617,9623,9629,9635,9641,9647,9653,9659,9665,9671,9677,9683,9689,9695,9701,9707,9713,9719,9725,9731,9737\" style=\"normal\" lightbox_image_size=\"2048x2048\" type=\"slider\" slider_nav_style=\"circle\" slider_nav_position=\"outside\" srcset=\"https:\/\/www.alevcamcioglu.com\/wp-content\/uploads\/2024\/11\/rinoplastika-pre-posle-fotografija-u-turskoj-11-320x400.jpg 320w, https:\/\/www.alevcamcioglu.com\/wp-content\/uploads\/2024\/11\/rinoplastika-pre-posle-fotografija-u-turskoj-11-640x800.jpg 640w, https:\/\/www.alevcamcioglu.com\/wp-content\/uploads\/2024\/11\/rinoplastika-pre-posle-fotografija-u-turskoj-11-768x960.jpg 768w, https:\/\/www.alevcamcioglu.com\/wp-content\/uploads\/2024\/11\/rinoplastika-pre-posle-fotografija-u-turskoj-11.jpg 1200w\" sizes=\"(max-width: 320px) 100vw, 320px\" title=\"\">                                                              <\/div>\n              <div class=\"box-text text-left\" >\n                 <p><\/p>\n              <\/div>\n            <\/div>\n            <\/a>          <\/div>\n         <\/div><div class=\"gallery-col col\" >\n          <div class=\"col-inner\">\n            <a class=\"image-lightbox lightbox-gallery\" href=\"https:\/\/www.alevcamcioglu.com\/wp-content\/uploads\/2024\/11\/rinoplastika-pre-posle-fotografija-u-turskoj-12.jpg\" title=\"\">            <div class=\"box has-hover gallery-box box-normal\">\n              <div class=\"box-image\" >\n                <img decoding=\"async\" width=\"320\" height=\"400\" src=\"https:\/\/www.alevcamcioglu.com\/wp-content\/uploads\/2024\/11\/rinoplastika-pre-posle-fotografija-u-turskoj-12-320x400.jpg\" class=\"attachment-medium size-medium\" alt=\"\" ids=\"9479,9485,9491,9497,9503,9509,9515,9521,9527,9533,9539,9545,9551,9557,9563,9569,9575,9581,9587,9593,9599,9605,9611,9617,9623,9629,9635,9641,9647,9653,9659,9665,9671,9677,9683,9689,9695,9701,9707,9713,9719,9725,9731,9737\" style=\"normal\" lightbox_image_size=\"2048x2048\" type=\"slider\" slider_nav_style=\"circle\" slider_nav_position=\"outside\" srcset=\"https:\/\/www.alevcamcioglu.com\/wp-content\/uploads\/2024\/11\/rinoplastika-pre-posle-fotografija-u-turskoj-12-320x400.jpg 320w, https:\/\/www.alevcamcioglu.com\/wp-content\/uploads\/2024\/11\/rinoplastika-pre-posle-fotografija-u-turskoj-12-640x800.jpg 640w, https:\/\/www.alevcamcioglu.com\/wp-content\/uploads\/2024\/11\/rinoplastika-pre-posle-fotografija-u-turskoj-12-768x960.jpg 768w, https:\/\/www.alevcamcioglu.com\/wp-content\/uploads\/2024\/11\/rinoplastika-pre-posle-fotografija-u-turskoj-12.jpg 1200w\" sizes=\"(max-width: 320px) 100vw, 320px\" title=\"\">                                                              <\/div>\n              <div class=\"box-text text-left\" >\n                 <p><\/p>\n              <\/div>\n            <\/div>\n            <\/a>          <\/div>\n         <\/div><div class=\"gallery-col col\" >\n          <div class=\"col-inner\">\n            <a class=\"image-lightbox lightbox-gallery\" href=\"https:\/\/www.alevcamcioglu.com\/wp-content\/uploads\/2024\/11\/rinoplastika-pre-posle-fotografija-u-turskoj-13.jpg\" title=\"\">            <div class=\"box has-hover gallery-box box-normal\">\n              <div class=\"box-image\" >\n                <img decoding=\"async\" width=\"320\" height=\"400\" src=\"https:\/\/www.alevcamcioglu.com\/wp-content\/uploads\/2024\/11\/rinoplastika-pre-posle-fotografija-u-turskoj-13-320x400.jpg\" class=\"attachment-medium size-medium\" alt=\"\" ids=\"9479,9485,9491,9497,9503,9509,9515,9521,9527,9533,9539,9545,9551,9557,9563,9569,9575,9581,9587,9593,9599,9605,9611,9617,9623,9629,9635,9641,9647,9653,9659,9665,9671,9677,9683,9689,9695,9701,9707,9713,9719,9725,9731,9737\" style=\"normal\" lightbox_image_size=\"2048x2048\" type=\"slider\" slider_nav_style=\"circle\" slider_nav_position=\"outside\" srcset=\"https:\/\/www.alevcamcioglu.com\/wp-content\/uploads\/2024\/11\/rinoplastika-pre-posle-fotografija-u-turskoj-13-320x400.jpg 320w, https:\/\/www.alevcamcioglu.com\/wp-content\/uploads\/2024\/11\/rinoplastika-pre-posle-fotografija-u-turskoj-13-640x800.jpg 640w, https:\/\/www.alevcamcioglu.com\/wp-content\/uploads\/2024\/11\/rinoplastika-pre-posle-fotografija-u-turskoj-13-768x960.jpg 768w, https:\/\/www.alevcamcioglu.com\/wp-content\/uploads\/2024\/11\/rinoplastika-pre-posle-fotografija-u-turskoj-13.jpg 1200w\" sizes=\"(max-width: 320px) 100vw, 320px\" title=\"\">                                                              <\/div>\n              <div class=\"box-text text-left\" >\n                 <p><\/p>\n              <\/div>\n            <\/div>\n            <\/a>          <\/div>\n         <\/div><div class=\"gallery-col col\" >\n          <div class=\"col-inner\">\n            <a class=\"image-lightbox lightbox-gallery\" href=\"https:\/\/www.alevcamcioglu.com\/wp-content\/uploads\/2024\/11\/rinoplastika-pre-posle-fotografija-u-turskoj-14.jpg\" title=\"\">            <div class=\"box has-hover gallery-box box-normal\">\n              <div class=\"box-image\" >\n                <img decoding=\"async\" width=\"320\" height=\"400\" src=\"https:\/\/www.alevcamcioglu.com\/wp-content\/uploads\/2024\/11\/rinoplastika-pre-posle-fotografija-u-turskoj-14-320x400.jpg\" class=\"attachment-medium size-medium\" alt=\"\" ids=\"9479,9485,9491,9497,9503,9509,9515,9521,9527,9533,9539,9545,9551,9557,9563,9569,9575,9581,9587,9593,9599,9605,9611,9617,9623,9629,9635,9641,9647,9653,9659,9665,9671,9677,9683,9689,9695,9701,9707,9713,9719,9725,9731,9737\" style=\"normal\" lightbox_image_size=\"2048x2048\" type=\"slider\" slider_nav_style=\"circle\" slider_nav_position=\"outside\" srcset=\"https:\/\/www.alevcamcioglu.com\/wp-content\/uploads\/2024\/11\/rinoplastika-pre-posle-fotografija-u-turskoj-14-320x400.jpg 320w, https:\/\/www.alevcamcioglu.com\/wp-content\/uploads\/2024\/11\/rinoplastika-pre-posle-fotografija-u-turskoj-14-640x800.jpg 640w, https:\/\/www.alevcamcioglu.com\/wp-content\/uploads\/2024\/11\/rinoplastika-pre-posle-fotografija-u-turskoj-14-768x960.jpg 768w, https:\/\/www.alevcamcioglu.com\/wp-content\/uploads\/2024\/11\/rinoplastika-pre-posle-fotografija-u-turskoj-14.jpg 1200w\" sizes=\"(max-width: 320px) 100vw, 320px\" title=\"\">                                                              <\/div>\n              <div class=\"box-text text-left\" >\n                 <p><\/p>\n              <\/div>\n            <\/div>\n            <\/a>          <\/div>\n         <\/div><div class=\"gallery-col col\" >\n          <div class=\"col-inner\">\n            <a class=\"image-lightbox lightbox-gallery\" href=\"https:\/\/www.alevcamcioglu.com\/wp-content\/uploads\/2024\/11\/rinoplastika-pre-posle-fotografija-u-turskoj-15.jpg\" title=\"\">            <div class=\"box has-hover gallery-box box-normal\">\n              <div class=\"box-image\" >\n                <img decoding=\"async\" width=\"320\" height=\"400\" src=\"https:\/\/www.alevcamcioglu.com\/wp-content\/uploads\/2024\/11\/rinoplastika-pre-posle-fotografija-u-turskoj-15-320x400.jpg\" class=\"attachment-medium size-medium\" alt=\"\" ids=\"9479,9485,9491,9497,9503,9509,9515,9521,9527,9533,9539,9545,9551,9557,9563,9569,9575,9581,9587,9593,9599,9605,9611,9617,9623,9629,9635,9641,9647,9653,9659,9665,9671,9677,9683,9689,9695,9701,9707,9713,9719,9725,9731,9737\" style=\"normal\" lightbox_image_size=\"2048x2048\" type=\"slider\" slider_nav_style=\"circle\" slider_nav_position=\"outside\" srcset=\"https:\/\/www.alevcamcioglu.com\/wp-content\/uploads\/2024\/11\/rinoplastika-pre-posle-fotografija-u-turskoj-15-320x400.jpg 320w, https:\/\/www.alevcamcioglu.com\/wp-content\/uploads\/2024\/11\/rinoplastika-pre-posle-fotografija-u-turskoj-15-640x800.jpg 640w, https:\/\/www.alevcamcioglu.com\/wp-content\/uploads\/2024\/11\/rinoplastika-pre-posle-fotografija-u-turskoj-15-768x960.jpg 768w, https:\/\/www.alevcamcioglu.com\/wp-content\/uploads\/2024\/11\/rinoplastika-pre-posle-fotografija-u-turskoj-15.jpg 1200w\" sizes=\"(max-width: 320px) 100vw, 320px\" title=\"\">                                                              <\/div>\n              <div class=\"box-text text-left\" >\n                 <p><\/p>\n              <\/div>\n            <\/div>\n            <\/a>          <\/div>\n         <\/div><div class=\"gallery-col col\" >\n          <div class=\"col-inner\">\n            <a class=\"image-lightbox lightbox-gallery\" href=\"https:\/\/www.alevcamcioglu.com\/wp-content\/uploads\/2024\/11\/rinoplastika-pre-posle-fotografija-u-turskoj-16.jpg\" title=\"\">            <div class=\"box has-hover gallery-box box-normal\">\n              <div class=\"box-image\" >\n                <img decoding=\"async\" width=\"320\" height=\"400\" src=\"https:\/\/www.alevcamcioglu.com\/wp-content\/uploads\/2024\/11\/rinoplastika-pre-posle-fotografija-u-turskoj-16-320x400.jpg\" class=\"attachment-medium size-medium\" alt=\"\" ids=\"9479,9485,9491,9497,9503,9509,9515,9521,9527,9533,9539,9545,9551,9557,9563,9569,9575,9581,9587,9593,9599,9605,9611,9617,9623,9629,9635,9641,9647,9653,9659,9665,9671,9677,9683,9689,9695,9701,9707,9713,9719,9725,9731,9737\" style=\"normal\" lightbox_image_size=\"2048x2048\" type=\"slider\" slider_nav_style=\"circle\" slider_nav_position=\"outside\" srcset=\"https:\/\/www.alevcamcioglu.com\/wp-content\/uploads\/2024\/11\/rinoplastika-pre-posle-fotografija-u-turskoj-16-320x400.jpg 320w, https:\/\/www.alevcamcioglu.com\/wp-content\/uploads\/2024\/11\/rinoplastika-pre-posle-fotografija-u-turskoj-16-640x800.jpg 640w, https:\/\/www.alevcamcioglu.com\/wp-content\/uploads\/2024\/11\/rinoplastika-pre-posle-fotografija-u-turskoj-16-768x960.jpg 768w, https:\/\/www.alevcamcioglu.com\/wp-content\/uploads\/2024\/11\/rinoplastika-pre-posle-fotografija-u-turskoj-16.jpg 1200w\" sizes=\"(max-width: 320px) 100vw, 320px\" title=\"\">                                                              <\/div>\n              <div class=\"box-text text-left\" >\n                 <p><\/p>\n              <\/div>\n            <\/div>\n            <\/a>          <\/div>\n         <\/div><div class=\"gallery-col col\" >\n          <div class=\"col-inner\">\n            <a class=\"image-lightbox lightbox-gallery\" href=\"https:\/\/www.alevcamcioglu.com\/wp-content\/uploads\/2024\/11\/rinoplastika-pre-posle-fotografija-u-turskoj-17.jpg\" title=\"\">            <div class=\"box has-hover gallery-box box-normal\">\n              <div class=\"box-image\" >\n                <img decoding=\"async\" width=\"320\" height=\"400\" src=\"https:\/\/www.alevcamcioglu.com\/wp-content\/uploads\/2024\/11\/rinoplastika-pre-posle-fotografija-u-turskoj-17-320x400.jpg\" class=\"attachment-medium size-medium\" alt=\"\" ids=\"9479,9485,9491,9497,9503,9509,9515,9521,9527,9533,9539,9545,9551,9557,9563,9569,9575,9581,9587,9593,9599,9605,9611,9617,9623,9629,9635,9641,9647,9653,9659,9665,9671,9677,9683,9689,9695,9701,9707,9713,9719,9725,9731,9737\" style=\"normal\" lightbox_image_size=\"2048x2048\" type=\"slider\" slider_nav_style=\"circle\" slider_nav_position=\"outside\" srcset=\"https:\/\/www.alevcamcioglu.com\/wp-content\/uploads\/2024\/11\/rinoplastika-pre-posle-fotografija-u-turskoj-17-320x400.jpg 320w, https:\/\/www.alevcamcioglu.com\/wp-content\/uploads\/2024\/11\/rinoplastika-pre-posle-fotografija-u-turskoj-17-640x800.jpg 640w, https:\/\/www.alevcamcioglu.com\/wp-content\/uploads\/2024\/11\/rinoplastika-pre-posle-fotografija-u-turskoj-17-768x960.jpg 768w, https:\/\/www.alevcamcioglu.com\/wp-content\/uploads\/2024\/11\/rinoplastika-pre-posle-fotografija-u-turskoj-17.jpg 1200w\" sizes=\"(max-width: 320px) 100vw, 320px\" title=\"\">                                                              <\/div>\n              <div class=\"box-text text-left\" >\n                 <p><\/p>\n              <\/div>\n            <\/div>\n            <\/a>          <\/div>\n         <\/div><div class=\"gallery-col col\" >\n          <div class=\"col-inner\">\n            <a class=\"image-lightbox lightbox-gallery\" href=\"https:\/\/www.alevcamcioglu.com\/wp-content\/uploads\/2024\/11\/rinoplastika-pre-posle-fotografija-u-turskoj-18.jpg\" title=\"\">            <div class=\"box has-hover gallery-box box-normal\">\n              <div class=\"box-image\" >\n                <img decoding=\"async\" width=\"320\" height=\"400\" src=\"https:\/\/www.alevcamcioglu.com\/wp-content\/uploads\/2024\/11\/rinoplastika-pre-posle-fotografija-u-turskoj-18-320x400.jpg\" class=\"attachment-medium size-medium\" alt=\"\" ids=\"9479,9485,9491,9497,9503,9509,9515,9521,9527,9533,9539,9545,9551,9557,9563,9569,9575,9581,9587,9593,9599,9605,9611,9617,9623,9629,9635,9641,9647,9653,9659,9665,9671,9677,9683,9689,9695,9701,9707,9713,9719,9725,9731,9737\" style=\"normal\" lightbox_image_size=\"2048x2048\" type=\"slider\" slider_nav_style=\"circle\" slider_nav_position=\"outside\" srcset=\"https:\/\/www.alevcamcioglu.com\/wp-content\/uploads\/2024\/11\/rinoplastika-pre-posle-fotografija-u-turskoj-18-320x400.jpg 320w, https:\/\/www.alevcamcioglu.com\/wp-content\/uploads\/2024\/11\/rinoplastika-pre-posle-fotografija-u-turskoj-18-640x800.jpg 640w, https:\/\/www.alevcamcioglu.com\/wp-content\/uploads\/2024\/11\/rinoplastika-pre-posle-fotografija-u-turskoj-18-768x960.jpg 768w, https:\/\/www.alevcamcioglu.com\/wp-content\/uploads\/2024\/11\/rinoplastika-pre-posle-fotografija-u-turskoj-18.jpg 1000w\" sizes=\"(max-width: 320px) 100vw, 320px\" title=\"\">                                                              <\/div>\n              <div class=\"box-text text-left\" >\n                 <p><\/p>\n              <\/div>\n            <\/div>\n            <\/a>          <\/div>\n         <\/div><div class=\"gallery-col col\" >\n          <div class=\"col-inner\">\n            <a class=\"image-lightbox lightbox-gallery\" href=\"https:\/\/www.alevcamcioglu.com\/wp-content\/uploads\/2024\/11\/rinoplastika-pre-posle-fotografija-u-turskoj-19.jpg\" title=\"\">            <div class=\"box has-hover gallery-box box-normal\">\n              <div class=\"box-image\" >\n                <img decoding=\"async\" width=\"320\" height=\"400\" src=\"https:\/\/www.alevcamcioglu.com\/wp-content\/uploads\/2024\/11\/rinoplastika-pre-posle-fotografija-u-turskoj-19-320x400.jpg\" class=\"attachment-medium size-medium\" alt=\"\" ids=\"9479,9485,9491,9497,9503,9509,9515,9521,9527,9533,9539,9545,9551,9557,9563,9569,9575,9581,9587,9593,9599,9605,9611,9617,9623,9629,9635,9641,9647,9653,9659,9665,9671,9677,9683,9689,9695,9701,9707,9713,9719,9725,9731,9737\" style=\"normal\" lightbox_image_size=\"2048x2048\" type=\"slider\" slider_nav_style=\"circle\" slider_nav_position=\"outside\" srcset=\"https:\/\/www.alevcamcioglu.com\/wp-content\/uploads\/2024\/11\/rinoplastika-pre-posle-fotografija-u-turskoj-19-320x400.jpg 320w, https:\/\/www.alevcamcioglu.com\/wp-content\/uploads\/2024\/11\/rinoplastika-pre-posle-fotografija-u-turskoj-19-640x800.jpg 640w, https:\/\/www.alevcamcioglu.com\/wp-content\/uploads\/2024\/11\/rinoplastika-pre-posle-fotografija-u-turskoj-19-768x960.jpg 768w, https:\/\/www.alevcamcioglu.com\/wp-content\/uploads\/2024\/11\/rinoplastika-pre-posle-fotografija-u-turskoj-19.jpg 1000w\" sizes=\"(max-width: 320px) 100vw, 320px\" title=\"\">                                                              <\/div>\n              <div class=\"box-text text-left\" >\n                 <p><\/p>\n              <\/div>\n            <\/div>\n            <\/a>          <\/div>\n         <\/div><div class=\"gallery-col col\" >\n          <div class=\"col-inner\">\n            <a class=\"image-lightbox lightbox-gallery\" href=\"https:\/\/www.alevcamcioglu.com\/wp-content\/uploads\/2024\/11\/rinoplastika-pre-posle-fotografija-u-turskoj-20.jpg\" title=\"\">            <div class=\"box has-hover gallery-box box-normal\">\n              <div class=\"box-image\" >\n                <img decoding=\"async\" width=\"320\" height=\"400\" src=\"https:\/\/www.alevcamcioglu.com\/wp-content\/uploads\/2024\/11\/rinoplastika-pre-posle-fotografija-u-turskoj-20-320x400.jpg\" class=\"attachment-medium size-medium\" alt=\"\" ids=\"9479,9485,9491,9497,9503,9509,9515,9521,9527,9533,9539,9545,9551,9557,9563,9569,9575,9581,9587,9593,9599,9605,9611,9617,9623,9629,9635,9641,9647,9653,9659,9665,9671,9677,9683,9689,9695,9701,9707,9713,9719,9725,9731,9737\" style=\"normal\" lightbox_image_size=\"2048x2048\" type=\"slider\" slider_nav_style=\"circle\" slider_nav_position=\"outside\" srcset=\"https:\/\/www.alevcamcioglu.com\/wp-content\/uploads\/2024\/11\/rinoplastika-pre-posle-fotografija-u-turskoj-20-320x400.jpg 320w, https:\/\/www.alevcamcioglu.com\/wp-content\/uploads\/2024\/11\/rinoplastika-pre-posle-fotografija-u-turskoj-20-639x800.jpg 639w, https:\/\/www.alevcamcioglu.com\/wp-content\/uploads\/2024\/11\/rinoplastika-pre-posle-fotografija-u-turskoj-20-768x961.jpg 768w, https:\/\/www.alevcamcioglu.com\/wp-content\/uploads\/2024\/11\/rinoplastika-pre-posle-fotografija-u-turskoj-20.jpg 999w\" sizes=\"(max-width: 320px) 100vw, 320px\" title=\"\">                                                              <\/div>\n              <div class=\"box-text text-left\" >\n                 <p><\/p>\n              <\/div>\n            <\/div>\n            <\/a>          <\/div>\n         <\/div><div class=\"gallery-col col\" >\n          <div class=\"col-inner\">\n            <a class=\"image-lightbox lightbox-gallery\" href=\"https:\/\/www.alevcamcioglu.com\/wp-content\/uploads\/2024\/11\/rinoplastika-pre-posle-fotografija-u-turskoj-21.jpg\" title=\"\">            <div class=\"box has-hover gallery-box box-normal\">\n              <div class=\"box-image\" >\n                <img decoding=\"async\" width=\"320\" height=\"400\" src=\"https:\/\/www.alevcamcioglu.com\/wp-content\/uploads\/2024\/11\/rinoplastika-pre-posle-fotografija-u-turskoj-21-320x400.jpg\" class=\"attachment-medium size-medium\" alt=\"\" ids=\"9479,9485,9491,9497,9503,9509,9515,9521,9527,9533,9539,9545,9551,9557,9563,9569,9575,9581,9587,9593,9599,9605,9611,9617,9623,9629,9635,9641,9647,9653,9659,9665,9671,9677,9683,9689,9695,9701,9707,9713,9719,9725,9731,9737\" style=\"normal\" lightbox_image_size=\"2048x2048\" type=\"slider\" slider_nav_style=\"circle\" slider_nav_position=\"outside\" srcset=\"https:\/\/www.alevcamcioglu.com\/wp-content\/uploads\/2024\/11\/rinoplastika-pre-posle-fotografija-u-turskoj-21-320x400.jpg 320w, https:\/\/www.alevcamcioglu.com\/wp-content\/uploads\/2024\/11\/rinoplastika-pre-posle-fotografija-u-turskoj-21-640x800.jpg 640w, https:\/\/www.alevcamcioglu.com\/wp-content\/uploads\/2024\/11\/rinoplastika-pre-posle-fotografija-u-turskoj-21-768x960.jpg 768w, https:\/\/www.alevcamcioglu.com\/wp-content\/uploads\/2024\/11\/rinoplastika-pre-posle-fotografija-u-turskoj-21.jpg 1000w\" sizes=\"(max-width: 320px) 100vw, 320px\" title=\"\">                                                              <\/div>\n              <div class=\"box-text text-left\" >\n                 <p><\/p>\n              <\/div>\n            <\/div>\n            <\/a>          <\/div>\n         <\/div><div class=\"gallery-col col\" >\n          <div class=\"col-inner\">\n            <a class=\"image-lightbox lightbox-gallery\" href=\"https:\/\/www.alevcamcioglu.com\/wp-content\/uploads\/2024\/11\/rinoplastika-pre-posle-fotografija-u-turskoj-22.jpg\" title=\"\">            <div class=\"box has-hover gallery-box box-normal\">\n              <div class=\"box-image\" >\n                <img decoding=\"async\" width=\"320\" height=\"400\" src=\"https:\/\/www.alevcamcioglu.com\/wp-content\/uploads\/2024\/11\/rinoplastika-pre-posle-fotografija-u-turskoj-22-320x400.jpg\" class=\"attachment-medium size-medium\" alt=\"\" ids=\"9479,9485,9491,9497,9503,9509,9515,9521,9527,9533,9539,9545,9551,9557,9563,9569,9575,9581,9587,9593,9599,9605,9611,9617,9623,9629,9635,9641,9647,9653,9659,9665,9671,9677,9683,9689,9695,9701,9707,9713,9719,9725,9731,9737\" style=\"normal\" lightbox_image_size=\"2048x2048\" type=\"slider\" slider_nav_style=\"circle\" slider_nav_position=\"outside\" srcset=\"https:\/\/www.alevcamcioglu.com\/wp-content\/uploads\/2024\/11\/rinoplastika-pre-posle-fotografija-u-turskoj-22-320x400.jpg 320w, https:\/\/www.alevcamcioglu.com\/wp-content\/uploads\/2024\/11\/rinoplastika-pre-posle-fotografija-u-turskoj-22-640x800.jpg 640w, https:\/\/www.alevcamcioglu.com\/wp-content\/uploads\/2024\/11\/rinoplastika-pre-posle-fotografija-u-turskoj-22-768x960.jpg 768w, https:\/\/www.alevcamcioglu.com\/wp-content\/uploads\/2024\/11\/rinoplastika-pre-posle-fotografija-u-turskoj-22.jpg 1000w\" sizes=\"(max-width: 320px) 100vw, 320px\" title=\"\">                                                              <\/div>\n              <div class=\"box-text text-left\" >\n                 <p><\/p>\n              <\/div>\n            <\/div>\n            <\/a>          <\/div>\n         <\/div><div class=\"gallery-col col\" >\n          <div class=\"col-inner\">\n            <a class=\"image-lightbox lightbox-gallery\" href=\"https:\/\/www.alevcamcioglu.com\/wp-content\/uploads\/2024\/11\/rinoplastika-pre-posle-fotografija-u-turskoj-23.jpg\" title=\"\">            <div class=\"box has-hover gallery-box box-normal\">\n              <div class=\"box-image\" >\n                <img decoding=\"async\" width=\"320\" height=\"400\" src=\"https:\/\/www.alevcamcioglu.com\/wp-content\/uploads\/2024\/11\/rinoplastika-pre-posle-fotografija-u-turskoj-23-320x400.jpg\" class=\"attachment-medium size-medium\" alt=\"\" ids=\"9479,9485,9491,9497,9503,9509,9515,9521,9527,9533,9539,9545,9551,9557,9563,9569,9575,9581,9587,9593,9599,9605,9611,9617,9623,9629,9635,9641,9647,9653,9659,9665,9671,9677,9683,9689,9695,9701,9707,9713,9719,9725,9731,9737\" style=\"normal\" lightbox_image_size=\"2048x2048\" type=\"slider\" slider_nav_style=\"circle\" slider_nav_position=\"outside\" srcset=\"https:\/\/www.alevcamcioglu.com\/wp-content\/uploads\/2024\/11\/rinoplastika-pre-posle-fotografija-u-turskoj-23-320x400.jpg 320w, https:\/\/www.alevcamcioglu.com\/wp-content\/uploads\/2024\/11\/rinoplastika-pre-posle-fotografija-u-turskoj-23-640x800.jpg 640w, https:\/\/www.alevcamcioglu.com\/wp-content\/uploads\/2024\/11\/rinoplastika-pre-posle-fotografija-u-turskoj-23-768x960.jpg 768w, https:\/\/www.alevcamcioglu.com\/wp-content\/uploads\/2024\/11\/rinoplastika-pre-posle-fotografija-u-turskoj-23.jpg 1000w\" sizes=\"(max-width: 320px) 100vw, 320px\" title=\"\">                                                              <\/div>\n              <div class=\"box-text text-left\" >\n                 <p><\/p>\n              <\/div>\n            <\/div>\n            <\/a>          <\/div>\n         <\/div><div class=\"gallery-col col\" >\n          <div class=\"col-inner\">\n            <a class=\"image-lightbox lightbox-gallery\" href=\"https:\/\/www.alevcamcioglu.com\/wp-content\/uploads\/2024\/11\/rinoplastika-pre-posle-fotografija-u-turskoj-24.jpg\" title=\"\">            <div class=\"box has-hover gallery-box box-normal\">\n              <div class=\"box-image\" >\n                <img decoding=\"async\" width=\"320\" height=\"400\" src=\"https:\/\/www.alevcamcioglu.com\/wp-content\/uploads\/2024\/11\/rinoplastika-pre-posle-fotografija-u-turskoj-24-320x400.jpg\" class=\"attachment-medium size-medium\" alt=\"\" ids=\"9479,9485,9491,9497,9503,9509,9515,9521,9527,9533,9539,9545,9551,9557,9563,9569,9575,9581,9587,9593,9599,9605,9611,9617,9623,9629,9635,9641,9647,9653,9659,9665,9671,9677,9683,9689,9695,9701,9707,9713,9719,9725,9731,9737\" style=\"normal\" lightbox_image_size=\"2048x2048\" type=\"slider\" slider_nav_style=\"circle\" slider_nav_position=\"outside\" srcset=\"https:\/\/www.alevcamcioglu.com\/wp-content\/uploads\/2024\/11\/rinoplastika-pre-posle-fotografija-u-turskoj-24-320x400.jpg 320w, https:\/\/www.alevcamcioglu.com\/wp-content\/uploads\/2024\/11\/rinoplastika-pre-posle-fotografija-u-turskoj-24-640x800.jpg 640w, https:\/\/www.alevcamcioglu.com\/wp-content\/uploads\/2024\/11\/rinoplastika-pre-posle-fotografija-u-turskoj-24-768x960.jpg 768w, https:\/\/www.alevcamcioglu.com\/wp-content\/uploads\/2024\/11\/rinoplastika-pre-posle-fotografija-u-turskoj-24.jpg 1000w\" sizes=\"(max-width: 320px) 100vw, 320px\" title=\"\">                                                              <\/div>\n              <div class=\"box-text text-left\" >\n                 <p><\/p>\n              <\/div>\n            <\/div>\n            <\/a>          <\/div>\n         <\/div><div class=\"gallery-col col\" >\n          <div class=\"col-inner\">\n            <a class=\"image-lightbox lightbox-gallery\" href=\"https:\/\/www.alevcamcioglu.com\/wp-content\/uploads\/2024\/11\/rinoplastika-pre-posle-fotografija-u-turskoj-25.jpg\" title=\"\">            <div class=\"box has-hover gallery-box box-normal\">\n              <div class=\"box-image\" >\n                <img decoding=\"async\" width=\"320\" height=\"400\" src=\"https:\/\/www.alevcamcioglu.com\/wp-content\/uploads\/2024\/11\/rinoplastika-pre-posle-fotografija-u-turskoj-25-320x400.jpg\" class=\"attachment-medium size-medium\" alt=\"\" ids=\"9479,9485,9491,9497,9503,9509,9515,9521,9527,9533,9539,9545,9551,9557,9563,9569,9575,9581,9587,9593,9599,9605,9611,9617,9623,9629,9635,9641,9647,9653,9659,9665,9671,9677,9683,9689,9695,9701,9707,9713,9719,9725,9731,9737\" style=\"normal\" lightbox_image_size=\"2048x2048\" type=\"slider\" slider_nav_style=\"circle\" slider_nav_position=\"outside\" srcset=\"https:\/\/www.alevcamcioglu.com\/wp-content\/uploads\/2024\/11\/rinoplastika-pre-posle-fotografija-u-turskoj-25-320x400.jpg 320w, https:\/\/www.alevcamcioglu.com\/wp-content\/uploads\/2024\/11\/rinoplastika-pre-posle-fotografija-u-turskoj-25-640x800.jpg 640w, https:\/\/www.alevcamcioglu.com\/wp-content\/uploads\/2024\/11\/rinoplastika-pre-posle-fotografija-u-turskoj-25-768x960.jpg 768w, https:\/\/www.alevcamcioglu.com\/wp-content\/uploads\/2024\/11\/rinoplastika-pre-posle-fotografija-u-turskoj-25.jpg 1000w\" sizes=\"(max-width: 320px) 100vw, 320px\" title=\"\">                                                              <\/div>\n              <div class=\"box-text text-left\" >\n                 <p><\/p>\n              <\/div>\n            <\/div>\n            <\/a>          <\/div>\n         <\/div><div class=\"gallery-col col\" >\n          <div class=\"col-inner\">\n            <a class=\"image-lightbox lightbox-gallery\" href=\"https:\/\/www.alevcamcioglu.com\/wp-content\/uploads\/2024\/11\/rinoplastika-pre-posle-fotografija-u-turskoj-26.jpg\" title=\"\">            <div class=\"box has-hover gallery-box box-normal\">\n              <div class=\"box-image\" >\n                <img decoding=\"async\" width=\"320\" height=\"400\" src=\"https:\/\/www.alevcamcioglu.com\/wp-content\/uploads\/2024\/11\/rinoplastika-pre-posle-fotografija-u-turskoj-26-320x400.jpg\" class=\"attachment-medium size-medium\" alt=\"\" ids=\"9479,9485,9491,9497,9503,9509,9515,9521,9527,9533,9539,9545,9551,9557,9563,9569,9575,9581,9587,9593,9599,9605,9611,9617,9623,9629,9635,9641,9647,9653,9659,9665,9671,9677,9683,9689,9695,9701,9707,9713,9719,9725,9731,9737\" style=\"normal\" lightbox_image_size=\"2048x2048\" type=\"slider\" slider_nav_style=\"circle\" slider_nav_position=\"outside\" srcset=\"https:\/\/www.alevcamcioglu.com\/wp-content\/uploads\/2024\/11\/rinoplastika-pre-posle-fotografija-u-turskoj-26-320x400.jpg 320w, https:\/\/www.alevcamcioglu.com\/wp-content\/uploads\/2024\/11\/rinoplastika-pre-posle-fotografija-u-turskoj-26-640x800.jpg 640w, https:\/\/www.alevcamcioglu.com\/wp-content\/uploads\/2024\/11\/rinoplastika-pre-posle-fotografija-u-turskoj-26-768x960.jpg 768w, https:\/\/www.alevcamcioglu.com\/wp-content\/uploads\/2024\/11\/rinoplastika-pre-posle-fotografija-u-turskoj-26.jpg 1000w\" sizes=\"(max-width: 320px) 100vw, 320px\" title=\"\">                                                              <\/div>\n              <div class=\"box-text text-left\" >\n                 <p><\/p>\n              <\/div>\n            <\/div>\n            <\/a>          <\/div>\n         <\/div><div class=\"gallery-col col\" >\n          <div class=\"col-inner\">\n            <a class=\"image-lightbox lightbox-gallery\" href=\"https:\/\/www.alevcamcioglu.com\/wp-content\/uploads\/2024\/11\/rinoplastika-pre-posle-fotografija-u-turskoj-27.jpg\" title=\"\">            <div class=\"box has-hover gallery-box box-normal\">\n              <div class=\"box-image\" >\n                <img decoding=\"async\" width=\"320\" height=\"400\" src=\"https:\/\/www.alevcamcioglu.com\/wp-content\/uploads\/2024\/11\/rinoplastika-pre-posle-fotografija-u-turskoj-27-320x400.jpg\" class=\"attachment-medium size-medium\" alt=\"\" ids=\"9479,9485,9491,9497,9503,9509,9515,9521,9527,9533,9539,9545,9551,9557,9563,9569,9575,9581,9587,9593,9599,9605,9611,9617,9623,9629,9635,9641,9647,9653,9659,9665,9671,9677,9683,9689,9695,9701,9707,9713,9719,9725,9731,9737\" style=\"normal\" lightbox_image_size=\"2048x2048\" type=\"slider\" slider_nav_style=\"circle\" slider_nav_position=\"outside\" srcset=\"https:\/\/www.alevcamcioglu.com\/wp-content\/uploads\/2024\/11\/rinoplastika-pre-posle-fotografija-u-turskoj-27-320x400.jpg 320w, https:\/\/www.alevcamcioglu.com\/wp-content\/uploads\/2024\/11\/rinoplastika-pre-posle-fotografija-u-turskoj-27-640x800.jpg 640w, https:\/\/www.alevcamcioglu.com\/wp-content\/uploads\/2024\/11\/rinoplastika-pre-posle-fotografija-u-turskoj-27-768x960.jpg 768w, https:\/\/www.alevcamcioglu.com\/wp-content\/uploads\/2024\/11\/rinoplastika-pre-posle-fotografija-u-turskoj-27.jpg 1000w\" sizes=\"(max-width: 320px) 100vw, 320px\" title=\"\">                                                              <\/div>\n              <div class=\"box-text text-left\" >\n                 <p><\/p>\n              <\/div>\n            <\/div>\n            <\/a>          <\/div>\n         <\/div><div class=\"gallery-col col\" >\n          <div class=\"col-inner\">\n            <a class=\"image-lightbox lightbox-gallery\" href=\"https:\/\/www.alevcamcioglu.com\/wp-content\/uploads\/2024\/11\/rinoplastika-pre-posle-fotografija-u-turskoj-28.jpg\" title=\"\">            <div class=\"box has-hover gallery-box box-normal\">\n              <div class=\"box-image\" >\n                <img decoding=\"async\" width=\"320\" height=\"400\" src=\"https:\/\/www.alevcamcioglu.com\/wp-content\/uploads\/2024\/11\/rinoplastika-pre-posle-fotografija-u-turskoj-28-320x400.jpg\" class=\"attachment-medium size-medium\" alt=\"\" ids=\"9479,9485,9491,9497,9503,9509,9515,9521,9527,9533,9539,9545,9551,9557,9563,9569,9575,9581,9587,9593,9599,9605,9611,9617,9623,9629,9635,9641,9647,9653,9659,9665,9671,9677,9683,9689,9695,9701,9707,9713,9719,9725,9731,9737\" style=\"normal\" lightbox_image_size=\"2048x2048\" type=\"slider\" slider_nav_style=\"circle\" slider_nav_position=\"outside\" srcset=\"https:\/\/www.alevcamcioglu.com\/wp-content\/uploads\/2024\/11\/rinoplastika-pre-posle-fotografija-u-turskoj-28-320x400.jpg 320w, https:\/\/www.alevcamcioglu.com\/wp-content\/uploads\/2024\/11\/rinoplastika-pre-posle-fotografija-u-turskoj-28-640x800.jpg 640w, https:\/\/www.alevcamcioglu.com\/wp-content\/uploads\/2024\/11\/rinoplastika-pre-posle-fotografija-u-turskoj-28-768x960.jpg 768w, https:\/\/www.alevcamcioglu.com\/wp-content\/uploads\/2024\/11\/rinoplastika-pre-posle-fotografija-u-turskoj-28.jpg 1000w\" sizes=\"(max-width: 320px) 100vw, 320px\" title=\"\">                                                              <\/div>\n              <div class=\"box-text text-left\" >\n                 <p><\/p>\n              <\/div>\n            <\/div>\n            <\/a>          <\/div>\n         <\/div><div class=\"gallery-col col\" >\n          <div class=\"col-inner\">\n            <a class=\"image-lightbox lightbox-gallery\" href=\"https:\/\/www.alevcamcioglu.com\/wp-content\/uploads\/2024\/11\/rinoplastika-pre-posle-fotografija-u-turskoj-29.jpg\" title=\"\">            <div class=\"box has-hover gallery-box box-normal\">\n              <div class=\"box-image\" >\n                <img decoding=\"async\" width=\"320\" height=\"400\" src=\"https:\/\/www.alevcamcioglu.com\/wp-content\/uploads\/2024\/11\/rinoplastika-pre-posle-fotografija-u-turskoj-29-320x400.jpg\" class=\"attachment-medium size-medium\" alt=\"\" ids=\"9479,9485,9491,9497,9503,9509,9515,9521,9527,9533,9539,9545,9551,9557,9563,9569,9575,9581,9587,9593,9599,9605,9611,9617,9623,9629,9635,9641,9647,9653,9659,9665,9671,9677,9683,9689,9695,9701,9707,9713,9719,9725,9731,9737\" style=\"normal\" lightbox_image_size=\"2048x2048\" type=\"slider\" slider_nav_style=\"circle\" slider_nav_position=\"outside\" srcset=\"https:\/\/www.alevcamcioglu.com\/wp-content\/uploads\/2024\/11\/rinoplastika-pre-posle-fotografija-u-turskoj-29-320x400.jpg 320w, https:\/\/www.alevcamcioglu.com\/wp-content\/uploads\/2024\/11\/rinoplastika-pre-posle-fotografija-u-turskoj-29-640x800.jpg 640w, https:\/\/www.alevcamcioglu.com\/wp-content\/uploads\/2024\/11\/rinoplastika-pre-posle-fotografija-u-turskoj-29-768x960.jpg 768w, https:\/\/www.alevcamcioglu.com\/wp-content\/uploads\/2024\/11\/rinoplastika-pre-posle-fotografija-u-turskoj-29.jpg 1000w\" sizes=\"(max-width: 320px) 100vw, 320px\" title=\"\">                                                              <\/div>\n              <div class=\"box-text text-left\" >\n                 <p><\/p>\n              <\/div>\n            <\/div>\n            <\/a>          <\/div>\n         <\/div><div class=\"gallery-col col\" >\n          <div class=\"col-inner\">\n            <a class=\"image-lightbox lightbox-gallery\" href=\"https:\/\/www.alevcamcioglu.com\/wp-content\/uploads\/2024\/11\/rinoplastika-pre-posle-fotografija-u-turskoj-30.jpg\" title=\"\">            <div class=\"box has-hover gallery-box box-normal\">\n              <div class=\"box-image\" >\n                <img decoding=\"async\" width=\"320\" height=\"400\" src=\"https:\/\/www.alevcamcioglu.com\/wp-content\/uploads\/2024\/11\/rinoplastika-pre-posle-fotografija-u-turskoj-30-320x400.jpg\" class=\"attachment-medium size-medium\" alt=\"\" ids=\"9479,9485,9491,9497,9503,9509,9515,9521,9527,9533,9539,9545,9551,9557,9563,9569,9575,9581,9587,9593,9599,9605,9611,9617,9623,9629,9635,9641,9647,9653,9659,9665,9671,9677,9683,9689,9695,9701,9707,9713,9719,9725,9731,9737\" style=\"normal\" lightbox_image_size=\"2048x2048\" type=\"slider\" slider_nav_style=\"circle\" slider_nav_position=\"outside\" srcset=\"https:\/\/www.alevcamcioglu.com\/wp-content\/uploads\/2024\/11\/rinoplastika-pre-posle-fotografija-u-turskoj-30-320x400.jpg 320w, https:\/\/www.alevcamcioglu.com\/wp-content\/uploads\/2024\/11\/rinoplastika-pre-posle-fotografija-u-turskoj-30-640x800.jpg 640w, https:\/\/www.alevcamcioglu.com\/wp-content\/uploads\/2024\/11\/rinoplastika-pre-posle-fotografija-u-turskoj-30-768x960.jpg 768w, https:\/\/www.alevcamcioglu.com\/wp-content\/uploads\/2024\/11\/rinoplastika-pre-posle-fotografija-u-turskoj-30.jpg 1200w\" sizes=\"(max-width: 320px) 100vw, 320px\" title=\"\">                                                              <\/div>\n              <div class=\"box-text text-left\" >\n                 <p><\/p>\n              <\/div>\n            <\/div>\n            <\/a>          <\/div>\n         <\/div><div class=\"gallery-col col\" >\n          <div class=\"col-inner\">\n            <a class=\"image-lightbox lightbox-gallery\" href=\"https:\/\/www.alevcamcioglu.com\/wp-content\/uploads\/2024\/11\/rinoplastika-pre-posle-fotografija-u-turskoj-31.jpg\" title=\"\">            <div class=\"box has-hover gallery-box box-normal\">\n              <div class=\"box-image\" >\n                <img decoding=\"async\" width=\"320\" height=\"400\" src=\"https:\/\/www.alevcamcioglu.com\/wp-content\/uploads\/2024\/11\/rinoplastika-pre-posle-fotografija-u-turskoj-31-320x400.jpg\" class=\"attachment-medium size-medium\" alt=\"\" ids=\"9479,9485,9491,9497,9503,9509,9515,9521,9527,9533,9539,9545,9551,9557,9563,9569,9575,9581,9587,9593,9599,9605,9611,9617,9623,9629,9635,9641,9647,9653,9659,9665,9671,9677,9683,9689,9695,9701,9707,9713,9719,9725,9731,9737\" style=\"normal\" lightbox_image_size=\"2048x2048\" type=\"slider\" slider_nav_style=\"circle\" slider_nav_position=\"outside\" srcset=\"https:\/\/www.alevcamcioglu.com\/wp-content\/uploads\/2024\/11\/rinoplastika-pre-posle-fotografija-u-turskoj-31-320x400.jpg 320w, https:\/\/www.alevcamcioglu.com\/wp-content\/uploads\/2024\/11\/rinoplastika-pre-posle-fotografija-u-turskoj-31-640x800.jpg 640w, https:\/\/www.alevcamcioglu.com\/wp-content\/uploads\/2024\/11\/rinoplastika-pre-posle-fotografija-u-turskoj-31-768x960.jpg 768w, https:\/\/www.alevcamcioglu.com\/wp-content\/uploads\/2024\/11\/rinoplastika-pre-posle-fotografija-u-turskoj-31.jpg 1000w\" sizes=\"(max-width: 320px) 100vw, 320px\" title=\"\">                                                              <\/div>\n              <div class=\"box-text text-left\" >\n                 <p><\/p>\n              <\/div>\n            <\/div>\n            <\/a>          <\/div>\n         <\/div><div class=\"gallery-col col\" >\n          <div class=\"col-inner\">\n            <a class=\"image-lightbox lightbox-gallery\" href=\"https:\/\/www.alevcamcioglu.com\/wp-content\/uploads\/2024\/11\/rinoplastika-pre-posle-fotografija-u-turskoj-32.jpg\" title=\"\">            <div class=\"box has-hover gallery-box box-normal\">\n              <div class=\"box-image\" >\n                <img decoding=\"async\" width=\"320\" height=\"400\" src=\"https:\/\/www.alevcamcioglu.com\/wp-content\/uploads\/2024\/11\/rinoplastika-pre-posle-fotografija-u-turskoj-32-320x400.jpg\" class=\"attachment-medium size-medium\" alt=\"\" ids=\"9479,9485,9491,9497,9503,9509,9515,9521,9527,9533,9539,9545,9551,9557,9563,9569,9575,9581,9587,9593,9599,9605,9611,9617,9623,9629,9635,9641,9647,9653,9659,9665,9671,9677,9683,9689,9695,9701,9707,9713,9719,9725,9731,9737\" style=\"normal\" lightbox_image_size=\"2048x2048\" type=\"slider\" slider_nav_style=\"circle\" slider_nav_position=\"outside\" srcset=\"https:\/\/www.alevcamcioglu.com\/wp-content\/uploads\/2024\/11\/rinoplastika-pre-posle-fotografija-u-turskoj-32-320x400.jpg 320w, https:\/\/www.alevcamcioglu.com\/wp-content\/uploads\/2024\/11\/rinoplastika-pre-posle-fotografija-u-turskoj-32-640x800.jpg 640w, https:\/\/www.alevcamcioglu.com\/wp-content\/uploads\/2024\/11\/rinoplastika-pre-posle-fotografija-u-turskoj-32-768x960.jpg 768w, https:\/\/www.alevcamcioglu.com\/wp-content\/uploads\/2024\/11\/rinoplastika-pre-posle-fotografija-u-turskoj-32.jpg 1000w\" sizes=\"(max-width: 320px) 100vw, 320px\" title=\"\">                                                              <\/div>\n              <div class=\"box-text text-left\" >\n                 <p><\/p>\n              <\/div>\n            <\/div>\n            <\/a>          <\/div>\n         <\/div><div class=\"gallery-col col\" >\n          <div class=\"col-inner\">\n            <a class=\"image-lightbox lightbox-gallery\" href=\"https:\/\/www.alevcamcioglu.com\/wp-content\/uploads\/2024\/11\/rinoplastika-pre-posle-fotografija-u-turskoj-33.jpg\" title=\"\">            <div class=\"box has-hover gallery-box box-normal\">\n              <div class=\"box-image\" >\n                <img decoding=\"async\" width=\"320\" height=\"400\" src=\"https:\/\/www.alevcamcioglu.com\/wp-content\/uploads\/2024\/11\/rinoplastika-pre-posle-fotografija-u-turskoj-33-320x400.jpg\" class=\"attachment-medium size-medium\" alt=\"\" ids=\"9479,9485,9491,9497,9503,9509,9515,9521,9527,9533,9539,9545,9551,9557,9563,9569,9575,9581,9587,9593,9599,9605,9611,9617,9623,9629,9635,9641,9647,9653,9659,9665,9671,9677,9683,9689,9695,9701,9707,9713,9719,9725,9731,9737\" style=\"normal\" lightbox_image_size=\"2048x2048\" type=\"slider\" slider_nav_style=\"circle\" slider_nav_position=\"outside\" srcset=\"https:\/\/www.alevcamcioglu.com\/wp-content\/uploads\/2024\/11\/rinoplastika-pre-posle-fotografija-u-turskoj-33-320x400.jpg 320w, https:\/\/www.alevcamcioglu.com\/wp-content\/uploads\/2024\/11\/rinoplastika-pre-posle-fotografija-u-turskoj-33-640x800.jpg 640w, https:\/\/www.alevcamcioglu.com\/wp-content\/uploads\/2024\/11\/rinoplastika-pre-posle-fotografija-u-turskoj-33-768x960.jpg 768w, https:\/\/www.alevcamcioglu.com\/wp-content\/uploads\/2024\/11\/rinoplastika-pre-posle-fotografija-u-turskoj-33.jpg 1000w\" sizes=\"(max-width: 320px) 100vw, 320px\" title=\"\">                                                              <\/div>\n              <div class=\"box-text text-left\" >\n                 <p><\/p>\n              <\/div>\n            <\/div>\n            <\/a>          <\/div>\n         <\/div><div class=\"gallery-col col\" >\n          <div class=\"col-inner\">\n            <a class=\"image-lightbox lightbox-gallery\" href=\"https:\/\/www.alevcamcioglu.com\/wp-content\/uploads\/2024\/11\/rinoplastika-pre-posle-fotografija-u-turskoj-34.jpg\" title=\"\">            <div class=\"box has-hover gallery-box box-normal\">\n              <div class=\"box-image\" >\n                <img decoding=\"async\" width=\"320\" height=\"400\" src=\"https:\/\/www.alevcamcioglu.com\/wp-content\/uploads\/2024\/11\/rinoplastika-pre-posle-fotografija-u-turskoj-34-320x400.jpg\" class=\"attachment-medium size-medium\" alt=\"\" ids=\"9479,9485,9491,9497,9503,9509,9515,9521,9527,9533,9539,9545,9551,9557,9563,9569,9575,9581,9587,9593,9599,9605,9611,9617,9623,9629,9635,9641,9647,9653,9659,9665,9671,9677,9683,9689,9695,9701,9707,9713,9719,9725,9731,9737\" style=\"normal\" lightbox_image_size=\"2048x2048\" type=\"slider\" slider_nav_style=\"circle\" slider_nav_position=\"outside\" srcset=\"https:\/\/www.alevcamcioglu.com\/wp-content\/uploads\/2024\/11\/rinoplastika-pre-posle-fotografija-u-turskoj-34-320x400.jpg 320w, https:\/\/www.alevcamcioglu.com\/wp-content\/uploads\/2024\/11\/rinoplastika-pre-posle-fotografija-u-turskoj-34-640x800.jpg 640w, https:\/\/www.alevcamcioglu.com\/wp-content\/uploads\/2024\/11\/rinoplastika-pre-posle-fotografija-u-turskoj-34-768x960.jpg 768w, https:\/\/www.alevcamcioglu.com\/wp-content\/uploads\/2024\/11\/rinoplastika-pre-posle-fotografija-u-turskoj-34.jpg 1000w\" sizes=\"(max-width: 320px) 100vw, 320px\" title=\"\">                                                              <\/div>\n              <div class=\"box-text text-left\" >\n                 <p><\/p>\n              <\/div>\n            <\/div>\n            <\/a>          <\/div>\n         <\/div><div class=\"gallery-col col\" >\n          <div class=\"col-inner\">\n            <a class=\"image-lightbox lightbox-gallery\" href=\"https:\/\/www.alevcamcioglu.com\/wp-content\/uploads\/2024\/11\/rinoplastika-pre-posle-fotografija-u-turskoj-35.jpg\" title=\"\">            <div class=\"box has-hover gallery-box box-normal\">\n              <div class=\"box-image\" >\n                <img decoding=\"async\" width=\"320\" height=\"400\" src=\"https:\/\/www.alevcamcioglu.com\/wp-content\/uploads\/2024\/11\/rinoplastika-pre-posle-fotografija-u-turskoj-35-320x400.jpg\" class=\"attachment-medium size-medium\" alt=\"\" ids=\"9479,9485,9491,9497,9503,9509,9515,9521,9527,9533,9539,9545,9551,9557,9563,9569,9575,9581,9587,9593,9599,9605,9611,9617,9623,9629,9635,9641,9647,9653,9659,9665,9671,9677,9683,9689,9695,9701,9707,9713,9719,9725,9731,9737\" style=\"normal\" lightbox_image_size=\"2048x2048\" type=\"slider\" slider_nav_style=\"circle\" slider_nav_position=\"outside\" srcset=\"https:\/\/www.alevcamcioglu.com\/wp-content\/uploads\/2024\/11\/rinoplastika-pre-posle-fotografija-u-turskoj-35-320x400.jpg 320w, https:\/\/www.alevcamcioglu.com\/wp-content\/uploads\/2024\/11\/rinoplastika-pre-posle-fotografija-u-turskoj-35-640x800.jpg 640w, https:\/\/www.alevcamcioglu.com\/wp-content\/uploads\/2024\/11\/rinoplastika-pre-posle-fotografija-u-turskoj-35-768x960.jpg 768w, https:\/\/www.alevcamcioglu.com\/wp-content\/uploads\/2024\/11\/rinoplastika-pre-posle-fotografija-u-turskoj-35.jpg 1000w\" sizes=\"(max-width: 320px) 100vw, 320px\" title=\"\">                                                              <\/div>\n              <div class=\"box-text text-left\" >\n                 <p><\/p>\n              <\/div>\n            <\/div>\n            <\/a>          <\/div>\n         <\/div><div class=\"gallery-col col\" >\n          <div class=\"col-inner\">\n            <a class=\"image-lightbox lightbox-gallery\" href=\"https:\/\/www.alevcamcioglu.com\/wp-content\/uploads\/2024\/11\/rinoplastika-pre-posle-fotografija-u-turskoj-36.jpg\" title=\"\">            <div class=\"box has-hover gallery-box box-normal\">\n              <div class=\"box-image\" >\n                <img decoding=\"async\" width=\"320\" height=\"400\" src=\"https:\/\/www.alevcamcioglu.com\/wp-content\/uploads\/2024\/11\/rinoplastika-pre-posle-fotografija-u-turskoj-36-320x400.jpg\" class=\"attachment-medium size-medium\" alt=\"\" ids=\"9479,9485,9491,9497,9503,9509,9515,9521,9527,9533,9539,9545,9551,9557,9563,9569,9575,9581,9587,9593,9599,9605,9611,9617,9623,9629,9635,9641,9647,9653,9659,9665,9671,9677,9683,9689,9695,9701,9707,9713,9719,9725,9731,9737\" style=\"normal\" lightbox_image_size=\"2048x2048\" type=\"slider\" slider_nav_style=\"circle\" slider_nav_position=\"outside\" srcset=\"https:\/\/www.alevcamcioglu.com\/wp-content\/uploads\/2024\/11\/rinoplastika-pre-posle-fotografija-u-turskoj-36-320x400.jpg 320w, https:\/\/www.alevcamcioglu.com\/wp-content\/uploads\/2024\/11\/rinoplastika-pre-posle-fotografija-u-turskoj-36-640x800.jpg 640w, https:\/\/www.alevcamcioglu.com\/wp-content\/uploads\/2024\/11\/rinoplastika-pre-posle-fotografija-u-turskoj-36-768x960.jpg 768w, https:\/\/www.alevcamcioglu.com\/wp-content\/uploads\/2024\/11\/rinoplastika-pre-posle-fotografija-u-turskoj-36.jpg 1200w\" sizes=\"(max-width: 320px) 100vw, 320px\" title=\"\">                                                              <\/div>\n              <div class=\"box-text text-left\" >\n                 <p><\/p>\n              <\/div>\n            <\/div>\n            <\/a>          <\/div>\n         <\/div><div class=\"gallery-col col\" >\n          <div class=\"col-inner\">\n            <a class=\"image-lightbox lightbox-gallery\" href=\"https:\/\/www.alevcamcioglu.com\/wp-content\/uploads\/2024\/11\/rinoplastika-pre-posle-fotografija-u-turskoj-37.jpg\" title=\"\">            <div class=\"box has-hover gallery-box box-normal\">\n              <div class=\"box-image\" >\n                <img decoding=\"async\" width=\"320\" height=\"400\" src=\"https:\/\/www.alevcamcioglu.com\/wp-content\/uploads\/2024\/11\/rinoplastika-pre-posle-fotografija-u-turskoj-37-320x400.jpg\" class=\"attachment-medium size-medium\" alt=\"\" ids=\"9479,9485,9491,9497,9503,9509,9515,9521,9527,9533,9539,9545,9551,9557,9563,9569,9575,9581,9587,9593,9599,9605,9611,9617,9623,9629,9635,9641,9647,9653,9659,9665,9671,9677,9683,9689,9695,9701,9707,9713,9719,9725,9731,9737\" style=\"normal\" lightbox_image_size=\"2048x2048\" type=\"slider\" slider_nav_style=\"circle\" slider_nav_position=\"outside\" srcset=\"https:\/\/www.alevcamcioglu.com\/wp-content\/uploads\/2024\/11\/rinoplastika-pre-posle-fotografija-u-turskoj-37-320x400.jpg 320w, https:\/\/www.alevcamcioglu.com\/wp-content\/uploads\/2024\/11\/rinoplastika-pre-posle-fotografija-u-turskoj-37-640x800.jpg 640w, https:\/\/www.alevcamcioglu.com\/wp-content\/uploads\/2024\/11\/rinoplastika-pre-posle-fotografija-u-turskoj-37-768x960.jpg 768w, https:\/\/www.alevcamcioglu.com\/wp-content\/uploads\/2024\/11\/rinoplastika-pre-posle-fotografija-u-turskoj-37.jpg 1200w\" sizes=\"(max-width: 320px) 100vw, 320px\" title=\"\">                                                              <\/div>\n              <div class=\"box-text text-left\" >\n                 <p><\/p>\n              <\/div>\n            <\/div>\n            <\/a>          <\/div>\n         <\/div><div class=\"gallery-col col\" >\n          <div class=\"col-inner\">\n            <a class=\"image-lightbox lightbox-gallery\" href=\"https:\/\/www.alevcamcioglu.com\/wp-content\/uploads\/2024\/11\/rinoplastika-pre-posle-fotografija-u-turskoj-38.jpg\" title=\"\">            <div class=\"box has-hover gallery-box box-normal\">\n              <div class=\"box-image\" >\n                <img decoding=\"async\" width=\"320\" height=\"400\" src=\"https:\/\/www.alevcamcioglu.com\/wp-content\/uploads\/2024\/11\/rinoplastika-pre-posle-fotografija-u-turskoj-38-320x400.jpg\" class=\"attachment-medium size-medium\" alt=\"\" ids=\"9479,9485,9491,9497,9503,9509,9515,9521,9527,9533,9539,9545,9551,9557,9563,9569,9575,9581,9587,9593,9599,9605,9611,9617,9623,9629,9635,9641,9647,9653,9659,9665,9671,9677,9683,9689,9695,9701,9707,9713,9719,9725,9731,9737\" style=\"normal\" lightbox_image_size=\"2048x2048\" type=\"slider\" slider_nav_style=\"circle\" slider_nav_position=\"outside\" srcset=\"https:\/\/www.alevcamcioglu.com\/wp-content\/uploads\/2024\/11\/rinoplastika-pre-posle-fotografija-u-turskoj-38-320x400.jpg 320w, https:\/\/www.alevcamcioglu.com\/wp-content\/uploads\/2024\/11\/rinoplastika-pre-posle-fotografija-u-turskoj-38-640x800.jpg 640w, https:\/\/www.alevcamcioglu.com\/wp-content\/uploads\/2024\/11\/rinoplastika-pre-posle-fotografija-u-turskoj-38-768x960.jpg 768w, https:\/\/www.alevcamcioglu.com\/wp-content\/uploads\/2024\/11\/rinoplastika-pre-posle-fotografija-u-turskoj-38.jpg 1200w\" sizes=\"(max-width: 320px) 100vw, 320px\" title=\"\">                                                              <\/div>\n              <div class=\"box-text text-left\" >\n                 <p><\/p>\n              <\/div>\n            <\/div>\n            <\/a>          <\/div>\n         <\/div><div class=\"gallery-col col\" >\n          <div class=\"col-inner\">\n            <a class=\"image-lightbox lightbox-gallery\" href=\"https:\/\/www.alevcamcioglu.com\/wp-content\/uploads\/2024\/11\/rinoplastika-pre-posle-fotografija-u-turskoj-39.jpg\" title=\"\">            <div class=\"box has-hover gallery-box box-normal\">\n              <div class=\"box-image\" >\n                <img decoding=\"async\" width=\"320\" height=\"400\" src=\"https:\/\/www.alevcamcioglu.com\/wp-content\/uploads\/2024\/11\/rinoplastika-pre-posle-fotografija-u-turskoj-39-320x400.jpg\" class=\"attachment-medium size-medium\" alt=\"\" ids=\"9479,9485,9491,9497,9503,9509,9515,9521,9527,9533,9539,9545,9551,9557,9563,9569,9575,9581,9587,9593,9599,9605,9611,9617,9623,9629,9635,9641,9647,9653,9659,9665,9671,9677,9683,9689,9695,9701,9707,9713,9719,9725,9731,9737\" style=\"normal\" lightbox_image_size=\"2048x2048\" type=\"slider\" slider_nav_style=\"circle\" slider_nav_position=\"outside\" srcset=\"https:\/\/www.alevcamcioglu.com\/wp-content\/uploads\/2024\/11\/rinoplastika-pre-posle-fotografija-u-turskoj-39-320x400.jpg 320w, https:\/\/www.alevcamcioglu.com\/wp-content\/uploads\/2024\/11\/rinoplastika-pre-posle-fotografija-u-turskoj-39-639x800.jpg 639w, https:\/\/www.alevcamcioglu.com\/wp-content\/uploads\/2024\/11\/rinoplastika-pre-posle-fotografija-u-turskoj-39-768x961.jpg 768w, https:\/\/www.alevcamcioglu.com\/wp-content\/uploads\/2024\/11\/rinoplastika-pre-posle-fotografija-u-turskoj-39.jpg 999w\" sizes=\"(max-width: 320px) 100vw, 320px\" title=\"\">                                                              <\/div>\n              <div class=\"box-text text-left\" >\n                 <p><\/p>\n              <\/div>\n            <\/div>\n            <\/a>          <\/div>\n         <\/div><div class=\"gallery-col col\" >\n          <div class=\"col-inner\">\n            <a class=\"image-lightbox lightbox-gallery\" href=\"https:\/\/www.alevcamcioglu.com\/wp-content\/uploads\/2024\/11\/rinoplastika-pre-posle-fotografija-u-turskoj-40.jpg\" title=\"\">            <div class=\"box has-hover gallery-box box-normal\">\n              <div class=\"box-image\" >\n                <img decoding=\"async\" width=\"320\" height=\"400\" src=\"https:\/\/www.alevcamcioglu.com\/wp-content\/uploads\/2024\/11\/rinoplastika-pre-posle-fotografija-u-turskoj-40-320x400.jpg\" class=\"attachment-medium size-medium\" alt=\"\" ids=\"9479,9485,9491,9497,9503,9509,9515,9521,9527,9533,9539,9545,9551,9557,9563,9569,9575,9581,9587,9593,9599,9605,9611,9617,9623,9629,9635,9641,9647,9653,9659,9665,9671,9677,9683,9689,9695,9701,9707,9713,9719,9725,9731,9737\" style=\"normal\" lightbox_image_size=\"2048x2048\" type=\"slider\" slider_nav_style=\"circle\" slider_nav_position=\"outside\" srcset=\"https:\/\/www.alevcamcioglu.com\/wp-content\/uploads\/2024\/11\/rinoplastika-pre-posle-fotografija-u-turskoj-40-320x400.jpg 320w, https:\/\/www.alevcamcioglu.com\/wp-content\/uploads\/2024\/11\/rinoplastika-pre-posle-fotografija-u-turskoj-40-640x800.jpg 640w, https:\/\/www.alevcamcioglu.com\/wp-content\/uploads\/2024\/11\/rinoplastika-pre-posle-fotografija-u-turskoj-40-768x960.jpg 768w, https:\/\/www.alevcamcioglu.com\/wp-content\/uploads\/2024\/11\/rinoplastika-pre-posle-fotografija-u-turskoj-40.jpg 1000w\" sizes=\"(max-width: 320px) 100vw, 320px\" title=\"\">                                                              <\/div>\n              <div class=\"box-text text-left\" >\n                 <p><\/p>\n              <\/div>\n            <\/div>\n            <\/a>          <\/div>\n         <\/div><div class=\"gallery-col col\" >\n          <div class=\"col-inner\">\n            <a class=\"image-lightbox lightbox-gallery\" href=\"https:\/\/www.alevcamcioglu.com\/wp-content\/uploads\/2024\/11\/rinoplastika-pre-posle-fotografija-u-turskoj-41.jpg\" title=\"\">            <div class=\"box has-hover gallery-box box-normal\">\n              <div class=\"box-image\" >\n                <img decoding=\"async\" width=\"320\" height=\"400\" src=\"https:\/\/www.alevcamcioglu.com\/wp-content\/uploads\/2024\/11\/rinoplastika-pre-posle-fotografija-u-turskoj-41-320x400.jpg\" class=\"attachment-medium size-medium\" alt=\"\" ids=\"9479,9485,9491,9497,9503,9509,9515,9521,9527,9533,9539,9545,9551,9557,9563,9569,9575,9581,9587,9593,9599,9605,9611,9617,9623,9629,9635,9641,9647,9653,9659,9665,9671,9677,9683,9689,9695,9701,9707,9713,9719,9725,9731,9737\" style=\"normal\" lightbox_image_size=\"2048x2048\" type=\"slider\" slider_nav_style=\"circle\" slider_nav_position=\"outside\" srcset=\"https:\/\/www.alevcamcioglu.com\/wp-content\/uploads\/2024\/11\/rinoplastika-pre-posle-fotografija-u-turskoj-41-320x400.jpg 320w, https:\/\/www.alevcamcioglu.com\/wp-content\/uploads\/2024\/11\/rinoplastika-pre-posle-fotografija-u-turskoj-41-640x800.jpg 640w, https:\/\/www.alevcamcioglu.com\/wp-content\/uploads\/2024\/11\/rinoplastika-pre-posle-fotografija-u-turskoj-41-768x960.jpg 768w, https:\/\/www.alevcamcioglu.com\/wp-content\/uploads\/2024\/11\/rinoplastika-pre-posle-fotografija-u-turskoj-41.jpg 1000w\" sizes=\"(max-width: 320px) 100vw, 320px\" title=\"\">                                                              <\/div>\n              <div class=\"box-text text-left\" >\n                 <p><\/p>\n              <\/div>\n            <\/div>\n            <\/a>          <\/div>\n         <\/div><div class=\"gallery-col col\" >\n          <div class=\"col-inner\">\n            <a class=\"image-lightbox lightbox-gallery\" href=\"https:\/\/www.alevcamcioglu.com\/wp-content\/uploads\/2024\/11\/rinoplastika-pre-posle-fotografija-u-turskoj-42.jpg\" title=\"\">            <div class=\"box has-hover gallery-box box-normal\">\n              <div class=\"box-image\" >\n                <img decoding=\"async\" width=\"320\" height=\"400\" src=\"https:\/\/www.alevcamcioglu.com\/wp-content\/uploads\/2024\/11\/rinoplastika-pre-posle-fotografija-u-turskoj-42-320x400.jpg\" class=\"attachment-medium size-medium\" alt=\"\" ids=\"9479,9485,9491,9497,9503,9509,9515,9521,9527,9533,9539,9545,9551,9557,9563,9569,9575,9581,9587,9593,9599,9605,9611,9617,9623,9629,9635,9641,9647,9653,9659,9665,9671,9677,9683,9689,9695,9701,9707,9713,9719,9725,9731,9737\" style=\"normal\" lightbox_image_size=\"2048x2048\" type=\"slider\" slider_nav_style=\"circle\" slider_nav_position=\"outside\" srcset=\"https:\/\/www.alevcamcioglu.com\/wp-content\/uploads\/2024\/11\/rinoplastika-pre-posle-fotografija-u-turskoj-42-320x400.jpg 320w, https:\/\/www.alevcamcioglu.com\/wp-content\/uploads\/2024\/11\/rinoplastika-pre-posle-fotografija-u-turskoj-42-640x800.jpg 640w, https:\/\/www.alevcamcioglu.com\/wp-content\/uploads\/2024\/11\/rinoplastika-pre-posle-fotografija-u-turskoj-42-768x960.jpg 768w, https:\/\/www.alevcamcioglu.com\/wp-content\/uploads\/2024\/11\/rinoplastika-pre-posle-fotografija-u-turskoj-42.jpg 1200w\" sizes=\"(max-width: 320px) 100vw, 320px\" title=\"\">                                                              <\/div>\n              <div class=\"box-text text-left\" >\n                 <p><\/p>\n              <\/div>\n            <\/div>\n            <\/a>          <\/div>\n         <\/div><div class=\"gallery-col col\" >\n          <div class=\"col-inner\">\n            <a class=\"image-lightbox lightbox-gallery\" href=\"https:\/\/www.alevcamcioglu.com\/wp-content\/uploads\/2024\/11\/rinoplastika-pre-posle-fotografija-u-turskoj-43.jpg\" title=\"\">            <div class=\"box has-hover gallery-box box-normal\">\n              <div class=\"box-image\" >\n                <img decoding=\"async\" width=\"320\" height=\"400\" src=\"https:\/\/www.alevcamcioglu.com\/wp-content\/uploads\/2024\/11\/rinoplastika-pre-posle-fotografija-u-turskoj-43-320x400.jpg\" class=\"attachment-medium size-medium\" alt=\"\" ids=\"9479,9485,9491,9497,9503,9509,9515,9521,9527,9533,9539,9545,9551,9557,9563,9569,9575,9581,9587,9593,9599,9605,9611,9617,9623,9629,9635,9641,9647,9653,9659,9665,9671,9677,9683,9689,9695,9701,9707,9713,9719,9725,9731,9737\" style=\"normal\" lightbox_image_size=\"2048x2048\" type=\"slider\" slider_nav_style=\"circle\" slider_nav_position=\"outside\" srcset=\"https:\/\/www.alevcamcioglu.com\/wp-content\/uploads\/2024\/11\/rinoplastika-pre-posle-fotografija-u-turskoj-43-320x400.jpg 320w, https:\/\/www.alevcamcioglu.com\/wp-content\/uploads\/2024\/11\/rinoplastika-pre-posle-fotografija-u-turskoj-43-640x800.jpg 640w, https:\/\/www.alevcamcioglu.com\/wp-content\/uploads\/2024\/11\/rinoplastika-pre-posle-fotografija-u-turskoj-43-768x960.jpg 768w, https:\/\/www.alevcamcioglu.com\/wp-content\/uploads\/2024\/11\/rinoplastika-pre-posle-fotografija-u-turskoj-43.jpg 1200w\" sizes=\"(max-width: 320px) 100vw, 320px\" title=\"\">                                                              <\/div>\n              <div class=\"box-text text-left\" >\n                 <p><\/p>\n              <\/div>\n            <\/div>\n            <\/a>          <\/div>\n         <\/div><div class=\"gallery-col col\" >\n          <div class=\"col-inner\">\n            <a class=\"image-lightbox lightbox-gallery\" href=\"https:\/\/www.alevcamcioglu.com\/wp-content\/uploads\/2024\/11\/rinoplastika-pre-posle-fotografija-u-turskoj-44.jpg\" title=\"\">            <div class=\"box has-hover gallery-box box-normal\">\n              <div class=\"box-image\" >\n                <img decoding=\"async\" width=\"320\" height=\"400\" src=\"https:\/\/www.alevcamcioglu.com\/wp-content\/uploads\/2024\/11\/rinoplastika-pre-posle-fotografija-u-turskoj-44-320x400.jpg\" class=\"attachment-medium size-medium\" alt=\"\" ids=\"9479,9485,9491,9497,9503,9509,9515,9521,9527,9533,9539,9545,9551,9557,9563,9569,9575,9581,9587,9593,9599,9605,9611,9617,9623,9629,9635,9641,9647,9653,9659,9665,9671,9677,9683,9689,9695,9701,9707,9713,9719,9725,9731,9737\" style=\"normal\" lightbox_image_size=\"2048x2048\" type=\"slider\" slider_nav_style=\"circle\" slider_nav_position=\"outside\" srcset=\"https:\/\/www.alevcamcioglu.com\/wp-content\/uploads\/2024\/11\/rinoplastika-pre-posle-fotografija-u-turskoj-44-320x400.jpg 320w, https:\/\/www.alevcamcioglu.com\/wp-content\/uploads\/2024\/11\/rinoplastika-pre-posle-fotografija-u-turskoj-44-640x800.jpg 640w, https:\/\/www.alevcamcioglu.com\/wp-content\/uploads\/2024\/11\/rinoplastika-pre-posle-fotografija-u-turskoj-44-768x960.jpg 768w, https:\/\/www.alevcamcioglu.com\/wp-content\/uploads\/2024\/11\/rinoplastika-pre-posle-fotografija-u-turskoj-44.jpg 1200w\" sizes=\"(max-width: 320px) 100vw, 320px\" title=\"\">                                                              <\/div>\n              <div class=\"box-text text-left\" >\n                 <p><\/p>\n              <\/div>\n            <\/div>\n            <\/a>          <\/div>\n         <\/div><\/div>\n\n<a href=\"https:\/\/www.alevcamcioglu.com\/sr\/results\/slike-pre-i-posle-operacije-nosa\/\" class=\"button primary lowercase\" style=\"border-radius:10px;padding:5px 40px 5px 40px;\">\n\t\t<span>Pogledajte sve na\u0161e rezultate<\/span>\n\t<i class=\"icon-angle-right\" aria-hidden=\"true\"><\/i><\/a>\n\n\n\n\t\t<\/div>\n\t\t\t\t\n<style>\n#col-409128938 > .col-inner {\n  padding: 20px 0px 0px 0px;\n}\n<\/style>\n\t<\/div>\n\n\t\n\n<\/div>\n\n\t\t<\/div>\n\n\t\t\n<style>\n#section_676908631 {\n  padding-top: 0px;\n  padding-bottom: 0px;\n  background-color: rgb(240, 240, 240);\n}\n<\/style>\n\t<\/section>\n\t\n\n\t<section class=\"section\" id=\"section_1793212661\">\n\t\t<div class=\"section-bg fill\" >\n\t\t\t\t\t\t\t\t\t\n\t\t\t\n\n\t\t<\/div>\n\n\t\t\n\n\t\t<div class=\"section-content relative\">\n\t\t\t\n<div class=\"row\"  id=\"row-1644145528\">\n\n\t<div id=\"col-102569106\" class=\"col small-12 large-12\"  >\n\t\t\t\t<div class=\"col-inner\"  >\n\t\t\t\n\t\t\t\n<h2>Estetika Vrha Nosa: Osnovne Anatomske i Fiziolo\u0161ke Strukture<\/h2>\n<p>Estetika vrha nosa je va\u017ean deo estetske hirurgije lica. Uspeh ovog zahvata zavisi od dobrog razumevanja anatomske i fiziolo\u0161ke strukture vrha nosa. Osnovne anatomske strukture vrha nosa omogu\u0107avaju funkcionalni kapacitet uz estetska pobolj\u0161anja. Detaljno prou\u010davanje ovih struktura \u010dini osnovu rinoplastike.<\/p>\n<p>Alarni hrskavice su glavni strukturni elementi vrha nosa. Ove hrskavice uti\u010du na oblik, veli\u010dinu i \u010dvrsto\u0107u vrha nosa. Tako\u0111e, odre\u0111uju prirodne konture vrha nosa i imaju veliki uticaj na estetski izgled. Alarni hrskavice se mogu podeliti na dva osnovna dela:<\/p>\n<ul>\n<li>Medijalne kruse: Formiraju strukturu kolumele i spajaju se sa nazalnim septumom.<\/li>\n<li>Lateralne kruse: Nalaze se iznad alarnih nabora i odre\u0111uju \u0161irinu vrha nosa.<\/li>\n<\/ul>\n<p>Kube izme\u0111u ovih hrskavica defini\u0161u najvi\u0161u ta\u010dku vrha nosa i pru\u017eaju estetski izgled. Struktura kube je od vitalnog zna\u010daja za simetriju i estetsku ravnote\u017eu vrha nosa.<\/p>\n<p>Pored hrskavi\u010dnih struktura, mnogi razli\u010diti mehanizmi igraju ulogu u podr\u0161ci vrha nosa. Glavni potporni mehanizmi uklju\u010duju:<\/p>\n<ul>\n<li>Oblik, veli\u010dinu i \u010dvrsto\u0107u samih alarnih hrskavica.<\/li>\n<li>Vezu medijalnih krusa sa kaudalnim septumom.<\/li>\n<li>Veze cefali\u010dnih ivica donjih lateralnih hrskavica sa kaudalnim ivicama gornjih lateralnih hrskavica.<\/li>\n<\/ul>\n<p>Osim toga, postoje i &#8222;manji&#8220; potporni mehanizmi koji podr\u017eavaju vrh nosa:<\/p>\n<ul>\n<li>Prednja nazalna ki\u010dma.<\/li>\n<li>Lateralne sezamoidne hrskavice.<\/li>\n<li>Interdomalne veze.<\/li>\n<li>Kaudalni membranozni septum.<\/li>\n<li>Dorzalni septum.<\/li>\n<li>Ko\u017ea i meko tkivo koje pokrivaju vrh nosa.<\/li>\n<\/ul>\n<p>Ovi potporni sistemi zajedno rade na o\u010duvanju prirodnog polo\u017eaja i funkcionalnosti vrha nosa. Strukturno, ovi faktori mogu varirati od pacijenta do pacijenta i moraju se uzeti u obzir tokom predhirur\u0161ke procene. U rinoplastici je neophodno zdravo ponovo uspostavljanje ovih potpornih mehanizama. Previ\u0161e agresivne hirur\u0161ke intervencije mogu poremetiti ove potporne strukture, \u0161to dovodi do estetskih i funkcionalnih problema.<\/p>\n<p><a href=\"https:\/\/www.ncbi.nlm.nih.gov\/books\/NBK567750\/\" target=\"_blank\" rel=\"noopener\">Tako\u0111e, va\u017eno je proceniti efekte na kaudalne alarne ivice prilikom menjanja alarnih hrskavica.<\/a> Alarne ivice nemaju hrskavi\u010dnu strukturu na mestima gde se donje lateralne hrskavice savijaju cefali\u010dno. Stoga, intervencije na ovom podru\u010dju mogu dovesti do estetski nepo\u017eeljnih promena, poput alarne retrakcije. Funkcionalno, ovakva o\u0161te\u0107enja mogu naru\u0161iti spolja\u0161nji nosni ventil i izazvati probleme sa disanjem nakon operacije.<\/p>\n<h2>U Kojim Situacijama se Primjenjuje Tipplasti?<\/h2>\n<figure id=\"attachment_2084\" aria-describedby=\"caption-attachment-2084\" style=\"width: 1024px\" class=\"wp-caption aligncenter\"><img decoding=\"async\" class=\"wp-image-2084 size-large\" src=\"https:\/\/www.alevcamcioglu.com\/wp-content\/uploads\/2024\/06\/burun-estetigi-ameliyati-oncesi-kontrol-1024x1024.jpg\" alt=\"kontrola pre operacije nosa\" width=\"1024\" height=\"1024\" title=\"\" srcset=\"https:\/\/www.alevcamcioglu.com\/wp-content\/uploads\/2024\/06\/burun-estetigi-ameliyati-oncesi-kontrol-1024x1024.jpg 1024w, https:\/\/www.alevcamcioglu.com\/wp-content\/uploads\/2024\/06\/burun-estetigi-ameliyati-oncesi-kontrol-300x300.jpg 300w, https:\/\/www.alevcamcioglu.com\/wp-content\/uploads\/2024\/06\/burun-estetigi-ameliyati-oncesi-kontrol-150x150.jpg 150w, https:\/\/www.alevcamcioglu.com\/wp-content\/uploads\/2024\/06\/burun-estetigi-ameliyati-oncesi-kontrol-768x768.jpg 768w, https:\/\/www.alevcamcioglu.com\/wp-content\/uploads\/2024\/06\/burun-estetigi-ameliyati-oncesi-kontrol-370x370.jpg 370w, https:\/\/www.alevcamcioglu.com\/wp-content\/uploads\/2024\/06\/burun-estetigi-ameliyati-oncesi-kontrol-244x244.jpg 244w, https:\/\/www.alevcamcioglu.com\/wp-content\/uploads\/2024\/06\/burun-estetigi-ameliyati-oncesi-kontrol-760x760.jpg 760w, https:\/\/www.alevcamcioglu.com\/wp-content\/uploads\/2024\/06\/burun-estetigi-ameliyati-oncesi-kontrol.jpg 1080w\" sizes=\"(max-width: 1024px) 100vw, 1024px\" \/><figcaption id=\"caption-attachment-2084\" class=\"wp-caption-text\">kontrola pre operacije nosa<\/figcaption><\/figure>\n<p>Estetika vrha nosa, poznata i kao tipplasti, se primenjuje u odre\u0111enim estetskim i funkcionalnim situacijama. Osobe koje \u017eele posti\u0107i idealan izgled nosa \u010desto se odlu\u010duju za ovu hirur\u0161ku metodu. U nastavku su detaljno opisane situacije u kojima se tipplasti mo\u017ee primeniti.<\/p>\n<p>Estetske Potrebe:<\/p>\n<ul>\n<li>Ako je vrh nosa prevelik ili premalen<\/li>\n<li>Ako je vrh nosa spu\u0161ten ili podignut<\/li>\n<li>Ako postoje asimetrije ili deformacije na vrhu nosa<\/li>\n<li>Ako su se nakon prethodnih operacija nosa pojavile ne\u017eeljene promene<\/li>\n<\/ul>\n<p>Ove estetske brige imaju za cilj da u\u010dine crte lica uravnote\u017eenijim i proporcionalnijim. Estetski problem mo\u017ee uticati na samopouzdanje osobe i izazvati nelagodnost u dru\u0161tvenim interakcijama.<\/p>\n<p>Funkcionalne Potrebe:<\/p>\n<ul>\n<li>Strukturni nedostatak podr\u0161ke vrha nosa<\/li>\n<li>Problemi sa disanjem zbog nedostatka nazalnog ventila<\/li>\n<li>Blokade disajnih puteva usled strukturnih nepravilnosti unutar nosa<\/li>\n<\/ul>\n<p>Funkcionalna pobolj\u0161anja imaju za cilj olak\u0161anje disanja i pobolj\u0161anje kvaliteta \u017eivota pacijenta. Tipplasti je metoda koja ispravlja strukturu nosa i pru\u017ea funkcionalna pobolj\u0161anja.<\/p>\n<p>Psiholo\u0161ki i Socijalni Faktori:<\/p>\n<ul>\n<li>Nezadovoljstvo sopstvenim izgledom lica<\/li>\n<li>Problemi sa samopouzdanjem zbog istaknutog nosa u dru\u0161tvenom okru\u017eenju<\/li>\n<li>Negativan uticaj estetskih briga na svakodnevni \u017eivot i dru\u0161tvene interakcije<\/li>\n<\/ul>\n<p>Psiholo\u0161ki i socijalni faktori igraju va\u017enu ulogu u odluci za tipplasti. Preporu\u010duju se ovakve intervencije kako bi se osoba ose\u0107ala bolje i bila opu\u0161tenija u dru\u0161tvenim situacijama.<\/p>\n<p>Problemi Povezani sa Prethodnim Hirur\u0161kim Intervencijama:<\/p>\n<ul>\n<li>Pacijenti nezadovoljni prvom rinoplastikom<\/li>\n<li>Deformacije nastale nakon operacije<\/li>\n<li>Funkcionalni problemi nastali nakon operacije nosa<\/li>\n<\/ul>\n<p>Problemi koji nastanu nakon prethodnih hirur\u0161kih intervencija mogu se ispraviti tipplasti zahvatom. Hirurg procenjuje probleme nastale nakon prethodnih operacija i vr\u0161i potrebne korekcije.<\/p>\n<h2>Kada Estetika Vrha Nosa Nije Preporu\u010dljiva?<\/h2>\n<p>U odre\u0111enim situacijama, estetika vrha nosa mo\u017eda nije preporu\u010dljiva. Kao i svaki elektivni hirur\u0161ki zahvat, rinoplastika zahteva pa\u017eljivu procenu, a odre\u0111eni uslovi mogu predstavljati kontraindikaciju za ovu vrstu intervencije.<\/p>\n<p>Prvo, op\u0161te zdravstveno stanje pacijenta mora biti pogodno. Elektivne rinoplastike se obi\u010dno izvode pod op\u0161tom anestezijom, tako da pacijent mora imati zdravstveni profil pogodan za anesteziju. Tako\u0111e, psiholo\u0161ki faktori igraju va\u017enu ulogu u procesu dono\u0161enja odluke o operaciji. Nerealna o\u010dekivanja, ozbiljni psiholo\u0161ki problemi ili telesni dismorfni poreme\u0107aj mogu biti kontraindikacije za ovu vrstu operacije. Ovi faktori mogu dovesti do nezadovoljstva pacijenta rezultatima operacije.<\/p>\n<p>Tokom faze planiranja pre operacije, mora postojati otvorena komunikacija izme\u0111u pacijenta i hirurga. Digitalno snimanje i fotografije mogu biti korisni za odre\u0111ivanje ciljeva operacije, ali se ne smeju smatrati garancijom za rezultate nakon operacije. Ovi alati poma\u017eu u upravljanju o\u010dekivanjima i pove\u0107avaju \u0161anse za identifikaciju potencijalnih problema.<\/p>\n<p>Revizijske ili sekundarne hirur\u0161ke intervencije zahtevaju posebnu pa\u017enju. Ovi slu\u010dajevi uklju\u010duju strukture koje su ve\u0107 bile podvrgnute hirur\u0161koj intervenciji, a hrskavica mo\u017ee biti te\u017ea za obradu. Situacije koje zahtevaju ponovnu rekonstrukciju mogu dovesti do ozbiljnih komplikacija:<\/p>\n<ul>\n<li>O\u0161te\u0107enje vaskularne ishrane koje mo\u017ee izazvati nekrozu ko\u017ee<\/li>\n<li>Smanjena predvidivost zarastanja tkiva<\/li>\n<li>Potreba za visokim nivoom hirur\u0161ke ve\u0161tine<\/li>\n<\/ul>\n<p>Pu\u0161enje je tako\u0111e va\u017ena kontraindikacija. Hirurzi obi\u010dno tra\u017ee od pacijenata da prestanu pu\u0161iti pre i posle operacije kako bi smanjili rizik od komplikacija i pobolj\u0161ali zarastanje rana. Kod pacijenata koji pu\u0161e, rizik od komplikacija je pove\u0107an, stoga je prestanak pu\u0161enja uslov pre operacije.<\/p>\n<h2>Koja Oprema je Potrebna za Estetiku Vrha Nosa?<\/h2>\n<p>Oprema koja se koristi u tipplasti operacijama je od klju\u010dnog zna\u010daja za uspeh hirur\u0161kog zahvata. Svaki instrument ima specifi\u010dnu funkciju u razli\u010ditim fazama operacije. Na po\u010detku se lokalna anestezija primenjuje sa:<\/p>\n<ul>\n<li>Lidokain 1:100.000 sa epinefrinom<\/li>\n<li>Oksimetazolin HCL 0.05% ili pamu\u010dni tamponi natopljeni kokainom 4%<\/li>\n<\/ul>\n<p>Ovi materijali omogu\u0107avaju lokalnu anesteziju pre operacije. Instrumenti potrebni za ozna\u010davanje i rezanje uklju\u010duju:<\/p>\n<ul>\n<li>Fina ko\u017ena olovka za ozna\u010davanje<\/li>\n<li>Dr\u0161ke skalpela: #3 i\/ili #7 Bard-Parker Beaver dr\u0161ka skalpela<\/li>\n<li>O\u0161trice skalpela: #15, #15C, #6700 Beaver ili sli\u010dne<\/li>\n<\/ul>\n<p>Ovi rezni instrumenti omogu\u0107avaju precizne rezove na ko\u017ei i drugim tkivima. Drugi va\u017eni instrumenti koji se koriste za kontrolu krvarenja i manipulaciju tkivima uklju\u010duju:<\/p>\n<p>Bipolarna elektro koagulator<\/p>\n<p>Makaze:<\/p>\n<ul>\n<li>Wilmer<\/li>\n<li>Converse<\/li>\n<li>Giunta<\/li>\n<li>Joseph<\/li>\n<li>Iris<\/li>\n<li>Tenotomi<\/li>\n<\/ul>\n<p>Razli\u010dite pincete se koriste za hvatanje i postavljanje tkiva:<\/p>\n<p>Hvataljke:<\/p>\n<ul>\n<li>Adson-Brown<\/li>\n<li>Cushing-Brown bajonet<\/li>\n<li>Castroviejo 5 mm<\/li>\n<\/ul>\n<p>Retraktori i spekulumi su tako\u0111e va\u017eni za odr\u017eavanje preglednosti tokom operacije:<\/p>\n<p>Retraktori:<\/p>\n<ul>\n<li>Aufricht<\/li>\n<li>Bernstein<\/li>\n<li>Gruber<\/li>\n<\/ul>\n<p>Spekulumi:<\/p>\n<ul>\n<li>Cottle<\/li>\n<li>Be\u010dka<\/li>\n<li>Killian<\/li>\n<\/ul>\n<p>Drugi instrumenti potrebni za odvajanje i manipulaciju tkivima su elevatori i ko\u017ene kuke:<\/p>\n<p>Elevatori:<\/p>\n<ul>\n<li>Woodson<\/li>\n<li>Cottle<\/li>\n<li>Freer<\/li>\n<li>Pierce<\/li>\n<li>Joseph<\/li>\n<\/ul>\n<p>Ko\u017ene kuke:<\/p>\n<ul>\n<li>Joseph 2, 7 i 10 mm<\/li>\n<li>Guthrie<\/li>\n<\/ul>\n<p>Materijali koji se koriste za postoperativno sre\u0111ivanje i stabilizaciju tkiva uklju\u010duju:<\/p>\n<ul>\n<li>Vakuum: 8 French Frazier vrh<\/li>\n<li>Freer septalni no\u017e<\/li>\n<li>Cottle hrskavi\u010dni lomilac<\/li>\n<li>Tebbetts kaliper<\/li>\n<li>Dr\u017ea\u010di igala:\n<ul>\n<li>Halsey<\/li>\n<li>Webster<\/li>\n<li>Castroviejo<\/li>\n<\/ul>\n<\/li>\n<li>\u0160avovi:\n<ul>\n<li>Polipropilen 6-0<\/li>\n<li>Jednostavni katgut 6-0<\/li>\n<li>Polidijoksanon 5-0<\/li>\n<li>Hromirani katgut 5-0<\/li>\n<li>Hromirani katgut 4-0<\/li>\n<li>Najlon 3-0<\/li>\n<\/ul>\n<\/li>\n<li>Septalni splintovi<\/li>\n<li>Trake za zavoje<\/li>\n<li>Termalni kalupi<\/li>\n<\/ul>\n<h2>Koje su Pripremne Faze za Estetiku Vrha Nosa?<\/h2>\n<p>Priprema pacijenta za estetiku vrha nosa zahteva pa\u017eljivo pozicioniranje na operacionom stolu. Pacijent mora biti sigurno postavljen u le\u017ee\u0107i polo\u017eaj na le\u0111ima. Tokom intubacije, cev mora biti pa\u017eljivo fiksirana na sredini donje usne kako bi se izbeglo o\u0161te\u0107enje strukture nosa. Tako\u0111e, o\u010di pacijenta moraju biti za\u0161ti\u0107ene od mogu\u0107ih iritacija:<\/p>\n<ul>\n<li>Lepak film zavoji<\/li>\n<li>Trake za zavoje<\/li>\n<\/ul>\n<p>Antisepti\u010dka re\u0161enja se koriste za sterilizaciju povr\u0161ine:<\/p>\n<ul>\n<li>Betadin 10%<\/li>\n<li>Izopropil alkohol 70%<\/li>\n<\/ul>\n<p>Ovi postupci su posebno va\u017eni kako bi se izbegla o\u0161te\u0107enja ro\u017enja\u010de. Priprema se zavr\u0161ava primenom lokalne anestezije i postavljanjem pamu\u010dnih tampona natopljenih vazokonstriktorima. Ove faze su od klju\u010dnog zna\u010daja za uspeh operacije.<\/p>\n<h2>Koje Metode se Koriste u Estetici Vrha Nosa?<\/h2>\n<figure id=\"attachment_2100\" aria-describedby=\"caption-attachment-2100\" style=\"width: 1024px\" class=\"wp-caption aligncenter\"><img decoding=\"async\" class=\"wp-image-2100 size-large\" src=\"https:\/\/www.alevcamcioglu.com\/wp-content\/uploads\/2024\/06\/Burun-ameliyati-sirasinda-ameliyathaneden-goruntu-1024x1024.jpg\" alt=\"Prikaz operacione sale tokom operacije nosa\" width=\"1024\" height=\"1024\" title=\"\" srcset=\"https:\/\/www.alevcamcioglu.com\/wp-content\/uploads\/2024\/06\/Burun-ameliyati-sirasinda-ameliyathaneden-goruntu-1024x1024.jpg 1024w, https:\/\/www.alevcamcioglu.com\/wp-content\/uploads\/2024\/06\/Burun-ameliyati-sirasinda-ameliyathaneden-goruntu-300x300.jpg 300w, https:\/\/www.alevcamcioglu.com\/wp-content\/uploads\/2024\/06\/Burun-ameliyati-sirasinda-ameliyathaneden-goruntu-150x150.jpg 150w, https:\/\/www.alevcamcioglu.com\/wp-content\/uploads\/2024\/06\/Burun-ameliyati-sirasinda-ameliyathaneden-goruntu-768x768.jpg 768w, https:\/\/www.alevcamcioglu.com\/wp-content\/uploads\/2024\/06\/Burun-ameliyati-sirasinda-ameliyathaneden-goruntu-370x370.jpg 370w, https:\/\/www.alevcamcioglu.com\/wp-content\/uploads\/2024\/06\/Burun-ameliyati-sirasinda-ameliyathaneden-goruntu-244x244.jpg 244w, https:\/\/www.alevcamcioglu.com\/wp-content\/uploads\/2024\/06\/Burun-ameliyati-sirasinda-ameliyathaneden-goruntu-760x760.jpg 760w, https:\/\/www.alevcamcioglu.com\/wp-content\/uploads\/2024\/06\/Burun-ameliyati-sirasinda-ameliyathaneden-goruntu.jpg 1080w\" sizes=\"(max-width: 1024px) 100vw, 1024px\" \/><figcaption id=\"caption-attachment-2100\" class=\"wp-caption-text\">Prikaz operacione sale tokom operacije nosa<\/figcaption><\/figure>\n<p>U estetici vrha nosa primenjuju se dva glavna hirur\u0161ka pristupa: zatvoreni i otvoreni pristupi. Poznato je da svaki od ovih pristupa ima razli\u010dite varijante i prednosti.<\/p>\n<p>Zatvoreni pristup:<\/p>\n<ul>\n<li>Mo\u017ee se podeliti na delivery i non-delivery kategorije.<\/li>\n<li>Non-delivery pristupi:\n<ul>\n<li>Omogu\u0107avaju minimalnu hirur\u0161ku izlo\u017eenost.<\/li>\n<li>Smanjuju rizik od otoka i deformiteta.<\/li>\n<li>Uklju\u010duju dva tipa rezova: razdvajanje hrskavice i retrogradno.<\/li>\n<\/ul>\n<\/li>\n<li>Delivery pristupi:\n<ul>\n<li>Omogu\u0107avaju ve\u0107u izlo\u017eenost alarnih hrskavica.<\/li>\n<li>Ve\u0107i hondrokutanani re\u017enjevi se stvaraju sa interkartilaginarnim rezovima.<\/li>\n<\/ul>\n<\/li>\n<li>Op\u0107enito, zatvoreni pristupi omogu\u0107avaju br\u017ei oporavak.<\/li>\n<li>Omogu\u0107avaju dodatne modifikacije geometrije vrha nosa.<\/li>\n<li>Minimiziraju manipulaciju mekih tkiva i o\u0161te\u0107enje potpore vrha.<\/li>\n<\/ul>\n<p>Otvoreni pristup:<\/p>\n<ul>\n<li>Omogu\u0107ava potpuno otkrivanje nosne krovne strukture.<\/li>\n<li>Preko transkolumelarnog reza, podi\u017ee se ko\u017eno-meko tkivo.<\/li>\n<li>Alarne hrskavice postaju potpuno vidljive i mo\u017ee se raditi u anatomskom polo\u017eaju.<\/li>\n<li>Nedostaci uklju\u010duju kolumelarne o\u017eiljke, dugotrajni otok i produ\u017eeno trajanje operacije.<\/li>\n<li>Ponovno uspostavljanje anatomskih potpornih mehanizama je neophodno kako bi se spre\u010dilo o\u0161te\u0107enje.<\/li>\n<li>Posebno je popularan u edukaciji rinoplastike.<\/li>\n<\/ul>\n<p>Oba pristupa se primenjuju u specifi\u010dnim situacijama estetike vrha nosa, a hirurg bira najprikladniji pristup za pacijentove potrebe.<\/p>\n<h2>Koje Hirur\u0161ke Tehnike se Koriste?<\/h2>\n<p>Oblikovanje vrha nosa se posti\u017ee razli\u010ditim tehnikama, od kojih svaka pru\u017ea specifi\u010dne rezultate. Tipplasti proces zahteva stru\u010dnost i kreativnost hirurga. Posebno se fokusira na prilago\u0111avanje struktura vrha nosa kako bi se postigli estetski rezultati.<\/p>\n<p>Teorija Tripoda:<\/p>\n<ul>\n<li>Vrh nosa se oblikuje uz podr\u0161ku dva superolateralna kraka i jednog inferomedijalnog kraka.<\/li>\n<li>Intervencije na lateralnim krakovima uglavnom uti\u010du na rotaciju vrha nosa.<\/li>\n<li>Promene na medijalnom kraku direktno uti\u010du na projekciju.<\/li>\n<\/ul>\n<p>Hirur\u0161ke Tehnike:<\/p>\n<ul>\n<li>&#8222;Steal&#8220; tehnike koriste \u0161avove za rekonstrukciju hrskavice.<\/li>\n<li>&#8222;Overlay&#8220; metode uklju\u010duju se\u010denje hrskavice za dramati\u010dnije promene.<\/li>\n<li>Lateralne kruralne tehnike istezanja i ponovnog postavljanja omogu\u0107avaju detaljnije prilago\u0111avanje.<\/li>\n<\/ul>\n<p>Ove tehnike omogu\u0107avaju pode\u0161avanje projekcije i rotacije do \u017eeljenih nivoa. Tako\u0111e, zavisno od prirode hirur\u0161kog zahvata, mogu se posti\u0107i zna\u010dajna pobolj\u0161anja estetskog profila vrha nosa. Hirurg mora uzeti u obzir specifi\u010dne potrebe pacijenta prilikom izbora izme\u0111u ovih pristupa. Ovaj proces je od su\u0161tinskog zna\u010daja za pobolj\u0161anje estetskog izgleda i optimizaciju funkcionalnih rezultata. Na taj na\u010din se maksimizira zadovoljstvo pacijenata, uz postizanje prirodnog izgleda.<\/p>\n<h2>Kako se Upravlja Projekcijom Vrha Nosa?<\/h2>\n<p>Projekcija vrha nosa igra klju\u010dnu ulogu u odr\u017eavanju estetske i funkcionalne ravnote\u017ee. Hirur\u0161ke intervencije koriste razli\u010dite tehnike za pove\u0107anje ili smanjenje ove projekcije. Pode\u0161avanja projekcije se vr\u0161e uzimaju\u0107i u obzir proporcije lica i anatomske strukture. Idealna projekcija se uklapa u prirodnu estetiku pacijentovog lica i \u010duva funkcionalni integritet. Glavne tehnike koje se koriste u ovom procesu uklju\u010duju:<\/p>\n<p>Tehnike Pove\u0107anja Projekcije:<\/p>\n<ul>\n<li>Tehnike \u0161avova<\/li>\n<li>Kori\u0161\u0107enje graftova<\/li>\n<li>Lateralne kruralne tehnike<\/li>\n<li>Kolumelarni struti<\/li>\n<li>Kaudalni septalni graftovi<\/li>\n<\/ul>\n<p>Tehnike Smanjenja Projekcije:<\/p>\n<ul>\n<li>Lateralno ili medijalno preklapanje krura<\/li>\n<li>Smanjenje anteriornog septalnog ugla<\/li>\n<\/ul>\n<p>Tokom pode\u0161avanja projekcije, hirurzi detaljno analiziraju strukturu nosa. Izra\u017een ili povu\u010den vrh nosa mo\u017ee imati zna\u010dajan uticaj na harmoniju lica. Korekcija prekomerne projekcije omogu\u0107ava uravnote\u017eeniji izgled lica. S druge strane, pove\u0107anje nedovoljne projekcije pobolj\u0161ava estetski profil nosa.<\/p>\n<h2>Kako se Upravlja Rotacijom Vrha Nosa?<\/h2>\n<p>Upravljanje rotacijom vrha nosa je jedan od najsuptilnijih aspekata estetske hirurgije. Rotacija vrha nosa zna\u010dajno uti\u010de na estetski izgled profila. Idealna rotacija treba da bude prilago\u0111ena strukturi lica i etni\u010dkoj pripadnosti pacijenta. Prekomerna ili nedovoljna rotacija mo\u017ee dovesti do nezadovoljstva pacijenata. Stoga hirurg mora pa\u017eljivo planirati rotaciju. Tehnike koje mogu uticati na rotaciju uklju\u010duju:<\/p>\n<ul>\n<li>Povla\u010denje medijalnih krura: Povla\u010de se pomo\u0107u tehnike jezika i \u017eleba.<\/li>\n<li>Lateralna kruralna tehnika: Deo lateralne krure se koristi za stvaranje neodome.<\/li>\n<li>Preklapanje lateralnih krura: Krura se skra\u0107uju kako bi se postigla rotacija vrha nosa.<\/li>\n<\/ul>\n<p>Druge tehnike koje se koriste za postizanje \u017eeljenog polo\u017eaja vrha nosa uklju\u010duju:<\/p>\n<ul>\n<li>Kolumelarni struti i kaudalni septalni graftovi: Omogu\u0107avaju rotacionu silu vrha nosa.<\/li>\n<li>Triangularna resekcija kaudalnog septuma: Koristi se za pove\u0107anje rotacije.<\/li>\n<li>Tehnike istezanja i ponovnog postavljanja lateralnih krura: Koriste se za postavljanje vrha nosa u pravilan polo\u017eaj.<\/li>\n<li>Popunjavanje nazolabijalnog ugla: Pro\u0161iruje ugao izme\u0111u nosa i gornje usne.<\/li>\n<\/ul>\n<h2>Suptilnosti Definicije Vrha<\/h2>\n<p>Estetika vrha nosa je slo\u017een proces koji zahteva pa\u017eljivo razmatranje. Va\u017eno je osigurati prirodan izgled za svakog pacijenta. Za uspeh ovog procesa, hirurg mora dobro analizirati hrskavi\u010dne strukture. Pravilna primena tehnika mo\u017ee doneti estetski zadovoljavaju\u0107e rezultate dok se istovremeno spre\u010davaju funkcionalni problemi. Glavni fokus u definiciji vrha uklju\u010duje:<\/p>\n<ul>\n<li>Precizno oblikovanje donjih lateralnih hrskavica<\/li>\n<li>Ispravljanje asimetri\u010dnih hrskavica<\/li>\n<li>Dodavanje graftova za podr\u0161ku idealnog vrha nosa<\/li>\n<\/ul>\n<p>Prvo, potrebno je dobro razumeti anatomiju donjih lateralnih hrskavica. Ovo osigurava da definicija vrha ostane prirodna i funkcionalna. Drugo, korekcija asimetrija je va\u017ena jer su one \u010dest problem, pa je potrebno izjedna\u010diti disbalans izme\u0111u dve alarne hrskavice. Na kraju, u nekim slu\u010dajevima graftovi se koriste za podr\u0161ku vrha nosa i postizanje izra\u017eenije definicije. Ovi graftovi su posebno efikasni kod pacijenata sa debelom ko\u017eom i mekim tkivima.<\/p>\n<h2>Kako se Upravlja Procesom Oporavka Nakon Estetike Vrha Nosa?<\/h2>\n<figure id=\"attachment_2118\" aria-describedby=\"caption-attachment-2118\" style=\"width: 1080px\" class=\"wp-caption aligncenter\"><img decoding=\"async\" class=\"wp-image-2118 size-full\" src=\"https:\/\/www.alevcamcioglu.com\/wp-content\/uploads\/2024\/06\/burun-ameliyati-sonrasi-kontrol-yapan-doktor-ve-kadin-hasta.jpg\" alt=\"Doktor vr\u0161i kontrolu nakon operacije nosa\" width=\"1080\" height=\"1139\" title=\"\" srcset=\"https:\/\/www.alevcamcioglu.com\/wp-content\/uploads\/2024\/06\/burun-ameliyati-sonrasi-kontrol-yapan-doktor-ve-kadin-hasta.jpg 1080w, https:\/\/www.alevcamcioglu.com\/wp-content\/uploads\/2024\/06\/burun-ameliyati-sonrasi-kontrol-yapan-doktor-ve-kadin-hasta-284x300.jpg 284w, https:\/\/www.alevcamcioglu.com\/wp-content\/uploads\/2024\/06\/burun-ameliyati-sonrasi-kontrol-yapan-doktor-ve-kadin-hasta-971x1024.jpg 971w, https:\/\/www.alevcamcioglu.com\/wp-content\/uploads\/2024\/06\/burun-ameliyati-sonrasi-kontrol-yapan-doktor-ve-kadin-hasta-768x810.jpg 768w, https:\/\/www.alevcamcioglu.com\/wp-content\/uploads\/2024\/06\/burun-ameliyati-sonrasi-kontrol-yapan-doktor-ve-kadin-hasta-370x390.jpg 370w, https:\/\/www.alevcamcioglu.com\/wp-content\/uploads\/2024\/06\/burun-ameliyati-sonrasi-kontrol-yapan-doktor-ve-kadin-hasta-760x802.jpg 760w\" sizes=\"(max-width: 1080px) 100vw, 1080px\" \/><figcaption id=\"caption-attachment-2118\" class=\"wp-caption-text\">Doktor vr\u0161i kontrolu nakon operacije nosa<\/figcaption><\/figure>\n<p>Postoperativna nega pacijenta je klju\u010dna za uspeh procesa oporavka nakon estetike vrha nosa. Rane intervencije hirurga u postoperativnom periodu su od velike va\u017enosti. Banda\u017eiranje vrha nosa i postavljanje termoplasti\u010dnog gipsa na nosnu kost podr\u017eavaju oporavak. Na kraju prve nedelje, svi zavoji i splintovi se uklanjaju, \u0161to pacijentu donosi olak\u0161anje.<\/p>\n<ul>\n<li>Po\u010detne metode le\u010denja uklju\u010duju lateralne zidne splintove za spre\u010davanje komplikacija.<\/li>\n<li>Oticanje vrha nosa tokom oporavka mo\u017ee biti veliki izvor zabrinutosti za pacijente.<\/li>\n<li>Preporu\u010dene metode za upravljanje otokom uklju\u010duju masa\u017eu, specijalne tehnike banda\u017eiranja i, ako je potrebno, injekcije steroida.<\/li>\n<\/ul>\n<p>Dijeta, temperatura i fizi\u010dke aktivnosti mogu imati veliki uticaj na otok tokom oporavka. Stoga se pacijentima savetuje da budu pa\u017eljivi prema ovim faktorima. Redovno pra\u0107enje standardnim digitalnim fotografijama tokom postoperativnog perioda je va\u017eno za procenu dugoro\u010dnih rezultata. Ovo omogu\u0107ava hirurgu da proceni efikasnost primenjenih tehnika i stabilnost rezultata.<\/p>\n<h2>Koje su Komplikacije Estetike Vrha Nosa?<\/h2>\n<p>Mogu\u0107e komplikacije nakon estetike vrha nosa otkrivaju izazove operacije. Posebno u prvoj nedelji postoji rizik od epistakse i infekcije. Ovi rani problemi zahtevaju pa\u017eljivo pra\u0107enje pacijenata. Estetske brige i problemi sa funkcijom disanja su tako\u0111e \u010desto prijavljeni. Pored toga, nezadovoljstvo pacijenata i depresija mogu igrati zna\u010dajnu ulogu tokom oporavka. Dugoro\u010dne komplikacije uklju\u010duju negativne efekte na ko\u017eu i meka tkiva.<\/p>\n<p>Rane Komplikacije:<\/p>\n<ul>\n<li>Epistaksa: Krvarenje iz nosa nakon operacije<\/li>\n<li>Infekcija: Rizik od bakterijske infekcije na mestu hirur\u0161ke intervencije<\/li>\n<\/ul>\n<p>Dugoro\u010dne Komplikacije:<\/p>\n<ul>\n<li>Nekroza ko\u017ee: Smrt tkiva zbog nedostatka cirkulacije<\/li>\n<li>Funkcionalni Problemi: Te\u0161ko\u0107e sa disanjem<\/li>\n<li>Estetsko Nezadovoljstvo: Neispunjena estetska o\u010dekivanja nakon operacije<\/li>\n<\/ul>\n<p>Prilago\u0111avanje pacijenta novoj strukturi nosa mo\u017ee trajati mesecima. Tokom ovog perioda va\u017eno je biti strpljiv i imati realisti\u010dna o\u010dekivanja. Otvorena komunikacija izme\u0111u hirurga i pacijenta je klju\u010dna za upravljanje ovim procesom. Ako rezultati nisu zadovoljavaju\u0107i i ako se obe strane slo\u017ee da identifikuju probleme, mo\u017ee se razmotriti revizijska operacija. Me\u0111utim, ove operacije se planiraju najmanje \u0161est do dvanaest meseci nakon prve intervencije. Tokom ovog perioda, otok se smanjuje i proces zarastanja tkiva postaje jasniji.<\/p>\n\t\t<\/div>\n\t\t\t\t\t<\/div>\n\n\t\n\n\t<div id=\"col-2001639291\" class=\"col small-12 large-12\"  >\n\t\t\t\t<div class=\"col-inner\"  >\n\t\t\t\n\t\t\t\n<h2>Koliko ko\u0161ta  u Turska?<\/h2>\r\n<p><a href=\"https:\/\/www.alevcamcioglu.com\/sr\/cene-operacija-cena\/\">Cena <\/a> u Istanbulu, Turska obi\u010dno se kre\u0107e od 5000 do 7000 evra. Cena mo\u017ee varirati u zavisnosti od nekoliko faktora, kao \u0161to su stru\u010dnost hirurga, slo\u017eenost procedure, reputacija klinike i dodatne usluge uklju\u010dene u paket.<\/p>\r\n<table dir=\"ltr\" style=\"height: 506px;\" border=\"1\" width=\"693\" cellspacing=\"0\" cellpadding=\"0\" data-sheets-root=\"1\" data-sheets-baot=\"1\"><colgroup><col width=\"218\" \/><col width=\"117\" \/><\/colgroup>\r\n<tbody>\r\n<tr>\r\n<td style=\"text-align: center;\" colspan=\"2\" rowspan=\"1\"> cena u 2026<\/td>\r\n<\/tr>\r\n<tr>\r\n<td>Austrija<\/td>\r\n<td>\u20ac10,000 - \u20ac20,000<\/td>\r\n<\/tr>\r\n<tr>\r\n<td>Bosna i Hercegovina<\/td>\r\n<td>\u20ac3,500 - \u20ac10,500<\/td>\r\n<\/tr>\r\n<tr>\r\n<td>Brazil<\/td>\r\n<td>\u20ac9,000 - \u20ac17,000<\/td>\r\n<\/tr>\r\n<tr>\r\n<td>Hrvatska<\/td>\r\n<td>\u20ac5,000 - \u20ac15,000<\/td>\r\n<\/tr>\r\n<tr>\r\n<td>Francuska<\/td>\r\n<td>\u20ac11,000 - \u20ac23,000<\/td>\r\n<\/tr>\r\n<tr>\r\n<td>Nema\u010dka<\/td>\r\n<td>\u20ac11,000 - \u20ac23,000<\/td>\r\n<\/tr>\r\n<tr>\r\n<td>Gr\u010dka<\/td>\r\n<td>\u20ac4,000 - \u20ac12,000<\/td>\r\n<\/tr>\r\n<tr>\r\n<td>Italija<\/td>\r\n<td>\u20ac10,000 - \u20ac20,000<\/td>\r\n<\/tr>\r\n<tr>\r\n<td>Severna Makedonija<\/td>\r\n<td>\u20ac3,000 - \u20ac9,000<\/td>\r\n<\/tr>\r\n<tr>\r\n<td>Crna Gora<\/td>\r\n<td>\u20ac4,500 - \u20ac13,500<\/td>\r\n<\/tr>\r\n<tr>\r\n<td>Norve\u0161ka<\/td>\r\n<td>\u20ac12,000 - \u20ac26,000<\/td>\r\n<\/tr>\r\n<tr>\r\n<td>Srbija<\/td>\r\n<td>\u20ac4,000 - \u20ac12,000<\/td>\r\n<\/tr>\r\n<tr>\r\n<td>Slovenija<\/td>\r\n<td>\u20ac5,500 - \u20ac16,500<\/td>\r\n<\/tr>\r\n<tr>\r\n<td>\u0160vedska<\/td>\r\n<td>\u20ac12,000 - \u20ac26,000<\/td>\r\n<\/tr>\r\n<tr>\r\n<td>\u0160vajcarska<\/td>\r\n<td>\u20ac13,000 - \u20ac29,000<\/td>\r\n<\/tr>\r\n<tr>\r\n<td>Turska<\/td>\r\n<td>\u20ac5,000 - \u20ac7,000<\/td>\r\n<\/tr>\r\n<tr>\r\n<td>Ujedinjeno Kraljevstvo<\/td>\r\n<td>\u20ac12,000 - \u20ac26,000<\/td>\r\n<\/tr>\r\n<tr>\r\n<td>Sjedinjene Ameri\u010dke Dr\u017eave<\/td>\r\n<td>\u20ac12,000 - \u20ac26,000<\/td>\r\n<\/tr>\r\n<\/tbody>\r\n<\/table>\n<h2>\u010cesto Postavljana Pitanja<\/h2>\n<div class=\"accordion ameliyatlar-sss\">\n\t<div id=\"accordion-2319480929\" class=\"accordion-item\">\n\t\t<a id=\"accordion-2319480929-label\" class=\"accordion-title plain\" href=\"#accordion-item-koliko-traje-oporavak-nakon-estetike-vrha-nosa?\" aria-expanded=\"false\" aria-controls=\"accordion-2319480929-content\">\n\t\t\t<button class=\"toggle\" aria-label=\"Toggle\"><i class=\"icon-angle-down\" aria-hidden=\"true\"><\/i><\/button>\n\t\t\t<h3 class=\"accordion-heading\" role=\"heading\" aria-level=\"3\">Koliko traje oporavak nakon estetike vrha nosa?<\/h3>\n\t\t<\/a>\n\t\t<div id=\"accordion-2319480929-content\" class=\"accordion-inner\" aria-labelledby=\"accordion-2319480929-label\">\n\t\t\t\n<p>Kompletan oporavak nakon estetike vrha nosa obi\u010dno traje izme\u0111u \u0161est meseci i godinu dana. Tokom ovog perioda va\u017eno je da pacijent postupa u skladu sa preporukama lekara. Posebno je va\u017eno primeniti hladne obloge na nos i dr\u017eati glavu podignutom tokom prvih dana kako bi se podr\u017eao oporavak. Nakon operacije, treba izbegavati dodirivanje nosa. Ako je potrebno, mogu se koristiti sprejevi za nos koje preporu\u010di lekar. Ove smernice pozitivno uti\u010du na proces oporavka i omogu\u0107avaju pacijentu lak\u0161i oporavak.<\/p>\n\t\t<\/div>\n\t<\/div>\n\t\n\t<div id=\"accordion-4146693637\" class=\"accordion-item\">\n\t\t<a id=\"accordion-4146693637-label\" class=\"accordion-title plain\" href=\"#accordion-item-da-li-se-koriste-tamponi-u-estetici-vrha-nosa?\" aria-expanded=\"false\" aria-controls=\"accordion-4146693637-content\">\n\t\t\t<button class=\"toggle\" aria-label=\"Toggle\"><i class=\"icon-angle-down\" aria-hidden=\"true\"><\/i><\/button>\n\t\t\t<h3 class=\"accordion-heading\" role=\"heading\" aria-level=\"3\">Da li se koriste tamponi u estetici vrha nosa?<\/h3>\n\t\t<\/a>\n\t\t<div id=\"accordion-4146693637-content\" class=\"accordion-inner\" aria-labelledby=\"accordion-4146693637-label\">\n\t\t\t\n<p>Upotreba tampona u estetici vrha nosa obi\u010dno nije neophodna. Me\u0111utim, mogu postojati izuzeci; na primer, ako do\u0111e do ozbiljnog krvarenja kod pacijenta, tamponi se mogu privremeno koristiti za zaustavljanje krvarenja. Ipak, ovi tamponi se uklanjaju od strane lekara nakon \u0161to krvarenje prestane. Generalno, tamponi za nos se koriste samo u hitnim slu\u010dajevima jer nisu estetski prihvatljivi.<\/p>\n\t\t<\/div>\n\t<\/div>\n\t\n\t<div id=\"accordion-1030831856\" class=\"accordion-item\">\n\t\t<a id=\"accordion-1030831856-label\" class=\"accordion-title plain\" href=\"#accordion-item-da-li-se-vrh-nosa-mo\u017ee-podi\u0107i-bez-operacije?\" aria-expanded=\"false\" aria-controls=\"accordion-1030831856-content\">\n\t\t\t<button class=\"toggle\" aria-label=\"Toggle\"><i class=\"icon-angle-down\" aria-hidden=\"true\"><\/i><\/button>\n\t\t\t<h3 class=\"accordion-heading\" role=\"heading\" aria-level=\"3\">Da li se vrh nosa mo\u017ee podi\u0107i bez operacije?<\/h3>\n\t\t<\/a>\n\t\t<div id=\"accordion-1030831856-content\" class=\"accordion-inner\" aria-labelledby=\"accordion-1030831856-label\">\n\t\t\t\n<p>Da, podizanje vrha nosa mo\u017ee se izvesti bez operacije. Ovaj postupak se \u010desto izvodi koriste\u0107i hijaluronsku kiselinu u obliku gela. Hijaluronska kiselina pove\u0107ava kapacitet ko\u017ee da zadr\u017ei vodu, \u0161to poma\u017ee vrhu nosa da izgleda podignuto. Dakle, estetski izgled nosa mo\u017ee se pobolj\u0161ati bez hirur\u0161ke intervencije. Ova metoda se smatra minimalno invazivnom tehnikom i obi\u010dno se zavr\u0161ava brzo. Kori\u0161\u0107enje filera pru\u017ea privremeno, ali prirodno pobolj\u0161anje izgleda nosa.<\/p>\n\t\t<\/div>\n\t<\/div>\n\t\n\t<div id=\"accordion-3898860290\" class=\"accordion-item\">\n\t\t<a id=\"accordion-3898860290-label\" class=\"accordion-title plain\" href=\"#accordion-item-koliko-traje-operacija-vrha-nosa?\" aria-expanded=\"false\" aria-controls=\"accordion-3898860290-content\">\n\t\t\t<button class=\"toggle\" aria-label=\"Toggle\"><i class=\"icon-angle-down\" aria-hidden=\"true\"><\/i><\/button>\n\t\t\t<h3 class=\"accordion-heading\" role=\"heading\" aria-level=\"3\">Koliko traje operacija vrha nosa?<\/h3>\n\t\t<\/a>\n\t\t<div id=\"accordion-3898860290-content\" class=\"accordion-inner\" aria-labelledby=\"accordion-3898860290-label\">\n\t\t\t\n<p>Trajanje operacije vrha nosa obi\u010dno se kre\u0107e od 20 minuta do jednog sata. Vreme trajanja operacije zavisi od zahvata i stanja pacijenta. Posebno, koli\u010dina i slo\u017eenost ispravki na vrhu nosa uti\u010du na trajanje operacije. Stoga, vreme potrebno za operaciju mo\u017ee varirati u zavisnosti od potreba pacijenta. Generalno pravilo je da ovakva operacija ne traje du\u017ee od jednog sata. S obzirom da je stanje svakog pacijenta razli\u010dito, ta\u010dno vreme operacije odre\u0111uje lekar.<\/p>\n\t\t<\/div>\n\t<\/div>\n\t\n\t<div id=\"accordion-4191784594\" class=\"accordion-item\">\n\t\t<a id=\"accordion-4191784594-label\" class=\"accordion-title plain\" href=\"#accordion-item-da-li-je-operacija-vrha-nosa-rizi\u010dna?\" aria-expanded=\"false\" aria-controls=\"accordion-4191784594-content\">\n\t\t\t<button class=\"toggle\" aria-label=\"Toggle\"><i class=\"icon-angle-down\" aria-hidden=\"true\"><\/i><\/button>\n\t\t\t<h3 class=\"accordion-heading\" role=\"heading\" aria-level=\"3\">Da li je operacija vrha nosa rizi\u010dna?<\/h3>\n\t\t<\/a>\n\t\t<div id=\"accordion-4191784594-content\" class=\"accordion-inner\" aria-labelledby=\"accordion-4191784594-label\">\n\t\t\t\n<p>Operacija vrha nosa nosi odre\u0111ene rizike kao i svaka hirur\u0161ka intervencija. Mo\u017ee do\u0107i do infekcija, krvarenja ili komplikacija povezanih sa anestezijom. Me\u0111utim, rizici se mogu minimizirati ako operaciju izvodi iskusni hirurg. Tako\u0111e, o\u010dekivanja pacijenta nakon operacije su od vitalnog zna\u010daja. Nerealna o\u010dekivanja mogu dovesti do razo\u010daranja. Stoga je va\u017eno biti svestan ovih rizika i dobiti detaljne informacije pre dono\u0161enja odluke o operaciji.<\/p>\n\t\t<\/div>\n\t<\/div>\n\t\n\t<div id=\"accordion-3746562955\" class=\"accordion-item\">\n\t\t<a id=\"accordion-3746562955-label\" class=\"accordion-title plain\" href=\"#accordion-item-da-li-je-podizanje-vrha-nosa-trajno?\" aria-expanded=\"false\" aria-controls=\"accordion-3746562955-content\">\n\t\t\t<button class=\"toggle\" aria-label=\"Toggle\"><i class=\"icon-angle-down\" aria-hidden=\"true\"><\/i><\/button>\n\t\t\t<h3 class=\"accordion-heading\" role=\"heading\" aria-level=\"3\">Da li je podizanje vrha nosa trajno?<\/h3>\n\t\t<\/a>\n\t\t<div id=\"accordion-3746562955-content\" class=\"accordion-inner\" aria-labelledby=\"accordion-3746562955-label\">\n\t\t\t\n<p>Podizanje vrha nosa nije trajno. Me\u0111utim, ovaj postupak se mo\u017ee ponoviti na zahtev pacijenata. Efekti estetskog zahvata sa koncem obi\u010dno traju oko dve godine. Nakon ovog perioda, konci se potpuno rastvaraju i nestaju. Stoga, ova metoda mo\u017eda nije preporu\u010dljiva za one koji tra\u017ee trajno re\u0161enje. Ako se \u017eeli dugotrajniji rezultat, postupak \u0107e mo\u017eda biti potrebno ponoviti.<\/p>\n\t\t<\/div>\n\t<\/div>\n\t\n\t<div id=\"accordion-1194175839\" class=\"accordion-item\">\n\t\t<a id=\"accordion-1194175839-label\" class=\"accordion-title plain\" href=\"#accordion-item-kako-se-posti\u017ee-simetrija-nosa-operacijom-vrha-nosa?\" aria-expanded=\"false\" aria-controls=\"accordion-1194175839-content\">\n\t\t\t<button class=\"toggle\" aria-label=\"Toggle\"><i class=\"icon-angle-down\" aria-hidden=\"true\"><\/i><\/button>\n\t\t\t<h3 class=\"accordion-heading\" role=\"heading\" aria-level=\"3\">Kako se posti\u017ee simetrija nosa operacijom vrha nosa?<\/h3>\n\t\t<\/a>\n\t\t<div id=\"accordion-1194175839-content\" class=\"accordion-inner\" aria-labelledby=\"accordion-1194175839-label\">\n\t\t\t\n<p>Simetrija se obi\u010dno posti\u017ee pa\u017eljivim hirur\u0161kim planiranjem tokom operacije vrha nosa. Prvo, hirurg procenjuje da li su hrskavice i meka tkiva nosa simetri\u010dni. Zatim se vr\u0161e potrebne korekcije kako bi se vrh nosa ponovo oblikovao. Ako je vrh nosa asimetri\u010dan, hrskavice se ponovo postavljaju ili oblikuju. Na taj na\u010din, vrh nosa dobija simetri\u010dniji izgled. Posebno, ove korekcije tokom estetike vrha nosa pove\u0107avaju estetsku ravnote\u017eu lica.<\/p>\n\t\t<\/div>\n\t<\/div>\n\t\n\t<div id=\"accordion-1849896523\" class=\"accordion-item\">\n\t\t<a id=\"accordion-1849896523-label\" class=\"accordion-title plain\" href=\"#accordion-item-kada-se-mo\u017ee-vratiti-na-posao-nakon-operacije-vrha-nosa?\" aria-expanded=\"false\" aria-controls=\"accordion-1849896523-content\">\n\t\t\t<button class=\"toggle\" aria-label=\"Toggle\"><i class=\"icon-angle-down\" aria-hidden=\"true\"><\/i><\/button>\n\t\t\t<h3 class=\"accordion-heading\" role=\"heading\" aria-level=\"3\">Kada se mo\u017ee vratiti na posao nakon operacije vrha nosa?<\/h3>\n\t\t<\/a>\n\t\t<div id=\"accordion-1849896523-content\" class=\"accordion-inner\" aria-labelledby=\"accordion-1849896523-label\">\n\t\t\t\n<p>Vreme povratka na posao nakon operacije vrha nosa mo\u017ee varirati zavisno od osobe i intenziteta posla. Generalno, pacijenti se mogu vratiti na posao tri do sedam dana nakon operacije. Tokom ovog perioda preporu\u010duje se obavljanje laganih poslova, jer mo\u017ee postojati blagi otok ili modrice na licu. Ta\u010dan trenutak povratka na posao zavisi od toga koliko se pacijent ose\u0107a spremnim. Stoga se u ovom periodu preporu\u010duje izbegavanje fizi\u010dki napornih zadataka.<\/p>\n\t\t<\/div>\n\t<\/div>\n\t\n\t<div id=\"accordion-337211417\" class=\"accordion-item\">\n\t\t<a id=\"accordion-337211417-label\" class=\"accordion-title plain\" href=\"#accordion-item-koliko-ko\u0161ta-operacija-vrha-nosa?\" aria-expanded=\"false\" aria-controls=\"accordion-337211417-content\">\n\t\t\t<button class=\"toggle\" aria-label=\"Toggle\"><i class=\"icon-angle-down\" aria-hidden=\"true\"><\/i><\/button>\n\t\t\t<h3 class=\"accordion-heading\" role=\"heading\" aria-level=\"3\">Koliko ko\u0161ta operacija vrha nosa?<\/h3>\n\t\t<\/a>\n\t\t<div id=\"accordion-337211417-content\" class=\"accordion-inner\" aria-labelledby=\"accordion-337211417-label\">\n\t\t\t\n<p>Cijena operacije vrha nosa varira ovisno o nekoliko faktora. Prvo i najva\u017enije, iskustvo i stru\u010dnost kirurga su zna\u010dajni faktori, pri \u010demu iskusni kirurzi obi\u010dno tra\u017ee ve\u0107e naknade. Dodatno, tro\u0161kovi klinike ili bolnice u kojoj \u0107e se operacija obaviti tako\u0111er mogu utjecati na cijene. Stanje i potrebe pacijenta, kao i slo\u017eenost operacije, tako\u0111er mogu utjecati na cijenu. Stoga nije mogu\u0107e navesti to\u010dnu cijenu, ali na temelju osobnih procjena \u0107e se pojaviti jasna cijena.<\/p>\n\t\t<\/div>\n\t<\/div>\n\t\n\t<div id=\"accordion-28018027\" class=\"accordion-item\">\n\t\t<a id=\"accordion-28018027-label\" class=\"accordion-title plain\" href=\"#accordion-item-mo\u017ee-li-se-izvesti-samo-operacija-vrha-nosa?\" aria-expanded=\"false\" aria-controls=\"accordion-28018027-content\">\n\t\t\t<button class=\"toggle\" aria-label=\"Toggle\"><i class=\"icon-angle-down\" aria-hidden=\"true\"><\/i><\/button>\n\t\t\t<h3 class=\"accordion-heading\" role=\"heading\" aria-level=\"3\">Mo\u017ee li se izvesti samo operacija vrha nosa?<\/h3>\n\t\t<\/a>\n\t\t<div id=\"accordion-28018027-content\" class=\"accordion-inner\" aria-labelledby=\"accordion-28018027-label\">\n\t\t\t\n<p>Da, mo\u017ee se izvesti samo operacija vrha nosa. Rinoplastika se \u010desto smatra postupkom koji uklju\u010duje cijeli nos, ali su mogu\u0107i i estetski zahvati usmjereni samo na vrh nosa. Dakle, estetika vrha nosa ponekad se mo\u017ee izvesti bez operacije pomo\u0107u filera. Me\u0111utim, mogu se izvesti i intervencije na hrskavi\u010dnom tkivu vrha nosa. Kori\u0161tenje filera je samo privremeno rje\u0161enje. Zaklju\u010dno, rinoplastika se mo\u017ee primijeniti samo na vrh nosa.<\/p>\n\t\t<\/div>\n\t<\/div>\n\t\n\t<div id=\"accordion-3757402884\" class=\"accordion-item\">\n\t\t<a id=\"accordion-3757402884-label\" class=\"accordion-title plain\" href=\"#accordion-item-tko-je-pogodan-za-operaciju-vrha-nosa?\" aria-expanded=\"false\" aria-controls=\"accordion-3757402884-content\">\n\t\t\t<button class=\"toggle\" aria-label=\"Toggle\"><i class=\"icon-angle-down\" aria-hidden=\"true\"><\/i><\/button>\n\t\t\t<h3 class=\"accordion-heading\" role=\"heading\" aria-level=\"3\">Tko je pogodan za operaciju vrha nosa?<\/h3>\n\t\t<\/a>\n\t\t<div id=\"accordion-3757402884-content\" class=\"accordion-inner\" aria-labelledby=\"accordion-3757402884-label\">\n\t\t\t\n<p>Operacija vrha nosa je pogodna za osobe s nosnom asimetrijom, spu\u0161tenim vrhom nosa ili stisnutim oblikom nosa. Sli\u010dno tome, osobe s problemom \u0161irokog vrha nosa mogu imati koristi od ove operacije. Me\u0111utim, za osobe s opse\u017enijim problemima, kao \u0161to je nosni grba, samo estetika vrha nosa mo\u017eda ne\u0107e biti dovoljna. Stoga, razli\u010dite kirur\u0161ke intervencije mogu biti potrebne u slu\u010dajevima koji zahtijevaju zna\u010dajnije promjene strukture nosa.<\/p>\n\t\t<\/div>\n\t<\/div>\n\t\n\t<div id=\"accordion-2682949084\" class=\"accordion-item\">\n\t\t<a id=\"accordion-2682949084-label\" class=\"accordion-title plain\" href=\"#accordion-item-da-li-su-vje\u017ebe-za-podizanje-vrha-nosa-u\u010dinkovite?\" aria-expanded=\"false\" aria-controls=\"accordion-2682949084-content\">\n\t\t\t<button class=\"toggle\" aria-label=\"Toggle\"><i class=\"icon-angle-down\" aria-hidden=\"true\"><\/i><\/button>\n\t\t\t<h3 class=\"accordion-heading\" role=\"heading\" aria-level=\"3\">Da li su vje\u017ebe za podizanje vrha nosa u\u010dinkovite?<\/h3>\n\t\t<\/a>\n\t\t<div id=\"accordion-2682949084-content\" class=\"accordion-inner\" aria-labelledby=\"accordion-2682949084-label\">\n\t\t\t\n<p>Na\u017ealost, vje\u017ebe za podizanje vrha nosa nisu u\u010dinkovite. Razlog je \u0161to se struktura nosa sastoji od kosti i hrskavice, \u0161to onemogu\u0107ava promjenu oblika nosa putem vje\u017ebi. Takve promjene mogu se posti\u0107i samo kirur\u0161kim zahvatima. Stoga, s vje\u017ebama za podizanje vrha nosa ne mo\u017eete posti\u0107i \u017eeljene rezultate. Kirur\u0161ke metode trebaju biti preferirane za estetiku nosa. Osim toga, ne postoji medicinska osnova za vje\u017ebe za nos. Stoga se vje\u017ebe ne bi trebale koristiti za promjenu oblika nosa.<\/p>\n\t\t<\/div>\n\t<\/div>\n\t\n<\/div>\n\t\t<\/div>\n\t\t\t\t\t<\/div>\n\n\t\n\n\t<div id=\"col-824541276\" class=\"col small-12 large-12\"  >\n\t\t\t\t<div class=\"col-inner\"  >\n\t\t\t\n\t\t\t\n<h2 style=\"text-align: left;\">Jedan od najboljih klini\u010dkih timova za  u Turskoj<\/h2>\n<p>Dr. Alev Camc\u0131o\u011flu se smatra jednim od<a href=\"https:\/\/www.alevcamcioglu.com\/sr\/\"> najboljih  hirurga<\/a> u Turskoj. Mo\u017eete pogledati <a href=\"https:\/\/www.google.com\/search?sca_esv=19415285e7d3a11e&amp;q=Op.+Dr.+Alev+Camc%C4%B1o%C4%9Flu+%7C+Burun+Esteti%C4%9Fi+,+Rinoplasti&amp;si=ACC90nwjPmqJHrCEt6ewASzksVFQDX8zco_7MgBaIawvaF4-7h723rVnZZFvK9OUD_1VBtQCUeVRPTUGteg0cLBOJKCQcF0l8NwoxI3g4M0bcP1xT-CjIKs%3D&amp;uds=ADvngMjY3r6cFmkgAf0Cxo_OKwUu8-9wBrBINI3SgEOgMBDI-5zv7ouVxpoC5B3rGHvBXe2sC4UfcRCjxwtdIZqUOJLNbC7tiBSx22BIl7RGCQjdXli44B_uGb9i1YxcDMMbIHEpYimMnELWSd3nhL869lQu7z7kZ8TooMdqLcQgmPDHyHohCQ8&amp;sa=X&amp;ved=2ahUKEwiiiMOMqeSJAxVxS_EDHdySMG0Q3PALegQIGRAE&amp;biw=2276&amp;bih=1055&amp;dpr=1.13\" target=\"_blank\" rel=\"noopener\">recenzije za  ovde.<\/a><\/p>\n<div class=\"row row-full-width align-center\"  id=\"row-1942036619\">\n\n\n\t<div id=\"col-1641185732\" class=\"col medium-2 small-6 large-2\"  >\n\t\t\t\t<div class=\"col-inner\"  >\n\t\t\t\n\t\t\t\n\n    <div class=\"box has-hover has-hover box-text-bottom\" >\n\n                  <div class=\"box-image \" >\n           <div class=\"box-image-inner image-cover\" style=\"padding-top:100%;\">\n              <img decoding=\"async\" width=\"1080\" height=\"1122\" src=\"https:\/\/www.alevcamcioglu.com\/wp-content\/uploads\/2018\/02\/106913305_714307142741324_420816097913162768_n.jpg\" class=\"attachment- size-\" alt=\"\" srcset=\"https:\/\/www.alevcamcioglu.com\/wp-content\/uploads\/2018\/02\/106913305_714307142741324_420816097913162768_n.jpg 1080w, https:\/\/www.alevcamcioglu.com\/wp-content\/uploads\/2018\/02\/106913305_714307142741324_420816097913162768_n-289x300.jpg 289w, https:\/\/www.alevcamcioglu.com\/wp-content\/uploads\/2018\/02\/106913305_714307142741324_420816097913162768_n-986x1024.jpg 986w, https:\/\/www.alevcamcioglu.com\/wp-content\/uploads\/2018\/02\/106913305_714307142741324_420816097913162768_n-768x798.jpg 768w, https:\/\/www.alevcamcioglu.com\/wp-content\/uploads\/2018\/02\/106913305_714307142741324_420816097913162768_n-370x384.jpg 370w, https:\/\/www.alevcamcioglu.com\/wp-content\/uploads\/2018\/02\/106913305_714307142741324_420816097913162768_n-760x790.jpg 760w\" sizes=\"(max-width: 1080px) 100vw, 1080px\" title=\"\">                         <\/div>\n          <\/div>\n         \n          <div class=\"box-text text-center\" >\n                <div class=\"box-text-inner\">\n                  <h4 class=\"uppercase\">\n                    <span class=\"person-name\">Op. Dr. Alev Camc\u0131o\u011flu<\/span><br\/>\n                    <span class=\"person-title is-small thin-font op-7\">\n                      Hirurg za rinoplastiku                    <\/span>\n                  <\/h4>\n\t\t\t\t\t<div class=\"social-icons follow-icons\" ><a href=\"https:\/\/www.facebook.com\/dralevcamcioglu\/\" target=\"_blank\" data-label=\"Facebook\" class=\"icon primary button circle tooltip facebook\" title=\"Follow on Facebook\" aria-label=\"Follow on Facebook\" rel=\"noopener nofollow\"><i class=\"icon-facebook\" aria-hidden=\"true\"><\/i><\/a><a href=\"https:\/\/www.instagram.com\/dralevcamcioglu\/\" target=\"_blank\" data-label=\"Instagram\" class=\"icon primary button circle tooltip instagram\" title=\"Follow on Instagram\" aria-label=\"Follow on Instagram\" rel=\"noopener nofollow\"><i class=\"icon-instagram\" aria-hidden=\"true\"><\/i><\/a><\/div>\n\n\n                <\/div>\n          <\/div>\n    <\/div>\n\n\t\n    \n\n\t\t<\/div>\n\t\t\t\t\t<\/div>\n\n\t\n\n\t<div id=\"col-1185265989\" class=\"col medium-2 small-6 large-2\"  >\n\t\t\t\t<div class=\"col-inner\"  >\n\t\t\t\n\t\t\t\n\n    <div class=\"box has-hover has-hover box-text-bottom\" >\n\n                  <div class=\"box-image \" >\n           <div class=\"box-image-inner image-cover\" style=\"padding-top:100%;\">\n              <img decoding=\"async\" width=\"1200\" height=\"800\" src=\"https:\/\/www.alevcamcioglu.com\/wp-content\/uploads\/2018\/02\/DSC00496-1200x800-1.jpg\" class=\"attachment- size-\" alt=\"\" srcset=\"https:\/\/www.alevcamcioglu.com\/wp-content\/uploads\/2018\/02\/DSC00496-1200x800-1.jpg 1200w, https:\/\/www.alevcamcioglu.com\/wp-content\/uploads\/2018\/02\/DSC00496-1200x800-1-300x200.jpg 300w, https:\/\/www.alevcamcioglu.com\/wp-content\/uploads\/2018\/02\/DSC00496-1200x800-1-1024x683.jpg 1024w, https:\/\/www.alevcamcioglu.com\/wp-content\/uploads\/2018\/02\/DSC00496-1200x800-1-768x512.jpg 768w, https:\/\/www.alevcamcioglu.com\/wp-content\/uploads\/2018\/02\/DSC00496-1200x800-1-370x247.jpg 370w, https:\/\/www.alevcamcioglu.com\/wp-content\/uploads\/2018\/02\/DSC00496-1200x800-1-760x507.jpg 760w\" sizes=\"(max-width: 1200px) 100vw, 1200px\" title=\"\">                         <\/div>\n          <\/div>\n         \n          <div class=\"box-text text-center\" >\n                <div class=\"box-text-inner\">\n                  <h4 class=\"uppercase\">\n                    <span class=\"person-name\">Aylin Uyu\u015fmak<\/span><br\/>\n                    <span class=\"person-title is-small thin-font op-7\">\n                      Klini\u010dki Koordinator                    <\/span>\n                  <\/h4>\n\t\t\t\t\t<div class=\"social-icons follow-icons\" ><a href=\"https:\/\/www.facebook.com\/dralevcamcioglu\/\" target=\"_blank\" data-label=\"Facebook\" class=\"icon primary button circle tooltip facebook\" title=\"Follow on Facebook\" aria-label=\"Follow on Facebook\" rel=\"noopener nofollow\"><i class=\"icon-facebook\" aria-hidden=\"true\"><\/i><\/a><a href=\"https:\/\/www.instagram.com\/dralevcamcioglu\/\" target=\"_blank\" data-label=\"Instagram\" class=\"icon primary button circle tooltip instagram\" title=\"Follow on Instagram\" aria-label=\"Follow on Instagram\" rel=\"noopener nofollow\"><i class=\"icon-instagram\" aria-hidden=\"true\"><\/i><\/a><\/div>\n\n\n                <\/div>\n          <\/div>\n    <\/div>\n\n\t\n    \n\n\t\t<\/div>\n\t\t\t\t\t<\/div>\n\n\t\n\n\t<div id=\"col-1624322141\" class=\"col medium-2 small-6 large-2\"  >\n\t\t\t\t<div class=\"col-inner\"  >\n\t\t\t\n\t\t\t\n\n    <div class=\"box has-hover has-hover box-text-bottom\" >\n\n                  <div class=\"box-image \" >\n           <div class=\"box-image-inner image-cover\" style=\"padding-top:100%;\">\n              <img decoding=\"async\" width=\"1200\" height=\"1800\" src=\"https:\/\/www.alevcamcioglu.com\/wp-content\/uploads\/2018\/02\/DSC00493-1200x1800-1.jpg\" class=\"attachment- size-\" alt=\"\" srcset=\"https:\/\/www.alevcamcioglu.com\/wp-content\/uploads\/2018\/02\/DSC00493-1200x1800-1.jpg 1200w, https:\/\/www.alevcamcioglu.com\/wp-content\/uploads\/2018\/02\/DSC00493-1200x1800-1-200x300.jpg 200w, https:\/\/www.alevcamcioglu.com\/wp-content\/uploads\/2018\/02\/DSC00493-1200x1800-1-683x1024.jpg 683w, https:\/\/www.alevcamcioglu.com\/wp-content\/uploads\/2018\/02\/DSC00493-1200x1800-1-768x1152.jpg 768w, https:\/\/www.alevcamcioglu.com\/wp-content\/uploads\/2018\/02\/DSC00493-1200x1800-1-1024x1536.jpg 1024w, https:\/\/www.alevcamcioglu.com\/wp-content\/uploads\/2018\/02\/DSC00493-1200x1800-1-370x555.jpg 370w, https:\/\/www.alevcamcioglu.com\/wp-content\/uploads\/2018\/02\/DSC00493-1200x1800-1-760x1140.jpg 760w\" sizes=\"(max-width: 1200px) 100vw, 1200px\" title=\"\">                         <\/div>\n          <\/div>\n         \n          <div class=\"box-text text-center\" >\n                <div class=\"box-text-inner\">\n                  <h4 class=\"uppercase\">\n                    <span class=\"person-name\">Serra Sevgili<\/span><br\/>\n                    <span class=\"person-title is-small thin-font op-7\">\n                      Klini\u010dki Asistent                    <\/span>\n                  <\/h4>\n\t\t\t\t\t<div class=\"social-icons follow-icons\" ><a href=\"https:\/\/www.facebook.com\/dralevcamcioglu\/\" target=\"_blank\" data-label=\"Facebook\" class=\"icon primary button circle tooltip facebook\" title=\"Follow on Facebook\" aria-label=\"Follow on Facebook\" rel=\"noopener nofollow\"><i class=\"icon-facebook\" aria-hidden=\"true\"><\/i><\/a><a href=\"https:\/\/www.instagram.com\/dralevcamcioglu\/\" target=\"_blank\" data-label=\"Instagram\" class=\"icon primary button circle tooltip instagram\" title=\"Follow on Instagram\" aria-label=\"Follow on Instagram\" rel=\"noopener nofollow\"><i class=\"icon-instagram\" aria-hidden=\"true\"><\/i><\/a><\/div>\n\n\n                <\/div>\n          <\/div>\n    <\/div>\n\n\t\n    \n\n\t\t<\/div>\n\t\t\t\t\t<\/div>\n\n\t\n\n\t<div id=\"col-16671014\" class=\"col medium-2 small-6 large-2\"  >\n\t\t\t\t<div class=\"col-inner\"  >\n\t\t\t\n\t\t\t\n\n    <div class=\"box has-hover has-hover box-text-bottom\" >\n\n                  <div class=\"box-image \" >\n           <div class=\"box-image-inner image-cover\" style=\"padding-top:100%;\">\n              <img decoding=\"async\" width=\"1200\" height=\"800\" src=\"https:\/\/www.alevcamcioglu.com\/wp-content\/uploads\/2018\/02\/DSC00510-1200x800-1.jpg\" class=\"attachment- size-\" alt=\"\" srcset=\"https:\/\/www.alevcamcioglu.com\/wp-content\/uploads\/2018\/02\/DSC00510-1200x800-1.jpg 1200w, https:\/\/www.alevcamcioglu.com\/wp-content\/uploads\/2018\/02\/DSC00510-1200x800-1-300x200.jpg 300w, https:\/\/www.alevcamcioglu.com\/wp-content\/uploads\/2018\/02\/DSC00510-1200x800-1-1024x683.jpg 1024w, https:\/\/www.alevcamcioglu.com\/wp-content\/uploads\/2018\/02\/DSC00510-1200x800-1-768x512.jpg 768w, https:\/\/www.alevcamcioglu.com\/wp-content\/uploads\/2018\/02\/DSC00510-1200x800-1-370x247.jpg 370w, https:\/\/www.alevcamcioglu.com\/wp-content\/uploads\/2018\/02\/DSC00510-1200x800-1-760x507.jpg 760w\" sizes=\"(max-width: 1200px) 100vw, 1200px\" title=\"\">                         <\/div>\n          <\/div>\n         \n          <div class=\"box-text text-center\" >\n                <div class=\"box-text-inner\">\n                  <h4 class=\"uppercase\">\n                    <span class=\"person-name\">Sema Yap\u0131c\u0131<\/span><br\/>\n                    <span class=\"person-title is-small thin-font op-7\">\n                      Medicinska sestra u operacionoj sali                    <\/span>\n                  <\/h4>\n\t\t\t\t\t<div class=\"social-icons follow-icons\" ><a href=\"https:\/\/www.facebook.com\/dralevcamcioglu\/\" target=\"_blank\" data-label=\"Facebook\" class=\"icon primary button circle tooltip facebook\" title=\"Follow on Facebook\" aria-label=\"Follow on Facebook\" rel=\"noopener nofollow\"><i class=\"icon-facebook\" aria-hidden=\"true\"><\/i><\/a><a href=\"https:\/\/www.instagram.com\/dralevcamcioglu\/\" target=\"_blank\" data-label=\"Instagram\" class=\"icon primary button circle tooltip instagram\" title=\"Follow on Instagram\" aria-label=\"Follow on Instagram\" rel=\"noopener nofollow\"><i class=\"icon-instagram\" aria-hidden=\"true\"><\/i><\/a><\/div>\n\n\n                <\/div>\n          <\/div>\n    <\/div>\n\n\t\n    \n\n\t\t<\/div>\n\t\t\t\t\t<\/div>\n\n\t\n\n\t<div id=\"col-254089948\" class=\"col medium-2 small-6 large-2\"  >\n\t\t\t\t<div class=\"col-inner\"  >\n\t\t\t\n\t\t\t\n\n    <div class=\"box has-hover has-hover box-text-bottom\" >\n\n                  <div class=\"box-image \" >\n           <div class=\"box-image-inner image-cover\" style=\"padding-top:100%;\">\n              <img decoding=\"async\" width=\"1200\" height=\"800\" src=\"https:\/\/www.alevcamcioglu.com\/wp-content\/uploads\/2024\/02\/DSC00524-1200x800-1.jpg\" class=\"attachment- size-\" alt=\"\" srcset=\"https:\/\/www.alevcamcioglu.com\/wp-content\/uploads\/2024\/02\/DSC00524-1200x800-1.jpg 1200w, https:\/\/www.alevcamcioglu.com\/wp-content\/uploads\/2024\/02\/DSC00524-1200x800-1-300x200.jpg 300w, https:\/\/www.alevcamcioglu.com\/wp-content\/uploads\/2024\/02\/DSC00524-1200x800-1-1024x683.jpg 1024w, https:\/\/www.alevcamcioglu.com\/wp-content\/uploads\/2024\/02\/DSC00524-1200x800-1-768x512.jpg 768w, https:\/\/www.alevcamcioglu.com\/wp-content\/uploads\/2024\/02\/DSC00524-1200x800-1-370x247.jpg 370w, https:\/\/www.alevcamcioglu.com\/wp-content\/uploads\/2024\/02\/DSC00524-1200x800-1-760x507.jpg 760w\" sizes=\"(max-width: 1200px) 100vw, 1200px\" title=\"\">                         <\/div>\n          <\/div>\n         \n          <div class=\"box-text text-center\" >\n                <div class=\"box-text-inner\">\n                  <h4 class=\"uppercase\">\n                    <span class=\"person-name\">Aleyna Ceren Kurt<\/span><br\/>\n                    <span class=\"person-title is-small thin-font op-7\">\n                      Menad\u017eer dru\u0161tvenih medija                    <\/span>\n                  <\/h4>\n\t\t\t\t\t<div class=\"social-icons follow-icons\" ><a href=\"https:\/\/www.facebook.com\/dralevcamcioglu\/\" target=\"_blank\" data-label=\"Facebook\" class=\"icon primary button circle tooltip facebook\" title=\"Follow on Facebook\" aria-label=\"Follow on Facebook\" rel=\"noopener nofollow\"><i class=\"icon-facebook\" aria-hidden=\"true\"><\/i><\/a><a href=\"https:\/\/www.instagram.com\/dralevcamcioglu\/\" target=\"_blank\" data-label=\"Instagram\" class=\"icon primary button circle tooltip instagram\" title=\"Follow on Instagram\" aria-label=\"Follow on Instagram\" rel=\"noopener nofollow\"><i class=\"icon-instagram\" aria-hidden=\"true\"><\/i><\/a><\/div>\n\n\n                <\/div>\n          <\/div>\n    <\/div>\n\n\t\n    \n\n\t\t<\/div>\n\t\t\t\t\t<\/div>\n\n\t\n\n<\/div>\n\t\t<\/div>\n\t\t\t\t\t<\/div>\n\n\t\n\n\t<div id=\"col-1898087540\" class=\"col small-12 large-12\"  >\n\t\t\t\t<div class=\"col-inner\"  >\n\t\t\t\n\t\t\t\n<h2>Postovi na Blogu<\/h2>\n\n  \n    <div class=\"row large-columns-3 medium-columns-1 small-columns-1 slider row-slider slider-nav-circle slider-nav-outside\"  data-flickity-options='{&quot;imagesLoaded&quot;: true, &quot;groupCells&quot;: &quot;100%&quot;, &quot;dragThreshold&quot; : 5, &quot;cellAlign&quot;: &quot;left&quot;,&quot;wrapAround&quot;: true,&quot;prevNextButtons&quot;: true,&quot;percentPosition&quot;: true,&quot;pageDots&quot;: false, &quot;rightToLeft&quot;: false, &quot;autoPlay&quot; : false}' >\n\n  <div class=\"col post-item\" >\n\t\t\t<div class=\"col-inner\">\n\t\t\t\t<div class=\"box box-push box-text-bottom box-blog-post has-hover\">\n            \t\t\t\t\t<div class=\"box-image\" >\n  \t\t\t\t\t\t<div class=\"image-cover\" style=\"padding-top:100%;\">\n\t\t\t\t\t\t\t<a href=\"https:\/\/www.alevcamcioglu.com\/sr\/cene-operacija-cena\/\" class=\"plain\" aria-label=\"Cene Operacija Cena\">\n\t\t\t\t\t\t\t\t<img decoding=\"async\" width=\"1140\" height=\"500\" src=\"https:\/\/www.alevcamcioglu.com\/wp-content\/uploads\/2024\/08\/Burun-Ucu-Estetigi-Fiyatlari-1.jpg\" class=\"attachment-2048x2048 size-2048x2048 wp-post-image\" alt=\"\" srcset=\"https:\/\/www.alevcamcioglu.com\/wp-content\/uploads\/2024\/08\/Burun-Ucu-Estetigi-Fiyatlari-1.jpg 1140w, https:\/\/www.alevcamcioglu.com\/wp-content\/uploads\/2024\/08\/Burun-Ucu-Estetigi-Fiyatlari-1-300x132.jpg 300w, https:\/\/www.alevcamcioglu.com\/wp-content\/uploads\/2024\/08\/Burun-Ucu-Estetigi-Fiyatlari-1-1024x449.jpg 1024w, https:\/\/www.alevcamcioglu.com\/wp-content\/uploads\/2024\/08\/Burun-Ucu-Estetigi-Fiyatlari-1-768x337.jpg 768w, https:\/\/www.alevcamcioglu.com\/wp-content\/uploads\/2024\/08\/Burun-Ucu-Estetigi-Fiyatlari-1-370x162.jpg 370w, https:\/\/www.alevcamcioglu.com\/wp-content\/uploads\/2024\/08\/Burun-Ucu-Estetigi-Fiyatlari-1-760x333.jpg 760w\" sizes=\"(max-width: 1140px) 100vw, 1140px\" title=\"\">\t\t\t\t\t\t\t<\/a>\n  \t\t\t\t\t\t\t  \t\t\t\t\t\t\t  \t\t\t\t\t\t<\/div>\n  \t\t\t\t\t\t  \t\t\t\t\t<\/div>\n          \t\t\t\t\t<div class=\"box-text text-center\" >\n\t\t\t\t\t<div class=\"box-text-inner blog-post-inner\">\n\n\t\t\t\t\t\n\t\t\t\t\t\t\t\t\t\t<h5 class=\"post-title is-large \">\n\t\t\t\t\t\t<a href=\"https:\/\/www.alevcamcioglu.com\/sr\/cene-operacija-cena\/\" class=\"plain\">Cene Operacija Cena<\/a>\n\t\t\t\t\t<\/h5>\n\t\t\t\t\t\t\t\t\t\t<div class=\"is-divider\"><\/div>\n\t\t\t\t\t                    \n\t\t\t\t\t\t\t\t\t\t\t<a href=\"https:\/\/www.alevcamcioglu.com\/sr\/cene-operacija-cena\/\" class=\"button primary is-outline is-small mb-0\">\n\t\t\t\t\t\t\tContinue Reading\t\t\t\t\t\t<\/a>\n\t\t\t\t\t\n\t\t\t\t\t\n\t\t\t\t\t<\/div>\n\t\t\t\t\t<\/div>\n\t\t\t\t\t\t\t\t\t\t\t\t\t\t\t\t<div class=\"badge absolute top post-date badge-circle\">\n\t\t\t\t\t\t\t<div class=\"badge-inner\">\n\t\t\t\t\t\t\t\t<span class=\"post-date-day\">16<\/span><br>\n\t\t\t\t\t\t\t\t<span class=\"post-date-month is-xsmall\">\u0430\u0432\u0433<\/span>\n\t\t\t\t\t\t\t<\/div>\n\t\t\t\t\t\t<\/div>\n\t\t\t\t\t\t\t\t\t<\/div>\n\t\t\t<\/div>\n\t\t<\/div><div class=\"col post-item\" >\n\t\t\t<div class=\"col-inner\">\n\t\t\t\t<div class=\"box box-push box-text-bottom box-blog-post has-hover\">\n            \t\t\t\t\t<div class=\"box-image\" >\n  \t\t\t\t\t\t<div class=\"image-cover\" style=\"padding-top:100%;\">\n\t\t\t\t\t\t\t<a href=\"https:\/\/www.alevcamcioglu.com\/sr\/preporuke-lekara-nakon-operacije-nosa\/\" class=\"plain\" aria-label=\"Preporuke Lekara Nakon Operacije Nosa\">\n\t\t\t\t\t\t\t\t<img decoding=\"async\" width=\"1140\" height=\"500\" src=\"https:\/\/www.alevcamcioglu.com\/wp-content\/uploads\/2024\/08\/Burun-Ameliyati-Sonrasi-Doktordan-Oneriler.jpg\" class=\"attachment-2048x2048 size-2048x2048 wp-post-image\" alt=\"\" srcset=\"https:\/\/www.alevcamcioglu.com\/wp-content\/uploads\/2024\/08\/Burun-Ameliyati-Sonrasi-Doktordan-Oneriler.jpg 1140w, https:\/\/www.alevcamcioglu.com\/wp-content\/uploads\/2024\/08\/Burun-Ameliyati-Sonrasi-Doktordan-Oneriler-300x132.jpg 300w, https:\/\/www.alevcamcioglu.com\/wp-content\/uploads\/2024\/08\/Burun-Ameliyati-Sonrasi-Doktordan-Oneriler-1024x449.jpg 1024w, https:\/\/www.alevcamcioglu.com\/wp-content\/uploads\/2024\/08\/Burun-Ameliyati-Sonrasi-Doktordan-Oneriler-768x337.jpg 768w, https:\/\/www.alevcamcioglu.com\/wp-content\/uploads\/2024\/08\/Burun-Ameliyati-Sonrasi-Doktordan-Oneriler-370x162.jpg 370w, https:\/\/www.alevcamcioglu.com\/wp-content\/uploads\/2024\/08\/Burun-Ameliyati-Sonrasi-Doktordan-Oneriler-760x333.jpg 760w\" sizes=\"(max-width: 1140px) 100vw, 1140px\" title=\"\">\t\t\t\t\t\t\t<\/a>\n  \t\t\t\t\t\t\t  \t\t\t\t\t\t\t  \t\t\t\t\t\t<\/div>\n  \t\t\t\t\t\t  \t\t\t\t\t<\/div>\n          \t\t\t\t\t<div class=\"box-text text-center\" >\n\t\t\t\t\t<div class=\"box-text-inner blog-post-inner\">\n\n\t\t\t\t\t\n\t\t\t\t\t\t\t\t\t\t<h5 class=\"post-title is-large \">\n\t\t\t\t\t\t<a href=\"https:\/\/www.alevcamcioglu.com\/sr\/preporuke-lekara-nakon-operacije-nosa\/\" class=\"plain\">Preporuke Lekara Nakon Operacije Nosa<\/a>\n\t\t\t\t\t<\/h5>\n\t\t\t\t\t\t\t\t\t\t<div class=\"is-divider\"><\/div>\n\t\t\t\t\t                    \n\t\t\t\t\t\t\t\t\t\t\t<a href=\"https:\/\/www.alevcamcioglu.com\/sr\/preporuke-lekara-nakon-operacije-nosa\/\" class=\"button primary is-outline is-small mb-0\">\n\t\t\t\t\t\t\tContinue Reading\t\t\t\t\t\t<\/a>\n\t\t\t\t\t\n\t\t\t\t\t\n\t\t\t\t\t<\/div>\n\t\t\t\t\t<\/div>\n\t\t\t\t\t\t\t\t\t\t\t\t\t\t\t\t<div class=\"badge absolute top post-date badge-circle\">\n\t\t\t\t\t\t\t<div class=\"badge-inner\">\n\t\t\t\t\t\t\t\t<span class=\"post-date-day\">16<\/span><br>\n\t\t\t\t\t\t\t\t<span class=\"post-date-month is-xsmall\">\u0430\u0432\u0433<\/span>\n\t\t\t\t\t\t\t<\/div>\n\t\t\t\t\t\t<\/div>\n\t\t\t\t\t\t\t\t\t<\/div>\n\t\t\t<\/div>\n\t\t<\/div><div class=\"col post-item\" >\n\t\t\t<div class=\"col-inner\">\n\t\t\t\t<div class=\"box box-push box-text-bottom box-blog-post has-hover\">\n            \t\t\t\t\t<div class=\"box-image\" >\n  \t\t\t\t\t\t<div class=\"image-cover\" style=\"padding-top:100%;\">\n\t\t\t\t\t\t\t<a href=\"https:\/\/www.alevcamcioglu.com\/sr\/krivljenje-nakon-operacije-nosa\/\" class=\"plain\" aria-label=\"Krivljenje Nakon Operacije Nosa\">\n\t\t\t\t\t\t\t\t<img decoding=\"async\" width=\"1140\" height=\"500\" src=\"https:\/\/www.alevcamcioglu.com\/wp-content\/uploads\/2024\/08\/Burun-Estetigi-Sonrasi-Yamukluk.jpg\" class=\"attachment-2048x2048 size-2048x2048 wp-post-image\" alt=\"\" srcset=\"https:\/\/www.alevcamcioglu.com\/wp-content\/uploads\/2024\/08\/Burun-Estetigi-Sonrasi-Yamukluk.jpg 1140w, https:\/\/www.alevcamcioglu.com\/wp-content\/uploads\/2024\/08\/Burun-Estetigi-Sonrasi-Yamukluk-300x132.jpg 300w, https:\/\/www.alevcamcioglu.com\/wp-content\/uploads\/2024\/08\/Burun-Estetigi-Sonrasi-Yamukluk-1024x449.jpg 1024w, https:\/\/www.alevcamcioglu.com\/wp-content\/uploads\/2024\/08\/Burun-Estetigi-Sonrasi-Yamukluk-768x337.jpg 768w, https:\/\/www.alevcamcioglu.com\/wp-content\/uploads\/2024\/08\/Burun-Estetigi-Sonrasi-Yamukluk-370x162.jpg 370w, https:\/\/www.alevcamcioglu.com\/wp-content\/uploads\/2024\/08\/Burun-Estetigi-Sonrasi-Yamukluk-760x333.jpg 760w\" sizes=\"(max-width: 1140px) 100vw, 1140px\" title=\"\">\t\t\t\t\t\t\t<\/a>\n  \t\t\t\t\t\t\t  \t\t\t\t\t\t\t  \t\t\t\t\t\t<\/div>\n  \t\t\t\t\t\t  \t\t\t\t\t<\/div>\n          \t\t\t\t\t<div class=\"box-text text-center\" >\n\t\t\t\t\t<div class=\"box-text-inner blog-post-inner\">\n\n\t\t\t\t\t\n\t\t\t\t\t\t\t\t\t\t<h5 class=\"post-title is-large \">\n\t\t\t\t\t\t<a href=\"https:\/\/www.alevcamcioglu.com\/sr\/krivljenje-nakon-operacije-nosa\/\" class=\"plain\">Krivljenje Nakon Operacije Nosa<\/a>\n\t\t\t\t\t<\/h5>\n\t\t\t\t\t\t\t\t\t\t<div class=\"is-divider\"><\/div>\n\t\t\t\t\t                    \n\t\t\t\t\t\t\t\t\t\t\t<a href=\"https:\/\/www.alevcamcioglu.com\/sr\/krivljenje-nakon-operacije-nosa\/\" class=\"button primary is-outline is-small mb-0\">\n\t\t\t\t\t\t\tContinue Reading\t\t\t\t\t\t<\/a>\n\t\t\t\t\t\n\t\t\t\t\t\n\t\t\t\t\t<\/div>\n\t\t\t\t\t<\/div>\n\t\t\t\t\t\t\t\t\t\t\t\t\t\t\t\t<div class=\"badge absolute top post-date badge-circle\">\n\t\t\t\t\t\t\t<div class=\"badge-inner\">\n\t\t\t\t\t\t\t\t<span class=\"post-date-day\">16<\/span><br>\n\t\t\t\t\t\t\t\t<span class=\"post-date-month is-xsmall\">\u0430\u0432\u0433<\/span>\n\t\t\t\t\t\t\t<\/div>\n\t\t\t\t\t\t<\/div>\n\t\t\t\t\t\t\t\t\t<\/div>\n\t\t\t<\/div>\n\t\t<\/div><div class=\"col post-item\" >\n\t\t\t<div class=\"col-inner\">\n\t\t\t\t<div class=\"box box-push box-text-bottom box-blog-post has-hover\">\n            \t\t\t\t\t<div class=\"box-image\" >\n  \t\t\t\t\t\t<div class=\"image-cover\" style=\"padding-top:100%;\">\n\t\t\t\t\t\t\t<a href=\"https:\/\/www.alevcamcioglu.com\/sr\/oticanje-na-hrptu-nosa-nakon-rinoplastike\/\" class=\"plain\" aria-label=\"Oticanje Na Hrptu Nosa Nakon Rinoplastike\">\n\t\t\t\t\t\t\t\t<img decoding=\"async\" width=\"1140\" height=\"500\" src=\"https:\/\/www.alevcamcioglu.com\/wp-content\/uploads\/2024\/08\/Burun-Estetigi-Sonrasi-Burun-Sirtinda-Sislik.jpg\" class=\"attachment-2048x2048 size-2048x2048 wp-post-image\" alt=\"\" srcset=\"https:\/\/www.alevcamcioglu.com\/wp-content\/uploads\/2024\/08\/Burun-Estetigi-Sonrasi-Burun-Sirtinda-Sislik.jpg 1140w, https:\/\/www.alevcamcioglu.com\/wp-content\/uploads\/2024\/08\/Burun-Estetigi-Sonrasi-Burun-Sirtinda-Sislik-300x132.jpg 300w, https:\/\/www.alevcamcioglu.com\/wp-content\/uploads\/2024\/08\/Burun-Estetigi-Sonrasi-Burun-Sirtinda-Sislik-1024x449.jpg 1024w, https:\/\/www.alevcamcioglu.com\/wp-content\/uploads\/2024\/08\/Burun-Estetigi-Sonrasi-Burun-Sirtinda-Sislik-768x337.jpg 768w, https:\/\/www.alevcamcioglu.com\/wp-content\/uploads\/2024\/08\/Burun-Estetigi-Sonrasi-Burun-Sirtinda-Sislik-370x162.jpg 370w, https:\/\/www.alevcamcioglu.com\/wp-content\/uploads\/2024\/08\/Burun-Estetigi-Sonrasi-Burun-Sirtinda-Sislik-760x333.jpg 760w\" sizes=\"(max-width: 1140px) 100vw, 1140px\" title=\"\">\t\t\t\t\t\t\t<\/a>\n  \t\t\t\t\t\t\t  \t\t\t\t\t\t\t  \t\t\t\t\t\t<\/div>\n  \t\t\t\t\t\t  \t\t\t\t\t<\/div>\n          \t\t\t\t\t<div class=\"box-text text-center\" >\n\t\t\t\t\t<div class=\"box-text-inner blog-post-inner\">\n\n\t\t\t\t\t\n\t\t\t\t\t\t\t\t\t\t<h5 class=\"post-title is-large \">\n\t\t\t\t\t\t<a href=\"https:\/\/www.alevcamcioglu.com\/sr\/oticanje-na-hrptu-nosa-nakon-rinoplastike\/\" class=\"plain\">Oticanje Na Hrptu Nosa Nakon Rinoplastike<\/a>\n\t\t\t\t\t<\/h5>\n\t\t\t\t\t\t\t\t\t\t<div class=\"is-divider\"><\/div>\n\t\t\t\t\t                    \n\t\t\t\t\t\t\t\t\t\t\t<a href=\"https:\/\/www.alevcamcioglu.com\/sr\/oticanje-na-hrptu-nosa-nakon-rinoplastike\/\" class=\"button primary is-outline is-small mb-0\">\n\t\t\t\t\t\t\tContinue Reading\t\t\t\t\t\t<\/a>\n\t\t\t\t\t\n\t\t\t\t\t\n\t\t\t\t\t<\/div>\n\t\t\t\t\t<\/div>\n\t\t\t\t\t\t\t\t\t\t\t\t\t\t\t\t<div class=\"badge absolute top post-date badge-circle\">\n\t\t\t\t\t\t\t<div class=\"badge-inner\">\n\t\t\t\t\t\t\t\t<span class=\"post-date-day\">16<\/span><br>\n\t\t\t\t\t\t\t\t<span class=\"post-date-month is-xsmall\">\u0430\u0432\u0433<\/span>\n\t\t\t\t\t\t\t<\/div>\n\t\t\t\t\t\t<\/div>\n\t\t\t\t\t\t\t\t\t<\/div>\n\t\t\t<\/div>\n\t\t<\/div><div class=\"col post-item\" >\n\t\t\t<div class=\"col-inner\">\n\t\t\t\t<div class=\"box box-push box-text-bottom box-blog-post has-hover\">\n            \t\t\t\t\t<div class=\"box-image\" >\n  \t\t\t\t\t\t<div class=\"image-cover\" style=\"padding-top:100%;\">\n\t\t\t\t\t\t\t<a href=\"https:\/\/www.alevcamcioglu.com\/sr\/da-li-je-opasno-uklanjati-obrve-i-brkove-nakon-operacije-nosa\/\" class=\"plain\" aria-label=\"Da Li je Opasno Uklanjati Obrve i Brkove Nakon Operacije Nosa?\">\n\t\t\t\t\t\t\t\t<img decoding=\"async\" width=\"1140\" height=\"500\" src=\"https:\/\/www.alevcamcioglu.com\/wp-content\/uploads\/2024\/08\/Burun-Ameliyati-Sonrasi-Kas-Biyik-Almak-Tehlikeli-Mi.jpg\" class=\"attachment-2048x2048 size-2048x2048 wp-post-image\" alt=\"\" srcset=\"https:\/\/www.alevcamcioglu.com\/wp-content\/uploads\/2024\/08\/Burun-Ameliyati-Sonrasi-Kas-Biyik-Almak-Tehlikeli-Mi.jpg 1140w, https:\/\/www.alevcamcioglu.com\/wp-content\/uploads\/2024\/08\/Burun-Ameliyati-Sonrasi-Kas-Biyik-Almak-Tehlikeli-Mi-300x132.jpg 300w, https:\/\/www.alevcamcioglu.com\/wp-content\/uploads\/2024\/08\/Burun-Ameliyati-Sonrasi-Kas-Biyik-Almak-Tehlikeli-Mi-1024x449.jpg 1024w, https:\/\/www.alevcamcioglu.com\/wp-content\/uploads\/2024\/08\/Burun-Ameliyati-Sonrasi-Kas-Biyik-Almak-Tehlikeli-Mi-768x337.jpg 768w, https:\/\/www.alevcamcioglu.com\/wp-content\/uploads\/2024\/08\/Burun-Ameliyati-Sonrasi-Kas-Biyik-Almak-Tehlikeli-Mi-370x162.jpg 370w, https:\/\/www.alevcamcioglu.com\/wp-content\/uploads\/2024\/08\/Burun-Ameliyati-Sonrasi-Kas-Biyik-Almak-Tehlikeli-Mi-760x333.jpg 760w\" sizes=\"(max-width: 1140px) 100vw, 1140px\" title=\"\">\t\t\t\t\t\t\t<\/a>\n  \t\t\t\t\t\t\t  \t\t\t\t\t\t\t  \t\t\t\t\t\t<\/div>\n  \t\t\t\t\t\t  \t\t\t\t\t<\/div>\n          \t\t\t\t\t<div class=\"box-text text-center\" >\n\t\t\t\t\t<div class=\"box-text-inner blog-post-inner\">\n\n\t\t\t\t\t\n\t\t\t\t\t\t\t\t\t\t<h5 class=\"post-title is-large \">\n\t\t\t\t\t\t<a href=\"https:\/\/www.alevcamcioglu.com\/sr\/da-li-je-opasno-uklanjati-obrve-i-brkove-nakon-operacije-nosa\/\" class=\"plain\">Da Li je Opasno Uklanjati Obrve i Brkove Nakon Operacije Nosa?<\/a>\n\t\t\t\t\t<\/h5>\n\t\t\t\t\t\t\t\t\t\t<div class=\"is-divider\"><\/div>\n\t\t\t\t\t                    \n\t\t\t\t\t\t\t\t\t\t\t<a href=\"https:\/\/www.alevcamcioglu.com\/sr\/da-li-je-opasno-uklanjati-obrve-i-brkove-nakon-operacije-nosa\/\" class=\"button primary is-outline is-small mb-0\">\n\t\t\t\t\t\t\tContinue Reading\t\t\t\t\t\t<\/a>\n\t\t\t\t\t\n\t\t\t\t\t\n\t\t\t\t\t<\/div>\n\t\t\t\t\t<\/div>\n\t\t\t\t\t\t\t\t\t\t\t\t\t\t\t\t<div class=\"badge absolute top post-date badge-circle\">\n\t\t\t\t\t\t\t<div class=\"badge-inner\">\n\t\t\t\t\t\t\t\t<span class=\"post-date-day\">16<\/span><br>\n\t\t\t\t\t\t\t\t<span class=\"post-date-month is-xsmall\">\u0430\u0432\u0433<\/span>\n\t\t\t\t\t\t\t<\/div>\n\t\t\t\t\t\t<\/div>\n\t\t\t\t\t\t\t\t\t<\/div>\n\t\t\t<\/div>\n\t\t<\/div><div class=\"col post-item\" >\n\t\t\t<div class=\"col-inner\">\n\t\t\t\t<div class=\"box box-push box-text-bottom box-blog-post has-hover\">\n            \t\t\t\t\t<div class=\"box-image\" >\n  \t\t\t\t\t\t<div class=\"image-cover\" style=\"padding-top:100%;\">\n\t\t\t\t\t\t\t<a href=\"https:\/\/www.alevcamcioglu.com\/sr\/more-pesak-i-sunce-nakon-operacije-nosa\/\" class=\"plain\" aria-label=\"More, Pesak i Sunce Nakon Operacije Nosa\">\n\t\t\t\t\t\t\t\t<img decoding=\"async\" width=\"1140\" height=\"500\" src=\"https:\/\/www.alevcamcioglu.com\/wp-content\/uploads\/2024\/08\/Burun-Estetigi-Sonrasi-Deniz-Kum-Gunes.jpg\" class=\"attachment-2048x2048 size-2048x2048 wp-post-image\" alt=\"\" srcset=\"https:\/\/www.alevcamcioglu.com\/wp-content\/uploads\/2024\/08\/Burun-Estetigi-Sonrasi-Deniz-Kum-Gunes.jpg 1140w, https:\/\/www.alevcamcioglu.com\/wp-content\/uploads\/2024\/08\/Burun-Estetigi-Sonrasi-Deniz-Kum-Gunes-300x132.jpg 300w, https:\/\/www.alevcamcioglu.com\/wp-content\/uploads\/2024\/08\/Burun-Estetigi-Sonrasi-Deniz-Kum-Gunes-1024x449.jpg 1024w, https:\/\/www.alevcamcioglu.com\/wp-content\/uploads\/2024\/08\/Burun-Estetigi-Sonrasi-Deniz-Kum-Gunes-768x337.jpg 768w, https:\/\/www.alevcamcioglu.com\/wp-content\/uploads\/2024\/08\/Burun-Estetigi-Sonrasi-Deniz-Kum-Gunes-370x162.jpg 370w, https:\/\/www.alevcamcioglu.com\/wp-content\/uploads\/2024\/08\/Burun-Estetigi-Sonrasi-Deniz-Kum-Gunes-760x333.jpg 760w\" sizes=\"(max-width: 1140px) 100vw, 1140px\" title=\"\">\t\t\t\t\t\t\t<\/a>\n  \t\t\t\t\t\t\t  \t\t\t\t\t\t\t  \t\t\t\t\t\t<\/div>\n  \t\t\t\t\t\t  \t\t\t\t\t<\/div>\n          \t\t\t\t\t<div class=\"box-text text-center\" >\n\t\t\t\t\t<div class=\"box-text-inner blog-post-inner\">\n\n\t\t\t\t\t\n\t\t\t\t\t\t\t\t\t\t<h5 class=\"post-title is-large \">\n\t\t\t\t\t\t<a href=\"https:\/\/www.alevcamcioglu.com\/sr\/more-pesak-i-sunce-nakon-operacije-nosa\/\" class=\"plain\">More, Pesak i Sunce Nakon Operacije Nosa<\/a>\n\t\t\t\t\t<\/h5>\n\t\t\t\t\t\t\t\t\t\t<div class=\"is-divider\"><\/div>\n\t\t\t\t\t                    \n\t\t\t\t\t\t\t\t\t\t\t<a href=\"https:\/\/www.alevcamcioglu.com\/sr\/more-pesak-i-sunce-nakon-operacije-nosa\/\" class=\"button primary is-outline is-small mb-0\">\n\t\t\t\t\t\t\tContinue Reading\t\t\t\t\t\t<\/a>\n\t\t\t\t\t\n\t\t\t\t\t\n\t\t\t\t\t<\/div>\n\t\t\t\t\t<\/div>\n\t\t\t\t\t\t\t\t\t\t\t\t\t\t\t\t<div class=\"badge absolute top post-date badge-circle\">\n\t\t\t\t\t\t\t<div class=\"badge-inner\">\n\t\t\t\t\t\t\t\t<span class=\"post-date-day\">16<\/span><br>\n\t\t\t\t\t\t\t\t<span class=\"post-date-month is-xsmall\">\u0430\u0432\u0433<\/span>\n\t\t\t\t\t\t\t<\/div>\n\t\t\t\t\t\t<\/div>\n\t\t\t\t\t\t\t\t\t<\/div>\n\t\t\t<\/div>\n\t\t<\/div><div class=\"col post-item\" >\n\t\t\t<div class=\"col-inner\">\n\t\t\t\t<div class=\"box box-push box-text-bottom box-blog-post has-hover\">\n            \t\t\t\t\t<div class=\"box-image\" >\n  \t\t\t\t\t\t<div class=\"image-cover\" style=\"padding-top:100%;\">\n\t\t\t\t\t\t\t<a href=\"https:\/\/www.alevcamcioglu.com\/sr\/da-li-se-nos-smanjuje-nakon-operacije-nosa\/\" class=\"plain\" aria-label=\"Da li se Nos Smanjuje Nakon Operacije Nosa?\">\n\t\t\t\t\t\t\t\t<img decoding=\"async\" width=\"1140\" height=\"500\" src=\"https:\/\/www.alevcamcioglu.com\/wp-content\/uploads\/2024\/08\/Burun-Ameliyati-Sonrasi-Burun-Kuculur-mu.jpg\" class=\"attachment-2048x2048 size-2048x2048 wp-post-image\" alt=\"\" srcset=\"https:\/\/www.alevcamcioglu.com\/wp-content\/uploads\/2024\/08\/Burun-Ameliyati-Sonrasi-Burun-Kuculur-mu.jpg 1140w, https:\/\/www.alevcamcioglu.com\/wp-content\/uploads\/2024\/08\/Burun-Ameliyati-Sonrasi-Burun-Kuculur-mu-300x132.jpg 300w, https:\/\/www.alevcamcioglu.com\/wp-content\/uploads\/2024\/08\/Burun-Ameliyati-Sonrasi-Burun-Kuculur-mu-1024x449.jpg 1024w, https:\/\/www.alevcamcioglu.com\/wp-content\/uploads\/2024\/08\/Burun-Ameliyati-Sonrasi-Burun-Kuculur-mu-768x337.jpg 768w, https:\/\/www.alevcamcioglu.com\/wp-content\/uploads\/2024\/08\/Burun-Ameliyati-Sonrasi-Burun-Kuculur-mu-370x162.jpg 370w, https:\/\/www.alevcamcioglu.com\/wp-content\/uploads\/2024\/08\/Burun-Ameliyati-Sonrasi-Burun-Kuculur-mu-760x333.jpg 760w\" sizes=\"(max-width: 1140px) 100vw, 1140px\" title=\"\">\t\t\t\t\t\t\t<\/a>\n  \t\t\t\t\t\t\t  \t\t\t\t\t\t\t  \t\t\t\t\t\t<\/div>\n  \t\t\t\t\t\t  \t\t\t\t\t<\/div>\n          \t\t\t\t\t<div class=\"box-text text-center\" >\n\t\t\t\t\t<div class=\"box-text-inner blog-post-inner\">\n\n\t\t\t\t\t\n\t\t\t\t\t\t\t\t\t\t<h5 class=\"post-title is-large \">\n\t\t\t\t\t\t<a href=\"https:\/\/www.alevcamcioglu.com\/sr\/da-li-se-nos-smanjuje-nakon-operacije-nosa\/\" class=\"plain\">Da li se Nos Smanjuje Nakon Operacije Nosa?<\/a>\n\t\t\t\t\t<\/h5>\n\t\t\t\t\t\t\t\t\t\t<div class=\"is-divider\"><\/div>\n\t\t\t\t\t                    \n\t\t\t\t\t\t\t\t\t\t\t<a href=\"https:\/\/www.alevcamcioglu.com\/sr\/da-li-se-nos-smanjuje-nakon-operacije-nosa\/\" class=\"button primary is-outline is-small mb-0\">\n\t\t\t\t\t\t\tContinue Reading\t\t\t\t\t\t<\/a>\n\t\t\t\t\t\n\t\t\t\t\t\n\t\t\t\t\t<\/div>\n\t\t\t\t\t<\/div>\n\t\t\t\t\t\t\t\t\t\t\t\t\t\t\t\t<div class=\"badge absolute top post-date badge-circle\">\n\t\t\t\t\t\t\t<div class=\"badge-inner\">\n\t\t\t\t\t\t\t\t<span class=\"post-date-day\">16<\/span><br>\n\t\t\t\t\t\t\t\t<span class=\"post-date-month is-xsmall\">\u0430\u0432\u0433<\/span>\n\t\t\t\t\t\t\t<\/div>\n\t\t\t\t\t\t<\/div>\n\t\t\t\t\t\t\t\t\t<\/div>\n\t\t\t<\/div>\n\t\t<\/div><div class=\"col post-item\" >\n\t\t\t<div class=\"col-inner\">\n\t\t\t\t<div class=\"box box-push box-text-bottom box-blog-post has-hover\">\n            \t\t\t\t\t<div class=\"box-image\" >\n  \t\t\t\t\t\t<div class=\"image-cover\" style=\"padding-top:100%;\">\n\t\t\t\t\t\t\t<a href=\"https:\/\/www.alevcamcioglu.com\/sr\/koliko-vremena-nakon-operacije-nosa-mozete-nositi-pirsing\/\" class=\"plain\" aria-label=\"Koliko Vremena Nakon Operacije Nosa Mo\u017eete Nositi Pirsing?\">\n\t\t\t\t\t\t\t\t<img decoding=\"async\" width=\"1140\" height=\"500\" src=\"https:\/\/www.alevcamcioglu.com\/wp-content\/uploads\/2024\/08\/Burun-Estetiginden-Ne-Kadar-Zaman-Sonra-Hizma-Piercing-Takilabilir.jpg\" class=\"attachment-2048x2048 size-2048x2048 wp-post-image\" alt=\"\" srcset=\"https:\/\/www.alevcamcioglu.com\/wp-content\/uploads\/2024\/08\/Burun-Estetiginden-Ne-Kadar-Zaman-Sonra-Hizma-Piercing-Takilabilir.jpg 1140w, https:\/\/www.alevcamcioglu.com\/wp-content\/uploads\/2024\/08\/Burun-Estetiginden-Ne-Kadar-Zaman-Sonra-Hizma-Piercing-Takilabilir-300x132.jpg 300w, https:\/\/www.alevcamcioglu.com\/wp-content\/uploads\/2024\/08\/Burun-Estetiginden-Ne-Kadar-Zaman-Sonra-Hizma-Piercing-Takilabilir-1024x449.jpg 1024w, https:\/\/www.alevcamcioglu.com\/wp-content\/uploads\/2024\/08\/Burun-Estetiginden-Ne-Kadar-Zaman-Sonra-Hizma-Piercing-Takilabilir-768x337.jpg 768w, https:\/\/www.alevcamcioglu.com\/wp-content\/uploads\/2024\/08\/Burun-Estetiginden-Ne-Kadar-Zaman-Sonra-Hizma-Piercing-Takilabilir-370x162.jpg 370w, https:\/\/www.alevcamcioglu.com\/wp-content\/uploads\/2024\/08\/Burun-Estetiginden-Ne-Kadar-Zaman-Sonra-Hizma-Piercing-Takilabilir-760x333.jpg 760w\" sizes=\"(max-width: 1140px) 100vw, 1140px\" title=\"\">\t\t\t\t\t\t\t<\/a>\n  \t\t\t\t\t\t\t  \t\t\t\t\t\t\t  \t\t\t\t\t\t<\/div>\n  \t\t\t\t\t\t  \t\t\t\t\t<\/div>\n          \t\t\t\t\t<div class=\"box-text text-center\" >\n\t\t\t\t\t<div class=\"box-text-inner blog-post-inner\">\n\n\t\t\t\t\t\n\t\t\t\t\t\t\t\t\t\t<h5 class=\"post-title is-large \">\n\t\t\t\t\t\t<a href=\"https:\/\/www.alevcamcioglu.com\/sr\/koliko-vremena-nakon-operacije-nosa-mozete-nositi-pirsing\/\" class=\"plain\">Koliko Vremena Nakon Operacije Nosa Mo\u017eete Nositi Pirsing?<\/a>\n\t\t\t\t\t<\/h5>\n\t\t\t\t\t\t\t\t\t\t<div class=\"is-divider\"><\/div>\n\t\t\t\t\t                    \n\t\t\t\t\t\t\t\t\t\t\t<a href=\"https:\/\/www.alevcamcioglu.com\/sr\/koliko-vremena-nakon-operacije-nosa-mozete-nositi-pirsing\/\" class=\"button primary is-outline is-small mb-0\">\n\t\t\t\t\t\t\tContinue Reading\t\t\t\t\t\t<\/a>\n\t\t\t\t\t\n\t\t\t\t\t\n\t\t\t\t\t<\/div>\n\t\t\t\t\t<\/div>\n\t\t\t\t\t\t\t\t\t\t\t\t\t\t\t\t<div class=\"badge absolute top post-date badge-circle\">\n\t\t\t\t\t\t\t<div class=\"badge-inner\">\n\t\t\t\t\t\t\t\t<span class=\"post-date-day\">16<\/span><br>\n\t\t\t\t\t\t\t\t<span class=\"post-date-month is-xsmall\">\u0430\u0432\u0433<\/span>\n\t\t\t\t\t\t\t<\/div>\n\t\t\t\t\t\t<\/div>\n\t\t\t\t\t\t\t\t\t<\/div>\n\t\t\t<\/div>\n\t\t<\/div><div class=\"col post-item\" >\n\t\t\t<div class=\"col-inner\">\n\t\t\t\t<div class=\"box box-push box-text-bottom box-blog-post has-hover\">\n          \t\t\t\t\t<div class=\"box-text text-center\" >\n\t\t\t\t\t<div class=\"box-text-inner blog-post-inner\">\n\n\t\t\t\t\t\n\t\t\t\t\t\t\t\t\t\t<h5 class=\"post-title is-large \">\n\t\t\t\t\t\t<a href=\"https:\/\/www.alevcamcioglu.com\/sr\/estetska-operacija-nosa-kod-osoba-sa-rascep-usne\/\" class=\"plain\">Estetska Operacija Nosa kod Osoba sa Rascep Usne<\/a>\n\t\t\t\t\t<\/h5>\n\t\t\t\t\t<div class=\"post-meta is-small op-8\">16. \u0430\u0432\u0433\u0443\u0441\u0442 2024.<\/div>\t\t\t\t\t<div class=\"is-divider\"><\/div>\n\t\t\t\t\t                    \n\t\t\t\t\t\t\t\t\t\t\t<a href=\"https:\/\/www.alevcamcioglu.com\/sr\/estetska-operacija-nosa-kod-osoba-sa-rascep-usne\/\" class=\"button primary is-outline is-small mb-0\">\n\t\t\t\t\t\t\tContinue Reading\t\t\t\t\t\t<\/a>\n\t\t\t\t\t\n\t\t\t\t\t\n\t\t\t\t\t<\/div>\n\t\t\t\t\t<\/div>\n\t\t\t\t\t\t\t\t\t<\/div>\n\t\t\t<\/div>\n\t\t<\/div><div class=\"col post-item\" >\n\t\t\t<div class=\"col-inner\">\n\t\t\t\t<div class=\"box box-push box-text-bottom box-blog-post has-hover\">\n            \t\t\t\t\t<div class=\"box-image\" >\n  \t\t\t\t\t\t<div class=\"image-cover\" style=\"padding-top:100%;\">\n\t\t\t\t\t\t\t<a href=\"https:\/\/www.alevcamcioglu.com\/sr\/pucketanje-u-nosu-nakon-operacije-nosa\/\" class=\"plain\" aria-label=\"Pucketanje u Nosu Nakon Operacije Nosa\">\n\t\t\t\t\t\t\t\t<img decoding=\"async\" width=\"1140\" height=\"500\" src=\"https:\/\/www.alevcamcioglu.com\/wp-content\/uploads\/2024\/08\/Burun-Ameliyati-Sonrasi-Burundan-Gelen-Cit-Sesi.jpg\" class=\"attachment-2048x2048 size-2048x2048 wp-post-image\" alt=\"\" srcset=\"https:\/\/www.alevcamcioglu.com\/wp-content\/uploads\/2024\/08\/Burun-Ameliyati-Sonrasi-Burundan-Gelen-Cit-Sesi.jpg 1140w, https:\/\/www.alevcamcioglu.com\/wp-content\/uploads\/2024\/08\/Burun-Ameliyati-Sonrasi-Burundan-Gelen-Cit-Sesi-300x132.jpg 300w, https:\/\/www.alevcamcioglu.com\/wp-content\/uploads\/2024\/08\/Burun-Ameliyati-Sonrasi-Burundan-Gelen-Cit-Sesi-1024x449.jpg 1024w, https:\/\/www.alevcamcioglu.com\/wp-content\/uploads\/2024\/08\/Burun-Ameliyati-Sonrasi-Burundan-Gelen-Cit-Sesi-768x337.jpg 768w, https:\/\/www.alevcamcioglu.com\/wp-content\/uploads\/2024\/08\/Burun-Ameliyati-Sonrasi-Burundan-Gelen-Cit-Sesi-370x162.jpg 370w, https:\/\/www.alevcamcioglu.com\/wp-content\/uploads\/2024\/08\/Burun-Ameliyati-Sonrasi-Burundan-Gelen-Cit-Sesi-760x333.jpg 760w\" sizes=\"(max-width: 1140px) 100vw, 1140px\" title=\"\">\t\t\t\t\t\t\t<\/a>\n  \t\t\t\t\t\t\t  \t\t\t\t\t\t\t  \t\t\t\t\t\t<\/div>\n  \t\t\t\t\t\t  \t\t\t\t\t<\/div>\n          \t\t\t\t\t<div class=\"box-text text-center\" >\n\t\t\t\t\t<div class=\"box-text-inner blog-post-inner\">\n\n\t\t\t\t\t\n\t\t\t\t\t\t\t\t\t\t<h5 class=\"post-title is-large \">\n\t\t\t\t\t\t<a href=\"https:\/\/www.alevcamcioglu.com\/sr\/pucketanje-u-nosu-nakon-operacije-nosa\/\" class=\"plain\">Pucketanje u Nosu Nakon Operacije Nosa<\/a>\n\t\t\t\t\t<\/h5>\n\t\t\t\t\t\t\t\t\t\t<div class=\"is-divider\"><\/div>\n\t\t\t\t\t                    \n\t\t\t\t\t\t\t\t\t\t\t<a href=\"https:\/\/www.alevcamcioglu.com\/sr\/pucketanje-u-nosu-nakon-operacije-nosa\/\" class=\"button primary is-outline is-small mb-0\">\n\t\t\t\t\t\t\tContinue Reading\t\t\t\t\t\t<\/a>\n\t\t\t\t\t\n\t\t\t\t\t\n\t\t\t\t\t<\/div>\n\t\t\t\t\t<\/div>\n\t\t\t\t\t\t\t\t\t\t\t\t\t\t\t\t<div class=\"badge absolute top post-date badge-circle\">\n\t\t\t\t\t\t\t<div class=\"badge-inner\">\n\t\t\t\t\t\t\t\t<span class=\"post-date-day\">13<\/span><br>\n\t\t\t\t\t\t\t\t<span class=\"post-date-month is-xsmall\">\u0430\u0432\u0433<\/span>\n\t\t\t\t\t\t\t<\/div>\n\t\t\t\t\t\t<\/div>\n\t\t\t\t\t\t\t\t\t<\/div>\n\t\t\t<\/div>\n\t\t<\/div><div class=\"col post-item\" >\n\t\t\t<div class=\"col-inner\">\n\t\t\t\t<div class=\"box box-push box-text-bottom box-blog-post has-hover\">\n            \t\t\t\t\t<div class=\"box-image\" >\n  \t\t\t\t\t\t<div class=\"image-cover\" style=\"padding-top:100%;\">\n\t\t\t\t\t\t\t<a href=\"https:\/\/www.alevcamcioglu.com\/sr\/da-li-se-lice-osobe-menja-nakon-rinoplastike\/\" class=\"plain\" aria-label=\"Da li Se Lice Osobe Menja Nakon Rinoplastike?\">\n\t\t\t\t\t\t\t\t<img decoding=\"async\" width=\"1140\" height=\"500\" src=\"https:\/\/www.alevcamcioglu.com\/wp-content\/uploads\/2024\/08\/Rinoplasti-Sonrasi-Kisinin-Yuzu-Degisir-Mi.jpg\" class=\"attachment-2048x2048 size-2048x2048 wp-post-image\" alt=\"\" srcset=\"https:\/\/www.alevcamcioglu.com\/wp-content\/uploads\/2024\/08\/Rinoplasti-Sonrasi-Kisinin-Yuzu-Degisir-Mi.jpg 1140w, https:\/\/www.alevcamcioglu.com\/wp-content\/uploads\/2024\/08\/Rinoplasti-Sonrasi-Kisinin-Yuzu-Degisir-Mi-300x132.jpg 300w, https:\/\/www.alevcamcioglu.com\/wp-content\/uploads\/2024\/08\/Rinoplasti-Sonrasi-Kisinin-Yuzu-Degisir-Mi-1024x449.jpg 1024w, https:\/\/www.alevcamcioglu.com\/wp-content\/uploads\/2024\/08\/Rinoplasti-Sonrasi-Kisinin-Yuzu-Degisir-Mi-768x337.jpg 768w, https:\/\/www.alevcamcioglu.com\/wp-content\/uploads\/2024\/08\/Rinoplasti-Sonrasi-Kisinin-Yuzu-Degisir-Mi-370x162.jpg 370w, https:\/\/www.alevcamcioglu.com\/wp-content\/uploads\/2024\/08\/Rinoplasti-Sonrasi-Kisinin-Yuzu-Degisir-Mi-760x333.jpg 760w\" sizes=\"(max-width: 1140px) 100vw, 1140px\" title=\"\">\t\t\t\t\t\t\t<\/a>\n  \t\t\t\t\t\t\t  \t\t\t\t\t\t\t  \t\t\t\t\t\t<\/div>\n  \t\t\t\t\t\t  \t\t\t\t\t<\/div>\n          \t\t\t\t\t<div class=\"box-text text-center\" >\n\t\t\t\t\t<div class=\"box-text-inner blog-post-inner\">\n\n\t\t\t\t\t\n\t\t\t\t\t\t\t\t\t\t<h5 class=\"post-title is-large \">\n\t\t\t\t\t\t<a href=\"https:\/\/www.alevcamcioglu.com\/sr\/da-li-se-lice-osobe-menja-nakon-rinoplastike\/\" class=\"plain\">Da li Se Lice Osobe Menja Nakon Rinoplastike?<\/a>\n\t\t\t\t\t<\/h5>\n\t\t\t\t\t\t\t\t\t\t<div class=\"is-divider\"><\/div>\n\t\t\t\t\t                    \n\t\t\t\t\t\t\t\t\t\t\t<a href=\"https:\/\/www.alevcamcioglu.com\/sr\/da-li-se-lice-osobe-menja-nakon-rinoplastike\/\" class=\"button primary is-outline is-small mb-0\">\n\t\t\t\t\t\t\tContinue Reading\t\t\t\t\t\t<\/a>\n\t\t\t\t\t\n\t\t\t\t\t\n\t\t\t\t\t<\/div>\n\t\t\t\t\t<\/div>\n\t\t\t\t\t\t\t\t\t\t\t\t\t\t\t\t<div class=\"badge absolute top post-date badge-circle\">\n\t\t\t\t\t\t\t<div class=\"badge-inner\">\n\t\t\t\t\t\t\t\t<span class=\"post-date-day\">13<\/span><br>\n\t\t\t\t\t\t\t\t<span class=\"post-date-month is-xsmall\">\u0430\u0432\u0433<\/span>\n\t\t\t\t\t\t\t<\/div>\n\t\t\t\t\t\t<\/div>\n\t\t\t\t\t\t\t\t\t<\/div>\n\t\t\t<\/div>\n\t\t<\/div><div class=\"col post-item\" >\n\t\t\t<div class=\"col-inner\">\n\t\t\t\t<div class=\"box box-push box-text-bottom box-blog-post has-hover\">\n            \t\t\t\t\t<div class=\"box-image\" >\n  \t\t\t\t\t\t<div class=\"image-cover\" style=\"padding-top:100%;\">\n\t\t\t\t\t\t\t<a href=\"https:\/\/www.alevcamcioglu.com\/sr\/da-li-ostaju-konci-i-oziljci-nakon-operacije-nosa\/\" class=\"plain\" aria-label=\"Da li Ostaju Konci i O\u017eiljci nakon Operacije Nosa?\">\n\t\t\t\t\t\t\t\t<img decoding=\"async\" width=\"1140\" height=\"500\" src=\"https:\/\/www.alevcamcioglu.com\/wp-content\/uploads\/2024\/08\/Burun-Estetigi-Sonrasi-Dikis-Yara-Izi-Kalir-Mi.jpg\" class=\"attachment-2048x2048 size-2048x2048 wp-post-image\" alt=\"\" srcset=\"https:\/\/www.alevcamcioglu.com\/wp-content\/uploads\/2024\/08\/Burun-Estetigi-Sonrasi-Dikis-Yara-Izi-Kalir-Mi.jpg 1140w, https:\/\/www.alevcamcioglu.com\/wp-content\/uploads\/2024\/08\/Burun-Estetigi-Sonrasi-Dikis-Yara-Izi-Kalir-Mi-300x132.jpg 300w, https:\/\/www.alevcamcioglu.com\/wp-content\/uploads\/2024\/08\/Burun-Estetigi-Sonrasi-Dikis-Yara-Izi-Kalir-Mi-1024x449.jpg 1024w, https:\/\/www.alevcamcioglu.com\/wp-content\/uploads\/2024\/08\/Burun-Estetigi-Sonrasi-Dikis-Yara-Izi-Kalir-Mi-768x337.jpg 768w, https:\/\/www.alevcamcioglu.com\/wp-content\/uploads\/2024\/08\/Burun-Estetigi-Sonrasi-Dikis-Yara-Izi-Kalir-Mi-370x162.jpg 370w, https:\/\/www.alevcamcioglu.com\/wp-content\/uploads\/2024\/08\/Burun-Estetigi-Sonrasi-Dikis-Yara-Izi-Kalir-Mi-760x333.jpg 760w\" sizes=\"(max-width: 1140px) 100vw, 1140px\" title=\"\">\t\t\t\t\t\t\t<\/a>\n  \t\t\t\t\t\t\t  \t\t\t\t\t\t\t  \t\t\t\t\t\t<\/div>\n  \t\t\t\t\t\t  \t\t\t\t\t<\/div>\n          \t\t\t\t\t<div class=\"box-text text-center\" >\n\t\t\t\t\t<div class=\"box-text-inner blog-post-inner\">\n\n\t\t\t\t\t\n\t\t\t\t\t\t\t\t\t\t<h5 class=\"post-title is-large \">\n\t\t\t\t\t\t<a href=\"https:\/\/www.alevcamcioglu.com\/sr\/da-li-ostaju-konci-i-oziljci-nakon-operacije-nosa\/\" class=\"plain\">Da li Ostaju Konci i O\u017eiljci nakon Operacije Nosa?<\/a>\n\t\t\t\t\t<\/h5>\n\t\t\t\t\t\t\t\t\t\t<div class=\"is-divider\"><\/div>\n\t\t\t\t\t                    \n\t\t\t\t\t\t\t\t\t\t\t<a href=\"https:\/\/www.alevcamcioglu.com\/sr\/da-li-ostaju-konci-i-oziljci-nakon-operacije-nosa\/\" class=\"button primary is-outline is-small mb-0\">\n\t\t\t\t\t\t\tContinue Reading\t\t\t\t\t\t<\/a>\n\t\t\t\t\t\n\t\t\t\t\t\n\t\t\t\t\t<\/div>\n\t\t\t\t\t<\/div>\n\t\t\t\t\t\t\t\t\t\t\t\t\t\t\t\t<div class=\"badge absolute top post-date badge-circle\">\n\t\t\t\t\t\t\t<div class=\"badge-inner\">\n\t\t\t\t\t\t\t\t<span class=\"post-date-day\">13<\/span><br>\n\t\t\t\t\t\t\t\t<span class=\"post-date-month is-xsmall\">\u0430\u0432\u0433<\/span>\n\t\t\t\t\t\t\t<\/div>\n\t\t\t\t\t\t<\/div>\n\t\t\t\t\t\t\t\t\t<\/div>\n\t\t\t<\/div>\n\t\t<\/div><div class=\"col post-item\" >\n\t\t\t<div class=\"col-inner\">\n\t\t\t\t<div class=\"box box-push box-text-bottom box-blog-post has-hover\">\n            \t\t\t\t\t<div class=\"box-image\" >\n  \t\t\t\t\t\t<div class=\"image-cover\" style=\"padding-top:100%;\">\n\t\t\t\t\t\t\t<a href=\"https:\/\/www.alevcamcioglu.com\/sr\/da-li-operacija-nosa-menja-oblik-usana\/\" class=\"plain\" aria-label=\"Da Li Operacija Nosa Menja Oblik Usana?\">\n\t\t\t\t\t\t\t\t<img decoding=\"async\" width=\"1140\" height=\"500\" src=\"https:\/\/www.alevcamcioglu.com\/wp-content\/uploads\/2024\/08\/Burun-Ameliyati-Dudak-Seklini-Degistirir-Mi.jpg\" class=\"attachment-2048x2048 size-2048x2048 wp-post-image\" alt=\"\" srcset=\"https:\/\/www.alevcamcioglu.com\/wp-content\/uploads\/2024\/08\/Burun-Ameliyati-Dudak-Seklini-Degistirir-Mi.jpg 1140w, https:\/\/www.alevcamcioglu.com\/wp-content\/uploads\/2024\/08\/Burun-Ameliyati-Dudak-Seklini-Degistirir-Mi-300x132.jpg 300w, https:\/\/www.alevcamcioglu.com\/wp-content\/uploads\/2024\/08\/Burun-Ameliyati-Dudak-Seklini-Degistirir-Mi-1024x449.jpg 1024w, https:\/\/www.alevcamcioglu.com\/wp-content\/uploads\/2024\/08\/Burun-Ameliyati-Dudak-Seklini-Degistirir-Mi-768x337.jpg 768w, https:\/\/www.alevcamcioglu.com\/wp-content\/uploads\/2024\/08\/Burun-Ameliyati-Dudak-Seklini-Degistirir-Mi-370x162.jpg 370w, https:\/\/www.alevcamcioglu.com\/wp-content\/uploads\/2024\/08\/Burun-Ameliyati-Dudak-Seklini-Degistirir-Mi-760x333.jpg 760w\" sizes=\"(max-width: 1140px) 100vw, 1140px\" title=\"\">\t\t\t\t\t\t\t<\/a>\n  \t\t\t\t\t\t\t  \t\t\t\t\t\t\t  \t\t\t\t\t\t<\/div>\n  \t\t\t\t\t\t  \t\t\t\t\t<\/div>\n          \t\t\t\t\t<div class=\"box-text text-center\" >\n\t\t\t\t\t<div class=\"box-text-inner blog-post-inner\">\n\n\t\t\t\t\t\n\t\t\t\t\t\t\t\t\t\t<h5 class=\"post-title is-large \">\n\t\t\t\t\t\t<a href=\"https:\/\/www.alevcamcioglu.com\/sr\/da-li-operacija-nosa-menja-oblik-usana\/\" class=\"plain\">Da Li Operacija Nosa Menja Oblik Usana?<\/a>\n\t\t\t\t\t<\/h5>\n\t\t\t\t\t\t\t\t\t\t<div class=\"is-divider\"><\/div>\n\t\t\t\t\t                    \n\t\t\t\t\t\t\t\t\t\t\t<a href=\"https:\/\/www.alevcamcioglu.com\/sr\/da-li-operacija-nosa-menja-oblik-usana\/\" class=\"button primary is-outline is-small mb-0\">\n\t\t\t\t\t\t\tContinue Reading\t\t\t\t\t\t<\/a>\n\t\t\t\t\t\n\t\t\t\t\t\n\t\t\t\t\t<\/div>\n\t\t\t\t\t<\/div>\n\t\t\t\t\t\t\t\t\t\t\t\t\t\t\t\t<div class=\"badge absolute top post-date badge-circle\">\n\t\t\t\t\t\t\t<div class=\"badge-inner\">\n\t\t\t\t\t\t\t\t<span class=\"post-date-day\">13<\/span><br>\n\t\t\t\t\t\t\t\t<span class=\"post-date-month is-xsmall\">\u0430\u0432\u0433<\/span>\n\t\t\t\t\t\t\t<\/div>\n\t\t\t\t\t\t<\/div>\n\t\t\t\t\t\t\t\t\t<\/div>\n\t\t\t<\/div>\n\t\t<\/div><div class=\"col post-item\" >\n\t\t\t<div class=\"col-inner\">\n\t\t\t\t<div class=\"box box-push box-text-bottom box-blog-post has-hover\">\n            \t\t\t\t\t<div class=\"box-image\" >\n  \t\t\t\t\t\t<div class=\"image-cover\" style=\"padding-top:100%;\">\n\t\t\t\t\t\t\t<a href=\"https:\/\/www.alevcamcioglu.com\/sr\/koji-faktori-mogu-biti-prepreka-za-operaciju-nosa\/\" class=\"plain\" aria-label=\"Koji Faktori Mogu Biti Prepreka Za Operaciju Nosa?\">\n\t\t\t\t\t\t\t\t<img decoding=\"async\" width=\"1140\" height=\"500\" src=\"https:\/\/www.alevcamcioglu.com\/wp-content\/uploads\/2024\/08\/Burun-Estetigi-Ameliyatina-Engel-Durumlar-Nelerdir.jpg\" class=\"attachment-2048x2048 size-2048x2048 wp-post-image\" alt=\"\" srcset=\"https:\/\/www.alevcamcioglu.com\/wp-content\/uploads\/2024\/08\/Burun-Estetigi-Ameliyatina-Engel-Durumlar-Nelerdir.jpg 1140w, https:\/\/www.alevcamcioglu.com\/wp-content\/uploads\/2024\/08\/Burun-Estetigi-Ameliyatina-Engel-Durumlar-Nelerdir-300x132.jpg 300w, https:\/\/www.alevcamcioglu.com\/wp-content\/uploads\/2024\/08\/Burun-Estetigi-Ameliyatina-Engel-Durumlar-Nelerdir-1024x449.jpg 1024w, https:\/\/www.alevcamcioglu.com\/wp-content\/uploads\/2024\/08\/Burun-Estetigi-Ameliyatina-Engel-Durumlar-Nelerdir-768x337.jpg 768w, https:\/\/www.alevcamcioglu.com\/wp-content\/uploads\/2024\/08\/Burun-Estetigi-Ameliyatina-Engel-Durumlar-Nelerdir-370x162.jpg 370w, https:\/\/www.alevcamcioglu.com\/wp-content\/uploads\/2024\/08\/Burun-Estetigi-Ameliyatina-Engel-Durumlar-Nelerdir-760x333.jpg 760w\" sizes=\"(max-width: 1140px) 100vw, 1140px\" title=\"\">\t\t\t\t\t\t\t<\/a>\n  \t\t\t\t\t\t\t  \t\t\t\t\t\t\t  \t\t\t\t\t\t<\/div>\n  \t\t\t\t\t\t  \t\t\t\t\t<\/div>\n          \t\t\t\t\t<div class=\"box-text text-center\" >\n\t\t\t\t\t<div class=\"box-text-inner blog-post-inner\">\n\n\t\t\t\t\t\n\t\t\t\t\t\t\t\t\t\t<h5 class=\"post-title is-large \">\n\t\t\t\t\t\t<a href=\"https:\/\/www.alevcamcioglu.com\/sr\/koji-faktori-mogu-biti-prepreka-za-operaciju-nosa\/\" class=\"plain\">Koji Faktori Mogu Biti Prepreka Za Operaciju Nosa?<\/a>\n\t\t\t\t\t<\/h5>\n\t\t\t\t\t\t\t\t\t\t<div class=\"is-divider\"><\/div>\n\t\t\t\t\t                    \n\t\t\t\t\t\t\t\t\t\t\t<a href=\"https:\/\/www.alevcamcioglu.com\/sr\/koji-faktori-mogu-biti-prepreka-za-operaciju-nosa\/\" class=\"button primary is-outline is-small mb-0\">\n\t\t\t\t\t\t\tContinue Reading\t\t\t\t\t\t<\/a>\n\t\t\t\t\t\n\t\t\t\t\t\n\t\t\t\t\t<\/div>\n\t\t\t\t\t<\/div>\n\t\t\t\t\t\t\t\t\t\t\t\t\t\t\t\t<div class=\"badge absolute top post-date badge-circle\">\n\t\t\t\t\t\t\t<div class=\"badge-inner\">\n\t\t\t\t\t\t\t\t<span class=\"post-date-day\">13<\/span><br>\n\t\t\t\t\t\t\t\t<span class=\"post-date-month is-xsmall\">\u0430\u0432\u0433<\/span>\n\t\t\t\t\t\t\t<\/div>\n\t\t\t\t\t\t<\/div>\n\t\t\t\t\t\t\t\t\t<\/div>\n\t\t\t<\/div>\n\t\t<\/div><div class=\"col post-item\" >\n\t\t\t<div class=\"col-inner\">\n\t\t\t\t<div class=\"box box-push box-text-bottom box-blog-post has-hover\">\n            \t\t\t\t\t<div class=\"box-image\" >\n  \t\t\t\t\t\t<div class=\"image-cover\" style=\"padding-top:100%;\">\n\t\t\t\t\t\t\t<a href=\"https:\/\/www.alevcamcioglu.com\/sr\/kada-se-povlace-modrice-nakon-operacije-nosa\/\" class=\"plain\" aria-label=\"Kada Se Povla\u010de Modrice Nakon Operacije Nosa?\">\n\t\t\t\t\t\t\t\t<img decoding=\"async\" width=\"1140\" height=\"500\" src=\"https:\/\/www.alevcamcioglu.com\/wp-content\/uploads\/2024\/08\/Rinoplasti-Sonrasi-Morluklar-Ne-Zaman-Iyilesir.jpg\" class=\"attachment-2048x2048 size-2048x2048 wp-post-image\" alt=\"\" srcset=\"https:\/\/www.alevcamcioglu.com\/wp-content\/uploads\/2024\/08\/Rinoplasti-Sonrasi-Morluklar-Ne-Zaman-Iyilesir.jpg 1140w, https:\/\/www.alevcamcioglu.com\/wp-content\/uploads\/2024\/08\/Rinoplasti-Sonrasi-Morluklar-Ne-Zaman-Iyilesir-300x132.jpg 300w, https:\/\/www.alevcamcioglu.com\/wp-content\/uploads\/2024\/08\/Rinoplasti-Sonrasi-Morluklar-Ne-Zaman-Iyilesir-1024x449.jpg 1024w, https:\/\/www.alevcamcioglu.com\/wp-content\/uploads\/2024\/08\/Rinoplasti-Sonrasi-Morluklar-Ne-Zaman-Iyilesir-768x337.jpg 768w, https:\/\/www.alevcamcioglu.com\/wp-content\/uploads\/2024\/08\/Rinoplasti-Sonrasi-Morluklar-Ne-Zaman-Iyilesir-370x162.jpg 370w, https:\/\/www.alevcamcioglu.com\/wp-content\/uploads\/2024\/08\/Rinoplasti-Sonrasi-Morluklar-Ne-Zaman-Iyilesir-760x333.jpg 760w\" sizes=\"(max-width: 1140px) 100vw, 1140px\" title=\"\">\t\t\t\t\t\t\t<\/a>\n  \t\t\t\t\t\t\t  \t\t\t\t\t\t\t  \t\t\t\t\t\t<\/div>\n  \t\t\t\t\t\t  \t\t\t\t\t<\/div>\n          \t\t\t\t\t<div class=\"box-text text-center\" >\n\t\t\t\t\t<div class=\"box-text-inner blog-post-inner\">\n\n\t\t\t\t\t\n\t\t\t\t\t\t\t\t\t\t<h5 class=\"post-title is-large \">\n\t\t\t\t\t\t<a href=\"https:\/\/www.alevcamcioglu.com\/sr\/kada-se-povlace-modrice-nakon-operacije-nosa\/\" class=\"plain\">Kada Se Povla\u010de Modrice Nakon Operacije Nosa?<\/a>\n\t\t\t\t\t<\/h5>\n\t\t\t\t\t\t\t\t\t\t<div class=\"is-divider\"><\/div>\n\t\t\t\t\t                    \n\t\t\t\t\t\t\t\t\t\t\t<a href=\"https:\/\/www.alevcamcioglu.com\/sr\/kada-se-povlace-modrice-nakon-operacije-nosa\/\" class=\"button primary is-outline is-small mb-0\">\n\t\t\t\t\t\t\tContinue Reading\t\t\t\t\t\t<\/a>\n\t\t\t\t\t\n\t\t\t\t\t\n\t\t\t\t\t<\/div>\n\t\t\t\t\t<\/div>\n\t\t\t\t\t\t\t\t\t\t\t\t\t\t\t\t<div class=\"badge absolute top post-date badge-circle\">\n\t\t\t\t\t\t\t<div class=\"badge-inner\">\n\t\t\t\t\t\t\t\t<span class=\"post-date-day\">13<\/span><br>\n\t\t\t\t\t\t\t\t<span class=\"post-date-month is-xsmall\">\u0430\u0432\u0433<\/span>\n\t\t\t\t\t\t\t<\/div>\n\t\t\t\t\t\t<\/div>\n\t\t\t\t\t\t\t\t\t<\/div>\n\t\t\t<\/div>\n\t\t<\/div><div class=\"col post-item\" >\n\t\t\t<div class=\"col-inner\">\n\t\t\t\t<div class=\"box box-push box-text-bottom box-blog-post has-hover\">\n            \t\t\t\t\t<div class=\"box-image\" >\n  \t\t\t\t\t\t<div class=\"image-cover\" style=\"padding-top:100%;\">\n\t\t\t\t\t\t\t<a href=\"https:\/\/www.alevcamcioglu.com\/sr\/upotreba-fiksatora-i-tampona-u-estetici-nosa\/\" class=\"plain\" aria-label=\"Upotreba Fiksatora i Tampona u Estetici Nosa\">\n\t\t\t\t\t\t\t\t<img decoding=\"async\" width=\"1140\" height=\"500\" src=\"https:\/\/www.alevcamcioglu.com\/wp-content\/uploads\/2024\/08\/Burun-Estetiginde-Atel-ve-Tampon-Kullanimi.jpg\" class=\"attachment-2048x2048 size-2048x2048 wp-post-image\" alt=\"\" srcset=\"https:\/\/www.alevcamcioglu.com\/wp-content\/uploads\/2024\/08\/Burun-Estetiginde-Atel-ve-Tampon-Kullanimi.jpg 1140w, https:\/\/www.alevcamcioglu.com\/wp-content\/uploads\/2024\/08\/Burun-Estetiginde-Atel-ve-Tampon-Kullanimi-300x132.jpg 300w, https:\/\/www.alevcamcioglu.com\/wp-content\/uploads\/2024\/08\/Burun-Estetiginde-Atel-ve-Tampon-Kullanimi-1024x449.jpg 1024w, https:\/\/www.alevcamcioglu.com\/wp-content\/uploads\/2024\/08\/Burun-Estetiginde-Atel-ve-Tampon-Kullanimi-768x337.jpg 768w, https:\/\/www.alevcamcioglu.com\/wp-content\/uploads\/2024\/08\/Burun-Estetiginde-Atel-ve-Tampon-Kullanimi-370x162.jpg 370w, https:\/\/www.alevcamcioglu.com\/wp-content\/uploads\/2024\/08\/Burun-Estetiginde-Atel-ve-Tampon-Kullanimi-760x333.jpg 760w\" sizes=\"(max-width: 1140px) 100vw, 1140px\" title=\"\">\t\t\t\t\t\t\t<\/a>\n  \t\t\t\t\t\t\t  \t\t\t\t\t\t\t  \t\t\t\t\t\t<\/div>\n  \t\t\t\t\t\t  \t\t\t\t\t<\/div>\n          \t\t\t\t\t<div class=\"box-text text-center\" >\n\t\t\t\t\t<div class=\"box-text-inner blog-post-inner\">\n\n\t\t\t\t\t\n\t\t\t\t\t\t\t\t\t\t<h5 class=\"post-title is-large \">\n\t\t\t\t\t\t<a href=\"https:\/\/www.alevcamcioglu.com\/sr\/upotreba-fiksatora-i-tampona-u-estetici-nosa\/\" class=\"plain\">Upotreba Fiksatora i Tampona u Estetici Nosa<\/a>\n\t\t\t\t\t<\/h5>\n\t\t\t\t\t\t\t\t\t\t<div class=\"is-divider\"><\/div>\n\t\t\t\t\t                    \n\t\t\t\t\t\t\t\t\t\t\t<a href=\"https:\/\/www.alevcamcioglu.com\/sr\/upotreba-fiksatora-i-tampona-u-estetici-nosa\/\" class=\"button primary is-outline is-small mb-0\">\n\t\t\t\t\t\t\tContinue Reading\t\t\t\t\t\t<\/a>\n\t\t\t\t\t\n\t\t\t\t\t\n\t\t\t\t\t<\/div>\n\t\t\t\t\t<\/div>\n\t\t\t\t\t\t\t\t\t\t\t\t\t\t\t\t<div class=\"badge absolute top post-date badge-circle\">\n\t\t\t\t\t\t\t<div class=\"badge-inner\">\n\t\t\t\t\t\t\t\t<span class=\"post-date-day\">13<\/span><br>\n\t\t\t\t\t\t\t\t<span class=\"post-date-month is-xsmall\">\u0430\u0432\u0433<\/span>\n\t\t\t\t\t\t\t<\/div>\n\t\t\t\t\t\t<\/div>\n\t\t\t\t\t\t\t\t\t<\/div>\n\t\t\t<\/div>\n\t\t<\/div><div class=\"col post-item\" >\n\t\t\t<div class=\"col-inner\">\n\t\t\t\t<div class=\"box box-push box-text-bottom box-blog-post has-hover\">\n            \t\t\t\t\t<div class=\"box-image\" >\n  \t\t\t\t\t\t<div class=\"image-cover\" style=\"padding-top:100%;\">\n\t\t\t\t\t\t\t<a href=\"https:\/\/www.alevcamcioglu.com\/sr\/da-li-je-moguce-izvesti-operaciju-estetike-nosa-dok-nosite-aparatic-za-zube\/\" class=\"plain\" aria-label=\"Da li je Mogu\u0107e Izvesti Operaciju Estetike Nosa Dok Nosite Aparati\u0107 za Zube?\">\n\t\t\t\t\t\t\t\t<img decoding=\"async\" width=\"1140\" height=\"500\" src=\"https:\/\/www.alevcamcioglu.com\/wp-content\/uploads\/2024\/07\/Dis-Teli-Varken-Burun-Estetigi-Ameliyati-Yapilir-Mi.jpg\" class=\"attachment-2048x2048 size-2048x2048 wp-post-image\" alt=\"\" srcset=\"https:\/\/www.alevcamcioglu.com\/wp-content\/uploads\/2024\/07\/Dis-Teli-Varken-Burun-Estetigi-Ameliyati-Yapilir-Mi.jpg 1140w, https:\/\/www.alevcamcioglu.com\/wp-content\/uploads\/2024\/07\/Dis-Teli-Varken-Burun-Estetigi-Ameliyati-Yapilir-Mi-300x132.jpg 300w, https:\/\/www.alevcamcioglu.com\/wp-content\/uploads\/2024\/07\/Dis-Teli-Varken-Burun-Estetigi-Ameliyati-Yapilir-Mi-1024x449.jpg 1024w, https:\/\/www.alevcamcioglu.com\/wp-content\/uploads\/2024\/07\/Dis-Teli-Varken-Burun-Estetigi-Ameliyati-Yapilir-Mi-768x337.jpg 768w, https:\/\/www.alevcamcioglu.com\/wp-content\/uploads\/2024\/07\/Dis-Teli-Varken-Burun-Estetigi-Ameliyati-Yapilir-Mi-370x162.jpg 370w, https:\/\/www.alevcamcioglu.com\/wp-content\/uploads\/2024\/07\/Dis-Teli-Varken-Burun-Estetigi-Ameliyati-Yapilir-Mi-760x333.jpg 760w\" sizes=\"(max-width: 1140px) 100vw, 1140px\" title=\"\">\t\t\t\t\t\t\t<\/a>\n  \t\t\t\t\t\t\t  \t\t\t\t\t\t\t  \t\t\t\t\t\t<\/div>\n  \t\t\t\t\t\t  \t\t\t\t\t<\/div>\n          \t\t\t\t\t<div class=\"box-text text-center\" >\n\t\t\t\t\t<div class=\"box-text-inner blog-post-inner\">\n\n\t\t\t\t\t\n\t\t\t\t\t\t\t\t\t\t<h5 class=\"post-title is-large \">\n\t\t\t\t\t\t<a href=\"https:\/\/www.alevcamcioglu.com\/sr\/da-li-je-moguce-izvesti-operaciju-estetike-nosa-dok-nosite-aparatic-za-zube\/\" class=\"plain\">Da li je Mogu\u0107e Izvesti Operaciju Estetike Nosa Dok Nosite Aparati\u0107 za Zube?<\/a>\n\t\t\t\t\t<\/h5>\n\t\t\t\t\t\t\t\t\t\t<div class=\"is-divider\"><\/div>\n\t\t\t\t\t                    \n\t\t\t\t\t\t\t\t\t\t\t<a href=\"https:\/\/www.alevcamcioglu.com\/sr\/da-li-je-moguce-izvesti-operaciju-estetike-nosa-dok-nosite-aparatic-za-zube\/\" class=\"button primary is-outline is-small mb-0\">\n\t\t\t\t\t\t\tContinue Reading\t\t\t\t\t\t<\/a>\n\t\t\t\t\t\n\t\t\t\t\t\n\t\t\t\t\t<\/div>\n\t\t\t\t\t<\/div>\n\t\t\t\t\t\t\t\t\t\t\t\t\t\t\t\t<div class=\"badge absolute top post-date badge-circle\">\n\t\t\t\t\t\t\t<div class=\"badge-inner\">\n\t\t\t\t\t\t\t\t<span class=\"post-date-day\">29<\/span><br>\n\t\t\t\t\t\t\t\t<span class=\"post-date-month is-xsmall\">\u0458\u0443\u043b<\/span>\n\t\t\t\t\t\t\t<\/div>\n\t\t\t\t\t\t<\/div>\n\t\t\t\t\t\t\t\t\t<\/div>\n\t\t\t<\/div>\n\t\t<\/div><div class=\"col post-item\" >\n\t\t\t<div class=\"col-inner\">\n\t\t\t\t<div class=\"box box-push box-text-bottom box-blog-post has-hover\">\n            \t\t\t\t\t<div class=\"box-image\" >\n  \t\t\t\t\t\t<div class=\"image-cover\" style=\"padding-top:100%;\">\n\t\t\t\t\t\t\t<a href=\"https:\/\/www.alevcamcioglu.com\/sr\/operacija-priraslica-unutar-nosa\/\" class=\"plain\" aria-label=\"Operacija Priraslica Unutar Nosa\">\n\t\t\t\t\t\t\t\t<img decoding=\"async\" width=\"1140\" height=\"500\" src=\"https:\/\/www.alevcamcioglu.com\/wp-content\/uploads\/2024\/07\/Burun-Ici-Yapisiklik-Ameliyati.jpg\" class=\"attachment-2048x2048 size-2048x2048 wp-post-image\" alt=\"\" srcset=\"https:\/\/www.alevcamcioglu.com\/wp-content\/uploads\/2024\/07\/Burun-Ici-Yapisiklik-Ameliyati.jpg 1140w, https:\/\/www.alevcamcioglu.com\/wp-content\/uploads\/2024\/07\/Burun-Ici-Yapisiklik-Ameliyati-300x132.jpg 300w, https:\/\/www.alevcamcioglu.com\/wp-content\/uploads\/2024\/07\/Burun-Ici-Yapisiklik-Ameliyati-1024x449.jpg 1024w, https:\/\/www.alevcamcioglu.com\/wp-content\/uploads\/2024\/07\/Burun-Ici-Yapisiklik-Ameliyati-768x337.jpg 768w, https:\/\/www.alevcamcioglu.com\/wp-content\/uploads\/2024\/07\/Burun-Ici-Yapisiklik-Ameliyati-370x162.jpg 370w, https:\/\/www.alevcamcioglu.com\/wp-content\/uploads\/2024\/07\/Burun-Ici-Yapisiklik-Ameliyati-760x333.jpg 760w\" sizes=\"(max-width: 1140px) 100vw, 1140px\" title=\"\">\t\t\t\t\t\t\t<\/a>\n  \t\t\t\t\t\t\t  \t\t\t\t\t\t\t  \t\t\t\t\t\t<\/div>\n  \t\t\t\t\t\t  \t\t\t\t\t<\/div>\n          \t\t\t\t\t<div class=\"box-text text-center\" >\n\t\t\t\t\t<div class=\"box-text-inner blog-post-inner\">\n\n\t\t\t\t\t\n\t\t\t\t\t\t\t\t\t\t<h5 class=\"post-title is-large \">\n\t\t\t\t\t\t<a href=\"https:\/\/www.alevcamcioglu.com\/sr\/operacija-priraslica-unutar-nosa\/\" class=\"plain\">Operacija Priraslica Unutar Nosa<\/a>\n\t\t\t\t\t<\/h5>\n\t\t\t\t\t\t\t\t\t\t<div class=\"is-divider\"><\/div>\n\t\t\t\t\t                    \n\t\t\t\t\t\t\t\t\t\t\t<a href=\"https:\/\/www.alevcamcioglu.com\/sr\/operacija-priraslica-unutar-nosa\/\" class=\"button primary is-outline is-small mb-0\">\n\t\t\t\t\t\t\tContinue Reading\t\t\t\t\t\t<\/a>\n\t\t\t\t\t\n\t\t\t\t\t\n\t\t\t\t\t<\/div>\n\t\t\t\t\t<\/div>\n\t\t\t\t\t\t\t\t\t\t\t\t\t\t\t\t<div class=\"badge absolute top post-date badge-circle\">\n\t\t\t\t\t\t\t<div class=\"badge-inner\">\n\t\t\t\t\t\t\t\t<span class=\"post-date-day\">29<\/span><br>\n\t\t\t\t\t\t\t\t<span class=\"post-date-month is-xsmall\">\u0458\u0443\u043b<\/span>\n\t\t\t\t\t\t\t<\/div>\n\t\t\t\t\t\t<\/div>\n\t\t\t\t\t\t\t\t\t<\/div>\n\t\t\t<\/div>\n\t\t<\/div><div class=\"col post-item\" >\n\t\t\t<div class=\"col-inner\">\n\t\t\t\t<div class=\"box box-push box-text-bottom box-blog-post has-hover\">\n            \t\t\t\t\t<div class=\"box-image\" >\n  \t\t\t\t\t\t<div class=\"image-cover\" style=\"padding-top:100%;\">\n\t\t\t\t\t\t\t<a href=\"https:\/\/www.alevcamcioglu.com\/sr\/da-li-je-moguce-raditi-rinoplastiku-tokom-letnjeg-perioda\/\" class=\"plain\" aria-label=\"Da li je mogu\u0107e raditi rinoplastiku tokom letnjeg perioda?\">\n\t\t\t\t\t\t\t\t<img decoding=\"async\" width=\"1140\" height=\"500\" src=\"https:\/\/www.alevcamcioglu.com\/wp-content\/uploads\/2024\/07\/Yaz-Doneminde-Burun-Estetigi-Olur-Mu.jpg\" class=\"attachment-2048x2048 size-2048x2048 wp-post-image\" alt=\"\" srcset=\"https:\/\/www.alevcamcioglu.com\/wp-content\/uploads\/2024\/07\/Yaz-Doneminde-Burun-Estetigi-Olur-Mu.jpg 1140w, https:\/\/www.alevcamcioglu.com\/wp-content\/uploads\/2024\/07\/Yaz-Doneminde-Burun-Estetigi-Olur-Mu-300x132.jpg 300w, https:\/\/www.alevcamcioglu.com\/wp-content\/uploads\/2024\/07\/Yaz-Doneminde-Burun-Estetigi-Olur-Mu-1024x449.jpg 1024w, https:\/\/www.alevcamcioglu.com\/wp-content\/uploads\/2024\/07\/Yaz-Doneminde-Burun-Estetigi-Olur-Mu-768x337.jpg 768w, https:\/\/www.alevcamcioglu.com\/wp-content\/uploads\/2024\/07\/Yaz-Doneminde-Burun-Estetigi-Olur-Mu-370x162.jpg 370w, https:\/\/www.alevcamcioglu.com\/wp-content\/uploads\/2024\/07\/Yaz-Doneminde-Burun-Estetigi-Olur-Mu-760x333.jpg 760w\" sizes=\"(max-width: 1140px) 100vw, 1140px\" title=\"\">\t\t\t\t\t\t\t<\/a>\n  \t\t\t\t\t\t\t  \t\t\t\t\t\t\t  \t\t\t\t\t\t<\/div>\n  \t\t\t\t\t\t  \t\t\t\t\t<\/div>\n          \t\t\t\t\t<div class=\"box-text text-center\" >\n\t\t\t\t\t<div class=\"box-text-inner blog-post-inner\">\n\n\t\t\t\t\t\n\t\t\t\t\t\t\t\t\t\t<h5 class=\"post-title is-large \">\n\t\t\t\t\t\t<a href=\"https:\/\/www.alevcamcioglu.com\/sr\/da-li-je-moguce-raditi-rinoplastiku-tokom-letnjeg-perioda\/\" class=\"plain\">Da li je mogu\u0107e raditi rinoplastiku tokom letnjeg perioda?<\/a>\n\t\t\t\t\t<\/h5>\n\t\t\t\t\t\t\t\t\t\t<div class=\"is-divider\"><\/div>\n\t\t\t\t\t                    \n\t\t\t\t\t\t\t\t\t\t\t<a href=\"https:\/\/www.alevcamcioglu.com\/sr\/da-li-je-moguce-raditi-rinoplastiku-tokom-letnjeg-perioda\/\" class=\"button primary is-outline is-small mb-0\">\n\t\t\t\t\t\t\tContinue Reading\t\t\t\t\t\t<\/a>\n\t\t\t\t\t\n\t\t\t\t\t\n\t\t\t\t\t<\/div>\n\t\t\t\t\t<\/div>\n\t\t\t\t\t\t\t\t\t\t\t\t\t\t\t\t<div class=\"badge absolute top post-date badge-circle\">\n\t\t\t\t\t\t\t<div class=\"badge-inner\">\n\t\t\t\t\t\t\t\t<span class=\"post-date-day\">29<\/span><br>\n\t\t\t\t\t\t\t\t<span class=\"post-date-month is-xsmall\">\u0458\u0443\u043b<\/span>\n\t\t\t\t\t\t\t<\/div>\n\t\t\t\t\t\t<\/div>\n\t\t\t\t\t\t\t\t\t<\/div>\n\t\t\t<\/div>\n\t\t<\/div><div class=\"col post-item\" >\n\t\t\t<div class=\"col-inner\">\n\t\t\t\t<div class=\"box box-push box-text-bottom box-blog-post has-hover\">\n            \t\t\t\t\t<div class=\"box-image\" >\n  \t\t\t\t\t\t<div class=\"image-cover\" style=\"padding-top:100%;\">\n\t\t\t\t\t\t\t<a href=\"https:\/\/www.alevcamcioglu.com\/sr\/da-li-je-moguce-ispraviti-grbu-na-nosu-vezbama\/\" class=\"plain\" aria-label=\"Da li je mogu\u0107e ispraviti grbu na nosu ve\u017ebama?\">\n\t\t\t\t\t\t\t\t<img decoding=\"async\" width=\"1140\" height=\"500\" src=\"https:\/\/www.alevcamcioglu.com\/wp-content\/uploads\/2024\/07\/Egzersiz-ile-Burun-Kemeri-Duzeltilebilir-Mi.jpg\" class=\"attachment-2048x2048 size-2048x2048 wp-post-image\" alt=\"\" srcset=\"https:\/\/www.alevcamcioglu.com\/wp-content\/uploads\/2024\/07\/Egzersiz-ile-Burun-Kemeri-Duzeltilebilir-Mi.jpg 1140w, https:\/\/www.alevcamcioglu.com\/wp-content\/uploads\/2024\/07\/Egzersiz-ile-Burun-Kemeri-Duzeltilebilir-Mi-300x132.jpg 300w, https:\/\/www.alevcamcioglu.com\/wp-content\/uploads\/2024\/07\/Egzersiz-ile-Burun-Kemeri-Duzeltilebilir-Mi-1024x449.jpg 1024w, https:\/\/www.alevcamcioglu.com\/wp-content\/uploads\/2024\/07\/Egzersiz-ile-Burun-Kemeri-Duzeltilebilir-Mi-768x337.jpg 768w, https:\/\/www.alevcamcioglu.com\/wp-content\/uploads\/2024\/07\/Egzersiz-ile-Burun-Kemeri-Duzeltilebilir-Mi-370x162.jpg 370w, https:\/\/www.alevcamcioglu.com\/wp-content\/uploads\/2024\/07\/Egzersiz-ile-Burun-Kemeri-Duzeltilebilir-Mi-760x333.jpg 760w\" sizes=\"(max-width: 1140px) 100vw, 1140px\" title=\"\">\t\t\t\t\t\t\t<\/a>\n  \t\t\t\t\t\t\t  \t\t\t\t\t\t\t  \t\t\t\t\t\t<\/div>\n  \t\t\t\t\t\t  \t\t\t\t\t<\/div>\n          \t\t\t\t\t<div class=\"box-text text-center\" >\n\t\t\t\t\t<div class=\"box-text-inner blog-post-inner\">\n\n\t\t\t\t\t\n\t\t\t\t\t\t\t\t\t\t<h5 class=\"post-title is-large \">\n\t\t\t\t\t\t<a href=\"https:\/\/www.alevcamcioglu.com\/sr\/da-li-je-moguce-ispraviti-grbu-na-nosu-vezbama\/\" class=\"plain\">Da li je mogu\u0107e ispraviti grbu na nosu ve\u017ebama?<\/a>\n\t\t\t\t\t<\/h5>\n\t\t\t\t\t\t\t\t\t\t<div class=\"is-divider\"><\/div>\n\t\t\t\t\t                    \n\t\t\t\t\t\t\t\t\t\t\t<a href=\"https:\/\/www.alevcamcioglu.com\/sr\/da-li-je-moguce-ispraviti-grbu-na-nosu-vezbama\/\" class=\"button primary is-outline is-small mb-0\">\n\t\t\t\t\t\t\tContinue Reading\t\t\t\t\t\t<\/a>\n\t\t\t\t\t\n\t\t\t\t\t\n\t\t\t\t\t<\/div>\n\t\t\t\t\t<\/div>\n\t\t\t\t\t\t\t\t\t\t\t\t\t\t\t\t<div class=\"badge absolute top post-date badge-circle\">\n\t\t\t\t\t\t\t<div class=\"badge-inner\">\n\t\t\t\t\t\t\t\t<span class=\"post-date-day\">29<\/span><br>\n\t\t\t\t\t\t\t\t<span class=\"post-date-month is-xsmall\">\u0458\u0443\u043b<\/span>\n\t\t\t\t\t\t\t<\/div>\n\t\t\t\t\t\t<\/div>\n\t\t\t\t\t\t\t\t\t<\/div>\n\t\t\t<\/div>\n\t\t<\/div><div class=\"col post-item\" >\n\t\t\t<div class=\"col-inner\">\n\t\t\t\t<div class=\"box box-push box-text-bottom box-blog-post has-hover\">\n            \t\t\t\t\t<div class=\"box-image\" >\n  \t\t\t\t\t\t<div class=\"image-cover\" style=\"padding-top:100%;\">\n\t\t\t\t\t\t\t<a href=\"https:\/\/www.alevcamcioglu.com\/sr\/da-li-se-moze-pojaviti-kolaps-nosa-nakon-operacije\/\" class=\"plain\" aria-label=\"Da li se mo\u017ee pojaviti kolaps nosa nakon operacije?\">\n\t\t\t\t\t\t\t\t<img decoding=\"async\" width=\"1140\" height=\"500\" src=\"https:\/\/www.alevcamcioglu.com\/wp-content\/uploads\/2024\/07\/Burun-Ameliyati-Sonrasi-Burunda-Cokme-Meydana-Gelir-Mi.jpg\" class=\"attachment-2048x2048 size-2048x2048 wp-post-image\" alt=\"\" srcset=\"https:\/\/www.alevcamcioglu.com\/wp-content\/uploads\/2024\/07\/Burun-Ameliyati-Sonrasi-Burunda-Cokme-Meydana-Gelir-Mi.jpg 1140w, https:\/\/www.alevcamcioglu.com\/wp-content\/uploads\/2024\/07\/Burun-Ameliyati-Sonrasi-Burunda-Cokme-Meydana-Gelir-Mi-300x132.jpg 300w, https:\/\/www.alevcamcioglu.com\/wp-content\/uploads\/2024\/07\/Burun-Ameliyati-Sonrasi-Burunda-Cokme-Meydana-Gelir-Mi-1024x449.jpg 1024w, https:\/\/www.alevcamcioglu.com\/wp-content\/uploads\/2024\/07\/Burun-Ameliyati-Sonrasi-Burunda-Cokme-Meydana-Gelir-Mi-768x337.jpg 768w, https:\/\/www.alevcamcioglu.com\/wp-content\/uploads\/2024\/07\/Burun-Ameliyati-Sonrasi-Burunda-Cokme-Meydana-Gelir-Mi-370x162.jpg 370w, https:\/\/www.alevcamcioglu.com\/wp-content\/uploads\/2024\/07\/Burun-Ameliyati-Sonrasi-Burunda-Cokme-Meydana-Gelir-Mi-760x333.jpg 760w\" sizes=\"(max-width: 1140px) 100vw, 1140px\" title=\"\">\t\t\t\t\t\t\t<\/a>\n  \t\t\t\t\t\t\t  \t\t\t\t\t\t\t  \t\t\t\t\t\t<\/div>\n  \t\t\t\t\t\t  \t\t\t\t\t<\/div>\n          \t\t\t\t\t<div class=\"box-text text-center\" >\n\t\t\t\t\t<div class=\"box-text-inner blog-post-inner\">\n\n\t\t\t\t\t\n\t\t\t\t\t\t\t\t\t\t<h5 class=\"post-title is-large \">\n\t\t\t\t\t\t<a href=\"https:\/\/www.alevcamcioglu.com\/sr\/da-li-se-moze-pojaviti-kolaps-nosa-nakon-operacije\/\" class=\"plain\">Da li se mo\u017ee pojaviti kolaps nosa nakon operacije?<\/a>\n\t\t\t\t\t<\/h5>\n\t\t\t\t\t\t\t\t\t\t<div class=\"is-divider\"><\/div>\n\t\t\t\t\t                    \n\t\t\t\t\t\t\t\t\t\t\t<a href=\"https:\/\/www.alevcamcioglu.com\/sr\/da-li-se-moze-pojaviti-kolaps-nosa-nakon-operacije\/\" class=\"button primary is-outline is-small mb-0\">\n\t\t\t\t\t\t\tContinue Reading\t\t\t\t\t\t<\/a>\n\t\t\t\t\t\n\t\t\t\t\t\n\t\t\t\t\t<\/div>\n\t\t\t\t\t<\/div>\n\t\t\t\t\t\t\t\t\t\t\t\t\t\t\t\t<div class=\"badge absolute top post-date badge-circle\">\n\t\t\t\t\t\t\t<div class=\"badge-inner\">\n\t\t\t\t\t\t\t\t<span class=\"post-date-day\">29<\/span><br>\n\t\t\t\t\t\t\t\t<span class=\"post-date-month is-xsmall\">\u0458\u0443\u043b<\/span>\n\t\t\t\t\t\t\t<\/div>\n\t\t\t\t\t\t<\/div>\n\t\t\t\t\t\t\t\t\t<\/div>\n\t\t\t<\/div>\n\t\t<\/div><div class=\"col post-item\" >\n\t\t\t<div class=\"col-inner\">\n\t\t\t\t<div class=\"box box-push box-text-bottom box-blog-post has-hover\">\n            \t\t\t\t\t<div class=\"box-image\" >\n  \t\t\t\t\t\t<div class=\"image-cover\" style=\"padding-top:100%;\">\n\t\t\t\t\t\t\t<a href=\"https:\/\/www.alevcamcioglu.com\/sr\/da-li-moze-doci-do-kolapsa-nosa-nakon-operacije-kod-osoba-sa-masnom-i-suvom-kozom\/\" class=\"plain\" aria-label=\"Da li mo\u017ee do\u0107i do kolapsa nosa nakon operacije kod osoba sa masnom i suvom ko\u017eom?\">\n\t\t\t\t\t\t\t\t<img decoding=\"async\" width=\"1140\" height=\"500\" src=\"https:\/\/www.alevcamcioglu.com\/wp-content\/uploads\/2024\/07\/Yagli-Derili-ve-Kuru-Derili-Burun-Ameliyati.jpg\" class=\"attachment-2048x2048 size-2048x2048 wp-post-image\" alt=\"\" srcset=\"https:\/\/www.alevcamcioglu.com\/wp-content\/uploads\/2024\/07\/Yagli-Derili-ve-Kuru-Derili-Burun-Ameliyati.jpg 1140w, https:\/\/www.alevcamcioglu.com\/wp-content\/uploads\/2024\/07\/Yagli-Derili-ve-Kuru-Derili-Burun-Ameliyati-300x132.jpg 300w, https:\/\/www.alevcamcioglu.com\/wp-content\/uploads\/2024\/07\/Yagli-Derili-ve-Kuru-Derili-Burun-Ameliyati-1024x449.jpg 1024w, https:\/\/www.alevcamcioglu.com\/wp-content\/uploads\/2024\/07\/Yagli-Derili-ve-Kuru-Derili-Burun-Ameliyati-768x337.jpg 768w, https:\/\/www.alevcamcioglu.com\/wp-content\/uploads\/2024\/07\/Yagli-Derili-ve-Kuru-Derili-Burun-Ameliyati-370x162.jpg 370w, https:\/\/www.alevcamcioglu.com\/wp-content\/uploads\/2024\/07\/Yagli-Derili-ve-Kuru-Derili-Burun-Ameliyati-760x333.jpg 760w\" sizes=\"(max-width: 1140px) 100vw, 1140px\" title=\"\">\t\t\t\t\t\t\t<\/a>\n  \t\t\t\t\t\t\t  \t\t\t\t\t\t\t  \t\t\t\t\t\t<\/div>\n  \t\t\t\t\t\t  \t\t\t\t\t<\/div>\n          \t\t\t\t\t<div class=\"box-text text-center\" >\n\t\t\t\t\t<div class=\"box-text-inner blog-post-inner\">\n\n\t\t\t\t\t\n\t\t\t\t\t\t\t\t\t\t<h5 class=\"post-title is-large \">\n\t\t\t\t\t\t<a href=\"https:\/\/www.alevcamcioglu.com\/sr\/da-li-moze-doci-do-kolapsa-nosa-nakon-operacije-kod-osoba-sa-masnom-i-suvom-kozom\/\" class=\"plain\">Da li mo\u017ee do\u0107i do kolapsa nosa nakon operacije kod osoba sa masnom i suvom ko\u017eom?<\/a>\n\t\t\t\t\t<\/h5>\n\t\t\t\t\t\t\t\t\t\t<div class=\"is-divider\"><\/div>\n\t\t\t\t\t                    \n\t\t\t\t\t\t\t\t\t\t\t<a href=\"https:\/\/www.alevcamcioglu.com\/sr\/da-li-moze-doci-do-kolapsa-nosa-nakon-operacije-kod-osoba-sa-masnom-i-suvom-kozom\/\" class=\"button primary is-outline is-small mb-0\">\n\t\t\t\t\t\t\tContinue Reading\t\t\t\t\t\t<\/a>\n\t\t\t\t\t\n\t\t\t\t\t\n\t\t\t\t\t<\/div>\n\t\t\t\t\t<\/div>\n\t\t\t\t\t\t\t\t\t\t\t\t\t\t\t\t<div class=\"badge absolute top post-date badge-circle\">\n\t\t\t\t\t\t\t<div class=\"badge-inner\">\n\t\t\t\t\t\t\t\t<span class=\"post-date-day\">29<\/span><br>\n\t\t\t\t\t\t\t\t<span class=\"post-date-month is-xsmall\">\u0458\u0443\u043b<\/span>\n\t\t\t\t\t\t\t<\/div>\n\t\t\t\t\t\t<\/div>\n\t\t\t\t\t\t\t\t\t<\/div>\n\t\t\t<\/div>\n\t\t<\/div><div class=\"col post-item\" >\n\t\t\t<div class=\"col-inner\">\n\t\t\t\t<div class=\"box box-push box-text-bottom box-blog-post has-hover\">\n            \t\t\t\t\t<div class=\"box-image\" >\n  \t\t\t\t\t\t<div class=\"image-cover\" style=\"padding-top:100%;\">\n\t\t\t\t\t\t\t<a href=\"https:\/\/www.alevcamcioglu.com\/sr\/da-li-je-moguca-operacija-nosa-tokom-perioda-dojenja\/\" class=\"plain\" aria-label=\"Da li je mogu\u0107a operacija nosa tokom perioda dojenja?\">\n\t\t\t\t\t\t\t\t<img decoding=\"async\" width=\"1140\" height=\"500\" src=\"https:\/\/www.alevcamcioglu.com\/wp-content\/uploads\/2024\/07\/Emzirme-Doneminde-Burun-Estetigi-Mumkun-Mudur.jpg\" class=\"attachment-2048x2048 size-2048x2048 wp-post-image\" alt=\"\" srcset=\"https:\/\/www.alevcamcioglu.com\/wp-content\/uploads\/2024\/07\/Emzirme-Doneminde-Burun-Estetigi-Mumkun-Mudur.jpg 1140w, https:\/\/www.alevcamcioglu.com\/wp-content\/uploads\/2024\/07\/Emzirme-Doneminde-Burun-Estetigi-Mumkun-Mudur-300x132.jpg 300w, https:\/\/www.alevcamcioglu.com\/wp-content\/uploads\/2024\/07\/Emzirme-Doneminde-Burun-Estetigi-Mumkun-Mudur-1024x449.jpg 1024w, https:\/\/www.alevcamcioglu.com\/wp-content\/uploads\/2024\/07\/Emzirme-Doneminde-Burun-Estetigi-Mumkun-Mudur-768x337.jpg 768w, https:\/\/www.alevcamcioglu.com\/wp-content\/uploads\/2024\/07\/Emzirme-Doneminde-Burun-Estetigi-Mumkun-Mudur-370x162.jpg 370w, https:\/\/www.alevcamcioglu.com\/wp-content\/uploads\/2024\/07\/Emzirme-Doneminde-Burun-Estetigi-Mumkun-Mudur-760x333.jpg 760w\" sizes=\"(max-width: 1140px) 100vw, 1140px\" title=\"\">\t\t\t\t\t\t\t<\/a>\n  \t\t\t\t\t\t\t  \t\t\t\t\t\t\t  \t\t\t\t\t\t<\/div>\n  \t\t\t\t\t\t  \t\t\t\t\t<\/div>\n          \t\t\t\t\t<div class=\"box-text text-center\" >\n\t\t\t\t\t<div class=\"box-text-inner blog-post-inner\">\n\n\t\t\t\t\t\n\t\t\t\t\t\t\t\t\t\t<h5 class=\"post-title is-large \">\n\t\t\t\t\t\t<a href=\"https:\/\/www.alevcamcioglu.com\/sr\/da-li-je-moguca-operacija-nosa-tokom-perioda-dojenja\/\" class=\"plain\">Da li je mogu\u0107a operacija nosa tokom perioda dojenja?<\/a>\n\t\t\t\t\t<\/h5>\n\t\t\t\t\t\t\t\t\t\t<div class=\"is-divider\"><\/div>\n\t\t\t\t\t                    \n\t\t\t\t\t\t\t\t\t\t\t<a href=\"https:\/\/www.alevcamcioglu.com\/sr\/da-li-je-moguca-operacija-nosa-tokom-perioda-dojenja\/\" class=\"button primary is-outline is-small mb-0\">\n\t\t\t\t\t\t\tContinue Reading\t\t\t\t\t\t<\/a>\n\t\t\t\t\t\n\t\t\t\t\t\n\t\t\t\t\t<\/div>\n\t\t\t\t\t<\/div>\n\t\t\t\t\t\t\t\t\t\t\t\t\t\t\t\t<div class=\"badge absolute top post-date badge-circle\">\n\t\t\t\t\t\t\t<div class=\"badge-inner\">\n\t\t\t\t\t\t\t\t<span class=\"post-date-day\">29<\/span><br>\n\t\t\t\t\t\t\t\t<span class=\"post-date-month is-xsmall\">\u0458\u0443\u043b<\/span>\n\t\t\t\t\t\t\t<\/div>\n\t\t\t\t\t\t<\/div>\n\t\t\t\t\t\t\t\t\t<\/div>\n\t\t\t<\/div>\n\t\t<\/div><div class=\"col post-item\" >\n\t\t\t<div class=\"col-inner\">\n\t\t\t\t<div class=\"box box-push box-text-bottom box-blog-post has-hover\">\n            \t\t\t\t\t<div class=\"box-image\" >\n  \t\t\t\t\t\t<div class=\"image-cover\" style=\"padding-top:100%;\">\n\t\t\t\t\t\t\t<a href=\"https:\/\/www.alevcamcioglu.com\/sr\/da-li-se-gubi-culo-mirisa-nakon-operacije-nosa\/\" class=\"plain\" aria-label=\"Da li se gubi \u010dulo mirisa nakon operacije nosa?\">\n\t\t\t\t\t\t\t\t<img decoding=\"async\" width=\"1140\" height=\"500\" src=\"https:\/\/www.alevcamcioglu.com\/wp-content\/uploads\/2024\/07\/Burun-Estetigi-Sonrasi-Koku-Alma-Kaybi-Yasanir-Mi.jpg\" class=\"attachment-2048x2048 size-2048x2048 wp-post-image\" alt=\"\" srcset=\"https:\/\/www.alevcamcioglu.com\/wp-content\/uploads\/2024\/07\/Burun-Estetigi-Sonrasi-Koku-Alma-Kaybi-Yasanir-Mi.jpg 1140w, https:\/\/www.alevcamcioglu.com\/wp-content\/uploads\/2024\/07\/Burun-Estetigi-Sonrasi-Koku-Alma-Kaybi-Yasanir-Mi-300x132.jpg 300w, https:\/\/www.alevcamcioglu.com\/wp-content\/uploads\/2024\/07\/Burun-Estetigi-Sonrasi-Koku-Alma-Kaybi-Yasanir-Mi-1024x449.jpg 1024w, https:\/\/www.alevcamcioglu.com\/wp-content\/uploads\/2024\/07\/Burun-Estetigi-Sonrasi-Koku-Alma-Kaybi-Yasanir-Mi-768x337.jpg 768w, https:\/\/www.alevcamcioglu.com\/wp-content\/uploads\/2024\/07\/Burun-Estetigi-Sonrasi-Koku-Alma-Kaybi-Yasanir-Mi-370x162.jpg 370w, https:\/\/www.alevcamcioglu.com\/wp-content\/uploads\/2024\/07\/Burun-Estetigi-Sonrasi-Koku-Alma-Kaybi-Yasanir-Mi-760x333.jpg 760w\" sizes=\"(max-width: 1140px) 100vw, 1140px\" title=\"\">\t\t\t\t\t\t\t<\/a>\n  \t\t\t\t\t\t\t  \t\t\t\t\t\t\t  \t\t\t\t\t\t<\/div>\n  \t\t\t\t\t\t  \t\t\t\t\t<\/div>\n          \t\t\t\t\t<div class=\"box-text text-center\" >\n\t\t\t\t\t<div class=\"box-text-inner blog-post-inner\">\n\n\t\t\t\t\t\n\t\t\t\t\t\t\t\t\t\t<h5 class=\"post-title is-large \">\n\t\t\t\t\t\t<a href=\"https:\/\/www.alevcamcioglu.com\/sr\/da-li-se-gubi-culo-mirisa-nakon-operacije-nosa\/\" class=\"plain\">Da li se gubi \u010dulo mirisa nakon operacije nosa?<\/a>\n\t\t\t\t\t<\/h5>\n\t\t\t\t\t\t\t\t\t\t<div class=\"is-divider\"><\/div>\n\t\t\t\t\t                    \n\t\t\t\t\t\t\t\t\t\t\t<a href=\"https:\/\/www.alevcamcioglu.com\/sr\/da-li-se-gubi-culo-mirisa-nakon-operacije-nosa\/\" class=\"button primary is-outline is-small mb-0\">\n\t\t\t\t\t\t\tContinue Reading\t\t\t\t\t\t<\/a>\n\t\t\t\t\t\n\t\t\t\t\t\n\t\t\t\t\t<\/div>\n\t\t\t\t\t<\/div>\n\t\t\t\t\t\t\t\t\t\t\t\t\t\t\t\t<div class=\"badge absolute top post-date badge-circle\">\n\t\t\t\t\t\t\t<div class=\"badge-inner\">\n\t\t\t\t\t\t\t\t<span class=\"post-date-day\">29<\/span><br>\n\t\t\t\t\t\t\t\t<span class=\"post-date-month is-xsmall\">\u0458\u0443\u043b<\/span>\n\t\t\t\t\t\t\t<\/div>\n\t\t\t\t\t\t<\/div>\n\t\t\t\t\t\t\t\t\t<\/div>\n\t\t\t<\/div>\n\t\t<\/div><div class=\"col post-item\" >\n\t\t\t<div class=\"col-inner\">\n\t\t\t\t<div class=\"box box-push box-text-bottom box-blog-post has-hover\">\n            \t\t\t\t\t<div class=\"box-image\" >\n  \t\t\t\t\t\t<div class=\"image-cover\" style=\"padding-top:100%;\">\n\t\t\t\t\t\t\t<a href=\"https:\/\/www.alevcamcioglu.com\/sr\/kako-prevazici-strah-od-operacije-nosa\/\" class=\"plain\" aria-label=\"Kako Prevazi\u0107i Strah od Operacije Nosa?\">\n\t\t\t\t\t\t\t\t<img decoding=\"async\" width=\"1140\" height=\"500\" src=\"https:\/\/www.alevcamcioglu.com\/wp-content\/uploads\/2024\/07\/Burun-Estetigi-Korkusu-Nasil-Yenilir.jpg\" class=\"attachment-2048x2048 size-2048x2048 wp-post-image\" alt=\"\" srcset=\"https:\/\/www.alevcamcioglu.com\/wp-content\/uploads\/2024\/07\/Burun-Estetigi-Korkusu-Nasil-Yenilir.jpg 1140w, https:\/\/www.alevcamcioglu.com\/wp-content\/uploads\/2024\/07\/Burun-Estetigi-Korkusu-Nasil-Yenilir-300x132.jpg 300w, https:\/\/www.alevcamcioglu.com\/wp-content\/uploads\/2024\/07\/Burun-Estetigi-Korkusu-Nasil-Yenilir-1024x449.jpg 1024w, https:\/\/www.alevcamcioglu.com\/wp-content\/uploads\/2024\/07\/Burun-Estetigi-Korkusu-Nasil-Yenilir-768x337.jpg 768w, https:\/\/www.alevcamcioglu.com\/wp-content\/uploads\/2024\/07\/Burun-Estetigi-Korkusu-Nasil-Yenilir-370x162.jpg 370w, https:\/\/www.alevcamcioglu.com\/wp-content\/uploads\/2024\/07\/Burun-Estetigi-Korkusu-Nasil-Yenilir-760x333.jpg 760w\" sizes=\"(max-width: 1140px) 100vw, 1140px\" title=\"\">\t\t\t\t\t\t\t<\/a>\n  \t\t\t\t\t\t\t  \t\t\t\t\t\t\t  \t\t\t\t\t\t<\/div>\n  \t\t\t\t\t\t  \t\t\t\t\t<\/div>\n          \t\t\t\t\t<div class=\"box-text text-center\" >\n\t\t\t\t\t<div class=\"box-text-inner blog-post-inner\">\n\n\t\t\t\t\t\n\t\t\t\t\t\t\t\t\t\t<h5 class=\"post-title is-large \">\n\t\t\t\t\t\t<a href=\"https:\/\/www.alevcamcioglu.com\/sr\/kako-prevazici-strah-od-operacije-nosa\/\" class=\"plain\">Kako Prevazi\u0107i Strah od Operacije Nosa?<\/a>\n\t\t\t\t\t<\/h5>\n\t\t\t\t\t\t\t\t\t\t<div class=\"is-divider\"><\/div>\n\t\t\t\t\t                    \n\t\t\t\t\t\t\t\t\t\t\t<a href=\"https:\/\/www.alevcamcioglu.com\/sr\/kako-prevazici-strah-od-operacije-nosa\/\" class=\"button primary is-outline is-small mb-0\">\n\t\t\t\t\t\t\tContinue Reading\t\t\t\t\t\t<\/a>\n\t\t\t\t\t\n\t\t\t\t\t\n\t\t\t\t\t<\/div>\n\t\t\t\t\t<\/div>\n\t\t\t\t\t\t\t\t\t\t\t\t\t\t\t\t<div class=\"badge absolute top post-date badge-circle\">\n\t\t\t\t\t\t\t<div class=\"badge-inner\">\n\t\t\t\t\t\t\t\t<span class=\"post-date-day\">29<\/span><br>\n\t\t\t\t\t\t\t\t<span class=\"post-date-month is-xsmall\">\u0458\u0443\u043b<\/span>\n\t\t\t\t\t\t\t<\/div>\n\t\t\t\t\t\t<\/div>\n\t\t\t\t\t\t\t\t\t<\/div>\n\t\t\t<\/div>\n\t\t<\/div><div class=\"col post-item\" >\n\t\t\t<div class=\"col-inner\">\n\t\t\t\t<div class=\"box box-push box-text-bottom box-blog-post has-hover\">\n            \t\t\t\t\t<div class=\"box-image\" >\n  \t\t\t\t\t\t<div class=\"image-cover\" style=\"padding-top:100%;\">\n\t\t\t\t\t\t\t<a href=\"https:\/\/www.alevcamcioglu.com\/sr\/kako-koristiti-naocare-za-sunce-nakon-operacije-nosa\/\" class=\"plain\" aria-label=\"Kako Koristiti Nao\u010dare za Sunce Nakon Operacije Nosa?\">\n\t\t\t\t\t\t\t\t<img decoding=\"async\" width=\"1140\" height=\"500\" src=\"https:\/\/www.alevcamcioglu.com\/wp-content\/uploads\/2024\/07\/Burun-Ameliyati-Sonrasi-Gunes-Gozlugu-Kullanimi-Nasil-Olmali.jpg\" class=\"attachment-2048x2048 size-2048x2048 wp-post-image\" alt=\"\" srcset=\"https:\/\/www.alevcamcioglu.com\/wp-content\/uploads\/2024\/07\/Burun-Ameliyati-Sonrasi-Gunes-Gozlugu-Kullanimi-Nasil-Olmali.jpg 1140w, https:\/\/www.alevcamcioglu.com\/wp-content\/uploads\/2024\/07\/Burun-Ameliyati-Sonrasi-Gunes-Gozlugu-Kullanimi-Nasil-Olmali-300x132.jpg 300w, https:\/\/www.alevcamcioglu.com\/wp-content\/uploads\/2024\/07\/Burun-Ameliyati-Sonrasi-Gunes-Gozlugu-Kullanimi-Nasil-Olmali-1024x449.jpg 1024w, https:\/\/www.alevcamcioglu.com\/wp-content\/uploads\/2024\/07\/Burun-Ameliyati-Sonrasi-Gunes-Gozlugu-Kullanimi-Nasil-Olmali-768x337.jpg 768w, https:\/\/www.alevcamcioglu.com\/wp-content\/uploads\/2024\/07\/Burun-Ameliyati-Sonrasi-Gunes-Gozlugu-Kullanimi-Nasil-Olmali-370x162.jpg 370w, https:\/\/www.alevcamcioglu.com\/wp-content\/uploads\/2024\/07\/Burun-Ameliyati-Sonrasi-Gunes-Gozlugu-Kullanimi-Nasil-Olmali-760x333.jpg 760w\" sizes=\"(max-width: 1140px) 100vw, 1140px\" title=\"\">\t\t\t\t\t\t\t<\/a>\n  \t\t\t\t\t\t\t  \t\t\t\t\t\t\t  \t\t\t\t\t\t<\/div>\n  \t\t\t\t\t\t  \t\t\t\t\t<\/div>\n          \t\t\t\t\t<div class=\"box-text text-center\" >\n\t\t\t\t\t<div class=\"box-text-inner blog-post-inner\">\n\n\t\t\t\t\t\n\t\t\t\t\t\t\t\t\t\t<h5 class=\"post-title is-large \">\n\t\t\t\t\t\t<a href=\"https:\/\/www.alevcamcioglu.com\/sr\/kako-koristiti-naocare-za-sunce-nakon-operacije-nosa\/\" class=\"plain\">Kako Koristiti Nao\u010dare za Sunce Nakon Operacije Nosa?<\/a>\n\t\t\t\t\t<\/h5>\n\t\t\t\t\t\t\t\t\t\t<div class=\"is-divider\"><\/div>\n\t\t\t\t\t                    \n\t\t\t\t\t\t\t\t\t\t\t<a href=\"https:\/\/www.alevcamcioglu.com\/sr\/kako-koristiti-naocare-za-sunce-nakon-operacije-nosa\/\" class=\"button primary is-outline is-small mb-0\">\n\t\t\t\t\t\t\tContinue Reading\t\t\t\t\t\t<\/a>\n\t\t\t\t\t\n\t\t\t\t\t\n\t\t\t\t\t<\/div>\n\t\t\t\t\t<\/div>\n\t\t\t\t\t\t\t\t\t\t\t\t\t\t\t\t<div class=\"badge absolute top post-date badge-circle\">\n\t\t\t\t\t\t\t<div class=\"badge-inner\">\n\t\t\t\t\t\t\t\t<span class=\"post-date-day\">08<\/span><br>\n\t\t\t\t\t\t\t\t<span class=\"post-date-month is-xsmall\">\u0458\u0443\u043b<\/span>\n\t\t\t\t\t\t\t<\/div>\n\t\t\t\t\t\t<\/div>\n\t\t\t\t\t\t\t\t\t<\/div>\n\t\t\t<\/div>\n\t\t<\/div><div class=\"col post-item\" >\n\t\t\t<div class=\"col-inner\">\n\t\t\t\t<div class=\"box box-push box-text-bottom box-blog-post has-hover\">\n            \t\t\t\t\t<div class=\"box-image\" >\n  \t\t\t\t\t\t<div class=\"image-cover\" style=\"padding-top:100%;\">\n\t\t\t\t\t\t\t<a href=\"https:\/\/www.alevcamcioglu.com\/sr\/cemu-sluzi-flaster-traka-nakon-operacije-nosa\/\" class=\"plain\" aria-label=\"\u010cemu Slu\u017ei Flaster Traka Nakon Operacije Nosa?\">\n\t\t\t\t\t\t\t\t<img decoding=\"async\" width=\"1140\" height=\"500\" src=\"https:\/\/www.alevcamcioglu.com\/wp-content\/uploads\/2024\/07\/Burun-Ameliyati-Sonrasi-Flester-Bant-Ne-Ise-Yarar.jpg\" class=\"attachment-2048x2048 size-2048x2048 wp-post-image\" alt=\"\" srcset=\"https:\/\/www.alevcamcioglu.com\/wp-content\/uploads\/2024\/07\/Burun-Ameliyati-Sonrasi-Flester-Bant-Ne-Ise-Yarar.jpg 1140w, https:\/\/www.alevcamcioglu.com\/wp-content\/uploads\/2024\/07\/Burun-Ameliyati-Sonrasi-Flester-Bant-Ne-Ise-Yarar-300x132.jpg 300w, https:\/\/www.alevcamcioglu.com\/wp-content\/uploads\/2024\/07\/Burun-Ameliyati-Sonrasi-Flester-Bant-Ne-Ise-Yarar-1024x449.jpg 1024w, https:\/\/www.alevcamcioglu.com\/wp-content\/uploads\/2024\/07\/Burun-Ameliyati-Sonrasi-Flester-Bant-Ne-Ise-Yarar-768x337.jpg 768w, https:\/\/www.alevcamcioglu.com\/wp-content\/uploads\/2024\/07\/Burun-Ameliyati-Sonrasi-Flester-Bant-Ne-Ise-Yarar-370x162.jpg 370w, https:\/\/www.alevcamcioglu.com\/wp-content\/uploads\/2024\/07\/Burun-Ameliyati-Sonrasi-Flester-Bant-Ne-Ise-Yarar-760x333.jpg 760w\" sizes=\"(max-width: 1140px) 100vw, 1140px\" title=\"\">\t\t\t\t\t\t\t<\/a>\n  \t\t\t\t\t\t\t  \t\t\t\t\t\t\t  \t\t\t\t\t\t<\/div>\n  \t\t\t\t\t\t  \t\t\t\t\t<\/div>\n          \t\t\t\t\t<div class=\"box-text text-center\" >\n\t\t\t\t\t<div class=\"box-text-inner blog-post-inner\">\n\n\t\t\t\t\t\n\t\t\t\t\t\t\t\t\t\t<h5 class=\"post-title is-large \">\n\t\t\t\t\t\t<a href=\"https:\/\/www.alevcamcioglu.com\/sr\/cemu-sluzi-flaster-traka-nakon-operacije-nosa\/\" class=\"plain\">\u010cemu Slu\u017ei Flaster Traka Nakon Operacije Nosa?<\/a>\n\t\t\t\t\t<\/h5>\n\t\t\t\t\t\t\t\t\t\t<div class=\"is-divider\"><\/div>\n\t\t\t\t\t                    \n\t\t\t\t\t\t\t\t\t\t\t<a href=\"https:\/\/www.alevcamcioglu.com\/sr\/cemu-sluzi-flaster-traka-nakon-operacije-nosa\/\" class=\"button primary is-outline is-small mb-0\">\n\t\t\t\t\t\t\tContinue Reading\t\t\t\t\t\t<\/a>\n\t\t\t\t\t\n\t\t\t\t\t\n\t\t\t\t\t<\/div>\n\t\t\t\t\t<\/div>\n\t\t\t\t\t\t\t\t\t\t\t\t\t\t\t\t<div class=\"badge absolute top post-date badge-circle\">\n\t\t\t\t\t\t\t<div class=\"badge-inner\">\n\t\t\t\t\t\t\t\t<span class=\"post-date-day\">08<\/span><br>\n\t\t\t\t\t\t\t\t<span class=\"post-date-month is-xsmall\">\u0458\u0443\u043b<\/span>\n\t\t\t\t\t\t\t<\/div>\n\t\t\t\t\t\t<\/div>\n\t\t\t\t\t\t\t\t\t<\/div>\n\t\t\t<\/div>\n\t\t<\/div><div class=\"col post-item\" >\n\t\t\t<div class=\"col-inner\">\n\t\t\t\t<div class=\"box box-push box-text-bottom box-blog-post has-hover\">\n            \t\t\t\t\t<div class=\"box-image\" >\n  \t\t\t\t\t\t<div class=\"image-cover\" style=\"padding-top:100%;\">\n\t\t\t\t\t\t\t<a href=\"https:\/\/www.alevcamcioglu.com\/sr\/da-li-se-nos-pogorsava-godinama-nakon-estetske-operacije-nosa\/\" class=\"plain\" aria-label=\"Da li Se Nos Pogor\u0161ava Godinama Nakon Estetske Operacije Nosa?\">\n\t\t\t\t\t\t\t\t<img decoding=\"async\" width=\"1140\" height=\"500\" src=\"https:\/\/www.alevcamcioglu.com\/wp-content\/uploads\/2024\/07\/Burun-Estetiginden-Yillar-Sonra-Burun-Bozulur-Mu.jpg\" class=\"attachment-2048x2048 size-2048x2048 wp-post-image\" alt=\"\" srcset=\"https:\/\/www.alevcamcioglu.com\/wp-content\/uploads\/2024\/07\/Burun-Estetiginden-Yillar-Sonra-Burun-Bozulur-Mu.jpg 1140w, https:\/\/www.alevcamcioglu.com\/wp-content\/uploads\/2024\/07\/Burun-Estetiginden-Yillar-Sonra-Burun-Bozulur-Mu-300x132.jpg 300w, https:\/\/www.alevcamcioglu.com\/wp-content\/uploads\/2024\/07\/Burun-Estetiginden-Yillar-Sonra-Burun-Bozulur-Mu-1024x449.jpg 1024w, https:\/\/www.alevcamcioglu.com\/wp-content\/uploads\/2024\/07\/Burun-Estetiginden-Yillar-Sonra-Burun-Bozulur-Mu-768x337.jpg 768w, https:\/\/www.alevcamcioglu.com\/wp-content\/uploads\/2024\/07\/Burun-Estetiginden-Yillar-Sonra-Burun-Bozulur-Mu-370x162.jpg 370w, https:\/\/www.alevcamcioglu.com\/wp-content\/uploads\/2024\/07\/Burun-Estetiginden-Yillar-Sonra-Burun-Bozulur-Mu-760x333.jpg 760w\" sizes=\"(max-width: 1140px) 100vw, 1140px\" title=\"\">\t\t\t\t\t\t\t<\/a>\n  \t\t\t\t\t\t\t  \t\t\t\t\t\t\t  \t\t\t\t\t\t<\/div>\n  \t\t\t\t\t\t  \t\t\t\t\t<\/div>\n          \t\t\t\t\t<div class=\"box-text text-center\" >\n\t\t\t\t\t<div class=\"box-text-inner blog-post-inner\">\n\n\t\t\t\t\t\n\t\t\t\t\t\t\t\t\t\t<h5 class=\"post-title is-large \">\n\t\t\t\t\t\t<a href=\"https:\/\/www.alevcamcioglu.com\/sr\/da-li-se-nos-pogorsava-godinama-nakon-estetske-operacije-nosa\/\" class=\"plain\">Da li Se Nos Pogor\u0161ava Godinama Nakon Estetske Operacije Nosa?<\/a>\n\t\t\t\t\t<\/h5>\n\t\t\t\t\t\t\t\t\t\t<div class=\"is-divider\"><\/div>\n\t\t\t\t\t                    \n\t\t\t\t\t\t\t\t\t\t\t<a href=\"https:\/\/www.alevcamcioglu.com\/sr\/da-li-se-nos-pogorsava-godinama-nakon-estetske-operacije-nosa\/\" class=\"button primary is-outline is-small mb-0\">\n\t\t\t\t\t\t\tContinue Reading\t\t\t\t\t\t<\/a>\n\t\t\t\t\t\n\t\t\t\t\t\n\t\t\t\t\t<\/div>\n\t\t\t\t\t<\/div>\n\t\t\t\t\t\t\t\t\t\t\t\t\t\t\t\t<div class=\"badge absolute top post-date badge-circle\">\n\t\t\t\t\t\t\t<div class=\"badge-inner\">\n\t\t\t\t\t\t\t\t<span class=\"post-date-day\">08<\/span><br>\n\t\t\t\t\t\t\t\t<span class=\"post-date-month is-xsmall\">\u0458\u0443\u043b<\/span>\n\t\t\t\t\t\t\t<\/div>\n\t\t\t\t\t\t<\/div>\n\t\t\t\t\t\t\t\t\t<\/div>\n\t\t\t<\/div>\n\t\t<\/div><div class=\"col post-item\" >\n\t\t\t<div class=\"col-inner\">\n\t\t\t\t<div class=\"box box-push box-text-bottom box-blog-post has-hover\">\n            \t\t\t\t\t<div class=\"box-image\" >\n  \t\t\t\t\t\t<div class=\"image-cover\" style=\"padding-top:100%;\">\n\t\t\t\t\t\t\t<a href=\"https:\/\/www.alevcamcioglu.com\/sr\/da-li-se-operacija-nosne-pregrade-moze-izvesti-istovremeno-sa-estetskom-operacijom-nosa\/\" class=\"plain\" aria-label=\"Da li Se Operacija Nosne Pregrade Mo\u017ee Izvesti Istovremeno sa Estetskom Operacijom Nosa?\">\n\t\t\t\t\t\t\t\t<img decoding=\"async\" width=\"1140\" height=\"500\" src=\"https:\/\/www.alevcamcioglu.com\/wp-content\/uploads\/2024\/07\/Burun-Eti-Ile-Burun-Estetigi-Ameliyati-Ayni-Anda-Yapilabilir-Mi.jpg\" class=\"attachment-2048x2048 size-2048x2048 wp-post-image\" alt=\"\" srcset=\"https:\/\/www.alevcamcioglu.com\/wp-content\/uploads\/2024\/07\/Burun-Eti-Ile-Burun-Estetigi-Ameliyati-Ayni-Anda-Yapilabilir-Mi.jpg 1140w, https:\/\/www.alevcamcioglu.com\/wp-content\/uploads\/2024\/07\/Burun-Eti-Ile-Burun-Estetigi-Ameliyati-Ayni-Anda-Yapilabilir-Mi-300x132.jpg 300w, https:\/\/www.alevcamcioglu.com\/wp-content\/uploads\/2024\/07\/Burun-Eti-Ile-Burun-Estetigi-Ameliyati-Ayni-Anda-Yapilabilir-Mi-1024x449.jpg 1024w, https:\/\/www.alevcamcioglu.com\/wp-content\/uploads\/2024\/07\/Burun-Eti-Ile-Burun-Estetigi-Ameliyati-Ayni-Anda-Yapilabilir-Mi-768x337.jpg 768w, https:\/\/www.alevcamcioglu.com\/wp-content\/uploads\/2024\/07\/Burun-Eti-Ile-Burun-Estetigi-Ameliyati-Ayni-Anda-Yapilabilir-Mi-370x162.jpg 370w, https:\/\/www.alevcamcioglu.com\/wp-content\/uploads\/2024\/07\/Burun-Eti-Ile-Burun-Estetigi-Ameliyati-Ayni-Anda-Yapilabilir-Mi-760x333.jpg 760w\" sizes=\"(max-width: 1140px) 100vw, 1140px\" title=\"\">\t\t\t\t\t\t\t<\/a>\n  \t\t\t\t\t\t\t  \t\t\t\t\t\t\t  \t\t\t\t\t\t<\/div>\n  \t\t\t\t\t\t  \t\t\t\t\t<\/div>\n          \t\t\t\t\t<div class=\"box-text text-center\" >\n\t\t\t\t\t<div class=\"box-text-inner blog-post-inner\">\n\n\t\t\t\t\t\n\t\t\t\t\t\t\t\t\t\t<h5 class=\"post-title is-large \">\n\t\t\t\t\t\t<a href=\"https:\/\/www.alevcamcioglu.com\/sr\/da-li-se-operacija-nosne-pregrade-moze-izvesti-istovremeno-sa-estetskom-operacijom-nosa\/\" class=\"plain\">Da li Se Operacija Nosne Pregrade Mo\u017ee Izvesti Istovremeno sa Estetskom Operacijom Nosa?<\/a>\n\t\t\t\t\t<\/h5>\n\t\t\t\t\t\t\t\t\t\t<div class=\"is-divider\"><\/div>\n\t\t\t\t\t                    \n\t\t\t\t\t\t\t\t\t\t\t<a href=\"https:\/\/www.alevcamcioglu.com\/sr\/da-li-se-operacija-nosne-pregrade-moze-izvesti-istovremeno-sa-estetskom-operacijom-nosa\/\" class=\"button primary is-outline is-small mb-0\">\n\t\t\t\t\t\t\tContinue Reading\t\t\t\t\t\t<\/a>\n\t\t\t\t\t\n\t\t\t\t\t\n\t\t\t\t\t<\/div>\n\t\t\t\t\t<\/div>\n\t\t\t\t\t\t\t\t\t\t\t\t\t\t\t\t<div class=\"badge absolute top post-date badge-circle\">\n\t\t\t\t\t\t\t<div class=\"badge-inner\">\n\t\t\t\t\t\t\t\t<span class=\"post-date-day\">08<\/span><br>\n\t\t\t\t\t\t\t\t<span class=\"post-date-month is-xsmall\">\u0458\u0443\u043b<\/span>\n\t\t\t\t\t\t\t<\/div>\n\t\t\t\t\t\t<\/div>\n\t\t\t\t\t\t\t\t\t<\/div>\n\t\t\t<\/div>\n\t\t<\/div><div class=\"col post-item\" >\n\t\t\t<div class=\"col-inner\">\n\t\t\t\t<div class=\"box box-push box-text-bottom box-blog-post has-hover\">\n            \t\t\t\t\t<div class=\"box-image\" >\n  \t\t\t\t\t\t<div class=\"image-cover\" style=\"padding-top:100%;\">\n\t\t\t\t\t\t\t<a href=\"https:\/\/www.alevcamcioglu.com\/sr\/rastojanje-izmedu-usana-i-nosa-nakon-estetske-operacije-nosa\/\" class=\"plain\" aria-label=\"Rastojanje Izme\u0111u Usana i Nosa Nakon Estetske Operacije Nosa\">\n\t\t\t\t\t\t\t\t<img decoding=\"async\" width=\"1140\" height=\"500\" src=\"https:\/\/www.alevcamcioglu.com\/wp-content\/uploads\/2024\/07\/Burun-Estetigi-Sonrasi-Dudak-Burun-Mesafesi.jpg\" class=\"attachment-2048x2048 size-2048x2048 wp-post-image\" alt=\"\" srcset=\"https:\/\/www.alevcamcioglu.com\/wp-content\/uploads\/2024\/07\/Burun-Estetigi-Sonrasi-Dudak-Burun-Mesafesi.jpg 1140w, https:\/\/www.alevcamcioglu.com\/wp-content\/uploads\/2024\/07\/Burun-Estetigi-Sonrasi-Dudak-Burun-Mesafesi-300x132.jpg 300w, https:\/\/www.alevcamcioglu.com\/wp-content\/uploads\/2024\/07\/Burun-Estetigi-Sonrasi-Dudak-Burun-Mesafesi-1024x449.jpg 1024w, https:\/\/www.alevcamcioglu.com\/wp-content\/uploads\/2024\/07\/Burun-Estetigi-Sonrasi-Dudak-Burun-Mesafesi-768x337.jpg 768w, https:\/\/www.alevcamcioglu.com\/wp-content\/uploads\/2024\/07\/Burun-Estetigi-Sonrasi-Dudak-Burun-Mesafesi-370x162.jpg 370w, https:\/\/www.alevcamcioglu.com\/wp-content\/uploads\/2024\/07\/Burun-Estetigi-Sonrasi-Dudak-Burun-Mesafesi-760x333.jpg 760w\" sizes=\"(max-width: 1140px) 100vw, 1140px\" title=\"\">\t\t\t\t\t\t\t<\/a>\n  \t\t\t\t\t\t\t  \t\t\t\t\t\t\t  \t\t\t\t\t\t<\/div>\n  \t\t\t\t\t\t  \t\t\t\t\t<\/div>\n          \t\t\t\t\t<div class=\"box-text text-center\" >\n\t\t\t\t\t<div class=\"box-text-inner blog-post-inner\">\n\n\t\t\t\t\t\n\t\t\t\t\t\t\t\t\t\t<h5 class=\"post-title is-large \">\n\t\t\t\t\t\t<a href=\"https:\/\/www.alevcamcioglu.com\/sr\/rastojanje-izmedu-usana-i-nosa-nakon-estetske-operacije-nosa\/\" class=\"plain\">Rastojanje Izme\u0111u Usana i Nosa Nakon Estetske Operacije Nosa<\/a>\n\t\t\t\t\t<\/h5>\n\t\t\t\t\t\t\t\t\t\t<div class=\"is-divider\"><\/div>\n\t\t\t\t\t                    \n\t\t\t\t\t\t\t\t\t\t\t<a href=\"https:\/\/www.alevcamcioglu.com\/sr\/rastojanje-izmedu-usana-i-nosa-nakon-estetske-operacije-nosa\/\" class=\"button primary is-outline is-small mb-0\">\n\t\t\t\t\t\t\tContinue Reading\t\t\t\t\t\t<\/a>\n\t\t\t\t\t\n\t\t\t\t\t\n\t\t\t\t\t<\/div>\n\t\t\t\t\t<\/div>\n\t\t\t\t\t\t\t\t\t\t\t\t\t\t\t\t<div class=\"badge absolute top post-date badge-circle\">\n\t\t\t\t\t\t\t<div class=\"badge-inner\">\n\t\t\t\t\t\t\t\t<span class=\"post-date-day\">08<\/span><br>\n\t\t\t\t\t\t\t\t<span class=\"post-date-month is-xsmall\">\u0458\u0443\u043b<\/span>\n\t\t\t\t\t\t\t<\/div>\n\t\t\t\t\t\t<\/div>\n\t\t\t\t\t\t\t\t\t<\/div>\n\t\t\t<\/div>\n\t\t<\/div><\/div>\n\t\t<\/div>\n\t\t\t\t\t<\/div>\n\n\t\n<\/div>\n\t\t<\/div>\n\n\t\t\n<style>\n#section_1793212661 {\n  padding-top: 30px;\n  padding-bottom: 30px;\n}\n<\/style>\n\t<\/section>\n\t\n","protected":false},"excerpt":{"rendered":"","protected":false},"author":990002,"featured_media":2039,"parent":1695,"menu_order":0,"comment_status":"closed","ping_status":"closed","template":"page-blank.php","meta":{"footnotes":""},"class_list":["post-2494","page","type-page","status-publish","has-post-thumbnail","hentry"],"_links":{"self":[{"href":"https:\/\/www.alevcamcioglu.com\/sr\/wp-json\/wp\/v2\/pages\/2494","targetHints":{"allow":["GET"]}}],"collection":[{"href":"https:\/\/www.alevcamcioglu.com\/sr\/wp-json\/wp\/v2\/pages"}],"about":[{"href":"https:\/\/www.alevcamcioglu.com\/sr\/wp-json\/wp\/v2\/types\/page"}],"author":[{"embeddable":true,"href":"https:\/\/www.alevcamcioglu.com\/sr\/wp-json\/wp\/v2\/users\/990002"}],"replies":[{"embeddable":true,"href":"https:\/\/www.alevcamcioglu.com\/sr\/wp-json\/wp\/v2\/comments?post=2494"}],"version-history":[{"count":2,"href":"https:\/\/www.alevcamcioglu.com\/sr\/wp-json\/wp\/v2\/pages\/2494\/revisions"}],"predecessor-version":[{"id":11284,"href":"https:\/\/www.alevcamcioglu.com\/sr\/wp-json\/wp\/v2\/pages\/2494\/revisions\/11284"}],"up":[{"embeddable":true,"href":"https:\/\/www.alevcamcioglu.com\/sr\/wp-json\/wp\/v2\/pages\/1695"}],"wp:featuredmedia":[{"embeddable":true,"href":"https:\/\/www.alevcamcioglu.com\/sr\/wp-json\/wp\/v2\/media\/2039"}],"wp:attachment":[{"href":"https:\/\/www.alevcamcioglu.com\/sr\/wp-json\/wp\/v2\/media?parent=2494"}],"curies":[{"name":"wp","href":"https:\/\/api.w.org\/{rel}","templated":true}]}}