{"id":2467,"date":"2024-06-13T19:30:02","date_gmt":"2024-06-13T16:30:02","guid":{"rendered":"https:\/\/great-greider.212-227-6-40.plesk.page\/?page_id=2467"},"modified":"2025-10-08T12:07:23","modified_gmt":"2025-10-08T12:07:23","slug":"operacija-smanjenja-nozdrva-i-krila-nosa","status":"publish","type":"page","link":"https:\/\/www.alevcamcioglu.com\/sr\/rhinoplasty\/operacija-smanjenja-nozdrva-i-krila-nosa\/","title":{"rendered":"Operacija smanjenja nozdrva i krila nosa"},"content":{"rendered":"\n\t<section class=\"section\" id=\"section_1960167585\">\n\t\t<div class=\"section-bg fill\" >\n\t\t\t<img decoding=\"async\" width=\"1600\" height=\"900\" src=\"https:\/\/www.alevcamcioglu.com\/wp-content\/uploads\/2024\/10\/Burun-Deligi-ve-Kanadi-Kucultme-Ameliyati.jpg\" class=\"bg attachment-2048x2048 size-2048x2048\" alt=\"\" title=\"\">\t\t\t\t\t\t\n\t\t\t\n\n\t\t<\/div>\n\n\t\t\n\n\t\t<div class=\"section-content relative\">\n\t\t\t\n\t\t<\/div>\n\n\t\t\n<style>\n#section_1960167585 {\n  padding-top: 150px;\n  padding-bottom: 150px;\n}\n#section_1960167585 .section-bg img {\n  object-position: 50% 42%;\n}\n@media (min-width:550px) {\n  #section_1960167585 {\n    padding-top: 250px;\n    padding-bottom: 250px;\n  }\n}\n<\/style>\n\t<\/section>\n\t\n\n\t<section class=\"section\" id=\"section_355533375\">\n\t\t<div class=\"section-bg fill\" >\n\t\t\t\t\t\t\t\t\t\n\t\t\t\n\n\t\t<\/div>\n\n\t\t\n\n\t\t<div class=\"section-content relative\">\n\t\t\t\n<div class=\"row\"  id=\"row-1951216422\">\n\n\t<div id=\"col-843620888\" class=\"col show-for-small small-12 large-12\"  >\n\t\t\t\t<div class=\"col-inner text-center\"  >\n\t\t\t\n\t<div class=\"is-border\"\n\t\tstyle=\"border-color:rgb(75, 85, 173);border-radius:20px;border-width:1px 1px 1px 1px;\">\n\t<\/div>\n\t\t\t\n  <div id=\"page-header-606868694\" class=\"page-header-wrapper\">\n  <div class=\"page-title light simple-title\">\n\n    \n    <div class=\"page-title-inner container align-center text-center flex-row-col medium-flex-wrap\" >\n              <div class=\"title-wrapper flex-col\">\n          <h1 class=\"entry-title mb-0\">\n            Operacija smanjenja nozdrva i krila nosa          <\/h1>\n        <\/div>\n                    <div class=\"title-content flex-col\">\n        <div class=\"title-breadcrumbs pb-half pt-half\"><\/div>      <\/div>\n    <\/div>\n\n       <\/div>\n    <\/div>\n  \n\t\t<\/div>\n\t\t\t\t\t<\/div>\n\n\t\n<\/div>\n<div class=\"row\"  id=\"row-1410839184\">\n\n\t<div id=\"col-855955555\" class=\"col medium-6 small-12 large-6\"  >\n\t\t\t\t<div class=\"col-inner\"  >\n\t\t\t\n\t\t\t\n  <div id=\"page-header-187881775\" class=\"page-header-wrapper\">\n  <div class=\"page-title hide-for-small light simple-title\">\n\n    \n    <div class=\"page-title-inner container align-center flex-row medium-flex-wrap\" >\n              <div class=\"title-wrapper flex-col text-left medium-text-center\">\n          <h1 class=\"entry-title mb-0\">\n            Operacija smanjenja nozdrva i krila nosa          <\/h1>\n        <\/div>\n                    <div class=\"title-content flex-col flex-right text-right medium-text-center\">\n        <div class=\"title-breadcrumbs pb-half pt-half\"><\/div>      <\/div>\n    <\/div>\n\n       <\/div>\n    <\/div>\n  \n\t<div id=\"gap-2010468137\" class=\"gap-element clearfix hide-for-small\" style=\"display:block; height:auto;\">\n\t\t\n<style>\n#gap-2010468137 {\n  padding-top: 30px;\n}\n<\/style>\n\t<\/div>\n\t\n<p>Alaroplastika je hirur\u0161ki zahvat koji se izvodi sa ciljem smanjenja veli\u010dine nosnih prolaza i krila nosa iz estetskih razloga. Ova procedura je posebno pogodna za osobe koje imaju nesrazmeru izme\u0111u nosnih prolaza i drugih nosnih struktura. Tako\u0111e, mo\u017ee se dodati tokom operacija nosa kako bi se postigla sveobuhvatnija korekcija. Procedura nudi i estetske i funkcionalne koristi. Posebno, smanjenje veli\u010dine nosnih krila olak\u0161ava disanje. Tako pacijenti mogu re\u0161iti vi\u0161e problema jednom anestezijom. Alaroplastika tako garantuje i lepotu i lako disanje.<\/p>\n\t\t<\/div>\n\t\t\t\t\t<\/div>\n\n\t\n\n\t<div id=\"col-732358805\" class=\"col medium-6 small-12 large-6\"  >\n\t\t\t\t<div class=\"col-inner\"  >\n\t\t\t\n\t\t\t\n\t<div class=\"img has-hover x md-x lg-x y md-y lg-y\" id=\"image_1559672575\">\n\t\t\t\t\t\t\t\t<div class=\"img-inner image-cover dark\" style=\"padding-top:75%;\">\n\t\t\t<img decoding=\"async\" width=\"1242\" height=\"1114\" src=\"https:\/\/www.alevcamcioglu.com\/wp-content\/uploads\/2024\/02\/galeri27.jpg\" class=\"attachment-2048x2048 size-2048x2048\" alt=\"burun deli\u011fi k\u00fc\u00e7\u00fcltme ameliyat\u0131\" srcset=\"https:\/\/www.alevcamcioglu.com\/wp-content\/uploads\/2024\/02\/galeri27.jpg 1242w, https:\/\/www.alevcamcioglu.com\/wp-content\/uploads\/2024\/02\/galeri27-300x269.jpg 300w, https:\/\/www.alevcamcioglu.com\/wp-content\/uploads\/2024\/02\/galeri27-1024x918.jpg 1024w, https:\/\/www.alevcamcioglu.com\/wp-content\/uploads\/2024\/02\/galeri27-768x689.jpg 768w, https:\/\/www.alevcamcioglu.com\/wp-content\/uploads\/2024\/02\/galeri27-370x332.jpg 370w, https:\/\/www.alevcamcioglu.com\/wp-content\/uploads\/2024\/02\/galeri27-760x682.jpg 760w\" sizes=\"(max-width: 1242px) 100vw, 1242px\" title=\"\">\t\t\t\t\t\t\n\t\t\t\t\t<\/div>\n\t\t\t\t\t\t\t\t\n<style>\n#image_1559672575 {\n  width: 100%;\n}\n<\/style>\n\t<\/div>\n\t\n\t\t<\/div>\n\t\t\t\t\t<\/div>\n\n\t\n\n\t<div id=\"col-1061403160\" class=\"col small-12 large-12\"  >\n\t\t\t\t<div class=\"col-inner\"  >\n\t\t\t\n\t\t\t\n<h2>\u0160ta je Alaroplastika i Koje Tehnike Rezanja se Koriste?<\/h2>\n<p>Alaroplastika je hirur\u0161ki zahvat koji se izvodi uglavnom iz estetskih razloga. Uop\u0161teno, tokom ove procedure se uklanja mali deo ko\u017ee sa nosnog krila, \u010dime se su\u017eava baza nosa. Rezultat je tanji i estetskiji nos. Procedura poma\u017ee u uklanjanju nesrazmera u nosnoj strukturi. Tako\u0111e mo\u017ee imati pozitivne efekte na funkcije disanja.<\/p>\n<p>Tehnike rezanja koje se koriste pri smanjenju nosnih krila su slede\u0107e:<\/p>\n<p>Tehnika Klina:<\/p>\n<ul>\n<li>Uklanja se deo u obliku klina iz donjeg zakrivljenog dela nosnog krila.<\/li>\n<li>Ova tehnika ima za cilj smanjenje \u0161irine nosa.<\/li>\n<li>Rezi se obi\u010dno prave spolja i ne su\u017eavaju nosni prolaz.<\/li>\n<\/ul>\n<p>Tehnika Praga:<\/p>\n<ul>\n<li>Su\u017eava bazu alara kako bi se smanjila \u0161irina nosnog prolaza.<\/li>\n<li>Rezi se prave iznutra.<\/li>\n<li>Ova metoda se obi\u010dno kombinuje sa tehnikom klina.<\/li>\n<\/ul>\n<p>Weir Tehnika:<\/p>\n<ul>\n<li>Ova tehnika koju je razvio Weir se smatra pobolj\u0161anjem tehnike klina.<\/li>\n<li>Izvodi se rez koji se prilago\u0111ava zakrivljenosti nosnog prolaza.<\/li>\n<li>\u0160avovi se koriste za kreiranje kontura.<\/li>\n<\/ul>\n<p>Odluka o tome koja tehnika rezanja \u0107e se koristiti tokom hirur\u0161kog zahvata zavisi od trenutne strukture nosa pacijenta i \u017eeljenih rezultata. Alaroplastika, koja ima za cilj postizanje \u0161to prirodnijeg izgleda, smatra se podgrupom rinoplastike. Ovaj zahvat godi\u0161nje bira oko 220.000 ljudi.<\/p>\n<h2>Koje su vrste alarplastike?<\/h2>\n<p>Alarplastika je operacija smanjenja baze nosa koja se fokusira na preoblikovanje nozdrva ili su\u017eavanje alarne baze. Glavne vrste uklju\u010duju:<\/p>\n<ul>\n<li>Alarplastika sa klinastom ekscizijom<\/li>\n<li>Alarplastika po Weiru<\/li>\n<li>Alarplastika sa ekscizijom nosnog praga (sill)<\/li>\n<li>Kombinovana alarplastika (klinasta i sill ekscizija)<\/li>\n<li>Interna alarplastika (skriveni rez)<\/li>\n<li>Eksterna alarplastika<\/li>\n<li>Zatvorena alarplastika<\/li>\n<li>Otvorena alarplastika<\/li>\n<li>Asimetri\u010dna alarplastika<\/li>\n<li>Alarplastika sa smanjenjem nozdrva<\/li>\n<\/ul>\n<h2>Osobe Pogodne za Operaciju Smanjenja Nosnih Prolaza i Krila Nosa<\/h2>\n<figure id=\"attachment_2084\" aria-describedby=\"caption-attachment-2084\" style=\"width: 1024px\" class=\"wp-caption aligncenter\"><img decoding=\"async\" class=\"wp-image-2084 size-large\" src=\"https:\/\/www.alevcamcioglu.com\/wp-content\/uploads\/2024\/06\/burun-estetigi-ameliyati-oncesi-kontrol-1024x1024.jpg\" alt=\"pre operacije estetske korekcije nosa\" width=\"1024\" height=\"1024\" title=\"\" srcset=\"https:\/\/www.alevcamcioglu.com\/wp-content\/uploads\/2024\/06\/burun-estetigi-ameliyati-oncesi-kontrol-1024x1024.jpg 1024w, https:\/\/www.alevcamcioglu.com\/wp-content\/uploads\/2024\/06\/burun-estetigi-ameliyati-oncesi-kontrol-300x300.jpg 300w, https:\/\/www.alevcamcioglu.com\/wp-content\/uploads\/2024\/06\/burun-estetigi-ameliyati-oncesi-kontrol-150x150.jpg 150w, https:\/\/www.alevcamcioglu.com\/wp-content\/uploads\/2024\/06\/burun-estetigi-ameliyati-oncesi-kontrol-768x768.jpg 768w, https:\/\/www.alevcamcioglu.com\/wp-content\/uploads\/2024\/06\/burun-estetigi-ameliyati-oncesi-kontrol-370x370.jpg 370w, https:\/\/www.alevcamcioglu.com\/wp-content\/uploads\/2024\/06\/burun-estetigi-ameliyati-oncesi-kontrol-244x244.jpg 244w, https:\/\/www.alevcamcioglu.com\/wp-content\/uploads\/2024\/06\/burun-estetigi-ameliyati-oncesi-kontrol-760x760.jpg 760w, https:\/\/www.alevcamcioglu.com\/wp-content\/uploads\/2024\/06\/burun-estetigi-ameliyati-oncesi-kontrol.jpg 1080w\" sizes=\"(max-width: 1024px) 100vw, 1024px\" \/><figcaption id=\"caption-attachment-2084\" class=\"wp-caption-text\">pre operacije estetske korekcije nosa<\/figcaption><\/figure>\n<p>Operacija smanjenja nosnog prolaza ima za cilj estetske i funkcionalne pobolj\u0161anja. Ova procedura ima za cilj pove\u0107anje simetrije lica i re\u0161avanje problema sa disanjem. Pre operacije, stru\u010dni lekar detaljno procenjuje op\u0161te zdravstveno stanje pacijenta. Tako se odlu\u010duje da li je kandidat pogodan za ovaj zahvat. Osobe koje \u017eele da promene veli\u010dinu ili oblik svojih nosnih prolaza iz estetskih razloga obi\u010dno imaju slede\u0107e karakteristike:<\/p>\n<ul>\n<li>Osobe starije od 18 godina se smatraju osnovnim kandidatima za ovu operaciju.<\/li>\n<li>Osobe dobrog op\u0161teg zdravstvenog stanja smatraju se pogodnim za hirur\u0161ki zahvat.<\/li>\n<li>Osobe \u010diji su nosni prolazi ili krila nosa nesrazmerni sa strukturom lica mogu se odlu\u010diti za ovu operaciju.<\/li>\n<\/ul>\n<p>Drugi kandidati za ovu proceduru su osobe sa anatomskim problemima koji negativno uti\u010du na funkcije disanja. Su\u017eenja nosnih prolaza mogu izazvati probleme sa disanjem, koji se mogu ispraviti ovom operacijom. Tako\u0111e, pogodna je za osobe koje \u017eele da postignu estetsku ravnote\u017eu svojih nosnih prolaza ili krila nosa. Takva pode\u0161avanja omogu\u0107avaju uravnote\u017eeniji i proporcionalniji izgled lica.<\/p>\n<p>Operacija je tako\u0111e pogodna za osobe sa slede\u0107im stanjima:<\/p>\n<ul>\n<li>Osobe koje su ranije imale rinoplastiku i \u017eele da pobolj\u0161aju rezultate.<\/li>\n<li>Osobe koje su pretrpele traumatsku povredu lica.<\/li>\n<li>Osobe sa uro\u0111enim deformitetima ili asimetrijama nosnih prolaza.<\/li>\n<\/ul>\n<p><a href=\"https:\/\/www.ncbi.nlm.nih.gov\/pmc\/articles\/PMC5122555\/\" target=\"_blank\" rel=\"noopener\">Alaroplastika cilja na mesnate delove koji povezuju nosne prolaze, poznate kao alae.<\/a> Veli\u010dina i oblik ovih krila mo\u017ee varirati u zavisnosti od prirodne strukture lica. Procedura smanjuje \u0161irinu nosa uklanjanjem dela ovih krila, \u010dime se posti\u017ee estetskiji izgled.<\/p>\n<p>Kandidati za ovu proceduru imaju slede\u0107e karakteristike:<\/p>\n<ul>\n<li>Nepu\u0161a\u010di imaju prednost u postoperativnom procesu zarastanja.<\/li>\n<li>Potpuni oporavak od prethodnih hirur\u0161kih zahvata.<\/li>\n<li>Realna o\u010dekivanja u vezi sa efektima kozmeti\u010dkog zahvata na izgled.<\/li>\n<\/ul>\n<p>Najbolji na\u010din da utvrdite da li je ova procedura pogodna za vas je konsultacija sa sertifikovanim plasti\u010dnim hirurgom. Tokom ove konsultacije uzimaju se u obzir faktori kao \u0161to su va\u0161a specifi\u010dna zdravstvena stanja i prethodne kozmeti\u010dke operacije. Ovo poma\u017ee u boljoj proceni potencijalnih rezultata ove operacije.<\/p>\n<h2>Kako se Sprovodi Alaroplastika?<\/h2>\n<figure id=\"attachment_2100\" aria-describedby=\"caption-attachment-2100\" style=\"width: 1024px\" class=\"wp-caption aligncenter\"><img decoding=\"async\" class=\"wp-image-2100 size-large\" src=\"https:\/\/www.alevcamcioglu.com\/wp-content\/uploads\/2024\/06\/Burun-ameliyati-sirasinda-ameliyathaneden-goruntu-1024x1024.jpg\" alt=\"Pogled na operacionu salu tokom operacije nosa\" width=\"1024\" height=\"1024\" title=\"\" srcset=\"https:\/\/www.alevcamcioglu.com\/wp-content\/uploads\/2024\/06\/Burun-ameliyati-sirasinda-ameliyathaneden-goruntu-1024x1024.jpg 1024w, https:\/\/www.alevcamcioglu.com\/wp-content\/uploads\/2024\/06\/Burun-ameliyati-sirasinda-ameliyathaneden-goruntu-300x300.jpg 300w, https:\/\/www.alevcamcioglu.com\/wp-content\/uploads\/2024\/06\/Burun-ameliyati-sirasinda-ameliyathaneden-goruntu-150x150.jpg 150w, https:\/\/www.alevcamcioglu.com\/wp-content\/uploads\/2024\/06\/Burun-ameliyati-sirasinda-ameliyathaneden-goruntu-768x768.jpg 768w, https:\/\/www.alevcamcioglu.com\/wp-content\/uploads\/2024\/06\/Burun-ameliyati-sirasinda-ameliyathaneden-goruntu-370x370.jpg 370w, https:\/\/www.alevcamcioglu.com\/wp-content\/uploads\/2024\/06\/Burun-ameliyati-sirasinda-ameliyathaneden-goruntu-244x244.jpg 244w, https:\/\/www.alevcamcioglu.com\/wp-content\/uploads\/2024\/06\/Burun-ameliyati-sirasinda-ameliyathaneden-goruntu-760x760.jpg 760w, https:\/\/www.alevcamcioglu.com\/wp-content\/uploads\/2024\/06\/Burun-ameliyati-sirasinda-ameliyathaneden-goruntu.jpg 1080w\" sizes=\"(max-width: 1024px) 100vw, 1024px\" \/><figcaption id=\"caption-attachment-2100\" class=\"wp-caption-text\">Pogled na operacionu salu tokom operacije nosa<\/figcaption><\/figure>\n<p>Alaroplastika je hirur\u0161ki zahvat za smanjenje nosnih prolaza i krila nosa. Procedura je prilago\u0111ena estetskim i funkcionalnim potrebama pacijenta. Prvo, hirurg vodi detaljan razgovor sa pacijentom o o\u010dekivanim rezultatima. Tokom ove konsultacije, hirurg ozna\u010dava podru\u010dja koja \u0107e biti korigovana. Vrsta anestezije koja \u0107e se koristiti za zahvat odre\u0111uje se na osnovu preporuke hirurga i obima procedure. Uobi\u010dajeno, za alaroplastiku nije potrebna op\u0161ta anestezija; lokalna anestezija mo\u017ee biti dovoljna.<\/p>\n<p>Priprema za operaciju:<\/p>\n<ul>\n<li>Pacijent treba da organizuje prisustvo pratioca pre operacije.<\/li>\n<li>Uobi\u010dajeno, za alaroplastiku nije potrebna op\u0161ta anestezija, ali to mo\u017ee varirati u zavisnosti od situacije.<\/li>\n<\/ul>\n<p>Tokom procedure:<\/p>\n<ul>\n<li>Hirurg pravi precizan rez u ozna\u010denim podru\u010djima.<\/li>\n<li>Rez omogu\u0107ava uklanjanje vi\u0161ka tkiva.<\/li>\n<li>\u0160avovi se zatim postavljaju za novu formu baze nosa.<\/li>\n<li>Nakon procedure, podru\u010dje reza se prekriva zavojem.<\/li>\n<\/ul>\n<p>Nakon procedure, pacijent dobija analgetike i uputstva za negu. Pacijent mora nositi zavoj nekoliko dana. Proces zarastanja nakon alaroplastike je br\u017ei u pore\u0111enju sa drugim operacijama lica. U prvim danima je normalno da nos bude crven i ote\u010den. Ovi simptomi obi\u010dno nestaju u roku od jedne do dve nedelje.<\/p>\n<p>Proces zarastanja:<\/p>\n<ul>\n<li>\u0160avovi se uklanjaju u prvoj nedelji.<\/li>\n<li>Potpuni oporavak traje od jednog do tri meseca.<\/li>\n<\/ul>\n<p>Alaroplastika pobolj\u0161ava simetriju lica pacijenta, a tako\u0111e pove\u0107ava kapacitet za disanje. Ovaj zahvat se preferira jer pru\u017ea i estetska i funkcionalna pobolj\u0161anja.<\/p>\n<h2>Koji su Mogu\u0107i Rizici Operacije Smanjenja Nosnih Prolaza i Krila Nosa?<\/h2>\n<p>Komplikacije koje mogu nastati nakon alaroplastike su prirodni deo hirur\u0161kih intervencija. Nakon promena na ko\u017ei, u prvim danima mogu se javiti lokalne otekline i crvenilo. Tako\u0111e se mogu pojaviti blaga krvarenja. Tokom faze zarastanja, neki rizici mogu biti prisutni:<\/p>\n<ul>\n<li>Formiranje o\u017eiljaka<\/li>\n<li>Protok te\u010dnosti ili gnoja iz operativnog podru\u010dja<\/li>\n<li>Rizik od infekcije<\/li>\n<\/ul>\n\t\t<\/div>\n\t\t\t\t\t<\/div>\n\n\t\n<\/div>\n\t\t<\/div>\n\n\t\t\n<style>\n#section_355533375 {\n  padding-top: 30px;\n  padding-bottom: 30px;\n}\n<\/style>\n\t<\/section>\n\t\n\n\t<section class=\"section\" id=\"section_1000073689\">\n\t\t<div class=\"section-bg fill\" >\n\t\t\t\t\t\t\t\t\t\n\t\t\t\n\n\t\t<\/div>\n\n\t\t\n\n\t\t<div class=\"section-content relative\">\n\t\t\t\n\n<div class=\"row\"  id=\"row-1813792153\">\n\n\n\t<div id=\"col-968643883\" class=\"col small-12 large-12\"  >\n\t\t\t\t<div class=\"col-inner box-shadow-2\"  >\n\t\t\t\n\t<div class=\"is-border\"\n\t\tstyle=\"border-color:rgb(0, 0, 76);border-radius:15px;border-width:2px 2px 2px 2px;\">\n\t<\/div>\n\t\t\t\n\n<div class=\"row row-full-width align-center\"  id=\"row-444919169\">\n\n\n\t<div id=\"col-863127108\" class=\"col small-12 large-12\"  >\n\t\t\t\t<div class=\"col-inner\"  >\n\t\t\t\n\t\t\t\n\n\t<div id=\"text-1551097706\" class=\"text\">\n\t\t\n\n<h2>6 Reasons to Get  in Istanbul<\/h2>\n\t\t\n<style>\n#text-1551097706 {\n  font-size: 2rem;\n  text-align: center;\n  color: #000065;\n}\n#text-1551097706 > * {\n  color: #000065;\n}\n@media (min-width:550px) {\n  #text-1551097706 {\n    font-size: 1.2rem;\n  }\n}\n<\/style>\n\t<\/div>\n\t\n\n\t\t<\/div>\n\t\t\t\t\t<\/div>\n\n\t\n\n\t<div id=\"col-979351096\" class=\"col medium-2 small-6 large-2\"  >\n\t\t\t\t<div class=\"col-inner\"  >\n\t\t\t\n\t\t\t\n\n\t<div class=\"box has-hover   has-hover box-text-bottom\" >\n\n\t\t<div class=\"box-image\" style=\"width:60%;\">\n\t\t\t\t\t\t<div class=\"image-cover\" style=\"padding-top:100%;\">\n\t\t\t\t<img decoding=\"async\" width=\"200\" height=\"200\" src=\"https:\/\/www.alevcamcioglu.com\/wp-content\/uploads\/2025\/04\/Proven-Results.png\" class=\"attachment-2048x2048 size-2048x2048\" alt=\"\" title=\"\">\t\t\t\t\t\t\t\t\t\t\t<\/div>\n\t\t\t\t\t<\/div>\n\n\t\t<div class=\"box-text text-center\" >\n\t\t\t<div class=\"box-text-inner\">\n\t\t\t\t\n\n\t<div id=\"text-1116459009\" class=\"text\">\n\t\t\n\n<p>Dokazani rezultati<\/p>\n\n\t\t\n<style>\n#text-1116459009 {\n  font-size: 1rem;\n  color: #404040;\n}\n#text-1116459009 > * {\n  color: #404040;\n}\n<\/style>\n\t<\/div>\n\t\n\n\t\t\t<\/div>\n\t\t<\/div>\n\t<\/div>\n\t\n\n\t\t<\/div>\n\t\t\t\t\t<\/div>\n\n\t\n\n\t<div id=\"col-1289634987\" class=\"col medium-2 small-6 large-2\"  >\n\t\t\t\t<div class=\"col-inner\"  >\n\t\t\t\n\t\t\t\n\n\t<div class=\"box has-hover   has-hover box-text-bottom\" >\n\n\t\t<div class=\"box-image\" style=\"width:60%;\">\n\t\t\t\t\t\t<div class=\"image-cover\" style=\"padding-top:100%;\">\n\t\t\t\t<img decoding=\"async\" width=\"200\" height=\"200\" src=\"https:\/\/www.alevcamcioglu.com\/wp-content\/uploads\/2025\/04\/5-Star-Reviews.png\" class=\"attachment-2048x2048 size-2048x2048\" alt=\"\" title=\"\">\t\t\t\t\t\t\t\t\t\t\t<\/div>\n\t\t\t\t\t<\/div>\n\n\t\t<div class=\"box-text text-center\" >\n\t\t\t<div class=\"box-text-inner\">\n\t\t\t\t\n\n\t<div id=\"text-3488262248\" class=\"text\">\n\t\t\n\n<p>Recenzije sa 5 zvezdica<\/p>\n\n\t\t\n<style>\n#text-3488262248 {\n  font-size: 1rem;\n  color: #404040;\n}\n#text-3488262248 > * {\n  color: #404040;\n}\n<\/style>\n\t<\/div>\n\t\n\n\t\t\t<\/div>\n\t\t<\/div>\n\t<\/div>\n\t\n\n\t\t<\/div>\n\t\t\t\t\t<\/div>\n\n\t\n\n\t<div id=\"col-1879172790\" class=\"col medium-2 small-6 large-2\"  >\n\t\t\t\t<div class=\"col-inner\"  >\n\t\t\t\n\t\t\t\n\n\t<div class=\"box has-hover   has-hover box-text-bottom\" >\n\n\t\t<div class=\"box-image\" style=\"width:60%;\">\n\t\t\t\t\t\t<div class=\"image-cover\" style=\"padding-top:100%;\">\n\t\t\t\t<img decoding=\"async\" width=\"200\" height=\"200\" src=\"https:\/\/www.alevcamcioglu.com\/wp-content\/uploads\/2025\/04\/All-Inclusive-Packages.png\" class=\"attachment-2048x2048 size-2048x2048\" alt=\"\" title=\"\">\t\t\t\t\t\t\t\t\t\t\t<\/div>\n\t\t\t\t\t<\/div>\n\n\t\t<div class=\"box-text text-center\" >\n\t\t\t<div class=\"box-text-inner\">\n\t\t\t\t\n\n\t<div id=\"text-2103657291\" class=\"text\">\n\t\t\n\n<p>Paketi sa sve uklju\u010deno<\/p>\n\n\t\t\n<style>\n#text-2103657291 {\n  font-size: 1rem;\n  color: #404040;\n}\n#text-2103657291 > * {\n  color: #404040;\n}\n<\/style>\n\t<\/div>\n\t\n\n\t\t\t<\/div>\n\t\t<\/div>\n\t<\/div>\n\t\n\n\t\t<\/div>\n\t\t\t\t\t<\/div>\n\n\t\n\n\t<div id=\"col-1963029024\" class=\"col medium-2 small-6 large-2\"  >\n\t\t\t\t<div class=\"col-inner\"  >\n\t\t\t\n\t\t\t\n\n\t<div class=\"box has-hover   has-hover box-text-bottom\" >\n\n\t\t<div class=\"box-image\" style=\"width:60%;\">\n\t\t\t\t\t\t<div class=\"image-cover\" style=\"padding-top:100%;\">\n\t\t\t\t<img decoding=\"async\" width=\"200\" height=\"200\" src=\"https:\/\/www.alevcamcioglu.com\/wp-content\/uploads\/2025\/04\/Luxury-Hotels.png\" class=\"attachment-2048x2048 size-2048x2048\" alt=\"\" title=\"\">\t\t\t\t\t\t\t\t\t\t\t<\/div>\n\t\t\t\t\t<\/div>\n\n\t\t<div class=\"box-text text-center\" >\n\t\t\t<div class=\"box-text-inner\">\n\t\t\t\t\n\n\t<div id=\"text-1598841858\" class=\"text\">\n\t\t\n\n<p>Luksuzni hoteli<\/p>\n\n\t\t\n<style>\n#text-1598841858 {\n  font-size: 1rem;\n  color: #404040;\n}\n#text-1598841858 > * {\n  color: #404040;\n}\n<\/style>\n\t<\/div>\n\t\n\n\t\t\t<\/div>\n\t\t<\/div>\n\t<\/div>\n\t\n\n\t\t<\/div>\n\t\t\t\t\t<\/div>\n\n\t\n\n\t<div id=\"col-222682144\" class=\"col medium-2 small-6 large-2\"  >\n\t\t\t\t<div class=\"col-inner\"  >\n\t\t\t\n\t\t\t\n\n\t<div class=\"box has-hover   has-hover box-text-bottom\" >\n\n\t\t<div class=\"box-image\" style=\"width:60%;\">\n\t\t\t\t\t\t<div class=\"image-cover\" style=\"padding-top:100%;\">\n\t\t\t\t<img decoding=\"async\" width=\"200\" height=\"200\" src=\"https:\/\/www.alevcamcioglu.com\/wp-content\/uploads\/2025\/04\/Accredited-Hospitals.png\" class=\"attachment-2048x2048 size-2048x2048\" alt=\"\" title=\"\">\t\t\t\t\t\t\t\t\t\t\t<\/div>\n\t\t\t\t\t<\/div>\n\n\t\t<div class=\"box-text text-center\" >\n\t\t\t<div class=\"box-text-inner\">\n\t\t\t\t\n\n\t<div id=\"text-2995659156\" class=\"text\">\n\t\t\n\n<p>Akreditovane bolnice<\/p>\n\n\t\t\n<style>\n#text-2995659156 {\n  font-size: 1rem;\n  color: #404040;\n}\n#text-2995659156 > * {\n  color: #404040;\n}\n<\/style>\n\t<\/div>\n\t\n\n\t\t\t<\/div>\n\t\t<\/div>\n\t<\/div>\n\t\n\n\t\t<\/div>\n\t\t\t\t\t<\/div>\n\n\t\n\n\t<div id=\"col-258527054\" class=\"col medium-2 small-6 large-2\"  >\n\t\t\t\t<div class=\"col-inner\"  >\n\t\t\t\n\t\t\t\n\n\t<div class=\"box has-hover   has-hover box-text-bottom\" >\n\n\t\t<div class=\"box-image\" style=\"width:60%;\">\n\t\t\t\t\t\t<div class=\"image-cover\" style=\"padding-top:100%;\">\n\t\t\t\t<img decoding=\"async\" width=\"200\" height=\"200\" src=\"https:\/\/www.alevcamcioglu.com\/wp-content\/uploads\/2025\/04\/Waiting.png\" class=\"attachment-2048x2048 size-2048x2048\" alt=\"\" title=\"\">\t\t\t\t\t\t\t\t\t\t\t<\/div>\n\t\t\t\t\t<\/div>\n\n\t\t<div class=\"box-text text-center\" >\n\t\t\t<div class=\"box-text-inner\">\n\t\t\t\t\n\n\t<div id=\"text-377779119\" class=\"text\">\n\t\t\n\n<p>Postoperativna nega<\/p>\n\n\t\t\n<style>\n#text-377779119 {\n  font-size: 1rem;\n  color: #404040;\n}\n#text-377779119 > * {\n  color: #404040;\n}\n<\/style>\n\t<\/div>\n\t\n\n\t\t\t<\/div>\n\t\t<\/div>\n\t<\/div>\n\t\n\n\t\t<\/div>\n\t\t\t\t\t<\/div>\n\n\t\n\n<\/div>\n\n\t\t<\/div>\n\t\t\t\t\n<style>\n#col-968643883 > .col-inner {\n  padding: 30px 0px 0px 30px;\n  border-radius: 15px;\n}\n<\/style>\n\t<\/div>\n\n\t\n\n<\/div>\n\n\t\t<\/div>\n\n\t\t\n<style>\n#section_1000073689 {\n  padding-top: 30px;\n  padding-bottom: 30px;\n}\n<\/style>\n\t<\/section>\n\t\n\n\n\t<section class=\"section\" id=\"section_88172610\">\n\t\t<div class=\"section-bg fill\" >\n\t\t\t\t\t\t\t\t\t\n\t\t\t\n\n\t\t<\/div>\n\n\t\t\n\n\t\t<div class=\"section-content relative\">\n\t\t\t\n\n<div class=\"row\"  id=\"row-901767990\">\n\n\n\t<div id=\"col-367747348\" class=\"col small-12 large-12\"  >\n\t\t\t\t<div class=\"col-inner text-center\"  >\n\t\t\t\n\t\t\t\n\n\t<div id=\"text-2403360599\" class=\"text\">\n\t\t\n\n<h2> Fotografije pre i posle u Turskoj<\/h2>\n\n\t\t\n<style>\n#text-2403360599 {\n  font-size: 1.25rem;\n  text-align: center;\n  color: rgb(243, 58, 58);\n}\n#text-2403360599 > * {\n  color: rgb(243, 58, 58);\n}\n<\/style>\n\t<\/div>\n\t\n\n  \n    <div class=\"row large-columns-4 medium-columns-3 small-columns-2 slider row-slider slider-nav-circle slider-nav-outside slider-nav-push\"  data-flickity-options='{&quot;imagesLoaded&quot;: true, &quot;groupCells&quot;: &quot;100%&quot;, &quot;dragThreshold&quot; : 5, &quot;cellAlign&quot;: &quot;left&quot;,&quot;wrapAround&quot;: true,&quot;prevNextButtons&quot;: true,&quot;percentPosition&quot;: true,&quot;pageDots&quot;: false, &quot;rightToLeft&quot;: false, &quot;autoPlay&quot; : false}' >\n\n  <div class=\"gallery-col col\" >\n          <div class=\"col-inner\">\n            <a class=\"image-lightbox lightbox-gallery\" href=\"https:\/\/www.alevcamcioglu.com\/wp-content\/uploads\/2024\/11\/rinoplastika-pre-posle-fotografija-u-turskoj-1.jpg\" title=\"\">            <div class=\"box has-hover gallery-box box-normal\">\n              <div class=\"box-image\" >\n                <img decoding=\"async\" width=\"320\" height=\"400\" src=\"https:\/\/www.alevcamcioglu.com\/wp-content\/uploads\/2024\/11\/rinoplastika-pre-posle-fotografija-u-turskoj-1-320x400.jpg\" class=\"attachment-medium size-medium\" alt=\"\" ids=\"9479,9485,9491,9497,9503,9509,9515,9521,9527,9533,9539,9545,9551,9557,9563,9569,9575,9581,9587,9593,9599,9605,9611,9617,9623,9629,9635,9641,9647,9653,9659,9665,9671,9677,9683,9689,9695,9701,9707,9713,9719,9725,9731,9737\" style=\"normal\" lightbox_image_size=\"2048x2048\" type=\"slider\" slider_nav_style=\"circle\" slider_nav_position=\"outside\" srcset=\"https:\/\/www.alevcamcioglu.com\/wp-content\/uploads\/2024\/11\/rinoplastika-pre-posle-fotografija-u-turskoj-1-320x400.jpg 320w, https:\/\/www.alevcamcioglu.com\/wp-content\/uploads\/2024\/11\/rinoplastika-pre-posle-fotografija-u-turskoj-1-640x800.jpg 640w, https:\/\/www.alevcamcioglu.com\/wp-content\/uploads\/2024\/11\/rinoplastika-pre-posle-fotografija-u-turskoj-1-768x960.jpg 768w, https:\/\/www.alevcamcioglu.com\/wp-content\/uploads\/2024\/11\/rinoplastika-pre-posle-fotografija-u-turskoj-1.jpg 1200w\" sizes=\"(max-width: 320px) 100vw, 320px\" title=\"\">                                                              <\/div>\n              <div class=\"box-text text-left\" >\n                 <p><\/p>\n              <\/div>\n            <\/div>\n            <\/a>          <\/div>\n         <\/div><div class=\"gallery-col col\" >\n          <div class=\"col-inner\">\n            <a class=\"image-lightbox lightbox-gallery\" href=\"https:\/\/www.alevcamcioglu.com\/wp-content\/uploads\/2024\/11\/rinoplastika-pre-posle-fotografija-u-turskoj-2.jpg\" title=\"\">            <div class=\"box has-hover gallery-box box-normal\">\n              <div class=\"box-image\" >\n                <img decoding=\"async\" width=\"320\" height=\"400\" src=\"https:\/\/www.alevcamcioglu.com\/wp-content\/uploads\/2024\/11\/rinoplastika-pre-posle-fotografija-u-turskoj-2-320x400.jpg\" class=\"attachment-medium size-medium\" alt=\"\" ids=\"9479,9485,9491,9497,9503,9509,9515,9521,9527,9533,9539,9545,9551,9557,9563,9569,9575,9581,9587,9593,9599,9605,9611,9617,9623,9629,9635,9641,9647,9653,9659,9665,9671,9677,9683,9689,9695,9701,9707,9713,9719,9725,9731,9737\" style=\"normal\" lightbox_image_size=\"2048x2048\" type=\"slider\" slider_nav_style=\"circle\" slider_nav_position=\"outside\" srcset=\"https:\/\/www.alevcamcioglu.com\/wp-content\/uploads\/2024\/11\/rinoplastika-pre-posle-fotografija-u-turskoj-2-320x400.jpg 320w, https:\/\/www.alevcamcioglu.com\/wp-content\/uploads\/2024\/11\/rinoplastika-pre-posle-fotografija-u-turskoj-2-640x800.jpg 640w, https:\/\/www.alevcamcioglu.com\/wp-content\/uploads\/2024\/11\/rinoplastika-pre-posle-fotografija-u-turskoj-2-768x960.jpg 768w, https:\/\/www.alevcamcioglu.com\/wp-content\/uploads\/2024\/11\/rinoplastika-pre-posle-fotografija-u-turskoj-2.jpg 1200w\" sizes=\"(max-width: 320px) 100vw, 320px\" title=\"\">                                                              <\/div>\n              <div class=\"box-text text-left\" >\n                 <p><\/p>\n              <\/div>\n            <\/div>\n            <\/a>          <\/div>\n         <\/div><div class=\"gallery-col col\" >\n          <div class=\"col-inner\">\n            <a class=\"image-lightbox lightbox-gallery\" href=\"https:\/\/www.alevcamcioglu.com\/wp-content\/uploads\/2024\/11\/rinoplastika-pre-posle-fotografija-u-turskoj-3.jpg\" title=\"\">            <div class=\"box has-hover gallery-box box-normal\">\n              <div class=\"box-image\" >\n                <img decoding=\"async\" width=\"320\" height=\"400\" src=\"https:\/\/www.alevcamcioglu.com\/wp-content\/uploads\/2024\/11\/rinoplastika-pre-posle-fotografija-u-turskoj-3-320x400.jpg\" class=\"attachment-medium size-medium\" alt=\"\" ids=\"9479,9485,9491,9497,9503,9509,9515,9521,9527,9533,9539,9545,9551,9557,9563,9569,9575,9581,9587,9593,9599,9605,9611,9617,9623,9629,9635,9641,9647,9653,9659,9665,9671,9677,9683,9689,9695,9701,9707,9713,9719,9725,9731,9737\" style=\"normal\" lightbox_image_size=\"2048x2048\" type=\"slider\" slider_nav_style=\"circle\" slider_nav_position=\"outside\" srcset=\"https:\/\/www.alevcamcioglu.com\/wp-content\/uploads\/2024\/11\/rinoplastika-pre-posle-fotografija-u-turskoj-3-320x400.jpg 320w, https:\/\/www.alevcamcioglu.com\/wp-content\/uploads\/2024\/11\/rinoplastika-pre-posle-fotografija-u-turskoj-3-640x800.jpg 640w, https:\/\/www.alevcamcioglu.com\/wp-content\/uploads\/2024\/11\/rinoplastika-pre-posle-fotografija-u-turskoj-3-768x960.jpg 768w, https:\/\/www.alevcamcioglu.com\/wp-content\/uploads\/2024\/11\/rinoplastika-pre-posle-fotografija-u-turskoj-3.jpg 1200w\" sizes=\"(max-width: 320px) 100vw, 320px\" title=\"\">                                                              <\/div>\n              <div class=\"box-text text-left\" >\n                 <p><\/p>\n              <\/div>\n            <\/div>\n            <\/a>          <\/div>\n         <\/div><div class=\"gallery-col col\" >\n          <div class=\"col-inner\">\n            <a class=\"image-lightbox lightbox-gallery\" href=\"https:\/\/www.alevcamcioglu.com\/wp-content\/uploads\/2024\/11\/rinoplastika-pre-posle-fotografija-u-turskoj-4.jpg\" title=\"\">            <div class=\"box has-hover gallery-box box-normal\">\n              <div class=\"box-image\" >\n                <img decoding=\"async\" width=\"320\" height=\"400\" src=\"https:\/\/www.alevcamcioglu.com\/wp-content\/uploads\/2024\/11\/rinoplastika-pre-posle-fotografija-u-turskoj-4-320x400.jpg\" class=\"attachment-medium size-medium\" alt=\"\" ids=\"9479,9485,9491,9497,9503,9509,9515,9521,9527,9533,9539,9545,9551,9557,9563,9569,9575,9581,9587,9593,9599,9605,9611,9617,9623,9629,9635,9641,9647,9653,9659,9665,9671,9677,9683,9689,9695,9701,9707,9713,9719,9725,9731,9737\" style=\"normal\" lightbox_image_size=\"2048x2048\" type=\"slider\" slider_nav_style=\"circle\" slider_nav_position=\"outside\" srcset=\"https:\/\/www.alevcamcioglu.com\/wp-content\/uploads\/2024\/11\/rinoplastika-pre-posle-fotografija-u-turskoj-4-320x400.jpg 320w, https:\/\/www.alevcamcioglu.com\/wp-content\/uploads\/2024\/11\/rinoplastika-pre-posle-fotografija-u-turskoj-4-640x800.jpg 640w, https:\/\/www.alevcamcioglu.com\/wp-content\/uploads\/2024\/11\/rinoplastika-pre-posle-fotografija-u-turskoj-4-768x960.jpg 768w, https:\/\/www.alevcamcioglu.com\/wp-content\/uploads\/2024\/11\/rinoplastika-pre-posle-fotografija-u-turskoj-4.jpg 1200w\" sizes=\"(max-width: 320px) 100vw, 320px\" title=\"\">                                                              <\/div>\n              <div class=\"box-text text-left\" >\n                 <p><\/p>\n              <\/div>\n            <\/div>\n            <\/a>          <\/div>\n         <\/div><div class=\"gallery-col col\" >\n          <div class=\"col-inner\">\n            <a class=\"image-lightbox lightbox-gallery\" href=\"https:\/\/www.alevcamcioglu.com\/wp-content\/uploads\/2024\/11\/rinoplastika-pre-posle-fotografija-u-turskoj-5.jpg\" title=\"\">            <div class=\"box has-hover gallery-box box-normal\">\n              <div class=\"box-image\" >\n                <img decoding=\"async\" width=\"320\" height=\"400\" src=\"https:\/\/www.alevcamcioglu.com\/wp-content\/uploads\/2024\/11\/rinoplastika-pre-posle-fotografija-u-turskoj-5-320x400.jpg\" class=\"attachment-medium size-medium\" alt=\"\" ids=\"9479,9485,9491,9497,9503,9509,9515,9521,9527,9533,9539,9545,9551,9557,9563,9569,9575,9581,9587,9593,9599,9605,9611,9617,9623,9629,9635,9641,9647,9653,9659,9665,9671,9677,9683,9689,9695,9701,9707,9713,9719,9725,9731,9737\" style=\"normal\" lightbox_image_size=\"2048x2048\" type=\"slider\" slider_nav_style=\"circle\" slider_nav_position=\"outside\" srcset=\"https:\/\/www.alevcamcioglu.com\/wp-content\/uploads\/2024\/11\/rinoplastika-pre-posle-fotografija-u-turskoj-5-320x400.jpg 320w, https:\/\/www.alevcamcioglu.com\/wp-content\/uploads\/2024\/11\/rinoplastika-pre-posle-fotografija-u-turskoj-5-640x800.jpg 640w, https:\/\/www.alevcamcioglu.com\/wp-content\/uploads\/2024\/11\/rinoplastika-pre-posle-fotografija-u-turskoj-5-768x960.jpg 768w, https:\/\/www.alevcamcioglu.com\/wp-content\/uploads\/2024\/11\/rinoplastika-pre-posle-fotografija-u-turskoj-5.jpg 1200w\" sizes=\"(max-width: 320px) 100vw, 320px\" title=\"\">                                                              <\/div>\n              <div class=\"box-text text-left\" >\n                 <p><\/p>\n              <\/div>\n            <\/div>\n            <\/a>          <\/div>\n         <\/div><div class=\"gallery-col col\" >\n          <div class=\"col-inner\">\n            <a class=\"image-lightbox lightbox-gallery\" href=\"https:\/\/www.alevcamcioglu.com\/wp-content\/uploads\/2024\/11\/rinoplastika-pre-posle-fotografija-u-turskoj-6.jpg\" title=\"\">            <div class=\"box has-hover gallery-box box-normal\">\n              <div class=\"box-image\" >\n                <img decoding=\"async\" width=\"320\" height=\"400\" src=\"https:\/\/www.alevcamcioglu.com\/wp-content\/uploads\/2024\/11\/rinoplastika-pre-posle-fotografija-u-turskoj-6-320x400.jpg\" class=\"attachment-medium size-medium\" alt=\"\" ids=\"9479,9485,9491,9497,9503,9509,9515,9521,9527,9533,9539,9545,9551,9557,9563,9569,9575,9581,9587,9593,9599,9605,9611,9617,9623,9629,9635,9641,9647,9653,9659,9665,9671,9677,9683,9689,9695,9701,9707,9713,9719,9725,9731,9737\" style=\"normal\" lightbox_image_size=\"2048x2048\" type=\"slider\" slider_nav_style=\"circle\" slider_nav_position=\"outside\" srcset=\"https:\/\/www.alevcamcioglu.com\/wp-content\/uploads\/2024\/11\/rinoplastika-pre-posle-fotografija-u-turskoj-6-320x400.jpg 320w, https:\/\/www.alevcamcioglu.com\/wp-content\/uploads\/2024\/11\/rinoplastika-pre-posle-fotografija-u-turskoj-6-640x800.jpg 640w, https:\/\/www.alevcamcioglu.com\/wp-content\/uploads\/2024\/11\/rinoplastika-pre-posle-fotografija-u-turskoj-6-768x960.jpg 768w, https:\/\/www.alevcamcioglu.com\/wp-content\/uploads\/2024\/11\/rinoplastika-pre-posle-fotografija-u-turskoj-6.jpg 1200w\" sizes=\"(max-width: 320px) 100vw, 320px\" title=\"\">                                                              <\/div>\n              <div class=\"box-text text-left\" >\n                 <p><\/p>\n              <\/div>\n            <\/div>\n            <\/a>          <\/div>\n         <\/div><div class=\"gallery-col col\" >\n          <div class=\"col-inner\">\n            <a class=\"image-lightbox lightbox-gallery\" href=\"https:\/\/www.alevcamcioglu.com\/wp-content\/uploads\/2024\/11\/rinoplastika-pre-posle-fotografija-u-turskoj-7.jpg\" title=\"\">            <div class=\"box has-hover gallery-box box-normal\">\n              <div class=\"box-image\" >\n                <img decoding=\"async\" width=\"320\" height=\"400\" src=\"https:\/\/www.alevcamcioglu.com\/wp-content\/uploads\/2024\/11\/rinoplastika-pre-posle-fotografija-u-turskoj-7-320x400.jpg\" class=\"attachment-medium size-medium\" alt=\"\" ids=\"9479,9485,9491,9497,9503,9509,9515,9521,9527,9533,9539,9545,9551,9557,9563,9569,9575,9581,9587,9593,9599,9605,9611,9617,9623,9629,9635,9641,9647,9653,9659,9665,9671,9677,9683,9689,9695,9701,9707,9713,9719,9725,9731,9737\" style=\"normal\" lightbox_image_size=\"2048x2048\" type=\"slider\" slider_nav_style=\"circle\" slider_nav_position=\"outside\" srcset=\"https:\/\/www.alevcamcioglu.com\/wp-content\/uploads\/2024\/11\/rinoplastika-pre-posle-fotografija-u-turskoj-7-320x400.jpg 320w, https:\/\/www.alevcamcioglu.com\/wp-content\/uploads\/2024\/11\/rinoplastika-pre-posle-fotografija-u-turskoj-7-640x800.jpg 640w, https:\/\/www.alevcamcioglu.com\/wp-content\/uploads\/2024\/11\/rinoplastika-pre-posle-fotografija-u-turskoj-7-768x960.jpg 768w, https:\/\/www.alevcamcioglu.com\/wp-content\/uploads\/2024\/11\/rinoplastika-pre-posle-fotografija-u-turskoj-7.jpg 1200w\" sizes=\"(max-width: 320px) 100vw, 320px\" title=\"\">                                                              <\/div>\n              <div class=\"box-text text-left\" >\n                 <p><\/p>\n              <\/div>\n            <\/div>\n            <\/a>          <\/div>\n         <\/div><div class=\"gallery-col col\" >\n          <div class=\"col-inner\">\n            <a class=\"image-lightbox lightbox-gallery\" href=\"https:\/\/www.alevcamcioglu.com\/wp-content\/uploads\/2024\/11\/rinoplastika-pre-posle-fotografija-u-turskoj-8.jpg\" title=\"\">            <div class=\"box has-hover gallery-box box-normal\">\n              <div class=\"box-image\" >\n                <img decoding=\"async\" width=\"320\" height=\"400\" src=\"https:\/\/www.alevcamcioglu.com\/wp-content\/uploads\/2024\/11\/rinoplastika-pre-posle-fotografija-u-turskoj-8-320x400.jpg\" class=\"attachment-medium size-medium\" alt=\"\" ids=\"9479,9485,9491,9497,9503,9509,9515,9521,9527,9533,9539,9545,9551,9557,9563,9569,9575,9581,9587,9593,9599,9605,9611,9617,9623,9629,9635,9641,9647,9653,9659,9665,9671,9677,9683,9689,9695,9701,9707,9713,9719,9725,9731,9737\" style=\"normal\" lightbox_image_size=\"2048x2048\" type=\"slider\" slider_nav_style=\"circle\" slider_nav_position=\"outside\" srcset=\"https:\/\/www.alevcamcioglu.com\/wp-content\/uploads\/2024\/11\/rinoplastika-pre-posle-fotografija-u-turskoj-8-320x400.jpg 320w, https:\/\/www.alevcamcioglu.com\/wp-content\/uploads\/2024\/11\/rinoplastika-pre-posle-fotografija-u-turskoj-8-640x800.jpg 640w, https:\/\/www.alevcamcioglu.com\/wp-content\/uploads\/2024\/11\/rinoplastika-pre-posle-fotografija-u-turskoj-8-768x960.jpg 768w, https:\/\/www.alevcamcioglu.com\/wp-content\/uploads\/2024\/11\/rinoplastika-pre-posle-fotografija-u-turskoj-8.jpg 1200w\" sizes=\"(max-width: 320px) 100vw, 320px\" title=\"\">                                                              <\/div>\n              <div class=\"box-text text-left\" >\n                 <p><\/p>\n              <\/div>\n            <\/div>\n            <\/a>          <\/div>\n         <\/div><div class=\"gallery-col col\" >\n          <div class=\"col-inner\">\n            <a class=\"image-lightbox lightbox-gallery\" href=\"https:\/\/www.alevcamcioglu.com\/wp-content\/uploads\/2024\/11\/rinoplastika-pre-posle-fotografija-u-turskoj-9.jpg\" title=\"\">            <div class=\"box has-hover gallery-box box-normal\">\n              <div class=\"box-image\" >\n                <img decoding=\"async\" width=\"320\" height=\"400\" src=\"https:\/\/www.alevcamcioglu.com\/wp-content\/uploads\/2024\/11\/rinoplastika-pre-posle-fotografija-u-turskoj-9-320x400.jpg\" class=\"attachment-medium size-medium\" alt=\"\" ids=\"9479,9485,9491,9497,9503,9509,9515,9521,9527,9533,9539,9545,9551,9557,9563,9569,9575,9581,9587,9593,9599,9605,9611,9617,9623,9629,9635,9641,9647,9653,9659,9665,9671,9677,9683,9689,9695,9701,9707,9713,9719,9725,9731,9737\" style=\"normal\" lightbox_image_size=\"2048x2048\" type=\"slider\" slider_nav_style=\"circle\" slider_nav_position=\"outside\" srcset=\"https:\/\/www.alevcamcioglu.com\/wp-content\/uploads\/2024\/11\/rinoplastika-pre-posle-fotografija-u-turskoj-9-320x400.jpg 320w, https:\/\/www.alevcamcioglu.com\/wp-content\/uploads\/2024\/11\/rinoplastika-pre-posle-fotografija-u-turskoj-9-640x800.jpg 640w, https:\/\/www.alevcamcioglu.com\/wp-content\/uploads\/2024\/11\/rinoplastika-pre-posle-fotografija-u-turskoj-9-768x960.jpg 768w, https:\/\/www.alevcamcioglu.com\/wp-content\/uploads\/2024\/11\/rinoplastika-pre-posle-fotografija-u-turskoj-9.jpg 1200w\" sizes=\"(max-width: 320px) 100vw, 320px\" title=\"\">                                                              <\/div>\n              <div class=\"box-text text-left\" >\n                 <p><\/p>\n              <\/div>\n            <\/div>\n            <\/a>          <\/div>\n         <\/div><div class=\"gallery-col col\" >\n          <div class=\"col-inner\">\n            <a class=\"image-lightbox lightbox-gallery\" href=\"https:\/\/www.alevcamcioglu.com\/wp-content\/uploads\/2024\/11\/rinoplastika-pre-posle-fotografija-u-turskoj-10.jpg\" title=\"\">            <div class=\"box has-hover gallery-box box-normal\">\n              <div class=\"box-image\" >\n                <img decoding=\"async\" width=\"320\" height=\"400\" src=\"https:\/\/www.alevcamcioglu.com\/wp-content\/uploads\/2024\/11\/rinoplastika-pre-posle-fotografija-u-turskoj-10-320x400.jpg\" class=\"attachment-medium size-medium\" alt=\"\" ids=\"9479,9485,9491,9497,9503,9509,9515,9521,9527,9533,9539,9545,9551,9557,9563,9569,9575,9581,9587,9593,9599,9605,9611,9617,9623,9629,9635,9641,9647,9653,9659,9665,9671,9677,9683,9689,9695,9701,9707,9713,9719,9725,9731,9737\" style=\"normal\" lightbox_image_size=\"2048x2048\" type=\"slider\" slider_nav_style=\"circle\" slider_nav_position=\"outside\" srcset=\"https:\/\/www.alevcamcioglu.com\/wp-content\/uploads\/2024\/11\/rinoplastika-pre-posle-fotografija-u-turskoj-10-320x400.jpg 320w, https:\/\/www.alevcamcioglu.com\/wp-content\/uploads\/2024\/11\/rinoplastika-pre-posle-fotografija-u-turskoj-10-640x800.jpg 640w, https:\/\/www.alevcamcioglu.com\/wp-content\/uploads\/2024\/11\/rinoplastika-pre-posle-fotografija-u-turskoj-10-768x960.jpg 768w, https:\/\/www.alevcamcioglu.com\/wp-content\/uploads\/2024\/11\/rinoplastika-pre-posle-fotografija-u-turskoj-10.jpg 1200w\" sizes=\"(max-width: 320px) 100vw, 320px\" title=\"\">                                                              <\/div>\n              <div class=\"box-text text-left\" >\n                 <p><\/p>\n              <\/div>\n            <\/div>\n            <\/a>          <\/div>\n         <\/div><div class=\"gallery-col col\" >\n          <div class=\"col-inner\">\n            <a class=\"image-lightbox lightbox-gallery\" href=\"https:\/\/www.alevcamcioglu.com\/wp-content\/uploads\/2024\/11\/rinoplastika-pre-posle-fotografija-u-turskoj-11.jpg\" title=\"\">            <div class=\"box has-hover gallery-box box-normal\">\n              <div class=\"box-image\" >\n                <img decoding=\"async\" width=\"320\" height=\"400\" src=\"https:\/\/www.alevcamcioglu.com\/wp-content\/uploads\/2024\/11\/rinoplastika-pre-posle-fotografija-u-turskoj-11-320x400.jpg\" class=\"attachment-medium size-medium\" alt=\"\" ids=\"9479,9485,9491,9497,9503,9509,9515,9521,9527,9533,9539,9545,9551,9557,9563,9569,9575,9581,9587,9593,9599,9605,9611,9617,9623,9629,9635,9641,9647,9653,9659,9665,9671,9677,9683,9689,9695,9701,9707,9713,9719,9725,9731,9737\" style=\"normal\" lightbox_image_size=\"2048x2048\" type=\"slider\" slider_nav_style=\"circle\" slider_nav_position=\"outside\" srcset=\"https:\/\/www.alevcamcioglu.com\/wp-content\/uploads\/2024\/11\/rinoplastika-pre-posle-fotografija-u-turskoj-11-320x400.jpg 320w, https:\/\/www.alevcamcioglu.com\/wp-content\/uploads\/2024\/11\/rinoplastika-pre-posle-fotografija-u-turskoj-11-640x800.jpg 640w, https:\/\/www.alevcamcioglu.com\/wp-content\/uploads\/2024\/11\/rinoplastika-pre-posle-fotografija-u-turskoj-11-768x960.jpg 768w, https:\/\/www.alevcamcioglu.com\/wp-content\/uploads\/2024\/11\/rinoplastika-pre-posle-fotografija-u-turskoj-11.jpg 1200w\" sizes=\"(max-width: 320px) 100vw, 320px\" title=\"\">                                                              <\/div>\n              <div class=\"box-text text-left\" >\n                 <p><\/p>\n              <\/div>\n            <\/div>\n            <\/a>          <\/div>\n         <\/div><div class=\"gallery-col col\" >\n          <div class=\"col-inner\">\n            <a class=\"image-lightbox lightbox-gallery\" href=\"https:\/\/www.alevcamcioglu.com\/wp-content\/uploads\/2024\/11\/rinoplastika-pre-posle-fotografija-u-turskoj-12.jpg\" title=\"\">            <div class=\"box has-hover gallery-box box-normal\">\n              <div class=\"box-image\" >\n                <img decoding=\"async\" width=\"320\" height=\"400\" src=\"https:\/\/www.alevcamcioglu.com\/wp-content\/uploads\/2024\/11\/rinoplastika-pre-posle-fotografija-u-turskoj-12-320x400.jpg\" class=\"attachment-medium size-medium\" alt=\"\" ids=\"9479,9485,9491,9497,9503,9509,9515,9521,9527,9533,9539,9545,9551,9557,9563,9569,9575,9581,9587,9593,9599,9605,9611,9617,9623,9629,9635,9641,9647,9653,9659,9665,9671,9677,9683,9689,9695,9701,9707,9713,9719,9725,9731,9737\" style=\"normal\" lightbox_image_size=\"2048x2048\" type=\"slider\" slider_nav_style=\"circle\" slider_nav_position=\"outside\" srcset=\"https:\/\/www.alevcamcioglu.com\/wp-content\/uploads\/2024\/11\/rinoplastika-pre-posle-fotografija-u-turskoj-12-320x400.jpg 320w, https:\/\/www.alevcamcioglu.com\/wp-content\/uploads\/2024\/11\/rinoplastika-pre-posle-fotografija-u-turskoj-12-640x800.jpg 640w, https:\/\/www.alevcamcioglu.com\/wp-content\/uploads\/2024\/11\/rinoplastika-pre-posle-fotografija-u-turskoj-12-768x960.jpg 768w, https:\/\/www.alevcamcioglu.com\/wp-content\/uploads\/2024\/11\/rinoplastika-pre-posle-fotografija-u-turskoj-12.jpg 1200w\" sizes=\"(max-width: 320px) 100vw, 320px\" title=\"\">                                                              <\/div>\n              <div class=\"box-text text-left\" >\n                 <p><\/p>\n              <\/div>\n            <\/div>\n            <\/a>          <\/div>\n         <\/div><div class=\"gallery-col col\" >\n          <div class=\"col-inner\">\n            <a class=\"image-lightbox lightbox-gallery\" href=\"https:\/\/www.alevcamcioglu.com\/wp-content\/uploads\/2024\/11\/rinoplastika-pre-posle-fotografija-u-turskoj-13.jpg\" title=\"\">            <div class=\"box has-hover gallery-box box-normal\">\n              <div class=\"box-image\" >\n                <img decoding=\"async\" width=\"320\" height=\"400\" src=\"https:\/\/www.alevcamcioglu.com\/wp-content\/uploads\/2024\/11\/rinoplastika-pre-posle-fotografija-u-turskoj-13-320x400.jpg\" class=\"attachment-medium size-medium\" alt=\"\" ids=\"9479,9485,9491,9497,9503,9509,9515,9521,9527,9533,9539,9545,9551,9557,9563,9569,9575,9581,9587,9593,9599,9605,9611,9617,9623,9629,9635,9641,9647,9653,9659,9665,9671,9677,9683,9689,9695,9701,9707,9713,9719,9725,9731,9737\" style=\"normal\" lightbox_image_size=\"2048x2048\" type=\"slider\" slider_nav_style=\"circle\" slider_nav_position=\"outside\" srcset=\"https:\/\/www.alevcamcioglu.com\/wp-content\/uploads\/2024\/11\/rinoplastika-pre-posle-fotografija-u-turskoj-13-320x400.jpg 320w, https:\/\/www.alevcamcioglu.com\/wp-content\/uploads\/2024\/11\/rinoplastika-pre-posle-fotografija-u-turskoj-13-640x800.jpg 640w, https:\/\/www.alevcamcioglu.com\/wp-content\/uploads\/2024\/11\/rinoplastika-pre-posle-fotografija-u-turskoj-13-768x960.jpg 768w, https:\/\/www.alevcamcioglu.com\/wp-content\/uploads\/2024\/11\/rinoplastika-pre-posle-fotografija-u-turskoj-13.jpg 1200w\" sizes=\"(max-width: 320px) 100vw, 320px\" title=\"\">                                                              <\/div>\n              <div class=\"box-text text-left\" >\n                 <p><\/p>\n              <\/div>\n            <\/div>\n            <\/a>          <\/div>\n         <\/div><div class=\"gallery-col col\" >\n          <div class=\"col-inner\">\n            <a class=\"image-lightbox lightbox-gallery\" href=\"https:\/\/www.alevcamcioglu.com\/wp-content\/uploads\/2024\/11\/rinoplastika-pre-posle-fotografija-u-turskoj-14.jpg\" title=\"\">            <div class=\"box has-hover gallery-box box-normal\">\n              <div class=\"box-image\" >\n                <img decoding=\"async\" width=\"320\" height=\"400\" src=\"https:\/\/www.alevcamcioglu.com\/wp-content\/uploads\/2024\/11\/rinoplastika-pre-posle-fotografija-u-turskoj-14-320x400.jpg\" class=\"attachment-medium size-medium\" alt=\"\" ids=\"9479,9485,9491,9497,9503,9509,9515,9521,9527,9533,9539,9545,9551,9557,9563,9569,9575,9581,9587,9593,9599,9605,9611,9617,9623,9629,9635,9641,9647,9653,9659,9665,9671,9677,9683,9689,9695,9701,9707,9713,9719,9725,9731,9737\" style=\"normal\" lightbox_image_size=\"2048x2048\" type=\"slider\" slider_nav_style=\"circle\" slider_nav_position=\"outside\" srcset=\"https:\/\/www.alevcamcioglu.com\/wp-content\/uploads\/2024\/11\/rinoplastika-pre-posle-fotografija-u-turskoj-14-320x400.jpg 320w, https:\/\/www.alevcamcioglu.com\/wp-content\/uploads\/2024\/11\/rinoplastika-pre-posle-fotografija-u-turskoj-14-640x800.jpg 640w, https:\/\/www.alevcamcioglu.com\/wp-content\/uploads\/2024\/11\/rinoplastika-pre-posle-fotografija-u-turskoj-14-768x960.jpg 768w, https:\/\/www.alevcamcioglu.com\/wp-content\/uploads\/2024\/11\/rinoplastika-pre-posle-fotografija-u-turskoj-14.jpg 1200w\" sizes=\"(max-width: 320px) 100vw, 320px\" title=\"\">                                                              <\/div>\n              <div class=\"box-text text-left\" >\n                 <p><\/p>\n              <\/div>\n            <\/div>\n            <\/a>          <\/div>\n         <\/div><div class=\"gallery-col col\" >\n          <div class=\"col-inner\">\n            <a class=\"image-lightbox lightbox-gallery\" href=\"https:\/\/www.alevcamcioglu.com\/wp-content\/uploads\/2024\/11\/rinoplastika-pre-posle-fotografija-u-turskoj-15.jpg\" title=\"\">            <div class=\"box has-hover gallery-box box-normal\">\n              <div class=\"box-image\" >\n                <img decoding=\"async\" width=\"320\" height=\"400\" src=\"https:\/\/www.alevcamcioglu.com\/wp-content\/uploads\/2024\/11\/rinoplastika-pre-posle-fotografija-u-turskoj-15-320x400.jpg\" class=\"attachment-medium size-medium\" alt=\"\" ids=\"9479,9485,9491,9497,9503,9509,9515,9521,9527,9533,9539,9545,9551,9557,9563,9569,9575,9581,9587,9593,9599,9605,9611,9617,9623,9629,9635,9641,9647,9653,9659,9665,9671,9677,9683,9689,9695,9701,9707,9713,9719,9725,9731,9737\" style=\"normal\" lightbox_image_size=\"2048x2048\" type=\"slider\" slider_nav_style=\"circle\" slider_nav_position=\"outside\" srcset=\"https:\/\/www.alevcamcioglu.com\/wp-content\/uploads\/2024\/11\/rinoplastika-pre-posle-fotografija-u-turskoj-15-320x400.jpg 320w, https:\/\/www.alevcamcioglu.com\/wp-content\/uploads\/2024\/11\/rinoplastika-pre-posle-fotografija-u-turskoj-15-640x800.jpg 640w, https:\/\/www.alevcamcioglu.com\/wp-content\/uploads\/2024\/11\/rinoplastika-pre-posle-fotografija-u-turskoj-15-768x960.jpg 768w, https:\/\/www.alevcamcioglu.com\/wp-content\/uploads\/2024\/11\/rinoplastika-pre-posle-fotografija-u-turskoj-15.jpg 1200w\" sizes=\"(max-width: 320px) 100vw, 320px\" title=\"\">                                                              <\/div>\n              <div class=\"box-text text-left\" >\n                 <p><\/p>\n              <\/div>\n            <\/div>\n            <\/a>          <\/div>\n         <\/div><div class=\"gallery-col col\" >\n          <div class=\"col-inner\">\n            <a class=\"image-lightbox lightbox-gallery\" href=\"https:\/\/www.alevcamcioglu.com\/wp-content\/uploads\/2024\/11\/rinoplastika-pre-posle-fotografija-u-turskoj-16.jpg\" title=\"\">            <div class=\"box has-hover gallery-box box-normal\">\n              <div class=\"box-image\" >\n                <img decoding=\"async\" width=\"320\" height=\"400\" src=\"https:\/\/www.alevcamcioglu.com\/wp-content\/uploads\/2024\/11\/rinoplastika-pre-posle-fotografija-u-turskoj-16-320x400.jpg\" class=\"attachment-medium size-medium\" alt=\"\" ids=\"9479,9485,9491,9497,9503,9509,9515,9521,9527,9533,9539,9545,9551,9557,9563,9569,9575,9581,9587,9593,9599,9605,9611,9617,9623,9629,9635,9641,9647,9653,9659,9665,9671,9677,9683,9689,9695,9701,9707,9713,9719,9725,9731,9737\" style=\"normal\" lightbox_image_size=\"2048x2048\" type=\"slider\" slider_nav_style=\"circle\" slider_nav_position=\"outside\" srcset=\"https:\/\/www.alevcamcioglu.com\/wp-content\/uploads\/2024\/11\/rinoplastika-pre-posle-fotografija-u-turskoj-16-320x400.jpg 320w, https:\/\/www.alevcamcioglu.com\/wp-content\/uploads\/2024\/11\/rinoplastika-pre-posle-fotografija-u-turskoj-16-640x800.jpg 640w, https:\/\/www.alevcamcioglu.com\/wp-content\/uploads\/2024\/11\/rinoplastika-pre-posle-fotografija-u-turskoj-16-768x960.jpg 768w, https:\/\/www.alevcamcioglu.com\/wp-content\/uploads\/2024\/11\/rinoplastika-pre-posle-fotografija-u-turskoj-16.jpg 1200w\" sizes=\"(max-width: 320px) 100vw, 320px\" title=\"\">                                                              <\/div>\n              <div class=\"box-text text-left\" >\n                 <p><\/p>\n              <\/div>\n            <\/div>\n            <\/a>          <\/div>\n         <\/div><div class=\"gallery-col col\" >\n          <div class=\"col-inner\">\n            <a class=\"image-lightbox lightbox-gallery\" href=\"https:\/\/www.alevcamcioglu.com\/wp-content\/uploads\/2024\/11\/rinoplastika-pre-posle-fotografija-u-turskoj-17.jpg\" title=\"\">            <div class=\"box has-hover gallery-box box-normal\">\n              <div class=\"box-image\" >\n                <img decoding=\"async\" width=\"320\" height=\"400\" src=\"https:\/\/www.alevcamcioglu.com\/wp-content\/uploads\/2024\/11\/rinoplastika-pre-posle-fotografija-u-turskoj-17-320x400.jpg\" class=\"attachment-medium size-medium\" alt=\"\" ids=\"9479,9485,9491,9497,9503,9509,9515,9521,9527,9533,9539,9545,9551,9557,9563,9569,9575,9581,9587,9593,9599,9605,9611,9617,9623,9629,9635,9641,9647,9653,9659,9665,9671,9677,9683,9689,9695,9701,9707,9713,9719,9725,9731,9737\" style=\"normal\" lightbox_image_size=\"2048x2048\" type=\"slider\" slider_nav_style=\"circle\" slider_nav_position=\"outside\" srcset=\"https:\/\/www.alevcamcioglu.com\/wp-content\/uploads\/2024\/11\/rinoplastika-pre-posle-fotografija-u-turskoj-17-320x400.jpg 320w, https:\/\/www.alevcamcioglu.com\/wp-content\/uploads\/2024\/11\/rinoplastika-pre-posle-fotografija-u-turskoj-17-640x800.jpg 640w, https:\/\/www.alevcamcioglu.com\/wp-content\/uploads\/2024\/11\/rinoplastika-pre-posle-fotografija-u-turskoj-17-768x960.jpg 768w, https:\/\/www.alevcamcioglu.com\/wp-content\/uploads\/2024\/11\/rinoplastika-pre-posle-fotografija-u-turskoj-17.jpg 1200w\" sizes=\"(max-width: 320px) 100vw, 320px\" title=\"\">                                                              <\/div>\n              <div class=\"box-text text-left\" >\n                 <p><\/p>\n              <\/div>\n            <\/div>\n            <\/a>          <\/div>\n         <\/div><div class=\"gallery-col col\" >\n          <div class=\"col-inner\">\n            <a class=\"image-lightbox lightbox-gallery\" href=\"https:\/\/www.alevcamcioglu.com\/wp-content\/uploads\/2024\/11\/rinoplastika-pre-posle-fotografija-u-turskoj-18.jpg\" title=\"\">            <div class=\"box has-hover gallery-box box-normal\">\n              <div class=\"box-image\" >\n                <img decoding=\"async\" width=\"320\" height=\"400\" src=\"https:\/\/www.alevcamcioglu.com\/wp-content\/uploads\/2024\/11\/rinoplastika-pre-posle-fotografija-u-turskoj-18-320x400.jpg\" class=\"attachment-medium size-medium\" alt=\"\" ids=\"9479,9485,9491,9497,9503,9509,9515,9521,9527,9533,9539,9545,9551,9557,9563,9569,9575,9581,9587,9593,9599,9605,9611,9617,9623,9629,9635,9641,9647,9653,9659,9665,9671,9677,9683,9689,9695,9701,9707,9713,9719,9725,9731,9737\" style=\"normal\" lightbox_image_size=\"2048x2048\" type=\"slider\" slider_nav_style=\"circle\" slider_nav_position=\"outside\" srcset=\"https:\/\/www.alevcamcioglu.com\/wp-content\/uploads\/2024\/11\/rinoplastika-pre-posle-fotografija-u-turskoj-18-320x400.jpg 320w, https:\/\/www.alevcamcioglu.com\/wp-content\/uploads\/2024\/11\/rinoplastika-pre-posle-fotografija-u-turskoj-18-640x800.jpg 640w, https:\/\/www.alevcamcioglu.com\/wp-content\/uploads\/2024\/11\/rinoplastika-pre-posle-fotografija-u-turskoj-18-768x960.jpg 768w, https:\/\/www.alevcamcioglu.com\/wp-content\/uploads\/2024\/11\/rinoplastika-pre-posle-fotografija-u-turskoj-18.jpg 1000w\" sizes=\"(max-width: 320px) 100vw, 320px\" title=\"\">                                                              <\/div>\n              <div class=\"box-text text-left\" >\n                 <p><\/p>\n              <\/div>\n            <\/div>\n            <\/a>          <\/div>\n         <\/div><div class=\"gallery-col col\" >\n          <div class=\"col-inner\">\n            <a class=\"image-lightbox lightbox-gallery\" href=\"https:\/\/www.alevcamcioglu.com\/wp-content\/uploads\/2024\/11\/rinoplastika-pre-posle-fotografija-u-turskoj-19.jpg\" title=\"\">            <div class=\"box has-hover gallery-box box-normal\">\n              <div class=\"box-image\" >\n                <img decoding=\"async\" width=\"320\" height=\"400\" src=\"https:\/\/www.alevcamcioglu.com\/wp-content\/uploads\/2024\/11\/rinoplastika-pre-posle-fotografija-u-turskoj-19-320x400.jpg\" class=\"attachment-medium size-medium\" alt=\"\" ids=\"9479,9485,9491,9497,9503,9509,9515,9521,9527,9533,9539,9545,9551,9557,9563,9569,9575,9581,9587,9593,9599,9605,9611,9617,9623,9629,9635,9641,9647,9653,9659,9665,9671,9677,9683,9689,9695,9701,9707,9713,9719,9725,9731,9737\" style=\"normal\" lightbox_image_size=\"2048x2048\" type=\"slider\" slider_nav_style=\"circle\" slider_nav_position=\"outside\" srcset=\"https:\/\/www.alevcamcioglu.com\/wp-content\/uploads\/2024\/11\/rinoplastika-pre-posle-fotografija-u-turskoj-19-320x400.jpg 320w, https:\/\/www.alevcamcioglu.com\/wp-content\/uploads\/2024\/11\/rinoplastika-pre-posle-fotografija-u-turskoj-19-640x800.jpg 640w, https:\/\/www.alevcamcioglu.com\/wp-content\/uploads\/2024\/11\/rinoplastika-pre-posle-fotografija-u-turskoj-19-768x960.jpg 768w, https:\/\/www.alevcamcioglu.com\/wp-content\/uploads\/2024\/11\/rinoplastika-pre-posle-fotografija-u-turskoj-19.jpg 1000w\" sizes=\"(max-width: 320px) 100vw, 320px\" title=\"\">                                                              <\/div>\n              <div class=\"box-text text-left\" >\n                 <p><\/p>\n              <\/div>\n            <\/div>\n            <\/a>          <\/div>\n         <\/div><div class=\"gallery-col col\" >\n          <div class=\"col-inner\">\n            <a class=\"image-lightbox lightbox-gallery\" href=\"https:\/\/www.alevcamcioglu.com\/wp-content\/uploads\/2024\/11\/rinoplastika-pre-posle-fotografija-u-turskoj-20.jpg\" title=\"\">            <div class=\"box has-hover gallery-box box-normal\">\n              <div class=\"box-image\" >\n                <img decoding=\"async\" width=\"320\" height=\"400\" src=\"https:\/\/www.alevcamcioglu.com\/wp-content\/uploads\/2024\/11\/rinoplastika-pre-posle-fotografija-u-turskoj-20-320x400.jpg\" class=\"attachment-medium size-medium\" alt=\"\" ids=\"9479,9485,9491,9497,9503,9509,9515,9521,9527,9533,9539,9545,9551,9557,9563,9569,9575,9581,9587,9593,9599,9605,9611,9617,9623,9629,9635,9641,9647,9653,9659,9665,9671,9677,9683,9689,9695,9701,9707,9713,9719,9725,9731,9737\" style=\"normal\" lightbox_image_size=\"2048x2048\" type=\"slider\" slider_nav_style=\"circle\" slider_nav_position=\"outside\" srcset=\"https:\/\/www.alevcamcioglu.com\/wp-content\/uploads\/2024\/11\/rinoplastika-pre-posle-fotografija-u-turskoj-20-320x400.jpg 320w, https:\/\/www.alevcamcioglu.com\/wp-content\/uploads\/2024\/11\/rinoplastika-pre-posle-fotografija-u-turskoj-20-639x800.jpg 639w, https:\/\/www.alevcamcioglu.com\/wp-content\/uploads\/2024\/11\/rinoplastika-pre-posle-fotografija-u-turskoj-20-768x961.jpg 768w, https:\/\/www.alevcamcioglu.com\/wp-content\/uploads\/2024\/11\/rinoplastika-pre-posle-fotografija-u-turskoj-20.jpg 999w\" sizes=\"(max-width: 320px) 100vw, 320px\" title=\"\">                                                              <\/div>\n              <div class=\"box-text text-left\" >\n                 <p><\/p>\n              <\/div>\n            <\/div>\n            <\/a>          <\/div>\n         <\/div><div class=\"gallery-col col\" >\n          <div class=\"col-inner\">\n            <a class=\"image-lightbox lightbox-gallery\" href=\"https:\/\/www.alevcamcioglu.com\/wp-content\/uploads\/2024\/11\/rinoplastika-pre-posle-fotografija-u-turskoj-21.jpg\" title=\"\">            <div class=\"box has-hover gallery-box box-normal\">\n              <div class=\"box-image\" >\n                <img decoding=\"async\" width=\"320\" height=\"400\" src=\"https:\/\/www.alevcamcioglu.com\/wp-content\/uploads\/2024\/11\/rinoplastika-pre-posle-fotografija-u-turskoj-21-320x400.jpg\" class=\"attachment-medium size-medium\" alt=\"\" ids=\"9479,9485,9491,9497,9503,9509,9515,9521,9527,9533,9539,9545,9551,9557,9563,9569,9575,9581,9587,9593,9599,9605,9611,9617,9623,9629,9635,9641,9647,9653,9659,9665,9671,9677,9683,9689,9695,9701,9707,9713,9719,9725,9731,9737\" style=\"normal\" lightbox_image_size=\"2048x2048\" type=\"slider\" slider_nav_style=\"circle\" slider_nav_position=\"outside\" srcset=\"https:\/\/www.alevcamcioglu.com\/wp-content\/uploads\/2024\/11\/rinoplastika-pre-posle-fotografija-u-turskoj-21-320x400.jpg 320w, https:\/\/www.alevcamcioglu.com\/wp-content\/uploads\/2024\/11\/rinoplastika-pre-posle-fotografija-u-turskoj-21-640x800.jpg 640w, https:\/\/www.alevcamcioglu.com\/wp-content\/uploads\/2024\/11\/rinoplastika-pre-posle-fotografija-u-turskoj-21-768x960.jpg 768w, https:\/\/www.alevcamcioglu.com\/wp-content\/uploads\/2024\/11\/rinoplastika-pre-posle-fotografija-u-turskoj-21.jpg 1000w\" sizes=\"(max-width: 320px) 100vw, 320px\" title=\"\">                                                              <\/div>\n              <div class=\"box-text text-left\" >\n                 <p><\/p>\n              <\/div>\n            <\/div>\n            <\/a>          <\/div>\n         <\/div><div class=\"gallery-col col\" >\n          <div class=\"col-inner\">\n            <a class=\"image-lightbox lightbox-gallery\" href=\"https:\/\/www.alevcamcioglu.com\/wp-content\/uploads\/2024\/11\/rinoplastika-pre-posle-fotografija-u-turskoj-22.jpg\" title=\"\">            <div class=\"box has-hover gallery-box box-normal\">\n              <div class=\"box-image\" >\n                <img decoding=\"async\" width=\"320\" height=\"400\" src=\"https:\/\/www.alevcamcioglu.com\/wp-content\/uploads\/2024\/11\/rinoplastika-pre-posle-fotografija-u-turskoj-22-320x400.jpg\" class=\"attachment-medium size-medium\" alt=\"\" ids=\"9479,9485,9491,9497,9503,9509,9515,9521,9527,9533,9539,9545,9551,9557,9563,9569,9575,9581,9587,9593,9599,9605,9611,9617,9623,9629,9635,9641,9647,9653,9659,9665,9671,9677,9683,9689,9695,9701,9707,9713,9719,9725,9731,9737\" style=\"normal\" lightbox_image_size=\"2048x2048\" type=\"slider\" slider_nav_style=\"circle\" slider_nav_position=\"outside\" srcset=\"https:\/\/www.alevcamcioglu.com\/wp-content\/uploads\/2024\/11\/rinoplastika-pre-posle-fotografija-u-turskoj-22-320x400.jpg 320w, https:\/\/www.alevcamcioglu.com\/wp-content\/uploads\/2024\/11\/rinoplastika-pre-posle-fotografija-u-turskoj-22-640x800.jpg 640w, https:\/\/www.alevcamcioglu.com\/wp-content\/uploads\/2024\/11\/rinoplastika-pre-posle-fotografija-u-turskoj-22-768x960.jpg 768w, https:\/\/www.alevcamcioglu.com\/wp-content\/uploads\/2024\/11\/rinoplastika-pre-posle-fotografija-u-turskoj-22.jpg 1000w\" sizes=\"(max-width: 320px) 100vw, 320px\" title=\"\">                                                              <\/div>\n              <div class=\"box-text text-left\" >\n                 <p><\/p>\n              <\/div>\n            <\/div>\n            <\/a>          <\/div>\n         <\/div><div class=\"gallery-col col\" >\n          <div class=\"col-inner\">\n            <a class=\"image-lightbox lightbox-gallery\" href=\"https:\/\/www.alevcamcioglu.com\/wp-content\/uploads\/2024\/11\/rinoplastika-pre-posle-fotografija-u-turskoj-23.jpg\" title=\"\">            <div class=\"box has-hover gallery-box box-normal\">\n              <div class=\"box-image\" >\n                <img decoding=\"async\" width=\"320\" height=\"400\" src=\"https:\/\/www.alevcamcioglu.com\/wp-content\/uploads\/2024\/11\/rinoplastika-pre-posle-fotografija-u-turskoj-23-320x400.jpg\" class=\"attachment-medium size-medium\" alt=\"\" ids=\"9479,9485,9491,9497,9503,9509,9515,9521,9527,9533,9539,9545,9551,9557,9563,9569,9575,9581,9587,9593,9599,9605,9611,9617,9623,9629,9635,9641,9647,9653,9659,9665,9671,9677,9683,9689,9695,9701,9707,9713,9719,9725,9731,9737\" style=\"normal\" lightbox_image_size=\"2048x2048\" type=\"slider\" slider_nav_style=\"circle\" slider_nav_position=\"outside\" srcset=\"https:\/\/www.alevcamcioglu.com\/wp-content\/uploads\/2024\/11\/rinoplastika-pre-posle-fotografija-u-turskoj-23-320x400.jpg 320w, https:\/\/www.alevcamcioglu.com\/wp-content\/uploads\/2024\/11\/rinoplastika-pre-posle-fotografija-u-turskoj-23-640x800.jpg 640w, https:\/\/www.alevcamcioglu.com\/wp-content\/uploads\/2024\/11\/rinoplastika-pre-posle-fotografija-u-turskoj-23-768x960.jpg 768w, https:\/\/www.alevcamcioglu.com\/wp-content\/uploads\/2024\/11\/rinoplastika-pre-posle-fotografija-u-turskoj-23.jpg 1000w\" sizes=\"(max-width: 320px) 100vw, 320px\" title=\"\">                                                              <\/div>\n              <div class=\"box-text text-left\" >\n                 <p><\/p>\n              <\/div>\n            <\/div>\n            <\/a>          <\/div>\n         <\/div><div class=\"gallery-col col\" >\n          <div class=\"col-inner\">\n            <a class=\"image-lightbox lightbox-gallery\" href=\"https:\/\/www.alevcamcioglu.com\/wp-content\/uploads\/2024\/11\/rinoplastika-pre-posle-fotografija-u-turskoj-24.jpg\" title=\"\">            <div class=\"box has-hover gallery-box box-normal\">\n              <div class=\"box-image\" >\n                <img decoding=\"async\" width=\"320\" height=\"400\" src=\"https:\/\/www.alevcamcioglu.com\/wp-content\/uploads\/2024\/11\/rinoplastika-pre-posle-fotografija-u-turskoj-24-320x400.jpg\" class=\"attachment-medium size-medium\" alt=\"\" ids=\"9479,9485,9491,9497,9503,9509,9515,9521,9527,9533,9539,9545,9551,9557,9563,9569,9575,9581,9587,9593,9599,9605,9611,9617,9623,9629,9635,9641,9647,9653,9659,9665,9671,9677,9683,9689,9695,9701,9707,9713,9719,9725,9731,9737\" style=\"normal\" lightbox_image_size=\"2048x2048\" type=\"slider\" slider_nav_style=\"circle\" slider_nav_position=\"outside\" srcset=\"https:\/\/www.alevcamcioglu.com\/wp-content\/uploads\/2024\/11\/rinoplastika-pre-posle-fotografija-u-turskoj-24-320x400.jpg 320w, https:\/\/www.alevcamcioglu.com\/wp-content\/uploads\/2024\/11\/rinoplastika-pre-posle-fotografija-u-turskoj-24-640x800.jpg 640w, https:\/\/www.alevcamcioglu.com\/wp-content\/uploads\/2024\/11\/rinoplastika-pre-posle-fotografija-u-turskoj-24-768x960.jpg 768w, https:\/\/www.alevcamcioglu.com\/wp-content\/uploads\/2024\/11\/rinoplastika-pre-posle-fotografija-u-turskoj-24.jpg 1000w\" sizes=\"(max-width: 320px) 100vw, 320px\" title=\"\">                                                              <\/div>\n              <div class=\"box-text text-left\" >\n                 <p><\/p>\n              <\/div>\n            <\/div>\n            <\/a>          <\/div>\n         <\/div><div class=\"gallery-col col\" >\n          <div class=\"col-inner\">\n            <a class=\"image-lightbox lightbox-gallery\" href=\"https:\/\/www.alevcamcioglu.com\/wp-content\/uploads\/2024\/11\/rinoplastika-pre-posle-fotografija-u-turskoj-25.jpg\" title=\"\">            <div class=\"box has-hover gallery-box box-normal\">\n              <div class=\"box-image\" >\n                <img decoding=\"async\" width=\"320\" height=\"400\" src=\"https:\/\/www.alevcamcioglu.com\/wp-content\/uploads\/2024\/11\/rinoplastika-pre-posle-fotografija-u-turskoj-25-320x400.jpg\" class=\"attachment-medium size-medium\" alt=\"\" ids=\"9479,9485,9491,9497,9503,9509,9515,9521,9527,9533,9539,9545,9551,9557,9563,9569,9575,9581,9587,9593,9599,9605,9611,9617,9623,9629,9635,9641,9647,9653,9659,9665,9671,9677,9683,9689,9695,9701,9707,9713,9719,9725,9731,9737\" style=\"normal\" lightbox_image_size=\"2048x2048\" type=\"slider\" slider_nav_style=\"circle\" slider_nav_position=\"outside\" srcset=\"https:\/\/www.alevcamcioglu.com\/wp-content\/uploads\/2024\/11\/rinoplastika-pre-posle-fotografija-u-turskoj-25-320x400.jpg 320w, https:\/\/www.alevcamcioglu.com\/wp-content\/uploads\/2024\/11\/rinoplastika-pre-posle-fotografija-u-turskoj-25-640x800.jpg 640w, https:\/\/www.alevcamcioglu.com\/wp-content\/uploads\/2024\/11\/rinoplastika-pre-posle-fotografija-u-turskoj-25-768x960.jpg 768w, https:\/\/www.alevcamcioglu.com\/wp-content\/uploads\/2024\/11\/rinoplastika-pre-posle-fotografija-u-turskoj-25.jpg 1000w\" sizes=\"(max-width: 320px) 100vw, 320px\" title=\"\">                                                              <\/div>\n              <div class=\"box-text text-left\" >\n                 <p><\/p>\n              <\/div>\n            <\/div>\n            <\/a>          <\/div>\n         <\/div><div class=\"gallery-col col\" >\n          <div class=\"col-inner\">\n            <a class=\"image-lightbox lightbox-gallery\" href=\"https:\/\/www.alevcamcioglu.com\/wp-content\/uploads\/2024\/11\/rinoplastika-pre-posle-fotografija-u-turskoj-26.jpg\" title=\"\">            <div class=\"box has-hover gallery-box box-normal\">\n              <div class=\"box-image\" >\n                <img decoding=\"async\" width=\"320\" height=\"400\" src=\"https:\/\/www.alevcamcioglu.com\/wp-content\/uploads\/2024\/11\/rinoplastika-pre-posle-fotografija-u-turskoj-26-320x400.jpg\" class=\"attachment-medium size-medium\" alt=\"\" ids=\"9479,9485,9491,9497,9503,9509,9515,9521,9527,9533,9539,9545,9551,9557,9563,9569,9575,9581,9587,9593,9599,9605,9611,9617,9623,9629,9635,9641,9647,9653,9659,9665,9671,9677,9683,9689,9695,9701,9707,9713,9719,9725,9731,9737\" style=\"normal\" lightbox_image_size=\"2048x2048\" type=\"slider\" slider_nav_style=\"circle\" slider_nav_position=\"outside\" srcset=\"https:\/\/www.alevcamcioglu.com\/wp-content\/uploads\/2024\/11\/rinoplastika-pre-posle-fotografija-u-turskoj-26-320x400.jpg 320w, https:\/\/www.alevcamcioglu.com\/wp-content\/uploads\/2024\/11\/rinoplastika-pre-posle-fotografija-u-turskoj-26-640x800.jpg 640w, https:\/\/www.alevcamcioglu.com\/wp-content\/uploads\/2024\/11\/rinoplastika-pre-posle-fotografija-u-turskoj-26-768x960.jpg 768w, https:\/\/www.alevcamcioglu.com\/wp-content\/uploads\/2024\/11\/rinoplastika-pre-posle-fotografija-u-turskoj-26.jpg 1000w\" sizes=\"(max-width: 320px) 100vw, 320px\" title=\"\">                                                              <\/div>\n              <div class=\"box-text text-left\" >\n                 <p><\/p>\n              <\/div>\n            <\/div>\n            <\/a>          <\/div>\n         <\/div><div class=\"gallery-col col\" >\n          <div class=\"col-inner\">\n            <a class=\"image-lightbox lightbox-gallery\" href=\"https:\/\/www.alevcamcioglu.com\/wp-content\/uploads\/2024\/11\/rinoplastika-pre-posle-fotografija-u-turskoj-27.jpg\" title=\"\">            <div class=\"box has-hover gallery-box box-normal\">\n              <div class=\"box-image\" >\n                <img decoding=\"async\" width=\"320\" height=\"400\" src=\"https:\/\/www.alevcamcioglu.com\/wp-content\/uploads\/2024\/11\/rinoplastika-pre-posle-fotografija-u-turskoj-27-320x400.jpg\" class=\"attachment-medium size-medium\" alt=\"\" ids=\"9479,9485,9491,9497,9503,9509,9515,9521,9527,9533,9539,9545,9551,9557,9563,9569,9575,9581,9587,9593,9599,9605,9611,9617,9623,9629,9635,9641,9647,9653,9659,9665,9671,9677,9683,9689,9695,9701,9707,9713,9719,9725,9731,9737\" style=\"normal\" lightbox_image_size=\"2048x2048\" type=\"slider\" slider_nav_style=\"circle\" slider_nav_position=\"outside\" srcset=\"https:\/\/www.alevcamcioglu.com\/wp-content\/uploads\/2024\/11\/rinoplastika-pre-posle-fotografija-u-turskoj-27-320x400.jpg 320w, https:\/\/www.alevcamcioglu.com\/wp-content\/uploads\/2024\/11\/rinoplastika-pre-posle-fotografija-u-turskoj-27-640x800.jpg 640w, https:\/\/www.alevcamcioglu.com\/wp-content\/uploads\/2024\/11\/rinoplastika-pre-posle-fotografija-u-turskoj-27-768x960.jpg 768w, https:\/\/www.alevcamcioglu.com\/wp-content\/uploads\/2024\/11\/rinoplastika-pre-posle-fotografija-u-turskoj-27.jpg 1000w\" sizes=\"(max-width: 320px) 100vw, 320px\" title=\"\">                                                              <\/div>\n              <div class=\"box-text text-left\" >\n                 <p><\/p>\n              <\/div>\n            <\/div>\n            <\/a>          <\/div>\n         <\/div><div class=\"gallery-col col\" >\n          <div class=\"col-inner\">\n            <a class=\"image-lightbox lightbox-gallery\" href=\"https:\/\/www.alevcamcioglu.com\/wp-content\/uploads\/2024\/11\/rinoplastika-pre-posle-fotografija-u-turskoj-28.jpg\" title=\"\">            <div class=\"box has-hover gallery-box box-normal\">\n              <div class=\"box-image\" >\n                <img decoding=\"async\" width=\"320\" height=\"400\" src=\"https:\/\/www.alevcamcioglu.com\/wp-content\/uploads\/2024\/11\/rinoplastika-pre-posle-fotografija-u-turskoj-28-320x400.jpg\" class=\"attachment-medium size-medium\" alt=\"\" ids=\"9479,9485,9491,9497,9503,9509,9515,9521,9527,9533,9539,9545,9551,9557,9563,9569,9575,9581,9587,9593,9599,9605,9611,9617,9623,9629,9635,9641,9647,9653,9659,9665,9671,9677,9683,9689,9695,9701,9707,9713,9719,9725,9731,9737\" style=\"normal\" lightbox_image_size=\"2048x2048\" type=\"slider\" slider_nav_style=\"circle\" slider_nav_position=\"outside\" srcset=\"https:\/\/www.alevcamcioglu.com\/wp-content\/uploads\/2024\/11\/rinoplastika-pre-posle-fotografija-u-turskoj-28-320x400.jpg 320w, https:\/\/www.alevcamcioglu.com\/wp-content\/uploads\/2024\/11\/rinoplastika-pre-posle-fotografija-u-turskoj-28-640x800.jpg 640w, https:\/\/www.alevcamcioglu.com\/wp-content\/uploads\/2024\/11\/rinoplastika-pre-posle-fotografija-u-turskoj-28-768x960.jpg 768w, https:\/\/www.alevcamcioglu.com\/wp-content\/uploads\/2024\/11\/rinoplastika-pre-posle-fotografija-u-turskoj-28.jpg 1000w\" sizes=\"(max-width: 320px) 100vw, 320px\" title=\"\">                                                              <\/div>\n              <div class=\"box-text text-left\" >\n                 <p><\/p>\n              <\/div>\n            <\/div>\n            <\/a>          <\/div>\n         <\/div><div class=\"gallery-col col\" >\n          <div class=\"col-inner\">\n            <a class=\"image-lightbox lightbox-gallery\" href=\"https:\/\/www.alevcamcioglu.com\/wp-content\/uploads\/2024\/11\/rinoplastika-pre-posle-fotografija-u-turskoj-29.jpg\" title=\"\">            <div class=\"box has-hover gallery-box box-normal\">\n              <div class=\"box-image\" >\n                <img decoding=\"async\" width=\"320\" height=\"400\" src=\"https:\/\/www.alevcamcioglu.com\/wp-content\/uploads\/2024\/11\/rinoplastika-pre-posle-fotografija-u-turskoj-29-320x400.jpg\" class=\"attachment-medium size-medium\" alt=\"\" ids=\"9479,9485,9491,9497,9503,9509,9515,9521,9527,9533,9539,9545,9551,9557,9563,9569,9575,9581,9587,9593,9599,9605,9611,9617,9623,9629,9635,9641,9647,9653,9659,9665,9671,9677,9683,9689,9695,9701,9707,9713,9719,9725,9731,9737\" style=\"normal\" lightbox_image_size=\"2048x2048\" type=\"slider\" slider_nav_style=\"circle\" slider_nav_position=\"outside\" srcset=\"https:\/\/www.alevcamcioglu.com\/wp-content\/uploads\/2024\/11\/rinoplastika-pre-posle-fotografija-u-turskoj-29-320x400.jpg 320w, https:\/\/www.alevcamcioglu.com\/wp-content\/uploads\/2024\/11\/rinoplastika-pre-posle-fotografija-u-turskoj-29-640x800.jpg 640w, https:\/\/www.alevcamcioglu.com\/wp-content\/uploads\/2024\/11\/rinoplastika-pre-posle-fotografija-u-turskoj-29-768x960.jpg 768w, https:\/\/www.alevcamcioglu.com\/wp-content\/uploads\/2024\/11\/rinoplastika-pre-posle-fotografija-u-turskoj-29.jpg 1000w\" sizes=\"(max-width: 320px) 100vw, 320px\" title=\"\">                                                              <\/div>\n              <div class=\"box-text text-left\" >\n                 <p><\/p>\n              <\/div>\n            <\/div>\n            <\/a>          <\/div>\n         <\/div><div class=\"gallery-col col\" >\n          <div class=\"col-inner\">\n            <a class=\"image-lightbox lightbox-gallery\" href=\"https:\/\/www.alevcamcioglu.com\/wp-content\/uploads\/2024\/11\/rinoplastika-pre-posle-fotografija-u-turskoj-30.jpg\" title=\"\">            <div class=\"box has-hover gallery-box box-normal\">\n              <div class=\"box-image\" >\n                <img decoding=\"async\" width=\"320\" height=\"400\" src=\"https:\/\/www.alevcamcioglu.com\/wp-content\/uploads\/2024\/11\/rinoplastika-pre-posle-fotografija-u-turskoj-30-320x400.jpg\" class=\"attachment-medium size-medium\" alt=\"\" ids=\"9479,9485,9491,9497,9503,9509,9515,9521,9527,9533,9539,9545,9551,9557,9563,9569,9575,9581,9587,9593,9599,9605,9611,9617,9623,9629,9635,9641,9647,9653,9659,9665,9671,9677,9683,9689,9695,9701,9707,9713,9719,9725,9731,9737\" style=\"normal\" lightbox_image_size=\"2048x2048\" type=\"slider\" slider_nav_style=\"circle\" slider_nav_position=\"outside\" srcset=\"https:\/\/www.alevcamcioglu.com\/wp-content\/uploads\/2024\/11\/rinoplastika-pre-posle-fotografija-u-turskoj-30-320x400.jpg 320w, https:\/\/www.alevcamcioglu.com\/wp-content\/uploads\/2024\/11\/rinoplastika-pre-posle-fotografija-u-turskoj-30-640x800.jpg 640w, https:\/\/www.alevcamcioglu.com\/wp-content\/uploads\/2024\/11\/rinoplastika-pre-posle-fotografija-u-turskoj-30-768x960.jpg 768w, https:\/\/www.alevcamcioglu.com\/wp-content\/uploads\/2024\/11\/rinoplastika-pre-posle-fotografija-u-turskoj-30.jpg 1200w\" sizes=\"(max-width: 320px) 100vw, 320px\" title=\"\">                                                              <\/div>\n              <div class=\"box-text text-left\" >\n                 <p><\/p>\n              <\/div>\n            <\/div>\n            <\/a>          <\/div>\n         <\/div><div class=\"gallery-col col\" >\n          <div class=\"col-inner\">\n            <a class=\"image-lightbox lightbox-gallery\" href=\"https:\/\/www.alevcamcioglu.com\/wp-content\/uploads\/2024\/11\/rinoplastika-pre-posle-fotografija-u-turskoj-31.jpg\" title=\"\">            <div class=\"box has-hover gallery-box box-normal\">\n              <div class=\"box-image\" >\n                <img decoding=\"async\" width=\"320\" height=\"400\" src=\"https:\/\/www.alevcamcioglu.com\/wp-content\/uploads\/2024\/11\/rinoplastika-pre-posle-fotografija-u-turskoj-31-320x400.jpg\" class=\"attachment-medium size-medium\" alt=\"\" ids=\"9479,9485,9491,9497,9503,9509,9515,9521,9527,9533,9539,9545,9551,9557,9563,9569,9575,9581,9587,9593,9599,9605,9611,9617,9623,9629,9635,9641,9647,9653,9659,9665,9671,9677,9683,9689,9695,9701,9707,9713,9719,9725,9731,9737\" style=\"normal\" lightbox_image_size=\"2048x2048\" type=\"slider\" slider_nav_style=\"circle\" slider_nav_position=\"outside\" srcset=\"https:\/\/www.alevcamcioglu.com\/wp-content\/uploads\/2024\/11\/rinoplastika-pre-posle-fotografija-u-turskoj-31-320x400.jpg 320w, https:\/\/www.alevcamcioglu.com\/wp-content\/uploads\/2024\/11\/rinoplastika-pre-posle-fotografija-u-turskoj-31-640x800.jpg 640w, https:\/\/www.alevcamcioglu.com\/wp-content\/uploads\/2024\/11\/rinoplastika-pre-posle-fotografija-u-turskoj-31-768x960.jpg 768w, https:\/\/www.alevcamcioglu.com\/wp-content\/uploads\/2024\/11\/rinoplastika-pre-posle-fotografija-u-turskoj-31.jpg 1000w\" sizes=\"(max-width: 320px) 100vw, 320px\" title=\"\">                                                              <\/div>\n              <div class=\"box-text text-left\" >\n                 <p><\/p>\n              <\/div>\n            <\/div>\n            <\/a>          <\/div>\n         <\/div><div class=\"gallery-col col\" >\n          <div class=\"col-inner\">\n            <a class=\"image-lightbox lightbox-gallery\" href=\"https:\/\/www.alevcamcioglu.com\/wp-content\/uploads\/2024\/11\/rinoplastika-pre-posle-fotografija-u-turskoj-32.jpg\" title=\"\">            <div class=\"box has-hover gallery-box box-normal\">\n              <div class=\"box-image\" >\n                <img decoding=\"async\" width=\"320\" height=\"400\" src=\"https:\/\/www.alevcamcioglu.com\/wp-content\/uploads\/2024\/11\/rinoplastika-pre-posle-fotografija-u-turskoj-32-320x400.jpg\" class=\"attachment-medium size-medium\" alt=\"\" ids=\"9479,9485,9491,9497,9503,9509,9515,9521,9527,9533,9539,9545,9551,9557,9563,9569,9575,9581,9587,9593,9599,9605,9611,9617,9623,9629,9635,9641,9647,9653,9659,9665,9671,9677,9683,9689,9695,9701,9707,9713,9719,9725,9731,9737\" style=\"normal\" lightbox_image_size=\"2048x2048\" type=\"slider\" slider_nav_style=\"circle\" slider_nav_position=\"outside\" srcset=\"https:\/\/www.alevcamcioglu.com\/wp-content\/uploads\/2024\/11\/rinoplastika-pre-posle-fotografija-u-turskoj-32-320x400.jpg 320w, https:\/\/www.alevcamcioglu.com\/wp-content\/uploads\/2024\/11\/rinoplastika-pre-posle-fotografija-u-turskoj-32-640x800.jpg 640w, https:\/\/www.alevcamcioglu.com\/wp-content\/uploads\/2024\/11\/rinoplastika-pre-posle-fotografija-u-turskoj-32-768x960.jpg 768w, https:\/\/www.alevcamcioglu.com\/wp-content\/uploads\/2024\/11\/rinoplastika-pre-posle-fotografija-u-turskoj-32.jpg 1000w\" sizes=\"(max-width: 320px) 100vw, 320px\" title=\"\">                                                              <\/div>\n              <div class=\"box-text text-left\" >\n                 <p><\/p>\n              <\/div>\n            <\/div>\n            <\/a>          <\/div>\n         <\/div><div class=\"gallery-col col\" >\n          <div class=\"col-inner\">\n            <a class=\"image-lightbox lightbox-gallery\" href=\"https:\/\/www.alevcamcioglu.com\/wp-content\/uploads\/2024\/11\/rinoplastika-pre-posle-fotografija-u-turskoj-33.jpg\" title=\"\">            <div class=\"box has-hover gallery-box box-normal\">\n              <div class=\"box-image\" >\n                <img decoding=\"async\" width=\"320\" height=\"400\" src=\"https:\/\/www.alevcamcioglu.com\/wp-content\/uploads\/2024\/11\/rinoplastika-pre-posle-fotografija-u-turskoj-33-320x400.jpg\" class=\"attachment-medium size-medium\" alt=\"\" ids=\"9479,9485,9491,9497,9503,9509,9515,9521,9527,9533,9539,9545,9551,9557,9563,9569,9575,9581,9587,9593,9599,9605,9611,9617,9623,9629,9635,9641,9647,9653,9659,9665,9671,9677,9683,9689,9695,9701,9707,9713,9719,9725,9731,9737\" style=\"normal\" lightbox_image_size=\"2048x2048\" type=\"slider\" slider_nav_style=\"circle\" slider_nav_position=\"outside\" srcset=\"https:\/\/www.alevcamcioglu.com\/wp-content\/uploads\/2024\/11\/rinoplastika-pre-posle-fotografija-u-turskoj-33-320x400.jpg 320w, https:\/\/www.alevcamcioglu.com\/wp-content\/uploads\/2024\/11\/rinoplastika-pre-posle-fotografija-u-turskoj-33-640x800.jpg 640w, https:\/\/www.alevcamcioglu.com\/wp-content\/uploads\/2024\/11\/rinoplastika-pre-posle-fotografija-u-turskoj-33-768x960.jpg 768w, https:\/\/www.alevcamcioglu.com\/wp-content\/uploads\/2024\/11\/rinoplastika-pre-posle-fotografija-u-turskoj-33.jpg 1000w\" sizes=\"(max-width: 320px) 100vw, 320px\" title=\"\">                                                              <\/div>\n              <div class=\"box-text text-left\" >\n                 <p><\/p>\n              <\/div>\n            <\/div>\n            <\/a>          <\/div>\n         <\/div><div class=\"gallery-col col\" >\n          <div class=\"col-inner\">\n            <a class=\"image-lightbox lightbox-gallery\" href=\"https:\/\/www.alevcamcioglu.com\/wp-content\/uploads\/2024\/11\/rinoplastika-pre-posle-fotografija-u-turskoj-34.jpg\" title=\"\">            <div class=\"box has-hover gallery-box box-normal\">\n              <div class=\"box-image\" >\n                <img decoding=\"async\" width=\"320\" height=\"400\" src=\"https:\/\/www.alevcamcioglu.com\/wp-content\/uploads\/2024\/11\/rinoplastika-pre-posle-fotografija-u-turskoj-34-320x400.jpg\" class=\"attachment-medium size-medium\" alt=\"\" ids=\"9479,9485,9491,9497,9503,9509,9515,9521,9527,9533,9539,9545,9551,9557,9563,9569,9575,9581,9587,9593,9599,9605,9611,9617,9623,9629,9635,9641,9647,9653,9659,9665,9671,9677,9683,9689,9695,9701,9707,9713,9719,9725,9731,9737\" style=\"normal\" lightbox_image_size=\"2048x2048\" type=\"slider\" slider_nav_style=\"circle\" slider_nav_position=\"outside\" srcset=\"https:\/\/www.alevcamcioglu.com\/wp-content\/uploads\/2024\/11\/rinoplastika-pre-posle-fotografija-u-turskoj-34-320x400.jpg 320w, https:\/\/www.alevcamcioglu.com\/wp-content\/uploads\/2024\/11\/rinoplastika-pre-posle-fotografija-u-turskoj-34-640x800.jpg 640w, https:\/\/www.alevcamcioglu.com\/wp-content\/uploads\/2024\/11\/rinoplastika-pre-posle-fotografija-u-turskoj-34-768x960.jpg 768w, https:\/\/www.alevcamcioglu.com\/wp-content\/uploads\/2024\/11\/rinoplastika-pre-posle-fotografija-u-turskoj-34.jpg 1000w\" sizes=\"(max-width: 320px) 100vw, 320px\" title=\"\">                                                              <\/div>\n              <div class=\"box-text text-left\" >\n                 <p><\/p>\n              <\/div>\n            <\/div>\n            <\/a>          <\/div>\n         <\/div><div class=\"gallery-col col\" >\n          <div class=\"col-inner\">\n            <a class=\"image-lightbox lightbox-gallery\" href=\"https:\/\/www.alevcamcioglu.com\/wp-content\/uploads\/2024\/11\/rinoplastika-pre-posle-fotografija-u-turskoj-35.jpg\" title=\"\">            <div class=\"box has-hover gallery-box box-normal\">\n              <div class=\"box-image\" >\n                <img decoding=\"async\" width=\"320\" height=\"400\" src=\"https:\/\/www.alevcamcioglu.com\/wp-content\/uploads\/2024\/11\/rinoplastika-pre-posle-fotografija-u-turskoj-35-320x400.jpg\" class=\"attachment-medium size-medium\" alt=\"\" ids=\"9479,9485,9491,9497,9503,9509,9515,9521,9527,9533,9539,9545,9551,9557,9563,9569,9575,9581,9587,9593,9599,9605,9611,9617,9623,9629,9635,9641,9647,9653,9659,9665,9671,9677,9683,9689,9695,9701,9707,9713,9719,9725,9731,9737\" style=\"normal\" lightbox_image_size=\"2048x2048\" type=\"slider\" slider_nav_style=\"circle\" slider_nav_position=\"outside\" srcset=\"https:\/\/www.alevcamcioglu.com\/wp-content\/uploads\/2024\/11\/rinoplastika-pre-posle-fotografija-u-turskoj-35-320x400.jpg 320w, https:\/\/www.alevcamcioglu.com\/wp-content\/uploads\/2024\/11\/rinoplastika-pre-posle-fotografija-u-turskoj-35-640x800.jpg 640w, https:\/\/www.alevcamcioglu.com\/wp-content\/uploads\/2024\/11\/rinoplastika-pre-posle-fotografija-u-turskoj-35-768x960.jpg 768w, https:\/\/www.alevcamcioglu.com\/wp-content\/uploads\/2024\/11\/rinoplastika-pre-posle-fotografija-u-turskoj-35.jpg 1000w\" sizes=\"(max-width: 320px) 100vw, 320px\" title=\"\">                                                              <\/div>\n              <div class=\"box-text text-left\" >\n                 <p><\/p>\n              <\/div>\n            <\/div>\n            <\/a>          <\/div>\n         <\/div><div class=\"gallery-col col\" >\n          <div class=\"col-inner\">\n            <a class=\"image-lightbox lightbox-gallery\" href=\"https:\/\/www.alevcamcioglu.com\/wp-content\/uploads\/2024\/11\/rinoplastika-pre-posle-fotografija-u-turskoj-36.jpg\" title=\"\">            <div class=\"box has-hover gallery-box box-normal\">\n              <div class=\"box-image\" >\n                <img decoding=\"async\" width=\"320\" height=\"400\" src=\"https:\/\/www.alevcamcioglu.com\/wp-content\/uploads\/2024\/11\/rinoplastika-pre-posle-fotografija-u-turskoj-36-320x400.jpg\" class=\"attachment-medium size-medium\" alt=\"\" ids=\"9479,9485,9491,9497,9503,9509,9515,9521,9527,9533,9539,9545,9551,9557,9563,9569,9575,9581,9587,9593,9599,9605,9611,9617,9623,9629,9635,9641,9647,9653,9659,9665,9671,9677,9683,9689,9695,9701,9707,9713,9719,9725,9731,9737\" style=\"normal\" lightbox_image_size=\"2048x2048\" type=\"slider\" slider_nav_style=\"circle\" slider_nav_position=\"outside\" srcset=\"https:\/\/www.alevcamcioglu.com\/wp-content\/uploads\/2024\/11\/rinoplastika-pre-posle-fotografija-u-turskoj-36-320x400.jpg 320w, https:\/\/www.alevcamcioglu.com\/wp-content\/uploads\/2024\/11\/rinoplastika-pre-posle-fotografija-u-turskoj-36-640x800.jpg 640w, https:\/\/www.alevcamcioglu.com\/wp-content\/uploads\/2024\/11\/rinoplastika-pre-posle-fotografija-u-turskoj-36-768x960.jpg 768w, https:\/\/www.alevcamcioglu.com\/wp-content\/uploads\/2024\/11\/rinoplastika-pre-posle-fotografija-u-turskoj-36.jpg 1200w\" sizes=\"(max-width: 320px) 100vw, 320px\" title=\"\">                                                              <\/div>\n              <div class=\"box-text text-left\" >\n                 <p><\/p>\n              <\/div>\n            <\/div>\n            <\/a>          <\/div>\n         <\/div><div class=\"gallery-col col\" >\n          <div class=\"col-inner\">\n            <a class=\"image-lightbox lightbox-gallery\" href=\"https:\/\/www.alevcamcioglu.com\/wp-content\/uploads\/2024\/11\/rinoplastika-pre-posle-fotografija-u-turskoj-37.jpg\" title=\"\">            <div class=\"box has-hover gallery-box box-normal\">\n              <div class=\"box-image\" >\n                <img decoding=\"async\" width=\"320\" height=\"400\" src=\"https:\/\/www.alevcamcioglu.com\/wp-content\/uploads\/2024\/11\/rinoplastika-pre-posle-fotografija-u-turskoj-37-320x400.jpg\" class=\"attachment-medium size-medium\" alt=\"\" ids=\"9479,9485,9491,9497,9503,9509,9515,9521,9527,9533,9539,9545,9551,9557,9563,9569,9575,9581,9587,9593,9599,9605,9611,9617,9623,9629,9635,9641,9647,9653,9659,9665,9671,9677,9683,9689,9695,9701,9707,9713,9719,9725,9731,9737\" style=\"normal\" lightbox_image_size=\"2048x2048\" type=\"slider\" slider_nav_style=\"circle\" slider_nav_position=\"outside\" srcset=\"https:\/\/www.alevcamcioglu.com\/wp-content\/uploads\/2024\/11\/rinoplastika-pre-posle-fotografija-u-turskoj-37-320x400.jpg 320w, https:\/\/www.alevcamcioglu.com\/wp-content\/uploads\/2024\/11\/rinoplastika-pre-posle-fotografija-u-turskoj-37-640x800.jpg 640w, https:\/\/www.alevcamcioglu.com\/wp-content\/uploads\/2024\/11\/rinoplastika-pre-posle-fotografija-u-turskoj-37-768x960.jpg 768w, https:\/\/www.alevcamcioglu.com\/wp-content\/uploads\/2024\/11\/rinoplastika-pre-posle-fotografija-u-turskoj-37.jpg 1200w\" sizes=\"(max-width: 320px) 100vw, 320px\" title=\"\">                                                              <\/div>\n              <div class=\"box-text text-left\" >\n                 <p><\/p>\n              <\/div>\n            <\/div>\n            <\/a>          <\/div>\n         <\/div><div class=\"gallery-col col\" >\n          <div class=\"col-inner\">\n            <a class=\"image-lightbox lightbox-gallery\" href=\"https:\/\/www.alevcamcioglu.com\/wp-content\/uploads\/2024\/11\/rinoplastika-pre-posle-fotografija-u-turskoj-38.jpg\" title=\"\">            <div class=\"box has-hover gallery-box box-normal\">\n              <div class=\"box-image\" >\n                <img decoding=\"async\" width=\"320\" height=\"400\" src=\"https:\/\/www.alevcamcioglu.com\/wp-content\/uploads\/2024\/11\/rinoplastika-pre-posle-fotografija-u-turskoj-38-320x400.jpg\" class=\"attachment-medium size-medium\" alt=\"\" ids=\"9479,9485,9491,9497,9503,9509,9515,9521,9527,9533,9539,9545,9551,9557,9563,9569,9575,9581,9587,9593,9599,9605,9611,9617,9623,9629,9635,9641,9647,9653,9659,9665,9671,9677,9683,9689,9695,9701,9707,9713,9719,9725,9731,9737\" style=\"normal\" lightbox_image_size=\"2048x2048\" type=\"slider\" slider_nav_style=\"circle\" slider_nav_position=\"outside\" srcset=\"https:\/\/www.alevcamcioglu.com\/wp-content\/uploads\/2024\/11\/rinoplastika-pre-posle-fotografija-u-turskoj-38-320x400.jpg 320w, https:\/\/www.alevcamcioglu.com\/wp-content\/uploads\/2024\/11\/rinoplastika-pre-posle-fotografija-u-turskoj-38-640x800.jpg 640w, https:\/\/www.alevcamcioglu.com\/wp-content\/uploads\/2024\/11\/rinoplastika-pre-posle-fotografija-u-turskoj-38-768x960.jpg 768w, https:\/\/www.alevcamcioglu.com\/wp-content\/uploads\/2024\/11\/rinoplastika-pre-posle-fotografija-u-turskoj-38.jpg 1200w\" sizes=\"(max-width: 320px) 100vw, 320px\" title=\"\">                                                              <\/div>\n              <div class=\"box-text text-left\" >\n                 <p><\/p>\n              <\/div>\n            <\/div>\n            <\/a>          <\/div>\n         <\/div><div class=\"gallery-col col\" >\n          <div class=\"col-inner\">\n            <a class=\"image-lightbox lightbox-gallery\" href=\"https:\/\/www.alevcamcioglu.com\/wp-content\/uploads\/2024\/11\/rinoplastika-pre-posle-fotografija-u-turskoj-39.jpg\" title=\"\">            <div class=\"box has-hover gallery-box box-normal\">\n              <div class=\"box-image\" >\n                <img decoding=\"async\" width=\"320\" height=\"400\" src=\"https:\/\/www.alevcamcioglu.com\/wp-content\/uploads\/2024\/11\/rinoplastika-pre-posle-fotografija-u-turskoj-39-320x400.jpg\" class=\"attachment-medium size-medium\" alt=\"\" ids=\"9479,9485,9491,9497,9503,9509,9515,9521,9527,9533,9539,9545,9551,9557,9563,9569,9575,9581,9587,9593,9599,9605,9611,9617,9623,9629,9635,9641,9647,9653,9659,9665,9671,9677,9683,9689,9695,9701,9707,9713,9719,9725,9731,9737\" style=\"normal\" lightbox_image_size=\"2048x2048\" type=\"slider\" slider_nav_style=\"circle\" slider_nav_position=\"outside\" srcset=\"https:\/\/www.alevcamcioglu.com\/wp-content\/uploads\/2024\/11\/rinoplastika-pre-posle-fotografija-u-turskoj-39-320x400.jpg 320w, https:\/\/www.alevcamcioglu.com\/wp-content\/uploads\/2024\/11\/rinoplastika-pre-posle-fotografija-u-turskoj-39-639x800.jpg 639w, https:\/\/www.alevcamcioglu.com\/wp-content\/uploads\/2024\/11\/rinoplastika-pre-posle-fotografija-u-turskoj-39-768x961.jpg 768w, https:\/\/www.alevcamcioglu.com\/wp-content\/uploads\/2024\/11\/rinoplastika-pre-posle-fotografija-u-turskoj-39.jpg 999w\" sizes=\"(max-width: 320px) 100vw, 320px\" title=\"\">                                                              <\/div>\n              <div class=\"box-text text-left\" >\n                 <p><\/p>\n              <\/div>\n            <\/div>\n            <\/a>          <\/div>\n         <\/div><div class=\"gallery-col col\" >\n          <div class=\"col-inner\">\n            <a class=\"image-lightbox lightbox-gallery\" href=\"https:\/\/www.alevcamcioglu.com\/wp-content\/uploads\/2024\/11\/rinoplastika-pre-posle-fotografija-u-turskoj-40.jpg\" title=\"\">            <div class=\"box has-hover gallery-box box-normal\">\n              <div class=\"box-image\" >\n                <img decoding=\"async\" width=\"320\" height=\"400\" src=\"https:\/\/www.alevcamcioglu.com\/wp-content\/uploads\/2024\/11\/rinoplastika-pre-posle-fotografija-u-turskoj-40-320x400.jpg\" class=\"attachment-medium size-medium\" alt=\"\" ids=\"9479,9485,9491,9497,9503,9509,9515,9521,9527,9533,9539,9545,9551,9557,9563,9569,9575,9581,9587,9593,9599,9605,9611,9617,9623,9629,9635,9641,9647,9653,9659,9665,9671,9677,9683,9689,9695,9701,9707,9713,9719,9725,9731,9737\" style=\"normal\" lightbox_image_size=\"2048x2048\" type=\"slider\" slider_nav_style=\"circle\" slider_nav_position=\"outside\" srcset=\"https:\/\/www.alevcamcioglu.com\/wp-content\/uploads\/2024\/11\/rinoplastika-pre-posle-fotografija-u-turskoj-40-320x400.jpg 320w, https:\/\/www.alevcamcioglu.com\/wp-content\/uploads\/2024\/11\/rinoplastika-pre-posle-fotografija-u-turskoj-40-640x800.jpg 640w, https:\/\/www.alevcamcioglu.com\/wp-content\/uploads\/2024\/11\/rinoplastika-pre-posle-fotografija-u-turskoj-40-768x960.jpg 768w, https:\/\/www.alevcamcioglu.com\/wp-content\/uploads\/2024\/11\/rinoplastika-pre-posle-fotografija-u-turskoj-40.jpg 1000w\" sizes=\"(max-width: 320px) 100vw, 320px\" title=\"\">                                                              <\/div>\n              <div class=\"box-text text-left\" >\n                 <p><\/p>\n              <\/div>\n            <\/div>\n            <\/a>          <\/div>\n         <\/div><div class=\"gallery-col col\" >\n          <div class=\"col-inner\">\n            <a class=\"image-lightbox lightbox-gallery\" href=\"https:\/\/www.alevcamcioglu.com\/wp-content\/uploads\/2024\/11\/rinoplastika-pre-posle-fotografija-u-turskoj-41.jpg\" title=\"\">            <div class=\"box has-hover gallery-box box-normal\">\n              <div class=\"box-image\" >\n                <img decoding=\"async\" width=\"320\" height=\"400\" src=\"https:\/\/www.alevcamcioglu.com\/wp-content\/uploads\/2024\/11\/rinoplastika-pre-posle-fotografija-u-turskoj-41-320x400.jpg\" class=\"attachment-medium size-medium\" alt=\"\" ids=\"9479,9485,9491,9497,9503,9509,9515,9521,9527,9533,9539,9545,9551,9557,9563,9569,9575,9581,9587,9593,9599,9605,9611,9617,9623,9629,9635,9641,9647,9653,9659,9665,9671,9677,9683,9689,9695,9701,9707,9713,9719,9725,9731,9737\" style=\"normal\" lightbox_image_size=\"2048x2048\" type=\"slider\" slider_nav_style=\"circle\" slider_nav_position=\"outside\" srcset=\"https:\/\/www.alevcamcioglu.com\/wp-content\/uploads\/2024\/11\/rinoplastika-pre-posle-fotografija-u-turskoj-41-320x400.jpg 320w, https:\/\/www.alevcamcioglu.com\/wp-content\/uploads\/2024\/11\/rinoplastika-pre-posle-fotografija-u-turskoj-41-640x800.jpg 640w, https:\/\/www.alevcamcioglu.com\/wp-content\/uploads\/2024\/11\/rinoplastika-pre-posle-fotografija-u-turskoj-41-768x960.jpg 768w, https:\/\/www.alevcamcioglu.com\/wp-content\/uploads\/2024\/11\/rinoplastika-pre-posle-fotografija-u-turskoj-41.jpg 1000w\" sizes=\"(max-width: 320px) 100vw, 320px\" title=\"\">                                                              <\/div>\n              <div class=\"box-text text-left\" >\n                 <p><\/p>\n              <\/div>\n            <\/div>\n            <\/a>          <\/div>\n         <\/div><div class=\"gallery-col col\" >\n          <div class=\"col-inner\">\n            <a class=\"image-lightbox lightbox-gallery\" href=\"https:\/\/www.alevcamcioglu.com\/wp-content\/uploads\/2024\/11\/rinoplastika-pre-posle-fotografija-u-turskoj-42.jpg\" title=\"\">            <div class=\"box has-hover gallery-box box-normal\">\n              <div class=\"box-image\" >\n                <img decoding=\"async\" width=\"320\" height=\"400\" src=\"https:\/\/www.alevcamcioglu.com\/wp-content\/uploads\/2024\/11\/rinoplastika-pre-posle-fotografija-u-turskoj-42-320x400.jpg\" class=\"attachment-medium size-medium\" alt=\"\" ids=\"9479,9485,9491,9497,9503,9509,9515,9521,9527,9533,9539,9545,9551,9557,9563,9569,9575,9581,9587,9593,9599,9605,9611,9617,9623,9629,9635,9641,9647,9653,9659,9665,9671,9677,9683,9689,9695,9701,9707,9713,9719,9725,9731,9737\" style=\"normal\" lightbox_image_size=\"2048x2048\" type=\"slider\" slider_nav_style=\"circle\" slider_nav_position=\"outside\" srcset=\"https:\/\/www.alevcamcioglu.com\/wp-content\/uploads\/2024\/11\/rinoplastika-pre-posle-fotografija-u-turskoj-42-320x400.jpg 320w, https:\/\/www.alevcamcioglu.com\/wp-content\/uploads\/2024\/11\/rinoplastika-pre-posle-fotografija-u-turskoj-42-640x800.jpg 640w, https:\/\/www.alevcamcioglu.com\/wp-content\/uploads\/2024\/11\/rinoplastika-pre-posle-fotografija-u-turskoj-42-768x960.jpg 768w, https:\/\/www.alevcamcioglu.com\/wp-content\/uploads\/2024\/11\/rinoplastika-pre-posle-fotografija-u-turskoj-42.jpg 1200w\" sizes=\"(max-width: 320px) 100vw, 320px\" title=\"\">                                                              <\/div>\n              <div class=\"box-text text-left\" >\n                 <p><\/p>\n              <\/div>\n            <\/div>\n            <\/a>          <\/div>\n         <\/div><div class=\"gallery-col col\" >\n          <div class=\"col-inner\">\n            <a class=\"image-lightbox lightbox-gallery\" href=\"https:\/\/www.alevcamcioglu.com\/wp-content\/uploads\/2024\/11\/rinoplastika-pre-posle-fotografija-u-turskoj-43.jpg\" title=\"\">            <div class=\"box has-hover gallery-box box-normal\">\n              <div class=\"box-image\" >\n                <img decoding=\"async\" width=\"320\" height=\"400\" src=\"https:\/\/www.alevcamcioglu.com\/wp-content\/uploads\/2024\/11\/rinoplastika-pre-posle-fotografija-u-turskoj-43-320x400.jpg\" class=\"attachment-medium size-medium\" alt=\"\" ids=\"9479,9485,9491,9497,9503,9509,9515,9521,9527,9533,9539,9545,9551,9557,9563,9569,9575,9581,9587,9593,9599,9605,9611,9617,9623,9629,9635,9641,9647,9653,9659,9665,9671,9677,9683,9689,9695,9701,9707,9713,9719,9725,9731,9737\" style=\"normal\" lightbox_image_size=\"2048x2048\" type=\"slider\" slider_nav_style=\"circle\" slider_nav_position=\"outside\" srcset=\"https:\/\/www.alevcamcioglu.com\/wp-content\/uploads\/2024\/11\/rinoplastika-pre-posle-fotografija-u-turskoj-43-320x400.jpg 320w, https:\/\/www.alevcamcioglu.com\/wp-content\/uploads\/2024\/11\/rinoplastika-pre-posle-fotografija-u-turskoj-43-640x800.jpg 640w, https:\/\/www.alevcamcioglu.com\/wp-content\/uploads\/2024\/11\/rinoplastika-pre-posle-fotografija-u-turskoj-43-768x960.jpg 768w, https:\/\/www.alevcamcioglu.com\/wp-content\/uploads\/2024\/11\/rinoplastika-pre-posle-fotografija-u-turskoj-43.jpg 1200w\" sizes=\"(max-width: 320px) 100vw, 320px\" title=\"\">                                                              <\/div>\n              <div class=\"box-text text-left\" >\n                 <p><\/p>\n              <\/div>\n            <\/div>\n            <\/a>          <\/div>\n         <\/div><div class=\"gallery-col col\" >\n          <div class=\"col-inner\">\n            <a class=\"image-lightbox lightbox-gallery\" href=\"https:\/\/www.alevcamcioglu.com\/wp-content\/uploads\/2024\/11\/rinoplastika-pre-posle-fotografija-u-turskoj-44.jpg\" title=\"\">            <div class=\"box has-hover gallery-box box-normal\">\n              <div class=\"box-image\" >\n                <img decoding=\"async\" width=\"320\" height=\"400\" src=\"https:\/\/www.alevcamcioglu.com\/wp-content\/uploads\/2024\/11\/rinoplastika-pre-posle-fotografija-u-turskoj-44-320x400.jpg\" class=\"attachment-medium size-medium\" alt=\"\" ids=\"9479,9485,9491,9497,9503,9509,9515,9521,9527,9533,9539,9545,9551,9557,9563,9569,9575,9581,9587,9593,9599,9605,9611,9617,9623,9629,9635,9641,9647,9653,9659,9665,9671,9677,9683,9689,9695,9701,9707,9713,9719,9725,9731,9737\" style=\"normal\" lightbox_image_size=\"2048x2048\" type=\"slider\" slider_nav_style=\"circle\" slider_nav_position=\"outside\" srcset=\"https:\/\/www.alevcamcioglu.com\/wp-content\/uploads\/2024\/11\/rinoplastika-pre-posle-fotografija-u-turskoj-44-320x400.jpg 320w, https:\/\/www.alevcamcioglu.com\/wp-content\/uploads\/2024\/11\/rinoplastika-pre-posle-fotografija-u-turskoj-44-640x800.jpg 640w, https:\/\/www.alevcamcioglu.com\/wp-content\/uploads\/2024\/11\/rinoplastika-pre-posle-fotografija-u-turskoj-44-768x960.jpg 768w, https:\/\/www.alevcamcioglu.com\/wp-content\/uploads\/2024\/11\/rinoplastika-pre-posle-fotografija-u-turskoj-44.jpg 1200w\" sizes=\"(max-width: 320px) 100vw, 320px\" title=\"\">                                                              <\/div>\n              <div class=\"box-text text-left\" >\n                 <p><\/p>\n              <\/div>\n            <\/div>\n            <\/a>          <\/div>\n         <\/div><\/div>\n\n<a href=\"https:\/\/www.alevcamcioglu.com\/sr\/results\/slike-pre-i-posle-operacije-nosa\/\" class=\"button primary lowercase\" style=\"border-radius:10px;padding:5px 40px 5px 40px;\">\n\t\t<span>Pogledajte sve na\u0161e rezultate<\/span>\n\t<i class=\"icon-angle-right\" aria-hidden=\"true\"><\/i><\/a>\n\n\n\n\t\t<\/div>\n\t\t\t\t\n<style>\n#col-367747348 > .col-inner {\n  padding: 20px 0px 0px 0px;\n}\n<\/style>\n\t<\/div>\n\n\t\n\n<\/div>\n\n\t\t<\/div>\n\n\t\t\n<style>\n#section_88172610 {\n  padding-top: 0px;\n  padding-bottom: 0px;\n  background-color: rgb(240, 240, 240);\n}\n<\/style>\n\t<\/section>\n\t\n\n\t<section class=\"section\" id=\"section_331056542\">\n\t\t<div class=\"section-bg fill\" >\n\t\t\t\t\t\t\t\t\t\n\t\t\t\n\n\t\t<\/div>\n\n\t\t\n\n\t\t<div class=\"section-content relative\">\n\t\t\t\n<div class=\"row\"  id=\"row-436499862\">\n\n\t<div id=\"col-1772804244\" class=\"col small-12 large-12\"  >\n\t\t\t\t<div class=\"col-inner\"  >\n\t\t\t\n\t\t\t\n<h2>Mogu li se Nosni Prolazi Smanjiti Pomo\u0107u Rinoplastike?<\/h2>\n<p>Rinoplastika je metoda koja se obi\u010dno preferira za pobolj\u0161anje strukture nosa. Tokom ove hirur\u0161ke procedure mogu\u0107e je smanjiti nosne prolaze. Procedura omogu\u0107ava estetske korekcije \u0161irine nosnih prolaza i veli\u010dine nosnih krila. Posebno se uklanja nesrazmera izme\u0111u nosnih prolaza. Tokom procedure, veli\u010dina nosnih prolaza se prilago\u0111ava strukturi lica pacijenta.<\/p>\n<p>Pre operacije se vr\u0161i detaljna procena. Stru\u010dni lekar pregledava op\u0161te zdravstveno stanje pacijenta i anatomiju lica kako bi izvr\u0161io odgovaraju\u0107e planiranje. Tehnike koje se koriste tokom operacije odre\u0111uju se prema potrebama pacijenta. Smanjenje nosnih prolaza pomo\u0107u rinoplastike uklju\u010duje:<\/p>\n<ul>\n<li>Smanjenje veli\u010dine nosnih prolaza<\/li>\n<li>Postizanje harmoni\u010dnijeg oblika nosnih krila<\/li>\n<li>Pove\u0107anje simetrije lica<\/li>\n<\/ul>\n<p>Nakon operacije, nova struktura nosa pacijenta dobija proporcionalniji izgled. Nosni prolazi se estetski preoblikuju. Pacijenti izra\u017eavaju zadovoljstvo veli\u010dinom svojih nosnih prolaza nakon operacije.<\/p>\n<h2>Prednosti Operacije Smanjenja Nosnih Prolaza<\/h2>\n<p>Za osobe sa \u0161irokim nosnim krilima, operacija smanjenja nosnih prolaza nudi mnoge estetske i funkcionalne koristi. Nakon ove procedure, pacijenti dobijaju nosnu strukturu koja bolje odgovara njihovim crta lica. Simetrija u centralnom delu nosa zna\u010dajno pove\u0107ava lepotu lica. Osim toga, smanjenje nosnih prolaza pobolj\u0161ava funkcije disanja, \u0161to rezultira ose\u0107ajem olak\u0161anja u svakodnevnom \u017eivotu.<\/p>\n<p>Koristi dobijene ovom hirur\u0161kom procedurom su slede\u0107e:<\/p>\n<ul>\n<li>Posti\u017ee se uravnote\u017eeniji izgled nosa.<\/li>\n<li>Obezbe\u0111uju se simetri\u010dni nosni prolazi.<\/li>\n<li>Ose\u0107a se zna\u010dajno olak\u0161anje u disanju.<\/li>\n<li>Prime\u0107uje se pove\u0107anje samopouzdanja.<\/li>\n<\/ul>\n<h2>Postoperativna Nega nakon Operacije Smanjenja Nosnih Prolaza i Krila Nosa<\/h2>\n<figure id=\"attachment_2118\" aria-describedby=\"caption-attachment-2118\" style=\"width: 1080px\" class=\"wp-caption aligncenter\"><img decoding=\"async\" class=\"wp-image-2118 size-full\" src=\"https:\/\/www.alevcamcioglu.com\/wp-content\/uploads\/2024\/06\/burun-ameliyati-sonrasi-kontrol-yapan-doktor-ve-kadin-hasta.jpg\" alt=\"Postoperativna kontrola koju obavlja lekar sa pacijentkinjom\" width=\"1080\" height=\"1139\" title=\"\" srcset=\"https:\/\/www.alevcamcioglu.com\/wp-content\/uploads\/2024\/06\/burun-ameliyati-sonrasi-kontrol-yapan-doktor-ve-kadin-hasta.jpg 1080w, https:\/\/www.alevcamcioglu.com\/wp-content\/uploads\/2024\/06\/burun-ameliyati-sonrasi-kontrol-yapan-doktor-ve-kadin-hasta-284x300.jpg 284w, https:\/\/www.alevcamcioglu.com\/wp-content\/uploads\/2024\/06\/burun-ameliyati-sonrasi-kontrol-yapan-doktor-ve-kadin-hasta-971x1024.jpg 971w, https:\/\/www.alevcamcioglu.com\/wp-content\/uploads\/2024\/06\/burun-ameliyati-sonrasi-kontrol-yapan-doktor-ve-kadin-hasta-768x810.jpg 768w, https:\/\/www.alevcamcioglu.com\/wp-content\/uploads\/2024\/06\/burun-ameliyati-sonrasi-kontrol-yapan-doktor-ve-kadin-hasta-370x390.jpg 370w, https:\/\/www.alevcamcioglu.com\/wp-content\/uploads\/2024\/06\/burun-ameliyati-sonrasi-kontrol-yapan-doktor-ve-kadin-hasta-760x802.jpg 760w\" sizes=\"(max-width: 1080px) 100vw, 1080px\" \/><figcaption id=\"caption-attachment-2118\" class=\"wp-caption-text\">Postoperativna kontrola koju obavlja lekar sa pacijentkinjom<\/figcaption><\/figure>\n<p>Nakon operacije smanjenja nosnih prolaza i krila nosa, pacijenti moraju obratiti pa\u017enju na va\u017ene ta\u010dke kako bi pozitivno uticali na proces zarastanja i osigurali trajnost rezultata operacije. Strogo pridr\u017eavanje preporuka va\u0161eg stru\u010dnog lekara minimizira potencijalne zdravstvene rizike i olak\u0161ava postizanje \u017eeljenih estetskih rezultata.<\/p>\n<p>Prvo, va\u017eno je redovno uzimati lekove koje vam je lekar prepisao. Ovi lekovi su neophodni za smanjenje rizika od infekcija i kontrolu bolova. Zavoj mora biti \u010dist i suv u skladu sa uputstvima za negu. Tako\u0111e, pravovremeno prisustvovanje planiranim kontrolnim pregledima osigurava pravilno odvijanje procesa zarastanja.<\/p>\n<ul>\n<li>Odmaranje tokom prvih nekoliko dana je klju\u010dno za zarastanje.<\/li>\n<li>Podizanje glave dok spavate poma\u017ee u smanjenju otoka.<\/li>\n<li>Primena hladnih obloga, kako je preporu\u010deno od strane va\u0161eg lekara, mo\u017ee smanjiti otok i modrice.<\/li>\n<li>Nazalni sprejevi ili kapi koje vam lekar preporu\u010di olak\u0161avaju disanje i smanjuju unutra\u0161nji otok nosa.<\/li>\n<\/ul>\n<p>Tokom postoperativnog perioda, neophodno je ograni\u010diti fizi\u010dke aktivnosti. Dizanje te\u0161kih predmeta, naporne ve\u017ebe ili u\u010de\u0161\u0107e u sportskim aktivnostima mogu negativno uticati na proces zarastanja i dovesti do komplikacija.<\/p>\n<p>Obra\u0107anje pa\u017enje na va\u0161e prehrambene navike podr\u017eava va\u0161e op\u0161te zdravlje i ubrzava zarastanje. Izbegavanje alkohola i pu\u0161enja mo\u017ee dodatno ubrzati proces zarastanja i smanjiti rizik od komplikacija.<\/p>\n<p>Na kraju, izbegavanje stresa, dovoljno odmora i opu\u0161tanja podr\u017eava celokupan proces zarastanja. Ako nosite nao\u010dare, va\u017eno je da ih izbegavate tokom ovog perioda i da izbegavate situacije koje mogu vr\u0161iti pritisak na nos. U slu\u010daju bilo kakvih problema tokom procesa zarastanja, va\u017eno je kontaktirati va\u0161eg lekara i obezbediti pravovremenu intervenciju.<\/p>\n\t\t<\/div>\n\t\t\t\t\t<\/div>\n\n\t\n\n\t<div id=\"col-75534399\" class=\"col small-12 large-12\"  >\n\t\t\t\t<div class=\"col-inner\"  >\n\t\t\t\n\t\t\t\n<h2>Koliko ko\u0161ta  u Turska?<\/h2>\r\n<p><a href=\"https:\/\/www.alevcamcioglu.com\/sr\/cene-operacija-cena\/\">Cena <\/a> u Istanbulu, Turska obi\u010dno se kre\u0107e od 5000 do 7000 evra. Cena mo\u017ee varirati u zavisnosti od nekoliko faktora, kao \u0161to su stru\u010dnost hirurga, slo\u017eenost procedure, reputacija klinike i dodatne usluge uklju\u010dene u paket.<\/p>\r\n<table dir=\"ltr\" style=\"height: 506px;\" border=\"1\" width=\"693\" cellspacing=\"0\" cellpadding=\"0\" data-sheets-root=\"1\" data-sheets-baot=\"1\"><colgroup><col width=\"218\" \/><col width=\"117\" \/><\/colgroup>\r\n<tbody>\r\n<tr>\r\n<td style=\"text-align: center;\" colspan=\"2\" rowspan=\"1\"> cena u 2026<\/td>\r\n<\/tr>\r\n<tr>\r\n<td>Austrija<\/td>\r\n<td>\u20ac10,000 - \u20ac20,000<\/td>\r\n<\/tr>\r\n<tr>\r\n<td>Bosna i Hercegovina<\/td>\r\n<td>\u20ac3,500 - \u20ac10,500<\/td>\r\n<\/tr>\r\n<tr>\r\n<td>Brazil<\/td>\r\n<td>\u20ac9,000 - \u20ac17,000<\/td>\r\n<\/tr>\r\n<tr>\r\n<td>Hrvatska<\/td>\r\n<td>\u20ac5,000 - \u20ac15,000<\/td>\r\n<\/tr>\r\n<tr>\r\n<td>Francuska<\/td>\r\n<td>\u20ac11,000 - \u20ac23,000<\/td>\r\n<\/tr>\r\n<tr>\r\n<td>Nema\u010dka<\/td>\r\n<td>\u20ac11,000 - \u20ac23,000<\/td>\r\n<\/tr>\r\n<tr>\r\n<td>Gr\u010dka<\/td>\r\n<td>\u20ac4,000 - \u20ac12,000<\/td>\r\n<\/tr>\r\n<tr>\r\n<td>Italija<\/td>\r\n<td>\u20ac10,000 - \u20ac20,000<\/td>\r\n<\/tr>\r\n<tr>\r\n<td>Severna Makedonija<\/td>\r\n<td>\u20ac3,000 - \u20ac9,000<\/td>\r\n<\/tr>\r\n<tr>\r\n<td>Crna Gora<\/td>\r\n<td>\u20ac4,500 - \u20ac13,500<\/td>\r\n<\/tr>\r\n<tr>\r\n<td>Norve\u0161ka<\/td>\r\n<td>\u20ac12,000 - \u20ac26,000<\/td>\r\n<\/tr>\r\n<tr>\r\n<td>Srbija<\/td>\r\n<td>\u20ac4,000 - \u20ac12,000<\/td>\r\n<\/tr>\r\n<tr>\r\n<td>Slovenija<\/td>\r\n<td>\u20ac5,500 - \u20ac16,500<\/td>\r\n<\/tr>\r\n<tr>\r\n<td>\u0160vedska<\/td>\r\n<td>\u20ac12,000 - \u20ac26,000<\/td>\r\n<\/tr>\r\n<tr>\r\n<td>\u0160vajcarska<\/td>\r\n<td>\u20ac13,000 - \u20ac29,000<\/td>\r\n<\/tr>\r\n<tr>\r\n<td>Turska<\/td>\r\n<td>\u20ac5,000 - \u20ac7,000<\/td>\r\n<\/tr>\r\n<tr>\r\n<td>Ujedinjeno Kraljevstvo<\/td>\r\n<td>\u20ac12,000 - \u20ac26,000<\/td>\r\n<\/tr>\r\n<tr>\r\n<td>Sjedinjene Ameri\u010dke Dr\u017eave<\/td>\r\n<td>\u20ac12,000 - \u20ac26,000<\/td>\r\n<\/tr>\r\n<\/tbody>\r\n<\/table>\n<h2>\u010cesto Postavljana Pitanja<\/h2>\n<div class=\"accordion ameliyatlar-sss\">\n\t<div id=\"accordion-1673720431\" class=\"accordion-item\">\n\t\t<a id=\"accordion-1673720431-label\" class=\"accordion-title plain\" href=\"#accordion-item-da-li-se-nosni-prolazi-mogu-smanjiti-tokom-operacije-nosa?\" aria-expanded=\"false\" aria-controls=\"accordion-1673720431-content\">\n\t\t\t<button class=\"toggle\" aria-label=\"Toggle\"><i class=\"icon-angle-down\" aria-hidden=\"true\"><\/i><\/button>\n\t\t\t<h3 class=\"accordion-heading\" role=\"heading\" aria-level=\"3\">Da li se nosni prolazi mogu smanjiti tokom operacije nosa?<\/h3>\n\t\t<\/a>\n\t\t<div id=\"accordion-1673720431-content\" class=\"accordion-inner\" aria-labelledby=\"accordion-1673720431-label\">\n\t\t\t\n<p>Nosni prolazi se mogu smanjiti tokom estetskih operacija nosa. Veli\u010dina nosnih prolaza se mo\u017ee smanjiti razli\u010ditim tehnikama. Ova procedura omogu\u0107ava kontrolisano smanjenje nosnih prolaza. Tako\u0111e, poma\u017ee u spre\u010davanju slabljenja hrskavice nosnih krila, \u010dime se izbegavaju problemi sa disanjem. Tako se tokom estetske operacije nosa posti\u017eu i estetska i funkcionalna pobolj\u0161anja.<\/p>\n\t\t<\/div>\n\t<\/div>\n\t\n\t<div id=\"accordion-1020415517\" class=\"accordion-item\">\n\t\t<a id=\"accordion-1020415517-label\" class=\"accordion-title plain\" href=\"#accordion-item-koliko-traje-operacija-smanjenja-nosnih-prolaza?\" aria-expanded=\"false\" aria-controls=\"accordion-1020415517-content\">\n\t\t\t<button class=\"toggle\" aria-label=\"Toggle\"><i class=\"icon-angle-down\" aria-hidden=\"true\"><\/i><\/button>\n\t\t\t<h3 class=\"accordion-heading\" role=\"heading\" aria-level=\"3\">Koliko traje operacija smanjenja nosnih prolaza?<\/h3>\n\t\t<\/a>\n\t\t<div id=\"accordion-1020415517-content\" class=\"accordion-inner\" aria-labelledby=\"accordion-1020415517-label\">\n\t\t\t\n<p>Trajanje operacije smanjenja nosnih prolaza zavisi od slo\u017eenosti hirur\u0161kog zahvata. Uop\u0161teno, ova vrsta operacije se planira na osnovu specifi\u010dnog stanja pacijenta i iskustva hirurga. Tako operacija mo\u017ee trajati izme\u0111u 1 i 3 sata. U slu\u010dajevima koji zahtevaju detaljnu korekciju, trajanje operacije se mo\u017ee produ\u017eiti. Izbor hirur\u0161kih tehnika u skladu sa potrebama pacijenta tako\u0111e uti\u010de na trajanje. Najprikladnije trajanje za svakog pacijenta se odre\u0111uje nakon detaljne preoperativne procene.<\/p>\n\t\t<\/div>\n\t<\/div>\n\t\n\t<div id=\"accordion-84683817\" class=\"accordion-item\">\n\t\t<a id=\"accordion-84683817-label\" class=\"accordion-title plain\" href=\"#accordion-item-koliko-traje-zarastanje-nakon-operacije-smanjenja-nosnih-krila?\" aria-expanded=\"false\" aria-controls=\"accordion-84683817-content\">\n\t\t\t<button class=\"toggle\" aria-label=\"Toggle\"><i class=\"icon-angle-down\" aria-hidden=\"true\"><\/i><\/button>\n\t\t\t<h3 class=\"accordion-heading\" role=\"heading\" aria-level=\"3\">Koliko traje zarastanje nakon operacije smanjenja nosnih krila?<\/h3>\n\t\t<\/a>\n\t\t<div id=\"accordion-84683817-content\" class=\"accordion-inner\" aria-labelledby=\"accordion-84683817-label\">\n\t\t\t\n<p>Proces zarastanja nakon operacije smanjenja nosnih krila je obi\u010dno kratak. Me\u0111utim, ovaj proces mo\u017ee varirati u zavisnosti od tipa ko\u017ee pacijenta i op\u0161teg zdravstvenog stanja. Osobe sa tankom ko\u017eom mogu se br\u017ee oporaviti. Uop\u0161teno, potpuni oporavak nakon operacije smanjenja nosnih krila traje od nekoliko nedelja do nekoliko meseci. Tokom ovog perioda, oteklina i drugi ne\u017eeljeni efekti se smanjuju. Iako se proces zarastanja razlikuje od pacijenta do pacijenta, ve\u0107ina ljudi prime\u0107uje zna\u010dajan napredak u roku od nekoliko nedelja.<\/p>\n\t\t<\/div>\n\t<\/div>\n\t\n\t<div id=\"accordion-620762893\" class=\"accordion-item\">\n\t\t<a id=\"accordion-620762893-label\" class=\"accordion-title plain\" href=\"#accordion-item-koliko-se-nos-mo\u017ee-smanjiti-nakon-operacije-nosa?\" aria-expanded=\"false\" aria-controls=\"accordion-620762893-content\">\n\t\t\t<button class=\"toggle\" aria-label=\"Toggle\"><i class=\"icon-angle-down\" aria-hidden=\"true\"><\/i><\/button>\n\t\t\t<h3 class=\"accordion-heading\" role=\"heading\" aria-level=\"3\">Koliko se nos mo\u017ee smanjiti nakon operacije nosa?<\/h3>\n\t\t<\/a>\n\t\t<div id=\"accordion-620762893-content\" class=\"accordion-inner\" aria-labelledby=\"accordion-620762893-label\">\n\t\t\t\n<p>Tokom rinoplastike, volumen nosa se obi\u010dno smanji za oko 13%. Ova promena ne samo da pobolj\u0161ava estetski izgled, ve\u0107 donosi i funkcionalna pobolj\u0161anja. Ve\u0107ina pacijenata ose\u0107a zna\u010dajno olak\u0161anje u disanju zahvaljuju\u0107i ovom smanjenju. Me\u0111utim, va\u017eno je odr\u017eavati funkcionalnost nosa dok se posti\u017eu estetske korekcije. Ovaj uravnote\u017eeni pristup omogu\u0107ava postizanje zadovoljavaju\u0107ih rezultata u pogledu oblika i funkcije nakon operacije.<\/p>\n\t\t<\/div>\n\t<\/div>\n\t\n\t<div id=\"accordion-1598996264\" class=\"accordion-item\">\n\t\t<a id=\"accordion-1598996264-label\" class=\"accordion-title plain\" href=\"#accordion-item-\u0160ta-mo\u017ee-da-se-uradi-ako-se-ne-postignu-\u017eeljeni-rezultati-nakon-operacije-smanjenja-nosnih-prolaza-i-krila?\" aria-expanded=\"false\" aria-controls=\"accordion-1598996264-content\">\n\t\t\t<button class=\"toggle\" aria-label=\"Toggle\"><i class=\"icon-angle-down\" aria-hidden=\"true\"><\/i><\/button>\n\t\t\t<h3 class=\"accordion-heading\" role=\"heading\" aria-level=\"3\">\u0160ta mo\u017ee da se uradi ako se ne postignu \u017eeljeni rezultati nakon operacije smanjenja nosnih prolaza i krila?<\/h3>\n\t\t<\/a>\n\t\t<div id=\"accordion-1598996264-content\" class=\"accordion-inner\" aria-labelledby=\"accordion-1598996264-label\">\n\t\t\t\n<p>Ako se \u017eeljeni rezultati ne postignu nakon operacije smanjenja nosnih prolaza i krila, mo\u017ee se razmotriti reviziona hirurgija. Ovaj zahvat se obi\u010dno izvodi pod lokalnom anestezijom. Tokom revizije, nosni prolazi ili krila se ponovo oblikuju. Va\u017eno je pa\u017eljivo pratiti proces zarastanja i striktno se pridr\u017eavati preporuka lekara. Ako estetske zabrinutosti i dalje postoje, detaljna procena sa lekarom mo\u017ee odrediti odgovaraju\u0107e opcije le\u010denja. Ovaj proces je klju\u010dan za ispunjavanje \u017eelja pacijenta.<\/p>\n\t\t<\/div>\n\t<\/div>\n\t\n\t<div id=\"accordion-2520969898\" class=\"accordion-item\">\n\t\t<a id=\"accordion-2520969898-label\" class=\"accordion-title plain\" href=\"#accordion-item-kako-se-funkcija-disanja-menja-nakon-operacije-smanjenja-nosnih-prolaza-i-krila?\" aria-expanded=\"false\" aria-controls=\"accordion-2520969898-content\">\n\t\t\t<button class=\"toggle\" aria-label=\"Toggle\"><i class=\"icon-angle-down\" aria-hidden=\"true\"><\/i><\/button>\n\t\t\t<h3 class=\"accordion-heading\" role=\"heading\" aria-level=\"3\">Kako se funkcija disanja menja nakon operacije smanjenja nosnih prolaza i krila?<\/h3>\n\t\t<\/a>\n\t\t<div id=\"accordion-2520969898-content\" class=\"accordion-inner\" aria-labelledby=\"accordion-2520969898-label\">\n\t\t\t\n<p>Funkcija disanja se obi\u010dno pobolj\u0161ava nakon operacije smanjenja nosnih prolaza i krila. Pacijenti mogu iskusiti oticanje i za\u010depljenje u prvim danima. Me\u0111utim, ovi simptomi postepeno nestaju, donose\u0107i olak\u0161anje. Glavni cilj operacije je postizanje proporcionalnijih nosnih prolaza i krila. Tako se posti\u017ee i estetsko i funkcionalno pobolj\u0161anje. Pacijenti po\u010dinju lak\u0161e da di\u0161u. Potpuni oporavak i pove\u0107an komfor u disanju obi\u010dno se posti\u017eu u roku od jednog do tri meseca.<\/p>\n\t\t<\/div>\n\t<\/div>\n\t\n\t<div id=\"accordion-1825928188\" class=\"accordion-item\">\n\t\t<a id=\"accordion-1825928188-label\" class=\"accordion-title plain\" href=\"#accordion-item-da-li-se-krila-nosa-seku-tokom-operacije-nosa?\" aria-expanded=\"false\" aria-controls=\"accordion-1825928188-content\">\n\t\t\t<button class=\"toggle\" aria-label=\"Toggle\"><i class=\"icon-angle-down\" aria-hidden=\"true\"><\/i><\/button>\n\t\t\t<h3 class=\"accordion-heading\" role=\"heading\" aria-level=\"3\">Da li se krila nosa seku tokom operacije nosa?<\/h3>\n\t\t<\/a>\n\t\t<div id=\"accordion-1825928188-content\" class=\"accordion-inner\" aria-labelledby=\"accordion-1825928188-label\">\n\t\t\t\n<p>Tokom zatvorene rinoplastike, krila nosa se ne seku spolja. Rezovi se prave unutar nosnica. Ova tehnika se preferira kako bi se promenio oblik nosa bez ostavljanja spolja\u0161njih o\u017eiljaka. Me\u0111utim, u nekim slu\u010dajevima unutra\u0161nji rezovi mo\u017eda ne\u0107e biti dovoljni i spolja\u0161nji rezovi mogu biti potrebni. To u potpunosti zavisi od strukture nosa osobe. Kod ve\u0107ine pacijenata estetske operacije se uspe\u0161no izvode zatvorenom tehnikom, a spolja\u0161nji rezovi nisu potrebni.<\/p>\n\t\t<\/div>\n\t<\/div>\n\t\n\t<div id=\"accordion-1050636719\" class=\"accordion-item\">\n\t\t<a id=\"accordion-1050636719-label\" class=\"accordion-title plain\" href=\"#accordion-item-da-li-je-mogu\u0107e-suziti-krila-nosa-bez-operacije?\" aria-expanded=\"false\" aria-controls=\"accordion-1050636719-content\">\n\t\t\t<button class=\"toggle\" aria-label=\"Toggle\"><i class=\"icon-angle-down\" aria-hidden=\"true\"><\/i><\/button>\n\t\t\t<h3 class=\"accordion-heading\" role=\"heading\" aria-level=\"3\">Da li je mogu\u0107e suziti krila nosa bez operacije?<\/h3>\n\t\t<\/a>\n\t\t<div id=\"accordion-1050636719-content\" class=\"accordion-inner\" aria-labelledby=\"accordion-1050636719-label\">\n\t\t\t\n<p>Nije mogu\u0107e suziti krila nosa bez operacije. Nekirur\u0161ke metode pru\u017eaju samo privremena re\u0161enja i ne su\u017eavaju strukturno krila nosa. Alternativne metode kao \u0161to su fileri ili tehnike \u0161minkanja stvaraju samo vizuelnu iluziju. Me\u0111utim, za postizanje trajnog su\u017eenja krila nosa potrebni su hirur\u0161ki zahvati. Takve promene uklju\u010duju preoblikovanje tkiva i pode\u0161avanje hrskavice. Dakle, hirurgija je jedino efikasno re\u0161enje za one koji tra\u017ee trajne rezultate.<\/p>\n\t\t<\/div>\n\t<\/div>\n\t\n\t<div id=\"accordion-2039526660\" class=\"accordion-item\">\n\t\t<a id=\"accordion-2039526660-label\" class=\"accordion-title plain\" href=\"#accordion-item-kada-se-krila-nosa-stabilizuju?\" aria-expanded=\"false\" aria-controls=\"accordion-2039526660-content\">\n\t\t\t<button class=\"toggle\" aria-label=\"Toggle\"><i class=\"icon-angle-down\" aria-hidden=\"true\"><\/i><\/button>\n\t\t\t<h3 class=\"accordion-heading\" role=\"heading\" aria-level=\"3\">Kada se krila nosa stabilizuju?<\/h3>\n\t\t<\/a>\n\t\t<div id=\"accordion-2039526660-content\" class=\"accordion-inner\" aria-labelledby=\"accordion-2039526660-label\">\n\t\t\t\n<p>Krila nosa obi\u010dno zahtevaju od 6 meseci do 1 godine da se potpuno stabilizuju. Me\u0111utim, ovaj proces napreduje sporo. Va\u017eno je proceniti glavne konture kada se nos otkrije. Mo\u017ee potrajati mesecima da se vidi kona\u010dan rezultat. Potrebno je strpljenje da bi krila nosa zauzela svoj kona\u010dni oblik. Kako \u0107e se rezultati pojaviti s vremenom, va\u017eno je biti strpljiv.<\/p>\n\t\t<\/div>\n\t<\/div>\n\t\n\t<div id=\"accordion-3707911633\" class=\"accordion-item\">\n\t\t<a id=\"accordion-3707911633-label\" class=\"accordion-title plain\" href=\"#accordion-item-da-li-se-iskrivljen-nosni-otvor-mo\u017ee-ispraviti-operacijom?\" aria-expanded=\"false\" aria-controls=\"accordion-3707911633-content\">\n\t\t\t<button class=\"toggle\" aria-label=\"Toggle\"><i class=\"icon-angle-down\" aria-hidden=\"true\"><\/i><\/button>\n\t\t\t<h3 class=\"accordion-heading\" role=\"heading\" aria-level=\"3\">Da li se iskrivljen nosni otvor mo\u017ee ispraviti operacijom?<\/h3>\n\t\t<\/a>\n\t\t<div id=\"accordion-3707911633-content\" class=\"accordion-inner\" aria-labelledby=\"accordion-3707911633-label\">\n\t\t\t\n<p>Iskrivljen nosni otvor se mo\u017ee ispraviti operacijom. U ranim danima mo\u017ee do\u0107i do problema sa asimetrijom nosnica, ali to je obi\u010dno privremeno. Kako se nos zaceljuje i otok opada, nosnice postaju simetri\u010dne. Operacija za ispravljanje asimetrije nosnica mo\u017ee se obaviti pod lokalnom anestezijom i zahteva jednostavne zavoje. Vremenom se oblik nosa pobolj\u0161ava i nosnice vra\u0107aju svoj normalan izgled. Dakle, iskrivljen nosni otvor se mo\u017ee uspe\u0161no ispraviti operacijom.<\/p>\n\t\t<\/div>\n\t<\/div>\n\t\n<\/div>\n\t\t<\/div>\n\t\t\t\t\t<\/div>\n\n\t\n\n\t<div id=\"col-228906800\" class=\"col small-12 large-12\"  >\n\t\t\t\t<div class=\"col-inner\"  >\n\t\t\t\n\t\t\t\n<h2 style=\"text-align: left;\">Jedan od najboljih klini\u010dkih timova za  u Turskoj<\/h2>\n<p>Dr. Alev Camc\u0131o\u011flu se smatra jednim od<a href=\"https:\/\/www.alevcamcioglu.com\/sr\/\"> najboljih  hirurga<\/a> u Turskoj. Mo\u017eete pogledati <a href=\"https:\/\/www.google.com\/search?sca_esv=19415285e7d3a11e&amp;q=Op.+Dr.+Alev+Camc%C4%B1o%C4%9Flu+%7C+Burun+Esteti%C4%9Fi+,+Rinoplasti&amp;si=ACC90nwjPmqJHrCEt6ewASzksVFQDX8zco_7MgBaIawvaF4-7h723rVnZZFvK9OUD_1VBtQCUeVRPTUGteg0cLBOJKCQcF0l8NwoxI3g4M0bcP1xT-CjIKs%3D&amp;uds=ADvngMjY3r6cFmkgAf0Cxo_OKwUu8-9wBrBINI3SgEOgMBDI-5zv7ouVxpoC5B3rGHvBXe2sC4UfcRCjxwtdIZqUOJLNbC7tiBSx22BIl7RGCQjdXli44B_uGb9i1YxcDMMbIHEpYimMnELWSd3nhL869lQu7z7kZ8TooMdqLcQgmPDHyHohCQ8&amp;sa=X&amp;ved=2ahUKEwiiiMOMqeSJAxVxS_EDHdySMG0Q3PALegQIGRAE&amp;biw=2276&amp;bih=1055&amp;dpr=1.13\" target=\"_blank\" rel=\"noopener\">recenzije za  ovde.<\/a><\/p>\n<div class=\"row row-full-width align-center\"  id=\"row-118897918\">\n\n\n\t<div id=\"col-112828635\" class=\"col medium-2 small-6 large-2\"  >\n\t\t\t\t<div class=\"col-inner\"  >\n\t\t\t\n\t\t\t\n\n    <div class=\"box has-hover has-hover box-text-bottom\" >\n\n                  <div class=\"box-image \" >\n           <div class=\"box-image-inner image-cover\" style=\"padding-top:100%;\">\n              <img decoding=\"async\" width=\"1080\" height=\"1122\" src=\"https:\/\/www.alevcamcioglu.com\/wp-content\/uploads\/2018\/02\/106913305_714307142741324_420816097913162768_n.jpg\" class=\"attachment- size-\" alt=\"\" srcset=\"https:\/\/www.alevcamcioglu.com\/wp-content\/uploads\/2018\/02\/106913305_714307142741324_420816097913162768_n.jpg 1080w, https:\/\/www.alevcamcioglu.com\/wp-content\/uploads\/2018\/02\/106913305_714307142741324_420816097913162768_n-289x300.jpg 289w, https:\/\/www.alevcamcioglu.com\/wp-content\/uploads\/2018\/02\/106913305_714307142741324_420816097913162768_n-986x1024.jpg 986w, https:\/\/www.alevcamcioglu.com\/wp-content\/uploads\/2018\/02\/106913305_714307142741324_420816097913162768_n-768x798.jpg 768w, https:\/\/www.alevcamcioglu.com\/wp-content\/uploads\/2018\/02\/106913305_714307142741324_420816097913162768_n-370x384.jpg 370w, https:\/\/www.alevcamcioglu.com\/wp-content\/uploads\/2018\/02\/106913305_714307142741324_420816097913162768_n-760x790.jpg 760w\" sizes=\"(max-width: 1080px) 100vw, 1080px\" title=\"\">                         <\/div>\n          <\/div>\n         \n          <div class=\"box-text text-center\" >\n                <div class=\"box-text-inner\">\n                  <h4 class=\"uppercase\">\n                    <span class=\"person-name\">Op. Dr. Alev Camc\u0131o\u011flu<\/span><br\/>\n                    <span class=\"person-title is-small thin-font op-7\">\n                      Hirurg za rinoplastiku                    <\/span>\n                  <\/h4>\n\t\t\t\t\t<div class=\"social-icons follow-icons\" ><a href=\"https:\/\/www.facebook.com\/dralevcamcioglu\/\" target=\"_blank\" data-label=\"Facebook\" class=\"icon primary button circle tooltip facebook\" title=\"Follow on Facebook\" aria-label=\"Follow on Facebook\" rel=\"noopener nofollow\"><i class=\"icon-facebook\" aria-hidden=\"true\"><\/i><\/a><a href=\"https:\/\/www.instagram.com\/dralevcamcioglu\/\" target=\"_blank\" data-label=\"Instagram\" class=\"icon primary button circle tooltip instagram\" title=\"Follow on Instagram\" aria-label=\"Follow on Instagram\" rel=\"noopener nofollow\"><i class=\"icon-instagram\" aria-hidden=\"true\"><\/i><\/a><\/div>\n\n\n                <\/div>\n          <\/div>\n    <\/div>\n\n\t\n    \n\n\t\t<\/div>\n\t\t\t\t\t<\/div>\n\n\t\n\n\t<div id=\"col-1515379014\" class=\"col medium-2 small-6 large-2\"  >\n\t\t\t\t<div class=\"col-inner\"  >\n\t\t\t\n\t\t\t\n\n    <div class=\"box has-hover has-hover box-text-bottom\" >\n\n                  <div class=\"box-image \" >\n           <div class=\"box-image-inner image-cover\" style=\"padding-top:100%;\">\n              <img decoding=\"async\" width=\"1200\" height=\"800\" src=\"https:\/\/www.alevcamcioglu.com\/wp-content\/uploads\/2018\/02\/DSC00496-1200x800-1.jpg\" class=\"attachment- size-\" alt=\"\" srcset=\"https:\/\/www.alevcamcioglu.com\/wp-content\/uploads\/2018\/02\/DSC00496-1200x800-1.jpg 1200w, https:\/\/www.alevcamcioglu.com\/wp-content\/uploads\/2018\/02\/DSC00496-1200x800-1-300x200.jpg 300w, https:\/\/www.alevcamcioglu.com\/wp-content\/uploads\/2018\/02\/DSC00496-1200x800-1-1024x683.jpg 1024w, https:\/\/www.alevcamcioglu.com\/wp-content\/uploads\/2018\/02\/DSC00496-1200x800-1-768x512.jpg 768w, https:\/\/www.alevcamcioglu.com\/wp-content\/uploads\/2018\/02\/DSC00496-1200x800-1-370x247.jpg 370w, https:\/\/www.alevcamcioglu.com\/wp-content\/uploads\/2018\/02\/DSC00496-1200x800-1-760x507.jpg 760w\" sizes=\"(max-width: 1200px) 100vw, 1200px\" title=\"\">                         <\/div>\n          <\/div>\n         \n          <div class=\"box-text text-center\" >\n                <div class=\"box-text-inner\">\n                  <h4 class=\"uppercase\">\n                    <span class=\"person-name\">Aylin Uyu\u015fmak<\/span><br\/>\n                    <span class=\"person-title is-small thin-font op-7\">\n                      Klini\u010dki Koordinator                    <\/span>\n                  <\/h4>\n\t\t\t\t\t<div class=\"social-icons follow-icons\" ><a href=\"https:\/\/www.facebook.com\/dralevcamcioglu\/\" target=\"_blank\" data-label=\"Facebook\" class=\"icon primary button circle tooltip facebook\" title=\"Follow on Facebook\" aria-label=\"Follow on Facebook\" rel=\"noopener nofollow\"><i class=\"icon-facebook\" aria-hidden=\"true\"><\/i><\/a><a href=\"https:\/\/www.instagram.com\/dralevcamcioglu\/\" target=\"_blank\" data-label=\"Instagram\" class=\"icon primary button circle tooltip instagram\" title=\"Follow on Instagram\" aria-label=\"Follow on Instagram\" rel=\"noopener nofollow\"><i class=\"icon-instagram\" aria-hidden=\"true\"><\/i><\/a><\/div>\n\n\n                <\/div>\n          <\/div>\n    <\/div>\n\n\t\n    \n\n\t\t<\/div>\n\t\t\t\t\t<\/div>\n\n\t\n\n\t<div id=\"col-649555011\" class=\"col medium-2 small-6 large-2\"  >\n\t\t\t\t<div class=\"col-inner\"  >\n\t\t\t\n\t\t\t\n\n    <div class=\"box has-hover has-hover box-text-bottom\" >\n\n                  <div class=\"box-image \" >\n           <div class=\"box-image-inner image-cover\" style=\"padding-top:100%;\">\n              <img decoding=\"async\" width=\"1200\" height=\"1800\" src=\"https:\/\/www.alevcamcioglu.com\/wp-content\/uploads\/2018\/02\/DSC00493-1200x1800-1.jpg\" class=\"attachment- size-\" alt=\"\" srcset=\"https:\/\/www.alevcamcioglu.com\/wp-content\/uploads\/2018\/02\/DSC00493-1200x1800-1.jpg 1200w, https:\/\/www.alevcamcioglu.com\/wp-content\/uploads\/2018\/02\/DSC00493-1200x1800-1-200x300.jpg 200w, https:\/\/www.alevcamcioglu.com\/wp-content\/uploads\/2018\/02\/DSC00493-1200x1800-1-683x1024.jpg 683w, https:\/\/www.alevcamcioglu.com\/wp-content\/uploads\/2018\/02\/DSC00493-1200x1800-1-768x1152.jpg 768w, https:\/\/www.alevcamcioglu.com\/wp-content\/uploads\/2018\/02\/DSC00493-1200x1800-1-1024x1536.jpg 1024w, https:\/\/www.alevcamcioglu.com\/wp-content\/uploads\/2018\/02\/DSC00493-1200x1800-1-370x555.jpg 370w, https:\/\/www.alevcamcioglu.com\/wp-content\/uploads\/2018\/02\/DSC00493-1200x1800-1-760x1140.jpg 760w\" sizes=\"(max-width: 1200px) 100vw, 1200px\" title=\"\">                         <\/div>\n          <\/div>\n         \n          <div class=\"box-text text-center\" >\n                <div class=\"box-text-inner\">\n                  <h4 class=\"uppercase\">\n                    <span class=\"person-name\">Serra Sevgili<\/span><br\/>\n                    <span class=\"person-title is-small thin-font op-7\">\n                      Klini\u010dki Asistent                    <\/span>\n                  <\/h4>\n\t\t\t\t\t<div class=\"social-icons follow-icons\" ><a href=\"https:\/\/www.facebook.com\/dralevcamcioglu\/\" target=\"_blank\" data-label=\"Facebook\" class=\"icon primary button circle tooltip facebook\" title=\"Follow on Facebook\" aria-label=\"Follow on Facebook\" rel=\"noopener nofollow\"><i class=\"icon-facebook\" aria-hidden=\"true\"><\/i><\/a><a href=\"https:\/\/www.instagram.com\/dralevcamcioglu\/\" target=\"_blank\" data-label=\"Instagram\" class=\"icon primary button circle tooltip instagram\" title=\"Follow on Instagram\" aria-label=\"Follow on Instagram\" rel=\"noopener nofollow\"><i class=\"icon-instagram\" aria-hidden=\"true\"><\/i><\/a><\/div>\n\n\n                <\/div>\n          <\/div>\n    <\/div>\n\n\t\n    \n\n\t\t<\/div>\n\t\t\t\t\t<\/div>\n\n\t\n\n\t<div id=\"col-1921634693\" class=\"col medium-2 small-6 large-2\"  >\n\t\t\t\t<div class=\"col-inner\"  >\n\t\t\t\n\t\t\t\n\n    <div class=\"box has-hover has-hover box-text-bottom\" >\n\n                  <div class=\"box-image \" >\n           <div class=\"box-image-inner image-cover\" style=\"padding-top:100%;\">\n              <img decoding=\"async\" width=\"1200\" height=\"800\" src=\"https:\/\/www.alevcamcioglu.com\/wp-content\/uploads\/2018\/02\/DSC00510-1200x800-1.jpg\" class=\"attachment- size-\" alt=\"\" srcset=\"https:\/\/www.alevcamcioglu.com\/wp-content\/uploads\/2018\/02\/DSC00510-1200x800-1.jpg 1200w, https:\/\/www.alevcamcioglu.com\/wp-content\/uploads\/2018\/02\/DSC00510-1200x800-1-300x200.jpg 300w, https:\/\/www.alevcamcioglu.com\/wp-content\/uploads\/2018\/02\/DSC00510-1200x800-1-1024x683.jpg 1024w, https:\/\/www.alevcamcioglu.com\/wp-content\/uploads\/2018\/02\/DSC00510-1200x800-1-768x512.jpg 768w, https:\/\/www.alevcamcioglu.com\/wp-content\/uploads\/2018\/02\/DSC00510-1200x800-1-370x247.jpg 370w, https:\/\/www.alevcamcioglu.com\/wp-content\/uploads\/2018\/02\/DSC00510-1200x800-1-760x507.jpg 760w\" sizes=\"(max-width: 1200px) 100vw, 1200px\" title=\"\">                         <\/div>\n          <\/div>\n         \n          <div class=\"box-text text-center\" >\n                <div class=\"box-text-inner\">\n                  <h4 class=\"uppercase\">\n                    <span class=\"person-name\">Sema Yap\u0131c\u0131<\/span><br\/>\n                    <span class=\"person-title is-small thin-font op-7\">\n                      Medicinska sestra u operacionoj sali                    <\/span>\n                  <\/h4>\n\t\t\t\t\t<div class=\"social-icons follow-icons\" ><a href=\"https:\/\/www.facebook.com\/dralevcamcioglu\/\" target=\"_blank\" data-label=\"Facebook\" class=\"icon primary button circle tooltip facebook\" title=\"Follow on Facebook\" aria-label=\"Follow on Facebook\" rel=\"noopener nofollow\"><i class=\"icon-facebook\" aria-hidden=\"true\"><\/i><\/a><a href=\"https:\/\/www.instagram.com\/dralevcamcioglu\/\" target=\"_blank\" data-label=\"Instagram\" class=\"icon primary button circle tooltip instagram\" title=\"Follow on Instagram\" aria-label=\"Follow on Instagram\" rel=\"noopener nofollow\"><i class=\"icon-instagram\" aria-hidden=\"true\"><\/i><\/a><\/div>\n\n\n                <\/div>\n          <\/div>\n    <\/div>\n\n\t\n    \n\n\t\t<\/div>\n\t\t\t\t\t<\/div>\n\n\t\n\n\t<div id=\"col-281644798\" class=\"col medium-2 small-6 large-2\"  >\n\t\t\t\t<div class=\"col-inner\"  >\n\t\t\t\n\t\t\t\n\n    <div class=\"box has-hover has-hover box-text-bottom\" >\n\n                  <div class=\"box-image \" >\n           <div class=\"box-image-inner image-cover\" style=\"padding-top:100%;\">\n              <img decoding=\"async\" width=\"1200\" height=\"800\" src=\"https:\/\/www.alevcamcioglu.com\/wp-content\/uploads\/2024\/02\/DSC00524-1200x800-1.jpg\" class=\"attachment- size-\" alt=\"\" srcset=\"https:\/\/www.alevcamcioglu.com\/wp-content\/uploads\/2024\/02\/DSC00524-1200x800-1.jpg 1200w, https:\/\/www.alevcamcioglu.com\/wp-content\/uploads\/2024\/02\/DSC00524-1200x800-1-300x200.jpg 300w, https:\/\/www.alevcamcioglu.com\/wp-content\/uploads\/2024\/02\/DSC00524-1200x800-1-1024x683.jpg 1024w, https:\/\/www.alevcamcioglu.com\/wp-content\/uploads\/2024\/02\/DSC00524-1200x800-1-768x512.jpg 768w, https:\/\/www.alevcamcioglu.com\/wp-content\/uploads\/2024\/02\/DSC00524-1200x800-1-370x247.jpg 370w, https:\/\/www.alevcamcioglu.com\/wp-content\/uploads\/2024\/02\/DSC00524-1200x800-1-760x507.jpg 760w\" sizes=\"(max-width: 1200px) 100vw, 1200px\" title=\"\">                         <\/div>\n          <\/div>\n         \n          <div class=\"box-text text-center\" >\n                <div class=\"box-text-inner\">\n                  <h4 class=\"uppercase\">\n                    <span class=\"person-name\">Aleyna Ceren Kurt<\/span><br\/>\n                    <span class=\"person-title is-small thin-font op-7\">\n                      Menad\u017eer dru\u0161tvenih medija                    <\/span>\n                  <\/h4>\n\t\t\t\t\t<div class=\"social-icons follow-icons\" ><a href=\"https:\/\/www.facebook.com\/dralevcamcioglu\/\" target=\"_blank\" data-label=\"Facebook\" class=\"icon primary button circle tooltip facebook\" title=\"Follow on Facebook\" aria-label=\"Follow on Facebook\" rel=\"noopener nofollow\"><i class=\"icon-facebook\" aria-hidden=\"true\"><\/i><\/a><a href=\"https:\/\/www.instagram.com\/dralevcamcioglu\/\" target=\"_blank\" data-label=\"Instagram\" class=\"icon primary button circle tooltip instagram\" title=\"Follow on Instagram\" aria-label=\"Follow on Instagram\" rel=\"noopener nofollow\"><i class=\"icon-instagram\" aria-hidden=\"true\"><\/i><\/a><\/div>\n\n\n                <\/div>\n          <\/div>\n    <\/div>\n\n\t\n    \n\n\t\t<\/div>\n\t\t\t\t\t<\/div>\n\n\t\n\n<\/div>\n\t\t<\/div>\n\t\t\t\t\t<\/div>\n\n\t\n\n\t<div id=\"col-1001439095\" class=\"col small-12 large-12\"  >\n\t\t\t\t<div class=\"col-inner\"  >\n\t\t\t\n\t\t\t\n<h2>Postovi na Blogu<\/h2>\n\n  \n    <div class=\"row large-columns-3 medium-columns-1 small-columns-1 slider row-slider slider-nav-circle slider-nav-outside\"  data-flickity-options='{&quot;imagesLoaded&quot;: true, &quot;groupCells&quot;: &quot;100%&quot;, &quot;dragThreshold&quot; : 5, &quot;cellAlign&quot;: &quot;left&quot;,&quot;wrapAround&quot;: true,&quot;prevNextButtons&quot;: true,&quot;percentPosition&quot;: true,&quot;pageDots&quot;: false, &quot;rightToLeft&quot;: false, &quot;autoPlay&quot; : false}' >\n\n  <div class=\"col post-item\" >\n\t\t\t<div class=\"col-inner\">\n\t\t\t\t<div class=\"box box-push box-text-bottom box-blog-post has-hover\">\n            \t\t\t\t\t<div class=\"box-image\" >\n  \t\t\t\t\t\t<div class=\"image-cover\" style=\"padding-top:100%;\">\n\t\t\t\t\t\t\t<a href=\"https:\/\/www.alevcamcioglu.com\/sr\/cene-operacija-cena\/\" class=\"plain\" aria-label=\"Cene Operacija Cena\">\n\t\t\t\t\t\t\t\t<img decoding=\"async\" width=\"1140\" height=\"500\" src=\"https:\/\/www.alevcamcioglu.com\/wp-content\/uploads\/2024\/08\/Burun-Ucu-Estetigi-Fiyatlari-1.jpg\" class=\"attachment-2048x2048 size-2048x2048 wp-post-image\" alt=\"\" srcset=\"https:\/\/www.alevcamcioglu.com\/wp-content\/uploads\/2024\/08\/Burun-Ucu-Estetigi-Fiyatlari-1.jpg 1140w, https:\/\/www.alevcamcioglu.com\/wp-content\/uploads\/2024\/08\/Burun-Ucu-Estetigi-Fiyatlari-1-300x132.jpg 300w, https:\/\/www.alevcamcioglu.com\/wp-content\/uploads\/2024\/08\/Burun-Ucu-Estetigi-Fiyatlari-1-1024x449.jpg 1024w, https:\/\/www.alevcamcioglu.com\/wp-content\/uploads\/2024\/08\/Burun-Ucu-Estetigi-Fiyatlari-1-768x337.jpg 768w, https:\/\/www.alevcamcioglu.com\/wp-content\/uploads\/2024\/08\/Burun-Ucu-Estetigi-Fiyatlari-1-370x162.jpg 370w, https:\/\/www.alevcamcioglu.com\/wp-content\/uploads\/2024\/08\/Burun-Ucu-Estetigi-Fiyatlari-1-760x333.jpg 760w\" sizes=\"(max-width: 1140px) 100vw, 1140px\" title=\"\">\t\t\t\t\t\t\t<\/a>\n  \t\t\t\t\t\t\t  \t\t\t\t\t\t\t  \t\t\t\t\t\t<\/div>\n  \t\t\t\t\t\t  \t\t\t\t\t<\/div>\n          \t\t\t\t\t<div class=\"box-text text-center\" >\n\t\t\t\t\t<div class=\"box-text-inner blog-post-inner\">\n\n\t\t\t\t\t\n\t\t\t\t\t\t\t\t\t\t<h5 class=\"post-title is-large \">\n\t\t\t\t\t\t<a href=\"https:\/\/www.alevcamcioglu.com\/sr\/cene-operacija-cena\/\" class=\"plain\">Cene Operacija Cena<\/a>\n\t\t\t\t\t<\/h5>\n\t\t\t\t\t\t\t\t\t\t<div class=\"is-divider\"><\/div>\n\t\t\t\t\t                    \n\t\t\t\t\t\t\t\t\t\t\t<a href=\"https:\/\/www.alevcamcioglu.com\/sr\/cene-operacija-cena\/\" class=\"button primary is-outline is-small mb-0\">\n\t\t\t\t\t\t\tContinue Reading\t\t\t\t\t\t<\/a>\n\t\t\t\t\t\n\t\t\t\t\t\n\t\t\t\t\t<\/div>\n\t\t\t\t\t<\/div>\n\t\t\t\t\t\t\t\t\t\t\t\t\t\t\t\t<div class=\"badge absolute top post-date badge-circle\">\n\t\t\t\t\t\t\t<div class=\"badge-inner\">\n\t\t\t\t\t\t\t\t<span class=\"post-date-day\">16<\/span><br>\n\t\t\t\t\t\t\t\t<span class=\"post-date-month is-xsmall\">\u0430\u0432\u0433<\/span>\n\t\t\t\t\t\t\t<\/div>\n\t\t\t\t\t\t<\/div>\n\t\t\t\t\t\t\t\t\t<\/div>\n\t\t\t<\/div>\n\t\t<\/div><div class=\"col post-item\" >\n\t\t\t<div class=\"col-inner\">\n\t\t\t\t<div class=\"box box-push box-text-bottom box-blog-post has-hover\">\n            \t\t\t\t\t<div class=\"box-image\" >\n  \t\t\t\t\t\t<div class=\"image-cover\" style=\"padding-top:100%;\">\n\t\t\t\t\t\t\t<a href=\"https:\/\/www.alevcamcioglu.com\/sr\/preporuke-lekara-nakon-operacije-nosa\/\" class=\"plain\" aria-label=\"Preporuke Lekara Nakon Operacije Nosa\">\n\t\t\t\t\t\t\t\t<img decoding=\"async\" width=\"1140\" height=\"500\" src=\"https:\/\/www.alevcamcioglu.com\/wp-content\/uploads\/2024\/08\/Burun-Ameliyati-Sonrasi-Doktordan-Oneriler.jpg\" class=\"attachment-2048x2048 size-2048x2048 wp-post-image\" alt=\"\" srcset=\"https:\/\/www.alevcamcioglu.com\/wp-content\/uploads\/2024\/08\/Burun-Ameliyati-Sonrasi-Doktordan-Oneriler.jpg 1140w, https:\/\/www.alevcamcioglu.com\/wp-content\/uploads\/2024\/08\/Burun-Ameliyati-Sonrasi-Doktordan-Oneriler-300x132.jpg 300w, https:\/\/www.alevcamcioglu.com\/wp-content\/uploads\/2024\/08\/Burun-Ameliyati-Sonrasi-Doktordan-Oneriler-1024x449.jpg 1024w, https:\/\/www.alevcamcioglu.com\/wp-content\/uploads\/2024\/08\/Burun-Ameliyati-Sonrasi-Doktordan-Oneriler-768x337.jpg 768w, https:\/\/www.alevcamcioglu.com\/wp-content\/uploads\/2024\/08\/Burun-Ameliyati-Sonrasi-Doktordan-Oneriler-370x162.jpg 370w, https:\/\/www.alevcamcioglu.com\/wp-content\/uploads\/2024\/08\/Burun-Ameliyati-Sonrasi-Doktordan-Oneriler-760x333.jpg 760w\" sizes=\"(max-width: 1140px) 100vw, 1140px\" title=\"\">\t\t\t\t\t\t\t<\/a>\n  \t\t\t\t\t\t\t  \t\t\t\t\t\t\t  \t\t\t\t\t\t<\/div>\n  \t\t\t\t\t\t  \t\t\t\t\t<\/div>\n          \t\t\t\t\t<div class=\"box-text text-center\" >\n\t\t\t\t\t<div class=\"box-text-inner blog-post-inner\">\n\n\t\t\t\t\t\n\t\t\t\t\t\t\t\t\t\t<h5 class=\"post-title is-large \">\n\t\t\t\t\t\t<a href=\"https:\/\/www.alevcamcioglu.com\/sr\/preporuke-lekara-nakon-operacije-nosa\/\" class=\"plain\">Preporuke Lekara Nakon Operacije Nosa<\/a>\n\t\t\t\t\t<\/h5>\n\t\t\t\t\t\t\t\t\t\t<div class=\"is-divider\"><\/div>\n\t\t\t\t\t                    \n\t\t\t\t\t\t\t\t\t\t\t<a href=\"https:\/\/www.alevcamcioglu.com\/sr\/preporuke-lekara-nakon-operacije-nosa\/\" class=\"button primary is-outline is-small mb-0\">\n\t\t\t\t\t\t\tContinue Reading\t\t\t\t\t\t<\/a>\n\t\t\t\t\t\n\t\t\t\t\t\n\t\t\t\t\t<\/div>\n\t\t\t\t\t<\/div>\n\t\t\t\t\t\t\t\t\t\t\t\t\t\t\t\t<div class=\"badge absolute top post-date badge-circle\">\n\t\t\t\t\t\t\t<div class=\"badge-inner\">\n\t\t\t\t\t\t\t\t<span class=\"post-date-day\">16<\/span><br>\n\t\t\t\t\t\t\t\t<span class=\"post-date-month is-xsmall\">\u0430\u0432\u0433<\/span>\n\t\t\t\t\t\t\t<\/div>\n\t\t\t\t\t\t<\/div>\n\t\t\t\t\t\t\t\t\t<\/div>\n\t\t\t<\/div>\n\t\t<\/div><div class=\"col post-item\" >\n\t\t\t<div class=\"col-inner\">\n\t\t\t\t<div class=\"box box-push box-text-bottom box-blog-post has-hover\">\n            \t\t\t\t\t<div class=\"box-image\" >\n  \t\t\t\t\t\t<div class=\"image-cover\" style=\"padding-top:100%;\">\n\t\t\t\t\t\t\t<a href=\"https:\/\/www.alevcamcioglu.com\/sr\/krivljenje-nakon-operacije-nosa\/\" class=\"plain\" aria-label=\"Krivljenje Nakon Operacije Nosa\">\n\t\t\t\t\t\t\t\t<img decoding=\"async\" width=\"1140\" height=\"500\" src=\"https:\/\/www.alevcamcioglu.com\/wp-content\/uploads\/2024\/08\/Burun-Estetigi-Sonrasi-Yamukluk.jpg\" class=\"attachment-2048x2048 size-2048x2048 wp-post-image\" alt=\"\" srcset=\"https:\/\/www.alevcamcioglu.com\/wp-content\/uploads\/2024\/08\/Burun-Estetigi-Sonrasi-Yamukluk.jpg 1140w, https:\/\/www.alevcamcioglu.com\/wp-content\/uploads\/2024\/08\/Burun-Estetigi-Sonrasi-Yamukluk-300x132.jpg 300w, https:\/\/www.alevcamcioglu.com\/wp-content\/uploads\/2024\/08\/Burun-Estetigi-Sonrasi-Yamukluk-1024x449.jpg 1024w, https:\/\/www.alevcamcioglu.com\/wp-content\/uploads\/2024\/08\/Burun-Estetigi-Sonrasi-Yamukluk-768x337.jpg 768w, https:\/\/www.alevcamcioglu.com\/wp-content\/uploads\/2024\/08\/Burun-Estetigi-Sonrasi-Yamukluk-370x162.jpg 370w, https:\/\/www.alevcamcioglu.com\/wp-content\/uploads\/2024\/08\/Burun-Estetigi-Sonrasi-Yamukluk-760x333.jpg 760w\" sizes=\"(max-width: 1140px) 100vw, 1140px\" title=\"\">\t\t\t\t\t\t\t<\/a>\n  \t\t\t\t\t\t\t  \t\t\t\t\t\t\t  \t\t\t\t\t\t<\/div>\n  \t\t\t\t\t\t  \t\t\t\t\t<\/div>\n          \t\t\t\t\t<div class=\"box-text text-center\" >\n\t\t\t\t\t<div class=\"box-text-inner blog-post-inner\">\n\n\t\t\t\t\t\n\t\t\t\t\t\t\t\t\t\t<h5 class=\"post-title is-large \">\n\t\t\t\t\t\t<a href=\"https:\/\/www.alevcamcioglu.com\/sr\/krivljenje-nakon-operacije-nosa\/\" class=\"plain\">Krivljenje Nakon Operacije Nosa<\/a>\n\t\t\t\t\t<\/h5>\n\t\t\t\t\t\t\t\t\t\t<div class=\"is-divider\"><\/div>\n\t\t\t\t\t                    \n\t\t\t\t\t\t\t\t\t\t\t<a href=\"https:\/\/www.alevcamcioglu.com\/sr\/krivljenje-nakon-operacije-nosa\/\" class=\"button primary is-outline is-small mb-0\">\n\t\t\t\t\t\t\tContinue Reading\t\t\t\t\t\t<\/a>\n\t\t\t\t\t\n\t\t\t\t\t\n\t\t\t\t\t<\/div>\n\t\t\t\t\t<\/div>\n\t\t\t\t\t\t\t\t\t\t\t\t\t\t\t\t<div class=\"badge absolute top post-date badge-circle\">\n\t\t\t\t\t\t\t<div class=\"badge-inner\">\n\t\t\t\t\t\t\t\t<span class=\"post-date-day\">16<\/span><br>\n\t\t\t\t\t\t\t\t<span class=\"post-date-month is-xsmall\">\u0430\u0432\u0433<\/span>\n\t\t\t\t\t\t\t<\/div>\n\t\t\t\t\t\t<\/div>\n\t\t\t\t\t\t\t\t\t<\/div>\n\t\t\t<\/div>\n\t\t<\/div><div class=\"col post-item\" >\n\t\t\t<div class=\"col-inner\">\n\t\t\t\t<div class=\"box box-push box-text-bottom box-blog-post has-hover\">\n            \t\t\t\t\t<div class=\"box-image\" >\n  \t\t\t\t\t\t<div class=\"image-cover\" style=\"padding-top:100%;\">\n\t\t\t\t\t\t\t<a href=\"https:\/\/www.alevcamcioglu.com\/sr\/oticanje-na-hrptu-nosa-nakon-rinoplastike\/\" class=\"plain\" aria-label=\"Oticanje Na Hrptu Nosa Nakon Rinoplastike\">\n\t\t\t\t\t\t\t\t<img decoding=\"async\" width=\"1140\" height=\"500\" src=\"https:\/\/www.alevcamcioglu.com\/wp-content\/uploads\/2024\/08\/Burun-Estetigi-Sonrasi-Burun-Sirtinda-Sislik.jpg\" class=\"attachment-2048x2048 size-2048x2048 wp-post-image\" alt=\"\" srcset=\"https:\/\/www.alevcamcioglu.com\/wp-content\/uploads\/2024\/08\/Burun-Estetigi-Sonrasi-Burun-Sirtinda-Sislik.jpg 1140w, https:\/\/www.alevcamcioglu.com\/wp-content\/uploads\/2024\/08\/Burun-Estetigi-Sonrasi-Burun-Sirtinda-Sislik-300x132.jpg 300w, https:\/\/www.alevcamcioglu.com\/wp-content\/uploads\/2024\/08\/Burun-Estetigi-Sonrasi-Burun-Sirtinda-Sislik-1024x449.jpg 1024w, https:\/\/www.alevcamcioglu.com\/wp-content\/uploads\/2024\/08\/Burun-Estetigi-Sonrasi-Burun-Sirtinda-Sislik-768x337.jpg 768w, https:\/\/www.alevcamcioglu.com\/wp-content\/uploads\/2024\/08\/Burun-Estetigi-Sonrasi-Burun-Sirtinda-Sislik-370x162.jpg 370w, https:\/\/www.alevcamcioglu.com\/wp-content\/uploads\/2024\/08\/Burun-Estetigi-Sonrasi-Burun-Sirtinda-Sislik-760x333.jpg 760w\" sizes=\"(max-width: 1140px) 100vw, 1140px\" title=\"\">\t\t\t\t\t\t\t<\/a>\n  \t\t\t\t\t\t\t  \t\t\t\t\t\t\t  \t\t\t\t\t\t<\/div>\n  \t\t\t\t\t\t  \t\t\t\t\t<\/div>\n          \t\t\t\t\t<div class=\"box-text text-center\" >\n\t\t\t\t\t<div class=\"box-text-inner blog-post-inner\">\n\n\t\t\t\t\t\n\t\t\t\t\t\t\t\t\t\t<h5 class=\"post-title is-large \">\n\t\t\t\t\t\t<a href=\"https:\/\/www.alevcamcioglu.com\/sr\/oticanje-na-hrptu-nosa-nakon-rinoplastike\/\" class=\"plain\">Oticanje Na Hrptu Nosa Nakon Rinoplastike<\/a>\n\t\t\t\t\t<\/h5>\n\t\t\t\t\t\t\t\t\t\t<div class=\"is-divider\"><\/div>\n\t\t\t\t\t                    \n\t\t\t\t\t\t\t\t\t\t\t<a href=\"https:\/\/www.alevcamcioglu.com\/sr\/oticanje-na-hrptu-nosa-nakon-rinoplastike\/\" class=\"button primary is-outline is-small mb-0\">\n\t\t\t\t\t\t\tContinue Reading\t\t\t\t\t\t<\/a>\n\t\t\t\t\t\n\t\t\t\t\t\n\t\t\t\t\t<\/div>\n\t\t\t\t\t<\/div>\n\t\t\t\t\t\t\t\t\t\t\t\t\t\t\t\t<div class=\"badge absolute top post-date badge-circle\">\n\t\t\t\t\t\t\t<div class=\"badge-inner\">\n\t\t\t\t\t\t\t\t<span class=\"post-date-day\">16<\/span><br>\n\t\t\t\t\t\t\t\t<span class=\"post-date-month is-xsmall\">\u0430\u0432\u0433<\/span>\n\t\t\t\t\t\t\t<\/div>\n\t\t\t\t\t\t<\/div>\n\t\t\t\t\t\t\t\t\t<\/div>\n\t\t\t<\/div>\n\t\t<\/div><div class=\"col post-item\" >\n\t\t\t<div class=\"col-inner\">\n\t\t\t\t<div class=\"box box-push box-text-bottom box-blog-post has-hover\">\n            \t\t\t\t\t<div class=\"box-image\" >\n  \t\t\t\t\t\t<div class=\"image-cover\" style=\"padding-top:100%;\">\n\t\t\t\t\t\t\t<a href=\"https:\/\/www.alevcamcioglu.com\/sr\/da-li-je-opasno-uklanjati-obrve-i-brkove-nakon-operacije-nosa\/\" class=\"plain\" aria-label=\"Da Li je Opasno Uklanjati Obrve i Brkove Nakon Operacije Nosa?\">\n\t\t\t\t\t\t\t\t<img decoding=\"async\" width=\"1140\" height=\"500\" src=\"https:\/\/www.alevcamcioglu.com\/wp-content\/uploads\/2024\/08\/Burun-Ameliyati-Sonrasi-Kas-Biyik-Almak-Tehlikeli-Mi.jpg\" class=\"attachment-2048x2048 size-2048x2048 wp-post-image\" alt=\"\" srcset=\"https:\/\/www.alevcamcioglu.com\/wp-content\/uploads\/2024\/08\/Burun-Ameliyati-Sonrasi-Kas-Biyik-Almak-Tehlikeli-Mi.jpg 1140w, https:\/\/www.alevcamcioglu.com\/wp-content\/uploads\/2024\/08\/Burun-Ameliyati-Sonrasi-Kas-Biyik-Almak-Tehlikeli-Mi-300x132.jpg 300w, https:\/\/www.alevcamcioglu.com\/wp-content\/uploads\/2024\/08\/Burun-Ameliyati-Sonrasi-Kas-Biyik-Almak-Tehlikeli-Mi-1024x449.jpg 1024w, https:\/\/www.alevcamcioglu.com\/wp-content\/uploads\/2024\/08\/Burun-Ameliyati-Sonrasi-Kas-Biyik-Almak-Tehlikeli-Mi-768x337.jpg 768w, https:\/\/www.alevcamcioglu.com\/wp-content\/uploads\/2024\/08\/Burun-Ameliyati-Sonrasi-Kas-Biyik-Almak-Tehlikeli-Mi-370x162.jpg 370w, https:\/\/www.alevcamcioglu.com\/wp-content\/uploads\/2024\/08\/Burun-Ameliyati-Sonrasi-Kas-Biyik-Almak-Tehlikeli-Mi-760x333.jpg 760w\" sizes=\"(max-width: 1140px) 100vw, 1140px\" title=\"\">\t\t\t\t\t\t\t<\/a>\n  \t\t\t\t\t\t\t  \t\t\t\t\t\t\t  \t\t\t\t\t\t<\/div>\n  \t\t\t\t\t\t  \t\t\t\t\t<\/div>\n          \t\t\t\t\t<div class=\"box-text text-center\" >\n\t\t\t\t\t<div class=\"box-text-inner blog-post-inner\">\n\n\t\t\t\t\t\n\t\t\t\t\t\t\t\t\t\t<h5 class=\"post-title is-large \">\n\t\t\t\t\t\t<a href=\"https:\/\/www.alevcamcioglu.com\/sr\/da-li-je-opasno-uklanjati-obrve-i-brkove-nakon-operacije-nosa\/\" class=\"plain\">Da Li je Opasno Uklanjati Obrve i Brkove Nakon Operacije Nosa?<\/a>\n\t\t\t\t\t<\/h5>\n\t\t\t\t\t\t\t\t\t\t<div class=\"is-divider\"><\/div>\n\t\t\t\t\t                    \n\t\t\t\t\t\t\t\t\t\t\t<a href=\"https:\/\/www.alevcamcioglu.com\/sr\/da-li-je-opasno-uklanjati-obrve-i-brkove-nakon-operacije-nosa\/\" class=\"button primary is-outline is-small mb-0\">\n\t\t\t\t\t\t\tContinue Reading\t\t\t\t\t\t<\/a>\n\t\t\t\t\t\n\t\t\t\t\t\n\t\t\t\t\t<\/div>\n\t\t\t\t\t<\/div>\n\t\t\t\t\t\t\t\t\t\t\t\t\t\t\t\t<div class=\"badge absolute top post-date badge-circle\">\n\t\t\t\t\t\t\t<div class=\"badge-inner\">\n\t\t\t\t\t\t\t\t<span class=\"post-date-day\">16<\/span><br>\n\t\t\t\t\t\t\t\t<span class=\"post-date-month is-xsmall\">\u0430\u0432\u0433<\/span>\n\t\t\t\t\t\t\t<\/div>\n\t\t\t\t\t\t<\/div>\n\t\t\t\t\t\t\t\t\t<\/div>\n\t\t\t<\/div>\n\t\t<\/div><div class=\"col post-item\" >\n\t\t\t<div class=\"col-inner\">\n\t\t\t\t<div class=\"box box-push box-text-bottom box-blog-post has-hover\">\n            \t\t\t\t\t<div class=\"box-image\" >\n  \t\t\t\t\t\t<div class=\"image-cover\" style=\"padding-top:100%;\">\n\t\t\t\t\t\t\t<a href=\"https:\/\/www.alevcamcioglu.com\/sr\/more-pesak-i-sunce-nakon-operacije-nosa\/\" class=\"plain\" aria-label=\"More, Pesak i Sunce Nakon Operacije Nosa\">\n\t\t\t\t\t\t\t\t<img decoding=\"async\" width=\"1140\" height=\"500\" src=\"https:\/\/www.alevcamcioglu.com\/wp-content\/uploads\/2024\/08\/Burun-Estetigi-Sonrasi-Deniz-Kum-Gunes.jpg\" class=\"attachment-2048x2048 size-2048x2048 wp-post-image\" alt=\"\" srcset=\"https:\/\/www.alevcamcioglu.com\/wp-content\/uploads\/2024\/08\/Burun-Estetigi-Sonrasi-Deniz-Kum-Gunes.jpg 1140w, https:\/\/www.alevcamcioglu.com\/wp-content\/uploads\/2024\/08\/Burun-Estetigi-Sonrasi-Deniz-Kum-Gunes-300x132.jpg 300w, https:\/\/www.alevcamcioglu.com\/wp-content\/uploads\/2024\/08\/Burun-Estetigi-Sonrasi-Deniz-Kum-Gunes-1024x449.jpg 1024w, https:\/\/www.alevcamcioglu.com\/wp-content\/uploads\/2024\/08\/Burun-Estetigi-Sonrasi-Deniz-Kum-Gunes-768x337.jpg 768w, https:\/\/www.alevcamcioglu.com\/wp-content\/uploads\/2024\/08\/Burun-Estetigi-Sonrasi-Deniz-Kum-Gunes-370x162.jpg 370w, https:\/\/www.alevcamcioglu.com\/wp-content\/uploads\/2024\/08\/Burun-Estetigi-Sonrasi-Deniz-Kum-Gunes-760x333.jpg 760w\" sizes=\"(max-width: 1140px) 100vw, 1140px\" title=\"\">\t\t\t\t\t\t\t<\/a>\n  \t\t\t\t\t\t\t  \t\t\t\t\t\t\t  \t\t\t\t\t\t<\/div>\n  \t\t\t\t\t\t  \t\t\t\t\t<\/div>\n          \t\t\t\t\t<div class=\"box-text text-center\" >\n\t\t\t\t\t<div class=\"box-text-inner blog-post-inner\">\n\n\t\t\t\t\t\n\t\t\t\t\t\t\t\t\t\t<h5 class=\"post-title is-large \">\n\t\t\t\t\t\t<a href=\"https:\/\/www.alevcamcioglu.com\/sr\/more-pesak-i-sunce-nakon-operacije-nosa\/\" class=\"plain\">More, Pesak i Sunce Nakon Operacije Nosa<\/a>\n\t\t\t\t\t<\/h5>\n\t\t\t\t\t\t\t\t\t\t<div class=\"is-divider\"><\/div>\n\t\t\t\t\t                    \n\t\t\t\t\t\t\t\t\t\t\t<a href=\"https:\/\/www.alevcamcioglu.com\/sr\/more-pesak-i-sunce-nakon-operacije-nosa\/\" class=\"button primary is-outline is-small mb-0\">\n\t\t\t\t\t\t\tContinue Reading\t\t\t\t\t\t<\/a>\n\t\t\t\t\t\n\t\t\t\t\t\n\t\t\t\t\t<\/div>\n\t\t\t\t\t<\/div>\n\t\t\t\t\t\t\t\t\t\t\t\t\t\t\t\t<div class=\"badge absolute top post-date badge-circle\">\n\t\t\t\t\t\t\t<div class=\"badge-inner\">\n\t\t\t\t\t\t\t\t<span class=\"post-date-day\">16<\/span><br>\n\t\t\t\t\t\t\t\t<span class=\"post-date-month is-xsmall\">\u0430\u0432\u0433<\/span>\n\t\t\t\t\t\t\t<\/div>\n\t\t\t\t\t\t<\/div>\n\t\t\t\t\t\t\t\t\t<\/div>\n\t\t\t<\/div>\n\t\t<\/div><div class=\"col post-item\" >\n\t\t\t<div class=\"col-inner\">\n\t\t\t\t<div class=\"box box-push box-text-bottom box-blog-post has-hover\">\n            \t\t\t\t\t<div class=\"box-image\" >\n  \t\t\t\t\t\t<div class=\"image-cover\" style=\"padding-top:100%;\">\n\t\t\t\t\t\t\t<a href=\"https:\/\/www.alevcamcioglu.com\/sr\/da-li-se-nos-smanjuje-nakon-operacije-nosa\/\" class=\"plain\" aria-label=\"Da li se Nos Smanjuje Nakon Operacije Nosa?\">\n\t\t\t\t\t\t\t\t<img decoding=\"async\" width=\"1140\" height=\"500\" src=\"https:\/\/www.alevcamcioglu.com\/wp-content\/uploads\/2024\/08\/Burun-Ameliyati-Sonrasi-Burun-Kuculur-mu.jpg\" class=\"attachment-2048x2048 size-2048x2048 wp-post-image\" alt=\"\" srcset=\"https:\/\/www.alevcamcioglu.com\/wp-content\/uploads\/2024\/08\/Burun-Ameliyati-Sonrasi-Burun-Kuculur-mu.jpg 1140w, https:\/\/www.alevcamcioglu.com\/wp-content\/uploads\/2024\/08\/Burun-Ameliyati-Sonrasi-Burun-Kuculur-mu-300x132.jpg 300w, https:\/\/www.alevcamcioglu.com\/wp-content\/uploads\/2024\/08\/Burun-Ameliyati-Sonrasi-Burun-Kuculur-mu-1024x449.jpg 1024w, https:\/\/www.alevcamcioglu.com\/wp-content\/uploads\/2024\/08\/Burun-Ameliyati-Sonrasi-Burun-Kuculur-mu-768x337.jpg 768w, https:\/\/www.alevcamcioglu.com\/wp-content\/uploads\/2024\/08\/Burun-Ameliyati-Sonrasi-Burun-Kuculur-mu-370x162.jpg 370w, https:\/\/www.alevcamcioglu.com\/wp-content\/uploads\/2024\/08\/Burun-Ameliyati-Sonrasi-Burun-Kuculur-mu-760x333.jpg 760w\" sizes=\"(max-width: 1140px) 100vw, 1140px\" title=\"\">\t\t\t\t\t\t\t<\/a>\n  \t\t\t\t\t\t\t  \t\t\t\t\t\t\t  \t\t\t\t\t\t<\/div>\n  \t\t\t\t\t\t  \t\t\t\t\t<\/div>\n          \t\t\t\t\t<div class=\"box-text text-center\" >\n\t\t\t\t\t<div class=\"box-text-inner blog-post-inner\">\n\n\t\t\t\t\t\n\t\t\t\t\t\t\t\t\t\t<h5 class=\"post-title is-large \">\n\t\t\t\t\t\t<a href=\"https:\/\/www.alevcamcioglu.com\/sr\/da-li-se-nos-smanjuje-nakon-operacije-nosa\/\" class=\"plain\">Da li se Nos Smanjuje Nakon Operacije Nosa?<\/a>\n\t\t\t\t\t<\/h5>\n\t\t\t\t\t\t\t\t\t\t<div class=\"is-divider\"><\/div>\n\t\t\t\t\t                    \n\t\t\t\t\t\t\t\t\t\t\t<a href=\"https:\/\/www.alevcamcioglu.com\/sr\/da-li-se-nos-smanjuje-nakon-operacije-nosa\/\" class=\"button primary is-outline is-small mb-0\">\n\t\t\t\t\t\t\tContinue Reading\t\t\t\t\t\t<\/a>\n\t\t\t\t\t\n\t\t\t\t\t\n\t\t\t\t\t<\/div>\n\t\t\t\t\t<\/div>\n\t\t\t\t\t\t\t\t\t\t\t\t\t\t\t\t<div class=\"badge absolute top post-date badge-circle\">\n\t\t\t\t\t\t\t<div class=\"badge-inner\">\n\t\t\t\t\t\t\t\t<span class=\"post-date-day\">16<\/span><br>\n\t\t\t\t\t\t\t\t<span class=\"post-date-month is-xsmall\">\u0430\u0432\u0433<\/span>\n\t\t\t\t\t\t\t<\/div>\n\t\t\t\t\t\t<\/div>\n\t\t\t\t\t\t\t\t\t<\/div>\n\t\t\t<\/div>\n\t\t<\/div><div class=\"col post-item\" >\n\t\t\t<div class=\"col-inner\">\n\t\t\t\t<div class=\"box box-push box-text-bottom box-blog-post has-hover\">\n            \t\t\t\t\t<div class=\"box-image\" >\n  \t\t\t\t\t\t<div class=\"image-cover\" style=\"padding-top:100%;\">\n\t\t\t\t\t\t\t<a href=\"https:\/\/www.alevcamcioglu.com\/sr\/koliko-vremena-nakon-operacije-nosa-mozete-nositi-pirsing\/\" class=\"plain\" aria-label=\"Koliko Vremena Nakon Operacije Nosa Mo\u017eete Nositi Pirsing?\">\n\t\t\t\t\t\t\t\t<img decoding=\"async\" width=\"1140\" height=\"500\" src=\"https:\/\/www.alevcamcioglu.com\/wp-content\/uploads\/2024\/08\/Burun-Estetiginden-Ne-Kadar-Zaman-Sonra-Hizma-Piercing-Takilabilir.jpg\" class=\"attachment-2048x2048 size-2048x2048 wp-post-image\" alt=\"\" srcset=\"https:\/\/www.alevcamcioglu.com\/wp-content\/uploads\/2024\/08\/Burun-Estetiginden-Ne-Kadar-Zaman-Sonra-Hizma-Piercing-Takilabilir.jpg 1140w, https:\/\/www.alevcamcioglu.com\/wp-content\/uploads\/2024\/08\/Burun-Estetiginden-Ne-Kadar-Zaman-Sonra-Hizma-Piercing-Takilabilir-300x132.jpg 300w, https:\/\/www.alevcamcioglu.com\/wp-content\/uploads\/2024\/08\/Burun-Estetiginden-Ne-Kadar-Zaman-Sonra-Hizma-Piercing-Takilabilir-1024x449.jpg 1024w, https:\/\/www.alevcamcioglu.com\/wp-content\/uploads\/2024\/08\/Burun-Estetiginden-Ne-Kadar-Zaman-Sonra-Hizma-Piercing-Takilabilir-768x337.jpg 768w, https:\/\/www.alevcamcioglu.com\/wp-content\/uploads\/2024\/08\/Burun-Estetiginden-Ne-Kadar-Zaman-Sonra-Hizma-Piercing-Takilabilir-370x162.jpg 370w, https:\/\/www.alevcamcioglu.com\/wp-content\/uploads\/2024\/08\/Burun-Estetiginden-Ne-Kadar-Zaman-Sonra-Hizma-Piercing-Takilabilir-760x333.jpg 760w\" sizes=\"(max-width: 1140px) 100vw, 1140px\" title=\"\">\t\t\t\t\t\t\t<\/a>\n  \t\t\t\t\t\t\t  \t\t\t\t\t\t\t  \t\t\t\t\t\t<\/div>\n  \t\t\t\t\t\t  \t\t\t\t\t<\/div>\n          \t\t\t\t\t<div class=\"box-text text-center\" >\n\t\t\t\t\t<div class=\"box-text-inner blog-post-inner\">\n\n\t\t\t\t\t\n\t\t\t\t\t\t\t\t\t\t<h5 class=\"post-title is-large \">\n\t\t\t\t\t\t<a href=\"https:\/\/www.alevcamcioglu.com\/sr\/koliko-vremena-nakon-operacije-nosa-mozete-nositi-pirsing\/\" class=\"plain\">Koliko Vremena Nakon Operacije Nosa Mo\u017eete Nositi Pirsing?<\/a>\n\t\t\t\t\t<\/h5>\n\t\t\t\t\t\t\t\t\t\t<div class=\"is-divider\"><\/div>\n\t\t\t\t\t                    \n\t\t\t\t\t\t\t\t\t\t\t<a href=\"https:\/\/www.alevcamcioglu.com\/sr\/koliko-vremena-nakon-operacije-nosa-mozete-nositi-pirsing\/\" class=\"button primary is-outline is-small mb-0\">\n\t\t\t\t\t\t\tContinue Reading\t\t\t\t\t\t<\/a>\n\t\t\t\t\t\n\t\t\t\t\t\n\t\t\t\t\t<\/div>\n\t\t\t\t\t<\/div>\n\t\t\t\t\t\t\t\t\t\t\t\t\t\t\t\t<div class=\"badge absolute top post-date badge-circle\">\n\t\t\t\t\t\t\t<div class=\"badge-inner\">\n\t\t\t\t\t\t\t\t<span class=\"post-date-day\">16<\/span><br>\n\t\t\t\t\t\t\t\t<span class=\"post-date-month is-xsmall\">\u0430\u0432\u0433<\/span>\n\t\t\t\t\t\t\t<\/div>\n\t\t\t\t\t\t<\/div>\n\t\t\t\t\t\t\t\t\t<\/div>\n\t\t\t<\/div>\n\t\t<\/div><div class=\"col post-item\" >\n\t\t\t<div class=\"col-inner\">\n\t\t\t\t<div class=\"box box-push box-text-bottom box-blog-post has-hover\">\n          \t\t\t\t\t<div class=\"box-text text-center\" >\n\t\t\t\t\t<div class=\"box-text-inner blog-post-inner\">\n\n\t\t\t\t\t\n\t\t\t\t\t\t\t\t\t\t<h5 class=\"post-title is-large \">\n\t\t\t\t\t\t<a href=\"https:\/\/www.alevcamcioglu.com\/sr\/estetska-operacija-nosa-kod-osoba-sa-rascep-usne\/\" class=\"plain\">Estetska Operacija Nosa kod Osoba sa Rascep Usne<\/a>\n\t\t\t\t\t<\/h5>\n\t\t\t\t\t<div class=\"post-meta is-small op-8\">16. \u0430\u0432\u0433\u0443\u0441\u0442 2024.<\/div>\t\t\t\t\t<div class=\"is-divider\"><\/div>\n\t\t\t\t\t                    \n\t\t\t\t\t\t\t\t\t\t\t<a href=\"https:\/\/www.alevcamcioglu.com\/sr\/estetska-operacija-nosa-kod-osoba-sa-rascep-usne\/\" class=\"button primary is-outline is-small mb-0\">\n\t\t\t\t\t\t\tContinue Reading\t\t\t\t\t\t<\/a>\n\t\t\t\t\t\n\t\t\t\t\t\n\t\t\t\t\t<\/div>\n\t\t\t\t\t<\/div>\n\t\t\t\t\t\t\t\t\t<\/div>\n\t\t\t<\/div>\n\t\t<\/div><div class=\"col post-item\" >\n\t\t\t<div class=\"col-inner\">\n\t\t\t\t<div class=\"box box-push box-text-bottom box-blog-post has-hover\">\n            \t\t\t\t\t<div class=\"box-image\" >\n  \t\t\t\t\t\t<div class=\"image-cover\" style=\"padding-top:100%;\">\n\t\t\t\t\t\t\t<a href=\"https:\/\/www.alevcamcioglu.com\/sr\/pucketanje-u-nosu-nakon-operacije-nosa\/\" class=\"plain\" aria-label=\"Pucketanje u Nosu Nakon Operacije Nosa\">\n\t\t\t\t\t\t\t\t<img decoding=\"async\" width=\"1140\" height=\"500\" src=\"https:\/\/www.alevcamcioglu.com\/wp-content\/uploads\/2024\/08\/Burun-Ameliyati-Sonrasi-Burundan-Gelen-Cit-Sesi.jpg\" class=\"attachment-2048x2048 size-2048x2048 wp-post-image\" alt=\"\" srcset=\"https:\/\/www.alevcamcioglu.com\/wp-content\/uploads\/2024\/08\/Burun-Ameliyati-Sonrasi-Burundan-Gelen-Cit-Sesi.jpg 1140w, https:\/\/www.alevcamcioglu.com\/wp-content\/uploads\/2024\/08\/Burun-Ameliyati-Sonrasi-Burundan-Gelen-Cit-Sesi-300x132.jpg 300w, https:\/\/www.alevcamcioglu.com\/wp-content\/uploads\/2024\/08\/Burun-Ameliyati-Sonrasi-Burundan-Gelen-Cit-Sesi-1024x449.jpg 1024w, https:\/\/www.alevcamcioglu.com\/wp-content\/uploads\/2024\/08\/Burun-Ameliyati-Sonrasi-Burundan-Gelen-Cit-Sesi-768x337.jpg 768w, https:\/\/www.alevcamcioglu.com\/wp-content\/uploads\/2024\/08\/Burun-Ameliyati-Sonrasi-Burundan-Gelen-Cit-Sesi-370x162.jpg 370w, https:\/\/www.alevcamcioglu.com\/wp-content\/uploads\/2024\/08\/Burun-Ameliyati-Sonrasi-Burundan-Gelen-Cit-Sesi-760x333.jpg 760w\" sizes=\"(max-width: 1140px) 100vw, 1140px\" title=\"\">\t\t\t\t\t\t\t<\/a>\n  \t\t\t\t\t\t\t  \t\t\t\t\t\t\t  \t\t\t\t\t\t<\/div>\n  \t\t\t\t\t\t  \t\t\t\t\t<\/div>\n          \t\t\t\t\t<div class=\"box-text text-center\" >\n\t\t\t\t\t<div class=\"box-text-inner blog-post-inner\">\n\n\t\t\t\t\t\n\t\t\t\t\t\t\t\t\t\t<h5 class=\"post-title is-large \">\n\t\t\t\t\t\t<a href=\"https:\/\/www.alevcamcioglu.com\/sr\/pucketanje-u-nosu-nakon-operacije-nosa\/\" class=\"plain\">Pucketanje u Nosu Nakon Operacije Nosa<\/a>\n\t\t\t\t\t<\/h5>\n\t\t\t\t\t\t\t\t\t\t<div class=\"is-divider\"><\/div>\n\t\t\t\t\t                    \n\t\t\t\t\t\t\t\t\t\t\t<a href=\"https:\/\/www.alevcamcioglu.com\/sr\/pucketanje-u-nosu-nakon-operacije-nosa\/\" class=\"button primary is-outline is-small mb-0\">\n\t\t\t\t\t\t\tContinue Reading\t\t\t\t\t\t<\/a>\n\t\t\t\t\t\n\t\t\t\t\t\n\t\t\t\t\t<\/div>\n\t\t\t\t\t<\/div>\n\t\t\t\t\t\t\t\t\t\t\t\t\t\t\t\t<div class=\"badge absolute top post-date badge-circle\">\n\t\t\t\t\t\t\t<div class=\"badge-inner\">\n\t\t\t\t\t\t\t\t<span class=\"post-date-day\">13<\/span><br>\n\t\t\t\t\t\t\t\t<span class=\"post-date-month is-xsmall\">\u0430\u0432\u0433<\/span>\n\t\t\t\t\t\t\t<\/div>\n\t\t\t\t\t\t<\/div>\n\t\t\t\t\t\t\t\t\t<\/div>\n\t\t\t<\/div>\n\t\t<\/div><div class=\"col post-item\" >\n\t\t\t<div class=\"col-inner\">\n\t\t\t\t<div class=\"box box-push box-text-bottom box-blog-post has-hover\">\n            \t\t\t\t\t<div class=\"box-image\" >\n  \t\t\t\t\t\t<div class=\"image-cover\" style=\"padding-top:100%;\">\n\t\t\t\t\t\t\t<a href=\"https:\/\/www.alevcamcioglu.com\/sr\/da-li-se-lice-osobe-menja-nakon-rinoplastike\/\" class=\"plain\" aria-label=\"Da li Se Lice Osobe Menja Nakon Rinoplastike?\">\n\t\t\t\t\t\t\t\t<img decoding=\"async\" width=\"1140\" height=\"500\" src=\"https:\/\/www.alevcamcioglu.com\/wp-content\/uploads\/2024\/08\/Rinoplasti-Sonrasi-Kisinin-Yuzu-Degisir-Mi.jpg\" class=\"attachment-2048x2048 size-2048x2048 wp-post-image\" alt=\"\" srcset=\"https:\/\/www.alevcamcioglu.com\/wp-content\/uploads\/2024\/08\/Rinoplasti-Sonrasi-Kisinin-Yuzu-Degisir-Mi.jpg 1140w, https:\/\/www.alevcamcioglu.com\/wp-content\/uploads\/2024\/08\/Rinoplasti-Sonrasi-Kisinin-Yuzu-Degisir-Mi-300x132.jpg 300w, https:\/\/www.alevcamcioglu.com\/wp-content\/uploads\/2024\/08\/Rinoplasti-Sonrasi-Kisinin-Yuzu-Degisir-Mi-1024x449.jpg 1024w, https:\/\/www.alevcamcioglu.com\/wp-content\/uploads\/2024\/08\/Rinoplasti-Sonrasi-Kisinin-Yuzu-Degisir-Mi-768x337.jpg 768w, https:\/\/www.alevcamcioglu.com\/wp-content\/uploads\/2024\/08\/Rinoplasti-Sonrasi-Kisinin-Yuzu-Degisir-Mi-370x162.jpg 370w, https:\/\/www.alevcamcioglu.com\/wp-content\/uploads\/2024\/08\/Rinoplasti-Sonrasi-Kisinin-Yuzu-Degisir-Mi-760x333.jpg 760w\" sizes=\"(max-width: 1140px) 100vw, 1140px\" title=\"\">\t\t\t\t\t\t\t<\/a>\n  \t\t\t\t\t\t\t  \t\t\t\t\t\t\t  \t\t\t\t\t\t<\/div>\n  \t\t\t\t\t\t  \t\t\t\t\t<\/div>\n          \t\t\t\t\t<div class=\"box-text text-center\" >\n\t\t\t\t\t<div class=\"box-text-inner blog-post-inner\">\n\n\t\t\t\t\t\n\t\t\t\t\t\t\t\t\t\t<h5 class=\"post-title is-large \">\n\t\t\t\t\t\t<a href=\"https:\/\/www.alevcamcioglu.com\/sr\/da-li-se-lice-osobe-menja-nakon-rinoplastike\/\" class=\"plain\">Da li Se Lice Osobe Menja Nakon Rinoplastike?<\/a>\n\t\t\t\t\t<\/h5>\n\t\t\t\t\t\t\t\t\t\t<div class=\"is-divider\"><\/div>\n\t\t\t\t\t                    \n\t\t\t\t\t\t\t\t\t\t\t<a href=\"https:\/\/www.alevcamcioglu.com\/sr\/da-li-se-lice-osobe-menja-nakon-rinoplastike\/\" class=\"button primary is-outline is-small mb-0\">\n\t\t\t\t\t\t\tContinue Reading\t\t\t\t\t\t<\/a>\n\t\t\t\t\t\n\t\t\t\t\t\n\t\t\t\t\t<\/div>\n\t\t\t\t\t<\/div>\n\t\t\t\t\t\t\t\t\t\t\t\t\t\t\t\t<div class=\"badge absolute top post-date badge-circle\">\n\t\t\t\t\t\t\t<div class=\"badge-inner\">\n\t\t\t\t\t\t\t\t<span class=\"post-date-day\">13<\/span><br>\n\t\t\t\t\t\t\t\t<span class=\"post-date-month is-xsmall\">\u0430\u0432\u0433<\/span>\n\t\t\t\t\t\t\t<\/div>\n\t\t\t\t\t\t<\/div>\n\t\t\t\t\t\t\t\t\t<\/div>\n\t\t\t<\/div>\n\t\t<\/div><div class=\"col post-item\" >\n\t\t\t<div class=\"col-inner\">\n\t\t\t\t<div class=\"box box-push box-text-bottom box-blog-post has-hover\">\n            \t\t\t\t\t<div class=\"box-image\" >\n  \t\t\t\t\t\t<div class=\"image-cover\" style=\"padding-top:100%;\">\n\t\t\t\t\t\t\t<a href=\"https:\/\/www.alevcamcioglu.com\/sr\/da-li-ostaju-konci-i-oziljci-nakon-operacije-nosa\/\" class=\"plain\" aria-label=\"Da li Ostaju Konci i O\u017eiljci nakon Operacije Nosa?\">\n\t\t\t\t\t\t\t\t<img decoding=\"async\" width=\"1140\" height=\"500\" src=\"https:\/\/www.alevcamcioglu.com\/wp-content\/uploads\/2024\/08\/Burun-Estetigi-Sonrasi-Dikis-Yara-Izi-Kalir-Mi.jpg\" class=\"attachment-2048x2048 size-2048x2048 wp-post-image\" alt=\"\" srcset=\"https:\/\/www.alevcamcioglu.com\/wp-content\/uploads\/2024\/08\/Burun-Estetigi-Sonrasi-Dikis-Yara-Izi-Kalir-Mi.jpg 1140w, https:\/\/www.alevcamcioglu.com\/wp-content\/uploads\/2024\/08\/Burun-Estetigi-Sonrasi-Dikis-Yara-Izi-Kalir-Mi-300x132.jpg 300w, https:\/\/www.alevcamcioglu.com\/wp-content\/uploads\/2024\/08\/Burun-Estetigi-Sonrasi-Dikis-Yara-Izi-Kalir-Mi-1024x449.jpg 1024w, https:\/\/www.alevcamcioglu.com\/wp-content\/uploads\/2024\/08\/Burun-Estetigi-Sonrasi-Dikis-Yara-Izi-Kalir-Mi-768x337.jpg 768w, https:\/\/www.alevcamcioglu.com\/wp-content\/uploads\/2024\/08\/Burun-Estetigi-Sonrasi-Dikis-Yara-Izi-Kalir-Mi-370x162.jpg 370w, https:\/\/www.alevcamcioglu.com\/wp-content\/uploads\/2024\/08\/Burun-Estetigi-Sonrasi-Dikis-Yara-Izi-Kalir-Mi-760x333.jpg 760w\" sizes=\"(max-width: 1140px) 100vw, 1140px\" title=\"\">\t\t\t\t\t\t\t<\/a>\n  \t\t\t\t\t\t\t  \t\t\t\t\t\t\t  \t\t\t\t\t\t<\/div>\n  \t\t\t\t\t\t  \t\t\t\t\t<\/div>\n          \t\t\t\t\t<div class=\"box-text text-center\" >\n\t\t\t\t\t<div class=\"box-text-inner blog-post-inner\">\n\n\t\t\t\t\t\n\t\t\t\t\t\t\t\t\t\t<h5 class=\"post-title is-large \">\n\t\t\t\t\t\t<a href=\"https:\/\/www.alevcamcioglu.com\/sr\/da-li-ostaju-konci-i-oziljci-nakon-operacije-nosa\/\" class=\"plain\">Da li Ostaju Konci i O\u017eiljci nakon Operacije Nosa?<\/a>\n\t\t\t\t\t<\/h5>\n\t\t\t\t\t\t\t\t\t\t<div class=\"is-divider\"><\/div>\n\t\t\t\t\t                    \n\t\t\t\t\t\t\t\t\t\t\t<a href=\"https:\/\/www.alevcamcioglu.com\/sr\/da-li-ostaju-konci-i-oziljci-nakon-operacije-nosa\/\" class=\"button primary is-outline is-small mb-0\">\n\t\t\t\t\t\t\tContinue Reading\t\t\t\t\t\t<\/a>\n\t\t\t\t\t\n\t\t\t\t\t\n\t\t\t\t\t<\/div>\n\t\t\t\t\t<\/div>\n\t\t\t\t\t\t\t\t\t\t\t\t\t\t\t\t<div class=\"badge absolute top post-date badge-circle\">\n\t\t\t\t\t\t\t<div class=\"badge-inner\">\n\t\t\t\t\t\t\t\t<span class=\"post-date-day\">13<\/span><br>\n\t\t\t\t\t\t\t\t<span class=\"post-date-month is-xsmall\">\u0430\u0432\u0433<\/span>\n\t\t\t\t\t\t\t<\/div>\n\t\t\t\t\t\t<\/div>\n\t\t\t\t\t\t\t\t\t<\/div>\n\t\t\t<\/div>\n\t\t<\/div><div class=\"col post-item\" >\n\t\t\t<div class=\"col-inner\">\n\t\t\t\t<div class=\"box box-push box-text-bottom box-blog-post has-hover\">\n            \t\t\t\t\t<div class=\"box-image\" >\n  \t\t\t\t\t\t<div class=\"image-cover\" style=\"padding-top:100%;\">\n\t\t\t\t\t\t\t<a href=\"https:\/\/www.alevcamcioglu.com\/sr\/da-li-operacija-nosa-menja-oblik-usana\/\" class=\"plain\" aria-label=\"Da Li Operacija Nosa Menja Oblik Usana?\">\n\t\t\t\t\t\t\t\t<img decoding=\"async\" width=\"1140\" height=\"500\" src=\"https:\/\/www.alevcamcioglu.com\/wp-content\/uploads\/2024\/08\/Burun-Ameliyati-Dudak-Seklini-Degistirir-Mi.jpg\" class=\"attachment-2048x2048 size-2048x2048 wp-post-image\" alt=\"\" srcset=\"https:\/\/www.alevcamcioglu.com\/wp-content\/uploads\/2024\/08\/Burun-Ameliyati-Dudak-Seklini-Degistirir-Mi.jpg 1140w, https:\/\/www.alevcamcioglu.com\/wp-content\/uploads\/2024\/08\/Burun-Ameliyati-Dudak-Seklini-Degistirir-Mi-300x132.jpg 300w, https:\/\/www.alevcamcioglu.com\/wp-content\/uploads\/2024\/08\/Burun-Ameliyati-Dudak-Seklini-Degistirir-Mi-1024x449.jpg 1024w, https:\/\/www.alevcamcioglu.com\/wp-content\/uploads\/2024\/08\/Burun-Ameliyati-Dudak-Seklini-Degistirir-Mi-768x337.jpg 768w, https:\/\/www.alevcamcioglu.com\/wp-content\/uploads\/2024\/08\/Burun-Ameliyati-Dudak-Seklini-Degistirir-Mi-370x162.jpg 370w, https:\/\/www.alevcamcioglu.com\/wp-content\/uploads\/2024\/08\/Burun-Ameliyati-Dudak-Seklini-Degistirir-Mi-760x333.jpg 760w\" sizes=\"(max-width: 1140px) 100vw, 1140px\" title=\"\">\t\t\t\t\t\t\t<\/a>\n  \t\t\t\t\t\t\t  \t\t\t\t\t\t\t  \t\t\t\t\t\t<\/div>\n  \t\t\t\t\t\t  \t\t\t\t\t<\/div>\n          \t\t\t\t\t<div class=\"box-text text-center\" >\n\t\t\t\t\t<div class=\"box-text-inner blog-post-inner\">\n\n\t\t\t\t\t\n\t\t\t\t\t\t\t\t\t\t<h5 class=\"post-title is-large \">\n\t\t\t\t\t\t<a href=\"https:\/\/www.alevcamcioglu.com\/sr\/da-li-operacija-nosa-menja-oblik-usana\/\" class=\"plain\">Da Li Operacija Nosa Menja Oblik Usana?<\/a>\n\t\t\t\t\t<\/h5>\n\t\t\t\t\t\t\t\t\t\t<div class=\"is-divider\"><\/div>\n\t\t\t\t\t                    \n\t\t\t\t\t\t\t\t\t\t\t<a href=\"https:\/\/www.alevcamcioglu.com\/sr\/da-li-operacija-nosa-menja-oblik-usana\/\" class=\"button primary is-outline is-small mb-0\">\n\t\t\t\t\t\t\tContinue Reading\t\t\t\t\t\t<\/a>\n\t\t\t\t\t\n\t\t\t\t\t\n\t\t\t\t\t<\/div>\n\t\t\t\t\t<\/div>\n\t\t\t\t\t\t\t\t\t\t\t\t\t\t\t\t<div class=\"badge absolute top post-date badge-circle\">\n\t\t\t\t\t\t\t<div class=\"badge-inner\">\n\t\t\t\t\t\t\t\t<span class=\"post-date-day\">13<\/span><br>\n\t\t\t\t\t\t\t\t<span class=\"post-date-month is-xsmall\">\u0430\u0432\u0433<\/span>\n\t\t\t\t\t\t\t<\/div>\n\t\t\t\t\t\t<\/div>\n\t\t\t\t\t\t\t\t\t<\/div>\n\t\t\t<\/div>\n\t\t<\/div><div class=\"col post-item\" >\n\t\t\t<div class=\"col-inner\">\n\t\t\t\t<div class=\"box box-push box-text-bottom box-blog-post has-hover\">\n            \t\t\t\t\t<div class=\"box-image\" >\n  \t\t\t\t\t\t<div class=\"image-cover\" style=\"padding-top:100%;\">\n\t\t\t\t\t\t\t<a href=\"https:\/\/www.alevcamcioglu.com\/sr\/koji-faktori-mogu-biti-prepreka-za-operaciju-nosa\/\" class=\"plain\" aria-label=\"Koji Faktori Mogu Biti Prepreka Za Operaciju Nosa?\">\n\t\t\t\t\t\t\t\t<img decoding=\"async\" width=\"1140\" height=\"500\" src=\"https:\/\/www.alevcamcioglu.com\/wp-content\/uploads\/2024\/08\/Burun-Estetigi-Ameliyatina-Engel-Durumlar-Nelerdir.jpg\" class=\"attachment-2048x2048 size-2048x2048 wp-post-image\" alt=\"\" srcset=\"https:\/\/www.alevcamcioglu.com\/wp-content\/uploads\/2024\/08\/Burun-Estetigi-Ameliyatina-Engel-Durumlar-Nelerdir.jpg 1140w, https:\/\/www.alevcamcioglu.com\/wp-content\/uploads\/2024\/08\/Burun-Estetigi-Ameliyatina-Engel-Durumlar-Nelerdir-300x132.jpg 300w, https:\/\/www.alevcamcioglu.com\/wp-content\/uploads\/2024\/08\/Burun-Estetigi-Ameliyatina-Engel-Durumlar-Nelerdir-1024x449.jpg 1024w, https:\/\/www.alevcamcioglu.com\/wp-content\/uploads\/2024\/08\/Burun-Estetigi-Ameliyatina-Engel-Durumlar-Nelerdir-768x337.jpg 768w, https:\/\/www.alevcamcioglu.com\/wp-content\/uploads\/2024\/08\/Burun-Estetigi-Ameliyatina-Engel-Durumlar-Nelerdir-370x162.jpg 370w, https:\/\/www.alevcamcioglu.com\/wp-content\/uploads\/2024\/08\/Burun-Estetigi-Ameliyatina-Engel-Durumlar-Nelerdir-760x333.jpg 760w\" sizes=\"(max-width: 1140px) 100vw, 1140px\" title=\"\">\t\t\t\t\t\t\t<\/a>\n  \t\t\t\t\t\t\t  \t\t\t\t\t\t\t  \t\t\t\t\t\t<\/div>\n  \t\t\t\t\t\t  \t\t\t\t\t<\/div>\n          \t\t\t\t\t<div class=\"box-text text-center\" >\n\t\t\t\t\t<div class=\"box-text-inner blog-post-inner\">\n\n\t\t\t\t\t\n\t\t\t\t\t\t\t\t\t\t<h5 class=\"post-title is-large \">\n\t\t\t\t\t\t<a href=\"https:\/\/www.alevcamcioglu.com\/sr\/koji-faktori-mogu-biti-prepreka-za-operaciju-nosa\/\" class=\"plain\">Koji Faktori Mogu Biti Prepreka Za Operaciju Nosa?<\/a>\n\t\t\t\t\t<\/h5>\n\t\t\t\t\t\t\t\t\t\t<div class=\"is-divider\"><\/div>\n\t\t\t\t\t                    \n\t\t\t\t\t\t\t\t\t\t\t<a href=\"https:\/\/www.alevcamcioglu.com\/sr\/koji-faktori-mogu-biti-prepreka-za-operaciju-nosa\/\" class=\"button primary is-outline is-small mb-0\">\n\t\t\t\t\t\t\tContinue Reading\t\t\t\t\t\t<\/a>\n\t\t\t\t\t\n\t\t\t\t\t\n\t\t\t\t\t<\/div>\n\t\t\t\t\t<\/div>\n\t\t\t\t\t\t\t\t\t\t\t\t\t\t\t\t<div class=\"badge absolute top post-date badge-circle\">\n\t\t\t\t\t\t\t<div class=\"badge-inner\">\n\t\t\t\t\t\t\t\t<span class=\"post-date-day\">13<\/span><br>\n\t\t\t\t\t\t\t\t<span class=\"post-date-month is-xsmall\">\u0430\u0432\u0433<\/span>\n\t\t\t\t\t\t\t<\/div>\n\t\t\t\t\t\t<\/div>\n\t\t\t\t\t\t\t\t\t<\/div>\n\t\t\t<\/div>\n\t\t<\/div><div class=\"col post-item\" >\n\t\t\t<div class=\"col-inner\">\n\t\t\t\t<div class=\"box box-push box-text-bottom box-blog-post has-hover\">\n            \t\t\t\t\t<div class=\"box-image\" >\n  \t\t\t\t\t\t<div class=\"image-cover\" style=\"padding-top:100%;\">\n\t\t\t\t\t\t\t<a href=\"https:\/\/www.alevcamcioglu.com\/sr\/kada-se-povlace-modrice-nakon-operacije-nosa\/\" class=\"plain\" aria-label=\"Kada Se Povla\u010de Modrice Nakon Operacije Nosa?\">\n\t\t\t\t\t\t\t\t<img decoding=\"async\" width=\"1140\" height=\"500\" src=\"https:\/\/www.alevcamcioglu.com\/wp-content\/uploads\/2024\/08\/Rinoplasti-Sonrasi-Morluklar-Ne-Zaman-Iyilesir.jpg\" class=\"attachment-2048x2048 size-2048x2048 wp-post-image\" alt=\"\" srcset=\"https:\/\/www.alevcamcioglu.com\/wp-content\/uploads\/2024\/08\/Rinoplasti-Sonrasi-Morluklar-Ne-Zaman-Iyilesir.jpg 1140w, https:\/\/www.alevcamcioglu.com\/wp-content\/uploads\/2024\/08\/Rinoplasti-Sonrasi-Morluklar-Ne-Zaman-Iyilesir-300x132.jpg 300w, https:\/\/www.alevcamcioglu.com\/wp-content\/uploads\/2024\/08\/Rinoplasti-Sonrasi-Morluklar-Ne-Zaman-Iyilesir-1024x449.jpg 1024w, https:\/\/www.alevcamcioglu.com\/wp-content\/uploads\/2024\/08\/Rinoplasti-Sonrasi-Morluklar-Ne-Zaman-Iyilesir-768x337.jpg 768w, https:\/\/www.alevcamcioglu.com\/wp-content\/uploads\/2024\/08\/Rinoplasti-Sonrasi-Morluklar-Ne-Zaman-Iyilesir-370x162.jpg 370w, https:\/\/www.alevcamcioglu.com\/wp-content\/uploads\/2024\/08\/Rinoplasti-Sonrasi-Morluklar-Ne-Zaman-Iyilesir-760x333.jpg 760w\" sizes=\"(max-width: 1140px) 100vw, 1140px\" title=\"\">\t\t\t\t\t\t\t<\/a>\n  \t\t\t\t\t\t\t  \t\t\t\t\t\t\t  \t\t\t\t\t\t<\/div>\n  \t\t\t\t\t\t  \t\t\t\t\t<\/div>\n          \t\t\t\t\t<div class=\"box-text text-center\" >\n\t\t\t\t\t<div class=\"box-text-inner blog-post-inner\">\n\n\t\t\t\t\t\n\t\t\t\t\t\t\t\t\t\t<h5 class=\"post-title is-large \">\n\t\t\t\t\t\t<a href=\"https:\/\/www.alevcamcioglu.com\/sr\/kada-se-povlace-modrice-nakon-operacije-nosa\/\" class=\"plain\">Kada Se Povla\u010de Modrice Nakon Operacije Nosa?<\/a>\n\t\t\t\t\t<\/h5>\n\t\t\t\t\t\t\t\t\t\t<div class=\"is-divider\"><\/div>\n\t\t\t\t\t                    \n\t\t\t\t\t\t\t\t\t\t\t<a href=\"https:\/\/www.alevcamcioglu.com\/sr\/kada-se-povlace-modrice-nakon-operacije-nosa\/\" class=\"button primary is-outline is-small mb-0\">\n\t\t\t\t\t\t\tContinue Reading\t\t\t\t\t\t<\/a>\n\t\t\t\t\t\n\t\t\t\t\t\n\t\t\t\t\t<\/div>\n\t\t\t\t\t<\/div>\n\t\t\t\t\t\t\t\t\t\t\t\t\t\t\t\t<div class=\"badge absolute top post-date badge-circle\">\n\t\t\t\t\t\t\t<div class=\"badge-inner\">\n\t\t\t\t\t\t\t\t<span class=\"post-date-day\">13<\/span><br>\n\t\t\t\t\t\t\t\t<span class=\"post-date-month is-xsmall\">\u0430\u0432\u0433<\/span>\n\t\t\t\t\t\t\t<\/div>\n\t\t\t\t\t\t<\/div>\n\t\t\t\t\t\t\t\t\t<\/div>\n\t\t\t<\/div>\n\t\t<\/div><div class=\"col post-item\" >\n\t\t\t<div class=\"col-inner\">\n\t\t\t\t<div class=\"box box-push box-text-bottom box-blog-post has-hover\">\n            \t\t\t\t\t<div class=\"box-image\" >\n  \t\t\t\t\t\t<div class=\"image-cover\" style=\"padding-top:100%;\">\n\t\t\t\t\t\t\t<a href=\"https:\/\/www.alevcamcioglu.com\/sr\/upotreba-fiksatora-i-tampona-u-estetici-nosa\/\" class=\"plain\" aria-label=\"Upotreba Fiksatora i Tampona u Estetici Nosa\">\n\t\t\t\t\t\t\t\t<img decoding=\"async\" width=\"1140\" height=\"500\" src=\"https:\/\/www.alevcamcioglu.com\/wp-content\/uploads\/2024\/08\/Burun-Estetiginde-Atel-ve-Tampon-Kullanimi.jpg\" class=\"attachment-2048x2048 size-2048x2048 wp-post-image\" alt=\"\" srcset=\"https:\/\/www.alevcamcioglu.com\/wp-content\/uploads\/2024\/08\/Burun-Estetiginde-Atel-ve-Tampon-Kullanimi.jpg 1140w, https:\/\/www.alevcamcioglu.com\/wp-content\/uploads\/2024\/08\/Burun-Estetiginde-Atel-ve-Tampon-Kullanimi-300x132.jpg 300w, https:\/\/www.alevcamcioglu.com\/wp-content\/uploads\/2024\/08\/Burun-Estetiginde-Atel-ve-Tampon-Kullanimi-1024x449.jpg 1024w, https:\/\/www.alevcamcioglu.com\/wp-content\/uploads\/2024\/08\/Burun-Estetiginde-Atel-ve-Tampon-Kullanimi-768x337.jpg 768w, https:\/\/www.alevcamcioglu.com\/wp-content\/uploads\/2024\/08\/Burun-Estetiginde-Atel-ve-Tampon-Kullanimi-370x162.jpg 370w, https:\/\/www.alevcamcioglu.com\/wp-content\/uploads\/2024\/08\/Burun-Estetiginde-Atel-ve-Tampon-Kullanimi-760x333.jpg 760w\" sizes=\"(max-width: 1140px) 100vw, 1140px\" title=\"\">\t\t\t\t\t\t\t<\/a>\n  \t\t\t\t\t\t\t  \t\t\t\t\t\t\t  \t\t\t\t\t\t<\/div>\n  \t\t\t\t\t\t  \t\t\t\t\t<\/div>\n          \t\t\t\t\t<div class=\"box-text text-center\" >\n\t\t\t\t\t<div class=\"box-text-inner blog-post-inner\">\n\n\t\t\t\t\t\n\t\t\t\t\t\t\t\t\t\t<h5 class=\"post-title is-large \">\n\t\t\t\t\t\t<a href=\"https:\/\/www.alevcamcioglu.com\/sr\/upotreba-fiksatora-i-tampona-u-estetici-nosa\/\" class=\"plain\">Upotreba Fiksatora i Tampona u Estetici Nosa<\/a>\n\t\t\t\t\t<\/h5>\n\t\t\t\t\t\t\t\t\t\t<div class=\"is-divider\"><\/div>\n\t\t\t\t\t                    \n\t\t\t\t\t\t\t\t\t\t\t<a href=\"https:\/\/www.alevcamcioglu.com\/sr\/upotreba-fiksatora-i-tampona-u-estetici-nosa\/\" class=\"button primary is-outline is-small mb-0\">\n\t\t\t\t\t\t\tContinue Reading\t\t\t\t\t\t<\/a>\n\t\t\t\t\t\n\t\t\t\t\t\n\t\t\t\t\t<\/div>\n\t\t\t\t\t<\/div>\n\t\t\t\t\t\t\t\t\t\t\t\t\t\t\t\t<div class=\"badge absolute top post-date badge-circle\">\n\t\t\t\t\t\t\t<div class=\"badge-inner\">\n\t\t\t\t\t\t\t\t<span class=\"post-date-day\">13<\/span><br>\n\t\t\t\t\t\t\t\t<span class=\"post-date-month is-xsmall\">\u0430\u0432\u0433<\/span>\n\t\t\t\t\t\t\t<\/div>\n\t\t\t\t\t\t<\/div>\n\t\t\t\t\t\t\t\t\t<\/div>\n\t\t\t<\/div>\n\t\t<\/div><div class=\"col post-item\" >\n\t\t\t<div class=\"col-inner\">\n\t\t\t\t<div class=\"box box-push box-text-bottom box-blog-post has-hover\">\n            \t\t\t\t\t<div class=\"box-image\" >\n  \t\t\t\t\t\t<div class=\"image-cover\" style=\"padding-top:100%;\">\n\t\t\t\t\t\t\t<a href=\"https:\/\/www.alevcamcioglu.com\/sr\/da-li-je-moguce-izvesti-operaciju-estetike-nosa-dok-nosite-aparatic-za-zube\/\" class=\"plain\" aria-label=\"Da li je Mogu\u0107e Izvesti Operaciju Estetike Nosa Dok Nosite Aparati\u0107 za Zube?\">\n\t\t\t\t\t\t\t\t<img decoding=\"async\" width=\"1140\" height=\"500\" src=\"https:\/\/www.alevcamcioglu.com\/wp-content\/uploads\/2024\/07\/Dis-Teli-Varken-Burun-Estetigi-Ameliyati-Yapilir-Mi.jpg\" class=\"attachment-2048x2048 size-2048x2048 wp-post-image\" alt=\"\" srcset=\"https:\/\/www.alevcamcioglu.com\/wp-content\/uploads\/2024\/07\/Dis-Teli-Varken-Burun-Estetigi-Ameliyati-Yapilir-Mi.jpg 1140w, https:\/\/www.alevcamcioglu.com\/wp-content\/uploads\/2024\/07\/Dis-Teli-Varken-Burun-Estetigi-Ameliyati-Yapilir-Mi-300x132.jpg 300w, https:\/\/www.alevcamcioglu.com\/wp-content\/uploads\/2024\/07\/Dis-Teli-Varken-Burun-Estetigi-Ameliyati-Yapilir-Mi-1024x449.jpg 1024w, https:\/\/www.alevcamcioglu.com\/wp-content\/uploads\/2024\/07\/Dis-Teli-Varken-Burun-Estetigi-Ameliyati-Yapilir-Mi-768x337.jpg 768w, https:\/\/www.alevcamcioglu.com\/wp-content\/uploads\/2024\/07\/Dis-Teli-Varken-Burun-Estetigi-Ameliyati-Yapilir-Mi-370x162.jpg 370w, https:\/\/www.alevcamcioglu.com\/wp-content\/uploads\/2024\/07\/Dis-Teli-Varken-Burun-Estetigi-Ameliyati-Yapilir-Mi-760x333.jpg 760w\" sizes=\"(max-width: 1140px) 100vw, 1140px\" title=\"\">\t\t\t\t\t\t\t<\/a>\n  \t\t\t\t\t\t\t  \t\t\t\t\t\t\t  \t\t\t\t\t\t<\/div>\n  \t\t\t\t\t\t  \t\t\t\t\t<\/div>\n          \t\t\t\t\t<div class=\"box-text text-center\" >\n\t\t\t\t\t<div class=\"box-text-inner blog-post-inner\">\n\n\t\t\t\t\t\n\t\t\t\t\t\t\t\t\t\t<h5 class=\"post-title is-large \">\n\t\t\t\t\t\t<a href=\"https:\/\/www.alevcamcioglu.com\/sr\/da-li-je-moguce-izvesti-operaciju-estetike-nosa-dok-nosite-aparatic-za-zube\/\" class=\"plain\">Da li je Mogu\u0107e Izvesti Operaciju Estetike Nosa Dok Nosite Aparati\u0107 za Zube?<\/a>\n\t\t\t\t\t<\/h5>\n\t\t\t\t\t\t\t\t\t\t<div class=\"is-divider\"><\/div>\n\t\t\t\t\t                    \n\t\t\t\t\t\t\t\t\t\t\t<a href=\"https:\/\/www.alevcamcioglu.com\/sr\/da-li-je-moguce-izvesti-operaciju-estetike-nosa-dok-nosite-aparatic-za-zube\/\" class=\"button primary is-outline is-small mb-0\">\n\t\t\t\t\t\t\tContinue Reading\t\t\t\t\t\t<\/a>\n\t\t\t\t\t\n\t\t\t\t\t\n\t\t\t\t\t<\/div>\n\t\t\t\t\t<\/div>\n\t\t\t\t\t\t\t\t\t\t\t\t\t\t\t\t<div class=\"badge absolute top post-date badge-circle\">\n\t\t\t\t\t\t\t<div class=\"badge-inner\">\n\t\t\t\t\t\t\t\t<span class=\"post-date-day\">29<\/span><br>\n\t\t\t\t\t\t\t\t<span class=\"post-date-month is-xsmall\">\u0458\u0443\u043b<\/span>\n\t\t\t\t\t\t\t<\/div>\n\t\t\t\t\t\t<\/div>\n\t\t\t\t\t\t\t\t\t<\/div>\n\t\t\t<\/div>\n\t\t<\/div><div class=\"col post-item\" >\n\t\t\t<div class=\"col-inner\">\n\t\t\t\t<div class=\"box box-push box-text-bottom box-blog-post has-hover\">\n            \t\t\t\t\t<div class=\"box-image\" >\n  \t\t\t\t\t\t<div class=\"image-cover\" style=\"padding-top:100%;\">\n\t\t\t\t\t\t\t<a href=\"https:\/\/www.alevcamcioglu.com\/sr\/operacija-priraslica-unutar-nosa\/\" class=\"plain\" aria-label=\"Operacija Priraslica Unutar Nosa\">\n\t\t\t\t\t\t\t\t<img decoding=\"async\" width=\"1140\" height=\"500\" src=\"https:\/\/www.alevcamcioglu.com\/wp-content\/uploads\/2024\/07\/Burun-Ici-Yapisiklik-Ameliyati.jpg\" class=\"attachment-2048x2048 size-2048x2048 wp-post-image\" alt=\"\" srcset=\"https:\/\/www.alevcamcioglu.com\/wp-content\/uploads\/2024\/07\/Burun-Ici-Yapisiklik-Ameliyati.jpg 1140w, https:\/\/www.alevcamcioglu.com\/wp-content\/uploads\/2024\/07\/Burun-Ici-Yapisiklik-Ameliyati-300x132.jpg 300w, https:\/\/www.alevcamcioglu.com\/wp-content\/uploads\/2024\/07\/Burun-Ici-Yapisiklik-Ameliyati-1024x449.jpg 1024w, https:\/\/www.alevcamcioglu.com\/wp-content\/uploads\/2024\/07\/Burun-Ici-Yapisiklik-Ameliyati-768x337.jpg 768w, https:\/\/www.alevcamcioglu.com\/wp-content\/uploads\/2024\/07\/Burun-Ici-Yapisiklik-Ameliyati-370x162.jpg 370w, https:\/\/www.alevcamcioglu.com\/wp-content\/uploads\/2024\/07\/Burun-Ici-Yapisiklik-Ameliyati-760x333.jpg 760w\" sizes=\"(max-width: 1140px) 100vw, 1140px\" title=\"\">\t\t\t\t\t\t\t<\/a>\n  \t\t\t\t\t\t\t  \t\t\t\t\t\t\t  \t\t\t\t\t\t<\/div>\n  \t\t\t\t\t\t  \t\t\t\t\t<\/div>\n          \t\t\t\t\t<div class=\"box-text text-center\" >\n\t\t\t\t\t<div class=\"box-text-inner blog-post-inner\">\n\n\t\t\t\t\t\n\t\t\t\t\t\t\t\t\t\t<h5 class=\"post-title is-large \">\n\t\t\t\t\t\t<a href=\"https:\/\/www.alevcamcioglu.com\/sr\/operacija-priraslica-unutar-nosa\/\" class=\"plain\">Operacija Priraslica Unutar Nosa<\/a>\n\t\t\t\t\t<\/h5>\n\t\t\t\t\t\t\t\t\t\t<div class=\"is-divider\"><\/div>\n\t\t\t\t\t                    \n\t\t\t\t\t\t\t\t\t\t\t<a href=\"https:\/\/www.alevcamcioglu.com\/sr\/operacija-priraslica-unutar-nosa\/\" class=\"button primary is-outline is-small mb-0\">\n\t\t\t\t\t\t\tContinue Reading\t\t\t\t\t\t<\/a>\n\t\t\t\t\t\n\t\t\t\t\t\n\t\t\t\t\t<\/div>\n\t\t\t\t\t<\/div>\n\t\t\t\t\t\t\t\t\t\t\t\t\t\t\t\t<div class=\"badge absolute top post-date badge-circle\">\n\t\t\t\t\t\t\t<div class=\"badge-inner\">\n\t\t\t\t\t\t\t\t<span class=\"post-date-day\">29<\/span><br>\n\t\t\t\t\t\t\t\t<span class=\"post-date-month is-xsmall\">\u0458\u0443\u043b<\/span>\n\t\t\t\t\t\t\t<\/div>\n\t\t\t\t\t\t<\/div>\n\t\t\t\t\t\t\t\t\t<\/div>\n\t\t\t<\/div>\n\t\t<\/div><div class=\"col post-item\" >\n\t\t\t<div class=\"col-inner\">\n\t\t\t\t<div class=\"box box-push box-text-bottom box-blog-post has-hover\">\n            \t\t\t\t\t<div class=\"box-image\" >\n  \t\t\t\t\t\t<div class=\"image-cover\" style=\"padding-top:100%;\">\n\t\t\t\t\t\t\t<a href=\"https:\/\/www.alevcamcioglu.com\/sr\/da-li-je-moguce-raditi-rinoplastiku-tokom-letnjeg-perioda\/\" class=\"plain\" aria-label=\"Da li je mogu\u0107e raditi rinoplastiku tokom letnjeg perioda?\">\n\t\t\t\t\t\t\t\t<img decoding=\"async\" width=\"1140\" height=\"500\" src=\"https:\/\/www.alevcamcioglu.com\/wp-content\/uploads\/2024\/07\/Yaz-Doneminde-Burun-Estetigi-Olur-Mu.jpg\" class=\"attachment-2048x2048 size-2048x2048 wp-post-image\" alt=\"\" srcset=\"https:\/\/www.alevcamcioglu.com\/wp-content\/uploads\/2024\/07\/Yaz-Doneminde-Burun-Estetigi-Olur-Mu.jpg 1140w, https:\/\/www.alevcamcioglu.com\/wp-content\/uploads\/2024\/07\/Yaz-Doneminde-Burun-Estetigi-Olur-Mu-300x132.jpg 300w, https:\/\/www.alevcamcioglu.com\/wp-content\/uploads\/2024\/07\/Yaz-Doneminde-Burun-Estetigi-Olur-Mu-1024x449.jpg 1024w, https:\/\/www.alevcamcioglu.com\/wp-content\/uploads\/2024\/07\/Yaz-Doneminde-Burun-Estetigi-Olur-Mu-768x337.jpg 768w, https:\/\/www.alevcamcioglu.com\/wp-content\/uploads\/2024\/07\/Yaz-Doneminde-Burun-Estetigi-Olur-Mu-370x162.jpg 370w, https:\/\/www.alevcamcioglu.com\/wp-content\/uploads\/2024\/07\/Yaz-Doneminde-Burun-Estetigi-Olur-Mu-760x333.jpg 760w\" sizes=\"(max-width: 1140px) 100vw, 1140px\" title=\"\">\t\t\t\t\t\t\t<\/a>\n  \t\t\t\t\t\t\t  \t\t\t\t\t\t\t  \t\t\t\t\t\t<\/div>\n  \t\t\t\t\t\t  \t\t\t\t\t<\/div>\n          \t\t\t\t\t<div class=\"box-text text-center\" >\n\t\t\t\t\t<div class=\"box-text-inner blog-post-inner\">\n\n\t\t\t\t\t\n\t\t\t\t\t\t\t\t\t\t<h5 class=\"post-title is-large \">\n\t\t\t\t\t\t<a href=\"https:\/\/www.alevcamcioglu.com\/sr\/da-li-je-moguce-raditi-rinoplastiku-tokom-letnjeg-perioda\/\" class=\"plain\">Da li je mogu\u0107e raditi rinoplastiku tokom letnjeg perioda?<\/a>\n\t\t\t\t\t<\/h5>\n\t\t\t\t\t\t\t\t\t\t<div class=\"is-divider\"><\/div>\n\t\t\t\t\t                    \n\t\t\t\t\t\t\t\t\t\t\t<a href=\"https:\/\/www.alevcamcioglu.com\/sr\/da-li-je-moguce-raditi-rinoplastiku-tokom-letnjeg-perioda\/\" class=\"button primary is-outline is-small mb-0\">\n\t\t\t\t\t\t\tContinue Reading\t\t\t\t\t\t<\/a>\n\t\t\t\t\t\n\t\t\t\t\t\n\t\t\t\t\t<\/div>\n\t\t\t\t\t<\/div>\n\t\t\t\t\t\t\t\t\t\t\t\t\t\t\t\t<div class=\"badge absolute top post-date badge-circle\">\n\t\t\t\t\t\t\t<div class=\"badge-inner\">\n\t\t\t\t\t\t\t\t<span class=\"post-date-day\">29<\/span><br>\n\t\t\t\t\t\t\t\t<span class=\"post-date-month is-xsmall\">\u0458\u0443\u043b<\/span>\n\t\t\t\t\t\t\t<\/div>\n\t\t\t\t\t\t<\/div>\n\t\t\t\t\t\t\t\t\t<\/div>\n\t\t\t<\/div>\n\t\t<\/div><div class=\"col post-item\" >\n\t\t\t<div class=\"col-inner\">\n\t\t\t\t<div class=\"box box-push box-text-bottom box-blog-post has-hover\">\n            \t\t\t\t\t<div class=\"box-image\" >\n  \t\t\t\t\t\t<div class=\"image-cover\" style=\"padding-top:100%;\">\n\t\t\t\t\t\t\t<a href=\"https:\/\/www.alevcamcioglu.com\/sr\/da-li-je-moguce-ispraviti-grbu-na-nosu-vezbama\/\" class=\"plain\" aria-label=\"Da li je mogu\u0107e ispraviti grbu na nosu ve\u017ebama?\">\n\t\t\t\t\t\t\t\t<img decoding=\"async\" width=\"1140\" height=\"500\" src=\"https:\/\/www.alevcamcioglu.com\/wp-content\/uploads\/2024\/07\/Egzersiz-ile-Burun-Kemeri-Duzeltilebilir-Mi.jpg\" class=\"attachment-2048x2048 size-2048x2048 wp-post-image\" alt=\"\" srcset=\"https:\/\/www.alevcamcioglu.com\/wp-content\/uploads\/2024\/07\/Egzersiz-ile-Burun-Kemeri-Duzeltilebilir-Mi.jpg 1140w, https:\/\/www.alevcamcioglu.com\/wp-content\/uploads\/2024\/07\/Egzersiz-ile-Burun-Kemeri-Duzeltilebilir-Mi-300x132.jpg 300w, https:\/\/www.alevcamcioglu.com\/wp-content\/uploads\/2024\/07\/Egzersiz-ile-Burun-Kemeri-Duzeltilebilir-Mi-1024x449.jpg 1024w, https:\/\/www.alevcamcioglu.com\/wp-content\/uploads\/2024\/07\/Egzersiz-ile-Burun-Kemeri-Duzeltilebilir-Mi-768x337.jpg 768w, https:\/\/www.alevcamcioglu.com\/wp-content\/uploads\/2024\/07\/Egzersiz-ile-Burun-Kemeri-Duzeltilebilir-Mi-370x162.jpg 370w, https:\/\/www.alevcamcioglu.com\/wp-content\/uploads\/2024\/07\/Egzersiz-ile-Burun-Kemeri-Duzeltilebilir-Mi-760x333.jpg 760w\" sizes=\"(max-width: 1140px) 100vw, 1140px\" title=\"\">\t\t\t\t\t\t\t<\/a>\n  \t\t\t\t\t\t\t  \t\t\t\t\t\t\t  \t\t\t\t\t\t<\/div>\n  \t\t\t\t\t\t  \t\t\t\t\t<\/div>\n          \t\t\t\t\t<div class=\"box-text text-center\" >\n\t\t\t\t\t<div class=\"box-text-inner blog-post-inner\">\n\n\t\t\t\t\t\n\t\t\t\t\t\t\t\t\t\t<h5 class=\"post-title is-large \">\n\t\t\t\t\t\t<a href=\"https:\/\/www.alevcamcioglu.com\/sr\/da-li-je-moguce-ispraviti-grbu-na-nosu-vezbama\/\" class=\"plain\">Da li je mogu\u0107e ispraviti grbu na nosu ve\u017ebama?<\/a>\n\t\t\t\t\t<\/h5>\n\t\t\t\t\t\t\t\t\t\t<div class=\"is-divider\"><\/div>\n\t\t\t\t\t                    \n\t\t\t\t\t\t\t\t\t\t\t<a href=\"https:\/\/www.alevcamcioglu.com\/sr\/da-li-je-moguce-ispraviti-grbu-na-nosu-vezbama\/\" class=\"button primary is-outline is-small mb-0\">\n\t\t\t\t\t\t\tContinue Reading\t\t\t\t\t\t<\/a>\n\t\t\t\t\t\n\t\t\t\t\t\n\t\t\t\t\t<\/div>\n\t\t\t\t\t<\/div>\n\t\t\t\t\t\t\t\t\t\t\t\t\t\t\t\t<div class=\"badge absolute top post-date badge-circle\">\n\t\t\t\t\t\t\t<div class=\"badge-inner\">\n\t\t\t\t\t\t\t\t<span class=\"post-date-day\">29<\/span><br>\n\t\t\t\t\t\t\t\t<span class=\"post-date-month is-xsmall\">\u0458\u0443\u043b<\/span>\n\t\t\t\t\t\t\t<\/div>\n\t\t\t\t\t\t<\/div>\n\t\t\t\t\t\t\t\t\t<\/div>\n\t\t\t<\/div>\n\t\t<\/div><div class=\"col post-item\" >\n\t\t\t<div class=\"col-inner\">\n\t\t\t\t<div class=\"box box-push box-text-bottom box-blog-post has-hover\">\n            \t\t\t\t\t<div class=\"box-image\" >\n  \t\t\t\t\t\t<div class=\"image-cover\" style=\"padding-top:100%;\">\n\t\t\t\t\t\t\t<a href=\"https:\/\/www.alevcamcioglu.com\/sr\/da-li-se-moze-pojaviti-kolaps-nosa-nakon-operacije\/\" class=\"plain\" aria-label=\"Da li se mo\u017ee pojaviti kolaps nosa nakon operacije?\">\n\t\t\t\t\t\t\t\t<img decoding=\"async\" width=\"1140\" height=\"500\" src=\"https:\/\/www.alevcamcioglu.com\/wp-content\/uploads\/2024\/07\/Burun-Ameliyati-Sonrasi-Burunda-Cokme-Meydana-Gelir-Mi.jpg\" class=\"attachment-2048x2048 size-2048x2048 wp-post-image\" alt=\"\" srcset=\"https:\/\/www.alevcamcioglu.com\/wp-content\/uploads\/2024\/07\/Burun-Ameliyati-Sonrasi-Burunda-Cokme-Meydana-Gelir-Mi.jpg 1140w, https:\/\/www.alevcamcioglu.com\/wp-content\/uploads\/2024\/07\/Burun-Ameliyati-Sonrasi-Burunda-Cokme-Meydana-Gelir-Mi-300x132.jpg 300w, https:\/\/www.alevcamcioglu.com\/wp-content\/uploads\/2024\/07\/Burun-Ameliyati-Sonrasi-Burunda-Cokme-Meydana-Gelir-Mi-1024x449.jpg 1024w, https:\/\/www.alevcamcioglu.com\/wp-content\/uploads\/2024\/07\/Burun-Ameliyati-Sonrasi-Burunda-Cokme-Meydana-Gelir-Mi-768x337.jpg 768w, https:\/\/www.alevcamcioglu.com\/wp-content\/uploads\/2024\/07\/Burun-Ameliyati-Sonrasi-Burunda-Cokme-Meydana-Gelir-Mi-370x162.jpg 370w, https:\/\/www.alevcamcioglu.com\/wp-content\/uploads\/2024\/07\/Burun-Ameliyati-Sonrasi-Burunda-Cokme-Meydana-Gelir-Mi-760x333.jpg 760w\" sizes=\"(max-width: 1140px) 100vw, 1140px\" title=\"\">\t\t\t\t\t\t\t<\/a>\n  \t\t\t\t\t\t\t  \t\t\t\t\t\t\t  \t\t\t\t\t\t<\/div>\n  \t\t\t\t\t\t  \t\t\t\t\t<\/div>\n          \t\t\t\t\t<div class=\"box-text text-center\" >\n\t\t\t\t\t<div class=\"box-text-inner blog-post-inner\">\n\n\t\t\t\t\t\n\t\t\t\t\t\t\t\t\t\t<h5 class=\"post-title is-large \">\n\t\t\t\t\t\t<a href=\"https:\/\/www.alevcamcioglu.com\/sr\/da-li-se-moze-pojaviti-kolaps-nosa-nakon-operacije\/\" class=\"plain\">Da li se mo\u017ee pojaviti kolaps nosa nakon operacije?<\/a>\n\t\t\t\t\t<\/h5>\n\t\t\t\t\t\t\t\t\t\t<div class=\"is-divider\"><\/div>\n\t\t\t\t\t                    \n\t\t\t\t\t\t\t\t\t\t\t<a href=\"https:\/\/www.alevcamcioglu.com\/sr\/da-li-se-moze-pojaviti-kolaps-nosa-nakon-operacije\/\" class=\"button primary is-outline is-small mb-0\">\n\t\t\t\t\t\t\tContinue Reading\t\t\t\t\t\t<\/a>\n\t\t\t\t\t\n\t\t\t\t\t\n\t\t\t\t\t<\/div>\n\t\t\t\t\t<\/div>\n\t\t\t\t\t\t\t\t\t\t\t\t\t\t\t\t<div class=\"badge absolute top post-date badge-circle\">\n\t\t\t\t\t\t\t<div class=\"badge-inner\">\n\t\t\t\t\t\t\t\t<span class=\"post-date-day\">29<\/span><br>\n\t\t\t\t\t\t\t\t<span class=\"post-date-month is-xsmall\">\u0458\u0443\u043b<\/span>\n\t\t\t\t\t\t\t<\/div>\n\t\t\t\t\t\t<\/div>\n\t\t\t\t\t\t\t\t\t<\/div>\n\t\t\t<\/div>\n\t\t<\/div><div class=\"col post-item\" >\n\t\t\t<div class=\"col-inner\">\n\t\t\t\t<div class=\"box box-push box-text-bottom box-blog-post has-hover\">\n            \t\t\t\t\t<div class=\"box-image\" >\n  \t\t\t\t\t\t<div class=\"image-cover\" style=\"padding-top:100%;\">\n\t\t\t\t\t\t\t<a href=\"https:\/\/www.alevcamcioglu.com\/sr\/da-li-moze-doci-do-kolapsa-nosa-nakon-operacije-kod-osoba-sa-masnom-i-suvom-kozom\/\" class=\"plain\" aria-label=\"Da li mo\u017ee do\u0107i do kolapsa nosa nakon operacije kod osoba sa masnom i suvom ko\u017eom?\">\n\t\t\t\t\t\t\t\t<img decoding=\"async\" width=\"1140\" height=\"500\" src=\"https:\/\/www.alevcamcioglu.com\/wp-content\/uploads\/2024\/07\/Yagli-Derili-ve-Kuru-Derili-Burun-Ameliyati.jpg\" class=\"attachment-2048x2048 size-2048x2048 wp-post-image\" alt=\"\" srcset=\"https:\/\/www.alevcamcioglu.com\/wp-content\/uploads\/2024\/07\/Yagli-Derili-ve-Kuru-Derili-Burun-Ameliyati.jpg 1140w, https:\/\/www.alevcamcioglu.com\/wp-content\/uploads\/2024\/07\/Yagli-Derili-ve-Kuru-Derili-Burun-Ameliyati-300x132.jpg 300w, https:\/\/www.alevcamcioglu.com\/wp-content\/uploads\/2024\/07\/Yagli-Derili-ve-Kuru-Derili-Burun-Ameliyati-1024x449.jpg 1024w, https:\/\/www.alevcamcioglu.com\/wp-content\/uploads\/2024\/07\/Yagli-Derili-ve-Kuru-Derili-Burun-Ameliyati-768x337.jpg 768w, https:\/\/www.alevcamcioglu.com\/wp-content\/uploads\/2024\/07\/Yagli-Derili-ve-Kuru-Derili-Burun-Ameliyati-370x162.jpg 370w, https:\/\/www.alevcamcioglu.com\/wp-content\/uploads\/2024\/07\/Yagli-Derili-ve-Kuru-Derili-Burun-Ameliyati-760x333.jpg 760w\" sizes=\"(max-width: 1140px) 100vw, 1140px\" title=\"\">\t\t\t\t\t\t\t<\/a>\n  \t\t\t\t\t\t\t  \t\t\t\t\t\t\t  \t\t\t\t\t\t<\/div>\n  \t\t\t\t\t\t  \t\t\t\t\t<\/div>\n          \t\t\t\t\t<div class=\"box-text text-center\" >\n\t\t\t\t\t<div class=\"box-text-inner blog-post-inner\">\n\n\t\t\t\t\t\n\t\t\t\t\t\t\t\t\t\t<h5 class=\"post-title is-large \">\n\t\t\t\t\t\t<a href=\"https:\/\/www.alevcamcioglu.com\/sr\/da-li-moze-doci-do-kolapsa-nosa-nakon-operacije-kod-osoba-sa-masnom-i-suvom-kozom\/\" class=\"plain\">Da li mo\u017ee do\u0107i do kolapsa nosa nakon operacije kod osoba sa masnom i suvom ko\u017eom?<\/a>\n\t\t\t\t\t<\/h5>\n\t\t\t\t\t\t\t\t\t\t<div class=\"is-divider\"><\/div>\n\t\t\t\t\t                    \n\t\t\t\t\t\t\t\t\t\t\t<a href=\"https:\/\/www.alevcamcioglu.com\/sr\/da-li-moze-doci-do-kolapsa-nosa-nakon-operacije-kod-osoba-sa-masnom-i-suvom-kozom\/\" class=\"button primary is-outline is-small mb-0\">\n\t\t\t\t\t\t\tContinue Reading\t\t\t\t\t\t<\/a>\n\t\t\t\t\t\n\t\t\t\t\t\n\t\t\t\t\t<\/div>\n\t\t\t\t\t<\/div>\n\t\t\t\t\t\t\t\t\t\t\t\t\t\t\t\t<div class=\"badge absolute top post-date badge-circle\">\n\t\t\t\t\t\t\t<div class=\"badge-inner\">\n\t\t\t\t\t\t\t\t<span class=\"post-date-day\">29<\/span><br>\n\t\t\t\t\t\t\t\t<span class=\"post-date-month is-xsmall\">\u0458\u0443\u043b<\/span>\n\t\t\t\t\t\t\t<\/div>\n\t\t\t\t\t\t<\/div>\n\t\t\t\t\t\t\t\t\t<\/div>\n\t\t\t<\/div>\n\t\t<\/div><div class=\"col post-item\" >\n\t\t\t<div class=\"col-inner\">\n\t\t\t\t<div class=\"box box-push box-text-bottom box-blog-post has-hover\">\n            \t\t\t\t\t<div class=\"box-image\" >\n  \t\t\t\t\t\t<div class=\"image-cover\" style=\"padding-top:100%;\">\n\t\t\t\t\t\t\t<a href=\"https:\/\/www.alevcamcioglu.com\/sr\/da-li-je-moguca-operacija-nosa-tokom-perioda-dojenja\/\" class=\"plain\" aria-label=\"Da li je mogu\u0107a operacija nosa tokom perioda dojenja?\">\n\t\t\t\t\t\t\t\t<img decoding=\"async\" width=\"1140\" height=\"500\" src=\"https:\/\/www.alevcamcioglu.com\/wp-content\/uploads\/2024\/07\/Emzirme-Doneminde-Burun-Estetigi-Mumkun-Mudur.jpg\" class=\"attachment-2048x2048 size-2048x2048 wp-post-image\" alt=\"\" srcset=\"https:\/\/www.alevcamcioglu.com\/wp-content\/uploads\/2024\/07\/Emzirme-Doneminde-Burun-Estetigi-Mumkun-Mudur.jpg 1140w, https:\/\/www.alevcamcioglu.com\/wp-content\/uploads\/2024\/07\/Emzirme-Doneminde-Burun-Estetigi-Mumkun-Mudur-300x132.jpg 300w, https:\/\/www.alevcamcioglu.com\/wp-content\/uploads\/2024\/07\/Emzirme-Doneminde-Burun-Estetigi-Mumkun-Mudur-1024x449.jpg 1024w, https:\/\/www.alevcamcioglu.com\/wp-content\/uploads\/2024\/07\/Emzirme-Doneminde-Burun-Estetigi-Mumkun-Mudur-768x337.jpg 768w, https:\/\/www.alevcamcioglu.com\/wp-content\/uploads\/2024\/07\/Emzirme-Doneminde-Burun-Estetigi-Mumkun-Mudur-370x162.jpg 370w, https:\/\/www.alevcamcioglu.com\/wp-content\/uploads\/2024\/07\/Emzirme-Doneminde-Burun-Estetigi-Mumkun-Mudur-760x333.jpg 760w\" sizes=\"(max-width: 1140px) 100vw, 1140px\" title=\"\">\t\t\t\t\t\t\t<\/a>\n  \t\t\t\t\t\t\t  \t\t\t\t\t\t\t  \t\t\t\t\t\t<\/div>\n  \t\t\t\t\t\t  \t\t\t\t\t<\/div>\n          \t\t\t\t\t<div class=\"box-text text-center\" >\n\t\t\t\t\t<div class=\"box-text-inner blog-post-inner\">\n\n\t\t\t\t\t\n\t\t\t\t\t\t\t\t\t\t<h5 class=\"post-title is-large \">\n\t\t\t\t\t\t<a href=\"https:\/\/www.alevcamcioglu.com\/sr\/da-li-je-moguca-operacija-nosa-tokom-perioda-dojenja\/\" class=\"plain\">Da li je mogu\u0107a operacija nosa tokom perioda dojenja?<\/a>\n\t\t\t\t\t<\/h5>\n\t\t\t\t\t\t\t\t\t\t<div class=\"is-divider\"><\/div>\n\t\t\t\t\t                    \n\t\t\t\t\t\t\t\t\t\t\t<a href=\"https:\/\/www.alevcamcioglu.com\/sr\/da-li-je-moguca-operacija-nosa-tokom-perioda-dojenja\/\" class=\"button primary is-outline is-small mb-0\">\n\t\t\t\t\t\t\tContinue Reading\t\t\t\t\t\t<\/a>\n\t\t\t\t\t\n\t\t\t\t\t\n\t\t\t\t\t<\/div>\n\t\t\t\t\t<\/div>\n\t\t\t\t\t\t\t\t\t\t\t\t\t\t\t\t<div class=\"badge absolute top post-date badge-circle\">\n\t\t\t\t\t\t\t<div class=\"badge-inner\">\n\t\t\t\t\t\t\t\t<span class=\"post-date-day\">29<\/span><br>\n\t\t\t\t\t\t\t\t<span class=\"post-date-month is-xsmall\">\u0458\u0443\u043b<\/span>\n\t\t\t\t\t\t\t<\/div>\n\t\t\t\t\t\t<\/div>\n\t\t\t\t\t\t\t\t\t<\/div>\n\t\t\t<\/div>\n\t\t<\/div><div class=\"col post-item\" >\n\t\t\t<div class=\"col-inner\">\n\t\t\t\t<div class=\"box box-push box-text-bottom box-blog-post has-hover\">\n            \t\t\t\t\t<div class=\"box-image\" >\n  \t\t\t\t\t\t<div class=\"image-cover\" style=\"padding-top:100%;\">\n\t\t\t\t\t\t\t<a href=\"https:\/\/www.alevcamcioglu.com\/sr\/da-li-se-gubi-culo-mirisa-nakon-operacije-nosa\/\" class=\"plain\" aria-label=\"Da li se gubi \u010dulo mirisa nakon operacije nosa?\">\n\t\t\t\t\t\t\t\t<img decoding=\"async\" width=\"1140\" height=\"500\" src=\"https:\/\/www.alevcamcioglu.com\/wp-content\/uploads\/2024\/07\/Burun-Estetigi-Sonrasi-Koku-Alma-Kaybi-Yasanir-Mi.jpg\" class=\"attachment-2048x2048 size-2048x2048 wp-post-image\" alt=\"\" srcset=\"https:\/\/www.alevcamcioglu.com\/wp-content\/uploads\/2024\/07\/Burun-Estetigi-Sonrasi-Koku-Alma-Kaybi-Yasanir-Mi.jpg 1140w, https:\/\/www.alevcamcioglu.com\/wp-content\/uploads\/2024\/07\/Burun-Estetigi-Sonrasi-Koku-Alma-Kaybi-Yasanir-Mi-300x132.jpg 300w, https:\/\/www.alevcamcioglu.com\/wp-content\/uploads\/2024\/07\/Burun-Estetigi-Sonrasi-Koku-Alma-Kaybi-Yasanir-Mi-1024x449.jpg 1024w, https:\/\/www.alevcamcioglu.com\/wp-content\/uploads\/2024\/07\/Burun-Estetigi-Sonrasi-Koku-Alma-Kaybi-Yasanir-Mi-768x337.jpg 768w, https:\/\/www.alevcamcioglu.com\/wp-content\/uploads\/2024\/07\/Burun-Estetigi-Sonrasi-Koku-Alma-Kaybi-Yasanir-Mi-370x162.jpg 370w, https:\/\/www.alevcamcioglu.com\/wp-content\/uploads\/2024\/07\/Burun-Estetigi-Sonrasi-Koku-Alma-Kaybi-Yasanir-Mi-760x333.jpg 760w\" sizes=\"(max-width: 1140px) 100vw, 1140px\" title=\"\">\t\t\t\t\t\t\t<\/a>\n  \t\t\t\t\t\t\t  \t\t\t\t\t\t\t  \t\t\t\t\t\t<\/div>\n  \t\t\t\t\t\t  \t\t\t\t\t<\/div>\n          \t\t\t\t\t<div class=\"box-text text-center\" >\n\t\t\t\t\t<div class=\"box-text-inner blog-post-inner\">\n\n\t\t\t\t\t\n\t\t\t\t\t\t\t\t\t\t<h5 class=\"post-title is-large \">\n\t\t\t\t\t\t<a href=\"https:\/\/www.alevcamcioglu.com\/sr\/da-li-se-gubi-culo-mirisa-nakon-operacije-nosa\/\" class=\"plain\">Da li se gubi \u010dulo mirisa nakon operacije nosa?<\/a>\n\t\t\t\t\t<\/h5>\n\t\t\t\t\t\t\t\t\t\t<div class=\"is-divider\"><\/div>\n\t\t\t\t\t                    \n\t\t\t\t\t\t\t\t\t\t\t<a href=\"https:\/\/www.alevcamcioglu.com\/sr\/da-li-se-gubi-culo-mirisa-nakon-operacije-nosa\/\" class=\"button primary is-outline is-small mb-0\">\n\t\t\t\t\t\t\tContinue Reading\t\t\t\t\t\t<\/a>\n\t\t\t\t\t\n\t\t\t\t\t\n\t\t\t\t\t<\/div>\n\t\t\t\t\t<\/div>\n\t\t\t\t\t\t\t\t\t\t\t\t\t\t\t\t<div class=\"badge absolute top post-date badge-circle\">\n\t\t\t\t\t\t\t<div class=\"badge-inner\">\n\t\t\t\t\t\t\t\t<span class=\"post-date-day\">29<\/span><br>\n\t\t\t\t\t\t\t\t<span class=\"post-date-month is-xsmall\">\u0458\u0443\u043b<\/span>\n\t\t\t\t\t\t\t<\/div>\n\t\t\t\t\t\t<\/div>\n\t\t\t\t\t\t\t\t\t<\/div>\n\t\t\t<\/div>\n\t\t<\/div><div class=\"col post-item\" >\n\t\t\t<div class=\"col-inner\">\n\t\t\t\t<div class=\"box box-push box-text-bottom box-blog-post has-hover\">\n            \t\t\t\t\t<div class=\"box-image\" >\n  \t\t\t\t\t\t<div class=\"image-cover\" style=\"padding-top:100%;\">\n\t\t\t\t\t\t\t<a href=\"https:\/\/www.alevcamcioglu.com\/sr\/kako-prevazici-strah-od-operacije-nosa\/\" class=\"plain\" aria-label=\"Kako Prevazi\u0107i Strah od Operacije Nosa?\">\n\t\t\t\t\t\t\t\t<img decoding=\"async\" width=\"1140\" height=\"500\" src=\"https:\/\/www.alevcamcioglu.com\/wp-content\/uploads\/2024\/07\/Burun-Estetigi-Korkusu-Nasil-Yenilir.jpg\" class=\"attachment-2048x2048 size-2048x2048 wp-post-image\" alt=\"\" srcset=\"https:\/\/www.alevcamcioglu.com\/wp-content\/uploads\/2024\/07\/Burun-Estetigi-Korkusu-Nasil-Yenilir.jpg 1140w, https:\/\/www.alevcamcioglu.com\/wp-content\/uploads\/2024\/07\/Burun-Estetigi-Korkusu-Nasil-Yenilir-300x132.jpg 300w, https:\/\/www.alevcamcioglu.com\/wp-content\/uploads\/2024\/07\/Burun-Estetigi-Korkusu-Nasil-Yenilir-1024x449.jpg 1024w, https:\/\/www.alevcamcioglu.com\/wp-content\/uploads\/2024\/07\/Burun-Estetigi-Korkusu-Nasil-Yenilir-768x337.jpg 768w, https:\/\/www.alevcamcioglu.com\/wp-content\/uploads\/2024\/07\/Burun-Estetigi-Korkusu-Nasil-Yenilir-370x162.jpg 370w, https:\/\/www.alevcamcioglu.com\/wp-content\/uploads\/2024\/07\/Burun-Estetigi-Korkusu-Nasil-Yenilir-760x333.jpg 760w\" sizes=\"(max-width: 1140px) 100vw, 1140px\" title=\"\">\t\t\t\t\t\t\t<\/a>\n  \t\t\t\t\t\t\t  \t\t\t\t\t\t\t  \t\t\t\t\t\t<\/div>\n  \t\t\t\t\t\t  \t\t\t\t\t<\/div>\n          \t\t\t\t\t<div class=\"box-text text-center\" >\n\t\t\t\t\t<div class=\"box-text-inner blog-post-inner\">\n\n\t\t\t\t\t\n\t\t\t\t\t\t\t\t\t\t<h5 class=\"post-title is-large \">\n\t\t\t\t\t\t<a href=\"https:\/\/www.alevcamcioglu.com\/sr\/kako-prevazici-strah-od-operacije-nosa\/\" class=\"plain\">Kako Prevazi\u0107i Strah od Operacije Nosa?<\/a>\n\t\t\t\t\t<\/h5>\n\t\t\t\t\t\t\t\t\t\t<div class=\"is-divider\"><\/div>\n\t\t\t\t\t                    \n\t\t\t\t\t\t\t\t\t\t\t<a href=\"https:\/\/www.alevcamcioglu.com\/sr\/kako-prevazici-strah-od-operacije-nosa\/\" class=\"button primary is-outline is-small mb-0\">\n\t\t\t\t\t\t\tContinue Reading\t\t\t\t\t\t<\/a>\n\t\t\t\t\t\n\t\t\t\t\t\n\t\t\t\t\t<\/div>\n\t\t\t\t\t<\/div>\n\t\t\t\t\t\t\t\t\t\t\t\t\t\t\t\t<div class=\"badge absolute top post-date badge-circle\">\n\t\t\t\t\t\t\t<div class=\"badge-inner\">\n\t\t\t\t\t\t\t\t<span class=\"post-date-day\">29<\/span><br>\n\t\t\t\t\t\t\t\t<span class=\"post-date-month is-xsmall\">\u0458\u0443\u043b<\/span>\n\t\t\t\t\t\t\t<\/div>\n\t\t\t\t\t\t<\/div>\n\t\t\t\t\t\t\t\t\t<\/div>\n\t\t\t<\/div>\n\t\t<\/div><div class=\"col post-item\" >\n\t\t\t<div class=\"col-inner\">\n\t\t\t\t<div class=\"box box-push box-text-bottom box-blog-post has-hover\">\n            \t\t\t\t\t<div class=\"box-image\" >\n  \t\t\t\t\t\t<div class=\"image-cover\" style=\"padding-top:100%;\">\n\t\t\t\t\t\t\t<a href=\"https:\/\/www.alevcamcioglu.com\/sr\/kako-koristiti-naocare-za-sunce-nakon-operacije-nosa\/\" class=\"plain\" aria-label=\"Kako Koristiti Nao\u010dare za Sunce Nakon Operacije Nosa?\">\n\t\t\t\t\t\t\t\t<img decoding=\"async\" width=\"1140\" height=\"500\" src=\"https:\/\/www.alevcamcioglu.com\/wp-content\/uploads\/2024\/07\/Burun-Ameliyati-Sonrasi-Gunes-Gozlugu-Kullanimi-Nasil-Olmali.jpg\" class=\"attachment-2048x2048 size-2048x2048 wp-post-image\" alt=\"\" srcset=\"https:\/\/www.alevcamcioglu.com\/wp-content\/uploads\/2024\/07\/Burun-Ameliyati-Sonrasi-Gunes-Gozlugu-Kullanimi-Nasil-Olmali.jpg 1140w, https:\/\/www.alevcamcioglu.com\/wp-content\/uploads\/2024\/07\/Burun-Ameliyati-Sonrasi-Gunes-Gozlugu-Kullanimi-Nasil-Olmali-300x132.jpg 300w, https:\/\/www.alevcamcioglu.com\/wp-content\/uploads\/2024\/07\/Burun-Ameliyati-Sonrasi-Gunes-Gozlugu-Kullanimi-Nasil-Olmali-1024x449.jpg 1024w, https:\/\/www.alevcamcioglu.com\/wp-content\/uploads\/2024\/07\/Burun-Ameliyati-Sonrasi-Gunes-Gozlugu-Kullanimi-Nasil-Olmali-768x337.jpg 768w, https:\/\/www.alevcamcioglu.com\/wp-content\/uploads\/2024\/07\/Burun-Ameliyati-Sonrasi-Gunes-Gozlugu-Kullanimi-Nasil-Olmali-370x162.jpg 370w, https:\/\/www.alevcamcioglu.com\/wp-content\/uploads\/2024\/07\/Burun-Ameliyati-Sonrasi-Gunes-Gozlugu-Kullanimi-Nasil-Olmali-760x333.jpg 760w\" sizes=\"(max-width: 1140px) 100vw, 1140px\" title=\"\">\t\t\t\t\t\t\t<\/a>\n  \t\t\t\t\t\t\t  \t\t\t\t\t\t\t  \t\t\t\t\t\t<\/div>\n  \t\t\t\t\t\t  \t\t\t\t\t<\/div>\n          \t\t\t\t\t<div class=\"box-text text-center\" >\n\t\t\t\t\t<div class=\"box-text-inner blog-post-inner\">\n\n\t\t\t\t\t\n\t\t\t\t\t\t\t\t\t\t<h5 class=\"post-title is-large \">\n\t\t\t\t\t\t<a href=\"https:\/\/www.alevcamcioglu.com\/sr\/kako-koristiti-naocare-za-sunce-nakon-operacije-nosa\/\" class=\"plain\">Kako Koristiti Nao\u010dare za Sunce Nakon Operacije Nosa?<\/a>\n\t\t\t\t\t<\/h5>\n\t\t\t\t\t\t\t\t\t\t<div class=\"is-divider\"><\/div>\n\t\t\t\t\t                    \n\t\t\t\t\t\t\t\t\t\t\t<a href=\"https:\/\/www.alevcamcioglu.com\/sr\/kako-koristiti-naocare-za-sunce-nakon-operacije-nosa\/\" class=\"button primary is-outline is-small mb-0\">\n\t\t\t\t\t\t\tContinue Reading\t\t\t\t\t\t<\/a>\n\t\t\t\t\t\n\t\t\t\t\t\n\t\t\t\t\t<\/div>\n\t\t\t\t\t<\/div>\n\t\t\t\t\t\t\t\t\t\t\t\t\t\t\t\t<div class=\"badge absolute top post-date badge-circle\">\n\t\t\t\t\t\t\t<div class=\"badge-inner\">\n\t\t\t\t\t\t\t\t<span class=\"post-date-day\">08<\/span><br>\n\t\t\t\t\t\t\t\t<span class=\"post-date-month is-xsmall\">\u0458\u0443\u043b<\/span>\n\t\t\t\t\t\t\t<\/div>\n\t\t\t\t\t\t<\/div>\n\t\t\t\t\t\t\t\t\t<\/div>\n\t\t\t<\/div>\n\t\t<\/div><div class=\"col post-item\" >\n\t\t\t<div class=\"col-inner\">\n\t\t\t\t<div class=\"box box-push box-text-bottom box-blog-post has-hover\">\n            \t\t\t\t\t<div class=\"box-image\" >\n  \t\t\t\t\t\t<div class=\"image-cover\" style=\"padding-top:100%;\">\n\t\t\t\t\t\t\t<a href=\"https:\/\/www.alevcamcioglu.com\/sr\/cemu-sluzi-flaster-traka-nakon-operacije-nosa\/\" class=\"plain\" aria-label=\"\u010cemu Slu\u017ei Flaster Traka Nakon Operacije Nosa?\">\n\t\t\t\t\t\t\t\t<img decoding=\"async\" width=\"1140\" height=\"500\" src=\"https:\/\/www.alevcamcioglu.com\/wp-content\/uploads\/2024\/07\/Burun-Ameliyati-Sonrasi-Flester-Bant-Ne-Ise-Yarar.jpg\" class=\"attachment-2048x2048 size-2048x2048 wp-post-image\" alt=\"\" srcset=\"https:\/\/www.alevcamcioglu.com\/wp-content\/uploads\/2024\/07\/Burun-Ameliyati-Sonrasi-Flester-Bant-Ne-Ise-Yarar.jpg 1140w, https:\/\/www.alevcamcioglu.com\/wp-content\/uploads\/2024\/07\/Burun-Ameliyati-Sonrasi-Flester-Bant-Ne-Ise-Yarar-300x132.jpg 300w, https:\/\/www.alevcamcioglu.com\/wp-content\/uploads\/2024\/07\/Burun-Ameliyati-Sonrasi-Flester-Bant-Ne-Ise-Yarar-1024x449.jpg 1024w, https:\/\/www.alevcamcioglu.com\/wp-content\/uploads\/2024\/07\/Burun-Ameliyati-Sonrasi-Flester-Bant-Ne-Ise-Yarar-768x337.jpg 768w, https:\/\/www.alevcamcioglu.com\/wp-content\/uploads\/2024\/07\/Burun-Ameliyati-Sonrasi-Flester-Bant-Ne-Ise-Yarar-370x162.jpg 370w, https:\/\/www.alevcamcioglu.com\/wp-content\/uploads\/2024\/07\/Burun-Ameliyati-Sonrasi-Flester-Bant-Ne-Ise-Yarar-760x333.jpg 760w\" sizes=\"(max-width: 1140px) 100vw, 1140px\" title=\"\">\t\t\t\t\t\t\t<\/a>\n  \t\t\t\t\t\t\t  \t\t\t\t\t\t\t  \t\t\t\t\t\t<\/div>\n  \t\t\t\t\t\t  \t\t\t\t\t<\/div>\n          \t\t\t\t\t<div class=\"box-text text-center\" >\n\t\t\t\t\t<div class=\"box-text-inner blog-post-inner\">\n\n\t\t\t\t\t\n\t\t\t\t\t\t\t\t\t\t<h5 class=\"post-title is-large \">\n\t\t\t\t\t\t<a href=\"https:\/\/www.alevcamcioglu.com\/sr\/cemu-sluzi-flaster-traka-nakon-operacije-nosa\/\" class=\"plain\">\u010cemu Slu\u017ei Flaster Traka Nakon Operacije Nosa?<\/a>\n\t\t\t\t\t<\/h5>\n\t\t\t\t\t\t\t\t\t\t<div class=\"is-divider\"><\/div>\n\t\t\t\t\t                    \n\t\t\t\t\t\t\t\t\t\t\t<a href=\"https:\/\/www.alevcamcioglu.com\/sr\/cemu-sluzi-flaster-traka-nakon-operacije-nosa\/\" class=\"button primary is-outline is-small mb-0\">\n\t\t\t\t\t\t\tContinue Reading\t\t\t\t\t\t<\/a>\n\t\t\t\t\t\n\t\t\t\t\t\n\t\t\t\t\t<\/div>\n\t\t\t\t\t<\/div>\n\t\t\t\t\t\t\t\t\t\t\t\t\t\t\t\t<div class=\"badge absolute top post-date badge-circle\">\n\t\t\t\t\t\t\t<div class=\"badge-inner\">\n\t\t\t\t\t\t\t\t<span class=\"post-date-day\">08<\/span><br>\n\t\t\t\t\t\t\t\t<span class=\"post-date-month is-xsmall\">\u0458\u0443\u043b<\/span>\n\t\t\t\t\t\t\t<\/div>\n\t\t\t\t\t\t<\/div>\n\t\t\t\t\t\t\t\t\t<\/div>\n\t\t\t<\/div>\n\t\t<\/div><div class=\"col post-item\" >\n\t\t\t<div class=\"col-inner\">\n\t\t\t\t<div class=\"box box-push box-text-bottom box-blog-post has-hover\">\n            \t\t\t\t\t<div class=\"box-image\" >\n  \t\t\t\t\t\t<div class=\"image-cover\" style=\"padding-top:100%;\">\n\t\t\t\t\t\t\t<a href=\"https:\/\/www.alevcamcioglu.com\/sr\/da-li-se-nos-pogorsava-godinama-nakon-estetske-operacije-nosa\/\" class=\"plain\" aria-label=\"Da li Se Nos Pogor\u0161ava Godinama Nakon Estetske Operacije Nosa?\">\n\t\t\t\t\t\t\t\t<img decoding=\"async\" width=\"1140\" height=\"500\" src=\"https:\/\/www.alevcamcioglu.com\/wp-content\/uploads\/2024\/07\/Burun-Estetiginden-Yillar-Sonra-Burun-Bozulur-Mu.jpg\" class=\"attachment-2048x2048 size-2048x2048 wp-post-image\" alt=\"\" srcset=\"https:\/\/www.alevcamcioglu.com\/wp-content\/uploads\/2024\/07\/Burun-Estetiginden-Yillar-Sonra-Burun-Bozulur-Mu.jpg 1140w, https:\/\/www.alevcamcioglu.com\/wp-content\/uploads\/2024\/07\/Burun-Estetiginden-Yillar-Sonra-Burun-Bozulur-Mu-300x132.jpg 300w, https:\/\/www.alevcamcioglu.com\/wp-content\/uploads\/2024\/07\/Burun-Estetiginden-Yillar-Sonra-Burun-Bozulur-Mu-1024x449.jpg 1024w, https:\/\/www.alevcamcioglu.com\/wp-content\/uploads\/2024\/07\/Burun-Estetiginden-Yillar-Sonra-Burun-Bozulur-Mu-768x337.jpg 768w, https:\/\/www.alevcamcioglu.com\/wp-content\/uploads\/2024\/07\/Burun-Estetiginden-Yillar-Sonra-Burun-Bozulur-Mu-370x162.jpg 370w, https:\/\/www.alevcamcioglu.com\/wp-content\/uploads\/2024\/07\/Burun-Estetiginden-Yillar-Sonra-Burun-Bozulur-Mu-760x333.jpg 760w\" sizes=\"(max-width: 1140px) 100vw, 1140px\" title=\"\">\t\t\t\t\t\t\t<\/a>\n  \t\t\t\t\t\t\t  \t\t\t\t\t\t\t  \t\t\t\t\t\t<\/div>\n  \t\t\t\t\t\t  \t\t\t\t\t<\/div>\n          \t\t\t\t\t<div class=\"box-text text-center\" >\n\t\t\t\t\t<div class=\"box-text-inner blog-post-inner\">\n\n\t\t\t\t\t\n\t\t\t\t\t\t\t\t\t\t<h5 class=\"post-title is-large \">\n\t\t\t\t\t\t<a href=\"https:\/\/www.alevcamcioglu.com\/sr\/da-li-se-nos-pogorsava-godinama-nakon-estetske-operacije-nosa\/\" class=\"plain\">Da li Se Nos Pogor\u0161ava Godinama Nakon Estetske Operacije Nosa?<\/a>\n\t\t\t\t\t<\/h5>\n\t\t\t\t\t\t\t\t\t\t<div class=\"is-divider\"><\/div>\n\t\t\t\t\t                    \n\t\t\t\t\t\t\t\t\t\t\t<a href=\"https:\/\/www.alevcamcioglu.com\/sr\/da-li-se-nos-pogorsava-godinama-nakon-estetske-operacije-nosa\/\" class=\"button primary is-outline is-small mb-0\">\n\t\t\t\t\t\t\tContinue Reading\t\t\t\t\t\t<\/a>\n\t\t\t\t\t\n\t\t\t\t\t\n\t\t\t\t\t<\/div>\n\t\t\t\t\t<\/div>\n\t\t\t\t\t\t\t\t\t\t\t\t\t\t\t\t<div class=\"badge absolute top post-date badge-circle\">\n\t\t\t\t\t\t\t<div class=\"badge-inner\">\n\t\t\t\t\t\t\t\t<span class=\"post-date-day\">08<\/span><br>\n\t\t\t\t\t\t\t\t<span class=\"post-date-month is-xsmall\">\u0458\u0443\u043b<\/span>\n\t\t\t\t\t\t\t<\/div>\n\t\t\t\t\t\t<\/div>\n\t\t\t\t\t\t\t\t\t<\/div>\n\t\t\t<\/div>\n\t\t<\/div><div class=\"col post-item\" >\n\t\t\t<div class=\"col-inner\">\n\t\t\t\t<div class=\"box box-push box-text-bottom box-blog-post has-hover\">\n            \t\t\t\t\t<div class=\"box-image\" >\n  \t\t\t\t\t\t<div class=\"image-cover\" style=\"padding-top:100%;\">\n\t\t\t\t\t\t\t<a href=\"https:\/\/www.alevcamcioglu.com\/sr\/da-li-se-operacija-nosne-pregrade-moze-izvesti-istovremeno-sa-estetskom-operacijom-nosa\/\" class=\"plain\" aria-label=\"Da li Se Operacija Nosne Pregrade Mo\u017ee Izvesti Istovremeno sa Estetskom Operacijom Nosa?\">\n\t\t\t\t\t\t\t\t<img decoding=\"async\" width=\"1140\" height=\"500\" src=\"https:\/\/www.alevcamcioglu.com\/wp-content\/uploads\/2024\/07\/Burun-Eti-Ile-Burun-Estetigi-Ameliyati-Ayni-Anda-Yapilabilir-Mi.jpg\" class=\"attachment-2048x2048 size-2048x2048 wp-post-image\" alt=\"\" srcset=\"https:\/\/www.alevcamcioglu.com\/wp-content\/uploads\/2024\/07\/Burun-Eti-Ile-Burun-Estetigi-Ameliyati-Ayni-Anda-Yapilabilir-Mi.jpg 1140w, https:\/\/www.alevcamcioglu.com\/wp-content\/uploads\/2024\/07\/Burun-Eti-Ile-Burun-Estetigi-Ameliyati-Ayni-Anda-Yapilabilir-Mi-300x132.jpg 300w, https:\/\/www.alevcamcioglu.com\/wp-content\/uploads\/2024\/07\/Burun-Eti-Ile-Burun-Estetigi-Ameliyati-Ayni-Anda-Yapilabilir-Mi-1024x449.jpg 1024w, https:\/\/www.alevcamcioglu.com\/wp-content\/uploads\/2024\/07\/Burun-Eti-Ile-Burun-Estetigi-Ameliyati-Ayni-Anda-Yapilabilir-Mi-768x337.jpg 768w, https:\/\/www.alevcamcioglu.com\/wp-content\/uploads\/2024\/07\/Burun-Eti-Ile-Burun-Estetigi-Ameliyati-Ayni-Anda-Yapilabilir-Mi-370x162.jpg 370w, https:\/\/www.alevcamcioglu.com\/wp-content\/uploads\/2024\/07\/Burun-Eti-Ile-Burun-Estetigi-Ameliyati-Ayni-Anda-Yapilabilir-Mi-760x333.jpg 760w\" sizes=\"(max-width: 1140px) 100vw, 1140px\" title=\"\">\t\t\t\t\t\t\t<\/a>\n  \t\t\t\t\t\t\t  \t\t\t\t\t\t\t  \t\t\t\t\t\t<\/div>\n  \t\t\t\t\t\t  \t\t\t\t\t<\/div>\n          \t\t\t\t\t<div class=\"box-text text-center\" >\n\t\t\t\t\t<div class=\"box-text-inner blog-post-inner\">\n\n\t\t\t\t\t\n\t\t\t\t\t\t\t\t\t\t<h5 class=\"post-title is-large \">\n\t\t\t\t\t\t<a href=\"https:\/\/www.alevcamcioglu.com\/sr\/da-li-se-operacija-nosne-pregrade-moze-izvesti-istovremeno-sa-estetskom-operacijom-nosa\/\" class=\"plain\">Da li Se Operacija Nosne Pregrade Mo\u017ee Izvesti Istovremeno sa Estetskom Operacijom Nosa?<\/a>\n\t\t\t\t\t<\/h5>\n\t\t\t\t\t\t\t\t\t\t<div class=\"is-divider\"><\/div>\n\t\t\t\t\t                    \n\t\t\t\t\t\t\t\t\t\t\t<a href=\"https:\/\/www.alevcamcioglu.com\/sr\/da-li-se-operacija-nosne-pregrade-moze-izvesti-istovremeno-sa-estetskom-operacijom-nosa\/\" class=\"button primary is-outline is-small mb-0\">\n\t\t\t\t\t\t\tContinue Reading\t\t\t\t\t\t<\/a>\n\t\t\t\t\t\n\t\t\t\t\t\n\t\t\t\t\t<\/div>\n\t\t\t\t\t<\/div>\n\t\t\t\t\t\t\t\t\t\t\t\t\t\t\t\t<div class=\"badge absolute top post-date badge-circle\">\n\t\t\t\t\t\t\t<div class=\"badge-inner\">\n\t\t\t\t\t\t\t\t<span class=\"post-date-day\">08<\/span><br>\n\t\t\t\t\t\t\t\t<span class=\"post-date-month is-xsmall\">\u0458\u0443\u043b<\/span>\n\t\t\t\t\t\t\t<\/div>\n\t\t\t\t\t\t<\/div>\n\t\t\t\t\t\t\t\t\t<\/div>\n\t\t\t<\/div>\n\t\t<\/div><div class=\"col post-item\" >\n\t\t\t<div class=\"col-inner\">\n\t\t\t\t<div class=\"box box-push box-text-bottom box-blog-post has-hover\">\n            \t\t\t\t\t<div class=\"box-image\" >\n  \t\t\t\t\t\t<div class=\"image-cover\" style=\"padding-top:100%;\">\n\t\t\t\t\t\t\t<a href=\"https:\/\/www.alevcamcioglu.com\/sr\/rastojanje-izmedu-usana-i-nosa-nakon-estetske-operacije-nosa\/\" class=\"plain\" aria-label=\"Rastojanje Izme\u0111u Usana i Nosa Nakon Estetske Operacije Nosa\">\n\t\t\t\t\t\t\t\t<img decoding=\"async\" width=\"1140\" height=\"500\" src=\"https:\/\/www.alevcamcioglu.com\/wp-content\/uploads\/2024\/07\/Burun-Estetigi-Sonrasi-Dudak-Burun-Mesafesi.jpg\" class=\"attachment-2048x2048 size-2048x2048 wp-post-image\" alt=\"\" srcset=\"https:\/\/www.alevcamcioglu.com\/wp-content\/uploads\/2024\/07\/Burun-Estetigi-Sonrasi-Dudak-Burun-Mesafesi.jpg 1140w, https:\/\/www.alevcamcioglu.com\/wp-content\/uploads\/2024\/07\/Burun-Estetigi-Sonrasi-Dudak-Burun-Mesafesi-300x132.jpg 300w, https:\/\/www.alevcamcioglu.com\/wp-content\/uploads\/2024\/07\/Burun-Estetigi-Sonrasi-Dudak-Burun-Mesafesi-1024x449.jpg 1024w, https:\/\/www.alevcamcioglu.com\/wp-content\/uploads\/2024\/07\/Burun-Estetigi-Sonrasi-Dudak-Burun-Mesafesi-768x337.jpg 768w, https:\/\/www.alevcamcioglu.com\/wp-content\/uploads\/2024\/07\/Burun-Estetigi-Sonrasi-Dudak-Burun-Mesafesi-370x162.jpg 370w, https:\/\/www.alevcamcioglu.com\/wp-content\/uploads\/2024\/07\/Burun-Estetigi-Sonrasi-Dudak-Burun-Mesafesi-760x333.jpg 760w\" sizes=\"(max-width: 1140px) 100vw, 1140px\" title=\"\">\t\t\t\t\t\t\t<\/a>\n  \t\t\t\t\t\t\t  \t\t\t\t\t\t\t  \t\t\t\t\t\t<\/div>\n  \t\t\t\t\t\t  \t\t\t\t\t<\/div>\n          \t\t\t\t\t<div class=\"box-text text-center\" >\n\t\t\t\t\t<div class=\"box-text-inner blog-post-inner\">\n\n\t\t\t\t\t\n\t\t\t\t\t\t\t\t\t\t<h5 class=\"post-title is-large \">\n\t\t\t\t\t\t<a href=\"https:\/\/www.alevcamcioglu.com\/sr\/rastojanje-izmedu-usana-i-nosa-nakon-estetske-operacije-nosa\/\" class=\"plain\">Rastojanje Izme\u0111u Usana i Nosa Nakon Estetske Operacije Nosa<\/a>\n\t\t\t\t\t<\/h5>\n\t\t\t\t\t\t\t\t\t\t<div class=\"is-divider\"><\/div>\n\t\t\t\t\t                    \n\t\t\t\t\t\t\t\t\t\t\t<a href=\"https:\/\/www.alevcamcioglu.com\/sr\/rastojanje-izmedu-usana-i-nosa-nakon-estetske-operacije-nosa\/\" class=\"button primary is-outline is-small mb-0\">\n\t\t\t\t\t\t\tContinue Reading\t\t\t\t\t\t<\/a>\n\t\t\t\t\t\n\t\t\t\t\t\n\t\t\t\t\t<\/div>\n\t\t\t\t\t<\/div>\n\t\t\t\t\t\t\t\t\t\t\t\t\t\t\t\t<div class=\"badge absolute top post-date badge-circle\">\n\t\t\t\t\t\t\t<div class=\"badge-inner\">\n\t\t\t\t\t\t\t\t<span class=\"post-date-day\">08<\/span><br>\n\t\t\t\t\t\t\t\t<span class=\"post-date-month is-xsmall\">\u0458\u0443\u043b<\/span>\n\t\t\t\t\t\t\t<\/div>\n\t\t\t\t\t\t<\/div>\n\t\t\t\t\t\t\t\t\t<\/div>\n\t\t\t<\/div>\n\t\t<\/div><\/div>\n\t\t<\/div>\n\t\t\t\t\t<\/div>\n\n\t\n<\/div>\n\t\t<\/div>\n\n\t\t\n<style>\n#section_331056542 {\n  padding-top: 30px;\n  padding-bottom: 30px;\n}\n<\/style>\n\t<\/section>\n\t\n","protected":false},"excerpt":{"rendered":"","protected":false},"author":990002,"featured_media":2032,"parent":1695,"menu_order":0,"comment_status":"closed","ping_status":"closed","template":"page-blank.php","meta":{"footnotes":""},"class_list":["post-2467","page","type-page","status-publish","has-post-thumbnail","hentry"],"_links":{"self":[{"href":"https:\/\/www.alevcamcioglu.com\/sr\/wp-json\/wp\/v2\/pages\/2467","targetHints":{"allow":["GET"]}}],"collection":[{"href":"https:\/\/www.alevcamcioglu.com\/sr\/wp-json\/wp\/v2\/pages"}],"about":[{"href":"https:\/\/www.alevcamcioglu.com\/sr\/wp-json\/wp\/v2\/types\/page"}],"author":[{"embeddable":true,"href":"https:\/\/www.alevcamcioglu.com\/sr\/wp-json\/wp\/v2\/users\/990002"}],"replies":[{"embeddable":true,"href":"https:\/\/www.alevcamcioglu.com\/sr\/wp-json\/wp\/v2\/comments?post=2467"}],"version-history":[{"count":2,"href":"https:\/\/www.alevcamcioglu.com\/sr\/wp-json\/wp\/v2\/pages\/2467\/revisions"}],"predecessor-version":[{"id":11314,"href":"https:\/\/www.alevcamcioglu.com\/sr\/wp-json\/wp\/v2\/pages\/2467\/revisions\/11314"}],"up":[{"embeddable":true,"href":"https:\/\/www.alevcamcioglu.com\/sr\/wp-json\/wp\/v2\/pages\/1695"}],"wp:featuredmedia":[{"embeddable":true,"href":"https:\/\/www.alevcamcioglu.com\/sr\/wp-json\/wp\/v2\/media\/2032"}],"wp:attachment":[{"href":"https:\/\/www.alevcamcioglu.com\/sr\/wp-json\/wp\/v2\/media?parent=2467"}],"curies":[{"name":"wp","href":"https:\/\/api.w.org\/{rel}","templated":true}]}}