{"id":1811,"date":"2024-02-19T12:52:13","date_gmt":"2024-02-19T09:52:13","guid":{"rendered":"https:\/\/great-greider.212-227-6-40.plesk.page\/?page_id=1811"},"modified":"2025-10-08T12:00:36","modified_gmt":"2025-10-08T12:00:36","slug":"revision-rhinoplasty","status":"publish","type":"page","link":"https:\/\/www.alevcamcioglu.com\/sr\/rhinoplasty\/revision-rhinoplasty\/","title":{"rendered":"Revizijska rinoplastika"},"content":{"rendered":"\n\t<section class=\"section\" id=\"section_90909740\">\n\t\t<div class=\"section-bg fill\" >\n\t\t\t<img decoding=\"async\" width=\"1600\" height=\"900\" src=\"https:\/\/www.alevcamcioglu.com\/wp-content\/uploads\/2024\/10\/Revizyon-Burun-Estetigi.jpg\" class=\"bg attachment-2048x2048 size-2048x2048\" alt=\"\" title=\"\">\t\t\t\t\t\t\n\t\t\t\n\n\t\t<\/div>\n\n\t\t\n\n\t\t<div class=\"section-content relative\">\n\t\t\t\n\t\t<\/div>\n\n\t\t\n<style>\n#section_90909740 {\n  padding-top: 150px;\n  padding-bottom: 150px;\n}\n#section_90909740 .section-bg img {\n  object-position: 50% 42%;\n}\n@media (min-width:550px) {\n  #section_90909740 {\n    padding-top: 250px;\n    padding-bottom: 250px;\n  }\n}\n<\/style>\n\t<\/section>\n\t\n\n\t<section class=\"section\" id=\"section_2032544136\">\n\t\t<div class=\"section-bg fill\" >\n\t\t\t\t\t\t\t\t\t\n\t\t\t\n\n\t\t<\/div>\n\n\t\t\n\n\t\t<div class=\"section-content relative\">\n\t\t\t\n<div class=\"row\"  id=\"row-47046488\">\n\n\t<div id=\"col-1715424821\" class=\"col show-for-small small-12 large-12\"  >\n\t\t\t\t<div class=\"col-inner text-center\"  >\n\t\t\t\n\t<div class=\"is-border\"\n\t\tstyle=\"border-color:rgb(75, 85, 173);border-radius:20px;border-width:1px 1px 1px 1px;\">\n\t<\/div>\n\t\t\t\n  <div id=\"page-header-1265156015\" class=\"page-header-wrapper\">\n  <div class=\"page-title light simple-title\">\n\n    \n    <div class=\"page-title-inner container align-center text-center flex-row-col medium-flex-wrap\" >\n              <div class=\"title-wrapper flex-col\">\n          <h1 class=\"entry-title mb-0\">\n            Revizijska rinoplastika          <\/h1>\n        <\/div>\n                    <div class=\"title-content flex-col\">\n        <div class=\"title-breadcrumbs pb-half pt-half\"><\/div>      <\/div>\n    <\/div>\n\n       <\/div>\n    <\/div>\n  \n\t\t<\/div>\n\t\t\t\t\t<\/div>\n\n\t\n<\/div>\n<div class=\"row\"  id=\"row-41693239\">\n\n\t<div id=\"col-288499552\" class=\"col medium-6 small-12 large-6\"  >\n\t\t\t\t<div class=\"col-inner\"  >\n\t\t\t\n\t\t\t\n  <div id=\"page-header-1676633581\" class=\"page-header-wrapper\">\n  <div class=\"page-title hide-for-small light simple-title\">\n\n    \n    <div class=\"page-title-inner container align-center flex-row medium-flex-wrap\" >\n              <div class=\"title-wrapper flex-col text-left medium-text-center\">\n          <h1 class=\"entry-title mb-0\">\n            Revizijska rinoplastika          <\/h1>\n        <\/div>\n                    <div class=\"title-content flex-col flex-right text-right medium-text-center\">\n        <div class=\"title-breadcrumbs pb-half pt-half\"><\/div>      <\/div>\n    <\/div>\n\n       <\/div>\n    <\/div>\n  \n\t<div id=\"gap-1459790851\" class=\"gap-element clearfix hide-for-small\" style=\"display:block; height:auto;\">\n\t\t\n<style>\n#gap-1459790851 {\n  padding-top: 30px;\n}\n<\/style>\n\t<\/div>\n\t\n<p>Operacije estetske korekcije nosa donose estetska i funkcionalna pobolj\u0161anja. Me\u0111utim, nakon operacije, odre\u0111eni slu\u010dajevi mogu zahtevati sekundarne intervencije. Zbog toga je neophodno da hirurzi imaju duboko anatomsko i fiziolo\u0161ko znanje. U praksi rinoplastike, sekundarne operacije se \u010desto koriste za re\u0161avanje komplikacija koje su nastale nakon prethodnih operacija. Postoje dva razli\u010dita pristupa: otvoreni i endonazalni. Zagovornici oba metoda isti\u010du prednosti svojih tehnika. Iskusni hirurzi biraju najpogodniju metodu za svakog pacijenta koriste\u0107i informacije iz literature.<\/p>\n\t\t<\/div>\n\t\t\t\t\t<\/div>\n\n\t\n\n\t<div id=\"col-1971879911\" class=\"col medium-6 small-12 large-6\"  >\n\t\t\t\t<div class=\"col-inner\"  >\n\t\t\t\n\t\t\t\n\t<div class=\"img has-hover x md-x lg-x y md-y lg-y\" id=\"image_519677810\">\n\t\t\t\t\t\t\t\t<div class=\"img-inner image-cover dark\" style=\"padding-top:75%;\">\n\t\t\t<img decoding=\"async\" width=\"1080\" height=\"1080\" src=\"https:\/\/www.alevcamcioglu.com\/wp-content\/uploads\/2024\/06\/Revizyon-Burun-Estetigi.jpg\" class=\"attachment-2048x2048 size-2048x2048\" alt=\"Revizyon Burun Esteti\u011fi\" srcset=\"https:\/\/www.alevcamcioglu.com\/wp-content\/uploads\/2024\/06\/Revizyon-Burun-Estetigi.jpg 1080w, https:\/\/www.alevcamcioglu.com\/wp-content\/uploads\/2024\/06\/Revizyon-Burun-Estetigi-300x300.jpg 300w, https:\/\/www.alevcamcioglu.com\/wp-content\/uploads\/2024\/06\/Revizyon-Burun-Estetigi-1024x1024.jpg 1024w, https:\/\/www.alevcamcioglu.com\/wp-content\/uploads\/2024\/06\/Revizyon-Burun-Estetigi-150x150.jpg 150w, https:\/\/www.alevcamcioglu.com\/wp-content\/uploads\/2024\/06\/Revizyon-Burun-Estetigi-768x768.jpg 768w, https:\/\/www.alevcamcioglu.com\/wp-content\/uploads\/2024\/06\/Revizyon-Burun-Estetigi-370x370.jpg 370w, https:\/\/www.alevcamcioglu.com\/wp-content\/uploads\/2024\/06\/Revizyon-Burun-Estetigi-244x244.jpg 244w, https:\/\/www.alevcamcioglu.com\/wp-content\/uploads\/2024\/06\/Revizyon-Burun-Estetigi-760x760.jpg 760w\" sizes=\"(max-width: 1080px) 100vw, 1080px\" title=\"\">\t\t\t\t\t\t\n\t\t\t\t\t<\/div>\n\t\t\t\t\t\t\t\t\n<style>\n#image_519677810 {\n  width: 100%;\n}\n<\/style>\n\t<\/div>\n\t\n\t\t<\/div>\n\t\t\t\t\t<\/div>\n\n\t\n\n\t<div id=\"col-2140082604\" class=\"col small-12 large-12\"  >\n\t\t\t\t<div class=\"col-inner\"  >\n\t\t\t\n\t\t\t\n<h2>Anatomija i Fiziologija Nosa: \u0160ta Treba Znati u Reviziji Rinoplastike?<\/h2>\n<p>Slo\u017eena anatomija nosa zahteva detaljno ispitivanje svake njegove regije. Ova struktura se deli na tri glavne sekcije, a karakteristike svake sekcije igraju klju\u010dnu ulogu u uspehu rinoplasti\u010dkih operacija.<\/p>\n<p>Ko\u0161tani Krov<\/p>\n<ul>\n<li>Piramidalni oblik nosa.<\/li>\n<li>Slu\u017ei kao glavna nose\u0107a struktura.<\/li>\n<li>Bo\u010dni zidovi se sastoje od frontalnih ispusta maksile i nosnih kostiju.<\/li>\n<\/ul>\n<p>Ko\u0161tani krov je va\u017ean komponent koji pru\u017ea estetsku i strukturalnu podr\u0161ku. Maksilarni ispusti koji se spajaju prema sredini nosa i povezuju sa frontalnom kosti \u010dine osnovu ovog krova.<\/p>\n<p>Gornji Hrustani\u010dni Krov<\/p>\n<ul>\n<li>Sastoji se od gornjih lateralnih hrskavica (ULC) koje se vezuju za dorzalnu ivicu septuma pod optimalnim uglom.<\/li>\n<li>Ove hrskavice su glavni elementi podr\u0161ke strukturi nosa.<\/li>\n<\/ul>\n<p>Gornji hrustani\u010dni krov je klju\u010dna struktura koja direktno uti\u010de na estetiku i funkciju srednjeg dela nosa. Gornje lateralne hrskavice su u skladu sa septumom i kontroli\u0161u otvorenost nosne \u0161upljine.<\/p>\n<p>Donji Hrustani\u010dni Krov<\/p>\n<ul>\n<li>Sadr\u017ei par donjih lateralnih hrskavica i kaudalnu septalnu hrskavicu.<\/li>\n<li>Ove hrskavice \u010dine osnovu vrha nosa i valvularnog mehanizma.<\/li>\n<\/ul>\n<p>Donji hrustani\u010dni krov ima zna\u010dajan uticaj na oblik nosa i funkcionalnost disajnih puteva. Strukturalne karakteristike donjih lateralnih hrskavica odre\u0111uju oblik vrha nosa i prolazak vazduha. Tako\u0111e, nazalis mi\u0161i\u0107 kontroli\u0161e otvaranje nosne valvule tokom inspiracije.<\/p>\n<h2>Koje su vrste revizione rinoplastike?<\/h2>\n<p>Reviziona rinoplastika se radi radi ispravljanja nezadovoljavaju\u0107ih rezultata ili komplikacija prethodnih operacija nosa. Glavne vrste uklju\u010duju:<\/p>\n<ul>\n<li>Manja reviziona rinoplastika<\/li>\n<li>Umerena reviziona rinoplastika<\/li>\n<li>Velika (kompleksna) reviziona rinoplastika<\/li>\n<li>Funkcionalna reviziona rinoplastika<\/li>\n<li>Strukturna reviziona rinoplastika<\/li>\n<li>Estetska reviziona rinoplastika<\/li>\n<li>Otvorena reviziona rinoplastika<\/li>\n<li>Zatvorena reviziona rinoplastika<\/li>\n<li>Reviziona rinoplastika sa graftom hrskavice<\/li>\n<li>Reviziona rinoplastika mekog tkiva<\/li>\n<\/ul>\n\t\t<\/div>\n\t\t\t\t\t<\/div>\n\n\t\n<\/div>\n\t\t<\/div>\n\n\t\t\n<style>\n#section_2032544136 {\n  padding-top: 30px;\n  padding-bottom: 30px;\n}\n<\/style>\n\t<\/section>\n\t\n\n\t<section class=\"section\" id=\"section_447819366\">\n\t\t<div class=\"section-bg fill\" >\n\t\t\t\t\t\t\t\t\t\n\t\t\t\n\n\t\t<\/div>\n\n\t\t\n\n\t\t<div class=\"section-content relative\">\n\t\t\t\n\n<div class=\"row\"  id=\"row-746249901\">\n\n\n\t<div id=\"col-428474439\" class=\"col small-12 large-12\"  >\n\t\t\t\t<div class=\"col-inner box-shadow-2\"  >\n\t\t\t\n\t<div class=\"is-border\"\n\t\tstyle=\"border-color:rgb(0, 0, 76);border-radius:15px;border-width:2px 2px 2px 2px;\">\n\t<\/div>\n\t\t\t\n\n<div class=\"row row-full-width align-center\"  id=\"row-509860301\">\n\n\n\t<div id=\"col-1409336394\" class=\"col small-12 large-12\"  >\n\t\t\t\t<div class=\"col-inner\"  >\n\t\t\t\n\t\t\t\n\n\t<div id=\"text-830454210\" class=\"text\">\n\t\t\n\n<h2>6 Reasons to Get  in Istanbul<\/h2>\n\t\t\n<style>\n#text-830454210 {\n  font-size: 2rem;\n  text-align: center;\n  color: #000065;\n}\n#text-830454210 > * {\n  color: #000065;\n}\n@media (min-width:550px) {\n  #text-830454210 {\n    font-size: 1.2rem;\n  }\n}\n<\/style>\n\t<\/div>\n\t\n\n\t\t<\/div>\n\t\t\t\t\t<\/div>\n\n\t\n\n\t<div id=\"col-1877065106\" class=\"col medium-2 small-6 large-2\"  >\n\t\t\t\t<div class=\"col-inner\"  >\n\t\t\t\n\t\t\t\n\n\t<div class=\"box has-hover   has-hover box-text-bottom\" >\n\n\t\t<div class=\"box-image\" style=\"width:60%;\">\n\t\t\t\t\t\t<div class=\"image-cover\" style=\"padding-top:100%;\">\n\t\t\t\t<img decoding=\"async\" width=\"200\" height=\"200\" src=\"https:\/\/www.alevcamcioglu.com\/wp-content\/uploads\/2025\/04\/Proven-Results.png\" class=\"attachment-2048x2048 size-2048x2048\" alt=\"\" title=\"\">\t\t\t\t\t\t\t\t\t\t\t<\/div>\n\t\t\t\t\t<\/div>\n\n\t\t<div class=\"box-text text-center\" >\n\t\t\t<div class=\"box-text-inner\">\n\t\t\t\t\n\n\t<div id=\"text-1603684120\" class=\"text\">\n\t\t\n\n<p>Dokazani rezultati<\/p>\n\n\t\t\n<style>\n#text-1603684120 {\n  font-size: 1rem;\n  color: #404040;\n}\n#text-1603684120 > * {\n  color: #404040;\n}\n<\/style>\n\t<\/div>\n\t\n\n\t\t\t<\/div>\n\t\t<\/div>\n\t<\/div>\n\t\n\n\t\t<\/div>\n\t\t\t\t\t<\/div>\n\n\t\n\n\t<div id=\"col-1683360800\" class=\"col medium-2 small-6 large-2\"  >\n\t\t\t\t<div class=\"col-inner\"  >\n\t\t\t\n\t\t\t\n\n\t<div class=\"box has-hover   has-hover box-text-bottom\" >\n\n\t\t<div class=\"box-image\" style=\"width:60%;\">\n\t\t\t\t\t\t<div class=\"image-cover\" style=\"padding-top:100%;\">\n\t\t\t\t<img decoding=\"async\" width=\"200\" height=\"200\" src=\"https:\/\/www.alevcamcioglu.com\/wp-content\/uploads\/2025\/04\/5-Star-Reviews.png\" class=\"attachment-2048x2048 size-2048x2048\" alt=\"\" title=\"\">\t\t\t\t\t\t\t\t\t\t\t<\/div>\n\t\t\t\t\t<\/div>\n\n\t\t<div class=\"box-text text-center\" >\n\t\t\t<div class=\"box-text-inner\">\n\t\t\t\t\n\n\t<div id=\"text-1350974183\" class=\"text\">\n\t\t\n\n<p>Recenzije sa 5 zvezdica<\/p>\n\n\t\t\n<style>\n#text-1350974183 {\n  font-size: 1rem;\n  color: #404040;\n}\n#text-1350974183 > * {\n  color: #404040;\n}\n<\/style>\n\t<\/div>\n\t\n\n\t\t\t<\/div>\n\t\t<\/div>\n\t<\/div>\n\t\n\n\t\t<\/div>\n\t\t\t\t\t<\/div>\n\n\t\n\n\t<div id=\"col-1248484551\" class=\"col medium-2 small-6 large-2\"  >\n\t\t\t\t<div class=\"col-inner\"  >\n\t\t\t\n\t\t\t\n\n\t<div class=\"box has-hover   has-hover box-text-bottom\" >\n\n\t\t<div class=\"box-image\" style=\"width:60%;\">\n\t\t\t\t\t\t<div class=\"image-cover\" style=\"padding-top:100%;\">\n\t\t\t\t<img decoding=\"async\" width=\"200\" height=\"200\" src=\"https:\/\/www.alevcamcioglu.com\/wp-content\/uploads\/2025\/04\/All-Inclusive-Packages.png\" class=\"attachment-2048x2048 size-2048x2048\" alt=\"\" title=\"\">\t\t\t\t\t\t\t\t\t\t\t<\/div>\n\t\t\t\t\t<\/div>\n\n\t\t<div class=\"box-text text-center\" >\n\t\t\t<div class=\"box-text-inner\">\n\t\t\t\t\n\n\t<div id=\"text-3737515606\" class=\"text\">\n\t\t\n\n<p>Paketi sa sve uklju\u010deno<\/p>\n\n\t\t\n<style>\n#text-3737515606 {\n  font-size: 1rem;\n  color: #404040;\n}\n#text-3737515606 > * {\n  color: #404040;\n}\n<\/style>\n\t<\/div>\n\t\n\n\t\t\t<\/div>\n\t\t<\/div>\n\t<\/div>\n\t\n\n\t\t<\/div>\n\t\t\t\t\t<\/div>\n\n\t\n\n\t<div id=\"col-1144742976\" class=\"col medium-2 small-6 large-2\"  >\n\t\t\t\t<div class=\"col-inner\"  >\n\t\t\t\n\t\t\t\n\n\t<div class=\"box has-hover   has-hover box-text-bottom\" >\n\n\t\t<div class=\"box-image\" style=\"width:60%;\">\n\t\t\t\t\t\t<div class=\"image-cover\" style=\"padding-top:100%;\">\n\t\t\t\t<img decoding=\"async\" width=\"200\" height=\"200\" src=\"https:\/\/www.alevcamcioglu.com\/wp-content\/uploads\/2025\/04\/Luxury-Hotels.png\" class=\"attachment-2048x2048 size-2048x2048\" alt=\"\" title=\"\">\t\t\t\t\t\t\t\t\t\t\t<\/div>\n\t\t\t\t\t<\/div>\n\n\t\t<div class=\"box-text text-center\" >\n\t\t\t<div class=\"box-text-inner\">\n\t\t\t\t\n\n\t<div id=\"text-1935187505\" class=\"text\">\n\t\t\n\n<p>Luksuzni hoteli<\/p>\n\n\t\t\n<style>\n#text-1935187505 {\n  font-size: 1rem;\n  color: #404040;\n}\n#text-1935187505 > * {\n  color: #404040;\n}\n<\/style>\n\t<\/div>\n\t\n\n\t\t\t<\/div>\n\t\t<\/div>\n\t<\/div>\n\t\n\n\t\t<\/div>\n\t\t\t\t\t<\/div>\n\n\t\n\n\t<div id=\"col-1301444434\" class=\"col medium-2 small-6 large-2\"  >\n\t\t\t\t<div class=\"col-inner\"  >\n\t\t\t\n\t\t\t\n\n\t<div class=\"box has-hover   has-hover box-text-bottom\" >\n\n\t\t<div class=\"box-image\" style=\"width:60%;\">\n\t\t\t\t\t\t<div class=\"image-cover\" style=\"padding-top:100%;\">\n\t\t\t\t<img decoding=\"async\" width=\"200\" height=\"200\" src=\"https:\/\/www.alevcamcioglu.com\/wp-content\/uploads\/2025\/04\/Accredited-Hospitals.png\" class=\"attachment-2048x2048 size-2048x2048\" alt=\"\" title=\"\">\t\t\t\t\t\t\t\t\t\t\t<\/div>\n\t\t\t\t\t<\/div>\n\n\t\t<div class=\"box-text text-center\" >\n\t\t\t<div class=\"box-text-inner\">\n\t\t\t\t\n\n\t<div id=\"text-2680937381\" class=\"text\">\n\t\t\n\n<p>Akreditovane bolnice<\/p>\n\n\t\t\n<style>\n#text-2680937381 {\n  font-size: 1rem;\n  color: #404040;\n}\n#text-2680937381 > * {\n  color: #404040;\n}\n<\/style>\n\t<\/div>\n\t\n\n\t\t\t<\/div>\n\t\t<\/div>\n\t<\/div>\n\t\n\n\t\t<\/div>\n\t\t\t\t\t<\/div>\n\n\t\n\n\t<div id=\"col-717689010\" class=\"col medium-2 small-6 large-2\"  >\n\t\t\t\t<div class=\"col-inner\"  >\n\t\t\t\n\t\t\t\n\n\t<div class=\"box has-hover   has-hover box-text-bottom\" >\n\n\t\t<div class=\"box-image\" style=\"width:60%;\">\n\t\t\t\t\t\t<div class=\"image-cover\" style=\"padding-top:100%;\">\n\t\t\t\t<img decoding=\"async\" width=\"200\" height=\"200\" src=\"https:\/\/www.alevcamcioglu.com\/wp-content\/uploads\/2025\/04\/Waiting.png\" class=\"attachment-2048x2048 size-2048x2048\" alt=\"\" title=\"\">\t\t\t\t\t\t\t\t\t\t\t<\/div>\n\t\t\t\t\t<\/div>\n\n\t\t<div class=\"box-text text-center\" >\n\t\t\t<div class=\"box-text-inner\">\n\t\t\t\t\n\n\t<div id=\"text-2326136697\" class=\"text\">\n\t\t\n\n<p>Postoperativna nega<\/p>\n\n\t\t\n<style>\n#text-2326136697 {\n  font-size: 1rem;\n  color: #404040;\n}\n#text-2326136697 > * {\n  color: #404040;\n}\n<\/style>\n\t<\/div>\n\t\n\n\t\t\t<\/div>\n\t\t<\/div>\n\t<\/div>\n\t\n\n\t\t<\/div>\n\t\t\t\t\t<\/div>\n\n\t\n\n<\/div>\n\n\t\t<\/div>\n\t\t\t\t\n<style>\n#col-428474439 > .col-inner {\n  padding: 30px 0px 0px 30px;\n  border-radius: 15px;\n}\n<\/style>\n\t<\/div>\n\n\t\n\n<\/div>\n\n\t\t<\/div>\n\n\t\t\n<style>\n#section_447819366 {\n  padding-top: 30px;\n  padding-bottom: 30px;\n}\n<\/style>\n\t<\/section>\n\t\n\n\n\t<section class=\"section\" id=\"section_1569079502\">\n\t\t<div class=\"section-bg fill\" >\n\t\t\t\t\t\t\t\t\t\n\t\t\t\n\n\t\t<\/div>\n\n\t\t\n\n\t\t<div class=\"section-content relative\">\n\t\t\t\n\n<div class=\"row\"  id=\"row-316301432\">\n\n\n\t<div id=\"col-1094924775\" class=\"col small-12 large-12\"  >\n\t\t\t\t<div class=\"col-inner text-center\"  >\n\t\t\t\n\t\t\t\n\n\t<div id=\"text-3129823637\" class=\"text\">\n\t\t\n\n<h2> Fotografije pre i posle u Turskoj<\/h2>\n\n\t\t\n<style>\n#text-3129823637 {\n  font-size: 1.25rem;\n  text-align: center;\n  color: rgb(243, 58, 58);\n}\n#text-3129823637 > * {\n  color: rgb(243, 58, 58);\n}\n<\/style>\n\t<\/div>\n\t\n\n  \n    <div class=\"row large-columns-4 medium-columns-3 small-columns-2 slider row-slider slider-nav-circle slider-nav-outside slider-nav-push\"  data-flickity-options='{&quot;imagesLoaded&quot;: true, &quot;groupCells&quot;: &quot;100%&quot;, &quot;dragThreshold&quot; : 5, &quot;cellAlign&quot;: &quot;left&quot;,&quot;wrapAround&quot;: true,&quot;prevNextButtons&quot;: true,&quot;percentPosition&quot;: true,&quot;pageDots&quot;: false, &quot;rightToLeft&quot;: false, &quot;autoPlay&quot; : false}' >\n\n  <div class=\"gallery-col col\" >\n          <div class=\"col-inner\">\n            <a class=\"image-lightbox lightbox-gallery\" href=\"https:\/\/www.alevcamcioglu.com\/wp-content\/uploads\/2024\/11\/rinoplastika-pre-posle-fotografija-u-turskoj-1.jpg\" title=\"\">            <div class=\"box has-hover gallery-box box-normal\">\n              <div class=\"box-image\" >\n                <img decoding=\"async\" width=\"320\" height=\"400\" src=\"https:\/\/www.alevcamcioglu.com\/wp-content\/uploads\/2024\/11\/rinoplastika-pre-posle-fotografija-u-turskoj-1-320x400.jpg\" class=\"attachment-medium size-medium\" alt=\"\" ids=\"9479,9485,9491,9497,9503,9509,9515,9521,9527,9533,9539,9545,9551,9557,9563,9569,9575,9581,9587,9593,9599,9605,9611,9617,9623,9629,9635,9641,9647,9653,9659,9665,9671,9677,9683,9689,9695,9701,9707,9713,9719,9725,9731,9737\" style=\"normal\" lightbox_image_size=\"2048x2048\" type=\"slider\" slider_nav_style=\"circle\" slider_nav_position=\"outside\" srcset=\"https:\/\/www.alevcamcioglu.com\/wp-content\/uploads\/2024\/11\/rinoplastika-pre-posle-fotografija-u-turskoj-1-320x400.jpg 320w, https:\/\/www.alevcamcioglu.com\/wp-content\/uploads\/2024\/11\/rinoplastika-pre-posle-fotografija-u-turskoj-1-640x800.jpg 640w, https:\/\/www.alevcamcioglu.com\/wp-content\/uploads\/2024\/11\/rinoplastika-pre-posle-fotografija-u-turskoj-1-768x960.jpg 768w, https:\/\/www.alevcamcioglu.com\/wp-content\/uploads\/2024\/11\/rinoplastika-pre-posle-fotografija-u-turskoj-1.jpg 1200w\" sizes=\"(max-width: 320px) 100vw, 320px\" title=\"\">                                                              <\/div>\n              <div class=\"box-text text-left\" >\n                 <p><\/p>\n              <\/div>\n            <\/div>\n            <\/a>          <\/div>\n         <\/div><div class=\"gallery-col col\" >\n          <div class=\"col-inner\">\n            <a class=\"image-lightbox lightbox-gallery\" href=\"https:\/\/www.alevcamcioglu.com\/wp-content\/uploads\/2024\/11\/rinoplastika-pre-posle-fotografija-u-turskoj-2.jpg\" title=\"\">            <div class=\"box has-hover gallery-box box-normal\">\n              <div class=\"box-image\" >\n                <img decoding=\"async\" width=\"320\" height=\"400\" src=\"https:\/\/www.alevcamcioglu.com\/wp-content\/uploads\/2024\/11\/rinoplastika-pre-posle-fotografija-u-turskoj-2-320x400.jpg\" class=\"attachment-medium size-medium\" alt=\"\" ids=\"9479,9485,9491,9497,9503,9509,9515,9521,9527,9533,9539,9545,9551,9557,9563,9569,9575,9581,9587,9593,9599,9605,9611,9617,9623,9629,9635,9641,9647,9653,9659,9665,9671,9677,9683,9689,9695,9701,9707,9713,9719,9725,9731,9737\" style=\"normal\" lightbox_image_size=\"2048x2048\" type=\"slider\" slider_nav_style=\"circle\" slider_nav_position=\"outside\" srcset=\"https:\/\/www.alevcamcioglu.com\/wp-content\/uploads\/2024\/11\/rinoplastika-pre-posle-fotografija-u-turskoj-2-320x400.jpg 320w, https:\/\/www.alevcamcioglu.com\/wp-content\/uploads\/2024\/11\/rinoplastika-pre-posle-fotografija-u-turskoj-2-640x800.jpg 640w, https:\/\/www.alevcamcioglu.com\/wp-content\/uploads\/2024\/11\/rinoplastika-pre-posle-fotografija-u-turskoj-2-768x960.jpg 768w, https:\/\/www.alevcamcioglu.com\/wp-content\/uploads\/2024\/11\/rinoplastika-pre-posle-fotografija-u-turskoj-2.jpg 1200w\" sizes=\"(max-width: 320px) 100vw, 320px\" title=\"\">                                                              <\/div>\n              <div class=\"box-text text-left\" >\n                 <p><\/p>\n              <\/div>\n            <\/div>\n            <\/a>          <\/div>\n         <\/div><div class=\"gallery-col col\" >\n          <div class=\"col-inner\">\n            <a class=\"image-lightbox lightbox-gallery\" href=\"https:\/\/www.alevcamcioglu.com\/wp-content\/uploads\/2024\/11\/rinoplastika-pre-posle-fotografija-u-turskoj-3.jpg\" title=\"\">            <div class=\"box has-hover gallery-box box-normal\">\n              <div class=\"box-image\" >\n                <img decoding=\"async\" width=\"320\" height=\"400\" src=\"https:\/\/www.alevcamcioglu.com\/wp-content\/uploads\/2024\/11\/rinoplastika-pre-posle-fotografija-u-turskoj-3-320x400.jpg\" class=\"attachment-medium size-medium\" alt=\"\" ids=\"9479,9485,9491,9497,9503,9509,9515,9521,9527,9533,9539,9545,9551,9557,9563,9569,9575,9581,9587,9593,9599,9605,9611,9617,9623,9629,9635,9641,9647,9653,9659,9665,9671,9677,9683,9689,9695,9701,9707,9713,9719,9725,9731,9737\" style=\"normal\" lightbox_image_size=\"2048x2048\" type=\"slider\" slider_nav_style=\"circle\" slider_nav_position=\"outside\" srcset=\"https:\/\/www.alevcamcioglu.com\/wp-content\/uploads\/2024\/11\/rinoplastika-pre-posle-fotografija-u-turskoj-3-320x400.jpg 320w, https:\/\/www.alevcamcioglu.com\/wp-content\/uploads\/2024\/11\/rinoplastika-pre-posle-fotografija-u-turskoj-3-640x800.jpg 640w, https:\/\/www.alevcamcioglu.com\/wp-content\/uploads\/2024\/11\/rinoplastika-pre-posle-fotografija-u-turskoj-3-768x960.jpg 768w, https:\/\/www.alevcamcioglu.com\/wp-content\/uploads\/2024\/11\/rinoplastika-pre-posle-fotografija-u-turskoj-3.jpg 1200w\" sizes=\"(max-width: 320px) 100vw, 320px\" title=\"\">                                                              <\/div>\n              <div class=\"box-text text-left\" >\n                 <p><\/p>\n              <\/div>\n            <\/div>\n            <\/a>          <\/div>\n         <\/div><div class=\"gallery-col col\" >\n          <div class=\"col-inner\">\n            <a class=\"image-lightbox lightbox-gallery\" href=\"https:\/\/www.alevcamcioglu.com\/wp-content\/uploads\/2024\/11\/rinoplastika-pre-posle-fotografija-u-turskoj-4.jpg\" title=\"\">            <div class=\"box has-hover gallery-box box-normal\">\n              <div class=\"box-image\" >\n                <img decoding=\"async\" width=\"320\" height=\"400\" src=\"https:\/\/www.alevcamcioglu.com\/wp-content\/uploads\/2024\/11\/rinoplastika-pre-posle-fotografija-u-turskoj-4-320x400.jpg\" class=\"attachment-medium size-medium\" alt=\"\" ids=\"9479,9485,9491,9497,9503,9509,9515,9521,9527,9533,9539,9545,9551,9557,9563,9569,9575,9581,9587,9593,9599,9605,9611,9617,9623,9629,9635,9641,9647,9653,9659,9665,9671,9677,9683,9689,9695,9701,9707,9713,9719,9725,9731,9737\" style=\"normal\" lightbox_image_size=\"2048x2048\" type=\"slider\" slider_nav_style=\"circle\" slider_nav_position=\"outside\" srcset=\"https:\/\/www.alevcamcioglu.com\/wp-content\/uploads\/2024\/11\/rinoplastika-pre-posle-fotografija-u-turskoj-4-320x400.jpg 320w, https:\/\/www.alevcamcioglu.com\/wp-content\/uploads\/2024\/11\/rinoplastika-pre-posle-fotografija-u-turskoj-4-640x800.jpg 640w, https:\/\/www.alevcamcioglu.com\/wp-content\/uploads\/2024\/11\/rinoplastika-pre-posle-fotografija-u-turskoj-4-768x960.jpg 768w, https:\/\/www.alevcamcioglu.com\/wp-content\/uploads\/2024\/11\/rinoplastika-pre-posle-fotografija-u-turskoj-4.jpg 1200w\" sizes=\"(max-width: 320px) 100vw, 320px\" title=\"\">                                                              <\/div>\n              <div class=\"box-text text-left\" >\n                 <p><\/p>\n              <\/div>\n            <\/div>\n            <\/a>          <\/div>\n         <\/div><div class=\"gallery-col col\" >\n          <div class=\"col-inner\">\n            <a class=\"image-lightbox lightbox-gallery\" href=\"https:\/\/www.alevcamcioglu.com\/wp-content\/uploads\/2024\/11\/rinoplastika-pre-posle-fotografija-u-turskoj-5.jpg\" title=\"\">            <div class=\"box has-hover gallery-box box-normal\">\n              <div class=\"box-image\" >\n                <img decoding=\"async\" width=\"320\" height=\"400\" src=\"https:\/\/www.alevcamcioglu.com\/wp-content\/uploads\/2024\/11\/rinoplastika-pre-posle-fotografija-u-turskoj-5-320x400.jpg\" class=\"attachment-medium size-medium\" alt=\"\" ids=\"9479,9485,9491,9497,9503,9509,9515,9521,9527,9533,9539,9545,9551,9557,9563,9569,9575,9581,9587,9593,9599,9605,9611,9617,9623,9629,9635,9641,9647,9653,9659,9665,9671,9677,9683,9689,9695,9701,9707,9713,9719,9725,9731,9737\" style=\"normal\" lightbox_image_size=\"2048x2048\" type=\"slider\" slider_nav_style=\"circle\" slider_nav_position=\"outside\" srcset=\"https:\/\/www.alevcamcioglu.com\/wp-content\/uploads\/2024\/11\/rinoplastika-pre-posle-fotografija-u-turskoj-5-320x400.jpg 320w, https:\/\/www.alevcamcioglu.com\/wp-content\/uploads\/2024\/11\/rinoplastika-pre-posle-fotografija-u-turskoj-5-640x800.jpg 640w, https:\/\/www.alevcamcioglu.com\/wp-content\/uploads\/2024\/11\/rinoplastika-pre-posle-fotografija-u-turskoj-5-768x960.jpg 768w, https:\/\/www.alevcamcioglu.com\/wp-content\/uploads\/2024\/11\/rinoplastika-pre-posle-fotografija-u-turskoj-5.jpg 1200w\" sizes=\"(max-width: 320px) 100vw, 320px\" title=\"\">                                                              <\/div>\n              <div class=\"box-text text-left\" >\n                 <p><\/p>\n              <\/div>\n            <\/div>\n            <\/a>          <\/div>\n         <\/div><div class=\"gallery-col col\" >\n          <div class=\"col-inner\">\n            <a class=\"image-lightbox lightbox-gallery\" href=\"https:\/\/www.alevcamcioglu.com\/wp-content\/uploads\/2024\/11\/rinoplastika-pre-posle-fotografija-u-turskoj-6.jpg\" title=\"\">            <div class=\"box has-hover gallery-box box-normal\">\n              <div class=\"box-image\" >\n                <img decoding=\"async\" width=\"320\" height=\"400\" src=\"https:\/\/www.alevcamcioglu.com\/wp-content\/uploads\/2024\/11\/rinoplastika-pre-posle-fotografija-u-turskoj-6-320x400.jpg\" class=\"attachment-medium size-medium\" alt=\"\" ids=\"9479,9485,9491,9497,9503,9509,9515,9521,9527,9533,9539,9545,9551,9557,9563,9569,9575,9581,9587,9593,9599,9605,9611,9617,9623,9629,9635,9641,9647,9653,9659,9665,9671,9677,9683,9689,9695,9701,9707,9713,9719,9725,9731,9737\" style=\"normal\" lightbox_image_size=\"2048x2048\" type=\"slider\" slider_nav_style=\"circle\" slider_nav_position=\"outside\" srcset=\"https:\/\/www.alevcamcioglu.com\/wp-content\/uploads\/2024\/11\/rinoplastika-pre-posle-fotografija-u-turskoj-6-320x400.jpg 320w, https:\/\/www.alevcamcioglu.com\/wp-content\/uploads\/2024\/11\/rinoplastika-pre-posle-fotografija-u-turskoj-6-640x800.jpg 640w, https:\/\/www.alevcamcioglu.com\/wp-content\/uploads\/2024\/11\/rinoplastika-pre-posle-fotografija-u-turskoj-6-768x960.jpg 768w, https:\/\/www.alevcamcioglu.com\/wp-content\/uploads\/2024\/11\/rinoplastika-pre-posle-fotografija-u-turskoj-6.jpg 1200w\" sizes=\"(max-width: 320px) 100vw, 320px\" title=\"\">                                                              <\/div>\n              <div class=\"box-text text-left\" >\n                 <p><\/p>\n              <\/div>\n            <\/div>\n            <\/a>          <\/div>\n         <\/div><div class=\"gallery-col col\" >\n          <div class=\"col-inner\">\n            <a class=\"image-lightbox lightbox-gallery\" href=\"https:\/\/www.alevcamcioglu.com\/wp-content\/uploads\/2024\/11\/rinoplastika-pre-posle-fotografija-u-turskoj-7.jpg\" title=\"\">            <div class=\"box has-hover gallery-box box-normal\">\n              <div class=\"box-image\" >\n                <img decoding=\"async\" width=\"320\" height=\"400\" src=\"https:\/\/www.alevcamcioglu.com\/wp-content\/uploads\/2024\/11\/rinoplastika-pre-posle-fotografija-u-turskoj-7-320x400.jpg\" class=\"attachment-medium size-medium\" alt=\"\" ids=\"9479,9485,9491,9497,9503,9509,9515,9521,9527,9533,9539,9545,9551,9557,9563,9569,9575,9581,9587,9593,9599,9605,9611,9617,9623,9629,9635,9641,9647,9653,9659,9665,9671,9677,9683,9689,9695,9701,9707,9713,9719,9725,9731,9737\" style=\"normal\" lightbox_image_size=\"2048x2048\" type=\"slider\" slider_nav_style=\"circle\" slider_nav_position=\"outside\" srcset=\"https:\/\/www.alevcamcioglu.com\/wp-content\/uploads\/2024\/11\/rinoplastika-pre-posle-fotografija-u-turskoj-7-320x400.jpg 320w, https:\/\/www.alevcamcioglu.com\/wp-content\/uploads\/2024\/11\/rinoplastika-pre-posle-fotografija-u-turskoj-7-640x800.jpg 640w, https:\/\/www.alevcamcioglu.com\/wp-content\/uploads\/2024\/11\/rinoplastika-pre-posle-fotografija-u-turskoj-7-768x960.jpg 768w, https:\/\/www.alevcamcioglu.com\/wp-content\/uploads\/2024\/11\/rinoplastika-pre-posle-fotografija-u-turskoj-7.jpg 1200w\" sizes=\"(max-width: 320px) 100vw, 320px\" title=\"\">                                                              <\/div>\n              <div class=\"box-text text-left\" >\n                 <p><\/p>\n              <\/div>\n            <\/div>\n            <\/a>          <\/div>\n         <\/div><div class=\"gallery-col col\" >\n          <div class=\"col-inner\">\n            <a class=\"image-lightbox lightbox-gallery\" href=\"https:\/\/www.alevcamcioglu.com\/wp-content\/uploads\/2024\/11\/rinoplastika-pre-posle-fotografija-u-turskoj-8.jpg\" title=\"\">            <div class=\"box has-hover gallery-box box-normal\">\n              <div class=\"box-image\" >\n                <img decoding=\"async\" width=\"320\" height=\"400\" src=\"https:\/\/www.alevcamcioglu.com\/wp-content\/uploads\/2024\/11\/rinoplastika-pre-posle-fotografija-u-turskoj-8-320x400.jpg\" class=\"attachment-medium size-medium\" alt=\"\" ids=\"9479,9485,9491,9497,9503,9509,9515,9521,9527,9533,9539,9545,9551,9557,9563,9569,9575,9581,9587,9593,9599,9605,9611,9617,9623,9629,9635,9641,9647,9653,9659,9665,9671,9677,9683,9689,9695,9701,9707,9713,9719,9725,9731,9737\" style=\"normal\" lightbox_image_size=\"2048x2048\" type=\"slider\" slider_nav_style=\"circle\" slider_nav_position=\"outside\" srcset=\"https:\/\/www.alevcamcioglu.com\/wp-content\/uploads\/2024\/11\/rinoplastika-pre-posle-fotografija-u-turskoj-8-320x400.jpg 320w, https:\/\/www.alevcamcioglu.com\/wp-content\/uploads\/2024\/11\/rinoplastika-pre-posle-fotografija-u-turskoj-8-640x800.jpg 640w, https:\/\/www.alevcamcioglu.com\/wp-content\/uploads\/2024\/11\/rinoplastika-pre-posle-fotografija-u-turskoj-8-768x960.jpg 768w, https:\/\/www.alevcamcioglu.com\/wp-content\/uploads\/2024\/11\/rinoplastika-pre-posle-fotografija-u-turskoj-8.jpg 1200w\" sizes=\"(max-width: 320px) 100vw, 320px\" title=\"\">                                                              <\/div>\n              <div class=\"box-text text-left\" >\n                 <p><\/p>\n              <\/div>\n            <\/div>\n            <\/a>          <\/div>\n         <\/div><div class=\"gallery-col col\" >\n          <div class=\"col-inner\">\n            <a class=\"image-lightbox lightbox-gallery\" href=\"https:\/\/www.alevcamcioglu.com\/wp-content\/uploads\/2024\/11\/rinoplastika-pre-posle-fotografija-u-turskoj-9.jpg\" title=\"\">            <div class=\"box has-hover gallery-box box-normal\">\n              <div class=\"box-image\" >\n                <img decoding=\"async\" width=\"320\" height=\"400\" src=\"https:\/\/www.alevcamcioglu.com\/wp-content\/uploads\/2024\/11\/rinoplastika-pre-posle-fotografija-u-turskoj-9-320x400.jpg\" class=\"attachment-medium size-medium\" alt=\"\" ids=\"9479,9485,9491,9497,9503,9509,9515,9521,9527,9533,9539,9545,9551,9557,9563,9569,9575,9581,9587,9593,9599,9605,9611,9617,9623,9629,9635,9641,9647,9653,9659,9665,9671,9677,9683,9689,9695,9701,9707,9713,9719,9725,9731,9737\" style=\"normal\" lightbox_image_size=\"2048x2048\" type=\"slider\" slider_nav_style=\"circle\" slider_nav_position=\"outside\" srcset=\"https:\/\/www.alevcamcioglu.com\/wp-content\/uploads\/2024\/11\/rinoplastika-pre-posle-fotografija-u-turskoj-9-320x400.jpg 320w, https:\/\/www.alevcamcioglu.com\/wp-content\/uploads\/2024\/11\/rinoplastika-pre-posle-fotografija-u-turskoj-9-640x800.jpg 640w, https:\/\/www.alevcamcioglu.com\/wp-content\/uploads\/2024\/11\/rinoplastika-pre-posle-fotografija-u-turskoj-9-768x960.jpg 768w, https:\/\/www.alevcamcioglu.com\/wp-content\/uploads\/2024\/11\/rinoplastika-pre-posle-fotografija-u-turskoj-9.jpg 1200w\" sizes=\"(max-width: 320px) 100vw, 320px\" title=\"\">                                                              <\/div>\n              <div class=\"box-text text-left\" >\n                 <p><\/p>\n              <\/div>\n            <\/div>\n            <\/a>          <\/div>\n         <\/div><div class=\"gallery-col col\" >\n          <div class=\"col-inner\">\n            <a class=\"image-lightbox lightbox-gallery\" href=\"https:\/\/www.alevcamcioglu.com\/wp-content\/uploads\/2024\/11\/rinoplastika-pre-posle-fotografija-u-turskoj-10.jpg\" title=\"\">            <div class=\"box has-hover gallery-box box-normal\">\n              <div class=\"box-image\" >\n                <img decoding=\"async\" width=\"320\" height=\"400\" src=\"https:\/\/www.alevcamcioglu.com\/wp-content\/uploads\/2024\/11\/rinoplastika-pre-posle-fotografija-u-turskoj-10-320x400.jpg\" class=\"attachment-medium size-medium\" alt=\"\" ids=\"9479,9485,9491,9497,9503,9509,9515,9521,9527,9533,9539,9545,9551,9557,9563,9569,9575,9581,9587,9593,9599,9605,9611,9617,9623,9629,9635,9641,9647,9653,9659,9665,9671,9677,9683,9689,9695,9701,9707,9713,9719,9725,9731,9737\" style=\"normal\" lightbox_image_size=\"2048x2048\" type=\"slider\" slider_nav_style=\"circle\" slider_nav_position=\"outside\" srcset=\"https:\/\/www.alevcamcioglu.com\/wp-content\/uploads\/2024\/11\/rinoplastika-pre-posle-fotografija-u-turskoj-10-320x400.jpg 320w, https:\/\/www.alevcamcioglu.com\/wp-content\/uploads\/2024\/11\/rinoplastika-pre-posle-fotografija-u-turskoj-10-640x800.jpg 640w, https:\/\/www.alevcamcioglu.com\/wp-content\/uploads\/2024\/11\/rinoplastika-pre-posle-fotografija-u-turskoj-10-768x960.jpg 768w, https:\/\/www.alevcamcioglu.com\/wp-content\/uploads\/2024\/11\/rinoplastika-pre-posle-fotografija-u-turskoj-10.jpg 1200w\" sizes=\"(max-width: 320px) 100vw, 320px\" title=\"\">                                                              <\/div>\n              <div class=\"box-text text-left\" >\n                 <p><\/p>\n              <\/div>\n            <\/div>\n            <\/a>          <\/div>\n         <\/div><div class=\"gallery-col col\" >\n          <div class=\"col-inner\">\n            <a class=\"image-lightbox lightbox-gallery\" href=\"https:\/\/www.alevcamcioglu.com\/wp-content\/uploads\/2024\/11\/rinoplastika-pre-posle-fotografija-u-turskoj-11.jpg\" title=\"\">            <div class=\"box has-hover gallery-box box-normal\">\n              <div class=\"box-image\" >\n                <img decoding=\"async\" width=\"320\" height=\"400\" src=\"https:\/\/www.alevcamcioglu.com\/wp-content\/uploads\/2024\/11\/rinoplastika-pre-posle-fotografija-u-turskoj-11-320x400.jpg\" class=\"attachment-medium size-medium\" alt=\"\" ids=\"9479,9485,9491,9497,9503,9509,9515,9521,9527,9533,9539,9545,9551,9557,9563,9569,9575,9581,9587,9593,9599,9605,9611,9617,9623,9629,9635,9641,9647,9653,9659,9665,9671,9677,9683,9689,9695,9701,9707,9713,9719,9725,9731,9737\" style=\"normal\" lightbox_image_size=\"2048x2048\" type=\"slider\" slider_nav_style=\"circle\" slider_nav_position=\"outside\" srcset=\"https:\/\/www.alevcamcioglu.com\/wp-content\/uploads\/2024\/11\/rinoplastika-pre-posle-fotografija-u-turskoj-11-320x400.jpg 320w, https:\/\/www.alevcamcioglu.com\/wp-content\/uploads\/2024\/11\/rinoplastika-pre-posle-fotografija-u-turskoj-11-640x800.jpg 640w, https:\/\/www.alevcamcioglu.com\/wp-content\/uploads\/2024\/11\/rinoplastika-pre-posle-fotografija-u-turskoj-11-768x960.jpg 768w, https:\/\/www.alevcamcioglu.com\/wp-content\/uploads\/2024\/11\/rinoplastika-pre-posle-fotografija-u-turskoj-11.jpg 1200w\" sizes=\"(max-width: 320px) 100vw, 320px\" title=\"\">                                                              <\/div>\n              <div class=\"box-text text-left\" >\n                 <p><\/p>\n              <\/div>\n            <\/div>\n            <\/a>          <\/div>\n         <\/div><div class=\"gallery-col col\" >\n          <div class=\"col-inner\">\n            <a class=\"image-lightbox lightbox-gallery\" href=\"https:\/\/www.alevcamcioglu.com\/wp-content\/uploads\/2024\/11\/rinoplastika-pre-posle-fotografija-u-turskoj-12.jpg\" title=\"\">            <div class=\"box has-hover gallery-box box-normal\">\n              <div class=\"box-image\" >\n                <img decoding=\"async\" width=\"320\" height=\"400\" src=\"https:\/\/www.alevcamcioglu.com\/wp-content\/uploads\/2024\/11\/rinoplastika-pre-posle-fotografija-u-turskoj-12-320x400.jpg\" class=\"attachment-medium size-medium\" alt=\"\" ids=\"9479,9485,9491,9497,9503,9509,9515,9521,9527,9533,9539,9545,9551,9557,9563,9569,9575,9581,9587,9593,9599,9605,9611,9617,9623,9629,9635,9641,9647,9653,9659,9665,9671,9677,9683,9689,9695,9701,9707,9713,9719,9725,9731,9737\" style=\"normal\" lightbox_image_size=\"2048x2048\" type=\"slider\" slider_nav_style=\"circle\" slider_nav_position=\"outside\" srcset=\"https:\/\/www.alevcamcioglu.com\/wp-content\/uploads\/2024\/11\/rinoplastika-pre-posle-fotografija-u-turskoj-12-320x400.jpg 320w, https:\/\/www.alevcamcioglu.com\/wp-content\/uploads\/2024\/11\/rinoplastika-pre-posle-fotografija-u-turskoj-12-640x800.jpg 640w, https:\/\/www.alevcamcioglu.com\/wp-content\/uploads\/2024\/11\/rinoplastika-pre-posle-fotografija-u-turskoj-12-768x960.jpg 768w, https:\/\/www.alevcamcioglu.com\/wp-content\/uploads\/2024\/11\/rinoplastika-pre-posle-fotografija-u-turskoj-12.jpg 1200w\" sizes=\"(max-width: 320px) 100vw, 320px\" title=\"\">                                                              <\/div>\n              <div class=\"box-text text-left\" >\n                 <p><\/p>\n              <\/div>\n            <\/div>\n            <\/a>          <\/div>\n         <\/div><div class=\"gallery-col col\" >\n          <div class=\"col-inner\">\n            <a class=\"image-lightbox lightbox-gallery\" href=\"https:\/\/www.alevcamcioglu.com\/wp-content\/uploads\/2024\/11\/rinoplastika-pre-posle-fotografija-u-turskoj-13.jpg\" title=\"\">            <div class=\"box has-hover gallery-box box-normal\">\n              <div class=\"box-image\" >\n                <img decoding=\"async\" width=\"320\" height=\"400\" src=\"https:\/\/www.alevcamcioglu.com\/wp-content\/uploads\/2024\/11\/rinoplastika-pre-posle-fotografija-u-turskoj-13-320x400.jpg\" class=\"attachment-medium size-medium\" alt=\"\" ids=\"9479,9485,9491,9497,9503,9509,9515,9521,9527,9533,9539,9545,9551,9557,9563,9569,9575,9581,9587,9593,9599,9605,9611,9617,9623,9629,9635,9641,9647,9653,9659,9665,9671,9677,9683,9689,9695,9701,9707,9713,9719,9725,9731,9737\" style=\"normal\" lightbox_image_size=\"2048x2048\" type=\"slider\" slider_nav_style=\"circle\" slider_nav_position=\"outside\" srcset=\"https:\/\/www.alevcamcioglu.com\/wp-content\/uploads\/2024\/11\/rinoplastika-pre-posle-fotografija-u-turskoj-13-320x400.jpg 320w, https:\/\/www.alevcamcioglu.com\/wp-content\/uploads\/2024\/11\/rinoplastika-pre-posle-fotografija-u-turskoj-13-640x800.jpg 640w, https:\/\/www.alevcamcioglu.com\/wp-content\/uploads\/2024\/11\/rinoplastika-pre-posle-fotografija-u-turskoj-13-768x960.jpg 768w, https:\/\/www.alevcamcioglu.com\/wp-content\/uploads\/2024\/11\/rinoplastika-pre-posle-fotografija-u-turskoj-13.jpg 1200w\" sizes=\"(max-width: 320px) 100vw, 320px\" title=\"\">                                                              <\/div>\n              <div class=\"box-text text-left\" >\n                 <p><\/p>\n              <\/div>\n            <\/div>\n            <\/a>          <\/div>\n         <\/div><div class=\"gallery-col col\" >\n          <div class=\"col-inner\">\n            <a class=\"image-lightbox lightbox-gallery\" href=\"https:\/\/www.alevcamcioglu.com\/wp-content\/uploads\/2024\/11\/rinoplastika-pre-posle-fotografija-u-turskoj-14.jpg\" title=\"\">            <div class=\"box has-hover gallery-box box-normal\">\n              <div class=\"box-image\" >\n                <img decoding=\"async\" width=\"320\" height=\"400\" src=\"https:\/\/www.alevcamcioglu.com\/wp-content\/uploads\/2024\/11\/rinoplastika-pre-posle-fotografija-u-turskoj-14-320x400.jpg\" class=\"attachment-medium size-medium\" alt=\"\" ids=\"9479,9485,9491,9497,9503,9509,9515,9521,9527,9533,9539,9545,9551,9557,9563,9569,9575,9581,9587,9593,9599,9605,9611,9617,9623,9629,9635,9641,9647,9653,9659,9665,9671,9677,9683,9689,9695,9701,9707,9713,9719,9725,9731,9737\" style=\"normal\" lightbox_image_size=\"2048x2048\" type=\"slider\" slider_nav_style=\"circle\" slider_nav_position=\"outside\" srcset=\"https:\/\/www.alevcamcioglu.com\/wp-content\/uploads\/2024\/11\/rinoplastika-pre-posle-fotografija-u-turskoj-14-320x400.jpg 320w, https:\/\/www.alevcamcioglu.com\/wp-content\/uploads\/2024\/11\/rinoplastika-pre-posle-fotografija-u-turskoj-14-640x800.jpg 640w, https:\/\/www.alevcamcioglu.com\/wp-content\/uploads\/2024\/11\/rinoplastika-pre-posle-fotografija-u-turskoj-14-768x960.jpg 768w, https:\/\/www.alevcamcioglu.com\/wp-content\/uploads\/2024\/11\/rinoplastika-pre-posle-fotografija-u-turskoj-14.jpg 1200w\" sizes=\"(max-width: 320px) 100vw, 320px\" title=\"\">                                                              <\/div>\n              <div class=\"box-text text-left\" >\n                 <p><\/p>\n              <\/div>\n            <\/div>\n            <\/a>          <\/div>\n         <\/div><div class=\"gallery-col col\" >\n          <div class=\"col-inner\">\n            <a class=\"image-lightbox lightbox-gallery\" href=\"https:\/\/www.alevcamcioglu.com\/wp-content\/uploads\/2024\/11\/rinoplastika-pre-posle-fotografija-u-turskoj-15.jpg\" title=\"\">            <div class=\"box has-hover gallery-box box-normal\">\n              <div class=\"box-image\" >\n                <img decoding=\"async\" width=\"320\" height=\"400\" src=\"https:\/\/www.alevcamcioglu.com\/wp-content\/uploads\/2024\/11\/rinoplastika-pre-posle-fotografija-u-turskoj-15-320x400.jpg\" class=\"attachment-medium size-medium\" alt=\"\" ids=\"9479,9485,9491,9497,9503,9509,9515,9521,9527,9533,9539,9545,9551,9557,9563,9569,9575,9581,9587,9593,9599,9605,9611,9617,9623,9629,9635,9641,9647,9653,9659,9665,9671,9677,9683,9689,9695,9701,9707,9713,9719,9725,9731,9737\" style=\"normal\" lightbox_image_size=\"2048x2048\" type=\"slider\" slider_nav_style=\"circle\" slider_nav_position=\"outside\" srcset=\"https:\/\/www.alevcamcioglu.com\/wp-content\/uploads\/2024\/11\/rinoplastika-pre-posle-fotografija-u-turskoj-15-320x400.jpg 320w, https:\/\/www.alevcamcioglu.com\/wp-content\/uploads\/2024\/11\/rinoplastika-pre-posle-fotografija-u-turskoj-15-640x800.jpg 640w, https:\/\/www.alevcamcioglu.com\/wp-content\/uploads\/2024\/11\/rinoplastika-pre-posle-fotografija-u-turskoj-15-768x960.jpg 768w, https:\/\/www.alevcamcioglu.com\/wp-content\/uploads\/2024\/11\/rinoplastika-pre-posle-fotografija-u-turskoj-15.jpg 1200w\" sizes=\"(max-width: 320px) 100vw, 320px\" title=\"\">                                                              <\/div>\n              <div class=\"box-text text-left\" >\n                 <p><\/p>\n              <\/div>\n            <\/div>\n            <\/a>          <\/div>\n         <\/div><div class=\"gallery-col col\" >\n          <div class=\"col-inner\">\n            <a class=\"image-lightbox lightbox-gallery\" href=\"https:\/\/www.alevcamcioglu.com\/wp-content\/uploads\/2024\/11\/rinoplastika-pre-posle-fotografija-u-turskoj-16.jpg\" title=\"\">            <div class=\"box has-hover gallery-box box-normal\">\n              <div class=\"box-image\" >\n                <img decoding=\"async\" width=\"320\" height=\"400\" src=\"https:\/\/www.alevcamcioglu.com\/wp-content\/uploads\/2024\/11\/rinoplastika-pre-posle-fotografija-u-turskoj-16-320x400.jpg\" class=\"attachment-medium size-medium\" alt=\"\" ids=\"9479,9485,9491,9497,9503,9509,9515,9521,9527,9533,9539,9545,9551,9557,9563,9569,9575,9581,9587,9593,9599,9605,9611,9617,9623,9629,9635,9641,9647,9653,9659,9665,9671,9677,9683,9689,9695,9701,9707,9713,9719,9725,9731,9737\" style=\"normal\" lightbox_image_size=\"2048x2048\" type=\"slider\" slider_nav_style=\"circle\" slider_nav_position=\"outside\" srcset=\"https:\/\/www.alevcamcioglu.com\/wp-content\/uploads\/2024\/11\/rinoplastika-pre-posle-fotografija-u-turskoj-16-320x400.jpg 320w, https:\/\/www.alevcamcioglu.com\/wp-content\/uploads\/2024\/11\/rinoplastika-pre-posle-fotografija-u-turskoj-16-640x800.jpg 640w, https:\/\/www.alevcamcioglu.com\/wp-content\/uploads\/2024\/11\/rinoplastika-pre-posle-fotografija-u-turskoj-16-768x960.jpg 768w, https:\/\/www.alevcamcioglu.com\/wp-content\/uploads\/2024\/11\/rinoplastika-pre-posle-fotografija-u-turskoj-16.jpg 1200w\" sizes=\"(max-width: 320px) 100vw, 320px\" title=\"\">                                                              <\/div>\n              <div class=\"box-text text-left\" >\n                 <p><\/p>\n              <\/div>\n            <\/div>\n            <\/a>          <\/div>\n         <\/div><div class=\"gallery-col col\" >\n          <div class=\"col-inner\">\n            <a class=\"image-lightbox lightbox-gallery\" href=\"https:\/\/www.alevcamcioglu.com\/wp-content\/uploads\/2024\/11\/rinoplastika-pre-posle-fotografija-u-turskoj-17.jpg\" title=\"\">            <div class=\"box has-hover gallery-box box-normal\">\n              <div class=\"box-image\" >\n                <img decoding=\"async\" width=\"320\" height=\"400\" src=\"https:\/\/www.alevcamcioglu.com\/wp-content\/uploads\/2024\/11\/rinoplastika-pre-posle-fotografija-u-turskoj-17-320x400.jpg\" class=\"attachment-medium size-medium\" alt=\"\" ids=\"9479,9485,9491,9497,9503,9509,9515,9521,9527,9533,9539,9545,9551,9557,9563,9569,9575,9581,9587,9593,9599,9605,9611,9617,9623,9629,9635,9641,9647,9653,9659,9665,9671,9677,9683,9689,9695,9701,9707,9713,9719,9725,9731,9737\" style=\"normal\" lightbox_image_size=\"2048x2048\" type=\"slider\" slider_nav_style=\"circle\" slider_nav_position=\"outside\" srcset=\"https:\/\/www.alevcamcioglu.com\/wp-content\/uploads\/2024\/11\/rinoplastika-pre-posle-fotografija-u-turskoj-17-320x400.jpg 320w, https:\/\/www.alevcamcioglu.com\/wp-content\/uploads\/2024\/11\/rinoplastika-pre-posle-fotografija-u-turskoj-17-640x800.jpg 640w, https:\/\/www.alevcamcioglu.com\/wp-content\/uploads\/2024\/11\/rinoplastika-pre-posle-fotografija-u-turskoj-17-768x960.jpg 768w, https:\/\/www.alevcamcioglu.com\/wp-content\/uploads\/2024\/11\/rinoplastika-pre-posle-fotografija-u-turskoj-17.jpg 1200w\" sizes=\"(max-width: 320px) 100vw, 320px\" title=\"\">                                                              <\/div>\n              <div class=\"box-text text-left\" >\n                 <p><\/p>\n              <\/div>\n            <\/div>\n            <\/a>          <\/div>\n         <\/div><div class=\"gallery-col col\" >\n          <div class=\"col-inner\">\n            <a class=\"image-lightbox lightbox-gallery\" href=\"https:\/\/www.alevcamcioglu.com\/wp-content\/uploads\/2024\/11\/rinoplastika-pre-posle-fotografija-u-turskoj-18.jpg\" title=\"\">            <div class=\"box has-hover gallery-box box-normal\">\n              <div class=\"box-image\" >\n                <img decoding=\"async\" width=\"320\" height=\"400\" src=\"https:\/\/www.alevcamcioglu.com\/wp-content\/uploads\/2024\/11\/rinoplastika-pre-posle-fotografija-u-turskoj-18-320x400.jpg\" class=\"attachment-medium size-medium\" alt=\"\" ids=\"9479,9485,9491,9497,9503,9509,9515,9521,9527,9533,9539,9545,9551,9557,9563,9569,9575,9581,9587,9593,9599,9605,9611,9617,9623,9629,9635,9641,9647,9653,9659,9665,9671,9677,9683,9689,9695,9701,9707,9713,9719,9725,9731,9737\" style=\"normal\" lightbox_image_size=\"2048x2048\" type=\"slider\" slider_nav_style=\"circle\" slider_nav_position=\"outside\" srcset=\"https:\/\/www.alevcamcioglu.com\/wp-content\/uploads\/2024\/11\/rinoplastika-pre-posle-fotografija-u-turskoj-18-320x400.jpg 320w, https:\/\/www.alevcamcioglu.com\/wp-content\/uploads\/2024\/11\/rinoplastika-pre-posle-fotografija-u-turskoj-18-640x800.jpg 640w, https:\/\/www.alevcamcioglu.com\/wp-content\/uploads\/2024\/11\/rinoplastika-pre-posle-fotografija-u-turskoj-18-768x960.jpg 768w, https:\/\/www.alevcamcioglu.com\/wp-content\/uploads\/2024\/11\/rinoplastika-pre-posle-fotografija-u-turskoj-18.jpg 1000w\" sizes=\"(max-width: 320px) 100vw, 320px\" title=\"\">                                                              <\/div>\n              <div class=\"box-text text-left\" >\n                 <p><\/p>\n              <\/div>\n            <\/div>\n            <\/a>          <\/div>\n         <\/div><div class=\"gallery-col col\" >\n          <div class=\"col-inner\">\n            <a class=\"image-lightbox lightbox-gallery\" href=\"https:\/\/www.alevcamcioglu.com\/wp-content\/uploads\/2024\/11\/rinoplastika-pre-posle-fotografija-u-turskoj-19.jpg\" title=\"\">            <div class=\"box has-hover gallery-box box-normal\">\n              <div class=\"box-image\" >\n                <img decoding=\"async\" width=\"320\" height=\"400\" src=\"https:\/\/www.alevcamcioglu.com\/wp-content\/uploads\/2024\/11\/rinoplastika-pre-posle-fotografija-u-turskoj-19-320x400.jpg\" class=\"attachment-medium size-medium\" alt=\"\" ids=\"9479,9485,9491,9497,9503,9509,9515,9521,9527,9533,9539,9545,9551,9557,9563,9569,9575,9581,9587,9593,9599,9605,9611,9617,9623,9629,9635,9641,9647,9653,9659,9665,9671,9677,9683,9689,9695,9701,9707,9713,9719,9725,9731,9737\" style=\"normal\" lightbox_image_size=\"2048x2048\" type=\"slider\" slider_nav_style=\"circle\" slider_nav_position=\"outside\" srcset=\"https:\/\/www.alevcamcioglu.com\/wp-content\/uploads\/2024\/11\/rinoplastika-pre-posle-fotografija-u-turskoj-19-320x400.jpg 320w, https:\/\/www.alevcamcioglu.com\/wp-content\/uploads\/2024\/11\/rinoplastika-pre-posle-fotografija-u-turskoj-19-640x800.jpg 640w, https:\/\/www.alevcamcioglu.com\/wp-content\/uploads\/2024\/11\/rinoplastika-pre-posle-fotografija-u-turskoj-19-768x960.jpg 768w, https:\/\/www.alevcamcioglu.com\/wp-content\/uploads\/2024\/11\/rinoplastika-pre-posle-fotografija-u-turskoj-19.jpg 1000w\" sizes=\"(max-width: 320px) 100vw, 320px\" title=\"\">                                                              <\/div>\n              <div class=\"box-text text-left\" >\n                 <p><\/p>\n              <\/div>\n            <\/div>\n            <\/a>          <\/div>\n         <\/div><div class=\"gallery-col col\" >\n          <div class=\"col-inner\">\n            <a class=\"image-lightbox lightbox-gallery\" href=\"https:\/\/www.alevcamcioglu.com\/wp-content\/uploads\/2024\/11\/rinoplastika-pre-posle-fotografija-u-turskoj-20.jpg\" title=\"\">            <div class=\"box has-hover gallery-box box-normal\">\n              <div class=\"box-image\" >\n                <img decoding=\"async\" width=\"320\" height=\"400\" src=\"https:\/\/www.alevcamcioglu.com\/wp-content\/uploads\/2024\/11\/rinoplastika-pre-posle-fotografija-u-turskoj-20-320x400.jpg\" class=\"attachment-medium size-medium\" alt=\"\" ids=\"9479,9485,9491,9497,9503,9509,9515,9521,9527,9533,9539,9545,9551,9557,9563,9569,9575,9581,9587,9593,9599,9605,9611,9617,9623,9629,9635,9641,9647,9653,9659,9665,9671,9677,9683,9689,9695,9701,9707,9713,9719,9725,9731,9737\" style=\"normal\" lightbox_image_size=\"2048x2048\" type=\"slider\" slider_nav_style=\"circle\" slider_nav_position=\"outside\" srcset=\"https:\/\/www.alevcamcioglu.com\/wp-content\/uploads\/2024\/11\/rinoplastika-pre-posle-fotografija-u-turskoj-20-320x400.jpg 320w, https:\/\/www.alevcamcioglu.com\/wp-content\/uploads\/2024\/11\/rinoplastika-pre-posle-fotografija-u-turskoj-20-639x800.jpg 639w, https:\/\/www.alevcamcioglu.com\/wp-content\/uploads\/2024\/11\/rinoplastika-pre-posle-fotografija-u-turskoj-20-768x961.jpg 768w, https:\/\/www.alevcamcioglu.com\/wp-content\/uploads\/2024\/11\/rinoplastika-pre-posle-fotografija-u-turskoj-20.jpg 999w\" sizes=\"(max-width: 320px) 100vw, 320px\" title=\"\">                                                              <\/div>\n              <div class=\"box-text text-left\" >\n                 <p><\/p>\n              <\/div>\n            <\/div>\n            <\/a>          <\/div>\n         <\/div><div class=\"gallery-col col\" >\n          <div class=\"col-inner\">\n            <a class=\"image-lightbox lightbox-gallery\" href=\"https:\/\/www.alevcamcioglu.com\/wp-content\/uploads\/2024\/11\/rinoplastika-pre-posle-fotografija-u-turskoj-21.jpg\" title=\"\">            <div class=\"box has-hover gallery-box box-normal\">\n              <div class=\"box-image\" >\n                <img decoding=\"async\" width=\"320\" height=\"400\" src=\"https:\/\/www.alevcamcioglu.com\/wp-content\/uploads\/2024\/11\/rinoplastika-pre-posle-fotografija-u-turskoj-21-320x400.jpg\" class=\"attachment-medium size-medium\" alt=\"\" ids=\"9479,9485,9491,9497,9503,9509,9515,9521,9527,9533,9539,9545,9551,9557,9563,9569,9575,9581,9587,9593,9599,9605,9611,9617,9623,9629,9635,9641,9647,9653,9659,9665,9671,9677,9683,9689,9695,9701,9707,9713,9719,9725,9731,9737\" style=\"normal\" lightbox_image_size=\"2048x2048\" type=\"slider\" slider_nav_style=\"circle\" slider_nav_position=\"outside\" srcset=\"https:\/\/www.alevcamcioglu.com\/wp-content\/uploads\/2024\/11\/rinoplastika-pre-posle-fotografija-u-turskoj-21-320x400.jpg 320w, https:\/\/www.alevcamcioglu.com\/wp-content\/uploads\/2024\/11\/rinoplastika-pre-posle-fotografija-u-turskoj-21-640x800.jpg 640w, https:\/\/www.alevcamcioglu.com\/wp-content\/uploads\/2024\/11\/rinoplastika-pre-posle-fotografija-u-turskoj-21-768x960.jpg 768w, https:\/\/www.alevcamcioglu.com\/wp-content\/uploads\/2024\/11\/rinoplastika-pre-posle-fotografija-u-turskoj-21.jpg 1000w\" sizes=\"(max-width: 320px) 100vw, 320px\" title=\"\">                                                              <\/div>\n              <div class=\"box-text text-left\" >\n                 <p><\/p>\n              <\/div>\n            <\/div>\n            <\/a>          <\/div>\n         <\/div><div class=\"gallery-col col\" >\n          <div class=\"col-inner\">\n            <a class=\"image-lightbox lightbox-gallery\" href=\"https:\/\/www.alevcamcioglu.com\/wp-content\/uploads\/2024\/11\/rinoplastika-pre-posle-fotografija-u-turskoj-22.jpg\" title=\"\">            <div class=\"box has-hover gallery-box box-normal\">\n              <div class=\"box-image\" >\n                <img decoding=\"async\" width=\"320\" height=\"400\" src=\"https:\/\/www.alevcamcioglu.com\/wp-content\/uploads\/2024\/11\/rinoplastika-pre-posle-fotografija-u-turskoj-22-320x400.jpg\" class=\"attachment-medium size-medium\" alt=\"\" ids=\"9479,9485,9491,9497,9503,9509,9515,9521,9527,9533,9539,9545,9551,9557,9563,9569,9575,9581,9587,9593,9599,9605,9611,9617,9623,9629,9635,9641,9647,9653,9659,9665,9671,9677,9683,9689,9695,9701,9707,9713,9719,9725,9731,9737\" style=\"normal\" lightbox_image_size=\"2048x2048\" type=\"slider\" slider_nav_style=\"circle\" slider_nav_position=\"outside\" srcset=\"https:\/\/www.alevcamcioglu.com\/wp-content\/uploads\/2024\/11\/rinoplastika-pre-posle-fotografija-u-turskoj-22-320x400.jpg 320w, https:\/\/www.alevcamcioglu.com\/wp-content\/uploads\/2024\/11\/rinoplastika-pre-posle-fotografija-u-turskoj-22-640x800.jpg 640w, https:\/\/www.alevcamcioglu.com\/wp-content\/uploads\/2024\/11\/rinoplastika-pre-posle-fotografija-u-turskoj-22-768x960.jpg 768w, https:\/\/www.alevcamcioglu.com\/wp-content\/uploads\/2024\/11\/rinoplastika-pre-posle-fotografija-u-turskoj-22.jpg 1000w\" sizes=\"(max-width: 320px) 100vw, 320px\" title=\"\">                                                              <\/div>\n              <div class=\"box-text text-left\" >\n                 <p><\/p>\n              <\/div>\n            <\/div>\n            <\/a>          <\/div>\n         <\/div><div class=\"gallery-col col\" >\n          <div class=\"col-inner\">\n            <a class=\"image-lightbox lightbox-gallery\" href=\"https:\/\/www.alevcamcioglu.com\/wp-content\/uploads\/2024\/11\/rinoplastika-pre-posle-fotografija-u-turskoj-23.jpg\" title=\"\">            <div class=\"box has-hover gallery-box box-normal\">\n              <div class=\"box-image\" >\n                <img decoding=\"async\" width=\"320\" height=\"400\" src=\"https:\/\/www.alevcamcioglu.com\/wp-content\/uploads\/2024\/11\/rinoplastika-pre-posle-fotografija-u-turskoj-23-320x400.jpg\" class=\"attachment-medium size-medium\" alt=\"\" ids=\"9479,9485,9491,9497,9503,9509,9515,9521,9527,9533,9539,9545,9551,9557,9563,9569,9575,9581,9587,9593,9599,9605,9611,9617,9623,9629,9635,9641,9647,9653,9659,9665,9671,9677,9683,9689,9695,9701,9707,9713,9719,9725,9731,9737\" style=\"normal\" lightbox_image_size=\"2048x2048\" type=\"slider\" slider_nav_style=\"circle\" slider_nav_position=\"outside\" srcset=\"https:\/\/www.alevcamcioglu.com\/wp-content\/uploads\/2024\/11\/rinoplastika-pre-posle-fotografija-u-turskoj-23-320x400.jpg 320w, https:\/\/www.alevcamcioglu.com\/wp-content\/uploads\/2024\/11\/rinoplastika-pre-posle-fotografija-u-turskoj-23-640x800.jpg 640w, https:\/\/www.alevcamcioglu.com\/wp-content\/uploads\/2024\/11\/rinoplastika-pre-posle-fotografija-u-turskoj-23-768x960.jpg 768w, https:\/\/www.alevcamcioglu.com\/wp-content\/uploads\/2024\/11\/rinoplastika-pre-posle-fotografija-u-turskoj-23.jpg 1000w\" sizes=\"(max-width: 320px) 100vw, 320px\" title=\"\">                                                              <\/div>\n              <div class=\"box-text text-left\" >\n                 <p><\/p>\n              <\/div>\n            <\/div>\n            <\/a>          <\/div>\n         <\/div><div class=\"gallery-col col\" >\n          <div class=\"col-inner\">\n            <a class=\"image-lightbox lightbox-gallery\" href=\"https:\/\/www.alevcamcioglu.com\/wp-content\/uploads\/2024\/11\/rinoplastika-pre-posle-fotografija-u-turskoj-24.jpg\" title=\"\">            <div class=\"box has-hover gallery-box box-normal\">\n              <div class=\"box-image\" >\n                <img decoding=\"async\" width=\"320\" height=\"400\" src=\"https:\/\/www.alevcamcioglu.com\/wp-content\/uploads\/2024\/11\/rinoplastika-pre-posle-fotografija-u-turskoj-24-320x400.jpg\" class=\"attachment-medium size-medium\" alt=\"\" ids=\"9479,9485,9491,9497,9503,9509,9515,9521,9527,9533,9539,9545,9551,9557,9563,9569,9575,9581,9587,9593,9599,9605,9611,9617,9623,9629,9635,9641,9647,9653,9659,9665,9671,9677,9683,9689,9695,9701,9707,9713,9719,9725,9731,9737\" style=\"normal\" lightbox_image_size=\"2048x2048\" type=\"slider\" slider_nav_style=\"circle\" slider_nav_position=\"outside\" srcset=\"https:\/\/www.alevcamcioglu.com\/wp-content\/uploads\/2024\/11\/rinoplastika-pre-posle-fotografija-u-turskoj-24-320x400.jpg 320w, https:\/\/www.alevcamcioglu.com\/wp-content\/uploads\/2024\/11\/rinoplastika-pre-posle-fotografija-u-turskoj-24-640x800.jpg 640w, https:\/\/www.alevcamcioglu.com\/wp-content\/uploads\/2024\/11\/rinoplastika-pre-posle-fotografija-u-turskoj-24-768x960.jpg 768w, https:\/\/www.alevcamcioglu.com\/wp-content\/uploads\/2024\/11\/rinoplastika-pre-posle-fotografija-u-turskoj-24.jpg 1000w\" sizes=\"(max-width: 320px) 100vw, 320px\" title=\"\">                                                              <\/div>\n              <div class=\"box-text text-left\" >\n                 <p><\/p>\n              <\/div>\n            <\/div>\n            <\/a>          <\/div>\n         <\/div><div class=\"gallery-col col\" >\n          <div class=\"col-inner\">\n            <a class=\"image-lightbox lightbox-gallery\" href=\"https:\/\/www.alevcamcioglu.com\/wp-content\/uploads\/2024\/11\/rinoplastika-pre-posle-fotografija-u-turskoj-25.jpg\" title=\"\">            <div class=\"box has-hover gallery-box box-normal\">\n              <div class=\"box-image\" >\n                <img decoding=\"async\" width=\"320\" height=\"400\" src=\"https:\/\/www.alevcamcioglu.com\/wp-content\/uploads\/2024\/11\/rinoplastika-pre-posle-fotografija-u-turskoj-25-320x400.jpg\" class=\"attachment-medium size-medium\" alt=\"\" ids=\"9479,9485,9491,9497,9503,9509,9515,9521,9527,9533,9539,9545,9551,9557,9563,9569,9575,9581,9587,9593,9599,9605,9611,9617,9623,9629,9635,9641,9647,9653,9659,9665,9671,9677,9683,9689,9695,9701,9707,9713,9719,9725,9731,9737\" style=\"normal\" lightbox_image_size=\"2048x2048\" type=\"slider\" slider_nav_style=\"circle\" slider_nav_position=\"outside\" srcset=\"https:\/\/www.alevcamcioglu.com\/wp-content\/uploads\/2024\/11\/rinoplastika-pre-posle-fotografija-u-turskoj-25-320x400.jpg 320w, https:\/\/www.alevcamcioglu.com\/wp-content\/uploads\/2024\/11\/rinoplastika-pre-posle-fotografija-u-turskoj-25-640x800.jpg 640w, https:\/\/www.alevcamcioglu.com\/wp-content\/uploads\/2024\/11\/rinoplastika-pre-posle-fotografija-u-turskoj-25-768x960.jpg 768w, https:\/\/www.alevcamcioglu.com\/wp-content\/uploads\/2024\/11\/rinoplastika-pre-posle-fotografija-u-turskoj-25.jpg 1000w\" sizes=\"(max-width: 320px) 100vw, 320px\" title=\"\">                                                              <\/div>\n              <div class=\"box-text text-left\" >\n                 <p><\/p>\n              <\/div>\n            <\/div>\n            <\/a>          <\/div>\n         <\/div><div class=\"gallery-col col\" >\n          <div class=\"col-inner\">\n            <a class=\"image-lightbox lightbox-gallery\" href=\"https:\/\/www.alevcamcioglu.com\/wp-content\/uploads\/2024\/11\/rinoplastika-pre-posle-fotografija-u-turskoj-26.jpg\" title=\"\">            <div class=\"box has-hover gallery-box box-normal\">\n              <div class=\"box-image\" >\n                <img decoding=\"async\" width=\"320\" height=\"400\" src=\"https:\/\/www.alevcamcioglu.com\/wp-content\/uploads\/2024\/11\/rinoplastika-pre-posle-fotografija-u-turskoj-26-320x400.jpg\" class=\"attachment-medium size-medium\" alt=\"\" ids=\"9479,9485,9491,9497,9503,9509,9515,9521,9527,9533,9539,9545,9551,9557,9563,9569,9575,9581,9587,9593,9599,9605,9611,9617,9623,9629,9635,9641,9647,9653,9659,9665,9671,9677,9683,9689,9695,9701,9707,9713,9719,9725,9731,9737\" style=\"normal\" lightbox_image_size=\"2048x2048\" type=\"slider\" slider_nav_style=\"circle\" slider_nav_position=\"outside\" srcset=\"https:\/\/www.alevcamcioglu.com\/wp-content\/uploads\/2024\/11\/rinoplastika-pre-posle-fotografija-u-turskoj-26-320x400.jpg 320w, https:\/\/www.alevcamcioglu.com\/wp-content\/uploads\/2024\/11\/rinoplastika-pre-posle-fotografija-u-turskoj-26-640x800.jpg 640w, https:\/\/www.alevcamcioglu.com\/wp-content\/uploads\/2024\/11\/rinoplastika-pre-posle-fotografija-u-turskoj-26-768x960.jpg 768w, https:\/\/www.alevcamcioglu.com\/wp-content\/uploads\/2024\/11\/rinoplastika-pre-posle-fotografija-u-turskoj-26.jpg 1000w\" sizes=\"(max-width: 320px) 100vw, 320px\" title=\"\">                                                              <\/div>\n              <div class=\"box-text text-left\" >\n                 <p><\/p>\n              <\/div>\n            <\/div>\n            <\/a>          <\/div>\n         <\/div><div class=\"gallery-col col\" >\n          <div class=\"col-inner\">\n            <a class=\"image-lightbox lightbox-gallery\" href=\"https:\/\/www.alevcamcioglu.com\/wp-content\/uploads\/2024\/11\/rinoplastika-pre-posle-fotografija-u-turskoj-27.jpg\" title=\"\">            <div class=\"box has-hover gallery-box box-normal\">\n              <div class=\"box-image\" >\n                <img decoding=\"async\" width=\"320\" height=\"400\" src=\"https:\/\/www.alevcamcioglu.com\/wp-content\/uploads\/2024\/11\/rinoplastika-pre-posle-fotografija-u-turskoj-27-320x400.jpg\" class=\"attachment-medium size-medium\" alt=\"\" ids=\"9479,9485,9491,9497,9503,9509,9515,9521,9527,9533,9539,9545,9551,9557,9563,9569,9575,9581,9587,9593,9599,9605,9611,9617,9623,9629,9635,9641,9647,9653,9659,9665,9671,9677,9683,9689,9695,9701,9707,9713,9719,9725,9731,9737\" style=\"normal\" lightbox_image_size=\"2048x2048\" type=\"slider\" slider_nav_style=\"circle\" slider_nav_position=\"outside\" srcset=\"https:\/\/www.alevcamcioglu.com\/wp-content\/uploads\/2024\/11\/rinoplastika-pre-posle-fotografija-u-turskoj-27-320x400.jpg 320w, https:\/\/www.alevcamcioglu.com\/wp-content\/uploads\/2024\/11\/rinoplastika-pre-posle-fotografija-u-turskoj-27-640x800.jpg 640w, https:\/\/www.alevcamcioglu.com\/wp-content\/uploads\/2024\/11\/rinoplastika-pre-posle-fotografija-u-turskoj-27-768x960.jpg 768w, https:\/\/www.alevcamcioglu.com\/wp-content\/uploads\/2024\/11\/rinoplastika-pre-posle-fotografija-u-turskoj-27.jpg 1000w\" sizes=\"(max-width: 320px) 100vw, 320px\" title=\"\">                                                              <\/div>\n              <div class=\"box-text text-left\" >\n                 <p><\/p>\n              <\/div>\n            <\/div>\n            <\/a>          <\/div>\n         <\/div><div class=\"gallery-col col\" >\n          <div class=\"col-inner\">\n            <a class=\"image-lightbox lightbox-gallery\" href=\"https:\/\/www.alevcamcioglu.com\/wp-content\/uploads\/2024\/11\/rinoplastika-pre-posle-fotografija-u-turskoj-28.jpg\" title=\"\">            <div class=\"box has-hover gallery-box box-normal\">\n              <div class=\"box-image\" >\n                <img decoding=\"async\" width=\"320\" height=\"400\" src=\"https:\/\/www.alevcamcioglu.com\/wp-content\/uploads\/2024\/11\/rinoplastika-pre-posle-fotografija-u-turskoj-28-320x400.jpg\" class=\"attachment-medium size-medium\" alt=\"\" ids=\"9479,9485,9491,9497,9503,9509,9515,9521,9527,9533,9539,9545,9551,9557,9563,9569,9575,9581,9587,9593,9599,9605,9611,9617,9623,9629,9635,9641,9647,9653,9659,9665,9671,9677,9683,9689,9695,9701,9707,9713,9719,9725,9731,9737\" style=\"normal\" lightbox_image_size=\"2048x2048\" type=\"slider\" slider_nav_style=\"circle\" slider_nav_position=\"outside\" srcset=\"https:\/\/www.alevcamcioglu.com\/wp-content\/uploads\/2024\/11\/rinoplastika-pre-posle-fotografija-u-turskoj-28-320x400.jpg 320w, https:\/\/www.alevcamcioglu.com\/wp-content\/uploads\/2024\/11\/rinoplastika-pre-posle-fotografija-u-turskoj-28-640x800.jpg 640w, https:\/\/www.alevcamcioglu.com\/wp-content\/uploads\/2024\/11\/rinoplastika-pre-posle-fotografija-u-turskoj-28-768x960.jpg 768w, https:\/\/www.alevcamcioglu.com\/wp-content\/uploads\/2024\/11\/rinoplastika-pre-posle-fotografija-u-turskoj-28.jpg 1000w\" sizes=\"(max-width: 320px) 100vw, 320px\" title=\"\">                                                              <\/div>\n              <div class=\"box-text text-left\" >\n                 <p><\/p>\n              <\/div>\n            <\/div>\n            <\/a>          <\/div>\n         <\/div><div class=\"gallery-col col\" >\n          <div class=\"col-inner\">\n            <a class=\"image-lightbox lightbox-gallery\" href=\"https:\/\/www.alevcamcioglu.com\/wp-content\/uploads\/2024\/11\/rinoplastika-pre-posle-fotografija-u-turskoj-29.jpg\" title=\"\">            <div class=\"box has-hover gallery-box box-normal\">\n              <div class=\"box-image\" >\n                <img decoding=\"async\" width=\"320\" height=\"400\" src=\"https:\/\/www.alevcamcioglu.com\/wp-content\/uploads\/2024\/11\/rinoplastika-pre-posle-fotografija-u-turskoj-29-320x400.jpg\" class=\"attachment-medium size-medium\" alt=\"\" ids=\"9479,9485,9491,9497,9503,9509,9515,9521,9527,9533,9539,9545,9551,9557,9563,9569,9575,9581,9587,9593,9599,9605,9611,9617,9623,9629,9635,9641,9647,9653,9659,9665,9671,9677,9683,9689,9695,9701,9707,9713,9719,9725,9731,9737\" style=\"normal\" lightbox_image_size=\"2048x2048\" type=\"slider\" slider_nav_style=\"circle\" slider_nav_position=\"outside\" srcset=\"https:\/\/www.alevcamcioglu.com\/wp-content\/uploads\/2024\/11\/rinoplastika-pre-posle-fotografija-u-turskoj-29-320x400.jpg 320w, https:\/\/www.alevcamcioglu.com\/wp-content\/uploads\/2024\/11\/rinoplastika-pre-posle-fotografija-u-turskoj-29-640x800.jpg 640w, https:\/\/www.alevcamcioglu.com\/wp-content\/uploads\/2024\/11\/rinoplastika-pre-posle-fotografija-u-turskoj-29-768x960.jpg 768w, https:\/\/www.alevcamcioglu.com\/wp-content\/uploads\/2024\/11\/rinoplastika-pre-posle-fotografija-u-turskoj-29.jpg 1000w\" sizes=\"(max-width: 320px) 100vw, 320px\" title=\"\">                                                              <\/div>\n              <div class=\"box-text text-left\" >\n                 <p><\/p>\n              <\/div>\n            <\/div>\n            <\/a>          <\/div>\n         <\/div><div class=\"gallery-col col\" >\n          <div class=\"col-inner\">\n            <a class=\"image-lightbox lightbox-gallery\" href=\"https:\/\/www.alevcamcioglu.com\/wp-content\/uploads\/2024\/11\/rinoplastika-pre-posle-fotografija-u-turskoj-30.jpg\" title=\"\">            <div class=\"box has-hover gallery-box box-normal\">\n              <div class=\"box-image\" >\n                <img decoding=\"async\" width=\"320\" height=\"400\" src=\"https:\/\/www.alevcamcioglu.com\/wp-content\/uploads\/2024\/11\/rinoplastika-pre-posle-fotografija-u-turskoj-30-320x400.jpg\" class=\"attachment-medium size-medium\" alt=\"\" ids=\"9479,9485,9491,9497,9503,9509,9515,9521,9527,9533,9539,9545,9551,9557,9563,9569,9575,9581,9587,9593,9599,9605,9611,9617,9623,9629,9635,9641,9647,9653,9659,9665,9671,9677,9683,9689,9695,9701,9707,9713,9719,9725,9731,9737\" style=\"normal\" lightbox_image_size=\"2048x2048\" type=\"slider\" slider_nav_style=\"circle\" slider_nav_position=\"outside\" srcset=\"https:\/\/www.alevcamcioglu.com\/wp-content\/uploads\/2024\/11\/rinoplastika-pre-posle-fotografija-u-turskoj-30-320x400.jpg 320w, https:\/\/www.alevcamcioglu.com\/wp-content\/uploads\/2024\/11\/rinoplastika-pre-posle-fotografija-u-turskoj-30-640x800.jpg 640w, https:\/\/www.alevcamcioglu.com\/wp-content\/uploads\/2024\/11\/rinoplastika-pre-posle-fotografija-u-turskoj-30-768x960.jpg 768w, https:\/\/www.alevcamcioglu.com\/wp-content\/uploads\/2024\/11\/rinoplastika-pre-posle-fotografija-u-turskoj-30.jpg 1200w\" sizes=\"(max-width: 320px) 100vw, 320px\" title=\"\">                                                              <\/div>\n              <div class=\"box-text text-left\" >\n                 <p><\/p>\n              <\/div>\n            <\/div>\n            <\/a>          <\/div>\n         <\/div><div class=\"gallery-col col\" >\n          <div class=\"col-inner\">\n            <a class=\"image-lightbox lightbox-gallery\" href=\"https:\/\/www.alevcamcioglu.com\/wp-content\/uploads\/2024\/11\/rinoplastika-pre-posle-fotografija-u-turskoj-31.jpg\" title=\"\">            <div class=\"box has-hover gallery-box box-normal\">\n              <div class=\"box-image\" >\n                <img decoding=\"async\" width=\"320\" height=\"400\" src=\"https:\/\/www.alevcamcioglu.com\/wp-content\/uploads\/2024\/11\/rinoplastika-pre-posle-fotografija-u-turskoj-31-320x400.jpg\" class=\"attachment-medium size-medium\" alt=\"\" ids=\"9479,9485,9491,9497,9503,9509,9515,9521,9527,9533,9539,9545,9551,9557,9563,9569,9575,9581,9587,9593,9599,9605,9611,9617,9623,9629,9635,9641,9647,9653,9659,9665,9671,9677,9683,9689,9695,9701,9707,9713,9719,9725,9731,9737\" style=\"normal\" lightbox_image_size=\"2048x2048\" type=\"slider\" slider_nav_style=\"circle\" slider_nav_position=\"outside\" srcset=\"https:\/\/www.alevcamcioglu.com\/wp-content\/uploads\/2024\/11\/rinoplastika-pre-posle-fotografija-u-turskoj-31-320x400.jpg 320w, https:\/\/www.alevcamcioglu.com\/wp-content\/uploads\/2024\/11\/rinoplastika-pre-posle-fotografija-u-turskoj-31-640x800.jpg 640w, https:\/\/www.alevcamcioglu.com\/wp-content\/uploads\/2024\/11\/rinoplastika-pre-posle-fotografija-u-turskoj-31-768x960.jpg 768w, https:\/\/www.alevcamcioglu.com\/wp-content\/uploads\/2024\/11\/rinoplastika-pre-posle-fotografija-u-turskoj-31.jpg 1000w\" sizes=\"(max-width: 320px) 100vw, 320px\" title=\"\">                                                              <\/div>\n              <div class=\"box-text text-left\" >\n                 <p><\/p>\n              <\/div>\n            <\/div>\n            <\/a>          <\/div>\n         <\/div><div class=\"gallery-col col\" >\n          <div class=\"col-inner\">\n            <a class=\"image-lightbox lightbox-gallery\" href=\"https:\/\/www.alevcamcioglu.com\/wp-content\/uploads\/2024\/11\/rinoplastika-pre-posle-fotografija-u-turskoj-32.jpg\" title=\"\">            <div class=\"box has-hover gallery-box box-normal\">\n              <div class=\"box-image\" >\n                <img decoding=\"async\" width=\"320\" height=\"400\" src=\"https:\/\/www.alevcamcioglu.com\/wp-content\/uploads\/2024\/11\/rinoplastika-pre-posle-fotografija-u-turskoj-32-320x400.jpg\" class=\"attachment-medium size-medium\" alt=\"\" ids=\"9479,9485,9491,9497,9503,9509,9515,9521,9527,9533,9539,9545,9551,9557,9563,9569,9575,9581,9587,9593,9599,9605,9611,9617,9623,9629,9635,9641,9647,9653,9659,9665,9671,9677,9683,9689,9695,9701,9707,9713,9719,9725,9731,9737\" style=\"normal\" lightbox_image_size=\"2048x2048\" type=\"slider\" slider_nav_style=\"circle\" slider_nav_position=\"outside\" srcset=\"https:\/\/www.alevcamcioglu.com\/wp-content\/uploads\/2024\/11\/rinoplastika-pre-posle-fotografija-u-turskoj-32-320x400.jpg 320w, https:\/\/www.alevcamcioglu.com\/wp-content\/uploads\/2024\/11\/rinoplastika-pre-posle-fotografija-u-turskoj-32-640x800.jpg 640w, https:\/\/www.alevcamcioglu.com\/wp-content\/uploads\/2024\/11\/rinoplastika-pre-posle-fotografija-u-turskoj-32-768x960.jpg 768w, https:\/\/www.alevcamcioglu.com\/wp-content\/uploads\/2024\/11\/rinoplastika-pre-posle-fotografija-u-turskoj-32.jpg 1000w\" sizes=\"(max-width: 320px) 100vw, 320px\" title=\"\">                                                              <\/div>\n              <div class=\"box-text text-left\" >\n                 <p><\/p>\n              <\/div>\n            <\/div>\n            <\/a>          <\/div>\n         <\/div><div class=\"gallery-col col\" >\n          <div class=\"col-inner\">\n            <a class=\"image-lightbox lightbox-gallery\" href=\"https:\/\/www.alevcamcioglu.com\/wp-content\/uploads\/2024\/11\/rinoplastika-pre-posle-fotografija-u-turskoj-33.jpg\" title=\"\">            <div class=\"box has-hover gallery-box box-normal\">\n              <div class=\"box-image\" >\n                <img decoding=\"async\" width=\"320\" height=\"400\" src=\"https:\/\/www.alevcamcioglu.com\/wp-content\/uploads\/2024\/11\/rinoplastika-pre-posle-fotografija-u-turskoj-33-320x400.jpg\" class=\"attachment-medium size-medium\" alt=\"\" ids=\"9479,9485,9491,9497,9503,9509,9515,9521,9527,9533,9539,9545,9551,9557,9563,9569,9575,9581,9587,9593,9599,9605,9611,9617,9623,9629,9635,9641,9647,9653,9659,9665,9671,9677,9683,9689,9695,9701,9707,9713,9719,9725,9731,9737\" style=\"normal\" lightbox_image_size=\"2048x2048\" type=\"slider\" slider_nav_style=\"circle\" slider_nav_position=\"outside\" srcset=\"https:\/\/www.alevcamcioglu.com\/wp-content\/uploads\/2024\/11\/rinoplastika-pre-posle-fotografija-u-turskoj-33-320x400.jpg 320w, https:\/\/www.alevcamcioglu.com\/wp-content\/uploads\/2024\/11\/rinoplastika-pre-posle-fotografija-u-turskoj-33-640x800.jpg 640w, https:\/\/www.alevcamcioglu.com\/wp-content\/uploads\/2024\/11\/rinoplastika-pre-posle-fotografija-u-turskoj-33-768x960.jpg 768w, https:\/\/www.alevcamcioglu.com\/wp-content\/uploads\/2024\/11\/rinoplastika-pre-posle-fotografija-u-turskoj-33.jpg 1000w\" sizes=\"(max-width: 320px) 100vw, 320px\" title=\"\">                                                              <\/div>\n              <div class=\"box-text text-left\" >\n                 <p><\/p>\n              <\/div>\n            <\/div>\n            <\/a>          <\/div>\n         <\/div><div class=\"gallery-col col\" >\n          <div class=\"col-inner\">\n            <a class=\"image-lightbox lightbox-gallery\" href=\"https:\/\/www.alevcamcioglu.com\/wp-content\/uploads\/2024\/11\/rinoplastika-pre-posle-fotografija-u-turskoj-34.jpg\" title=\"\">            <div class=\"box has-hover gallery-box box-normal\">\n              <div class=\"box-image\" >\n                <img decoding=\"async\" width=\"320\" height=\"400\" src=\"https:\/\/www.alevcamcioglu.com\/wp-content\/uploads\/2024\/11\/rinoplastika-pre-posle-fotografija-u-turskoj-34-320x400.jpg\" class=\"attachment-medium size-medium\" alt=\"\" ids=\"9479,9485,9491,9497,9503,9509,9515,9521,9527,9533,9539,9545,9551,9557,9563,9569,9575,9581,9587,9593,9599,9605,9611,9617,9623,9629,9635,9641,9647,9653,9659,9665,9671,9677,9683,9689,9695,9701,9707,9713,9719,9725,9731,9737\" style=\"normal\" lightbox_image_size=\"2048x2048\" type=\"slider\" slider_nav_style=\"circle\" slider_nav_position=\"outside\" srcset=\"https:\/\/www.alevcamcioglu.com\/wp-content\/uploads\/2024\/11\/rinoplastika-pre-posle-fotografija-u-turskoj-34-320x400.jpg 320w, https:\/\/www.alevcamcioglu.com\/wp-content\/uploads\/2024\/11\/rinoplastika-pre-posle-fotografija-u-turskoj-34-640x800.jpg 640w, https:\/\/www.alevcamcioglu.com\/wp-content\/uploads\/2024\/11\/rinoplastika-pre-posle-fotografija-u-turskoj-34-768x960.jpg 768w, https:\/\/www.alevcamcioglu.com\/wp-content\/uploads\/2024\/11\/rinoplastika-pre-posle-fotografija-u-turskoj-34.jpg 1000w\" sizes=\"(max-width: 320px) 100vw, 320px\" title=\"\">                                                              <\/div>\n              <div class=\"box-text text-left\" >\n                 <p><\/p>\n              <\/div>\n            <\/div>\n            <\/a>          <\/div>\n         <\/div><div class=\"gallery-col col\" >\n          <div class=\"col-inner\">\n            <a class=\"image-lightbox lightbox-gallery\" href=\"https:\/\/www.alevcamcioglu.com\/wp-content\/uploads\/2024\/11\/rinoplastika-pre-posle-fotografija-u-turskoj-35.jpg\" title=\"\">            <div class=\"box has-hover gallery-box box-normal\">\n              <div class=\"box-image\" >\n                <img decoding=\"async\" width=\"320\" height=\"400\" src=\"https:\/\/www.alevcamcioglu.com\/wp-content\/uploads\/2024\/11\/rinoplastika-pre-posle-fotografija-u-turskoj-35-320x400.jpg\" class=\"attachment-medium size-medium\" alt=\"\" ids=\"9479,9485,9491,9497,9503,9509,9515,9521,9527,9533,9539,9545,9551,9557,9563,9569,9575,9581,9587,9593,9599,9605,9611,9617,9623,9629,9635,9641,9647,9653,9659,9665,9671,9677,9683,9689,9695,9701,9707,9713,9719,9725,9731,9737\" style=\"normal\" lightbox_image_size=\"2048x2048\" type=\"slider\" slider_nav_style=\"circle\" slider_nav_position=\"outside\" srcset=\"https:\/\/www.alevcamcioglu.com\/wp-content\/uploads\/2024\/11\/rinoplastika-pre-posle-fotografija-u-turskoj-35-320x400.jpg 320w, https:\/\/www.alevcamcioglu.com\/wp-content\/uploads\/2024\/11\/rinoplastika-pre-posle-fotografija-u-turskoj-35-640x800.jpg 640w, https:\/\/www.alevcamcioglu.com\/wp-content\/uploads\/2024\/11\/rinoplastika-pre-posle-fotografija-u-turskoj-35-768x960.jpg 768w, https:\/\/www.alevcamcioglu.com\/wp-content\/uploads\/2024\/11\/rinoplastika-pre-posle-fotografija-u-turskoj-35.jpg 1000w\" sizes=\"(max-width: 320px) 100vw, 320px\" title=\"\">                                                              <\/div>\n              <div class=\"box-text text-left\" >\n                 <p><\/p>\n              <\/div>\n            <\/div>\n            <\/a>          <\/div>\n         <\/div><div class=\"gallery-col col\" >\n          <div class=\"col-inner\">\n            <a class=\"image-lightbox lightbox-gallery\" href=\"https:\/\/www.alevcamcioglu.com\/wp-content\/uploads\/2024\/11\/rinoplastika-pre-posle-fotografija-u-turskoj-36.jpg\" title=\"\">            <div class=\"box has-hover gallery-box box-normal\">\n              <div class=\"box-image\" >\n                <img decoding=\"async\" width=\"320\" height=\"400\" src=\"https:\/\/www.alevcamcioglu.com\/wp-content\/uploads\/2024\/11\/rinoplastika-pre-posle-fotografija-u-turskoj-36-320x400.jpg\" class=\"attachment-medium size-medium\" alt=\"\" ids=\"9479,9485,9491,9497,9503,9509,9515,9521,9527,9533,9539,9545,9551,9557,9563,9569,9575,9581,9587,9593,9599,9605,9611,9617,9623,9629,9635,9641,9647,9653,9659,9665,9671,9677,9683,9689,9695,9701,9707,9713,9719,9725,9731,9737\" style=\"normal\" lightbox_image_size=\"2048x2048\" type=\"slider\" slider_nav_style=\"circle\" slider_nav_position=\"outside\" srcset=\"https:\/\/www.alevcamcioglu.com\/wp-content\/uploads\/2024\/11\/rinoplastika-pre-posle-fotografija-u-turskoj-36-320x400.jpg 320w, https:\/\/www.alevcamcioglu.com\/wp-content\/uploads\/2024\/11\/rinoplastika-pre-posle-fotografija-u-turskoj-36-640x800.jpg 640w, https:\/\/www.alevcamcioglu.com\/wp-content\/uploads\/2024\/11\/rinoplastika-pre-posle-fotografija-u-turskoj-36-768x960.jpg 768w, https:\/\/www.alevcamcioglu.com\/wp-content\/uploads\/2024\/11\/rinoplastika-pre-posle-fotografija-u-turskoj-36.jpg 1200w\" sizes=\"(max-width: 320px) 100vw, 320px\" title=\"\">                                                              <\/div>\n              <div class=\"box-text text-left\" >\n                 <p><\/p>\n              <\/div>\n            <\/div>\n            <\/a>          <\/div>\n         <\/div><div class=\"gallery-col col\" >\n          <div class=\"col-inner\">\n            <a class=\"image-lightbox lightbox-gallery\" href=\"https:\/\/www.alevcamcioglu.com\/wp-content\/uploads\/2024\/11\/rinoplastika-pre-posle-fotografija-u-turskoj-37.jpg\" title=\"\">            <div class=\"box has-hover gallery-box box-normal\">\n              <div class=\"box-image\" >\n                <img decoding=\"async\" width=\"320\" height=\"400\" src=\"https:\/\/www.alevcamcioglu.com\/wp-content\/uploads\/2024\/11\/rinoplastika-pre-posle-fotografija-u-turskoj-37-320x400.jpg\" class=\"attachment-medium size-medium\" alt=\"\" ids=\"9479,9485,9491,9497,9503,9509,9515,9521,9527,9533,9539,9545,9551,9557,9563,9569,9575,9581,9587,9593,9599,9605,9611,9617,9623,9629,9635,9641,9647,9653,9659,9665,9671,9677,9683,9689,9695,9701,9707,9713,9719,9725,9731,9737\" style=\"normal\" lightbox_image_size=\"2048x2048\" type=\"slider\" slider_nav_style=\"circle\" slider_nav_position=\"outside\" srcset=\"https:\/\/www.alevcamcioglu.com\/wp-content\/uploads\/2024\/11\/rinoplastika-pre-posle-fotografija-u-turskoj-37-320x400.jpg 320w, https:\/\/www.alevcamcioglu.com\/wp-content\/uploads\/2024\/11\/rinoplastika-pre-posle-fotografija-u-turskoj-37-640x800.jpg 640w, https:\/\/www.alevcamcioglu.com\/wp-content\/uploads\/2024\/11\/rinoplastika-pre-posle-fotografija-u-turskoj-37-768x960.jpg 768w, https:\/\/www.alevcamcioglu.com\/wp-content\/uploads\/2024\/11\/rinoplastika-pre-posle-fotografija-u-turskoj-37.jpg 1200w\" sizes=\"(max-width: 320px) 100vw, 320px\" title=\"\">                                                              <\/div>\n              <div class=\"box-text text-left\" >\n                 <p><\/p>\n              <\/div>\n            <\/div>\n            <\/a>          <\/div>\n         <\/div><div class=\"gallery-col col\" >\n          <div class=\"col-inner\">\n            <a class=\"image-lightbox lightbox-gallery\" href=\"https:\/\/www.alevcamcioglu.com\/wp-content\/uploads\/2024\/11\/rinoplastika-pre-posle-fotografija-u-turskoj-38.jpg\" title=\"\">            <div class=\"box has-hover gallery-box box-normal\">\n              <div class=\"box-image\" >\n                <img decoding=\"async\" width=\"320\" height=\"400\" src=\"https:\/\/www.alevcamcioglu.com\/wp-content\/uploads\/2024\/11\/rinoplastika-pre-posle-fotografija-u-turskoj-38-320x400.jpg\" class=\"attachment-medium size-medium\" alt=\"\" ids=\"9479,9485,9491,9497,9503,9509,9515,9521,9527,9533,9539,9545,9551,9557,9563,9569,9575,9581,9587,9593,9599,9605,9611,9617,9623,9629,9635,9641,9647,9653,9659,9665,9671,9677,9683,9689,9695,9701,9707,9713,9719,9725,9731,9737\" style=\"normal\" lightbox_image_size=\"2048x2048\" type=\"slider\" slider_nav_style=\"circle\" slider_nav_position=\"outside\" srcset=\"https:\/\/www.alevcamcioglu.com\/wp-content\/uploads\/2024\/11\/rinoplastika-pre-posle-fotografija-u-turskoj-38-320x400.jpg 320w, https:\/\/www.alevcamcioglu.com\/wp-content\/uploads\/2024\/11\/rinoplastika-pre-posle-fotografija-u-turskoj-38-640x800.jpg 640w, https:\/\/www.alevcamcioglu.com\/wp-content\/uploads\/2024\/11\/rinoplastika-pre-posle-fotografija-u-turskoj-38-768x960.jpg 768w, https:\/\/www.alevcamcioglu.com\/wp-content\/uploads\/2024\/11\/rinoplastika-pre-posle-fotografija-u-turskoj-38.jpg 1200w\" sizes=\"(max-width: 320px) 100vw, 320px\" title=\"\">                                                              <\/div>\n              <div class=\"box-text text-left\" >\n                 <p><\/p>\n              <\/div>\n            <\/div>\n            <\/a>          <\/div>\n         <\/div><div class=\"gallery-col col\" >\n          <div class=\"col-inner\">\n            <a class=\"image-lightbox lightbox-gallery\" href=\"https:\/\/www.alevcamcioglu.com\/wp-content\/uploads\/2024\/11\/rinoplastika-pre-posle-fotografija-u-turskoj-39.jpg\" title=\"\">            <div class=\"box has-hover gallery-box box-normal\">\n              <div class=\"box-image\" >\n                <img decoding=\"async\" width=\"320\" height=\"400\" src=\"https:\/\/www.alevcamcioglu.com\/wp-content\/uploads\/2024\/11\/rinoplastika-pre-posle-fotografija-u-turskoj-39-320x400.jpg\" class=\"attachment-medium size-medium\" alt=\"\" ids=\"9479,9485,9491,9497,9503,9509,9515,9521,9527,9533,9539,9545,9551,9557,9563,9569,9575,9581,9587,9593,9599,9605,9611,9617,9623,9629,9635,9641,9647,9653,9659,9665,9671,9677,9683,9689,9695,9701,9707,9713,9719,9725,9731,9737\" style=\"normal\" lightbox_image_size=\"2048x2048\" type=\"slider\" slider_nav_style=\"circle\" slider_nav_position=\"outside\" srcset=\"https:\/\/www.alevcamcioglu.com\/wp-content\/uploads\/2024\/11\/rinoplastika-pre-posle-fotografija-u-turskoj-39-320x400.jpg 320w, https:\/\/www.alevcamcioglu.com\/wp-content\/uploads\/2024\/11\/rinoplastika-pre-posle-fotografija-u-turskoj-39-639x800.jpg 639w, https:\/\/www.alevcamcioglu.com\/wp-content\/uploads\/2024\/11\/rinoplastika-pre-posle-fotografija-u-turskoj-39-768x961.jpg 768w, https:\/\/www.alevcamcioglu.com\/wp-content\/uploads\/2024\/11\/rinoplastika-pre-posle-fotografija-u-turskoj-39.jpg 999w\" sizes=\"(max-width: 320px) 100vw, 320px\" title=\"\">                                                              <\/div>\n              <div class=\"box-text text-left\" >\n                 <p><\/p>\n              <\/div>\n            <\/div>\n            <\/a>          <\/div>\n         <\/div><div class=\"gallery-col col\" >\n          <div class=\"col-inner\">\n            <a class=\"image-lightbox lightbox-gallery\" href=\"https:\/\/www.alevcamcioglu.com\/wp-content\/uploads\/2024\/11\/rinoplastika-pre-posle-fotografija-u-turskoj-40.jpg\" title=\"\">            <div class=\"box has-hover gallery-box box-normal\">\n              <div class=\"box-image\" >\n                <img decoding=\"async\" width=\"320\" height=\"400\" src=\"https:\/\/www.alevcamcioglu.com\/wp-content\/uploads\/2024\/11\/rinoplastika-pre-posle-fotografija-u-turskoj-40-320x400.jpg\" class=\"attachment-medium size-medium\" alt=\"\" ids=\"9479,9485,9491,9497,9503,9509,9515,9521,9527,9533,9539,9545,9551,9557,9563,9569,9575,9581,9587,9593,9599,9605,9611,9617,9623,9629,9635,9641,9647,9653,9659,9665,9671,9677,9683,9689,9695,9701,9707,9713,9719,9725,9731,9737\" style=\"normal\" lightbox_image_size=\"2048x2048\" type=\"slider\" slider_nav_style=\"circle\" slider_nav_position=\"outside\" srcset=\"https:\/\/www.alevcamcioglu.com\/wp-content\/uploads\/2024\/11\/rinoplastika-pre-posle-fotografija-u-turskoj-40-320x400.jpg 320w, https:\/\/www.alevcamcioglu.com\/wp-content\/uploads\/2024\/11\/rinoplastika-pre-posle-fotografija-u-turskoj-40-640x800.jpg 640w, https:\/\/www.alevcamcioglu.com\/wp-content\/uploads\/2024\/11\/rinoplastika-pre-posle-fotografija-u-turskoj-40-768x960.jpg 768w, https:\/\/www.alevcamcioglu.com\/wp-content\/uploads\/2024\/11\/rinoplastika-pre-posle-fotografija-u-turskoj-40.jpg 1000w\" sizes=\"(max-width: 320px) 100vw, 320px\" title=\"\">                                                              <\/div>\n              <div class=\"box-text text-left\" >\n                 <p><\/p>\n              <\/div>\n            <\/div>\n            <\/a>          <\/div>\n         <\/div><div class=\"gallery-col col\" >\n          <div class=\"col-inner\">\n            <a class=\"image-lightbox lightbox-gallery\" href=\"https:\/\/www.alevcamcioglu.com\/wp-content\/uploads\/2024\/11\/rinoplastika-pre-posle-fotografija-u-turskoj-41.jpg\" title=\"\">            <div class=\"box has-hover gallery-box box-normal\">\n              <div class=\"box-image\" >\n                <img decoding=\"async\" width=\"320\" height=\"400\" src=\"https:\/\/www.alevcamcioglu.com\/wp-content\/uploads\/2024\/11\/rinoplastika-pre-posle-fotografija-u-turskoj-41-320x400.jpg\" class=\"attachment-medium size-medium\" alt=\"\" ids=\"9479,9485,9491,9497,9503,9509,9515,9521,9527,9533,9539,9545,9551,9557,9563,9569,9575,9581,9587,9593,9599,9605,9611,9617,9623,9629,9635,9641,9647,9653,9659,9665,9671,9677,9683,9689,9695,9701,9707,9713,9719,9725,9731,9737\" style=\"normal\" lightbox_image_size=\"2048x2048\" type=\"slider\" slider_nav_style=\"circle\" slider_nav_position=\"outside\" srcset=\"https:\/\/www.alevcamcioglu.com\/wp-content\/uploads\/2024\/11\/rinoplastika-pre-posle-fotografija-u-turskoj-41-320x400.jpg 320w, https:\/\/www.alevcamcioglu.com\/wp-content\/uploads\/2024\/11\/rinoplastika-pre-posle-fotografija-u-turskoj-41-640x800.jpg 640w, https:\/\/www.alevcamcioglu.com\/wp-content\/uploads\/2024\/11\/rinoplastika-pre-posle-fotografija-u-turskoj-41-768x960.jpg 768w, https:\/\/www.alevcamcioglu.com\/wp-content\/uploads\/2024\/11\/rinoplastika-pre-posle-fotografija-u-turskoj-41.jpg 1000w\" sizes=\"(max-width: 320px) 100vw, 320px\" title=\"\">                                                              <\/div>\n              <div class=\"box-text text-left\" >\n                 <p><\/p>\n              <\/div>\n            <\/div>\n            <\/a>          <\/div>\n         <\/div><div class=\"gallery-col col\" >\n          <div class=\"col-inner\">\n            <a class=\"image-lightbox lightbox-gallery\" href=\"https:\/\/www.alevcamcioglu.com\/wp-content\/uploads\/2024\/11\/rinoplastika-pre-posle-fotografija-u-turskoj-42.jpg\" title=\"\">            <div class=\"box has-hover gallery-box box-normal\">\n              <div class=\"box-image\" >\n                <img decoding=\"async\" width=\"320\" height=\"400\" src=\"https:\/\/www.alevcamcioglu.com\/wp-content\/uploads\/2024\/11\/rinoplastika-pre-posle-fotografija-u-turskoj-42-320x400.jpg\" class=\"attachment-medium size-medium\" alt=\"\" ids=\"9479,9485,9491,9497,9503,9509,9515,9521,9527,9533,9539,9545,9551,9557,9563,9569,9575,9581,9587,9593,9599,9605,9611,9617,9623,9629,9635,9641,9647,9653,9659,9665,9671,9677,9683,9689,9695,9701,9707,9713,9719,9725,9731,9737\" style=\"normal\" lightbox_image_size=\"2048x2048\" type=\"slider\" slider_nav_style=\"circle\" slider_nav_position=\"outside\" srcset=\"https:\/\/www.alevcamcioglu.com\/wp-content\/uploads\/2024\/11\/rinoplastika-pre-posle-fotografija-u-turskoj-42-320x400.jpg 320w, https:\/\/www.alevcamcioglu.com\/wp-content\/uploads\/2024\/11\/rinoplastika-pre-posle-fotografija-u-turskoj-42-640x800.jpg 640w, https:\/\/www.alevcamcioglu.com\/wp-content\/uploads\/2024\/11\/rinoplastika-pre-posle-fotografija-u-turskoj-42-768x960.jpg 768w, https:\/\/www.alevcamcioglu.com\/wp-content\/uploads\/2024\/11\/rinoplastika-pre-posle-fotografija-u-turskoj-42.jpg 1200w\" sizes=\"(max-width: 320px) 100vw, 320px\" title=\"\">                                                              <\/div>\n              <div class=\"box-text text-left\" >\n                 <p><\/p>\n              <\/div>\n            <\/div>\n            <\/a>          <\/div>\n         <\/div><div class=\"gallery-col col\" >\n          <div class=\"col-inner\">\n            <a class=\"image-lightbox lightbox-gallery\" href=\"https:\/\/www.alevcamcioglu.com\/wp-content\/uploads\/2024\/11\/rinoplastika-pre-posle-fotografija-u-turskoj-43.jpg\" title=\"\">            <div class=\"box has-hover gallery-box box-normal\">\n              <div class=\"box-image\" >\n                <img decoding=\"async\" width=\"320\" height=\"400\" src=\"https:\/\/www.alevcamcioglu.com\/wp-content\/uploads\/2024\/11\/rinoplastika-pre-posle-fotografija-u-turskoj-43-320x400.jpg\" class=\"attachment-medium size-medium\" alt=\"\" ids=\"9479,9485,9491,9497,9503,9509,9515,9521,9527,9533,9539,9545,9551,9557,9563,9569,9575,9581,9587,9593,9599,9605,9611,9617,9623,9629,9635,9641,9647,9653,9659,9665,9671,9677,9683,9689,9695,9701,9707,9713,9719,9725,9731,9737\" style=\"normal\" lightbox_image_size=\"2048x2048\" type=\"slider\" slider_nav_style=\"circle\" slider_nav_position=\"outside\" srcset=\"https:\/\/www.alevcamcioglu.com\/wp-content\/uploads\/2024\/11\/rinoplastika-pre-posle-fotografija-u-turskoj-43-320x400.jpg 320w, https:\/\/www.alevcamcioglu.com\/wp-content\/uploads\/2024\/11\/rinoplastika-pre-posle-fotografija-u-turskoj-43-640x800.jpg 640w, https:\/\/www.alevcamcioglu.com\/wp-content\/uploads\/2024\/11\/rinoplastika-pre-posle-fotografija-u-turskoj-43-768x960.jpg 768w, https:\/\/www.alevcamcioglu.com\/wp-content\/uploads\/2024\/11\/rinoplastika-pre-posle-fotografija-u-turskoj-43.jpg 1200w\" sizes=\"(max-width: 320px) 100vw, 320px\" title=\"\">                                                              <\/div>\n              <div class=\"box-text text-left\" >\n                 <p><\/p>\n              <\/div>\n            <\/div>\n            <\/a>          <\/div>\n         <\/div><div class=\"gallery-col col\" >\n          <div class=\"col-inner\">\n            <a class=\"image-lightbox lightbox-gallery\" href=\"https:\/\/www.alevcamcioglu.com\/wp-content\/uploads\/2024\/11\/rinoplastika-pre-posle-fotografija-u-turskoj-44.jpg\" title=\"\">            <div class=\"box has-hover gallery-box box-normal\">\n              <div class=\"box-image\" >\n                <img decoding=\"async\" width=\"320\" height=\"400\" src=\"https:\/\/www.alevcamcioglu.com\/wp-content\/uploads\/2024\/11\/rinoplastika-pre-posle-fotografija-u-turskoj-44-320x400.jpg\" class=\"attachment-medium size-medium\" alt=\"\" ids=\"9479,9485,9491,9497,9503,9509,9515,9521,9527,9533,9539,9545,9551,9557,9563,9569,9575,9581,9587,9593,9599,9605,9611,9617,9623,9629,9635,9641,9647,9653,9659,9665,9671,9677,9683,9689,9695,9701,9707,9713,9719,9725,9731,9737\" style=\"normal\" lightbox_image_size=\"2048x2048\" type=\"slider\" slider_nav_style=\"circle\" slider_nav_position=\"outside\" srcset=\"https:\/\/www.alevcamcioglu.com\/wp-content\/uploads\/2024\/11\/rinoplastika-pre-posle-fotografija-u-turskoj-44-320x400.jpg 320w, https:\/\/www.alevcamcioglu.com\/wp-content\/uploads\/2024\/11\/rinoplastika-pre-posle-fotografija-u-turskoj-44-640x800.jpg 640w, https:\/\/www.alevcamcioglu.com\/wp-content\/uploads\/2024\/11\/rinoplastika-pre-posle-fotografija-u-turskoj-44-768x960.jpg 768w, https:\/\/www.alevcamcioglu.com\/wp-content\/uploads\/2024\/11\/rinoplastika-pre-posle-fotografija-u-turskoj-44.jpg 1200w\" sizes=\"(max-width: 320px) 100vw, 320px\" title=\"\">                                                              <\/div>\n              <div class=\"box-text text-left\" >\n                 <p><\/p>\n              <\/div>\n            <\/div>\n            <\/a>          <\/div>\n         <\/div><\/div>\n\n<a href=\"https:\/\/www.alevcamcioglu.com\/sr\/results\/slike-pre-i-posle-operacije-nosa\/\" class=\"button primary lowercase\" style=\"border-radius:10px;padding:5px 40px 5px 40px;\">\n\t\t<span>Pogledajte sve na\u0161e rezultate<\/span>\n\t<i class=\"icon-angle-right\" aria-hidden=\"true\"><\/i><\/a>\n\n\n\n\t\t<\/div>\n\t\t\t\t\n<style>\n#col-1094924775 > .col-inner {\n  padding: 20px 0px 0px 0px;\n}\n<\/style>\n\t<\/div>\n\n\t\n\n<\/div>\n\n\t\t<\/div>\n\n\t\t\n<style>\n#section_1569079502 {\n  padding-top: 0px;\n  padding-bottom: 0px;\n  background-color: rgb(240, 240, 240);\n}\n<\/style>\n\t<\/section>\n\t\n\n\t<section class=\"section\" id=\"section_1421562821\">\n\t\t<div class=\"section-bg fill\" >\n\t\t\t\t\t\t\t\t\t\n\t\t\t\n\n\t\t<\/div>\n\n\t\t\n\n\t\t<div class=\"section-content relative\">\n\t\t\t\n<div class=\"row\"  id=\"row-1217299040\">\n\n\t<div id=\"col-1641749205\" class=\"col small-12 large-12\"  >\n\t\t\t\t<div class=\"col-inner\"  >\n\t\t\t\n\t\t\t\n<h2>Va\u017enost Unutra\u0161nje Nosne Valvule i Njena Uloga u Sekundarnoj Rinoplastici<\/h2>\n<p>Unutra\u0161nja nosna valvula igra klju\u010dnu ulogu tokom disanja. Ova struktura formira trougao koji \u010dine kaudalna ivica gornje lateralne hrskavice, septum i baza nosa. Tokom udisanja se su\u017eava, a tokom izdisanja se \u0161iri, stvaraju\u0107i Venturi efekat. Ova pokretljivost podr\u017eava aerodinami\u010dke funkcije valvule i reguli\u0161e protok vazduha kroz nos.<\/p>\n<ul>\n<li>Normalni ugao izme\u0111u kaudalne ivice gornje lateralne hrskavice i septuma je 120 stepeni.<\/li>\n<li>Ovaj ugao je od vitalnog zna\u010daja za pravilno funkcionisanje unutra\u0161nje valvule.<\/li>\n<li>Optimalni ugao izme\u0111u septuma i gornje lateralne hrskavice (ULC) je 15 stepeni.<\/li>\n<\/ul>\n<p>U slu\u010dajevima sekundarne rinoplastike, ovi uglovi su \u010desto naru\u0161eni. Ove deformacije, koje uzrokuju pote\u0161ko\u0107e sa disanjem, negativno uti\u010du na funkcionalnost unutra\u0161nje nosne valvule. Sekundarna rinoplastika ima za cilj ispravljanje ovih strukturalnih deformiteta.<\/p>\n<ul>\n<li>Atrezija mo\u017ee uticati na integritet unutra\u0161nje nosne valvule u \u010detiri stepena te\u017eine.<\/li>\n<li>Ispravljanje ovog stanja obi\u010dno je izazovno.<\/li>\n<\/ul>\n<p>Upotreba spreader graftova je va\u017ena za vra\u0107anje normalnog divergencijskog ugla izme\u0111u dorzalnog septuma i gornje lateralne hrskavice. Kada su pravilno postavljeni, ovi graftovi podr\u017eavaju integritet unutra\u0161nje valvule i poma\u017eu u normalizaciji nosnih funkcija. Tako se podr\u017eava proces estetskog i funkcionalnog oporavka pacijenta.<\/p>\n<h2>Revizija (Sekundarna) Estetike Nosa: Koji Graftovi se Koriste?<\/h2>\n<figure id=\"attachment_2084\" aria-describedby=\"caption-attachment-2084\" style=\"width: 1024px\" class=\"wp-caption aligncenter\"><img decoding=\"async\" class=\"wp-image-2084 size-large\" src=\"https:\/\/www.alevcamcioglu.com\/wp-content\/uploads\/2024\/06\/burun-estetigi-ameliyati-oncesi-kontrol-1024x1024.jpg\" alt=\"Kontrola pre operacije estetike nosa\" width=\"1024\" height=\"1024\" title=\"\" srcset=\"https:\/\/www.alevcamcioglu.com\/wp-content\/uploads\/2024\/06\/burun-estetigi-ameliyati-oncesi-kontrol-1024x1024.jpg 1024w, https:\/\/www.alevcamcioglu.com\/wp-content\/uploads\/2024\/06\/burun-estetigi-ameliyati-oncesi-kontrol-300x300.jpg 300w, https:\/\/www.alevcamcioglu.com\/wp-content\/uploads\/2024\/06\/burun-estetigi-ameliyati-oncesi-kontrol-150x150.jpg 150w, https:\/\/www.alevcamcioglu.com\/wp-content\/uploads\/2024\/06\/burun-estetigi-ameliyati-oncesi-kontrol-768x768.jpg 768w, https:\/\/www.alevcamcioglu.com\/wp-content\/uploads\/2024\/06\/burun-estetigi-ameliyati-oncesi-kontrol-370x370.jpg 370w, https:\/\/www.alevcamcioglu.com\/wp-content\/uploads\/2024\/06\/burun-estetigi-ameliyati-oncesi-kontrol-244x244.jpg 244w, https:\/\/www.alevcamcioglu.com\/wp-content\/uploads\/2024\/06\/burun-estetigi-ameliyati-oncesi-kontrol-760x760.jpg 760w, https:\/\/www.alevcamcioglu.com\/wp-content\/uploads\/2024\/06\/burun-estetigi-ameliyati-oncesi-kontrol.jpg 1080w\" sizes=\"(max-width: 1024px) 100vw, 1024px\" \/><figcaption id=\"caption-attachment-2084\" class=\"wp-caption-text\">Kontrola pre operacije estetike nosa<\/figcaption><\/figure>\n<p>Graftovi kori\u0161\u0107eni tokom revizije rinoplastike su od velike va\u017enosti za estetsku i strukturalnu podr\u0161ku. Izbor ovih graftova se vr\u0161i kako bi se prevazi\u0161le pote\u0161ko\u0107e nastale tokom prethodnih operacija. Razli\u010dite vrste graftova igraju klju\u010dnu ulogu u ponovnom oblikovanju anatomije nosa. Spreader graftovi se koriste za vra\u0107anje prirodnog ugla izme\u0111u septuma i gornje lateralne hrskavice, dok se kolumelarni strut graft koristi za podr\u0161ku medijalnih krura.<\/p>\n<ul>\n<li>Spreader Graftovi: Ovi graftovi obezbe\u0111uju pravilni ugao nosnih krila i pobolj\u0161avaju disanje kroz nos.<\/li>\n<li>Kolumelarni Strut Graft: Postavlja se vertikalno izme\u0111u medijalnih krura i pru\u017ea \u010dvrstu podr\u0161ku vrhu nosa.<\/li>\n<li>Septalni Dorsalni Pove\u0107avaju\u0107i Graftovi: Idealni za situacije koje zahtevaju vi\u0161eslojne graftove i podi\u017eu dorzalni deo nosa.<\/li>\n<li>U\u010dni Graftovi: Postavljaju se na vrhove nosnih kvr\u017eica i poma\u017eu u definisanju vrha nosa.<\/li>\n<li>Onlay Kriminalni Graftovi: Popunjavaju praznine i udubljenja u hrskavicama nosa.<\/li>\n<li>Rebarna Kost i Hrustani\u010dni Graftovi: Koriste se u slu\u010dajevima kada su lokalni graftovi nedovoljni i pru\u017eaju \u010dvrstu strukturalnu podr\u0161ku.<\/li>\n<li>Homograftovi: Pogodni za pacijente koji su pro\u0161li kroz septum resekciju i zahtevaju posebne uslove skladi\u0161tenja.<\/li>\n<\/ul>\n<p>Upotreba ovih graftova je klju\u010dni faktor za uspeh sekundarnih rinoplasti\u010dkih operacija. Svaka vrsta grafta je pa\u017eljivo odabrana kako bi re\u0161ila specifi\u010dne probleme i ispunila estetske i funkcionalne o\u010dekivanja pacijenta. Iskusni hirurzi koriste ove graftove na na\u010din koji je prilago\u0111en jedinstvenim potrebama svakog pacijenta kako bi postigli optimalne rezultate.<\/p>\n<h2>Koje Tehnike \u0160avova se Koriste u Reviziji Rinoplastike?<\/h2>\n<figure id=\"attachment_2100\" aria-describedby=\"caption-attachment-2100\" style=\"width: 1024px\" class=\"wp-caption aligncenter\"><img decoding=\"async\" class=\"wp-image-2100 size-large\" src=\"https:\/\/www.alevcamcioglu.com\/wp-content\/uploads\/2024\/06\/Burun-ameliyati-sirasinda-ameliyathaneden-goruntu-1024x1024.jpg\" alt=\"Slika iz operacione sale tokom operacije nosa\" width=\"1024\" height=\"1024\" title=\"\" srcset=\"https:\/\/www.alevcamcioglu.com\/wp-content\/uploads\/2024\/06\/Burun-ameliyati-sirasinda-ameliyathaneden-goruntu-1024x1024.jpg 1024w, https:\/\/www.alevcamcioglu.com\/wp-content\/uploads\/2024\/06\/Burun-ameliyati-sirasinda-ameliyathaneden-goruntu-300x300.jpg 300w, https:\/\/www.alevcamcioglu.com\/wp-content\/uploads\/2024\/06\/Burun-ameliyati-sirasinda-ameliyathaneden-goruntu-150x150.jpg 150w, https:\/\/www.alevcamcioglu.com\/wp-content\/uploads\/2024\/06\/Burun-ameliyati-sirasinda-ameliyathaneden-goruntu-768x768.jpg 768w, https:\/\/www.alevcamcioglu.com\/wp-content\/uploads\/2024\/06\/Burun-ameliyati-sirasinda-ameliyathaneden-goruntu-370x370.jpg 370w, https:\/\/www.alevcamcioglu.com\/wp-content\/uploads\/2024\/06\/Burun-ameliyati-sirasinda-ameliyathaneden-goruntu-244x244.jpg 244w, https:\/\/www.alevcamcioglu.com\/wp-content\/uploads\/2024\/06\/Burun-ameliyati-sirasinda-ameliyathaneden-goruntu-760x760.jpg 760w, https:\/\/www.alevcamcioglu.com\/wp-content\/uploads\/2024\/06\/Burun-ameliyati-sirasinda-ameliyathaneden-goruntu.jpg 1080w\" sizes=\"(max-width: 1024px) 100vw, 1024px\" \/><figcaption id=\"caption-attachment-2100\" class=\"wp-caption-text\">Slika iz operacione sale tokom operacije nosa<\/figcaption><\/figure>\n<p>Tokom procesa revizije rinoplastike koriste se posebne tehnike \u0161avova. Svaka tehnika cilja odre\u0111enu anatomsku korekciju, \u0161to omogu\u0107ava postizanje estetskih i funkcionalnih rezultata. Pre nego \u0161to se detaljno objasne ove tehnike, potrebno je dati op\u0161ti pregled njihovog kori\u0161\u0107enja<\/p>\n<p>i razloga.<\/p>\n<p>Transdomalni \u0160av:<\/p>\n<ul>\n<li>Smanjuje i podi\u017ee krov donje lateralne hrskavice ili srednjeg stuba.<\/li>\n<\/ul>\n<p>Interdomalni \u0160av:<\/p>\n<ul>\n<li>Pribli\u017eava cefali\u010dne uglove su\u017eenih krovova kako bi formirao idealni konvergentni ugao od 30 stepeni.<\/li>\n<li>Defini\u0161e trota\u010dku projekciju na vrhu.<\/li>\n<\/ul>\n<p>Kolumela-Septum Povezuju\u0107i \u0160av:<\/p>\n<ul>\n<li>Kontroli\u0161e rotaciju vrha nosa gore ili dole kako bi se postigao idealni nasolabijalni ugao.<\/li>\n<li><a href=\"https:\/\/www.ncbi.nlm.nih.gov\/pmc\/articles\/PMC2825136\/\" target=\"_blank\" rel=\"noopener\">Omogu\u0107ava idealni ugao od 90-95 stepeni kod mu\u0161karaca i 95-100 stepeni kod \u017eena.<\/a><\/li>\n<\/ul>\n<p>Horizontalni Pro\u0161ivni \u0160av:<\/p>\n<ul>\n<li>Pretvara konkavnost u konveksnost i obrnuto.<\/li>\n<li>Igle prolaze kroz jednu stranu udubljene hrskavice, izlaze, i vra\u0107aju se na suprotnu stranu.<\/li>\n<\/ul>\n<p>Diferencijalni \u0160av:<\/p>\n<ul>\n<li>Prenosi iskrivljeni ravni septalni hrskavicu u srednju liniju.<\/li>\n<li>Mo\u017ee biti potrebno vi\u0161e \u0161avova kako bi se ispravila iskrivljenost.<\/li>\n<\/ul>\n<h2>Kako Se Odvija Proces Oporavka Nakon Revizije Rinoplastike?<\/h2>\n<p>Proces oporavka nakon revizije rinoplastike je kriti\u010dna faza za uspeh operacije. Pacijenti mogu primetiti blagu otok u nosu tokom prve nedelje nakon operacije. Upotreba resorptivnih \u0161avova olak\u0161ava proces oporavka eliminisanjem potrebe za uklanjanjem \u0161avova. Tako\u0111e, hirurzi koriste napredne tehnike kako bi smanjili upotrebu nosnih tampona, pove\u0107avaju\u0107i udobnost pacijenata.<\/p>\n<ul>\n<li>\u0160avovi: Izra\u0111eni od resorptivnog materijala, eliminiraju potrebu za uklanjanjem \u0161avova.<\/li>\n<li>Tamponi: Smanjena upotreba optimizovana za udobnost pacijenta.<\/li>\n<\/ul>\n<p>Tokom po\u010detne faze oporavka, pacijentima se \u010desto preporu\u010duje no\u0161enje nosne udlage kako bi se podr\u017eala nova oblikovana struktura nosa. Lekari prepisuju analgetike za smanjenje nelagodnosti. Pacijenti tako\u0111e dobijaju smernice za odgovaraju\u0107u negu rana. Redovni kontrolni pregledi se zakazuju kako bi se procenio napredak oporavka i rano otkrile mogu\u0107e komplikacije. Ove kontrole osiguravaju uspe\u0161an tok procesa oporavka.<\/p>\n<h2>Pad Vrh Nosa Nakon Revizije Rinoplastike: Faktori Rizika i Efekti<\/h2>\n<figure id=\"attachment_2118\" aria-describedby=\"caption-attachment-2118\" style=\"width: 1080px\" class=\"wp-caption aligncenter\"><img decoding=\"async\" class=\"wp-image-2118 size-full\" src=\"https:\/\/www.alevcamcioglu.com\/wp-content\/uploads\/2024\/06\/burun-ameliyati-sonrasi-kontrol-yapan-doktor-ve-kadin-hasta.jpg\" alt=\"Doktor obavlja kontrolu pacijenta nakon operacije nosa\" width=\"1080\" height=\"1139\" title=\"\" srcset=\"https:\/\/www.alevcamcioglu.com\/wp-content\/uploads\/2024\/06\/burun-ameliyati-sonrasi-kontrol-yapan-doktor-ve-kadin-hasta.jpg 1080w, https:\/\/www.alevcamcioglu.com\/wp-content\/uploads\/2024\/06\/burun-ameliyati-sonrasi-kontrol-yapan-doktor-ve-kadin-hasta-284x300.jpg 284w, https:\/\/www.alevcamcioglu.com\/wp-content\/uploads\/2024\/06\/burun-ameliyati-sonrasi-kontrol-yapan-doktor-ve-kadin-hasta-971x1024.jpg 971w, https:\/\/www.alevcamcioglu.com\/wp-content\/uploads\/2024\/06\/burun-ameliyati-sonrasi-kontrol-yapan-doktor-ve-kadin-hasta-768x810.jpg 768w, https:\/\/www.alevcamcioglu.com\/wp-content\/uploads\/2024\/06\/burun-ameliyati-sonrasi-kontrol-yapan-doktor-ve-kadin-hasta-370x390.jpg 370w, https:\/\/www.alevcamcioglu.com\/wp-content\/uploads\/2024\/06\/burun-ameliyati-sonrasi-kontrol-yapan-doktor-ve-kadin-hasta-760x802.jpg 760w\" sizes=\"(max-width: 1080px) 100vw, 1080px\" \/><figcaption id=\"caption-attachment-2118\" class=\"wp-caption-text\">Doktor obavlja kontrolu pacijenta nakon operacije nosa<\/figcaption><\/figure>\n<p>Pad vrha nosa mo\u017ee se javiti nakon revizije rinoplastike. Ova komplikacija zavisi od koli\u010dine uklonjenog tkiva i tehnika kori\u0161\u0107enih tokom operacije. Kada se ukloni previ\u0161e tkiva, nose\u0107a struktura vrha nosa slabi i pove\u0107ava se rizik od pada. Iskustvo hirurga igra klju\u010dnu ulogu u smanjenju ovog rizika. Stru\u010dan hirurg mo\u017ee pravilno analizirati strukturu nosa i primeniti najpogodnije tehnike:<\/p>\n<ul>\n<li>Uklanjanje Tkiva: \u0160to vi\u0161e tkiva se ukloni, to je ve\u0107i rizik od gubitka podr\u0161ke za vrh nosa.<\/li>\n<li>Potporne Strukture: O\u010duvanje ili ja\u010danje nose\u0107ih struktura minimizuje rizik od pada.<\/li>\n<li>Tehnike Hirurga: Preciznost kori\u0161\u0107enih tehnika uti\u010de na rizik od pada vrha nosa.<\/li>\n<\/ul>\n<h2>Kada Treba Izvr\u0161iti Reviziju Rinoplastike?<\/h2>\n<p>Revizija rinoplastike se razmatra nakon primarne operacije nosa. Ovaj proces zahteva \u010dekanje na potpuno zaceljivanje i stabilizaciju tkiva. Nakon prve operacije, obi\u010dno se preporu\u010duje period od \u0161est meseci za zaceljivanje tkiva. Tokom ovog perioda, tkiva se vra\u0107aju u svoje zdravo stanje, a rezultati operacije postaju jasni. Na taj na\u010din, hirurg ima bolje mogu\u0107nosti da proceni trenutnu situaciju. Kako bi se odredilo najranije vreme za reviziju rinoplastike, treba uzeti u obzir slede\u0107e faktore:<\/p>\n<ul>\n<li>Proteklo vreme od prve operacije: Najmanje 6 meseci<\/li>\n<li>Stanje zaceljenosti tkiva<\/li>\n<li>Op\u0161te zdravstveno stanje pacijenta<\/li>\n<\/ul>\n<h2>Koji Tip Anestezije se Koristi za Reviziju Rinoplastike?<\/h2>\n<p>Generalna anestezija omogu\u0107ava hirurgu pa\u017eljiv i detaljan rad, dok pacijent ne ose\u0107a nikakvu bol tokom revizije rinoplastike. Ova metoda se posebno koristi za dugotrajne i slo\u017eene intervencije. Za kra\u0107e i manje invazivne procedure mogu se koristiti lokalna anestezija ili sedacija. Kod primene lokalne anestezije:<\/p>\n<ul>\n<li>Samo nosna regija se anestezira.<\/li>\n<li>Pacijent ostaje budan tokom zahvata.<\/li>\n<\/ul>\n<p>Kod sedacije:<\/p>\n<ul>\n<li>Pacijent je u blagom snu.<\/li>\n<li>Ne dolazi do potpunog gubitka svesti.<\/li>\n<\/ul>\n<p>Izbor anestezije zavisi od nekoliko faktora:<\/p>\n<ul>\n<li>Op\u0161te zdravstveno stanje pacijenta.<\/li>\n<li>Kompleksnost operacije.<\/li>\n<li>Li\u010dni preferencije pacijenta.<\/li>\n<\/ul>\n<h2>Stvaranje Trajnih O\u017eiljaka Nakon Revizije Rinoplastike<\/h2>\n<p>Operacije revizije rinoplastike, posebno kada se koristi otvorena metoda, mogu ostaviti o\u017eiljke na vrhu nosa. Zatvorena tehnika, s druge strane, \u010dini o\u017eiljke manje vidljivim. Stvaranje o\u017eiljaka zavisi od nekoliko faktora. Tip ko\u017ee je va\u017ean faktor; posebno kod debele i masne ko\u017ee rizik od o\u017eiljaka je ve\u0107i. Tako\u0111e, genetske karakteristike zaceljivanja rana kod pojedinca mogu uticati na vidljivost o\u017eiljaka. Preventivne mere za minimizaciju o\u017eiljaka uklju\u010duju:<\/p>\n<ul>\n<li>Izbor iskusnog hirurga: Iskustvo i tehni\u010dka ve\u0161tina hirurga mogu minimizirati stvaranje o\u017eiljaka.<\/li>\n<li>Nega nakon operacije: Pa\u017eljiva nega rana i pridr\u017eavanje lekarskih preporuka pozitivno uti\u010du na proces zaceljivanja.<\/li>\n<\/ul>\n<h2>Koji je Idealni Period Oporavka Nakon Operacije Revizije Rinoplastike?<\/h2>\n<p>Period oporavka nakon operacije revizije rinoplastike je od klju\u010dne va\u017enosti za brzo i efikasno zaceljivanje pacijenta. Prvih dana, lekari prepisuju lekove za kontrolu bola. Tokom prvih 24-48 sati, odmaranje minimizira bol i otok. Ve\u0107ina pacijenata mo\u017ee postepeno nastaviti sa svakodnevnim aktivnostima nakon prve nedelje. Me\u0111utim, potpuni proces zaceljivanja obi\u010dno traje izme\u0111u \u0161est meseci i godinu dana.<\/p>\n<p>Tokom perioda oporavka, potrebno je obratiti pa\u017enju na slede\u0107e:<\/p>\n<ul>\n<li>Izbegavanje napornih fizi\u010dkih aktivnosti<\/li>\n<li>Pa\u017eljivo \u010duvanje nosa od udaraca<\/li>\n<li>Izbegavanje direktne izlo\u017eenosti suncu<\/li>\n<li>Izbegavanje pu\u0161enja<\/li>\n<\/ul>\n<h2>Koji Rizici Su Povezani sa Revizijom Rinoplastike?<\/h2>\n<p>Pacijenti mogu biti suo\u010deni sa razli\u010ditim rizicima tokom revizije rinoplastike. Ova intervencija nakon prve operacije mo\u017ee dov<\/p>\n<p>esti do slo\u017eenijih komplikacija. Zbog prirode hirur\u0161kog procesa, krvarenje mo\u017ee biti ozbiljan razlog za zabrinutost. Tako\u0111e, treba uzeti u obzir slede\u0107e rizike:<\/p>\n<ul>\n<li>Infekcija mo\u017ee direktno uticati na zdravlje.<\/li>\n<li>Proces zaceljivanja rana mo\u017ee biti produ\u017een, \u010dime se pove\u0107ava vreme oporavka.<\/li>\n<li>Estetski rezultati mo\u017eda ne\u0107e biti u skladu sa o\u010dekivanjima, \u0161to mo\u017ee uticati na zadovoljstvo pacijenta.<\/li>\n<li>Problemi sa disanjem mogu smanjiti kvalitet \u017eivota.<\/li>\n<\/ul>\n<p>Kona\u010dno, rizici povezani sa anestezijom su uvek prisutni. Svaki rizik treba detaljno razmotriti sa lekarom. Pacijenti treba da budu informisani i da imaju jasne informacije o mogu\u0107im ishodima.<\/p>\n\t\t<\/div>\n\t\t\t\t\t<\/div>\n\n\t\n\n\t<div id=\"col-588837177\" class=\"col small-12 large-12\"  >\n\t\t\t\t<div class=\"col-inner\"  >\n\t\t\t\n\t\t\t\n<h2>Koliko ko\u0161ta  u Turska?<\/h2>\r\n<p><a href=\"https:\/\/www.alevcamcioglu.com\/sr\/cene-operacija-cena\/\">Cena <\/a> u Istanbulu, Turska obi\u010dno se kre\u0107e od 5000 do 7000 evra. Cena mo\u017ee varirati u zavisnosti od nekoliko faktora, kao \u0161to su stru\u010dnost hirurga, slo\u017eenost procedure, reputacija klinike i dodatne usluge uklju\u010dene u paket.<\/p>\r\n<table dir=\"ltr\" style=\"height: 506px;\" border=\"1\" width=\"693\" cellspacing=\"0\" cellpadding=\"0\" data-sheets-root=\"1\" data-sheets-baot=\"1\"><colgroup><col width=\"218\" \/><col width=\"117\" \/><\/colgroup>\r\n<tbody>\r\n<tr>\r\n<td style=\"text-align: center;\" colspan=\"2\" rowspan=\"1\"> cena u 2026<\/td>\r\n<\/tr>\r\n<tr>\r\n<td>Austrija<\/td>\r\n<td>\u20ac10,000 - \u20ac20,000<\/td>\r\n<\/tr>\r\n<tr>\r\n<td>Bosna i Hercegovina<\/td>\r\n<td>\u20ac3,500 - \u20ac10,500<\/td>\r\n<\/tr>\r\n<tr>\r\n<td>Brazil<\/td>\r\n<td>\u20ac9,000 - \u20ac17,000<\/td>\r\n<\/tr>\r\n<tr>\r\n<td>Hrvatska<\/td>\r\n<td>\u20ac5,000 - \u20ac15,000<\/td>\r\n<\/tr>\r\n<tr>\r\n<td>Francuska<\/td>\r\n<td>\u20ac11,000 - \u20ac23,000<\/td>\r\n<\/tr>\r\n<tr>\r\n<td>Nema\u010dka<\/td>\r\n<td>\u20ac11,000 - \u20ac23,000<\/td>\r\n<\/tr>\r\n<tr>\r\n<td>Gr\u010dka<\/td>\r\n<td>\u20ac4,000 - \u20ac12,000<\/td>\r\n<\/tr>\r\n<tr>\r\n<td>Italija<\/td>\r\n<td>\u20ac10,000 - \u20ac20,000<\/td>\r\n<\/tr>\r\n<tr>\r\n<td>Severna Makedonija<\/td>\r\n<td>\u20ac3,000 - \u20ac9,000<\/td>\r\n<\/tr>\r\n<tr>\r\n<td>Crna Gora<\/td>\r\n<td>\u20ac4,500 - \u20ac13,500<\/td>\r\n<\/tr>\r\n<tr>\r\n<td>Norve\u0161ka<\/td>\r\n<td>\u20ac12,000 - \u20ac26,000<\/td>\r\n<\/tr>\r\n<tr>\r\n<td>Srbija<\/td>\r\n<td>\u20ac4,000 - \u20ac12,000<\/td>\r\n<\/tr>\r\n<tr>\r\n<td>Slovenija<\/td>\r\n<td>\u20ac5,500 - \u20ac16,500<\/td>\r\n<\/tr>\r\n<tr>\r\n<td>\u0160vedska<\/td>\r\n<td>\u20ac12,000 - \u20ac26,000<\/td>\r\n<\/tr>\r\n<tr>\r\n<td>\u0160vajcarska<\/td>\r\n<td>\u20ac13,000 - \u20ac29,000<\/td>\r\n<\/tr>\r\n<tr>\r\n<td>Turska<\/td>\r\n<td>\u20ac5,000 - \u20ac7,000<\/td>\r\n<\/tr>\r\n<tr>\r\n<td>Ujedinjeno Kraljevstvo<\/td>\r\n<td>\u20ac12,000 - \u20ac26,000<\/td>\r\n<\/tr>\r\n<tr>\r\n<td>Sjedinjene Ameri\u010dke Dr\u017eave<\/td>\r\n<td>\u20ac12,000 - \u20ac26,000<\/td>\r\n<\/tr>\r\n<\/tbody>\r\n<\/table>\n<h2>\u010cesto Postavljana Pitanja<\/h2>\n<div class=\"accordion ameliyatlar-sss\">\n\t<div id=\"accordion-2147919163\" class=\"accordion-item\">\n\t\t<a id=\"accordion-2147919163-label\" class=\"accordion-title plain\" href=\"#accordion-item-da-li-je-revizija-operacije-nosa-te\u0161ka?\" aria-expanded=\"false\" aria-controls=\"accordion-2147919163-content\">\n\t\t\t<button class=\"toggle\" aria-label=\"Toggle\"><i class=\"icon-angle-down\" aria-hidden=\"true\"><\/i><\/button>\n\t\t\t<h3 class=\"accordion-heading\" role=\"heading\" aria-level=\"3\">Da li je revizija operacije nosa te\u0161ka?<\/h3>\n\t\t<\/a>\n\t\t<div id=\"accordion-2147919163-content\" class=\"accordion-inner\" aria-labelledby=\"accordion-2147919163-label\">\n\t\t\t\n<p>Te\u017eina revizije operacije nosa je obi\u010dno ve\u0107a za hirurga. Za pacijente, ova operacija obi\u010dno nije te\u017ea od prve operacije. Me\u0111utim, ako u nosu nema dovoljno hrskavi\u010dnog tkiva, mo\u017ee biti potrebno uzeti tkivo iz uha ili rebara. U tom slu\u010daju, pacijent \u0107e imati drugu ranu, \u0161to mo\u017ee u\u010diniti proces oporavka slo\u017eenijim.<\/p>\n\t\t<\/div>\n\t<\/div>\n\t\n\t<div id=\"accordion-631703580\" class=\"accordion-item\">\n\t\t<a id=\"accordion-631703580-label\" class=\"accordion-title plain\" href=\"#accordion-item-kada-se-radi-revizija-nakon-operacije-nosa?\" aria-expanded=\"false\" aria-controls=\"accordion-631703580-content\">\n\t\t\t<button class=\"toggle\" aria-label=\"Toggle\"><i class=\"icon-angle-down\" aria-hidden=\"true\"><\/i><\/button>\n\t\t\t<h3 class=\"accordion-heading\" role=\"heading\" aria-level=\"3\">Kada se radi revizija nakon operacije nosa?<\/h3>\n\t\t<\/a>\n\t\t<div id=\"accordion-631703580-content\" class=\"accordion-inner\" aria-labelledby=\"accordion-631703580-label\">\n\t\t\t\n<p>Revizija se obi\u010dno radi godinu dana nakon prve operacije nosa. Tokom ovog perioda, tkiva se zaceljuju i sazrevaju. Zbog toga su revizijske operacije koje se rade pre isteka jedne godine rizi\u010dnije jer tkiva nisu potpuno zaceljena. Tako\u0111e, faktori kao \u0161to su krutost i adhezivnost tkiva mogu uzrokovati probleme kod ranijih intervencija. Zbog toga je idealno \u010dekati godinu dana za reviziju.<\/p>\n\t\t<\/div>\n\t<\/div>\n\t\n\t<div id=\"accordion-2401334955\" class=\"accordion-item\">\n\t\t<a id=\"accordion-2401334955-label\" class=\"accordion-title plain\" href=\"#accordion-item-da-li-se-napla\u0107uje-revizija-nakon-estetske-operacije-nosa?\" aria-expanded=\"false\" aria-controls=\"accordion-2401334955-content\">\n\t\t\t<button class=\"toggle\" aria-label=\"Toggle\"><i class=\"icon-angle-down\" aria-hidden=\"true\"><\/i><\/button>\n\t\t\t<h3 class=\"accordion-heading\" role=\"heading\" aria-level=\"3\">Da li se napla\u0107uje revizija nakon estetske operacije nosa?<\/h3>\n\t\t<\/a>\n\t\t<div id=\"accordion-2401334955-content\" class=\"accordion-inner\" aria-labelledby=\"accordion-2401334955-label\">\n\t\t\t\n<p>Revizija rinoplastike obuhvata korekcije koje se rade nakon prve estetske operacije nosa. Ove operacije se rade kako bi se odgovorilo na specifi\u010dne estetske zahteve pacijenta. Zbog toga se ove intervencije obi\u010dno pla\u0107aju iz li\u010dnih sredstava pacijenta. Revizijske operacije se prilago\u0111avaju o\u010dekivanjima pacijenta, \u0161to \u010dini napla\u0107ivanje neizbe\u017enim. Pacijenti bi trebali proveriti da li njihov privatni zdravstveni osiguratelj pokriva tro\u0161kove.<\/p>\n\t\t<\/div>\n\t<\/div>\n\t\n\t<div id=\"accordion-4204753206\" class=\"accordion-item\">\n\t\t<a id=\"accordion-4204753206-label\" class=\"accordion-title plain\" href=\"#accordion-item-da-li-je-revizija-rinoplastike-rizi\u010dna?\" aria-expanded=\"false\" aria-controls=\"accordion-4204753206-content\">\n\t\t\t<button class=\"toggle\" aria-label=\"Toggle\"><i class=\"icon-angle-down\" aria-hidden=\"true\"><\/i><\/button>\n\t\t\t<h3 class=\"accordion-heading\" role=\"heading\" aria-level=\"3\">Da li je revizija rinoplastike rizi\u010dna?<\/h3>\n\t\t<\/a>\n\t\t<div id=\"accordion-4204753206-content\" class=\"accordion-inner\" aria-labelledby=\"accordion-4204753206-label\">\n\t\t\t\n<p>Revizija rinoplastike je obi\u010dno slo\u017eenija od prve operacije, ali kada je izvodi iskusni hirurg, ne nosi veliki rizik. Komplikacije koje se javljaju tokom prve rinoplastike mogu se pojaviti i kod revizije. Ove komplikacije uklju\u010duju oticanje i modrice oko nosa i o\u010diju. Me\u0111utim, ove komplikacije brzo prolaze kada se upravljaju prema preporukama lekara. Ako se pojave nepredvi\u0111ene situacije, poput prekomernog krvarenja, oticanja ili modrica, pacijent bi trebao odmah obavestiti svog lekara.<\/p>\n\t\t<\/div>\n\t<\/div>\n\t\n\t<div id=\"accordion-365521225\" class=\"accordion-item\">\n\t\t<a id=\"accordion-365521225-label\" class=\"accordion-title plain\" href=\"#accordion-item-da-li-\u0107e-nos-pasti-nakon-revizije?\" aria-expanded=\"false\" aria-controls=\"accordion-365521225-content\">\n\t\t\t<button class=\"toggle\" aria-label=\"Toggle\"><i class=\"icon-angle-down\" aria-hidden=\"true\"><\/i><\/button>\n\t\t\t<h3 class=\"accordion-heading\" role=\"heading\" aria-level=\"3\">Da li \u0107e nos pasti nakon revizije?<\/h3>\n\t\t<\/a>\n\t\t<div id=\"accordion-365521225-content\" class=\"accordion-inner\" aria-labelledby=\"accordion-365521225-label\">\n\t\t\t\n<p>Pad nosa nakon revizije rinoplastike mo\u017ee se dogoditi tokom hirur\u0161ke intervencije. Ovo se posebno de\u0161ava kada se ukloni previ\u0161e hrskavi\u010dnog tkiva. Zbog toga je va\u017eno izabrati iskusnog hirurga za operacije nosa. Tako\u0111e, promene u prirodnoj strukturi nosa mogu uzrokovati sli\u010dne probleme. Ove komplikacije su obi\u010dno posledica hirur\u0161kih gre\u0161aka. Stoga, uspeh operacije nosa u velikoj meri zavisi od ve\u0161tine hirurga.<\/p>\n\t\t<\/div>\n\t<\/div>\n\t\n\t<div id=\"accordion-1424748635\" class=\"accordion-item\">\n\t\t<a id=\"accordion-1424748635-label\" class=\"accordion-title plain\" href=\"#accordion-item-da-li-su-dve-operacije-nosa-rizi\u010dne?\" aria-expanded=\"false\" aria-controls=\"accordion-1424748635-content\">\n\t\t\t<button class=\"toggle\" aria-label=\"Toggle\"><i class=\"icon-angle-down\" aria-hidden=\"true\"><\/i><\/button>\n\t\t\t<h3 class=\"accordion-heading\" role=\"heading\" aria-level=\"3\">Da li su dve operacije nosa rizi\u010dne?<\/h3>\n\t\t<\/a>\n\t\t<div id=\"accordion-1424748635-content\" class=\"accordion-inner\" aria-labelledby=\"accordion-1424748635-label\">\n\t\t\t\n<p>Izme\u0111u dve operacije nosa treba pro\u0107i najmanje \u0161est meseci. Tokom ovog perioda, tkiva se zaceljuju i sazrevaju. Rana druga rinoplastika mo\u017ee smanjiti \u0161anse za uspeh. Posebno kada su potrebni transferi hrskavi\u010dnog tkiva, dovoljno vreme za zaceljivanje je od su\u0161tinske va\u017enosti. Korekcije koje se rade ubrzo nakon prve operacije mogu dovesti do nepo\u017eeljnih rezultata. Zbog toga lekari obi\u010dno ne preporu\u010duju sekundarnu rinoplastiku pre isteka \u0161est meseci.<\/p>\n\t\t<\/div>\n\t<\/div>\n\t\n\t<div id=\"accordion-2627163037\" class=\"accordion-item\">\n\t\t<a id=\"accordion-2627163037-label\" class=\"accordion-title plain\" href=\"#accordion-item-da-li-se-mo\u017ee-izvesti-tri-operacije-nosa?\" aria-expanded=\"false\" aria-controls=\"accordion-2627163037-content\">\n\t\t\t<button class=\"toggle\" aria-label=\"Toggle\"><i class=\"icon-angle-down\" aria-hidden=\"true\"><\/i><\/button>\n\t\t\t<h3 class=\"accordion-heading\" role=\"heading\" aria-level=\"3\">Da li se mo\u017ee izvesti tri operacije nosa?<\/h3>\n\t\t<\/a>\n\t\t<div id=\"accordion-2627163037-content\" class=\"accordion-inner\" aria-labelledby=\"accordion-2627163037-label\">\n\t\t\t\n<p>Tri operacije nosa su mogu\u0107e. Me\u0111utim, svaka dodatna operacija nosi ve\u0107i rizik u odnosu na prethodnu. Pored toga, ponovljene operacije postaju slo\u017eenije zbog o\u017eiljnog tkiva i strukturalnih promena nastalih usled prethodnih intervencija. \u0160ansa za uspeh svake nove operacije zavisi od iskustva hirurga i kori\u0161\u0107enih tehnika. Stoga, izbor iskusnog hirurga postaje jo\u0161 va\u017eniji kod vi\u0161e operacija. Ponovljene operacije zahtevaju pa\u017eljivu procenu i planiranje.<\/p>\n\t\t<\/div>\n\t<\/div>\n\t\n\t<div id=\"accordion-2955046941\" class=\"accordion-item\">\n\t\t<a id=\"accordion-2955046941-label\" class=\"accordion-title plain\" href=\"#accordion-item-koja-tehnika-se-koristi-za-reviziju-operacije-nosa?\" aria-expanded=\"false\" aria-controls=\"accordion-2955046941-content\">\n\t\t\t<button class=\"toggle\" aria-label=\"Toggle\"><i class=\"icon-angle-down\" aria-hidden=\"true\"><\/i><\/button>\n\t\t\t<h3 class=\"accordion-heading\" role=\"heading\" aria-level=\"3\">Koja tehnika se koristi za reviziju operacije nosa?<\/h3>\n\t\t<\/a>\n\t\t<div id=\"accordion-2955046941-content\" class=\"accordion-inner\" aria-labelledby=\"accordion-2955046941-label\">\n\t\t\t\n<p>Revizija operacije nosa se izvodi koriste\u0107i zatvorenu ili otvorenu tehniku, u zavisnosti od karakteristika slu\u010daja. Kada su potrebne velike strukturalne promene, obi\u010dno se koristi otvorena tehnika. Ova metoda omogu\u0107ava hirurgu direktan pristup skeletu nosa. S druge strane, zatvorena tehnika je pogodna za manje korekcije. Kod zatvorene tehnike, rezovi se prave unutar nosnih zidova, bez spolja\u0161njih o\u017eiljaka. Obe tehnike imaju svoje prednosti i nedostatke, a izbor zavisi od preferencija hirurga i stanja pacijenta.<\/p>\n\t\t<\/div>\n\t<\/div>\n\t\n\t<div id=\"accordion-3644298335\" class=\"accordion-item\">\n\t\t<a id=\"accordion-3644298335-label\" class=\"accordion-title plain\" href=\"#accordion-item-koji-su-razlozi-za-reviziju-operacije-nosa-nakon-prve-estetske-operacije?\" aria-expanded=\"false\" aria-controls=\"accordion-3644298335-content\">\n\t\t\t<button class=\"toggle\" aria-label=\"Toggle\"><i class=\"icon-angle-down\" aria-hidden=\"true\"><\/i><\/button>\n\t\t\t<h3 class=\"accordion-heading\" role=\"heading\" aria-level=\"3\">Koji su razlozi za reviziju operacije nosa nakon prve estetske operacije?<\/h3>\n\t\t<\/a>\n\t\t<div id=\"accordion-3644298335-content\" class=\"accordion-inner\" aria-labelledby=\"accordion-3644298335-label\">\n\t\t\t\n<p>Revizija operacije nosa je obi\u010dno potrebna iz nekoliko razloga. Naj\u010de\u0161\u0107i razlog su deformacije koje nastaju nakon prve operacije. Tako\u0111e, nezadovoljstvo estetskim rezultatima mo\u017ee pacijente navesti na reviziju. Funkcionalni problemi, kao \u0161to su pote\u0161ko\u0107e sa disanjem, mogu se pojaviti nakon neuspe\u0161ne prve operacije i pove\u0107ati potrebu za revizijom. Ponekad pacijenti zahtevaju manje korekcije. Me\u0111utim, zna\u010dajne deformacije zahtevaju opse\u017enu reviziju. Stoga, nezadovoljstvo pacijenta i funkcionalni problemi su glavni indikatori za revizijsku operaciju.<\/p>\n\t\t<\/div>\n\t<\/div>\n\t\n\t<div id=\"accordion-1952220631\" class=\"accordion-item\">\n\t\t<a id=\"accordion-1952220631-label\" class=\"accordion-title plain\" href=\"#accordion-item-kako-se-odre\u0111uju-cene-za-reviziju-estetske-operacije-nosa?\" aria-expanded=\"false\" aria-controls=\"accordion-1952220631-content\">\n\t\t\t<button class=\"toggle\" aria-label=\"Toggle\"><i class=\"icon-angle-down\" aria-hidden=\"true\"><\/i><\/button>\n\t\t\t<h3 class=\"accordion-heading\" role=\"heading\" aria-level=\"3\">Kako se odre\u0111uju cene za reviziju estetske operacije nosa?<\/h3>\n\t\t<\/a>\n\t\t<div id=\"accordion-1952220631-content\" class=\"accordion-inner\" aria-labelledby=\"accordion-1952220631-label\">\n\t\t\t\n<p>Cene za reviziju estetske operacije nosa zavise od razli\u010ditih faktora. Prvo, svaka situacija pacijenta je razli\u010dita, \u0161to zna\u010di da se tro\u0161kovi odre\u0111uju individualno. Tako\u0111e, ove operacije zahtevaju veliko iskustvo, zbog \u010dega izbor doktora igra klju\u010dnu ulogu u odre\u0111ivanju cena. Izabrana bolnica tako\u0111e uti\u010de na cene jer svaka bolnica tra\u017ei razli\u010dite naknade u zavisnosti od kvaliteta usluga koje pru\u017ea. Dakle, tro\u0161kovi revizije estetske operacije nosa oblikuju se prema ovim trima glavnim faktorima.<\/p>\n\t\t<\/div>\n\t<\/div>\n\t\n\t<div id=\"accordion-2660466483\" class=\"accordion-item\">\n\t\t<a id=\"accordion-2660466483-label\" class=\"accordion-title plain\" href=\"#accordion-item-da-li-je-upotreba-graftova-neophodna-tokom-revizije-estetske-operacije-nosa?\" aria-expanded=\"false\" aria-controls=\"accordion-2660466483-content\">\n\t\t\t<button class=\"toggle\" aria-label=\"Toggle\"><i class=\"icon-angle-down\" aria-hidden=\"true\"><\/i><\/button>\n\t\t\t<h3 class=\"accordion-heading\" role=\"heading\" aria-level=\"3\">Da li je upotreba graftova neophodna tokom revizije estetske operacije nosa?<\/h3>\n\t\t<\/a>\n\t\t<div id=\"accordion-2660466483-content\" class=\"accordion-inner\" aria-labelledby=\"accordion-2660466483-label\">\n\t\t\t\n<p>Upotreba graftova je \u010desto neophodna tokom revizije estetske operacije nosa. Nedostatak septalnog hrskavi\u010dnog tkiva nakon prethodnih operacija stvara ovu potrebu. Obi\u010dno se koristi hrskavica iz uha ili rebara. Ovo mo\u017ee produ\u017eiti trajanje operacije. Dakle, upotreba graftova je klju\u010dna za postizanje uspe\u0161nog ishoda. Potreba za graftovima mo\u017ee varirati kod svakog pacijenta i zavisi od procene hirurga.<\/p>\n\t\t<\/div>\n\t<\/div>\n\t\n<\/div>\n\t\t<\/div>\n\t\t\t\t\t<\/div>\n\n\t\n\n\t<div id=\"col-889527878\" class=\"col small-12 large-12\"  >\n\t\t\t\t<div class=\"col-inner\"  >\n\t\t\t\n\t\t\t\n<h2 style=\"text-align: left;\">Jedan od najboljih klini\u010dkih timova za  u Turskoj<\/h2>\n<p>Dr. Alev Camc\u0131o\u011flu se smatra jednim od<a href=\"https:\/\/www.alevcamcioglu.com\/sr\/\"> najboljih  hirurga<\/a> u Turskoj. Mo\u017eete pogledati <a href=\"https:\/\/www.google.com\/search?sca_esv=19415285e7d3a11e&amp;q=Op.+Dr.+Alev+Camc%C4%B1o%C4%9Flu+%7C+Burun+Esteti%C4%9Fi+,+Rinoplasti&amp;si=ACC90nwjPmqJHrCEt6ewASzksVFQDX8zco_7MgBaIawvaF4-7h723rVnZZFvK9OUD_1VBtQCUeVRPTUGteg0cLBOJKCQcF0l8NwoxI3g4M0bcP1xT-CjIKs%3D&amp;uds=ADvngMjY3r6cFmkgAf0Cxo_OKwUu8-9wBrBINI3SgEOgMBDI-5zv7ouVxpoC5B3rGHvBXe2sC4UfcRCjxwtdIZqUOJLNbC7tiBSx22BIl7RGCQjdXli44B_uGb9i1YxcDMMbIHEpYimMnELWSd3nhL869lQu7z7kZ8TooMdqLcQgmPDHyHohCQ8&amp;sa=X&amp;ved=2ahUKEwiiiMOMqeSJAxVxS_EDHdySMG0Q3PALegQIGRAE&amp;biw=2276&amp;bih=1055&amp;dpr=1.13\" target=\"_blank\" rel=\"noopener\">recenzije za  ovde.<\/a><\/p>\n<div class=\"row row-full-width align-center\"  id=\"row-1881033501\">\n\n\n\t<div id=\"col-1558610692\" class=\"col medium-2 small-6 large-2\"  >\n\t\t\t\t<div class=\"col-inner\"  >\n\t\t\t\n\t\t\t\n\n    <div class=\"box has-hover has-hover box-text-bottom\" >\n\n                  <div class=\"box-image \" >\n           <div class=\"box-image-inner image-cover\" style=\"padding-top:100%;\">\n              <img decoding=\"async\" width=\"1080\" height=\"1122\" src=\"https:\/\/www.alevcamcioglu.com\/wp-content\/uploads\/2018\/02\/106913305_714307142741324_420816097913162768_n.jpg\" class=\"attachment- size-\" alt=\"\" srcset=\"https:\/\/www.alevcamcioglu.com\/wp-content\/uploads\/2018\/02\/106913305_714307142741324_420816097913162768_n.jpg 1080w, https:\/\/www.alevcamcioglu.com\/wp-content\/uploads\/2018\/02\/106913305_714307142741324_420816097913162768_n-289x300.jpg 289w, https:\/\/www.alevcamcioglu.com\/wp-content\/uploads\/2018\/02\/106913305_714307142741324_420816097913162768_n-986x1024.jpg 986w, https:\/\/www.alevcamcioglu.com\/wp-content\/uploads\/2018\/02\/106913305_714307142741324_420816097913162768_n-768x798.jpg 768w, https:\/\/www.alevcamcioglu.com\/wp-content\/uploads\/2018\/02\/106913305_714307142741324_420816097913162768_n-370x384.jpg 370w, https:\/\/www.alevcamcioglu.com\/wp-content\/uploads\/2018\/02\/106913305_714307142741324_420816097913162768_n-760x790.jpg 760w\" sizes=\"(max-width: 1080px) 100vw, 1080px\" title=\"\">                         <\/div>\n          <\/div>\n         \n          <div class=\"box-text text-center\" >\n                <div class=\"box-text-inner\">\n                  <h4 class=\"uppercase\">\n                    <span class=\"person-name\">Op. Dr. Alev Camc\u0131o\u011flu<\/span><br\/>\n                    <span class=\"person-title is-small thin-font op-7\">\n                      Hirurg za rinoplastiku                    <\/span>\n                  <\/h4>\n\t\t\t\t\t<div class=\"social-icons follow-icons\" ><a href=\"https:\/\/www.facebook.com\/dralevcamcioglu\/\" target=\"_blank\" data-label=\"Facebook\" class=\"icon primary button circle tooltip facebook\" title=\"Follow on Facebook\" aria-label=\"Follow on Facebook\" rel=\"noopener nofollow\"><i class=\"icon-facebook\" aria-hidden=\"true\"><\/i><\/a><a href=\"https:\/\/www.instagram.com\/dralevcamcioglu\/\" target=\"_blank\" data-label=\"Instagram\" class=\"icon primary button circle tooltip instagram\" title=\"Follow on Instagram\" aria-label=\"Follow on Instagram\" rel=\"noopener nofollow\"><i class=\"icon-instagram\" aria-hidden=\"true\"><\/i><\/a><\/div>\n\n\n                <\/div>\n          <\/div>\n    <\/div>\n\n\t\n    \n\n\t\t<\/div>\n\t\t\t\t\t<\/div>\n\n\t\n\n\t<div id=\"col-409993057\" class=\"col medium-2 small-6 large-2\"  >\n\t\t\t\t<div class=\"col-inner\"  >\n\t\t\t\n\t\t\t\n\n    <div class=\"box has-hover has-hover box-text-bottom\" >\n\n                  <div class=\"box-image \" >\n           <div class=\"box-image-inner image-cover\" style=\"padding-top:100%;\">\n              <img decoding=\"async\" width=\"1200\" height=\"800\" src=\"https:\/\/www.alevcamcioglu.com\/wp-content\/uploads\/2018\/02\/DSC00496-1200x800-1.jpg\" class=\"attachment- size-\" alt=\"\" srcset=\"https:\/\/www.alevcamcioglu.com\/wp-content\/uploads\/2018\/02\/DSC00496-1200x800-1.jpg 1200w, https:\/\/www.alevcamcioglu.com\/wp-content\/uploads\/2018\/02\/DSC00496-1200x800-1-300x200.jpg 300w, https:\/\/www.alevcamcioglu.com\/wp-content\/uploads\/2018\/02\/DSC00496-1200x800-1-1024x683.jpg 1024w, https:\/\/www.alevcamcioglu.com\/wp-content\/uploads\/2018\/02\/DSC00496-1200x800-1-768x512.jpg 768w, https:\/\/www.alevcamcioglu.com\/wp-content\/uploads\/2018\/02\/DSC00496-1200x800-1-370x247.jpg 370w, https:\/\/www.alevcamcioglu.com\/wp-content\/uploads\/2018\/02\/DSC00496-1200x800-1-760x507.jpg 760w\" sizes=\"(max-width: 1200px) 100vw, 1200px\" title=\"\">                         <\/div>\n          <\/div>\n         \n          <div class=\"box-text text-center\" >\n                <div class=\"box-text-inner\">\n                  <h4 class=\"uppercase\">\n                    <span class=\"person-name\">Aylin Uyu\u015fmak<\/span><br\/>\n                    <span class=\"person-title is-small thin-font op-7\">\n                      Klini\u010dki Koordinator                    <\/span>\n                  <\/h4>\n\t\t\t\t\t<div class=\"social-icons follow-icons\" ><a href=\"https:\/\/www.facebook.com\/dralevcamcioglu\/\" target=\"_blank\" data-label=\"Facebook\" class=\"icon primary button circle tooltip facebook\" title=\"Follow on Facebook\" aria-label=\"Follow on Facebook\" rel=\"noopener nofollow\"><i class=\"icon-facebook\" aria-hidden=\"true\"><\/i><\/a><a href=\"https:\/\/www.instagram.com\/dralevcamcioglu\/\" target=\"_blank\" data-label=\"Instagram\" class=\"icon primary button circle tooltip instagram\" title=\"Follow on Instagram\" aria-label=\"Follow on Instagram\" rel=\"noopener nofollow\"><i class=\"icon-instagram\" aria-hidden=\"true\"><\/i><\/a><\/div>\n\n\n                <\/div>\n          <\/div>\n    <\/div>\n\n\t\n    \n\n\t\t<\/div>\n\t\t\t\t\t<\/div>\n\n\t\n\n\t<div id=\"col-1942413007\" class=\"col medium-2 small-6 large-2\"  >\n\t\t\t\t<div class=\"col-inner\"  >\n\t\t\t\n\t\t\t\n\n    <div class=\"box has-hover has-hover box-text-bottom\" >\n\n                  <div class=\"box-image \" >\n           <div class=\"box-image-inner image-cover\" style=\"padding-top:100%;\">\n              <img decoding=\"async\" width=\"1200\" height=\"1800\" src=\"https:\/\/www.alevcamcioglu.com\/wp-content\/uploads\/2018\/02\/DSC00493-1200x1800-1.jpg\" class=\"attachment- size-\" alt=\"\" srcset=\"https:\/\/www.alevcamcioglu.com\/wp-content\/uploads\/2018\/02\/DSC00493-1200x1800-1.jpg 1200w, https:\/\/www.alevcamcioglu.com\/wp-content\/uploads\/2018\/02\/DSC00493-1200x1800-1-200x300.jpg 200w, https:\/\/www.alevcamcioglu.com\/wp-content\/uploads\/2018\/02\/DSC00493-1200x1800-1-683x1024.jpg 683w, https:\/\/www.alevcamcioglu.com\/wp-content\/uploads\/2018\/02\/DSC00493-1200x1800-1-768x1152.jpg 768w, https:\/\/www.alevcamcioglu.com\/wp-content\/uploads\/2018\/02\/DSC00493-1200x1800-1-1024x1536.jpg 1024w, https:\/\/www.alevcamcioglu.com\/wp-content\/uploads\/2018\/02\/DSC00493-1200x1800-1-370x555.jpg 370w, https:\/\/www.alevcamcioglu.com\/wp-content\/uploads\/2018\/02\/DSC00493-1200x1800-1-760x1140.jpg 760w\" sizes=\"(max-width: 1200px) 100vw, 1200px\" title=\"\">                         <\/div>\n          <\/div>\n         \n          <div class=\"box-text text-center\" >\n                <div class=\"box-text-inner\">\n                  <h4 class=\"uppercase\">\n                    <span class=\"person-name\">Serra Sevgili<\/span><br\/>\n                    <span class=\"person-title is-small thin-font op-7\">\n                      Klini\u010dki Asistent                    <\/span>\n                  <\/h4>\n\t\t\t\t\t<div class=\"social-icons follow-icons\" ><a href=\"https:\/\/www.facebook.com\/dralevcamcioglu\/\" target=\"_blank\" data-label=\"Facebook\" class=\"icon primary button circle tooltip facebook\" title=\"Follow on Facebook\" aria-label=\"Follow on Facebook\" rel=\"noopener nofollow\"><i class=\"icon-facebook\" aria-hidden=\"true\"><\/i><\/a><a href=\"https:\/\/www.instagram.com\/dralevcamcioglu\/\" target=\"_blank\" data-label=\"Instagram\" class=\"icon primary button circle tooltip instagram\" title=\"Follow on Instagram\" aria-label=\"Follow on Instagram\" rel=\"noopener nofollow\"><i class=\"icon-instagram\" aria-hidden=\"true\"><\/i><\/a><\/div>\n\n\n                <\/div>\n          <\/div>\n    <\/div>\n\n\t\n    \n\n\t\t<\/div>\n\t\t\t\t\t<\/div>\n\n\t\n\n\t<div id=\"col-1015406267\" class=\"col medium-2 small-6 large-2\"  >\n\t\t\t\t<div class=\"col-inner\"  >\n\t\t\t\n\t\t\t\n\n    <div class=\"box has-hover has-hover box-text-bottom\" >\n\n                  <div class=\"box-image \" >\n           <div class=\"box-image-inner image-cover\" style=\"padding-top:100%;\">\n              <img decoding=\"async\" width=\"1200\" height=\"800\" src=\"https:\/\/www.alevcamcioglu.com\/wp-content\/uploads\/2018\/02\/DSC00510-1200x800-1.jpg\" class=\"attachment- size-\" alt=\"\" srcset=\"https:\/\/www.alevcamcioglu.com\/wp-content\/uploads\/2018\/02\/DSC00510-1200x800-1.jpg 1200w, https:\/\/www.alevcamcioglu.com\/wp-content\/uploads\/2018\/02\/DSC00510-1200x800-1-300x200.jpg 300w, https:\/\/www.alevcamcioglu.com\/wp-content\/uploads\/2018\/02\/DSC00510-1200x800-1-1024x683.jpg 1024w, https:\/\/www.alevcamcioglu.com\/wp-content\/uploads\/2018\/02\/DSC00510-1200x800-1-768x512.jpg 768w, https:\/\/www.alevcamcioglu.com\/wp-content\/uploads\/2018\/02\/DSC00510-1200x800-1-370x247.jpg 370w, https:\/\/www.alevcamcioglu.com\/wp-content\/uploads\/2018\/02\/DSC00510-1200x800-1-760x507.jpg 760w\" sizes=\"(max-width: 1200px) 100vw, 1200px\" title=\"\">                         <\/div>\n          <\/div>\n         \n          <div class=\"box-text text-center\" >\n                <div class=\"box-text-inner\">\n                  <h4 class=\"uppercase\">\n                    <span class=\"person-name\">Sema Yap\u0131c\u0131<\/span><br\/>\n                    <span class=\"person-title is-small thin-font op-7\">\n                      Medicinska sestra u operacionoj sali                    <\/span>\n                  <\/h4>\n\t\t\t\t\t<div class=\"social-icons follow-icons\" ><a href=\"https:\/\/www.facebook.com\/dralevcamcioglu\/\" target=\"_blank\" data-label=\"Facebook\" class=\"icon primary button circle tooltip facebook\" title=\"Follow on Facebook\" aria-label=\"Follow on Facebook\" rel=\"noopener nofollow\"><i class=\"icon-facebook\" aria-hidden=\"true\"><\/i><\/a><a href=\"https:\/\/www.instagram.com\/dralevcamcioglu\/\" target=\"_blank\" data-label=\"Instagram\" class=\"icon primary button circle tooltip instagram\" title=\"Follow on Instagram\" aria-label=\"Follow on Instagram\" rel=\"noopener nofollow\"><i class=\"icon-instagram\" aria-hidden=\"true\"><\/i><\/a><\/div>\n\n\n                <\/div>\n          <\/div>\n    <\/div>\n\n\t\n    \n\n\t\t<\/div>\n\t\t\t\t\t<\/div>\n\n\t\n\n\t<div id=\"col-971614535\" class=\"col medium-2 small-6 large-2\"  >\n\t\t\t\t<div class=\"col-inner\"  >\n\t\t\t\n\t\t\t\n\n    <div class=\"box has-hover has-hover box-text-bottom\" >\n\n                  <div class=\"box-image \" >\n           <div class=\"box-image-inner image-cover\" style=\"padding-top:100%;\">\n              <img decoding=\"async\" width=\"1200\" height=\"800\" src=\"https:\/\/www.alevcamcioglu.com\/wp-content\/uploads\/2024\/02\/DSC00524-1200x800-1.jpg\" class=\"attachment- size-\" alt=\"\" srcset=\"https:\/\/www.alevcamcioglu.com\/wp-content\/uploads\/2024\/02\/DSC00524-1200x800-1.jpg 1200w, https:\/\/www.alevcamcioglu.com\/wp-content\/uploads\/2024\/02\/DSC00524-1200x800-1-300x200.jpg 300w, https:\/\/www.alevcamcioglu.com\/wp-content\/uploads\/2024\/02\/DSC00524-1200x800-1-1024x683.jpg 1024w, https:\/\/www.alevcamcioglu.com\/wp-content\/uploads\/2024\/02\/DSC00524-1200x800-1-768x512.jpg 768w, https:\/\/www.alevcamcioglu.com\/wp-content\/uploads\/2024\/02\/DSC00524-1200x800-1-370x247.jpg 370w, https:\/\/www.alevcamcioglu.com\/wp-content\/uploads\/2024\/02\/DSC00524-1200x800-1-760x507.jpg 760w\" sizes=\"(max-width: 1200px) 100vw, 1200px\" title=\"\">                         <\/div>\n          <\/div>\n         \n          <div class=\"box-text text-center\" >\n                <div class=\"box-text-inner\">\n                  <h4 class=\"uppercase\">\n                    <span class=\"person-name\">Aleyna Ceren Kurt<\/span><br\/>\n                    <span class=\"person-title is-small thin-font op-7\">\n                      Menad\u017eer dru\u0161tvenih medija                    <\/span>\n                  <\/h4>\n\t\t\t\t\t<div class=\"social-icons follow-icons\" ><a href=\"https:\/\/www.facebook.com\/dralevcamcioglu\/\" target=\"_blank\" data-label=\"Facebook\" class=\"icon primary button circle tooltip facebook\" title=\"Follow on Facebook\" aria-label=\"Follow on Facebook\" rel=\"noopener nofollow\"><i class=\"icon-facebook\" aria-hidden=\"true\"><\/i><\/a><a href=\"https:\/\/www.instagram.com\/dralevcamcioglu\/\" target=\"_blank\" data-label=\"Instagram\" class=\"icon primary button circle tooltip instagram\" title=\"Follow on Instagram\" aria-label=\"Follow on Instagram\" rel=\"noopener nofollow\"><i class=\"icon-instagram\" aria-hidden=\"true\"><\/i><\/a><\/div>\n\n\n                <\/div>\n          <\/div>\n    <\/div>\n\n\t\n    \n\n\t\t<\/div>\n\t\t\t\t\t<\/div>\n\n\t\n\n<\/div>\n\t\t<\/div>\n\t\t\t\t\t<\/div>\n\n\t\n\n\t<div id=\"col-1122837729\" class=\"col small-12 large-12\"  >\n\t\t\t\t<div class=\"col-inner\"  >\n\t\t\t\n\t\t\t\n<h2>Postovi na Blogu<\/h2>\n\n  \n    <div class=\"row large-columns-3 medium-columns-1 small-columns-1 slider row-slider slider-nav-circle slider-nav-outside\"  data-flickity-options='{&quot;imagesLoaded&quot;: true, &quot;groupCells&quot;: &quot;100%&quot;, &quot;dragThreshold&quot; : 5, &quot;cellAlign&quot;: &quot;left&quot;,&quot;wrapAround&quot;: true,&quot;prevNextButtons&quot;: true,&quot;percentPosition&quot;: true,&quot;pageDots&quot;: false, &quot;rightToLeft&quot;: false, &quot;autoPlay&quot; : false}' >\n\n  <div class=\"col post-item\" >\n\t\t\t<div class=\"col-inner\">\n\t\t\t\t<div class=\"box box-push box-text-bottom box-blog-post has-hover\">\n            \t\t\t\t\t<div class=\"box-image\" >\n  \t\t\t\t\t\t<div class=\"image-cover\" style=\"padding-top:100%;\">\n\t\t\t\t\t\t\t<a href=\"https:\/\/www.alevcamcioglu.com\/sr\/cene-operacija-cena\/\" class=\"plain\" aria-label=\"Cene Operacija Cena\">\n\t\t\t\t\t\t\t\t<img decoding=\"async\" width=\"1140\" height=\"500\" src=\"https:\/\/www.alevcamcioglu.com\/wp-content\/uploads\/2024\/08\/Burun-Ucu-Estetigi-Fiyatlari-1.jpg\" class=\"attachment-2048x2048 size-2048x2048 wp-post-image\" alt=\"\" srcset=\"https:\/\/www.alevcamcioglu.com\/wp-content\/uploads\/2024\/08\/Burun-Ucu-Estetigi-Fiyatlari-1.jpg 1140w, https:\/\/www.alevcamcioglu.com\/wp-content\/uploads\/2024\/08\/Burun-Ucu-Estetigi-Fiyatlari-1-300x132.jpg 300w, https:\/\/www.alevcamcioglu.com\/wp-content\/uploads\/2024\/08\/Burun-Ucu-Estetigi-Fiyatlari-1-1024x449.jpg 1024w, https:\/\/www.alevcamcioglu.com\/wp-content\/uploads\/2024\/08\/Burun-Ucu-Estetigi-Fiyatlari-1-768x337.jpg 768w, https:\/\/www.alevcamcioglu.com\/wp-content\/uploads\/2024\/08\/Burun-Ucu-Estetigi-Fiyatlari-1-370x162.jpg 370w, https:\/\/www.alevcamcioglu.com\/wp-content\/uploads\/2024\/08\/Burun-Ucu-Estetigi-Fiyatlari-1-760x333.jpg 760w\" sizes=\"(max-width: 1140px) 100vw, 1140px\" title=\"\">\t\t\t\t\t\t\t<\/a>\n  \t\t\t\t\t\t\t  \t\t\t\t\t\t\t  \t\t\t\t\t\t<\/div>\n  \t\t\t\t\t\t  \t\t\t\t\t<\/div>\n          \t\t\t\t\t<div class=\"box-text text-center\" >\n\t\t\t\t\t<div class=\"box-text-inner blog-post-inner\">\n\n\t\t\t\t\t\n\t\t\t\t\t\t\t\t\t\t<h5 class=\"post-title is-large \">\n\t\t\t\t\t\t<a href=\"https:\/\/www.alevcamcioglu.com\/sr\/cene-operacija-cena\/\" class=\"plain\">Cene Operacija Cena<\/a>\n\t\t\t\t\t<\/h5>\n\t\t\t\t\t\t\t\t\t\t<div class=\"is-divider\"><\/div>\n\t\t\t\t\t                    \n\t\t\t\t\t\t\t\t\t\t\t<a href=\"https:\/\/www.alevcamcioglu.com\/sr\/cene-operacija-cena\/\" class=\"button primary is-outline is-small mb-0\">\n\t\t\t\t\t\t\tContinue Reading\t\t\t\t\t\t<\/a>\n\t\t\t\t\t\n\t\t\t\t\t\n\t\t\t\t\t<\/div>\n\t\t\t\t\t<\/div>\n\t\t\t\t\t\t\t\t\t\t\t\t\t\t\t\t<div class=\"badge absolute top post-date badge-circle\">\n\t\t\t\t\t\t\t<div class=\"badge-inner\">\n\t\t\t\t\t\t\t\t<span class=\"post-date-day\">16<\/span><br>\n\t\t\t\t\t\t\t\t<span class=\"post-date-month is-xsmall\">\u0430\u0432\u0433<\/span>\n\t\t\t\t\t\t\t<\/div>\n\t\t\t\t\t\t<\/div>\n\t\t\t\t\t\t\t\t\t<\/div>\n\t\t\t<\/div>\n\t\t<\/div><div class=\"col post-item\" >\n\t\t\t<div class=\"col-inner\">\n\t\t\t\t<div class=\"box box-push box-text-bottom box-blog-post has-hover\">\n            \t\t\t\t\t<div class=\"box-image\" >\n  \t\t\t\t\t\t<div class=\"image-cover\" style=\"padding-top:100%;\">\n\t\t\t\t\t\t\t<a href=\"https:\/\/www.alevcamcioglu.com\/sr\/preporuke-lekara-nakon-operacije-nosa\/\" class=\"plain\" aria-label=\"Preporuke Lekara Nakon Operacije Nosa\">\n\t\t\t\t\t\t\t\t<img decoding=\"async\" width=\"1140\" height=\"500\" src=\"https:\/\/www.alevcamcioglu.com\/wp-content\/uploads\/2024\/08\/Burun-Ameliyati-Sonrasi-Doktordan-Oneriler.jpg\" class=\"attachment-2048x2048 size-2048x2048 wp-post-image\" alt=\"\" srcset=\"https:\/\/www.alevcamcioglu.com\/wp-content\/uploads\/2024\/08\/Burun-Ameliyati-Sonrasi-Doktordan-Oneriler.jpg 1140w, https:\/\/www.alevcamcioglu.com\/wp-content\/uploads\/2024\/08\/Burun-Ameliyati-Sonrasi-Doktordan-Oneriler-300x132.jpg 300w, https:\/\/www.alevcamcioglu.com\/wp-content\/uploads\/2024\/08\/Burun-Ameliyati-Sonrasi-Doktordan-Oneriler-1024x449.jpg 1024w, https:\/\/www.alevcamcioglu.com\/wp-content\/uploads\/2024\/08\/Burun-Ameliyati-Sonrasi-Doktordan-Oneriler-768x337.jpg 768w, https:\/\/www.alevcamcioglu.com\/wp-content\/uploads\/2024\/08\/Burun-Ameliyati-Sonrasi-Doktordan-Oneriler-370x162.jpg 370w, https:\/\/www.alevcamcioglu.com\/wp-content\/uploads\/2024\/08\/Burun-Ameliyati-Sonrasi-Doktordan-Oneriler-760x333.jpg 760w\" sizes=\"(max-width: 1140px) 100vw, 1140px\" title=\"\">\t\t\t\t\t\t\t<\/a>\n  \t\t\t\t\t\t\t  \t\t\t\t\t\t\t  \t\t\t\t\t\t<\/div>\n  \t\t\t\t\t\t  \t\t\t\t\t<\/div>\n          \t\t\t\t\t<div class=\"box-text text-center\" >\n\t\t\t\t\t<div class=\"box-text-inner blog-post-inner\">\n\n\t\t\t\t\t\n\t\t\t\t\t\t\t\t\t\t<h5 class=\"post-title is-large \">\n\t\t\t\t\t\t<a href=\"https:\/\/www.alevcamcioglu.com\/sr\/preporuke-lekara-nakon-operacije-nosa\/\" class=\"plain\">Preporuke Lekara Nakon Operacije Nosa<\/a>\n\t\t\t\t\t<\/h5>\n\t\t\t\t\t\t\t\t\t\t<div class=\"is-divider\"><\/div>\n\t\t\t\t\t                    \n\t\t\t\t\t\t\t\t\t\t\t<a href=\"https:\/\/www.alevcamcioglu.com\/sr\/preporuke-lekara-nakon-operacije-nosa\/\" class=\"button primary is-outline is-small mb-0\">\n\t\t\t\t\t\t\tContinue Reading\t\t\t\t\t\t<\/a>\n\t\t\t\t\t\n\t\t\t\t\t\n\t\t\t\t\t<\/div>\n\t\t\t\t\t<\/div>\n\t\t\t\t\t\t\t\t\t\t\t\t\t\t\t\t<div class=\"badge absolute top post-date badge-circle\">\n\t\t\t\t\t\t\t<div class=\"badge-inner\">\n\t\t\t\t\t\t\t\t<span class=\"post-date-day\">16<\/span><br>\n\t\t\t\t\t\t\t\t<span class=\"post-date-month is-xsmall\">\u0430\u0432\u0433<\/span>\n\t\t\t\t\t\t\t<\/div>\n\t\t\t\t\t\t<\/div>\n\t\t\t\t\t\t\t\t\t<\/div>\n\t\t\t<\/div>\n\t\t<\/div><div class=\"col post-item\" >\n\t\t\t<div class=\"col-inner\">\n\t\t\t\t<div class=\"box box-push box-text-bottom box-blog-post has-hover\">\n            \t\t\t\t\t<div class=\"box-image\" >\n  \t\t\t\t\t\t<div class=\"image-cover\" style=\"padding-top:100%;\">\n\t\t\t\t\t\t\t<a href=\"https:\/\/www.alevcamcioglu.com\/sr\/krivljenje-nakon-operacije-nosa\/\" class=\"plain\" aria-label=\"Krivljenje Nakon Operacije Nosa\">\n\t\t\t\t\t\t\t\t<img decoding=\"async\" width=\"1140\" height=\"500\" src=\"https:\/\/www.alevcamcioglu.com\/wp-content\/uploads\/2024\/08\/Burun-Estetigi-Sonrasi-Yamukluk.jpg\" class=\"attachment-2048x2048 size-2048x2048 wp-post-image\" alt=\"\" srcset=\"https:\/\/www.alevcamcioglu.com\/wp-content\/uploads\/2024\/08\/Burun-Estetigi-Sonrasi-Yamukluk.jpg 1140w, https:\/\/www.alevcamcioglu.com\/wp-content\/uploads\/2024\/08\/Burun-Estetigi-Sonrasi-Yamukluk-300x132.jpg 300w, https:\/\/www.alevcamcioglu.com\/wp-content\/uploads\/2024\/08\/Burun-Estetigi-Sonrasi-Yamukluk-1024x449.jpg 1024w, https:\/\/www.alevcamcioglu.com\/wp-content\/uploads\/2024\/08\/Burun-Estetigi-Sonrasi-Yamukluk-768x337.jpg 768w, https:\/\/www.alevcamcioglu.com\/wp-content\/uploads\/2024\/08\/Burun-Estetigi-Sonrasi-Yamukluk-370x162.jpg 370w, https:\/\/www.alevcamcioglu.com\/wp-content\/uploads\/2024\/08\/Burun-Estetigi-Sonrasi-Yamukluk-760x333.jpg 760w\" sizes=\"(max-width: 1140px) 100vw, 1140px\" title=\"\">\t\t\t\t\t\t\t<\/a>\n  \t\t\t\t\t\t\t  \t\t\t\t\t\t\t  \t\t\t\t\t\t<\/div>\n  \t\t\t\t\t\t  \t\t\t\t\t<\/div>\n          \t\t\t\t\t<div class=\"box-text text-center\" >\n\t\t\t\t\t<div class=\"box-text-inner blog-post-inner\">\n\n\t\t\t\t\t\n\t\t\t\t\t\t\t\t\t\t<h5 class=\"post-title is-large \">\n\t\t\t\t\t\t<a href=\"https:\/\/www.alevcamcioglu.com\/sr\/krivljenje-nakon-operacije-nosa\/\" class=\"plain\">Krivljenje Nakon Operacije Nosa<\/a>\n\t\t\t\t\t<\/h5>\n\t\t\t\t\t\t\t\t\t\t<div class=\"is-divider\"><\/div>\n\t\t\t\t\t                    \n\t\t\t\t\t\t\t\t\t\t\t<a href=\"https:\/\/www.alevcamcioglu.com\/sr\/krivljenje-nakon-operacije-nosa\/\" class=\"button primary is-outline is-small mb-0\">\n\t\t\t\t\t\t\tContinue Reading\t\t\t\t\t\t<\/a>\n\t\t\t\t\t\n\t\t\t\t\t\n\t\t\t\t\t<\/div>\n\t\t\t\t\t<\/div>\n\t\t\t\t\t\t\t\t\t\t\t\t\t\t\t\t<div class=\"badge absolute top post-date badge-circle\">\n\t\t\t\t\t\t\t<div class=\"badge-inner\">\n\t\t\t\t\t\t\t\t<span class=\"post-date-day\">16<\/span><br>\n\t\t\t\t\t\t\t\t<span class=\"post-date-month is-xsmall\">\u0430\u0432\u0433<\/span>\n\t\t\t\t\t\t\t<\/div>\n\t\t\t\t\t\t<\/div>\n\t\t\t\t\t\t\t\t\t<\/div>\n\t\t\t<\/div>\n\t\t<\/div><div class=\"col post-item\" >\n\t\t\t<div class=\"col-inner\">\n\t\t\t\t<div class=\"box box-push box-text-bottom box-blog-post has-hover\">\n            \t\t\t\t\t<div class=\"box-image\" >\n  \t\t\t\t\t\t<div class=\"image-cover\" style=\"padding-top:100%;\">\n\t\t\t\t\t\t\t<a href=\"https:\/\/www.alevcamcioglu.com\/sr\/oticanje-na-hrptu-nosa-nakon-rinoplastike\/\" class=\"plain\" aria-label=\"Oticanje Na Hrptu Nosa Nakon Rinoplastike\">\n\t\t\t\t\t\t\t\t<img decoding=\"async\" width=\"1140\" height=\"500\" src=\"https:\/\/www.alevcamcioglu.com\/wp-content\/uploads\/2024\/08\/Burun-Estetigi-Sonrasi-Burun-Sirtinda-Sislik.jpg\" class=\"attachment-2048x2048 size-2048x2048 wp-post-image\" alt=\"\" srcset=\"https:\/\/www.alevcamcioglu.com\/wp-content\/uploads\/2024\/08\/Burun-Estetigi-Sonrasi-Burun-Sirtinda-Sislik.jpg 1140w, https:\/\/www.alevcamcioglu.com\/wp-content\/uploads\/2024\/08\/Burun-Estetigi-Sonrasi-Burun-Sirtinda-Sislik-300x132.jpg 300w, https:\/\/www.alevcamcioglu.com\/wp-content\/uploads\/2024\/08\/Burun-Estetigi-Sonrasi-Burun-Sirtinda-Sislik-1024x449.jpg 1024w, https:\/\/www.alevcamcioglu.com\/wp-content\/uploads\/2024\/08\/Burun-Estetigi-Sonrasi-Burun-Sirtinda-Sislik-768x337.jpg 768w, https:\/\/www.alevcamcioglu.com\/wp-content\/uploads\/2024\/08\/Burun-Estetigi-Sonrasi-Burun-Sirtinda-Sislik-370x162.jpg 370w, https:\/\/www.alevcamcioglu.com\/wp-content\/uploads\/2024\/08\/Burun-Estetigi-Sonrasi-Burun-Sirtinda-Sislik-760x333.jpg 760w\" sizes=\"(max-width: 1140px) 100vw, 1140px\" title=\"\">\t\t\t\t\t\t\t<\/a>\n  \t\t\t\t\t\t\t  \t\t\t\t\t\t\t  \t\t\t\t\t\t<\/div>\n  \t\t\t\t\t\t  \t\t\t\t\t<\/div>\n          \t\t\t\t\t<div class=\"box-text text-center\" >\n\t\t\t\t\t<div class=\"box-text-inner blog-post-inner\">\n\n\t\t\t\t\t\n\t\t\t\t\t\t\t\t\t\t<h5 class=\"post-title is-large \">\n\t\t\t\t\t\t<a href=\"https:\/\/www.alevcamcioglu.com\/sr\/oticanje-na-hrptu-nosa-nakon-rinoplastike\/\" class=\"plain\">Oticanje Na Hrptu Nosa Nakon Rinoplastike<\/a>\n\t\t\t\t\t<\/h5>\n\t\t\t\t\t\t\t\t\t\t<div class=\"is-divider\"><\/div>\n\t\t\t\t\t                    \n\t\t\t\t\t\t\t\t\t\t\t<a href=\"https:\/\/www.alevcamcioglu.com\/sr\/oticanje-na-hrptu-nosa-nakon-rinoplastike\/\" class=\"button primary is-outline is-small mb-0\">\n\t\t\t\t\t\t\tContinue Reading\t\t\t\t\t\t<\/a>\n\t\t\t\t\t\n\t\t\t\t\t\n\t\t\t\t\t<\/div>\n\t\t\t\t\t<\/div>\n\t\t\t\t\t\t\t\t\t\t\t\t\t\t\t\t<div class=\"badge absolute top post-date badge-circle\">\n\t\t\t\t\t\t\t<div class=\"badge-inner\">\n\t\t\t\t\t\t\t\t<span class=\"post-date-day\">16<\/span><br>\n\t\t\t\t\t\t\t\t<span class=\"post-date-month is-xsmall\">\u0430\u0432\u0433<\/span>\n\t\t\t\t\t\t\t<\/div>\n\t\t\t\t\t\t<\/div>\n\t\t\t\t\t\t\t\t\t<\/div>\n\t\t\t<\/div>\n\t\t<\/div><div class=\"col post-item\" >\n\t\t\t<div class=\"col-inner\">\n\t\t\t\t<div class=\"box box-push box-text-bottom box-blog-post has-hover\">\n            \t\t\t\t\t<div class=\"box-image\" >\n  \t\t\t\t\t\t<div class=\"image-cover\" style=\"padding-top:100%;\">\n\t\t\t\t\t\t\t<a href=\"https:\/\/www.alevcamcioglu.com\/sr\/da-li-je-opasno-uklanjati-obrve-i-brkove-nakon-operacije-nosa\/\" class=\"plain\" aria-label=\"Da Li je Opasno Uklanjati Obrve i Brkove Nakon Operacije Nosa?\">\n\t\t\t\t\t\t\t\t<img decoding=\"async\" width=\"1140\" height=\"500\" src=\"https:\/\/www.alevcamcioglu.com\/wp-content\/uploads\/2024\/08\/Burun-Ameliyati-Sonrasi-Kas-Biyik-Almak-Tehlikeli-Mi.jpg\" class=\"attachment-2048x2048 size-2048x2048 wp-post-image\" alt=\"\" srcset=\"https:\/\/www.alevcamcioglu.com\/wp-content\/uploads\/2024\/08\/Burun-Ameliyati-Sonrasi-Kas-Biyik-Almak-Tehlikeli-Mi.jpg 1140w, https:\/\/www.alevcamcioglu.com\/wp-content\/uploads\/2024\/08\/Burun-Ameliyati-Sonrasi-Kas-Biyik-Almak-Tehlikeli-Mi-300x132.jpg 300w, https:\/\/www.alevcamcioglu.com\/wp-content\/uploads\/2024\/08\/Burun-Ameliyati-Sonrasi-Kas-Biyik-Almak-Tehlikeli-Mi-1024x449.jpg 1024w, https:\/\/www.alevcamcioglu.com\/wp-content\/uploads\/2024\/08\/Burun-Ameliyati-Sonrasi-Kas-Biyik-Almak-Tehlikeli-Mi-768x337.jpg 768w, https:\/\/www.alevcamcioglu.com\/wp-content\/uploads\/2024\/08\/Burun-Ameliyati-Sonrasi-Kas-Biyik-Almak-Tehlikeli-Mi-370x162.jpg 370w, https:\/\/www.alevcamcioglu.com\/wp-content\/uploads\/2024\/08\/Burun-Ameliyati-Sonrasi-Kas-Biyik-Almak-Tehlikeli-Mi-760x333.jpg 760w\" sizes=\"(max-width: 1140px) 100vw, 1140px\" title=\"\">\t\t\t\t\t\t\t<\/a>\n  \t\t\t\t\t\t\t  \t\t\t\t\t\t\t  \t\t\t\t\t\t<\/div>\n  \t\t\t\t\t\t  \t\t\t\t\t<\/div>\n          \t\t\t\t\t<div class=\"box-text text-center\" >\n\t\t\t\t\t<div class=\"box-text-inner blog-post-inner\">\n\n\t\t\t\t\t\n\t\t\t\t\t\t\t\t\t\t<h5 class=\"post-title is-large \">\n\t\t\t\t\t\t<a href=\"https:\/\/www.alevcamcioglu.com\/sr\/da-li-je-opasno-uklanjati-obrve-i-brkove-nakon-operacije-nosa\/\" class=\"plain\">Da Li je Opasno Uklanjati Obrve i Brkove Nakon Operacije Nosa?<\/a>\n\t\t\t\t\t<\/h5>\n\t\t\t\t\t\t\t\t\t\t<div class=\"is-divider\"><\/div>\n\t\t\t\t\t                    \n\t\t\t\t\t\t\t\t\t\t\t<a href=\"https:\/\/www.alevcamcioglu.com\/sr\/da-li-je-opasno-uklanjati-obrve-i-brkove-nakon-operacije-nosa\/\" class=\"button primary is-outline is-small mb-0\">\n\t\t\t\t\t\t\tContinue Reading\t\t\t\t\t\t<\/a>\n\t\t\t\t\t\n\t\t\t\t\t\n\t\t\t\t\t<\/div>\n\t\t\t\t\t<\/div>\n\t\t\t\t\t\t\t\t\t\t\t\t\t\t\t\t<div class=\"badge absolute top post-date badge-circle\">\n\t\t\t\t\t\t\t<div class=\"badge-inner\">\n\t\t\t\t\t\t\t\t<span class=\"post-date-day\">16<\/span><br>\n\t\t\t\t\t\t\t\t<span class=\"post-date-month is-xsmall\">\u0430\u0432\u0433<\/span>\n\t\t\t\t\t\t\t<\/div>\n\t\t\t\t\t\t<\/div>\n\t\t\t\t\t\t\t\t\t<\/div>\n\t\t\t<\/div>\n\t\t<\/div><div class=\"col post-item\" >\n\t\t\t<div class=\"col-inner\">\n\t\t\t\t<div class=\"box box-push box-text-bottom box-blog-post has-hover\">\n            \t\t\t\t\t<div class=\"box-image\" >\n  \t\t\t\t\t\t<div class=\"image-cover\" style=\"padding-top:100%;\">\n\t\t\t\t\t\t\t<a href=\"https:\/\/www.alevcamcioglu.com\/sr\/more-pesak-i-sunce-nakon-operacije-nosa\/\" class=\"plain\" aria-label=\"More, Pesak i Sunce Nakon Operacije Nosa\">\n\t\t\t\t\t\t\t\t<img decoding=\"async\" width=\"1140\" height=\"500\" src=\"https:\/\/www.alevcamcioglu.com\/wp-content\/uploads\/2024\/08\/Burun-Estetigi-Sonrasi-Deniz-Kum-Gunes.jpg\" class=\"attachment-2048x2048 size-2048x2048 wp-post-image\" alt=\"\" srcset=\"https:\/\/www.alevcamcioglu.com\/wp-content\/uploads\/2024\/08\/Burun-Estetigi-Sonrasi-Deniz-Kum-Gunes.jpg 1140w, https:\/\/www.alevcamcioglu.com\/wp-content\/uploads\/2024\/08\/Burun-Estetigi-Sonrasi-Deniz-Kum-Gunes-300x132.jpg 300w, https:\/\/www.alevcamcioglu.com\/wp-content\/uploads\/2024\/08\/Burun-Estetigi-Sonrasi-Deniz-Kum-Gunes-1024x449.jpg 1024w, https:\/\/www.alevcamcioglu.com\/wp-content\/uploads\/2024\/08\/Burun-Estetigi-Sonrasi-Deniz-Kum-Gunes-768x337.jpg 768w, https:\/\/www.alevcamcioglu.com\/wp-content\/uploads\/2024\/08\/Burun-Estetigi-Sonrasi-Deniz-Kum-Gunes-370x162.jpg 370w, https:\/\/www.alevcamcioglu.com\/wp-content\/uploads\/2024\/08\/Burun-Estetigi-Sonrasi-Deniz-Kum-Gunes-760x333.jpg 760w\" sizes=\"(max-width: 1140px) 100vw, 1140px\" title=\"\">\t\t\t\t\t\t\t<\/a>\n  \t\t\t\t\t\t\t  \t\t\t\t\t\t\t  \t\t\t\t\t\t<\/div>\n  \t\t\t\t\t\t  \t\t\t\t\t<\/div>\n          \t\t\t\t\t<div class=\"box-text text-center\" >\n\t\t\t\t\t<div class=\"box-text-inner blog-post-inner\">\n\n\t\t\t\t\t\n\t\t\t\t\t\t\t\t\t\t<h5 class=\"post-title is-large \">\n\t\t\t\t\t\t<a href=\"https:\/\/www.alevcamcioglu.com\/sr\/more-pesak-i-sunce-nakon-operacije-nosa\/\" class=\"plain\">More, Pesak i Sunce Nakon Operacije Nosa<\/a>\n\t\t\t\t\t<\/h5>\n\t\t\t\t\t\t\t\t\t\t<div class=\"is-divider\"><\/div>\n\t\t\t\t\t                    \n\t\t\t\t\t\t\t\t\t\t\t<a href=\"https:\/\/www.alevcamcioglu.com\/sr\/more-pesak-i-sunce-nakon-operacije-nosa\/\" class=\"button primary is-outline is-small mb-0\">\n\t\t\t\t\t\t\tContinue Reading\t\t\t\t\t\t<\/a>\n\t\t\t\t\t\n\t\t\t\t\t\n\t\t\t\t\t<\/div>\n\t\t\t\t\t<\/div>\n\t\t\t\t\t\t\t\t\t\t\t\t\t\t\t\t<div class=\"badge absolute top post-date badge-circle\">\n\t\t\t\t\t\t\t<div class=\"badge-inner\">\n\t\t\t\t\t\t\t\t<span class=\"post-date-day\">16<\/span><br>\n\t\t\t\t\t\t\t\t<span class=\"post-date-month is-xsmall\">\u0430\u0432\u0433<\/span>\n\t\t\t\t\t\t\t<\/div>\n\t\t\t\t\t\t<\/div>\n\t\t\t\t\t\t\t\t\t<\/div>\n\t\t\t<\/div>\n\t\t<\/div><div class=\"col post-item\" >\n\t\t\t<div class=\"col-inner\">\n\t\t\t\t<div class=\"box box-push box-text-bottom box-blog-post has-hover\">\n            \t\t\t\t\t<div class=\"box-image\" >\n  \t\t\t\t\t\t<div class=\"image-cover\" style=\"padding-top:100%;\">\n\t\t\t\t\t\t\t<a href=\"https:\/\/www.alevcamcioglu.com\/sr\/da-li-se-nos-smanjuje-nakon-operacije-nosa\/\" class=\"plain\" aria-label=\"Da li se Nos Smanjuje Nakon Operacije Nosa?\">\n\t\t\t\t\t\t\t\t<img decoding=\"async\" width=\"1140\" height=\"500\" src=\"https:\/\/www.alevcamcioglu.com\/wp-content\/uploads\/2024\/08\/Burun-Ameliyati-Sonrasi-Burun-Kuculur-mu.jpg\" class=\"attachment-2048x2048 size-2048x2048 wp-post-image\" alt=\"\" srcset=\"https:\/\/www.alevcamcioglu.com\/wp-content\/uploads\/2024\/08\/Burun-Ameliyati-Sonrasi-Burun-Kuculur-mu.jpg 1140w, https:\/\/www.alevcamcioglu.com\/wp-content\/uploads\/2024\/08\/Burun-Ameliyati-Sonrasi-Burun-Kuculur-mu-300x132.jpg 300w, https:\/\/www.alevcamcioglu.com\/wp-content\/uploads\/2024\/08\/Burun-Ameliyati-Sonrasi-Burun-Kuculur-mu-1024x449.jpg 1024w, https:\/\/www.alevcamcioglu.com\/wp-content\/uploads\/2024\/08\/Burun-Ameliyati-Sonrasi-Burun-Kuculur-mu-768x337.jpg 768w, https:\/\/www.alevcamcioglu.com\/wp-content\/uploads\/2024\/08\/Burun-Ameliyati-Sonrasi-Burun-Kuculur-mu-370x162.jpg 370w, https:\/\/www.alevcamcioglu.com\/wp-content\/uploads\/2024\/08\/Burun-Ameliyati-Sonrasi-Burun-Kuculur-mu-760x333.jpg 760w\" sizes=\"(max-width: 1140px) 100vw, 1140px\" title=\"\">\t\t\t\t\t\t\t<\/a>\n  \t\t\t\t\t\t\t  \t\t\t\t\t\t\t  \t\t\t\t\t\t<\/div>\n  \t\t\t\t\t\t  \t\t\t\t\t<\/div>\n          \t\t\t\t\t<div class=\"box-text text-center\" >\n\t\t\t\t\t<div class=\"box-text-inner blog-post-inner\">\n\n\t\t\t\t\t\n\t\t\t\t\t\t\t\t\t\t<h5 class=\"post-title is-large \">\n\t\t\t\t\t\t<a href=\"https:\/\/www.alevcamcioglu.com\/sr\/da-li-se-nos-smanjuje-nakon-operacije-nosa\/\" class=\"plain\">Da li se Nos Smanjuje Nakon Operacije Nosa?<\/a>\n\t\t\t\t\t<\/h5>\n\t\t\t\t\t\t\t\t\t\t<div class=\"is-divider\"><\/div>\n\t\t\t\t\t                    \n\t\t\t\t\t\t\t\t\t\t\t<a href=\"https:\/\/www.alevcamcioglu.com\/sr\/da-li-se-nos-smanjuje-nakon-operacije-nosa\/\" class=\"button primary is-outline is-small mb-0\">\n\t\t\t\t\t\t\tContinue Reading\t\t\t\t\t\t<\/a>\n\t\t\t\t\t\n\t\t\t\t\t\n\t\t\t\t\t<\/div>\n\t\t\t\t\t<\/div>\n\t\t\t\t\t\t\t\t\t\t\t\t\t\t\t\t<div class=\"badge absolute top post-date badge-circle\">\n\t\t\t\t\t\t\t<div class=\"badge-inner\">\n\t\t\t\t\t\t\t\t<span class=\"post-date-day\">16<\/span><br>\n\t\t\t\t\t\t\t\t<span class=\"post-date-month is-xsmall\">\u0430\u0432\u0433<\/span>\n\t\t\t\t\t\t\t<\/div>\n\t\t\t\t\t\t<\/div>\n\t\t\t\t\t\t\t\t\t<\/div>\n\t\t\t<\/div>\n\t\t<\/div><div class=\"col post-item\" >\n\t\t\t<div class=\"col-inner\">\n\t\t\t\t<div class=\"box box-push box-text-bottom box-blog-post has-hover\">\n            \t\t\t\t\t<div class=\"box-image\" >\n  \t\t\t\t\t\t<div class=\"image-cover\" style=\"padding-top:100%;\">\n\t\t\t\t\t\t\t<a href=\"https:\/\/www.alevcamcioglu.com\/sr\/koliko-vremena-nakon-operacije-nosa-mozete-nositi-pirsing\/\" class=\"plain\" aria-label=\"Koliko Vremena Nakon Operacije Nosa Mo\u017eete Nositi Pirsing?\">\n\t\t\t\t\t\t\t\t<img decoding=\"async\" width=\"1140\" height=\"500\" src=\"https:\/\/www.alevcamcioglu.com\/wp-content\/uploads\/2024\/08\/Burun-Estetiginden-Ne-Kadar-Zaman-Sonra-Hizma-Piercing-Takilabilir.jpg\" class=\"attachment-2048x2048 size-2048x2048 wp-post-image\" alt=\"\" srcset=\"https:\/\/www.alevcamcioglu.com\/wp-content\/uploads\/2024\/08\/Burun-Estetiginden-Ne-Kadar-Zaman-Sonra-Hizma-Piercing-Takilabilir.jpg 1140w, https:\/\/www.alevcamcioglu.com\/wp-content\/uploads\/2024\/08\/Burun-Estetiginden-Ne-Kadar-Zaman-Sonra-Hizma-Piercing-Takilabilir-300x132.jpg 300w, https:\/\/www.alevcamcioglu.com\/wp-content\/uploads\/2024\/08\/Burun-Estetiginden-Ne-Kadar-Zaman-Sonra-Hizma-Piercing-Takilabilir-1024x449.jpg 1024w, https:\/\/www.alevcamcioglu.com\/wp-content\/uploads\/2024\/08\/Burun-Estetiginden-Ne-Kadar-Zaman-Sonra-Hizma-Piercing-Takilabilir-768x337.jpg 768w, https:\/\/www.alevcamcioglu.com\/wp-content\/uploads\/2024\/08\/Burun-Estetiginden-Ne-Kadar-Zaman-Sonra-Hizma-Piercing-Takilabilir-370x162.jpg 370w, https:\/\/www.alevcamcioglu.com\/wp-content\/uploads\/2024\/08\/Burun-Estetiginden-Ne-Kadar-Zaman-Sonra-Hizma-Piercing-Takilabilir-760x333.jpg 760w\" sizes=\"(max-width: 1140px) 100vw, 1140px\" title=\"\">\t\t\t\t\t\t\t<\/a>\n  \t\t\t\t\t\t\t  \t\t\t\t\t\t\t  \t\t\t\t\t\t<\/div>\n  \t\t\t\t\t\t  \t\t\t\t\t<\/div>\n          \t\t\t\t\t<div class=\"box-text text-center\" >\n\t\t\t\t\t<div class=\"box-text-inner blog-post-inner\">\n\n\t\t\t\t\t\n\t\t\t\t\t\t\t\t\t\t<h5 class=\"post-title is-large \">\n\t\t\t\t\t\t<a href=\"https:\/\/www.alevcamcioglu.com\/sr\/koliko-vremena-nakon-operacije-nosa-mozete-nositi-pirsing\/\" class=\"plain\">Koliko Vremena Nakon Operacije Nosa Mo\u017eete Nositi Pirsing?<\/a>\n\t\t\t\t\t<\/h5>\n\t\t\t\t\t\t\t\t\t\t<div class=\"is-divider\"><\/div>\n\t\t\t\t\t                    \n\t\t\t\t\t\t\t\t\t\t\t<a href=\"https:\/\/www.alevcamcioglu.com\/sr\/koliko-vremena-nakon-operacije-nosa-mozete-nositi-pirsing\/\" class=\"button primary is-outline is-small mb-0\">\n\t\t\t\t\t\t\tContinue Reading\t\t\t\t\t\t<\/a>\n\t\t\t\t\t\n\t\t\t\t\t\n\t\t\t\t\t<\/div>\n\t\t\t\t\t<\/div>\n\t\t\t\t\t\t\t\t\t\t\t\t\t\t\t\t<div class=\"badge absolute top post-date badge-circle\">\n\t\t\t\t\t\t\t<div class=\"badge-inner\">\n\t\t\t\t\t\t\t\t<span class=\"post-date-day\">16<\/span><br>\n\t\t\t\t\t\t\t\t<span class=\"post-date-month is-xsmall\">\u0430\u0432\u0433<\/span>\n\t\t\t\t\t\t\t<\/div>\n\t\t\t\t\t\t<\/div>\n\t\t\t\t\t\t\t\t\t<\/div>\n\t\t\t<\/div>\n\t\t<\/div><div class=\"col post-item\" >\n\t\t\t<div class=\"col-inner\">\n\t\t\t\t<div class=\"box box-push box-text-bottom box-blog-post has-hover\">\n          \t\t\t\t\t<div class=\"box-text text-center\" >\n\t\t\t\t\t<div class=\"box-text-inner blog-post-inner\">\n\n\t\t\t\t\t\n\t\t\t\t\t\t\t\t\t\t<h5 class=\"post-title is-large \">\n\t\t\t\t\t\t<a href=\"https:\/\/www.alevcamcioglu.com\/sr\/estetska-operacija-nosa-kod-osoba-sa-rascep-usne\/\" class=\"plain\">Estetska Operacija Nosa kod Osoba sa Rascep Usne<\/a>\n\t\t\t\t\t<\/h5>\n\t\t\t\t\t<div class=\"post-meta is-small op-8\">16. \u0430\u0432\u0433\u0443\u0441\u0442 2024.<\/div>\t\t\t\t\t<div class=\"is-divider\"><\/div>\n\t\t\t\t\t                    \n\t\t\t\t\t\t\t\t\t\t\t<a href=\"https:\/\/www.alevcamcioglu.com\/sr\/estetska-operacija-nosa-kod-osoba-sa-rascep-usne\/\" class=\"button primary is-outline is-small mb-0\">\n\t\t\t\t\t\t\tContinue Reading\t\t\t\t\t\t<\/a>\n\t\t\t\t\t\n\t\t\t\t\t\n\t\t\t\t\t<\/div>\n\t\t\t\t\t<\/div>\n\t\t\t\t\t\t\t\t\t<\/div>\n\t\t\t<\/div>\n\t\t<\/div><div class=\"col post-item\" >\n\t\t\t<div class=\"col-inner\">\n\t\t\t\t<div class=\"box box-push box-text-bottom box-blog-post has-hover\">\n            \t\t\t\t\t<div class=\"box-image\" >\n  \t\t\t\t\t\t<div class=\"image-cover\" style=\"padding-top:100%;\">\n\t\t\t\t\t\t\t<a href=\"https:\/\/www.alevcamcioglu.com\/sr\/pucketanje-u-nosu-nakon-operacije-nosa\/\" class=\"plain\" aria-label=\"Pucketanje u Nosu Nakon Operacije Nosa\">\n\t\t\t\t\t\t\t\t<img decoding=\"async\" width=\"1140\" height=\"500\" src=\"https:\/\/www.alevcamcioglu.com\/wp-content\/uploads\/2024\/08\/Burun-Ameliyati-Sonrasi-Burundan-Gelen-Cit-Sesi.jpg\" class=\"attachment-2048x2048 size-2048x2048 wp-post-image\" alt=\"\" srcset=\"https:\/\/www.alevcamcioglu.com\/wp-content\/uploads\/2024\/08\/Burun-Ameliyati-Sonrasi-Burundan-Gelen-Cit-Sesi.jpg 1140w, https:\/\/www.alevcamcioglu.com\/wp-content\/uploads\/2024\/08\/Burun-Ameliyati-Sonrasi-Burundan-Gelen-Cit-Sesi-300x132.jpg 300w, https:\/\/www.alevcamcioglu.com\/wp-content\/uploads\/2024\/08\/Burun-Ameliyati-Sonrasi-Burundan-Gelen-Cit-Sesi-1024x449.jpg 1024w, https:\/\/www.alevcamcioglu.com\/wp-content\/uploads\/2024\/08\/Burun-Ameliyati-Sonrasi-Burundan-Gelen-Cit-Sesi-768x337.jpg 768w, https:\/\/www.alevcamcioglu.com\/wp-content\/uploads\/2024\/08\/Burun-Ameliyati-Sonrasi-Burundan-Gelen-Cit-Sesi-370x162.jpg 370w, https:\/\/www.alevcamcioglu.com\/wp-content\/uploads\/2024\/08\/Burun-Ameliyati-Sonrasi-Burundan-Gelen-Cit-Sesi-760x333.jpg 760w\" sizes=\"(max-width: 1140px) 100vw, 1140px\" title=\"\">\t\t\t\t\t\t\t<\/a>\n  \t\t\t\t\t\t\t  \t\t\t\t\t\t\t  \t\t\t\t\t\t<\/div>\n  \t\t\t\t\t\t  \t\t\t\t\t<\/div>\n          \t\t\t\t\t<div class=\"box-text text-center\" >\n\t\t\t\t\t<div class=\"box-text-inner blog-post-inner\">\n\n\t\t\t\t\t\n\t\t\t\t\t\t\t\t\t\t<h5 class=\"post-title is-large \">\n\t\t\t\t\t\t<a href=\"https:\/\/www.alevcamcioglu.com\/sr\/pucketanje-u-nosu-nakon-operacije-nosa\/\" class=\"plain\">Pucketanje u Nosu Nakon Operacije Nosa<\/a>\n\t\t\t\t\t<\/h5>\n\t\t\t\t\t\t\t\t\t\t<div class=\"is-divider\"><\/div>\n\t\t\t\t\t                    \n\t\t\t\t\t\t\t\t\t\t\t<a href=\"https:\/\/www.alevcamcioglu.com\/sr\/pucketanje-u-nosu-nakon-operacije-nosa\/\" class=\"button primary is-outline is-small mb-0\">\n\t\t\t\t\t\t\tContinue Reading\t\t\t\t\t\t<\/a>\n\t\t\t\t\t\n\t\t\t\t\t\n\t\t\t\t\t<\/div>\n\t\t\t\t\t<\/div>\n\t\t\t\t\t\t\t\t\t\t\t\t\t\t\t\t<div class=\"badge absolute top post-date badge-circle\">\n\t\t\t\t\t\t\t<div class=\"badge-inner\">\n\t\t\t\t\t\t\t\t<span class=\"post-date-day\">13<\/span><br>\n\t\t\t\t\t\t\t\t<span class=\"post-date-month is-xsmall\">\u0430\u0432\u0433<\/span>\n\t\t\t\t\t\t\t<\/div>\n\t\t\t\t\t\t<\/div>\n\t\t\t\t\t\t\t\t\t<\/div>\n\t\t\t<\/div>\n\t\t<\/div><div class=\"col post-item\" >\n\t\t\t<div class=\"col-inner\">\n\t\t\t\t<div class=\"box box-push box-text-bottom box-blog-post has-hover\">\n            \t\t\t\t\t<div class=\"box-image\" >\n  \t\t\t\t\t\t<div class=\"image-cover\" style=\"padding-top:100%;\">\n\t\t\t\t\t\t\t<a href=\"https:\/\/www.alevcamcioglu.com\/sr\/da-li-se-lice-osobe-menja-nakon-rinoplastike\/\" class=\"plain\" aria-label=\"Da li Se Lice Osobe Menja Nakon Rinoplastike?\">\n\t\t\t\t\t\t\t\t<img decoding=\"async\" width=\"1140\" height=\"500\" src=\"https:\/\/www.alevcamcioglu.com\/wp-content\/uploads\/2024\/08\/Rinoplasti-Sonrasi-Kisinin-Yuzu-Degisir-Mi.jpg\" class=\"attachment-2048x2048 size-2048x2048 wp-post-image\" alt=\"\" srcset=\"https:\/\/www.alevcamcioglu.com\/wp-content\/uploads\/2024\/08\/Rinoplasti-Sonrasi-Kisinin-Yuzu-Degisir-Mi.jpg 1140w, https:\/\/www.alevcamcioglu.com\/wp-content\/uploads\/2024\/08\/Rinoplasti-Sonrasi-Kisinin-Yuzu-Degisir-Mi-300x132.jpg 300w, https:\/\/www.alevcamcioglu.com\/wp-content\/uploads\/2024\/08\/Rinoplasti-Sonrasi-Kisinin-Yuzu-Degisir-Mi-1024x449.jpg 1024w, https:\/\/www.alevcamcioglu.com\/wp-content\/uploads\/2024\/08\/Rinoplasti-Sonrasi-Kisinin-Yuzu-Degisir-Mi-768x337.jpg 768w, https:\/\/www.alevcamcioglu.com\/wp-content\/uploads\/2024\/08\/Rinoplasti-Sonrasi-Kisinin-Yuzu-Degisir-Mi-370x162.jpg 370w, https:\/\/www.alevcamcioglu.com\/wp-content\/uploads\/2024\/08\/Rinoplasti-Sonrasi-Kisinin-Yuzu-Degisir-Mi-760x333.jpg 760w\" sizes=\"(max-width: 1140px) 100vw, 1140px\" title=\"\">\t\t\t\t\t\t\t<\/a>\n  \t\t\t\t\t\t\t  \t\t\t\t\t\t\t  \t\t\t\t\t\t<\/div>\n  \t\t\t\t\t\t  \t\t\t\t\t<\/div>\n          \t\t\t\t\t<div class=\"box-text text-center\" >\n\t\t\t\t\t<div class=\"box-text-inner blog-post-inner\">\n\n\t\t\t\t\t\n\t\t\t\t\t\t\t\t\t\t<h5 class=\"post-title is-large \">\n\t\t\t\t\t\t<a href=\"https:\/\/www.alevcamcioglu.com\/sr\/da-li-se-lice-osobe-menja-nakon-rinoplastike\/\" class=\"plain\">Da li Se Lice Osobe Menja Nakon Rinoplastike?<\/a>\n\t\t\t\t\t<\/h5>\n\t\t\t\t\t\t\t\t\t\t<div class=\"is-divider\"><\/div>\n\t\t\t\t\t                    \n\t\t\t\t\t\t\t\t\t\t\t<a href=\"https:\/\/www.alevcamcioglu.com\/sr\/da-li-se-lice-osobe-menja-nakon-rinoplastike\/\" class=\"button primary is-outline is-small mb-0\">\n\t\t\t\t\t\t\tContinue Reading\t\t\t\t\t\t<\/a>\n\t\t\t\t\t\n\t\t\t\t\t\n\t\t\t\t\t<\/div>\n\t\t\t\t\t<\/div>\n\t\t\t\t\t\t\t\t\t\t\t\t\t\t\t\t<div class=\"badge absolute top post-date badge-circle\">\n\t\t\t\t\t\t\t<div class=\"badge-inner\">\n\t\t\t\t\t\t\t\t<span class=\"post-date-day\">13<\/span><br>\n\t\t\t\t\t\t\t\t<span class=\"post-date-month is-xsmall\">\u0430\u0432\u0433<\/span>\n\t\t\t\t\t\t\t<\/div>\n\t\t\t\t\t\t<\/div>\n\t\t\t\t\t\t\t\t\t<\/div>\n\t\t\t<\/div>\n\t\t<\/div><div class=\"col post-item\" >\n\t\t\t<div class=\"col-inner\">\n\t\t\t\t<div class=\"box box-push box-text-bottom box-blog-post has-hover\">\n            \t\t\t\t\t<div class=\"box-image\" >\n  \t\t\t\t\t\t<div class=\"image-cover\" style=\"padding-top:100%;\">\n\t\t\t\t\t\t\t<a href=\"https:\/\/www.alevcamcioglu.com\/sr\/da-li-ostaju-konci-i-oziljci-nakon-operacije-nosa\/\" class=\"plain\" aria-label=\"Da li Ostaju Konci i O\u017eiljci nakon Operacije Nosa?\">\n\t\t\t\t\t\t\t\t<img decoding=\"async\" width=\"1140\" height=\"500\" src=\"https:\/\/www.alevcamcioglu.com\/wp-content\/uploads\/2024\/08\/Burun-Estetigi-Sonrasi-Dikis-Yara-Izi-Kalir-Mi.jpg\" class=\"attachment-2048x2048 size-2048x2048 wp-post-image\" alt=\"\" srcset=\"https:\/\/www.alevcamcioglu.com\/wp-content\/uploads\/2024\/08\/Burun-Estetigi-Sonrasi-Dikis-Yara-Izi-Kalir-Mi.jpg 1140w, https:\/\/www.alevcamcioglu.com\/wp-content\/uploads\/2024\/08\/Burun-Estetigi-Sonrasi-Dikis-Yara-Izi-Kalir-Mi-300x132.jpg 300w, https:\/\/www.alevcamcioglu.com\/wp-content\/uploads\/2024\/08\/Burun-Estetigi-Sonrasi-Dikis-Yara-Izi-Kalir-Mi-1024x449.jpg 1024w, https:\/\/www.alevcamcioglu.com\/wp-content\/uploads\/2024\/08\/Burun-Estetigi-Sonrasi-Dikis-Yara-Izi-Kalir-Mi-768x337.jpg 768w, https:\/\/www.alevcamcioglu.com\/wp-content\/uploads\/2024\/08\/Burun-Estetigi-Sonrasi-Dikis-Yara-Izi-Kalir-Mi-370x162.jpg 370w, https:\/\/www.alevcamcioglu.com\/wp-content\/uploads\/2024\/08\/Burun-Estetigi-Sonrasi-Dikis-Yara-Izi-Kalir-Mi-760x333.jpg 760w\" sizes=\"(max-width: 1140px) 100vw, 1140px\" title=\"\">\t\t\t\t\t\t\t<\/a>\n  \t\t\t\t\t\t\t  \t\t\t\t\t\t\t  \t\t\t\t\t\t<\/div>\n  \t\t\t\t\t\t  \t\t\t\t\t<\/div>\n          \t\t\t\t\t<div class=\"box-text text-center\" >\n\t\t\t\t\t<div class=\"box-text-inner blog-post-inner\">\n\n\t\t\t\t\t\n\t\t\t\t\t\t\t\t\t\t<h5 class=\"post-title is-large \">\n\t\t\t\t\t\t<a href=\"https:\/\/www.alevcamcioglu.com\/sr\/da-li-ostaju-konci-i-oziljci-nakon-operacije-nosa\/\" class=\"plain\">Da li Ostaju Konci i O\u017eiljci nakon Operacije Nosa?<\/a>\n\t\t\t\t\t<\/h5>\n\t\t\t\t\t\t\t\t\t\t<div class=\"is-divider\"><\/div>\n\t\t\t\t\t                    \n\t\t\t\t\t\t\t\t\t\t\t<a href=\"https:\/\/www.alevcamcioglu.com\/sr\/da-li-ostaju-konci-i-oziljci-nakon-operacije-nosa\/\" class=\"button primary is-outline is-small mb-0\">\n\t\t\t\t\t\t\tContinue Reading\t\t\t\t\t\t<\/a>\n\t\t\t\t\t\n\t\t\t\t\t\n\t\t\t\t\t<\/div>\n\t\t\t\t\t<\/div>\n\t\t\t\t\t\t\t\t\t\t\t\t\t\t\t\t<div class=\"badge absolute top post-date badge-circle\">\n\t\t\t\t\t\t\t<div class=\"badge-inner\">\n\t\t\t\t\t\t\t\t<span class=\"post-date-day\">13<\/span><br>\n\t\t\t\t\t\t\t\t<span class=\"post-date-month is-xsmall\">\u0430\u0432\u0433<\/span>\n\t\t\t\t\t\t\t<\/div>\n\t\t\t\t\t\t<\/div>\n\t\t\t\t\t\t\t\t\t<\/div>\n\t\t\t<\/div>\n\t\t<\/div><div class=\"col post-item\" >\n\t\t\t<div class=\"col-inner\">\n\t\t\t\t<div class=\"box box-push box-text-bottom box-blog-post has-hover\">\n            \t\t\t\t\t<div class=\"box-image\" >\n  \t\t\t\t\t\t<div class=\"image-cover\" style=\"padding-top:100%;\">\n\t\t\t\t\t\t\t<a href=\"https:\/\/www.alevcamcioglu.com\/sr\/da-li-operacija-nosa-menja-oblik-usana\/\" class=\"plain\" aria-label=\"Da Li Operacija Nosa Menja Oblik Usana?\">\n\t\t\t\t\t\t\t\t<img decoding=\"async\" width=\"1140\" height=\"500\" src=\"https:\/\/www.alevcamcioglu.com\/wp-content\/uploads\/2024\/08\/Burun-Ameliyati-Dudak-Seklini-Degistirir-Mi.jpg\" class=\"attachment-2048x2048 size-2048x2048 wp-post-image\" alt=\"\" srcset=\"https:\/\/www.alevcamcioglu.com\/wp-content\/uploads\/2024\/08\/Burun-Ameliyati-Dudak-Seklini-Degistirir-Mi.jpg 1140w, https:\/\/www.alevcamcioglu.com\/wp-content\/uploads\/2024\/08\/Burun-Ameliyati-Dudak-Seklini-Degistirir-Mi-300x132.jpg 300w, https:\/\/www.alevcamcioglu.com\/wp-content\/uploads\/2024\/08\/Burun-Ameliyati-Dudak-Seklini-Degistirir-Mi-1024x449.jpg 1024w, https:\/\/www.alevcamcioglu.com\/wp-content\/uploads\/2024\/08\/Burun-Ameliyati-Dudak-Seklini-Degistirir-Mi-768x337.jpg 768w, https:\/\/www.alevcamcioglu.com\/wp-content\/uploads\/2024\/08\/Burun-Ameliyati-Dudak-Seklini-Degistirir-Mi-370x162.jpg 370w, https:\/\/www.alevcamcioglu.com\/wp-content\/uploads\/2024\/08\/Burun-Ameliyati-Dudak-Seklini-Degistirir-Mi-760x333.jpg 760w\" sizes=\"(max-width: 1140px) 100vw, 1140px\" title=\"\">\t\t\t\t\t\t\t<\/a>\n  \t\t\t\t\t\t\t  \t\t\t\t\t\t\t  \t\t\t\t\t\t<\/div>\n  \t\t\t\t\t\t  \t\t\t\t\t<\/div>\n          \t\t\t\t\t<div class=\"box-text text-center\" >\n\t\t\t\t\t<div class=\"box-text-inner blog-post-inner\">\n\n\t\t\t\t\t\n\t\t\t\t\t\t\t\t\t\t<h5 class=\"post-title is-large \">\n\t\t\t\t\t\t<a href=\"https:\/\/www.alevcamcioglu.com\/sr\/da-li-operacija-nosa-menja-oblik-usana\/\" class=\"plain\">Da Li Operacija Nosa Menja Oblik Usana?<\/a>\n\t\t\t\t\t<\/h5>\n\t\t\t\t\t\t\t\t\t\t<div class=\"is-divider\"><\/div>\n\t\t\t\t\t                    \n\t\t\t\t\t\t\t\t\t\t\t<a href=\"https:\/\/www.alevcamcioglu.com\/sr\/da-li-operacija-nosa-menja-oblik-usana\/\" class=\"button primary is-outline is-small mb-0\">\n\t\t\t\t\t\t\tContinue Reading\t\t\t\t\t\t<\/a>\n\t\t\t\t\t\n\t\t\t\t\t\n\t\t\t\t\t<\/div>\n\t\t\t\t\t<\/div>\n\t\t\t\t\t\t\t\t\t\t\t\t\t\t\t\t<div class=\"badge absolute top post-date badge-circle\">\n\t\t\t\t\t\t\t<div class=\"badge-inner\">\n\t\t\t\t\t\t\t\t<span class=\"post-date-day\">13<\/span><br>\n\t\t\t\t\t\t\t\t<span class=\"post-date-month is-xsmall\">\u0430\u0432\u0433<\/span>\n\t\t\t\t\t\t\t<\/div>\n\t\t\t\t\t\t<\/div>\n\t\t\t\t\t\t\t\t\t<\/div>\n\t\t\t<\/div>\n\t\t<\/div><div class=\"col post-item\" >\n\t\t\t<div class=\"col-inner\">\n\t\t\t\t<div class=\"box box-push box-text-bottom box-blog-post has-hover\">\n            \t\t\t\t\t<div class=\"box-image\" >\n  \t\t\t\t\t\t<div class=\"image-cover\" style=\"padding-top:100%;\">\n\t\t\t\t\t\t\t<a href=\"https:\/\/www.alevcamcioglu.com\/sr\/koji-faktori-mogu-biti-prepreka-za-operaciju-nosa\/\" class=\"plain\" aria-label=\"Koji Faktori Mogu Biti Prepreka Za Operaciju Nosa?\">\n\t\t\t\t\t\t\t\t<img decoding=\"async\" width=\"1140\" height=\"500\" src=\"https:\/\/www.alevcamcioglu.com\/wp-content\/uploads\/2024\/08\/Burun-Estetigi-Ameliyatina-Engel-Durumlar-Nelerdir.jpg\" class=\"attachment-2048x2048 size-2048x2048 wp-post-image\" alt=\"\" srcset=\"https:\/\/www.alevcamcioglu.com\/wp-content\/uploads\/2024\/08\/Burun-Estetigi-Ameliyatina-Engel-Durumlar-Nelerdir.jpg 1140w, https:\/\/www.alevcamcioglu.com\/wp-content\/uploads\/2024\/08\/Burun-Estetigi-Ameliyatina-Engel-Durumlar-Nelerdir-300x132.jpg 300w, https:\/\/www.alevcamcioglu.com\/wp-content\/uploads\/2024\/08\/Burun-Estetigi-Ameliyatina-Engel-Durumlar-Nelerdir-1024x449.jpg 1024w, https:\/\/www.alevcamcioglu.com\/wp-content\/uploads\/2024\/08\/Burun-Estetigi-Ameliyatina-Engel-Durumlar-Nelerdir-768x337.jpg 768w, https:\/\/www.alevcamcioglu.com\/wp-content\/uploads\/2024\/08\/Burun-Estetigi-Ameliyatina-Engel-Durumlar-Nelerdir-370x162.jpg 370w, https:\/\/www.alevcamcioglu.com\/wp-content\/uploads\/2024\/08\/Burun-Estetigi-Ameliyatina-Engel-Durumlar-Nelerdir-760x333.jpg 760w\" sizes=\"(max-width: 1140px) 100vw, 1140px\" title=\"\">\t\t\t\t\t\t\t<\/a>\n  \t\t\t\t\t\t\t  \t\t\t\t\t\t\t  \t\t\t\t\t\t<\/div>\n  \t\t\t\t\t\t  \t\t\t\t\t<\/div>\n          \t\t\t\t\t<div class=\"box-text text-center\" >\n\t\t\t\t\t<div class=\"box-text-inner blog-post-inner\">\n\n\t\t\t\t\t\n\t\t\t\t\t\t\t\t\t\t<h5 class=\"post-title is-large \">\n\t\t\t\t\t\t<a href=\"https:\/\/www.alevcamcioglu.com\/sr\/koji-faktori-mogu-biti-prepreka-za-operaciju-nosa\/\" class=\"plain\">Koji Faktori Mogu Biti Prepreka Za Operaciju Nosa?<\/a>\n\t\t\t\t\t<\/h5>\n\t\t\t\t\t\t\t\t\t\t<div class=\"is-divider\"><\/div>\n\t\t\t\t\t                    \n\t\t\t\t\t\t\t\t\t\t\t<a href=\"https:\/\/www.alevcamcioglu.com\/sr\/koji-faktori-mogu-biti-prepreka-za-operaciju-nosa\/\" class=\"button primary is-outline is-small mb-0\">\n\t\t\t\t\t\t\tContinue Reading\t\t\t\t\t\t<\/a>\n\t\t\t\t\t\n\t\t\t\t\t\n\t\t\t\t\t<\/div>\n\t\t\t\t\t<\/div>\n\t\t\t\t\t\t\t\t\t\t\t\t\t\t\t\t<div class=\"badge absolute top post-date badge-circle\">\n\t\t\t\t\t\t\t<div class=\"badge-inner\">\n\t\t\t\t\t\t\t\t<span class=\"post-date-day\">13<\/span><br>\n\t\t\t\t\t\t\t\t<span class=\"post-date-month is-xsmall\">\u0430\u0432\u0433<\/span>\n\t\t\t\t\t\t\t<\/div>\n\t\t\t\t\t\t<\/div>\n\t\t\t\t\t\t\t\t\t<\/div>\n\t\t\t<\/div>\n\t\t<\/div><div class=\"col post-item\" >\n\t\t\t<div class=\"col-inner\">\n\t\t\t\t<div class=\"box box-push box-text-bottom box-blog-post has-hover\">\n            \t\t\t\t\t<div class=\"box-image\" >\n  \t\t\t\t\t\t<div class=\"image-cover\" style=\"padding-top:100%;\">\n\t\t\t\t\t\t\t<a href=\"https:\/\/www.alevcamcioglu.com\/sr\/kada-se-povlace-modrice-nakon-operacije-nosa\/\" class=\"plain\" aria-label=\"Kada Se Povla\u010de Modrice Nakon Operacije Nosa?\">\n\t\t\t\t\t\t\t\t<img decoding=\"async\" width=\"1140\" height=\"500\" src=\"https:\/\/www.alevcamcioglu.com\/wp-content\/uploads\/2024\/08\/Rinoplasti-Sonrasi-Morluklar-Ne-Zaman-Iyilesir.jpg\" class=\"attachment-2048x2048 size-2048x2048 wp-post-image\" alt=\"\" srcset=\"https:\/\/www.alevcamcioglu.com\/wp-content\/uploads\/2024\/08\/Rinoplasti-Sonrasi-Morluklar-Ne-Zaman-Iyilesir.jpg 1140w, https:\/\/www.alevcamcioglu.com\/wp-content\/uploads\/2024\/08\/Rinoplasti-Sonrasi-Morluklar-Ne-Zaman-Iyilesir-300x132.jpg 300w, https:\/\/www.alevcamcioglu.com\/wp-content\/uploads\/2024\/08\/Rinoplasti-Sonrasi-Morluklar-Ne-Zaman-Iyilesir-1024x449.jpg 1024w, https:\/\/www.alevcamcioglu.com\/wp-content\/uploads\/2024\/08\/Rinoplasti-Sonrasi-Morluklar-Ne-Zaman-Iyilesir-768x337.jpg 768w, https:\/\/www.alevcamcioglu.com\/wp-content\/uploads\/2024\/08\/Rinoplasti-Sonrasi-Morluklar-Ne-Zaman-Iyilesir-370x162.jpg 370w, https:\/\/www.alevcamcioglu.com\/wp-content\/uploads\/2024\/08\/Rinoplasti-Sonrasi-Morluklar-Ne-Zaman-Iyilesir-760x333.jpg 760w\" sizes=\"(max-width: 1140px) 100vw, 1140px\" title=\"\">\t\t\t\t\t\t\t<\/a>\n  \t\t\t\t\t\t\t  \t\t\t\t\t\t\t  \t\t\t\t\t\t<\/div>\n  \t\t\t\t\t\t  \t\t\t\t\t<\/div>\n          \t\t\t\t\t<div class=\"box-text text-center\" >\n\t\t\t\t\t<div class=\"box-text-inner blog-post-inner\">\n\n\t\t\t\t\t\n\t\t\t\t\t\t\t\t\t\t<h5 class=\"post-title is-large \">\n\t\t\t\t\t\t<a href=\"https:\/\/www.alevcamcioglu.com\/sr\/kada-se-povlace-modrice-nakon-operacije-nosa\/\" class=\"plain\">Kada Se Povla\u010de Modrice Nakon Operacije Nosa?<\/a>\n\t\t\t\t\t<\/h5>\n\t\t\t\t\t\t\t\t\t\t<div class=\"is-divider\"><\/div>\n\t\t\t\t\t                    \n\t\t\t\t\t\t\t\t\t\t\t<a href=\"https:\/\/www.alevcamcioglu.com\/sr\/kada-se-povlace-modrice-nakon-operacije-nosa\/\" class=\"button primary is-outline is-small mb-0\">\n\t\t\t\t\t\t\tContinue Reading\t\t\t\t\t\t<\/a>\n\t\t\t\t\t\n\t\t\t\t\t\n\t\t\t\t\t<\/div>\n\t\t\t\t\t<\/div>\n\t\t\t\t\t\t\t\t\t\t\t\t\t\t\t\t<div class=\"badge absolute top post-date badge-circle\">\n\t\t\t\t\t\t\t<div class=\"badge-inner\">\n\t\t\t\t\t\t\t\t<span class=\"post-date-day\">13<\/span><br>\n\t\t\t\t\t\t\t\t<span class=\"post-date-month is-xsmall\">\u0430\u0432\u0433<\/span>\n\t\t\t\t\t\t\t<\/div>\n\t\t\t\t\t\t<\/div>\n\t\t\t\t\t\t\t\t\t<\/div>\n\t\t\t<\/div>\n\t\t<\/div><div class=\"col post-item\" >\n\t\t\t<div class=\"col-inner\">\n\t\t\t\t<div class=\"box box-push box-text-bottom box-blog-post has-hover\">\n            \t\t\t\t\t<div class=\"box-image\" >\n  \t\t\t\t\t\t<div class=\"image-cover\" style=\"padding-top:100%;\">\n\t\t\t\t\t\t\t<a href=\"https:\/\/www.alevcamcioglu.com\/sr\/upotreba-fiksatora-i-tampona-u-estetici-nosa\/\" class=\"plain\" aria-label=\"Upotreba Fiksatora i Tampona u Estetici Nosa\">\n\t\t\t\t\t\t\t\t<img decoding=\"async\" width=\"1140\" height=\"500\" src=\"https:\/\/www.alevcamcioglu.com\/wp-content\/uploads\/2024\/08\/Burun-Estetiginde-Atel-ve-Tampon-Kullanimi.jpg\" class=\"attachment-2048x2048 size-2048x2048 wp-post-image\" alt=\"\" srcset=\"https:\/\/www.alevcamcioglu.com\/wp-content\/uploads\/2024\/08\/Burun-Estetiginde-Atel-ve-Tampon-Kullanimi.jpg 1140w, https:\/\/www.alevcamcioglu.com\/wp-content\/uploads\/2024\/08\/Burun-Estetiginde-Atel-ve-Tampon-Kullanimi-300x132.jpg 300w, https:\/\/www.alevcamcioglu.com\/wp-content\/uploads\/2024\/08\/Burun-Estetiginde-Atel-ve-Tampon-Kullanimi-1024x449.jpg 1024w, https:\/\/www.alevcamcioglu.com\/wp-content\/uploads\/2024\/08\/Burun-Estetiginde-Atel-ve-Tampon-Kullanimi-768x337.jpg 768w, https:\/\/www.alevcamcioglu.com\/wp-content\/uploads\/2024\/08\/Burun-Estetiginde-Atel-ve-Tampon-Kullanimi-370x162.jpg 370w, https:\/\/www.alevcamcioglu.com\/wp-content\/uploads\/2024\/08\/Burun-Estetiginde-Atel-ve-Tampon-Kullanimi-760x333.jpg 760w\" sizes=\"(max-width: 1140px) 100vw, 1140px\" title=\"\">\t\t\t\t\t\t\t<\/a>\n  \t\t\t\t\t\t\t  \t\t\t\t\t\t\t  \t\t\t\t\t\t<\/div>\n  \t\t\t\t\t\t  \t\t\t\t\t<\/div>\n          \t\t\t\t\t<div class=\"box-text text-center\" >\n\t\t\t\t\t<div class=\"box-text-inner blog-post-inner\">\n\n\t\t\t\t\t\n\t\t\t\t\t\t\t\t\t\t<h5 class=\"post-title is-large \">\n\t\t\t\t\t\t<a href=\"https:\/\/www.alevcamcioglu.com\/sr\/upotreba-fiksatora-i-tampona-u-estetici-nosa\/\" class=\"plain\">Upotreba Fiksatora i Tampona u Estetici Nosa<\/a>\n\t\t\t\t\t<\/h5>\n\t\t\t\t\t\t\t\t\t\t<div class=\"is-divider\"><\/div>\n\t\t\t\t\t                    \n\t\t\t\t\t\t\t\t\t\t\t<a href=\"https:\/\/www.alevcamcioglu.com\/sr\/upotreba-fiksatora-i-tampona-u-estetici-nosa\/\" class=\"button primary is-outline is-small mb-0\">\n\t\t\t\t\t\t\tContinue Reading\t\t\t\t\t\t<\/a>\n\t\t\t\t\t\n\t\t\t\t\t\n\t\t\t\t\t<\/div>\n\t\t\t\t\t<\/div>\n\t\t\t\t\t\t\t\t\t\t\t\t\t\t\t\t<div class=\"badge absolute top post-date badge-circle\">\n\t\t\t\t\t\t\t<div class=\"badge-inner\">\n\t\t\t\t\t\t\t\t<span class=\"post-date-day\">13<\/span><br>\n\t\t\t\t\t\t\t\t<span class=\"post-date-month is-xsmall\">\u0430\u0432\u0433<\/span>\n\t\t\t\t\t\t\t<\/div>\n\t\t\t\t\t\t<\/div>\n\t\t\t\t\t\t\t\t\t<\/div>\n\t\t\t<\/div>\n\t\t<\/div><div class=\"col post-item\" >\n\t\t\t<div class=\"col-inner\">\n\t\t\t\t<div class=\"box box-push box-text-bottom box-blog-post has-hover\">\n            \t\t\t\t\t<div class=\"box-image\" >\n  \t\t\t\t\t\t<div class=\"image-cover\" style=\"padding-top:100%;\">\n\t\t\t\t\t\t\t<a href=\"https:\/\/www.alevcamcioglu.com\/sr\/da-li-je-moguce-izvesti-operaciju-estetike-nosa-dok-nosite-aparatic-za-zube\/\" class=\"plain\" aria-label=\"Da li je Mogu\u0107e Izvesti Operaciju Estetike Nosa Dok Nosite Aparati\u0107 za Zube?\">\n\t\t\t\t\t\t\t\t<img decoding=\"async\" width=\"1140\" height=\"500\" src=\"https:\/\/www.alevcamcioglu.com\/wp-content\/uploads\/2024\/07\/Dis-Teli-Varken-Burun-Estetigi-Ameliyati-Yapilir-Mi.jpg\" class=\"attachment-2048x2048 size-2048x2048 wp-post-image\" alt=\"\" srcset=\"https:\/\/www.alevcamcioglu.com\/wp-content\/uploads\/2024\/07\/Dis-Teli-Varken-Burun-Estetigi-Ameliyati-Yapilir-Mi.jpg 1140w, https:\/\/www.alevcamcioglu.com\/wp-content\/uploads\/2024\/07\/Dis-Teli-Varken-Burun-Estetigi-Ameliyati-Yapilir-Mi-300x132.jpg 300w, https:\/\/www.alevcamcioglu.com\/wp-content\/uploads\/2024\/07\/Dis-Teli-Varken-Burun-Estetigi-Ameliyati-Yapilir-Mi-1024x449.jpg 1024w, https:\/\/www.alevcamcioglu.com\/wp-content\/uploads\/2024\/07\/Dis-Teli-Varken-Burun-Estetigi-Ameliyati-Yapilir-Mi-768x337.jpg 768w, https:\/\/www.alevcamcioglu.com\/wp-content\/uploads\/2024\/07\/Dis-Teli-Varken-Burun-Estetigi-Ameliyati-Yapilir-Mi-370x162.jpg 370w, https:\/\/www.alevcamcioglu.com\/wp-content\/uploads\/2024\/07\/Dis-Teli-Varken-Burun-Estetigi-Ameliyati-Yapilir-Mi-760x333.jpg 760w\" sizes=\"(max-width: 1140px) 100vw, 1140px\" title=\"\">\t\t\t\t\t\t\t<\/a>\n  \t\t\t\t\t\t\t  \t\t\t\t\t\t\t  \t\t\t\t\t\t<\/div>\n  \t\t\t\t\t\t  \t\t\t\t\t<\/div>\n          \t\t\t\t\t<div class=\"box-text text-center\" >\n\t\t\t\t\t<div class=\"box-text-inner blog-post-inner\">\n\n\t\t\t\t\t\n\t\t\t\t\t\t\t\t\t\t<h5 class=\"post-title is-large \">\n\t\t\t\t\t\t<a href=\"https:\/\/www.alevcamcioglu.com\/sr\/da-li-je-moguce-izvesti-operaciju-estetike-nosa-dok-nosite-aparatic-za-zube\/\" class=\"plain\">Da li je Mogu\u0107e Izvesti Operaciju Estetike Nosa Dok Nosite Aparati\u0107 za Zube?<\/a>\n\t\t\t\t\t<\/h5>\n\t\t\t\t\t\t\t\t\t\t<div class=\"is-divider\"><\/div>\n\t\t\t\t\t                    \n\t\t\t\t\t\t\t\t\t\t\t<a href=\"https:\/\/www.alevcamcioglu.com\/sr\/da-li-je-moguce-izvesti-operaciju-estetike-nosa-dok-nosite-aparatic-za-zube\/\" class=\"button primary is-outline is-small mb-0\">\n\t\t\t\t\t\t\tContinue Reading\t\t\t\t\t\t<\/a>\n\t\t\t\t\t\n\t\t\t\t\t\n\t\t\t\t\t<\/div>\n\t\t\t\t\t<\/div>\n\t\t\t\t\t\t\t\t\t\t\t\t\t\t\t\t<div class=\"badge absolute top post-date badge-circle\">\n\t\t\t\t\t\t\t<div class=\"badge-inner\">\n\t\t\t\t\t\t\t\t<span class=\"post-date-day\">29<\/span><br>\n\t\t\t\t\t\t\t\t<span class=\"post-date-month is-xsmall\">\u0458\u0443\u043b<\/span>\n\t\t\t\t\t\t\t<\/div>\n\t\t\t\t\t\t<\/div>\n\t\t\t\t\t\t\t\t\t<\/div>\n\t\t\t<\/div>\n\t\t<\/div><div class=\"col post-item\" >\n\t\t\t<div class=\"col-inner\">\n\t\t\t\t<div class=\"box box-push box-text-bottom box-blog-post has-hover\">\n            \t\t\t\t\t<div class=\"box-image\" >\n  \t\t\t\t\t\t<div class=\"image-cover\" style=\"padding-top:100%;\">\n\t\t\t\t\t\t\t<a href=\"https:\/\/www.alevcamcioglu.com\/sr\/operacija-priraslica-unutar-nosa\/\" class=\"plain\" aria-label=\"Operacija Priraslica Unutar Nosa\">\n\t\t\t\t\t\t\t\t<img decoding=\"async\" width=\"1140\" height=\"500\" src=\"https:\/\/www.alevcamcioglu.com\/wp-content\/uploads\/2024\/07\/Burun-Ici-Yapisiklik-Ameliyati.jpg\" class=\"attachment-2048x2048 size-2048x2048 wp-post-image\" alt=\"\" srcset=\"https:\/\/www.alevcamcioglu.com\/wp-content\/uploads\/2024\/07\/Burun-Ici-Yapisiklik-Ameliyati.jpg 1140w, https:\/\/www.alevcamcioglu.com\/wp-content\/uploads\/2024\/07\/Burun-Ici-Yapisiklik-Ameliyati-300x132.jpg 300w, https:\/\/www.alevcamcioglu.com\/wp-content\/uploads\/2024\/07\/Burun-Ici-Yapisiklik-Ameliyati-1024x449.jpg 1024w, https:\/\/www.alevcamcioglu.com\/wp-content\/uploads\/2024\/07\/Burun-Ici-Yapisiklik-Ameliyati-768x337.jpg 768w, https:\/\/www.alevcamcioglu.com\/wp-content\/uploads\/2024\/07\/Burun-Ici-Yapisiklik-Ameliyati-370x162.jpg 370w, https:\/\/www.alevcamcioglu.com\/wp-content\/uploads\/2024\/07\/Burun-Ici-Yapisiklik-Ameliyati-760x333.jpg 760w\" sizes=\"(max-width: 1140px) 100vw, 1140px\" title=\"\">\t\t\t\t\t\t\t<\/a>\n  \t\t\t\t\t\t\t  \t\t\t\t\t\t\t  \t\t\t\t\t\t<\/div>\n  \t\t\t\t\t\t  \t\t\t\t\t<\/div>\n          \t\t\t\t\t<div class=\"box-text text-center\" >\n\t\t\t\t\t<div class=\"box-text-inner blog-post-inner\">\n\n\t\t\t\t\t\n\t\t\t\t\t\t\t\t\t\t<h5 class=\"post-title is-large \">\n\t\t\t\t\t\t<a href=\"https:\/\/www.alevcamcioglu.com\/sr\/operacija-priraslica-unutar-nosa\/\" class=\"plain\">Operacija Priraslica Unutar Nosa<\/a>\n\t\t\t\t\t<\/h5>\n\t\t\t\t\t\t\t\t\t\t<div class=\"is-divider\"><\/div>\n\t\t\t\t\t                    \n\t\t\t\t\t\t\t\t\t\t\t<a href=\"https:\/\/www.alevcamcioglu.com\/sr\/operacija-priraslica-unutar-nosa\/\" class=\"button primary is-outline is-small mb-0\">\n\t\t\t\t\t\t\tContinue Reading\t\t\t\t\t\t<\/a>\n\t\t\t\t\t\n\t\t\t\t\t\n\t\t\t\t\t<\/div>\n\t\t\t\t\t<\/div>\n\t\t\t\t\t\t\t\t\t\t\t\t\t\t\t\t<div class=\"badge absolute top post-date badge-circle\">\n\t\t\t\t\t\t\t<div class=\"badge-inner\">\n\t\t\t\t\t\t\t\t<span class=\"post-date-day\">29<\/span><br>\n\t\t\t\t\t\t\t\t<span class=\"post-date-month is-xsmall\">\u0458\u0443\u043b<\/span>\n\t\t\t\t\t\t\t<\/div>\n\t\t\t\t\t\t<\/div>\n\t\t\t\t\t\t\t\t\t<\/div>\n\t\t\t<\/div>\n\t\t<\/div><div class=\"col post-item\" >\n\t\t\t<div class=\"col-inner\">\n\t\t\t\t<div class=\"box box-push box-text-bottom box-blog-post has-hover\">\n            \t\t\t\t\t<div class=\"box-image\" >\n  \t\t\t\t\t\t<div class=\"image-cover\" style=\"padding-top:100%;\">\n\t\t\t\t\t\t\t<a href=\"https:\/\/www.alevcamcioglu.com\/sr\/da-li-je-moguce-raditi-rinoplastiku-tokom-letnjeg-perioda\/\" class=\"plain\" aria-label=\"Da li je mogu\u0107e raditi rinoplastiku tokom letnjeg perioda?\">\n\t\t\t\t\t\t\t\t<img decoding=\"async\" width=\"1140\" height=\"500\" src=\"https:\/\/www.alevcamcioglu.com\/wp-content\/uploads\/2024\/07\/Yaz-Doneminde-Burun-Estetigi-Olur-Mu.jpg\" class=\"attachment-2048x2048 size-2048x2048 wp-post-image\" alt=\"\" srcset=\"https:\/\/www.alevcamcioglu.com\/wp-content\/uploads\/2024\/07\/Yaz-Doneminde-Burun-Estetigi-Olur-Mu.jpg 1140w, https:\/\/www.alevcamcioglu.com\/wp-content\/uploads\/2024\/07\/Yaz-Doneminde-Burun-Estetigi-Olur-Mu-300x132.jpg 300w, https:\/\/www.alevcamcioglu.com\/wp-content\/uploads\/2024\/07\/Yaz-Doneminde-Burun-Estetigi-Olur-Mu-1024x449.jpg 1024w, https:\/\/www.alevcamcioglu.com\/wp-content\/uploads\/2024\/07\/Yaz-Doneminde-Burun-Estetigi-Olur-Mu-768x337.jpg 768w, https:\/\/www.alevcamcioglu.com\/wp-content\/uploads\/2024\/07\/Yaz-Doneminde-Burun-Estetigi-Olur-Mu-370x162.jpg 370w, https:\/\/www.alevcamcioglu.com\/wp-content\/uploads\/2024\/07\/Yaz-Doneminde-Burun-Estetigi-Olur-Mu-760x333.jpg 760w\" sizes=\"(max-width: 1140px) 100vw, 1140px\" title=\"\">\t\t\t\t\t\t\t<\/a>\n  \t\t\t\t\t\t\t  \t\t\t\t\t\t\t  \t\t\t\t\t\t<\/div>\n  \t\t\t\t\t\t  \t\t\t\t\t<\/div>\n          \t\t\t\t\t<div class=\"box-text text-center\" >\n\t\t\t\t\t<div class=\"box-text-inner blog-post-inner\">\n\n\t\t\t\t\t\n\t\t\t\t\t\t\t\t\t\t<h5 class=\"post-title is-large \">\n\t\t\t\t\t\t<a href=\"https:\/\/www.alevcamcioglu.com\/sr\/da-li-je-moguce-raditi-rinoplastiku-tokom-letnjeg-perioda\/\" class=\"plain\">Da li je mogu\u0107e raditi rinoplastiku tokom letnjeg perioda?<\/a>\n\t\t\t\t\t<\/h5>\n\t\t\t\t\t\t\t\t\t\t<div class=\"is-divider\"><\/div>\n\t\t\t\t\t                    \n\t\t\t\t\t\t\t\t\t\t\t<a href=\"https:\/\/www.alevcamcioglu.com\/sr\/da-li-je-moguce-raditi-rinoplastiku-tokom-letnjeg-perioda\/\" class=\"button primary is-outline is-small mb-0\">\n\t\t\t\t\t\t\tContinue Reading\t\t\t\t\t\t<\/a>\n\t\t\t\t\t\n\t\t\t\t\t\n\t\t\t\t\t<\/div>\n\t\t\t\t\t<\/div>\n\t\t\t\t\t\t\t\t\t\t\t\t\t\t\t\t<div class=\"badge absolute top post-date badge-circle\">\n\t\t\t\t\t\t\t<div class=\"badge-inner\">\n\t\t\t\t\t\t\t\t<span class=\"post-date-day\">29<\/span><br>\n\t\t\t\t\t\t\t\t<span class=\"post-date-month is-xsmall\">\u0458\u0443\u043b<\/span>\n\t\t\t\t\t\t\t<\/div>\n\t\t\t\t\t\t<\/div>\n\t\t\t\t\t\t\t\t\t<\/div>\n\t\t\t<\/div>\n\t\t<\/div><div class=\"col post-item\" >\n\t\t\t<div class=\"col-inner\">\n\t\t\t\t<div class=\"box box-push box-text-bottom box-blog-post has-hover\">\n            \t\t\t\t\t<div class=\"box-image\" >\n  \t\t\t\t\t\t<div class=\"image-cover\" style=\"padding-top:100%;\">\n\t\t\t\t\t\t\t<a href=\"https:\/\/www.alevcamcioglu.com\/sr\/da-li-je-moguce-ispraviti-grbu-na-nosu-vezbama\/\" class=\"plain\" aria-label=\"Da li je mogu\u0107e ispraviti grbu na nosu ve\u017ebama?\">\n\t\t\t\t\t\t\t\t<img decoding=\"async\" width=\"1140\" height=\"500\" src=\"https:\/\/www.alevcamcioglu.com\/wp-content\/uploads\/2024\/07\/Egzersiz-ile-Burun-Kemeri-Duzeltilebilir-Mi.jpg\" class=\"attachment-2048x2048 size-2048x2048 wp-post-image\" alt=\"\" srcset=\"https:\/\/www.alevcamcioglu.com\/wp-content\/uploads\/2024\/07\/Egzersiz-ile-Burun-Kemeri-Duzeltilebilir-Mi.jpg 1140w, https:\/\/www.alevcamcioglu.com\/wp-content\/uploads\/2024\/07\/Egzersiz-ile-Burun-Kemeri-Duzeltilebilir-Mi-300x132.jpg 300w, https:\/\/www.alevcamcioglu.com\/wp-content\/uploads\/2024\/07\/Egzersiz-ile-Burun-Kemeri-Duzeltilebilir-Mi-1024x449.jpg 1024w, https:\/\/www.alevcamcioglu.com\/wp-content\/uploads\/2024\/07\/Egzersiz-ile-Burun-Kemeri-Duzeltilebilir-Mi-768x337.jpg 768w, https:\/\/www.alevcamcioglu.com\/wp-content\/uploads\/2024\/07\/Egzersiz-ile-Burun-Kemeri-Duzeltilebilir-Mi-370x162.jpg 370w, https:\/\/www.alevcamcioglu.com\/wp-content\/uploads\/2024\/07\/Egzersiz-ile-Burun-Kemeri-Duzeltilebilir-Mi-760x333.jpg 760w\" sizes=\"(max-width: 1140px) 100vw, 1140px\" title=\"\">\t\t\t\t\t\t\t<\/a>\n  \t\t\t\t\t\t\t  \t\t\t\t\t\t\t  \t\t\t\t\t\t<\/div>\n  \t\t\t\t\t\t  \t\t\t\t\t<\/div>\n          \t\t\t\t\t<div class=\"box-text text-center\" >\n\t\t\t\t\t<div class=\"box-text-inner blog-post-inner\">\n\n\t\t\t\t\t\n\t\t\t\t\t\t\t\t\t\t<h5 class=\"post-title is-large \">\n\t\t\t\t\t\t<a href=\"https:\/\/www.alevcamcioglu.com\/sr\/da-li-je-moguce-ispraviti-grbu-na-nosu-vezbama\/\" class=\"plain\">Da li je mogu\u0107e ispraviti grbu na nosu ve\u017ebama?<\/a>\n\t\t\t\t\t<\/h5>\n\t\t\t\t\t\t\t\t\t\t<div class=\"is-divider\"><\/div>\n\t\t\t\t\t                    \n\t\t\t\t\t\t\t\t\t\t\t<a href=\"https:\/\/www.alevcamcioglu.com\/sr\/da-li-je-moguce-ispraviti-grbu-na-nosu-vezbama\/\" class=\"button primary is-outline is-small mb-0\">\n\t\t\t\t\t\t\tContinue Reading\t\t\t\t\t\t<\/a>\n\t\t\t\t\t\n\t\t\t\t\t\n\t\t\t\t\t<\/div>\n\t\t\t\t\t<\/div>\n\t\t\t\t\t\t\t\t\t\t\t\t\t\t\t\t<div class=\"badge absolute top post-date badge-circle\">\n\t\t\t\t\t\t\t<div class=\"badge-inner\">\n\t\t\t\t\t\t\t\t<span class=\"post-date-day\">29<\/span><br>\n\t\t\t\t\t\t\t\t<span class=\"post-date-month is-xsmall\">\u0458\u0443\u043b<\/span>\n\t\t\t\t\t\t\t<\/div>\n\t\t\t\t\t\t<\/div>\n\t\t\t\t\t\t\t\t\t<\/div>\n\t\t\t<\/div>\n\t\t<\/div><div class=\"col post-item\" >\n\t\t\t<div class=\"col-inner\">\n\t\t\t\t<div class=\"box box-push box-text-bottom box-blog-post has-hover\">\n            \t\t\t\t\t<div class=\"box-image\" >\n  \t\t\t\t\t\t<div class=\"image-cover\" style=\"padding-top:100%;\">\n\t\t\t\t\t\t\t<a href=\"https:\/\/www.alevcamcioglu.com\/sr\/da-li-se-moze-pojaviti-kolaps-nosa-nakon-operacije\/\" class=\"plain\" aria-label=\"Da li se mo\u017ee pojaviti kolaps nosa nakon operacije?\">\n\t\t\t\t\t\t\t\t<img decoding=\"async\" width=\"1140\" height=\"500\" src=\"https:\/\/www.alevcamcioglu.com\/wp-content\/uploads\/2024\/07\/Burun-Ameliyati-Sonrasi-Burunda-Cokme-Meydana-Gelir-Mi.jpg\" class=\"attachment-2048x2048 size-2048x2048 wp-post-image\" alt=\"\" srcset=\"https:\/\/www.alevcamcioglu.com\/wp-content\/uploads\/2024\/07\/Burun-Ameliyati-Sonrasi-Burunda-Cokme-Meydana-Gelir-Mi.jpg 1140w, https:\/\/www.alevcamcioglu.com\/wp-content\/uploads\/2024\/07\/Burun-Ameliyati-Sonrasi-Burunda-Cokme-Meydana-Gelir-Mi-300x132.jpg 300w, https:\/\/www.alevcamcioglu.com\/wp-content\/uploads\/2024\/07\/Burun-Ameliyati-Sonrasi-Burunda-Cokme-Meydana-Gelir-Mi-1024x449.jpg 1024w, https:\/\/www.alevcamcioglu.com\/wp-content\/uploads\/2024\/07\/Burun-Ameliyati-Sonrasi-Burunda-Cokme-Meydana-Gelir-Mi-768x337.jpg 768w, https:\/\/www.alevcamcioglu.com\/wp-content\/uploads\/2024\/07\/Burun-Ameliyati-Sonrasi-Burunda-Cokme-Meydana-Gelir-Mi-370x162.jpg 370w, https:\/\/www.alevcamcioglu.com\/wp-content\/uploads\/2024\/07\/Burun-Ameliyati-Sonrasi-Burunda-Cokme-Meydana-Gelir-Mi-760x333.jpg 760w\" sizes=\"(max-width: 1140px) 100vw, 1140px\" title=\"\">\t\t\t\t\t\t\t<\/a>\n  \t\t\t\t\t\t\t  \t\t\t\t\t\t\t  \t\t\t\t\t\t<\/div>\n  \t\t\t\t\t\t  \t\t\t\t\t<\/div>\n          \t\t\t\t\t<div class=\"box-text text-center\" >\n\t\t\t\t\t<div class=\"box-text-inner blog-post-inner\">\n\n\t\t\t\t\t\n\t\t\t\t\t\t\t\t\t\t<h5 class=\"post-title is-large \">\n\t\t\t\t\t\t<a href=\"https:\/\/www.alevcamcioglu.com\/sr\/da-li-se-moze-pojaviti-kolaps-nosa-nakon-operacije\/\" class=\"plain\">Da li se mo\u017ee pojaviti kolaps nosa nakon operacije?<\/a>\n\t\t\t\t\t<\/h5>\n\t\t\t\t\t\t\t\t\t\t<div class=\"is-divider\"><\/div>\n\t\t\t\t\t                    \n\t\t\t\t\t\t\t\t\t\t\t<a href=\"https:\/\/www.alevcamcioglu.com\/sr\/da-li-se-moze-pojaviti-kolaps-nosa-nakon-operacije\/\" class=\"button primary is-outline is-small mb-0\">\n\t\t\t\t\t\t\tContinue Reading\t\t\t\t\t\t<\/a>\n\t\t\t\t\t\n\t\t\t\t\t\n\t\t\t\t\t<\/div>\n\t\t\t\t\t<\/div>\n\t\t\t\t\t\t\t\t\t\t\t\t\t\t\t\t<div class=\"badge absolute top post-date badge-circle\">\n\t\t\t\t\t\t\t<div class=\"badge-inner\">\n\t\t\t\t\t\t\t\t<span class=\"post-date-day\">29<\/span><br>\n\t\t\t\t\t\t\t\t<span class=\"post-date-month is-xsmall\">\u0458\u0443\u043b<\/span>\n\t\t\t\t\t\t\t<\/div>\n\t\t\t\t\t\t<\/div>\n\t\t\t\t\t\t\t\t\t<\/div>\n\t\t\t<\/div>\n\t\t<\/div><div class=\"col post-item\" >\n\t\t\t<div class=\"col-inner\">\n\t\t\t\t<div class=\"box box-push box-text-bottom box-blog-post has-hover\">\n            \t\t\t\t\t<div class=\"box-image\" >\n  \t\t\t\t\t\t<div class=\"image-cover\" style=\"padding-top:100%;\">\n\t\t\t\t\t\t\t<a href=\"https:\/\/www.alevcamcioglu.com\/sr\/da-li-moze-doci-do-kolapsa-nosa-nakon-operacije-kod-osoba-sa-masnom-i-suvom-kozom\/\" class=\"plain\" aria-label=\"Da li mo\u017ee do\u0107i do kolapsa nosa nakon operacije kod osoba sa masnom i suvom ko\u017eom?\">\n\t\t\t\t\t\t\t\t<img decoding=\"async\" width=\"1140\" height=\"500\" src=\"https:\/\/www.alevcamcioglu.com\/wp-content\/uploads\/2024\/07\/Yagli-Derili-ve-Kuru-Derili-Burun-Ameliyati.jpg\" class=\"attachment-2048x2048 size-2048x2048 wp-post-image\" alt=\"\" srcset=\"https:\/\/www.alevcamcioglu.com\/wp-content\/uploads\/2024\/07\/Yagli-Derili-ve-Kuru-Derili-Burun-Ameliyati.jpg 1140w, https:\/\/www.alevcamcioglu.com\/wp-content\/uploads\/2024\/07\/Yagli-Derili-ve-Kuru-Derili-Burun-Ameliyati-300x132.jpg 300w, https:\/\/www.alevcamcioglu.com\/wp-content\/uploads\/2024\/07\/Yagli-Derili-ve-Kuru-Derili-Burun-Ameliyati-1024x449.jpg 1024w, https:\/\/www.alevcamcioglu.com\/wp-content\/uploads\/2024\/07\/Yagli-Derili-ve-Kuru-Derili-Burun-Ameliyati-768x337.jpg 768w, https:\/\/www.alevcamcioglu.com\/wp-content\/uploads\/2024\/07\/Yagli-Derili-ve-Kuru-Derili-Burun-Ameliyati-370x162.jpg 370w, https:\/\/www.alevcamcioglu.com\/wp-content\/uploads\/2024\/07\/Yagli-Derili-ve-Kuru-Derili-Burun-Ameliyati-760x333.jpg 760w\" sizes=\"(max-width: 1140px) 100vw, 1140px\" title=\"\">\t\t\t\t\t\t\t<\/a>\n  \t\t\t\t\t\t\t  \t\t\t\t\t\t\t  \t\t\t\t\t\t<\/div>\n  \t\t\t\t\t\t  \t\t\t\t\t<\/div>\n          \t\t\t\t\t<div class=\"box-text text-center\" >\n\t\t\t\t\t<div class=\"box-text-inner blog-post-inner\">\n\n\t\t\t\t\t\n\t\t\t\t\t\t\t\t\t\t<h5 class=\"post-title is-large \">\n\t\t\t\t\t\t<a href=\"https:\/\/www.alevcamcioglu.com\/sr\/da-li-moze-doci-do-kolapsa-nosa-nakon-operacije-kod-osoba-sa-masnom-i-suvom-kozom\/\" class=\"plain\">Da li mo\u017ee do\u0107i do kolapsa nosa nakon operacije kod osoba sa masnom i suvom ko\u017eom?<\/a>\n\t\t\t\t\t<\/h5>\n\t\t\t\t\t\t\t\t\t\t<div class=\"is-divider\"><\/div>\n\t\t\t\t\t                    \n\t\t\t\t\t\t\t\t\t\t\t<a href=\"https:\/\/www.alevcamcioglu.com\/sr\/da-li-moze-doci-do-kolapsa-nosa-nakon-operacije-kod-osoba-sa-masnom-i-suvom-kozom\/\" class=\"button primary is-outline is-small mb-0\">\n\t\t\t\t\t\t\tContinue Reading\t\t\t\t\t\t<\/a>\n\t\t\t\t\t\n\t\t\t\t\t\n\t\t\t\t\t<\/div>\n\t\t\t\t\t<\/div>\n\t\t\t\t\t\t\t\t\t\t\t\t\t\t\t\t<div class=\"badge absolute top post-date badge-circle\">\n\t\t\t\t\t\t\t<div class=\"badge-inner\">\n\t\t\t\t\t\t\t\t<span class=\"post-date-day\">29<\/span><br>\n\t\t\t\t\t\t\t\t<span class=\"post-date-month is-xsmall\">\u0458\u0443\u043b<\/span>\n\t\t\t\t\t\t\t<\/div>\n\t\t\t\t\t\t<\/div>\n\t\t\t\t\t\t\t\t\t<\/div>\n\t\t\t<\/div>\n\t\t<\/div><div class=\"col post-item\" >\n\t\t\t<div class=\"col-inner\">\n\t\t\t\t<div class=\"box box-push box-text-bottom box-blog-post has-hover\">\n            \t\t\t\t\t<div class=\"box-image\" >\n  \t\t\t\t\t\t<div class=\"image-cover\" style=\"padding-top:100%;\">\n\t\t\t\t\t\t\t<a href=\"https:\/\/www.alevcamcioglu.com\/sr\/da-li-je-moguca-operacija-nosa-tokom-perioda-dojenja\/\" class=\"plain\" aria-label=\"Da li je mogu\u0107a operacija nosa tokom perioda dojenja?\">\n\t\t\t\t\t\t\t\t<img decoding=\"async\" width=\"1140\" height=\"500\" src=\"https:\/\/www.alevcamcioglu.com\/wp-content\/uploads\/2024\/07\/Emzirme-Doneminde-Burun-Estetigi-Mumkun-Mudur.jpg\" class=\"attachment-2048x2048 size-2048x2048 wp-post-image\" alt=\"\" srcset=\"https:\/\/www.alevcamcioglu.com\/wp-content\/uploads\/2024\/07\/Emzirme-Doneminde-Burun-Estetigi-Mumkun-Mudur.jpg 1140w, https:\/\/www.alevcamcioglu.com\/wp-content\/uploads\/2024\/07\/Emzirme-Doneminde-Burun-Estetigi-Mumkun-Mudur-300x132.jpg 300w, https:\/\/www.alevcamcioglu.com\/wp-content\/uploads\/2024\/07\/Emzirme-Doneminde-Burun-Estetigi-Mumkun-Mudur-1024x449.jpg 1024w, https:\/\/www.alevcamcioglu.com\/wp-content\/uploads\/2024\/07\/Emzirme-Doneminde-Burun-Estetigi-Mumkun-Mudur-768x337.jpg 768w, https:\/\/www.alevcamcioglu.com\/wp-content\/uploads\/2024\/07\/Emzirme-Doneminde-Burun-Estetigi-Mumkun-Mudur-370x162.jpg 370w, https:\/\/www.alevcamcioglu.com\/wp-content\/uploads\/2024\/07\/Emzirme-Doneminde-Burun-Estetigi-Mumkun-Mudur-760x333.jpg 760w\" sizes=\"(max-width: 1140px) 100vw, 1140px\" title=\"\">\t\t\t\t\t\t\t<\/a>\n  \t\t\t\t\t\t\t  \t\t\t\t\t\t\t  \t\t\t\t\t\t<\/div>\n  \t\t\t\t\t\t  \t\t\t\t\t<\/div>\n          \t\t\t\t\t<div class=\"box-text text-center\" >\n\t\t\t\t\t<div class=\"box-text-inner blog-post-inner\">\n\n\t\t\t\t\t\n\t\t\t\t\t\t\t\t\t\t<h5 class=\"post-title is-large \">\n\t\t\t\t\t\t<a href=\"https:\/\/www.alevcamcioglu.com\/sr\/da-li-je-moguca-operacija-nosa-tokom-perioda-dojenja\/\" class=\"plain\">Da li je mogu\u0107a operacija nosa tokom perioda dojenja?<\/a>\n\t\t\t\t\t<\/h5>\n\t\t\t\t\t\t\t\t\t\t<div class=\"is-divider\"><\/div>\n\t\t\t\t\t                    \n\t\t\t\t\t\t\t\t\t\t\t<a href=\"https:\/\/www.alevcamcioglu.com\/sr\/da-li-je-moguca-operacija-nosa-tokom-perioda-dojenja\/\" class=\"button primary is-outline is-small mb-0\">\n\t\t\t\t\t\t\tContinue Reading\t\t\t\t\t\t<\/a>\n\t\t\t\t\t\n\t\t\t\t\t\n\t\t\t\t\t<\/div>\n\t\t\t\t\t<\/div>\n\t\t\t\t\t\t\t\t\t\t\t\t\t\t\t\t<div class=\"badge absolute top post-date badge-circle\">\n\t\t\t\t\t\t\t<div class=\"badge-inner\">\n\t\t\t\t\t\t\t\t<span class=\"post-date-day\">29<\/span><br>\n\t\t\t\t\t\t\t\t<span class=\"post-date-month is-xsmall\">\u0458\u0443\u043b<\/span>\n\t\t\t\t\t\t\t<\/div>\n\t\t\t\t\t\t<\/div>\n\t\t\t\t\t\t\t\t\t<\/div>\n\t\t\t<\/div>\n\t\t<\/div><div class=\"col post-item\" >\n\t\t\t<div class=\"col-inner\">\n\t\t\t\t<div class=\"box box-push box-text-bottom box-blog-post has-hover\">\n            \t\t\t\t\t<div class=\"box-image\" >\n  \t\t\t\t\t\t<div class=\"image-cover\" style=\"padding-top:100%;\">\n\t\t\t\t\t\t\t<a href=\"https:\/\/www.alevcamcioglu.com\/sr\/da-li-se-gubi-culo-mirisa-nakon-operacije-nosa\/\" class=\"plain\" aria-label=\"Da li se gubi \u010dulo mirisa nakon operacije nosa?\">\n\t\t\t\t\t\t\t\t<img decoding=\"async\" width=\"1140\" height=\"500\" src=\"https:\/\/www.alevcamcioglu.com\/wp-content\/uploads\/2024\/07\/Burun-Estetigi-Sonrasi-Koku-Alma-Kaybi-Yasanir-Mi.jpg\" class=\"attachment-2048x2048 size-2048x2048 wp-post-image\" alt=\"\" srcset=\"https:\/\/www.alevcamcioglu.com\/wp-content\/uploads\/2024\/07\/Burun-Estetigi-Sonrasi-Koku-Alma-Kaybi-Yasanir-Mi.jpg 1140w, https:\/\/www.alevcamcioglu.com\/wp-content\/uploads\/2024\/07\/Burun-Estetigi-Sonrasi-Koku-Alma-Kaybi-Yasanir-Mi-300x132.jpg 300w, https:\/\/www.alevcamcioglu.com\/wp-content\/uploads\/2024\/07\/Burun-Estetigi-Sonrasi-Koku-Alma-Kaybi-Yasanir-Mi-1024x449.jpg 1024w, https:\/\/www.alevcamcioglu.com\/wp-content\/uploads\/2024\/07\/Burun-Estetigi-Sonrasi-Koku-Alma-Kaybi-Yasanir-Mi-768x337.jpg 768w, https:\/\/www.alevcamcioglu.com\/wp-content\/uploads\/2024\/07\/Burun-Estetigi-Sonrasi-Koku-Alma-Kaybi-Yasanir-Mi-370x162.jpg 370w, https:\/\/www.alevcamcioglu.com\/wp-content\/uploads\/2024\/07\/Burun-Estetigi-Sonrasi-Koku-Alma-Kaybi-Yasanir-Mi-760x333.jpg 760w\" sizes=\"(max-width: 1140px) 100vw, 1140px\" title=\"\">\t\t\t\t\t\t\t<\/a>\n  \t\t\t\t\t\t\t  \t\t\t\t\t\t\t  \t\t\t\t\t\t<\/div>\n  \t\t\t\t\t\t  \t\t\t\t\t<\/div>\n          \t\t\t\t\t<div class=\"box-text text-center\" >\n\t\t\t\t\t<div class=\"box-text-inner blog-post-inner\">\n\n\t\t\t\t\t\n\t\t\t\t\t\t\t\t\t\t<h5 class=\"post-title is-large \">\n\t\t\t\t\t\t<a href=\"https:\/\/www.alevcamcioglu.com\/sr\/da-li-se-gubi-culo-mirisa-nakon-operacije-nosa\/\" class=\"plain\">Da li se gubi \u010dulo mirisa nakon operacije nosa?<\/a>\n\t\t\t\t\t<\/h5>\n\t\t\t\t\t\t\t\t\t\t<div class=\"is-divider\"><\/div>\n\t\t\t\t\t                    \n\t\t\t\t\t\t\t\t\t\t\t<a href=\"https:\/\/www.alevcamcioglu.com\/sr\/da-li-se-gubi-culo-mirisa-nakon-operacije-nosa\/\" class=\"button primary is-outline is-small mb-0\">\n\t\t\t\t\t\t\tContinue Reading\t\t\t\t\t\t<\/a>\n\t\t\t\t\t\n\t\t\t\t\t\n\t\t\t\t\t<\/div>\n\t\t\t\t\t<\/div>\n\t\t\t\t\t\t\t\t\t\t\t\t\t\t\t\t<div class=\"badge absolute top post-date badge-circle\">\n\t\t\t\t\t\t\t<div class=\"badge-inner\">\n\t\t\t\t\t\t\t\t<span class=\"post-date-day\">29<\/span><br>\n\t\t\t\t\t\t\t\t<span class=\"post-date-month is-xsmall\">\u0458\u0443\u043b<\/span>\n\t\t\t\t\t\t\t<\/div>\n\t\t\t\t\t\t<\/div>\n\t\t\t\t\t\t\t\t\t<\/div>\n\t\t\t<\/div>\n\t\t<\/div><div class=\"col post-item\" >\n\t\t\t<div class=\"col-inner\">\n\t\t\t\t<div class=\"box box-push box-text-bottom box-blog-post has-hover\">\n            \t\t\t\t\t<div class=\"box-image\" >\n  \t\t\t\t\t\t<div class=\"image-cover\" style=\"padding-top:100%;\">\n\t\t\t\t\t\t\t<a href=\"https:\/\/www.alevcamcioglu.com\/sr\/kako-prevazici-strah-od-operacije-nosa\/\" class=\"plain\" aria-label=\"Kako Prevazi\u0107i Strah od Operacije Nosa?\">\n\t\t\t\t\t\t\t\t<img decoding=\"async\" width=\"1140\" height=\"500\" src=\"https:\/\/www.alevcamcioglu.com\/wp-content\/uploads\/2024\/07\/Burun-Estetigi-Korkusu-Nasil-Yenilir.jpg\" class=\"attachment-2048x2048 size-2048x2048 wp-post-image\" alt=\"\" srcset=\"https:\/\/www.alevcamcioglu.com\/wp-content\/uploads\/2024\/07\/Burun-Estetigi-Korkusu-Nasil-Yenilir.jpg 1140w, https:\/\/www.alevcamcioglu.com\/wp-content\/uploads\/2024\/07\/Burun-Estetigi-Korkusu-Nasil-Yenilir-300x132.jpg 300w, https:\/\/www.alevcamcioglu.com\/wp-content\/uploads\/2024\/07\/Burun-Estetigi-Korkusu-Nasil-Yenilir-1024x449.jpg 1024w, https:\/\/www.alevcamcioglu.com\/wp-content\/uploads\/2024\/07\/Burun-Estetigi-Korkusu-Nasil-Yenilir-768x337.jpg 768w, https:\/\/www.alevcamcioglu.com\/wp-content\/uploads\/2024\/07\/Burun-Estetigi-Korkusu-Nasil-Yenilir-370x162.jpg 370w, https:\/\/www.alevcamcioglu.com\/wp-content\/uploads\/2024\/07\/Burun-Estetigi-Korkusu-Nasil-Yenilir-760x333.jpg 760w\" sizes=\"(max-width: 1140px) 100vw, 1140px\" title=\"\">\t\t\t\t\t\t\t<\/a>\n  \t\t\t\t\t\t\t  \t\t\t\t\t\t\t  \t\t\t\t\t\t<\/div>\n  \t\t\t\t\t\t  \t\t\t\t\t<\/div>\n          \t\t\t\t\t<div class=\"box-text text-center\" >\n\t\t\t\t\t<div class=\"box-text-inner blog-post-inner\">\n\n\t\t\t\t\t\n\t\t\t\t\t\t\t\t\t\t<h5 class=\"post-title is-large \">\n\t\t\t\t\t\t<a href=\"https:\/\/www.alevcamcioglu.com\/sr\/kako-prevazici-strah-od-operacije-nosa\/\" class=\"plain\">Kako Prevazi\u0107i Strah od Operacije Nosa?<\/a>\n\t\t\t\t\t<\/h5>\n\t\t\t\t\t\t\t\t\t\t<div class=\"is-divider\"><\/div>\n\t\t\t\t\t                    \n\t\t\t\t\t\t\t\t\t\t\t<a href=\"https:\/\/www.alevcamcioglu.com\/sr\/kako-prevazici-strah-od-operacije-nosa\/\" class=\"button primary is-outline is-small mb-0\">\n\t\t\t\t\t\t\tContinue Reading\t\t\t\t\t\t<\/a>\n\t\t\t\t\t\n\t\t\t\t\t\n\t\t\t\t\t<\/div>\n\t\t\t\t\t<\/div>\n\t\t\t\t\t\t\t\t\t\t\t\t\t\t\t\t<div class=\"badge absolute top post-date badge-circle\">\n\t\t\t\t\t\t\t<div class=\"badge-inner\">\n\t\t\t\t\t\t\t\t<span class=\"post-date-day\">29<\/span><br>\n\t\t\t\t\t\t\t\t<span class=\"post-date-month is-xsmall\">\u0458\u0443\u043b<\/span>\n\t\t\t\t\t\t\t<\/div>\n\t\t\t\t\t\t<\/div>\n\t\t\t\t\t\t\t\t\t<\/div>\n\t\t\t<\/div>\n\t\t<\/div><div class=\"col post-item\" >\n\t\t\t<div class=\"col-inner\">\n\t\t\t\t<div class=\"box box-push box-text-bottom box-blog-post has-hover\">\n            \t\t\t\t\t<div class=\"box-image\" >\n  \t\t\t\t\t\t<div class=\"image-cover\" style=\"padding-top:100%;\">\n\t\t\t\t\t\t\t<a href=\"https:\/\/www.alevcamcioglu.com\/sr\/kako-koristiti-naocare-za-sunce-nakon-operacije-nosa\/\" class=\"plain\" aria-label=\"Kako Koristiti Nao\u010dare za Sunce Nakon Operacije Nosa?\">\n\t\t\t\t\t\t\t\t<img decoding=\"async\" width=\"1140\" height=\"500\" src=\"https:\/\/www.alevcamcioglu.com\/wp-content\/uploads\/2024\/07\/Burun-Ameliyati-Sonrasi-Gunes-Gozlugu-Kullanimi-Nasil-Olmali.jpg\" class=\"attachment-2048x2048 size-2048x2048 wp-post-image\" alt=\"\" srcset=\"https:\/\/www.alevcamcioglu.com\/wp-content\/uploads\/2024\/07\/Burun-Ameliyati-Sonrasi-Gunes-Gozlugu-Kullanimi-Nasil-Olmali.jpg 1140w, https:\/\/www.alevcamcioglu.com\/wp-content\/uploads\/2024\/07\/Burun-Ameliyati-Sonrasi-Gunes-Gozlugu-Kullanimi-Nasil-Olmali-300x132.jpg 300w, https:\/\/www.alevcamcioglu.com\/wp-content\/uploads\/2024\/07\/Burun-Ameliyati-Sonrasi-Gunes-Gozlugu-Kullanimi-Nasil-Olmali-1024x449.jpg 1024w, https:\/\/www.alevcamcioglu.com\/wp-content\/uploads\/2024\/07\/Burun-Ameliyati-Sonrasi-Gunes-Gozlugu-Kullanimi-Nasil-Olmali-768x337.jpg 768w, https:\/\/www.alevcamcioglu.com\/wp-content\/uploads\/2024\/07\/Burun-Ameliyati-Sonrasi-Gunes-Gozlugu-Kullanimi-Nasil-Olmali-370x162.jpg 370w, https:\/\/www.alevcamcioglu.com\/wp-content\/uploads\/2024\/07\/Burun-Ameliyati-Sonrasi-Gunes-Gozlugu-Kullanimi-Nasil-Olmali-760x333.jpg 760w\" sizes=\"(max-width: 1140px) 100vw, 1140px\" title=\"\">\t\t\t\t\t\t\t<\/a>\n  \t\t\t\t\t\t\t  \t\t\t\t\t\t\t  \t\t\t\t\t\t<\/div>\n  \t\t\t\t\t\t  \t\t\t\t\t<\/div>\n          \t\t\t\t\t<div class=\"box-text text-center\" >\n\t\t\t\t\t<div class=\"box-text-inner blog-post-inner\">\n\n\t\t\t\t\t\n\t\t\t\t\t\t\t\t\t\t<h5 class=\"post-title is-large \">\n\t\t\t\t\t\t<a href=\"https:\/\/www.alevcamcioglu.com\/sr\/kako-koristiti-naocare-za-sunce-nakon-operacije-nosa\/\" class=\"plain\">Kako Koristiti Nao\u010dare za Sunce Nakon Operacije Nosa?<\/a>\n\t\t\t\t\t<\/h5>\n\t\t\t\t\t\t\t\t\t\t<div class=\"is-divider\"><\/div>\n\t\t\t\t\t                    \n\t\t\t\t\t\t\t\t\t\t\t<a href=\"https:\/\/www.alevcamcioglu.com\/sr\/kako-koristiti-naocare-za-sunce-nakon-operacije-nosa\/\" class=\"button primary is-outline is-small mb-0\">\n\t\t\t\t\t\t\tContinue Reading\t\t\t\t\t\t<\/a>\n\t\t\t\t\t\n\t\t\t\t\t\n\t\t\t\t\t<\/div>\n\t\t\t\t\t<\/div>\n\t\t\t\t\t\t\t\t\t\t\t\t\t\t\t\t<div class=\"badge absolute top post-date badge-circle\">\n\t\t\t\t\t\t\t<div class=\"badge-inner\">\n\t\t\t\t\t\t\t\t<span class=\"post-date-day\">08<\/span><br>\n\t\t\t\t\t\t\t\t<span class=\"post-date-month is-xsmall\">\u0458\u0443\u043b<\/span>\n\t\t\t\t\t\t\t<\/div>\n\t\t\t\t\t\t<\/div>\n\t\t\t\t\t\t\t\t\t<\/div>\n\t\t\t<\/div>\n\t\t<\/div><div class=\"col post-item\" >\n\t\t\t<div class=\"col-inner\">\n\t\t\t\t<div class=\"box box-push box-text-bottom box-blog-post has-hover\">\n            \t\t\t\t\t<div class=\"box-image\" >\n  \t\t\t\t\t\t<div class=\"image-cover\" style=\"padding-top:100%;\">\n\t\t\t\t\t\t\t<a href=\"https:\/\/www.alevcamcioglu.com\/sr\/cemu-sluzi-flaster-traka-nakon-operacije-nosa\/\" class=\"plain\" aria-label=\"\u010cemu Slu\u017ei Flaster Traka Nakon Operacije Nosa?\">\n\t\t\t\t\t\t\t\t<img decoding=\"async\" width=\"1140\" height=\"500\" src=\"https:\/\/www.alevcamcioglu.com\/wp-content\/uploads\/2024\/07\/Burun-Ameliyati-Sonrasi-Flester-Bant-Ne-Ise-Yarar.jpg\" class=\"attachment-2048x2048 size-2048x2048 wp-post-image\" alt=\"\" srcset=\"https:\/\/www.alevcamcioglu.com\/wp-content\/uploads\/2024\/07\/Burun-Ameliyati-Sonrasi-Flester-Bant-Ne-Ise-Yarar.jpg 1140w, https:\/\/www.alevcamcioglu.com\/wp-content\/uploads\/2024\/07\/Burun-Ameliyati-Sonrasi-Flester-Bant-Ne-Ise-Yarar-300x132.jpg 300w, https:\/\/www.alevcamcioglu.com\/wp-content\/uploads\/2024\/07\/Burun-Ameliyati-Sonrasi-Flester-Bant-Ne-Ise-Yarar-1024x449.jpg 1024w, https:\/\/www.alevcamcioglu.com\/wp-content\/uploads\/2024\/07\/Burun-Ameliyati-Sonrasi-Flester-Bant-Ne-Ise-Yarar-768x337.jpg 768w, https:\/\/www.alevcamcioglu.com\/wp-content\/uploads\/2024\/07\/Burun-Ameliyati-Sonrasi-Flester-Bant-Ne-Ise-Yarar-370x162.jpg 370w, https:\/\/www.alevcamcioglu.com\/wp-content\/uploads\/2024\/07\/Burun-Ameliyati-Sonrasi-Flester-Bant-Ne-Ise-Yarar-760x333.jpg 760w\" sizes=\"(max-width: 1140px) 100vw, 1140px\" title=\"\">\t\t\t\t\t\t\t<\/a>\n  \t\t\t\t\t\t\t  \t\t\t\t\t\t\t  \t\t\t\t\t\t<\/div>\n  \t\t\t\t\t\t  \t\t\t\t\t<\/div>\n          \t\t\t\t\t<div class=\"box-text text-center\" >\n\t\t\t\t\t<div class=\"box-text-inner blog-post-inner\">\n\n\t\t\t\t\t\n\t\t\t\t\t\t\t\t\t\t<h5 class=\"post-title is-large \">\n\t\t\t\t\t\t<a href=\"https:\/\/www.alevcamcioglu.com\/sr\/cemu-sluzi-flaster-traka-nakon-operacije-nosa\/\" class=\"plain\">\u010cemu Slu\u017ei Flaster Traka Nakon Operacije Nosa?<\/a>\n\t\t\t\t\t<\/h5>\n\t\t\t\t\t\t\t\t\t\t<div class=\"is-divider\"><\/div>\n\t\t\t\t\t                    \n\t\t\t\t\t\t\t\t\t\t\t<a href=\"https:\/\/www.alevcamcioglu.com\/sr\/cemu-sluzi-flaster-traka-nakon-operacije-nosa\/\" class=\"button primary is-outline is-small mb-0\">\n\t\t\t\t\t\t\tContinue Reading\t\t\t\t\t\t<\/a>\n\t\t\t\t\t\n\t\t\t\t\t\n\t\t\t\t\t<\/div>\n\t\t\t\t\t<\/div>\n\t\t\t\t\t\t\t\t\t\t\t\t\t\t\t\t<div class=\"badge absolute top post-date badge-circle\">\n\t\t\t\t\t\t\t<div class=\"badge-inner\">\n\t\t\t\t\t\t\t\t<span class=\"post-date-day\">08<\/span><br>\n\t\t\t\t\t\t\t\t<span class=\"post-date-month is-xsmall\">\u0458\u0443\u043b<\/span>\n\t\t\t\t\t\t\t<\/div>\n\t\t\t\t\t\t<\/div>\n\t\t\t\t\t\t\t\t\t<\/div>\n\t\t\t<\/div>\n\t\t<\/div><div class=\"col post-item\" >\n\t\t\t<div class=\"col-inner\">\n\t\t\t\t<div class=\"box box-push box-text-bottom box-blog-post has-hover\">\n            \t\t\t\t\t<div class=\"box-image\" >\n  \t\t\t\t\t\t<div class=\"image-cover\" style=\"padding-top:100%;\">\n\t\t\t\t\t\t\t<a href=\"https:\/\/www.alevcamcioglu.com\/sr\/da-li-se-nos-pogorsava-godinama-nakon-estetske-operacije-nosa\/\" class=\"plain\" aria-label=\"Da li Se Nos Pogor\u0161ava Godinama Nakon Estetske Operacije Nosa?\">\n\t\t\t\t\t\t\t\t<img decoding=\"async\" width=\"1140\" height=\"500\" src=\"https:\/\/www.alevcamcioglu.com\/wp-content\/uploads\/2024\/07\/Burun-Estetiginden-Yillar-Sonra-Burun-Bozulur-Mu.jpg\" class=\"attachment-2048x2048 size-2048x2048 wp-post-image\" alt=\"\" srcset=\"https:\/\/www.alevcamcioglu.com\/wp-content\/uploads\/2024\/07\/Burun-Estetiginden-Yillar-Sonra-Burun-Bozulur-Mu.jpg 1140w, https:\/\/www.alevcamcioglu.com\/wp-content\/uploads\/2024\/07\/Burun-Estetiginden-Yillar-Sonra-Burun-Bozulur-Mu-300x132.jpg 300w, https:\/\/www.alevcamcioglu.com\/wp-content\/uploads\/2024\/07\/Burun-Estetiginden-Yillar-Sonra-Burun-Bozulur-Mu-1024x449.jpg 1024w, https:\/\/www.alevcamcioglu.com\/wp-content\/uploads\/2024\/07\/Burun-Estetiginden-Yillar-Sonra-Burun-Bozulur-Mu-768x337.jpg 768w, https:\/\/www.alevcamcioglu.com\/wp-content\/uploads\/2024\/07\/Burun-Estetiginden-Yillar-Sonra-Burun-Bozulur-Mu-370x162.jpg 370w, https:\/\/www.alevcamcioglu.com\/wp-content\/uploads\/2024\/07\/Burun-Estetiginden-Yillar-Sonra-Burun-Bozulur-Mu-760x333.jpg 760w\" sizes=\"(max-width: 1140px) 100vw, 1140px\" title=\"\">\t\t\t\t\t\t\t<\/a>\n  \t\t\t\t\t\t\t  \t\t\t\t\t\t\t  \t\t\t\t\t\t<\/div>\n  \t\t\t\t\t\t  \t\t\t\t\t<\/div>\n          \t\t\t\t\t<div class=\"box-text text-center\" >\n\t\t\t\t\t<div class=\"box-text-inner blog-post-inner\">\n\n\t\t\t\t\t\n\t\t\t\t\t\t\t\t\t\t<h5 class=\"post-title is-large \">\n\t\t\t\t\t\t<a href=\"https:\/\/www.alevcamcioglu.com\/sr\/da-li-se-nos-pogorsava-godinama-nakon-estetske-operacije-nosa\/\" class=\"plain\">Da li Se Nos Pogor\u0161ava Godinama Nakon Estetske Operacije Nosa?<\/a>\n\t\t\t\t\t<\/h5>\n\t\t\t\t\t\t\t\t\t\t<div class=\"is-divider\"><\/div>\n\t\t\t\t\t                    \n\t\t\t\t\t\t\t\t\t\t\t<a href=\"https:\/\/www.alevcamcioglu.com\/sr\/da-li-se-nos-pogorsava-godinama-nakon-estetske-operacije-nosa\/\" class=\"button primary is-outline is-small mb-0\">\n\t\t\t\t\t\t\tContinue Reading\t\t\t\t\t\t<\/a>\n\t\t\t\t\t\n\t\t\t\t\t\n\t\t\t\t\t<\/div>\n\t\t\t\t\t<\/div>\n\t\t\t\t\t\t\t\t\t\t\t\t\t\t\t\t<div class=\"badge absolute top post-date badge-circle\">\n\t\t\t\t\t\t\t<div class=\"badge-inner\">\n\t\t\t\t\t\t\t\t<span class=\"post-date-day\">08<\/span><br>\n\t\t\t\t\t\t\t\t<span class=\"post-date-month is-xsmall\">\u0458\u0443\u043b<\/span>\n\t\t\t\t\t\t\t<\/div>\n\t\t\t\t\t\t<\/div>\n\t\t\t\t\t\t\t\t\t<\/div>\n\t\t\t<\/div>\n\t\t<\/div><div class=\"col post-item\" >\n\t\t\t<div class=\"col-inner\">\n\t\t\t\t<div class=\"box box-push box-text-bottom box-blog-post has-hover\">\n            \t\t\t\t\t<div class=\"box-image\" >\n  \t\t\t\t\t\t<div class=\"image-cover\" style=\"padding-top:100%;\">\n\t\t\t\t\t\t\t<a href=\"https:\/\/www.alevcamcioglu.com\/sr\/da-li-se-operacija-nosne-pregrade-moze-izvesti-istovremeno-sa-estetskom-operacijom-nosa\/\" class=\"plain\" aria-label=\"Da li Se Operacija Nosne Pregrade Mo\u017ee Izvesti Istovremeno sa Estetskom Operacijom Nosa?\">\n\t\t\t\t\t\t\t\t<img decoding=\"async\" width=\"1140\" height=\"500\" src=\"https:\/\/www.alevcamcioglu.com\/wp-content\/uploads\/2024\/07\/Burun-Eti-Ile-Burun-Estetigi-Ameliyati-Ayni-Anda-Yapilabilir-Mi.jpg\" class=\"attachment-2048x2048 size-2048x2048 wp-post-image\" alt=\"\" srcset=\"https:\/\/www.alevcamcioglu.com\/wp-content\/uploads\/2024\/07\/Burun-Eti-Ile-Burun-Estetigi-Ameliyati-Ayni-Anda-Yapilabilir-Mi.jpg 1140w, https:\/\/www.alevcamcioglu.com\/wp-content\/uploads\/2024\/07\/Burun-Eti-Ile-Burun-Estetigi-Ameliyati-Ayni-Anda-Yapilabilir-Mi-300x132.jpg 300w, https:\/\/www.alevcamcioglu.com\/wp-content\/uploads\/2024\/07\/Burun-Eti-Ile-Burun-Estetigi-Ameliyati-Ayni-Anda-Yapilabilir-Mi-1024x449.jpg 1024w, https:\/\/www.alevcamcioglu.com\/wp-content\/uploads\/2024\/07\/Burun-Eti-Ile-Burun-Estetigi-Ameliyati-Ayni-Anda-Yapilabilir-Mi-768x337.jpg 768w, https:\/\/www.alevcamcioglu.com\/wp-content\/uploads\/2024\/07\/Burun-Eti-Ile-Burun-Estetigi-Ameliyati-Ayni-Anda-Yapilabilir-Mi-370x162.jpg 370w, https:\/\/www.alevcamcioglu.com\/wp-content\/uploads\/2024\/07\/Burun-Eti-Ile-Burun-Estetigi-Ameliyati-Ayni-Anda-Yapilabilir-Mi-760x333.jpg 760w\" sizes=\"(max-width: 1140px) 100vw, 1140px\" title=\"\">\t\t\t\t\t\t\t<\/a>\n  \t\t\t\t\t\t\t  \t\t\t\t\t\t\t  \t\t\t\t\t\t<\/div>\n  \t\t\t\t\t\t  \t\t\t\t\t<\/div>\n          \t\t\t\t\t<div class=\"box-text text-center\" >\n\t\t\t\t\t<div class=\"box-text-inner blog-post-inner\">\n\n\t\t\t\t\t\n\t\t\t\t\t\t\t\t\t\t<h5 class=\"post-title is-large \">\n\t\t\t\t\t\t<a href=\"https:\/\/www.alevcamcioglu.com\/sr\/da-li-se-operacija-nosne-pregrade-moze-izvesti-istovremeno-sa-estetskom-operacijom-nosa\/\" class=\"plain\">Da li Se Operacija Nosne Pregrade Mo\u017ee Izvesti Istovremeno sa Estetskom Operacijom Nosa?<\/a>\n\t\t\t\t\t<\/h5>\n\t\t\t\t\t\t\t\t\t\t<div class=\"is-divider\"><\/div>\n\t\t\t\t\t                    \n\t\t\t\t\t\t\t\t\t\t\t<a href=\"https:\/\/www.alevcamcioglu.com\/sr\/da-li-se-operacija-nosne-pregrade-moze-izvesti-istovremeno-sa-estetskom-operacijom-nosa\/\" class=\"button primary is-outline is-small mb-0\">\n\t\t\t\t\t\t\tContinue Reading\t\t\t\t\t\t<\/a>\n\t\t\t\t\t\n\t\t\t\t\t\n\t\t\t\t\t<\/div>\n\t\t\t\t\t<\/div>\n\t\t\t\t\t\t\t\t\t\t\t\t\t\t\t\t<div class=\"badge absolute top post-date badge-circle\">\n\t\t\t\t\t\t\t<div class=\"badge-inner\">\n\t\t\t\t\t\t\t\t<span class=\"post-date-day\">08<\/span><br>\n\t\t\t\t\t\t\t\t<span class=\"post-date-month is-xsmall\">\u0458\u0443\u043b<\/span>\n\t\t\t\t\t\t\t<\/div>\n\t\t\t\t\t\t<\/div>\n\t\t\t\t\t\t\t\t\t<\/div>\n\t\t\t<\/div>\n\t\t<\/div><div class=\"col post-item\" >\n\t\t\t<div class=\"col-inner\">\n\t\t\t\t<div class=\"box box-push box-text-bottom box-blog-post has-hover\">\n            \t\t\t\t\t<div class=\"box-image\" >\n  \t\t\t\t\t\t<div class=\"image-cover\" style=\"padding-top:100%;\">\n\t\t\t\t\t\t\t<a href=\"https:\/\/www.alevcamcioglu.com\/sr\/rastojanje-izmedu-usana-i-nosa-nakon-estetske-operacije-nosa\/\" class=\"plain\" aria-label=\"Rastojanje Izme\u0111u Usana i Nosa Nakon Estetske Operacije Nosa\">\n\t\t\t\t\t\t\t\t<img decoding=\"async\" width=\"1140\" height=\"500\" src=\"https:\/\/www.alevcamcioglu.com\/wp-content\/uploads\/2024\/07\/Burun-Estetigi-Sonrasi-Dudak-Burun-Mesafesi.jpg\" class=\"attachment-2048x2048 size-2048x2048 wp-post-image\" alt=\"\" srcset=\"https:\/\/www.alevcamcioglu.com\/wp-content\/uploads\/2024\/07\/Burun-Estetigi-Sonrasi-Dudak-Burun-Mesafesi.jpg 1140w, https:\/\/www.alevcamcioglu.com\/wp-content\/uploads\/2024\/07\/Burun-Estetigi-Sonrasi-Dudak-Burun-Mesafesi-300x132.jpg 300w, https:\/\/www.alevcamcioglu.com\/wp-content\/uploads\/2024\/07\/Burun-Estetigi-Sonrasi-Dudak-Burun-Mesafesi-1024x449.jpg 1024w, https:\/\/www.alevcamcioglu.com\/wp-content\/uploads\/2024\/07\/Burun-Estetigi-Sonrasi-Dudak-Burun-Mesafesi-768x337.jpg 768w, https:\/\/www.alevcamcioglu.com\/wp-content\/uploads\/2024\/07\/Burun-Estetigi-Sonrasi-Dudak-Burun-Mesafesi-370x162.jpg 370w, https:\/\/www.alevcamcioglu.com\/wp-content\/uploads\/2024\/07\/Burun-Estetigi-Sonrasi-Dudak-Burun-Mesafesi-760x333.jpg 760w\" sizes=\"(max-width: 1140px) 100vw, 1140px\" title=\"\">\t\t\t\t\t\t\t<\/a>\n  \t\t\t\t\t\t\t  \t\t\t\t\t\t\t  \t\t\t\t\t\t<\/div>\n  \t\t\t\t\t\t  \t\t\t\t\t<\/div>\n          \t\t\t\t\t<div class=\"box-text text-center\" >\n\t\t\t\t\t<div class=\"box-text-inner blog-post-inner\">\n\n\t\t\t\t\t\n\t\t\t\t\t\t\t\t\t\t<h5 class=\"post-title is-large \">\n\t\t\t\t\t\t<a href=\"https:\/\/www.alevcamcioglu.com\/sr\/rastojanje-izmedu-usana-i-nosa-nakon-estetske-operacije-nosa\/\" class=\"plain\">Rastojanje Izme\u0111u Usana i Nosa Nakon Estetske Operacije Nosa<\/a>\n\t\t\t\t\t<\/h5>\n\t\t\t\t\t\t\t\t\t\t<div class=\"is-divider\"><\/div>\n\t\t\t\t\t                    \n\t\t\t\t\t\t\t\t\t\t\t<a href=\"https:\/\/www.alevcamcioglu.com\/sr\/rastojanje-izmedu-usana-i-nosa-nakon-estetske-operacije-nosa\/\" class=\"button primary is-outline is-small mb-0\">\n\t\t\t\t\t\t\tContinue Reading\t\t\t\t\t\t<\/a>\n\t\t\t\t\t\n\t\t\t\t\t\n\t\t\t\t\t<\/div>\n\t\t\t\t\t<\/div>\n\t\t\t\t\t\t\t\t\t\t\t\t\t\t\t\t<div class=\"badge absolute top post-date badge-circle\">\n\t\t\t\t\t\t\t<div class=\"badge-inner\">\n\t\t\t\t\t\t\t\t<span class=\"post-date-day\">08<\/span><br>\n\t\t\t\t\t\t\t\t<span class=\"post-date-month is-xsmall\">\u0458\u0443\u043b<\/span>\n\t\t\t\t\t\t\t<\/div>\n\t\t\t\t\t\t<\/div>\n\t\t\t\t\t\t\t\t\t<\/div>\n\t\t\t<\/div>\n\t\t<\/div><\/div>\n\t\t<\/div>\n\t\t\t\t\t<\/div>\n\n\t\n<\/div>\n\t\t<\/div>\n\n\t\t\n<style>\n#section_1421562821 {\n  padding-top: 30px;\n  padding-bottom: 30px;\n}\n<\/style>\n\t<\/section>\n\t\n","protected":false},"excerpt":{"rendered":"","protected":false},"author":990002,"featured_media":2028,"parent":1695,"menu_order":0,"comment_status":"closed","ping_status":"closed","template":"page-blank.php","meta":{"footnotes":""},"class_list":["post-1811","page","type-page","status-publish","has-post-thumbnail","hentry"],"_links":{"self":[{"href":"https:\/\/www.alevcamcioglu.com\/sr\/wp-json\/wp\/v2\/pages\/1811","targetHints":{"allow":["GET"]}}],"collection":[{"href":"https:\/\/www.alevcamcioglu.com\/sr\/wp-json\/wp\/v2\/pages"}],"about":[{"href":"https:\/\/www.alevcamcioglu.com\/sr\/wp-json\/wp\/v2\/types\/page"}],"author":[{"embeddable":true,"href":"https:\/\/www.alevcamcioglu.com\/sr\/wp-json\/wp\/v2\/users\/990002"}],"replies":[{"embeddable":true,"href":"https:\/\/www.alevcamcioglu.com\/sr\/wp-json\/wp\/v2\/comments?post=1811"}],"version-history":[{"count":2,"href":"https:\/\/www.alevcamcioglu.com\/sr\/wp-json\/wp\/v2\/pages\/1811\/revisions"}],"predecessor-version":[{"id":11304,"href":"https:\/\/www.alevcamcioglu.com\/sr\/wp-json\/wp\/v2\/pages\/1811\/revisions\/11304"}],"up":[{"embeddable":true,"href":"https:\/\/www.alevcamcioglu.com\/sr\/wp-json\/wp\/v2\/pages\/1695"}],"wp:featuredmedia":[{"embeddable":true,"href":"https:\/\/www.alevcamcioglu.com\/sr\/wp-json\/wp\/v2\/media\/2028"}],"wp:attachment":[{"href":"https:\/\/www.alevcamcioglu.com\/sr\/wp-json\/wp\/v2\/media?parent=1811"}],"curies":[{"name":"wp","href":"https:\/\/api.w.org\/{rel}","templated":true}]}}