{"id":1695,"date":"2024-02-18T11:53:16","date_gmt":"2024-02-18T08:53:16","guid":{"rendered":"https:\/\/great-greider.212-227-6-40.plesk.page\/?page_id=1695"},"modified":"2025-10-02T08:34:07","modified_gmt":"2025-10-02T08:34:07","slug":"rhinoplasty","status":"publish","type":"page","link":"https:\/\/www.alevcamcioglu.com\/sr\/rhinoplasty\/","title":{"rendered":"Operacija nosa (rinoplastika)"},"content":{"rendered":"\n\t<section class=\"section\" id=\"section_267957288\">\n\t\t<div class=\"section-bg fill\" >\n\t\t\t<img decoding=\"async\" width=\"2048\" height=\"1706\" src=\"https:\/\/www.alevcamcioglu.com\/wp-content\/uploads\/2024\/02\/burun-estetigi-2048x1706.jpg\" class=\"bg attachment-2048x2048 size-2048x2048\" alt=\"\" title=\"\">\t\t\t\t\t\t\n\t\t\t\n\n\t\t<\/div>\n\n\t\t\n\n\t\t<div class=\"section-content relative\">\n\t\t\t\n\t\t<\/div>\n\n\t\t\n<style>\n#section_267957288 {\n  padding-top: 150px;\n  padding-bottom: 150px;\n}\n#section_267957288 .section-bg img {\n  object-position: 50% 42%;\n}\n@media (min-width:550px) {\n  #section_267957288 {\n    padding-top: 250px;\n    padding-bottom: 250px;\n  }\n}\n<\/style>\n\t<\/section>\n\t\n\n\t<section class=\"section\" id=\"section_1614847974\">\n\t\t<div class=\"section-bg fill\" >\n\t\t\t\t\t\t\t\t\t\n\t\t\t\n\n\t\t<\/div>\n\n\t\t\n\n\t\t<div class=\"section-content relative\">\n\t\t\t\n<div class=\"row\"  id=\"row-468264591\">\n\n\t<div id=\"col-345235406\" class=\"col medium-6 small-12 large-6\"  >\n\t\t\t\t<div class=\"col-inner\"  >\n\t\t\t\n\t\t\t\n  <div id=\"page-header-732632252\" class=\"page-header-wrapper\">\n  <div class=\"page-title light simple-title\">\n\n    \n    <div class=\"page-title-inner container align-center flex-row medium-flex-wrap\" >\n              <div class=\"title-wrapper flex-col text-left medium-text-center\">\n          <h1 class=\"entry-title mb-0\">\n            Operacija nosa (rinoplastika) u Turskoj          <\/h1>\n        <\/div>\n                    <div class=\"title-content flex-col flex-right text-right medium-text-center\">\n        <div class=\"title-breadcrumbs pb-half pt-half\"><\/div>      <\/div>\n    <\/div>\n\n       <\/div>\n    <\/div>\n  \n\t<div id=\"gap-96102521\" class=\"gap-element clearfix hide-for-small\" style=\"display:block; height:auto;\">\n\t\t\n<style>\n#gap-96102521 {\n  padding-top: 30px;\n}\n<\/style>\n\t<\/div>\n\t\n<p>Estetska hirurgija nosa predstavlja jedno od najizazovnijih podru\u010dja estetske hirurgije. Veoma je popularna \u0161irom sveta. Prema statistikama iz 2018. godine, u SAD-u je obavljeno vi\u0161e od 200.000 operacija rinoplastike, \u0161to \u010dini ovu operaciju tre\u0107om naj\u010de\u0161\u0107e izvo\u0111enom estetskom operacijom. Ovaj hirur\u0161ki zahvat zahteva veliku pa\u017enju kako od strane lekara tako i pacijenata. Rinoplastika se smatra jednom od najslo\u017eenijih procedura u plasti\u010dnoj hirurgiji.<\/p>\n\t\t<\/div>\n\t\t\t\t\t<\/div>\n\n\t\n\n\t<div id=\"col-1182711697\" class=\"col medium-6 small-12 large-6\"  >\n\t\t\t\t<div class=\"col-inner\"  >\n\t\t\t\n\t\t\t\n\t<div class=\"img has-hover x md-x lg-x y md-y lg-y\" id=\"image_956644390\">\n\t\t\t\t\t\t\t\t<div class=\"img-inner image-cover dark\" style=\"padding-top:75%;\">\n\t\t\t<img decoding=\"async\" width=\"745\" height=\"745\" src=\"https:\/\/www.alevcamcioglu.com\/wp-content\/uploads\/2024\/10\/burun-estetigi-sonucu.jpg\" class=\"attachment-2048x2048 size-2048x2048\" alt=\"vorher nachher nasen op heilungsverlauf bilder\" srcset=\"https:\/\/www.alevcamcioglu.com\/wp-content\/uploads\/2024\/10\/burun-estetigi-sonucu.jpg 745w, https:\/\/www.alevcamcioglu.com\/wp-content\/uploads\/2024\/10\/burun-estetigi-sonucu-400x400.jpg 400w, https:\/\/www.alevcamcioglu.com\/wp-content\/uploads\/2024\/10\/burun-estetigi-sonucu-280x280.jpg 280w, https:\/\/www.alevcamcioglu.com\/wp-content\/uploads\/2024\/10\/burun-estetigi-sonucu-370x370.jpg 370w, https:\/\/www.alevcamcioglu.com\/wp-content\/uploads\/2024\/10\/burun-estetigi-sonucu-75x75.jpg 75w\" sizes=\"(max-width: 745px) 100vw, 745px\" title=\"\">\t\t\t\t\t\t\n\t\t\t\t\t<\/div>\n\t\t\t\t\t\t\t\t\n<style>\n#image_956644390 {\n  width: 100%;\n}\n<\/style>\n\t<\/div>\n\t\n\t\t<\/div>\n\t\t\t\t\t<\/div>\n\n\t\n\n\t<div id=\"col-48582675\" class=\"col small-12 large-12\"  >\n\t\t\t\t<div class=\"col-inner\"  >\n\t\t\t\n\t\t\t\n<table width=\"586\">\n<tbody>\n<tr>\n<td width=\"199\"><strong>Kategorija<\/strong><\/td>\n<td width=\"387\"><strong>Detalji<\/strong><\/td>\n<\/tr>\n<tr>\n<td width=\"199\">Naziv procedure<\/td>\n<td width=\"387\">Rinoplastika (Operacija nosa)<\/td>\n<\/tr>\n<tr>\n<td width=\"199\">Indikacije<\/td>\n<td width=\"387\">Korekcija deformiteta nosa, funkcionalni problemi (kao \u0161to su problemi sa disanjem), estetske promene.<\/td>\n<\/tr>\n<tr>\n<td width=\"199\">Vrste rinoplastike<\/td>\n<td width=\"387\">Otvorena rinoplastika (rez na spolja\u0161njoj strani nosa), zatvorena rinoplastika (rezovi unutar nozdrva), rekonstruktivna rinoplastika, sekundarna rinoplastika (korektivna operacija nakon prethodne rinoplastike).<\/td>\n<\/tr>\n<tr>\n<td width=\"199\">Trajanje procedure<\/td>\n<td width=\"387\">Oko 1-3 sata, u zavisnosti od slo\u017eenosti.<\/td>\n<\/tr>\n<tr>\n<td width=\"199\">Anestezija<\/td>\n<td width=\"387\">Op\u0161ta anestezija ili lokalna anestezija sa sedacijom.<\/td>\n<\/tr>\n<tr>\n<td width=\"199\">Postoperativni period<\/td>\n<td width=\"387\">Otok i modrice su prisutni nekoliko nedelja; ve\u0107ina pacijenata se vra\u0107a normalnim aktivnostima za 1-2 nedelje, ali potpuni oporavak mo\u017ee trajati nekoliko meseci.<\/td>\n<\/tr>\n<tr>\n<td width=\"199\">Mogu\u0107e komplikacije<\/td>\n<td width=\"387\">Krvarenje, infekcija, problemi sa disanjem, asimetrija, o\u017eiljci, nezadovoljstvo rezultatima.<\/td>\n<\/tr>\n<tr>\n<td width=\"199\">Postoperativna nega<\/td>\n<td width=\"387\">Hladne obloge za smanjenje otoka, izbegavanje fizi\u010dkih aktivnosti tokom prvih nekoliko nedelja, spavanje sa uzdignutom glavom, izbegavanje no\u0161enja nao\u010dara tokom nekoliko nedelja.<\/td>\n<\/tr>\n<tr>\n<td width=\"199\">Rezultati<\/td>\n<td width=\"387\">Kona\u010dni rezultati su vidljivi nakon 6-12 meseci, kada se otok potpuno povu\u010de.<\/td>\n<\/tr>\n<tr>\n<td width=\"199\">Napomena<\/td>\n<td width=\"387\">Preporu\u010duje se da pacijenti imaju realna o\u010dekivanja i da se konsultuju sa iskusnim hirurgom za planiranje operacije.<\/td>\n<\/tr>\n<\/tbody>\n<\/table>\n<h2><strong>Za\u0161to je Turska vode\u0107a destinacija za operaciju nosa?<\/strong><\/h2>\n<p>Turska se ustalila kao globalni centar za operaciju nosa zahvaljuju\u0107i kombinaciji stru\u010dnosti, pristupa\u010dnosti i prakti\u010dnosti. Jedan od najzna\u010dajnijih faktora je ogroman broj operacija koji se obavlja svake godine. Samo 2022. godine u Turskoj je izvedeno preko 56.700 operacija nosa. Ovaj veliki obim intervencija usavr\u0161io je ve\u0161tine turskih hirurga, pru\u017eaju\u0107i im neuporedivo iskustvo i podsti\u010du\u0107i razvoj inovativnih tehnika.<\/p>\n<p>Ekonomska isplativost je jo\u0161 jedan klju\u010dni adut. Operacija nosa u Turskoj je znatno pristupa\u010dnija u pore\u0111enju sa zapadnim zemljama, \u010desto ko\u0161taju\u0107i samo deo cene, a da se pritom ne ugro\u017eava visok kvalitet. Ova pristupa\u010dnost, u kombinaciji sa izvanrednim hirur\u0161kim rezultatima, \u010dini Tursku privla\u010dnom opcijom za pacijente iz celog sveta.<\/p>\n<p>Pored toga, turske klinike se isti\u010du u ponudi sveobuhvatnih paketa za medicinski turizam. Ova \u201eall-inclusive\u201d re\u0161enja obi\u010dno obuhvataju samu proceduru, sme\u0161taj, aerodromski prevoz i postoperativnu negu. Na taj na\u010din pacijenti iz inostranstva dobijaju glatko i bezstresno iskustvo, bez potrebe da posebno ugovaraju razli\u010dite usluge.<\/p>\n<p>Pacijenti tako\u0111e imaju koristi od kratkih rokova za zakazivanje operacija. Za razliku od mnogih zapadnih zemalja, gde planiranje mo\u017ee dovesti do zna\u010dajnih ka\u0161njenja, u Turskoj se br\u017ee dolazi do termina, \u0161to omogu\u0107ava br\u017ee le\u010denje.<\/p>\n<p>Na kraju, strate\u0161ki polo\u017eaj Turske dodatno pove\u0107ava njenu privla\u010dnost. Nalaze\u0107i se na raskr\u0161\u0107u Evrope i Azije, zemlja je lako dostupna, \u010desto bez potrebe za vizom za mnoge putnike, a letovi su kratki.<\/p>\n\t\t<\/div>\n\t\t\t\t\t<\/div>\n\n\t\n<\/div>\n\t\t<\/div>\n\n\t\t\n<style>\n#section_1614847974 {\n  padding-top: 30px;\n  padding-bottom: 30px;\n}\n<\/style>\n\t<\/section>\n\t\n\n\t<section class=\"section\" id=\"section_1790519305\">\n\t\t<div class=\"section-bg fill\" >\n\t\t\t\t\t\t\t\t\t\n\t\t\t\n\n\t\t<\/div>\n\n\t\t\n\n\t\t<div class=\"section-content relative\">\n\t\t\t\n\n<div class=\"row\"  id=\"row-225759609\">\n\n\n\t<div id=\"col-515606554\" class=\"col small-12 large-12\"  >\n\t\t\t\t<div class=\"col-inner box-shadow-2\"  >\n\t\t\t\n\t<div class=\"is-border\"\n\t\tstyle=\"border-color:rgb(0, 0, 76);border-radius:15px;border-width:2px 2px 2px 2px;\">\n\t<\/div>\n\t\t\t\n\n<div class=\"row row-full-width align-center\"  id=\"row-1618517337\">\n\n\n\t<div id=\"col-1416067843\" class=\"col small-12 large-12\"  >\n\t\t\t\t<div class=\"col-inner\"  >\n\t\t\t\n\t\t\t\n\n\t<div id=\"text-1931535744\" class=\"text\">\n\t\t\n\n<h2>6 Reasons to Get  in Istanbul<\/h2>\n\t\t\n<style>\n#text-1931535744 {\n  font-size: 2rem;\n  text-align: center;\n  color: #000065;\n}\n#text-1931535744 > * {\n  color: #000065;\n}\n@media (min-width:550px) {\n  #text-1931535744 {\n    font-size: 1.2rem;\n  }\n}\n<\/style>\n\t<\/div>\n\t\n\n\t\t<\/div>\n\t\t\t\t\t<\/div>\n\n\t\n\n\t<div id=\"col-1319056096\" class=\"col medium-2 small-6 large-2\"  >\n\t\t\t\t<div class=\"col-inner\"  >\n\t\t\t\n\t\t\t\n\n\t<div class=\"box has-hover   has-hover box-text-bottom\" >\n\n\t\t<div class=\"box-image\" style=\"width:60%;\">\n\t\t\t\t\t\t<div class=\"image-cover\" style=\"padding-top:100%;\">\n\t\t\t\t<img decoding=\"async\" width=\"200\" height=\"200\" src=\"https:\/\/www.alevcamcioglu.com\/wp-content\/uploads\/2025\/04\/Proven-Results.png\" class=\"attachment-2048x2048 size-2048x2048\" alt=\"\" title=\"\">\t\t\t\t\t\t\t\t\t\t\t<\/div>\n\t\t\t\t\t<\/div>\n\n\t\t<div class=\"box-text text-center\" >\n\t\t\t<div class=\"box-text-inner\">\n\t\t\t\t\n\n\t<div id=\"text-1430150544\" class=\"text\">\n\t\t\n\n<p>Dokazani rezultati<\/p>\n\n\t\t\n<style>\n#text-1430150544 {\n  font-size: 1rem;\n  color: #404040;\n}\n#text-1430150544 > * {\n  color: #404040;\n}\n<\/style>\n\t<\/div>\n\t\n\n\t\t\t<\/div>\n\t\t<\/div>\n\t<\/div>\n\t\n\n\t\t<\/div>\n\t\t\t\t\t<\/div>\n\n\t\n\n\t<div id=\"col-820608171\" class=\"col medium-2 small-6 large-2\"  >\n\t\t\t\t<div class=\"col-inner\"  >\n\t\t\t\n\t\t\t\n\n\t<div class=\"box has-hover   has-hover box-text-bottom\" >\n\n\t\t<div class=\"box-image\" style=\"width:60%;\">\n\t\t\t\t\t\t<div class=\"image-cover\" style=\"padding-top:100%;\">\n\t\t\t\t<img decoding=\"async\" width=\"200\" height=\"200\" src=\"https:\/\/www.alevcamcioglu.com\/wp-content\/uploads\/2025\/04\/5-Star-Reviews.png\" class=\"attachment-2048x2048 size-2048x2048\" alt=\"\" title=\"\">\t\t\t\t\t\t\t\t\t\t\t<\/div>\n\t\t\t\t\t<\/div>\n\n\t\t<div class=\"box-text text-center\" >\n\t\t\t<div class=\"box-text-inner\">\n\t\t\t\t\n\n\t<div id=\"text-2821318415\" class=\"text\">\n\t\t\n\n<p>Recenzije sa 5 zvezdica<\/p>\n\n\t\t\n<style>\n#text-2821318415 {\n  font-size: 1rem;\n  color: #404040;\n}\n#text-2821318415 > * {\n  color: #404040;\n}\n<\/style>\n\t<\/div>\n\t\n\n\t\t\t<\/div>\n\t\t<\/div>\n\t<\/div>\n\t\n\n\t\t<\/div>\n\t\t\t\t\t<\/div>\n\n\t\n\n\t<div id=\"col-1887422841\" class=\"col medium-2 small-6 large-2\"  >\n\t\t\t\t<div class=\"col-inner\"  >\n\t\t\t\n\t\t\t\n\n\t<div class=\"box has-hover   has-hover box-text-bottom\" >\n\n\t\t<div class=\"box-image\" style=\"width:60%;\">\n\t\t\t\t\t\t<div class=\"image-cover\" style=\"padding-top:100%;\">\n\t\t\t\t<img decoding=\"async\" width=\"200\" height=\"200\" src=\"https:\/\/www.alevcamcioglu.com\/wp-content\/uploads\/2025\/04\/All-Inclusive-Packages.png\" class=\"attachment-2048x2048 size-2048x2048\" alt=\"\" title=\"\">\t\t\t\t\t\t\t\t\t\t\t<\/div>\n\t\t\t\t\t<\/div>\n\n\t\t<div class=\"box-text text-center\" >\n\t\t\t<div class=\"box-text-inner\">\n\t\t\t\t\n\n\t<div id=\"text-1950715801\" class=\"text\">\n\t\t\n\n<p>Paketi sa sve uklju\u010deno<\/p>\n\n\t\t\n<style>\n#text-1950715801 {\n  font-size: 1rem;\n  color: #404040;\n}\n#text-1950715801 > * {\n  color: #404040;\n}\n<\/style>\n\t<\/div>\n\t\n\n\t\t\t<\/div>\n\t\t<\/div>\n\t<\/div>\n\t\n\n\t\t<\/div>\n\t\t\t\t\t<\/div>\n\n\t\n\n\t<div id=\"col-1197140281\" class=\"col medium-2 small-6 large-2\"  >\n\t\t\t\t<div class=\"col-inner\"  >\n\t\t\t\n\t\t\t\n\n\t<div class=\"box has-hover   has-hover box-text-bottom\" >\n\n\t\t<div class=\"box-image\" style=\"width:60%;\">\n\t\t\t\t\t\t<div class=\"image-cover\" style=\"padding-top:100%;\">\n\t\t\t\t<img decoding=\"async\" width=\"200\" height=\"200\" src=\"https:\/\/www.alevcamcioglu.com\/wp-content\/uploads\/2025\/04\/Luxury-Hotels.png\" class=\"attachment-2048x2048 size-2048x2048\" alt=\"\" title=\"\">\t\t\t\t\t\t\t\t\t\t\t<\/div>\n\t\t\t\t\t<\/div>\n\n\t\t<div class=\"box-text text-center\" >\n\t\t\t<div class=\"box-text-inner\">\n\t\t\t\t\n\n\t<div id=\"text-2282250022\" class=\"text\">\n\t\t\n\n<p>Luksuzni hoteli<\/p>\n\n\t\t\n<style>\n#text-2282250022 {\n  font-size: 1rem;\n  color: #404040;\n}\n#text-2282250022 > * {\n  color: #404040;\n}\n<\/style>\n\t<\/div>\n\t\n\n\t\t\t<\/div>\n\t\t<\/div>\n\t<\/div>\n\t\n\n\t\t<\/div>\n\t\t\t\t\t<\/div>\n\n\t\n\n\t<div id=\"col-1617487520\" class=\"col medium-2 small-6 large-2\"  >\n\t\t\t\t<div class=\"col-inner\"  >\n\t\t\t\n\t\t\t\n\n\t<div class=\"box has-hover   has-hover box-text-bottom\" >\n\n\t\t<div class=\"box-image\" style=\"width:60%;\">\n\t\t\t\t\t\t<div class=\"image-cover\" style=\"padding-top:100%;\">\n\t\t\t\t<img decoding=\"async\" width=\"200\" height=\"200\" src=\"https:\/\/www.alevcamcioglu.com\/wp-content\/uploads\/2025\/04\/Accredited-Hospitals.png\" class=\"attachment-2048x2048 size-2048x2048\" alt=\"\" title=\"\">\t\t\t\t\t\t\t\t\t\t\t<\/div>\n\t\t\t\t\t<\/div>\n\n\t\t<div class=\"box-text text-center\" >\n\t\t\t<div class=\"box-text-inner\">\n\t\t\t\t\n\n\t<div id=\"text-1408914638\" class=\"text\">\n\t\t\n\n<p>Akreditovane bolnice<\/p>\n\n\t\t\n<style>\n#text-1408914638 {\n  font-size: 1rem;\n  color: #404040;\n}\n#text-1408914638 > * {\n  color: #404040;\n}\n<\/style>\n\t<\/div>\n\t\n\n\t\t\t<\/div>\n\t\t<\/div>\n\t<\/div>\n\t\n\n\t\t<\/div>\n\t\t\t\t\t<\/div>\n\n\t\n\n\t<div id=\"col-1225993244\" class=\"col medium-2 small-6 large-2\"  >\n\t\t\t\t<div class=\"col-inner\"  >\n\t\t\t\n\t\t\t\n\n\t<div class=\"box has-hover   has-hover box-text-bottom\" >\n\n\t\t<div class=\"box-image\" style=\"width:60%;\">\n\t\t\t\t\t\t<div class=\"image-cover\" style=\"padding-top:100%;\">\n\t\t\t\t<img decoding=\"async\" width=\"200\" height=\"200\" src=\"https:\/\/www.alevcamcioglu.com\/wp-content\/uploads\/2025\/04\/Waiting.png\" class=\"attachment-2048x2048 size-2048x2048\" alt=\"\" title=\"\">\t\t\t\t\t\t\t\t\t\t\t<\/div>\n\t\t\t\t\t<\/div>\n\n\t\t<div class=\"box-text text-center\" >\n\t\t\t<div class=\"box-text-inner\">\n\t\t\t\t\n\n\t<div id=\"text-333997588\" class=\"text\">\n\t\t\n\n<p>Postoperativna nega<\/p>\n\n\t\t\n<style>\n#text-333997588 {\n  font-size: 1rem;\n  color: #404040;\n}\n#text-333997588 > * {\n  color: #404040;\n}\n<\/style>\n\t<\/div>\n\t\n\n\t\t\t<\/div>\n\t\t<\/div>\n\t<\/div>\n\t\n\n\t\t<\/div>\n\t\t\t\t\t<\/div>\n\n\t\n\n<\/div>\n\n\t\t<\/div>\n\t\t\t\t\n<style>\n#col-515606554 > .col-inner {\n  padding: 30px 0px 0px 30px;\n  border-radius: 15px;\n}\n<\/style>\n\t<\/div>\n\n\t\n\n<\/div>\n\n\t\t<\/div>\n\n\t\t\n<style>\n#section_1790519305 {\n  padding-top: 30px;\n  padding-bottom: 30px;\n}\n<\/style>\n\t<\/section>\n\t\n\n\n\t<section class=\"section\" id=\"section_2082801755\">\n\t\t<div class=\"section-bg fill\" >\n\t\t\t\t\t\t\t\t\t\n\t\t\t\n\n\t\t<\/div>\n\n\t\t\n\n\t\t<div class=\"section-content relative\">\n\t\t\t\n\n<div class=\"row\"  id=\"row-2033768810\">\n\n\n\t<div id=\"col-1012694706\" class=\"col small-12 large-12\"  >\n\t\t\t\t<div class=\"col-inner text-center\"  >\n\t\t\t\n\t\t\t\n\n\t<div id=\"text-3166642986\" class=\"text\">\n\t\t\n\n<h2> Fotografije pre i posle u Turskoj<\/h2>\n\n\t\t\n<style>\n#text-3166642986 {\n  font-size: 1.25rem;\n  text-align: center;\n  color: rgb(243, 58, 58);\n}\n#text-3166642986 > * {\n  color: rgb(243, 58, 58);\n}\n<\/style>\n\t<\/div>\n\t\n\n  \n    <div class=\"row large-columns-4 medium-columns-3 small-columns-2 slider row-slider slider-nav-circle slider-nav-outside slider-nav-push\"  data-flickity-options='{&quot;imagesLoaded&quot;: true, &quot;groupCells&quot;: &quot;100%&quot;, &quot;dragThreshold&quot; : 5, &quot;cellAlign&quot;: &quot;left&quot;,&quot;wrapAround&quot;: true,&quot;prevNextButtons&quot;: true,&quot;percentPosition&quot;: true,&quot;pageDots&quot;: false, &quot;rightToLeft&quot;: false, &quot;autoPlay&quot; : false}' >\n\n  <div class=\"gallery-col col\" >\n          <div class=\"col-inner\">\n            <a class=\"image-lightbox lightbox-gallery\" href=\"https:\/\/www.alevcamcioglu.com\/wp-content\/uploads\/2024\/11\/rinoplastika-pre-posle-fotografija-u-turskoj-1.jpg\" title=\"\">            <div class=\"box has-hover gallery-box box-normal\">\n              <div class=\"box-image\" >\n                <img decoding=\"async\" width=\"320\" height=\"400\" src=\"https:\/\/www.alevcamcioglu.com\/wp-content\/uploads\/2024\/11\/rinoplastika-pre-posle-fotografija-u-turskoj-1-320x400.jpg\" class=\"attachment-medium size-medium\" alt=\"\" ids=\"9479,9485,9491,9497,9503,9509,9515,9521,9527,9533,9539,9545,9551,9557,9563,9569,9575,9581,9587,9593,9599,9605,9611,9617,9623,9629,9635,9641,9647,9653,9659,9665,9671,9677,9683,9689,9695,9701,9707,9713,9719,9725,9731,9737\" style=\"normal\" lightbox_image_size=\"2048x2048\" type=\"slider\" slider_nav_style=\"circle\" slider_nav_position=\"outside\" srcset=\"https:\/\/www.alevcamcioglu.com\/wp-content\/uploads\/2024\/11\/rinoplastika-pre-posle-fotografija-u-turskoj-1-320x400.jpg 320w, https:\/\/www.alevcamcioglu.com\/wp-content\/uploads\/2024\/11\/rinoplastika-pre-posle-fotografija-u-turskoj-1-640x800.jpg 640w, https:\/\/www.alevcamcioglu.com\/wp-content\/uploads\/2024\/11\/rinoplastika-pre-posle-fotografija-u-turskoj-1-768x960.jpg 768w, https:\/\/www.alevcamcioglu.com\/wp-content\/uploads\/2024\/11\/rinoplastika-pre-posle-fotografija-u-turskoj-1.jpg 1200w\" sizes=\"(max-width: 320px) 100vw, 320px\" title=\"\">                                                              <\/div>\n              <div class=\"box-text text-left\" >\n                 <p><\/p>\n              <\/div>\n            <\/div>\n            <\/a>          <\/div>\n         <\/div><div class=\"gallery-col col\" >\n          <div class=\"col-inner\">\n            <a class=\"image-lightbox lightbox-gallery\" href=\"https:\/\/www.alevcamcioglu.com\/wp-content\/uploads\/2024\/11\/rinoplastika-pre-posle-fotografija-u-turskoj-2.jpg\" title=\"\">            <div class=\"box has-hover gallery-box box-normal\">\n              <div class=\"box-image\" >\n                <img decoding=\"async\" width=\"320\" height=\"400\" src=\"https:\/\/www.alevcamcioglu.com\/wp-content\/uploads\/2024\/11\/rinoplastika-pre-posle-fotografija-u-turskoj-2-320x400.jpg\" class=\"attachment-medium size-medium\" alt=\"\" ids=\"9479,9485,9491,9497,9503,9509,9515,9521,9527,9533,9539,9545,9551,9557,9563,9569,9575,9581,9587,9593,9599,9605,9611,9617,9623,9629,9635,9641,9647,9653,9659,9665,9671,9677,9683,9689,9695,9701,9707,9713,9719,9725,9731,9737\" style=\"normal\" lightbox_image_size=\"2048x2048\" type=\"slider\" slider_nav_style=\"circle\" slider_nav_position=\"outside\" srcset=\"https:\/\/www.alevcamcioglu.com\/wp-content\/uploads\/2024\/11\/rinoplastika-pre-posle-fotografija-u-turskoj-2-320x400.jpg 320w, https:\/\/www.alevcamcioglu.com\/wp-content\/uploads\/2024\/11\/rinoplastika-pre-posle-fotografija-u-turskoj-2-640x800.jpg 640w, https:\/\/www.alevcamcioglu.com\/wp-content\/uploads\/2024\/11\/rinoplastika-pre-posle-fotografija-u-turskoj-2-768x960.jpg 768w, https:\/\/www.alevcamcioglu.com\/wp-content\/uploads\/2024\/11\/rinoplastika-pre-posle-fotografija-u-turskoj-2.jpg 1200w\" sizes=\"(max-width: 320px) 100vw, 320px\" title=\"\">                                                              <\/div>\n              <div class=\"box-text text-left\" >\n                 <p><\/p>\n              <\/div>\n            <\/div>\n            <\/a>          <\/div>\n         <\/div><div class=\"gallery-col col\" >\n          <div class=\"col-inner\">\n            <a class=\"image-lightbox lightbox-gallery\" href=\"https:\/\/www.alevcamcioglu.com\/wp-content\/uploads\/2024\/11\/rinoplastika-pre-posle-fotografija-u-turskoj-3.jpg\" title=\"\">            <div class=\"box has-hover gallery-box box-normal\">\n              <div class=\"box-image\" >\n                <img decoding=\"async\" width=\"320\" height=\"400\" src=\"https:\/\/www.alevcamcioglu.com\/wp-content\/uploads\/2024\/11\/rinoplastika-pre-posle-fotografija-u-turskoj-3-320x400.jpg\" class=\"attachment-medium size-medium\" alt=\"\" ids=\"9479,9485,9491,9497,9503,9509,9515,9521,9527,9533,9539,9545,9551,9557,9563,9569,9575,9581,9587,9593,9599,9605,9611,9617,9623,9629,9635,9641,9647,9653,9659,9665,9671,9677,9683,9689,9695,9701,9707,9713,9719,9725,9731,9737\" style=\"normal\" lightbox_image_size=\"2048x2048\" type=\"slider\" slider_nav_style=\"circle\" slider_nav_position=\"outside\" srcset=\"https:\/\/www.alevcamcioglu.com\/wp-content\/uploads\/2024\/11\/rinoplastika-pre-posle-fotografija-u-turskoj-3-320x400.jpg 320w, https:\/\/www.alevcamcioglu.com\/wp-content\/uploads\/2024\/11\/rinoplastika-pre-posle-fotografija-u-turskoj-3-640x800.jpg 640w, https:\/\/www.alevcamcioglu.com\/wp-content\/uploads\/2024\/11\/rinoplastika-pre-posle-fotografija-u-turskoj-3-768x960.jpg 768w, https:\/\/www.alevcamcioglu.com\/wp-content\/uploads\/2024\/11\/rinoplastika-pre-posle-fotografija-u-turskoj-3.jpg 1200w\" sizes=\"(max-width: 320px) 100vw, 320px\" title=\"\">                                                              <\/div>\n              <div class=\"box-text text-left\" >\n                 <p><\/p>\n              <\/div>\n            <\/div>\n            <\/a>          <\/div>\n         <\/div><div class=\"gallery-col col\" >\n          <div class=\"col-inner\">\n            <a class=\"image-lightbox lightbox-gallery\" href=\"https:\/\/www.alevcamcioglu.com\/wp-content\/uploads\/2024\/11\/rinoplastika-pre-posle-fotografija-u-turskoj-4.jpg\" title=\"\">            <div class=\"box has-hover gallery-box box-normal\">\n              <div class=\"box-image\" >\n                <img decoding=\"async\" width=\"320\" height=\"400\" src=\"https:\/\/www.alevcamcioglu.com\/wp-content\/uploads\/2024\/11\/rinoplastika-pre-posle-fotografija-u-turskoj-4-320x400.jpg\" class=\"attachment-medium size-medium\" alt=\"\" ids=\"9479,9485,9491,9497,9503,9509,9515,9521,9527,9533,9539,9545,9551,9557,9563,9569,9575,9581,9587,9593,9599,9605,9611,9617,9623,9629,9635,9641,9647,9653,9659,9665,9671,9677,9683,9689,9695,9701,9707,9713,9719,9725,9731,9737\" style=\"normal\" lightbox_image_size=\"2048x2048\" type=\"slider\" slider_nav_style=\"circle\" slider_nav_position=\"outside\" srcset=\"https:\/\/www.alevcamcioglu.com\/wp-content\/uploads\/2024\/11\/rinoplastika-pre-posle-fotografija-u-turskoj-4-320x400.jpg 320w, https:\/\/www.alevcamcioglu.com\/wp-content\/uploads\/2024\/11\/rinoplastika-pre-posle-fotografija-u-turskoj-4-640x800.jpg 640w, https:\/\/www.alevcamcioglu.com\/wp-content\/uploads\/2024\/11\/rinoplastika-pre-posle-fotografija-u-turskoj-4-768x960.jpg 768w, https:\/\/www.alevcamcioglu.com\/wp-content\/uploads\/2024\/11\/rinoplastika-pre-posle-fotografija-u-turskoj-4.jpg 1200w\" sizes=\"(max-width: 320px) 100vw, 320px\" title=\"\">                                                              <\/div>\n              <div class=\"box-text text-left\" >\n                 <p><\/p>\n              <\/div>\n            <\/div>\n            <\/a>          <\/div>\n         <\/div><div class=\"gallery-col col\" >\n          <div class=\"col-inner\">\n            <a class=\"image-lightbox lightbox-gallery\" href=\"https:\/\/www.alevcamcioglu.com\/wp-content\/uploads\/2024\/11\/rinoplastika-pre-posle-fotografija-u-turskoj-5.jpg\" title=\"\">            <div class=\"box has-hover gallery-box box-normal\">\n              <div class=\"box-image\" >\n                <img decoding=\"async\" width=\"320\" height=\"400\" src=\"https:\/\/www.alevcamcioglu.com\/wp-content\/uploads\/2024\/11\/rinoplastika-pre-posle-fotografija-u-turskoj-5-320x400.jpg\" class=\"attachment-medium size-medium\" alt=\"\" ids=\"9479,9485,9491,9497,9503,9509,9515,9521,9527,9533,9539,9545,9551,9557,9563,9569,9575,9581,9587,9593,9599,9605,9611,9617,9623,9629,9635,9641,9647,9653,9659,9665,9671,9677,9683,9689,9695,9701,9707,9713,9719,9725,9731,9737\" style=\"normal\" lightbox_image_size=\"2048x2048\" type=\"slider\" slider_nav_style=\"circle\" slider_nav_position=\"outside\" srcset=\"https:\/\/www.alevcamcioglu.com\/wp-content\/uploads\/2024\/11\/rinoplastika-pre-posle-fotografija-u-turskoj-5-320x400.jpg 320w, https:\/\/www.alevcamcioglu.com\/wp-content\/uploads\/2024\/11\/rinoplastika-pre-posle-fotografija-u-turskoj-5-640x800.jpg 640w, https:\/\/www.alevcamcioglu.com\/wp-content\/uploads\/2024\/11\/rinoplastika-pre-posle-fotografija-u-turskoj-5-768x960.jpg 768w, https:\/\/www.alevcamcioglu.com\/wp-content\/uploads\/2024\/11\/rinoplastika-pre-posle-fotografija-u-turskoj-5.jpg 1200w\" sizes=\"(max-width: 320px) 100vw, 320px\" title=\"\">                                                              <\/div>\n              <div class=\"box-text text-left\" >\n                 <p><\/p>\n              <\/div>\n            <\/div>\n            <\/a>          <\/div>\n         <\/div><div class=\"gallery-col col\" >\n          <div class=\"col-inner\">\n            <a class=\"image-lightbox lightbox-gallery\" href=\"https:\/\/www.alevcamcioglu.com\/wp-content\/uploads\/2024\/11\/rinoplastika-pre-posle-fotografija-u-turskoj-6.jpg\" title=\"\">            <div class=\"box has-hover gallery-box box-normal\">\n              <div class=\"box-image\" >\n                <img decoding=\"async\" width=\"320\" height=\"400\" src=\"https:\/\/www.alevcamcioglu.com\/wp-content\/uploads\/2024\/11\/rinoplastika-pre-posle-fotografija-u-turskoj-6-320x400.jpg\" class=\"attachment-medium size-medium\" alt=\"\" ids=\"9479,9485,9491,9497,9503,9509,9515,9521,9527,9533,9539,9545,9551,9557,9563,9569,9575,9581,9587,9593,9599,9605,9611,9617,9623,9629,9635,9641,9647,9653,9659,9665,9671,9677,9683,9689,9695,9701,9707,9713,9719,9725,9731,9737\" style=\"normal\" lightbox_image_size=\"2048x2048\" type=\"slider\" slider_nav_style=\"circle\" slider_nav_position=\"outside\" srcset=\"https:\/\/www.alevcamcioglu.com\/wp-content\/uploads\/2024\/11\/rinoplastika-pre-posle-fotografija-u-turskoj-6-320x400.jpg 320w, https:\/\/www.alevcamcioglu.com\/wp-content\/uploads\/2024\/11\/rinoplastika-pre-posle-fotografija-u-turskoj-6-640x800.jpg 640w, https:\/\/www.alevcamcioglu.com\/wp-content\/uploads\/2024\/11\/rinoplastika-pre-posle-fotografija-u-turskoj-6-768x960.jpg 768w, https:\/\/www.alevcamcioglu.com\/wp-content\/uploads\/2024\/11\/rinoplastika-pre-posle-fotografija-u-turskoj-6.jpg 1200w\" sizes=\"(max-width: 320px) 100vw, 320px\" title=\"\">                                                              <\/div>\n              <div class=\"box-text text-left\" >\n                 <p><\/p>\n              <\/div>\n            <\/div>\n            <\/a>          <\/div>\n         <\/div><div class=\"gallery-col col\" >\n          <div class=\"col-inner\">\n            <a class=\"image-lightbox lightbox-gallery\" href=\"https:\/\/www.alevcamcioglu.com\/wp-content\/uploads\/2024\/11\/rinoplastika-pre-posle-fotografija-u-turskoj-7.jpg\" title=\"\">            <div class=\"box has-hover gallery-box box-normal\">\n              <div class=\"box-image\" >\n                <img decoding=\"async\" width=\"320\" height=\"400\" src=\"https:\/\/www.alevcamcioglu.com\/wp-content\/uploads\/2024\/11\/rinoplastika-pre-posle-fotografija-u-turskoj-7-320x400.jpg\" class=\"attachment-medium size-medium\" alt=\"\" ids=\"9479,9485,9491,9497,9503,9509,9515,9521,9527,9533,9539,9545,9551,9557,9563,9569,9575,9581,9587,9593,9599,9605,9611,9617,9623,9629,9635,9641,9647,9653,9659,9665,9671,9677,9683,9689,9695,9701,9707,9713,9719,9725,9731,9737\" style=\"normal\" lightbox_image_size=\"2048x2048\" type=\"slider\" slider_nav_style=\"circle\" slider_nav_position=\"outside\" srcset=\"https:\/\/www.alevcamcioglu.com\/wp-content\/uploads\/2024\/11\/rinoplastika-pre-posle-fotografija-u-turskoj-7-320x400.jpg 320w, https:\/\/www.alevcamcioglu.com\/wp-content\/uploads\/2024\/11\/rinoplastika-pre-posle-fotografija-u-turskoj-7-640x800.jpg 640w, https:\/\/www.alevcamcioglu.com\/wp-content\/uploads\/2024\/11\/rinoplastika-pre-posle-fotografija-u-turskoj-7-768x960.jpg 768w, https:\/\/www.alevcamcioglu.com\/wp-content\/uploads\/2024\/11\/rinoplastika-pre-posle-fotografija-u-turskoj-7.jpg 1200w\" sizes=\"(max-width: 320px) 100vw, 320px\" title=\"\">                                                              <\/div>\n              <div class=\"box-text text-left\" >\n                 <p><\/p>\n              <\/div>\n            <\/div>\n            <\/a>          <\/div>\n         <\/div><div class=\"gallery-col col\" >\n          <div class=\"col-inner\">\n            <a class=\"image-lightbox lightbox-gallery\" href=\"https:\/\/www.alevcamcioglu.com\/wp-content\/uploads\/2024\/11\/rinoplastika-pre-posle-fotografija-u-turskoj-8.jpg\" title=\"\">            <div class=\"box has-hover gallery-box box-normal\">\n              <div class=\"box-image\" >\n                <img decoding=\"async\" width=\"320\" height=\"400\" src=\"https:\/\/www.alevcamcioglu.com\/wp-content\/uploads\/2024\/11\/rinoplastika-pre-posle-fotografija-u-turskoj-8-320x400.jpg\" class=\"attachment-medium size-medium\" alt=\"\" ids=\"9479,9485,9491,9497,9503,9509,9515,9521,9527,9533,9539,9545,9551,9557,9563,9569,9575,9581,9587,9593,9599,9605,9611,9617,9623,9629,9635,9641,9647,9653,9659,9665,9671,9677,9683,9689,9695,9701,9707,9713,9719,9725,9731,9737\" style=\"normal\" lightbox_image_size=\"2048x2048\" type=\"slider\" slider_nav_style=\"circle\" slider_nav_position=\"outside\" srcset=\"https:\/\/www.alevcamcioglu.com\/wp-content\/uploads\/2024\/11\/rinoplastika-pre-posle-fotografija-u-turskoj-8-320x400.jpg 320w, https:\/\/www.alevcamcioglu.com\/wp-content\/uploads\/2024\/11\/rinoplastika-pre-posle-fotografija-u-turskoj-8-640x800.jpg 640w, https:\/\/www.alevcamcioglu.com\/wp-content\/uploads\/2024\/11\/rinoplastika-pre-posle-fotografija-u-turskoj-8-768x960.jpg 768w, https:\/\/www.alevcamcioglu.com\/wp-content\/uploads\/2024\/11\/rinoplastika-pre-posle-fotografija-u-turskoj-8.jpg 1200w\" sizes=\"(max-width: 320px) 100vw, 320px\" title=\"\">                                                              <\/div>\n              <div class=\"box-text text-left\" >\n                 <p><\/p>\n              <\/div>\n            <\/div>\n            <\/a>          <\/div>\n         <\/div><div class=\"gallery-col col\" >\n          <div class=\"col-inner\">\n            <a class=\"image-lightbox lightbox-gallery\" href=\"https:\/\/www.alevcamcioglu.com\/wp-content\/uploads\/2024\/11\/rinoplastika-pre-posle-fotografija-u-turskoj-9.jpg\" title=\"\">            <div class=\"box has-hover gallery-box box-normal\">\n              <div class=\"box-image\" >\n                <img decoding=\"async\" width=\"320\" height=\"400\" src=\"https:\/\/www.alevcamcioglu.com\/wp-content\/uploads\/2024\/11\/rinoplastika-pre-posle-fotografija-u-turskoj-9-320x400.jpg\" class=\"attachment-medium size-medium\" alt=\"\" ids=\"9479,9485,9491,9497,9503,9509,9515,9521,9527,9533,9539,9545,9551,9557,9563,9569,9575,9581,9587,9593,9599,9605,9611,9617,9623,9629,9635,9641,9647,9653,9659,9665,9671,9677,9683,9689,9695,9701,9707,9713,9719,9725,9731,9737\" style=\"normal\" lightbox_image_size=\"2048x2048\" type=\"slider\" slider_nav_style=\"circle\" slider_nav_position=\"outside\" srcset=\"https:\/\/www.alevcamcioglu.com\/wp-content\/uploads\/2024\/11\/rinoplastika-pre-posle-fotografija-u-turskoj-9-320x400.jpg 320w, https:\/\/www.alevcamcioglu.com\/wp-content\/uploads\/2024\/11\/rinoplastika-pre-posle-fotografija-u-turskoj-9-640x800.jpg 640w, https:\/\/www.alevcamcioglu.com\/wp-content\/uploads\/2024\/11\/rinoplastika-pre-posle-fotografija-u-turskoj-9-768x960.jpg 768w, https:\/\/www.alevcamcioglu.com\/wp-content\/uploads\/2024\/11\/rinoplastika-pre-posle-fotografija-u-turskoj-9.jpg 1200w\" sizes=\"(max-width: 320px) 100vw, 320px\" title=\"\">                                                              <\/div>\n              <div class=\"box-text text-left\" >\n                 <p><\/p>\n              <\/div>\n            <\/div>\n            <\/a>          <\/div>\n         <\/div><div class=\"gallery-col col\" >\n          <div class=\"col-inner\">\n            <a class=\"image-lightbox lightbox-gallery\" href=\"https:\/\/www.alevcamcioglu.com\/wp-content\/uploads\/2024\/11\/rinoplastika-pre-posle-fotografija-u-turskoj-10.jpg\" title=\"\">            <div class=\"box has-hover gallery-box box-normal\">\n              <div class=\"box-image\" >\n                <img decoding=\"async\" width=\"320\" height=\"400\" src=\"https:\/\/www.alevcamcioglu.com\/wp-content\/uploads\/2024\/11\/rinoplastika-pre-posle-fotografija-u-turskoj-10-320x400.jpg\" class=\"attachment-medium size-medium\" alt=\"\" ids=\"9479,9485,9491,9497,9503,9509,9515,9521,9527,9533,9539,9545,9551,9557,9563,9569,9575,9581,9587,9593,9599,9605,9611,9617,9623,9629,9635,9641,9647,9653,9659,9665,9671,9677,9683,9689,9695,9701,9707,9713,9719,9725,9731,9737\" style=\"normal\" lightbox_image_size=\"2048x2048\" type=\"slider\" slider_nav_style=\"circle\" slider_nav_position=\"outside\" srcset=\"https:\/\/www.alevcamcioglu.com\/wp-content\/uploads\/2024\/11\/rinoplastika-pre-posle-fotografija-u-turskoj-10-320x400.jpg 320w, https:\/\/www.alevcamcioglu.com\/wp-content\/uploads\/2024\/11\/rinoplastika-pre-posle-fotografija-u-turskoj-10-640x800.jpg 640w, https:\/\/www.alevcamcioglu.com\/wp-content\/uploads\/2024\/11\/rinoplastika-pre-posle-fotografija-u-turskoj-10-768x960.jpg 768w, https:\/\/www.alevcamcioglu.com\/wp-content\/uploads\/2024\/11\/rinoplastika-pre-posle-fotografija-u-turskoj-10.jpg 1200w\" sizes=\"(max-width: 320px) 100vw, 320px\" title=\"\">                                                              <\/div>\n              <div class=\"box-text text-left\" >\n                 <p><\/p>\n              <\/div>\n            <\/div>\n            <\/a>          <\/div>\n         <\/div><div class=\"gallery-col col\" >\n          <div class=\"col-inner\">\n            <a class=\"image-lightbox lightbox-gallery\" href=\"https:\/\/www.alevcamcioglu.com\/wp-content\/uploads\/2024\/11\/rinoplastika-pre-posle-fotografija-u-turskoj-11.jpg\" title=\"\">            <div class=\"box has-hover gallery-box box-normal\">\n              <div class=\"box-image\" >\n                <img decoding=\"async\" width=\"320\" height=\"400\" src=\"https:\/\/www.alevcamcioglu.com\/wp-content\/uploads\/2024\/11\/rinoplastika-pre-posle-fotografija-u-turskoj-11-320x400.jpg\" class=\"attachment-medium size-medium\" alt=\"\" ids=\"9479,9485,9491,9497,9503,9509,9515,9521,9527,9533,9539,9545,9551,9557,9563,9569,9575,9581,9587,9593,9599,9605,9611,9617,9623,9629,9635,9641,9647,9653,9659,9665,9671,9677,9683,9689,9695,9701,9707,9713,9719,9725,9731,9737\" style=\"normal\" lightbox_image_size=\"2048x2048\" type=\"slider\" slider_nav_style=\"circle\" slider_nav_position=\"outside\" srcset=\"https:\/\/www.alevcamcioglu.com\/wp-content\/uploads\/2024\/11\/rinoplastika-pre-posle-fotografija-u-turskoj-11-320x400.jpg 320w, https:\/\/www.alevcamcioglu.com\/wp-content\/uploads\/2024\/11\/rinoplastika-pre-posle-fotografija-u-turskoj-11-640x800.jpg 640w, https:\/\/www.alevcamcioglu.com\/wp-content\/uploads\/2024\/11\/rinoplastika-pre-posle-fotografija-u-turskoj-11-768x960.jpg 768w, https:\/\/www.alevcamcioglu.com\/wp-content\/uploads\/2024\/11\/rinoplastika-pre-posle-fotografija-u-turskoj-11.jpg 1200w\" sizes=\"(max-width: 320px) 100vw, 320px\" title=\"\">                                                              <\/div>\n              <div class=\"box-text text-left\" >\n                 <p><\/p>\n              <\/div>\n            <\/div>\n            <\/a>          <\/div>\n         <\/div><div class=\"gallery-col col\" >\n          <div class=\"col-inner\">\n            <a class=\"image-lightbox lightbox-gallery\" href=\"https:\/\/www.alevcamcioglu.com\/wp-content\/uploads\/2024\/11\/rinoplastika-pre-posle-fotografija-u-turskoj-12.jpg\" title=\"\">            <div class=\"box has-hover gallery-box box-normal\">\n              <div class=\"box-image\" >\n                <img decoding=\"async\" width=\"320\" height=\"400\" src=\"https:\/\/www.alevcamcioglu.com\/wp-content\/uploads\/2024\/11\/rinoplastika-pre-posle-fotografija-u-turskoj-12-320x400.jpg\" class=\"attachment-medium size-medium\" alt=\"\" ids=\"9479,9485,9491,9497,9503,9509,9515,9521,9527,9533,9539,9545,9551,9557,9563,9569,9575,9581,9587,9593,9599,9605,9611,9617,9623,9629,9635,9641,9647,9653,9659,9665,9671,9677,9683,9689,9695,9701,9707,9713,9719,9725,9731,9737\" style=\"normal\" lightbox_image_size=\"2048x2048\" type=\"slider\" slider_nav_style=\"circle\" slider_nav_position=\"outside\" srcset=\"https:\/\/www.alevcamcioglu.com\/wp-content\/uploads\/2024\/11\/rinoplastika-pre-posle-fotografija-u-turskoj-12-320x400.jpg 320w, https:\/\/www.alevcamcioglu.com\/wp-content\/uploads\/2024\/11\/rinoplastika-pre-posle-fotografija-u-turskoj-12-640x800.jpg 640w, https:\/\/www.alevcamcioglu.com\/wp-content\/uploads\/2024\/11\/rinoplastika-pre-posle-fotografija-u-turskoj-12-768x960.jpg 768w, https:\/\/www.alevcamcioglu.com\/wp-content\/uploads\/2024\/11\/rinoplastika-pre-posle-fotografija-u-turskoj-12.jpg 1200w\" sizes=\"(max-width: 320px) 100vw, 320px\" title=\"\">                                                              <\/div>\n              <div class=\"box-text text-left\" >\n                 <p><\/p>\n              <\/div>\n            <\/div>\n            <\/a>          <\/div>\n         <\/div><div class=\"gallery-col col\" >\n          <div class=\"col-inner\">\n            <a class=\"image-lightbox lightbox-gallery\" href=\"https:\/\/www.alevcamcioglu.com\/wp-content\/uploads\/2024\/11\/rinoplastika-pre-posle-fotografija-u-turskoj-13.jpg\" title=\"\">            <div class=\"box has-hover gallery-box box-normal\">\n              <div class=\"box-image\" >\n                <img decoding=\"async\" width=\"320\" height=\"400\" src=\"https:\/\/www.alevcamcioglu.com\/wp-content\/uploads\/2024\/11\/rinoplastika-pre-posle-fotografija-u-turskoj-13-320x400.jpg\" class=\"attachment-medium size-medium\" alt=\"\" ids=\"9479,9485,9491,9497,9503,9509,9515,9521,9527,9533,9539,9545,9551,9557,9563,9569,9575,9581,9587,9593,9599,9605,9611,9617,9623,9629,9635,9641,9647,9653,9659,9665,9671,9677,9683,9689,9695,9701,9707,9713,9719,9725,9731,9737\" style=\"normal\" lightbox_image_size=\"2048x2048\" type=\"slider\" slider_nav_style=\"circle\" slider_nav_position=\"outside\" srcset=\"https:\/\/www.alevcamcioglu.com\/wp-content\/uploads\/2024\/11\/rinoplastika-pre-posle-fotografija-u-turskoj-13-320x400.jpg 320w, https:\/\/www.alevcamcioglu.com\/wp-content\/uploads\/2024\/11\/rinoplastika-pre-posle-fotografija-u-turskoj-13-640x800.jpg 640w, https:\/\/www.alevcamcioglu.com\/wp-content\/uploads\/2024\/11\/rinoplastika-pre-posle-fotografija-u-turskoj-13-768x960.jpg 768w, https:\/\/www.alevcamcioglu.com\/wp-content\/uploads\/2024\/11\/rinoplastika-pre-posle-fotografija-u-turskoj-13.jpg 1200w\" sizes=\"(max-width: 320px) 100vw, 320px\" title=\"\">                                                              <\/div>\n              <div class=\"box-text text-left\" >\n                 <p><\/p>\n              <\/div>\n            <\/div>\n            <\/a>          <\/div>\n         <\/div><div class=\"gallery-col col\" >\n          <div class=\"col-inner\">\n            <a class=\"image-lightbox lightbox-gallery\" href=\"https:\/\/www.alevcamcioglu.com\/wp-content\/uploads\/2024\/11\/rinoplastika-pre-posle-fotografija-u-turskoj-14.jpg\" title=\"\">            <div class=\"box has-hover gallery-box box-normal\">\n              <div class=\"box-image\" >\n                <img decoding=\"async\" width=\"320\" height=\"400\" src=\"https:\/\/www.alevcamcioglu.com\/wp-content\/uploads\/2024\/11\/rinoplastika-pre-posle-fotografija-u-turskoj-14-320x400.jpg\" class=\"attachment-medium size-medium\" alt=\"\" ids=\"9479,9485,9491,9497,9503,9509,9515,9521,9527,9533,9539,9545,9551,9557,9563,9569,9575,9581,9587,9593,9599,9605,9611,9617,9623,9629,9635,9641,9647,9653,9659,9665,9671,9677,9683,9689,9695,9701,9707,9713,9719,9725,9731,9737\" style=\"normal\" lightbox_image_size=\"2048x2048\" type=\"slider\" slider_nav_style=\"circle\" slider_nav_position=\"outside\" srcset=\"https:\/\/www.alevcamcioglu.com\/wp-content\/uploads\/2024\/11\/rinoplastika-pre-posle-fotografija-u-turskoj-14-320x400.jpg 320w, https:\/\/www.alevcamcioglu.com\/wp-content\/uploads\/2024\/11\/rinoplastika-pre-posle-fotografija-u-turskoj-14-640x800.jpg 640w, https:\/\/www.alevcamcioglu.com\/wp-content\/uploads\/2024\/11\/rinoplastika-pre-posle-fotografija-u-turskoj-14-768x960.jpg 768w, https:\/\/www.alevcamcioglu.com\/wp-content\/uploads\/2024\/11\/rinoplastika-pre-posle-fotografija-u-turskoj-14.jpg 1200w\" sizes=\"(max-width: 320px) 100vw, 320px\" title=\"\">                                                              <\/div>\n              <div class=\"box-text text-left\" >\n                 <p><\/p>\n              <\/div>\n            <\/div>\n            <\/a>          <\/div>\n         <\/div><div class=\"gallery-col col\" >\n          <div class=\"col-inner\">\n            <a class=\"image-lightbox lightbox-gallery\" href=\"https:\/\/www.alevcamcioglu.com\/wp-content\/uploads\/2024\/11\/rinoplastika-pre-posle-fotografija-u-turskoj-15.jpg\" title=\"\">            <div class=\"box has-hover gallery-box box-normal\">\n              <div class=\"box-image\" >\n                <img decoding=\"async\" width=\"320\" height=\"400\" src=\"https:\/\/www.alevcamcioglu.com\/wp-content\/uploads\/2024\/11\/rinoplastika-pre-posle-fotografija-u-turskoj-15-320x400.jpg\" class=\"attachment-medium size-medium\" alt=\"\" ids=\"9479,9485,9491,9497,9503,9509,9515,9521,9527,9533,9539,9545,9551,9557,9563,9569,9575,9581,9587,9593,9599,9605,9611,9617,9623,9629,9635,9641,9647,9653,9659,9665,9671,9677,9683,9689,9695,9701,9707,9713,9719,9725,9731,9737\" style=\"normal\" lightbox_image_size=\"2048x2048\" type=\"slider\" slider_nav_style=\"circle\" slider_nav_position=\"outside\" srcset=\"https:\/\/www.alevcamcioglu.com\/wp-content\/uploads\/2024\/11\/rinoplastika-pre-posle-fotografija-u-turskoj-15-320x400.jpg 320w, https:\/\/www.alevcamcioglu.com\/wp-content\/uploads\/2024\/11\/rinoplastika-pre-posle-fotografija-u-turskoj-15-640x800.jpg 640w, https:\/\/www.alevcamcioglu.com\/wp-content\/uploads\/2024\/11\/rinoplastika-pre-posle-fotografija-u-turskoj-15-768x960.jpg 768w, https:\/\/www.alevcamcioglu.com\/wp-content\/uploads\/2024\/11\/rinoplastika-pre-posle-fotografija-u-turskoj-15.jpg 1200w\" sizes=\"(max-width: 320px) 100vw, 320px\" title=\"\">                                                              <\/div>\n              <div class=\"box-text text-left\" >\n                 <p><\/p>\n              <\/div>\n            <\/div>\n            <\/a>          <\/div>\n         <\/div><div class=\"gallery-col col\" >\n          <div class=\"col-inner\">\n            <a class=\"image-lightbox lightbox-gallery\" href=\"https:\/\/www.alevcamcioglu.com\/wp-content\/uploads\/2024\/11\/rinoplastika-pre-posle-fotografija-u-turskoj-16.jpg\" title=\"\">            <div class=\"box has-hover gallery-box box-normal\">\n              <div class=\"box-image\" >\n                <img decoding=\"async\" width=\"320\" height=\"400\" src=\"https:\/\/www.alevcamcioglu.com\/wp-content\/uploads\/2024\/11\/rinoplastika-pre-posle-fotografija-u-turskoj-16-320x400.jpg\" class=\"attachment-medium size-medium\" alt=\"\" ids=\"9479,9485,9491,9497,9503,9509,9515,9521,9527,9533,9539,9545,9551,9557,9563,9569,9575,9581,9587,9593,9599,9605,9611,9617,9623,9629,9635,9641,9647,9653,9659,9665,9671,9677,9683,9689,9695,9701,9707,9713,9719,9725,9731,9737\" style=\"normal\" lightbox_image_size=\"2048x2048\" type=\"slider\" slider_nav_style=\"circle\" slider_nav_position=\"outside\" srcset=\"https:\/\/www.alevcamcioglu.com\/wp-content\/uploads\/2024\/11\/rinoplastika-pre-posle-fotografija-u-turskoj-16-320x400.jpg 320w, https:\/\/www.alevcamcioglu.com\/wp-content\/uploads\/2024\/11\/rinoplastika-pre-posle-fotografija-u-turskoj-16-640x800.jpg 640w, https:\/\/www.alevcamcioglu.com\/wp-content\/uploads\/2024\/11\/rinoplastika-pre-posle-fotografija-u-turskoj-16-768x960.jpg 768w, https:\/\/www.alevcamcioglu.com\/wp-content\/uploads\/2024\/11\/rinoplastika-pre-posle-fotografija-u-turskoj-16.jpg 1200w\" sizes=\"(max-width: 320px) 100vw, 320px\" title=\"\">                                                              <\/div>\n              <div class=\"box-text text-left\" >\n                 <p><\/p>\n              <\/div>\n            <\/div>\n            <\/a>          <\/div>\n         <\/div><div class=\"gallery-col col\" >\n          <div class=\"col-inner\">\n            <a class=\"image-lightbox lightbox-gallery\" href=\"https:\/\/www.alevcamcioglu.com\/wp-content\/uploads\/2024\/11\/rinoplastika-pre-posle-fotografija-u-turskoj-17.jpg\" title=\"\">            <div class=\"box has-hover gallery-box box-normal\">\n              <div class=\"box-image\" >\n                <img decoding=\"async\" width=\"320\" height=\"400\" src=\"https:\/\/www.alevcamcioglu.com\/wp-content\/uploads\/2024\/11\/rinoplastika-pre-posle-fotografija-u-turskoj-17-320x400.jpg\" class=\"attachment-medium size-medium\" alt=\"\" ids=\"9479,9485,9491,9497,9503,9509,9515,9521,9527,9533,9539,9545,9551,9557,9563,9569,9575,9581,9587,9593,9599,9605,9611,9617,9623,9629,9635,9641,9647,9653,9659,9665,9671,9677,9683,9689,9695,9701,9707,9713,9719,9725,9731,9737\" style=\"normal\" lightbox_image_size=\"2048x2048\" type=\"slider\" slider_nav_style=\"circle\" slider_nav_position=\"outside\" srcset=\"https:\/\/www.alevcamcioglu.com\/wp-content\/uploads\/2024\/11\/rinoplastika-pre-posle-fotografija-u-turskoj-17-320x400.jpg 320w, https:\/\/www.alevcamcioglu.com\/wp-content\/uploads\/2024\/11\/rinoplastika-pre-posle-fotografija-u-turskoj-17-640x800.jpg 640w, https:\/\/www.alevcamcioglu.com\/wp-content\/uploads\/2024\/11\/rinoplastika-pre-posle-fotografija-u-turskoj-17-768x960.jpg 768w, https:\/\/www.alevcamcioglu.com\/wp-content\/uploads\/2024\/11\/rinoplastika-pre-posle-fotografija-u-turskoj-17.jpg 1200w\" sizes=\"(max-width: 320px) 100vw, 320px\" title=\"\">                                                              <\/div>\n              <div class=\"box-text text-left\" >\n                 <p><\/p>\n              <\/div>\n            <\/div>\n            <\/a>          <\/div>\n         <\/div><div class=\"gallery-col col\" >\n          <div class=\"col-inner\">\n            <a class=\"image-lightbox lightbox-gallery\" href=\"https:\/\/www.alevcamcioglu.com\/wp-content\/uploads\/2024\/11\/rinoplastika-pre-posle-fotografija-u-turskoj-18.jpg\" title=\"\">            <div class=\"box has-hover gallery-box box-normal\">\n              <div class=\"box-image\" >\n                <img decoding=\"async\" width=\"320\" height=\"400\" src=\"https:\/\/www.alevcamcioglu.com\/wp-content\/uploads\/2024\/11\/rinoplastika-pre-posle-fotografija-u-turskoj-18-320x400.jpg\" class=\"attachment-medium size-medium\" alt=\"\" ids=\"9479,9485,9491,9497,9503,9509,9515,9521,9527,9533,9539,9545,9551,9557,9563,9569,9575,9581,9587,9593,9599,9605,9611,9617,9623,9629,9635,9641,9647,9653,9659,9665,9671,9677,9683,9689,9695,9701,9707,9713,9719,9725,9731,9737\" style=\"normal\" lightbox_image_size=\"2048x2048\" type=\"slider\" slider_nav_style=\"circle\" slider_nav_position=\"outside\" srcset=\"https:\/\/www.alevcamcioglu.com\/wp-content\/uploads\/2024\/11\/rinoplastika-pre-posle-fotografija-u-turskoj-18-320x400.jpg 320w, https:\/\/www.alevcamcioglu.com\/wp-content\/uploads\/2024\/11\/rinoplastika-pre-posle-fotografija-u-turskoj-18-640x800.jpg 640w, https:\/\/www.alevcamcioglu.com\/wp-content\/uploads\/2024\/11\/rinoplastika-pre-posle-fotografija-u-turskoj-18-768x960.jpg 768w, https:\/\/www.alevcamcioglu.com\/wp-content\/uploads\/2024\/11\/rinoplastika-pre-posle-fotografija-u-turskoj-18.jpg 1000w\" sizes=\"(max-width: 320px) 100vw, 320px\" title=\"\">                                                              <\/div>\n              <div class=\"box-text text-left\" >\n                 <p><\/p>\n              <\/div>\n            <\/div>\n            <\/a>          <\/div>\n         <\/div><div class=\"gallery-col col\" >\n          <div class=\"col-inner\">\n            <a class=\"image-lightbox lightbox-gallery\" href=\"https:\/\/www.alevcamcioglu.com\/wp-content\/uploads\/2024\/11\/rinoplastika-pre-posle-fotografija-u-turskoj-19.jpg\" title=\"\">            <div class=\"box has-hover gallery-box box-normal\">\n              <div class=\"box-image\" >\n                <img decoding=\"async\" width=\"320\" height=\"400\" src=\"https:\/\/www.alevcamcioglu.com\/wp-content\/uploads\/2024\/11\/rinoplastika-pre-posle-fotografija-u-turskoj-19-320x400.jpg\" class=\"attachment-medium size-medium\" alt=\"\" ids=\"9479,9485,9491,9497,9503,9509,9515,9521,9527,9533,9539,9545,9551,9557,9563,9569,9575,9581,9587,9593,9599,9605,9611,9617,9623,9629,9635,9641,9647,9653,9659,9665,9671,9677,9683,9689,9695,9701,9707,9713,9719,9725,9731,9737\" style=\"normal\" lightbox_image_size=\"2048x2048\" type=\"slider\" slider_nav_style=\"circle\" slider_nav_position=\"outside\" srcset=\"https:\/\/www.alevcamcioglu.com\/wp-content\/uploads\/2024\/11\/rinoplastika-pre-posle-fotografija-u-turskoj-19-320x400.jpg 320w, https:\/\/www.alevcamcioglu.com\/wp-content\/uploads\/2024\/11\/rinoplastika-pre-posle-fotografija-u-turskoj-19-640x800.jpg 640w, https:\/\/www.alevcamcioglu.com\/wp-content\/uploads\/2024\/11\/rinoplastika-pre-posle-fotografija-u-turskoj-19-768x960.jpg 768w, https:\/\/www.alevcamcioglu.com\/wp-content\/uploads\/2024\/11\/rinoplastika-pre-posle-fotografija-u-turskoj-19.jpg 1000w\" sizes=\"(max-width: 320px) 100vw, 320px\" title=\"\">                                                              <\/div>\n              <div class=\"box-text text-left\" >\n                 <p><\/p>\n              <\/div>\n            <\/div>\n            <\/a>          <\/div>\n         <\/div><div class=\"gallery-col col\" >\n          <div class=\"col-inner\">\n            <a class=\"image-lightbox lightbox-gallery\" href=\"https:\/\/www.alevcamcioglu.com\/wp-content\/uploads\/2024\/11\/rinoplastika-pre-posle-fotografija-u-turskoj-20.jpg\" title=\"\">            <div class=\"box has-hover gallery-box box-normal\">\n              <div class=\"box-image\" >\n                <img decoding=\"async\" width=\"320\" height=\"400\" src=\"https:\/\/www.alevcamcioglu.com\/wp-content\/uploads\/2024\/11\/rinoplastika-pre-posle-fotografija-u-turskoj-20-320x400.jpg\" class=\"attachment-medium size-medium\" alt=\"\" ids=\"9479,9485,9491,9497,9503,9509,9515,9521,9527,9533,9539,9545,9551,9557,9563,9569,9575,9581,9587,9593,9599,9605,9611,9617,9623,9629,9635,9641,9647,9653,9659,9665,9671,9677,9683,9689,9695,9701,9707,9713,9719,9725,9731,9737\" style=\"normal\" lightbox_image_size=\"2048x2048\" type=\"slider\" slider_nav_style=\"circle\" slider_nav_position=\"outside\" srcset=\"https:\/\/www.alevcamcioglu.com\/wp-content\/uploads\/2024\/11\/rinoplastika-pre-posle-fotografija-u-turskoj-20-320x400.jpg 320w, https:\/\/www.alevcamcioglu.com\/wp-content\/uploads\/2024\/11\/rinoplastika-pre-posle-fotografija-u-turskoj-20-639x800.jpg 639w, https:\/\/www.alevcamcioglu.com\/wp-content\/uploads\/2024\/11\/rinoplastika-pre-posle-fotografija-u-turskoj-20-768x961.jpg 768w, https:\/\/www.alevcamcioglu.com\/wp-content\/uploads\/2024\/11\/rinoplastika-pre-posle-fotografija-u-turskoj-20.jpg 999w\" sizes=\"(max-width: 320px) 100vw, 320px\" title=\"\">                                                              <\/div>\n              <div class=\"box-text text-left\" >\n                 <p><\/p>\n              <\/div>\n            <\/div>\n            <\/a>          <\/div>\n         <\/div><div class=\"gallery-col col\" >\n          <div class=\"col-inner\">\n            <a class=\"image-lightbox lightbox-gallery\" href=\"https:\/\/www.alevcamcioglu.com\/wp-content\/uploads\/2024\/11\/rinoplastika-pre-posle-fotografija-u-turskoj-21.jpg\" title=\"\">            <div class=\"box has-hover gallery-box box-normal\">\n              <div class=\"box-image\" >\n                <img decoding=\"async\" width=\"320\" height=\"400\" src=\"https:\/\/www.alevcamcioglu.com\/wp-content\/uploads\/2024\/11\/rinoplastika-pre-posle-fotografija-u-turskoj-21-320x400.jpg\" class=\"attachment-medium size-medium\" alt=\"\" ids=\"9479,9485,9491,9497,9503,9509,9515,9521,9527,9533,9539,9545,9551,9557,9563,9569,9575,9581,9587,9593,9599,9605,9611,9617,9623,9629,9635,9641,9647,9653,9659,9665,9671,9677,9683,9689,9695,9701,9707,9713,9719,9725,9731,9737\" style=\"normal\" lightbox_image_size=\"2048x2048\" type=\"slider\" slider_nav_style=\"circle\" slider_nav_position=\"outside\" srcset=\"https:\/\/www.alevcamcioglu.com\/wp-content\/uploads\/2024\/11\/rinoplastika-pre-posle-fotografija-u-turskoj-21-320x400.jpg 320w, https:\/\/www.alevcamcioglu.com\/wp-content\/uploads\/2024\/11\/rinoplastika-pre-posle-fotografija-u-turskoj-21-640x800.jpg 640w, https:\/\/www.alevcamcioglu.com\/wp-content\/uploads\/2024\/11\/rinoplastika-pre-posle-fotografija-u-turskoj-21-768x960.jpg 768w, https:\/\/www.alevcamcioglu.com\/wp-content\/uploads\/2024\/11\/rinoplastika-pre-posle-fotografija-u-turskoj-21.jpg 1000w\" sizes=\"(max-width: 320px) 100vw, 320px\" title=\"\">                                                              <\/div>\n              <div class=\"box-text text-left\" >\n                 <p><\/p>\n              <\/div>\n            <\/div>\n            <\/a>          <\/div>\n         <\/div><div class=\"gallery-col col\" >\n          <div class=\"col-inner\">\n            <a class=\"image-lightbox lightbox-gallery\" href=\"https:\/\/www.alevcamcioglu.com\/wp-content\/uploads\/2024\/11\/rinoplastika-pre-posle-fotografija-u-turskoj-22.jpg\" title=\"\">            <div class=\"box has-hover gallery-box box-normal\">\n              <div class=\"box-image\" >\n                <img decoding=\"async\" width=\"320\" height=\"400\" src=\"https:\/\/www.alevcamcioglu.com\/wp-content\/uploads\/2024\/11\/rinoplastika-pre-posle-fotografija-u-turskoj-22-320x400.jpg\" class=\"attachment-medium size-medium\" alt=\"\" ids=\"9479,9485,9491,9497,9503,9509,9515,9521,9527,9533,9539,9545,9551,9557,9563,9569,9575,9581,9587,9593,9599,9605,9611,9617,9623,9629,9635,9641,9647,9653,9659,9665,9671,9677,9683,9689,9695,9701,9707,9713,9719,9725,9731,9737\" style=\"normal\" lightbox_image_size=\"2048x2048\" type=\"slider\" slider_nav_style=\"circle\" slider_nav_position=\"outside\" srcset=\"https:\/\/www.alevcamcioglu.com\/wp-content\/uploads\/2024\/11\/rinoplastika-pre-posle-fotografija-u-turskoj-22-320x400.jpg 320w, https:\/\/www.alevcamcioglu.com\/wp-content\/uploads\/2024\/11\/rinoplastika-pre-posle-fotografija-u-turskoj-22-640x800.jpg 640w, https:\/\/www.alevcamcioglu.com\/wp-content\/uploads\/2024\/11\/rinoplastika-pre-posle-fotografija-u-turskoj-22-768x960.jpg 768w, https:\/\/www.alevcamcioglu.com\/wp-content\/uploads\/2024\/11\/rinoplastika-pre-posle-fotografija-u-turskoj-22.jpg 1000w\" sizes=\"(max-width: 320px) 100vw, 320px\" title=\"\">                                                              <\/div>\n              <div class=\"box-text text-left\" >\n                 <p><\/p>\n              <\/div>\n            <\/div>\n            <\/a>          <\/div>\n         <\/div><div class=\"gallery-col col\" >\n          <div class=\"col-inner\">\n            <a class=\"image-lightbox lightbox-gallery\" href=\"https:\/\/www.alevcamcioglu.com\/wp-content\/uploads\/2024\/11\/rinoplastika-pre-posle-fotografija-u-turskoj-23.jpg\" title=\"\">            <div class=\"box has-hover gallery-box box-normal\">\n              <div class=\"box-image\" >\n                <img decoding=\"async\" width=\"320\" height=\"400\" src=\"https:\/\/www.alevcamcioglu.com\/wp-content\/uploads\/2024\/11\/rinoplastika-pre-posle-fotografija-u-turskoj-23-320x400.jpg\" class=\"attachment-medium size-medium\" alt=\"\" ids=\"9479,9485,9491,9497,9503,9509,9515,9521,9527,9533,9539,9545,9551,9557,9563,9569,9575,9581,9587,9593,9599,9605,9611,9617,9623,9629,9635,9641,9647,9653,9659,9665,9671,9677,9683,9689,9695,9701,9707,9713,9719,9725,9731,9737\" style=\"normal\" lightbox_image_size=\"2048x2048\" type=\"slider\" slider_nav_style=\"circle\" slider_nav_position=\"outside\" srcset=\"https:\/\/www.alevcamcioglu.com\/wp-content\/uploads\/2024\/11\/rinoplastika-pre-posle-fotografija-u-turskoj-23-320x400.jpg 320w, https:\/\/www.alevcamcioglu.com\/wp-content\/uploads\/2024\/11\/rinoplastika-pre-posle-fotografija-u-turskoj-23-640x800.jpg 640w, https:\/\/www.alevcamcioglu.com\/wp-content\/uploads\/2024\/11\/rinoplastika-pre-posle-fotografija-u-turskoj-23-768x960.jpg 768w, https:\/\/www.alevcamcioglu.com\/wp-content\/uploads\/2024\/11\/rinoplastika-pre-posle-fotografija-u-turskoj-23.jpg 1000w\" sizes=\"(max-width: 320px) 100vw, 320px\" title=\"\">                                                              <\/div>\n              <div class=\"box-text text-left\" >\n                 <p><\/p>\n              <\/div>\n            <\/div>\n            <\/a>          <\/div>\n         <\/div><div class=\"gallery-col col\" >\n          <div class=\"col-inner\">\n            <a class=\"image-lightbox lightbox-gallery\" href=\"https:\/\/www.alevcamcioglu.com\/wp-content\/uploads\/2024\/11\/rinoplastika-pre-posle-fotografija-u-turskoj-24.jpg\" title=\"\">            <div class=\"box has-hover gallery-box box-normal\">\n              <div class=\"box-image\" >\n                <img decoding=\"async\" width=\"320\" height=\"400\" src=\"https:\/\/www.alevcamcioglu.com\/wp-content\/uploads\/2024\/11\/rinoplastika-pre-posle-fotografija-u-turskoj-24-320x400.jpg\" class=\"attachment-medium size-medium\" alt=\"\" ids=\"9479,9485,9491,9497,9503,9509,9515,9521,9527,9533,9539,9545,9551,9557,9563,9569,9575,9581,9587,9593,9599,9605,9611,9617,9623,9629,9635,9641,9647,9653,9659,9665,9671,9677,9683,9689,9695,9701,9707,9713,9719,9725,9731,9737\" style=\"normal\" lightbox_image_size=\"2048x2048\" type=\"slider\" slider_nav_style=\"circle\" slider_nav_position=\"outside\" srcset=\"https:\/\/www.alevcamcioglu.com\/wp-content\/uploads\/2024\/11\/rinoplastika-pre-posle-fotografija-u-turskoj-24-320x400.jpg 320w, https:\/\/www.alevcamcioglu.com\/wp-content\/uploads\/2024\/11\/rinoplastika-pre-posle-fotografija-u-turskoj-24-640x800.jpg 640w, https:\/\/www.alevcamcioglu.com\/wp-content\/uploads\/2024\/11\/rinoplastika-pre-posle-fotografija-u-turskoj-24-768x960.jpg 768w, https:\/\/www.alevcamcioglu.com\/wp-content\/uploads\/2024\/11\/rinoplastika-pre-posle-fotografija-u-turskoj-24.jpg 1000w\" sizes=\"(max-width: 320px) 100vw, 320px\" title=\"\">                                                              <\/div>\n              <div class=\"box-text text-left\" >\n                 <p><\/p>\n              <\/div>\n            <\/div>\n            <\/a>          <\/div>\n         <\/div><div class=\"gallery-col col\" >\n          <div class=\"col-inner\">\n            <a class=\"image-lightbox lightbox-gallery\" href=\"https:\/\/www.alevcamcioglu.com\/wp-content\/uploads\/2024\/11\/rinoplastika-pre-posle-fotografija-u-turskoj-25.jpg\" title=\"\">            <div class=\"box has-hover gallery-box box-normal\">\n              <div class=\"box-image\" >\n                <img decoding=\"async\" width=\"320\" height=\"400\" src=\"https:\/\/www.alevcamcioglu.com\/wp-content\/uploads\/2024\/11\/rinoplastika-pre-posle-fotografija-u-turskoj-25-320x400.jpg\" class=\"attachment-medium size-medium\" alt=\"\" ids=\"9479,9485,9491,9497,9503,9509,9515,9521,9527,9533,9539,9545,9551,9557,9563,9569,9575,9581,9587,9593,9599,9605,9611,9617,9623,9629,9635,9641,9647,9653,9659,9665,9671,9677,9683,9689,9695,9701,9707,9713,9719,9725,9731,9737\" style=\"normal\" lightbox_image_size=\"2048x2048\" type=\"slider\" slider_nav_style=\"circle\" slider_nav_position=\"outside\" srcset=\"https:\/\/www.alevcamcioglu.com\/wp-content\/uploads\/2024\/11\/rinoplastika-pre-posle-fotografija-u-turskoj-25-320x400.jpg 320w, https:\/\/www.alevcamcioglu.com\/wp-content\/uploads\/2024\/11\/rinoplastika-pre-posle-fotografija-u-turskoj-25-640x800.jpg 640w, https:\/\/www.alevcamcioglu.com\/wp-content\/uploads\/2024\/11\/rinoplastika-pre-posle-fotografija-u-turskoj-25-768x960.jpg 768w, https:\/\/www.alevcamcioglu.com\/wp-content\/uploads\/2024\/11\/rinoplastika-pre-posle-fotografija-u-turskoj-25.jpg 1000w\" sizes=\"(max-width: 320px) 100vw, 320px\" title=\"\">                                                              <\/div>\n              <div class=\"box-text text-left\" >\n                 <p><\/p>\n              <\/div>\n            <\/div>\n            <\/a>          <\/div>\n         <\/div><div class=\"gallery-col col\" >\n          <div class=\"col-inner\">\n            <a class=\"image-lightbox lightbox-gallery\" href=\"https:\/\/www.alevcamcioglu.com\/wp-content\/uploads\/2024\/11\/rinoplastika-pre-posle-fotografija-u-turskoj-26.jpg\" title=\"\">            <div class=\"box has-hover gallery-box box-normal\">\n              <div class=\"box-image\" >\n                <img decoding=\"async\" width=\"320\" height=\"400\" src=\"https:\/\/www.alevcamcioglu.com\/wp-content\/uploads\/2024\/11\/rinoplastika-pre-posle-fotografija-u-turskoj-26-320x400.jpg\" class=\"attachment-medium size-medium\" alt=\"\" ids=\"9479,9485,9491,9497,9503,9509,9515,9521,9527,9533,9539,9545,9551,9557,9563,9569,9575,9581,9587,9593,9599,9605,9611,9617,9623,9629,9635,9641,9647,9653,9659,9665,9671,9677,9683,9689,9695,9701,9707,9713,9719,9725,9731,9737\" style=\"normal\" lightbox_image_size=\"2048x2048\" type=\"slider\" slider_nav_style=\"circle\" slider_nav_position=\"outside\" srcset=\"https:\/\/www.alevcamcioglu.com\/wp-content\/uploads\/2024\/11\/rinoplastika-pre-posle-fotografija-u-turskoj-26-320x400.jpg 320w, https:\/\/www.alevcamcioglu.com\/wp-content\/uploads\/2024\/11\/rinoplastika-pre-posle-fotografija-u-turskoj-26-640x800.jpg 640w, https:\/\/www.alevcamcioglu.com\/wp-content\/uploads\/2024\/11\/rinoplastika-pre-posle-fotografija-u-turskoj-26-768x960.jpg 768w, https:\/\/www.alevcamcioglu.com\/wp-content\/uploads\/2024\/11\/rinoplastika-pre-posle-fotografija-u-turskoj-26.jpg 1000w\" sizes=\"(max-width: 320px) 100vw, 320px\" title=\"\">                                                              <\/div>\n              <div class=\"box-text text-left\" >\n                 <p><\/p>\n              <\/div>\n            <\/div>\n            <\/a>          <\/div>\n         <\/div><div class=\"gallery-col col\" >\n          <div class=\"col-inner\">\n            <a class=\"image-lightbox lightbox-gallery\" href=\"https:\/\/www.alevcamcioglu.com\/wp-content\/uploads\/2024\/11\/rinoplastika-pre-posle-fotografija-u-turskoj-27.jpg\" title=\"\">            <div class=\"box has-hover gallery-box box-normal\">\n              <div class=\"box-image\" >\n                <img decoding=\"async\" width=\"320\" height=\"400\" src=\"https:\/\/www.alevcamcioglu.com\/wp-content\/uploads\/2024\/11\/rinoplastika-pre-posle-fotografija-u-turskoj-27-320x400.jpg\" class=\"attachment-medium size-medium\" alt=\"\" ids=\"9479,9485,9491,9497,9503,9509,9515,9521,9527,9533,9539,9545,9551,9557,9563,9569,9575,9581,9587,9593,9599,9605,9611,9617,9623,9629,9635,9641,9647,9653,9659,9665,9671,9677,9683,9689,9695,9701,9707,9713,9719,9725,9731,9737\" style=\"normal\" lightbox_image_size=\"2048x2048\" type=\"slider\" slider_nav_style=\"circle\" slider_nav_position=\"outside\" srcset=\"https:\/\/www.alevcamcioglu.com\/wp-content\/uploads\/2024\/11\/rinoplastika-pre-posle-fotografija-u-turskoj-27-320x400.jpg 320w, https:\/\/www.alevcamcioglu.com\/wp-content\/uploads\/2024\/11\/rinoplastika-pre-posle-fotografija-u-turskoj-27-640x800.jpg 640w, https:\/\/www.alevcamcioglu.com\/wp-content\/uploads\/2024\/11\/rinoplastika-pre-posle-fotografija-u-turskoj-27-768x960.jpg 768w, https:\/\/www.alevcamcioglu.com\/wp-content\/uploads\/2024\/11\/rinoplastika-pre-posle-fotografija-u-turskoj-27.jpg 1000w\" sizes=\"(max-width: 320px) 100vw, 320px\" title=\"\">                                                              <\/div>\n              <div class=\"box-text text-left\" >\n                 <p><\/p>\n              <\/div>\n            <\/div>\n            <\/a>          <\/div>\n         <\/div><div class=\"gallery-col col\" >\n          <div class=\"col-inner\">\n            <a class=\"image-lightbox lightbox-gallery\" href=\"https:\/\/www.alevcamcioglu.com\/wp-content\/uploads\/2024\/11\/rinoplastika-pre-posle-fotografija-u-turskoj-28.jpg\" title=\"\">            <div class=\"box has-hover gallery-box box-normal\">\n              <div class=\"box-image\" >\n                <img decoding=\"async\" width=\"320\" height=\"400\" src=\"https:\/\/www.alevcamcioglu.com\/wp-content\/uploads\/2024\/11\/rinoplastika-pre-posle-fotografija-u-turskoj-28-320x400.jpg\" class=\"attachment-medium size-medium\" alt=\"\" ids=\"9479,9485,9491,9497,9503,9509,9515,9521,9527,9533,9539,9545,9551,9557,9563,9569,9575,9581,9587,9593,9599,9605,9611,9617,9623,9629,9635,9641,9647,9653,9659,9665,9671,9677,9683,9689,9695,9701,9707,9713,9719,9725,9731,9737\" style=\"normal\" lightbox_image_size=\"2048x2048\" type=\"slider\" slider_nav_style=\"circle\" slider_nav_position=\"outside\" srcset=\"https:\/\/www.alevcamcioglu.com\/wp-content\/uploads\/2024\/11\/rinoplastika-pre-posle-fotografija-u-turskoj-28-320x400.jpg 320w, https:\/\/www.alevcamcioglu.com\/wp-content\/uploads\/2024\/11\/rinoplastika-pre-posle-fotografija-u-turskoj-28-640x800.jpg 640w, https:\/\/www.alevcamcioglu.com\/wp-content\/uploads\/2024\/11\/rinoplastika-pre-posle-fotografija-u-turskoj-28-768x960.jpg 768w, https:\/\/www.alevcamcioglu.com\/wp-content\/uploads\/2024\/11\/rinoplastika-pre-posle-fotografija-u-turskoj-28.jpg 1000w\" sizes=\"(max-width: 320px) 100vw, 320px\" title=\"\">                                                              <\/div>\n              <div class=\"box-text text-left\" >\n                 <p><\/p>\n              <\/div>\n            <\/div>\n            <\/a>          <\/div>\n         <\/div><div class=\"gallery-col col\" >\n          <div class=\"col-inner\">\n            <a class=\"image-lightbox lightbox-gallery\" href=\"https:\/\/www.alevcamcioglu.com\/wp-content\/uploads\/2024\/11\/rinoplastika-pre-posle-fotografija-u-turskoj-29.jpg\" title=\"\">            <div class=\"box has-hover gallery-box box-normal\">\n              <div class=\"box-image\" >\n                <img decoding=\"async\" width=\"320\" height=\"400\" src=\"https:\/\/www.alevcamcioglu.com\/wp-content\/uploads\/2024\/11\/rinoplastika-pre-posle-fotografija-u-turskoj-29-320x400.jpg\" class=\"attachment-medium size-medium\" alt=\"\" ids=\"9479,9485,9491,9497,9503,9509,9515,9521,9527,9533,9539,9545,9551,9557,9563,9569,9575,9581,9587,9593,9599,9605,9611,9617,9623,9629,9635,9641,9647,9653,9659,9665,9671,9677,9683,9689,9695,9701,9707,9713,9719,9725,9731,9737\" style=\"normal\" lightbox_image_size=\"2048x2048\" type=\"slider\" slider_nav_style=\"circle\" slider_nav_position=\"outside\" srcset=\"https:\/\/www.alevcamcioglu.com\/wp-content\/uploads\/2024\/11\/rinoplastika-pre-posle-fotografija-u-turskoj-29-320x400.jpg 320w, https:\/\/www.alevcamcioglu.com\/wp-content\/uploads\/2024\/11\/rinoplastika-pre-posle-fotografija-u-turskoj-29-640x800.jpg 640w, https:\/\/www.alevcamcioglu.com\/wp-content\/uploads\/2024\/11\/rinoplastika-pre-posle-fotografija-u-turskoj-29-768x960.jpg 768w, https:\/\/www.alevcamcioglu.com\/wp-content\/uploads\/2024\/11\/rinoplastika-pre-posle-fotografija-u-turskoj-29.jpg 1000w\" sizes=\"(max-width: 320px) 100vw, 320px\" title=\"\">                                                              <\/div>\n              <div class=\"box-text text-left\" >\n                 <p><\/p>\n              <\/div>\n            <\/div>\n            <\/a>          <\/div>\n         <\/div><div class=\"gallery-col col\" >\n          <div class=\"col-inner\">\n            <a class=\"image-lightbox lightbox-gallery\" href=\"https:\/\/www.alevcamcioglu.com\/wp-content\/uploads\/2024\/11\/rinoplastika-pre-posle-fotografija-u-turskoj-30.jpg\" title=\"\">            <div class=\"box has-hover gallery-box box-normal\">\n              <div class=\"box-image\" >\n                <img decoding=\"async\" width=\"320\" height=\"400\" src=\"https:\/\/www.alevcamcioglu.com\/wp-content\/uploads\/2024\/11\/rinoplastika-pre-posle-fotografija-u-turskoj-30-320x400.jpg\" class=\"attachment-medium size-medium\" alt=\"\" ids=\"9479,9485,9491,9497,9503,9509,9515,9521,9527,9533,9539,9545,9551,9557,9563,9569,9575,9581,9587,9593,9599,9605,9611,9617,9623,9629,9635,9641,9647,9653,9659,9665,9671,9677,9683,9689,9695,9701,9707,9713,9719,9725,9731,9737\" style=\"normal\" lightbox_image_size=\"2048x2048\" type=\"slider\" slider_nav_style=\"circle\" slider_nav_position=\"outside\" srcset=\"https:\/\/www.alevcamcioglu.com\/wp-content\/uploads\/2024\/11\/rinoplastika-pre-posle-fotografija-u-turskoj-30-320x400.jpg 320w, https:\/\/www.alevcamcioglu.com\/wp-content\/uploads\/2024\/11\/rinoplastika-pre-posle-fotografija-u-turskoj-30-640x800.jpg 640w, https:\/\/www.alevcamcioglu.com\/wp-content\/uploads\/2024\/11\/rinoplastika-pre-posle-fotografija-u-turskoj-30-768x960.jpg 768w, https:\/\/www.alevcamcioglu.com\/wp-content\/uploads\/2024\/11\/rinoplastika-pre-posle-fotografija-u-turskoj-30.jpg 1200w\" sizes=\"(max-width: 320px) 100vw, 320px\" title=\"\">                                                              <\/div>\n              <div class=\"box-text text-left\" >\n                 <p><\/p>\n              <\/div>\n            <\/div>\n            <\/a>          <\/div>\n         <\/div><div class=\"gallery-col col\" >\n          <div class=\"col-inner\">\n            <a class=\"image-lightbox lightbox-gallery\" href=\"https:\/\/www.alevcamcioglu.com\/wp-content\/uploads\/2024\/11\/rinoplastika-pre-posle-fotografija-u-turskoj-31.jpg\" title=\"\">            <div class=\"box has-hover gallery-box box-normal\">\n              <div class=\"box-image\" >\n                <img decoding=\"async\" width=\"320\" height=\"400\" src=\"https:\/\/www.alevcamcioglu.com\/wp-content\/uploads\/2024\/11\/rinoplastika-pre-posle-fotografija-u-turskoj-31-320x400.jpg\" class=\"attachment-medium size-medium\" alt=\"\" ids=\"9479,9485,9491,9497,9503,9509,9515,9521,9527,9533,9539,9545,9551,9557,9563,9569,9575,9581,9587,9593,9599,9605,9611,9617,9623,9629,9635,9641,9647,9653,9659,9665,9671,9677,9683,9689,9695,9701,9707,9713,9719,9725,9731,9737\" style=\"normal\" lightbox_image_size=\"2048x2048\" type=\"slider\" slider_nav_style=\"circle\" slider_nav_position=\"outside\" srcset=\"https:\/\/www.alevcamcioglu.com\/wp-content\/uploads\/2024\/11\/rinoplastika-pre-posle-fotografija-u-turskoj-31-320x400.jpg 320w, https:\/\/www.alevcamcioglu.com\/wp-content\/uploads\/2024\/11\/rinoplastika-pre-posle-fotografija-u-turskoj-31-640x800.jpg 640w, https:\/\/www.alevcamcioglu.com\/wp-content\/uploads\/2024\/11\/rinoplastika-pre-posle-fotografija-u-turskoj-31-768x960.jpg 768w, https:\/\/www.alevcamcioglu.com\/wp-content\/uploads\/2024\/11\/rinoplastika-pre-posle-fotografija-u-turskoj-31.jpg 1000w\" sizes=\"(max-width: 320px) 100vw, 320px\" title=\"\">                                                              <\/div>\n              <div class=\"box-text text-left\" >\n                 <p><\/p>\n              <\/div>\n            <\/div>\n            <\/a>          <\/div>\n         <\/div><div class=\"gallery-col col\" >\n          <div class=\"col-inner\">\n            <a class=\"image-lightbox lightbox-gallery\" href=\"https:\/\/www.alevcamcioglu.com\/wp-content\/uploads\/2024\/11\/rinoplastika-pre-posle-fotografija-u-turskoj-32.jpg\" title=\"\">            <div class=\"box has-hover gallery-box box-normal\">\n              <div class=\"box-image\" >\n                <img decoding=\"async\" width=\"320\" height=\"400\" src=\"https:\/\/www.alevcamcioglu.com\/wp-content\/uploads\/2024\/11\/rinoplastika-pre-posle-fotografija-u-turskoj-32-320x400.jpg\" class=\"attachment-medium size-medium\" alt=\"\" ids=\"9479,9485,9491,9497,9503,9509,9515,9521,9527,9533,9539,9545,9551,9557,9563,9569,9575,9581,9587,9593,9599,9605,9611,9617,9623,9629,9635,9641,9647,9653,9659,9665,9671,9677,9683,9689,9695,9701,9707,9713,9719,9725,9731,9737\" style=\"normal\" lightbox_image_size=\"2048x2048\" type=\"slider\" slider_nav_style=\"circle\" slider_nav_position=\"outside\" srcset=\"https:\/\/www.alevcamcioglu.com\/wp-content\/uploads\/2024\/11\/rinoplastika-pre-posle-fotografija-u-turskoj-32-320x400.jpg 320w, https:\/\/www.alevcamcioglu.com\/wp-content\/uploads\/2024\/11\/rinoplastika-pre-posle-fotografija-u-turskoj-32-640x800.jpg 640w, https:\/\/www.alevcamcioglu.com\/wp-content\/uploads\/2024\/11\/rinoplastika-pre-posle-fotografija-u-turskoj-32-768x960.jpg 768w, https:\/\/www.alevcamcioglu.com\/wp-content\/uploads\/2024\/11\/rinoplastika-pre-posle-fotografija-u-turskoj-32.jpg 1000w\" sizes=\"(max-width: 320px) 100vw, 320px\" title=\"\">                                                              <\/div>\n              <div class=\"box-text text-left\" >\n                 <p><\/p>\n              <\/div>\n            <\/div>\n            <\/a>          <\/div>\n         <\/div><div class=\"gallery-col col\" >\n          <div class=\"col-inner\">\n            <a class=\"image-lightbox lightbox-gallery\" href=\"https:\/\/www.alevcamcioglu.com\/wp-content\/uploads\/2024\/11\/rinoplastika-pre-posle-fotografija-u-turskoj-33.jpg\" title=\"\">            <div class=\"box has-hover gallery-box box-normal\">\n              <div class=\"box-image\" >\n                <img decoding=\"async\" width=\"320\" height=\"400\" src=\"https:\/\/www.alevcamcioglu.com\/wp-content\/uploads\/2024\/11\/rinoplastika-pre-posle-fotografija-u-turskoj-33-320x400.jpg\" class=\"attachment-medium size-medium\" alt=\"\" ids=\"9479,9485,9491,9497,9503,9509,9515,9521,9527,9533,9539,9545,9551,9557,9563,9569,9575,9581,9587,9593,9599,9605,9611,9617,9623,9629,9635,9641,9647,9653,9659,9665,9671,9677,9683,9689,9695,9701,9707,9713,9719,9725,9731,9737\" style=\"normal\" lightbox_image_size=\"2048x2048\" type=\"slider\" slider_nav_style=\"circle\" slider_nav_position=\"outside\" srcset=\"https:\/\/www.alevcamcioglu.com\/wp-content\/uploads\/2024\/11\/rinoplastika-pre-posle-fotografija-u-turskoj-33-320x400.jpg 320w, https:\/\/www.alevcamcioglu.com\/wp-content\/uploads\/2024\/11\/rinoplastika-pre-posle-fotografija-u-turskoj-33-640x800.jpg 640w, https:\/\/www.alevcamcioglu.com\/wp-content\/uploads\/2024\/11\/rinoplastika-pre-posle-fotografija-u-turskoj-33-768x960.jpg 768w, https:\/\/www.alevcamcioglu.com\/wp-content\/uploads\/2024\/11\/rinoplastika-pre-posle-fotografija-u-turskoj-33.jpg 1000w\" sizes=\"(max-width: 320px) 100vw, 320px\" title=\"\">                                                              <\/div>\n              <div class=\"box-text text-left\" >\n                 <p><\/p>\n              <\/div>\n            <\/div>\n            <\/a>          <\/div>\n         <\/div><div class=\"gallery-col col\" >\n          <div class=\"col-inner\">\n            <a class=\"image-lightbox lightbox-gallery\" href=\"https:\/\/www.alevcamcioglu.com\/wp-content\/uploads\/2024\/11\/rinoplastika-pre-posle-fotografija-u-turskoj-34.jpg\" title=\"\">            <div class=\"box has-hover gallery-box box-normal\">\n              <div class=\"box-image\" >\n                <img decoding=\"async\" width=\"320\" height=\"400\" src=\"https:\/\/www.alevcamcioglu.com\/wp-content\/uploads\/2024\/11\/rinoplastika-pre-posle-fotografija-u-turskoj-34-320x400.jpg\" class=\"attachment-medium size-medium\" alt=\"\" ids=\"9479,9485,9491,9497,9503,9509,9515,9521,9527,9533,9539,9545,9551,9557,9563,9569,9575,9581,9587,9593,9599,9605,9611,9617,9623,9629,9635,9641,9647,9653,9659,9665,9671,9677,9683,9689,9695,9701,9707,9713,9719,9725,9731,9737\" style=\"normal\" lightbox_image_size=\"2048x2048\" type=\"slider\" slider_nav_style=\"circle\" slider_nav_position=\"outside\" srcset=\"https:\/\/www.alevcamcioglu.com\/wp-content\/uploads\/2024\/11\/rinoplastika-pre-posle-fotografija-u-turskoj-34-320x400.jpg 320w, https:\/\/www.alevcamcioglu.com\/wp-content\/uploads\/2024\/11\/rinoplastika-pre-posle-fotografija-u-turskoj-34-640x800.jpg 640w, https:\/\/www.alevcamcioglu.com\/wp-content\/uploads\/2024\/11\/rinoplastika-pre-posle-fotografija-u-turskoj-34-768x960.jpg 768w, https:\/\/www.alevcamcioglu.com\/wp-content\/uploads\/2024\/11\/rinoplastika-pre-posle-fotografija-u-turskoj-34.jpg 1000w\" sizes=\"(max-width: 320px) 100vw, 320px\" title=\"\">                                                              <\/div>\n              <div class=\"box-text text-left\" >\n                 <p><\/p>\n              <\/div>\n            <\/div>\n            <\/a>          <\/div>\n         <\/div><div class=\"gallery-col col\" >\n          <div class=\"col-inner\">\n            <a class=\"image-lightbox lightbox-gallery\" href=\"https:\/\/www.alevcamcioglu.com\/wp-content\/uploads\/2024\/11\/rinoplastika-pre-posle-fotografija-u-turskoj-35.jpg\" title=\"\">            <div class=\"box has-hover gallery-box box-normal\">\n              <div class=\"box-image\" >\n                <img decoding=\"async\" width=\"320\" height=\"400\" src=\"https:\/\/www.alevcamcioglu.com\/wp-content\/uploads\/2024\/11\/rinoplastika-pre-posle-fotografija-u-turskoj-35-320x400.jpg\" class=\"attachment-medium size-medium\" alt=\"\" ids=\"9479,9485,9491,9497,9503,9509,9515,9521,9527,9533,9539,9545,9551,9557,9563,9569,9575,9581,9587,9593,9599,9605,9611,9617,9623,9629,9635,9641,9647,9653,9659,9665,9671,9677,9683,9689,9695,9701,9707,9713,9719,9725,9731,9737\" style=\"normal\" lightbox_image_size=\"2048x2048\" type=\"slider\" slider_nav_style=\"circle\" slider_nav_position=\"outside\" srcset=\"https:\/\/www.alevcamcioglu.com\/wp-content\/uploads\/2024\/11\/rinoplastika-pre-posle-fotografija-u-turskoj-35-320x400.jpg 320w, https:\/\/www.alevcamcioglu.com\/wp-content\/uploads\/2024\/11\/rinoplastika-pre-posle-fotografija-u-turskoj-35-640x800.jpg 640w, https:\/\/www.alevcamcioglu.com\/wp-content\/uploads\/2024\/11\/rinoplastika-pre-posle-fotografija-u-turskoj-35-768x960.jpg 768w, https:\/\/www.alevcamcioglu.com\/wp-content\/uploads\/2024\/11\/rinoplastika-pre-posle-fotografija-u-turskoj-35.jpg 1000w\" sizes=\"(max-width: 320px) 100vw, 320px\" title=\"\">                                                              <\/div>\n              <div class=\"box-text text-left\" >\n                 <p><\/p>\n              <\/div>\n            <\/div>\n            <\/a>          <\/div>\n         <\/div><div class=\"gallery-col col\" >\n          <div class=\"col-inner\">\n            <a class=\"image-lightbox lightbox-gallery\" href=\"https:\/\/www.alevcamcioglu.com\/wp-content\/uploads\/2024\/11\/rinoplastika-pre-posle-fotografija-u-turskoj-36.jpg\" title=\"\">            <div class=\"box has-hover gallery-box box-normal\">\n              <div class=\"box-image\" >\n                <img decoding=\"async\" width=\"320\" height=\"400\" src=\"https:\/\/www.alevcamcioglu.com\/wp-content\/uploads\/2024\/11\/rinoplastika-pre-posle-fotografija-u-turskoj-36-320x400.jpg\" class=\"attachment-medium size-medium\" alt=\"\" ids=\"9479,9485,9491,9497,9503,9509,9515,9521,9527,9533,9539,9545,9551,9557,9563,9569,9575,9581,9587,9593,9599,9605,9611,9617,9623,9629,9635,9641,9647,9653,9659,9665,9671,9677,9683,9689,9695,9701,9707,9713,9719,9725,9731,9737\" style=\"normal\" lightbox_image_size=\"2048x2048\" type=\"slider\" slider_nav_style=\"circle\" slider_nav_position=\"outside\" srcset=\"https:\/\/www.alevcamcioglu.com\/wp-content\/uploads\/2024\/11\/rinoplastika-pre-posle-fotografija-u-turskoj-36-320x400.jpg 320w, https:\/\/www.alevcamcioglu.com\/wp-content\/uploads\/2024\/11\/rinoplastika-pre-posle-fotografija-u-turskoj-36-640x800.jpg 640w, https:\/\/www.alevcamcioglu.com\/wp-content\/uploads\/2024\/11\/rinoplastika-pre-posle-fotografija-u-turskoj-36-768x960.jpg 768w, https:\/\/www.alevcamcioglu.com\/wp-content\/uploads\/2024\/11\/rinoplastika-pre-posle-fotografija-u-turskoj-36.jpg 1200w\" sizes=\"(max-width: 320px) 100vw, 320px\" title=\"\">                                                              <\/div>\n              <div class=\"box-text text-left\" >\n                 <p><\/p>\n              <\/div>\n            <\/div>\n            <\/a>          <\/div>\n         <\/div><div class=\"gallery-col col\" >\n          <div class=\"col-inner\">\n            <a class=\"image-lightbox lightbox-gallery\" href=\"https:\/\/www.alevcamcioglu.com\/wp-content\/uploads\/2024\/11\/rinoplastika-pre-posle-fotografija-u-turskoj-37.jpg\" title=\"\">            <div class=\"box has-hover gallery-box box-normal\">\n              <div class=\"box-image\" >\n                <img decoding=\"async\" width=\"320\" height=\"400\" src=\"https:\/\/www.alevcamcioglu.com\/wp-content\/uploads\/2024\/11\/rinoplastika-pre-posle-fotografija-u-turskoj-37-320x400.jpg\" class=\"attachment-medium size-medium\" alt=\"\" ids=\"9479,9485,9491,9497,9503,9509,9515,9521,9527,9533,9539,9545,9551,9557,9563,9569,9575,9581,9587,9593,9599,9605,9611,9617,9623,9629,9635,9641,9647,9653,9659,9665,9671,9677,9683,9689,9695,9701,9707,9713,9719,9725,9731,9737\" style=\"normal\" lightbox_image_size=\"2048x2048\" type=\"slider\" slider_nav_style=\"circle\" slider_nav_position=\"outside\" srcset=\"https:\/\/www.alevcamcioglu.com\/wp-content\/uploads\/2024\/11\/rinoplastika-pre-posle-fotografija-u-turskoj-37-320x400.jpg 320w, https:\/\/www.alevcamcioglu.com\/wp-content\/uploads\/2024\/11\/rinoplastika-pre-posle-fotografija-u-turskoj-37-640x800.jpg 640w, https:\/\/www.alevcamcioglu.com\/wp-content\/uploads\/2024\/11\/rinoplastika-pre-posle-fotografija-u-turskoj-37-768x960.jpg 768w, https:\/\/www.alevcamcioglu.com\/wp-content\/uploads\/2024\/11\/rinoplastika-pre-posle-fotografija-u-turskoj-37.jpg 1200w\" sizes=\"(max-width: 320px) 100vw, 320px\" title=\"\">                                                              <\/div>\n              <div class=\"box-text text-left\" >\n                 <p><\/p>\n              <\/div>\n            <\/div>\n            <\/a>          <\/div>\n         <\/div><div class=\"gallery-col col\" >\n          <div class=\"col-inner\">\n            <a class=\"image-lightbox lightbox-gallery\" href=\"https:\/\/www.alevcamcioglu.com\/wp-content\/uploads\/2024\/11\/rinoplastika-pre-posle-fotografija-u-turskoj-38.jpg\" title=\"\">            <div class=\"box has-hover gallery-box box-normal\">\n              <div class=\"box-image\" >\n                <img decoding=\"async\" width=\"320\" height=\"400\" src=\"https:\/\/www.alevcamcioglu.com\/wp-content\/uploads\/2024\/11\/rinoplastika-pre-posle-fotografija-u-turskoj-38-320x400.jpg\" class=\"attachment-medium size-medium\" alt=\"\" ids=\"9479,9485,9491,9497,9503,9509,9515,9521,9527,9533,9539,9545,9551,9557,9563,9569,9575,9581,9587,9593,9599,9605,9611,9617,9623,9629,9635,9641,9647,9653,9659,9665,9671,9677,9683,9689,9695,9701,9707,9713,9719,9725,9731,9737\" style=\"normal\" lightbox_image_size=\"2048x2048\" type=\"slider\" slider_nav_style=\"circle\" slider_nav_position=\"outside\" srcset=\"https:\/\/www.alevcamcioglu.com\/wp-content\/uploads\/2024\/11\/rinoplastika-pre-posle-fotografija-u-turskoj-38-320x400.jpg 320w, https:\/\/www.alevcamcioglu.com\/wp-content\/uploads\/2024\/11\/rinoplastika-pre-posle-fotografija-u-turskoj-38-640x800.jpg 640w, https:\/\/www.alevcamcioglu.com\/wp-content\/uploads\/2024\/11\/rinoplastika-pre-posle-fotografija-u-turskoj-38-768x960.jpg 768w, https:\/\/www.alevcamcioglu.com\/wp-content\/uploads\/2024\/11\/rinoplastika-pre-posle-fotografija-u-turskoj-38.jpg 1200w\" sizes=\"(max-width: 320px) 100vw, 320px\" title=\"\">                                                              <\/div>\n              <div class=\"box-text text-left\" >\n                 <p><\/p>\n              <\/div>\n            <\/div>\n            <\/a>          <\/div>\n         <\/div><div class=\"gallery-col col\" >\n          <div class=\"col-inner\">\n            <a class=\"image-lightbox lightbox-gallery\" href=\"https:\/\/www.alevcamcioglu.com\/wp-content\/uploads\/2024\/11\/rinoplastika-pre-posle-fotografija-u-turskoj-39.jpg\" title=\"\">            <div class=\"box has-hover gallery-box box-normal\">\n              <div class=\"box-image\" >\n                <img decoding=\"async\" width=\"320\" height=\"400\" src=\"https:\/\/www.alevcamcioglu.com\/wp-content\/uploads\/2024\/11\/rinoplastika-pre-posle-fotografija-u-turskoj-39-320x400.jpg\" class=\"attachment-medium size-medium\" alt=\"\" ids=\"9479,9485,9491,9497,9503,9509,9515,9521,9527,9533,9539,9545,9551,9557,9563,9569,9575,9581,9587,9593,9599,9605,9611,9617,9623,9629,9635,9641,9647,9653,9659,9665,9671,9677,9683,9689,9695,9701,9707,9713,9719,9725,9731,9737\" style=\"normal\" lightbox_image_size=\"2048x2048\" type=\"slider\" slider_nav_style=\"circle\" slider_nav_position=\"outside\" srcset=\"https:\/\/www.alevcamcioglu.com\/wp-content\/uploads\/2024\/11\/rinoplastika-pre-posle-fotografija-u-turskoj-39-320x400.jpg 320w, https:\/\/www.alevcamcioglu.com\/wp-content\/uploads\/2024\/11\/rinoplastika-pre-posle-fotografija-u-turskoj-39-639x800.jpg 639w, https:\/\/www.alevcamcioglu.com\/wp-content\/uploads\/2024\/11\/rinoplastika-pre-posle-fotografija-u-turskoj-39-768x961.jpg 768w, https:\/\/www.alevcamcioglu.com\/wp-content\/uploads\/2024\/11\/rinoplastika-pre-posle-fotografija-u-turskoj-39.jpg 999w\" sizes=\"(max-width: 320px) 100vw, 320px\" title=\"\">                                                              <\/div>\n              <div class=\"box-text text-left\" >\n                 <p><\/p>\n              <\/div>\n            <\/div>\n            <\/a>          <\/div>\n         <\/div><div class=\"gallery-col col\" >\n          <div class=\"col-inner\">\n            <a class=\"image-lightbox lightbox-gallery\" href=\"https:\/\/www.alevcamcioglu.com\/wp-content\/uploads\/2024\/11\/rinoplastika-pre-posle-fotografija-u-turskoj-40.jpg\" title=\"\">            <div class=\"box has-hover gallery-box box-normal\">\n              <div class=\"box-image\" >\n                <img decoding=\"async\" width=\"320\" height=\"400\" src=\"https:\/\/www.alevcamcioglu.com\/wp-content\/uploads\/2024\/11\/rinoplastika-pre-posle-fotografija-u-turskoj-40-320x400.jpg\" class=\"attachment-medium size-medium\" alt=\"\" ids=\"9479,9485,9491,9497,9503,9509,9515,9521,9527,9533,9539,9545,9551,9557,9563,9569,9575,9581,9587,9593,9599,9605,9611,9617,9623,9629,9635,9641,9647,9653,9659,9665,9671,9677,9683,9689,9695,9701,9707,9713,9719,9725,9731,9737\" style=\"normal\" lightbox_image_size=\"2048x2048\" type=\"slider\" slider_nav_style=\"circle\" slider_nav_position=\"outside\" srcset=\"https:\/\/www.alevcamcioglu.com\/wp-content\/uploads\/2024\/11\/rinoplastika-pre-posle-fotografija-u-turskoj-40-320x400.jpg 320w, https:\/\/www.alevcamcioglu.com\/wp-content\/uploads\/2024\/11\/rinoplastika-pre-posle-fotografija-u-turskoj-40-640x800.jpg 640w, https:\/\/www.alevcamcioglu.com\/wp-content\/uploads\/2024\/11\/rinoplastika-pre-posle-fotografija-u-turskoj-40-768x960.jpg 768w, https:\/\/www.alevcamcioglu.com\/wp-content\/uploads\/2024\/11\/rinoplastika-pre-posle-fotografija-u-turskoj-40.jpg 1000w\" sizes=\"(max-width: 320px) 100vw, 320px\" title=\"\">                                                              <\/div>\n              <div class=\"box-text text-left\" >\n                 <p><\/p>\n              <\/div>\n            <\/div>\n            <\/a>          <\/div>\n         <\/div><div class=\"gallery-col col\" >\n          <div class=\"col-inner\">\n            <a class=\"image-lightbox lightbox-gallery\" href=\"https:\/\/www.alevcamcioglu.com\/wp-content\/uploads\/2024\/11\/rinoplastika-pre-posle-fotografija-u-turskoj-41.jpg\" title=\"\">            <div class=\"box has-hover gallery-box box-normal\">\n              <div class=\"box-image\" >\n                <img decoding=\"async\" width=\"320\" height=\"400\" src=\"https:\/\/www.alevcamcioglu.com\/wp-content\/uploads\/2024\/11\/rinoplastika-pre-posle-fotografija-u-turskoj-41-320x400.jpg\" class=\"attachment-medium size-medium\" alt=\"\" ids=\"9479,9485,9491,9497,9503,9509,9515,9521,9527,9533,9539,9545,9551,9557,9563,9569,9575,9581,9587,9593,9599,9605,9611,9617,9623,9629,9635,9641,9647,9653,9659,9665,9671,9677,9683,9689,9695,9701,9707,9713,9719,9725,9731,9737\" style=\"normal\" lightbox_image_size=\"2048x2048\" type=\"slider\" slider_nav_style=\"circle\" slider_nav_position=\"outside\" srcset=\"https:\/\/www.alevcamcioglu.com\/wp-content\/uploads\/2024\/11\/rinoplastika-pre-posle-fotografija-u-turskoj-41-320x400.jpg 320w, https:\/\/www.alevcamcioglu.com\/wp-content\/uploads\/2024\/11\/rinoplastika-pre-posle-fotografija-u-turskoj-41-640x800.jpg 640w, https:\/\/www.alevcamcioglu.com\/wp-content\/uploads\/2024\/11\/rinoplastika-pre-posle-fotografija-u-turskoj-41-768x960.jpg 768w, https:\/\/www.alevcamcioglu.com\/wp-content\/uploads\/2024\/11\/rinoplastika-pre-posle-fotografija-u-turskoj-41.jpg 1000w\" sizes=\"(max-width: 320px) 100vw, 320px\" title=\"\">                                                              <\/div>\n              <div class=\"box-text text-left\" >\n                 <p><\/p>\n              <\/div>\n            <\/div>\n            <\/a>          <\/div>\n         <\/div><div class=\"gallery-col col\" >\n          <div class=\"col-inner\">\n            <a class=\"image-lightbox lightbox-gallery\" href=\"https:\/\/www.alevcamcioglu.com\/wp-content\/uploads\/2024\/11\/rinoplastika-pre-posle-fotografija-u-turskoj-42.jpg\" title=\"\">            <div class=\"box has-hover gallery-box box-normal\">\n              <div class=\"box-image\" >\n                <img decoding=\"async\" width=\"320\" height=\"400\" src=\"https:\/\/www.alevcamcioglu.com\/wp-content\/uploads\/2024\/11\/rinoplastika-pre-posle-fotografija-u-turskoj-42-320x400.jpg\" class=\"attachment-medium size-medium\" alt=\"\" ids=\"9479,9485,9491,9497,9503,9509,9515,9521,9527,9533,9539,9545,9551,9557,9563,9569,9575,9581,9587,9593,9599,9605,9611,9617,9623,9629,9635,9641,9647,9653,9659,9665,9671,9677,9683,9689,9695,9701,9707,9713,9719,9725,9731,9737\" style=\"normal\" lightbox_image_size=\"2048x2048\" type=\"slider\" slider_nav_style=\"circle\" slider_nav_position=\"outside\" srcset=\"https:\/\/www.alevcamcioglu.com\/wp-content\/uploads\/2024\/11\/rinoplastika-pre-posle-fotografija-u-turskoj-42-320x400.jpg 320w, https:\/\/www.alevcamcioglu.com\/wp-content\/uploads\/2024\/11\/rinoplastika-pre-posle-fotografija-u-turskoj-42-640x800.jpg 640w, https:\/\/www.alevcamcioglu.com\/wp-content\/uploads\/2024\/11\/rinoplastika-pre-posle-fotografija-u-turskoj-42-768x960.jpg 768w, https:\/\/www.alevcamcioglu.com\/wp-content\/uploads\/2024\/11\/rinoplastika-pre-posle-fotografija-u-turskoj-42.jpg 1200w\" sizes=\"(max-width: 320px) 100vw, 320px\" title=\"\">                                                              <\/div>\n              <div class=\"box-text text-left\" >\n                 <p><\/p>\n              <\/div>\n            <\/div>\n            <\/a>          <\/div>\n         <\/div><div class=\"gallery-col col\" >\n          <div class=\"col-inner\">\n            <a class=\"image-lightbox lightbox-gallery\" href=\"https:\/\/www.alevcamcioglu.com\/wp-content\/uploads\/2024\/11\/rinoplastika-pre-posle-fotografija-u-turskoj-43.jpg\" title=\"\">            <div class=\"box has-hover gallery-box box-normal\">\n              <div class=\"box-image\" >\n                <img decoding=\"async\" width=\"320\" height=\"400\" src=\"https:\/\/www.alevcamcioglu.com\/wp-content\/uploads\/2024\/11\/rinoplastika-pre-posle-fotografija-u-turskoj-43-320x400.jpg\" class=\"attachment-medium size-medium\" alt=\"\" ids=\"9479,9485,9491,9497,9503,9509,9515,9521,9527,9533,9539,9545,9551,9557,9563,9569,9575,9581,9587,9593,9599,9605,9611,9617,9623,9629,9635,9641,9647,9653,9659,9665,9671,9677,9683,9689,9695,9701,9707,9713,9719,9725,9731,9737\" style=\"normal\" lightbox_image_size=\"2048x2048\" type=\"slider\" slider_nav_style=\"circle\" slider_nav_position=\"outside\" srcset=\"https:\/\/www.alevcamcioglu.com\/wp-content\/uploads\/2024\/11\/rinoplastika-pre-posle-fotografija-u-turskoj-43-320x400.jpg 320w, https:\/\/www.alevcamcioglu.com\/wp-content\/uploads\/2024\/11\/rinoplastika-pre-posle-fotografija-u-turskoj-43-640x800.jpg 640w, https:\/\/www.alevcamcioglu.com\/wp-content\/uploads\/2024\/11\/rinoplastika-pre-posle-fotografija-u-turskoj-43-768x960.jpg 768w, https:\/\/www.alevcamcioglu.com\/wp-content\/uploads\/2024\/11\/rinoplastika-pre-posle-fotografija-u-turskoj-43.jpg 1200w\" sizes=\"(max-width: 320px) 100vw, 320px\" title=\"\">                                                              <\/div>\n              <div class=\"box-text text-left\" >\n                 <p><\/p>\n              <\/div>\n            <\/div>\n            <\/a>          <\/div>\n         <\/div><div class=\"gallery-col col\" >\n          <div class=\"col-inner\">\n            <a class=\"image-lightbox lightbox-gallery\" href=\"https:\/\/www.alevcamcioglu.com\/wp-content\/uploads\/2024\/11\/rinoplastika-pre-posle-fotografija-u-turskoj-44.jpg\" title=\"\">            <div class=\"box has-hover gallery-box box-normal\">\n              <div class=\"box-image\" >\n                <img decoding=\"async\" width=\"320\" height=\"400\" src=\"https:\/\/www.alevcamcioglu.com\/wp-content\/uploads\/2024\/11\/rinoplastika-pre-posle-fotografija-u-turskoj-44-320x400.jpg\" class=\"attachment-medium size-medium\" alt=\"\" ids=\"9479,9485,9491,9497,9503,9509,9515,9521,9527,9533,9539,9545,9551,9557,9563,9569,9575,9581,9587,9593,9599,9605,9611,9617,9623,9629,9635,9641,9647,9653,9659,9665,9671,9677,9683,9689,9695,9701,9707,9713,9719,9725,9731,9737\" style=\"normal\" lightbox_image_size=\"2048x2048\" type=\"slider\" slider_nav_style=\"circle\" slider_nav_position=\"outside\" srcset=\"https:\/\/www.alevcamcioglu.com\/wp-content\/uploads\/2024\/11\/rinoplastika-pre-posle-fotografija-u-turskoj-44-320x400.jpg 320w, https:\/\/www.alevcamcioglu.com\/wp-content\/uploads\/2024\/11\/rinoplastika-pre-posle-fotografija-u-turskoj-44-640x800.jpg 640w, https:\/\/www.alevcamcioglu.com\/wp-content\/uploads\/2024\/11\/rinoplastika-pre-posle-fotografija-u-turskoj-44-768x960.jpg 768w, https:\/\/www.alevcamcioglu.com\/wp-content\/uploads\/2024\/11\/rinoplastika-pre-posle-fotografija-u-turskoj-44.jpg 1200w\" sizes=\"(max-width: 320px) 100vw, 320px\" title=\"\">                                                              <\/div>\n              <div class=\"box-text text-left\" >\n                 <p><\/p>\n              <\/div>\n            <\/div>\n            <\/a>          <\/div>\n         <\/div><\/div>\n\n<a href=\"https:\/\/www.alevcamcioglu.com\/sr\/results\/slike-pre-i-posle-operacije-nosa\/\" class=\"button primary lowercase\" style=\"border-radius:10px;padding:5px 40px 5px 40px;\">\n\t\t<span>Pogledajte sve na\u0161e rezultate<\/span>\n\t<i class=\"icon-angle-right\" aria-hidden=\"true\"><\/i><\/a>\n\n\n\n\t\t<\/div>\n\t\t\t\t\n<style>\n#col-1012694706 > .col-inner {\n  padding: 20px 0px 0px 0px;\n}\n<\/style>\n\t<\/div>\n\n\t\n\n<\/div>\n\n\t\t<\/div>\n\n\t\t\n<style>\n#section_2082801755 {\n  padding-top: 0px;\n  padding-bottom: 0px;\n  background-color: rgb(240, 240, 240);\n}\n<\/style>\n\t<\/section>\n\t\n\n\t<section class=\"section\" id=\"section_856304946\">\n\t\t<div class=\"section-bg fill\" >\n\t\t\t\t\t\t\t\t\t\n\t\t\t\n\n\t\t<\/div>\n\n\t\t\n\n\t\t<div class=\"section-content relative\">\n\t\t\t\n<div class=\"row\"  id=\"row-138148726\">\n\n\t<div id=\"col-821860372\" class=\"col small-12 large-12\"  >\n\t\t\t\t<div class=\"col-inner\"  >\n\t\t\t\n\t\t\t\n<h2 data-start=\"1723\" data-end=\"1756\">Vrste i metode rinoplastike<\/h2>\n<p data-start=\"1757\" data-end=\"2007\">Rinoplastika je hirur\u0161ka intervencija koja se izvodi radi pobolj\u0161anja kako estetskog izgleda nosa tako i njegove respiratorne funkcije. Operacija se mo\u017ee izvoditi razli\u010ditim tehnikama u zavisnosti od izabranog metoda i \u017eeljenog estetskog rezultata:<\/p>\n<ul>\n<li><a href=\"https:\/\/www.alevcamcioglu.com\/sr\/rhinoplasty\/revision-rhinoplasty\/\">Revizijska rinoplastika<\/a><\/li>\n<li><a href=\"https:\/\/www.alevcamcioglu.com\/sr\/rhinoplasty\/estetika-kvrgavog-nosa\/\">Estetika kvrgavog nosa<\/a><\/li>\n<li><a href=\"https:\/\/www.alevcamcioglu.com\/sr\/rhinoplasty\/estetika-nosa-prirodnog-izgleda\/\">Estetika nosa prirodnog izgleda<\/a><\/li>\n<li><a href=\"https:\/\/www.alevcamcioglu.com\/sr\/rhinoplasty\/estetika-nosa-sa-debelom-kozom\/\">Estetika nosa sa debelom ko\u017eom<\/a><\/li>\n<li><a href=\"https:\/\/www.alevcamcioglu.com\/sr\/rhinoplasty\/ethnic-rhinoplasty\/\">Etnicka rinoplastika<\/a><\/li>\n<li><a href=\"https:\/\/www.alevcamcioglu.com\/sr\/rhinoplasty\/functional-rhinoplasty\/\">Funkcionalna rinoplastika<\/a><\/li>\n<li><a href=\"https:\/\/www.alevcamcioglu.com\/sr\/rhinoplasty\/estetika-nosa-kod-muskaraca-rinoplastika\/\">Operacija Nosa Muskarci<\/a><\/li>\n<li><a href=\"https:\/\/www.alevcamcioglu.com\/sr\/rhinoplasty\/estetika-sirokog-nosa\/\">Operacija \u0161irokog nosa<\/a><\/li>\n<li><a href=\"https:\/\/www.alevcamcioglu.com\/sr\/rhinoplasty\/operacija-slomljenog-nosa-fraktura-nosa\/\">Operacija slomljenog nosa<\/a><\/li>\n<li><a href=\"https:\/\/www.alevcamcioglu.com\/sr\/rhinoplasty\/operacija-smanjenja-nozdrva-i-krila-nosa\/\">Operacija smanjenja nozdrva i krila nosa<\/a><\/li>\n<li><a href=\"https:\/\/www.alevcamcioglu.com\/sr\/rhinoplasty\/estetika-vrha-nosa-tipplasti\/\">Operacija Vrha Nosa<\/a><\/li>\n<li><a href=\"https:\/\/www.alevcamcioglu.com\/sr\/rhinoplasty\/otvorena-estetska-hirurgija-nosa\/\">Otvorena Operacija Nosa<\/a><\/li>\n<li><a href=\"https:\/\/www.alevcamcioglu.com\/sr\/rhinoplasty\/septorinoplastika\/\">Septoplastika (operacija devijacije nosne pregrade)<\/a><\/li>\n<\/ul>\n<h2>Kako izabrati pravu kliniku i hirurga u Turskoj?<\/h2>\n<p>Izbor klinike i hirurga za operaciju nosa u Turskoj je klju\u010dan korak koji zahteva pa\u017eljivo razmatranje i pripremu. Oni koji se oslanjaju isklju\u010divo na niske cene mogli bi to skupo da plate \u2013 u vidu zdravstvenih komplikacija ili nezadovoljavaju\u0107ih rezultata. Ali kako prona\u0107i idealnu kombinaciju kvaliteta i bezbednosti?<\/p>\n<ul>\n<li>Proverite akreditacije<\/li>\n<li>Pro\u010ditajte utiske pacijenata<\/li>\n<li>Analizirajte infrastrukturu klinike<\/li>\n<li>Uzmite u obzir specijalizacije<\/li>\n<li>Proverite kvalifikacije hirurga<\/li>\n<li>Informi\u0161ite se o \u010dlanstvima u stru\u010dnim udru\u017eenjima<\/li>\n<li>Zatra\u017eite fotografije pre i posle intervencije<\/li>\n<li>Iskoristite konsultacione seanse<\/li>\n<\/ul>\n<p>Iza ugla\u0111ene fasade nekih klinika mogu se kriti rizici koji nisu odmah vidljivi. Za\u0161to su neke intervencije toliko jeftine? Ni\u017ee cene \u010desto proisti\u010du iz u\u0161teda na opremi, kvalitetu materijala ili iskustvu osoblja. Zdravlje ne treba da postane predmet potrage za povoljnim ponudama.<\/p>\n<p>Da li je mudro donositi medicinske odluke kao da rezervi\u0161emo odmor? Kombinacija putovanja i estetske hirurgije mo\u017ee delovati primamljivo, ali tako\u0111e donosi izazove. Jezi\u010dke barijere, kulturne razlike i nejasni standardi mogu zakomplikovati \u010ditav proces. Oni koji se zadovolje nedovoljnim informacijama rizikuju neprijatna iznena\u0111enja.<\/p>\n<p>Ova odluka iziskuje hrabrost, ali i odgovornost. Svaki korak \u2013 od izbora klinike do komunikacije sa hirurgom \u2013 treba da bude vo\u0111en jednom mi\u0161lju: Va\u0161e sopstveno zdravlje nije eksperiment, ve\u0107 dragoceno dobro koje zaslu\u017euje najvi\u0161i prioritet.<\/p>\n<h2>Koliko ko\u0161ta  u Turska?<\/h2>\r\n<p><a href=\"https:\/\/www.alevcamcioglu.com\/sr\/cene-operacija-cena\/\">Cena <\/a> u Istanbulu, Turska obi\u010dno se kre\u0107e od 5000 do 7000 evra. Cena mo\u017ee varirati u zavisnosti od nekoliko faktora, kao \u0161to su stru\u010dnost hirurga, slo\u017eenost procedure, reputacija klinike i dodatne usluge uklju\u010dene u paket.<\/p>\r\n<table dir=\"ltr\" style=\"height: 506px;\" border=\"1\" width=\"693\" cellspacing=\"0\" cellpadding=\"0\" data-sheets-root=\"1\" data-sheets-baot=\"1\"><colgroup><col width=\"218\" \/><col width=\"117\" \/><\/colgroup>\r\n<tbody>\r\n<tr>\r\n<td style=\"text-align: center;\" colspan=\"2\" rowspan=\"1\"> cena u 2026<\/td>\r\n<\/tr>\r\n<tr>\r\n<td>Austrija<\/td>\r\n<td>\u20ac10,000 - \u20ac20,000<\/td>\r\n<\/tr>\r\n<tr>\r\n<td>Bosna i Hercegovina<\/td>\r\n<td>\u20ac3,500 - \u20ac10,500<\/td>\r\n<\/tr>\r\n<tr>\r\n<td>Brazil<\/td>\r\n<td>\u20ac9,000 - \u20ac17,000<\/td>\r\n<\/tr>\r\n<tr>\r\n<td>Hrvatska<\/td>\r\n<td>\u20ac5,000 - \u20ac15,000<\/td>\r\n<\/tr>\r\n<tr>\r\n<td>Francuska<\/td>\r\n<td>\u20ac11,000 - \u20ac23,000<\/td>\r\n<\/tr>\r\n<tr>\r\n<td>Nema\u010dka<\/td>\r\n<td>\u20ac11,000 - \u20ac23,000<\/td>\r\n<\/tr>\r\n<tr>\r\n<td>Gr\u010dka<\/td>\r\n<td>\u20ac4,000 - \u20ac12,000<\/td>\r\n<\/tr>\r\n<tr>\r\n<td>Italija<\/td>\r\n<td>\u20ac10,000 - \u20ac20,000<\/td>\r\n<\/tr>\r\n<tr>\r\n<td>Severna Makedonija<\/td>\r\n<td>\u20ac3,000 - \u20ac9,000<\/td>\r\n<\/tr>\r\n<tr>\r\n<td>Crna Gora<\/td>\r\n<td>\u20ac4,500 - \u20ac13,500<\/td>\r\n<\/tr>\r\n<tr>\r\n<td>Norve\u0161ka<\/td>\r\n<td>\u20ac12,000 - \u20ac26,000<\/td>\r\n<\/tr>\r\n<tr>\r\n<td>Srbija<\/td>\r\n<td>\u20ac4,000 - \u20ac12,000<\/td>\r\n<\/tr>\r\n<tr>\r\n<td>Slovenija<\/td>\r\n<td>\u20ac5,500 - \u20ac16,500<\/td>\r\n<\/tr>\r\n<tr>\r\n<td>\u0160vedska<\/td>\r\n<td>\u20ac12,000 - \u20ac26,000<\/td>\r\n<\/tr>\r\n<tr>\r\n<td>\u0160vajcarska<\/td>\r\n<td>\u20ac13,000 - \u20ac29,000<\/td>\r\n<\/tr>\r\n<tr>\r\n<td>Turska<\/td>\r\n<td>\u20ac5,000 - \u20ac7,000<\/td>\r\n<\/tr>\r\n<tr>\r\n<td>Ujedinjeno Kraljevstvo<\/td>\r\n<td>\u20ac12,000 - \u20ac26,000<\/td>\r\n<\/tr>\r\n<tr>\r\n<td>Sjedinjene Ameri\u010dke Dr\u017eave<\/td>\r\n<td>\u20ac12,000 - \u20ac26,000<\/td>\r\n<\/tr>\r\n<\/tbody>\r\n<\/table>\n\t\t<\/div>\n\t\t\t\t\t<\/div>\n\n\t\n\n\t<div id=\"col-1973238307\" class=\"col small-12 large-12\"  >\n\t\t\t\t<div class=\"col-inner\"  >\n\t\t\t\n\t\t\t\n<h2>\u010cesto Postavljana Pitanja<\/h2>\n<div class=\"accordion ameliyatlar-sss\">\n\t<div id=\"accordion-2582855635\" class=\"accordion-item\">\n\t\t<a id=\"accordion-2582855635-label\" class=\"accordion-title plain\" href=\"#accordion-item-da-li-postoji-starosna-granica-za-rinoplastiku?\" aria-expanded=\"false\" aria-controls=\"accordion-2582855635-content\">\n\t\t\t<button class=\"toggle\" aria-label=\"Toggle\"><i class=\"icon-angle-down\" aria-hidden=\"true\"><\/i><\/button>\n\t\t\t<h3 class=\"accordion-heading\" role=\"heading\" aria-level=\"3\">Da li postoji starosna granica za rinoplastiku?<\/h3>\n\t\t<\/a>\n\t\t<div id=\"accordion-2582855635-content\" class=\"accordion-inner\" aria-labelledby=\"accordion-2582855635-label\">\n\t\t\t\n<p>Postoji starosna granica za rinoplastiku. Idealna starost za \u017eene je oko 18 godina, a za mu\u0161karce oko 20 godina. Ove godine su period kada je nosna struktura uglavnom zavr\u0161ila svoj razvoj i stabilna je. Tako nos nakon operacije postaje trajno oblikovan. Tako\u0111e, rinoplastika izvedena u ranom dobu mo\u017ee dovesti do ne\u017eeljenih rezultata dok rast traje. Zbog toga su idealne starosne granice va\u017ene za hirur\u0161ku intervenciju.<\/p>\n\t\t<\/div>\n\t<\/div>\n\t\n\t<div id=\"accordion-4240645646\" class=\"accordion-item\">\n\t\t<a id=\"accordion-4240645646-label\" class=\"accordion-title plain\" href=\"#accordion-item-da-li-se-operacije-nosnih-polipa-i-zagu\u0161enja-nosa-mogu-obaviti-istovremeno-sa-rinoplastikom?\" aria-expanded=\"false\" aria-controls=\"accordion-4240645646-content\">\n\t\t\t<button class=\"toggle\" aria-label=\"Toggle\"><i class=\"icon-angle-down\" aria-hidden=\"true\"><\/i><\/button>\n\t\t\t<h3 class=\"accordion-heading\" role=\"heading\" aria-level=\"3\">Da li se operacije nosnih polipa i zagu\u0161enja nosa mogu obaviti istovremeno sa rinoplastikom?<\/h3>\n\t\t<\/a>\n\t\t<div id=\"accordion-4240645646-content\" class=\"accordion-inner\" aria-labelledby=\"accordion-4240645646-label\">\n\t\t\t\n<p>Operacije nosnih polipa i zagu\u0161enja nosa mogu se obaviti istovremeno sa rinoplastikom. Pored toga, istovremeno izvo\u0111enje ovih operacija je korisno i funkcionalno i estetski. Tako se mogu re\u0161iti problemi kao \u0161to je devijacija septuma koja uzrokuje probleme sa disanjem. Osim toga, ova kombinacija omogu\u0107ava pacijentu da zavr\u0161i proces oporavka sa jednom operacijom. Dakle, mogu\u0107e je i korisno izvesti takve hirur\u0161ke intervencije istovremeno.<\/p>\n\t\t<\/div>\n\t<\/div>\n\t\n\t<div id=\"accordion-163249679\" class=\"accordion-item\">\n\t\t<a id=\"accordion-163249679-label\" class=\"accordion-title plain\" href=\"#accordion-item-da-li-se-rinoplastika-i-otoplastika-mogu-obaviti-istovremeno?\" aria-expanded=\"false\" aria-controls=\"accordion-163249679-content\">\n\t\t\t<button class=\"toggle\" aria-label=\"Toggle\"><i class=\"icon-angle-down\" aria-hidden=\"true\"><\/i><\/button>\n\t\t\t<h3 class=\"accordion-heading\" role=\"heading\" aria-level=\"3\">Da li se rinoplastika i otoplastika mogu obaviti istovremeno?<\/h3>\n\t\t<\/a>\n\t\t<div id=\"accordion-163249679-content\" class=\"accordion-inner\" aria-labelledby=\"accordion-163249679-label\">\n\t\t\t\n<p>Da, rinoplastika i otoplastika se mogu obaviti istovremeno. Na ovaj na\u010din pacijenti ne moraju da prolaze kroz anesteziju vi\u0161e puta. Pored toga, period oporavka se skra\u0107uje sa jednom operacijom. Ostali estetski zahvati tako\u0111e se mogu izvesti tokom iste sesije kao i rinoplastika. Na taj na\u010din pacijenti ne ose\u0107aju stres od vi\u0161e operacija. Ova kombinacija omogu\u0107ava br\u017ee i efikasnije estetske rezultate. Kao rezultat, svi \u017eeljeni estetski zahvati mogu se obaviti sa jednom operacijom.<\/p>\n\t\t<\/div>\n\t<\/div>\n\t\n\t<div id=\"accordion-2645595216\" class=\"accordion-item\">\n\t\t<a id=\"accordion-2645595216-label\" class=\"accordion-title plain\" href=\"#accordion-item-da-li-su-operacije-ispravljanja-nosa,-operacije-nosnih-kostiju-ili-smanjenja-nosa-te\u0161ke?\" aria-expanded=\"false\" aria-controls=\"accordion-2645595216-content\">\n\t\t\t<button class=\"toggle\" aria-label=\"Toggle\"><i class=\"icon-angle-down\" aria-hidden=\"true\"><\/i><\/button>\n\t\t\t<h3 class=\"accordion-heading\" role=\"heading\" aria-level=\"3\">Da li su operacije ispravljanja nosa, operacije nosnih kostiju ili smanjenja nosa te\u0161ke?<\/h3>\n\t\t<\/a>\n\t\t<div id=\"accordion-2645595216-content\" class=\"accordion-inner\" aria-labelledby=\"accordion-2645595216-label\">\n\t\t\t\n<p>Operacije ispravljanja nosa, operacije nosnih kostiju i smanjenja nosa su te\u0161ki zahvati. Me\u0111utim, iskustvo hirurga i tehnike koje koriste mogu olak\u0161ati ovaj proces. Razlike u strukturi ko\u017ee, kostiju i hrskavice igraju va\u017enu ulogu u ovim operacijama. Hirurzi moraju biti pa\u017eljiviji kod pacijenata sa tankom ko\u017eom. Nastajanje otoka i modrica nakon operacije mo\u017ee varirati u zavisnosti od karakteristika pacijenta. Pamuk tamponi koji su se ranije koristili zamenjeni su udobnijim i bezbolnijim silikonskim tamponima.<\/p>\n\t\t<\/div>\n\t<\/div>\n\t\n\t<div id=\"accordion-779075484\" class=\"accordion-item\">\n\t\t<a id=\"accordion-779075484-label\" class=\"accordion-title plain\" href=\"#accordion-item-mo\u017ee-li-se-rinoplastika-obaviti-pod-lokalnom-anestezijom?\" aria-expanded=\"false\" aria-controls=\"accordion-779075484-content\">\n\t\t\t<button class=\"toggle\" aria-label=\"Toggle\"><i class=\"icon-angle-down\" aria-hidden=\"true\"><\/i><\/button>\n\t\t\t<h3 class=\"accordion-heading\" role=\"heading\" aria-level=\"3\">Mo\u017ee li se rinoplastika obaviti pod lokalnom anestezijom?<\/h3>\n\t\t<\/a>\n\t\t<div id=\"accordion-779075484-content\" class=\"accordion-inner\" aria-labelledby=\"accordion-779075484-label\">\n\t\t\t\n<p>Rinoplastika se obi\u010dno izvodi pod op\u0161tom anestezijom. Lokalna anestezija mo\u017ee imati negativne efekte zbog zvukova i postupaka koje pacijent mo\u017ee \u010duti tokom operacije. Stoga je prikladnije i sigurnije izvoditi rinoplastiku pod op\u0161tom anestezijom. Op\u0161ta anestezija omogu\u0107ava udobniji hirur\u0161ki proces i za pacijenta i za lekara. Rinoplastika pod lokalnom anestezijom mo\u017ee psiholo\u0161ki uticati na pacijenta. Stoga se preferira op\u0161ta anestezija.<\/p>\n\t\t<\/div>\n\t<\/div>\n\t\n\t<div id=\"accordion-2978111204\" class=\"accordion-item\">\n\t\t<a id=\"accordion-2978111204-label\" class=\"accordion-title plain\" href=\"#accordion-item-na-\u0161ta-pacijent-treba-da-obrati-pa\u017enju-pre-operacije-rinoplastike?\" aria-expanded=\"false\" aria-controls=\"accordion-2978111204-content\">\n\t\t\t<button class=\"toggle\" aria-label=\"Toggle\"><i class=\"icon-angle-down\" aria-hidden=\"true\"><\/i><\/button>\n\t\t\t<h3 class=\"accordion-heading\" role=\"heading\" aria-level=\"3\">Na \u0161ta pacijent treba da obrati pa\u017enju pre operacije rinoplastike?<\/h3>\n\t\t<\/a>\n\t\t<div id=\"accordion-2978111204-content\" class=\"accordion-inner\" aria-labelledby=\"accordion-2978111204-label\">\n\t\t\t\n<p>Pre operacije rinoplastike, pacijent treba da obrati pa\u017enju na nekoliko va\u017enih ta\u010daka. Prvo, treba da se tu\u0161ira i opere lice antibakterijskim sapunom dan pre operacije. Na dan operacije nikako ne treba da se \u0161minka. Pored toga, treba da preferira udobnu ode\u0107u i izbegava no\u0161enje nakita na dan operacije. Ne sme da jede najmanje 6 sati pre operacije. Pu\u0161enje i upotreba nikotina treba smanjiti pre operacije jer mogu negativno uticati na proces oporavka. Pacijenti sa hroni\u010dnim bolestima treba da imaju detaljne konsultacije sa svojim lekarom pre operacije.<\/p>\n\t\t<\/div>\n\t<\/div>\n\t\n\t<div id=\"accordion-3675776532\" class=\"accordion-item\">\n\t\t<a id=\"accordion-3675776532-label\" class=\"accordion-title plain\" href=\"#accordion-item-postoji-li-odre\u0111ena-sezona-za-rinoplastiku?\" aria-expanded=\"false\" aria-controls=\"accordion-3675776532-content\">\n\t\t\t<button class=\"toggle\" aria-label=\"Toggle\"><i class=\"icon-angle-down\" aria-hidden=\"true\"><\/i><\/button>\n\t\t\t<h3 class=\"accordion-heading\" role=\"heading\" aria-level=\"3\">Postoji li odre\u0111ena sezona za rinoplastiku?<\/h3>\n\t\t<\/a>\n\t\t<div id=\"accordion-3675776532-content\" class=\"accordion-inner\" aria-labelledby=\"accordion-3675776532-label\">\n\t\t\t\n<p>Rinoplastika se mo\u017ee obaviti u bilo koje godi\u0161nje doba. Me\u0111utim, uzimaju\u0107i u obzir postoperativni proces, zima i prole\u0107e su vi\u0161e preferirani. Proces oporavka je udobniji tokom ovih perioda. Tokom leta pacijenti su skloniji problemima kao \u0161to su oticanje i krvarenje nakon operacije. Kao rezultat, najpogodniji periodi za rinoplastiku su zima i prole\u0107e. Proces oporavka je udobniji tokom ovih godi\u0161njih doba.<\/p>\n\t\t<\/div>\n\t<\/div>\n\t\n\t<div id=\"accordion-4093594972\" class=\"accordion-item\">\n\t\t<a id=\"accordion-4093594972-label\" class=\"accordion-title plain\" href=\"#accordion-item-koliko-traju-operacije-rinoplastike?\" aria-expanded=\"false\" aria-controls=\"accordion-4093594972-content\">\n\t\t\t<button class=\"toggle\" aria-label=\"Toggle\"><i class=\"icon-angle-down\" aria-hidden=\"true\"><\/i><\/button>\n\t\t\t<h3 class=\"accordion-heading\" role=\"heading\" aria-level=\"3\">Koliko traju operacije rinoplastike?<\/h3>\n\t\t<\/a>\n\t\t<div id=\"accordion-4093594972-content\" class=\"accordion-inner\" aria-labelledby=\"accordion-4093594972-label\">\n\t\t\t\n<p>Trajanje operacija rinoplastike varira u zavisnosti od stanja pacijenta, ali obi\u010dno traje izme\u0111u 2 i 2,5 sata. Trajanje operacije odre\u0111uje struktura nosa pacijenta i tehnike koje \u0107e hirurg koristiti. Me\u0111utim, ovo trajanje je uglavnom u ovom rasponu. U proseku, potrebno je 2 do 2,5 sata za zavr\u0161etak operacije rinoplastike. Stoga, trajanje operacije mo\u017ee varirati od osobe do osobe.<\/p>\n\t\t<\/div>\n\t<\/div>\n\t\n\t<div id=\"accordion-3534914673\" class=\"accordion-item\">\n\t\t<a id=\"accordion-3534914673-label\" class=\"accordion-title plain\" href=\"#accordion-item-postoji-li-gubitak-mirisa-nakon-operacija-nosa?\" aria-expanded=\"false\" aria-controls=\"accordion-3534914673-content\">\n\t\t\t<button class=\"toggle\" aria-label=\"Toggle\"><i class=\"icon-angle-down\" aria-hidden=\"true\"><\/i><\/button>\n\t\t\t<h3 class=\"accordion-heading\" role=\"heading\" aria-level=\"3\">Postoji li gubitak mirisa nakon operacija nosa?<\/h3>\n\t\t<\/a>\n\t\t<div id=\"accordion-3534914673-content\" class=\"accordion-inner\" aria-labelledby=\"accordion-3534914673-label\">\n\t\t\t\n<p>Gubitak mirisa mo\u017ee se javiti nakon operacija nosa. Promene napravljene tokom operacije mogu uticati na \u010dulo mirisa. Otok nakon operacije mo\u017ee izvr\u0161iti pritisak na mirisne nerve, \u0161to dovodi do privremenog gubitka mirisa. Generalno, otok se smanjuje u roku od 6-12 nedelja i \u010dulo mirisa se vra\u0107a u normalu. Me\u0111utim, u nekim slu\u010dajevima mo\u017ee do\u0107i do trajnih smanjenja sposobnosti mirisa. Ovo je \u010de\u0161\u0107e, posebno u podru\u010djima gde se tokom operacije stvara su\u017eenje unutar nosa. Stoga se nakon operacije mogu javiti promene u \u010dulu mirisa.<\/p>\n\t\t<\/div>\n\t<\/div>\n\t\n\t<div id=\"accordion-3503846593\" class=\"accordion-item\">\n\t\t<a id=\"accordion-3503846593-label\" class=\"accordion-title plain\" href=\"#accordion-item-koliko-traje-oporavak-pacijenta-nakon-operacije-nosa?\" aria-expanded=\"false\" aria-controls=\"accordion-3503846593-content\">\n\t\t\t<button class=\"toggle\" aria-label=\"Toggle\"><i class=\"icon-angle-down\" aria-hidden=\"true\"><\/i><\/button>\n\t\t\t<h3 class=\"accordion-heading\" role=\"heading\" aria-level=\"3\">Koliko traje oporavak pacijenta nakon operacije nosa?<\/h3>\n\t\t<\/a>\n\t\t<div id=\"accordion-3503846593-content\" class=\"accordion-inner\" aria-labelledby=\"accordion-3503846593-label\">\n\t\t\t\n<p>Nakon operacije nosa, pacijent se obi\u010dno osloba\u0111a zna\u010dajnog otoka u roku od 5 do 7 dana, a otok se zna\u010dajno smanjuje. Me\u0111utim, potrebno je 6 do 12 meseci da se otok u nosu potpuno smanji i da nos dobije svoj kona\u010dni oblik kod osoba sa tankom ko\u017eom. Kod osoba sa debelom ko\u017eom nosa, ovaj period mo\u017ee se produ\u017eiti na 1 do 2 godine. Tokom ovog procesa, pacijent treba pa\u017eljivo pratiti i slediti preporuke lekara. Tako proces oporavka te\u010de zdravije i glatko.<\/p>\n\t\t<\/div>\n\t<\/div>\n\t\n\t<div id=\"accordion-2564559833\" class=\"accordion-item\">\n\t\t<a id=\"accordion-2564559833-label\" class=\"accordion-title plain\" href=\"#accordion-item-koliko-je-trajna-rinoplastika?\" aria-expanded=\"false\" aria-controls=\"accordion-2564559833-content\">\n\t\t\t<button class=\"toggle\" aria-label=\"Toggle\"><i class=\"icon-angle-down\" aria-hidden=\"true\"><\/i><\/button>\n\t\t\t<h3 class=\"accordion-heading\" role=\"heading\" aria-level=\"3\">Koliko je trajna rinoplastika?<\/h3>\n\t\t<\/a>\n\t\t<div id=\"accordion-2564559833-content\" class=\"accordion-inner\" aria-labelledby=\"accordion-2564559833-label\">\n\t\t\t\n<p>Ako je rinoplastika uspe\u0161no izvedena, ostaje nepromenjena mnogo godina. Osoba mo\u017ee udobno \u017eiveti sa novim oblikom nosa mnogo godina nakon estetske operacije. Posebno ako je pro\u0161lo 12-15 meseci od operacije i sve je pro\u0161lo dobro, ne\u0107e biti promena na nosu u narednim godinama. Me\u0111utim, ovaj period mo\u017ee varirati u zavisnosti od strukture ko\u017ee. Nakon ovog perioda ne\u0107e do\u0107i do trajne deformacije nosa. Kao rezultat toga, rinoplastika nudi trajno re\u0161enje, a verovatno\u0107a pogor\u0161anja tokom godina je mala.<\/p>\n\t\t<\/div>\n\t<\/div>\n\t\n\t<div id=\"accordion-1692880809\" class=\"accordion-item\">\n\t\t<a id=\"accordion-1692880809-label\" class=\"accordion-title plain\" href=\"#accordion-item-za-koga-je-rinoplastika-pogodna?\" aria-expanded=\"false\" aria-controls=\"accordion-1692880809-content\">\n\t\t\t<button class=\"toggle\" aria-label=\"Toggle\"><i class=\"icon-angle-down\" aria-hidden=\"true\"><\/i><\/button>\n\t\t\t<h3 class=\"accordion-heading\" role=\"heading\" aria-level=\"3\">Za koga je rinoplastika pogodna?<\/h3>\n\t\t<\/a>\n\t\t<div id=\"accordion-1692880809-content\" class=\"accordion-inner\" aria-labelledby=\"accordion-1692880809-label\">\n\t\t\t\n<p>Rinoplastika se mo\u017ee izvesti iz razloga kao \u0161to su zakrivljenost ili istaknutost u ko\u0161tanom delu nosa, deformacije strukture hrskavice ili prevelik nos. Pored toga, asimetrija nosa spada u uslove koji zahtevaju rinoplastiku. Me\u0111utim, ove operacije se procenjuju na osnovu estetskih i funkcionalnih o\u010dekivanja pacijenta. Stoga se operacija rinoplastike obi\u010dno izvodi kod osoba koje \u017eele pobolj\u0161ati izgled i funkciju nosa.<\/p>\n\t\t<\/div>\n\t<\/div>\n\t\n\t<div id=\"accordion-4275459532\" class=\"accordion-item\">\n\t\t<a id=\"accordion-4275459532-label\" class=\"accordion-title plain\" href=\"#accordion-item-koliko-brzo-se-mo\u017ee-vratiti-u-normalu-nakon-rinoplastike?\" aria-expanded=\"false\" aria-controls=\"accordion-4275459532-content\">\n\t\t\t<button class=\"toggle\" aria-label=\"Toggle\"><i class=\"icon-angle-down\" aria-hidden=\"true\"><\/i><\/button>\n\t\t\t<h3 class=\"accordion-heading\" role=\"heading\" aria-level=\"3\">Koliko brzo se mo\u017ee vratiti u normalu nakon rinoplastike?<\/h3>\n\t\t<\/a>\n\t\t<div id=\"accordion-4275459532-content\" class=\"accordion-inner\" aria-labelledby=\"accordion-4275459532-label\">\n\t\t\t\n<p>Generalno, mo\u017eete se vratiti u normalne dnevne aktivnosti od 3. ili 4. dana nakon rinoplastike. Me\u0111utim, vreme povratka na posao zavisi od li\u010dnih faktora. Stoga je va\u017eno pa\u017eljivo slediti preporuke lekara. Proces oporavka varira kod svake osobe, a sledjenje saveta lekara tokom ovog perioda mo\u017ee ubrzati oporavak. Tako\u0111e, treba obratiti pa\u017enju na uputstva za negu nakon operacije. Dakle, vreme povratka na posao nakon rinoplastike varira pojedina\u010dno i treba ga voditi savetima lekara.<\/p>\n\t\t<\/div>\n\t<\/div>\n\t\n\t<div id=\"accordion-238951479\" class=\"accordion-item\">\n\t\t<a id=\"accordion-238951479-label\" class=\"accordion-title plain\" href=\"#accordion-item-kada-nos-dobija-svoj-kona\u010dni-oblik-nakon-rinoplastike?\" aria-expanded=\"false\" aria-controls=\"accordion-238951479-content\">\n\t\t\t<button class=\"toggle\" aria-label=\"Toggle\"><i class=\"icon-angle-down\" aria-hidden=\"true\"><\/i><\/button>\n\t\t\t<h3 class=\"accordion-heading\" role=\"heading\" aria-level=\"3\">Kada nos dobija svoj kona\u010dni oblik nakon rinoplastike?<\/h3>\n\t\t<\/a>\n\t\t<div id=\"accordion-238951479-content\" class=\"accordion-inner\" aria-labelledby=\"accordion-238951479-label\">\n\t\t\t\n<p>Potrebno je izme\u0111u 1 i 2 godine da nos dobije svoj kona\u010dni oblik nakon estetske operacije. Va\u017eno je slediti preporuke lekara i ne propu\u0161tati redovne kontrole tokom ovog perioda. Potrebno je biti strpljiv i pa\u017eljiv prema procesu oporavka nakon operacije. Pored toga, mo\u017ee potrajati neko vreme da se nosna tkiva potpuno izle\u010de, i potrebno je \u010dekati da se vide kona\u010dni rezultati. Va\u017eno je biti oprezan tokom ovog procesa i slediti rutine nege koje preporu\u010duje lekar.<\/p>\n\t\t<\/div>\n\t<\/div>\n\t\n<\/div>\n\t\t<\/div>\n\t\t\t\t\t<\/div>\n\n\t\n\n\t<div id=\"col-1131223105\" class=\"col small-12 large-12\"  >\n\t\t\t\t<div class=\"col-inner\"  >\n\t\t\t\n\t\t\t\n<h2 style=\"text-align: left;\">Jedan od najboljih klini\u010dkih timova za  u Turskoj<\/h2>\n<p>Dr. Alev Camc\u0131o\u011flu se smatra jednim od<a href=\"https:\/\/www.alevcamcioglu.com\/sr\/\"> najboljih  hirurga<\/a> u Turskoj. Mo\u017eete pogledati <a href=\"https:\/\/www.google.com\/search?sca_esv=19415285e7d3a11e&amp;q=Op.+Dr.+Alev+Camc%C4%B1o%C4%9Flu+%7C+Burun+Esteti%C4%9Fi+,+Rinoplasti&amp;si=ACC90nwjPmqJHrCEt6ewASzksVFQDX8zco_7MgBaIawvaF4-7h723rVnZZFvK9OUD_1VBtQCUeVRPTUGteg0cLBOJKCQcF0l8NwoxI3g4M0bcP1xT-CjIKs%3D&amp;uds=ADvngMjY3r6cFmkgAf0Cxo_OKwUu8-9wBrBINI3SgEOgMBDI-5zv7ouVxpoC5B3rGHvBXe2sC4UfcRCjxwtdIZqUOJLNbC7tiBSx22BIl7RGCQjdXli44B_uGb9i1YxcDMMbIHEpYimMnELWSd3nhL869lQu7z7kZ8TooMdqLcQgmPDHyHohCQ8&amp;sa=X&amp;ved=2ahUKEwiiiMOMqeSJAxVxS_EDHdySMG0Q3PALegQIGRAE&amp;biw=2276&amp;bih=1055&amp;dpr=1.13\" target=\"_blank\" rel=\"noopener\">recenzije za  ovde.<\/a><\/p>\n<div class=\"row row-full-width align-center\"  id=\"row-1225056833\">\n\n\n\t<div id=\"col-1486246555\" class=\"col medium-2 small-6 large-2\"  >\n\t\t\t\t<div class=\"col-inner\"  >\n\t\t\t\n\t\t\t\n\n    <div class=\"box has-hover has-hover box-text-bottom\" >\n\n                  <div class=\"box-image \" >\n           <div class=\"box-image-inner image-cover\" style=\"padding-top:100%;\">\n              <img decoding=\"async\" width=\"1080\" height=\"1122\" src=\"https:\/\/www.alevcamcioglu.com\/wp-content\/uploads\/2018\/02\/106913305_714307142741324_420816097913162768_n.jpg\" class=\"attachment- size-\" alt=\"\" srcset=\"https:\/\/www.alevcamcioglu.com\/wp-content\/uploads\/2018\/02\/106913305_714307142741324_420816097913162768_n.jpg 1080w, https:\/\/www.alevcamcioglu.com\/wp-content\/uploads\/2018\/02\/106913305_714307142741324_420816097913162768_n-289x300.jpg 289w, https:\/\/www.alevcamcioglu.com\/wp-content\/uploads\/2018\/02\/106913305_714307142741324_420816097913162768_n-986x1024.jpg 986w, https:\/\/www.alevcamcioglu.com\/wp-content\/uploads\/2018\/02\/106913305_714307142741324_420816097913162768_n-768x798.jpg 768w, https:\/\/www.alevcamcioglu.com\/wp-content\/uploads\/2018\/02\/106913305_714307142741324_420816097913162768_n-370x384.jpg 370w, https:\/\/www.alevcamcioglu.com\/wp-content\/uploads\/2018\/02\/106913305_714307142741324_420816097913162768_n-760x790.jpg 760w\" sizes=\"(max-width: 1080px) 100vw, 1080px\" title=\"\">                         <\/div>\n          <\/div>\n         \n          <div class=\"box-text text-center\" >\n                <div class=\"box-text-inner\">\n                  <h4 class=\"uppercase\">\n                    <span class=\"person-name\">Op. Dr. Alev Camc\u0131o\u011flu<\/span><br\/>\n                    <span class=\"person-title is-small thin-font op-7\">\n                      Hirurg za rinoplastiku                    <\/span>\n                  <\/h4>\n\t\t\t\t\t<div class=\"social-icons follow-icons\" ><a href=\"https:\/\/www.facebook.com\/dralevcamcioglu\/\" target=\"_blank\" data-label=\"Facebook\" class=\"icon primary button circle tooltip facebook\" title=\"Follow on Facebook\" aria-label=\"Follow on Facebook\" rel=\"noopener nofollow\"><i class=\"icon-facebook\" aria-hidden=\"true\"><\/i><\/a><a href=\"https:\/\/www.instagram.com\/dralevcamcioglu\/\" target=\"_blank\" data-label=\"Instagram\" class=\"icon primary button circle tooltip instagram\" title=\"Follow on Instagram\" aria-label=\"Follow on Instagram\" rel=\"noopener nofollow\"><i class=\"icon-instagram\" aria-hidden=\"true\"><\/i><\/a><\/div>\n\n\n                <\/div>\n          <\/div>\n    <\/div>\n\n\t\n    \n\n\t\t<\/div>\n\t\t\t\t\t<\/div>\n\n\t\n\n\t<div id=\"col-1022122369\" class=\"col medium-2 small-6 large-2\"  >\n\t\t\t\t<div class=\"col-inner\"  >\n\t\t\t\n\t\t\t\n\n    <div class=\"box has-hover has-hover box-text-bottom\" >\n\n                  <div class=\"box-image \" >\n           <div class=\"box-image-inner image-cover\" style=\"padding-top:100%;\">\n              <img decoding=\"async\" width=\"1200\" height=\"800\" src=\"https:\/\/www.alevcamcioglu.com\/wp-content\/uploads\/2018\/02\/DSC00496-1200x800-1.jpg\" class=\"attachment- size-\" alt=\"\" srcset=\"https:\/\/www.alevcamcioglu.com\/wp-content\/uploads\/2018\/02\/DSC00496-1200x800-1.jpg 1200w, https:\/\/www.alevcamcioglu.com\/wp-content\/uploads\/2018\/02\/DSC00496-1200x800-1-300x200.jpg 300w, https:\/\/www.alevcamcioglu.com\/wp-content\/uploads\/2018\/02\/DSC00496-1200x800-1-1024x683.jpg 1024w, https:\/\/www.alevcamcioglu.com\/wp-content\/uploads\/2018\/02\/DSC00496-1200x800-1-768x512.jpg 768w, https:\/\/www.alevcamcioglu.com\/wp-content\/uploads\/2018\/02\/DSC00496-1200x800-1-370x247.jpg 370w, https:\/\/www.alevcamcioglu.com\/wp-content\/uploads\/2018\/02\/DSC00496-1200x800-1-760x507.jpg 760w\" sizes=\"(max-width: 1200px) 100vw, 1200px\" title=\"\">                         <\/div>\n          <\/div>\n         \n          <div class=\"box-text text-center\" >\n                <div class=\"box-text-inner\">\n                  <h4 class=\"uppercase\">\n                    <span class=\"person-name\">Aylin Uyu\u015fmak<\/span><br\/>\n                    <span class=\"person-title is-small thin-font op-7\">\n                      Klini\u010dki Koordinator                    <\/span>\n                  <\/h4>\n\t\t\t\t\t<div class=\"social-icons follow-icons\" ><a href=\"https:\/\/www.facebook.com\/dralevcamcioglu\/\" target=\"_blank\" data-label=\"Facebook\" class=\"icon primary button circle tooltip facebook\" title=\"Follow on Facebook\" aria-label=\"Follow on Facebook\" rel=\"noopener nofollow\"><i class=\"icon-facebook\" aria-hidden=\"true\"><\/i><\/a><a href=\"https:\/\/www.instagram.com\/dralevcamcioglu\/\" target=\"_blank\" data-label=\"Instagram\" class=\"icon primary button circle tooltip instagram\" title=\"Follow on Instagram\" aria-label=\"Follow on Instagram\" rel=\"noopener nofollow\"><i class=\"icon-instagram\" aria-hidden=\"true\"><\/i><\/a><\/div>\n\n\n                <\/div>\n          <\/div>\n    <\/div>\n\n\t\n    \n\n\t\t<\/div>\n\t\t\t\t\t<\/div>\n\n\t\n\n\t<div id=\"col-305353633\" class=\"col medium-2 small-6 large-2\"  >\n\t\t\t\t<div class=\"col-inner\"  >\n\t\t\t\n\t\t\t\n\n    <div class=\"box has-hover has-hover box-text-bottom\" >\n\n                  <div class=\"box-image \" >\n           <div class=\"box-image-inner image-cover\" style=\"padding-top:100%;\">\n              <img decoding=\"async\" width=\"1200\" height=\"1800\" src=\"https:\/\/www.alevcamcioglu.com\/wp-content\/uploads\/2018\/02\/DSC00493-1200x1800-1.jpg\" class=\"attachment- size-\" alt=\"\" srcset=\"https:\/\/www.alevcamcioglu.com\/wp-content\/uploads\/2018\/02\/DSC00493-1200x1800-1.jpg 1200w, https:\/\/www.alevcamcioglu.com\/wp-content\/uploads\/2018\/02\/DSC00493-1200x1800-1-200x300.jpg 200w, https:\/\/www.alevcamcioglu.com\/wp-content\/uploads\/2018\/02\/DSC00493-1200x1800-1-683x1024.jpg 683w, https:\/\/www.alevcamcioglu.com\/wp-content\/uploads\/2018\/02\/DSC00493-1200x1800-1-768x1152.jpg 768w, https:\/\/www.alevcamcioglu.com\/wp-content\/uploads\/2018\/02\/DSC00493-1200x1800-1-1024x1536.jpg 1024w, https:\/\/www.alevcamcioglu.com\/wp-content\/uploads\/2018\/02\/DSC00493-1200x1800-1-370x555.jpg 370w, https:\/\/www.alevcamcioglu.com\/wp-content\/uploads\/2018\/02\/DSC00493-1200x1800-1-760x1140.jpg 760w\" sizes=\"(max-width: 1200px) 100vw, 1200px\" title=\"\">                         <\/div>\n          <\/div>\n         \n          <div class=\"box-text text-center\" >\n                <div class=\"box-text-inner\">\n                  <h4 class=\"uppercase\">\n                    <span class=\"person-name\">Serra Sevgili<\/span><br\/>\n                    <span class=\"person-title is-small thin-font op-7\">\n                      Klini\u010dki Asistent                    <\/span>\n                  <\/h4>\n\t\t\t\t\t<div class=\"social-icons follow-icons\" ><a href=\"https:\/\/www.facebook.com\/dralevcamcioglu\/\" target=\"_blank\" data-label=\"Facebook\" class=\"icon primary button circle tooltip facebook\" title=\"Follow on Facebook\" aria-label=\"Follow on Facebook\" rel=\"noopener nofollow\"><i class=\"icon-facebook\" aria-hidden=\"true\"><\/i><\/a><a href=\"https:\/\/www.instagram.com\/dralevcamcioglu\/\" target=\"_blank\" data-label=\"Instagram\" class=\"icon primary button circle tooltip instagram\" title=\"Follow on Instagram\" aria-label=\"Follow on Instagram\" rel=\"noopener nofollow\"><i class=\"icon-instagram\" aria-hidden=\"true\"><\/i><\/a><\/div>\n\n\n                <\/div>\n          <\/div>\n    <\/div>\n\n\t\n    \n\n\t\t<\/div>\n\t\t\t\t\t<\/div>\n\n\t\n\n\t<div id=\"col-937701022\" class=\"col medium-2 small-6 large-2\"  >\n\t\t\t\t<div class=\"col-inner\"  >\n\t\t\t\n\t\t\t\n\n    <div class=\"box has-hover has-hover box-text-bottom\" >\n\n                  <div class=\"box-image \" >\n           <div class=\"box-image-inner image-cover\" style=\"padding-top:100%;\">\n              <img decoding=\"async\" width=\"1200\" height=\"800\" src=\"https:\/\/www.alevcamcioglu.com\/wp-content\/uploads\/2018\/02\/DSC00510-1200x800-1.jpg\" class=\"attachment- size-\" alt=\"\" srcset=\"https:\/\/www.alevcamcioglu.com\/wp-content\/uploads\/2018\/02\/DSC00510-1200x800-1.jpg 1200w, https:\/\/www.alevcamcioglu.com\/wp-content\/uploads\/2018\/02\/DSC00510-1200x800-1-300x200.jpg 300w, https:\/\/www.alevcamcioglu.com\/wp-content\/uploads\/2018\/02\/DSC00510-1200x800-1-1024x683.jpg 1024w, https:\/\/www.alevcamcioglu.com\/wp-content\/uploads\/2018\/02\/DSC00510-1200x800-1-768x512.jpg 768w, https:\/\/www.alevcamcioglu.com\/wp-content\/uploads\/2018\/02\/DSC00510-1200x800-1-370x247.jpg 370w, https:\/\/www.alevcamcioglu.com\/wp-content\/uploads\/2018\/02\/DSC00510-1200x800-1-760x507.jpg 760w\" sizes=\"(max-width: 1200px) 100vw, 1200px\" title=\"\">                         <\/div>\n          <\/div>\n         \n          <div class=\"box-text text-center\" >\n                <div class=\"box-text-inner\">\n                  <h4 class=\"uppercase\">\n                    <span class=\"person-name\">Sema Yap\u0131c\u0131<\/span><br\/>\n                    <span class=\"person-title is-small thin-font op-7\">\n                      Medicinska sestra u operacionoj sali                    <\/span>\n                  <\/h4>\n\t\t\t\t\t<div class=\"social-icons follow-icons\" ><a href=\"https:\/\/www.facebook.com\/dralevcamcioglu\/\" target=\"_blank\" data-label=\"Facebook\" class=\"icon primary button circle tooltip facebook\" title=\"Follow on Facebook\" aria-label=\"Follow on Facebook\" rel=\"noopener nofollow\"><i class=\"icon-facebook\" aria-hidden=\"true\"><\/i><\/a><a href=\"https:\/\/www.instagram.com\/dralevcamcioglu\/\" target=\"_blank\" data-label=\"Instagram\" class=\"icon primary button circle tooltip instagram\" title=\"Follow on Instagram\" aria-label=\"Follow on Instagram\" rel=\"noopener nofollow\"><i class=\"icon-instagram\" aria-hidden=\"true\"><\/i><\/a><\/div>\n\n\n                <\/div>\n          <\/div>\n    <\/div>\n\n\t\n    \n\n\t\t<\/div>\n\t\t\t\t\t<\/div>\n\n\t\n\n\t<div id=\"col-1858993736\" class=\"col medium-2 small-6 large-2\"  >\n\t\t\t\t<div class=\"col-inner\"  >\n\t\t\t\n\t\t\t\n\n    <div class=\"box has-hover has-hover box-text-bottom\" >\n\n                  <div class=\"box-image \" >\n           <div class=\"box-image-inner image-cover\" style=\"padding-top:100%;\">\n              <img decoding=\"async\" width=\"1200\" height=\"800\" src=\"https:\/\/www.alevcamcioglu.com\/wp-content\/uploads\/2024\/02\/DSC00524-1200x800-1.jpg\" class=\"attachment- size-\" alt=\"\" srcset=\"https:\/\/www.alevcamcioglu.com\/wp-content\/uploads\/2024\/02\/DSC00524-1200x800-1.jpg 1200w, https:\/\/www.alevcamcioglu.com\/wp-content\/uploads\/2024\/02\/DSC00524-1200x800-1-300x200.jpg 300w, https:\/\/www.alevcamcioglu.com\/wp-content\/uploads\/2024\/02\/DSC00524-1200x800-1-1024x683.jpg 1024w, https:\/\/www.alevcamcioglu.com\/wp-content\/uploads\/2024\/02\/DSC00524-1200x800-1-768x512.jpg 768w, https:\/\/www.alevcamcioglu.com\/wp-content\/uploads\/2024\/02\/DSC00524-1200x800-1-370x247.jpg 370w, https:\/\/www.alevcamcioglu.com\/wp-content\/uploads\/2024\/02\/DSC00524-1200x800-1-760x507.jpg 760w\" sizes=\"(max-width: 1200px) 100vw, 1200px\" title=\"\">                         <\/div>\n          <\/div>\n         \n          <div class=\"box-text text-center\" >\n                <div class=\"box-text-inner\">\n                  <h4 class=\"uppercase\">\n                    <span class=\"person-name\">Aleyna Ceren Kurt<\/span><br\/>\n                    <span class=\"person-title is-small thin-font op-7\">\n                      Menad\u017eer dru\u0161tvenih medija                    <\/span>\n                  <\/h4>\n\t\t\t\t\t<div class=\"social-icons follow-icons\" ><a href=\"https:\/\/www.facebook.com\/dralevcamcioglu\/\" target=\"_blank\" data-label=\"Facebook\" class=\"icon primary button circle tooltip facebook\" title=\"Follow on Facebook\" aria-label=\"Follow on Facebook\" rel=\"noopener nofollow\"><i class=\"icon-facebook\" aria-hidden=\"true\"><\/i><\/a><a href=\"https:\/\/www.instagram.com\/dralevcamcioglu\/\" target=\"_blank\" data-label=\"Instagram\" class=\"icon primary button circle tooltip instagram\" title=\"Follow on Instagram\" aria-label=\"Follow on Instagram\" rel=\"noopener nofollow\"><i class=\"icon-instagram\" aria-hidden=\"true\"><\/i><\/a><\/div>\n\n\n                <\/div>\n          <\/div>\n    <\/div>\n\n\t\n    \n\n\t\t<\/div>\n\t\t\t\t\t<\/div>\n\n\t\n\n<\/div>\n\t\t<\/div>\n\t\t\t\t\t<\/div>\n\n\t\n\n\t<div id=\"col-1981281993\" class=\"col small-12 large-12\"  >\n\t\t\t\t<div class=\"col-inner\"  >\n\t\t\t\n\t\t\t\n<h2>Postovi na Blogu<\/h2>\n\n  \n    <div class=\"row large-columns-3 medium-columns-1 small-columns-1 slider row-slider slider-nav-circle slider-nav-outside\"  data-flickity-options='{&quot;imagesLoaded&quot;: true, &quot;groupCells&quot;: &quot;100%&quot;, &quot;dragThreshold&quot; : 5, &quot;cellAlign&quot;: &quot;left&quot;,&quot;wrapAround&quot;: true,&quot;prevNextButtons&quot;: true,&quot;percentPosition&quot;: true,&quot;pageDots&quot;: false, &quot;rightToLeft&quot;: false, &quot;autoPlay&quot; : false}' >\n\n  <div class=\"col post-item\" >\n\t\t\t<div class=\"col-inner\">\n\t\t\t\t<div class=\"box box-push box-text-bottom box-blog-post has-hover\">\n            \t\t\t\t\t<div class=\"box-image\" >\n  \t\t\t\t\t\t<div class=\"image-cover\" style=\"padding-top:100%;\">\n\t\t\t\t\t\t\t<a href=\"https:\/\/www.alevcamcioglu.com\/sr\/cene-operacija-cena\/\" class=\"plain\" aria-label=\"Cene Operacija Cena\">\n\t\t\t\t\t\t\t\t<img decoding=\"async\" width=\"1140\" height=\"500\" src=\"https:\/\/www.alevcamcioglu.com\/wp-content\/uploads\/2024\/08\/Burun-Ucu-Estetigi-Fiyatlari-1.jpg\" class=\"attachment-2048x2048 size-2048x2048 wp-post-image\" alt=\"\" srcset=\"https:\/\/www.alevcamcioglu.com\/wp-content\/uploads\/2024\/08\/Burun-Ucu-Estetigi-Fiyatlari-1.jpg 1140w, https:\/\/www.alevcamcioglu.com\/wp-content\/uploads\/2024\/08\/Burun-Ucu-Estetigi-Fiyatlari-1-300x132.jpg 300w, https:\/\/www.alevcamcioglu.com\/wp-content\/uploads\/2024\/08\/Burun-Ucu-Estetigi-Fiyatlari-1-1024x449.jpg 1024w, https:\/\/www.alevcamcioglu.com\/wp-content\/uploads\/2024\/08\/Burun-Ucu-Estetigi-Fiyatlari-1-768x337.jpg 768w, https:\/\/www.alevcamcioglu.com\/wp-content\/uploads\/2024\/08\/Burun-Ucu-Estetigi-Fiyatlari-1-370x162.jpg 370w, https:\/\/www.alevcamcioglu.com\/wp-content\/uploads\/2024\/08\/Burun-Ucu-Estetigi-Fiyatlari-1-760x333.jpg 760w\" sizes=\"(max-width: 1140px) 100vw, 1140px\" title=\"\">\t\t\t\t\t\t\t<\/a>\n  \t\t\t\t\t\t\t  \t\t\t\t\t\t\t  \t\t\t\t\t\t<\/div>\n  \t\t\t\t\t\t  \t\t\t\t\t<\/div>\n          \t\t\t\t\t<div class=\"box-text text-center\" >\n\t\t\t\t\t<div class=\"box-text-inner blog-post-inner\">\n\n\t\t\t\t\t\n\t\t\t\t\t\t\t\t\t\t<h5 class=\"post-title is-large \">\n\t\t\t\t\t\t<a href=\"https:\/\/www.alevcamcioglu.com\/sr\/cene-operacija-cena\/\" class=\"plain\">Cene Operacija Cena<\/a>\n\t\t\t\t\t<\/h5>\n\t\t\t\t\t\t\t\t\t\t<div class=\"is-divider\"><\/div>\n\t\t\t\t\t                    \n\t\t\t\t\t\t\t\t\t\t\t<a href=\"https:\/\/www.alevcamcioglu.com\/sr\/cene-operacija-cena\/\" class=\"button primary is-outline is-small mb-0\">\n\t\t\t\t\t\t\tContinue Reading\t\t\t\t\t\t<\/a>\n\t\t\t\t\t\n\t\t\t\t\t\n\t\t\t\t\t<\/div>\n\t\t\t\t\t<\/div>\n\t\t\t\t\t\t\t\t\t\t\t\t\t\t\t\t<div class=\"badge absolute top post-date badge-circle\">\n\t\t\t\t\t\t\t<div class=\"badge-inner\">\n\t\t\t\t\t\t\t\t<span class=\"post-date-day\">16<\/span><br>\n\t\t\t\t\t\t\t\t<span class=\"post-date-month is-xsmall\">\u0430\u0432\u0433<\/span>\n\t\t\t\t\t\t\t<\/div>\n\t\t\t\t\t\t<\/div>\n\t\t\t\t\t\t\t\t\t<\/div>\n\t\t\t<\/div>\n\t\t<\/div><div class=\"col post-item\" >\n\t\t\t<div class=\"col-inner\">\n\t\t\t\t<div class=\"box box-push box-text-bottom box-blog-post has-hover\">\n            \t\t\t\t\t<div class=\"box-image\" >\n  \t\t\t\t\t\t<div class=\"image-cover\" style=\"padding-top:100%;\">\n\t\t\t\t\t\t\t<a href=\"https:\/\/www.alevcamcioglu.com\/sr\/preporuke-lekara-nakon-operacije-nosa\/\" class=\"plain\" aria-label=\"Preporuke Lekara Nakon Operacije Nosa\">\n\t\t\t\t\t\t\t\t<img decoding=\"async\" width=\"1140\" height=\"500\" src=\"https:\/\/www.alevcamcioglu.com\/wp-content\/uploads\/2024\/08\/Burun-Ameliyati-Sonrasi-Doktordan-Oneriler.jpg\" class=\"attachment-2048x2048 size-2048x2048 wp-post-image\" alt=\"\" srcset=\"https:\/\/www.alevcamcioglu.com\/wp-content\/uploads\/2024\/08\/Burun-Ameliyati-Sonrasi-Doktordan-Oneriler.jpg 1140w, https:\/\/www.alevcamcioglu.com\/wp-content\/uploads\/2024\/08\/Burun-Ameliyati-Sonrasi-Doktordan-Oneriler-300x132.jpg 300w, https:\/\/www.alevcamcioglu.com\/wp-content\/uploads\/2024\/08\/Burun-Ameliyati-Sonrasi-Doktordan-Oneriler-1024x449.jpg 1024w, https:\/\/www.alevcamcioglu.com\/wp-content\/uploads\/2024\/08\/Burun-Ameliyati-Sonrasi-Doktordan-Oneriler-768x337.jpg 768w, https:\/\/www.alevcamcioglu.com\/wp-content\/uploads\/2024\/08\/Burun-Ameliyati-Sonrasi-Doktordan-Oneriler-370x162.jpg 370w, https:\/\/www.alevcamcioglu.com\/wp-content\/uploads\/2024\/08\/Burun-Ameliyati-Sonrasi-Doktordan-Oneriler-760x333.jpg 760w\" sizes=\"(max-width: 1140px) 100vw, 1140px\" title=\"\">\t\t\t\t\t\t\t<\/a>\n  \t\t\t\t\t\t\t  \t\t\t\t\t\t\t  \t\t\t\t\t\t<\/div>\n  \t\t\t\t\t\t  \t\t\t\t\t<\/div>\n          \t\t\t\t\t<div class=\"box-text text-center\" >\n\t\t\t\t\t<div class=\"box-text-inner blog-post-inner\">\n\n\t\t\t\t\t\n\t\t\t\t\t\t\t\t\t\t<h5 class=\"post-title is-large \">\n\t\t\t\t\t\t<a href=\"https:\/\/www.alevcamcioglu.com\/sr\/preporuke-lekara-nakon-operacije-nosa\/\" class=\"plain\">Preporuke Lekara Nakon Operacije Nosa<\/a>\n\t\t\t\t\t<\/h5>\n\t\t\t\t\t\t\t\t\t\t<div class=\"is-divider\"><\/div>\n\t\t\t\t\t                    \n\t\t\t\t\t\t\t\t\t\t\t<a href=\"https:\/\/www.alevcamcioglu.com\/sr\/preporuke-lekara-nakon-operacije-nosa\/\" class=\"button primary is-outline is-small mb-0\">\n\t\t\t\t\t\t\tContinue Reading\t\t\t\t\t\t<\/a>\n\t\t\t\t\t\n\t\t\t\t\t\n\t\t\t\t\t<\/div>\n\t\t\t\t\t<\/div>\n\t\t\t\t\t\t\t\t\t\t\t\t\t\t\t\t<div class=\"badge absolute top post-date badge-circle\">\n\t\t\t\t\t\t\t<div class=\"badge-inner\">\n\t\t\t\t\t\t\t\t<span class=\"post-date-day\">16<\/span><br>\n\t\t\t\t\t\t\t\t<span class=\"post-date-month is-xsmall\">\u0430\u0432\u0433<\/span>\n\t\t\t\t\t\t\t<\/div>\n\t\t\t\t\t\t<\/div>\n\t\t\t\t\t\t\t\t\t<\/div>\n\t\t\t<\/div>\n\t\t<\/div><div class=\"col post-item\" >\n\t\t\t<div class=\"col-inner\">\n\t\t\t\t<div class=\"box box-push box-text-bottom box-blog-post has-hover\">\n            \t\t\t\t\t<div class=\"box-image\" >\n  \t\t\t\t\t\t<div class=\"image-cover\" style=\"padding-top:100%;\">\n\t\t\t\t\t\t\t<a href=\"https:\/\/www.alevcamcioglu.com\/sr\/krivljenje-nakon-operacije-nosa\/\" class=\"plain\" aria-label=\"Krivljenje Nakon Operacije Nosa\">\n\t\t\t\t\t\t\t\t<img decoding=\"async\" width=\"1140\" height=\"500\" src=\"https:\/\/www.alevcamcioglu.com\/wp-content\/uploads\/2024\/08\/Burun-Estetigi-Sonrasi-Yamukluk.jpg\" class=\"attachment-2048x2048 size-2048x2048 wp-post-image\" alt=\"\" srcset=\"https:\/\/www.alevcamcioglu.com\/wp-content\/uploads\/2024\/08\/Burun-Estetigi-Sonrasi-Yamukluk.jpg 1140w, https:\/\/www.alevcamcioglu.com\/wp-content\/uploads\/2024\/08\/Burun-Estetigi-Sonrasi-Yamukluk-300x132.jpg 300w, https:\/\/www.alevcamcioglu.com\/wp-content\/uploads\/2024\/08\/Burun-Estetigi-Sonrasi-Yamukluk-1024x449.jpg 1024w, https:\/\/www.alevcamcioglu.com\/wp-content\/uploads\/2024\/08\/Burun-Estetigi-Sonrasi-Yamukluk-768x337.jpg 768w, https:\/\/www.alevcamcioglu.com\/wp-content\/uploads\/2024\/08\/Burun-Estetigi-Sonrasi-Yamukluk-370x162.jpg 370w, https:\/\/www.alevcamcioglu.com\/wp-content\/uploads\/2024\/08\/Burun-Estetigi-Sonrasi-Yamukluk-760x333.jpg 760w\" sizes=\"(max-width: 1140px) 100vw, 1140px\" title=\"\">\t\t\t\t\t\t\t<\/a>\n  \t\t\t\t\t\t\t  \t\t\t\t\t\t\t  \t\t\t\t\t\t<\/div>\n  \t\t\t\t\t\t  \t\t\t\t\t<\/div>\n          \t\t\t\t\t<div class=\"box-text text-center\" >\n\t\t\t\t\t<div class=\"box-text-inner blog-post-inner\">\n\n\t\t\t\t\t\n\t\t\t\t\t\t\t\t\t\t<h5 class=\"post-title is-large \">\n\t\t\t\t\t\t<a href=\"https:\/\/www.alevcamcioglu.com\/sr\/krivljenje-nakon-operacije-nosa\/\" class=\"plain\">Krivljenje Nakon Operacije Nosa<\/a>\n\t\t\t\t\t<\/h5>\n\t\t\t\t\t\t\t\t\t\t<div class=\"is-divider\"><\/div>\n\t\t\t\t\t                    \n\t\t\t\t\t\t\t\t\t\t\t<a href=\"https:\/\/www.alevcamcioglu.com\/sr\/krivljenje-nakon-operacije-nosa\/\" class=\"button primary is-outline is-small mb-0\">\n\t\t\t\t\t\t\tContinue Reading\t\t\t\t\t\t<\/a>\n\t\t\t\t\t\n\t\t\t\t\t\n\t\t\t\t\t<\/div>\n\t\t\t\t\t<\/div>\n\t\t\t\t\t\t\t\t\t\t\t\t\t\t\t\t<div class=\"badge absolute top post-date badge-circle\">\n\t\t\t\t\t\t\t<div class=\"badge-inner\">\n\t\t\t\t\t\t\t\t<span class=\"post-date-day\">16<\/span><br>\n\t\t\t\t\t\t\t\t<span class=\"post-date-month is-xsmall\">\u0430\u0432\u0433<\/span>\n\t\t\t\t\t\t\t<\/div>\n\t\t\t\t\t\t<\/div>\n\t\t\t\t\t\t\t\t\t<\/div>\n\t\t\t<\/div>\n\t\t<\/div><div class=\"col post-item\" >\n\t\t\t<div class=\"col-inner\">\n\t\t\t\t<div class=\"box box-push box-text-bottom box-blog-post has-hover\">\n            \t\t\t\t\t<div class=\"box-image\" >\n  \t\t\t\t\t\t<div class=\"image-cover\" style=\"padding-top:100%;\">\n\t\t\t\t\t\t\t<a href=\"https:\/\/www.alevcamcioglu.com\/sr\/oticanje-na-hrptu-nosa-nakon-rinoplastike\/\" class=\"plain\" aria-label=\"Oticanje Na Hrptu Nosa Nakon Rinoplastike\">\n\t\t\t\t\t\t\t\t<img decoding=\"async\" width=\"1140\" height=\"500\" src=\"https:\/\/www.alevcamcioglu.com\/wp-content\/uploads\/2024\/08\/Burun-Estetigi-Sonrasi-Burun-Sirtinda-Sislik.jpg\" class=\"attachment-2048x2048 size-2048x2048 wp-post-image\" alt=\"\" srcset=\"https:\/\/www.alevcamcioglu.com\/wp-content\/uploads\/2024\/08\/Burun-Estetigi-Sonrasi-Burun-Sirtinda-Sislik.jpg 1140w, https:\/\/www.alevcamcioglu.com\/wp-content\/uploads\/2024\/08\/Burun-Estetigi-Sonrasi-Burun-Sirtinda-Sislik-300x132.jpg 300w, https:\/\/www.alevcamcioglu.com\/wp-content\/uploads\/2024\/08\/Burun-Estetigi-Sonrasi-Burun-Sirtinda-Sislik-1024x449.jpg 1024w, https:\/\/www.alevcamcioglu.com\/wp-content\/uploads\/2024\/08\/Burun-Estetigi-Sonrasi-Burun-Sirtinda-Sislik-768x337.jpg 768w, https:\/\/www.alevcamcioglu.com\/wp-content\/uploads\/2024\/08\/Burun-Estetigi-Sonrasi-Burun-Sirtinda-Sislik-370x162.jpg 370w, https:\/\/www.alevcamcioglu.com\/wp-content\/uploads\/2024\/08\/Burun-Estetigi-Sonrasi-Burun-Sirtinda-Sislik-760x333.jpg 760w\" sizes=\"(max-width: 1140px) 100vw, 1140px\" title=\"\">\t\t\t\t\t\t\t<\/a>\n  \t\t\t\t\t\t\t  \t\t\t\t\t\t\t  \t\t\t\t\t\t<\/div>\n  \t\t\t\t\t\t  \t\t\t\t\t<\/div>\n          \t\t\t\t\t<div class=\"box-text text-center\" >\n\t\t\t\t\t<div class=\"box-text-inner blog-post-inner\">\n\n\t\t\t\t\t\n\t\t\t\t\t\t\t\t\t\t<h5 class=\"post-title is-large \">\n\t\t\t\t\t\t<a href=\"https:\/\/www.alevcamcioglu.com\/sr\/oticanje-na-hrptu-nosa-nakon-rinoplastike\/\" class=\"plain\">Oticanje Na Hrptu Nosa Nakon Rinoplastike<\/a>\n\t\t\t\t\t<\/h5>\n\t\t\t\t\t\t\t\t\t\t<div class=\"is-divider\"><\/div>\n\t\t\t\t\t                    \n\t\t\t\t\t\t\t\t\t\t\t<a href=\"https:\/\/www.alevcamcioglu.com\/sr\/oticanje-na-hrptu-nosa-nakon-rinoplastike\/\" class=\"button primary is-outline is-small mb-0\">\n\t\t\t\t\t\t\tContinue Reading\t\t\t\t\t\t<\/a>\n\t\t\t\t\t\n\t\t\t\t\t\n\t\t\t\t\t<\/div>\n\t\t\t\t\t<\/div>\n\t\t\t\t\t\t\t\t\t\t\t\t\t\t\t\t<div class=\"badge absolute top post-date badge-circle\">\n\t\t\t\t\t\t\t<div class=\"badge-inner\">\n\t\t\t\t\t\t\t\t<span class=\"post-date-day\">16<\/span><br>\n\t\t\t\t\t\t\t\t<span class=\"post-date-month is-xsmall\">\u0430\u0432\u0433<\/span>\n\t\t\t\t\t\t\t<\/div>\n\t\t\t\t\t\t<\/div>\n\t\t\t\t\t\t\t\t\t<\/div>\n\t\t\t<\/div>\n\t\t<\/div><div class=\"col post-item\" >\n\t\t\t<div class=\"col-inner\">\n\t\t\t\t<div class=\"box box-push box-text-bottom box-blog-post has-hover\">\n            \t\t\t\t\t<div class=\"box-image\" >\n  \t\t\t\t\t\t<div class=\"image-cover\" style=\"padding-top:100%;\">\n\t\t\t\t\t\t\t<a href=\"https:\/\/www.alevcamcioglu.com\/sr\/da-li-je-opasno-uklanjati-obrve-i-brkove-nakon-operacije-nosa\/\" class=\"plain\" aria-label=\"Da Li je Opasno Uklanjati Obrve i Brkove Nakon Operacije Nosa?\">\n\t\t\t\t\t\t\t\t<img decoding=\"async\" width=\"1140\" height=\"500\" src=\"https:\/\/www.alevcamcioglu.com\/wp-content\/uploads\/2024\/08\/Burun-Ameliyati-Sonrasi-Kas-Biyik-Almak-Tehlikeli-Mi.jpg\" class=\"attachment-2048x2048 size-2048x2048 wp-post-image\" alt=\"\" srcset=\"https:\/\/www.alevcamcioglu.com\/wp-content\/uploads\/2024\/08\/Burun-Ameliyati-Sonrasi-Kas-Biyik-Almak-Tehlikeli-Mi.jpg 1140w, https:\/\/www.alevcamcioglu.com\/wp-content\/uploads\/2024\/08\/Burun-Ameliyati-Sonrasi-Kas-Biyik-Almak-Tehlikeli-Mi-300x132.jpg 300w, https:\/\/www.alevcamcioglu.com\/wp-content\/uploads\/2024\/08\/Burun-Ameliyati-Sonrasi-Kas-Biyik-Almak-Tehlikeli-Mi-1024x449.jpg 1024w, https:\/\/www.alevcamcioglu.com\/wp-content\/uploads\/2024\/08\/Burun-Ameliyati-Sonrasi-Kas-Biyik-Almak-Tehlikeli-Mi-768x337.jpg 768w, https:\/\/www.alevcamcioglu.com\/wp-content\/uploads\/2024\/08\/Burun-Ameliyati-Sonrasi-Kas-Biyik-Almak-Tehlikeli-Mi-370x162.jpg 370w, https:\/\/www.alevcamcioglu.com\/wp-content\/uploads\/2024\/08\/Burun-Ameliyati-Sonrasi-Kas-Biyik-Almak-Tehlikeli-Mi-760x333.jpg 760w\" sizes=\"(max-width: 1140px) 100vw, 1140px\" title=\"\">\t\t\t\t\t\t\t<\/a>\n  \t\t\t\t\t\t\t  \t\t\t\t\t\t\t  \t\t\t\t\t\t<\/div>\n  \t\t\t\t\t\t  \t\t\t\t\t<\/div>\n          \t\t\t\t\t<div class=\"box-text text-center\" >\n\t\t\t\t\t<div class=\"box-text-inner blog-post-inner\">\n\n\t\t\t\t\t\n\t\t\t\t\t\t\t\t\t\t<h5 class=\"post-title is-large \">\n\t\t\t\t\t\t<a href=\"https:\/\/www.alevcamcioglu.com\/sr\/da-li-je-opasno-uklanjati-obrve-i-brkove-nakon-operacije-nosa\/\" class=\"plain\">Da Li je Opasno Uklanjati Obrve i Brkove Nakon Operacije Nosa?<\/a>\n\t\t\t\t\t<\/h5>\n\t\t\t\t\t\t\t\t\t\t<div class=\"is-divider\"><\/div>\n\t\t\t\t\t                    \n\t\t\t\t\t\t\t\t\t\t\t<a href=\"https:\/\/www.alevcamcioglu.com\/sr\/da-li-je-opasno-uklanjati-obrve-i-brkove-nakon-operacije-nosa\/\" class=\"button primary is-outline is-small mb-0\">\n\t\t\t\t\t\t\tContinue Reading\t\t\t\t\t\t<\/a>\n\t\t\t\t\t\n\t\t\t\t\t\n\t\t\t\t\t<\/div>\n\t\t\t\t\t<\/div>\n\t\t\t\t\t\t\t\t\t\t\t\t\t\t\t\t<div class=\"badge absolute top post-date badge-circle\">\n\t\t\t\t\t\t\t<div class=\"badge-inner\">\n\t\t\t\t\t\t\t\t<span class=\"post-date-day\">16<\/span><br>\n\t\t\t\t\t\t\t\t<span class=\"post-date-month is-xsmall\">\u0430\u0432\u0433<\/span>\n\t\t\t\t\t\t\t<\/div>\n\t\t\t\t\t\t<\/div>\n\t\t\t\t\t\t\t\t\t<\/div>\n\t\t\t<\/div>\n\t\t<\/div><div class=\"col post-item\" >\n\t\t\t<div class=\"col-inner\">\n\t\t\t\t<div class=\"box box-push box-text-bottom box-blog-post has-hover\">\n            \t\t\t\t\t<div class=\"box-image\" >\n  \t\t\t\t\t\t<div class=\"image-cover\" style=\"padding-top:100%;\">\n\t\t\t\t\t\t\t<a href=\"https:\/\/www.alevcamcioglu.com\/sr\/more-pesak-i-sunce-nakon-operacije-nosa\/\" class=\"plain\" aria-label=\"More, Pesak i Sunce Nakon Operacije Nosa\">\n\t\t\t\t\t\t\t\t<img decoding=\"async\" width=\"1140\" height=\"500\" src=\"https:\/\/www.alevcamcioglu.com\/wp-content\/uploads\/2024\/08\/Burun-Estetigi-Sonrasi-Deniz-Kum-Gunes.jpg\" class=\"attachment-2048x2048 size-2048x2048 wp-post-image\" alt=\"\" srcset=\"https:\/\/www.alevcamcioglu.com\/wp-content\/uploads\/2024\/08\/Burun-Estetigi-Sonrasi-Deniz-Kum-Gunes.jpg 1140w, https:\/\/www.alevcamcioglu.com\/wp-content\/uploads\/2024\/08\/Burun-Estetigi-Sonrasi-Deniz-Kum-Gunes-300x132.jpg 300w, https:\/\/www.alevcamcioglu.com\/wp-content\/uploads\/2024\/08\/Burun-Estetigi-Sonrasi-Deniz-Kum-Gunes-1024x449.jpg 1024w, https:\/\/www.alevcamcioglu.com\/wp-content\/uploads\/2024\/08\/Burun-Estetigi-Sonrasi-Deniz-Kum-Gunes-768x337.jpg 768w, https:\/\/www.alevcamcioglu.com\/wp-content\/uploads\/2024\/08\/Burun-Estetigi-Sonrasi-Deniz-Kum-Gunes-370x162.jpg 370w, https:\/\/www.alevcamcioglu.com\/wp-content\/uploads\/2024\/08\/Burun-Estetigi-Sonrasi-Deniz-Kum-Gunes-760x333.jpg 760w\" sizes=\"(max-width: 1140px) 100vw, 1140px\" title=\"\">\t\t\t\t\t\t\t<\/a>\n  \t\t\t\t\t\t\t  \t\t\t\t\t\t\t  \t\t\t\t\t\t<\/div>\n  \t\t\t\t\t\t  \t\t\t\t\t<\/div>\n          \t\t\t\t\t<div class=\"box-text text-center\" >\n\t\t\t\t\t<div class=\"box-text-inner blog-post-inner\">\n\n\t\t\t\t\t\n\t\t\t\t\t\t\t\t\t\t<h5 class=\"post-title is-large \">\n\t\t\t\t\t\t<a href=\"https:\/\/www.alevcamcioglu.com\/sr\/more-pesak-i-sunce-nakon-operacije-nosa\/\" class=\"plain\">More, Pesak i Sunce Nakon Operacije Nosa<\/a>\n\t\t\t\t\t<\/h5>\n\t\t\t\t\t\t\t\t\t\t<div class=\"is-divider\"><\/div>\n\t\t\t\t\t                    \n\t\t\t\t\t\t\t\t\t\t\t<a href=\"https:\/\/www.alevcamcioglu.com\/sr\/more-pesak-i-sunce-nakon-operacije-nosa\/\" class=\"button primary is-outline is-small mb-0\">\n\t\t\t\t\t\t\tContinue Reading\t\t\t\t\t\t<\/a>\n\t\t\t\t\t\n\t\t\t\t\t\n\t\t\t\t\t<\/div>\n\t\t\t\t\t<\/div>\n\t\t\t\t\t\t\t\t\t\t\t\t\t\t\t\t<div class=\"badge absolute top post-date badge-circle\">\n\t\t\t\t\t\t\t<div class=\"badge-inner\">\n\t\t\t\t\t\t\t\t<span class=\"post-date-day\">16<\/span><br>\n\t\t\t\t\t\t\t\t<span class=\"post-date-month is-xsmall\">\u0430\u0432\u0433<\/span>\n\t\t\t\t\t\t\t<\/div>\n\t\t\t\t\t\t<\/div>\n\t\t\t\t\t\t\t\t\t<\/div>\n\t\t\t<\/div>\n\t\t<\/div><div class=\"col post-item\" >\n\t\t\t<div class=\"col-inner\">\n\t\t\t\t<div class=\"box box-push box-text-bottom box-blog-post has-hover\">\n            \t\t\t\t\t<div class=\"box-image\" >\n  \t\t\t\t\t\t<div class=\"image-cover\" style=\"padding-top:100%;\">\n\t\t\t\t\t\t\t<a href=\"https:\/\/www.alevcamcioglu.com\/sr\/da-li-se-nos-smanjuje-nakon-operacije-nosa\/\" class=\"plain\" aria-label=\"Da li se Nos Smanjuje Nakon Operacije Nosa?\">\n\t\t\t\t\t\t\t\t<img decoding=\"async\" width=\"1140\" height=\"500\" src=\"https:\/\/www.alevcamcioglu.com\/wp-content\/uploads\/2024\/08\/Burun-Ameliyati-Sonrasi-Burun-Kuculur-mu.jpg\" class=\"attachment-2048x2048 size-2048x2048 wp-post-image\" alt=\"\" srcset=\"https:\/\/www.alevcamcioglu.com\/wp-content\/uploads\/2024\/08\/Burun-Ameliyati-Sonrasi-Burun-Kuculur-mu.jpg 1140w, https:\/\/www.alevcamcioglu.com\/wp-content\/uploads\/2024\/08\/Burun-Ameliyati-Sonrasi-Burun-Kuculur-mu-300x132.jpg 300w, https:\/\/www.alevcamcioglu.com\/wp-content\/uploads\/2024\/08\/Burun-Ameliyati-Sonrasi-Burun-Kuculur-mu-1024x449.jpg 1024w, https:\/\/www.alevcamcioglu.com\/wp-content\/uploads\/2024\/08\/Burun-Ameliyati-Sonrasi-Burun-Kuculur-mu-768x337.jpg 768w, https:\/\/www.alevcamcioglu.com\/wp-content\/uploads\/2024\/08\/Burun-Ameliyati-Sonrasi-Burun-Kuculur-mu-370x162.jpg 370w, https:\/\/www.alevcamcioglu.com\/wp-content\/uploads\/2024\/08\/Burun-Ameliyati-Sonrasi-Burun-Kuculur-mu-760x333.jpg 760w\" sizes=\"(max-width: 1140px) 100vw, 1140px\" title=\"\">\t\t\t\t\t\t\t<\/a>\n  \t\t\t\t\t\t\t  \t\t\t\t\t\t\t  \t\t\t\t\t\t<\/div>\n  \t\t\t\t\t\t  \t\t\t\t\t<\/div>\n          \t\t\t\t\t<div class=\"box-text text-center\" >\n\t\t\t\t\t<div class=\"box-text-inner blog-post-inner\">\n\n\t\t\t\t\t\n\t\t\t\t\t\t\t\t\t\t<h5 class=\"post-title is-large \">\n\t\t\t\t\t\t<a href=\"https:\/\/www.alevcamcioglu.com\/sr\/da-li-se-nos-smanjuje-nakon-operacije-nosa\/\" class=\"plain\">Da li se Nos Smanjuje Nakon Operacije Nosa?<\/a>\n\t\t\t\t\t<\/h5>\n\t\t\t\t\t\t\t\t\t\t<div class=\"is-divider\"><\/div>\n\t\t\t\t\t                    \n\t\t\t\t\t\t\t\t\t\t\t<a href=\"https:\/\/www.alevcamcioglu.com\/sr\/da-li-se-nos-smanjuje-nakon-operacije-nosa\/\" class=\"button primary is-outline is-small mb-0\">\n\t\t\t\t\t\t\tContinue Reading\t\t\t\t\t\t<\/a>\n\t\t\t\t\t\n\t\t\t\t\t\n\t\t\t\t\t<\/div>\n\t\t\t\t\t<\/div>\n\t\t\t\t\t\t\t\t\t\t\t\t\t\t\t\t<div class=\"badge absolute top post-date badge-circle\">\n\t\t\t\t\t\t\t<div class=\"badge-inner\">\n\t\t\t\t\t\t\t\t<span class=\"post-date-day\">16<\/span><br>\n\t\t\t\t\t\t\t\t<span class=\"post-date-month is-xsmall\">\u0430\u0432\u0433<\/span>\n\t\t\t\t\t\t\t<\/div>\n\t\t\t\t\t\t<\/div>\n\t\t\t\t\t\t\t\t\t<\/div>\n\t\t\t<\/div>\n\t\t<\/div><div class=\"col post-item\" >\n\t\t\t<div class=\"col-inner\">\n\t\t\t\t<div class=\"box box-push box-text-bottom box-blog-post has-hover\">\n            \t\t\t\t\t<div class=\"box-image\" >\n  \t\t\t\t\t\t<div class=\"image-cover\" style=\"padding-top:100%;\">\n\t\t\t\t\t\t\t<a href=\"https:\/\/www.alevcamcioglu.com\/sr\/koliko-vremena-nakon-operacije-nosa-mozete-nositi-pirsing\/\" class=\"plain\" aria-label=\"Koliko Vremena Nakon Operacije Nosa Mo\u017eete Nositi Pirsing?\">\n\t\t\t\t\t\t\t\t<img decoding=\"async\" width=\"1140\" height=\"500\" src=\"https:\/\/www.alevcamcioglu.com\/wp-content\/uploads\/2024\/08\/Burun-Estetiginden-Ne-Kadar-Zaman-Sonra-Hizma-Piercing-Takilabilir.jpg\" class=\"attachment-2048x2048 size-2048x2048 wp-post-image\" alt=\"\" srcset=\"https:\/\/www.alevcamcioglu.com\/wp-content\/uploads\/2024\/08\/Burun-Estetiginden-Ne-Kadar-Zaman-Sonra-Hizma-Piercing-Takilabilir.jpg 1140w, https:\/\/www.alevcamcioglu.com\/wp-content\/uploads\/2024\/08\/Burun-Estetiginden-Ne-Kadar-Zaman-Sonra-Hizma-Piercing-Takilabilir-300x132.jpg 300w, https:\/\/www.alevcamcioglu.com\/wp-content\/uploads\/2024\/08\/Burun-Estetiginden-Ne-Kadar-Zaman-Sonra-Hizma-Piercing-Takilabilir-1024x449.jpg 1024w, https:\/\/www.alevcamcioglu.com\/wp-content\/uploads\/2024\/08\/Burun-Estetiginden-Ne-Kadar-Zaman-Sonra-Hizma-Piercing-Takilabilir-768x337.jpg 768w, https:\/\/www.alevcamcioglu.com\/wp-content\/uploads\/2024\/08\/Burun-Estetiginden-Ne-Kadar-Zaman-Sonra-Hizma-Piercing-Takilabilir-370x162.jpg 370w, https:\/\/www.alevcamcioglu.com\/wp-content\/uploads\/2024\/08\/Burun-Estetiginden-Ne-Kadar-Zaman-Sonra-Hizma-Piercing-Takilabilir-760x333.jpg 760w\" sizes=\"(max-width: 1140px) 100vw, 1140px\" title=\"\">\t\t\t\t\t\t\t<\/a>\n  \t\t\t\t\t\t\t  \t\t\t\t\t\t\t  \t\t\t\t\t\t<\/div>\n  \t\t\t\t\t\t  \t\t\t\t\t<\/div>\n          \t\t\t\t\t<div class=\"box-text text-center\" >\n\t\t\t\t\t<div class=\"box-text-inner blog-post-inner\">\n\n\t\t\t\t\t\n\t\t\t\t\t\t\t\t\t\t<h5 class=\"post-title is-large \">\n\t\t\t\t\t\t<a href=\"https:\/\/www.alevcamcioglu.com\/sr\/koliko-vremena-nakon-operacije-nosa-mozete-nositi-pirsing\/\" class=\"plain\">Koliko Vremena Nakon Operacije Nosa Mo\u017eete Nositi Pirsing?<\/a>\n\t\t\t\t\t<\/h5>\n\t\t\t\t\t\t\t\t\t\t<div class=\"is-divider\"><\/div>\n\t\t\t\t\t                    \n\t\t\t\t\t\t\t\t\t\t\t<a href=\"https:\/\/www.alevcamcioglu.com\/sr\/koliko-vremena-nakon-operacije-nosa-mozete-nositi-pirsing\/\" class=\"button primary is-outline is-small mb-0\">\n\t\t\t\t\t\t\tContinue Reading\t\t\t\t\t\t<\/a>\n\t\t\t\t\t\n\t\t\t\t\t\n\t\t\t\t\t<\/div>\n\t\t\t\t\t<\/div>\n\t\t\t\t\t\t\t\t\t\t\t\t\t\t\t\t<div class=\"badge absolute top post-date badge-circle\">\n\t\t\t\t\t\t\t<div class=\"badge-inner\">\n\t\t\t\t\t\t\t\t<span class=\"post-date-day\">16<\/span><br>\n\t\t\t\t\t\t\t\t<span class=\"post-date-month is-xsmall\">\u0430\u0432\u0433<\/span>\n\t\t\t\t\t\t\t<\/div>\n\t\t\t\t\t\t<\/div>\n\t\t\t\t\t\t\t\t\t<\/div>\n\t\t\t<\/div>\n\t\t<\/div><div class=\"col post-item\" >\n\t\t\t<div class=\"col-inner\">\n\t\t\t\t<div class=\"box box-push box-text-bottom box-blog-post has-hover\">\n          \t\t\t\t\t<div class=\"box-text text-center\" >\n\t\t\t\t\t<div class=\"box-text-inner blog-post-inner\">\n\n\t\t\t\t\t\n\t\t\t\t\t\t\t\t\t\t<h5 class=\"post-title is-large \">\n\t\t\t\t\t\t<a href=\"https:\/\/www.alevcamcioglu.com\/sr\/estetska-operacija-nosa-kod-osoba-sa-rascep-usne\/\" class=\"plain\">Estetska Operacija Nosa kod Osoba sa Rascep Usne<\/a>\n\t\t\t\t\t<\/h5>\n\t\t\t\t\t<div class=\"post-meta is-small op-8\">16. \u0430\u0432\u0433\u0443\u0441\u0442 2024.<\/div>\t\t\t\t\t<div class=\"is-divider\"><\/div>\n\t\t\t\t\t                    \n\t\t\t\t\t\t\t\t\t\t\t<a href=\"https:\/\/www.alevcamcioglu.com\/sr\/estetska-operacija-nosa-kod-osoba-sa-rascep-usne\/\" class=\"button primary is-outline is-small mb-0\">\n\t\t\t\t\t\t\tContinue Reading\t\t\t\t\t\t<\/a>\n\t\t\t\t\t\n\t\t\t\t\t\n\t\t\t\t\t<\/div>\n\t\t\t\t\t<\/div>\n\t\t\t\t\t\t\t\t\t<\/div>\n\t\t\t<\/div>\n\t\t<\/div><div class=\"col post-item\" >\n\t\t\t<div class=\"col-inner\">\n\t\t\t\t<div class=\"box box-push box-text-bottom box-blog-post has-hover\">\n            \t\t\t\t\t<div class=\"box-image\" >\n  \t\t\t\t\t\t<div class=\"image-cover\" style=\"padding-top:100%;\">\n\t\t\t\t\t\t\t<a href=\"https:\/\/www.alevcamcioglu.com\/sr\/pucketanje-u-nosu-nakon-operacije-nosa\/\" class=\"plain\" aria-label=\"Pucketanje u Nosu Nakon Operacije Nosa\">\n\t\t\t\t\t\t\t\t<img decoding=\"async\" width=\"1140\" height=\"500\" src=\"https:\/\/www.alevcamcioglu.com\/wp-content\/uploads\/2024\/08\/Burun-Ameliyati-Sonrasi-Burundan-Gelen-Cit-Sesi.jpg\" class=\"attachment-2048x2048 size-2048x2048 wp-post-image\" alt=\"\" srcset=\"https:\/\/www.alevcamcioglu.com\/wp-content\/uploads\/2024\/08\/Burun-Ameliyati-Sonrasi-Burundan-Gelen-Cit-Sesi.jpg 1140w, https:\/\/www.alevcamcioglu.com\/wp-content\/uploads\/2024\/08\/Burun-Ameliyati-Sonrasi-Burundan-Gelen-Cit-Sesi-300x132.jpg 300w, https:\/\/www.alevcamcioglu.com\/wp-content\/uploads\/2024\/08\/Burun-Ameliyati-Sonrasi-Burundan-Gelen-Cit-Sesi-1024x449.jpg 1024w, https:\/\/www.alevcamcioglu.com\/wp-content\/uploads\/2024\/08\/Burun-Ameliyati-Sonrasi-Burundan-Gelen-Cit-Sesi-768x337.jpg 768w, https:\/\/www.alevcamcioglu.com\/wp-content\/uploads\/2024\/08\/Burun-Ameliyati-Sonrasi-Burundan-Gelen-Cit-Sesi-370x162.jpg 370w, https:\/\/www.alevcamcioglu.com\/wp-content\/uploads\/2024\/08\/Burun-Ameliyati-Sonrasi-Burundan-Gelen-Cit-Sesi-760x333.jpg 760w\" sizes=\"(max-width: 1140px) 100vw, 1140px\" title=\"\">\t\t\t\t\t\t\t<\/a>\n  \t\t\t\t\t\t\t  \t\t\t\t\t\t\t  \t\t\t\t\t\t<\/div>\n  \t\t\t\t\t\t  \t\t\t\t\t<\/div>\n          \t\t\t\t\t<div class=\"box-text text-center\" >\n\t\t\t\t\t<div class=\"box-text-inner blog-post-inner\">\n\n\t\t\t\t\t\n\t\t\t\t\t\t\t\t\t\t<h5 class=\"post-title is-large \">\n\t\t\t\t\t\t<a href=\"https:\/\/www.alevcamcioglu.com\/sr\/pucketanje-u-nosu-nakon-operacije-nosa\/\" class=\"plain\">Pucketanje u Nosu Nakon Operacije Nosa<\/a>\n\t\t\t\t\t<\/h5>\n\t\t\t\t\t\t\t\t\t\t<div class=\"is-divider\"><\/div>\n\t\t\t\t\t                    \n\t\t\t\t\t\t\t\t\t\t\t<a href=\"https:\/\/www.alevcamcioglu.com\/sr\/pucketanje-u-nosu-nakon-operacije-nosa\/\" class=\"button primary is-outline is-small mb-0\">\n\t\t\t\t\t\t\tContinue Reading\t\t\t\t\t\t<\/a>\n\t\t\t\t\t\n\t\t\t\t\t\n\t\t\t\t\t<\/div>\n\t\t\t\t\t<\/div>\n\t\t\t\t\t\t\t\t\t\t\t\t\t\t\t\t<div class=\"badge absolute top post-date badge-circle\">\n\t\t\t\t\t\t\t<div class=\"badge-inner\">\n\t\t\t\t\t\t\t\t<span class=\"post-date-day\">13<\/span><br>\n\t\t\t\t\t\t\t\t<span class=\"post-date-month is-xsmall\">\u0430\u0432\u0433<\/span>\n\t\t\t\t\t\t\t<\/div>\n\t\t\t\t\t\t<\/div>\n\t\t\t\t\t\t\t\t\t<\/div>\n\t\t\t<\/div>\n\t\t<\/div><div class=\"col post-item\" >\n\t\t\t<div class=\"col-inner\">\n\t\t\t\t<div class=\"box box-push box-text-bottom box-blog-post has-hover\">\n            \t\t\t\t\t<div class=\"box-image\" >\n  \t\t\t\t\t\t<div class=\"image-cover\" style=\"padding-top:100%;\">\n\t\t\t\t\t\t\t<a href=\"https:\/\/www.alevcamcioglu.com\/sr\/da-li-se-lice-osobe-menja-nakon-rinoplastike\/\" class=\"plain\" aria-label=\"Da li Se Lice Osobe Menja Nakon Rinoplastike?\">\n\t\t\t\t\t\t\t\t<img decoding=\"async\" width=\"1140\" height=\"500\" src=\"https:\/\/www.alevcamcioglu.com\/wp-content\/uploads\/2024\/08\/Rinoplasti-Sonrasi-Kisinin-Yuzu-Degisir-Mi.jpg\" class=\"attachment-2048x2048 size-2048x2048 wp-post-image\" alt=\"\" srcset=\"https:\/\/www.alevcamcioglu.com\/wp-content\/uploads\/2024\/08\/Rinoplasti-Sonrasi-Kisinin-Yuzu-Degisir-Mi.jpg 1140w, https:\/\/www.alevcamcioglu.com\/wp-content\/uploads\/2024\/08\/Rinoplasti-Sonrasi-Kisinin-Yuzu-Degisir-Mi-300x132.jpg 300w, https:\/\/www.alevcamcioglu.com\/wp-content\/uploads\/2024\/08\/Rinoplasti-Sonrasi-Kisinin-Yuzu-Degisir-Mi-1024x449.jpg 1024w, https:\/\/www.alevcamcioglu.com\/wp-content\/uploads\/2024\/08\/Rinoplasti-Sonrasi-Kisinin-Yuzu-Degisir-Mi-768x337.jpg 768w, https:\/\/www.alevcamcioglu.com\/wp-content\/uploads\/2024\/08\/Rinoplasti-Sonrasi-Kisinin-Yuzu-Degisir-Mi-370x162.jpg 370w, https:\/\/www.alevcamcioglu.com\/wp-content\/uploads\/2024\/08\/Rinoplasti-Sonrasi-Kisinin-Yuzu-Degisir-Mi-760x333.jpg 760w\" sizes=\"(max-width: 1140px) 100vw, 1140px\" title=\"\">\t\t\t\t\t\t\t<\/a>\n  \t\t\t\t\t\t\t  \t\t\t\t\t\t\t  \t\t\t\t\t\t<\/div>\n  \t\t\t\t\t\t  \t\t\t\t\t<\/div>\n          \t\t\t\t\t<div class=\"box-text text-center\" >\n\t\t\t\t\t<div class=\"box-text-inner blog-post-inner\">\n\n\t\t\t\t\t\n\t\t\t\t\t\t\t\t\t\t<h5 class=\"post-title is-large \">\n\t\t\t\t\t\t<a href=\"https:\/\/www.alevcamcioglu.com\/sr\/da-li-se-lice-osobe-menja-nakon-rinoplastike\/\" class=\"plain\">Da li Se Lice Osobe Menja Nakon Rinoplastike?<\/a>\n\t\t\t\t\t<\/h5>\n\t\t\t\t\t\t\t\t\t\t<div class=\"is-divider\"><\/div>\n\t\t\t\t\t                    \n\t\t\t\t\t\t\t\t\t\t\t<a href=\"https:\/\/www.alevcamcioglu.com\/sr\/da-li-se-lice-osobe-menja-nakon-rinoplastike\/\" class=\"button primary is-outline is-small mb-0\">\n\t\t\t\t\t\t\tContinue Reading\t\t\t\t\t\t<\/a>\n\t\t\t\t\t\n\t\t\t\t\t\n\t\t\t\t\t<\/div>\n\t\t\t\t\t<\/div>\n\t\t\t\t\t\t\t\t\t\t\t\t\t\t\t\t<div class=\"badge absolute top post-date badge-circle\">\n\t\t\t\t\t\t\t<div class=\"badge-inner\">\n\t\t\t\t\t\t\t\t<span class=\"post-date-day\">13<\/span><br>\n\t\t\t\t\t\t\t\t<span class=\"post-date-month is-xsmall\">\u0430\u0432\u0433<\/span>\n\t\t\t\t\t\t\t<\/div>\n\t\t\t\t\t\t<\/div>\n\t\t\t\t\t\t\t\t\t<\/div>\n\t\t\t<\/div>\n\t\t<\/div><div class=\"col post-item\" >\n\t\t\t<div class=\"col-inner\">\n\t\t\t\t<div class=\"box box-push box-text-bottom box-blog-post has-hover\">\n            \t\t\t\t\t<div class=\"box-image\" >\n  \t\t\t\t\t\t<div class=\"image-cover\" style=\"padding-top:100%;\">\n\t\t\t\t\t\t\t<a href=\"https:\/\/www.alevcamcioglu.com\/sr\/da-li-ostaju-konci-i-oziljci-nakon-operacije-nosa\/\" class=\"plain\" aria-label=\"Da li Ostaju Konci i O\u017eiljci nakon Operacije Nosa?\">\n\t\t\t\t\t\t\t\t<img decoding=\"async\" width=\"1140\" height=\"500\" src=\"https:\/\/www.alevcamcioglu.com\/wp-content\/uploads\/2024\/08\/Burun-Estetigi-Sonrasi-Dikis-Yara-Izi-Kalir-Mi.jpg\" class=\"attachment-2048x2048 size-2048x2048 wp-post-image\" alt=\"\" srcset=\"https:\/\/www.alevcamcioglu.com\/wp-content\/uploads\/2024\/08\/Burun-Estetigi-Sonrasi-Dikis-Yara-Izi-Kalir-Mi.jpg 1140w, https:\/\/www.alevcamcioglu.com\/wp-content\/uploads\/2024\/08\/Burun-Estetigi-Sonrasi-Dikis-Yara-Izi-Kalir-Mi-300x132.jpg 300w, https:\/\/www.alevcamcioglu.com\/wp-content\/uploads\/2024\/08\/Burun-Estetigi-Sonrasi-Dikis-Yara-Izi-Kalir-Mi-1024x449.jpg 1024w, https:\/\/www.alevcamcioglu.com\/wp-content\/uploads\/2024\/08\/Burun-Estetigi-Sonrasi-Dikis-Yara-Izi-Kalir-Mi-768x337.jpg 768w, https:\/\/www.alevcamcioglu.com\/wp-content\/uploads\/2024\/08\/Burun-Estetigi-Sonrasi-Dikis-Yara-Izi-Kalir-Mi-370x162.jpg 370w, https:\/\/www.alevcamcioglu.com\/wp-content\/uploads\/2024\/08\/Burun-Estetigi-Sonrasi-Dikis-Yara-Izi-Kalir-Mi-760x333.jpg 760w\" sizes=\"(max-width: 1140px) 100vw, 1140px\" title=\"\">\t\t\t\t\t\t\t<\/a>\n  \t\t\t\t\t\t\t  \t\t\t\t\t\t\t  \t\t\t\t\t\t<\/div>\n  \t\t\t\t\t\t  \t\t\t\t\t<\/div>\n          \t\t\t\t\t<div class=\"box-text text-center\" >\n\t\t\t\t\t<div class=\"box-text-inner blog-post-inner\">\n\n\t\t\t\t\t\n\t\t\t\t\t\t\t\t\t\t<h5 class=\"post-title is-large \">\n\t\t\t\t\t\t<a href=\"https:\/\/www.alevcamcioglu.com\/sr\/da-li-ostaju-konci-i-oziljci-nakon-operacije-nosa\/\" class=\"plain\">Da li Ostaju Konci i O\u017eiljci nakon Operacije Nosa?<\/a>\n\t\t\t\t\t<\/h5>\n\t\t\t\t\t\t\t\t\t\t<div class=\"is-divider\"><\/div>\n\t\t\t\t\t                    \n\t\t\t\t\t\t\t\t\t\t\t<a href=\"https:\/\/www.alevcamcioglu.com\/sr\/da-li-ostaju-konci-i-oziljci-nakon-operacije-nosa\/\" class=\"button primary is-outline is-small mb-0\">\n\t\t\t\t\t\t\tContinue Reading\t\t\t\t\t\t<\/a>\n\t\t\t\t\t\n\t\t\t\t\t\n\t\t\t\t\t<\/div>\n\t\t\t\t\t<\/div>\n\t\t\t\t\t\t\t\t\t\t\t\t\t\t\t\t<div class=\"badge absolute top post-date badge-circle\">\n\t\t\t\t\t\t\t<div class=\"badge-inner\">\n\t\t\t\t\t\t\t\t<span class=\"post-date-day\">13<\/span><br>\n\t\t\t\t\t\t\t\t<span class=\"post-date-month is-xsmall\">\u0430\u0432\u0433<\/span>\n\t\t\t\t\t\t\t<\/div>\n\t\t\t\t\t\t<\/div>\n\t\t\t\t\t\t\t\t\t<\/div>\n\t\t\t<\/div>\n\t\t<\/div><div class=\"col post-item\" >\n\t\t\t<div class=\"col-inner\">\n\t\t\t\t<div class=\"box box-push box-text-bottom box-blog-post has-hover\">\n            \t\t\t\t\t<div class=\"box-image\" >\n  \t\t\t\t\t\t<div class=\"image-cover\" style=\"padding-top:100%;\">\n\t\t\t\t\t\t\t<a href=\"https:\/\/www.alevcamcioglu.com\/sr\/da-li-operacija-nosa-menja-oblik-usana\/\" class=\"plain\" aria-label=\"Da Li Operacija Nosa Menja Oblik Usana?\">\n\t\t\t\t\t\t\t\t<img decoding=\"async\" width=\"1140\" height=\"500\" src=\"https:\/\/www.alevcamcioglu.com\/wp-content\/uploads\/2024\/08\/Burun-Ameliyati-Dudak-Seklini-Degistirir-Mi.jpg\" class=\"attachment-2048x2048 size-2048x2048 wp-post-image\" alt=\"\" srcset=\"https:\/\/www.alevcamcioglu.com\/wp-content\/uploads\/2024\/08\/Burun-Ameliyati-Dudak-Seklini-Degistirir-Mi.jpg 1140w, https:\/\/www.alevcamcioglu.com\/wp-content\/uploads\/2024\/08\/Burun-Ameliyati-Dudak-Seklini-Degistirir-Mi-300x132.jpg 300w, https:\/\/www.alevcamcioglu.com\/wp-content\/uploads\/2024\/08\/Burun-Ameliyati-Dudak-Seklini-Degistirir-Mi-1024x449.jpg 1024w, https:\/\/www.alevcamcioglu.com\/wp-content\/uploads\/2024\/08\/Burun-Ameliyati-Dudak-Seklini-Degistirir-Mi-768x337.jpg 768w, https:\/\/www.alevcamcioglu.com\/wp-content\/uploads\/2024\/08\/Burun-Ameliyati-Dudak-Seklini-Degistirir-Mi-370x162.jpg 370w, https:\/\/www.alevcamcioglu.com\/wp-content\/uploads\/2024\/08\/Burun-Ameliyati-Dudak-Seklini-Degistirir-Mi-760x333.jpg 760w\" sizes=\"(max-width: 1140px) 100vw, 1140px\" title=\"\">\t\t\t\t\t\t\t<\/a>\n  \t\t\t\t\t\t\t  \t\t\t\t\t\t\t  \t\t\t\t\t\t<\/div>\n  \t\t\t\t\t\t  \t\t\t\t\t<\/div>\n          \t\t\t\t\t<div class=\"box-text text-center\" >\n\t\t\t\t\t<div class=\"box-text-inner blog-post-inner\">\n\n\t\t\t\t\t\n\t\t\t\t\t\t\t\t\t\t<h5 class=\"post-title is-large \">\n\t\t\t\t\t\t<a href=\"https:\/\/www.alevcamcioglu.com\/sr\/da-li-operacija-nosa-menja-oblik-usana\/\" class=\"plain\">Da Li Operacija Nosa Menja Oblik Usana?<\/a>\n\t\t\t\t\t<\/h5>\n\t\t\t\t\t\t\t\t\t\t<div class=\"is-divider\"><\/div>\n\t\t\t\t\t                    \n\t\t\t\t\t\t\t\t\t\t\t<a href=\"https:\/\/www.alevcamcioglu.com\/sr\/da-li-operacija-nosa-menja-oblik-usana\/\" class=\"button primary is-outline is-small mb-0\">\n\t\t\t\t\t\t\tContinue Reading\t\t\t\t\t\t<\/a>\n\t\t\t\t\t\n\t\t\t\t\t\n\t\t\t\t\t<\/div>\n\t\t\t\t\t<\/div>\n\t\t\t\t\t\t\t\t\t\t\t\t\t\t\t\t<div class=\"badge absolute top post-date badge-circle\">\n\t\t\t\t\t\t\t<div class=\"badge-inner\">\n\t\t\t\t\t\t\t\t<span class=\"post-date-day\">13<\/span><br>\n\t\t\t\t\t\t\t\t<span class=\"post-date-month is-xsmall\">\u0430\u0432\u0433<\/span>\n\t\t\t\t\t\t\t<\/div>\n\t\t\t\t\t\t<\/div>\n\t\t\t\t\t\t\t\t\t<\/div>\n\t\t\t<\/div>\n\t\t<\/div><div class=\"col post-item\" >\n\t\t\t<div class=\"col-inner\">\n\t\t\t\t<div class=\"box box-push box-text-bottom box-blog-post has-hover\">\n            \t\t\t\t\t<div class=\"box-image\" >\n  \t\t\t\t\t\t<div class=\"image-cover\" style=\"padding-top:100%;\">\n\t\t\t\t\t\t\t<a href=\"https:\/\/www.alevcamcioglu.com\/sr\/koji-faktori-mogu-biti-prepreka-za-operaciju-nosa\/\" class=\"plain\" aria-label=\"Koji Faktori Mogu Biti Prepreka Za Operaciju Nosa?\">\n\t\t\t\t\t\t\t\t<img decoding=\"async\" width=\"1140\" height=\"500\" src=\"https:\/\/www.alevcamcioglu.com\/wp-content\/uploads\/2024\/08\/Burun-Estetigi-Ameliyatina-Engel-Durumlar-Nelerdir.jpg\" class=\"attachment-2048x2048 size-2048x2048 wp-post-image\" alt=\"\" srcset=\"https:\/\/www.alevcamcioglu.com\/wp-content\/uploads\/2024\/08\/Burun-Estetigi-Ameliyatina-Engel-Durumlar-Nelerdir.jpg 1140w, https:\/\/www.alevcamcioglu.com\/wp-content\/uploads\/2024\/08\/Burun-Estetigi-Ameliyatina-Engel-Durumlar-Nelerdir-300x132.jpg 300w, https:\/\/www.alevcamcioglu.com\/wp-content\/uploads\/2024\/08\/Burun-Estetigi-Ameliyatina-Engel-Durumlar-Nelerdir-1024x449.jpg 1024w, https:\/\/www.alevcamcioglu.com\/wp-content\/uploads\/2024\/08\/Burun-Estetigi-Ameliyatina-Engel-Durumlar-Nelerdir-768x337.jpg 768w, https:\/\/www.alevcamcioglu.com\/wp-content\/uploads\/2024\/08\/Burun-Estetigi-Ameliyatina-Engel-Durumlar-Nelerdir-370x162.jpg 370w, https:\/\/www.alevcamcioglu.com\/wp-content\/uploads\/2024\/08\/Burun-Estetigi-Ameliyatina-Engel-Durumlar-Nelerdir-760x333.jpg 760w\" sizes=\"(max-width: 1140px) 100vw, 1140px\" title=\"\">\t\t\t\t\t\t\t<\/a>\n  \t\t\t\t\t\t\t  \t\t\t\t\t\t\t  \t\t\t\t\t\t<\/div>\n  \t\t\t\t\t\t  \t\t\t\t\t<\/div>\n          \t\t\t\t\t<div class=\"box-text text-center\" >\n\t\t\t\t\t<div class=\"box-text-inner blog-post-inner\">\n\n\t\t\t\t\t\n\t\t\t\t\t\t\t\t\t\t<h5 class=\"post-title is-large \">\n\t\t\t\t\t\t<a href=\"https:\/\/www.alevcamcioglu.com\/sr\/koji-faktori-mogu-biti-prepreka-za-operaciju-nosa\/\" class=\"plain\">Koji Faktori Mogu Biti Prepreka Za Operaciju Nosa?<\/a>\n\t\t\t\t\t<\/h5>\n\t\t\t\t\t\t\t\t\t\t<div class=\"is-divider\"><\/div>\n\t\t\t\t\t                    \n\t\t\t\t\t\t\t\t\t\t\t<a href=\"https:\/\/www.alevcamcioglu.com\/sr\/koji-faktori-mogu-biti-prepreka-za-operaciju-nosa\/\" class=\"button primary is-outline is-small mb-0\">\n\t\t\t\t\t\t\tContinue Reading\t\t\t\t\t\t<\/a>\n\t\t\t\t\t\n\t\t\t\t\t\n\t\t\t\t\t<\/div>\n\t\t\t\t\t<\/div>\n\t\t\t\t\t\t\t\t\t\t\t\t\t\t\t\t<div class=\"badge absolute top post-date badge-circle\">\n\t\t\t\t\t\t\t<div class=\"badge-inner\">\n\t\t\t\t\t\t\t\t<span class=\"post-date-day\">13<\/span><br>\n\t\t\t\t\t\t\t\t<span class=\"post-date-month is-xsmall\">\u0430\u0432\u0433<\/span>\n\t\t\t\t\t\t\t<\/div>\n\t\t\t\t\t\t<\/div>\n\t\t\t\t\t\t\t\t\t<\/div>\n\t\t\t<\/div>\n\t\t<\/div><div class=\"col post-item\" >\n\t\t\t<div class=\"col-inner\">\n\t\t\t\t<div class=\"box box-push box-text-bottom box-blog-post has-hover\">\n            \t\t\t\t\t<div class=\"box-image\" >\n  \t\t\t\t\t\t<div class=\"image-cover\" style=\"padding-top:100%;\">\n\t\t\t\t\t\t\t<a href=\"https:\/\/www.alevcamcioglu.com\/sr\/kada-se-povlace-modrice-nakon-operacije-nosa\/\" class=\"plain\" aria-label=\"Kada Se Povla\u010de Modrice Nakon Operacije Nosa?\">\n\t\t\t\t\t\t\t\t<img decoding=\"async\" width=\"1140\" height=\"500\" src=\"https:\/\/www.alevcamcioglu.com\/wp-content\/uploads\/2024\/08\/Rinoplasti-Sonrasi-Morluklar-Ne-Zaman-Iyilesir.jpg\" class=\"attachment-2048x2048 size-2048x2048 wp-post-image\" alt=\"\" srcset=\"https:\/\/www.alevcamcioglu.com\/wp-content\/uploads\/2024\/08\/Rinoplasti-Sonrasi-Morluklar-Ne-Zaman-Iyilesir.jpg 1140w, https:\/\/www.alevcamcioglu.com\/wp-content\/uploads\/2024\/08\/Rinoplasti-Sonrasi-Morluklar-Ne-Zaman-Iyilesir-300x132.jpg 300w, https:\/\/www.alevcamcioglu.com\/wp-content\/uploads\/2024\/08\/Rinoplasti-Sonrasi-Morluklar-Ne-Zaman-Iyilesir-1024x449.jpg 1024w, https:\/\/www.alevcamcioglu.com\/wp-content\/uploads\/2024\/08\/Rinoplasti-Sonrasi-Morluklar-Ne-Zaman-Iyilesir-768x337.jpg 768w, https:\/\/www.alevcamcioglu.com\/wp-content\/uploads\/2024\/08\/Rinoplasti-Sonrasi-Morluklar-Ne-Zaman-Iyilesir-370x162.jpg 370w, https:\/\/www.alevcamcioglu.com\/wp-content\/uploads\/2024\/08\/Rinoplasti-Sonrasi-Morluklar-Ne-Zaman-Iyilesir-760x333.jpg 760w\" sizes=\"(max-width: 1140px) 100vw, 1140px\" title=\"\">\t\t\t\t\t\t\t<\/a>\n  \t\t\t\t\t\t\t  \t\t\t\t\t\t\t  \t\t\t\t\t\t<\/div>\n  \t\t\t\t\t\t  \t\t\t\t\t<\/div>\n          \t\t\t\t\t<div class=\"box-text text-center\" >\n\t\t\t\t\t<div class=\"box-text-inner blog-post-inner\">\n\n\t\t\t\t\t\n\t\t\t\t\t\t\t\t\t\t<h5 class=\"post-title is-large \">\n\t\t\t\t\t\t<a href=\"https:\/\/www.alevcamcioglu.com\/sr\/kada-se-povlace-modrice-nakon-operacije-nosa\/\" class=\"plain\">Kada Se Povla\u010de Modrice Nakon Operacije Nosa?<\/a>\n\t\t\t\t\t<\/h5>\n\t\t\t\t\t\t\t\t\t\t<div class=\"is-divider\"><\/div>\n\t\t\t\t\t                    \n\t\t\t\t\t\t\t\t\t\t\t<a href=\"https:\/\/www.alevcamcioglu.com\/sr\/kada-se-povlace-modrice-nakon-operacije-nosa\/\" class=\"button primary is-outline is-small mb-0\">\n\t\t\t\t\t\t\tContinue Reading\t\t\t\t\t\t<\/a>\n\t\t\t\t\t\n\t\t\t\t\t\n\t\t\t\t\t<\/div>\n\t\t\t\t\t<\/div>\n\t\t\t\t\t\t\t\t\t\t\t\t\t\t\t\t<div class=\"badge absolute top post-date badge-circle\">\n\t\t\t\t\t\t\t<div class=\"badge-inner\">\n\t\t\t\t\t\t\t\t<span class=\"post-date-day\">13<\/span><br>\n\t\t\t\t\t\t\t\t<span class=\"post-date-month is-xsmall\">\u0430\u0432\u0433<\/span>\n\t\t\t\t\t\t\t<\/div>\n\t\t\t\t\t\t<\/div>\n\t\t\t\t\t\t\t\t\t<\/div>\n\t\t\t<\/div>\n\t\t<\/div><div class=\"col post-item\" >\n\t\t\t<div class=\"col-inner\">\n\t\t\t\t<div class=\"box box-push box-text-bottom box-blog-post has-hover\">\n            \t\t\t\t\t<div class=\"box-image\" >\n  \t\t\t\t\t\t<div class=\"image-cover\" style=\"padding-top:100%;\">\n\t\t\t\t\t\t\t<a href=\"https:\/\/www.alevcamcioglu.com\/sr\/upotreba-fiksatora-i-tampona-u-estetici-nosa\/\" class=\"plain\" aria-label=\"Upotreba Fiksatora i Tampona u Estetici Nosa\">\n\t\t\t\t\t\t\t\t<img decoding=\"async\" width=\"1140\" height=\"500\" src=\"https:\/\/www.alevcamcioglu.com\/wp-content\/uploads\/2024\/08\/Burun-Estetiginde-Atel-ve-Tampon-Kullanimi.jpg\" class=\"attachment-2048x2048 size-2048x2048 wp-post-image\" alt=\"\" srcset=\"https:\/\/www.alevcamcioglu.com\/wp-content\/uploads\/2024\/08\/Burun-Estetiginde-Atel-ve-Tampon-Kullanimi.jpg 1140w, https:\/\/www.alevcamcioglu.com\/wp-content\/uploads\/2024\/08\/Burun-Estetiginde-Atel-ve-Tampon-Kullanimi-300x132.jpg 300w, https:\/\/www.alevcamcioglu.com\/wp-content\/uploads\/2024\/08\/Burun-Estetiginde-Atel-ve-Tampon-Kullanimi-1024x449.jpg 1024w, https:\/\/www.alevcamcioglu.com\/wp-content\/uploads\/2024\/08\/Burun-Estetiginde-Atel-ve-Tampon-Kullanimi-768x337.jpg 768w, https:\/\/www.alevcamcioglu.com\/wp-content\/uploads\/2024\/08\/Burun-Estetiginde-Atel-ve-Tampon-Kullanimi-370x162.jpg 370w, https:\/\/www.alevcamcioglu.com\/wp-content\/uploads\/2024\/08\/Burun-Estetiginde-Atel-ve-Tampon-Kullanimi-760x333.jpg 760w\" sizes=\"(max-width: 1140px) 100vw, 1140px\" title=\"\">\t\t\t\t\t\t\t<\/a>\n  \t\t\t\t\t\t\t  \t\t\t\t\t\t\t  \t\t\t\t\t\t<\/div>\n  \t\t\t\t\t\t  \t\t\t\t\t<\/div>\n          \t\t\t\t\t<div class=\"box-text text-center\" >\n\t\t\t\t\t<div class=\"box-text-inner blog-post-inner\">\n\n\t\t\t\t\t\n\t\t\t\t\t\t\t\t\t\t<h5 class=\"post-title is-large \">\n\t\t\t\t\t\t<a href=\"https:\/\/www.alevcamcioglu.com\/sr\/upotreba-fiksatora-i-tampona-u-estetici-nosa\/\" class=\"plain\">Upotreba Fiksatora i Tampona u Estetici Nosa<\/a>\n\t\t\t\t\t<\/h5>\n\t\t\t\t\t\t\t\t\t\t<div class=\"is-divider\"><\/div>\n\t\t\t\t\t                    \n\t\t\t\t\t\t\t\t\t\t\t<a href=\"https:\/\/www.alevcamcioglu.com\/sr\/upotreba-fiksatora-i-tampona-u-estetici-nosa\/\" class=\"button primary is-outline is-small mb-0\">\n\t\t\t\t\t\t\tContinue Reading\t\t\t\t\t\t<\/a>\n\t\t\t\t\t\n\t\t\t\t\t\n\t\t\t\t\t<\/div>\n\t\t\t\t\t<\/div>\n\t\t\t\t\t\t\t\t\t\t\t\t\t\t\t\t<div class=\"badge absolute top post-date badge-circle\">\n\t\t\t\t\t\t\t<div class=\"badge-inner\">\n\t\t\t\t\t\t\t\t<span class=\"post-date-day\">13<\/span><br>\n\t\t\t\t\t\t\t\t<span class=\"post-date-month is-xsmall\">\u0430\u0432\u0433<\/span>\n\t\t\t\t\t\t\t<\/div>\n\t\t\t\t\t\t<\/div>\n\t\t\t\t\t\t\t\t\t<\/div>\n\t\t\t<\/div>\n\t\t<\/div><div class=\"col post-item\" >\n\t\t\t<div class=\"col-inner\">\n\t\t\t\t<div class=\"box box-push box-text-bottom box-blog-post has-hover\">\n            \t\t\t\t\t<div class=\"box-image\" >\n  \t\t\t\t\t\t<div class=\"image-cover\" style=\"padding-top:100%;\">\n\t\t\t\t\t\t\t<a href=\"https:\/\/www.alevcamcioglu.com\/sr\/da-li-je-moguce-izvesti-operaciju-estetike-nosa-dok-nosite-aparatic-za-zube\/\" class=\"plain\" aria-label=\"Da li je Mogu\u0107e Izvesti Operaciju Estetike Nosa Dok Nosite Aparati\u0107 za Zube?\">\n\t\t\t\t\t\t\t\t<img decoding=\"async\" width=\"1140\" height=\"500\" src=\"https:\/\/www.alevcamcioglu.com\/wp-content\/uploads\/2024\/07\/Dis-Teli-Varken-Burun-Estetigi-Ameliyati-Yapilir-Mi.jpg\" class=\"attachment-2048x2048 size-2048x2048 wp-post-image\" alt=\"\" srcset=\"https:\/\/www.alevcamcioglu.com\/wp-content\/uploads\/2024\/07\/Dis-Teli-Varken-Burun-Estetigi-Ameliyati-Yapilir-Mi.jpg 1140w, https:\/\/www.alevcamcioglu.com\/wp-content\/uploads\/2024\/07\/Dis-Teli-Varken-Burun-Estetigi-Ameliyati-Yapilir-Mi-300x132.jpg 300w, https:\/\/www.alevcamcioglu.com\/wp-content\/uploads\/2024\/07\/Dis-Teli-Varken-Burun-Estetigi-Ameliyati-Yapilir-Mi-1024x449.jpg 1024w, https:\/\/www.alevcamcioglu.com\/wp-content\/uploads\/2024\/07\/Dis-Teli-Varken-Burun-Estetigi-Ameliyati-Yapilir-Mi-768x337.jpg 768w, https:\/\/www.alevcamcioglu.com\/wp-content\/uploads\/2024\/07\/Dis-Teli-Varken-Burun-Estetigi-Ameliyati-Yapilir-Mi-370x162.jpg 370w, https:\/\/www.alevcamcioglu.com\/wp-content\/uploads\/2024\/07\/Dis-Teli-Varken-Burun-Estetigi-Ameliyati-Yapilir-Mi-760x333.jpg 760w\" sizes=\"(max-width: 1140px) 100vw, 1140px\" title=\"\">\t\t\t\t\t\t\t<\/a>\n  \t\t\t\t\t\t\t  \t\t\t\t\t\t\t  \t\t\t\t\t\t<\/div>\n  \t\t\t\t\t\t  \t\t\t\t\t<\/div>\n          \t\t\t\t\t<div class=\"box-text text-center\" >\n\t\t\t\t\t<div class=\"box-text-inner blog-post-inner\">\n\n\t\t\t\t\t\n\t\t\t\t\t\t\t\t\t\t<h5 class=\"post-title is-large \">\n\t\t\t\t\t\t<a href=\"https:\/\/www.alevcamcioglu.com\/sr\/da-li-je-moguce-izvesti-operaciju-estetike-nosa-dok-nosite-aparatic-za-zube\/\" class=\"plain\">Da li je Mogu\u0107e Izvesti Operaciju Estetike Nosa Dok Nosite Aparati\u0107 za Zube?<\/a>\n\t\t\t\t\t<\/h5>\n\t\t\t\t\t\t\t\t\t\t<div class=\"is-divider\"><\/div>\n\t\t\t\t\t                    \n\t\t\t\t\t\t\t\t\t\t\t<a href=\"https:\/\/www.alevcamcioglu.com\/sr\/da-li-je-moguce-izvesti-operaciju-estetike-nosa-dok-nosite-aparatic-za-zube\/\" class=\"button primary is-outline is-small mb-0\">\n\t\t\t\t\t\t\tContinue Reading\t\t\t\t\t\t<\/a>\n\t\t\t\t\t\n\t\t\t\t\t\n\t\t\t\t\t<\/div>\n\t\t\t\t\t<\/div>\n\t\t\t\t\t\t\t\t\t\t\t\t\t\t\t\t<div class=\"badge absolute top post-date badge-circle\">\n\t\t\t\t\t\t\t<div class=\"badge-inner\">\n\t\t\t\t\t\t\t\t<span class=\"post-date-day\">29<\/span><br>\n\t\t\t\t\t\t\t\t<span class=\"post-date-month is-xsmall\">\u0458\u0443\u043b<\/span>\n\t\t\t\t\t\t\t<\/div>\n\t\t\t\t\t\t<\/div>\n\t\t\t\t\t\t\t\t\t<\/div>\n\t\t\t<\/div>\n\t\t<\/div><div class=\"col post-item\" >\n\t\t\t<div class=\"col-inner\">\n\t\t\t\t<div class=\"box box-push box-text-bottom box-blog-post has-hover\">\n            \t\t\t\t\t<div class=\"box-image\" >\n  \t\t\t\t\t\t<div class=\"image-cover\" style=\"padding-top:100%;\">\n\t\t\t\t\t\t\t<a href=\"https:\/\/www.alevcamcioglu.com\/sr\/operacija-priraslica-unutar-nosa\/\" class=\"plain\" aria-label=\"Operacija Priraslica Unutar Nosa\">\n\t\t\t\t\t\t\t\t<img decoding=\"async\" width=\"1140\" height=\"500\" src=\"https:\/\/www.alevcamcioglu.com\/wp-content\/uploads\/2024\/07\/Burun-Ici-Yapisiklik-Ameliyati.jpg\" class=\"attachment-2048x2048 size-2048x2048 wp-post-image\" alt=\"\" srcset=\"https:\/\/www.alevcamcioglu.com\/wp-content\/uploads\/2024\/07\/Burun-Ici-Yapisiklik-Ameliyati.jpg 1140w, https:\/\/www.alevcamcioglu.com\/wp-content\/uploads\/2024\/07\/Burun-Ici-Yapisiklik-Ameliyati-300x132.jpg 300w, https:\/\/www.alevcamcioglu.com\/wp-content\/uploads\/2024\/07\/Burun-Ici-Yapisiklik-Ameliyati-1024x449.jpg 1024w, https:\/\/www.alevcamcioglu.com\/wp-content\/uploads\/2024\/07\/Burun-Ici-Yapisiklik-Ameliyati-768x337.jpg 768w, https:\/\/www.alevcamcioglu.com\/wp-content\/uploads\/2024\/07\/Burun-Ici-Yapisiklik-Ameliyati-370x162.jpg 370w, https:\/\/www.alevcamcioglu.com\/wp-content\/uploads\/2024\/07\/Burun-Ici-Yapisiklik-Ameliyati-760x333.jpg 760w\" sizes=\"(max-width: 1140px) 100vw, 1140px\" title=\"\">\t\t\t\t\t\t\t<\/a>\n  \t\t\t\t\t\t\t  \t\t\t\t\t\t\t  \t\t\t\t\t\t<\/div>\n  \t\t\t\t\t\t  \t\t\t\t\t<\/div>\n          \t\t\t\t\t<div class=\"box-text text-center\" >\n\t\t\t\t\t<div class=\"box-text-inner blog-post-inner\">\n\n\t\t\t\t\t\n\t\t\t\t\t\t\t\t\t\t<h5 class=\"post-title is-large \">\n\t\t\t\t\t\t<a href=\"https:\/\/www.alevcamcioglu.com\/sr\/operacija-priraslica-unutar-nosa\/\" class=\"plain\">Operacija Priraslica Unutar Nosa<\/a>\n\t\t\t\t\t<\/h5>\n\t\t\t\t\t\t\t\t\t\t<div class=\"is-divider\"><\/div>\n\t\t\t\t\t                    \n\t\t\t\t\t\t\t\t\t\t\t<a href=\"https:\/\/www.alevcamcioglu.com\/sr\/operacija-priraslica-unutar-nosa\/\" class=\"button primary is-outline is-small mb-0\">\n\t\t\t\t\t\t\tContinue Reading\t\t\t\t\t\t<\/a>\n\t\t\t\t\t\n\t\t\t\t\t\n\t\t\t\t\t<\/div>\n\t\t\t\t\t<\/div>\n\t\t\t\t\t\t\t\t\t\t\t\t\t\t\t\t<div class=\"badge absolute top post-date badge-circle\">\n\t\t\t\t\t\t\t<div class=\"badge-inner\">\n\t\t\t\t\t\t\t\t<span class=\"post-date-day\">29<\/span><br>\n\t\t\t\t\t\t\t\t<span class=\"post-date-month is-xsmall\">\u0458\u0443\u043b<\/span>\n\t\t\t\t\t\t\t<\/div>\n\t\t\t\t\t\t<\/div>\n\t\t\t\t\t\t\t\t\t<\/div>\n\t\t\t<\/div>\n\t\t<\/div><div class=\"col post-item\" >\n\t\t\t<div class=\"col-inner\">\n\t\t\t\t<div class=\"box box-push box-text-bottom box-blog-post has-hover\">\n            \t\t\t\t\t<div class=\"box-image\" >\n  \t\t\t\t\t\t<div class=\"image-cover\" style=\"padding-top:100%;\">\n\t\t\t\t\t\t\t<a href=\"https:\/\/www.alevcamcioglu.com\/sr\/da-li-je-moguce-raditi-rinoplastiku-tokom-letnjeg-perioda\/\" class=\"plain\" aria-label=\"Da li je mogu\u0107e raditi rinoplastiku tokom letnjeg perioda?\">\n\t\t\t\t\t\t\t\t<img decoding=\"async\" width=\"1140\" height=\"500\" src=\"https:\/\/www.alevcamcioglu.com\/wp-content\/uploads\/2024\/07\/Yaz-Doneminde-Burun-Estetigi-Olur-Mu.jpg\" class=\"attachment-2048x2048 size-2048x2048 wp-post-image\" alt=\"\" srcset=\"https:\/\/www.alevcamcioglu.com\/wp-content\/uploads\/2024\/07\/Yaz-Doneminde-Burun-Estetigi-Olur-Mu.jpg 1140w, https:\/\/www.alevcamcioglu.com\/wp-content\/uploads\/2024\/07\/Yaz-Doneminde-Burun-Estetigi-Olur-Mu-300x132.jpg 300w, https:\/\/www.alevcamcioglu.com\/wp-content\/uploads\/2024\/07\/Yaz-Doneminde-Burun-Estetigi-Olur-Mu-1024x449.jpg 1024w, https:\/\/www.alevcamcioglu.com\/wp-content\/uploads\/2024\/07\/Yaz-Doneminde-Burun-Estetigi-Olur-Mu-768x337.jpg 768w, https:\/\/www.alevcamcioglu.com\/wp-content\/uploads\/2024\/07\/Yaz-Doneminde-Burun-Estetigi-Olur-Mu-370x162.jpg 370w, https:\/\/www.alevcamcioglu.com\/wp-content\/uploads\/2024\/07\/Yaz-Doneminde-Burun-Estetigi-Olur-Mu-760x333.jpg 760w\" sizes=\"(max-width: 1140px) 100vw, 1140px\" title=\"\">\t\t\t\t\t\t\t<\/a>\n  \t\t\t\t\t\t\t  \t\t\t\t\t\t\t  \t\t\t\t\t\t<\/div>\n  \t\t\t\t\t\t  \t\t\t\t\t<\/div>\n          \t\t\t\t\t<div class=\"box-text text-center\" >\n\t\t\t\t\t<div class=\"box-text-inner blog-post-inner\">\n\n\t\t\t\t\t\n\t\t\t\t\t\t\t\t\t\t<h5 class=\"post-title is-large \">\n\t\t\t\t\t\t<a href=\"https:\/\/www.alevcamcioglu.com\/sr\/da-li-je-moguce-raditi-rinoplastiku-tokom-letnjeg-perioda\/\" class=\"plain\">Da li je mogu\u0107e raditi rinoplastiku tokom letnjeg perioda?<\/a>\n\t\t\t\t\t<\/h5>\n\t\t\t\t\t\t\t\t\t\t<div class=\"is-divider\"><\/div>\n\t\t\t\t\t                    \n\t\t\t\t\t\t\t\t\t\t\t<a href=\"https:\/\/www.alevcamcioglu.com\/sr\/da-li-je-moguce-raditi-rinoplastiku-tokom-letnjeg-perioda\/\" class=\"button primary is-outline is-small mb-0\">\n\t\t\t\t\t\t\tContinue Reading\t\t\t\t\t\t<\/a>\n\t\t\t\t\t\n\t\t\t\t\t\n\t\t\t\t\t<\/div>\n\t\t\t\t\t<\/div>\n\t\t\t\t\t\t\t\t\t\t\t\t\t\t\t\t<div class=\"badge absolute top post-date badge-circle\">\n\t\t\t\t\t\t\t<div class=\"badge-inner\">\n\t\t\t\t\t\t\t\t<span class=\"post-date-day\">29<\/span><br>\n\t\t\t\t\t\t\t\t<span class=\"post-date-month is-xsmall\">\u0458\u0443\u043b<\/span>\n\t\t\t\t\t\t\t<\/div>\n\t\t\t\t\t\t<\/div>\n\t\t\t\t\t\t\t\t\t<\/div>\n\t\t\t<\/div>\n\t\t<\/div><div class=\"col post-item\" >\n\t\t\t<div class=\"col-inner\">\n\t\t\t\t<div class=\"box box-push box-text-bottom box-blog-post has-hover\">\n            \t\t\t\t\t<div class=\"box-image\" >\n  \t\t\t\t\t\t<div class=\"image-cover\" style=\"padding-top:100%;\">\n\t\t\t\t\t\t\t<a href=\"https:\/\/www.alevcamcioglu.com\/sr\/da-li-je-moguce-ispraviti-grbu-na-nosu-vezbama\/\" class=\"plain\" aria-label=\"Da li je mogu\u0107e ispraviti grbu na nosu ve\u017ebama?\">\n\t\t\t\t\t\t\t\t<img decoding=\"async\" width=\"1140\" height=\"500\" src=\"https:\/\/www.alevcamcioglu.com\/wp-content\/uploads\/2024\/07\/Egzersiz-ile-Burun-Kemeri-Duzeltilebilir-Mi.jpg\" class=\"attachment-2048x2048 size-2048x2048 wp-post-image\" alt=\"\" srcset=\"https:\/\/www.alevcamcioglu.com\/wp-content\/uploads\/2024\/07\/Egzersiz-ile-Burun-Kemeri-Duzeltilebilir-Mi.jpg 1140w, https:\/\/www.alevcamcioglu.com\/wp-content\/uploads\/2024\/07\/Egzersiz-ile-Burun-Kemeri-Duzeltilebilir-Mi-300x132.jpg 300w, https:\/\/www.alevcamcioglu.com\/wp-content\/uploads\/2024\/07\/Egzersiz-ile-Burun-Kemeri-Duzeltilebilir-Mi-1024x449.jpg 1024w, https:\/\/www.alevcamcioglu.com\/wp-content\/uploads\/2024\/07\/Egzersiz-ile-Burun-Kemeri-Duzeltilebilir-Mi-768x337.jpg 768w, https:\/\/www.alevcamcioglu.com\/wp-content\/uploads\/2024\/07\/Egzersiz-ile-Burun-Kemeri-Duzeltilebilir-Mi-370x162.jpg 370w, https:\/\/www.alevcamcioglu.com\/wp-content\/uploads\/2024\/07\/Egzersiz-ile-Burun-Kemeri-Duzeltilebilir-Mi-760x333.jpg 760w\" sizes=\"(max-width: 1140px) 100vw, 1140px\" title=\"\">\t\t\t\t\t\t\t<\/a>\n  \t\t\t\t\t\t\t  \t\t\t\t\t\t\t  \t\t\t\t\t\t<\/div>\n  \t\t\t\t\t\t  \t\t\t\t\t<\/div>\n          \t\t\t\t\t<div class=\"box-text text-center\" >\n\t\t\t\t\t<div class=\"box-text-inner blog-post-inner\">\n\n\t\t\t\t\t\n\t\t\t\t\t\t\t\t\t\t<h5 class=\"post-title is-large \">\n\t\t\t\t\t\t<a href=\"https:\/\/www.alevcamcioglu.com\/sr\/da-li-je-moguce-ispraviti-grbu-na-nosu-vezbama\/\" class=\"plain\">Da li je mogu\u0107e ispraviti grbu na nosu ve\u017ebama?<\/a>\n\t\t\t\t\t<\/h5>\n\t\t\t\t\t\t\t\t\t\t<div class=\"is-divider\"><\/div>\n\t\t\t\t\t                    \n\t\t\t\t\t\t\t\t\t\t\t<a href=\"https:\/\/www.alevcamcioglu.com\/sr\/da-li-je-moguce-ispraviti-grbu-na-nosu-vezbama\/\" class=\"button primary is-outline is-small mb-0\">\n\t\t\t\t\t\t\tContinue Reading\t\t\t\t\t\t<\/a>\n\t\t\t\t\t\n\t\t\t\t\t\n\t\t\t\t\t<\/div>\n\t\t\t\t\t<\/div>\n\t\t\t\t\t\t\t\t\t\t\t\t\t\t\t\t<div class=\"badge absolute top post-date badge-circle\">\n\t\t\t\t\t\t\t<div class=\"badge-inner\">\n\t\t\t\t\t\t\t\t<span class=\"post-date-day\">29<\/span><br>\n\t\t\t\t\t\t\t\t<span class=\"post-date-month is-xsmall\">\u0458\u0443\u043b<\/span>\n\t\t\t\t\t\t\t<\/div>\n\t\t\t\t\t\t<\/div>\n\t\t\t\t\t\t\t\t\t<\/div>\n\t\t\t<\/div>\n\t\t<\/div><div class=\"col post-item\" >\n\t\t\t<div class=\"col-inner\">\n\t\t\t\t<div class=\"box box-push box-text-bottom box-blog-post has-hover\">\n            \t\t\t\t\t<div class=\"box-image\" >\n  \t\t\t\t\t\t<div class=\"image-cover\" style=\"padding-top:100%;\">\n\t\t\t\t\t\t\t<a href=\"https:\/\/www.alevcamcioglu.com\/sr\/da-li-se-moze-pojaviti-kolaps-nosa-nakon-operacije\/\" class=\"plain\" aria-label=\"Da li se mo\u017ee pojaviti kolaps nosa nakon operacije?\">\n\t\t\t\t\t\t\t\t<img decoding=\"async\" width=\"1140\" height=\"500\" src=\"https:\/\/www.alevcamcioglu.com\/wp-content\/uploads\/2024\/07\/Burun-Ameliyati-Sonrasi-Burunda-Cokme-Meydana-Gelir-Mi.jpg\" class=\"attachment-2048x2048 size-2048x2048 wp-post-image\" alt=\"\" srcset=\"https:\/\/www.alevcamcioglu.com\/wp-content\/uploads\/2024\/07\/Burun-Ameliyati-Sonrasi-Burunda-Cokme-Meydana-Gelir-Mi.jpg 1140w, https:\/\/www.alevcamcioglu.com\/wp-content\/uploads\/2024\/07\/Burun-Ameliyati-Sonrasi-Burunda-Cokme-Meydana-Gelir-Mi-300x132.jpg 300w, https:\/\/www.alevcamcioglu.com\/wp-content\/uploads\/2024\/07\/Burun-Ameliyati-Sonrasi-Burunda-Cokme-Meydana-Gelir-Mi-1024x449.jpg 1024w, https:\/\/www.alevcamcioglu.com\/wp-content\/uploads\/2024\/07\/Burun-Ameliyati-Sonrasi-Burunda-Cokme-Meydana-Gelir-Mi-768x337.jpg 768w, https:\/\/www.alevcamcioglu.com\/wp-content\/uploads\/2024\/07\/Burun-Ameliyati-Sonrasi-Burunda-Cokme-Meydana-Gelir-Mi-370x162.jpg 370w, https:\/\/www.alevcamcioglu.com\/wp-content\/uploads\/2024\/07\/Burun-Ameliyati-Sonrasi-Burunda-Cokme-Meydana-Gelir-Mi-760x333.jpg 760w\" sizes=\"(max-width: 1140px) 100vw, 1140px\" title=\"\">\t\t\t\t\t\t\t<\/a>\n  \t\t\t\t\t\t\t  \t\t\t\t\t\t\t  \t\t\t\t\t\t<\/div>\n  \t\t\t\t\t\t  \t\t\t\t\t<\/div>\n          \t\t\t\t\t<div class=\"box-text text-center\" >\n\t\t\t\t\t<div class=\"box-text-inner blog-post-inner\">\n\n\t\t\t\t\t\n\t\t\t\t\t\t\t\t\t\t<h5 class=\"post-title is-large \">\n\t\t\t\t\t\t<a href=\"https:\/\/www.alevcamcioglu.com\/sr\/da-li-se-moze-pojaviti-kolaps-nosa-nakon-operacije\/\" class=\"plain\">Da li se mo\u017ee pojaviti kolaps nosa nakon operacije?<\/a>\n\t\t\t\t\t<\/h5>\n\t\t\t\t\t\t\t\t\t\t<div class=\"is-divider\"><\/div>\n\t\t\t\t\t                    \n\t\t\t\t\t\t\t\t\t\t\t<a href=\"https:\/\/www.alevcamcioglu.com\/sr\/da-li-se-moze-pojaviti-kolaps-nosa-nakon-operacije\/\" class=\"button primary is-outline is-small mb-0\">\n\t\t\t\t\t\t\tContinue Reading\t\t\t\t\t\t<\/a>\n\t\t\t\t\t\n\t\t\t\t\t\n\t\t\t\t\t<\/div>\n\t\t\t\t\t<\/div>\n\t\t\t\t\t\t\t\t\t\t\t\t\t\t\t\t<div class=\"badge absolute top post-date badge-circle\">\n\t\t\t\t\t\t\t<div class=\"badge-inner\">\n\t\t\t\t\t\t\t\t<span class=\"post-date-day\">29<\/span><br>\n\t\t\t\t\t\t\t\t<span class=\"post-date-month is-xsmall\">\u0458\u0443\u043b<\/span>\n\t\t\t\t\t\t\t<\/div>\n\t\t\t\t\t\t<\/div>\n\t\t\t\t\t\t\t\t\t<\/div>\n\t\t\t<\/div>\n\t\t<\/div><div class=\"col post-item\" >\n\t\t\t<div class=\"col-inner\">\n\t\t\t\t<div class=\"box box-push box-text-bottom box-blog-post has-hover\">\n            \t\t\t\t\t<div class=\"box-image\" >\n  \t\t\t\t\t\t<div class=\"image-cover\" style=\"padding-top:100%;\">\n\t\t\t\t\t\t\t<a href=\"https:\/\/www.alevcamcioglu.com\/sr\/da-li-moze-doci-do-kolapsa-nosa-nakon-operacije-kod-osoba-sa-masnom-i-suvom-kozom\/\" class=\"plain\" aria-label=\"Da li mo\u017ee do\u0107i do kolapsa nosa nakon operacije kod osoba sa masnom i suvom ko\u017eom?\">\n\t\t\t\t\t\t\t\t<img decoding=\"async\" width=\"1140\" height=\"500\" src=\"https:\/\/www.alevcamcioglu.com\/wp-content\/uploads\/2024\/07\/Yagli-Derili-ve-Kuru-Derili-Burun-Ameliyati.jpg\" class=\"attachment-2048x2048 size-2048x2048 wp-post-image\" alt=\"\" srcset=\"https:\/\/www.alevcamcioglu.com\/wp-content\/uploads\/2024\/07\/Yagli-Derili-ve-Kuru-Derili-Burun-Ameliyati.jpg 1140w, https:\/\/www.alevcamcioglu.com\/wp-content\/uploads\/2024\/07\/Yagli-Derili-ve-Kuru-Derili-Burun-Ameliyati-300x132.jpg 300w, https:\/\/www.alevcamcioglu.com\/wp-content\/uploads\/2024\/07\/Yagli-Derili-ve-Kuru-Derili-Burun-Ameliyati-1024x449.jpg 1024w, https:\/\/www.alevcamcioglu.com\/wp-content\/uploads\/2024\/07\/Yagli-Derili-ve-Kuru-Derili-Burun-Ameliyati-768x337.jpg 768w, https:\/\/www.alevcamcioglu.com\/wp-content\/uploads\/2024\/07\/Yagli-Derili-ve-Kuru-Derili-Burun-Ameliyati-370x162.jpg 370w, https:\/\/www.alevcamcioglu.com\/wp-content\/uploads\/2024\/07\/Yagli-Derili-ve-Kuru-Derili-Burun-Ameliyati-760x333.jpg 760w\" sizes=\"(max-width: 1140px) 100vw, 1140px\" title=\"\">\t\t\t\t\t\t\t<\/a>\n  \t\t\t\t\t\t\t  \t\t\t\t\t\t\t  \t\t\t\t\t\t<\/div>\n  \t\t\t\t\t\t  \t\t\t\t\t<\/div>\n          \t\t\t\t\t<div class=\"box-text text-center\" >\n\t\t\t\t\t<div class=\"box-text-inner blog-post-inner\">\n\n\t\t\t\t\t\n\t\t\t\t\t\t\t\t\t\t<h5 class=\"post-title is-large \">\n\t\t\t\t\t\t<a href=\"https:\/\/www.alevcamcioglu.com\/sr\/da-li-moze-doci-do-kolapsa-nosa-nakon-operacije-kod-osoba-sa-masnom-i-suvom-kozom\/\" class=\"plain\">Da li mo\u017ee do\u0107i do kolapsa nosa nakon operacije kod osoba sa masnom i suvom ko\u017eom?<\/a>\n\t\t\t\t\t<\/h5>\n\t\t\t\t\t\t\t\t\t\t<div class=\"is-divider\"><\/div>\n\t\t\t\t\t                    \n\t\t\t\t\t\t\t\t\t\t\t<a href=\"https:\/\/www.alevcamcioglu.com\/sr\/da-li-moze-doci-do-kolapsa-nosa-nakon-operacije-kod-osoba-sa-masnom-i-suvom-kozom\/\" class=\"button primary is-outline is-small mb-0\">\n\t\t\t\t\t\t\tContinue Reading\t\t\t\t\t\t<\/a>\n\t\t\t\t\t\n\t\t\t\t\t\n\t\t\t\t\t<\/div>\n\t\t\t\t\t<\/div>\n\t\t\t\t\t\t\t\t\t\t\t\t\t\t\t\t<div class=\"badge absolute top post-date badge-circle\">\n\t\t\t\t\t\t\t<div class=\"badge-inner\">\n\t\t\t\t\t\t\t\t<span class=\"post-date-day\">29<\/span><br>\n\t\t\t\t\t\t\t\t<span class=\"post-date-month is-xsmall\">\u0458\u0443\u043b<\/span>\n\t\t\t\t\t\t\t<\/div>\n\t\t\t\t\t\t<\/div>\n\t\t\t\t\t\t\t\t\t<\/div>\n\t\t\t<\/div>\n\t\t<\/div><div class=\"col post-item\" >\n\t\t\t<div class=\"col-inner\">\n\t\t\t\t<div class=\"box box-push box-text-bottom box-blog-post has-hover\">\n            \t\t\t\t\t<div class=\"box-image\" >\n  \t\t\t\t\t\t<div class=\"image-cover\" style=\"padding-top:100%;\">\n\t\t\t\t\t\t\t<a href=\"https:\/\/www.alevcamcioglu.com\/sr\/da-li-je-moguca-operacija-nosa-tokom-perioda-dojenja\/\" class=\"plain\" aria-label=\"Da li je mogu\u0107a operacija nosa tokom perioda dojenja?\">\n\t\t\t\t\t\t\t\t<img decoding=\"async\" width=\"1140\" height=\"500\" src=\"https:\/\/www.alevcamcioglu.com\/wp-content\/uploads\/2024\/07\/Emzirme-Doneminde-Burun-Estetigi-Mumkun-Mudur.jpg\" class=\"attachment-2048x2048 size-2048x2048 wp-post-image\" alt=\"\" srcset=\"https:\/\/www.alevcamcioglu.com\/wp-content\/uploads\/2024\/07\/Emzirme-Doneminde-Burun-Estetigi-Mumkun-Mudur.jpg 1140w, https:\/\/www.alevcamcioglu.com\/wp-content\/uploads\/2024\/07\/Emzirme-Doneminde-Burun-Estetigi-Mumkun-Mudur-300x132.jpg 300w, https:\/\/www.alevcamcioglu.com\/wp-content\/uploads\/2024\/07\/Emzirme-Doneminde-Burun-Estetigi-Mumkun-Mudur-1024x449.jpg 1024w, https:\/\/www.alevcamcioglu.com\/wp-content\/uploads\/2024\/07\/Emzirme-Doneminde-Burun-Estetigi-Mumkun-Mudur-768x337.jpg 768w, https:\/\/www.alevcamcioglu.com\/wp-content\/uploads\/2024\/07\/Emzirme-Doneminde-Burun-Estetigi-Mumkun-Mudur-370x162.jpg 370w, https:\/\/www.alevcamcioglu.com\/wp-content\/uploads\/2024\/07\/Emzirme-Doneminde-Burun-Estetigi-Mumkun-Mudur-760x333.jpg 760w\" sizes=\"(max-width: 1140px) 100vw, 1140px\" title=\"\">\t\t\t\t\t\t\t<\/a>\n  \t\t\t\t\t\t\t  \t\t\t\t\t\t\t  \t\t\t\t\t\t<\/div>\n  \t\t\t\t\t\t  \t\t\t\t\t<\/div>\n          \t\t\t\t\t<div class=\"box-text text-center\" >\n\t\t\t\t\t<div class=\"box-text-inner blog-post-inner\">\n\n\t\t\t\t\t\n\t\t\t\t\t\t\t\t\t\t<h5 class=\"post-title is-large \">\n\t\t\t\t\t\t<a href=\"https:\/\/www.alevcamcioglu.com\/sr\/da-li-je-moguca-operacija-nosa-tokom-perioda-dojenja\/\" class=\"plain\">Da li je mogu\u0107a operacija nosa tokom perioda dojenja?<\/a>\n\t\t\t\t\t<\/h5>\n\t\t\t\t\t\t\t\t\t\t<div class=\"is-divider\"><\/div>\n\t\t\t\t\t                    \n\t\t\t\t\t\t\t\t\t\t\t<a href=\"https:\/\/www.alevcamcioglu.com\/sr\/da-li-je-moguca-operacija-nosa-tokom-perioda-dojenja\/\" class=\"button primary is-outline is-small mb-0\">\n\t\t\t\t\t\t\tContinue Reading\t\t\t\t\t\t<\/a>\n\t\t\t\t\t\n\t\t\t\t\t\n\t\t\t\t\t<\/div>\n\t\t\t\t\t<\/div>\n\t\t\t\t\t\t\t\t\t\t\t\t\t\t\t\t<div class=\"badge absolute top post-date badge-circle\">\n\t\t\t\t\t\t\t<div class=\"badge-inner\">\n\t\t\t\t\t\t\t\t<span class=\"post-date-day\">29<\/span><br>\n\t\t\t\t\t\t\t\t<span class=\"post-date-month is-xsmall\">\u0458\u0443\u043b<\/span>\n\t\t\t\t\t\t\t<\/div>\n\t\t\t\t\t\t<\/div>\n\t\t\t\t\t\t\t\t\t<\/div>\n\t\t\t<\/div>\n\t\t<\/div><div class=\"col post-item\" >\n\t\t\t<div class=\"col-inner\">\n\t\t\t\t<div class=\"box box-push box-text-bottom box-blog-post has-hover\">\n            \t\t\t\t\t<div class=\"box-image\" >\n  \t\t\t\t\t\t<div class=\"image-cover\" style=\"padding-top:100%;\">\n\t\t\t\t\t\t\t<a href=\"https:\/\/www.alevcamcioglu.com\/sr\/da-li-se-gubi-culo-mirisa-nakon-operacije-nosa\/\" class=\"plain\" aria-label=\"Da li se gubi \u010dulo mirisa nakon operacije nosa?\">\n\t\t\t\t\t\t\t\t<img decoding=\"async\" width=\"1140\" height=\"500\" src=\"https:\/\/www.alevcamcioglu.com\/wp-content\/uploads\/2024\/07\/Burun-Estetigi-Sonrasi-Koku-Alma-Kaybi-Yasanir-Mi.jpg\" class=\"attachment-2048x2048 size-2048x2048 wp-post-image\" alt=\"\" srcset=\"https:\/\/www.alevcamcioglu.com\/wp-content\/uploads\/2024\/07\/Burun-Estetigi-Sonrasi-Koku-Alma-Kaybi-Yasanir-Mi.jpg 1140w, https:\/\/www.alevcamcioglu.com\/wp-content\/uploads\/2024\/07\/Burun-Estetigi-Sonrasi-Koku-Alma-Kaybi-Yasanir-Mi-300x132.jpg 300w, https:\/\/www.alevcamcioglu.com\/wp-content\/uploads\/2024\/07\/Burun-Estetigi-Sonrasi-Koku-Alma-Kaybi-Yasanir-Mi-1024x449.jpg 1024w, https:\/\/www.alevcamcioglu.com\/wp-content\/uploads\/2024\/07\/Burun-Estetigi-Sonrasi-Koku-Alma-Kaybi-Yasanir-Mi-768x337.jpg 768w, https:\/\/www.alevcamcioglu.com\/wp-content\/uploads\/2024\/07\/Burun-Estetigi-Sonrasi-Koku-Alma-Kaybi-Yasanir-Mi-370x162.jpg 370w, https:\/\/www.alevcamcioglu.com\/wp-content\/uploads\/2024\/07\/Burun-Estetigi-Sonrasi-Koku-Alma-Kaybi-Yasanir-Mi-760x333.jpg 760w\" sizes=\"(max-width: 1140px) 100vw, 1140px\" title=\"\">\t\t\t\t\t\t\t<\/a>\n  \t\t\t\t\t\t\t  \t\t\t\t\t\t\t  \t\t\t\t\t\t<\/div>\n  \t\t\t\t\t\t  \t\t\t\t\t<\/div>\n          \t\t\t\t\t<div class=\"box-text text-center\" >\n\t\t\t\t\t<div class=\"box-text-inner blog-post-inner\">\n\n\t\t\t\t\t\n\t\t\t\t\t\t\t\t\t\t<h5 class=\"post-title is-large \">\n\t\t\t\t\t\t<a href=\"https:\/\/www.alevcamcioglu.com\/sr\/da-li-se-gubi-culo-mirisa-nakon-operacije-nosa\/\" class=\"plain\">Da li se gubi \u010dulo mirisa nakon operacije nosa?<\/a>\n\t\t\t\t\t<\/h5>\n\t\t\t\t\t\t\t\t\t\t<div class=\"is-divider\"><\/div>\n\t\t\t\t\t                    \n\t\t\t\t\t\t\t\t\t\t\t<a href=\"https:\/\/www.alevcamcioglu.com\/sr\/da-li-se-gubi-culo-mirisa-nakon-operacije-nosa\/\" class=\"button primary is-outline is-small mb-0\">\n\t\t\t\t\t\t\tContinue Reading\t\t\t\t\t\t<\/a>\n\t\t\t\t\t\n\t\t\t\t\t\n\t\t\t\t\t<\/div>\n\t\t\t\t\t<\/div>\n\t\t\t\t\t\t\t\t\t\t\t\t\t\t\t\t<div class=\"badge absolute top post-date badge-circle\">\n\t\t\t\t\t\t\t<div class=\"badge-inner\">\n\t\t\t\t\t\t\t\t<span class=\"post-date-day\">29<\/span><br>\n\t\t\t\t\t\t\t\t<span class=\"post-date-month is-xsmall\">\u0458\u0443\u043b<\/span>\n\t\t\t\t\t\t\t<\/div>\n\t\t\t\t\t\t<\/div>\n\t\t\t\t\t\t\t\t\t<\/div>\n\t\t\t<\/div>\n\t\t<\/div><div class=\"col post-item\" >\n\t\t\t<div class=\"col-inner\">\n\t\t\t\t<div class=\"box box-push box-text-bottom box-blog-post has-hover\">\n            \t\t\t\t\t<div class=\"box-image\" >\n  \t\t\t\t\t\t<div class=\"image-cover\" style=\"padding-top:100%;\">\n\t\t\t\t\t\t\t<a href=\"https:\/\/www.alevcamcioglu.com\/sr\/kako-prevazici-strah-od-operacije-nosa\/\" class=\"plain\" aria-label=\"Kako Prevazi\u0107i Strah od Operacije Nosa?\">\n\t\t\t\t\t\t\t\t<img decoding=\"async\" width=\"1140\" height=\"500\" src=\"https:\/\/www.alevcamcioglu.com\/wp-content\/uploads\/2024\/07\/Burun-Estetigi-Korkusu-Nasil-Yenilir.jpg\" class=\"attachment-2048x2048 size-2048x2048 wp-post-image\" alt=\"\" srcset=\"https:\/\/www.alevcamcioglu.com\/wp-content\/uploads\/2024\/07\/Burun-Estetigi-Korkusu-Nasil-Yenilir.jpg 1140w, https:\/\/www.alevcamcioglu.com\/wp-content\/uploads\/2024\/07\/Burun-Estetigi-Korkusu-Nasil-Yenilir-300x132.jpg 300w, https:\/\/www.alevcamcioglu.com\/wp-content\/uploads\/2024\/07\/Burun-Estetigi-Korkusu-Nasil-Yenilir-1024x449.jpg 1024w, https:\/\/www.alevcamcioglu.com\/wp-content\/uploads\/2024\/07\/Burun-Estetigi-Korkusu-Nasil-Yenilir-768x337.jpg 768w, https:\/\/www.alevcamcioglu.com\/wp-content\/uploads\/2024\/07\/Burun-Estetigi-Korkusu-Nasil-Yenilir-370x162.jpg 370w, https:\/\/www.alevcamcioglu.com\/wp-content\/uploads\/2024\/07\/Burun-Estetigi-Korkusu-Nasil-Yenilir-760x333.jpg 760w\" sizes=\"(max-width: 1140px) 100vw, 1140px\" title=\"\">\t\t\t\t\t\t\t<\/a>\n  \t\t\t\t\t\t\t  \t\t\t\t\t\t\t  \t\t\t\t\t\t<\/div>\n  \t\t\t\t\t\t  \t\t\t\t\t<\/div>\n          \t\t\t\t\t<div class=\"box-text text-center\" >\n\t\t\t\t\t<div class=\"box-text-inner blog-post-inner\">\n\n\t\t\t\t\t\n\t\t\t\t\t\t\t\t\t\t<h5 class=\"post-title is-large \">\n\t\t\t\t\t\t<a href=\"https:\/\/www.alevcamcioglu.com\/sr\/kako-prevazici-strah-od-operacije-nosa\/\" class=\"plain\">Kako Prevazi\u0107i Strah od Operacije Nosa?<\/a>\n\t\t\t\t\t<\/h5>\n\t\t\t\t\t\t\t\t\t\t<div class=\"is-divider\"><\/div>\n\t\t\t\t\t                    \n\t\t\t\t\t\t\t\t\t\t\t<a href=\"https:\/\/www.alevcamcioglu.com\/sr\/kako-prevazici-strah-od-operacije-nosa\/\" class=\"button primary is-outline is-small mb-0\">\n\t\t\t\t\t\t\tContinue Reading\t\t\t\t\t\t<\/a>\n\t\t\t\t\t\n\t\t\t\t\t\n\t\t\t\t\t<\/div>\n\t\t\t\t\t<\/div>\n\t\t\t\t\t\t\t\t\t\t\t\t\t\t\t\t<div class=\"badge absolute top post-date badge-circle\">\n\t\t\t\t\t\t\t<div class=\"badge-inner\">\n\t\t\t\t\t\t\t\t<span class=\"post-date-day\">29<\/span><br>\n\t\t\t\t\t\t\t\t<span class=\"post-date-month is-xsmall\">\u0458\u0443\u043b<\/span>\n\t\t\t\t\t\t\t<\/div>\n\t\t\t\t\t\t<\/div>\n\t\t\t\t\t\t\t\t\t<\/div>\n\t\t\t<\/div>\n\t\t<\/div><div class=\"col post-item\" >\n\t\t\t<div class=\"col-inner\">\n\t\t\t\t<div class=\"box box-push box-text-bottom box-blog-post has-hover\">\n            \t\t\t\t\t<div class=\"box-image\" >\n  \t\t\t\t\t\t<div class=\"image-cover\" style=\"padding-top:100%;\">\n\t\t\t\t\t\t\t<a href=\"https:\/\/www.alevcamcioglu.com\/sr\/kako-koristiti-naocare-za-sunce-nakon-operacije-nosa\/\" class=\"plain\" aria-label=\"Kako Koristiti Nao\u010dare za Sunce Nakon Operacije Nosa?\">\n\t\t\t\t\t\t\t\t<img decoding=\"async\" width=\"1140\" height=\"500\" src=\"https:\/\/www.alevcamcioglu.com\/wp-content\/uploads\/2024\/07\/Burun-Ameliyati-Sonrasi-Gunes-Gozlugu-Kullanimi-Nasil-Olmali.jpg\" class=\"attachment-2048x2048 size-2048x2048 wp-post-image\" alt=\"\" srcset=\"https:\/\/www.alevcamcioglu.com\/wp-content\/uploads\/2024\/07\/Burun-Ameliyati-Sonrasi-Gunes-Gozlugu-Kullanimi-Nasil-Olmali.jpg 1140w, https:\/\/www.alevcamcioglu.com\/wp-content\/uploads\/2024\/07\/Burun-Ameliyati-Sonrasi-Gunes-Gozlugu-Kullanimi-Nasil-Olmali-300x132.jpg 300w, https:\/\/www.alevcamcioglu.com\/wp-content\/uploads\/2024\/07\/Burun-Ameliyati-Sonrasi-Gunes-Gozlugu-Kullanimi-Nasil-Olmali-1024x449.jpg 1024w, https:\/\/www.alevcamcioglu.com\/wp-content\/uploads\/2024\/07\/Burun-Ameliyati-Sonrasi-Gunes-Gozlugu-Kullanimi-Nasil-Olmali-768x337.jpg 768w, https:\/\/www.alevcamcioglu.com\/wp-content\/uploads\/2024\/07\/Burun-Ameliyati-Sonrasi-Gunes-Gozlugu-Kullanimi-Nasil-Olmali-370x162.jpg 370w, https:\/\/www.alevcamcioglu.com\/wp-content\/uploads\/2024\/07\/Burun-Ameliyati-Sonrasi-Gunes-Gozlugu-Kullanimi-Nasil-Olmali-760x333.jpg 760w\" sizes=\"(max-width: 1140px) 100vw, 1140px\" title=\"\">\t\t\t\t\t\t\t<\/a>\n  \t\t\t\t\t\t\t  \t\t\t\t\t\t\t  \t\t\t\t\t\t<\/div>\n  \t\t\t\t\t\t  \t\t\t\t\t<\/div>\n          \t\t\t\t\t<div class=\"box-text text-center\" >\n\t\t\t\t\t<div class=\"box-text-inner blog-post-inner\">\n\n\t\t\t\t\t\n\t\t\t\t\t\t\t\t\t\t<h5 class=\"post-title is-large \">\n\t\t\t\t\t\t<a href=\"https:\/\/www.alevcamcioglu.com\/sr\/kako-koristiti-naocare-za-sunce-nakon-operacije-nosa\/\" class=\"plain\">Kako Koristiti Nao\u010dare za Sunce Nakon Operacije Nosa?<\/a>\n\t\t\t\t\t<\/h5>\n\t\t\t\t\t\t\t\t\t\t<div class=\"is-divider\"><\/div>\n\t\t\t\t\t                    \n\t\t\t\t\t\t\t\t\t\t\t<a href=\"https:\/\/www.alevcamcioglu.com\/sr\/kako-koristiti-naocare-za-sunce-nakon-operacije-nosa\/\" class=\"button primary is-outline is-small mb-0\">\n\t\t\t\t\t\t\tContinue Reading\t\t\t\t\t\t<\/a>\n\t\t\t\t\t\n\t\t\t\t\t\n\t\t\t\t\t<\/div>\n\t\t\t\t\t<\/div>\n\t\t\t\t\t\t\t\t\t\t\t\t\t\t\t\t<div class=\"badge absolute top post-date badge-circle\">\n\t\t\t\t\t\t\t<div class=\"badge-inner\">\n\t\t\t\t\t\t\t\t<span class=\"post-date-day\">08<\/span><br>\n\t\t\t\t\t\t\t\t<span class=\"post-date-month is-xsmall\">\u0458\u0443\u043b<\/span>\n\t\t\t\t\t\t\t<\/div>\n\t\t\t\t\t\t<\/div>\n\t\t\t\t\t\t\t\t\t<\/div>\n\t\t\t<\/div>\n\t\t<\/div><div class=\"col post-item\" >\n\t\t\t<div class=\"col-inner\">\n\t\t\t\t<div class=\"box box-push box-text-bottom box-blog-post has-hover\">\n            \t\t\t\t\t<div class=\"box-image\" >\n  \t\t\t\t\t\t<div class=\"image-cover\" style=\"padding-top:100%;\">\n\t\t\t\t\t\t\t<a href=\"https:\/\/www.alevcamcioglu.com\/sr\/cemu-sluzi-flaster-traka-nakon-operacije-nosa\/\" class=\"plain\" aria-label=\"\u010cemu Slu\u017ei Flaster Traka Nakon Operacije Nosa?\">\n\t\t\t\t\t\t\t\t<img decoding=\"async\" width=\"1140\" height=\"500\" src=\"https:\/\/www.alevcamcioglu.com\/wp-content\/uploads\/2024\/07\/Burun-Ameliyati-Sonrasi-Flester-Bant-Ne-Ise-Yarar.jpg\" class=\"attachment-2048x2048 size-2048x2048 wp-post-image\" alt=\"\" srcset=\"https:\/\/www.alevcamcioglu.com\/wp-content\/uploads\/2024\/07\/Burun-Ameliyati-Sonrasi-Flester-Bant-Ne-Ise-Yarar.jpg 1140w, https:\/\/www.alevcamcioglu.com\/wp-content\/uploads\/2024\/07\/Burun-Ameliyati-Sonrasi-Flester-Bant-Ne-Ise-Yarar-300x132.jpg 300w, https:\/\/www.alevcamcioglu.com\/wp-content\/uploads\/2024\/07\/Burun-Ameliyati-Sonrasi-Flester-Bant-Ne-Ise-Yarar-1024x449.jpg 1024w, https:\/\/www.alevcamcioglu.com\/wp-content\/uploads\/2024\/07\/Burun-Ameliyati-Sonrasi-Flester-Bant-Ne-Ise-Yarar-768x337.jpg 768w, https:\/\/www.alevcamcioglu.com\/wp-content\/uploads\/2024\/07\/Burun-Ameliyati-Sonrasi-Flester-Bant-Ne-Ise-Yarar-370x162.jpg 370w, https:\/\/www.alevcamcioglu.com\/wp-content\/uploads\/2024\/07\/Burun-Ameliyati-Sonrasi-Flester-Bant-Ne-Ise-Yarar-760x333.jpg 760w\" sizes=\"(max-width: 1140px) 100vw, 1140px\" title=\"\">\t\t\t\t\t\t\t<\/a>\n  \t\t\t\t\t\t\t  \t\t\t\t\t\t\t  \t\t\t\t\t\t<\/div>\n  \t\t\t\t\t\t  \t\t\t\t\t<\/div>\n          \t\t\t\t\t<div class=\"box-text text-center\" >\n\t\t\t\t\t<div class=\"box-text-inner blog-post-inner\">\n\n\t\t\t\t\t\n\t\t\t\t\t\t\t\t\t\t<h5 class=\"post-title is-large \">\n\t\t\t\t\t\t<a href=\"https:\/\/www.alevcamcioglu.com\/sr\/cemu-sluzi-flaster-traka-nakon-operacije-nosa\/\" class=\"plain\">\u010cemu Slu\u017ei Flaster Traka Nakon Operacije Nosa?<\/a>\n\t\t\t\t\t<\/h5>\n\t\t\t\t\t\t\t\t\t\t<div class=\"is-divider\"><\/div>\n\t\t\t\t\t                    \n\t\t\t\t\t\t\t\t\t\t\t<a href=\"https:\/\/www.alevcamcioglu.com\/sr\/cemu-sluzi-flaster-traka-nakon-operacije-nosa\/\" class=\"button primary is-outline is-small mb-0\">\n\t\t\t\t\t\t\tContinue Reading\t\t\t\t\t\t<\/a>\n\t\t\t\t\t\n\t\t\t\t\t\n\t\t\t\t\t<\/div>\n\t\t\t\t\t<\/div>\n\t\t\t\t\t\t\t\t\t\t\t\t\t\t\t\t<div class=\"badge absolute top post-date badge-circle\">\n\t\t\t\t\t\t\t<div class=\"badge-inner\">\n\t\t\t\t\t\t\t\t<span class=\"post-date-day\">08<\/span><br>\n\t\t\t\t\t\t\t\t<span class=\"post-date-month is-xsmall\">\u0458\u0443\u043b<\/span>\n\t\t\t\t\t\t\t<\/div>\n\t\t\t\t\t\t<\/div>\n\t\t\t\t\t\t\t\t\t<\/div>\n\t\t\t<\/div>\n\t\t<\/div><div class=\"col post-item\" >\n\t\t\t<div class=\"col-inner\">\n\t\t\t\t<div class=\"box box-push box-text-bottom box-blog-post has-hover\">\n            \t\t\t\t\t<div class=\"box-image\" >\n  \t\t\t\t\t\t<div class=\"image-cover\" style=\"padding-top:100%;\">\n\t\t\t\t\t\t\t<a href=\"https:\/\/www.alevcamcioglu.com\/sr\/da-li-se-nos-pogorsava-godinama-nakon-estetske-operacije-nosa\/\" class=\"plain\" aria-label=\"Da li Se Nos Pogor\u0161ava Godinama Nakon Estetske Operacije Nosa?\">\n\t\t\t\t\t\t\t\t<img decoding=\"async\" width=\"1140\" height=\"500\" src=\"https:\/\/www.alevcamcioglu.com\/wp-content\/uploads\/2024\/07\/Burun-Estetiginden-Yillar-Sonra-Burun-Bozulur-Mu.jpg\" class=\"attachment-2048x2048 size-2048x2048 wp-post-image\" alt=\"\" srcset=\"https:\/\/www.alevcamcioglu.com\/wp-content\/uploads\/2024\/07\/Burun-Estetiginden-Yillar-Sonra-Burun-Bozulur-Mu.jpg 1140w, https:\/\/www.alevcamcioglu.com\/wp-content\/uploads\/2024\/07\/Burun-Estetiginden-Yillar-Sonra-Burun-Bozulur-Mu-300x132.jpg 300w, https:\/\/www.alevcamcioglu.com\/wp-content\/uploads\/2024\/07\/Burun-Estetiginden-Yillar-Sonra-Burun-Bozulur-Mu-1024x449.jpg 1024w, https:\/\/www.alevcamcioglu.com\/wp-content\/uploads\/2024\/07\/Burun-Estetiginden-Yillar-Sonra-Burun-Bozulur-Mu-768x337.jpg 768w, https:\/\/www.alevcamcioglu.com\/wp-content\/uploads\/2024\/07\/Burun-Estetiginden-Yillar-Sonra-Burun-Bozulur-Mu-370x162.jpg 370w, https:\/\/www.alevcamcioglu.com\/wp-content\/uploads\/2024\/07\/Burun-Estetiginden-Yillar-Sonra-Burun-Bozulur-Mu-760x333.jpg 760w\" sizes=\"(max-width: 1140px) 100vw, 1140px\" title=\"\">\t\t\t\t\t\t\t<\/a>\n  \t\t\t\t\t\t\t  \t\t\t\t\t\t\t  \t\t\t\t\t\t<\/div>\n  \t\t\t\t\t\t  \t\t\t\t\t<\/div>\n          \t\t\t\t\t<div class=\"box-text text-center\" >\n\t\t\t\t\t<div class=\"box-text-inner blog-post-inner\">\n\n\t\t\t\t\t\n\t\t\t\t\t\t\t\t\t\t<h5 class=\"post-title is-large \">\n\t\t\t\t\t\t<a href=\"https:\/\/www.alevcamcioglu.com\/sr\/da-li-se-nos-pogorsava-godinama-nakon-estetske-operacije-nosa\/\" class=\"plain\">Da li Se Nos Pogor\u0161ava Godinama Nakon Estetske Operacije Nosa?<\/a>\n\t\t\t\t\t<\/h5>\n\t\t\t\t\t\t\t\t\t\t<div class=\"is-divider\"><\/div>\n\t\t\t\t\t                    \n\t\t\t\t\t\t\t\t\t\t\t<a href=\"https:\/\/www.alevcamcioglu.com\/sr\/da-li-se-nos-pogorsava-godinama-nakon-estetske-operacije-nosa\/\" class=\"button primary is-outline is-small mb-0\">\n\t\t\t\t\t\t\tContinue Reading\t\t\t\t\t\t<\/a>\n\t\t\t\t\t\n\t\t\t\t\t\n\t\t\t\t\t<\/div>\n\t\t\t\t\t<\/div>\n\t\t\t\t\t\t\t\t\t\t\t\t\t\t\t\t<div class=\"badge absolute top post-date badge-circle\">\n\t\t\t\t\t\t\t<div class=\"badge-inner\">\n\t\t\t\t\t\t\t\t<span class=\"post-date-day\">08<\/span><br>\n\t\t\t\t\t\t\t\t<span class=\"post-date-month is-xsmall\">\u0458\u0443\u043b<\/span>\n\t\t\t\t\t\t\t<\/div>\n\t\t\t\t\t\t<\/div>\n\t\t\t\t\t\t\t\t\t<\/div>\n\t\t\t<\/div>\n\t\t<\/div><div class=\"col post-item\" >\n\t\t\t<div class=\"col-inner\">\n\t\t\t\t<div class=\"box box-push box-text-bottom box-blog-post has-hover\">\n            \t\t\t\t\t<div class=\"box-image\" >\n  \t\t\t\t\t\t<div class=\"image-cover\" style=\"padding-top:100%;\">\n\t\t\t\t\t\t\t<a href=\"https:\/\/www.alevcamcioglu.com\/sr\/da-li-se-operacija-nosne-pregrade-moze-izvesti-istovremeno-sa-estetskom-operacijom-nosa\/\" class=\"plain\" aria-label=\"Da li Se Operacija Nosne Pregrade Mo\u017ee Izvesti Istovremeno sa Estetskom Operacijom Nosa?\">\n\t\t\t\t\t\t\t\t<img decoding=\"async\" width=\"1140\" height=\"500\" src=\"https:\/\/www.alevcamcioglu.com\/wp-content\/uploads\/2024\/07\/Burun-Eti-Ile-Burun-Estetigi-Ameliyati-Ayni-Anda-Yapilabilir-Mi.jpg\" class=\"attachment-2048x2048 size-2048x2048 wp-post-image\" alt=\"\" srcset=\"https:\/\/www.alevcamcioglu.com\/wp-content\/uploads\/2024\/07\/Burun-Eti-Ile-Burun-Estetigi-Ameliyati-Ayni-Anda-Yapilabilir-Mi.jpg 1140w, https:\/\/www.alevcamcioglu.com\/wp-content\/uploads\/2024\/07\/Burun-Eti-Ile-Burun-Estetigi-Ameliyati-Ayni-Anda-Yapilabilir-Mi-300x132.jpg 300w, https:\/\/www.alevcamcioglu.com\/wp-content\/uploads\/2024\/07\/Burun-Eti-Ile-Burun-Estetigi-Ameliyati-Ayni-Anda-Yapilabilir-Mi-1024x449.jpg 1024w, https:\/\/www.alevcamcioglu.com\/wp-content\/uploads\/2024\/07\/Burun-Eti-Ile-Burun-Estetigi-Ameliyati-Ayni-Anda-Yapilabilir-Mi-768x337.jpg 768w, https:\/\/www.alevcamcioglu.com\/wp-content\/uploads\/2024\/07\/Burun-Eti-Ile-Burun-Estetigi-Ameliyati-Ayni-Anda-Yapilabilir-Mi-370x162.jpg 370w, https:\/\/www.alevcamcioglu.com\/wp-content\/uploads\/2024\/07\/Burun-Eti-Ile-Burun-Estetigi-Ameliyati-Ayni-Anda-Yapilabilir-Mi-760x333.jpg 760w\" sizes=\"(max-width: 1140px) 100vw, 1140px\" title=\"\">\t\t\t\t\t\t\t<\/a>\n  \t\t\t\t\t\t\t  \t\t\t\t\t\t\t  \t\t\t\t\t\t<\/div>\n  \t\t\t\t\t\t  \t\t\t\t\t<\/div>\n          \t\t\t\t\t<div class=\"box-text text-center\" >\n\t\t\t\t\t<div class=\"box-text-inner blog-post-inner\">\n\n\t\t\t\t\t\n\t\t\t\t\t\t\t\t\t\t<h5 class=\"post-title is-large \">\n\t\t\t\t\t\t<a href=\"https:\/\/www.alevcamcioglu.com\/sr\/da-li-se-operacija-nosne-pregrade-moze-izvesti-istovremeno-sa-estetskom-operacijom-nosa\/\" class=\"plain\">Da li Se Operacija Nosne Pregrade Mo\u017ee Izvesti Istovremeno sa Estetskom Operacijom Nosa?<\/a>\n\t\t\t\t\t<\/h5>\n\t\t\t\t\t\t\t\t\t\t<div class=\"is-divider\"><\/div>\n\t\t\t\t\t                    \n\t\t\t\t\t\t\t\t\t\t\t<a href=\"https:\/\/www.alevcamcioglu.com\/sr\/da-li-se-operacija-nosne-pregrade-moze-izvesti-istovremeno-sa-estetskom-operacijom-nosa\/\" class=\"button primary is-outline is-small mb-0\">\n\t\t\t\t\t\t\tContinue Reading\t\t\t\t\t\t<\/a>\n\t\t\t\t\t\n\t\t\t\t\t\n\t\t\t\t\t<\/div>\n\t\t\t\t\t<\/div>\n\t\t\t\t\t\t\t\t\t\t\t\t\t\t\t\t<div class=\"badge absolute top post-date badge-circle\">\n\t\t\t\t\t\t\t<div class=\"badge-inner\">\n\t\t\t\t\t\t\t\t<span class=\"post-date-day\">08<\/span><br>\n\t\t\t\t\t\t\t\t<span class=\"post-date-month is-xsmall\">\u0458\u0443\u043b<\/span>\n\t\t\t\t\t\t\t<\/div>\n\t\t\t\t\t\t<\/div>\n\t\t\t\t\t\t\t\t\t<\/div>\n\t\t\t<\/div>\n\t\t<\/div><div class=\"col post-item\" >\n\t\t\t<div class=\"col-inner\">\n\t\t\t\t<div class=\"box box-push box-text-bottom box-blog-post has-hover\">\n            \t\t\t\t\t<div class=\"box-image\" >\n  \t\t\t\t\t\t<div class=\"image-cover\" style=\"padding-top:100%;\">\n\t\t\t\t\t\t\t<a href=\"https:\/\/www.alevcamcioglu.com\/sr\/rastojanje-izmedu-usana-i-nosa-nakon-estetske-operacije-nosa\/\" class=\"plain\" aria-label=\"Rastojanje Izme\u0111u Usana i Nosa Nakon Estetske Operacije Nosa\">\n\t\t\t\t\t\t\t\t<img decoding=\"async\" width=\"1140\" height=\"500\" src=\"https:\/\/www.alevcamcioglu.com\/wp-content\/uploads\/2024\/07\/Burun-Estetigi-Sonrasi-Dudak-Burun-Mesafesi.jpg\" class=\"attachment-2048x2048 size-2048x2048 wp-post-image\" alt=\"\" srcset=\"https:\/\/www.alevcamcioglu.com\/wp-content\/uploads\/2024\/07\/Burun-Estetigi-Sonrasi-Dudak-Burun-Mesafesi.jpg 1140w, https:\/\/www.alevcamcioglu.com\/wp-content\/uploads\/2024\/07\/Burun-Estetigi-Sonrasi-Dudak-Burun-Mesafesi-300x132.jpg 300w, https:\/\/www.alevcamcioglu.com\/wp-content\/uploads\/2024\/07\/Burun-Estetigi-Sonrasi-Dudak-Burun-Mesafesi-1024x449.jpg 1024w, https:\/\/www.alevcamcioglu.com\/wp-content\/uploads\/2024\/07\/Burun-Estetigi-Sonrasi-Dudak-Burun-Mesafesi-768x337.jpg 768w, https:\/\/www.alevcamcioglu.com\/wp-content\/uploads\/2024\/07\/Burun-Estetigi-Sonrasi-Dudak-Burun-Mesafesi-370x162.jpg 370w, https:\/\/www.alevcamcioglu.com\/wp-content\/uploads\/2024\/07\/Burun-Estetigi-Sonrasi-Dudak-Burun-Mesafesi-760x333.jpg 760w\" sizes=\"(max-width: 1140px) 100vw, 1140px\" title=\"\">\t\t\t\t\t\t\t<\/a>\n  \t\t\t\t\t\t\t  \t\t\t\t\t\t\t  \t\t\t\t\t\t<\/div>\n  \t\t\t\t\t\t  \t\t\t\t\t<\/div>\n          \t\t\t\t\t<div class=\"box-text text-center\" >\n\t\t\t\t\t<div class=\"box-text-inner blog-post-inner\">\n\n\t\t\t\t\t\n\t\t\t\t\t\t\t\t\t\t<h5 class=\"post-title is-large \">\n\t\t\t\t\t\t<a href=\"https:\/\/www.alevcamcioglu.com\/sr\/rastojanje-izmedu-usana-i-nosa-nakon-estetske-operacije-nosa\/\" class=\"plain\">Rastojanje Izme\u0111u Usana i Nosa Nakon Estetske Operacije Nosa<\/a>\n\t\t\t\t\t<\/h5>\n\t\t\t\t\t\t\t\t\t\t<div class=\"is-divider\"><\/div>\n\t\t\t\t\t                    \n\t\t\t\t\t\t\t\t\t\t\t<a href=\"https:\/\/www.alevcamcioglu.com\/sr\/rastojanje-izmedu-usana-i-nosa-nakon-estetske-operacije-nosa\/\" class=\"button primary is-outline is-small mb-0\">\n\t\t\t\t\t\t\tContinue Reading\t\t\t\t\t\t<\/a>\n\t\t\t\t\t\n\t\t\t\t\t\n\t\t\t\t\t<\/div>\n\t\t\t\t\t<\/div>\n\t\t\t\t\t\t\t\t\t\t\t\t\t\t\t\t<div class=\"badge absolute top post-date badge-circle\">\n\t\t\t\t\t\t\t<div class=\"badge-inner\">\n\t\t\t\t\t\t\t\t<span class=\"post-date-day\">08<\/span><br>\n\t\t\t\t\t\t\t\t<span class=\"post-date-month is-xsmall\">\u0458\u0443\u043b<\/span>\n\t\t\t\t\t\t\t<\/div>\n\t\t\t\t\t\t<\/div>\n\t\t\t\t\t\t\t\t\t<\/div>\n\t\t\t<\/div>\n\t\t<\/div><\/div>\n\t\t<\/div>\n\t\t\t\t\t<\/div>\n\n\t\n<\/div>\n\t\t<\/div>\n\n\t\t\n<style>\n#section_856304946 {\n  padding-top: 30px;\n  padding-bottom: 30px;\n}\n<\/style>\n\t<\/section>\n\t\n","protected":false},"excerpt":{"rendered":"","protected":false},"author":990002,"featured_media":4498,"parent":0,"menu_order":0,"comment_status":"closed","ping_status":"closed","template":"page-blank.php","meta":{"footnotes":""},"class_list":["post-1695","page","type-page","status-publish","has-post-thumbnail","hentry"],"_links":{"self":[{"href":"https:\/\/www.alevcamcioglu.com\/sr\/wp-json\/wp\/v2\/pages\/1695","targetHints":{"allow":["GET"]}}],"collection":[{"href":"https:\/\/www.alevcamcioglu.com\/sr\/wp-json\/wp\/v2\/pages"}],"about":[{"href":"https:\/\/www.alevcamcioglu.com\/sr\/wp-json\/wp\/v2\/types\/page"}],"author":[{"embeddable":true,"href":"https:\/\/www.alevcamcioglu.com\/sr\/wp-json\/wp\/v2\/users\/990002"}],"replies":[{"embeddable":true,"href":"https:\/\/www.alevcamcioglu.com\/sr\/wp-json\/wp\/v2\/comments?post=1695"}],"version-history":[{"count":2,"href":"https:\/\/www.alevcamcioglu.com\/sr\/wp-json\/wp\/v2\/pages\/1695\/revisions"}],"predecessor-version":[{"id":11270,"href":"https:\/\/www.alevcamcioglu.com\/sr\/wp-json\/wp\/v2\/pages\/1695\/revisions\/11270"}],"wp:featuredmedia":[{"embeddable":true,"href":"https:\/\/www.alevcamcioglu.com\/sr\/wp-json\/wp\/v2\/media\/4498"}],"wp:attachment":[{"href":"https:\/\/www.alevcamcioglu.com\/sr\/wp-json\/wp\/v2\/media?parent=1695"}],"curies":[{"name":"wp","href":"https:\/\/api.w.org\/{rel}","templated":true}]}}