{"id":2583,"date":"2024-06-13T19:19:36","date_gmt":"2024-06-13T16:19:36","guid":{"rendered":"https:\/\/great-greider.212-227-6-40.plesk.page\/?page_id=2583"},"modified":"2026-03-23T10:55:59","modified_gmt":"2026-03-23T07:55:59","slug":"chirurgie-du-nez-casse-fracture-nasale","status":"publish","type":"page","link":"https:\/\/www.alevcamcioglu.com\/fr\/rhinoplastie\/chirurgie-du-nez-casse-fracture-nasale\/","title":{"rendered":"Chirurgie du Nez Cass\u00e9"},"content":{"rendered":"\n\t<section class=\"section\" id=\"section_1882019596\">\n\t\t<div class=\"section-bg fill\" >\n\t\t\t<img decoding=\"async\" width=\"1600\" height=\"900\" src=\"https:\/\/www.alevcamcioglu.com\/wp-content\/uploads\/2024\/10\/Kirik-Burun-Burun-Kirigi-Ameliyati.jpg\" class=\"bg attachment-2048x2048 size-2048x2048\" alt=\"\" title=\"\">\t\t\t\t\t\t\n\t\t\t\n\n\t\t<\/div>\n\n\t\t\n\n\t\t<div class=\"section-content relative\">\n\t\t\t\n\t\t<\/div>\n\n\t\t\n<style>\n#section_1882019596 {\n  padding-top: 150px;\n  padding-bottom: 150px;\n}\n#section_1882019596 .section-bg img {\n  object-position: 50% 42%;\n}\n@media (min-width:550px) {\n  #section_1882019596 {\n    padding-top: 250px;\n    padding-bottom: 250px;\n  }\n}\n<\/style>\n\t<\/section>\n\t\n\n\t<section class=\"section\" id=\"section_1063835828\">\n\t\t<div class=\"section-bg fill\" >\n\t\t\t\t\t\t\t\t\t\n\t\t\t\n\n\t\t<\/div>\n\n\t\t\n\n\t\t<div class=\"section-content relative\">\n\t\t\t\n<div class=\"row\"  id=\"row-995371067\">\n\n\t<div id=\"col-694614113\" class=\"col show-for-small small-12 large-12\"  >\n\t\t\t\t<div class=\"col-inner text-center\"  >\n\t\t\t\n\t<div class=\"is-border\"\n\t\tstyle=\"border-color:rgb(75, 85, 173);border-radius:20px;border-width:1px 1px 1px 1px;\">\n\t<\/div>\n\t\t\t\n  <div id=\"page-header-403781477\" class=\"page-header-wrapper\">\n  <div class=\"page-title light simple-title\">\n\n    \n    <div class=\"page-title-inner container align-center text-center flex-row-col medium-flex-wrap\" >\n              <div class=\"title-wrapper flex-col\">\n          <h1 class=\"entry-title mb-0\">\n            Chirurgie du Nez Cass\u00e9 en Turquie          <\/h1>\n        <\/div>\n                    <div class=\"title-content flex-col\">\n        <div class=\"title-breadcrumbs pb-half pt-half\"><\/div>      <\/div>\n    <\/div>\n\n       <\/div>\n    <\/div>\n  \n\t\t<\/div>\n\t\t\t\t\t<\/div>\n\n\t\n<\/div>\n<div class=\"row\"  id=\"row-2039734336\">\n\n\t<div id=\"col-627519561\" class=\"col medium-6 small-12 large-6\"  >\n\t\t\t\t<div class=\"col-inner\"  >\n\t\t\t\n\t\t\t\n  <div id=\"page-header-473162973\" class=\"page-header-wrapper\">\n  <div class=\"page-title hide-for-small light simple-title\">\n\n    \n    <div class=\"page-title-inner container align-center flex-row medium-flex-wrap\" >\n              <div class=\"title-wrapper flex-col text-left medium-text-center\">\n          <h1 class=\"entry-title mb-0\">\n            Chirurgie du Nez Cass\u00e9 en Turquie          <\/h1>\n        <\/div>\n                    <div class=\"title-content flex-col flex-right text-right medium-text-center\">\n        <div class=\"title-breadcrumbs pb-half pt-half\"><\/div>      <\/div>\n    <\/div>\n\n       <\/div>\n    <\/div>\n  \n\t<div id=\"gap-1964659079\" class=\"gap-element clearfix hide-for-small\" style=\"display:block; height:auto;\">\n\t\t\n<style>\n#gap-1964659079 {\n  padding-top: 30px;\n}\n<\/style>\n\t<\/div>\n\t\n<p><span style=\"font-weight: 400;\">La chirurgie du nez cass\u00e9 en Turquie est une intervention sp\u00e9cialis\u00e9e visant \u00e0 corriger les fractures nasales, restaurer la fonction respiratoire et r\u00e9tablir l\u2019esth\u00e9tique du nez. R\u00e9alis\u00e9e par des chirurgiens ORL ou plasticiens exp\u00e9riment\u00e9s, elle repose sur des techniques modernes assurant pr\u00e9cision, s\u00e9curit\u00e9 op\u00e9ratoire et r\u00e9sultats anatomiques durables.<\/span><\/p>\n<p><span style=\"font-weight: 400;\">Co\u00fbt de la chirurgie du nez cass\u00e9 en Turquie reste g\u00e9n\u00e9ralement plus accessible que dans de nombreux pays europ\u00e9ens tout en maintenant des standards m\u00e9dicaux \u00e9lev\u00e9s. Les cliniques sp\u00e9cialis\u00e9es proposent des \u00e9quipements chirurgicaux avanc\u00e9s, des protocoles hospitaliers stricts et une prise en charge compl\u00e8te incluant consultation, intervention et suivi post-op\u00e9ratoire.<\/span><\/p>\n<p><span style=\"font-weight: 400;\">Techniques de r\u00e9paration du nez cass\u00e9 en Turquie comprennent la r\u00e9duction ferm\u00e9e pour les fractures r\u00e9centes et la rhinoplastie fonctionnelle ou reconstructrice pour les d\u00e9formations complexes. L\u2019objectif m\u00e9dical consiste \u00e0 r\u00e9aligner les os nasaux, corriger le septum d\u00e9vi\u00e9 et pr\u00e9server l\u2019\u00e9quilibre structurel du nez.<\/span><\/p>\n<p><span style=\"font-weight: 400;\">Processus de r\u00e9cup\u00e9ration apr\u00e8s une chirurgie du nez cass\u00e9 en Turquie implique une p\u00e9riode de cicatrisation progressive accompagn\u00e9e de contr\u00f4les m\u00e9dicaux r\u00e9guliers. L\u2019\u0153d\u00e8me et les ecchymoses diminuent g\u00e9n\u00e9ralement en quelques semaines, tandis que la stabilisation compl\u00e8te des structures nasales se d\u00e9veloppe progressivement au cours des mois suivants.<\/span><\/p>\n\t\t<\/div>\n\t\t\t\t\t<\/div>\n\n\t\n\n\t<div id=\"col-1288258177\" class=\"col medium-6 small-12 large-6\"  >\n\t\t\t\t<div class=\"col-inner\"  >\n\t\t\t\n\t\t\t\n\t<div class=\"img has-hover x md-x lg-x y md-y lg-y\" id=\"image_1509396288\">\n\t\t\t\t\t\t\t\t<div class=\"img-inner image-cover dark\" style=\"padding-top:75%;\">\n\t\t\t<img decoding=\"async\" width=\"1600\" height=\"900\" src=\"https:\/\/www.alevcamcioglu.com\/wp-content\/uploads\/2024\/06\/Basarisiz-Burun-Estetigi.jpg\" class=\"attachment-2048x2048 size-2048x2048\" alt=\"Ba\u015far\u0131s\u0131z Burun Esteti\u011fi\" srcset=\"https:\/\/www.alevcamcioglu.com\/wp-content\/uploads\/2024\/06\/Basarisiz-Burun-Estetigi.jpg 1600w, https:\/\/www.alevcamcioglu.com\/wp-content\/uploads\/2024\/06\/Basarisiz-Burun-Estetigi-300x169.jpg 300w, https:\/\/www.alevcamcioglu.com\/wp-content\/uploads\/2024\/06\/Basarisiz-Burun-Estetigi-1024x576.jpg 1024w, https:\/\/www.alevcamcioglu.com\/wp-content\/uploads\/2024\/06\/Basarisiz-Burun-Estetigi-768x432.jpg 768w, https:\/\/www.alevcamcioglu.com\/wp-content\/uploads\/2024\/06\/Basarisiz-Burun-Estetigi-1536x864.jpg 1536w, https:\/\/www.alevcamcioglu.com\/wp-content\/uploads\/2024\/06\/Basarisiz-Burun-Estetigi-370x208.jpg 370w, https:\/\/www.alevcamcioglu.com\/wp-content\/uploads\/2024\/06\/Basarisiz-Burun-Estetigi-1170x658.jpg 1170w, https:\/\/www.alevcamcioglu.com\/wp-content\/uploads\/2024\/06\/Basarisiz-Burun-Estetigi-760x428.jpg 760w, https:\/\/www.alevcamcioglu.com\/wp-content\/uploads\/2024\/06\/Basarisiz-Burun-Estetigi-270x152.jpg 270w\" sizes=\"(max-width: 1600px) 100vw, 1600px\" title=\"\">\t\t\t\t\t\t\n\t\t\t\t\t<\/div>\n\t\t\t\t\t\t\t\t\n<style>\n#image_1509396288 {\n  width: 100%;\n}\n<\/style>\n\t<\/div>\n\t\n\t\t<\/div>\n\t\t\t\t\t<\/div>\n\n\t\n\n\t<div id=\"col-572824341\" class=\"col small-12 large-12\"  >\n\t\t\t\t<div class=\"col-inner\"  >\n\t\t\t\n\t\t\t\n<h2>Quels Sont les Sympt\u00f4mes d&rsquo;un Nez Cass\u00e9 ?<\/h2>\n<p>Un nez cass\u00e9 se produit g\u00e9n\u00e9ralement \u00e0 la suite d&rsquo;un coup externe et se manifeste par des sympt\u00f4mes distinctifs. Ces sympt\u00f4mes peuvent \u00eatre observ\u00e9s chez la plupart des patients et jouent un r\u00f4le significatif dans le diagnostic. Le premier sympt\u00f4me est souvent la difficult\u00e9 \u00e0 respirer, caus\u00e9e par le r\u00e9tr\u00e9cissement des voies nasales, ce qui affecte n\u00e9gativement la vie quotidienne. De plus, la douleur et la sensibilit\u00e9 dans la r\u00e9gion nasale sont courantes. La gravit\u00e9 de la douleur varie en fonction de la taille et de l&#8217;emplacement de la fracture.<\/p>\n<ul>\n<li>Difficult\u00e9 \u00e0 respirer<\/li>\n<li>Douleur et sensibilit\u00e9<\/li>\n<\/ul>\n<p>Les saignements, en particulier dans les premi\u00e8res heures, sont courants apr\u00e8s un nez cass\u00e9. Les saignements sont dus \u00e0 des vaisseaux sanguins endommag\u00e9s et peuvent parfois \u00eatre graves. Le gonflement dans la r\u00e9gion nasale r\u00e9sulte de l&rsquo;impact provoquant un gonflement des tissus et appara\u00eet g\u00e9n\u00e9ralement dans les premiers jours. Des ecchymoses autour du nez et des zones environnantes peuvent \u00e9galement se produire, caus\u00e9es par le sang qui s&rsquo;infiltre dans les tissus et deviennent g\u00e9n\u00e9ralement plus visibles en quelques jours.<\/p>\n<ul>\n<li>Saignement<\/li>\n<li>Gonflement<\/li>\n<li>Ecchymose locale<\/li>\n<\/ul>\n<p>Si vous observez un ou plusieurs de ces sympt\u00f4mes, il est recommand\u00e9 de consulter un professionnel de la sant\u00e9 pour comprendre la gravit\u00e9 de la situation et d\u00e9terminer le traitement n\u00e9cessaire. M\u00eame si ces sympt\u00f4mes apparaissent seuls ou ensemble, il ne faut pas ignorer la possibilit\u00e9 d&rsquo;une fracture nasale.<\/p>\n\t\t<\/div>\n\t\t\t\t\t<\/div>\n\n\t\n<\/div>\n\t\t<\/div>\n\n\t\t\n<style>\n#section_1063835828 {\n  padding-top: 30px;\n  padding-bottom: 30px;\n}\n<\/style>\n\t<\/section>\n\t\n\n\t<section class=\"section\" id=\"section_767436141\">\n\t\t<div class=\"section-bg fill\" >\n\t\t\t\t\t\t\t\t\t\n\t\t\t\n\n\t\t<\/div>\n\n\t\t\n\n\t\t<div class=\"section-content relative\">\n\t\t\t\n\n<div class=\"row\"  id=\"row-2020415290\">\n\n\n\t<div id=\"col-7154195\" class=\"col small-12 large-12\"  >\n\t\t\t\t<div class=\"col-inner box-shadow-2\"  >\n\t\t\t\n\t<div class=\"is-border\"\n\t\tstyle=\"border-color:rgb(0, 0, 76);border-radius:15px;border-width:2px 2px 2px 2px;\">\n\t<\/div>\n\t\t\t\n\n<div class=\"row row-full-width align-center\"  id=\"row-1628908417\">\n\n\n\t<div id=\"col-1427873044\" class=\"col small-12 large-12\"  >\n\t\t\t\t<div class=\"col-inner\"  >\n\t\t\t\n\t\t\t\n\n\t<div id=\"text-562304876\" class=\"text\">\n\t\t\n\n<h2><span style=\"font-size: 75%;\"><span style=\"color: #555555;\">6 raisons de faire une<\/span><span style=\"color: #555555;\">  \u00e0 Istanbul<\/span><\/span><\/h2>\n\t\t\n<style>\n#text-562304876 {\n  font-size: 2rem;\n  text-align: center;\n  color: #000065;\n}\n#text-562304876 > * {\n  color: #000065;\n}\n@media (min-width:550px) {\n  #text-562304876 {\n    font-size: 1.2rem;\n  }\n}\n<\/style>\n\t<\/div>\n\t\n\n\t\t<\/div>\n\t\t\t\t\t<\/div>\n\n\t\n\n\t<div id=\"col-733362088\" class=\"col medium-2 small-6 large-2\"  >\n\t\t\t\t<div class=\"col-inner\"  >\n\t\t\t\n\t\t\t\n\n\t<div class=\"box has-hover   has-hover box-text-bottom\" >\n\n\t\t<div class=\"box-image\" style=\"width:60%;\">\n\t\t\t\t\t\t<div class=\"image-cover\" style=\"padding-top:100%;\">\n\t\t\t\t<img decoding=\"async\" width=\"200\" height=\"200\" src=\"https:\/\/www.alevcamcioglu.com\/wp-content\/uploads\/2025\/04\/Proven-Results.png\" class=\"attachment-2048x2048 size-2048x2048\" alt=\"\" title=\"\">\t\t\t\t\t\t\t\t\t\t\t<\/div>\n\t\t\t\t\t<\/div>\n\n\t\t<div class=\"box-text text-center\" >\n\t\t\t<div class=\"box-text-inner\">\n\t\t\t\t\n\n\t<div id=\"text-1803872571\" class=\"text\">\n\t\t\n\n<p>R\u00e9sultats \u00e9prouv\u00e9s<\/p>\n\n\t\t\n<style>\n#text-1803872571 {\n  font-size: 1rem;\n  color: #404040;\n}\n#text-1803872571 > * {\n  color: #404040;\n}\n<\/style>\n\t<\/div>\n\t\n\n\t\t\t<\/div>\n\t\t<\/div>\n\t<\/div>\n\t\n\n\t\t<\/div>\n\t\t\t\t\t<\/div>\n\n\t\n\n\t<div id=\"col-222169628\" class=\"col medium-2 small-6 large-2\"  >\n\t\t\t\t<div class=\"col-inner\"  >\n\t\t\t\n\t\t\t\n\n\t<div class=\"box has-hover   has-hover box-text-bottom\" >\n\n\t\t<div class=\"box-image\" style=\"width:60%;\">\n\t\t\t\t\t\t<div class=\"image-cover\" style=\"padding-top:100%;\">\n\t\t\t\t<img decoding=\"async\" width=\"200\" height=\"200\" src=\"https:\/\/www.alevcamcioglu.com\/wp-content\/uploads\/2025\/04\/5-Star-Reviews.png\" class=\"attachment-2048x2048 size-2048x2048\" alt=\"\" title=\"\">\t\t\t\t\t\t\t\t\t\t\t<\/div>\n\t\t\t\t\t<\/div>\n\n\t\t<div class=\"box-text text-center\" >\n\t\t\t<div class=\"box-text-inner\">\n\t\t\t\t\n\n\t<div id=\"text-1291620271\" class=\"text\">\n\t\t\n\n<p>Avis 5 \u00e9toiles<\/p>\n\n\t\t\n<style>\n#text-1291620271 {\n  font-size: 1rem;\n  color: #404040;\n}\n#text-1291620271 > * {\n  color: #404040;\n}\n<\/style>\n\t<\/div>\n\t\n\n\t\t\t<\/div>\n\t\t<\/div>\n\t<\/div>\n\t\n\n\t\t<\/div>\n\t\t\t\t\t<\/div>\n\n\t\n\n\t<div id=\"col-553522341\" class=\"col medium-2 small-6 large-2\"  >\n\t\t\t\t<div class=\"col-inner\"  >\n\t\t\t\n\t\t\t\n\n\t<div class=\"box has-hover   has-hover box-text-bottom\" >\n\n\t\t<div class=\"box-image\" style=\"width:60%;\">\n\t\t\t\t\t\t<div class=\"image-cover\" style=\"padding-top:100%;\">\n\t\t\t\t<img decoding=\"async\" width=\"200\" height=\"200\" src=\"https:\/\/www.alevcamcioglu.com\/wp-content\/uploads\/2025\/04\/All-Inclusive-Packages.png\" class=\"attachment-2048x2048 size-2048x2048\" alt=\"\" title=\"\">\t\t\t\t\t\t\t\t\t\t\t<\/div>\n\t\t\t\t\t<\/div>\n\n\t\t<div class=\"box-text text-center\" >\n\t\t\t<div class=\"box-text-inner\">\n\t\t\t\t\n\n\t<div id=\"text-3273213289\" class=\"text\">\n\t\t\n\n<p>Forfaits tout compris<\/p>\n\n\t\t\n<style>\n#text-3273213289 {\n  font-size: 1rem;\n  color: #404040;\n}\n#text-3273213289 > * {\n  color: #404040;\n}\n<\/style>\n\t<\/div>\n\t\n\n\t\t\t<\/div>\n\t\t<\/div>\n\t<\/div>\n\t\n\n\t\t<\/div>\n\t\t\t\t\t<\/div>\n\n\t\n\n\t<div id=\"col-1170237933\" class=\"col medium-2 small-6 large-2\"  >\n\t\t\t\t<div class=\"col-inner\"  >\n\t\t\t\n\t\t\t\n\n\t<div class=\"box has-hover   has-hover box-text-bottom\" >\n\n\t\t<div class=\"box-image\" style=\"width:60%;\">\n\t\t\t\t\t\t<div class=\"image-cover\" style=\"padding-top:100%;\">\n\t\t\t\t<img decoding=\"async\" width=\"200\" height=\"200\" src=\"https:\/\/www.alevcamcioglu.com\/wp-content\/uploads\/2025\/04\/Luxury-Hotels.png\" class=\"attachment-2048x2048 size-2048x2048\" alt=\"\" title=\"\">\t\t\t\t\t\t\t\t\t\t\t<\/div>\n\t\t\t\t\t<\/div>\n\n\t\t<div class=\"box-text text-center\" >\n\t\t\t<div class=\"box-text-inner\">\n\t\t\t\t\n\n\t<div id=\"text-2167036695\" class=\"text\">\n\t\t\n\n<p>H\u00f4tels de luxe<\/p>\n\n\t\t\n<style>\n#text-2167036695 {\n  font-size: 1rem;\n  color: #404040;\n}\n#text-2167036695 > * {\n  color: #404040;\n}\n<\/style>\n\t<\/div>\n\t\n\n\t\t\t<\/div>\n\t\t<\/div>\n\t<\/div>\n\t\n\n\t\t<\/div>\n\t\t\t\t\t<\/div>\n\n\t\n\n\t<div id=\"col-898696371\" class=\"col medium-2 small-6 large-2\"  >\n\t\t\t\t<div class=\"col-inner\"  >\n\t\t\t\n\t\t\t\n\n\t<div class=\"box has-hover   has-hover box-text-bottom\" >\n\n\t\t<div class=\"box-image\" style=\"width:60%;\">\n\t\t\t\t\t\t<div class=\"image-cover\" style=\"padding-top:100%;\">\n\t\t\t\t<img decoding=\"async\" width=\"200\" height=\"200\" src=\"https:\/\/www.alevcamcioglu.com\/wp-content\/uploads\/2025\/04\/Accredited-Hospitals.png\" class=\"attachment-2048x2048 size-2048x2048\" alt=\"\" title=\"\">\t\t\t\t\t\t\t\t\t\t\t<\/div>\n\t\t\t\t\t<\/div>\n\n\t\t<div class=\"box-text text-center\" >\n\t\t\t<div class=\"box-text-inner\">\n\t\t\t\t\n\n\t<div id=\"text-1688369703\" class=\"text\">\n\t\t\n\n<p>H\u00f4pitaux accr\u00e9dit\u00e9s<\/p>\n\n\t\t\n<style>\n#text-1688369703 {\n  font-size: 1rem;\n  color: #404040;\n}\n#text-1688369703 > * {\n  color: #404040;\n}\n<\/style>\n\t<\/div>\n\t\n\n\t\t\t<\/div>\n\t\t<\/div>\n\t<\/div>\n\t\n\n\t\t<\/div>\n\t\t\t\t\t<\/div>\n\n\t\n\n\t<div id=\"col-2062834956\" class=\"col medium-2 small-6 large-2\"  >\n\t\t\t\t<div class=\"col-inner\"  >\n\t\t\t\n\t\t\t\n\n\t<div class=\"box has-hover   has-hover box-text-bottom\" >\n\n\t\t<div class=\"box-image\" style=\"width:60%;\">\n\t\t\t\t\t\t<div class=\"image-cover\" style=\"padding-top:100%;\">\n\t\t\t\t<img decoding=\"async\" width=\"200\" height=\"200\" src=\"https:\/\/www.alevcamcioglu.com\/wp-content\/uploads\/2025\/04\/Waiting.png\" class=\"attachment-2048x2048 size-2048x2048\" alt=\"\" title=\"\">\t\t\t\t\t\t\t\t\t\t\t<\/div>\n\t\t\t\t\t<\/div>\n\n\t\t<div class=\"box-text text-center\" >\n\t\t\t<div class=\"box-text-inner\">\n\t\t\t\t\n\n\t<div id=\"text-2824620829\" class=\"text\">\n\t\t\n\n<p>Soins postop\u00e9ratoires<\/p>\n\n\t\t\n<style>\n#text-2824620829 {\n  font-size: 1rem;\n  color: #404040;\n}\n#text-2824620829 > * {\n  color: #404040;\n}\n<\/style>\n\t<\/div>\n\t\n\n\t\t\t<\/div>\n\t\t<\/div>\n\t<\/div>\n\t\n\n\t\t<\/div>\n\t\t\t\t\t<\/div>\n\n\t\n\n<\/div>\n\n\t\t<\/div>\n\t\t\t\t\n<style>\n#col-7154195 > .col-inner {\n  padding: 30px 0px 0px 30px;\n  border-radius: 15px;\n}\n<\/style>\n\t<\/div>\n\n\t\n\n<\/div>\n\n\t\t<\/div>\n\n\t\t\n<style>\n#section_767436141 {\n  padding-top: 30px;\n  padding-bottom: 30px;\n}\n<\/style>\n\t<\/section>\n\t\r\n\r\n\n\t<section class=\"section\" id=\"section_624652887\">\n\t\t<div class=\"section-bg fill\" >\n\t\t\t\t\t\t\t\t\t\n\t\t\t\n\n\t\t<\/div>\n\n\t\t\n\n\t\t<div class=\"section-content relative\">\n\t\t\t\r\n\r\n<div class=\"row\"  id=\"row-146370123\">\r\n\r\n\n\t<div id=\"col-173379315\" class=\"col small-12 large-12\"  >\n\t\t\t\t<div class=\"col-inner text-center\"  >\n\t\t\t\n\t\t\t\r\n\r\n\t<div id=\"text-1386043494\" class=\"text\">\n\t\t\r\n<h2>\u00a0 Photos avant et apr\u00e8s en Turquie<\/h2>\r\n\t\t\n<style>\n#text-1386043494 {\n  font-size: 1.25rem;\n  text-align: center;\n  color: rgb(243, 58, 58);\n}\n#text-1386043494 > * {\n  color: rgb(243, 58, 58);\n}\n<\/style>\n\t<\/div>\n\t\r\n\n  \n    <div class=\"row large-columns-4 medium-columns-3 small-columns-2 slider row-slider slider-nav-circle slider-nav-outside slider-nav-push\"  data-flickity-options='{&quot;imagesLoaded&quot;: true, &quot;groupCells&quot;: &quot;100%&quot;, &quot;dragThreshold&quot; : 5, &quot;cellAlign&quot;: &quot;left&quot;,&quot;wrapAround&quot;: true,&quot;prevNextButtons&quot;: true,&quot;percentPosition&quot;: true,&quot;pageDots&quot;: false, &quot;rightToLeft&quot;: false, &quot;autoPlay&quot; : false}' >\n\n  <div class=\"gallery-col col\" >\n          <div class=\"col-inner\">\n            <a class=\"image-lightbox lightbox-gallery\" href=\"https:\/\/www.alevcamcioglu.com\/wp-content\/uploads\/2024\/11\/rhinoplastie-avant-apres-photo-en-turquie-1.jpg\" title=\"\">            <div class=\"box has-hover gallery-box box-normal\">\n              <div class=\"box-image\" >\n                <img decoding=\"async\" width=\"320\" height=\"400\" src=\"https:\/\/www.alevcamcioglu.com\/wp-content\/uploads\/2024\/11\/rhinoplastie-avant-apres-photo-en-turquie-1-320x400.jpg\" class=\"attachment-medium size-medium\" alt=\"\" ids=\"9212,9218,9224,9230,9236,9242,9248,9254,9260,9266,9272,9278,9284,9290,9296,9302,9308,9314,9320,9326,9332,9338,9344,9350,9356,9362,9368,9374,9380,9386,9392,9398,9404,9410,9416,9422,9428,9434,9440,9446,9452,9458,9464,9470\" style=\"normal\" lightbox_image_size=\"2048x2048\" type=\"slider\" slider_nav_style=\"circle\" slider_nav_position=\"outside\" srcset=\"https:\/\/www.alevcamcioglu.com\/wp-content\/uploads\/2024\/11\/rhinoplastie-avant-apres-photo-en-turquie-1-320x400.jpg 320w, https:\/\/www.alevcamcioglu.com\/wp-content\/uploads\/2024\/11\/rhinoplastie-avant-apres-photo-en-turquie-1-640x800.jpg 640w, https:\/\/www.alevcamcioglu.com\/wp-content\/uploads\/2024\/11\/rhinoplastie-avant-apres-photo-en-turquie-1-768x960.jpg 768w, https:\/\/www.alevcamcioglu.com\/wp-content\/uploads\/2024\/11\/rhinoplastie-avant-apres-photo-en-turquie-1.jpg 1200w\" sizes=\"(max-width: 320px) 100vw, 320px\" title=\"\">                                                              <\/div>\n              <div class=\"box-text text-left\" >\n                 <p><\/p>\n              <\/div>\n            <\/div>\n            <\/a>          <\/div>\n         <\/div><div class=\"gallery-col col\" >\n          <div class=\"col-inner\">\n            <a class=\"image-lightbox lightbox-gallery\" href=\"https:\/\/www.alevcamcioglu.com\/wp-content\/uploads\/2024\/11\/rhinoplastie-avant-apres-photo-en-turquie-2.jpg\" title=\"\">            <div class=\"box has-hover gallery-box box-normal\">\n              <div class=\"box-image\" >\n                <img decoding=\"async\" width=\"320\" height=\"400\" src=\"https:\/\/www.alevcamcioglu.com\/wp-content\/uploads\/2024\/11\/rhinoplastie-avant-apres-photo-en-turquie-2-320x400.jpg\" class=\"attachment-medium size-medium\" alt=\"\" ids=\"9212,9218,9224,9230,9236,9242,9248,9254,9260,9266,9272,9278,9284,9290,9296,9302,9308,9314,9320,9326,9332,9338,9344,9350,9356,9362,9368,9374,9380,9386,9392,9398,9404,9410,9416,9422,9428,9434,9440,9446,9452,9458,9464,9470\" style=\"normal\" lightbox_image_size=\"2048x2048\" type=\"slider\" slider_nav_style=\"circle\" slider_nav_position=\"outside\" srcset=\"https:\/\/www.alevcamcioglu.com\/wp-content\/uploads\/2024\/11\/rhinoplastie-avant-apres-photo-en-turquie-2-320x400.jpg 320w, https:\/\/www.alevcamcioglu.com\/wp-content\/uploads\/2024\/11\/rhinoplastie-avant-apres-photo-en-turquie-2-640x800.jpg 640w, https:\/\/www.alevcamcioglu.com\/wp-content\/uploads\/2024\/11\/rhinoplastie-avant-apres-photo-en-turquie-2-768x960.jpg 768w, https:\/\/www.alevcamcioglu.com\/wp-content\/uploads\/2024\/11\/rhinoplastie-avant-apres-photo-en-turquie-2.jpg 1200w\" sizes=\"(max-width: 320px) 100vw, 320px\" title=\"\">                                                              <\/div>\n              <div class=\"box-text text-left\" >\n                 <p><\/p>\n              <\/div>\n            <\/div>\n            <\/a>          <\/div>\n         <\/div><div class=\"gallery-col col\" >\n          <div class=\"col-inner\">\n            <a class=\"image-lightbox lightbox-gallery\" href=\"https:\/\/www.alevcamcioglu.com\/wp-content\/uploads\/2024\/11\/rhinoplastie-avant-apres-photo-en-turquie-3.jpg\" title=\"\">            <div class=\"box has-hover gallery-box box-normal\">\n              <div class=\"box-image\" >\n                <img decoding=\"async\" width=\"320\" height=\"400\" src=\"https:\/\/www.alevcamcioglu.com\/wp-content\/uploads\/2024\/11\/rhinoplastie-avant-apres-photo-en-turquie-3-320x400.jpg\" class=\"attachment-medium size-medium\" alt=\"\" ids=\"9212,9218,9224,9230,9236,9242,9248,9254,9260,9266,9272,9278,9284,9290,9296,9302,9308,9314,9320,9326,9332,9338,9344,9350,9356,9362,9368,9374,9380,9386,9392,9398,9404,9410,9416,9422,9428,9434,9440,9446,9452,9458,9464,9470\" style=\"normal\" lightbox_image_size=\"2048x2048\" type=\"slider\" slider_nav_style=\"circle\" slider_nav_position=\"outside\" srcset=\"https:\/\/www.alevcamcioglu.com\/wp-content\/uploads\/2024\/11\/rhinoplastie-avant-apres-photo-en-turquie-3-320x400.jpg 320w, https:\/\/www.alevcamcioglu.com\/wp-content\/uploads\/2024\/11\/rhinoplastie-avant-apres-photo-en-turquie-3-640x800.jpg 640w, https:\/\/www.alevcamcioglu.com\/wp-content\/uploads\/2024\/11\/rhinoplastie-avant-apres-photo-en-turquie-3-768x960.jpg 768w, https:\/\/www.alevcamcioglu.com\/wp-content\/uploads\/2024\/11\/rhinoplastie-avant-apres-photo-en-turquie-3.jpg 1200w\" sizes=\"(max-width: 320px) 100vw, 320px\" title=\"\">                                                              <\/div>\n              <div class=\"box-text text-left\" >\n                 <p><\/p>\n              <\/div>\n            <\/div>\n            <\/a>          <\/div>\n         <\/div><div class=\"gallery-col col\" >\n          <div class=\"col-inner\">\n            <a class=\"image-lightbox lightbox-gallery\" href=\"https:\/\/www.alevcamcioglu.com\/wp-content\/uploads\/2024\/11\/rhinoplastie-avant-apres-photo-en-turquie-4.jpg\" title=\"\">            <div class=\"box has-hover gallery-box box-normal\">\n              <div class=\"box-image\" >\n                <img decoding=\"async\" width=\"320\" height=\"400\" src=\"https:\/\/www.alevcamcioglu.com\/wp-content\/uploads\/2024\/11\/rhinoplastie-avant-apres-photo-en-turquie-4-320x400.jpg\" class=\"attachment-medium size-medium\" alt=\"\" ids=\"9212,9218,9224,9230,9236,9242,9248,9254,9260,9266,9272,9278,9284,9290,9296,9302,9308,9314,9320,9326,9332,9338,9344,9350,9356,9362,9368,9374,9380,9386,9392,9398,9404,9410,9416,9422,9428,9434,9440,9446,9452,9458,9464,9470\" style=\"normal\" lightbox_image_size=\"2048x2048\" type=\"slider\" slider_nav_style=\"circle\" slider_nav_position=\"outside\" srcset=\"https:\/\/www.alevcamcioglu.com\/wp-content\/uploads\/2024\/11\/rhinoplastie-avant-apres-photo-en-turquie-4-320x400.jpg 320w, https:\/\/www.alevcamcioglu.com\/wp-content\/uploads\/2024\/11\/rhinoplastie-avant-apres-photo-en-turquie-4-640x800.jpg 640w, https:\/\/www.alevcamcioglu.com\/wp-content\/uploads\/2024\/11\/rhinoplastie-avant-apres-photo-en-turquie-4-768x960.jpg 768w, https:\/\/www.alevcamcioglu.com\/wp-content\/uploads\/2024\/11\/rhinoplastie-avant-apres-photo-en-turquie-4.jpg 1200w\" sizes=\"(max-width: 320px) 100vw, 320px\" title=\"\">                                                              <\/div>\n              <div class=\"box-text text-left\" >\n                 <p><\/p>\n              <\/div>\n            <\/div>\n            <\/a>          <\/div>\n         <\/div><div class=\"gallery-col col\" >\n          <div class=\"col-inner\">\n            <a class=\"image-lightbox lightbox-gallery\" href=\"https:\/\/www.alevcamcioglu.com\/wp-content\/uploads\/2024\/11\/rhinoplastie-avant-apres-photo-en-turquie-5.jpg\" title=\"\">            <div class=\"box has-hover gallery-box box-normal\">\n              <div class=\"box-image\" >\n                <img decoding=\"async\" width=\"320\" height=\"400\" src=\"https:\/\/www.alevcamcioglu.com\/wp-content\/uploads\/2024\/11\/rhinoplastie-avant-apres-photo-en-turquie-5-320x400.jpg\" class=\"attachment-medium size-medium\" alt=\"\" ids=\"9212,9218,9224,9230,9236,9242,9248,9254,9260,9266,9272,9278,9284,9290,9296,9302,9308,9314,9320,9326,9332,9338,9344,9350,9356,9362,9368,9374,9380,9386,9392,9398,9404,9410,9416,9422,9428,9434,9440,9446,9452,9458,9464,9470\" style=\"normal\" lightbox_image_size=\"2048x2048\" type=\"slider\" slider_nav_style=\"circle\" slider_nav_position=\"outside\" srcset=\"https:\/\/www.alevcamcioglu.com\/wp-content\/uploads\/2024\/11\/rhinoplastie-avant-apres-photo-en-turquie-5-320x400.jpg 320w, https:\/\/www.alevcamcioglu.com\/wp-content\/uploads\/2024\/11\/rhinoplastie-avant-apres-photo-en-turquie-5-640x800.jpg 640w, https:\/\/www.alevcamcioglu.com\/wp-content\/uploads\/2024\/11\/rhinoplastie-avant-apres-photo-en-turquie-5-768x960.jpg 768w, https:\/\/www.alevcamcioglu.com\/wp-content\/uploads\/2024\/11\/rhinoplastie-avant-apres-photo-en-turquie-5.jpg 1200w\" sizes=\"(max-width: 320px) 100vw, 320px\" title=\"\">                                                              <\/div>\n              <div class=\"box-text text-left\" >\n                 <p><\/p>\n              <\/div>\n            <\/div>\n            <\/a>          <\/div>\n         <\/div><div class=\"gallery-col col\" >\n          <div class=\"col-inner\">\n            <a class=\"image-lightbox lightbox-gallery\" href=\"https:\/\/www.alevcamcioglu.com\/wp-content\/uploads\/2024\/11\/rhinoplastie-avant-apres-photo-en-turquie-6.jpg\" title=\"\">            <div class=\"box has-hover gallery-box box-normal\">\n              <div class=\"box-image\" >\n                <img decoding=\"async\" width=\"320\" height=\"400\" src=\"https:\/\/www.alevcamcioglu.com\/wp-content\/uploads\/2024\/11\/rhinoplastie-avant-apres-photo-en-turquie-6-320x400.jpg\" class=\"attachment-medium size-medium\" alt=\"\" ids=\"9212,9218,9224,9230,9236,9242,9248,9254,9260,9266,9272,9278,9284,9290,9296,9302,9308,9314,9320,9326,9332,9338,9344,9350,9356,9362,9368,9374,9380,9386,9392,9398,9404,9410,9416,9422,9428,9434,9440,9446,9452,9458,9464,9470\" style=\"normal\" lightbox_image_size=\"2048x2048\" type=\"slider\" slider_nav_style=\"circle\" slider_nav_position=\"outside\" srcset=\"https:\/\/www.alevcamcioglu.com\/wp-content\/uploads\/2024\/11\/rhinoplastie-avant-apres-photo-en-turquie-6-320x400.jpg 320w, https:\/\/www.alevcamcioglu.com\/wp-content\/uploads\/2024\/11\/rhinoplastie-avant-apres-photo-en-turquie-6-640x800.jpg 640w, https:\/\/www.alevcamcioglu.com\/wp-content\/uploads\/2024\/11\/rhinoplastie-avant-apres-photo-en-turquie-6-768x960.jpg 768w, https:\/\/www.alevcamcioglu.com\/wp-content\/uploads\/2024\/11\/rhinoplastie-avant-apres-photo-en-turquie-6.jpg 1200w\" sizes=\"(max-width: 320px) 100vw, 320px\" title=\"\">                                                              <\/div>\n              <div class=\"box-text text-left\" >\n                 <p><\/p>\n              <\/div>\n            <\/div>\n            <\/a>          <\/div>\n         <\/div><div class=\"gallery-col col\" >\n          <div class=\"col-inner\">\n            <a class=\"image-lightbox lightbox-gallery\" href=\"https:\/\/www.alevcamcioglu.com\/wp-content\/uploads\/2024\/11\/rhinoplastie-avant-apres-photo-en-turquie-7.jpg\" title=\"\">            <div class=\"box has-hover gallery-box box-normal\">\n              <div class=\"box-image\" >\n                <img decoding=\"async\" width=\"320\" height=\"400\" src=\"https:\/\/www.alevcamcioglu.com\/wp-content\/uploads\/2024\/11\/rhinoplastie-avant-apres-photo-en-turquie-7-320x400.jpg\" class=\"attachment-medium size-medium\" alt=\"\" ids=\"9212,9218,9224,9230,9236,9242,9248,9254,9260,9266,9272,9278,9284,9290,9296,9302,9308,9314,9320,9326,9332,9338,9344,9350,9356,9362,9368,9374,9380,9386,9392,9398,9404,9410,9416,9422,9428,9434,9440,9446,9452,9458,9464,9470\" style=\"normal\" lightbox_image_size=\"2048x2048\" type=\"slider\" slider_nav_style=\"circle\" slider_nav_position=\"outside\" srcset=\"https:\/\/www.alevcamcioglu.com\/wp-content\/uploads\/2024\/11\/rhinoplastie-avant-apres-photo-en-turquie-7-320x400.jpg 320w, https:\/\/www.alevcamcioglu.com\/wp-content\/uploads\/2024\/11\/rhinoplastie-avant-apres-photo-en-turquie-7-640x800.jpg 640w, https:\/\/www.alevcamcioglu.com\/wp-content\/uploads\/2024\/11\/rhinoplastie-avant-apres-photo-en-turquie-7-768x960.jpg 768w, https:\/\/www.alevcamcioglu.com\/wp-content\/uploads\/2024\/11\/rhinoplastie-avant-apres-photo-en-turquie-7.jpg 1200w\" sizes=\"(max-width: 320px) 100vw, 320px\" title=\"\">                                                              <\/div>\n              <div class=\"box-text text-left\" >\n                 <p><\/p>\n              <\/div>\n            <\/div>\n            <\/a>          <\/div>\n         <\/div><div class=\"gallery-col col\" >\n          <div class=\"col-inner\">\n            <a class=\"image-lightbox lightbox-gallery\" href=\"https:\/\/www.alevcamcioglu.com\/wp-content\/uploads\/2024\/11\/rhinoplastie-avant-apres-photo-en-turquie-8.jpg\" title=\"\">            <div class=\"box has-hover gallery-box box-normal\">\n              <div class=\"box-image\" >\n                <img decoding=\"async\" width=\"320\" height=\"400\" src=\"https:\/\/www.alevcamcioglu.com\/wp-content\/uploads\/2024\/11\/rhinoplastie-avant-apres-photo-en-turquie-8-320x400.jpg\" class=\"attachment-medium size-medium\" alt=\"\" ids=\"9212,9218,9224,9230,9236,9242,9248,9254,9260,9266,9272,9278,9284,9290,9296,9302,9308,9314,9320,9326,9332,9338,9344,9350,9356,9362,9368,9374,9380,9386,9392,9398,9404,9410,9416,9422,9428,9434,9440,9446,9452,9458,9464,9470\" style=\"normal\" lightbox_image_size=\"2048x2048\" type=\"slider\" slider_nav_style=\"circle\" slider_nav_position=\"outside\" srcset=\"https:\/\/www.alevcamcioglu.com\/wp-content\/uploads\/2024\/11\/rhinoplastie-avant-apres-photo-en-turquie-8-320x400.jpg 320w, https:\/\/www.alevcamcioglu.com\/wp-content\/uploads\/2024\/11\/rhinoplastie-avant-apres-photo-en-turquie-8-640x800.jpg 640w, https:\/\/www.alevcamcioglu.com\/wp-content\/uploads\/2024\/11\/rhinoplastie-avant-apres-photo-en-turquie-8-768x960.jpg 768w, https:\/\/www.alevcamcioglu.com\/wp-content\/uploads\/2024\/11\/rhinoplastie-avant-apres-photo-en-turquie-8.jpg 1200w\" sizes=\"(max-width: 320px) 100vw, 320px\" title=\"\">                                                              <\/div>\n              <div class=\"box-text text-left\" >\n                 <p><\/p>\n              <\/div>\n            <\/div>\n            <\/a>          <\/div>\n         <\/div><div class=\"gallery-col col\" >\n          <div class=\"col-inner\">\n            <a class=\"image-lightbox lightbox-gallery\" href=\"https:\/\/www.alevcamcioglu.com\/wp-content\/uploads\/2024\/11\/rhinoplastie-avant-apres-photo-en-turquie-9.jpg\" title=\"\">            <div class=\"box has-hover gallery-box box-normal\">\n              <div class=\"box-image\" >\n                <img decoding=\"async\" width=\"320\" height=\"400\" src=\"https:\/\/www.alevcamcioglu.com\/wp-content\/uploads\/2024\/11\/rhinoplastie-avant-apres-photo-en-turquie-9-320x400.jpg\" class=\"attachment-medium size-medium\" alt=\"\" ids=\"9212,9218,9224,9230,9236,9242,9248,9254,9260,9266,9272,9278,9284,9290,9296,9302,9308,9314,9320,9326,9332,9338,9344,9350,9356,9362,9368,9374,9380,9386,9392,9398,9404,9410,9416,9422,9428,9434,9440,9446,9452,9458,9464,9470\" style=\"normal\" lightbox_image_size=\"2048x2048\" type=\"slider\" slider_nav_style=\"circle\" slider_nav_position=\"outside\" srcset=\"https:\/\/www.alevcamcioglu.com\/wp-content\/uploads\/2024\/11\/rhinoplastie-avant-apres-photo-en-turquie-9-320x400.jpg 320w, https:\/\/www.alevcamcioglu.com\/wp-content\/uploads\/2024\/11\/rhinoplastie-avant-apres-photo-en-turquie-9-640x800.jpg 640w, https:\/\/www.alevcamcioglu.com\/wp-content\/uploads\/2024\/11\/rhinoplastie-avant-apres-photo-en-turquie-9-768x960.jpg 768w, https:\/\/www.alevcamcioglu.com\/wp-content\/uploads\/2024\/11\/rhinoplastie-avant-apres-photo-en-turquie-9.jpg 1200w\" sizes=\"(max-width: 320px) 100vw, 320px\" title=\"\">                                                              <\/div>\n              <div class=\"box-text text-left\" >\n                 <p><\/p>\n              <\/div>\n            <\/div>\n            <\/a>          <\/div>\n         <\/div><div class=\"gallery-col col\" >\n          <div class=\"col-inner\">\n            <a class=\"image-lightbox lightbox-gallery\" href=\"https:\/\/www.alevcamcioglu.com\/wp-content\/uploads\/2024\/11\/rhinoplastie-avant-apres-photo-en-turquie-10.jpg\" title=\"\">            <div class=\"box has-hover gallery-box box-normal\">\n              <div class=\"box-image\" >\n                <img decoding=\"async\" width=\"320\" height=\"400\" src=\"https:\/\/www.alevcamcioglu.com\/wp-content\/uploads\/2024\/11\/rhinoplastie-avant-apres-photo-en-turquie-10-320x400.jpg\" class=\"attachment-medium size-medium\" alt=\"\" ids=\"9212,9218,9224,9230,9236,9242,9248,9254,9260,9266,9272,9278,9284,9290,9296,9302,9308,9314,9320,9326,9332,9338,9344,9350,9356,9362,9368,9374,9380,9386,9392,9398,9404,9410,9416,9422,9428,9434,9440,9446,9452,9458,9464,9470\" style=\"normal\" lightbox_image_size=\"2048x2048\" type=\"slider\" slider_nav_style=\"circle\" slider_nav_position=\"outside\" srcset=\"https:\/\/www.alevcamcioglu.com\/wp-content\/uploads\/2024\/11\/rhinoplastie-avant-apres-photo-en-turquie-10-320x400.jpg 320w, https:\/\/www.alevcamcioglu.com\/wp-content\/uploads\/2024\/11\/rhinoplastie-avant-apres-photo-en-turquie-10-640x800.jpg 640w, https:\/\/www.alevcamcioglu.com\/wp-content\/uploads\/2024\/11\/rhinoplastie-avant-apres-photo-en-turquie-10-768x960.jpg 768w, https:\/\/www.alevcamcioglu.com\/wp-content\/uploads\/2024\/11\/rhinoplastie-avant-apres-photo-en-turquie-10.jpg 1200w\" sizes=\"(max-width: 320px) 100vw, 320px\" title=\"\">                                                              <\/div>\n              <div class=\"box-text text-left\" >\n                 <p><\/p>\n              <\/div>\n            <\/div>\n            <\/a>          <\/div>\n         <\/div><div class=\"gallery-col col\" >\n          <div class=\"col-inner\">\n            <a class=\"image-lightbox lightbox-gallery\" href=\"https:\/\/www.alevcamcioglu.com\/wp-content\/uploads\/2024\/11\/rhinoplastie-avant-apres-photo-en-turquie-11.jpg\" title=\"\">            <div class=\"box has-hover gallery-box box-normal\">\n              <div class=\"box-image\" >\n                <img decoding=\"async\" width=\"320\" height=\"400\" src=\"https:\/\/www.alevcamcioglu.com\/wp-content\/uploads\/2024\/11\/rhinoplastie-avant-apres-photo-en-turquie-11-320x400.jpg\" class=\"attachment-medium size-medium\" alt=\"\" ids=\"9212,9218,9224,9230,9236,9242,9248,9254,9260,9266,9272,9278,9284,9290,9296,9302,9308,9314,9320,9326,9332,9338,9344,9350,9356,9362,9368,9374,9380,9386,9392,9398,9404,9410,9416,9422,9428,9434,9440,9446,9452,9458,9464,9470\" style=\"normal\" lightbox_image_size=\"2048x2048\" type=\"slider\" slider_nav_style=\"circle\" slider_nav_position=\"outside\" srcset=\"https:\/\/www.alevcamcioglu.com\/wp-content\/uploads\/2024\/11\/rhinoplastie-avant-apres-photo-en-turquie-11-320x400.jpg 320w, https:\/\/www.alevcamcioglu.com\/wp-content\/uploads\/2024\/11\/rhinoplastie-avant-apres-photo-en-turquie-11-640x800.jpg 640w, https:\/\/www.alevcamcioglu.com\/wp-content\/uploads\/2024\/11\/rhinoplastie-avant-apres-photo-en-turquie-11-768x960.jpg 768w, https:\/\/www.alevcamcioglu.com\/wp-content\/uploads\/2024\/11\/rhinoplastie-avant-apres-photo-en-turquie-11.jpg 1200w\" sizes=\"(max-width: 320px) 100vw, 320px\" title=\"\">                                                              <\/div>\n              <div class=\"box-text text-left\" >\n                 <p><\/p>\n              <\/div>\n            <\/div>\n            <\/a>          <\/div>\n         <\/div><div class=\"gallery-col col\" >\n          <div class=\"col-inner\">\n            <a class=\"image-lightbox lightbox-gallery\" href=\"https:\/\/www.alevcamcioglu.com\/wp-content\/uploads\/2024\/11\/rhinoplastie-avant-apres-photo-en-turquie-12.jpg\" title=\"\">            <div class=\"box has-hover gallery-box box-normal\">\n              <div class=\"box-image\" >\n                <img decoding=\"async\" width=\"320\" height=\"400\" src=\"https:\/\/www.alevcamcioglu.com\/wp-content\/uploads\/2024\/11\/rhinoplastie-avant-apres-photo-en-turquie-12-320x400.jpg\" class=\"attachment-medium size-medium\" alt=\"\" ids=\"9212,9218,9224,9230,9236,9242,9248,9254,9260,9266,9272,9278,9284,9290,9296,9302,9308,9314,9320,9326,9332,9338,9344,9350,9356,9362,9368,9374,9380,9386,9392,9398,9404,9410,9416,9422,9428,9434,9440,9446,9452,9458,9464,9470\" style=\"normal\" lightbox_image_size=\"2048x2048\" type=\"slider\" slider_nav_style=\"circle\" slider_nav_position=\"outside\" srcset=\"https:\/\/www.alevcamcioglu.com\/wp-content\/uploads\/2024\/11\/rhinoplastie-avant-apres-photo-en-turquie-12-320x400.jpg 320w, https:\/\/www.alevcamcioglu.com\/wp-content\/uploads\/2024\/11\/rhinoplastie-avant-apres-photo-en-turquie-12-640x800.jpg 640w, https:\/\/www.alevcamcioglu.com\/wp-content\/uploads\/2024\/11\/rhinoplastie-avant-apres-photo-en-turquie-12-768x960.jpg 768w, https:\/\/www.alevcamcioglu.com\/wp-content\/uploads\/2024\/11\/rhinoplastie-avant-apres-photo-en-turquie-12.jpg 1200w\" sizes=\"(max-width: 320px) 100vw, 320px\" title=\"\">                                                              <\/div>\n              <div class=\"box-text text-left\" >\n                 <p><\/p>\n              <\/div>\n            <\/div>\n            <\/a>          <\/div>\n         <\/div><div class=\"gallery-col col\" >\n          <div class=\"col-inner\">\n            <a class=\"image-lightbox lightbox-gallery\" href=\"https:\/\/www.alevcamcioglu.com\/wp-content\/uploads\/2024\/11\/rhinoplastie-avant-apres-photo-en-turquie-13.jpg\" title=\"\">            <div class=\"box has-hover gallery-box box-normal\">\n              <div class=\"box-image\" >\n                <img decoding=\"async\" width=\"320\" height=\"400\" src=\"https:\/\/www.alevcamcioglu.com\/wp-content\/uploads\/2024\/11\/rhinoplastie-avant-apres-photo-en-turquie-13-320x400.jpg\" class=\"attachment-medium size-medium\" alt=\"\" ids=\"9212,9218,9224,9230,9236,9242,9248,9254,9260,9266,9272,9278,9284,9290,9296,9302,9308,9314,9320,9326,9332,9338,9344,9350,9356,9362,9368,9374,9380,9386,9392,9398,9404,9410,9416,9422,9428,9434,9440,9446,9452,9458,9464,9470\" style=\"normal\" lightbox_image_size=\"2048x2048\" type=\"slider\" slider_nav_style=\"circle\" slider_nav_position=\"outside\" srcset=\"https:\/\/www.alevcamcioglu.com\/wp-content\/uploads\/2024\/11\/rhinoplastie-avant-apres-photo-en-turquie-13-320x400.jpg 320w, https:\/\/www.alevcamcioglu.com\/wp-content\/uploads\/2024\/11\/rhinoplastie-avant-apres-photo-en-turquie-13-640x800.jpg 640w, https:\/\/www.alevcamcioglu.com\/wp-content\/uploads\/2024\/11\/rhinoplastie-avant-apres-photo-en-turquie-13-768x960.jpg 768w, https:\/\/www.alevcamcioglu.com\/wp-content\/uploads\/2024\/11\/rhinoplastie-avant-apres-photo-en-turquie-13.jpg 1200w\" sizes=\"(max-width: 320px) 100vw, 320px\" title=\"\">                                                              <\/div>\n              <div class=\"box-text text-left\" >\n                 <p><\/p>\n              <\/div>\n            <\/div>\n            <\/a>          <\/div>\n         <\/div><div class=\"gallery-col col\" >\n          <div class=\"col-inner\">\n            <a class=\"image-lightbox lightbox-gallery\" href=\"https:\/\/www.alevcamcioglu.com\/wp-content\/uploads\/2024\/11\/rhinoplastie-avant-apres-photo-en-turquie-14.jpg\" title=\"\">            <div class=\"box has-hover gallery-box box-normal\">\n              <div class=\"box-image\" >\n                <img decoding=\"async\" width=\"320\" height=\"400\" src=\"https:\/\/www.alevcamcioglu.com\/wp-content\/uploads\/2024\/11\/rhinoplastie-avant-apres-photo-en-turquie-14-320x400.jpg\" class=\"attachment-medium size-medium\" alt=\"\" ids=\"9212,9218,9224,9230,9236,9242,9248,9254,9260,9266,9272,9278,9284,9290,9296,9302,9308,9314,9320,9326,9332,9338,9344,9350,9356,9362,9368,9374,9380,9386,9392,9398,9404,9410,9416,9422,9428,9434,9440,9446,9452,9458,9464,9470\" style=\"normal\" lightbox_image_size=\"2048x2048\" type=\"slider\" slider_nav_style=\"circle\" slider_nav_position=\"outside\" srcset=\"https:\/\/www.alevcamcioglu.com\/wp-content\/uploads\/2024\/11\/rhinoplastie-avant-apres-photo-en-turquie-14-320x400.jpg 320w, https:\/\/www.alevcamcioglu.com\/wp-content\/uploads\/2024\/11\/rhinoplastie-avant-apres-photo-en-turquie-14-640x800.jpg 640w, https:\/\/www.alevcamcioglu.com\/wp-content\/uploads\/2024\/11\/rhinoplastie-avant-apres-photo-en-turquie-14-768x960.jpg 768w, https:\/\/www.alevcamcioglu.com\/wp-content\/uploads\/2024\/11\/rhinoplastie-avant-apres-photo-en-turquie-14.jpg 1200w\" sizes=\"(max-width: 320px) 100vw, 320px\" title=\"\">                                                              <\/div>\n              <div class=\"box-text text-left\" >\n                 <p><\/p>\n              <\/div>\n            <\/div>\n            <\/a>          <\/div>\n         <\/div><div class=\"gallery-col col\" >\n          <div class=\"col-inner\">\n            <a class=\"image-lightbox lightbox-gallery\" href=\"https:\/\/www.alevcamcioglu.com\/wp-content\/uploads\/2024\/11\/rhinoplastie-avant-apres-photo-en-turquie-15.jpg\" title=\"\">            <div class=\"box has-hover gallery-box box-normal\">\n              <div class=\"box-image\" >\n                <img decoding=\"async\" width=\"320\" height=\"400\" src=\"https:\/\/www.alevcamcioglu.com\/wp-content\/uploads\/2024\/11\/rhinoplastie-avant-apres-photo-en-turquie-15-320x400.jpg\" class=\"attachment-medium size-medium\" alt=\"\" ids=\"9212,9218,9224,9230,9236,9242,9248,9254,9260,9266,9272,9278,9284,9290,9296,9302,9308,9314,9320,9326,9332,9338,9344,9350,9356,9362,9368,9374,9380,9386,9392,9398,9404,9410,9416,9422,9428,9434,9440,9446,9452,9458,9464,9470\" style=\"normal\" lightbox_image_size=\"2048x2048\" type=\"slider\" slider_nav_style=\"circle\" slider_nav_position=\"outside\" srcset=\"https:\/\/www.alevcamcioglu.com\/wp-content\/uploads\/2024\/11\/rhinoplastie-avant-apres-photo-en-turquie-15-320x400.jpg 320w, https:\/\/www.alevcamcioglu.com\/wp-content\/uploads\/2024\/11\/rhinoplastie-avant-apres-photo-en-turquie-15-640x800.jpg 640w, https:\/\/www.alevcamcioglu.com\/wp-content\/uploads\/2024\/11\/rhinoplastie-avant-apres-photo-en-turquie-15-768x960.jpg 768w, https:\/\/www.alevcamcioglu.com\/wp-content\/uploads\/2024\/11\/rhinoplastie-avant-apres-photo-en-turquie-15.jpg 1200w\" sizes=\"(max-width: 320px) 100vw, 320px\" title=\"\">                                                              <\/div>\n              <div class=\"box-text text-left\" >\n                 <p><\/p>\n              <\/div>\n            <\/div>\n            <\/a>          <\/div>\n         <\/div><div class=\"gallery-col col\" >\n          <div class=\"col-inner\">\n            <a class=\"image-lightbox lightbox-gallery\" href=\"https:\/\/www.alevcamcioglu.com\/wp-content\/uploads\/2024\/11\/rhinoplastie-avant-apres-photo-en-turquie-16.jpg\" title=\"\">            <div class=\"box has-hover gallery-box box-normal\">\n              <div class=\"box-image\" >\n                <img decoding=\"async\" width=\"320\" height=\"400\" src=\"https:\/\/www.alevcamcioglu.com\/wp-content\/uploads\/2024\/11\/rhinoplastie-avant-apres-photo-en-turquie-16-320x400.jpg\" class=\"attachment-medium size-medium\" alt=\"\" ids=\"9212,9218,9224,9230,9236,9242,9248,9254,9260,9266,9272,9278,9284,9290,9296,9302,9308,9314,9320,9326,9332,9338,9344,9350,9356,9362,9368,9374,9380,9386,9392,9398,9404,9410,9416,9422,9428,9434,9440,9446,9452,9458,9464,9470\" style=\"normal\" lightbox_image_size=\"2048x2048\" type=\"slider\" slider_nav_style=\"circle\" slider_nav_position=\"outside\" srcset=\"https:\/\/www.alevcamcioglu.com\/wp-content\/uploads\/2024\/11\/rhinoplastie-avant-apres-photo-en-turquie-16-320x400.jpg 320w, https:\/\/www.alevcamcioglu.com\/wp-content\/uploads\/2024\/11\/rhinoplastie-avant-apres-photo-en-turquie-16-640x800.jpg 640w, https:\/\/www.alevcamcioglu.com\/wp-content\/uploads\/2024\/11\/rhinoplastie-avant-apres-photo-en-turquie-16-768x960.jpg 768w, https:\/\/www.alevcamcioglu.com\/wp-content\/uploads\/2024\/11\/rhinoplastie-avant-apres-photo-en-turquie-16.jpg 1200w\" sizes=\"(max-width: 320px) 100vw, 320px\" title=\"\">                                                              <\/div>\n              <div class=\"box-text text-left\" >\n                 <p><\/p>\n              <\/div>\n            <\/div>\n            <\/a>          <\/div>\n         <\/div><div class=\"gallery-col col\" >\n          <div class=\"col-inner\">\n            <a class=\"image-lightbox lightbox-gallery\" href=\"https:\/\/www.alevcamcioglu.com\/wp-content\/uploads\/2024\/11\/rhinoplastie-avant-apres-photo-en-turquie-17.jpg\" title=\"\">            <div class=\"box has-hover gallery-box box-normal\">\n              <div class=\"box-image\" >\n                <img decoding=\"async\" width=\"320\" height=\"400\" src=\"https:\/\/www.alevcamcioglu.com\/wp-content\/uploads\/2024\/11\/rhinoplastie-avant-apres-photo-en-turquie-17-320x400.jpg\" class=\"attachment-medium size-medium\" alt=\"\" ids=\"9212,9218,9224,9230,9236,9242,9248,9254,9260,9266,9272,9278,9284,9290,9296,9302,9308,9314,9320,9326,9332,9338,9344,9350,9356,9362,9368,9374,9380,9386,9392,9398,9404,9410,9416,9422,9428,9434,9440,9446,9452,9458,9464,9470\" style=\"normal\" lightbox_image_size=\"2048x2048\" type=\"slider\" slider_nav_style=\"circle\" slider_nav_position=\"outside\" srcset=\"https:\/\/www.alevcamcioglu.com\/wp-content\/uploads\/2024\/11\/rhinoplastie-avant-apres-photo-en-turquie-17-320x400.jpg 320w, https:\/\/www.alevcamcioglu.com\/wp-content\/uploads\/2024\/11\/rhinoplastie-avant-apres-photo-en-turquie-17-640x800.jpg 640w, https:\/\/www.alevcamcioglu.com\/wp-content\/uploads\/2024\/11\/rhinoplastie-avant-apres-photo-en-turquie-17-768x960.jpg 768w, https:\/\/www.alevcamcioglu.com\/wp-content\/uploads\/2024\/11\/rhinoplastie-avant-apres-photo-en-turquie-17.jpg 1200w\" sizes=\"(max-width: 320px) 100vw, 320px\" title=\"\">                                                              <\/div>\n              <div class=\"box-text text-left\" >\n                 <p><\/p>\n              <\/div>\n            <\/div>\n            <\/a>          <\/div>\n         <\/div><div class=\"gallery-col col\" >\n          <div class=\"col-inner\">\n            <a class=\"image-lightbox lightbox-gallery\" href=\"https:\/\/www.alevcamcioglu.com\/wp-content\/uploads\/2024\/11\/rhinoplastie-avant-apres-photo-en-turquie-18.jpg\" title=\"\">            <div class=\"box has-hover gallery-box box-normal\">\n              <div class=\"box-image\" >\n                <img decoding=\"async\" width=\"320\" height=\"400\" src=\"https:\/\/www.alevcamcioglu.com\/wp-content\/uploads\/2024\/11\/rhinoplastie-avant-apres-photo-en-turquie-18-320x400.jpg\" class=\"attachment-medium size-medium\" alt=\"\" ids=\"9212,9218,9224,9230,9236,9242,9248,9254,9260,9266,9272,9278,9284,9290,9296,9302,9308,9314,9320,9326,9332,9338,9344,9350,9356,9362,9368,9374,9380,9386,9392,9398,9404,9410,9416,9422,9428,9434,9440,9446,9452,9458,9464,9470\" style=\"normal\" lightbox_image_size=\"2048x2048\" type=\"slider\" slider_nav_style=\"circle\" slider_nav_position=\"outside\" srcset=\"https:\/\/www.alevcamcioglu.com\/wp-content\/uploads\/2024\/11\/rhinoplastie-avant-apres-photo-en-turquie-18-320x400.jpg 320w, https:\/\/www.alevcamcioglu.com\/wp-content\/uploads\/2024\/11\/rhinoplastie-avant-apres-photo-en-turquie-18-640x800.jpg 640w, https:\/\/www.alevcamcioglu.com\/wp-content\/uploads\/2024\/11\/rhinoplastie-avant-apres-photo-en-turquie-18-768x960.jpg 768w, https:\/\/www.alevcamcioglu.com\/wp-content\/uploads\/2024\/11\/rhinoplastie-avant-apres-photo-en-turquie-18.jpg 1000w\" sizes=\"(max-width: 320px) 100vw, 320px\" title=\"\">                                                              <\/div>\n              <div class=\"box-text text-left\" >\n                 <p><\/p>\n              <\/div>\n            <\/div>\n            <\/a>          <\/div>\n         <\/div><div class=\"gallery-col col\" >\n          <div class=\"col-inner\">\n            <a class=\"image-lightbox lightbox-gallery\" href=\"https:\/\/www.alevcamcioglu.com\/wp-content\/uploads\/2024\/11\/rhinoplastie-avant-apres-photo-en-turquie-19.jpg\" title=\"\">            <div class=\"box has-hover gallery-box box-normal\">\n              <div class=\"box-image\" >\n                <img decoding=\"async\" width=\"320\" height=\"400\" src=\"https:\/\/www.alevcamcioglu.com\/wp-content\/uploads\/2024\/11\/rhinoplastie-avant-apres-photo-en-turquie-19-320x400.jpg\" class=\"attachment-medium size-medium\" alt=\"\" ids=\"9212,9218,9224,9230,9236,9242,9248,9254,9260,9266,9272,9278,9284,9290,9296,9302,9308,9314,9320,9326,9332,9338,9344,9350,9356,9362,9368,9374,9380,9386,9392,9398,9404,9410,9416,9422,9428,9434,9440,9446,9452,9458,9464,9470\" style=\"normal\" lightbox_image_size=\"2048x2048\" type=\"slider\" slider_nav_style=\"circle\" slider_nav_position=\"outside\" srcset=\"https:\/\/www.alevcamcioglu.com\/wp-content\/uploads\/2024\/11\/rhinoplastie-avant-apres-photo-en-turquie-19-320x400.jpg 320w, https:\/\/www.alevcamcioglu.com\/wp-content\/uploads\/2024\/11\/rhinoplastie-avant-apres-photo-en-turquie-19-640x800.jpg 640w, https:\/\/www.alevcamcioglu.com\/wp-content\/uploads\/2024\/11\/rhinoplastie-avant-apres-photo-en-turquie-19-768x960.jpg 768w, https:\/\/www.alevcamcioglu.com\/wp-content\/uploads\/2024\/11\/rhinoplastie-avant-apres-photo-en-turquie-19.jpg 1000w\" sizes=\"(max-width: 320px) 100vw, 320px\" title=\"\">                                                              <\/div>\n              <div class=\"box-text text-left\" >\n                 <p><\/p>\n              <\/div>\n            <\/div>\n            <\/a>          <\/div>\n         <\/div><div class=\"gallery-col col\" >\n          <div class=\"col-inner\">\n            <a class=\"image-lightbox lightbox-gallery\" href=\"https:\/\/www.alevcamcioglu.com\/wp-content\/uploads\/2024\/11\/rhinoplastie-avant-apres-photo-en-turquie-20.jpg\" title=\"\">            <div class=\"box has-hover gallery-box box-normal\">\n              <div class=\"box-image\" >\n                <img decoding=\"async\" width=\"320\" height=\"400\" src=\"https:\/\/www.alevcamcioglu.com\/wp-content\/uploads\/2024\/11\/rhinoplastie-avant-apres-photo-en-turquie-20-320x400.jpg\" class=\"attachment-medium size-medium\" alt=\"\" ids=\"9212,9218,9224,9230,9236,9242,9248,9254,9260,9266,9272,9278,9284,9290,9296,9302,9308,9314,9320,9326,9332,9338,9344,9350,9356,9362,9368,9374,9380,9386,9392,9398,9404,9410,9416,9422,9428,9434,9440,9446,9452,9458,9464,9470\" style=\"normal\" lightbox_image_size=\"2048x2048\" type=\"slider\" slider_nav_style=\"circle\" slider_nav_position=\"outside\" srcset=\"https:\/\/www.alevcamcioglu.com\/wp-content\/uploads\/2024\/11\/rhinoplastie-avant-apres-photo-en-turquie-20-320x400.jpg 320w, https:\/\/www.alevcamcioglu.com\/wp-content\/uploads\/2024\/11\/rhinoplastie-avant-apres-photo-en-turquie-20-639x800.jpg 639w, https:\/\/www.alevcamcioglu.com\/wp-content\/uploads\/2024\/11\/rhinoplastie-avant-apres-photo-en-turquie-20-768x961.jpg 768w, https:\/\/www.alevcamcioglu.com\/wp-content\/uploads\/2024\/11\/rhinoplastie-avant-apres-photo-en-turquie-20.jpg 999w\" sizes=\"(max-width: 320px) 100vw, 320px\" title=\"\">                                                              <\/div>\n              <div class=\"box-text text-left\" >\n                 <p><\/p>\n              <\/div>\n            <\/div>\n            <\/a>          <\/div>\n         <\/div><div class=\"gallery-col col\" >\n          <div class=\"col-inner\">\n            <a class=\"image-lightbox lightbox-gallery\" href=\"https:\/\/www.alevcamcioglu.com\/wp-content\/uploads\/2024\/11\/rhinoplastie-avant-apres-photo-en-turquie-21.jpg\" title=\"\">            <div class=\"box has-hover gallery-box box-normal\">\n              <div class=\"box-image\" >\n                <img decoding=\"async\" width=\"320\" height=\"400\" src=\"https:\/\/www.alevcamcioglu.com\/wp-content\/uploads\/2024\/11\/rhinoplastie-avant-apres-photo-en-turquie-21-320x400.jpg\" class=\"attachment-medium size-medium\" alt=\"\" ids=\"9212,9218,9224,9230,9236,9242,9248,9254,9260,9266,9272,9278,9284,9290,9296,9302,9308,9314,9320,9326,9332,9338,9344,9350,9356,9362,9368,9374,9380,9386,9392,9398,9404,9410,9416,9422,9428,9434,9440,9446,9452,9458,9464,9470\" style=\"normal\" lightbox_image_size=\"2048x2048\" type=\"slider\" slider_nav_style=\"circle\" slider_nav_position=\"outside\" srcset=\"https:\/\/www.alevcamcioglu.com\/wp-content\/uploads\/2024\/11\/rhinoplastie-avant-apres-photo-en-turquie-21-320x400.jpg 320w, https:\/\/www.alevcamcioglu.com\/wp-content\/uploads\/2024\/11\/rhinoplastie-avant-apres-photo-en-turquie-21-640x800.jpg 640w, https:\/\/www.alevcamcioglu.com\/wp-content\/uploads\/2024\/11\/rhinoplastie-avant-apres-photo-en-turquie-21-768x960.jpg 768w, https:\/\/www.alevcamcioglu.com\/wp-content\/uploads\/2024\/11\/rhinoplastie-avant-apres-photo-en-turquie-21.jpg 1000w\" sizes=\"(max-width: 320px) 100vw, 320px\" title=\"\">                                                              <\/div>\n              <div class=\"box-text text-left\" >\n                 <p><\/p>\n              <\/div>\n            <\/div>\n            <\/a>          <\/div>\n         <\/div><div class=\"gallery-col col\" >\n          <div class=\"col-inner\">\n            <a class=\"image-lightbox lightbox-gallery\" href=\"https:\/\/www.alevcamcioglu.com\/wp-content\/uploads\/2024\/11\/rhinoplastie-avant-apres-photo-en-turquie-22.jpg\" title=\"\">            <div class=\"box has-hover gallery-box box-normal\">\n              <div class=\"box-image\" >\n                <img decoding=\"async\" width=\"320\" height=\"400\" src=\"https:\/\/www.alevcamcioglu.com\/wp-content\/uploads\/2024\/11\/rhinoplastie-avant-apres-photo-en-turquie-22-320x400.jpg\" class=\"attachment-medium size-medium\" alt=\"\" ids=\"9212,9218,9224,9230,9236,9242,9248,9254,9260,9266,9272,9278,9284,9290,9296,9302,9308,9314,9320,9326,9332,9338,9344,9350,9356,9362,9368,9374,9380,9386,9392,9398,9404,9410,9416,9422,9428,9434,9440,9446,9452,9458,9464,9470\" style=\"normal\" lightbox_image_size=\"2048x2048\" type=\"slider\" slider_nav_style=\"circle\" slider_nav_position=\"outside\" srcset=\"https:\/\/www.alevcamcioglu.com\/wp-content\/uploads\/2024\/11\/rhinoplastie-avant-apres-photo-en-turquie-22-320x400.jpg 320w, https:\/\/www.alevcamcioglu.com\/wp-content\/uploads\/2024\/11\/rhinoplastie-avant-apres-photo-en-turquie-22-640x800.jpg 640w, https:\/\/www.alevcamcioglu.com\/wp-content\/uploads\/2024\/11\/rhinoplastie-avant-apres-photo-en-turquie-22-768x960.jpg 768w, https:\/\/www.alevcamcioglu.com\/wp-content\/uploads\/2024\/11\/rhinoplastie-avant-apres-photo-en-turquie-22.jpg 1000w\" sizes=\"(max-width: 320px) 100vw, 320px\" title=\"\">                                                              <\/div>\n              <div class=\"box-text text-left\" >\n                 <p><\/p>\n              <\/div>\n            <\/div>\n            <\/a>          <\/div>\n         <\/div><div class=\"gallery-col col\" >\n          <div class=\"col-inner\">\n            <a class=\"image-lightbox lightbox-gallery\" href=\"https:\/\/www.alevcamcioglu.com\/wp-content\/uploads\/2024\/11\/rhinoplastie-avant-apres-photo-en-turquie-23.jpg\" title=\"\">            <div class=\"box has-hover gallery-box box-normal\">\n              <div class=\"box-image\" >\n                <img decoding=\"async\" width=\"320\" height=\"400\" src=\"https:\/\/www.alevcamcioglu.com\/wp-content\/uploads\/2024\/11\/rhinoplastie-avant-apres-photo-en-turquie-23-320x400.jpg\" class=\"attachment-medium size-medium\" alt=\"\" ids=\"9212,9218,9224,9230,9236,9242,9248,9254,9260,9266,9272,9278,9284,9290,9296,9302,9308,9314,9320,9326,9332,9338,9344,9350,9356,9362,9368,9374,9380,9386,9392,9398,9404,9410,9416,9422,9428,9434,9440,9446,9452,9458,9464,9470\" style=\"normal\" lightbox_image_size=\"2048x2048\" type=\"slider\" slider_nav_style=\"circle\" slider_nav_position=\"outside\" srcset=\"https:\/\/www.alevcamcioglu.com\/wp-content\/uploads\/2024\/11\/rhinoplastie-avant-apres-photo-en-turquie-23-320x400.jpg 320w, https:\/\/www.alevcamcioglu.com\/wp-content\/uploads\/2024\/11\/rhinoplastie-avant-apres-photo-en-turquie-23-640x800.jpg 640w, https:\/\/www.alevcamcioglu.com\/wp-content\/uploads\/2024\/11\/rhinoplastie-avant-apres-photo-en-turquie-23-768x960.jpg 768w, https:\/\/www.alevcamcioglu.com\/wp-content\/uploads\/2024\/11\/rhinoplastie-avant-apres-photo-en-turquie-23.jpg 1000w\" sizes=\"(max-width: 320px) 100vw, 320px\" title=\"\">                                                              <\/div>\n              <div class=\"box-text text-left\" >\n                 <p><\/p>\n              <\/div>\n            <\/div>\n            <\/a>          <\/div>\n         <\/div><div class=\"gallery-col col\" >\n          <div class=\"col-inner\">\n            <a class=\"image-lightbox lightbox-gallery\" href=\"https:\/\/www.alevcamcioglu.com\/wp-content\/uploads\/2024\/11\/rhinoplastie-avant-apres-photo-en-turquie-24.jpg\" title=\"\">            <div class=\"box has-hover gallery-box box-normal\">\n              <div class=\"box-image\" >\n                <img decoding=\"async\" width=\"320\" height=\"400\" src=\"https:\/\/www.alevcamcioglu.com\/wp-content\/uploads\/2024\/11\/rhinoplastie-avant-apres-photo-en-turquie-24-320x400.jpg\" class=\"attachment-medium size-medium\" alt=\"\" ids=\"9212,9218,9224,9230,9236,9242,9248,9254,9260,9266,9272,9278,9284,9290,9296,9302,9308,9314,9320,9326,9332,9338,9344,9350,9356,9362,9368,9374,9380,9386,9392,9398,9404,9410,9416,9422,9428,9434,9440,9446,9452,9458,9464,9470\" style=\"normal\" lightbox_image_size=\"2048x2048\" type=\"slider\" slider_nav_style=\"circle\" slider_nav_position=\"outside\" srcset=\"https:\/\/www.alevcamcioglu.com\/wp-content\/uploads\/2024\/11\/rhinoplastie-avant-apres-photo-en-turquie-24-320x400.jpg 320w, https:\/\/www.alevcamcioglu.com\/wp-content\/uploads\/2024\/11\/rhinoplastie-avant-apres-photo-en-turquie-24-640x800.jpg 640w, https:\/\/www.alevcamcioglu.com\/wp-content\/uploads\/2024\/11\/rhinoplastie-avant-apres-photo-en-turquie-24-768x960.jpg 768w, https:\/\/www.alevcamcioglu.com\/wp-content\/uploads\/2024\/11\/rhinoplastie-avant-apres-photo-en-turquie-24.jpg 1000w\" sizes=\"(max-width: 320px) 100vw, 320px\" title=\"\">                                                              <\/div>\n              <div class=\"box-text text-left\" >\n                 <p><\/p>\n              <\/div>\n            <\/div>\n            <\/a>          <\/div>\n         <\/div><div class=\"gallery-col col\" >\n          <div class=\"col-inner\">\n            <a class=\"image-lightbox lightbox-gallery\" href=\"https:\/\/www.alevcamcioglu.com\/wp-content\/uploads\/2024\/11\/rhinoplastie-avant-apres-photo-en-turquie-25.jpg\" title=\"\">            <div class=\"box has-hover gallery-box box-normal\">\n              <div class=\"box-image\" >\n                <img decoding=\"async\" width=\"320\" height=\"400\" src=\"https:\/\/www.alevcamcioglu.com\/wp-content\/uploads\/2024\/11\/rhinoplastie-avant-apres-photo-en-turquie-25-320x400.jpg\" class=\"attachment-medium size-medium\" alt=\"\" ids=\"9212,9218,9224,9230,9236,9242,9248,9254,9260,9266,9272,9278,9284,9290,9296,9302,9308,9314,9320,9326,9332,9338,9344,9350,9356,9362,9368,9374,9380,9386,9392,9398,9404,9410,9416,9422,9428,9434,9440,9446,9452,9458,9464,9470\" style=\"normal\" lightbox_image_size=\"2048x2048\" type=\"slider\" slider_nav_style=\"circle\" slider_nav_position=\"outside\" srcset=\"https:\/\/www.alevcamcioglu.com\/wp-content\/uploads\/2024\/11\/rhinoplastie-avant-apres-photo-en-turquie-25-320x400.jpg 320w, https:\/\/www.alevcamcioglu.com\/wp-content\/uploads\/2024\/11\/rhinoplastie-avant-apres-photo-en-turquie-25-640x800.jpg 640w, https:\/\/www.alevcamcioglu.com\/wp-content\/uploads\/2024\/11\/rhinoplastie-avant-apres-photo-en-turquie-25-768x960.jpg 768w, https:\/\/www.alevcamcioglu.com\/wp-content\/uploads\/2024\/11\/rhinoplastie-avant-apres-photo-en-turquie-25.jpg 1000w\" sizes=\"(max-width: 320px) 100vw, 320px\" title=\"\">                                                              <\/div>\n              <div class=\"box-text text-left\" >\n                 <p><\/p>\n              <\/div>\n            <\/div>\n            <\/a>          <\/div>\n         <\/div><div class=\"gallery-col col\" >\n          <div class=\"col-inner\">\n            <a class=\"image-lightbox lightbox-gallery\" href=\"https:\/\/www.alevcamcioglu.com\/wp-content\/uploads\/2024\/11\/rhinoplastie-avant-apres-photo-en-turquie-26.jpg\" title=\"\">            <div class=\"box has-hover gallery-box box-normal\">\n              <div class=\"box-image\" >\n                <img decoding=\"async\" width=\"320\" height=\"400\" src=\"https:\/\/www.alevcamcioglu.com\/wp-content\/uploads\/2024\/11\/rhinoplastie-avant-apres-photo-en-turquie-26-320x400.jpg\" class=\"attachment-medium size-medium\" alt=\"\" ids=\"9212,9218,9224,9230,9236,9242,9248,9254,9260,9266,9272,9278,9284,9290,9296,9302,9308,9314,9320,9326,9332,9338,9344,9350,9356,9362,9368,9374,9380,9386,9392,9398,9404,9410,9416,9422,9428,9434,9440,9446,9452,9458,9464,9470\" style=\"normal\" lightbox_image_size=\"2048x2048\" type=\"slider\" slider_nav_style=\"circle\" slider_nav_position=\"outside\" srcset=\"https:\/\/www.alevcamcioglu.com\/wp-content\/uploads\/2024\/11\/rhinoplastie-avant-apres-photo-en-turquie-26-320x400.jpg 320w, https:\/\/www.alevcamcioglu.com\/wp-content\/uploads\/2024\/11\/rhinoplastie-avant-apres-photo-en-turquie-26-640x800.jpg 640w, https:\/\/www.alevcamcioglu.com\/wp-content\/uploads\/2024\/11\/rhinoplastie-avant-apres-photo-en-turquie-26-768x960.jpg 768w, https:\/\/www.alevcamcioglu.com\/wp-content\/uploads\/2024\/11\/rhinoplastie-avant-apres-photo-en-turquie-26.jpg 1000w\" sizes=\"(max-width: 320px) 100vw, 320px\" title=\"\">                                                              <\/div>\n              <div class=\"box-text text-left\" >\n                 <p><\/p>\n              <\/div>\n            <\/div>\n            <\/a>          <\/div>\n         <\/div><div class=\"gallery-col col\" >\n          <div class=\"col-inner\">\n            <a class=\"image-lightbox lightbox-gallery\" href=\"https:\/\/www.alevcamcioglu.com\/wp-content\/uploads\/2024\/11\/rhinoplastie-avant-apres-photo-en-turquie-27.jpg\" title=\"\">            <div class=\"box has-hover gallery-box box-normal\">\n              <div class=\"box-image\" >\n                <img decoding=\"async\" width=\"320\" height=\"400\" src=\"https:\/\/www.alevcamcioglu.com\/wp-content\/uploads\/2024\/11\/rhinoplastie-avant-apres-photo-en-turquie-27-320x400.jpg\" class=\"attachment-medium size-medium\" alt=\"\" ids=\"9212,9218,9224,9230,9236,9242,9248,9254,9260,9266,9272,9278,9284,9290,9296,9302,9308,9314,9320,9326,9332,9338,9344,9350,9356,9362,9368,9374,9380,9386,9392,9398,9404,9410,9416,9422,9428,9434,9440,9446,9452,9458,9464,9470\" style=\"normal\" lightbox_image_size=\"2048x2048\" type=\"slider\" slider_nav_style=\"circle\" slider_nav_position=\"outside\" srcset=\"https:\/\/www.alevcamcioglu.com\/wp-content\/uploads\/2024\/11\/rhinoplastie-avant-apres-photo-en-turquie-27-320x400.jpg 320w, https:\/\/www.alevcamcioglu.com\/wp-content\/uploads\/2024\/11\/rhinoplastie-avant-apres-photo-en-turquie-27-640x800.jpg 640w, https:\/\/www.alevcamcioglu.com\/wp-content\/uploads\/2024\/11\/rhinoplastie-avant-apres-photo-en-turquie-27-768x960.jpg 768w, https:\/\/www.alevcamcioglu.com\/wp-content\/uploads\/2024\/11\/rhinoplastie-avant-apres-photo-en-turquie-27.jpg 1000w\" sizes=\"(max-width: 320px) 100vw, 320px\" title=\"\">                                                              <\/div>\n              <div class=\"box-text text-left\" >\n                 <p><\/p>\n              <\/div>\n            <\/div>\n            <\/a>          <\/div>\n         <\/div><div class=\"gallery-col col\" >\n          <div class=\"col-inner\">\n            <a class=\"image-lightbox lightbox-gallery\" href=\"https:\/\/www.alevcamcioglu.com\/wp-content\/uploads\/2024\/11\/rhinoplastie-avant-apres-photo-en-turquie-28.jpg\" title=\"\">            <div class=\"box has-hover gallery-box box-normal\">\n              <div class=\"box-image\" >\n                <img decoding=\"async\" width=\"320\" height=\"400\" src=\"https:\/\/www.alevcamcioglu.com\/wp-content\/uploads\/2024\/11\/rhinoplastie-avant-apres-photo-en-turquie-28-320x400.jpg\" class=\"attachment-medium size-medium\" alt=\"\" ids=\"9212,9218,9224,9230,9236,9242,9248,9254,9260,9266,9272,9278,9284,9290,9296,9302,9308,9314,9320,9326,9332,9338,9344,9350,9356,9362,9368,9374,9380,9386,9392,9398,9404,9410,9416,9422,9428,9434,9440,9446,9452,9458,9464,9470\" style=\"normal\" lightbox_image_size=\"2048x2048\" type=\"slider\" slider_nav_style=\"circle\" slider_nav_position=\"outside\" srcset=\"https:\/\/www.alevcamcioglu.com\/wp-content\/uploads\/2024\/11\/rhinoplastie-avant-apres-photo-en-turquie-28-320x400.jpg 320w, https:\/\/www.alevcamcioglu.com\/wp-content\/uploads\/2024\/11\/rhinoplastie-avant-apres-photo-en-turquie-28-640x800.jpg 640w, https:\/\/www.alevcamcioglu.com\/wp-content\/uploads\/2024\/11\/rhinoplastie-avant-apres-photo-en-turquie-28-768x960.jpg 768w, https:\/\/www.alevcamcioglu.com\/wp-content\/uploads\/2024\/11\/rhinoplastie-avant-apres-photo-en-turquie-28.jpg 1000w\" sizes=\"(max-width: 320px) 100vw, 320px\" title=\"\">                                                              <\/div>\n              <div class=\"box-text text-left\" >\n                 <p><\/p>\n              <\/div>\n            <\/div>\n            <\/a>          <\/div>\n         <\/div><div class=\"gallery-col col\" >\n          <div class=\"col-inner\">\n            <a class=\"image-lightbox lightbox-gallery\" href=\"https:\/\/www.alevcamcioglu.com\/wp-content\/uploads\/2024\/11\/rhinoplastie-avant-apres-photo-en-turquie-29.jpg\" title=\"\">            <div class=\"box has-hover gallery-box box-normal\">\n              <div class=\"box-image\" >\n                <img decoding=\"async\" width=\"320\" height=\"400\" src=\"https:\/\/www.alevcamcioglu.com\/wp-content\/uploads\/2024\/11\/rhinoplastie-avant-apres-photo-en-turquie-29-320x400.jpg\" class=\"attachment-medium size-medium\" alt=\"\" ids=\"9212,9218,9224,9230,9236,9242,9248,9254,9260,9266,9272,9278,9284,9290,9296,9302,9308,9314,9320,9326,9332,9338,9344,9350,9356,9362,9368,9374,9380,9386,9392,9398,9404,9410,9416,9422,9428,9434,9440,9446,9452,9458,9464,9470\" style=\"normal\" lightbox_image_size=\"2048x2048\" type=\"slider\" slider_nav_style=\"circle\" slider_nav_position=\"outside\" srcset=\"https:\/\/www.alevcamcioglu.com\/wp-content\/uploads\/2024\/11\/rhinoplastie-avant-apres-photo-en-turquie-29-320x400.jpg 320w, https:\/\/www.alevcamcioglu.com\/wp-content\/uploads\/2024\/11\/rhinoplastie-avant-apres-photo-en-turquie-29-640x800.jpg 640w, https:\/\/www.alevcamcioglu.com\/wp-content\/uploads\/2024\/11\/rhinoplastie-avant-apres-photo-en-turquie-29-768x960.jpg 768w, https:\/\/www.alevcamcioglu.com\/wp-content\/uploads\/2024\/11\/rhinoplastie-avant-apres-photo-en-turquie-29.jpg 1000w\" sizes=\"(max-width: 320px) 100vw, 320px\" title=\"\">                                                              <\/div>\n              <div class=\"box-text text-left\" >\n                 <p><\/p>\n              <\/div>\n            <\/div>\n            <\/a>          <\/div>\n         <\/div><div class=\"gallery-col col\" >\n          <div class=\"col-inner\">\n            <a class=\"image-lightbox lightbox-gallery\" href=\"https:\/\/www.alevcamcioglu.com\/wp-content\/uploads\/2024\/11\/rhinoplastie-avant-apres-photo-en-turquie-30.jpg\" title=\"\">            <div class=\"box has-hover gallery-box box-normal\">\n              <div class=\"box-image\" >\n                <img decoding=\"async\" width=\"320\" height=\"400\" src=\"https:\/\/www.alevcamcioglu.com\/wp-content\/uploads\/2024\/11\/rhinoplastie-avant-apres-photo-en-turquie-30-320x400.jpg\" class=\"attachment-medium size-medium\" alt=\"\" ids=\"9212,9218,9224,9230,9236,9242,9248,9254,9260,9266,9272,9278,9284,9290,9296,9302,9308,9314,9320,9326,9332,9338,9344,9350,9356,9362,9368,9374,9380,9386,9392,9398,9404,9410,9416,9422,9428,9434,9440,9446,9452,9458,9464,9470\" style=\"normal\" lightbox_image_size=\"2048x2048\" type=\"slider\" slider_nav_style=\"circle\" slider_nav_position=\"outside\" srcset=\"https:\/\/www.alevcamcioglu.com\/wp-content\/uploads\/2024\/11\/rhinoplastie-avant-apres-photo-en-turquie-30-320x400.jpg 320w, https:\/\/www.alevcamcioglu.com\/wp-content\/uploads\/2024\/11\/rhinoplastie-avant-apres-photo-en-turquie-30-640x800.jpg 640w, https:\/\/www.alevcamcioglu.com\/wp-content\/uploads\/2024\/11\/rhinoplastie-avant-apres-photo-en-turquie-30-768x960.jpg 768w, https:\/\/www.alevcamcioglu.com\/wp-content\/uploads\/2024\/11\/rhinoplastie-avant-apres-photo-en-turquie-30.jpg 1200w\" sizes=\"(max-width: 320px) 100vw, 320px\" title=\"\">                                                              <\/div>\n              <div class=\"box-text text-left\" >\n                 <p><\/p>\n              <\/div>\n            <\/div>\n            <\/a>          <\/div>\n         <\/div><div class=\"gallery-col col\" >\n          <div class=\"col-inner\">\n            <a class=\"image-lightbox lightbox-gallery\" href=\"https:\/\/www.alevcamcioglu.com\/wp-content\/uploads\/2024\/11\/rhinoplastie-avant-apres-photo-en-turquie-31.jpg\" title=\"\">            <div class=\"box has-hover gallery-box box-normal\">\n              <div class=\"box-image\" >\n                <img decoding=\"async\" width=\"320\" height=\"400\" src=\"https:\/\/www.alevcamcioglu.com\/wp-content\/uploads\/2024\/11\/rhinoplastie-avant-apres-photo-en-turquie-31-320x400.jpg\" class=\"attachment-medium size-medium\" alt=\"\" ids=\"9212,9218,9224,9230,9236,9242,9248,9254,9260,9266,9272,9278,9284,9290,9296,9302,9308,9314,9320,9326,9332,9338,9344,9350,9356,9362,9368,9374,9380,9386,9392,9398,9404,9410,9416,9422,9428,9434,9440,9446,9452,9458,9464,9470\" style=\"normal\" lightbox_image_size=\"2048x2048\" type=\"slider\" slider_nav_style=\"circle\" slider_nav_position=\"outside\" srcset=\"https:\/\/www.alevcamcioglu.com\/wp-content\/uploads\/2024\/11\/rhinoplastie-avant-apres-photo-en-turquie-31-320x400.jpg 320w, https:\/\/www.alevcamcioglu.com\/wp-content\/uploads\/2024\/11\/rhinoplastie-avant-apres-photo-en-turquie-31-640x800.jpg 640w, https:\/\/www.alevcamcioglu.com\/wp-content\/uploads\/2024\/11\/rhinoplastie-avant-apres-photo-en-turquie-31-768x960.jpg 768w, https:\/\/www.alevcamcioglu.com\/wp-content\/uploads\/2024\/11\/rhinoplastie-avant-apres-photo-en-turquie-31.jpg 1000w\" sizes=\"(max-width: 320px) 100vw, 320px\" title=\"\">                                                              <\/div>\n              <div class=\"box-text text-left\" >\n                 <p><\/p>\n              <\/div>\n            <\/div>\n            <\/a>          <\/div>\n         <\/div><div class=\"gallery-col col\" >\n          <div class=\"col-inner\">\n            <a class=\"image-lightbox lightbox-gallery\" href=\"https:\/\/www.alevcamcioglu.com\/wp-content\/uploads\/2024\/11\/rhinoplastie-avant-apres-photo-en-turquie-32.jpg\" title=\"\">            <div class=\"box has-hover gallery-box box-normal\">\n              <div class=\"box-image\" >\n                <img decoding=\"async\" width=\"320\" height=\"400\" src=\"https:\/\/www.alevcamcioglu.com\/wp-content\/uploads\/2024\/11\/rhinoplastie-avant-apres-photo-en-turquie-32-320x400.jpg\" class=\"attachment-medium size-medium\" alt=\"\" ids=\"9212,9218,9224,9230,9236,9242,9248,9254,9260,9266,9272,9278,9284,9290,9296,9302,9308,9314,9320,9326,9332,9338,9344,9350,9356,9362,9368,9374,9380,9386,9392,9398,9404,9410,9416,9422,9428,9434,9440,9446,9452,9458,9464,9470\" style=\"normal\" lightbox_image_size=\"2048x2048\" type=\"slider\" slider_nav_style=\"circle\" slider_nav_position=\"outside\" srcset=\"https:\/\/www.alevcamcioglu.com\/wp-content\/uploads\/2024\/11\/rhinoplastie-avant-apres-photo-en-turquie-32-320x400.jpg 320w, https:\/\/www.alevcamcioglu.com\/wp-content\/uploads\/2024\/11\/rhinoplastie-avant-apres-photo-en-turquie-32-640x800.jpg 640w, https:\/\/www.alevcamcioglu.com\/wp-content\/uploads\/2024\/11\/rhinoplastie-avant-apres-photo-en-turquie-32-768x960.jpg 768w, https:\/\/www.alevcamcioglu.com\/wp-content\/uploads\/2024\/11\/rhinoplastie-avant-apres-photo-en-turquie-32.jpg 1000w\" sizes=\"(max-width: 320px) 100vw, 320px\" title=\"\">                                                              <\/div>\n              <div class=\"box-text text-left\" >\n                 <p><\/p>\n              <\/div>\n            <\/div>\n            <\/a>          <\/div>\n         <\/div><div class=\"gallery-col col\" >\n          <div class=\"col-inner\">\n            <a class=\"image-lightbox lightbox-gallery\" href=\"https:\/\/www.alevcamcioglu.com\/wp-content\/uploads\/2024\/11\/rhinoplastie-avant-apres-photo-en-turquie-33.jpg\" title=\"\">            <div class=\"box has-hover gallery-box box-normal\">\n              <div class=\"box-image\" >\n                <img decoding=\"async\" width=\"320\" height=\"400\" src=\"https:\/\/www.alevcamcioglu.com\/wp-content\/uploads\/2024\/11\/rhinoplastie-avant-apres-photo-en-turquie-33-320x400.jpg\" class=\"attachment-medium size-medium\" alt=\"\" ids=\"9212,9218,9224,9230,9236,9242,9248,9254,9260,9266,9272,9278,9284,9290,9296,9302,9308,9314,9320,9326,9332,9338,9344,9350,9356,9362,9368,9374,9380,9386,9392,9398,9404,9410,9416,9422,9428,9434,9440,9446,9452,9458,9464,9470\" style=\"normal\" lightbox_image_size=\"2048x2048\" type=\"slider\" slider_nav_style=\"circle\" slider_nav_position=\"outside\" srcset=\"https:\/\/www.alevcamcioglu.com\/wp-content\/uploads\/2024\/11\/rhinoplastie-avant-apres-photo-en-turquie-33-320x400.jpg 320w, https:\/\/www.alevcamcioglu.com\/wp-content\/uploads\/2024\/11\/rhinoplastie-avant-apres-photo-en-turquie-33-640x800.jpg 640w, https:\/\/www.alevcamcioglu.com\/wp-content\/uploads\/2024\/11\/rhinoplastie-avant-apres-photo-en-turquie-33-768x960.jpg 768w, https:\/\/www.alevcamcioglu.com\/wp-content\/uploads\/2024\/11\/rhinoplastie-avant-apres-photo-en-turquie-33.jpg 1000w\" sizes=\"(max-width: 320px) 100vw, 320px\" title=\"\">                                                              <\/div>\n              <div class=\"box-text text-left\" >\n                 <p><\/p>\n              <\/div>\n            <\/div>\n            <\/a>          <\/div>\n         <\/div><div class=\"gallery-col col\" >\n          <div class=\"col-inner\">\n            <a class=\"image-lightbox lightbox-gallery\" href=\"https:\/\/www.alevcamcioglu.com\/wp-content\/uploads\/2024\/11\/rhinoplastie-avant-apres-photo-en-turquie-34.jpg\" title=\"\">            <div class=\"box has-hover gallery-box box-normal\">\n              <div class=\"box-image\" >\n                <img decoding=\"async\" width=\"320\" height=\"400\" src=\"https:\/\/www.alevcamcioglu.com\/wp-content\/uploads\/2024\/11\/rhinoplastie-avant-apres-photo-en-turquie-34-320x400.jpg\" class=\"attachment-medium size-medium\" alt=\"\" ids=\"9212,9218,9224,9230,9236,9242,9248,9254,9260,9266,9272,9278,9284,9290,9296,9302,9308,9314,9320,9326,9332,9338,9344,9350,9356,9362,9368,9374,9380,9386,9392,9398,9404,9410,9416,9422,9428,9434,9440,9446,9452,9458,9464,9470\" style=\"normal\" lightbox_image_size=\"2048x2048\" type=\"slider\" slider_nav_style=\"circle\" slider_nav_position=\"outside\" srcset=\"https:\/\/www.alevcamcioglu.com\/wp-content\/uploads\/2024\/11\/rhinoplastie-avant-apres-photo-en-turquie-34-320x400.jpg 320w, https:\/\/www.alevcamcioglu.com\/wp-content\/uploads\/2024\/11\/rhinoplastie-avant-apres-photo-en-turquie-34-640x800.jpg 640w, https:\/\/www.alevcamcioglu.com\/wp-content\/uploads\/2024\/11\/rhinoplastie-avant-apres-photo-en-turquie-34-768x960.jpg 768w, https:\/\/www.alevcamcioglu.com\/wp-content\/uploads\/2024\/11\/rhinoplastie-avant-apres-photo-en-turquie-34.jpg 1000w\" sizes=\"(max-width: 320px) 100vw, 320px\" title=\"\">                                                              <\/div>\n              <div class=\"box-text text-left\" >\n                 <p><\/p>\n              <\/div>\n            <\/div>\n            <\/a>          <\/div>\n         <\/div><div class=\"gallery-col col\" >\n          <div class=\"col-inner\">\n            <a class=\"image-lightbox lightbox-gallery\" href=\"https:\/\/www.alevcamcioglu.com\/wp-content\/uploads\/2024\/11\/rhinoplastie-avant-apres-photo-en-turquie-35.jpg\" title=\"\">            <div class=\"box has-hover gallery-box box-normal\">\n              <div class=\"box-image\" >\n                <img decoding=\"async\" width=\"320\" height=\"400\" src=\"https:\/\/www.alevcamcioglu.com\/wp-content\/uploads\/2024\/11\/rhinoplastie-avant-apres-photo-en-turquie-35-320x400.jpg\" class=\"attachment-medium size-medium\" alt=\"\" ids=\"9212,9218,9224,9230,9236,9242,9248,9254,9260,9266,9272,9278,9284,9290,9296,9302,9308,9314,9320,9326,9332,9338,9344,9350,9356,9362,9368,9374,9380,9386,9392,9398,9404,9410,9416,9422,9428,9434,9440,9446,9452,9458,9464,9470\" style=\"normal\" lightbox_image_size=\"2048x2048\" type=\"slider\" slider_nav_style=\"circle\" slider_nav_position=\"outside\" srcset=\"https:\/\/www.alevcamcioglu.com\/wp-content\/uploads\/2024\/11\/rhinoplastie-avant-apres-photo-en-turquie-35-320x400.jpg 320w, https:\/\/www.alevcamcioglu.com\/wp-content\/uploads\/2024\/11\/rhinoplastie-avant-apres-photo-en-turquie-35-640x800.jpg 640w, https:\/\/www.alevcamcioglu.com\/wp-content\/uploads\/2024\/11\/rhinoplastie-avant-apres-photo-en-turquie-35-768x960.jpg 768w, https:\/\/www.alevcamcioglu.com\/wp-content\/uploads\/2024\/11\/rhinoplastie-avant-apres-photo-en-turquie-35.jpg 1000w\" sizes=\"(max-width: 320px) 100vw, 320px\" title=\"\">                                                              <\/div>\n              <div class=\"box-text text-left\" >\n                 <p><\/p>\n              <\/div>\n            <\/div>\n            <\/a>          <\/div>\n         <\/div><div class=\"gallery-col col\" >\n          <div class=\"col-inner\">\n            <a class=\"image-lightbox lightbox-gallery\" href=\"https:\/\/www.alevcamcioglu.com\/wp-content\/uploads\/2024\/11\/rhinoplastie-avant-apres-photo-en-turquie-36.jpg\" title=\"\">            <div class=\"box has-hover gallery-box box-normal\">\n              <div class=\"box-image\" >\n                <img decoding=\"async\" width=\"320\" height=\"400\" src=\"https:\/\/www.alevcamcioglu.com\/wp-content\/uploads\/2024\/11\/rhinoplastie-avant-apres-photo-en-turquie-36-320x400.jpg\" class=\"attachment-medium size-medium\" alt=\"\" ids=\"9212,9218,9224,9230,9236,9242,9248,9254,9260,9266,9272,9278,9284,9290,9296,9302,9308,9314,9320,9326,9332,9338,9344,9350,9356,9362,9368,9374,9380,9386,9392,9398,9404,9410,9416,9422,9428,9434,9440,9446,9452,9458,9464,9470\" style=\"normal\" lightbox_image_size=\"2048x2048\" type=\"slider\" slider_nav_style=\"circle\" slider_nav_position=\"outside\" srcset=\"https:\/\/www.alevcamcioglu.com\/wp-content\/uploads\/2024\/11\/rhinoplastie-avant-apres-photo-en-turquie-36-320x400.jpg 320w, https:\/\/www.alevcamcioglu.com\/wp-content\/uploads\/2024\/11\/rhinoplastie-avant-apres-photo-en-turquie-36-640x800.jpg 640w, https:\/\/www.alevcamcioglu.com\/wp-content\/uploads\/2024\/11\/rhinoplastie-avant-apres-photo-en-turquie-36-768x960.jpg 768w, https:\/\/www.alevcamcioglu.com\/wp-content\/uploads\/2024\/11\/rhinoplastie-avant-apres-photo-en-turquie-36.jpg 1200w\" sizes=\"(max-width: 320px) 100vw, 320px\" title=\"\">                                                              <\/div>\n              <div class=\"box-text text-left\" >\n                 <p><\/p>\n              <\/div>\n            <\/div>\n            <\/a>          <\/div>\n         <\/div><div class=\"gallery-col col\" >\n          <div class=\"col-inner\">\n            <a class=\"image-lightbox lightbox-gallery\" href=\"https:\/\/www.alevcamcioglu.com\/wp-content\/uploads\/2024\/11\/rhinoplastie-avant-apres-photo-en-turquie-37.jpg\" title=\"\">            <div class=\"box has-hover gallery-box box-normal\">\n              <div class=\"box-image\" >\n                <img decoding=\"async\" width=\"320\" height=\"400\" src=\"https:\/\/www.alevcamcioglu.com\/wp-content\/uploads\/2024\/11\/rhinoplastie-avant-apres-photo-en-turquie-37-320x400.jpg\" class=\"attachment-medium size-medium\" alt=\"\" ids=\"9212,9218,9224,9230,9236,9242,9248,9254,9260,9266,9272,9278,9284,9290,9296,9302,9308,9314,9320,9326,9332,9338,9344,9350,9356,9362,9368,9374,9380,9386,9392,9398,9404,9410,9416,9422,9428,9434,9440,9446,9452,9458,9464,9470\" style=\"normal\" lightbox_image_size=\"2048x2048\" type=\"slider\" slider_nav_style=\"circle\" slider_nav_position=\"outside\" srcset=\"https:\/\/www.alevcamcioglu.com\/wp-content\/uploads\/2024\/11\/rhinoplastie-avant-apres-photo-en-turquie-37-320x400.jpg 320w, https:\/\/www.alevcamcioglu.com\/wp-content\/uploads\/2024\/11\/rhinoplastie-avant-apres-photo-en-turquie-37-640x800.jpg 640w, https:\/\/www.alevcamcioglu.com\/wp-content\/uploads\/2024\/11\/rhinoplastie-avant-apres-photo-en-turquie-37-768x960.jpg 768w, https:\/\/www.alevcamcioglu.com\/wp-content\/uploads\/2024\/11\/rhinoplastie-avant-apres-photo-en-turquie-37.jpg 1200w\" sizes=\"(max-width: 320px) 100vw, 320px\" title=\"\">                                                              <\/div>\n              <div class=\"box-text text-left\" >\n                 <p><\/p>\n              <\/div>\n            <\/div>\n            <\/a>          <\/div>\n         <\/div><div class=\"gallery-col col\" >\n          <div class=\"col-inner\">\n            <a class=\"image-lightbox lightbox-gallery\" href=\"https:\/\/www.alevcamcioglu.com\/wp-content\/uploads\/2024\/11\/rhinoplastie-avant-apres-photo-en-turquie-38.jpg\" title=\"\">            <div class=\"box has-hover gallery-box box-normal\">\n              <div class=\"box-image\" >\n                <img decoding=\"async\" width=\"320\" height=\"400\" src=\"https:\/\/www.alevcamcioglu.com\/wp-content\/uploads\/2024\/11\/rhinoplastie-avant-apres-photo-en-turquie-38-320x400.jpg\" class=\"attachment-medium size-medium\" alt=\"\" ids=\"9212,9218,9224,9230,9236,9242,9248,9254,9260,9266,9272,9278,9284,9290,9296,9302,9308,9314,9320,9326,9332,9338,9344,9350,9356,9362,9368,9374,9380,9386,9392,9398,9404,9410,9416,9422,9428,9434,9440,9446,9452,9458,9464,9470\" style=\"normal\" lightbox_image_size=\"2048x2048\" type=\"slider\" slider_nav_style=\"circle\" slider_nav_position=\"outside\" srcset=\"https:\/\/www.alevcamcioglu.com\/wp-content\/uploads\/2024\/11\/rhinoplastie-avant-apres-photo-en-turquie-38-320x400.jpg 320w, https:\/\/www.alevcamcioglu.com\/wp-content\/uploads\/2024\/11\/rhinoplastie-avant-apres-photo-en-turquie-38-640x800.jpg 640w, https:\/\/www.alevcamcioglu.com\/wp-content\/uploads\/2024\/11\/rhinoplastie-avant-apres-photo-en-turquie-38-768x960.jpg 768w, https:\/\/www.alevcamcioglu.com\/wp-content\/uploads\/2024\/11\/rhinoplastie-avant-apres-photo-en-turquie-38.jpg 1200w\" sizes=\"(max-width: 320px) 100vw, 320px\" title=\"\">                                                              <\/div>\n              <div class=\"box-text text-left\" >\n                 <p><\/p>\n              <\/div>\n            <\/div>\n            <\/a>          <\/div>\n         <\/div><div class=\"gallery-col col\" >\n          <div class=\"col-inner\">\n            <a class=\"image-lightbox lightbox-gallery\" href=\"https:\/\/www.alevcamcioglu.com\/wp-content\/uploads\/2024\/11\/rhinoplastie-avant-apres-photo-en-turquie-39.jpg\" title=\"\">            <div class=\"box has-hover gallery-box box-normal\">\n              <div class=\"box-image\" >\n                <img decoding=\"async\" width=\"320\" height=\"400\" src=\"https:\/\/www.alevcamcioglu.com\/wp-content\/uploads\/2024\/11\/rhinoplastie-avant-apres-photo-en-turquie-39-320x400.jpg\" class=\"attachment-medium size-medium\" alt=\"\" ids=\"9212,9218,9224,9230,9236,9242,9248,9254,9260,9266,9272,9278,9284,9290,9296,9302,9308,9314,9320,9326,9332,9338,9344,9350,9356,9362,9368,9374,9380,9386,9392,9398,9404,9410,9416,9422,9428,9434,9440,9446,9452,9458,9464,9470\" style=\"normal\" lightbox_image_size=\"2048x2048\" type=\"slider\" slider_nav_style=\"circle\" slider_nav_position=\"outside\" srcset=\"https:\/\/www.alevcamcioglu.com\/wp-content\/uploads\/2024\/11\/rhinoplastie-avant-apres-photo-en-turquie-39-320x400.jpg 320w, https:\/\/www.alevcamcioglu.com\/wp-content\/uploads\/2024\/11\/rhinoplastie-avant-apres-photo-en-turquie-39-639x800.jpg 639w, https:\/\/www.alevcamcioglu.com\/wp-content\/uploads\/2024\/11\/rhinoplastie-avant-apres-photo-en-turquie-39-768x961.jpg 768w, https:\/\/www.alevcamcioglu.com\/wp-content\/uploads\/2024\/11\/rhinoplastie-avant-apres-photo-en-turquie-39.jpg 999w\" sizes=\"(max-width: 320px) 100vw, 320px\" title=\"\">                                                              <\/div>\n              <div class=\"box-text text-left\" >\n                 <p><\/p>\n              <\/div>\n            <\/div>\n            <\/a>          <\/div>\n         <\/div><div class=\"gallery-col col\" >\n          <div class=\"col-inner\">\n            <a class=\"image-lightbox lightbox-gallery\" href=\"https:\/\/www.alevcamcioglu.com\/wp-content\/uploads\/2024\/11\/rhinoplastie-avant-apres-photo-en-turquie-40.jpg\" title=\"\">            <div class=\"box has-hover gallery-box box-normal\">\n              <div class=\"box-image\" >\n                <img decoding=\"async\" width=\"320\" height=\"400\" src=\"https:\/\/www.alevcamcioglu.com\/wp-content\/uploads\/2024\/11\/rhinoplastie-avant-apres-photo-en-turquie-40-320x400.jpg\" class=\"attachment-medium size-medium\" alt=\"\" ids=\"9212,9218,9224,9230,9236,9242,9248,9254,9260,9266,9272,9278,9284,9290,9296,9302,9308,9314,9320,9326,9332,9338,9344,9350,9356,9362,9368,9374,9380,9386,9392,9398,9404,9410,9416,9422,9428,9434,9440,9446,9452,9458,9464,9470\" style=\"normal\" lightbox_image_size=\"2048x2048\" type=\"slider\" slider_nav_style=\"circle\" slider_nav_position=\"outside\" srcset=\"https:\/\/www.alevcamcioglu.com\/wp-content\/uploads\/2024\/11\/rhinoplastie-avant-apres-photo-en-turquie-40-320x400.jpg 320w, https:\/\/www.alevcamcioglu.com\/wp-content\/uploads\/2024\/11\/rhinoplastie-avant-apres-photo-en-turquie-40-640x800.jpg 640w, https:\/\/www.alevcamcioglu.com\/wp-content\/uploads\/2024\/11\/rhinoplastie-avant-apres-photo-en-turquie-40-768x960.jpg 768w, https:\/\/www.alevcamcioglu.com\/wp-content\/uploads\/2024\/11\/rhinoplastie-avant-apres-photo-en-turquie-40.jpg 1000w\" sizes=\"(max-width: 320px) 100vw, 320px\" title=\"\">                                                              <\/div>\n              <div class=\"box-text text-left\" >\n                 <p><\/p>\n              <\/div>\n            <\/div>\n            <\/a>          <\/div>\n         <\/div><div class=\"gallery-col col\" >\n          <div class=\"col-inner\">\n            <a class=\"image-lightbox lightbox-gallery\" href=\"https:\/\/www.alevcamcioglu.com\/wp-content\/uploads\/2024\/11\/rhinoplastie-avant-apres-photo-en-turquie-41.jpg\" title=\"\">            <div class=\"box has-hover gallery-box box-normal\">\n              <div class=\"box-image\" >\n                <img decoding=\"async\" width=\"320\" height=\"400\" src=\"https:\/\/www.alevcamcioglu.com\/wp-content\/uploads\/2024\/11\/rhinoplastie-avant-apres-photo-en-turquie-41-320x400.jpg\" class=\"attachment-medium size-medium\" alt=\"\" ids=\"9212,9218,9224,9230,9236,9242,9248,9254,9260,9266,9272,9278,9284,9290,9296,9302,9308,9314,9320,9326,9332,9338,9344,9350,9356,9362,9368,9374,9380,9386,9392,9398,9404,9410,9416,9422,9428,9434,9440,9446,9452,9458,9464,9470\" style=\"normal\" lightbox_image_size=\"2048x2048\" type=\"slider\" slider_nav_style=\"circle\" slider_nav_position=\"outside\" srcset=\"https:\/\/www.alevcamcioglu.com\/wp-content\/uploads\/2024\/11\/rhinoplastie-avant-apres-photo-en-turquie-41-320x400.jpg 320w, https:\/\/www.alevcamcioglu.com\/wp-content\/uploads\/2024\/11\/rhinoplastie-avant-apres-photo-en-turquie-41-640x800.jpg 640w, https:\/\/www.alevcamcioglu.com\/wp-content\/uploads\/2024\/11\/rhinoplastie-avant-apres-photo-en-turquie-41-768x960.jpg 768w, https:\/\/www.alevcamcioglu.com\/wp-content\/uploads\/2024\/11\/rhinoplastie-avant-apres-photo-en-turquie-41.jpg 1000w\" sizes=\"(max-width: 320px) 100vw, 320px\" title=\"\">                                                              <\/div>\n              <div class=\"box-text text-left\" >\n                 <p><\/p>\n              <\/div>\n            <\/div>\n            <\/a>          <\/div>\n         <\/div><div class=\"gallery-col col\" >\n          <div class=\"col-inner\">\n            <a class=\"image-lightbox lightbox-gallery\" href=\"https:\/\/www.alevcamcioglu.com\/wp-content\/uploads\/2024\/11\/rhinoplastie-avant-apres-photo-en-turquie-42.jpg\" title=\"\">            <div class=\"box has-hover gallery-box box-normal\">\n              <div class=\"box-image\" >\n                <img decoding=\"async\" width=\"320\" height=\"400\" src=\"https:\/\/www.alevcamcioglu.com\/wp-content\/uploads\/2024\/11\/rhinoplastie-avant-apres-photo-en-turquie-42-320x400.jpg\" class=\"attachment-medium size-medium\" alt=\"\" ids=\"9212,9218,9224,9230,9236,9242,9248,9254,9260,9266,9272,9278,9284,9290,9296,9302,9308,9314,9320,9326,9332,9338,9344,9350,9356,9362,9368,9374,9380,9386,9392,9398,9404,9410,9416,9422,9428,9434,9440,9446,9452,9458,9464,9470\" style=\"normal\" lightbox_image_size=\"2048x2048\" type=\"slider\" slider_nav_style=\"circle\" slider_nav_position=\"outside\" srcset=\"https:\/\/www.alevcamcioglu.com\/wp-content\/uploads\/2024\/11\/rhinoplastie-avant-apres-photo-en-turquie-42-320x400.jpg 320w, https:\/\/www.alevcamcioglu.com\/wp-content\/uploads\/2024\/11\/rhinoplastie-avant-apres-photo-en-turquie-42-640x800.jpg 640w, https:\/\/www.alevcamcioglu.com\/wp-content\/uploads\/2024\/11\/rhinoplastie-avant-apres-photo-en-turquie-42-768x960.jpg 768w, https:\/\/www.alevcamcioglu.com\/wp-content\/uploads\/2024\/11\/rhinoplastie-avant-apres-photo-en-turquie-42.jpg 1200w\" sizes=\"(max-width: 320px) 100vw, 320px\" title=\"\">                                                              <\/div>\n              <div class=\"box-text text-left\" >\n                 <p><\/p>\n              <\/div>\n            <\/div>\n            <\/a>          <\/div>\n         <\/div><div class=\"gallery-col col\" >\n          <div class=\"col-inner\">\n            <a class=\"image-lightbox lightbox-gallery\" href=\"https:\/\/www.alevcamcioglu.com\/wp-content\/uploads\/2024\/11\/rhinoplastie-avant-apres-photo-en-turquie-43.jpg\" title=\"\">            <div class=\"box has-hover gallery-box box-normal\">\n              <div class=\"box-image\" >\n                <img decoding=\"async\" width=\"320\" height=\"400\" src=\"https:\/\/www.alevcamcioglu.com\/wp-content\/uploads\/2024\/11\/rhinoplastie-avant-apres-photo-en-turquie-43-320x400.jpg\" class=\"attachment-medium size-medium\" alt=\"\" ids=\"9212,9218,9224,9230,9236,9242,9248,9254,9260,9266,9272,9278,9284,9290,9296,9302,9308,9314,9320,9326,9332,9338,9344,9350,9356,9362,9368,9374,9380,9386,9392,9398,9404,9410,9416,9422,9428,9434,9440,9446,9452,9458,9464,9470\" style=\"normal\" lightbox_image_size=\"2048x2048\" type=\"slider\" slider_nav_style=\"circle\" slider_nav_position=\"outside\" srcset=\"https:\/\/www.alevcamcioglu.com\/wp-content\/uploads\/2024\/11\/rhinoplastie-avant-apres-photo-en-turquie-43-320x400.jpg 320w, https:\/\/www.alevcamcioglu.com\/wp-content\/uploads\/2024\/11\/rhinoplastie-avant-apres-photo-en-turquie-43-640x800.jpg 640w, https:\/\/www.alevcamcioglu.com\/wp-content\/uploads\/2024\/11\/rhinoplastie-avant-apres-photo-en-turquie-43-768x960.jpg 768w, https:\/\/www.alevcamcioglu.com\/wp-content\/uploads\/2024\/11\/rhinoplastie-avant-apres-photo-en-turquie-43.jpg 1200w\" sizes=\"(max-width: 320px) 100vw, 320px\" title=\"\">                                                              <\/div>\n              <div class=\"box-text text-left\" >\n                 <p><\/p>\n              <\/div>\n            <\/div>\n            <\/a>          <\/div>\n         <\/div><div class=\"gallery-col col\" >\n          <div class=\"col-inner\">\n            <a class=\"image-lightbox lightbox-gallery\" href=\"https:\/\/www.alevcamcioglu.com\/wp-content\/uploads\/2024\/11\/rhinoplastie-avant-apres-photo-en-turquie-44.jpg\" title=\"\">            <div class=\"box has-hover gallery-box box-normal\">\n              <div class=\"box-image\" >\n                <img decoding=\"async\" width=\"320\" height=\"400\" src=\"https:\/\/www.alevcamcioglu.com\/wp-content\/uploads\/2024\/11\/rhinoplastie-avant-apres-photo-en-turquie-44-320x400.jpg\" class=\"attachment-medium size-medium\" alt=\"\" ids=\"9212,9218,9224,9230,9236,9242,9248,9254,9260,9266,9272,9278,9284,9290,9296,9302,9308,9314,9320,9326,9332,9338,9344,9350,9356,9362,9368,9374,9380,9386,9392,9398,9404,9410,9416,9422,9428,9434,9440,9446,9452,9458,9464,9470\" style=\"normal\" lightbox_image_size=\"2048x2048\" type=\"slider\" slider_nav_style=\"circle\" slider_nav_position=\"outside\" srcset=\"https:\/\/www.alevcamcioglu.com\/wp-content\/uploads\/2024\/11\/rhinoplastie-avant-apres-photo-en-turquie-44-320x400.jpg 320w, https:\/\/www.alevcamcioglu.com\/wp-content\/uploads\/2024\/11\/rhinoplastie-avant-apres-photo-en-turquie-44-640x800.jpg 640w, https:\/\/www.alevcamcioglu.com\/wp-content\/uploads\/2024\/11\/rhinoplastie-avant-apres-photo-en-turquie-44-768x960.jpg 768w, https:\/\/www.alevcamcioglu.com\/wp-content\/uploads\/2024\/11\/rhinoplastie-avant-apres-photo-en-turquie-44.jpg 1200w\" sizes=\"(max-width: 320px) 100vw, 320px\" title=\"\">                                                              <\/div>\n              <div class=\"box-text text-left\" >\n                 <p><\/p>\n              <\/div>\n            <\/div>\n            <\/a>          <\/div>\n         <\/div><\/div>\r\n\r\n<a href=\"https:\/\/www.alevcamcioglu.com\/fr\/results\/rhinoplastie-photo-avant-et-apres\/\" class=\"button primary lowercase\" style=\"border-radius:10px;padding:5px 40px 5px 40px;\">\n\t\t<span>Voir tous nos r\u00e9sultats<\/span>\n\t<i class=\"icon-angle-right\" aria-hidden=\"true\"><\/i><\/a>\n\r\n\r\n\t\t<\/div>\n\t\t\t\t\n<style>\n#col-173379315 > .col-inner {\n  padding: 20px 0px 0px 0px;\n}\n<\/style>\n\t<\/div>\n\n\t\r\n\r\n<\/div>\r\n\r\n\t\t<\/div>\n\n\t\t\n<style>\n#section_624652887 {\n  padding-top: 0px;\n  padding-bottom: 0px;\n  background-color: rgb(240, 240, 240);\n}\n<\/style>\n\t<\/section>\n\t\n\n\t<section class=\"section\" id=\"section_347581706\">\n\t\t<div class=\"section-bg fill\" >\n\t\t\t\t\t\t\t\t\t\n\t\t\t\n\n\t\t<\/div>\n\n\t\t\n\n\t\t<div class=\"section-content relative\">\n\t\t\t\n<div class=\"row\"  id=\"row-1910504462\">\n\n\t<div id=\"col-888159225\" class=\"col small-12 large-12\"  >\n\t\t\t\t<div class=\"col-inner\"  >\n\t\t\t\n\t\t\t\n<h2>Comment Diagnostiquer une Fracture Nasale ?<\/h2>\n<figure id=\"attachment_2084\" aria-describedby=\"caption-attachment-2084\" style=\"width: 1024px\" class=\"wp-caption aligncenter\"><img decoding=\"async\" class=\"wp-image-2084 size-large\" src=\"https:\/\/www.alevcamcioglu.com\/wp-content\/uploads\/2024\/06\/burun-estetigi-ameliyati-oncesi-kontrol-1024x1024.jpg\" alt=\"contr\u00f4le pr\u00e9op\u00e9ratoire pour la chirurgie du nez\" width=\"1024\" height=\"1024\" title=\"\" srcset=\"https:\/\/www.alevcamcioglu.com\/wp-content\/uploads\/2024\/06\/burun-estetigi-ameliyati-oncesi-kontrol-1024x1024.jpg 1024w, https:\/\/www.alevcamcioglu.com\/wp-content\/uploads\/2024\/06\/burun-estetigi-ameliyati-oncesi-kontrol-300x300.jpg 300w, https:\/\/www.alevcamcioglu.com\/wp-content\/uploads\/2024\/06\/burun-estetigi-ameliyati-oncesi-kontrol-150x150.jpg 150w, https:\/\/www.alevcamcioglu.com\/wp-content\/uploads\/2024\/06\/burun-estetigi-ameliyati-oncesi-kontrol-768x768.jpg 768w, https:\/\/www.alevcamcioglu.com\/wp-content\/uploads\/2024\/06\/burun-estetigi-ameliyati-oncesi-kontrol-370x370.jpg 370w, https:\/\/www.alevcamcioglu.com\/wp-content\/uploads\/2024\/06\/burun-estetigi-ameliyati-oncesi-kontrol-244x244.jpg 244w, https:\/\/www.alevcamcioglu.com\/wp-content\/uploads\/2024\/06\/burun-estetigi-ameliyati-oncesi-kontrol-760x760.jpg 760w, https:\/\/www.alevcamcioglu.com\/wp-content\/uploads\/2024\/06\/burun-estetigi-ameliyati-oncesi-kontrol.jpg 1080w\" sizes=\"(max-width: 1024px) 100vw, 1024px\" \/><figcaption id=\"caption-attachment-2084\" class=\"wp-caption-text\">contr\u00f4le pr\u00e9op\u00e9ratoire pour la chirurgie du nez<\/figcaption><\/figure>\n<p>Le diagnostic d&rsquo;une fracture nasale implique plusieurs \u00e9tapes pour d\u00e9terminer l&rsquo;\u00e9tendue et le type de dommage. Tout d&rsquo;abord, un professionnel de la sant\u00e9 examinera attentivement la structure nasale du patient pour observer toute d\u00e9formation ou anomalie. Le m\u00e9decin appliquera une l\u00e9g\u00e8re pression autour du pont du nez et des zones environnantes pour v\u00e9rifier les r\u00e9actions douloureuses et les anomalies.<\/p>\n<p>Pendant l&rsquo;examen :<\/p>\n<ul>\n<li>Le m\u00e9decin applique une l\u00e9g\u00e8re pression sur le pont nasal et les zones environnantes.<\/li>\n<li>Les passages nasaux sont examin\u00e9s en d\u00e9tail.<\/li>\n<\/ul>\n<p>Des anesth\u00e9siques locaux peuvent \u00eatre utilis\u00e9s pour augmenter le confort du patient pendant cet examen physique. Si l&rsquo;examen physique ne fournit pas suffisamment d&rsquo;informations, le m\u00e9decin peut demander des tests d&rsquo;imagerie. Ces tests sont cruciaux pour identifier avec pr\u00e9cision les fractures dans l&rsquo;os nasal. En particulier dans les cas suivants, une imagerie plus d\u00e9taill\u00e9e est n\u00e9cessaire :<\/p>\n<ul>\n<li>Informations insuffisantes provenant de l&rsquo;examen physique.<\/li>\n<li>Suspicion d&rsquo;autres blessures potentielles.<\/li>\n<\/ul>\n<p>Les techniques d&rsquo;imagerie incluent g\u00e9n\u00e9ralement :<\/p>\n<ul>\n<li>Radiographie : Une m\u00e9thode simple et rapide, bien qu&rsquo;elle ne donne pas toujours des r\u00e9sultats clairs.<\/li>\n<li>Tomodensitom\u00e9trie (CT) : Fournit des images plus d\u00e9taill\u00e9es et est plus efficace pour identifier les fractures complexes.<\/li>\n<\/ul>\n<h2>Quels Sont les Alternatives de Traitement pour un Nez Cass\u00e9 ?<\/h2>\n<figure id=\"attachment_2100\" aria-describedby=\"caption-attachment-2100\" style=\"width: 1024px\" class=\"wp-caption aligncenter\"><img decoding=\"async\" class=\"wp-image-2100 size-large\" src=\"https:\/\/www.alevcamcioglu.com\/wp-content\/uploads\/2024\/06\/Burun-ameliyati-sirasinda-ameliyathaneden-goruntu-1024x1024.jpg\" alt=\"Image de la salle d&#039;op\u00e9ration pendant la chirurgie nasale\" width=\"1024\" height=\"1024\" title=\"\" srcset=\"https:\/\/www.alevcamcioglu.com\/wp-content\/uploads\/2024\/06\/Burun-ameliyati-sirasinda-ameliyathaneden-goruntu-1024x1024.jpg 1024w, https:\/\/www.alevcamcioglu.com\/wp-content\/uploads\/2024\/06\/Burun-ameliyati-sirasinda-ameliyathaneden-goruntu-300x300.jpg 300w, https:\/\/www.alevcamcioglu.com\/wp-content\/uploads\/2024\/06\/Burun-ameliyati-sirasinda-ameliyathaneden-goruntu-150x150.jpg 150w, https:\/\/www.alevcamcioglu.com\/wp-content\/uploads\/2024\/06\/Burun-ameliyati-sirasinda-ameliyathaneden-goruntu-768x768.jpg 768w, https:\/\/www.alevcamcioglu.com\/wp-content\/uploads\/2024\/06\/Burun-ameliyati-sirasinda-ameliyathaneden-goruntu-370x370.jpg 370w, https:\/\/www.alevcamcioglu.com\/wp-content\/uploads\/2024\/06\/Burun-ameliyati-sirasinda-ameliyathaneden-goruntu-244x244.jpg 244w, https:\/\/www.alevcamcioglu.com\/wp-content\/uploads\/2024\/06\/Burun-ameliyati-sirasinda-ameliyathaneden-goruntu-760x760.jpg 760w, https:\/\/www.alevcamcioglu.com\/wp-content\/uploads\/2024\/06\/Burun-ameliyati-sirasinda-ameliyathaneden-goruntu.jpg 1080w\" sizes=\"(max-width: 1024px) 100vw, 1024px\" \/><figcaption id=\"caption-attachment-2100\" class=\"wp-caption-text\">Image de la salle d&rsquo;op\u00e9ration pendant la chirurgie nasale<\/figcaption><\/figure>\n<p>Le traitement d&rsquo;un nez cass\u00e9 varie en fonction de la gravit\u00e9 de la blessure et des besoins individuels. Les fractures mineures n\u00e9cessitent souvent une intervention minimale, tandis que les cas plus complexes peuvent n\u00e9cessiter des proc\u00e9dures chirurgicales. Tout d&rsquo;abord, examinons certaines approches g\u00e9n\u00e9rales utilis\u00e9es dans le traitement d&rsquo;un nez cass\u00e9 :<\/p>\n<p>Application de glace et Soulagement de la douleur :<\/p>\n<ul>\n<li>Des packs de glace sont appliqu\u00e9s sur la zone bless\u00e9e dans les premi\u00e8res 48 heures.<\/li>\n<li>Les analg\u00e9siques aident \u00e0 contr\u00f4ler la douleur et le gonflement.<\/li>\n<\/ul>\n<p>R\u00e9alignement Manuel :<\/p>\n<ul>\n<li>Si les os et le cartilage du nez cass\u00e9 sont d\u00e9plac\u00e9s, ils peuvent \u00eatre r\u00e9align\u00e9s manuellement.<\/li>\n<li>Cette proc\u00e9dure est g\u00e9n\u00e9ralement r\u00e9alis\u00e9e sous anesth\u00e9sie locale et est recommand\u00e9e dans les deux premi\u00e8res semaines suivant la fracture.<\/li>\n<\/ul>\n<p>Attelles Internes et Externes :<\/p>\n<ul>\n<li>Apr\u00e8s r\u00e9alignement de la fracture, un emballage interne est effectu\u00e9 \u00e0 l&rsquo;int\u00e9rieur du nez et une attelle externe est appliqu\u00e9e.<\/li>\n<li>Les attelles internes restent g\u00e9n\u00e9ralement une semaine, tandis que les pansements externes peuvent rester deux semaines.<\/li>\n<\/ul>\n<p>Traitement Antibiotique :<\/p>\n<ul>\n<li>Des antibiotiques peuvent \u00eatre prescrits pour pr\u00e9venir les infections caus\u00e9es par des bact\u00e9ries vivant dans le nez.<\/li>\n<\/ul>\n<p>Les fractures s\u00e9v\u00e8res ou complexes peuvent n\u00e9cessiter un traitement plus intensif. Les options chirurgicales propos\u00e9es pour ces cas incluent :<\/p>\n<p>Drainage d&rsquo;un H\u00e9matome Nasal :<\/p>\n<ul>\n<li>Un h\u00e9matome dans le septum peut \u00eatre drain\u00e9 pour enlever le blocage et pr\u00e9venir des complications plus graves.<\/li>\n<\/ul>\n<p>Chirurgie Reconstructive :<\/p>\n<ul>\n<li>Les fractures multiples ou les anciennes fractures non trait\u00e9es impliquent le r\u00e9alignement des os et, si n\u00e9cessaire, le remodelage de la structure nasale.<\/li>\n<li>G\u00e9n\u00e9ralement r\u00e9alis\u00e9e sous anesth\u00e9sie g\u00e9n\u00e9rale.<\/li>\n<\/ul>\n<p>Septoplastie :<\/p>\n<ul>\n<li>Si des troubles structurels existent dans le septum nasal, une septoplastie peut \u00eatre appliqu\u00e9e.<\/li>\n<li>Cette proc\u00e9dure corrige le septum pour maintenir les voies respiratoires ouvertes et am\u00e9liorer les fonctions respiratoires.<\/li>\n<\/ul>\n<p>Rhinoplastie :<\/p>\n<ul>\n<li>La rhinoplastie peut \u00eatre pr\u00e9f\u00e9r\u00e9e pour donner un aspect esth\u00e9tique au nez.<\/li>\n<li>Lors de cette op\u00e9ration, les os et le cartilage sont enlev\u00e9s, l&rsquo;infrastructure est remodel\u00e9e ou repositionn\u00e9e.<\/li>\n<\/ul>\n<h2>Que Faire Apr\u00e8s une Chirurgie du Nez Cass\u00e9 ?<\/h2>\n<p>Les soins post-op\u00e9ratoires pour un nez cass\u00e9 n\u00e9cessitent une attention particuli\u00e8re. Suivre ces \u00e9tapes aide \u00e0 acc\u00e9l\u00e9rer la gu\u00e9rison et \u00e0 minimiser le risque de complications :<\/p>\n<ul>\n<li>Un inconfort g\u00e9n\u00e9ral et une douleur sont attendus dans les premiers jours. L&rsquo;application de compresses froides peut aider avec le gonflement et les ecchymoses autour du nez.<\/li>\n<li>Suivez les instructions sp\u00e9cifiques donn\u00e9es par votre sp\u00e9cialiste concernant les attelles ou les pansements. Ceci est crucial pour la gu\u00e9rison correcte de la structure nasale.<\/li>\n<li>Dormir avec un oreiller haut maintient la t\u00eate \u00e9lev\u00e9e et peut r\u00e9duire le gonflement.<\/li>\n<\/ul>\n<p>Hygi\u00e8ne et repos :<\/p>\n<ul>\n<li>L&rsquo;hygi\u00e8ne et la propret\u00e9 sont tr\u00e8s importantes pendant le processus de gu\u00e9rison. Suivez la routine d&rsquo;hygi\u00e8ne nasale recommand\u00e9e par votre sp\u00e9cialiste.<\/li>\n<li>Reposez-vous bien et \u00e9vitez les activit\u00e9s intenses. Lorsque vous devez \u00eatre actif, faites des mouvements doux.<\/li>\n<\/ul>\n<p>Alimentation et m\u00e9dicaments :<\/p>\n<ul>\n<li>Une alimentation saine soutient le corps pendant le processus de gu\u00e9rison. Incluez beaucoup de fruits, l\u00e9gumes et prot\u00e9ines dans votre alimentation.<\/li>\n<li>Une consommation ad\u00e9quate d&rsquo;eau am\u00e9liore la capacit\u00e9 de gu\u00e9rison du corps.<\/li>\n<li>Prenez les m\u00e9dicaments prescrits par votre m\u00e9decin \u00e0 temps. Ceux-ci peuvent inclure des analg\u00e9siques, des antibiotiques ou des sprays nasaux.<\/li>\n<\/ul>\n<p>Facteurs environnementaux :<\/p>\n<ul>\n<li>Prot\u00e9gez-vous des facteurs externes tels que le vent froid et la poussi\u00e8re, qui peuvent irriter les tissus nasaux sensibles.<\/li>\n<li>\u00c9vitez l&rsquo;exposition au soleil et utilisez de la cr\u00e8me solaire.<\/li>\n<\/ul>\n<p>Habitudes et protection environnementale :<\/p>\n<ul>\n<li>\u00c9vitez de fumer et de consommer de l&rsquo;alcool. Ces substances peuvent ralentir le processus de gu\u00e9rison et augmenter le risque d&rsquo;infection.<\/li>\n<li>Un suivi m\u00e9dical r\u00e9gulier garantit que votre processus de gu\u00e9rison progresse avec succ\u00e8s. Assistez aux rendez-vous de suivi programm\u00e9s avec votre m\u00e9decin.<\/li>\n<\/ul>\n<h3>Qu&rsquo;est-ce que la Rhinoplastie ?<\/h3>\n<p>La rhinoplastie joue un r\u00f4le important dans l&rsquo;esth\u00e9tique du visage et est une proc\u00e9dure chirurgicale largement pratiqu\u00e9e dans le monde entier. Plus de 200 000 rhinoplasties sont r\u00e9alis\u00e9es chaque ann\u00e9e aux \u00c9tats-Unis, ce qui en fait la troisi\u00e8me chirurgie esth\u00e9tique la plus populaire. D\u00e9crite pour la premi\u00e8re fois par John Roe en 1887, cette chirurgie a connu des changements significatifs tant sur le plan technique que philosophique au fil du temps. Alors que les premi\u00e8res interventions se concentraient davantage sur la r\u00e9duction, l&rsquo;approche actuelle met l&rsquo;accent sur les am\u00e9liorations proportionnelles et fonctionnelles. Ces changements sont bas\u00e9s sur le d\u00e9veloppement des techniques chirurgicales et une meilleure compr\u00e9hension des structures anatomiques.<\/p>\n<p>Les principales techniques utilis\u00e9es dans les chirurgies de rhinoplastie incluent :<\/p>\n<ul>\n<li>R\u00e9duction<\/li>\n<li>Greffage<\/li>\n<li>Remodelage<\/li>\n<\/ul>\n<p>Les contributions de certains chirurgiens sont cruciales pour d\u00e9finir de nombreuses techniques et approches encore utilis\u00e9es aujourd&rsquo;hui. La rhinoplastie est consid\u00e9r\u00e9e comme l&rsquo;une des proc\u00e9dures les plus complexes en chirurgie plastique en raison des d\u00e9fis techniques. La position centrale du nez sur le visage affecte directement la valeur esth\u00e9tique \u00e0 travers les proportions et la sym\u00e9trie. Elle n\u00e9cessite une approche personnalis\u00e9e bas\u00e9e sur la structure anatomique et les caract\u00e9ristiques faciales de chaque patient.<\/p>\n<p>Les d\u00e9fis techniques de la rhinoplastie incluent :<\/p>\n<ul>\n<li>Comprendre les variations anatomiques<\/li>\n<li>Diff\u00e9rences dans l&rsquo;\u00e9paisseur des enveloppes de tissus mous<\/li>\n<li>Choisir parmi une grande vari\u00e9t\u00e9 de techniques<\/li>\n<\/ul>\n<p>La rhinoplastie n&rsquo;est pas seulement une correction esth\u00e9tique mais \u00e9galement importante pour pr\u00e9server ou am\u00e9liorer les fonctions nasales. Le traitement des processus obstructifs qui entravent le flux d&rsquo;air augmente la complexit\u00e9 de la chirurgie. Cela peut n\u00e9cessiter la modification des structures nasales internes.<\/p>\n<p>Le succ\u00e8s de la chirurgie d\u00e9pend en grande partie de la s\u00e9lection appropri\u00e9e des patients, d&rsquo;une analyse pr\u00e9op\u00e9ratoire compl\u00e8te et d&rsquo;une planification minutieuse. Ces \u00e9tapes sont cruciales pour am\u00e9liorer les r\u00e9sultats de la rhinoplastie et minimiser les interventions secondaires potentielles. Par cons\u00e9quent, la rhinoplastie n\u00e9cessite non seulement une comp\u00e9tence chirurgicale et des connaissances techniques, mais \u00e9galement une \u00e9valuation d\u00e9taill\u00e9e et une approche adapt\u00e9e \u00e0 chaque patient.<\/p>\n<h3>Qu&rsquo;est-ce que la Septoplastie ?<\/h3>\n<p>La septoplastie nasale est une intervention chirurgicale visant \u00e0 corriger la d\u00e9viation du septum \u00e0 l&rsquo;int\u00e9rieur du nez. La d\u00e9viation du septum est le pli du septum nasal, souvent entra\u00eenant une obstruction des voies respiratoires. La chirurgie est effectu\u00e9e pour enlever cette obstruction et faciliter la respiration du patient. Pendant la proc\u00e9dure, le m\u00e9decin corrige le septum tordu pour optimiser le flux d&rsquo;air \u00e0 l&rsquo;int\u00e9rieur du nez.<\/p>\n<p>La septoplastie peut \u00eatre r\u00e9alis\u00e9e en utilisant diverses techniques chirurgicales, y compris :<\/p>\n<ul>\n<li>Proc\u00e9dures endonasales : Interventions r\u00e9alis\u00e9es par les narines.<\/li>\n<li>Proc\u00e9dures endoscopiques : Proc\u00e9dures plus d\u00e9taill\u00e9es effectu\u00e9es \u00e0 l&rsquo;aide d&rsquo;un tube mince et d&rsquo;une cam\u00e9ra.<\/li>\n<li>Proc\u00e9dures ouvertes : M\u00e9thodes pr\u00e9f\u00e9r\u00e9es dans les cas n\u00e9cessitant un acc\u00e8s plus large.<\/li>\n<\/ul>\n<p>La septoplastie peut \u00e9galement \u00eatre combin\u00e9e avec d&rsquo;autres chirurgies nasales. Ces combinaisons peuvent inclure :<\/p>\n<ul>\n<li>Rhinoplastie : Proc\u00e9dure de remodelage esth\u00e9tique du nez.<\/li>\n<li>Turbinoplastie : Proc\u00e9dure visant \u00e0 r\u00e9duire la taille des cornets \u00e0 l&rsquo;int\u00e9rieur du nez.<\/li>\n<li>Chirurgie endoscopique fonctionnelle des sinus : Proc\u00e9dure visant \u00e0 traiter les probl\u00e8mes de sinus.<\/li>\n<\/ul>\n<p>Le processus de r\u00e9cup\u00e9ration postop\u00e9ratoire prend g\u00e9n\u00e9ralement quelques semaines, et les complications graves sont rares. Une s\u00e9lection appropri\u00e9e des patients est cruciale pour obtenir un r\u00e9sultat r\u00e9ussi. Pour garantir une r\u00e9cup\u00e9ration efficace et de bons r\u00e9sultats, les patients doivent suivre strictement les recommandations du m\u00e9decin avant et apr\u00e8s la chirurgie.<\/p>\n<h2>Quelles Complications Peuvent Survenir Pendant une Rhinoplastie ?<\/h2>\n<p>Diverses complications peuvent survenir pendant et apr\u00e8s une rhinoplastie. Celles-ci incluent des probl\u00e8mes h\u00e9morragiques, infectieux, traumatiques, fonctionnels et esth\u00e9tiques. Chaque type de complication peut affecter diff\u00e9remment le processus de r\u00e9cup\u00e9ration et les r\u00e9sultats du patient.<\/p>\n<p>Les complications h\u00e9morragiques sont g\u00e9n\u00e9ralement observ\u00e9es en p\u00e9riode postop\u00e9ratoire :<\/p>\n<ul>\n<li>\u00c9pistaxis : Le type de saignement le plus courant apr\u00e8s une rhinoplastie. Il est g\u00e9n\u00e9ralement l\u00e9ger et peut \u00eatre trait\u00e9 avec \u00e9l\u00e9vation, d\u00e9congestionnants nasaux et compression.<\/li>\n<li>H\u00e9matome septal : Cette complication pr\u00e9coce peut entra\u00eener de graves probl\u00e8mes. Une intervention rapide est n\u00e9cessaire, et un tamponnement ant\u00e9rieur est g\u00e9n\u00e9ralement plac\u00e9 apr\u00e8s drainage.<\/li>\n<li>Acide tranexamique : Ce m\u00e9dicament, utilis\u00e9 pour r\u00e9duire les saignements, est administr\u00e9 par voie intraveineuse en pr\u00e9op\u00e9ratoire.<\/li>\n<\/ul>\n<p>Les complications infectieuses peuvent varier en gravit\u00e9 pendant la p\u00e9riode postop\u00e9ratoire :<\/p>\n<ul>\n<li>Cellulite : Une complication pr\u00e9coce apr\u00e8s une rhinoplastie qui r\u00e9pond g\u00e9n\u00e9ralement bien aux c\u00e9phalosporines.<\/li>\n<li>Abc\u00e8s septaux : Peuvent r\u00e9sulter d&rsquo;un h\u00e9matome non trait\u00e9 et n\u00e9cessitent un drainage chirurgical.<\/li>\n<\/ul>\n<p>Les complications traumatiques surviennent g\u00e9n\u00e9ralement pendant la chirurgie :<\/p>\n<ul>\n<li>D\u00e9formations septales : R\u00e9sultent de dommages \u00e0 l&rsquo;attelle en L et apparaissent g\u00e9n\u00e9ralement comme une complication tardive.<\/li>\n<li>L\u00e9sions intracr\u00e2niennes : Situations rares mais graves n\u00e9cessitant un traitement et une intervention significatifs.<\/li>\n<li>L\u00e9sions des canaux lacrymaux : Peuvent survenir pendant les ost\u00e9otomies et n\u00e9cessitent parfois une intubation.<\/li>\n<\/ul>\n<p>Les complications fonctionnelles peuvent affecter la capacit\u00e9 respiratoire en postop\u00e9ratoire :<\/p>\n<ul>\n<li>Perforation septale : R\u00e9sulte de dommages aux lambeaux muco-p\u00e9richondraux et doit \u00eatre \u00e9vit\u00e9e ou r\u00e9par\u00e9e.<\/li>\n<li>Rhinite : G\u00e9n\u00e9ralement une condition temporaire qui peut s&rsquo;am\u00e9liorer avec la d\u00e9congestion.<\/li>\n<\/ul>\n<p>Les complications esth\u00e9tiques affectent l&rsquo;apparence du patient et peuvent se manifester de diverses mani\u00e8res :<\/p>\n<ul>\n<li><a href=\"https:\/\/www.ncbi.nlm.nih.gov\/books\/NBK558970\/\" target=\"_blank\" rel=\"noopener\">Asym\u00e9tries li\u00e9es \u00e0 la greffe : Se produisent dans la zone de la pointe en fonction de facteurs tels que l&rsquo;\u00e9paisseur de la peau et la quantit\u00e9 de greffe utilis\u00e9e.<\/a><\/li>\n<li>Complications de la zone dorsale : R\u00e9sultent d&rsquo;une r\u00e9section incorrecte du cartilage et n\u00e9cessitent g\u00e9n\u00e9ralement des corrections n\u00e9cessaires au moins un an apr\u00e8s la chirurgie.<\/li>\n<\/ul>\n<h2>Quels Sont les Probl\u00e8mes Rencontr\u00e9s Apr\u00e8s une Septoplastie ?<\/h2>\n<figure id=\"attachment_2118\" aria-describedby=\"caption-attachment-2118\" style=\"width: 1080px\" class=\"wp-caption aligncenter\"><img decoding=\"async\" class=\"wp-image-2118 size-full\" src=\"https:\/\/www.alevcamcioglu.com\/wp-content\/uploads\/2024\/06\/burun-ameliyati-sonrasi-kontrol-yapan-doktor-ve-kadin-hasta.jpg\" alt=\"Contr\u00f4le post-op\u00e9ratoire effectu\u00e9 par un m\u00e9decin et une patiente\" width=\"1080\" height=\"1139\" title=\"\" srcset=\"https:\/\/www.alevcamcioglu.com\/wp-content\/uploads\/2024\/06\/burun-ameliyati-sonrasi-kontrol-yapan-doktor-ve-kadin-hasta.jpg 1080w, https:\/\/www.alevcamcioglu.com\/wp-content\/uploads\/2024\/06\/burun-ameliyati-sonrasi-kontrol-yapan-doktor-ve-kadin-hasta-284x300.jpg 284w, https:\/\/www.alevcamcioglu.com\/wp-content\/uploads\/2024\/06\/burun-ameliyati-sonrasi-kontrol-yapan-doktor-ve-kadin-hasta-971x1024.jpg 971w, https:\/\/www.alevcamcioglu.com\/wp-content\/uploads\/2024\/06\/burun-ameliyati-sonrasi-kontrol-yapan-doktor-ve-kadin-hasta-768x810.jpg 768w, https:\/\/www.alevcamcioglu.com\/wp-content\/uploads\/2024\/06\/burun-ameliyati-sonrasi-kontrol-yapan-doktor-ve-kadin-hasta-370x390.jpg 370w, https:\/\/www.alevcamcioglu.com\/wp-content\/uploads\/2024\/06\/burun-ameliyati-sonrasi-kontrol-yapan-doktor-ve-kadin-hasta-760x802.jpg 760w\" sizes=\"(max-width: 1080px) 100vw, 1080px\" \/><figcaption id=\"caption-attachment-2118\" class=\"wp-caption-text\">Contr\u00f4le post-op\u00e9ratoire effectu\u00e9 par un m\u00e9decin et une patiente<\/figcaption><\/figure>\n<p>Certaines complications apr\u00e8s une septoplastie peuvent affecter le processus de r\u00e9cup\u00e9ration du patient. Le probl\u00e8me le plus courant est le saignement excessif. Les petites fuites sont consid\u00e9r\u00e9es comme normales, mais des saignements plus graves peuvent n\u00e9cessiter un tamponnement nasal. Dans les cas graves, une caut\u00e9risation peut \u00eatre n\u00e9cessaire.<\/p>\n<ul>\n<li><a href=\"https:\/\/www.ncbi.nlm.nih.gov\/books\/NBK567718\/\" target=\"_blank\" rel=\"noopener\">H\u00e9matome septal : Caus\u00e9 par des saignements sous le muco-p\u00e9richondre et n\u00e9cessite une intervention rapide.<\/a><\/li>\n<li>Perforations : Surviennent en raison de blessures aux surfaces muqueuses oppos\u00e9es.<\/li>\n<li>Infections : Rares mais peuvent \u00eatre trait\u00e9es avec des antibiotiques oraux.<\/li>\n<li>Hyposmie : Signal\u00e9e surtout dans les op\u00e9rations r\u00e9alis\u00e9es avec turbinoplastie.<\/li>\n<li>Adh\u00e9sions intranasales : Pr\u00e9venues en utilisant des attelles en silastic.<\/li>\n<li>Sensibilit\u00e9 du nerf nazopalatin : Perte sensorielle temporaire due aux manipulations sur le nerf pendant la chirurgie.<\/li>\n<\/ul>\n<p>De plus, \u00e0 long terme, il peut y avoir un manque d&rsquo;am\u00e9lioration attendue de la respiration nasale. Cette condition peut se d\u00e9velopper en raison de divers facteurs, y compris des erreurs dans la technique chirurgicale. Les patients doivent \u00eatre inform\u00e9s \u00e0 l&rsquo;avance de ces probl\u00e8mes potentiels, ce qui est crucial pour g\u00e9rer le processus.<\/p>\n\t\t<\/div>\n\t\t\t\t\t<\/div>\n\n\t\n\n\t<div id=\"col-604603027\" class=\"col small-12 large-12\"  >\n\t\t\t\t<div class=\"col-inner\"  >\n\t\t\t\n\t\t\t\n<h2>Quel est le prix d'une  en Turquie en 2026 ?<\/h2>\r\n<p><a href=\"https:\/\/www.alevcamcioglu.com\/fr\/prix-de-la-rhinoplastie\/\">Le co\u00fbt d'une <\/a> \u00e0 Istanbul, en Turquie, varie g\u00e9n\u00e9ralement entre 5 000 \u20ac et 7 000 \u20ac. Le prix peut fluctuer en fonction de plusieurs facteurs, tels que l'exp\u00e9rience du chirurgien, la complexit\u00e9 de l'intervention, la r\u00e9putation de la clinique et les services suppl\u00e9mentaires inclus dans le forfait.<\/p>\r\n<table dir=\"ltr\" border=\"1\" cellspacing=\"0\" cellpadding=\"0\" data-sheets-root=\"1\" data-sheets-baot=\"1\"><colgroup><col width=\"113\" \/><col width=\"222\" \/><\/colgroup>\r\n<tbody>\r\n<tr>\r\n<td style=\"text-align: center;\" colspan=\"2\" rowspan=\"1\">Co\u00fbt moyen d'une  (\u20ac) en 2026<\/td>\r\n<\/tr>\r\n<tr>\r\n<td>France<\/td>\r\n<td>9 000 \u20ac \u2013 15 000 \u20ac<\/td>\r\n<\/tr>\r\n<tr>\r\n<td>Belgique<\/td>\r\n<td>7 500 \u20ac \u2013 9 000 \u20ac<\/td>\r\n<\/tr>\r\n<tr>\r\n<td>Suisse<\/td>\r\n<td>10 000 \u20ac \u2013 20 000 \u20ac<\/td>\r\n<\/tr>\r\n<tr>\r\n<td>Canada (Qu\u00e9bec)<\/td>\r\n<td>9 000 \u20ac \u2013 12 000 \u20ac<\/td>\r\n<\/tr>\r\n<tr>\r\n<td>Luxembourg<\/td>\r\n<td>8 000 \u20ac \u2013 14 000 \u20ac<\/td>\r\n<\/tr>\r\n<tr>\r\n<td>Monaco<\/td>\r\n<td>12 000 \u20ac \u2013 18 000 \u20ac<\/td>\r\n<\/tr>\r\n<tr>\r\n<td>Turquie<\/td>\r\n<td>5 000 \u20ac \u2013 7 000 \u20ac<\/td>\r\n<\/tr>\r\n<\/tbody>\r\n<\/table>\n<h2>Questions Fr\u00e9quemment Pos\u00e9es<\/h2>\n<div class=\"accordion ameliyatlar-sss\">\n\t<div id=\"accordion-4274360234\" class=\"accordion-item\">\n\t\t<a id=\"accordion-4274360234-label\" class=\"accordion-title plain\" href=\"#accordion-item-la-chirurgie-du-nez-cass\u00e9-est-elle-risqu\u00e9e-?\" aria-expanded=\"false\" aria-controls=\"accordion-4274360234-content\">\n\t\t\t<button class=\"toggle\" aria-label=\"Basculer\"><i class=\"icon-angle-down\" aria-hidden=\"true\"><\/i><\/button>\n\t\t\t<h3 class=\"accordion-heading\" role=\"heading\" aria-level=\"3\">La chirurgie du nez cass\u00e9 est-elle risqu\u00e9e ?<\/h3>\n\t\t<\/a>\n\t\t<div id=\"accordion-4274360234-content\" class=\"accordion-inner\" aria-labelledby=\"accordion-4274360234-label\">\n\t\t\t\n<p>La chirurgie du nez cass\u00e9 comporte certains risques. Par exemple, des saignements l\u00e9gers \u00e0 mod\u00e9r\u00e9s peuvent survenir apr\u00e8s la chirurgie. Rarement, ces saignements peuvent devenir incontr\u00f4lables et entra\u00eener des complications graves. De plus, il existe un risque d\u2019infection apr\u00e8s l\u2019op\u00e9ration, ce qui peut n\u00e9cessiter un traitement antibiotique. En outre, des difficult\u00e9s respiratoires peuvent survenir apr\u00e8s la chirurgie, et ces probl\u00e8mes peuvent n\u00e9cessiter des m\u00e9dicaments ou des proc\u00e9dures chirurgicales suppl\u00e9mentaires.<\/p>\n\t\t<\/div>\n\t<\/div>\n\t\n\t<div id=\"accordion-4089757490\" class=\"accordion-item\">\n\t\t<a id=\"accordion-4089757490-label\" class=\"accordion-title plain\" href=\"#accordion-item-comment-se-d\u00e9roule-la-chirurgie-du-nez-cass\u00e9-?\" aria-expanded=\"false\" aria-controls=\"accordion-4089757490-content\">\n\t\t\t<button class=\"toggle\" aria-label=\"Basculer\"><i class=\"icon-angle-down\" aria-hidden=\"true\"><\/i><\/button>\n\t\t\t<h3 class=\"accordion-heading\" role=\"heading\" aria-level=\"3\">Comment se d\u00e9roule la chirurgie du nez cass\u00e9 ?<\/h3>\n\t\t<\/a>\n\t\t<div id=\"accordion-4089757490-content\" class=\"accordion-inner\" aria-labelledby=\"accordion-4089757490-label\">\n\t\t\t\n<p>La chirurgie du nez cass\u00e9 est g\u00e9n\u00e9ralement r\u00e9alis\u00e9e en utilisant des m\u00e9thodes de r\u00e9duction ferm\u00e9e ou de rhinoplastie. La proc\u00e9dure de r\u00e9duction ferm\u00e9e consiste \u00e0 ins\u00e9rer des tampons en coton dans les narines et \u00e0 appliquer un pl\u00e2tre ou une attelle en plastique sur le nez pour corriger les os ou les cartilages cass\u00e9s. La rhinoplastie, quant \u00e0 elle, est une approche plus compl\u00e8te ; le m\u00e9decin ouvre la peau nasale et r\u00e9pare, coupe ou modifie les structures cass\u00e9es. Les deux proc\u00e9dures peuvent \u00eatre effectu\u00e9es dans les 10 premiers jours apr\u00e8s le traumatisme et sont choisies en fonction de l\u2019\u00e9tat du patient.<\/p>\n\t\t<\/div>\n\t<\/div>\n\t\n\t<div id=\"accordion-3673495603\" class=\"accordion-item\">\n\t\t<a id=\"accordion-3673495603-label\" class=\"accordion-title plain\" href=\"#accordion-item-la-chirurgie-esth\u00e9tique-est-elle-n\u00e9cessaire-pour-un-nez-cass\u00e9-?\" aria-expanded=\"false\" aria-controls=\"accordion-3673495603-content\">\n\t\t\t<button class=\"toggle\" aria-label=\"Basculer\"><i class=\"icon-angle-down\" aria-hidden=\"true\"><\/i><\/button>\n\t\t\t<h3 class=\"accordion-heading\" role=\"heading\" aria-level=\"3\">La chirurgie esth\u00e9tique est-elle n\u00e9cessaire pour un nez cass\u00e9 ?<\/h3>\n\t\t<\/a>\n\t\t<div id=\"accordion-3673495603-content\" class=\"accordion-inner\" aria-labelledby=\"accordion-3673495603-label\">\n\t\t\t\n<p>La chirurgie esth\u00e9tique pour un nez cass\u00e9 n\u2019est pas toujours n\u00e9cessaire, mais elle peut \u00eatre recommand\u00e9e dans certains cas. Si le d\u00e9placement et la d\u00e9formation caus\u00e9s par la fracture ne sont pas corrig\u00e9s, la sym\u00e9trie faciale du patient peut \u00eatre affect\u00e9e. Par cons\u00e9quent, une intervention chirurgicale peut \u00eatre n\u00e9cessaire pour pr\u00e9server l\u2019apparence esth\u00e9tique et pr\u00e9venir les probl\u00e8mes fonctionnels. Surtout si le tissu cartilagineux est endommag\u00e9 et que cela affecte n\u00e9gativement les fonctions nasales, une intervention esth\u00e9tique est conseill\u00e9e. La d\u00e9cision est prise apr\u00e8s que l\u2019\u00e9tat du patient a \u00e9t\u00e9 \u00e9valu\u00e9 par un m\u00e9decin.<\/p>\n\t\t<\/div>\n\t<\/div>\n\t\n\t<div id=\"accordion-2907117198\" class=\"accordion-item\">\n\t\t<a id=\"accordion-2907117198-label\" class=\"accordion-title plain\" href=\"#accordion-item-combien-de-temps-dure-une-chirurgie-du-nez-cass\u00e9-?\" aria-expanded=\"false\" aria-controls=\"accordion-2907117198-content\">\n\t\t\t<button class=\"toggle\" aria-label=\"Basculer\"><i class=\"icon-angle-down\" aria-hidden=\"true\"><\/i><\/button>\n\t\t\t<h3 class=\"accordion-heading\" role=\"heading\" aria-level=\"3\">Combien de temps dure une chirurgie du nez cass\u00e9 ?<\/h3>\n\t\t<\/a>\n\t\t<div id=\"accordion-2907117198-content\" class=\"accordion-inner\" aria-labelledby=\"accordion-2907117198-label\">\n\t\t\t\n<p>La chirurgie du nez cass\u00e9 dure g\u00e9n\u00e9ralement environ une heure. Cependant, cette dur\u00e9e peut varier en fonction de la gravit\u00e9 de la fracture et des techniques chirurgicales utilis\u00e9es. Les complications possibles peuvent \u00e9galement affecter la dur\u00e9e de la chirurgie. Par cons\u00e9quent, la dur\u00e9e peut varier pour chaque patient. Dans les cas plus complexes, la chirurgie peut durer plus longtemps.<\/p>\n\t\t<\/div>\n\t<\/div>\n\t\n\t<div id=\"accordion-1313044820\" class=\"accordion-item\">\n\t\t<a id=\"accordion-1313044820-label\" class=\"accordion-title plain\" href=\"#accordion-item-la-chirurgie-du-nez-cass\u00e9-est-elle-payante-?\" aria-expanded=\"false\" aria-controls=\"accordion-1313044820-content\">\n\t\t\t<button class=\"toggle\" aria-label=\"Basculer\"><i class=\"icon-angle-down\" aria-hidden=\"true\"><\/i><\/button>\n\t\t\t<h3 class=\"accordion-heading\" role=\"heading\" aria-level=\"3\">La chirurgie du nez cass\u00e9 est-elle payante ?<\/h3>\n\t\t<\/a>\n\t\t<div id=\"accordion-1313044820-content\" class=\"accordion-inner\" aria-labelledby=\"accordion-1313044820-label\">\n\t\t\t\n<p>La chirurgie du nez cass\u00e9 est r\u00e9alis\u00e9e gratuitement dans les h\u00f4pitaux publics lorsqu\u2019elle est m\u00e9dicalement n\u00e9cessaire. Cependant, les chirurgies nasales \u00e0 des fins esth\u00e9tiques sont g\u00e9n\u00e9ralement effectu\u00e9es dans des h\u00f4pitaux priv\u00e9s et peuvent \u00eatre soumises \u00e0 des frais. Par cons\u00e9quent, si la chirurgie est pr\u00e9vue uniquement pour am\u00e9liorer l\u2019apparence, les co\u00fbts doivent \u00eatre support\u00e9s par le patient. Cependant, si la chirurgie est m\u00e9dicalement n\u00e9cessaire, elle peut \u00eatre r\u00e9alis\u00e9e gratuitement avec le soutien de l\u2019\u00c9tat.<\/p>\n\t\t<\/div>\n\t<\/div>\n\t\n\t<div id=\"accordion-2672469978\" class=\"accordion-item\">\n\t\t<a id=\"accordion-2672469978-label\" class=\"accordion-title plain\" href=\"#accordion-item-que-se-passe-t-il-si-un-nez-cass\u00e9-n&#039;est-pas-trait\u00e9-?\" aria-expanded=\"false\" aria-controls=\"accordion-2672469978-content\">\n\t\t\t<button class=\"toggle\" aria-label=\"Basculer\"><i class=\"icon-angle-down\" aria-hidden=\"true\"><\/i><\/button>\n\t\t\t<h3 class=\"accordion-heading\" role=\"heading\" aria-level=\"3\">Que se passe-t-il si un nez cass\u00e9 n'est pas trait\u00e9 ?<\/h3>\n\t\t<\/a>\n\t\t<div id=\"accordion-2672469978-content\" class=\"accordion-inner\" aria-labelledby=\"accordion-2672469978-label\">\n\t\t\t\n<p>Si un nez cass\u00e9 n\u2019est pas trait\u00e9, plusieurs probl\u00e8mes de sant\u00e9 peuvent survenir. Tout d\u2019abord, des difficult\u00e9s respiratoires peuvent se produire car les d\u00e9formations de la structure nasale obstruent le flux d\u2019air. De plus, le risque d\u2019infection augmente, ce qui peut entra\u00eener une sinusite. La sinusite chronique peut causer des maux de t\u00eate. \u00c0 long terme, les fractures nasales non trait\u00e9es peuvent entra\u00eener des complications plus graves telles que l\u2019apn\u00e9e du sommeil. Ces conditions r\u00e9duisent la qualit\u00e9 de vie globale et aggravent les probl\u00e8mes de sant\u00e9 au fil du temps.<\/p>\n\t\t<\/div>\n\t<\/div>\n\t\n\t<div id=\"accordion-1844504359\" class=\"accordion-item\">\n\t\t<a id=\"accordion-1844504359-label\" class=\"accordion-title plain\" href=\"#accordion-item-un-nez-cass\u00e9-se-meurtrit-il?\" aria-expanded=\"false\" aria-controls=\"accordion-1844504359-content\">\n\t\t\t<button class=\"toggle\" aria-label=\"Basculer\"><i class=\"icon-angle-down\" aria-hidden=\"true\"><\/i><\/button>\n\t\t\t<h3 class=\"accordion-heading\" role=\"heading\" aria-level=\"3\">Un nez cass\u00e9 se meurtrit-il?<\/h3>\n\t\t<\/a>\n\t\t<div id=\"accordion-1844504359-content\" class=\"accordion-inner\" aria-labelledby=\"accordion-1844504359-label\">\n\t\t\t\n<p>Oui, un nez cass\u00e9 se meurtrit. Lorsque l\u2019os nasal ou le cartilage est endommag\u00e9 lors d\u2019une fracture nasale, des ecchymoses sont fr\u00e9quentes. Le saignement qui survient apr\u00e8s une fracture nasale provoque une accumulation de sang sous la peau, entra\u00eenant des ecchymoses. Le gonflement accompagne souvent les ecchymoses, les rendant plus visibles autour des tissus entourant le nez. Par cons\u00e9quent, les ecchymoses sont un sympt\u00f4me courant chez les personnes ayant un nez cass\u00e9.<\/p>\n\t\t<\/div>\n\t<\/div>\n\t\n\t<div id=\"accordion-1387560520\" class=\"accordion-item\">\n\t\t<a id=\"accordion-1387560520-label\" class=\"accordion-title plain\" href=\"#accordion-item-un-nez-cass\u00e9-peut-il-retrouver-son-\u00e9tat-d&#039;origine?\" aria-expanded=\"false\" aria-controls=\"accordion-1387560520-content\">\n\t\t\t<button class=\"toggle\" aria-label=\"Basculer\"><i class=\"icon-angle-down\" aria-hidden=\"true\"><\/i><\/button>\n\t\t\t<h3 class=\"accordion-heading\" role=\"heading\" aria-level=\"3\">Un nez cass\u00e9 peut-il retrouver son \u00e9tat d'origine?<\/h3>\n\t\t<\/a>\n\t\t<div id=\"accordion-1387560520-content\" class=\"accordion-inner\" aria-labelledby=\"accordion-1387560520-label\">\n\t\t\t\n<p>Un nez cass\u00e9 peut retrouver son \u00e9tat d\u2019origine avec un traitement et des soins appropri\u00e9s. Cependant, le processus de gu\u00e9rison est long et ardu. Une intervention chirurgicale est g\u00e9n\u00e9ralement n\u00e9cessaire et doit \u00eatre r\u00e9alis\u00e9e par un sp\u00e9cialiste. Apr\u00e8s le traitement, les os nasaux sont soutenus et stabilis\u00e9s avec des tampons. Une attention particuli\u00e8re aux soins pendant le processus de gu\u00e9rison est essentielle. Par cons\u00e9quent, avec un traitement et des soins appropri\u00e9s, les os nasaux peuvent retrouver leur \u00e9tat d\u2019origine et leur fonction. Cependant, il est important de se rappeler que le processus de gu\u00e9rison est une p\u00e9riode longue et minutieuse.<\/p>\n\t\t<\/div>\n\t<\/div>\n\t\n\t<div id=\"accordion-1016318083\" class=\"accordion-item\">\n\t\t<a id=\"accordion-1016318083-label\" class=\"accordion-title plain\" href=\"#accordion-item-un-nez-cass\u00e9-peut-il-gu\u00e9rir-tout-seul?\" aria-expanded=\"false\" aria-controls=\"accordion-1016318083-content\">\n\t\t\t<button class=\"toggle\" aria-label=\"Basculer\"><i class=\"icon-angle-down\" aria-hidden=\"true\"><\/i><\/button>\n\t\t\t<h3 class=\"accordion-heading\" role=\"heading\" aria-level=\"3\">Un nez cass\u00e9 peut-il gu\u00e9rir tout seul?<\/h3>\n\t\t<\/a>\n\t\t<div id=\"accordion-1016318083-content\" class=\"accordion-inner\" aria-labelledby=\"accordion-1016318083-label\">\n\t\t\t\n<p>Le traitement d\u2019un nez cass\u00e9 d\u00e9pend de la gravit\u00e9 de la fracture. Les fractures nasales l\u00e9g\u00e8res gu\u00e9rissent g\u00e9n\u00e9ralement d\u2019elles-m\u00eames. Cependant, les fractures nasales s\u00e9v\u00e8res n\u00e9cessitent une intervention m\u00e9dicale. Les fractures l\u00e9g\u00e8res peuvent ne pas n\u00e9cessiter de traitement sp\u00e9cial pour gu\u00e9rir d\u2019elles-m\u00eames. Cependant, si la forme et la fonctionnalit\u00e9 du nez sont consid\u00e9rablement affect\u00e9es, une intervention professionnelle est n\u00e9cessaire. M\u00eame avec des fractures l\u00e9g\u00e8res, une attention particuli\u00e8re est n\u00e9cessaire pour acc\u00e9l\u00e9rer le processus de gu\u00e9rison et pr\u00e9venir les complications.<\/p>\n\t\t<\/div>\n\t<\/div>\n\t\n\t<div id=\"accordion-2171117898\" class=\"accordion-item\">\n\t\t<a id=\"accordion-2171117898-label\" class=\"accordion-title plain\" href=\"#accordion-item-\u00c0-quel-\u00e2ge-la-chirurgie-d&#039;un-nez-cass\u00e9-est-elle-effectu\u00e9e?\" aria-expanded=\"false\" aria-controls=\"accordion-2171117898-content\">\n\t\t\t<button class=\"toggle\" aria-label=\"Basculer\"><i class=\"icon-angle-down\" aria-hidden=\"true\"><\/i><\/button>\n\t\t\t<h3 class=\"accordion-heading\" role=\"heading\" aria-level=\"3\">\u00c0 quel \u00e2ge la chirurgie d'un nez cass\u00e9 est-elle effectu\u00e9e?<\/h3>\n\t\t<\/a>\n\t\t<div id=\"accordion-2171117898-content\" class=\"accordion-inner\" aria-labelledby=\"accordion-2171117898-label\">\n\t\t\t\n<p>L\u2019\u00e2ge appropri\u00e9 pour la chirurgie d\u2019une fracture nasale est d\u00e9termin\u00e9 par l\u2019ach\u00e8vement du d\u00e9veloppement des structures nasales. En g\u00e9n\u00e9ral, cet \u00e2ge est d\u2019environ 18 ans pour les filles et d\u2019environ 20 ans pour les gar\u00e7ons. Cependant, le moment de la chirurgie peut varier en fonction du d\u00e9veloppement individuel. En cas de blessure grave, une intervention chirurgicale peut \u00eatre n\u00e9cessaire ind\u00e9pendamment de l\u2019\u00e2ge. Ainsi, les m\u00e9decins assurent une gu\u00e9rison ad\u00e9quate des structures osseuses en intervenant au bon moment.<\/p>\n\t\t<\/div>\n\t<\/div>\n\t\n\t<div id=\"accordion-163896842\" class=\"accordion-item\">\n\t\t<a id=\"accordion-163896842-label\" class=\"accordion-title plain\" href=\"#accordion-item-comment-savoir-si-le-nez-est-cass\u00e9?\" aria-expanded=\"false\" aria-controls=\"accordion-163896842-content\">\n\t\t\t<button class=\"toggle\" aria-label=\"Basculer\"><i class=\"icon-angle-down\" aria-hidden=\"true\"><\/i><\/button>\n\t\t\t<h3 class=\"accordion-heading\" role=\"heading\" aria-level=\"3\">Comment savoir si le nez est cass\u00e9?<\/h3>\n\t\t<\/a>\n\t\t<div id=\"accordion-163896842-content\" class=\"accordion-inner\" aria-labelledby=\"accordion-163896842-label\">\n\t\t\t\n<p>Certains sympt\u00f4mes sont observ\u00e9s pour d\u00e9terminer si le nez est cass\u00e9. Un gonflement, un \u0153d\u00e8me et des ecchymoses dans les tissus mous peuvent indiquer une fracture nasale, mais ils ne sont pas des signes d\u00e9finitifs. La douleur et la difficult\u00e9 \u00e0 respirer peuvent indiquer des probl\u00e8mes au niveau du nez. Le signe le plus certain d\u2019une fracture nasale est la sensation de mouvement des os nasaux avec la main. Lorsque ces sympt\u00f4mes sont observ\u00e9s, il est important de consulter imm\u00e9diatement un professionnel de la sant\u00e9.<\/p>\n\t\t<\/div>\n\t<\/div>\n\t\n\t<div id=\"accordion-2303141082\" class=\"accordion-item\">\n\t\t<a id=\"accordion-2303141082-label\" class=\"accordion-title plain\" href=\"#accordion-item-le-processus-post-chirurgical-d&#039;un-nez-cass\u00e9-est-il-difficile?\" aria-expanded=\"false\" aria-controls=\"accordion-2303141082-content\">\n\t\t\t<button class=\"toggle\" aria-label=\"Basculer\"><i class=\"icon-angle-down\" aria-hidden=\"true\"><\/i><\/button>\n\t\t\t<h3 class=\"accordion-heading\" role=\"heading\" aria-level=\"3\">Le processus post-chirurgical d'un nez cass\u00e9 est-il difficile?<\/h3>\n\t\t<\/a>\n\t\t<div id=\"accordion-2303141082-content\" class=\"accordion-inner\" aria-labelledby=\"accordion-2303141082-label\">\n\t\t\t\n<p>Le processus post-chirurgical d\u2019un nez cass\u00e9 varie d\u2019une personne \u00e0 l\u2019autre, mais il dure g\u00e9n\u00e9ralement entre 1 \u00e0 2 semaines. Pendant les premiers jours suivant la chirurgie, un gonflement, des ecchymoses et une l\u00e9g\u00e8re douleur autour du nez sont fr\u00e9quents. Ces sympt\u00f4mes diminuent progressivement et s\u2019am\u00e9liorent g\u00e9n\u00e9ralement en une semaine. Les premi\u00e8res 24 heures sont critiques et n\u00e9cessitent une surveillance \u00e9troite \u00e0 l\u2019h\u00f4pital. Garder la t\u00eate sur\u00e9lev\u00e9e pendant la premi\u00e8re semaine aide \u00e0 r\u00e9duire l\u2019\u0153d\u00e8me. Un gonflement et des ecchymoses autour du nez peuvent \u00eatre visibles pendant cette p\u00e9riode mais diminueront avec le temps.<\/p>\n\t\t<\/div>\n\t<\/div>\n\t\n<\/div>\n\t\t<\/div>\n\t\t\t\t\t<\/div>\n\n\t\n\n\t<div id=\"col-662080105\" class=\"col small-12 large-12\"  >\n\t\t\t\t<div class=\"col-inner\"  >\n\t\t\t\n\t\t\t\n<h2 style=\"text-align: left;\">L'une des meilleures \u00e9quipes cliniques pour  en Turquie<\/h2>\n<p>Le Dr Alev Camc\u0131o\u011flu est consid\u00e9r\u00e9 comme l'un des <a href=\"https:\/\/www.alevcamcioglu.com\/fr\/\">meilleurs chirurgiens <\/a> en Turquie. Vous pouvez consulter <a href=\"https:\/\/www.google.com\/search?sca_esv=19415285e7d3a11e&amp;q=Op.+Dr.+Alev+Camc%C4%B1o%C4%9Flu+%7C+Burun+Esteti%C4%9Fi+,+Rinoplasti&amp;si=ACC90nwjPmqJHrCEt6ewASzksVFQDX8zco_7MgBaIawvaF4-7h723rVnZZFvK9OUD_1VBtQCUeVRPTUGteg0cLBOJKCQcF0l8NwoxI3g4M0bcP1xT-CjIKs%3D&amp;uds=ADvngMjY3r6cFmkgAf0Cxo_OKwUu8-9wBrBINI3SgEOgMBDI-5zv7ouVxpoC5B3rGHvBXe2sC4UfcRCjxwtdIZqUOJLNbC7tiBSx22BIl7RGCQjdXli44B_uGb9i1YxcDMMbIHEpYimMnELWSd3nhL869lQu7z7kZ8TooMdqLcQgmPDHyHohCQ8&amp;sa=X&amp;ved=2ahUKEwiiiMOMqeSJAxVxS_EDHdySMG0Q3PALegQIGRAE&amp;biw=2276&amp;bih=1055&amp;dpr=1.13\" target=\"_blank\" rel=\"noopener\">les avis sur  ici.<\/a><\/p>\n<div class=\"row row-full-width align-center\"  id=\"row-209127045\">\n\n\n\t<div id=\"col-960964095\" class=\"col medium-2 small-6 large-2\"  >\n\t\t\t\t<div class=\"col-inner\"  >\n\t\t\t\n\t\t\t\n\n    <div class=\"box has-hover has-hover box-text-bottom\" >\n\n                  <div class=\"box-image \" >\n           <div class=\"box-image-inner image-cover\" style=\"padding-top:100%;\">\n              <img decoding=\"async\" width=\"1080\" height=\"1122\" src=\"https:\/\/www.alevcamcioglu.com\/wp-content\/uploads\/2018\/02\/106913305_714307142741324_420816097913162768_n.jpg\" class=\"attachment- size-\" alt=\"\" srcset=\"https:\/\/www.alevcamcioglu.com\/wp-content\/uploads\/2018\/02\/106913305_714307142741324_420816097913162768_n.jpg 1080w, https:\/\/www.alevcamcioglu.com\/wp-content\/uploads\/2018\/02\/106913305_714307142741324_420816097913162768_n-289x300.jpg 289w, https:\/\/www.alevcamcioglu.com\/wp-content\/uploads\/2018\/02\/106913305_714307142741324_420816097913162768_n-986x1024.jpg 986w, https:\/\/www.alevcamcioglu.com\/wp-content\/uploads\/2018\/02\/106913305_714307142741324_420816097913162768_n-768x798.jpg 768w, https:\/\/www.alevcamcioglu.com\/wp-content\/uploads\/2018\/02\/106913305_714307142741324_420816097913162768_n-370x384.jpg 370w, https:\/\/www.alevcamcioglu.com\/wp-content\/uploads\/2018\/02\/106913305_714307142741324_420816097913162768_n-760x790.jpg 760w\" sizes=\"(max-width: 1080px) 100vw, 1080px\" title=\"\">                         <\/div>\n          <\/div>\n         \n          <div class=\"box-text text-center\" >\n                <div class=\"box-text-inner\">\n                  <h4 class=\"uppercase\">\n                    <span class=\"person-name\">Op. Dr. Alev Camc\u0131o\u011flu<\/span><br\/>\n                    <span class=\"person-title is-small thin-font op-7\">\n                      Chirurgien en rhinoplastie                    <\/span>\n                  <\/h4>\n\t\t\t\t\t<div class=\"social-icons follow-icons\" ><a href=\"https:\/\/www.facebook.com\/dralevcamcioglu\/\" target=\"_blank\" data-label=\"Facebook\" class=\"icon primary button circle tooltip facebook\" title=\"Nous suivre sur Facebook\" aria-label=\"Nous suivre sur Facebook\" rel=\"noopener nofollow\"><i class=\"icon-facebook\" aria-hidden=\"true\"><\/i><\/a><a href=\"https:\/\/www.instagram.com\/dralevcamcioglu\/\" target=\"_blank\" data-label=\"Instagram\" class=\"icon primary button circle tooltip instagram\" title=\"Nous suivre sur Instagram\" aria-label=\"Nous suivre sur Instagram\" rel=\"noopener nofollow\"><i class=\"icon-instagram\" aria-hidden=\"true\"><\/i><\/a><\/div>\n\n\n                <\/div>\n          <\/div>\n    <\/div>\n\n\t\n    \n\n\t\t<\/div>\n\t\t\t\t\t<\/div>\n\n\t\n\n\t<div id=\"col-1624955837\" class=\"col medium-2 small-6 large-2\"  >\n\t\t\t\t<div class=\"col-inner\"  >\n\t\t\t\n\t\t\t\n\n    <div class=\"box has-hover has-hover box-text-bottom\" >\n\n                  <div class=\"box-image \" >\n           <div class=\"box-image-inner image-cover\" style=\"padding-top:100%;\">\n              <img decoding=\"async\" width=\"1200\" height=\"800\" src=\"https:\/\/www.alevcamcioglu.com\/wp-content\/uploads\/2018\/02\/DSC00496-1200x800-1.jpg\" class=\"attachment- size-\" alt=\"\" srcset=\"https:\/\/www.alevcamcioglu.com\/wp-content\/uploads\/2018\/02\/DSC00496-1200x800-1.jpg 1200w, https:\/\/www.alevcamcioglu.com\/wp-content\/uploads\/2018\/02\/DSC00496-1200x800-1-300x200.jpg 300w, https:\/\/www.alevcamcioglu.com\/wp-content\/uploads\/2018\/02\/DSC00496-1200x800-1-1024x683.jpg 1024w, https:\/\/www.alevcamcioglu.com\/wp-content\/uploads\/2018\/02\/DSC00496-1200x800-1-768x512.jpg 768w, https:\/\/www.alevcamcioglu.com\/wp-content\/uploads\/2018\/02\/DSC00496-1200x800-1-370x247.jpg 370w, https:\/\/www.alevcamcioglu.com\/wp-content\/uploads\/2018\/02\/DSC00496-1200x800-1-760x507.jpg 760w\" sizes=\"(max-width: 1200px) 100vw, 1200px\" title=\"\">                         <\/div>\n          <\/div>\n         \n          <div class=\"box-text text-center\" >\n                <div class=\"box-text-inner\">\n                  <h4 class=\"uppercase\">\n                    <span class=\"person-name\">Aylin Uyu\u015fmak<\/span><br\/>\n                    <span class=\"person-title is-small thin-font op-7\">\n                      Coordinateur Clinique                    <\/span>\n                  <\/h4>\n\t\t\t\t\t<div class=\"social-icons follow-icons\" ><a href=\"https:\/\/www.facebook.com\/dralevcamcioglu\/\" target=\"_blank\" data-label=\"Facebook\" class=\"icon primary button circle tooltip facebook\" title=\"Nous suivre sur Facebook\" aria-label=\"Nous suivre sur Facebook\" rel=\"noopener nofollow\"><i class=\"icon-facebook\" aria-hidden=\"true\"><\/i><\/a><a href=\"https:\/\/www.instagram.com\/dralevcamcioglu\/\" target=\"_blank\" data-label=\"Instagram\" class=\"icon primary button circle tooltip instagram\" title=\"Nous suivre sur Instagram\" aria-label=\"Nous suivre sur Instagram\" rel=\"noopener nofollow\"><i class=\"icon-instagram\" aria-hidden=\"true\"><\/i><\/a><\/div>\n\n\n                <\/div>\n          <\/div>\n    <\/div>\n\n\t\n    \n\n\t\t<\/div>\n\t\t\t\t\t<\/div>\n\n\t\n\n\t<div id=\"col-991660515\" class=\"col medium-2 small-6 large-2\"  >\n\t\t\t\t<div class=\"col-inner\"  >\n\t\t\t\n\t\t\t\n\n    <div class=\"box has-hover has-hover box-text-bottom\" >\n\n                  <div class=\"box-image \" >\n           <div class=\"box-image-inner image-cover\" style=\"padding-top:100%;\">\n              <img decoding=\"async\" width=\"1200\" height=\"1800\" src=\"https:\/\/www.alevcamcioglu.com\/wp-content\/uploads\/2018\/02\/DSC00493-1200x1800-1.jpg\" class=\"attachment- size-\" alt=\"\" srcset=\"https:\/\/www.alevcamcioglu.com\/wp-content\/uploads\/2018\/02\/DSC00493-1200x1800-1.jpg 1200w, https:\/\/www.alevcamcioglu.com\/wp-content\/uploads\/2018\/02\/DSC00493-1200x1800-1-200x300.jpg 200w, https:\/\/www.alevcamcioglu.com\/wp-content\/uploads\/2018\/02\/DSC00493-1200x1800-1-683x1024.jpg 683w, https:\/\/www.alevcamcioglu.com\/wp-content\/uploads\/2018\/02\/DSC00493-1200x1800-1-768x1152.jpg 768w, https:\/\/www.alevcamcioglu.com\/wp-content\/uploads\/2018\/02\/DSC00493-1200x1800-1-1024x1536.jpg 1024w, https:\/\/www.alevcamcioglu.com\/wp-content\/uploads\/2018\/02\/DSC00493-1200x1800-1-370x555.jpg 370w, https:\/\/www.alevcamcioglu.com\/wp-content\/uploads\/2018\/02\/DSC00493-1200x1800-1-760x1140.jpg 760w\" sizes=\"(max-width: 1200px) 100vw, 1200px\" title=\"\">                         <\/div>\n          <\/div>\n         \n          <div class=\"box-text text-center\" >\n                <div class=\"box-text-inner\">\n                  <h4 class=\"uppercase\">\n                    <span class=\"person-name\">Serra Sevgili<\/span><br\/>\n                    <span class=\"person-title is-small thin-font op-7\">\n                      Assistant Clinique                    <\/span>\n                  <\/h4>\n\t\t\t\t\t<div class=\"social-icons follow-icons\" ><a href=\"https:\/\/www.facebook.com\/dralevcamcioglu\/\" target=\"_blank\" data-label=\"Facebook\" class=\"icon primary button circle tooltip facebook\" title=\"Nous suivre sur Facebook\" aria-label=\"Nous suivre sur Facebook\" rel=\"noopener nofollow\"><i class=\"icon-facebook\" aria-hidden=\"true\"><\/i><\/a><a href=\"https:\/\/www.instagram.com\/dralevcamcioglu\/\" target=\"_blank\" data-label=\"Instagram\" class=\"icon primary button circle tooltip instagram\" title=\"Nous suivre sur Instagram\" aria-label=\"Nous suivre sur Instagram\" rel=\"noopener nofollow\"><i class=\"icon-instagram\" aria-hidden=\"true\"><\/i><\/a><\/div>\n\n\n                <\/div>\n          <\/div>\n    <\/div>\n\n\t\n    \n\n\t\t<\/div>\n\t\t\t\t\t<\/div>\n\n\t\n\n\t<div id=\"col-1039694236\" class=\"col medium-2 small-6 large-2\"  >\n\t\t\t\t<div class=\"col-inner\"  >\n\t\t\t\n\t\t\t\n\n    <div class=\"box has-hover has-hover box-text-bottom\" >\n\n                  <div class=\"box-image \" >\n           <div class=\"box-image-inner image-cover\" style=\"padding-top:100%;\">\n              <img decoding=\"async\" width=\"1200\" height=\"800\" src=\"https:\/\/www.alevcamcioglu.com\/wp-content\/uploads\/2018\/02\/DSC00510-1200x800-1.jpg\" class=\"attachment- size-\" alt=\"\" srcset=\"https:\/\/www.alevcamcioglu.com\/wp-content\/uploads\/2018\/02\/DSC00510-1200x800-1.jpg 1200w, https:\/\/www.alevcamcioglu.com\/wp-content\/uploads\/2018\/02\/DSC00510-1200x800-1-300x200.jpg 300w, https:\/\/www.alevcamcioglu.com\/wp-content\/uploads\/2018\/02\/DSC00510-1200x800-1-1024x683.jpg 1024w, https:\/\/www.alevcamcioglu.com\/wp-content\/uploads\/2018\/02\/DSC00510-1200x800-1-768x512.jpg 768w, https:\/\/www.alevcamcioglu.com\/wp-content\/uploads\/2018\/02\/DSC00510-1200x800-1-370x247.jpg 370w, https:\/\/www.alevcamcioglu.com\/wp-content\/uploads\/2018\/02\/DSC00510-1200x800-1-760x507.jpg 760w\" sizes=\"(max-width: 1200px) 100vw, 1200px\" title=\"\">                         <\/div>\n          <\/div>\n         \n          <div class=\"box-text text-center\" >\n                <div class=\"box-text-inner\">\n                  <h4 class=\"uppercase\">\n                    <span class=\"person-name\">Sema Yap\u0131c\u0131<\/span><br\/>\n                    <span class=\"person-title is-small thin-font op-7\">\n                      Infirmi\u00e8re de salle d'op\u00e9ration                    <\/span>\n                  <\/h4>\n\t\t\t\t\t<div class=\"social-icons follow-icons\" ><a href=\"https:\/\/www.facebook.com\/dralevcamcioglu\/\" target=\"_blank\" data-label=\"Facebook\" class=\"icon primary button circle tooltip facebook\" title=\"Nous suivre sur Facebook\" aria-label=\"Nous suivre sur Facebook\" rel=\"noopener nofollow\"><i class=\"icon-facebook\" aria-hidden=\"true\"><\/i><\/a><a href=\"https:\/\/www.instagram.com\/dralevcamcioglu\/\" target=\"_blank\" data-label=\"Instagram\" class=\"icon primary button circle tooltip instagram\" title=\"Nous suivre sur Instagram\" aria-label=\"Nous suivre sur Instagram\" rel=\"noopener nofollow\"><i class=\"icon-instagram\" aria-hidden=\"true\"><\/i><\/a><\/div>\n\n\n                <\/div>\n          <\/div>\n    <\/div>\n\n\t\n    \n\n\t\t<\/div>\n\t\t\t\t\t<\/div>\n\n\t\n\n\t<div id=\"col-1857695150\" class=\"col medium-2 small-6 large-2\"  >\n\t\t\t\t<div class=\"col-inner\"  >\n\t\t\t\n\t\t\t\n\n    <div class=\"box has-hover has-hover box-text-bottom\" >\n\n                  <div class=\"box-image \" >\n           <div class=\"box-image-inner image-cover\" style=\"padding-top:100%;\">\n              <img decoding=\"async\" width=\"1200\" height=\"800\" src=\"https:\/\/www.alevcamcioglu.com\/wp-content\/uploads\/2024\/02\/DSC00524-1200x800-1.jpg\" class=\"attachment- size-\" alt=\"\" srcset=\"https:\/\/www.alevcamcioglu.com\/wp-content\/uploads\/2024\/02\/DSC00524-1200x800-1.jpg 1200w, https:\/\/www.alevcamcioglu.com\/wp-content\/uploads\/2024\/02\/DSC00524-1200x800-1-300x200.jpg 300w, https:\/\/www.alevcamcioglu.com\/wp-content\/uploads\/2024\/02\/DSC00524-1200x800-1-1024x683.jpg 1024w, https:\/\/www.alevcamcioglu.com\/wp-content\/uploads\/2024\/02\/DSC00524-1200x800-1-768x512.jpg 768w, https:\/\/www.alevcamcioglu.com\/wp-content\/uploads\/2024\/02\/DSC00524-1200x800-1-370x247.jpg 370w, https:\/\/www.alevcamcioglu.com\/wp-content\/uploads\/2024\/02\/DSC00524-1200x800-1-760x507.jpg 760w\" sizes=\"(max-width: 1200px) 100vw, 1200px\" title=\"\">                         <\/div>\n          <\/div>\n         \n          <div class=\"box-text text-center\" >\n                <div class=\"box-text-inner\">\n                  <h4 class=\"uppercase\">\n                    <span class=\"person-name\">Aleyna Ceren Kurt<\/span><br\/>\n                    <span class=\"person-title is-small thin-font op-7\">\n                      Responsable des m\u00e9dias sociaux                    <\/span>\n                  <\/h4>\n\t\t\t\t\t<div class=\"social-icons follow-icons\" ><a href=\"https:\/\/www.facebook.com\/dralevcamcioglu\/\" target=\"_blank\" data-label=\"Facebook\" class=\"icon primary button circle tooltip facebook\" title=\"Nous suivre sur Facebook\" aria-label=\"Nous suivre sur Facebook\" rel=\"noopener nofollow\"><i class=\"icon-facebook\" aria-hidden=\"true\"><\/i><\/a><a href=\"https:\/\/www.instagram.com\/dralevcamcioglu\/\" target=\"_blank\" data-label=\"Instagram\" class=\"icon primary button circle tooltip instagram\" title=\"Nous suivre sur Instagram\" aria-label=\"Nous suivre sur Instagram\" rel=\"noopener nofollow\"><i class=\"icon-instagram\" aria-hidden=\"true\"><\/i><\/a><\/div>\n\n\n                <\/div>\n          <\/div>\n    <\/div>\n\n\t\n    \n\n\t\t<\/div>\n\t\t\t\t\t<\/div>\n\n\t\n\n<\/div>\n\t\t<\/div>\n\t\t\t\t\t<\/div>\n\n\t\n\n\t<div id=\"col-1895587043\" class=\"col small-12 large-12\"  >\n\t\t\t\t<div class=\"col-inner\"  >\n\t\t\t\n\t\t\t\n<h2>Articles de Blog<\/h2>\n\n  \n    <div class=\"row large-columns-3 medium-columns-1 small-columns-1 slider row-slider slider-nav-circle slider-nav-outside\"  data-flickity-options='{&quot;imagesLoaded&quot;: true, &quot;groupCells&quot;: &quot;100%&quot;, &quot;dragThreshold&quot; : 5, &quot;cellAlign&quot;: &quot;left&quot;,&quot;wrapAround&quot;: true,&quot;prevNextButtons&quot;: true,&quot;percentPosition&quot;: true,&quot;pageDots&quot;: false, &quot;rightToLeft&quot;: false, &quot;autoPlay&quot; : false}' >\n\n  <div class=\"col post-item\" >\n\t\t\t<div class=\"col-inner\">\n\t\t\t\t<div class=\"box box-push box-text-bottom box-blog-post has-hover\">\n            \t\t\t\t\t<div class=\"box-image\" >\n  \t\t\t\t\t\t<div class=\"image-cover\" style=\"padding-top:100%;\">\n\t\t\t\t\t\t\t<a href=\"https:\/\/www.alevcamcioglu.com\/fr\/une-bosse-peut-elle-reapparaitre-apres-une-rhinoplastie\/\" class=\"plain\" aria-label=\"Une bosse peut-elle r\u00e9appara\u00eetre apr\u00e8s une rhinoplastie ?\">\n\t\t\t\t\t\t\t\t<img decoding=\"async\" width=\"1140\" height=\"500\" src=\"https:\/\/www.alevcamcioglu.com\/wp-content\/uploads\/2024\/06\/Rinoplasti-Sonrasi-Burunda-Tekrar-Kemer-Olusur-Mu.jpg\" class=\"attachment-2048x2048 size-2048x2048 wp-post-image\" alt=\"\" srcset=\"https:\/\/www.alevcamcioglu.com\/wp-content\/uploads\/2024\/06\/Rinoplasti-Sonrasi-Burunda-Tekrar-Kemer-Olusur-Mu.jpg 1140w, https:\/\/www.alevcamcioglu.com\/wp-content\/uploads\/2024\/06\/Rinoplasti-Sonrasi-Burunda-Tekrar-Kemer-Olusur-Mu-300x132.jpg 300w, https:\/\/www.alevcamcioglu.com\/wp-content\/uploads\/2024\/06\/Rinoplasti-Sonrasi-Burunda-Tekrar-Kemer-Olusur-Mu-1024x449.jpg 1024w, https:\/\/www.alevcamcioglu.com\/wp-content\/uploads\/2024\/06\/Rinoplasti-Sonrasi-Burunda-Tekrar-Kemer-Olusur-Mu-768x337.jpg 768w, https:\/\/www.alevcamcioglu.com\/wp-content\/uploads\/2024\/06\/Rinoplasti-Sonrasi-Burunda-Tekrar-Kemer-Olusur-Mu-370x162.jpg 370w, https:\/\/www.alevcamcioglu.com\/wp-content\/uploads\/2024\/06\/Rinoplasti-Sonrasi-Burunda-Tekrar-Kemer-Olusur-Mu-760x333.jpg 760w\" sizes=\"(max-width: 1140px) 100vw, 1140px\" title=\"\">\t\t\t\t\t\t\t<\/a>\n  \t\t\t\t\t\t\t  \t\t\t\t\t\t\t  \t\t\t\t\t\t<\/div>\n  \t\t\t\t\t\t  \t\t\t\t\t<\/div>\n          \t\t\t\t\t<div class=\"box-text text-center\" >\n\t\t\t\t\t<div class=\"box-text-inner blog-post-inner\">\n\n\t\t\t\t\t\n\t\t\t\t\t\t\t\t\t\t<h5 class=\"post-title is-large \">\n\t\t\t\t\t\t<a href=\"https:\/\/www.alevcamcioglu.com\/fr\/une-bosse-peut-elle-reapparaitre-apres-une-rhinoplastie\/\" class=\"plain\">Une bosse peut-elle r\u00e9appara\u00eetre apr\u00e8s une rhinoplastie ?<\/a>\n\t\t\t\t\t<\/h5>\n\t\t\t\t\t\t\t\t\t\t<div class=\"is-divider\"><\/div>\n\t\t\t\t\t                    \n\t\t\t\t\t\t\t\t\t\t\t<a href=\"https:\/\/www.alevcamcioglu.com\/fr\/une-bosse-peut-elle-reapparaitre-apres-une-rhinoplastie\/\" class=\"button primary is-outline is-small mb-0\">\n\t\t\t\t\t\t\tContinue Reading\t\t\t\t\t\t<\/a>\n\t\t\t\t\t\n\t\t\t\t\t\n\t\t\t\t\t<\/div>\n\t\t\t\t\t<\/div>\n\t\t\t\t\t\t\t\t\t\t\t\t\t\t\t\t<div class=\"badge absolute top post-date badge-circle\">\n\t\t\t\t\t\t\t<div class=\"badge-inner\">\n\t\t\t\t\t\t\t\t<span class=\"post-date-day\">24<\/span><br>\n\t\t\t\t\t\t\t\t<span class=\"post-date-month is-xsmall\">Juin<\/span>\n\t\t\t\t\t\t\t<\/div>\n\t\t\t\t\t\t<\/div>\n\t\t\t\t\t\t\t\t\t<\/div>\n\t\t\t<\/div>\n\t\t<\/div><div class=\"col post-item\" >\n\t\t\t<div class=\"col-inner\">\n\t\t\t\t<div class=\"box box-push box-text-bottom box-blog-post has-hover\">\n            \t\t\t\t\t<div class=\"box-image\" >\n  \t\t\t\t\t\t<div class=\"image-cover\" style=\"padding-top:100%;\">\n\t\t\t\t\t\t\t<a href=\"https:\/\/www.alevcamcioglu.com\/fr\/prix-de-la-rhinoplastie\/\" class=\"plain\" aria-label=\"Prix de la rhinoplastie en France et en Turquie\">\n\t\t\t\t\t\t\t\t<img decoding=\"async\" width=\"1140\" height=\"500\" src=\"https:\/\/www.alevcamcioglu.com\/wp-content\/uploads\/2024\/06\/Burun-Estetigi-Fiyatlari.jpg\" class=\"attachment-2048x2048 size-2048x2048 wp-post-image\" alt=\"\" srcset=\"https:\/\/www.alevcamcioglu.com\/wp-content\/uploads\/2024\/06\/Burun-Estetigi-Fiyatlari.jpg 1140w, https:\/\/www.alevcamcioglu.com\/wp-content\/uploads\/2024\/06\/Burun-Estetigi-Fiyatlari-300x132.jpg 300w, https:\/\/www.alevcamcioglu.com\/wp-content\/uploads\/2024\/06\/Burun-Estetigi-Fiyatlari-1024x449.jpg 1024w, https:\/\/www.alevcamcioglu.com\/wp-content\/uploads\/2024\/06\/Burun-Estetigi-Fiyatlari-768x337.jpg 768w, https:\/\/www.alevcamcioglu.com\/wp-content\/uploads\/2024\/06\/Burun-Estetigi-Fiyatlari-370x162.jpg 370w, https:\/\/www.alevcamcioglu.com\/wp-content\/uploads\/2024\/06\/Burun-Estetigi-Fiyatlari-760x333.jpg 760w\" sizes=\"(max-width: 1140px) 100vw, 1140px\" title=\"\">\t\t\t\t\t\t\t<\/a>\n  \t\t\t\t\t\t\t  \t\t\t\t\t\t\t  \t\t\t\t\t\t<\/div>\n  \t\t\t\t\t\t  \t\t\t\t\t<\/div>\n          \t\t\t\t\t<div class=\"box-text text-center\" >\n\t\t\t\t\t<div class=\"box-text-inner blog-post-inner\">\n\n\t\t\t\t\t\n\t\t\t\t\t\t\t\t\t\t<h5 class=\"post-title is-large \">\n\t\t\t\t\t\t<a href=\"https:\/\/www.alevcamcioglu.com\/fr\/prix-de-la-rhinoplastie\/\" class=\"plain\">Prix de la rhinoplastie en France et en Turquie<\/a>\n\t\t\t\t\t<\/h5>\n\t\t\t\t\t\t\t\t\t\t<div class=\"is-divider\"><\/div>\n\t\t\t\t\t                    \n\t\t\t\t\t\t\t\t\t\t\t<a href=\"https:\/\/www.alevcamcioglu.com\/fr\/prix-de-la-rhinoplastie\/\" class=\"button primary is-outline is-small mb-0\">\n\t\t\t\t\t\t\tContinue Reading\t\t\t\t\t\t<\/a>\n\t\t\t\t\t\n\t\t\t\t\t\n\t\t\t\t\t<\/div>\n\t\t\t\t\t<\/div>\n\t\t\t\t\t\t\t\t\t\t\t\t\t\t\t\t<div class=\"badge absolute top post-date badge-circle\">\n\t\t\t\t\t\t\t<div class=\"badge-inner\">\n\t\t\t\t\t\t\t\t<span class=\"post-date-day\">14<\/span><br>\n\t\t\t\t\t\t\t\t<span class=\"post-date-month is-xsmall\">Juin<\/span>\n\t\t\t\t\t\t\t<\/div>\n\t\t\t\t\t\t<\/div>\n\t\t\t\t\t\t\t\t\t<\/div>\n\t\t\t<\/div>\n\t\t<\/div><div class=\"col post-item\" >\n\t\t\t<div class=\"col-inner\">\n\t\t\t\t<div class=\"box box-push box-text-bottom box-blog-post has-hover\">\n            \t\t\t\t\t<div class=\"box-image\" >\n  \t\t\t\t\t\t<div class=\"image-cover\" style=\"padding-top:100%;\">\n\t\t\t\t\t\t\t<a href=\"https:\/\/www.alevcamcioglu.com\/fr\/formes-et-types-de-nez\/\" class=\"plain\" aria-label=\"Formes et types de nez\">\n\t\t\t\t\t\t\t\t<img decoding=\"async\" width=\"1140\" height=\"500\" src=\"https:\/\/www.alevcamcioglu.com\/wp-content\/uploads\/2024\/06\/Yuz-Tipine-En-Uygun-Burun-Sekli-Nedir_-Nasil-Belirlenir.jpg\" class=\"attachment-2048x2048 size-2048x2048 wp-post-image\" alt=\"\" srcset=\"https:\/\/www.alevcamcioglu.com\/wp-content\/uploads\/2024\/06\/Yuz-Tipine-En-Uygun-Burun-Sekli-Nedir_-Nasil-Belirlenir.jpg 1140w, https:\/\/www.alevcamcioglu.com\/wp-content\/uploads\/2024\/06\/Yuz-Tipine-En-Uygun-Burun-Sekli-Nedir_-Nasil-Belirlenir-300x132.jpg 300w, https:\/\/www.alevcamcioglu.com\/wp-content\/uploads\/2024\/06\/Yuz-Tipine-En-Uygun-Burun-Sekli-Nedir_-Nasil-Belirlenir-1024x449.jpg 1024w, https:\/\/www.alevcamcioglu.com\/wp-content\/uploads\/2024\/06\/Yuz-Tipine-En-Uygun-Burun-Sekli-Nedir_-Nasil-Belirlenir-768x337.jpg 768w, https:\/\/www.alevcamcioglu.com\/wp-content\/uploads\/2024\/06\/Yuz-Tipine-En-Uygun-Burun-Sekli-Nedir_-Nasil-Belirlenir-370x162.jpg 370w, https:\/\/www.alevcamcioglu.com\/wp-content\/uploads\/2024\/06\/Yuz-Tipine-En-Uygun-Burun-Sekli-Nedir_-Nasil-Belirlenir-760x333.jpg 760w\" sizes=\"(max-width: 1140px) 100vw, 1140px\" title=\"\">\t\t\t\t\t\t\t<\/a>\n  \t\t\t\t\t\t\t  \t\t\t\t\t\t\t  \t\t\t\t\t\t<\/div>\n  \t\t\t\t\t\t  \t\t\t\t\t<\/div>\n          \t\t\t\t\t<div class=\"box-text text-center\" >\n\t\t\t\t\t<div class=\"box-text-inner blog-post-inner\">\n\n\t\t\t\t\t\n\t\t\t\t\t\t\t\t\t\t<h5 class=\"post-title is-large \">\n\t\t\t\t\t\t<a href=\"https:\/\/www.alevcamcioglu.com\/fr\/formes-et-types-de-nez\/\" class=\"plain\">Formes et types de nez<\/a>\n\t\t\t\t\t<\/h5>\n\t\t\t\t\t\t\t\t\t\t<div class=\"is-divider\"><\/div>\n\t\t\t\t\t                    \n\t\t\t\t\t\t\t\t\t\t\t<a href=\"https:\/\/www.alevcamcioglu.com\/fr\/formes-et-types-de-nez\/\" class=\"button primary is-outline is-small mb-0\">\n\t\t\t\t\t\t\tContinue Reading\t\t\t\t\t\t<\/a>\n\t\t\t\t\t\n\t\t\t\t\t\n\t\t\t\t\t<\/div>\n\t\t\t\t\t<\/div>\n\t\t\t\t\t\t\t\t\t\t\t\t\t\t\t\t<div class=\"badge absolute top post-date badge-circle\">\n\t\t\t\t\t\t\t<div class=\"badge-inner\">\n\t\t\t\t\t\t\t\t<span class=\"post-date-day\">14<\/span><br>\n\t\t\t\t\t\t\t\t<span class=\"post-date-month is-xsmall\">Juin<\/span>\n\t\t\t\t\t\t\t<\/div>\n\t\t\t\t\t\t<\/div>\n\t\t\t\t\t\t\t\t\t<\/div>\n\t\t\t<\/div>\n\t\t<\/div><\/div>\n\t\t<\/div>\n\t\t\t\t\t<\/div>\n\n\t\n<\/div>\n\t\t<\/div>\n\n\t\t\n<style>\n#section_347581706 {\n  padding-top: 30px;\n  padding-bottom: 30px;\n}\n<\/style>\n\t<\/section>\n\t\n","protected":false},"excerpt":{"rendered":"","protected":false},"author":990002,"featured_media":1947,"parent":1689,"menu_order":0,"comment_status":"closed","ping_status":"closed","template":"page-blank.php","meta":{"footnotes":""},"class_list":["post-2583","page","type-page","status-publish","has-post-thumbnail","hentry"],"_links":{"self":[{"href":"https:\/\/www.alevcamcioglu.com\/fr\/wp-json\/wp\/v2\/pages\/2583","targetHints":{"allow":["GET"]}}],"collection":[{"href":"https:\/\/www.alevcamcioglu.com\/fr\/wp-json\/wp\/v2\/pages"}],"about":[{"href":"https:\/\/www.alevcamcioglu.com\/fr\/wp-json\/wp\/v2\/types\/page"}],"author":[{"embeddable":true,"href":"https:\/\/www.alevcamcioglu.com\/fr\/wp-json\/wp\/v2\/users\/990002"}],"replies":[{"embeddable":true,"href":"https:\/\/www.alevcamcioglu.com\/fr\/wp-json\/wp\/v2\/comments?post=2583"}],"version-history":[{"count":2,"href":"https:\/\/www.alevcamcioglu.com\/fr\/wp-json\/wp\/v2\/pages\/2583\/revisions"}],"predecessor-version":[{"id":11658,"href":"https:\/\/www.alevcamcioglu.com\/fr\/wp-json\/wp\/v2\/pages\/2583\/revisions\/11658"}],"up":[{"embeddable":true,"href":"https:\/\/www.alevcamcioglu.com\/fr\/wp-json\/wp\/v2\/pages\/1689"}],"wp:featuredmedia":[{"embeddable":true,"href":"https:\/\/www.alevcamcioglu.com\/fr\/wp-json\/wp\/v2\/media\/1947"}],"wp:attachment":[{"href":"https:\/\/www.alevcamcioglu.com\/fr\/wp-json\/wp\/v2\/media?parent=2583"}],"curies":[{"name":"wp","href":"https:\/\/api.w.org\/{rel}","templated":true}]}}