{"id":1816,"date":"2024-02-19T12:52:13","date_gmt":"2024-02-19T09:52:13","guid":{"rendered":"https:\/\/great-greider.212-227-6-40.plesk.page\/?page_id=1816"},"modified":"2026-03-23T10:55:28","modified_gmt":"2026-03-23T07:55:28","slug":"rhinoplastie-de-revision","status":"publish","type":"page","link":"https:\/\/www.alevcamcioglu.com\/fr\/rhinoplastie\/rhinoplastie-de-revision\/","title":{"rendered":"Rhinoplastie de R\u00e9vision"},"content":{"rendered":"\n\t<section class=\"section\" id=\"section_1050328283\">\n\t\t<div class=\"section-bg fill\" >\n\t\t\t<img decoding=\"async\" width=\"1600\" height=\"900\" src=\"https:\/\/www.alevcamcioglu.com\/wp-content\/uploads\/2024\/10\/Revizyon-Burun-Estetigi.jpg\" class=\"bg attachment-2048x2048 size-2048x2048\" alt=\"\" title=\"\">\t\t\t\t\t\t\n\t\t\t\n\n\t\t<\/div>\n\n\t\t\n\n\t\t<div class=\"section-content relative\">\n\t\t\t\n\t\t<\/div>\n\n\t\t\n<style>\n#section_1050328283 {\n  padding-top: 150px;\n  padding-bottom: 150px;\n}\n#section_1050328283 .section-bg img {\n  object-position: 50% 42%;\n}\n@media (min-width:550px) {\n  #section_1050328283 {\n    padding-top: 250px;\n    padding-bottom: 250px;\n  }\n}\n<\/style>\n\t<\/section>\n\t\n\n\t<section class=\"section\" id=\"section_1323763110\">\n\t\t<div class=\"section-bg fill\" >\n\t\t\t\t\t\t\t\t\t\n\t\t\t\n\n\t\t<\/div>\n\n\t\t\n\n\t\t<div class=\"section-content relative\">\n\t\t\t\n<div class=\"row\"  id=\"row-6194814\">\n\n\t<div id=\"col-547892120\" class=\"col show-for-small small-12 large-12\"  >\n\t\t\t\t<div class=\"col-inner text-center\"  >\n\t\t\t\n\t<div class=\"is-border\"\n\t\tstyle=\"border-color:rgb(75, 85, 173);border-radius:20px;border-width:1px 1px 1px 1px;\">\n\t<\/div>\n\t\t\t\n  <div id=\"page-header-797679718\" class=\"page-header-wrapper\">\n  <div class=\"page-title light simple-title\">\n\n    \n    <div class=\"page-title-inner container align-center text-center flex-row-col medium-flex-wrap\" >\n              <div class=\"title-wrapper flex-col\">\n          <h1 class=\"entry-title mb-0\">\n            Rhinoplastie de R\u00e9vision en Turquie          <\/h1>\n        <\/div>\n                    <div class=\"title-content flex-col\">\n        <div class=\"title-breadcrumbs pb-half pt-half\"><\/div>      <\/div>\n    <\/div>\n\n       <\/div>\n    <\/div>\n  \n\t\t<\/div>\n\t\t\t\t\t<\/div>\n\n\t\n<\/div>\n<div class=\"row\"  id=\"row-1975223868\">\n\n\t<div id=\"col-1009116646\" class=\"col medium-6 small-12 large-6\"  >\n\t\t\t\t<div class=\"col-inner\"  >\n\t\t\t\n\t\t\t\n  <div id=\"page-header-435304090\" class=\"page-header-wrapper\">\n  <div class=\"page-title hide-for-small light simple-title\">\n\n    \n    <div class=\"page-title-inner container align-center flex-row medium-flex-wrap\" >\n              <div class=\"title-wrapper flex-col text-left medium-text-center\">\n          <h1 class=\"entry-title mb-0\">\n            Rhinoplastie de R\u00e9vision en Turquie          <\/h1>\n        <\/div>\n                    <div class=\"title-content flex-col flex-right text-right medium-text-center\">\n        <div class=\"title-breadcrumbs pb-half pt-half\"><\/div>      <\/div>\n    <\/div>\n\n       <\/div>\n    <\/div>\n  \n\t<div id=\"gap-1009404851\" class=\"gap-element clearfix hide-for-small\" style=\"display:block; height:auto;\">\n\t\t\n<style>\n#gap-1009404851 {\n  padding-top: 30px;\n}\n<\/style>\n\t<\/div>\n\t\n<p><span style=\"font-weight: 400;\">La rhinoplastie de r\u00e9vision en Turquie est une intervention chirurgicale sp\u00e9cialis\u00e9e visant \u00e0 corriger ou am\u00e9liorer les r\u00e9sultats d\u2019une rhinoplastie ant\u00e9rieure qui n\u2019a pas r\u00e9pondu aux attentes esth\u00e9tiques ou fonctionnelles. Elle n\u00e9cessite une analyse anatomique d\u00e9taill\u00e9e, une planification pr\u00e9cise et une expertise avanc\u00e9e en chirurgie nasale reconstructive.<\/span><\/p>\n<p><span style=\"font-weight: 400;\">Chirurgie de rhinoplastie secondaire en Turquie d\u00e9signe une proc\u00e9dure plus complexe que la rhinoplastie primaire, car le chirurgien travaille souvent sur des tissus cicatriciels, des cartilages affaiblis ou des modifications structurelles existantes. Les sp\u00e9cialistes utilisent fr\u00e9quemment des greffes cartilagineuses afin de restaurer la structure et l\u2019harmonie du nez.<\/span><\/p>\n<p><span style=\"font-weight: 400;\">Prix de la rhinoplastie de r\u00e9vision en Turquie attire de nombreux patients internationaux en raison du rapport qualit\u00e9-co\u00fbt avantageux et de l\u2019expertise reconnue des chirurgiens plasticiens. Les cliniques sp\u00e9cialis\u00e9es offrent des \u00e9valuations pr\u00e9op\u00e9ratoires d\u00e9taill\u00e9es, des technologies modernes et des protocoles m\u00e9dicaux conformes aux standards internationaux.<\/span><\/p>\n<p><span style=\"font-weight: 400;\">R\u00e9sultats et r\u00e9cup\u00e9ration apr\u00e8s une rhinoplastie de r\u00e9vision en Turquie d\u00e9pendent de la complexit\u00e9 du cas et de la technique chirurgicale utilis\u00e9e. La p\u00e9riode de gu\u00e9rison peut \u00eatre l\u00e9g\u00e8rement plus longue que lors d\u2019une premi\u00e8re intervention, mais une planification chirurgicale ad\u00e9quate permet d\u2019obtenir une am\u00e9lioration esth\u00e9tique naturelle et une meilleure fonction respiratoire.<\/span><\/p>\n\t\t<\/div>\n\t\t\t\t\t<\/div>\n\n\t\n\n\t<div id=\"col-288619836\" class=\"col medium-6 small-12 large-6\"  >\n\t\t\t\t<div class=\"col-inner\"  >\n\t\t\t\n\t\t\t\n\t<div class=\"img has-hover x md-x lg-x y md-y lg-y\" id=\"image_344780552\">\n\t\t\t\t\t\t\t\t<div class=\"img-inner image-cover dark\" style=\"padding-top:75%;\">\n\t\t\t<img decoding=\"async\" width=\"1080\" height=\"1080\" src=\"https:\/\/www.alevcamcioglu.com\/wp-content\/uploads\/2024\/06\/Revizyon-Burun-Estetigi.jpg\" class=\"attachment-2048x2048 size-2048x2048\" alt=\"Revizyon Burun Esteti\u011fi\" srcset=\"https:\/\/www.alevcamcioglu.com\/wp-content\/uploads\/2024\/06\/Revizyon-Burun-Estetigi.jpg 1080w, https:\/\/www.alevcamcioglu.com\/wp-content\/uploads\/2024\/06\/Revizyon-Burun-Estetigi-300x300.jpg 300w, https:\/\/www.alevcamcioglu.com\/wp-content\/uploads\/2024\/06\/Revizyon-Burun-Estetigi-1024x1024.jpg 1024w, https:\/\/www.alevcamcioglu.com\/wp-content\/uploads\/2024\/06\/Revizyon-Burun-Estetigi-150x150.jpg 150w, https:\/\/www.alevcamcioglu.com\/wp-content\/uploads\/2024\/06\/Revizyon-Burun-Estetigi-768x768.jpg 768w, https:\/\/www.alevcamcioglu.com\/wp-content\/uploads\/2024\/06\/Revizyon-Burun-Estetigi-370x370.jpg 370w, https:\/\/www.alevcamcioglu.com\/wp-content\/uploads\/2024\/06\/Revizyon-Burun-Estetigi-244x244.jpg 244w, https:\/\/www.alevcamcioglu.com\/wp-content\/uploads\/2024\/06\/Revizyon-Burun-Estetigi-760x760.jpg 760w\" sizes=\"(max-width: 1080px) 100vw, 1080px\" title=\"\">\t\t\t\t\t\t\n\t\t\t\t\t<\/div>\n\t\t\t\t\t\t\t\t\n<style>\n#image_344780552 {\n  width: 100%;\n}\n<\/style>\n\t<\/div>\n\t\n\t\t<\/div>\n\t\t\t\t\t<\/div>\n\n\t\n\n\t<div id=\"col-325715815\" class=\"col small-12 large-12\"  >\n\t\t\t\t<div class=\"col-inner\"  >\n\t\t\t\n\t\t\t\n<h2>Quelle proportion de touristes m\u00e9dicaux internationaux en Turquie optent pour une rhinoplastie de r\u00e9vision ?<\/h2>\n<p>La Turquie est devenue un centre mondial du tourisme m\u00e9dical, en particulier dans le domaine de la chirurgie esth\u00e9tique. La rhinoplastie est l\u2019une des interventions les plus fr\u00e9quemment r\u00e9alis\u00e9es, attirant des patients du monde entier gr\u00e2ce \u00e0 la r\u00e9putation des chirurgiens turcs pour leur expertise ainsi que pour des tarifs abordables. En 2022, plus de 56 000 rhinoplasties ont \u00e9t\u00e9 effectu\u00e9es en Turquie, refl\u00e9tant la position dominante du pays dans ce domaine. Toutefois, les donn\u00e9es sp\u00e9cifiques concernant la proportion de patients internationaux recourant \u00e0 une rhinoplastie de r\u00e9vision restent limit\u00e9es.<\/p>\n<p>La rhinoplastie de r\u00e9vision, qui vise \u00e0 corriger des probl\u00e8mes d\u00e9coulant d\u2019une intervention ant\u00e9rieure, est plus complexe qu\u2019une rhinoplastie primaire. Elle n\u00e9cessite des comp\u00e9tences chirurgicales avanc\u00e9es pour g\u00e9rer des d\u00e9fis tels que les tissus cicatriciels, l\u2019anatomie nasale modifi\u00e9e et les complications fonctionnelles. \u00c0 l\u2019\u00e9chelle mondiale, on estime que les taux de r\u00e9vision pour la rhinoplastie se situent entre 5 % et 15 %, sugg\u00e9rant qu\u2019un nombre consid\u00e9rable de patients peut finir par n\u00e9cessiter une seconde intervention. En Turquie, des preuves anecdotiques indiquent une augmentation du nombre de patients internationaux recherchant une rhinoplastie de r\u00e9vision, attir\u00e9s par l\u2019expertise des chirurgiens turcs et les co\u00fbts comp\u00e9titifs.<\/p>\n<p>L\u2019accessibilit\u00e9 financi\u00e8re est un facteur d\u00e9terminant dans le tourisme m\u00e9dical en Turquie. Les co\u00fbts d\u2019une rhinoplastie de r\u00e9vision y sont nettement inf\u00e9rieurs \u00e0 ceux pratiqu\u00e9s dans les pays occidentaux, o\u00f9 des interventions similaires peuvent co\u00fbter le double ou le triple. Pour les patients internationaux, cette combinaison de prix abordables, de qualit\u00e9 et d\u2019expertise fait de la Turquie une destination particuli\u00e8rement attrayante. Bien qu\u2019il soit difficile d\u2019obtenir des statistiques pr\u00e9cises sur la demande de rhinoplasties de r\u00e9vision chez les touristes m\u00e9dicaux, la solide r\u00e9putation de la Turquie dans le domaine de la chirurgie esth\u00e9tique indique clairement qu\u2019elle est le choix privil\u00e9gi\u00e9 de nombreux patients n\u00e9cessitant une seconde intervention.<\/p>\n<h2>Quels sont les types de rhinoplastie de r\u00e9vision\u00a0?<\/h2>\n<p>La rhinoplastie de r\u00e9vision corrige des r\u00e9sultats insatisfaisants ou des complications issues de chirurgies nasales ant\u00e9rieures. Les principaux types incluent\u00a0:<\/p>\n<ul>\n<li>Rhinoplastie de r\u00e9vision mineure<\/li>\n<li>Rhinoplastie de r\u00e9vision mod\u00e9r\u00e9e<\/li>\n<li>Rhinoplastie de r\u00e9vision majeure (complexe)<\/li>\n<li>Rhinoplastie de r\u00e9vision fonctionnelle<\/li>\n<li>Rhinoplastie de r\u00e9vision structurelle<\/li>\n<li>Rhinoplastie de r\u00e9vision esth\u00e9tique<\/li>\n<li>Rhinoplastie de r\u00e9vision ouverte<\/li>\n<li>Rhinoplastie de r\u00e9vision ferm\u00e9e<\/li>\n<li>Rhinoplastie de r\u00e9vision avec greffe de cartilage<\/li>\n<li>Rhinoplastie de r\u00e9vision des tissus mous<\/li>\n<\/ul>\n\t\t<\/div>\n\t\t\t\t\t<\/div>\n\n\t\n<\/div>\n\t\t<\/div>\n\n\t\t\n<style>\n#section_1323763110 {\n  padding-top: 30px;\n  padding-bottom: 30px;\n}\n<\/style>\n\t<\/section>\n\t\n\n\t<section class=\"section\" id=\"section_793484097\">\n\t\t<div class=\"section-bg fill\" >\n\t\t\t\t\t\t\t\t\t\n\t\t\t\n\n\t\t<\/div>\n\n\t\t\n\n\t\t<div class=\"section-content relative\">\n\t\t\t\n\n<div class=\"row\"  id=\"row-95134889\">\n\n\n\t<div id=\"col-1124134752\" class=\"col small-12 large-12\"  >\n\t\t\t\t<div class=\"col-inner box-shadow-2\"  >\n\t\t\t\n\t<div class=\"is-border\"\n\t\tstyle=\"border-color:rgb(0, 0, 76);border-radius:15px;border-width:2px 2px 2px 2px;\">\n\t<\/div>\n\t\t\t\n\n<div class=\"row row-full-width align-center\"  id=\"row-1346336919\">\n\n\n\t<div id=\"col-1524772452\" class=\"col small-12 large-12\"  >\n\t\t\t\t<div class=\"col-inner\"  >\n\t\t\t\n\t\t\t\n\n\t<div id=\"text-813700301\" class=\"text\">\n\t\t\n\n<h2><span style=\"font-size: 75%;\"><span style=\"color: #555555;\">6 raisons de faire une<\/span><span style=\"color: #555555;\">  \u00e0 Istanbul<\/span><\/span><\/h2>\n\t\t\n<style>\n#text-813700301 {\n  font-size: 2rem;\n  text-align: center;\n  color: #000065;\n}\n#text-813700301 > * {\n  color: #000065;\n}\n@media (min-width:550px) {\n  #text-813700301 {\n    font-size: 1.2rem;\n  }\n}\n<\/style>\n\t<\/div>\n\t\n\n\t\t<\/div>\n\t\t\t\t\t<\/div>\n\n\t\n\n\t<div id=\"col-1456182271\" class=\"col medium-2 small-6 large-2\"  >\n\t\t\t\t<div class=\"col-inner\"  >\n\t\t\t\n\t\t\t\n\n\t<div class=\"box has-hover   has-hover box-text-bottom\" >\n\n\t\t<div class=\"box-image\" style=\"width:60%;\">\n\t\t\t\t\t\t<div class=\"image-cover\" style=\"padding-top:100%;\">\n\t\t\t\t<img decoding=\"async\" width=\"200\" height=\"200\" src=\"https:\/\/www.alevcamcioglu.com\/wp-content\/uploads\/2025\/04\/Proven-Results.png\" class=\"attachment-2048x2048 size-2048x2048\" alt=\"\" title=\"\">\t\t\t\t\t\t\t\t\t\t\t<\/div>\n\t\t\t\t\t<\/div>\n\n\t\t<div class=\"box-text text-center\" >\n\t\t\t<div class=\"box-text-inner\">\n\t\t\t\t\n\n\t<div id=\"text-495973621\" class=\"text\">\n\t\t\n\n<p>R\u00e9sultats \u00e9prouv\u00e9s<\/p>\n\n\t\t\n<style>\n#text-495973621 {\n  font-size: 1rem;\n  color: #404040;\n}\n#text-495973621 > * {\n  color: #404040;\n}\n<\/style>\n\t<\/div>\n\t\n\n\t\t\t<\/div>\n\t\t<\/div>\n\t<\/div>\n\t\n\n\t\t<\/div>\n\t\t\t\t\t<\/div>\n\n\t\n\n\t<div id=\"col-1396860375\" class=\"col medium-2 small-6 large-2\"  >\n\t\t\t\t<div class=\"col-inner\"  >\n\t\t\t\n\t\t\t\n\n\t<div class=\"box has-hover   has-hover box-text-bottom\" >\n\n\t\t<div class=\"box-image\" style=\"width:60%;\">\n\t\t\t\t\t\t<div class=\"image-cover\" style=\"padding-top:100%;\">\n\t\t\t\t<img decoding=\"async\" width=\"200\" height=\"200\" src=\"https:\/\/www.alevcamcioglu.com\/wp-content\/uploads\/2025\/04\/5-Star-Reviews.png\" class=\"attachment-2048x2048 size-2048x2048\" alt=\"\" title=\"\">\t\t\t\t\t\t\t\t\t\t\t<\/div>\n\t\t\t\t\t<\/div>\n\n\t\t<div class=\"box-text text-center\" >\n\t\t\t<div class=\"box-text-inner\">\n\t\t\t\t\n\n\t<div id=\"text-3517710436\" class=\"text\">\n\t\t\n\n<p>Avis 5 \u00e9toiles<\/p>\n\n\t\t\n<style>\n#text-3517710436 {\n  font-size: 1rem;\n  color: #404040;\n}\n#text-3517710436 > * {\n  color: #404040;\n}\n<\/style>\n\t<\/div>\n\t\n\n\t\t\t<\/div>\n\t\t<\/div>\n\t<\/div>\n\t\n\n\t\t<\/div>\n\t\t\t\t\t<\/div>\n\n\t\n\n\t<div id=\"col-457420061\" class=\"col medium-2 small-6 large-2\"  >\n\t\t\t\t<div class=\"col-inner\"  >\n\t\t\t\n\t\t\t\n\n\t<div class=\"box has-hover   has-hover box-text-bottom\" >\n\n\t\t<div class=\"box-image\" style=\"width:60%;\">\n\t\t\t\t\t\t<div class=\"image-cover\" style=\"padding-top:100%;\">\n\t\t\t\t<img decoding=\"async\" width=\"200\" height=\"200\" src=\"https:\/\/www.alevcamcioglu.com\/wp-content\/uploads\/2025\/04\/All-Inclusive-Packages.png\" class=\"attachment-2048x2048 size-2048x2048\" alt=\"\" title=\"\">\t\t\t\t\t\t\t\t\t\t\t<\/div>\n\t\t\t\t\t<\/div>\n\n\t\t<div class=\"box-text text-center\" >\n\t\t\t<div class=\"box-text-inner\">\n\t\t\t\t\n\n\t<div id=\"text-92873428\" class=\"text\">\n\t\t\n\n<p>Forfaits tout compris<\/p>\n\n\t\t\n<style>\n#text-92873428 {\n  font-size: 1rem;\n  color: #404040;\n}\n#text-92873428 > * {\n  color: #404040;\n}\n<\/style>\n\t<\/div>\n\t\n\n\t\t\t<\/div>\n\t\t<\/div>\n\t<\/div>\n\t\n\n\t\t<\/div>\n\t\t\t\t\t<\/div>\n\n\t\n\n\t<div id=\"col-162828408\" class=\"col medium-2 small-6 large-2\"  >\n\t\t\t\t<div class=\"col-inner\"  >\n\t\t\t\n\t\t\t\n\n\t<div class=\"box has-hover   has-hover box-text-bottom\" >\n\n\t\t<div class=\"box-image\" style=\"width:60%;\">\n\t\t\t\t\t\t<div class=\"image-cover\" style=\"padding-top:100%;\">\n\t\t\t\t<img decoding=\"async\" width=\"200\" height=\"200\" src=\"https:\/\/www.alevcamcioglu.com\/wp-content\/uploads\/2025\/04\/Luxury-Hotels.png\" class=\"attachment-2048x2048 size-2048x2048\" alt=\"\" title=\"\">\t\t\t\t\t\t\t\t\t\t\t<\/div>\n\t\t\t\t\t<\/div>\n\n\t\t<div class=\"box-text text-center\" >\n\t\t\t<div class=\"box-text-inner\">\n\t\t\t\t\n\n\t<div id=\"text-1098123351\" class=\"text\">\n\t\t\n\n<p>H\u00f4tels de luxe<\/p>\n\n\t\t\n<style>\n#text-1098123351 {\n  font-size: 1rem;\n  color: #404040;\n}\n#text-1098123351 > * {\n  color: #404040;\n}\n<\/style>\n\t<\/div>\n\t\n\n\t\t\t<\/div>\n\t\t<\/div>\n\t<\/div>\n\t\n\n\t\t<\/div>\n\t\t\t\t\t<\/div>\n\n\t\n\n\t<div id=\"col-932899529\" class=\"col medium-2 small-6 large-2\"  >\n\t\t\t\t<div class=\"col-inner\"  >\n\t\t\t\n\t\t\t\n\n\t<div class=\"box has-hover   has-hover box-text-bottom\" >\n\n\t\t<div class=\"box-image\" style=\"width:60%;\">\n\t\t\t\t\t\t<div class=\"image-cover\" style=\"padding-top:100%;\">\n\t\t\t\t<img decoding=\"async\" width=\"200\" height=\"200\" src=\"https:\/\/www.alevcamcioglu.com\/wp-content\/uploads\/2025\/04\/Accredited-Hospitals.png\" class=\"attachment-2048x2048 size-2048x2048\" alt=\"\" title=\"\">\t\t\t\t\t\t\t\t\t\t\t<\/div>\n\t\t\t\t\t<\/div>\n\n\t\t<div class=\"box-text text-center\" >\n\t\t\t<div class=\"box-text-inner\">\n\t\t\t\t\n\n\t<div id=\"text-2153581822\" class=\"text\">\n\t\t\n\n<p>H\u00f4pitaux accr\u00e9dit\u00e9s<\/p>\n\n\t\t\n<style>\n#text-2153581822 {\n  font-size: 1rem;\n  color: #404040;\n}\n#text-2153581822 > * {\n  color: #404040;\n}\n<\/style>\n\t<\/div>\n\t\n\n\t\t\t<\/div>\n\t\t<\/div>\n\t<\/div>\n\t\n\n\t\t<\/div>\n\t\t\t\t\t<\/div>\n\n\t\n\n\t<div id=\"col-1155187119\" class=\"col medium-2 small-6 large-2\"  >\n\t\t\t\t<div class=\"col-inner\"  >\n\t\t\t\n\t\t\t\n\n\t<div class=\"box has-hover   has-hover box-text-bottom\" >\n\n\t\t<div class=\"box-image\" style=\"width:60%;\">\n\t\t\t\t\t\t<div class=\"image-cover\" style=\"padding-top:100%;\">\n\t\t\t\t<img decoding=\"async\" width=\"200\" height=\"200\" src=\"https:\/\/www.alevcamcioglu.com\/wp-content\/uploads\/2025\/04\/Waiting.png\" class=\"attachment-2048x2048 size-2048x2048\" alt=\"\" title=\"\">\t\t\t\t\t\t\t\t\t\t\t<\/div>\n\t\t\t\t\t<\/div>\n\n\t\t<div class=\"box-text text-center\" >\n\t\t\t<div class=\"box-text-inner\">\n\t\t\t\t\n\n\t<div id=\"text-2030031590\" class=\"text\">\n\t\t\n\n<p>Soins postop\u00e9ratoires<\/p>\n\n\t\t\n<style>\n#text-2030031590 {\n  font-size: 1rem;\n  color: #404040;\n}\n#text-2030031590 > * {\n  color: #404040;\n}\n<\/style>\n\t<\/div>\n\t\n\n\t\t\t<\/div>\n\t\t<\/div>\n\t<\/div>\n\t\n\n\t\t<\/div>\n\t\t\t\t\t<\/div>\n\n\t\n\n<\/div>\n\n\t\t<\/div>\n\t\t\t\t\n<style>\n#col-1124134752 > .col-inner {\n  padding: 30px 0px 0px 30px;\n  border-radius: 15px;\n}\n<\/style>\n\t<\/div>\n\n\t\n\n<\/div>\n\n\t\t<\/div>\n\n\t\t\n<style>\n#section_793484097 {\n  padding-top: 30px;\n  padding-bottom: 30px;\n}\n<\/style>\n\t<\/section>\n\t\r\n\r\n\n\t<section class=\"section\" id=\"section_1287891646\">\n\t\t<div class=\"section-bg fill\" >\n\t\t\t\t\t\t\t\t\t\n\t\t\t\n\n\t\t<\/div>\n\n\t\t\n\n\t\t<div class=\"section-content relative\">\n\t\t\t\r\n\r\n<div class=\"row\"  id=\"row-224235682\">\r\n\r\n\n\t<div id=\"col-1792829224\" class=\"col small-12 large-12\"  >\n\t\t\t\t<div class=\"col-inner text-center\"  >\n\t\t\t\n\t\t\t\r\n\r\n\t<div id=\"text-4144071964\" class=\"text\">\n\t\t\r\n<h2>\u00a0 Photos avant et apr\u00e8s en Turquie<\/h2>\r\n\t\t\n<style>\n#text-4144071964 {\n  font-size: 1.25rem;\n  text-align: center;\n  color: rgb(243, 58, 58);\n}\n#text-4144071964 > * {\n  color: rgb(243, 58, 58);\n}\n<\/style>\n\t<\/div>\n\t\r\n\n  \n    <div class=\"row large-columns-4 medium-columns-3 small-columns-2 slider row-slider slider-nav-circle slider-nav-outside slider-nav-push\"  data-flickity-options='{&quot;imagesLoaded&quot;: true, &quot;groupCells&quot;: &quot;100%&quot;, &quot;dragThreshold&quot; : 5, &quot;cellAlign&quot;: &quot;left&quot;,&quot;wrapAround&quot;: true,&quot;prevNextButtons&quot;: true,&quot;percentPosition&quot;: true,&quot;pageDots&quot;: false, &quot;rightToLeft&quot;: false, &quot;autoPlay&quot; : false}' >\n\n  <div class=\"gallery-col col\" >\n          <div class=\"col-inner\">\n            <a class=\"image-lightbox lightbox-gallery\" href=\"https:\/\/www.alevcamcioglu.com\/wp-content\/uploads\/2024\/11\/rhinoplastie-avant-apres-photo-en-turquie-1.jpg\" title=\"\">            <div class=\"box has-hover gallery-box box-normal\">\n              <div class=\"box-image\" >\n                <img decoding=\"async\" width=\"320\" height=\"400\" src=\"https:\/\/www.alevcamcioglu.com\/wp-content\/uploads\/2024\/11\/rhinoplastie-avant-apres-photo-en-turquie-1-320x400.jpg\" class=\"attachment-medium size-medium\" alt=\"\" ids=\"9212,9218,9224,9230,9236,9242,9248,9254,9260,9266,9272,9278,9284,9290,9296,9302,9308,9314,9320,9326,9332,9338,9344,9350,9356,9362,9368,9374,9380,9386,9392,9398,9404,9410,9416,9422,9428,9434,9440,9446,9452,9458,9464,9470\" style=\"normal\" lightbox_image_size=\"2048x2048\" type=\"slider\" slider_nav_style=\"circle\" slider_nav_position=\"outside\" srcset=\"https:\/\/www.alevcamcioglu.com\/wp-content\/uploads\/2024\/11\/rhinoplastie-avant-apres-photo-en-turquie-1-320x400.jpg 320w, https:\/\/www.alevcamcioglu.com\/wp-content\/uploads\/2024\/11\/rhinoplastie-avant-apres-photo-en-turquie-1-640x800.jpg 640w, https:\/\/www.alevcamcioglu.com\/wp-content\/uploads\/2024\/11\/rhinoplastie-avant-apres-photo-en-turquie-1-768x960.jpg 768w, https:\/\/www.alevcamcioglu.com\/wp-content\/uploads\/2024\/11\/rhinoplastie-avant-apres-photo-en-turquie-1.jpg 1200w\" sizes=\"(max-width: 320px) 100vw, 320px\" title=\"\">                                                              <\/div>\n              <div class=\"box-text text-left\" >\n                 <p><\/p>\n              <\/div>\n            <\/div>\n            <\/a>          <\/div>\n         <\/div><div class=\"gallery-col col\" >\n          <div class=\"col-inner\">\n            <a class=\"image-lightbox lightbox-gallery\" href=\"https:\/\/www.alevcamcioglu.com\/wp-content\/uploads\/2024\/11\/rhinoplastie-avant-apres-photo-en-turquie-2.jpg\" title=\"\">            <div class=\"box has-hover gallery-box box-normal\">\n              <div class=\"box-image\" >\n                <img decoding=\"async\" width=\"320\" height=\"400\" src=\"https:\/\/www.alevcamcioglu.com\/wp-content\/uploads\/2024\/11\/rhinoplastie-avant-apres-photo-en-turquie-2-320x400.jpg\" class=\"attachment-medium size-medium\" alt=\"\" ids=\"9212,9218,9224,9230,9236,9242,9248,9254,9260,9266,9272,9278,9284,9290,9296,9302,9308,9314,9320,9326,9332,9338,9344,9350,9356,9362,9368,9374,9380,9386,9392,9398,9404,9410,9416,9422,9428,9434,9440,9446,9452,9458,9464,9470\" style=\"normal\" lightbox_image_size=\"2048x2048\" type=\"slider\" slider_nav_style=\"circle\" slider_nav_position=\"outside\" srcset=\"https:\/\/www.alevcamcioglu.com\/wp-content\/uploads\/2024\/11\/rhinoplastie-avant-apres-photo-en-turquie-2-320x400.jpg 320w, https:\/\/www.alevcamcioglu.com\/wp-content\/uploads\/2024\/11\/rhinoplastie-avant-apres-photo-en-turquie-2-640x800.jpg 640w, https:\/\/www.alevcamcioglu.com\/wp-content\/uploads\/2024\/11\/rhinoplastie-avant-apres-photo-en-turquie-2-768x960.jpg 768w, https:\/\/www.alevcamcioglu.com\/wp-content\/uploads\/2024\/11\/rhinoplastie-avant-apres-photo-en-turquie-2.jpg 1200w\" sizes=\"(max-width: 320px) 100vw, 320px\" title=\"\">                                                              <\/div>\n              <div class=\"box-text text-left\" >\n                 <p><\/p>\n              <\/div>\n            <\/div>\n            <\/a>          <\/div>\n         <\/div><div class=\"gallery-col col\" >\n          <div class=\"col-inner\">\n            <a class=\"image-lightbox lightbox-gallery\" href=\"https:\/\/www.alevcamcioglu.com\/wp-content\/uploads\/2024\/11\/rhinoplastie-avant-apres-photo-en-turquie-3.jpg\" title=\"\">            <div class=\"box has-hover gallery-box box-normal\">\n              <div class=\"box-image\" >\n                <img decoding=\"async\" width=\"320\" height=\"400\" src=\"https:\/\/www.alevcamcioglu.com\/wp-content\/uploads\/2024\/11\/rhinoplastie-avant-apres-photo-en-turquie-3-320x400.jpg\" class=\"attachment-medium size-medium\" alt=\"\" ids=\"9212,9218,9224,9230,9236,9242,9248,9254,9260,9266,9272,9278,9284,9290,9296,9302,9308,9314,9320,9326,9332,9338,9344,9350,9356,9362,9368,9374,9380,9386,9392,9398,9404,9410,9416,9422,9428,9434,9440,9446,9452,9458,9464,9470\" style=\"normal\" lightbox_image_size=\"2048x2048\" type=\"slider\" slider_nav_style=\"circle\" slider_nav_position=\"outside\" srcset=\"https:\/\/www.alevcamcioglu.com\/wp-content\/uploads\/2024\/11\/rhinoplastie-avant-apres-photo-en-turquie-3-320x400.jpg 320w, https:\/\/www.alevcamcioglu.com\/wp-content\/uploads\/2024\/11\/rhinoplastie-avant-apres-photo-en-turquie-3-640x800.jpg 640w, https:\/\/www.alevcamcioglu.com\/wp-content\/uploads\/2024\/11\/rhinoplastie-avant-apres-photo-en-turquie-3-768x960.jpg 768w, https:\/\/www.alevcamcioglu.com\/wp-content\/uploads\/2024\/11\/rhinoplastie-avant-apres-photo-en-turquie-3.jpg 1200w\" sizes=\"(max-width: 320px) 100vw, 320px\" title=\"\">                                                              <\/div>\n              <div class=\"box-text text-left\" >\n                 <p><\/p>\n              <\/div>\n            <\/div>\n            <\/a>          <\/div>\n         <\/div><div class=\"gallery-col col\" >\n          <div class=\"col-inner\">\n            <a class=\"image-lightbox lightbox-gallery\" href=\"https:\/\/www.alevcamcioglu.com\/wp-content\/uploads\/2024\/11\/rhinoplastie-avant-apres-photo-en-turquie-4.jpg\" title=\"\">            <div class=\"box has-hover gallery-box box-normal\">\n              <div class=\"box-image\" >\n                <img decoding=\"async\" width=\"320\" height=\"400\" src=\"https:\/\/www.alevcamcioglu.com\/wp-content\/uploads\/2024\/11\/rhinoplastie-avant-apres-photo-en-turquie-4-320x400.jpg\" class=\"attachment-medium size-medium\" alt=\"\" ids=\"9212,9218,9224,9230,9236,9242,9248,9254,9260,9266,9272,9278,9284,9290,9296,9302,9308,9314,9320,9326,9332,9338,9344,9350,9356,9362,9368,9374,9380,9386,9392,9398,9404,9410,9416,9422,9428,9434,9440,9446,9452,9458,9464,9470\" style=\"normal\" lightbox_image_size=\"2048x2048\" type=\"slider\" slider_nav_style=\"circle\" slider_nav_position=\"outside\" srcset=\"https:\/\/www.alevcamcioglu.com\/wp-content\/uploads\/2024\/11\/rhinoplastie-avant-apres-photo-en-turquie-4-320x400.jpg 320w, https:\/\/www.alevcamcioglu.com\/wp-content\/uploads\/2024\/11\/rhinoplastie-avant-apres-photo-en-turquie-4-640x800.jpg 640w, https:\/\/www.alevcamcioglu.com\/wp-content\/uploads\/2024\/11\/rhinoplastie-avant-apres-photo-en-turquie-4-768x960.jpg 768w, https:\/\/www.alevcamcioglu.com\/wp-content\/uploads\/2024\/11\/rhinoplastie-avant-apres-photo-en-turquie-4.jpg 1200w\" sizes=\"(max-width: 320px) 100vw, 320px\" title=\"\">                                                              <\/div>\n              <div class=\"box-text text-left\" >\n                 <p><\/p>\n              <\/div>\n            <\/div>\n            <\/a>          <\/div>\n         <\/div><div class=\"gallery-col col\" >\n          <div class=\"col-inner\">\n            <a class=\"image-lightbox lightbox-gallery\" href=\"https:\/\/www.alevcamcioglu.com\/wp-content\/uploads\/2024\/11\/rhinoplastie-avant-apres-photo-en-turquie-5.jpg\" title=\"\">            <div class=\"box has-hover gallery-box box-normal\">\n              <div class=\"box-image\" >\n                <img decoding=\"async\" width=\"320\" height=\"400\" src=\"https:\/\/www.alevcamcioglu.com\/wp-content\/uploads\/2024\/11\/rhinoplastie-avant-apres-photo-en-turquie-5-320x400.jpg\" class=\"attachment-medium size-medium\" alt=\"\" ids=\"9212,9218,9224,9230,9236,9242,9248,9254,9260,9266,9272,9278,9284,9290,9296,9302,9308,9314,9320,9326,9332,9338,9344,9350,9356,9362,9368,9374,9380,9386,9392,9398,9404,9410,9416,9422,9428,9434,9440,9446,9452,9458,9464,9470\" style=\"normal\" lightbox_image_size=\"2048x2048\" type=\"slider\" slider_nav_style=\"circle\" slider_nav_position=\"outside\" srcset=\"https:\/\/www.alevcamcioglu.com\/wp-content\/uploads\/2024\/11\/rhinoplastie-avant-apres-photo-en-turquie-5-320x400.jpg 320w, https:\/\/www.alevcamcioglu.com\/wp-content\/uploads\/2024\/11\/rhinoplastie-avant-apres-photo-en-turquie-5-640x800.jpg 640w, https:\/\/www.alevcamcioglu.com\/wp-content\/uploads\/2024\/11\/rhinoplastie-avant-apres-photo-en-turquie-5-768x960.jpg 768w, https:\/\/www.alevcamcioglu.com\/wp-content\/uploads\/2024\/11\/rhinoplastie-avant-apres-photo-en-turquie-5.jpg 1200w\" sizes=\"(max-width: 320px) 100vw, 320px\" title=\"\">                                                              <\/div>\n              <div class=\"box-text text-left\" >\n                 <p><\/p>\n              <\/div>\n            <\/div>\n            <\/a>          <\/div>\n         <\/div><div class=\"gallery-col col\" >\n          <div class=\"col-inner\">\n            <a class=\"image-lightbox lightbox-gallery\" href=\"https:\/\/www.alevcamcioglu.com\/wp-content\/uploads\/2024\/11\/rhinoplastie-avant-apres-photo-en-turquie-6.jpg\" title=\"\">            <div class=\"box has-hover gallery-box box-normal\">\n              <div class=\"box-image\" >\n                <img decoding=\"async\" width=\"320\" height=\"400\" src=\"https:\/\/www.alevcamcioglu.com\/wp-content\/uploads\/2024\/11\/rhinoplastie-avant-apres-photo-en-turquie-6-320x400.jpg\" class=\"attachment-medium size-medium\" alt=\"\" ids=\"9212,9218,9224,9230,9236,9242,9248,9254,9260,9266,9272,9278,9284,9290,9296,9302,9308,9314,9320,9326,9332,9338,9344,9350,9356,9362,9368,9374,9380,9386,9392,9398,9404,9410,9416,9422,9428,9434,9440,9446,9452,9458,9464,9470\" style=\"normal\" lightbox_image_size=\"2048x2048\" type=\"slider\" slider_nav_style=\"circle\" slider_nav_position=\"outside\" srcset=\"https:\/\/www.alevcamcioglu.com\/wp-content\/uploads\/2024\/11\/rhinoplastie-avant-apres-photo-en-turquie-6-320x400.jpg 320w, https:\/\/www.alevcamcioglu.com\/wp-content\/uploads\/2024\/11\/rhinoplastie-avant-apres-photo-en-turquie-6-640x800.jpg 640w, https:\/\/www.alevcamcioglu.com\/wp-content\/uploads\/2024\/11\/rhinoplastie-avant-apres-photo-en-turquie-6-768x960.jpg 768w, https:\/\/www.alevcamcioglu.com\/wp-content\/uploads\/2024\/11\/rhinoplastie-avant-apres-photo-en-turquie-6.jpg 1200w\" sizes=\"(max-width: 320px) 100vw, 320px\" title=\"\">                                                              <\/div>\n              <div class=\"box-text text-left\" >\n                 <p><\/p>\n              <\/div>\n            <\/div>\n            <\/a>          <\/div>\n         <\/div><div class=\"gallery-col col\" >\n          <div class=\"col-inner\">\n            <a class=\"image-lightbox lightbox-gallery\" href=\"https:\/\/www.alevcamcioglu.com\/wp-content\/uploads\/2024\/11\/rhinoplastie-avant-apres-photo-en-turquie-7.jpg\" title=\"\">            <div class=\"box has-hover gallery-box box-normal\">\n              <div class=\"box-image\" >\n                <img decoding=\"async\" width=\"320\" height=\"400\" src=\"https:\/\/www.alevcamcioglu.com\/wp-content\/uploads\/2024\/11\/rhinoplastie-avant-apres-photo-en-turquie-7-320x400.jpg\" class=\"attachment-medium size-medium\" alt=\"\" ids=\"9212,9218,9224,9230,9236,9242,9248,9254,9260,9266,9272,9278,9284,9290,9296,9302,9308,9314,9320,9326,9332,9338,9344,9350,9356,9362,9368,9374,9380,9386,9392,9398,9404,9410,9416,9422,9428,9434,9440,9446,9452,9458,9464,9470\" style=\"normal\" lightbox_image_size=\"2048x2048\" type=\"slider\" slider_nav_style=\"circle\" slider_nav_position=\"outside\" srcset=\"https:\/\/www.alevcamcioglu.com\/wp-content\/uploads\/2024\/11\/rhinoplastie-avant-apres-photo-en-turquie-7-320x400.jpg 320w, https:\/\/www.alevcamcioglu.com\/wp-content\/uploads\/2024\/11\/rhinoplastie-avant-apres-photo-en-turquie-7-640x800.jpg 640w, https:\/\/www.alevcamcioglu.com\/wp-content\/uploads\/2024\/11\/rhinoplastie-avant-apres-photo-en-turquie-7-768x960.jpg 768w, https:\/\/www.alevcamcioglu.com\/wp-content\/uploads\/2024\/11\/rhinoplastie-avant-apres-photo-en-turquie-7.jpg 1200w\" sizes=\"(max-width: 320px) 100vw, 320px\" title=\"\">                                                              <\/div>\n              <div class=\"box-text text-left\" >\n                 <p><\/p>\n              <\/div>\n            <\/div>\n            <\/a>          <\/div>\n         <\/div><div class=\"gallery-col col\" >\n          <div class=\"col-inner\">\n            <a class=\"image-lightbox lightbox-gallery\" href=\"https:\/\/www.alevcamcioglu.com\/wp-content\/uploads\/2024\/11\/rhinoplastie-avant-apres-photo-en-turquie-8.jpg\" title=\"\">            <div class=\"box has-hover gallery-box box-normal\">\n              <div class=\"box-image\" >\n                <img decoding=\"async\" width=\"320\" height=\"400\" src=\"https:\/\/www.alevcamcioglu.com\/wp-content\/uploads\/2024\/11\/rhinoplastie-avant-apres-photo-en-turquie-8-320x400.jpg\" class=\"attachment-medium size-medium\" alt=\"\" ids=\"9212,9218,9224,9230,9236,9242,9248,9254,9260,9266,9272,9278,9284,9290,9296,9302,9308,9314,9320,9326,9332,9338,9344,9350,9356,9362,9368,9374,9380,9386,9392,9398,9404,9410,9416,9422,9428,9434,9440,9446,9452,9458,9464,9470\" style=\"normal\" lightbox_image_size=\"2048x2048\" type=\"slider\" slider_nav_style=\"circle\" slider_nav_position=\"outside\" srcset=\"https:\/\/www.alevcamcioglu.com\/wp-content\/uploads\/2024\/11\/rhinoplastie-avant-apres-photo-en-turquie-8-320x400.jpg 320w, https:\/\/www.alevcamcioglu.com\/wp-content\/uploads\/2024\/11\/rhinoplastie-avant-apres-photo-en-turquie-8-640x800.jpg 640w, https:\/\/www.alevcamcioglu.com\/wp-content\/uploads\/2024\/11\/rhinoplastie-avant-apres-photo-en-turquie-8-768x960.jpg 768w, https:\/\/www.alevcamcioglu.com\/wp-content\/uploads\/2024\/11\/rhinoplastie-avant-apres-photo-en-turquie-8.jpg 1200w\" sizes=\"(max-width: 320px) 100vw, 320px\" title=\"\">                                                              <\/div>\n              <div class=\"box-text text-left\" >\n                 <p><\/p>\n              <\/div>\n            <\/div>\n            <\/a>          <\/div>\n         <\/div><div class=\"gallery-col col\" >\n          <div class=\"col-inner\">\n            <a class=\"image-lightbox lightbox-gallery\" href=\"https:\/\/www.alevcamcioglu.com\/wp-content\/uploads\/2024\/11\/rhinoplastie-avant-apres-photo-en-turquie-9.jpg\" title=\"\">            <div class=\"box has-hover gallery-box box-normal\">\n              <div class=\"box-image\" >\n                <img decoding=\"async\" width=\"320\" height=\"400\" src=\"https:\/\/www.alevcamcioglu.com\/wp-content\/uploads\/2024\/11\/rhinoplastie-avant-apres-photo-en-turquie-9-320x400.jpg\" class=\"attachment-medium size-medium\" alt=\"\" ids=\"9212,9218,9224,9230,9236,9242,9248,9254,9260,9266,9272,9278,9284,9290,9296,9302,9308,9314,9320,9326,9332,9338,9344,9350,9356,9362,9368,9374,9380,9386,9392,9398,9404,9410,9416,9422,9428,9434,9440,9446,9452,9458,9464,9470\" style=\"normal\" lightbox_image_size=\"2048x2048\" type=\"slider\" slider_nav_style=\"circle\" slider_nav_position=\"outside\" srcset=\"https:\/\/www.alevcamcioglu.com\/wp-content\/uploads\/2024\/11\/rhinoplastie-avant-apres-photo-en-turquie-9-320x400.jpg 320w, https:\/\/www.alevcamcioglu.com\/wp-content\/uploads\/2024\/11\/rhinoplastie-avant-apres-photo-en-turquie-9-640x800.jpg 640w, https:\/\/www.alevcamcioglu.com\/wp-content\/uploads\/2024\/11\/rhinoplastie-avant-apres-photo-en-turquie-9-768x960.jpg 768w, https:\/\/www.alevcamcioglu.com\/wp-content\/uploads\/2024\/11\/rhinoplastie-avant-apres-photo-en-turquie-9.jpg 1200w\" sizes=\"(max-width: 320px) 100vw, 320px\" title=\"\">                                                              <\/div>\n              <div class=\"box-text text-left\" >\n                 <p><\/p>\n              <\/div>\n            <\/div>\n            <\/a>          <\/div>\n         <\/div><div class=\"gallery-col col\" >\n          <div class=\"col-inner\">\n            <a class=\"image-lightbox lightbox-gallery\" href=\"https:\/\/www.alevcamcioglu.com\/wp-content\/uploads\/2024\/11\/rhinoplastie-avant-apres-photo-en-turquie-10.jpg\" title=\"\">            <div class=\"box has-hover gallery-box box-normal\">\n              <div class=\"box-image\" >\n                <img decoding=\"async\" width=\"320\" height=\"400\" src=\"https:\/\/www.alevcamcioglu.com\/wp-content\/uploads\/2024\/11\/rhinoplastie-avant-apres-photo-en-turquie-10-320x400.jpg\" class=\"attachment-medium size-medium\" alt=\"\" ids=\"9212,9218,9224,9230,9236,9242,9248,9254,9260,9266,9272,9278,9284,9290,9296,9302,9308,9314,9320,9326,9332,9338,9344,9350,9356,9362,9368,9374,9380,9386,9392,9398,9404,9410,9416,9422,9428,9434,9440,9446,9452,9458,9464,9470\" style=\"normal\" lightbox_image_size=\"2048x2048\" type=\"slider\" slider_nav_style=\"circle\" slider_nav_position=\"outside\" srcset=\"https:\/\/www.alevcamcioglu.com\/wp-content\/uploads\/2024\/11\/rhinoplastie-avant-apres-photo-en-turquie-10-320x400.jpg 320w, https:\/\/www.alevcamcioglu.com\/wp-content\/uploads\/2024\/11\/rhinoplastie-avant-apres-photo-en-turquie-10-640x800.jpg 640w, https:\/\/www.alevcamcioglu.com\/wp-content\/uploads\/2024\/11\/rhinoplastie-avant-apres-photo-en-turquie-10-768x960.jpg 768w, https:\/\/www.alevcamcioglu.com\/wp-content\/uploads\/2024\/11\/rhinoplastie-avant-apres-photo-en-turquie-10.jpg 1200w\" sizes=\"(max-width: 320px) 100vw, 320px\" title=\"\">                                                              <\/div>\n              <div class=\"box-text text-left\" >\n                 <p><\/p>\n              <\/div>\n            <\/div>\n            <\/a>          <\/div>\n         <\/div><div class=\"gallery-col col\" >\n          <div class=\"col-inner\">\n            <a class=\"image-lightbox lightbox-gallery\" href=\"https:\/\/www.alevcamcioglu.com\/wp-content\/uploads\/2024\/11\/rhinoplastie-avant-apres-photo-en-turquie-11.jpg\" title=\"\">            <div class=\"box has-hover gallery-box box-normal\">\n              <div class=\"box-image\" >\n                <img decoding=\"async\" width=\"320\" height=\"400\" src=\"https:\/\/www.alevcamcioglu.com\/wp-content\/uploads\/2024\/11\/rhinoplastie-avant-apres-photo-en-turquie-11-320x400.jpg\" class=\"attachment-medium size-medium\" alt=\"\" ids=\"9212,9218,9224,9230,9236,9242,9248,9254,9260,9266,9272,9278,9284,9290,9296,9302,9308,9314,9320,9326,9332,9338,9344,9350,9356,9362,9368,9374,9380,9386,9392,9398,9404,9410,9416,9422,9428,9434,9440,9446,9452,9458,9464,9470\" style=\"normal\" lightbox_image_size=\"2048x2048\" type=\"slider\" slider_nav_style=\"circle\" slider_nav_position=\"outside\" srcset=\"https:\/\/www.alevcamcioglu.com\/wp-content\/uploads\/2024\/11\/rhinoplastie-avant-apres-photo-en-turquie-11-320x400.jpg 320w, https:\/\/www.alevcamcioglu.com\/wp-content\/uploads\/2024\/11\/rhinoplastie-avant-apres-photo-en-turquie-11-640x800.jpg 640w, https:\/\/www.alevcamcioglu.com\/wp-content\/uploads\/2024\/11\/rhinoplastie-avant-apres-photo-en-turquie-11-768x960.jpg 768w, https:\/\/www.alevcamcioglu.com\/wp-content\/uploads\/2024\/11\/rhinoplastie-avant-apres-photo-en-turquie-11.jpg 1200w\" sizes=\"(max-width: 320px) 100vw, 320px\" title=\"\">                                                              <\/div>\n              <div class=\"box-text text-left\" >\n                 <p><\/p>\n              <\/div>\n            <\/div>\n            <\/a>          <\/div>\n         <\/div><div class=\"gallery-col col\" >\n          <div class=\"col-inner\">\n            <a class=\"image-lightbox lightbox-gallery\" href=\"https:\/\/www.alevcamcioglu.com\/wp-content\/uploads\/2024\/11\/rhinoplastie-avant-apres-photo-en-turquie-12.jpg\" title=\"\">            <div class=\"box has-hover gallery-box box-normal\">\n              <div class=\"box-image\" >\n                <img decoding=\"async\" width=\"320\" height=\"400\" src=\"https:\/\/www.alevcamcioglu.com\/wp-content\/uploads\/2024\/11\/rhinoplastie-avant-apres-photo-en-turquie-12-320x400.jpg\" class=\"attachment-medium size-medium\" alt=\"\" ids=\"9212,9218,9224,9230,9236,9242,9248,9254,9260,9266,9272,9278,9284,9290,9296,9302,9308,9314,9320,9326,9332,9338,9344,9350,9356,9362,9368,9374,9380,9386,9392,9398,9404,9410,9416,9422,9428,9434,9440,9446,9452,9458,9464,9470\" style=\"normal\" lightbox_image_size=\"2048x2048\" type=\"slider\" slider_nav_style=\"circle\" slider_nav_position=\"outside\" srcset=\"https:\/\/www.alevcamcioglu.com\/wp-content\/uploads\/2024\/11\/rhinoplastie-avant-apres-photo-en-turquie-12-320x400.jpg 320w, https:\/\/www.alevcamcioglu.com\/wp-content\/uploads\/2024\/11\/rhinoplastie-avant-apres-photo-en-turquie-12-640x800.jpg 640w, https:\/\/www.alevcamcioglu.com\/wp-content\/uploads\/2024\/11\/rhinoplastie-avant-apres-photo-en-turquie-12-768x960.jpg 768w, https:\/\/www.alevcamcioglu.com\/wp-content\/uploads\/2024\/11\/rhinoplastie-avant-apres-photo-en-turquie-12.jpg 1200w\" sizes=\"(max-width: 320px) 100vw, 320px\" title=\"\">                                                              <\/div>\n              <div class=\"box-text text-left\" >\n                 <p><\/p>\n              <\/div>\n            <\/div>\n            <\/a>          <\/div>\n         <\/div><div class=\"gallery-col col\" >\n          <div class=\"col-inner\">\n            <a class=\"image-lightbox lightbox-gallery\" href=\"https:\/\/www.alevcamcioglu.com\/wp-content\/uploads\/2024\/11\/rhinoplastie-avant-apres-photo-en-turquie-13.jpg\" title=\"\">            <div class=\"box has-hover gallery-box box-normal\">\n              <div class=\"box-image\" >\n                <img decoding=\"async\" width=\"320\" height=\"400\" src=\"https:\/\/www.alevcamcioglu.com\/wp-content\/uploads\/2024\/11\/rhinoplastie-avant-apres-photo-en-turquie-13-320x400.jpg\" class=\"attachment-medium size-medium\" alt=\"\" ids=\"9212,9218,9224,9230,9236,9242,9248,9254,9260,9266,9272,9278,9284,9290,9296,9302,9308,9314,9320,9326,9332,9338,9344,9350,9356,9362,9368,9374,9380,9386,9392,9398,9404,9410,9416,9422,9428,9434,9440,9446,9452,9458,9464,9470\" style=\"normal\" lightbox_image_size=\"2048x2048\" type=\"slider\" slider_nav_style=\"circle\" slider_nav_position=\"outside\" srcset=\"https:\/\/www.alevcamcioglu.com\/wp-content\/uploads\/2024\/11\/rhinoplastie-avant-apres-photo-en-turquie-13-320x400.jpg 320w, https:\/\/www.alevcamcioglu.com\/wp-content\/uploads\/2024\/11\/rhinoplastie-avant-apres-photo-en-turquie-13-640x800.jpg 640w, https:\/\/www.alevcamcioglu.com\/wp-content\/uploads\/2024\/11\/rhinoplastie-avant-apres-photo-en-turquie-13-768x960.jpg 768w, https:\/\/www.alevcamcioglu.com\/wp-content\/uploads\/2024\/11\/rhinoplastie-avant-apres-photo-en-turquie-13.jpg 1200w\" sizes=\"(max-width: 320px) 100vw, 320px\" title=\"\">                                                              <\/div>\n              <div class=\"box-text text-left\" >\n                 <p><\/p>\n              <\/div>\n            <\/div>\n            <\/a>          <\/div>\n         <\/div><div class=\"gallery-col col\" >\n          <div class=\"col-inner\">\n            <a class=\"image-lightbox lightbox-gallery\" href=\"https:\/\/www.alevcamcioglu.com\/wp-content\/uploads\/2024\/11\/rhinoplastie-avant-apres-photo-en-turquie-14.jpg\" title=\"\">            <div class=\"box has-hover gallery-box box-normal\">\n              <div class=\"box-image\" >\n                <img decoding=\"async\" width=\"320\" height=\"400\" src=\"https:\/\/www.alevcamcioglu.com\/wp-content\/uploads\/2024\/11\/rhinoplastie-avant-apres-photo-en-turquie-14-320x400.jpg\" class=\"attachment-medium size-medium\" alt=\"\" ids=\"9212,9218,9224,9230,9236,9242,9248,9254,9260,9266,9272,9278,9284,9290,9296,9302,9308,9314,9320,9326,9332,9338,9344,9350,9356,9362,9368,9374,9380,9386,9392,9398,9404,9410,9416,9422,9428,9434,9440,9446,9452,9458,9464,9470\" style=\"normal\" lightbox_image_size=\"2048x2048\" type=\"slider\" slider_nav_style=\"circle\" slider_nav_position=\"outside\" srcset=\"https:\/\/www.alevcamcioglu.com\/wp-content\/uploads\/2024\/11\/rhinoplastie-avant-apres-photo-en-turquie-14-320x400.jpg 320w, https:\/\/www.alevcamcioglu.com\/wp-content\/uploads\/2024\/11\/rhinoplastie-avant-apres-photo-en-turquie-14-640x800.jpg 640w, https:\/\/www.alevcamcioglu.com\/wp-content\/uploads\/2024\/11\/rhinoplastie-avant-apres-photo-en-turquie-14-768x960.jpg 768w, https:\/\/www.alevcamcioglu.com\/wp-content\/uploads\/2024\/11\/rhinoplastie-avant-apres-photo-en-turquie-14.jpg 1200w\" sizes=\"(max-width: 320px) 100vw, 320px\" title=\"\">                                                              <\/div>\n              <div class=\"box-text text-left\" >\n                 <p><\/p>\n              <\/div>\n            <\/div>\n            <\/a>          <\/div>\n         <\/div><div class=\"gallery-col col\" >\n          <div class=\"col-inner\">\n            <a class=\"image-lightbox lightbox-gallery\" href=\"https:\/\/www.alevcamcioglu.com\/wp-content\/uploads\/2024\/11\/rhinoplastie-avant-apres-photo-en-turquie-15.jpg\" title=\"\">            <div class=\"box has-hover gallery-box box-normal\">\n              <div class=\"box-image\" >\n                <img decoding=\"async\" width=\"320\" height=\"400\" src=\"https:\/\/www.alevcamcioglu.com\/wp-content\/uploads\/2024\/11\/rhinoplastie-avant-apres-photo-en-turquie-15-320x400.jpg\" class=\"attachment-medium size-medium\" alt=\"\" ids=\"9212,9218,9224,9230,9236,9242,9248,9254,9260,9266,9272,9278,9284,9290,9296,9302,9308,9314,9320,9326,9332,9338,9344,9350,9356,9362,9368,9374,9380,9386,9392,9398,9404,9410,9416,9422,9428,9434,9440,9446,9452,9458,9464,9470\" style=\"normal\" lightbox_image_size=\"2048x2048\" type=\"slider\" slider_nav_style=\"circle\" slider_nav_position=\"outside\" srcset=\"https:\/\/www.alevcamcioglu.com\/wp-content\/uploads\/2024\/11\/rhinoplastie-avant-apres-photo-en-turquie-15-320x400.jpg 320w, https:\/\/www.alevcamcioglu.com\/wp-content\/uploads\/2024\/11\/rhinoplastie-avant-apres-photo-en-turquie-15-640x800.jpg 640w, https:\/\/www.alevcamcioglu.com\/wp-content\/uploads\/2024\/11\/rhinoplastie-avant-apres-photo-en-turquie-15-768x960.jpg 768w, https:\/\/www.alevcamcioglu.com\/wp-content\/uploads\/2024\/11\/rhinoplastie-avant-apres-photo-en-turquie-15.jpg 1200w\" sizes=\"(max-width: 320px) 100vw, 320px\" title=\"\">                                                              <\/div>\n              <div class=\"box-text text-left\" >\n                 <p><\/p>\n              <\/div>\n            <\/div>\n            <\/a>          <\/div>\n         <\/div><div class=\"gallery-col col\" >\n          <div class=\"col-inner\">\n            <a class=\"image-lightbox lightbox-gallery\" href=\"https:\/\/www.alevcamcioglu.com\/wp-content\/uploads\/2024\/11\/rhinoplastie-avant-apres-photo-en-turquie-16.jpg\" title=\"\">            <div class=\"box has-hover gallery-box box-normal\">\n              <div class=\"box-image\" >\n                <img decoding=\"async\" width=\"320\" height=\"400\" src=\"https:\/\/www.alevcamcioglu.com\/wp-content\/uploads\/2024\/11\/rhinoplastie-avant-apres-photo-en-turquie-16-320x400.jpg\" class=\"attachment-medium size-medium\" alt=\"\" ids=\"9212,9218,9224,9230,9236,9242,9248,9254,9260,9266,9272,9278,9284,9290,9296,9302,9308,9314,9320,9326,9332,9338,9344,9350,9356,9362,9368,9374,9380,9386,9392,9398,9404,9410,9416,9422,9428,9434,9440,9446,9452,9458,9464,9470\" style=\"normal\" lightbox_image_size=\"2048x2048\" type=\"slider\" slider_nav_style=\"circle\" slider_nav_position=\"outside\" srcset=\"https:\/\/www.alevcamcioglu.com\/wp-content\/uploads\/2024\/11\/rhinoplastie-avant-apres-photo-en-turquie-16-320x400.jpg 320w, https:\/\/www.alevcamcioglu.com\/wp-content\/uploads\/2024\/11\/rhinoplastie-avant-apres-photo-en-turquie-16-640x800.jpg 640w, https:\/\/www.alevcamcioglu.com\/wp-content\/uploads\/2024\/11\/rhinoplastie-avant-apres-photo-en-turquie-16-768x960.jpg 768w, https:\/\/www.alevcamcioglu.com\/wp-content\/uploads\/2024\/11\/rhinoplastie-avant-apres-photo-en-turquie-16.jpg 1200w\" sizes=\"(max-width: 320px) 100vw, 320px\" title=\"\">                                                              <\/div>\n              <div class=\"box-text text-left\" >\n                 <p><\/p>\n              <\/div>\n            <\/div>\n            <\/a>          <\/div>\n         <\/div><div class=\"gallery-col col\" >\n          <div class=\"col-inner\">\n            <a class=\"image-lightbox lightbox-gallery\" href=\"https:\/\/www.alevcamcioglu.com\/wp-content\/uploads\/2024\/11\/rhinoplastie-avant-apres-photo-en-turquie-17.jpg\" title=\"\">            <div class=\"box has-hover gallery-box box-normal\">\n              <div class=\"box-image\" >\n                <img decoding=\"async\" width=\"320\" height=\"400\" src=\"https:\/\/www.alevcamcioglu.com\/wp-content\/uploads\/2024\/11\/rhinoplastie-avant-apres-photo-en-turquie-17-320x400.jpg\" class=\"attachment-medium size-medium\" alt=\"\" ids=\"9212,9218,9224,9230,9236,9242,9248,9254,9260,9266,9272,9278,9284,9290,9296,9302,9308,9314,9320,9326,9332,9338,9344,9350,9356,9362,9368,9374,9380,9386,9392,9398,9404,9410,9416,9422,9428,9434,9440,9446,9452,9458,9464,9470\" style=\"normal\" lightbox_image_size=\"2048x2048\" type=\"slider\" slider_nav_style=\"circle\" slider_nav_position=\"outside\" srcset=\"https:\/\/www.alevcamcioglu.com\/wp-content\/uploads\/2024\/11\/rhinoplastie-avant-apres-photo-en-turquie-17-320x400.jpg 320w, https:\/\/www.alevcamcioglu.com\/wp-content\/uploads\/2024\/11\/rhinoplastie-avant-apres-photo-en-turquie-17-640x800.jpg 640w, https:\/\/www.alevcamcioglu.com\/wp-content\/uploads\/2024\/11\/rhinoplastie-avant-apres-photo-en-turquie-17-768x960.jpg 768w, https:\/\/www.alevcamcioglu.com\/wp-content\/uploads\/2024\/11\/rhinoplastie-avant-apres-photo-en-turquie-17.jpg 1200w\" sizes=\"(max-width: 320px) 100vw, 320px\" title=\"\">                                                              <\/div>\n              <div class=\"box-text text-left\" >\n                 <p><\/p>\n              <\/div>\n            <\/div>\n            <\/a>          <\/div>\n         <\/div><div class=\"gallery-col col\" >\n          <div class=\"col-inner\">\n            <a class=\"image-lightbox lightbox-gallery\" href=\"https:\/\/www.alevcamcioglu.com\/wp-content\/uploads\/2024\/11\/rhinoplastie-avant-apres-photo-en-turquie-18.jpg\" title=\"\">            <div class=\"box has-hover gallery-box box-normal\">\n              <div class=\"box-image\" >\n                <img decoding=\"async\" width=\"320\" height=\"400\" src=\"https:\/\/www.alevcamcioglu.com\/wp-content\/uploads\/2024\/11\/rhinoplastie-avant-apres-photo-en-turquie-18-320x400.jpg\" class=\"attachment-medium size-medium\" alt=\"\" ids=\"9212,9218,9224,9230,9236,9242,9248,9254,9260,9266,9272,9278,9284,9290,9296,9302,9308,9314,9320,9326,9332,9338,9344,9350,9356,9362,9368,9374,9380,9386,9392,9398,9404,9410,9416,9422,9428,9434,9440,9446,9452,9458,9464,9470\" style=\"normal\" lightbox_image_size=\"2048x2048\" type=\"slider\" slider_nav_style=\"circle\" slider_nav_position=\"outside\" srcset=\"https:\/\/www.alevcamcioglu.com\/wp-content\/uploads\/2024\/11\/rhinoplastie-avant-apres-photo-en-turquie-18-320x400.jpg 320w, https:\/\/www.alevcamcioglu.com\/wp-content\/uploads\/2024\/11\/rhinoplastie-avant-apres-photo-en-turquie-18-640x800.jpg 640w, https:\/\/www.alevcamcioglu.com\/wp-content\/uploads\/2024\/11\/rhinoplastie-avant-apres-photo-en-turquie-18-768x960.jpg 768w, https:\/\/www.alevcamcioglu.com\/wp-content\/uploads\/2024\/11\/rhinoplastie-avant-apres-photo-en-turquie-18.jpg 1000w\" sizes=\"(max-width: 320px) 100vw, 320px\" title=\"\">                                                              <\/div>\n              <div class=\"box-text text-left\" >\n                 <p><\/p>\n              <\/div>\n            <\/div>\n            <\/a>          <\/div>\n         <\/div><div class=\"gallery-col col\" >\n          <div class=\"col-inner\">\n            <a class=\"image-lightbox lightbox-gallery\" href=\"https:\/\/www.alevcamcioglu.com\/wp-content\/uploads\/2024\/11\/rhinoplastie-avant-apres-photo-en-turquie-19.jpg\" title=\"\">            <div class=\"box has-hover gallery-box box-normal\">\n              <div class=\"box-image\" >\n                <img decoding=\"async\" width=\"320\" height=\"400\" src=\"https:\/\/www.alevcamcioglu.com\/wp-content\/uploads\/2024\/11\/rhinoplastie-avant-apres-photo-en-turquie-19-320x400.jpg\" class=\"attachment-medium size-medium\" alt=\"\" ids=\"9212,9218,9224,9230,9236,9242,9248,9254,9260,9266,9272,9278,9284,9290,9296,9302,9308,9314,9320,9326,9332,9338,9344,9350,9356,9362,9368,9374,9380,9386,9392,9398,9404,9410,9416,9422,9428,9434,9440,9446,9452,9458,9464,9470\" style=\"normal\" lightbox_image_size=\"2048x2048\" type=\"slider\" slider_nav_style=\"circle\" slider_nav_position=\"outside\" srcset=\"https:\/\/www.alevcamcioglu.com\/wp-content\/uploads\/2024\/11\/rhinoplastie-avant-apres-photo-en-turquie-19-320x400.jpg 320w, https:\/\/www.alevcamcioglu.com\/wp-content\/uploads\/2024\/11\/rhinoplastie-avant-apres-photo-en-turquie-19-640x800.jpg 640w, https:\/\/www.alevcamcioglu.com\/wp-content\/uploads\/2024\/11\/rhinoplastie-avant-apres-photo-en-turquie-19-768x960.jpg 768w, https:\/\/www.alevcamcioglu.com\/wp-content\/uploads\/2024\/11\/rhinoplastie-avant-apres-photo-en-turquie-19.jpg 1000w\" sizes=\"(max-width: 320px) 100vw, 320px\" title=\"\">                                                              <\/div>\n              <div class=\"box-text text-left\" >\n                 <p><\/p>\n              <\/div>\n            <\/div>\n            <\/a>          <\/div>\n         <\/div><div class=\"gallery-col col\" >\n          <div class=\"col-inner\">\n            <a class=\"image-lightbox lightbox-gallery\" href=\"https:\/\/www.alevcamcioglu.com\/wp-content\/uploads\/2024\/11\/rhinoplastie-avant-apres-photo-en-turquie-20.jpg\" title=\"\">            <div class=\"box has-hover gallery-box box-normal\">\n              <div class=\"box-image\" >\n                <img decoding=\"async\" width=\"320\" height=\"400\" src=\"https:\/\/www.alevcamcioglu.com\/wp-content\/uploads\/2024\/11\/rhinoplastie-avant-apres-photo-en-turquie-20-320x400.jpg\" class=\"attachment-medium size-medium\" alt=\"\" ids=\"9212,9218,9224,9230,9236,9242,9248,9254,9260,9266,9272,9278,9284,9290,9296,9302,9308,9314,9320,9326,9332,9338,9344,9350,9356,9362,9368,9374,9380,9386,9392,9398,9404,9410,9416,9422,9428,9434,9440,9446,9452,9458,9464,9470\" style=\"normal\" lightbox_image_size=\"2048x2048\" type=\"slider\" slider_nav_style=\"circle\" slider_nav_position=\"outside\" srcset=\"https:\/\/www.alevcamcioglu.com\/wp-content\/uploads\/2024\/11\/rhinoplastie-avant-apres-photo-en-turquie-20-320x400.jpg 320w, https:\/\/www.alevcamcioglu.com\/wp-content\/uploads\/2024\/11\/rhinoplastie-avant-apres-photo-en-turquie-20-639x800.jpg 639w, https:\/\/www.alevcamcioglu.com\/wp-content\/uploads\/2024\/11\/rhinoplastie-avant-apres-photo-en-turquie-20-768x961.jpg 768w, https:\/\/www.alevcamcioglu.com\/wp-content\/uploads\/2024\/11\/rhinoplastie-avant-apres-photo-en-turquie-20.jpg 999w\" sizes=\"(max-width: 320px) 100vw, 320px\" title=\"\">                                                              <\/div>\n              <div class=\"box-text text-left\" >\n                 <p><\/p>\n              <\/div>\n            <\/div>\n            <\/a>          <\/div>\n         <\/div><div class=\"gallery-col col\" >\n          <div class=\"col-inner\">\n            <a class=\"image-lightbox lightbox-gallery\" href=\"https:\/\/www.alevcamcioglu.com\/wp-content\/uploads\/2024\/11\/rhinoplastie-avant-apres-photo-en-turquie-21.jpg\" title=\"\">            <div class=\"box has-hover gallery-box box-normal\">\n              <div class=\"box-image\" >\n                <img decoding=\"async\" width=\"320\" height=\"400\" src=\"https:\/\/www.alevcamcioglu.com\/wp-content\/uploads\/2024\/11\/rhinoplastie-avant-apres-photo-en-turquie-21-320x400.jpg\" class=\"attachment-medium size-medium\" alt=\"\" ids=\"9212,9218,9224,9230,9236,9242,9248,9254,9260,9266,9272,9278,9284,9290,9296,9302,9308,9314,9320,9326,9332,9338,9344,9350,9356,9362,9368,9374,9380,9386,9392,9398,9404,9410,9416,9422,9428,9434,9440,9446,9452,9458,9464,9470\" style=\"normal\" lightbox_image_size=\"2048x2048\" type=\"slider\" slider_nav_style=\"circle\" slider_nav_position=\"outside\" srcset=\"https:\/\/www.alevcamcioglu.com\/wp-content\/uploads\/2024\/11\/rhinoplastie-avant-apres-photo-en-turquie-21-320x400.jpg 320w, https:\/\/www.alevcamcioglu.com\/wp-content\/uploads\/2024\/11\/rhinoplastie-avant-apres-photo-en-turquie-21-640x800.jpg 640w, https:\/\/www.alevcamcioglu.com\/wp-content\/uploads\/2024\/11\/rhinoplastie-avant-apres-photo-en-turquie-21-768x960.jpg 768w, https:\/\/www.alevcamcioglu.com\/wp-content\/uploads\/2024\/11\/rhinoplastie-avant-apres-photo-en-turquie-21.jpg 1000w\" sizes=\"(max-width: 320px) 100vw, 320px\" title=\"\">                                                              <\/div>\n              <div class=\"box-text text-left\" >\n                 <p><\/p>\n              <\/div>\n            <\/div>\n            <\/a>          <\/div>\n         <\/div><div class=\"gallery-col col\" >\n          <div class=\"col-inner\">\n            <a class=\"image-lightbox lightbox-gallery\" href=\"https:\/\/www.alevcamcioglu.com\/wp-content\/uploads\/2024\/11\/rhinoplastie-avant-apres-photo-en-turquie-22.jpg\" title=\"\">            <div class=\"box has-hover gallery-box box-normal\">\n              <div class=\"box-image\" >\n                <img decoding=\"async\" width=\"320\" height=\"400\" src=\"https:\/\/www.alevcamcioglu.com\/wp-content\/uploads\/2024\/11\/rhinoplastie-avant-apres-photo-en-turquie-22-320x400.jpg\" class=\"attachment-medium size-medium\" alt=\"\" ids=\"9212,9218,9224,9230,9236,9242,9248,9254,9260,9266,9272,9278,9284,9290,9296,9302,9308,9314,9320,9326,9332,9338,9344,9350,9356,9362,9368,9374,9380,9386,9392,9398,9404,9410,9416,9422,9428,9434,9440,9446,9452,9458,9464,9470\" style=\"normal\" lightbox_image_size=\"2048x2048\" type=\"slider\" slider_nav_style=\"circle\" slider_nav_position=\"outside\" srcset=\"https:\/\/www.alevcamcioglu.com\/wp-content\/uploads\/2024\/11\/rhinoplastie-avant-apres-photo-en-turquie-22-320x400.jpg 320w, https:\/\/www.alevcamcioglu.com\/wp-content\/uploads\/2024\/11\/rhinoplastie-avant-apres-photo-en-turquie-22-640x800.jpg 640w, https:\/\/www.alevcamcioglu.com\/wp-content\/uploads\/2024\/11\/rhinoplastie-avant-apres-photo-en-turquie-22-768x960.jpg 768w, https:\/\/www.alevcamcioglu.com\/wp-content\/uploads\/2024\/11\/rhinoplastie-avant-apres-photo-en-turquie-22.jpg 1000w\" sizes=\"(max-width: 320px) 100vw, 320px\" title=\"\">                                                              <\/div>\n              <div class=\"box-text text-left\" >\n                 <p><\/p>\n              <\/div>\n            <\/div>\n            <\/a>          <\/div>\n         <\/div><div class=\"gallery-col col\" >\n          <div class=\"col-inner\">\n            <a class=\"image-lightbox lightbox-gallery\" href=\"https:\/\/www.alevcamcioglu.com\/wp-content\/uploads\/2024\/11\/rhinoplastie-avant-apres-photo-en-turquie-23.jpg\" title=\"\">            <div class=\"box has-hover gallery-box box-normal\">\n              <div class=\"box-image\" >\n                <img decoding=\"async\" width=\"320\" height=\"400\" src=\"https:\/\/www.alevcamcioglu.com\/wp-content\/uploads\/2024\/11\/rhinoplastie-avant-apres-photo-en-turquie-23-320x400.jpg\" class=\"attachment-medium size-medium\" alt=\"\" ids=\"9212,9218,9224,9230,9236,9242,9248,9254,9260,9266,9272,9278,9284,9290,9296,9302,9308,9314,9320,9326,9332,9338,9344,9350,9356,9362,9368,9374,9380,9386,9392,9398,9404,9410,9416,9422,9428,9434,9440,9446,9452,9458,9464,9470\" style=\"normal\" lightbox_image_size=\"2048x2048\" type=\"slider\" slider_nav_style=\"circle\" slider_nav_position=\"outside\" srcset=\"https:\/\/www.alevcamcioglu.com\/wp-content\/uploads\/2024\/11\/rhinoplastie-avant-apres-photo-en-turquie-23-320x400.jpg 320w, https:\/\/www.alevcamcioglu.com\/wp-content\/uploads\/2024\/11\/rhinoplastie-avant-apres-photo-en-turquie-23-640x800.jpg 640w, https:\/\/www.alevcamcioglu.com\/wp-content\/uploads\/2024\/11\/rhinoplastie-avant-apres-photo-en-turquie-23-768x960.jpg 768w, https:\/\/www.alevcamcioglu.com\/wp-content\/uploads\/2024\/11\/rhinoplastie-avant-apres-photo-en-turquie-23.jpg 1000w\" sizes=\"(max-width: 320px) 100vw, 320px\" title=\"\">                                                              <\/div>\n              <div class=\"box-text text-left\" >\n                 <p><\/p>\n              <\/div>\n            <\/div>\n            <\/a>          <\/div>\n         <\/div><div class=\"gallery-col col\" >\n          <div class=\"col-inner\">\n            <a class=\"image-lightbox lightbox-gallery\" href=\"https:\/\/www.alevcamcioglu.com\/wp-content\/uploads\/2024\/11\/rhinoplastie-avant-apres-photo-en-turquie-24.jpg\" title=\"\">            <div class=\"box has-hover gallery-box box-normal\">\n              <div class=\"box-image\" >\n                <img decoding=\"async\" width=\"320\" height=\"400\" src=\"https:\/\/www.alevcamcioglu.com\/wp-content\/uploads\/2024\/11\/rhinoplastie-avant-apres-photo-en-turquie-24-320x400.jpg\" class=\"attachment-medium size-medium\" alt=\"\" ids=\"9212,9218,9224,9230,9236,9242,9248,9254,9260,9266,9272,9278,9284,9290,9296,9302,9308,9314,9320,9326,9332,9338,9344,9350,9356,9362,9368,9374,9380,9386,9392,9398,9404,9410,9416,9422,9428,9434,9440,9446,9452,9458,9464,9470\" style=\"normal\" lightbox_image_size=\"2048x2048\" type=\"slider\" slider_nav_style=\"circle\" slider_nav_position=\"outside\" srcset=\"https:\/\/www.alevcamcioglu.com\/wp-content\/uploads\/2024\/11\/rhinoplastie-avant-apres-photo-en-turquie-24-320x400.jpg 320w, https:\/\/www.alevcamcioglu.com\/wp-content\/uploads\/2024\/11\/rhinoplastie-avant-apres-photo-en-turquie-24-640x800.jpg 640w, https:\/\/www.alevcamcioglu.com\/wp-content\/uploads\/2024\/11\/rhinoplastie-avant-apres-photo-en-turquie-24-768x960.jpg 768w, https:\/\/www.alevcamcioglu.com\/wp-content\/uploads\/2024\/11\/rhinoplastie-avant-apres-photo-en-turquie-24.jpg 1000w\" sizes=\"(max-width: 320px) 100vw, 320px\" title=\"\">                                                              <\/div>\n              <div class=\"box-text text-left\" >\n                 <p><\/p>\n              <\/div>\n            <\/div>\n            <\/a>          <\/div>\n         <\/div><div class=\"gallery-col col\" >\n          <div class=\"col-inner\">\n            <a class=\"image-lightbox lightbox-gallery\" href=\"https:\/\/www.alevcamcioglu.com\/wp-content\/uploads\/2024\/11\/rhinoplastie-avant-apres-photo-en-turquie-25.jpg\" title=\"\">            <div class=\"box has-hover gallery-box box-normal\">\n              <div class=\"box-image\" >\n                <img decoding=\"async\" width=\"320\" height=\"400\" src=\"https:\/\/www.alevcamcioglu.com\/wp-content\/uploads\/2024\/11\/rhinoplastie-avant-apres-photo-en-turquie-25-320x400.jpg\" class=\"attachment-medium size-medium\" alt=\"\" ids=\"9212,9218,9224,9230,9236,9242,9248,9254,9260,9266,9272,9278,9284,9290,9296,9302,9308,9314,9320,9326,9332,9338,9344,9350,9356,9362,9368,9374,9380,9386,9392,9398,9404,9410,9416,9422,9428,9434,9440,9446,9452,9458,9464,9470\" style=\"normal\" lightbox_image_size=\"2048x2048\" type=\"slider\" slider_nav_style=\"circle\" slider_nav_position=\"outside\" srcset=\"https:\/\/www.alevcamcioglu.com\/wp-content\/uploads\/2024\/11\/rhinoplastie-avant-apres-photo-en-turquie-25-320x400.jpg 320w, https:\/\/www.alevcamcioglu.com\/wp-content\/uploads\/2024\/11\/rhinoplastie-avant-apres-photo-en-turquie-25-640x800.jpg 640w, https:\/\/www.alevcamcioglu.com\/wp-content\/uploads\/2024\/11\/rhinoplastie-avant-apres-photo-en-turquie-25-768x960.jpg 768w, https:\/\/www.alevcamcioglu.com\/wp-content\/uploads\/2024\/11\/rhinoplastie-avant-apres-photo-en-turquie-25.jpg 1000w\" sizes=\"(max-width: 320px) 100vw, 320px\" title=\"\">                                                              <\/div>\n              <div class=\"box-text text-left\" >\n                 <p><\/p>\n              <\/div>\n            <\/div>\n            <\/a>          <\/div>\n         <\/div><div class=\"gallery-col col\" >\n          <div class=\"col-inner\">\n            <a class=\"image-lightbox lightbox-gallery\" href=\"https:\/\/www.alevcamcioglu.com\/wp-content\/uploads\/2024\/11\/rhinoplastie-avant-apres-photo-en-turquie-26.jpg\" title=\"\">            <div class=\"box has-hover gallery-box box-normal\">\n              <div class=\"box-image\" >\n                <img decoding=\"async\" width=\"320\" height=\"400\" src=\"https:\/\/www.alevcamcioglu.com\/wp-content\/uploads\/2024\/11\/rhinoplastie-avant-apres-photo-en-turquie-26-320x400.jpg\" class=\"attachment-medium size-medium\" alt=\"\" ids=\"9212,9218,9224,9230,9236,9242,9248,9254,9260,9266,9272,9278,9284,9290,9296,9302,9308,9314,9320,9326,9332,9338,9344,9350,9356,9362,9368,9374,9380,9386,9392,9398,9404,9410,9416,9422,9428,9434,9440,9446,9452,9458,9464,9470\" style=\"normal\" lightbox_image_size=\"2048x2048\" type=\"slider\" slider_nav_style=\"circle\" slider_nav_position=\"outside\" srcset=\"https:\/\/www.alevcamcioglu.com\/wp-content\/uploads\/2024\/11\/rhinoplastie-avant-apres-photo-en-turquie-26-320x400.jpg 320w, https:\/\/www.alevcamcioglu.com\/wp-content\/uploads\/2024\/11\/rhinoplastie-avant-apres-photo-en-turquie-26-640x800.jpg 640w, https:\/\/www.alevcamcioglu.com\/wp-content\/uploads\/2024\/11\/rhinoplastie-avant-apres-photo-en-turquie-26-768x960.jpg 768w, https:\/\/www.alevcamcioglu.com\/wp-content\/uploads\/2024\/11\/rhinoplastie-avant-apres-photo-en-turquie-26.jpg 1000w\" sizes=\"(max-width: 320px) 100vw, 320px\" title=\"\">                                                              <\/div>\n              <div class=\"box-text text-left\" >\n                 <p><\/p>\n              <\/div>\n            <\/div>\n            <\/a>          <\/div>\n         <\/div><div class=\"gallery-col col\" >\n          <div class=\"col-inner\">\n            <a class=\"image-lightbox lightbox-gallery\" href=\"https:\/\/www.alevcamcioglu.com\/wp-content\/uploads\/2024\/11\/rhinoplastie-avant-apres-photo-en-turquie-27.jpg\" title=\"\">            <div class=\"box has-hover gallery-box box-normal\">\n              <div class=\"box-image\" >\n                <img decoding=\"async\" width=\"320\" height=\"400\" src=\"https:\/\/www.alevcamcioglu.com\/wp-content\/uploads\/2024\/11\/rhinoplastie-avant-apres-photo-en-turquie-27-320x400.jpg\" class=\"attachment-medium size-medium\" alt=\"\" ids=\"9212,9218,9224,9230,9236,9242,9248,9254,9260,9266,9272,9278,9284,9290,9296,9302,9308,9314,9320,9326,9332,9338,9344,9350,9356,9362,9368,9374,9380,9386,9392,9398,9404,9410,9416,9422,9428,9434,9440,9446,9452,9458,9464,9470\" style=\"normal\" lightbox_image_size=\"2048x2048\" type=\"slider\" slider_nav_style=\"circle\" slider_nav_position=\"outside\" srcset=\"https:\/\/www.alevcamcioglu.com\/wp-content\/uploads\/2024\/11\/rhinoplastie-avant-apres-photo-en-turquie-27-320x400.jpg 320w, https:\/\/www.alevcamcioglu.com\/wp-content\/uploads\/2024\/11\/rhinoplastie-avant-apres-photo-en-turquie-27-640x800.jpg 640w, https:\/\/www.alevcamcioglu.com\/wp-content\/uploads\/2024\/11\/rhinoplastie-avant-apres-photo-en-turquie-27-768x960.jpg 768w, https:\/\/www.alevcamcioglu.com\/wp-content\/uploads\/2024\/11\/rhinoplastie-avant-apres-photo-en-turquie-27.jpg 1000w\" sizes=\"(max-width: 320px) 100vw, 320px\" title=\"\">                                                              <\/div>\n              <div class=\"box-text text-left\" >\n                 <p><\/p>\n              <\/div>\n            <\/div>\n            <\/a>          <\/div>\n         <\/div><div class=\"gallery-col col\" >\n          <div class=\"col-inner\">\n            <a class=\"image-lightbox lightbox-gallery\" href=\"https:\/\/www.alevcamcioglu.com\/wp-content\/uploads\/2024\/11\/rhinoplastie-avant-apres-photo-en-turquie-28.jpg\" title=\"\">            <div class=\"box has-hover gallery-box box-normal\">\n              <div class=\"box-image\" >\n                <img decoding=\"async\" width=\"320\" height=\"400\" src=\"https:\/\/www.alevcamcioglu.com\/wp-content\/uploads\/2024\/11\/rhinoplastie-avant-apres-photo-en-turquie-28-320x400.jpg\" class=\"attachment-medium size-medium\" alt=\"\" ids=\"9212,9218,9224,9230,9236,9242,9248,9254,9260,9266,9272,9278,9284,9290,9296,9302,9308,9314,9320,9326,9332,9338,9344,9350,9356,9362,9368,9374,9380,9386,9392,9398,9404,9410,9416,9422,9428,9434,9440,9446,9452,9458,9464,9470\" style=\"normal\" lightbox_image_size=\"2048x2048\" type=\"slider\" slider_nav_style=\"circle\" slider_nav_position=\"outside\" srcset=\"https:\/\/www.alevcamcioglu.com\/wp-content\/uploads\/2024\/11\/rhinoplastie-avant-apres-photo-en-turquie-28-320x400.jpg 320w, https:\/\/www.alevcamcioglu.com\/wp-content\/uploads\/2024\/11\/rhinoplastie-avant-apres-photo-en-turquie-28-640x800.jpg 640w, https:\/\/www.alevcamcioglu.com\/wp-content\/uploads\/2024\/11\/rhinoplastie-avant-apres-photo-en-turquie-28-768x960.jpg 768w, https:\/\/www.alevcamcioglu.com\/wp-content\/uploads\/2024\/11\/rhinoplastie-avant-apres-photo-en-turquie-28.jpg 1000w\" sizes=\"(max-width: 320px) 100vw, 320px\" title=\"\">                                                              <\/div>\n              <div class=\"box-text text-left\" >\n                 <p><\/p>\n              <\/div>\n            <\/div>\n            <\/a>          <\/div>\n         <\/div><div class=\"gallery-col col\" >\n          <div class=\"col-inner\">\n            <a class=\"image-lightbox lightbox-gallery\" href=\"https:\/\/www.alevcamcioglu.com\/wp-content\/uploads\/2024\/11\/rhinoplastie-avant-apres-photo-en-turquie-29.jpg\" title=\"\">            <div class=\"box has-hover gallery-box box-normal\">\n              <div class=\"box-image\" >\n                <img decoding=\"async\" width=\"320\" height=\"400\" src=\"https:\/\/www.alevcamcioglu.com\/wp-content\/uploads\/2024\/11\/rhinoplastie-avant-apres-photo-en-turquie-29-320x400.jpg\" class=\"attachment-medium size-medium\" alt=\"\" ids=\"9212,9218,9224,9230,9236,9242,9248,9254,9260,9266,9272,9278,9284,9290,9296,9302,9308,9314,9320,9326,9332,9338,9344,9350,9356,9362,9368,9374,9380,9386,9392,9398,9404,9410,9416,9422,9428,9434,9440,9446,9452,9458,9464,9470\" style=\"normal\" lightbox_image_size=\"2048x2048\" type=\"slider\" slider_nav_style=\"circle\" slider_nav_position=\"outside\" srcset=\"https:\/\/www.alevcamcioglu.com\/wp-content\/uploads\/2024\/11\/rhinoplastie-avant-apres-photo-en-turquie-29-320x400.jpg 320w, https:\/\/www.alevcamcioglu.com\/wp-content\/uploads\/2024\/11\/rhinoplastie-avant-apres-photo-en-turquie-29-640x800.jpg 640w, https:\/\/www.alevcamcioglu.com\/wp-content\/uploads\/2024\/11\/rhinoplastie-avant-apres-photo-en-turquie-29-768x960.jpg 768w, https:\/\/www.alevcamcioglu.com\/wp-content\/uploads\/2024\/11\/rhinoplastie-avant-apres-photo-en-turquie-29.jpg 1000w\" sizes=\"(max-width: 320px) 100vw, 320px\" title=\"\">                                                              <\/div>\n              <div class=\"box-text text-left\" >\n                 <p><\/p>\n              <\/div>\n            <\/div>\n            <\/a>          <\/div>\n         <\/div><div class=\"gallery-col col\" >\n          <div class=\"col-inner\">\n            <a class=\"image-lightbox lightbox-gallery\" href=\"https:\/\/www.alevcamcioglu.com\/wp-content\/uploads\/2024\/11\/rhinoplastie-avant-apres-photo-en-turquie-30.jpg\" title=\"\">            <div class=\"box has-hover gallery-box box-normal\">\n              <div class=\"box-image\" >\n                <img decoding=\"async\" width=\"320\" height=\"400\" src=\"https:\/\/www.alevcamcioglu.com\/wp-content\/uploads\/2024\/11\/rhinoplastie-avant-apres-photo-en-turquie-30-320x400.jpg\" class=\"attachment-medium size-medium\" alt=\"\" ids=\"9212,9218,9224,9230,9236,9242,9248,9254,9260,9266,9272,9278,9284,9290,9296,9302,9308,9314,9320,9326,9332,9338,9344,9350,9356,9362,9368,9374,9380,9386,9392,9398,9404,9410,9416,9422,9428,9434,9440,9446,9452,9458,9464,9470\" style=\"normal\" lightbox_image_size=\"2048x2048\" type=\"slider\" slider_nav_style=\"circle\" slider_nav_position=\"outside\" srcset=\"https:\/\/www.alevcamcioglu.com\/wp-content\/uploads\/2024\/11\/rhinoplastie-avant-apres-photo-en-turquie-30-320x400.jpg 320w, https:\/\/www.alevcamcioglu.com\/wp-content\/uploads\/2024\/11\/rhinoplastie-avant-apres-photo-en-turquie-30-640x800.jpg 640w, https:\/\/www.alevcamcioglu.com\/wp-content\/uploads\/2024\/11\/rhinoplastie-avant-apres-photo-en-turquie-30-768x960.jpg 768w, https:\/\/www.alevcamcioglu.com\/wp-content\/uploads\/2024\/11\/rhinoplastie-avant-apres-photo-en-turquie-30.jpg 1200w\" sizes=\"(max-width: 320px) 100vw, 320px\" title=\"\">                                                              <\/div>\n              <div class=\"box-text text-left\" >\n                 <p><\/p>\n              <\/div>\n            <\/div>\n            <\/a>          <\/div>\n         <\/div><div class=\"gallery-col col\" >\n          <div class=\"col-inner\">\n            <a class=\"image-lightbox lightbox-gallery\" href=\"https:\/\/www.alevcamcioglu.com\/wp-content\/uploads\/2024\/11\/rhinoplastie-avant-apres-photo-en-turquie-31.jpg\" title=\"\">            <div class=\"box has-hover gallery-box box-normal\">\n              <div class=\"box-image\" >\n                <img decoding=\"async\" width=\"320\" height=\"400\" src=\"https:\/\/www.alevcamcioglu.com\/wp-content\/uploads\/2024\/11\/rhinoplastie-avant-apres-photo-en-turquie-31-320x400.jpg\" class=\"attachment-medium size-medium\" alt=\"\" ids=\"9212,9218,9224,9230,9236,9242,9248,9254,9260,9266,9272,9278,9284,9290,9296,9302,9308,9314,9320,9326,9332,9338,9344,9350,9356,9362,9368,9374,9380,9386,9392,9398,9404,9410,9416,9422,9428,9434,9440,9446,9452,9458,9464,9470\" style=\"normal\" lightbox_image_size=\"2048x2048\" type=\"slider\" slider_nav_style=\"circle\" slider_nav_position=\"outside\" srcset=\"https:\/\/www.alevcamcioglu.com\/wp-content\/uploads\/2024\/11\/rhinoplastie-avant-apres-photo-en-turquie-31-320x400.jpg 320w, https:\/\/www.alevcamcioglu.com\/wp-content\/uploads\/2024\/11\/rhinoplastie-avant-apres-photo-en-turquie-31-640x800.jpg 640w, https:\/\/www.alevcamcioglu.com\/wp-content\/uploads\/2024\/11\/rhinoplastie-avant-apres-photo-en-turquie-31-768x960.jpg 768w, https:\/\/www.alevcamcioglu.com\/wp-content\/uploads\/2024\/11\/rhinoplastie-avant-apres-photo-en-turquie-31.jpg 1000w\" sizes=\"(max-width: 320px) 100vw, 320px\" title=\"\">                                                              <\/div>\n              <div class=\"box-text text-left\" >\n                 <p><\/p>\n              <\/div>\n            <\/div>\n            <\/a>          <\/div>\n         <\/div><div class=\"gallery-col col\" >\n          <div class=\"col-inner\">\n            <a class=\"image-lightbox lightbox-gallery\" href=\"https:\/\/www.alevcamcioglu.com\/wp-content\/uploads\/2024\/11\/rhinoplastie-avant-apres-photo-en-turquie-32.jpg\" title=\"\">            <div class=\"box has-hover gallery-box box-normal\">\n              <div class=\"box-image\" >\n                <img decoding=\"async\" width=\"320\" height=\"400\" src=\"https:\/\/www.alevcamcioglu.com\/wp-content\/uploads\/2024\/11\/rhinoplastie-avant-apres-photo-en-turquie-32-320x400.jpg\" class=\"attachment-medium size-medium\" alt=\"\" ids=\"9212,9218,9224,9230,9236,9242,9248,9254,9260,9266,9272,9278,9284,9290,9296,9302,9308,9314,9320,9326,9332,9338,9344,9350,9356,9362,9368,9374,9380,9386,9392,9398,9404,9410,9416,9422,9428,9434,9440,9446,9452,9458,9464,9470\" style=\"normal\" lightbox_image_size=\"2048x2048\" type=\"slider\" slider_nav_style=\"circle\" slider_nav_position=\"outside\" srcset=\"https:\/\/www.alevcamcioglu.com\/wp-content\/uploads\/2024\/11\/rhinoplastie-avant-apres-photo-en-turquie-32-320x400.jpg 320w, https:\/\/www.alevcamcioglu.com\/wp-content\/uploads\/2024\/11\/rhinoplastie-avant-apres-photo-en-turquie-32-640x800.jpg 640w, https:\/\/www.alevcamcioglu.com\/wp-content\/uploads\/2024\/11\/rhinoplastie-avant-apres-photo-en-turquie-32-768x960.jpg 768w, https:\/\/www.alevcamcioglu.com\/wp-content\/uploads\/2024\/11\/rhinoplastie-avant-apres-photo-en-turquie-32.jpg 1000w\" sizes=\"(max-width: 320px) 100vw, 320px\" title=\"\">                                                              <\/div>\n              <div class=\"box-text text-left\" >\n                 <p><\/p>\n              <\/div>\n            <\/div>\n            <\/a>          <\/div>\n         <\/div><div class=\"gallery-col col\" >\n          <div class=\"col-inner\">\n            <a class=\"image-lightbox lightbox-gallery\" href=\"https:\/\/www.alevcamcioglu.com\/wp-content\/uploads\/2024\/11\/rhinoplastie-avant-apres-photo-en-turquie-33.jpg\" title=\"\">            <div class=\"box has-hover gallery-box box-normal\">\n              <div class=\"box-image\" >\n                <img decoding=\"async\" width=\"320\" height=\"400\" src=\"https:\/\/www.alevcamcioglu.com\/wp-content\/uploads\/2024\/11\/rhinoplastie-avant-apres-photo-en-turquie-33-320x400.jpg\" class=\"attachment-medium size-medium\" alt=\"\" ids=\"9212,9218,9224,9230,9236,9242,9248,9254,9260,9266,9272,9278,9284,9290,9296,9302,9308,9314,9320,9326,9332,9338,9344,9350,9356,9362,9368,9374,9380,9386,9392,9398,9404,9410,9416,9422,9428,9434,9440,9446,9452,9458,9464,9470\" style=\"normal\" lightbox_image_size=\"2048x2048\" type=\"slider\" slider_nav_style=\"circle\" slider_nav_position=\"outside\" srcset=\"https:\/\/www.alevcamcioglu.com\/wp-content\/uploads\/2024\/11\/rhinoplastie-avant-apres-photo-en-turquie-33-320x400.jpg 320w, https:\/\/www.alevcamcioglu.com\/wp-content\/uploads\/2024\/11\/rhinoplastie-avant-apres-photo-en-turquie-33-640x800.jpg 640w, https:\/\/www.alevcamcioglu.com\/wp-content\/uploads\/2024\/11\/rhinoplastie-avant-apres-photo-en-turquie-33-768x960.jpg 768w, https:\/\/www.alevcamcioglu.com\/wp-content\/uploads\/2024\/11\/rhinoplastie-avant-apres-photo-en-turquie-33.jpg 1000w\" sizes=\"(max-width: 320px) 100vw, 320px\" title=\"\">                                                              <\/div>\n              <div class=\"box-text text-left\" >\n                 <p><\/p>\n              <\/div>\n            <\/div>\n            <\/a>          <\/div>\n         <\/div><div class=\"gallery-col col\" >\n          <div class=\"col-inner\">\n            <a class=\"image-lightbox lightbox-gallery\" href=\"https:\/\/www.alevcamcioglu.com\/wp-content\/uploads\/2024\/11\/rhinoplastie-avant-apres-photo-en-turquie-34.jpg\" title=\"\">            <div class=\"box has-hover gallery-box box-normal\">\n              <div class=\"box-image\" >\n                <img decoding=\"async\" width=\"320\" height=\"400\" src=\"https:\/\/www.alevcamcioglu.com\/wp-content\/uploads\/2024\/11\/rhinoplastie-avant-apres-photo-en-turquie-34-320x400.jpg\" class=\"attachment-medium size-medium\" alt=\"\" ids=\"9212,9218,9224,9230,9236,9242,9248,9254,9260,9266,9272,9278,9284,9290,9296,9302,9308,9314,9320,9326,9332,9338,9344,9350,9356,9362,9368,9374,9380,9386,9392,9398,9404,9410,9416,9422,9428,9434,9440,9446,9452,9458,9464,9470\" style=\"normal\" lightbox_image_size=\"2048x2048\" type=\"slider\" slider_nav_style=\"circle\" slider_nav_position=\"outside\" srcset=\"https:\/\/www.alevcamcioglu.com\/wp-content\/uploads\/2024\/11\/rhinoplastie-avant-apres-photo-en-turquie-34-320x400.jpg 320w, https:\/\/www.alevcamcioglu.com\/wp-content\/uploads\/2024\/11\/rhinoplastie-avant-apres-photo-en-turquie-34-640x800.jpg 640w, https:\/\/www.alevcamcioglu.com\/wp-content\/uploads\/2024\/11\/rhinoplastie-avant-apres-photo-en-turquie-34-768x960.jpg 768w, https:\/\/www.alevcamcioglu.com\/wp-content\/uploads\/2024\/11\/rhinoplastie-avant-apres-photo-en-turquie-34.jpg 1000w\" sizes=\"(max-width: 320px) 100vw, 320px\" title=\"\">                                                              <\/div>\n              <div class=\"box-text text-left\" >\n                 <p><\/p>\n              <\/div>\n            <\/div>\n            <\/a>          <\/div>\n         <\/div><div class=\"gallery-col col\" >\n          <div class=\"col-inner\">\n            <a class=\"image-lightbox lightbox-gallery\" href=\"https:\/\/www.alevcamcioglu.com\/wp-content\/uploads\/2024\/11\/rhinoplastie-avant-apres-photo-en-turquie-35.jpg\" title=\"\">            <div class=\"box has-hover gallery-box box-normal\">\n              <div class=\"box-image\" >\n                <img decoding=\"async\" width=\"320\" height=\"400\" src=\"https:\/\/www.alevcamcioglu.com\/wp-content\/uploads\/2024\/11\/rhinoplastie-avant-apres-photo-en-turquie-35-320x400.jpg\" class=\"attachment-medium size-medium\" alt=\"\" ids=\"9212,9218,9224,9230,9236,9242,9248,9254,9260,9266,9272,9278,9284,9290,9296,9302,9308,9314,9320,9326,9332,9338,9344,9350,9356,9362,9368,9374,9380,9386,9392,9398,9404,9410,9416,9422,9428,9434,9440,9446,9452,9458,9464,9470\" style=\"normal\" lightbox_image_size=\"2048x2048\" type=\"slider\" slider_nav_style=\"circle\" slider_nav_position=\"outside\" srcset=\"https:\/\/www.alevcamcioglu.com\/wp-content\/uploads\/2024\/11\/rhinoplastie-avant-apres-photo-en-turquie-35-320x400.jpg 320w, https:\/\/www.alevcamcioglu.com\/wp-content\/uploads\/2024\/11\/rhinoplastie-avant-apres-photo-en-turquie-35-640x800.jpg 640w, https:\/\/www.alevcamcioglu.com\/wp-content\/uploads\/2024\/11\/rhinoplastie-avant-apres-photo-en-turquie-35-768x960.jpg 768w, https:\/\/www.alevcamcioglu.com\/wp-content\/uploads\/2024\/11\/rhinoplastie-avant-apres-photo-en-turquie-35.jpg 1000w\" sizes=\"(max-width: 320px) 100vw, 320px\" title=\"\">                                                              <\/div>\n              <div class=\"box-text text-left\" >\n                 <p><\/p>\n              <\/div>\n            <\/div>\n            <\/a>          <\/div>\n         <\/div><div class=\"gallery-col col\" >\n          <div class=\"col-inner\">\n            <a class=\"image-lightbox lightbox-gallery\" href=\"https:\/\/www.alevcamcioglu.com\/wp-content\/uploads\/2024\/11\/rhinoplastie-avant-apres-photo-en-turquie-36.jpg\" title=\"\">            <div class=\"box has-hover gallery-box box-normal\">\n              <div class=\"box-image\" >\n                <img decoding=\"async\" width=\"320\" height=\"400\" src=\"https:\/\/www.alevcamcioglu.com\/wp-content\/uploads\/2024\/11\/rhinoplastie-avant-apres-photo-en-turquie-36-320x400.jpg\" class=\"attachment-medium size-medium\" alt=\"\" ids=\"9212,9218,9224,9230,9236,9242,9248,9254,9260,9266,9272,9278,9284,9290,9296,9302,9308,9314,9320,9326,9332,9338,9344,9350,9356,9362,9368,9374,9380,9386,9392,9398,9404,9410,9416,9422,9428,9434,9440,9446,9452,9458,9464,9470\" style=\"normal\" lightbox_image_size=\"2048x2048\" type=\"slider\" slider_nav_style=\"circle\" slider_nav_position=\"outside\" srcset=\"https:\/\/www.alevcamcioglu.com\/wp-content\/uploads\/2024\/11\/rhinoplastie-avant-apres-photo-en-turquie-36-320x400.jpg 320w, https:\/\/www.alevcamcioglu.com\/wp-content\/uploads\/2024\/11\/rhinoplastie-avant-apres-photo-en-turquie-36-640x800.jpg 640w, https:\/\/www.alevcamcioglu.com\/wp-content\/uploads\/2024\/11\/rhinoplastie-avant-apres-photo-en-turquie-36-768x960.jpg 768w, https:\/\/www.alevcamcioglu.com\/wp-content\/uploads\/2024\/11\/rhinoplastie-avant-apres-photo-en-turquie-36.jpg 1200w\" sizes=\"(max-width: 320px) 100vw, 320px\" title=\"\">                                                              <\/div>\n              <div class=\"box-text text-left\" >\n                 <p><\/p>\n              <\/div>\n            <\/div>\n            <\/a>          <\/div>\n         <\/div><div class=\"gallery-col col\" >\n          <div class=\"col-inner\">\n            <a class=\"image-lightbox lightbox-gallery\" href=\"https:\/\/www.alevcamcioglu.com\/wp-content\/uploads\/2024\/11\/rhinoplastie-avant-apres-photo-en-turquie-37.jpg\" title=\"\">            <div class=\"box has-hover gallery-box box-normal\">\n              <div class=\"box-image\" >\n                <img decoding=\"async\" width=\"320\" height=\"400\" src=\"https:\/\/www.alevcamcioglu.com\/wp-content\/uploads\/2024\/11\/rhinoplastie-avant-apres-photo-en-turquie-37-320x400.jpg\" class=\"attachment-medium size-medium\" alt=\"\" ids=\"9212,9218,9224,9230,9236,9242,9248,9254,9260,9266,9272,9278,9284,9290,9296,9302,9308,9314,9320,9326,9332,9338,9344,9350,9356,9362,9368,9374,9380,9386,9392,9398,9404,9410,9416,9422,9428,9434,9440,9446,9452,9458,9464,9470\" style=\"normal\" lightbox_image_size=\"2048x2048\" type=\"slider\" slider_nav_style=\"circle\" slider_nav_position=\"outside\" srcset=\"https:\/\/www.alevcamcioglu.com\/wp-content\/uploads\/2024\/11\/rhinoplastie-avant-apres-photo-en-turquie-37-320x400.jpg 320w, https:\/\/www.alevcamcioglu.com\/wp-content\/uploads\/2024\/11\/rhinoplastie-avant-apres-photo-en-turquie-37-640x800.jpg 640w, https:\/\/www.alevcamcioglu.com\/wp-content\/uploads\/2024\/11\/rhinoplastie-avant-apres-photo-en-turquie-37-768x960.jpg 768w, https:\/\/www.alevcamcioglu.com\/wp-content\/uploads\/2024\/11\/rhinoplastie-avant-apres-photo-en-turquie-37.jpg 1200w\" sizes=\"(max-width: 320px) 100vw, 320px\" title=\"\">                                                              <\/div>\n              <div class=\"box-text text-left\" >\n                 <p><\/p>\n              <\/div>\n            <\/div>\n            <\/a>          <\/div>\n         <\/div><div class=\"gallery-col col\" >\n          <div class=\"col-inner\">\n            <a class=\"image-lightbox lightbox-gallery\" href=\"https:\/\/www.alevcamcioglu.com\/wp-content\/uploads\/2024\/11\/rhinoplastie-avant-apres-photo-en-turquie-38.jpg\" title=\"\">            <div class=\"box has-hover gallery-box box-normal\">\n              <div class=\"box-image\" >\n                <img decoding=\"async\" width=\"320\" height=\"400\" src=\"https:\/\/www.alevcamcioglu.com\/wp-content\/uploads\/2024\/11\/rhinoplastie-avant-apres-photo-en-turquie-38-320x400.jpg\" class=\"attachment-medium size-medium\" alt=\"\" ids=\"9212,9218,9224,9230,9236,9242,9248,9254,9260,9266,9272,9278,9284,9290,9296,9302,9308,9314,9320,9326,9332,9338,9344,9350,9356,9362,9368,9374,9380,9386,9392,9398,9404,9410,9416,9422,9428,9434,9440,9446,9452,9458,9464,9470\" style=\"normal\" lightbox_image_size=\"2048x2048\" type=\"slider\" slider_nav_style=\"circle\" slider_nav_position=\"outside\" srcset=\"https:\/\/www.alevcamcioglu.com\/wp-content\/uploads\/2024\/11\/rhinoplastie-avant-apres-photo-en-turquie-38-320x400.jpg 320w, https:\/\/www.alevcamcioglu.com\/wp-content\/uploads\/2024\/11\/rhinoplastie-avant-apres-photo-en-turquie-38-640x800.jpg 640w, https:\/\/www.alevcamcioglu.com\/wp-content\/uploads\/2024\/11\/rhinoplastie-avant-apres-photo-en-turquie-38-768x960.jpg 768w, https:\/\/www.alevcamcioglu.com\/wp-content\/uploads\/2024\/11\/rhinoplastie-avant-apres-photo-en-turquie-38.jpg 1200w\" sizes=\"(max-width: 320px) 100vw, 320px\" title=\"\">                                                              <\/div>\n              <div class=\"box-text text-left\" >\n                 <p><\/p>\n              <\/div>\n            <\/div>\n            <\/a>          <\/div>\n         <\/div><div class=\"gallery-col col\" >\n          <div class=\"col-inner\">\n            <a class=\"image-lightbox lightbox-gallery\" href=\"https:\/\/www.alevcamcioglu.com\/wp-content\/uploads\/2024\/11\/rhinoplastie-avant-apres-photo-en-turquie-39.jpg\" title=\"\">            <div class=\"box has-hover gallery-box box-normal\">\n              <div class=\"box-image\" >\n                <img decoding=\"async\" width=\"320\" height=\"400\" src=\"https:\/\/www.alevcamcioglu.com\/wp-content\/uploads\/2024\/11\/rhinoplastie-avant-apres-photo-en-turquie-39-320x400.jpg\" class=\"attachment-medium size-medium\" alt=\"\" ids=\"9212,9218,9224,9230,9236,9242,9248,9254,9260,9266,9272,9278,9284,9290,9296,9302,9308,9314,9320,9326,9332,9338,9344,9350,9356,9362,9368,9374,9380,9386,9392,9398,9404,9410,9416,9422,9428,9434,9440,9446,9452,9458,9464,9470\" style=\"normal\" lightbox_image_size=\"2048x2048\" type=\"slider\" slider_nav_style=\"circle\" slider_nav_position=\"outside\" srcset=\"https:\/\/www.alevcamcioglu.com\/wp-content\/uploads\/2024\/11\/rhinoplastie-avant-apres-photo-en-turquie-39-320x400.jpg 320w, https:\/\/www.alevcamcioglu.com\/wp-content\/uploads\/2024\/11\/rhinoplastie-avant-apres-photo-en-turquie-39-639x800.jpg 639w, https:\/\/www.alevcamcioglu.com\/wp-content\/uploads\/2024\/11\/rhinoplastie-avant-apres-photo-en-turquie-39-768x961.jpg 768w, https:\/\/www.alevcamcioglu.com\/wp-content\/uploads\/2024\/11\/rhinoplastie-avant-apres-photo-en-turquie-39.jpg 999w\" sizes=\"(max-width: 320px) 100vw, 320px\" title=\"\">                                                              <\/div>\n              <div class=\"box-text text-left\" >\n                 <p><\/p>\n              <\/div>\n            <\/div>\n            <\/a>          <\/div>\n         <\/div><div class=\"gallery-col col\" >\n          <div class=\"col-inner\">\n            <a class=\"image-lightbox lightbox-gallery\" href=\"https:\/\/www.alevcamcioglu.com\/wp-content\/uploads\/2024\/11\/rhinoplastie-avant-apres-photo-en-turquie-40.jpg\" title=\"\">            <div class=\"box has-hover gallery-box box-normal\">\n              <div class=\"box-image\" >\n                <img decoding=\"async\" width=\"320\" height=\"400\" src=\"https:\/\/www.alevcamcioglu.com\/wp-content\/uploads\/2024\/11\/rhinoplastie-avant-apres-photo-en-turquie-40-320x400.jpg\" class=\"attachment-medium size-medium\" alt=\"\" ids=\"9212,9218,9224,9230,9236,9242,9248,9254,9260,9266,9272,9278,9284,9290,9296,9302,9308,9314,9320,9326,9332,9338,9344,9350,9356,9362,9368,9374,9380,9386,9392,9398,9404,9410,9416,9422,9428,9434,9440,9446,9452,9458,9464,9470\" style=\"normal\" lightbox_image_size=\"2048x2048\" type=\"slider\" slider_nav_style=\"circle\" slider_nav_position=\"outside\" srcset=\"https:\/\/www.alevcamcioglu.com\/wp-content\/uploads\/2024\/11\/rhinoplastie-avant-apres-photo-en-turquie-40-320x400.jpg 320w, https:\/\/www.alevcamcioglu.com\/wp-content\/uploads\/2024\/11\/rhinoplastie-avant-apres-photo-en-turquie-40-640x800.jpg 640w, https:\/\/www.alevcamcioglu.com\/wp-content\/uploads\/2024\/11\/rhinoplastie-avant-apres-photo-en-turquie-40-768x960.jpg 768w, https:\/\/www.alevcamcioglu.com\/wp-content\/uploads\/2024\/11\/rhinoplastie-avant-apres-photo-en-turquie-40.jpg 1000w\" sizes=\"(max-width: 320px) 100vw, 320px\" title=\"\">                                                              <\/div>\n              <div class=\"box-text text-left\" >\n                 <p><\/p>\n              <\/div>\n            <\/div>\n            <\/a>          <\/div>\n         <\/div><div class=\"gallery-col col\" >\n          <div class=\"col-inner\">\n            <a class=\"image-lightbox lightbox-gallery\" href=\"https:\/\/www.alevcamcioglu.com\/wp-content\/uploads\/2024\/11\/rhinoplastie-avant-apres-photo-en-turquie-41.jpg\" title=\"\">            <div class=\"box has-hover gallery-box box-normal\">\n              <div class=\"box-image\" >\n                <img decoding=\"async\" width=\"320\" height=\"400\" src=\"https:\/\/www.alevcamcioglu.com\/wp-content\/uploads\/2024\/11\/rhinoplastie-avant-apres-photo-en-turquie-41-320x400.jpg\" class=\"attachment-medium size-medium\" alt=\"\" ids=\"9212,9218,9224,9230,9236,9242,9248,9254,9260,9266,9272,9278,9284,9290,9296,9302,9308,9314,9320,9326,9332,9338,9344,9350,9356,9362,9368,9374,9380,9386,9392,9398,9404,9410,9416,9422,9428,9434,9440,9446,9452,9458,9464,9470\" style=\"normal\" lightbox_image_size=\"2048x2048\" type=\"slider\" slider_nav_style=\"circle\" slider_nav_position=\"outside\" srcset=\"https:\/\/www.alevcamcioglu.com\/wp-content\/uploads\/2024\/11\/rhinoplastie-avant-apres-photo-en-turquie-41-320x400.jpg 320w, https:\/\/www.alevcamcioglu.com\/wp-content\/uploads\/2024\/11\/rhinoplastie-avant-apres-photo-en-turquie-41-640x800.jpg 640w, https:\/\/www.alevcamcioglu.com\/wp-content\/uploads\/2024\/11\/rhinoplastie-avant-apres-photo-en-turquie-41-768x960.jpg 768w, https:\/\/www.alevcamcioglu.com\/wp-content\/uploads\/2024\/11\/rhinoplastie-avant-apres-photo-en-turquie-41.jpg 1000w\" sizes=\"(max-width: 320px) 100vw, 320px\" title=\"\">                                                              <\/div>\n              <div class=\"box-text text-left\" >\n                 <p><\/p>\n              <\/div>\n            <\/div>\n            <\/a>          <\/div>\n         <\/div><div class=\"gallery-col col\" >\n          <div class=\"col-inner\">\n            <a class=\"image-lightbox lightbox-gallery\" href=\"https:\/\/www.alevcamcioglu.com\/wp-content\/uploads\/2024\/11\/rhinoplastie-avant-apres-photo-en-turquie-42.jpg\" title=\"\">            <div class=\"box has-hover gallery-box box-normal\">\n              <div class=\"box-image\" >\n                <img decoding=\"async\" width=\"320\" height=\"400\" src=\"https:\/\/www.alevcamcioglu.com\/wp-content\/uploads\/2024\/11\/rhinoplastie-avant-apres-photo-en-turquie-42-320x400.jpg\" class=\"attachment-medium size-medium\" alt=\"\" ids=\"9212,9218,9224,9230,9236,9242,9248,9254,9260,9266,9272,9278,9284,9290,9296,9302,9308,9314,9320,9326,9332,9338,9344,9350,9356,9362,9368,9374,9380,9386,9392,9398,9404,9410,9416,9422,9428,9434,9440,9446,9452,9458,9464,9470\" style=\"normal\" lightbox_image_size=\"2048x2048\" type=\"slider\" slider_nav_style=\"circle\" slider_nav_position=\"outside\" srcset=\"https:\/\/www.alevcamcioglu.com\/wp-content\/uploads\/2024\/11\/rhinoplastie-avant-apres-photo-en-turquie-42-320x400.jpg 320w, https:\/\/www.alevcamcioglu.com\/wp-content\/uploads\/2024\/11\/rhinoplastie-avant-apres-photo-en-turquie-42-640x800.jpg 640w, https:\/\/www.alevcamcioglu.com\/wp-content\/uploads\/2024\/11\/rhinoplastie-avant-apres-photo-en-turquie-42-768x960.jpg 768w, https:\/\/www.alevcamcioglu.com\/wp-content\/uploads\/2024\/11\/rhinoplastie-avant-apres-photo-en-turquie-42.jpg 1200w\" sizes=\"(max-width: 320px) 100vw, 320px\" title=\"\">                                                              <\/div>\n              <div class=\"box-text text-left\" >\n                 <p><\/p>\n              <\/div>\n            <\/div>\n            <\/a>          <\/div>\n         <\/div><div class=\"gallery-col col\" >\n          <div class=\"col-inner\">\n            <a class=\"image-lightbox lightbox-gallery\" href=\"https:\/\/www.alevcamcioglu.com\/wp-content\/uploads\/2024\/11\/rhinoplastie-avant-apres-photo-en-turquie-43.jpg\" title=\"\">            <div class=\"box has-hover gallery-box box-normal\">\n              <div class=\"box-image\" >\n                <img decoding=\"async\" width=\"320\" height=\"400\" src=\"https:\/\/www.alevcamcioglu.com\/wp-content\/uploads\/2024\/11\/rhinoplastie-avant-apres-photo-en-turquie-43-320x400.jpg\" class=\"attachment-medium size-medium\" alt=\"\" ids=\"9212,9218,9224,9230,9236,9242,9248,9254,9260,9266,9272,9278,9284,9290,9296,9302,9308,9314,9320,9326,9332,9338,9344,9350,9356,9362,9368,9374,9380,9386,9392,9398,9404,9410,9416,9422,9428,9434,9440,9446,9452,9458,9464,9470\" style=\"normal\" lightbox_image_size=\"2048x2048\" type=\"slider\" slider_nav_style=\"circle\" slider_nav_position=\"outside\" srcset=\"https:\/\/www.alevcamcioglu.com\/wp-content\/uploads\/2024\/11\/rhinoplastie-avant-apres-photo-en-turquie-43-320x400.jpg 320w, https:\/\/www.alevcamcioglu.com\/wp-content\/uploads\/2024\/11\/rhinoplastie-avant-apres-photo-en-turquie-43-640x800.jpg 640w, https:\/\/www.alevcamcioglu.com\/wp-content\/uploads\/2024\/11\/rhinoplastie-avant-apres-photo-en-turquie-43-768x960.jpg 768w, https:\/\/www.alevcamcioglu.com\/wp-content\/uploads\/2024\/11\/rhinoplastie-avant-apres-photo-en-turquie-43.jpg 1200w\" sizes=\"(max-width: 320px) 100vw, 320px\" title=\"\">                                                              <\/div>\n              <div class=\"box-text text-left\" >\n                 <p><\/p>\n              <\/div>\n            <\/div>\n            <\/a>          <\/div>\n         <\/div><div class=\"gallery-col col\" >\n          <div class=\"col-inner\">\n            <a class=\"image-lightbox lightbox-gallery\" href=\"https:\/\/www.alevcamcioglu.com\/wp-content\/uploads\/2024\/11\/rhinoplastie-avant-apres-photo-en-turquie-44.jpg\" title=\"\">            <div class=\"box has-hover gallery-box box-normal\">\n              <div class=\"box-image\" >\n                <img decoding=\"async\" width=\"320\" height=\"400\" src=\"https:\/\/www.alevcamcioglu.com\/wp-content\/uploads\/2024\/11\/rhinoplastie-avant-apres-photo-en-turquie-44-320x400.jpg\" class=\"attachment-medium size-medium\" alt=\"\" ids=\"9212,9218,9224,9230,9236,9242,9248,9254,9260,9266,9272,9278,9284,9290,9296,9302,9308,9314,9320,9326,9332,9338,9344,9350,9356,9362,9368,9374,9380,9386,9392,9398,9404,9410,9416,9422,9428,9434,9440,9446,9452,9458,9464,9470\" style=\"normal\" lightbox_image_size=\"2048x2048\" type=\"slider\" slider_nav_style=\"circle\" slider_nav_position=\"outside\" srcset=\"https:\/\/www.alevcamcioglu.com\/wp-content\/uploads\/2024\/11\/rhinoplastie-avant-apres-photo-en-turquie-44-320x400.jpg 320w, https:\/\/www.alevcamcioglu.com\/wp-content\/uploads\/2024\/11\/rhinoplastie-avant-apres-photo-en-turquie-44-640x800.jpg 640w, https:\/\/www.alevcamcioglu.com\/wp-content\/uploads\/2024\/11\/rhinoplastie-avant-apres-photo-en-turquie-44-768x960.jpg 768w, https:\/\/www.alevcamcioglu.com\/wp-content\/uploads\/2024\/11\/rhinoplastie-avant-apres-photo-en-turquie-44.jpg 1200w\" sizes=\"(max-width: 320px) 100vw, 320px\" title=\"\">                                                              <\/div>\n              <div class=\"box-text text-left\" >\n                 <p><\/p>\n              <\/div>\n            <\/div>\n            <\/a>          <\/div>\n         <\/div><\/div>\r\n\r\n<a href=\"https:\/\/www.alevcamcioglu.com\/fr\/results\/rhinoplastie-photo-avant-et-apres\/\" class=\"button primary lowercase\" style=\"border-radius:10px;padding:5px 40px 5px 40px;\">\n\t\t<span>Voir tous nos r\u00e9sultats<\/span>\n\t<i class=\"icon-angle-right\" aria-hidden=\"true\"><\/i><\/a>\n\r\n\r\n\t\t<\/div>\n\t\t\t\t\n<style>\n#col-1792829224 > .col-inner {\n  padding: 20px 0px 0px 0px;\n}\n<\/style>\n\t<\/div>\n\n\t\r\n\r\n<\/div>\r\n\r\n\t\t<\/div>\n\n\t\t\n<style>\n#section_1287891646 {\n  padding-top: 0px;\n  padding-bottom: 0px;\n  background-color: rgb(240, 240, 240);\n}\n<\/style>\n\t<\/section>\n\t\n\n\t<section class=\"section\" id=\"section_2005353645\">\n\t\t<div class=\"section-bg fill\" >\n\t\t\t\t\t\t\t\t\t\n\t\t\t\n\n\t\t<\/div>\n\n\t\t\n\n\t\t<div class=\"section-content relative\">\n\t\t\t\n<div class=\"row\"  id=\"row-1166995407\">\n\n\t<div id=\"col-1857050447\" class=\"col small-12 large-12\"  >\n\t\t\t\t<div class=\"col-inner\"  >\n\t\t\t\n\t\t\t\n<h2>Comment le taux de r\u00e9ussite de la rhinoplastie de r\u00e9vision en Turquie se compare-t-il aux moyennes mondiales ?<\/h2>\n<p>La rhinoplastie de r\u00e9vision est une intervention complexe qui exige des comp\u00e9tences chirurgicales avanc\u00e9es, car elle aborde des d\u00e9fis tels que l\u2019anatomie nasale modifi\u00e9e et les tissus cicatriciels r\u00e9sultant d\u2019op\u00e9rations ant\u00e9rieures. \u00c0 l\u2019\u00e9chelle mondiale, le taux de r\u00e9ussite moyen de la rhinoplastie de r\u00e9vision est d\u2019environ 80 %, avec un taux de satisfaction patient g\u00e9n\u00e9ralement compris entre 70 % et 80 %. Ces chiffres peuvent toutefois varier consid\u00e9rablement en fonction de l\u2019expertise du chirurgien, de la complexit\u00e9 du cas, ainsi que de facteurs propres au patient comme la formation de cicatrices, l\u2019\u00e9paisseur de la peau et la capacit\u00e9 de gu\u00e9rison.<\/p>\n<p>La Turquie s\u2019est impos\u00e9e internationalement comme une destination phare du tourisme m\u00e9dical, notamment pour la rhinoplastie. Les cliniques turques rapportent fr\u00e9quemment des taux de r\u00e9ussite pouvant atteindre 96 % et des niveaux de satisfaction patient autour de 93 %. Ces r\u00e9sultats impressionnants sont souvent attribu\u00e9s \u00e0 l\u2019importance accord\u00e9e \u00e0 la formation chirurgicale sp\u00e9cialis\u00e9e, au grand nombre d\u2019interventions r\u00e9alis\u00e9es (permettant aux chirurgiens d\u2019acqu\u00e9rir une vaste exp\u00e9rience) ainsi qu\u2019\u00e0 l\u2019acc\u00e8s \u00e0 des technologies m\u00e9dicales de pointe. De nombreuses cliniques proposent en outre des plans de soins personnalis\u00e9s et des protocoles pr\u00e9- et postop\u00e9ratoires rigoureux, am\u00e9liorant ainsi les r\u00e9sultats.<\/p>\n<p>Les taux de r\u00e9ussite plus \u00e9lev\u00e9s en Turquie peuvent refl\u00e9ter l\u2019accent mis sur une prise en charge sur mesure et de haute qualit\u00e9, assur\u00e9e par des professionnels exp\u00e9riment\u00e9s. N\u00e9anmoins, les r\u00e9sultats individuels d\u00e9pendent de nombreux facteurs. L\u2019expertise du chirurgien, le moment id\u00e9al pour la r\u00e9vision (g\u00e9n\u00e9ralement environ un an apr\u00e8s l\u2019intervention initiale, afin de laisser le temps \u00e0 la gu\u00e9rison compl\u00e8te) et le strict respect des instructions de soins postop\u00e9ratoires sont essentiels pour obtenir des r\u00e9sultats favorables.<\/p>\n\t\t<\/div>\n\t\t\t\t\t<\/div>\n\n\t\n\n\t<div id=\"col-1765541228\" class=\"col small-12 large-12\"  >\n\t\t\t\t<div class=\"col-inner\"  >\n\t\t\t\n\t\t\t\n<h2>Quel est le prix d'une  en Turquie en 2026 ?<\/h2>\r\n<p><a href=\"https:\/\/www.alevcamcioglu.com\/fr\/prix-de-la-rhinoplastie\/\">Le co\u00fbt d'une <\/a> \u00e0 Istanbul, en Turquie, varie g\u00e9n\u00e9ralement entre 5 000 \u20ac et 7 000 \u20ac. Le prix peut fluctuer en fonction de plusieurs facteurs, tels que l'exp\u00e9rience du chirurgien, la complexit\u00e9 de l'intervention, la r\u00e9putation de la clinique et les services suppl\u00e9mentaires inclus dans le forfait.<\/p>\r\n<table dir=\"ltr\" border=\"1\" cellspacing=\"0\" cellpadding=\"0\" data-sheets-root=\"1\" data-sheets-baot=\"1\"><colgroup><col width=\"113\" \/><col width=\"222\" \/><\/colgroup>\r\n<tbody>\r\n<tr>\r\n<td style=\"text-align: center;\" colspan=\"2\" rowspan=\"1\">Co\u00fbt moyen d'une  (\u20ac) en 2026<\/td>\r\n<\/tr>\r\n<tr>\r\n<td>France<\/td>\r\n<td>9 000 \u20ac \u2013 15 000 \u20ac<\/td>\r\n<\/tr>\r\n<tr>\r\n<td>Belgique<\/td>\r\n<td>7 500 \u20ac \u2013 9 000 \u20ac<\/td>\r\n<\/tr>\r\n<tr>\r\n<td>Suisse<\/td>\r\n<td>10 000 \u20ac \u2013 20 000 \u20ac<\/td>\r\n<\/tr>\r\n<tr>\r\n<td>Canada (Qu\u00e9bec)<\/td>\r\n<td>9 000 \u20ac \u2013 12 000 \u20ac<\/td>\r\n<\/tr>\r\n<tr>\r\n<td>Luxembourg<\/td>\r\n<td>8 000 \u20ac \u2013 14 000 \u20ac<\/td>\r\n<\/tr>\r\n<tr>\r\n<td>Monaco<\/td>\r\n<td>12 000 \u20ac \u2013 18 000 \u20ac<\/td>\r\n<\/tr>\r\n<tr>\r\n<td>Turquie<\/td>\r\n<td>5 000 \u20ac \u2013 7 000 \u20ac<\/td>\r\n<\/tr>\r\n<\/tbody>\r\n<\/table>\n<h2>Questions Fr\u00e9quemment Pos\u00e9es<\/h2>\n<div class=\"accordion ameliyatlar-sss\">\n\t<div id=\"accordion-3437394577\" class=\"accordion-item\">\n\t\t<a id=\"accordion-3437394577-label\" class=\"accordion-title plain\" href=\"#accordion-item-la-chirurgie-de-r\u00e9vision-du-nez-est-elle-difficile-?\" aria-expanded=\"false\" aria-controls=\"accordion-3437394577-content\">\n\t\t\t<button class=\"toggle\" aria-label=\"Basculer\"><i class=\"icon-angle-down\" aria-hidden=\"true\"><\/i><\/button>\n\t\t\t<h3 class=\"accordion-heading\" role=\"heading\" aria-level=\"3\">La chirurgie de r\u00e9vision du nez est-elle difficile ?<\/h3>\n\t\t<\/a>\n\t\t<div id=\"accordion-3437394577-content\" class=\"accordion-inner\" aria-labelledby=\"accordion-3437394577-label\">\n\t\t\t\n<p>La difficult\u00e9 de la chirurgie de r\u00e9vision du nez est g\u00e9n\u00e9ralement plus grande pour le chirurgien. Pour les patients, cette chirurgie n\u2019est g\u00e9n\u00e9ralement pas plus difficile que la premi\u00e8re chirurgie. Cependant, s\u2019il n\u2019y a pas assez de tissu cartilagineux dans le nez, il peut \u00eatre n\u00e9cessaire de pr\u00e9lever du tissu de l\u2019oreille ou de la c\u00f4te. Cela cr\u00e9e une deuxi\u00e8me zone de plaie pour le patient, rendant le processus de r\u00e9cup\u00e9ration un peu plus complexe.<\/p>\n\t\t<\/div>\n\t<\/div>\n\t\n\t<div id=\"accordion-797834439\" class=\"accordion-item\">\n\t\t<a id=\"accordion-797834439-label\" class=\"accordion-title plain\" href=\"#accordion-item-quand-une-r\u00e9vision-est-elle-effectu\u00e9e-apr\u00e8s-une-chirurgie-du-nez-?\" aria-expanded=\"false\" aria-controls=\"accordion-797834439-content\">\n\t\t\t<button class=\"toggle\" aria-label=\"Basculer\"><i class=\"icon-angle-down\" aria-hidden=\"true\"><\/i><\/button>\n\t\t\t<h3 class=\"accordion-heading\" role=\"heading\" aria-level=\"3\">Quand une r\u00e9vision est-elle effectu\u00e9e apr\u00e8s une chirurgie du nez ?<\/h3>\n\t\t<\/a>\n\t\t<div id=\"accordion-797834439-content\" class=\"accordion-inner\" aria-labelledby=\"accordion-797834439-label\">\n\t\t\t\n<p>Une r\u00e9vision est g\u00e9n\u00e9ralement attendue pendant un an apr\u00e8s une chirurgie du nez. Pendant cette p\u00e9riode, les tissus compl\u00e8tent leur gu\u00e9rison et leur maturation. Par cons\u00e9quent, les r\u00e9visions effectu\u00e9es avant un an comportent plus de risques en raison du fait que les tissus ne sont pas compl\u00e8tement gu\u00e9ris. De plus, des facteurs tels que la rigidit\u00e9 et l\u2019adh\u00e9rence des tissus peuvent causer des probl\u00e8mes en cas d\u2019intervention pr\u00e9coce. Par cons\u00e9quent, il est id\u00e9al d\u2019attendre un an pour une r\u00e9vision.<\/p>\n\t\t<\/div>\n\t<\/div>\n\t\n\t<div id=\"accordion-4215968826\" class=\"accordion-item\">\n\t\t<a id=\"accordion-4215968826-label\" class=\"accordion-title plain\" href=\"#accordion-item-la-chirurgie-de-r\u00e9vision-est-elle-payante-apr\u00e8s-une-esth\u00e9tique-du-nez-?\" aria-expanded=\"false\" aria-controls=\"accordion-4215968826-content\">\n\t\t\t<button class=\"toggle\" aria-label=\"Basculer\"><i class=\"icon-angle-down\" aria-hidden=\"true\"><\/i><\/button>\n\t\t\t<h3 class=\"accordion-heading\" role=\"heading\" aria-level=\"3\">La chirurgie de r\u00e9vision est-elle payante apr\u00e8s une esth\u00e9tique du nez ?<\/h3>\n\t\t<\/a>\n\t\t<div id=\"accordion-4215968826-content\" class=\"accordion-inner\" aria-labelledby=\"accordion-4215968826-label\">\n\t\t\t\n<p>Les chirurgies de rhinoplastie de r\u00e9vision impliquent des corrections effectu\u00e9es apr\u00e8s la pr\u00e9c\u00e9dente op\u00e9ration esth\u00e9tique du nez. Ces chirurgies sont g\u00e9n\u00e9ralement effectu\u00e9es pour r\u00e9pondre aux demandes esth\u00e9tiques uniques du patient. Par cons\u00e9quent, ces interventions sont g\u00e9n\u00e9ralement pay\u00e9es par le patient. Surtout, ces interventions chirurgicales sont fa\u00e7onn\u00e9es en fonction des attentes du patient, rendant in\u00e9vitable le co\u00fbt de la chirurgie de r\u00e9vision. Les patients doivent v\u00e9rifier si leurs assurances sant\u00e9 priv\u00e9es couvrent ces co\u00fbts.<\/p>\n\t\t<\/div>\n\t<\/div>\n\t\n\t<div id=\"accordion-2803575311\" class=\"accordion-item\">\n\t\t<a id=\"accordion-2803575311-label\" class=\"accordion-title plain\" href=\"#accordion-item-la-rhinoplastie-de-r\u00e9vision-est-elle-risqu\u00e9e-?\" aria-expanded=\"false\" aria-controls=\"accordion-2803575311-content\">\n\t\t\t<button class=\"toggle\" aria-label=\"Basculer\"><i class=\"icon-angle-down\" aria-hidden=\"true\"><\/i><\/button>\n\t\t\t<h3 class=\"accordion-heading\" role=\"heading\" aria-level=\"3\">La rhinoplastie de r\u00e9vision est-elle risqu\u00e9e ?<\/h3>\n\t\t<\/a>\n\t\t<div id=\"accordion-2803575311-content\" class=\"accordion-inner\" aria-labelledby=\"accordion-2803575311-label\">\n\t\t\t\n<p>Bien que la rhinoplastie de r\u00e9vision soit g\u00e9n\u00e9ralement plus complexe que la premi\u00e8re chirurgie, elle ne comporte pas de grands risques lorsqu\u2019elle est r\u00e9alis\u00e9e par un chirurgien exp\u00e9riment\u00e9. Les complications rencontr\u00e9es lors de la premi\u00e8re op\u00e9ration de rhinoplastie peuvent \u00e9galement \u00eatre observ\u00e9es dans cette intervention. Celles-ci comprennent des gonflements et des ecchymoses autour du nez et des yeux. Cependant, ces complications peuvent gu\u00e9rir rapidement lorsqu\u2019elles sont g\u00e9r\u00e9es conform\u00e9ment aux recommandations du m\u00e9decin. Dans des situations inattendues, telles qu\u2019un saignement excessif, un gonflement ou des ecchymoses, le patient doit imm\u00e9diatement informer son m\u00e9decin.<\/p>\n\t\t<\/div>\n\t<\/div>\n\t\n\t<div id=\"accordion-1087223400\" class=\"accordion-item\">\n\t\t<a id=\"accordion-1087223400-label\" class=\"accordion-title plain\" href=\"#accordion-item-le-nez-va-t-il-s&#039;affaisser-apr\u00e8s-une-r\u00e9vision-?\" aria-expanded=\"false\" aria-controls=\"accordion-1087223400-content\">\n\t\t\t<button class=\"toggle\" aria-label=\"Basculer\"><i class=\"icon-angle-down\" aria-hidden=\"true\"><\/i><\/button>\n\t\t\t<h3 class=\"accordion-heading\" role=\"heading\" aria-level=\"3\">Le nez va-t-il s'affaisser apr\u00e8s une r\u00e9vision ?<\/h3>\n\t\t<\/a>\n\t\t<div id=\"accordion-1087223400-content\" class=\"accordion-inner\" aria-labelledby=\"accordion-1087223400-label\">\n\t\t\t\n<p>L\u2019affaissement du nez apr\u00e8s une rhinoplastie de r\u00e9vision peut se produire pendant l\u2019intervention chirurgicale. En particulier, le retrait excessif de tissu cartilagineux peut entra\u00eener ce probl\u00e8me. Par cons\u00e9quent, choisir un chirurgien exp\u00e9riment\u00e9 pour les op\u00e9rations esth\u00e9tiques du nez est important. De plus, des probl\u00e8mes similaires peuvent survenir \u00e0 la suite de la modification de la structure naturelle du nez. Ces complications sont g\u00e9n\u00e9ralement dues \u00e0 des erreurs chirurgicales. Le succ\u00e8s des chirurgies nasales d\u00e9pend largement de la comp\u00e9tence du chirurgien.<\/p>\n\t\t<\/div>\n\t<\/div>\n\t\n\t<div id=\"accordion-3942235134\" class=\"accordion-item\">\n\t\t<a id=\"accordion-3942235134-label\" class=\"accordion-title plain\" href=\"#accordion-item-deux-op\u00e9rations-du-nez-sont-elles-risqu\u00e9es-?\" aria-expanded=\"false\" aria-controls=\"accordion-3942235134-content\">\n\t\t\t<button class=\"toggle\" aria-label=\"Basculer\"><i class=\"icon-angle-down\" aria-hidden=\"true\"><\/i><\/button>\n\t\t\t<h3 class=\"accordion-heading\" role=\"heading\" aria-level=\"3\">Deux op\u00e9rations du nez sont-elles risqu\u00e9es ?<\/h3>\n\t\t<\/a>\n\t\t<div id=\"accordion-3942235134-content\" class=\"accordion-inner\" aria-labelledby=\"accordion-3942235134-label\">\n\t\t\t\n<p>Il doit y avoir au moins six mois entre deux op\u00e9rations du nez. Pendant cette p\u00e9riode, les tissus gu\u00e9rissent et m\u00fbrissent. Une deuxi\u00e8me rhinoplastie pr\u00e9coce r\u00e9duit les chances de succ\u00e8s. Surtout dans les cas n\u00e9cessitant un transfert de tissu cartilagineux, le temps de r\u00e9cup\u00e9ration ad\u00e9quat est d\u2019une grande importance. Les corrections effectu\u00e9es peu de temps apr\u00e8s la premi\u00e8re op\u00e9ration peuvent entra\u00eener des r\u00e9sultats ind\u00e9sirables. Par cons\u00e9quent, les m\u00e9decins ne recommandent g\u00e9n\u00e9ralement pas de rhinoplastie secondaire avant six mois.<\/p>\n\t\t<\/div>\n\t<\/div>\n\t\n\t<div id=\"accordion-60148123\" class=\"accordion-item\">\n\t\t<a id=\"accordion-60148123-label\" class=\"accordion-title plain\" href=\"#accordion-item-peut-on-op\u00e9rer-un-nez-trois-fois-?\" aria-expanded=\"false\" aria-controls=\"accordion-60148123-content\">\n\t\t\t<button class=\"toggle\" aria-label=\"Basculer\"><i class=\"icon-angle-down\" aria-hidden=\"true\"><\/i><\/button>\n\t\t\t<h3 class=\"accordion-heading\" role=\"heading\" aria-level=\"3\">Peut-on op\u00e9rer un nez trois fois ?<\/h3>\n\t\t<\/a>\n\t\t<div id=\"accordion-60148123-content\" class=\"accordion-inner\" aria-labelledby=\"accordion-60148123-label\">\n\t\t\t\n<p>On peut op\u00e9rer un nez trois fois. Chaque chirurgie suppl\u00e9mentaire apr\u00e8s la premi\u00e8re peut \u00eatre plus risqu\u00e9e. De plus, les op\u00e9rations r\u00e9p\u00e9t\u00e9es deviennent plus complexes car les interventions pr\u00e9c\u00e9dentes cr\u00e9ent des tissus cicatriciels et des modifications structurelles qui compliquent la proc\u00e9dure. De plus, le taux de r\u00e9ussite de chaque nouvelle op\u00e9ration d\u00e9pend de l\u2019exp\u00e9rience du chirurgien et des techniques appliqu\u00e9es. Par cons\u00e9quent, choisir un chirurgien exp\u00e9riment\u00e9 est crucial pour les chirurgies nasales multiples. Les op\u00e9rations r\u00e9p\u00e9t\u00e9es n\u00e9cessitent une \u00e9valuation compl\u00e8te et une planification minutieuse.<\/p>\n\t\t<\/div>\n\t<\/div>\n\t\n\t<div id=\"accordion-1860323343\" class=\"accordion-item\">\n\t\t<a id=\"accordion-1860323343-label\" class=\"accordion-title plain\" href=\"#accordion-item-avec-quelle-technique-la-chirurgie-de-r\u00e9vision-du-nez-est-elle-r\u00e9alis\u00e9e-?\" aria-expanded=\"false\" aria-controls=\"accordion-1860323343-content\">\n\t\t\t<button class=\"toggle\" aria-label=\"Basculer\"><i class=\"icon-angle-down\" aria-hidden=\"true\"><\/i><\/button>\n\t\t\t<h3 class=\"accordion-heading\" role=\"heading\" aria-level=\"3\">Avec quelle technique la chirurgie de r\u00e9vision du nez est-elle r\u00e9alis\u00e9e ?<\/h3>\n\t\t<\/a>\n\t\t<div id=\"accordion-1860323343-content\" class=\"accordion-inner\" aria-labelledby=\"accordion-1860323343-label\">\n\t\t\t\n<p>La chirurgie de r\u00e9vision du nez est r\u00e9alis\u00e9e avec des techniques ferm\u00e9es ou ouvertes en fonction des caract\u00e9ristiques du cas. La technique ouverte est g\u00e9n\u00e9ralement pr\u00e9f\u00e9r\u00e9e lorsque des changements structurels importants sont n\u00e9cessaires. Cette m\u00e9thode permet au chirurgien d\u2019acc\u00e9der directement au squelette nasal. D\u2019autre part, la technique ferm\u00e9e est adapt\u00e9e pour les corrections mineures. La technique ferm\u00e9e implique des incisions dans les parois internes du nez et ne laisse pas de cicatrices externes. Lors de l\u2019\u00e9valuation des avantages et des inconv\u00e9nients des deux m\u00e9thodes, la pr\u00e9f\u00e9rence du chirurgien et l\u2019\u00e9tat du patient sont des facteurs d\u00e9terminants.<\/p>\n\t\t<\/div>\n\t<\/div>\n\t\n\t<div id=\"accordion-3118334567\" class=\"accordion-item\">\n\t\t<a id=\"accordion-3118334567-label\" class=\"accordion-title plain\" href=\"#accordion-item-quelles-conditions-apr\u00e8s-la-premi\u00e8re-esth\u00e9tique-du-nez-n\u00e9cessitent-une-r\u00e9vision-?\" aria-expanded=\"false\" aria-controls=\"accordion-3118334567-content\">\n\t\t\t<button class=\"toggle\" aria-label=\"Basculer\"><i class=\"icon-angle-down\" aria-hidden=\"true\"><\/i><\/button>\n\t\t\t<h3 class=\"accordion-heading\" role=\"heading\" aria-level=\"3\">Quelles conditions apr\u00e8s la premi\u00e8re esth\u00e9tique du nez n\u00e9cessitent une r\u00e9vision ?<\/h3>\n\t\t<\/a>\n\t\t<div id=\"accordion-3118334567-content\" class=\"accordion-inner\" aria-labelledby=\"accordion-3118334567-label\">\n\t\t\t\n<p>La rhinoplastie de r\u00e9vision est g\u00e9n\u00e9ralement n\u00e9cessaire pour plusieurs raisons. Les d\u00e9formations survenant apr\u00e8s la premi\u00e8re chirurgie sont les raisons les plus courantes de r\u00e9vision. De plus, les attentes esth\u00e9tiques non satisfaites peuvent \u00e9galement orienter les patients vers une r\u00e9vision. Les probl\u00e8mes fonctionnels, tels que les difficult\u00e9s respiratoires, qui surviennent apr\u00e8s une premi\u00e8re op\u00e9ration \u00e9chou\u00e9e, augmentent \u00e9galement le besoin de r\u00e9vision. Parfois, les patients peuvent vouloir une r\u00e9vision pour des corrections mineures. Cependant, les d\u00e9formations significatives n\u00e9cessitent une r\u00e9vision majeure. Par cons\u00e9quent, l\u2019insatisfaction du patient et les probl\u00e8mes fonctionnels sont les principales indications pour une chirurgie de r\u00e9vision.<\/p>\n\t\t<\/div>\n\t<\/div>\n\t\n\t<div id=\"accordion-2609316795\" class=\"accordion-item\">\n\t\t<a id=\"accordion-2609316795-label\" class=\"accordion-title plain\" href=\"#accordion-item-comment-sont-d\u00e9termin\u00e9s-les-prix-des-chirurgies-de-r\u00e9vision-esth\u00e9tique-du-nez-?\" aria-expanded=\"false\" aria-controls=\"accordion-2609316795-content\">\n\t\t\t<button class=\"toggle\" aria-label=\"Basculer\"><i class=\"icon-angle-down\" aria-hidden=\"true\"><\/i><\/button>\n\t\t\t<h3 class=\"accordion-heading\" role=\"heading\" aria-level=\"3\">Comment sont d\u00e9termin\u00e9s les prix des chirurgies de r\u00e9vision esth\u00e9tique du nez ?<\/h3>\n\t\t<\/a>\n\t\t<div id=\"accordion-2609316795-content\" class=\"accordion-inner\" aria-labelledby=\"accordion-2609316795-label\">\n\t\t\t\n<p>Les prix des chirurgies de r\u00e9vision esth\u00e9tique du nez varient en fonction de plusieurs facteurs. Tout d\u2019abord, l\u2019\u00e9tat de chaque patient est diff\u00e9rent, les co\u00fbts sont donc d\u00e9termin\u00e9s individuellement. De plus, ces chirurgies n\u00e9cessitent un haut niveau d\u2019exp\u00e9rience, donc le choix du m\u00e9decin est un facteur important dans la tarification. L\u2019h\u00f4pital s\u00e9lectionn\u00e9 affecte \u00e9galement le prix ; chaque h\u00f4pital exige des frais diff\u00e9rents en fonction de la qualit\u00e9 du service fourni. Par cons\u00e9quent, le co\u00fbt de la chirurgie de r\u00e9vision esth\u00e9tique du nez est d\u00e9termin\u00e9 en fonction de ces trois facteurs principaux.<\/p>\n\t\t<\/div>\n\t<\/div>\n\t\n\t<div id=\"accordion-4227566873\" class=\"accordion-item\">\n\t\t<a id=\"accordion-4227566873-label\" class=\"accordion-title plain\" href=\"#accordion-item-l&#039;utilisation-de-greffes-est-elle-n\u00e9cessaire-en-rhinoplastie-de-r\u00e9vision-?\" aria-expanded=\"false\" aria-controls=\"accordion-4227566873-content\">\n\t\t\t<button class=\"toggle\" aria-label=\"Basculer\"><i class=\"icon-angle-down\" aria-hidden=\"true\"><\/i><\/button>\n\t\t\t<h3 class=\"accordion-heading\" role=\"heading\" aria-level=\"3\">L'utilisation de greffes est-elle n\u00e9cessaire en rhinoplastie de r\u00e9vision ?<\/h3>\n\t\t<\/a>\n\t\t<div id=\"accordion-4227566873-content\" class=\"accordion-inner\" aria-labelledby=\"accordion-4227566873-label\">\n\t\t\t\n<p>L\u2019utilisation de greffes est souvent n\u00e9cessaire en rhinoplastie de r\u00e9vision. L\u2019insuffisance du cartilage septal nasal en raison des chirurgies pr\u00e9c\u00e9dentes cr\u00e9e ce besoin. Le cartilage auriculaire ou le cartilage costal est g\u00e9n\u00e9ralement pr\u00e9f\u00e9r\u00e9. Cette situation peut prolonger la dur\u00e9e de la chirurgie. Par cons\u00e9quent, l\u2019utilisation de greffes est un facteur important pour obtenir un r\u00e9sultat r\u00e9ussi. Le besoin de greffes peut varier pour chaque patient et d\u00e9pend de l\u2019\u00e9valuation du chirurgien.<\/p>\n\t\t<\/div>\n\t<\/div>\n\t\n<\/div>\n\t\t<\/div>\n\t\t\t\t\t<\/div>\n\n\t\n\n\t<div id=\"col-493952061\" class=\"col small-12 large-12\"  >\n\t\t\t\t<div class=\"col-inner\"  >\n\t\t\t\n\t\t\t\n<h2 style=\"text-align: left;\">L'une des meilleures \u00e9quipes cliniques pour  en Turquie<\/h2>\n<p>Le Dr Alev Camc\u0131o\u011flu est consid\u00e9r\u00e9 comme l'un des <a href=\"https:\/\/www.alevcamcioglu.com\/fr\/\">meilleurs chirurgiens <\/a> en Turquie. Vous pouvez consulter <a href=\"https:\/\/www.google.com\/search?sca_esv=19415285e7d3a11e&amp;q=Op.+Dr.+Alev+Camc%C4%B1o%C4%9Flu+%7C+Burun+Esteti%C4%9Fi+,+Rinoplasti&amp;si=ACC90nwjPmqJHrCEt6ewASzksVFQDX8zco_7MgBaIawvaF4-7h723rVnZZFvK9OUD_1VBtQCUeVRPTUGteg0cLBOJKCQcF0l8NwoxI3g4M0bcP1xT-CjIKs%3D&amp;uds=ADvngMjY3r6cFmkgAf0Cxo_OKwUu8-9wBrBINI3SgEOgMBDI-5zv7ouVxpoC5B3rGHvBXe2sC4UfcRCjxwtdIZqUOJLNbC7tiBSx22BIl7RGCQjdXli44B_uGb9i1YxcDMMbIHEpYimMnELWSd3nhL869lQu7z7kZ8TooMdqLcQgmPDHyHohCQ8&amp;sa=X&amp;ved=2ahUKEwiiiMOMqeSJAxVxS_EDHdySMG0Q3PALegQIGRAE&amp;biw=2276&amp;bih=1055&amp;dpr=1.13\" target=\"_blank\" rel=\"noopener\">les avis sur  ici.<\/a><\/p>\n<div class=\"row row-full-width align-center\"  id=\"row-298290986\">\n\n\n\t<div id=\"col-1670730406\" class=\"col medium-2 small-6 large-2\"  >\n\t\t\t\t<div class=\"col-inner\"  >\n\t\t\t\n\t\t\t\n\n    <div class=\"box has-hover has-hover box-text-bottom\" >\n\n                  <div class=\"box-image \" >\n           <div class=\"box-image-inner image-cover\" style=\"padding-top:100%;\">\n              <img decoding=\"async\" width=\"1080\" height=\"1122\" src=\"https:\/\/www.alevcamcioglu.com\/wp-content\/uploads\/2018\/02\/106913305_714307142741324_420816097913162768_n.jpg\" class=\"attachment- size-\" alt=\"\" srcset=\"https:\/\/www.alevcamcioglu.com\/wp-content\/uploads\/2018\/02\/106913305_714307142741324_420816097913162768_n.jpg 1080w, https:\/\/www.alevcamcioglu.com\/wp-content\/uploads\/2018\/02\/106913305_714307142741324_420816097913162768_n-289x300.jpg 289w, https:\/\/www.alevcamcioglu.com\/wp-content\/uploads\/2018\/02\/106913305_714307142741324_420816097913162768_n-986x1024.jpg 986w, https:\/\/www.alevcamcioglu.com\/wp-content\/uploads\/2018\/02\/106913305_714307142741324_420816097913162768_n-768x798.jpg 768w, https:\/\/www.alevcamcioglu.com\/wp-content\/uploads\/2018\/02\/106913305_714307142741324_420816097913162768_n-370x384.jpg 370w, https:\/\/www.alevcamcioglu.com\/wp-content\/uploads\/2018\/02\/106913305_714307142741324_420816097913162768_n-760x790.jpg 760w\" sizes=\"(max-width: 1080px) 100vw, 1080px\" title=\"\">                         <\/div>\n          <\/div>\n         \n          <div class=\"box-text text-center\" >\n                <div class=\"box-text-inner\">\n                  <h4 class=\"uppercase\">\n                    <span class=\"person-name\">Op. Dr. Alev Camc\u0131o\u011flu<\/span><br\/>\n                    <span class=\"person-title is-small thin-font op-7\">\n                      Chirurgien en rhinoplastie                    <\/span>\n                  <\/h4>\n\t\t\t\t\t<div class=\"social-icons follow-icons\" ><a href=\"https:\/\/www.facebook.com\/dralevcamcioglu\/\" target=\"_blank\" data-label=\"Facebook\" class=\"icon primary button circle tooltip facebook\" title=\"Nous suivre sur Facebook\" aria-label=\"Nous suivre sur Facebook\" rel=\"noopener nofollow\"><i class=\"icon-facebook\" aria-hidden=\"true\"><\/i><\/a><a href=\"https:\/\/www.instagram.com\/dralevcamcioglu\/\" target=\"_blank\" data-label=\"Instagram\" class=\"icon primary button circle tooltip instagram\" title=\"Nous suivre sur Instagram\" aria-label=\"Nous suivre sur Instagram\" rel=\"noopener nofollow\"><i class=\"icon-instagram\" aria-hidden=\"true\"><\/i><\/a><\/div>\n\n\n                <\/div>\n          <\/div>\n    <\/div>\n\n\t\n    \n\n\t\t<\/div>\n\t\t\t\t\t<\/div>\n\n\t\n\n\t<div id=\"col-348611802\" class=\"col medium-2 small-6 large-2\"  >\n\t\t\t\t<div class=\"col-inner\"  >\n\t\t\t\n\t\t\t\n\n    <div class=\"box has-hover has-hover box-text-bottom\" >\n\n                  <div class=\"box-image \" >\n           <div class=\"box-image-inner image-cover\" style=\"padding-top:100%;\">\n              <img decoding=\"async\" width=\"1200\" height=\"800\" src=\"https:\/\/www.alevcamcioglu.com\/wp-content\/uploads\/2018\/02\/DSC00496-1200x800-1.jpg\" class=\"attachment- size-\" alt=\"\" srcset=\"https:\/\/www.alevcamcioglu.com\/wp-content\/uploads\/2018\/02\/DSC00496-1200x800-1.jpg 1200w, https:\/\/www.alevcamcioglu.com\/wp-content\/uploads\/2018\/02\/DSC00496-1200x800-1-300x200.jpg 300w, https:\/\/www.alevcamcioglu.com\/wp-content\/uploads\/2018\/02\/DSC00496-1200x800-1-1024x683.jpg 1024w, https:\/\/www.alevcamcioglu.com\/wp-content\/uploads\/2018\/02\/DSC00496-1200x800-1-768x512.jpg 768w, https:\/\/www.alevcamcioglu.com\/wp-content\/uploads\/2018\/02\/DSC00496-1200x800-1-370x247.jpg 370w, https:\/\/www.alevcamcioglu.com\/wp-content\/uploads\/2018\/02\/DSC00496-1200x800-1-760x507.jpg 760w\" sizes=\"(max-width: 1200px) 100vw, 1200px\" title=\"\">                         <\/div>\n          <\/div>\n         \n          <div class=\"box-text text-center\" >\n                <div class=\"box-text-inner\">\n                  <h4 class=\"uppercase\">\n                    <span class=\"person-name\">Aylin Uyu\u015fmak<\/span><br\/>\n                    <span class=\"person-title is-small thin-font op-7\">\n                      Coordinateur Clinique                    <\/span>\n                  <\/h4>\n\t\t\t\t\t<div class=\"social-icons follow-icons\" ><a href=\"https:\/\/www.facebook.com\/dralevcamcioglu\/\" target=\"_blank\" data-label=\"Facebook\" class=\"icon primary button circle tooltip facebook\" title=\"Nous suivre sur Facebook\" aria-label=\"Nous suivre sur Facebook\" rel=\"noopener nofollow\"><i class=\"icon-facebook\" aria-hidden=\"true\"><\/i><\/a><a href=\"https:\/\/www.instagram.com\/dralevcamcioglu\/\" target=\"_blank\" data-label=\"Instagram\" class=\"icon primary button circle tooltip instagram\" title=\"Nous suivre sur Instagram\" aria-label=\"Nous suivre sur Instagram\" rel=\"noopener nofollow\"><i class=\"icon-instagram\" aria-hidden=\"true\"><\/i><\/a><\/div>\n\n\n                <\/div>\n          <\/div>\n    <\/div>\n\n\t\n    \n\n\t\t<\/div>\n\t\t\t\t\t<\/div>\n\n\t\n\n\t<div id=\"col-604168640\" class=\"col medium-2 small-6 large-2\"  >\n\t\t\t\t<div class=\"col-inner\"  >\n\t\t\t\n\t\t\t\n\n    <div class=\"box has-hover has-hover box-text-bottom\" >\n\n                  <div class=\"box-image \" >\n           <div class=\"box-image-inner image-cover\" style=\"padding-top:100%;\">\n              <img decoding=\"async\" width=\"1200\" height=\"1800\" src=\"https:\/\/www.alevcamcioglu.com\/wp-content\/uploads\/2018\/02\/DSC00493-1200x1800-1.jpg\" class=\"attachment- size-\" alt=\"\" srcset=\"https:\/\/www.alevcamcioglu.com\/wp-content\/uploads\/2018\/02\/DSC00493-1200x1800-1.jpg 1200w, https:\/\/www.alevcamcioglu.com\/wp-content\/uploads\/2018\/02\/DSC00493-1200x1800-1-200x300.jpg 200w, https:\/\/www.alevcamcioglu.com\/wp-content\/uploads\/2018\/02\/DSC00493-1200x1800-1-683x1024.jpg 683w, https:\/\/www.alevcamcioglu.com\/wp-content\/uploads\/2018\/02\/DSC00493-1200x1800-1-768x1152.jpg 768w, https:\/\/www.alevcamcioglu.com\/wp-content\/uploads\/2018\/02\/DSC00493-1200x1800-1-1024x1536.jpg 1024w, https:\/\/www.alevcamcioglu.com\/wp-content\/uploads\/2018\/02\/DSC00493-1200x1800-1-370x555.jpg 370w, https:\/\/www.alevcamcioglu.com\/wp-content\/uploads\/2018\/02\/DSC00493-1200x1800-1-760x1140.jpg 760w\" sizes=\"(max-width: 1200px) 100vw, 1200px\" title=\"\">                         <\/div>\n          <\/div>\n         \n          <div class=\"box-text text-center\" >\n                <div class=\"box-text-inner\">\n                  <h4 class=\"uppercase\">\n                    <span class=\"person-name\">Serra Sevgili<\/span><br\/>\n                    <span class=\"person-title is-small thin-font op-7\">\n                      Assistant Clinique                    <\/span>\n                  <\/h4>\n\t\t\t\t\t<div class=\"social-icons follow-icons\" ><a href=\"https:\/\/www.facebook.com\/dralevcamcioglu\/\" target=\"_blank\" data-label=\"Facebook\" class=\"icon primary button circle tooltip facebook\" title=\"Nous suivre sur Facebook\" aria-label=\"Nous suivre sur Facebook\" rel=\"noopener nofollow\"><i class=\"icon-facebook\" aria-hidden=\"true\"><\/i><\/a><a href=\"https:\/\/www.instagram.com\/dralevcamcioglu\/\" target=\"_blank\" data-label=\"Instagram\" class=\"icon primary button circle tooltip instagram\" title=\"Nous suivre sur Instagram\" aria-label=\"Nous suivre sur Instagram\" rel=\"noopener nofollow\"><i class=\"icon-instagram\" aria-hidden=\"true\"><\/i><\/a><\/div>\n\n\n                <\/div>\n          <\/div>\n    <\/div>\n\n\t\n    \n\n\t\t<\/div>\n\t\t\t\t\t<\/div>\n\n\t\n\n\t<div id=\"col-537621997\" class=\"col medium-2 small-6 large-2\"  >\n\t\t\t\t<div class=\"col-inner\"  >\n\t\t\t\n\t\t\t\n\n    <div class=\"box has-hover has-hover box-text-bottom\" >\n\n                  <div class=\"box-image \" >\n           <div class=\"box-image-inner image-cover\" style=\"padding-top:100%;\">\n              <img decoding=\"async\" width=\"1200\" height=\"800\" src=\"https:\/\/www.alevcamcioglu.com\/wp-content\/uploads\/2018\/02\/DSC00510-1200x800-1.jpg\" class=\"attachment- size-\" alt=\"\" srcset=\"https:\/\/www.alevcamcioglu.com\/wp-content\/uploads\/2018\/02\/DSC00510-1200x800-1.jpg 1200w, https:\/\/www.alevcamcioglu.com\/wp-content\/uploads\/2018\/02\/DSC00510-1200x800-1-300x200.jpg 300w, https:\/\/www.alevcamcioglu.com\/wp-content\/uploads\/2018\/02\/DSC00510-1200x800-1-1024x683.jpg 1024w, https:\/\/www.alevcamcioglu.com\/wp-content\/uploads\/2018\/02\/DSC00510-1200x800-1-768x512.jpg 768w, https:\/\/www.alevcamcioglu.com\/wp-content\/uploads\/2018\/02\/DSC00510-1200x800-1-370x247.jpg 370w, https:\/\/www.alevcamcioglu.com\/wp-content\/uploads\/2018\/02\/DSC00510-1200x800-1-760x507.jpg 760w\" sizes=\"(max-width: 1200px) 100vw, 1200px\" title=\"\">                         <\/div>\n          <\/div>\n         \n          <div class=\"box-text text-center\" >\n                <div class=\"box-text-inner\">\n                  <h4 class=\"uppercase\">\n                    <span class=\"person-name\">Sema Yap\u0131c\u0131<\/span><br\/>\n                    <span class=\"person-title is-small thin-font op-7\">\n                      Infirmi\u00e8re de salle d'op\u00e9ration                    <\/span>\n                  <\/h4>\n\t\t\t\t\t<div class=\"social-icons follow-icons\" ><a href=\"https:\/\/www.facebook.com\/dralevcamcioglu\/\" target=\"_blank\" data-label=\"Facebook\" class=\"icon primary button circle tooltip facebook\" title=\"Nous suivre sur Facebook\" aria-label=\"Nous suivre sur Facebook\" rel=\"noopener nofollow\"><i class=\"icon-facebook\" aria-hidden=\"true\"><\/i><\/a><a href=\"https:\/\/www.instagram.com\/dralevcamcioglu\/\" target=\"_blank\" data-label=\"Instagram\" class=\"icon primary button circle tooltip instagram\" title=\"Nous suivre sur Instagram\" aria-label=\"Nous suivre sur Instagram\" rel=\"noopener nofollow\"><i class=\"icon-instagram\" aria-hidden=\"true\"><\/i><\/a><\/div>\n\n\n                <\/div>\n          <\/div>\n    <\/div>\n\n\t\n    \n\n\t\t<\/div>\n\t\t\t\t\t<\/div>\n\n\t\n\n\t<div id=\"col-508308850\" class=\"col medium-2 small-6 large-2\"  >\n\t\t\t\t<div class=\"col-inner\"  >\n\t\t\t\n\t\t\t\n\n    <div class=\"box has-hover has-hover box-text-bottom\" >\n\n                  <div class=\"box-image \" >\n           <div class=\"box-image-inner image-cover\" style=\"padding-top:100%;\">\n              <img decoding=\"async\" width=\"1200\" height=\"800\" src=\"https:\/\/www.alevcamcioglu.com\/wp-content\/uploads\/2024\/02\/DSC00524-1200x800-1.jpg\" class=\"attachment- size-\" alt=\"\" srcset=\"https:\/\/www.alevcamcioglu.com\/wp-content\/uploads\/2024\/02\/DSC00524-1200x800-1.jpg 1200w, https:\/\/www.alevcamcioglu.com\/wp-content\/uploads\/2024\/02\/DSC00524-1200x800-1-300x200.jpg 300w, https:\/\/www.alevcamcioglu.com\/wp-content\/uploads\/2024\/02\/DSC00524-1200x800-1-1024x683.jpg 1024w, https:\/\/www.alevcamcioglu.com\/wp-content\/uploads\/2024\/02\/DSC00524-1200x800-1-768x512.jpg 768w, https:\/\/www.alevcamcioglu.com\/wp-content\/uploads\/2024\/02\/DSC00524-1200x800-1-370x247.jpg 370w, https:\/\/www.alevcamcioglu.com\/wp-content\/uploads\/2024\/02\/DSC00524-1200x800-1-760x507.jpg 760w\" sizes=\"(max-width: 1200px) 100vw, 1200px\" title=\"\">                         <\/div>\n          <\/div>\n         \n          <div class=\"box-text text-center\" >\n                <div class=\"box-text-inner\">\n                  <h4 class=\"uppercase\">\n                    <span class=\"person-name\">Aleyna Ceren Kurt<\/span><br\/>\n                    <span class=\"person-title is-small thin-font op-7\">\n                      Responsable des m\u00e9dias sociaux                    <\/span>\n                  <\/h4>\n\t\t\t\t\t<div class=\"social-icons follow-icons\" ><a href=\"https:\/\/www.facebook.com\/dralevcamcioglu\/\" target=\"_blank\" data-label=\"Facebook\" class=\"icon primary button circle tooltip facebook\" title=\"Nous suivre sur Facebook\" aria-label=\"Nous suivre sur Facebook\" rel=\"noopener nofollow\"><i class=\"icon-facebook\" aria-hidden=\"true\"><\/i><\/a><a href=\"https:\/\/www.instagram.com\/dralevcamcioglu\/\" target=\"_blank\" data-label=\"Instagram\" class=\"icon primary button circle tooltip instagram\" title=\"Nous suivre sur Instagram\" aria-label=\"Nous suivre sur Instagram\" rel=\"noopener nofollow\"><i class=\"icon-instagram\" aria-hidden=\"true\"><\/i><\/a><\/div>\n\n\n                <\/div>\n          <\/div>\n    <\/div>\n\n\t\n    \n\n\t\t<\/div>\n\t\t\t\t\t<\/div>\n\n\t\n\n<\/div>\n\t\t<\/div>\n\t\t\t\t\t<\/div>\n\n\t\n\n\t<div id=\"col-1300194150\" class=\"col small-12 large-12\"  >\n\t\t\t\t<div class=\"col-inner\"  >\n\t\t\t\n\t\t\t\n<h2>Articles de Blog<\/h2>\n\n  \n    <div class=\"row large-columns-3 medium-columns-1 small-columns-1 slider row-slider slider-nav-circle slider-nav-outside\"  data-flickity-options='{&quot;imagesLoaded&quot;: true, &quot;groupCells&quot;: &quot;100%&quot;, &quot;dragThreshold&quot; : 5, &quot;cellAlign&quot;: &quot;left&quot;,&quot;wrapAround&quot;: true,&quot;prevNextButtons&quot;: true,&quot;percentPosition&quot;: true,&quot;pageDots&quot;: false, &quot;rightToLeft&quot;: false, &quot;autoPlay&quot; : false}' >\n\n  <div class=\"col post-item\" >\n\t\t\t<div class=\"col-inner\">\n\t\t\t\t<div class=\"box box-push box-text-bottom box-blog-post has-hover\">\n            \t\t\t\t\t<div class=\"box-image\" >\n  \t\t\t\t\t\t<div class=\"image-cover\" style=\"padding-top:100%;\">\n\t\t\t\t\t\t\t<a href=\"https:\/\/www.alevcamcioglu.com\/fr\/une-bosse-peut-elle-reapparaitre-apres-une-rhinoplastie\/\" class=\"plain\" aria-label=\"Une bosse peut-elle r\u00e9appara\u00eetre apr\u00e8s une rhinoplastie ?\">\n\t\t\t\t\t\t\t\t<img decoding=\"async\" width=\"1140\" height=\"500\" src=\"https:\/\/www.alevcamcioglu.com\/wp-content\/uploads\/2024\/06\/Rinoplasti-Sonrasi-Burunda-Tekrar-Kemer-Olusur-Mu.jpg\" class=\"attachment-2048x2048 size-2048x2048 wp-post-image\" alt=\"\" srcset=\"https:\/\/www.alevcamcioglu.com\/wp-content\/uploads\/2024\/06\/Rinoplasti-Sonrasi-Burunda-Tekrar-Kemer-Olusur-Mu.jpg 1140w, https:\/\/www.alevcamcioglu.com\/wp-content\/uploads\/2024\/06\/Rinoplasti-Sonrasi-Burunda-Tekrar-Kemer-Olusur-Mu-300x132.jpg 300w, https:\/\/www.alevcamcioglu.com\/wp-content\/uploads\/2024\/06\/Rinoplasti-Sonrasi-Burunda-Tekrar-Kemer-Olusur-Mu-1024x449.jpg 1024w, https:\/\/www.alevcamcioglu.com\/wp-content\/uploads\/2024\/06\/Rinoplasti-Sonrasi-Burunda-Tekrar-Kemer-Olusur-Mu-768x337.jpg 768w, https:\/\/www.alevcamcioglu.com\/wp-content\/uploads\/2024\/06\/Rinoplasti-Sonrasi-Burunda-Tekrar-Kemer-Olusur-Mu-370x162.jpg 370w, https:\/\/www.alevcamcioglu.com\/wp-content\/uploads\/2024\/06\/Rinoplasti-Sonrasi-Burunda-Tekrar-Kemer-Olusur-Mu-760x333.jpg 760w\" sizes=\"(max-width: 1140px) 100vw, 1140px\" title=\"\">\t\t\t\t\t\t\t<\/a>\n  \t\t\t\t\t\t\t  \t\t\t\t\t\t\t  \t\t\t\t\t\t<\/div>\n  \t\t\t\t\t\t  \t\t\t\t\t<\/div>\n          \t\t\t\t\t<div class=\"box-text text-center\" >\n\t\t\t\t\t<div class=\"box-text-inner blog-post-inner\">\n\n\t\t\t\t\t\n\t\t\t\t\t\t\t\t\t\t<h5 class=\"post-title is-large \">\n\t\t\t\t\t\t<a href=\"https:\/\/www.alevcamcioglu.com\/fr\/une-bosse-peut-elle-reapparaitre-apres-une-rhinoplastie\/\" class=\"plain\">Une bosse peut-elle r\u00e9appara\u00eetre apr\u00e8s une rhinoplastie ?<\/a>\n\t\t\t\t\t<\/h5>\n\t\t\t\t\t\t\t\t\t\t<div class=\"is-divider\"><\/div>\n\t\t\t\t\t                    \n\t\t\t\t\t\t\t\t\t\t\t<a href=\"https:\/\/www.alevcamcioglu.com\/fr\/une-bosse-peut-elle-reapparaitre-apres-une-rhinoplastie\/\" class=\"button primary is-outline is-small mb-0\">\n\t\t\t\t\t\t\tContinue Reading\t\t\t\t\t\t<\/a>\n\t\t\t\t\t\n\t\t\t\t\t\n\t\t\t\t\t<\/div>\n\t\t\t\t\t<\/div>\n\t\t\t\t\t\t\t\t\t\t\t\t\t\t\t\t<div class=\"badge absolute top post-date badge-circle\">\n\t\t\t\t\t\t\t<div class=\"badge-inner\">\n\t\t\t\t\t\t\t\t<span class=\"post-date-day\">24<\/span><br>\n\t\t\t\t\t\t\t\t<span class=\"post-date-month is-xsmall\">Juin<\/span>\n\t\t\t\t\t\t\t<\/div>\n\t\t\t\t\t\t<\/div>\n\t\t\t\t\t\t\t\t\t<\/div>\n\t\t\t<\/div>\n\t\t<\/div><div class=\"col post-item\" >\n\t\t\t<div class=\"col-inner\">\n\t\t\t\t<div class=\"box box-push box-text-bottom box-blog-post has-hover\">\n            \t\t\t\t\t<div class=\"box-image\" >\n  \t\t\t\t\t\t<div class=\"image-cover\" style=\"padding-top:100%;\">\n\t\t\t\t\t\t\t<a href=\"https:\/\/www.alevcamcioglu.com\/fr\/prix-de-la-rhinoplastie\/\" class=\"plain\" aria-label=\"Prix de la rhinoplastie en France et en Turquie\">\n\t\t\t\t\t\t\t\t<img decoding=\"async\" width=\"1140\" height=\"500\" src=\"https:\/\/www.alevcamcioglu.com\/wp-content\/uploads\/2024\/06\/Burun-Estetigi-Fiyatlari.jpg\" class=\"attachment-2048x2048 size-2048x2048 wp-post-image\" alt=\"\" srcset=\"https:\/\/www.alevcamcioglu.com\/wp-content\/uploads\/2024\/06\/Burun-Estetigi-Fiyatlari.jpg 1140w, https:\/\/www.alevcamcioglu.com\/wp-content\/uploads\/2024\/06\/Burun-Estetigi-Fiyatlari-300x132.jpg 300w, https:\/\/www.alevcamcioglu.com\/wp-content\/uploads\/2024\/06\/Burun-Estetigi-Fiyatlari-1024x449.jpg 1024w, https:\/\/www.alevcamcioglu.com\/wp-content\/uploads\/2024\/06\/Burun-Estetigi-Fiyatlari-768x337.jpg 768w, https:\/\/www.alevcamcioglu.com\/wp-content\/uploads\/2024\/06\/Burun-Estetigi-Fiyatlari-370x162.jpg 370w, https:\/\/www.alevcamcioglu.com\/wp-content\/uploads\/2024\/06\/Burun-Estetigi-Fiyatlari-760x333.jpg 760w\" sizes=\"(max-width: 1140px) 100vw, 1140px\" title=\"\">\t\t\t\t\t\t\t<\/a>\n  \t\t\t\t\t\t\t  \t\t\t\t\t\t\t  \t\t\t\t\t\t<\/div>\n  \t\t\t\t\t\t  \t\t\t\t\t<\/div>\n          \t\t\t\t\t<div class=\"box-text text-center\" >\n\t\t\t\t\t<div class=\"box-text-inner blog-post-inner\">\n\n\t\t\t\t\t\n\t\t\t\t\t\t\t\t\t\t<h5 class=\"post-title is-large \">\n\t\t\t\t\t\t<a href=\"https:\/\/www.alevcamcioglu.com\/fr\/prix-de-la-rhinoplastie\/\" class=\"plain\">Prix de la rhinoplastie en France et en Turquie<\/a>\n\t\t\t\t\t<\/h5>\n\t\t\t\t\t\t\t\t\t\t<div class=\"is-divider\"><\/div>\n\t\t\t\t\t                    \n\t\t\t\t\t\t\t\t\t\t\t<a href=\"https:\/\/www.alevcamcioglu.com\/fr\/prix-de-la-rhinoplastie\/\" class=\"button primary is-outline is-small mb-0\">\n\t\t\t\t\t\t\tContinue Reading\t\t\t\t\t\t<\/a>\n\t\t\t\t\t\n\t\t\t\t\t\n\t\t\t\t\t<\/div>\n\t\t\t\t\t<\/div>\n\t\t\t\t\t\t\t\t\t\t\t\t\t\t\t\t<div class=\"badge absolute top post-date badge-circle\">\n\t\t\t\t\t\t\t<div class=\"badge-inner\">\n\t\t\t\t\t\t\t\t<span class=\"post-date-day\">14<\/span><br>\n\t\t\t\t\t\t\t\t<span class=\"post-date-month is-xsmall\">Juin<\/span>\n\t\t\t\t\t\t\t<\/div>\n\t\t\t\t\t\t<\/div>\n\t\t\t\t\t\t\t\t\t<\/div>\n\t\t\t<\/div>\n\t\t<\/div><div class=\"col post-item\" >\n\t\t\t<div class=\"col-inner\">\n\t\t\t\t<div class=\"box box-push box-text-bottom box-blog-post has-hover\">\n            \t\t\t\t\t<div class=\"box-image\" >\n  \t\t\t\t\t\t<div class=\"image-cover\" style=\"padding-top:100%;\">\n\t\t\t\t\t\t\t<a href=\"https:\/\/www.alevcamcioglu.com\/fr\/formes-et-types-de-nez\/\" class=\"plain\" aria-label=\"Formes et types de nez\">\n\t\t\t\t\t\t\t\t<img decoding=\"async\" width=\"1140\" height=\"500\" src=\"https:\/\/www.alevcamcioglu.com\/wp-content\/uploads\/2024\/06\/Yuz-Tipine-En-Uygun-Burun-Sekli-Nedir_-Nasil-Belirlenir.jpg\" class=\"attachment-2048x2048 size-2048x2048 wp-post-image\" alt=\"\" srcset=\"https:\/\/www.alevcamcioglu.com\/wp-content\/uploads\/2024\/06\/Yuz-Tipine-En-Uygun-Burun-Sekli-Nedir_-Nasil-Belirlenir.jpg 1140w, https:\/\/www.alevcamcioglu.com\/wp-content\/uploads\/2024\/06\/Yuz-Tipine-En-Uygun-Burun-Sekli-Nedir_-Nasil-Belirlenir-300x132.jpg 300w, https:\/\/www.alevcamcioglu.com\/wp-content\/uploads\/2024\/06\/Yuz-Tipine-En-Uygun-Burun-Sekli-Nedir_-Nasil-Belirlenir-1024x449.jpg 1024w, https:\/\/www.alevcamcioglu.com\/wp-content\/uploads\/2024\/06\/Yuz-Tipine-En-Uygun-Burun-Sekli-Nedir_-Nasil-Belirlenir-768x337.jpg 768w, https:\/\/www.alevcamcioglu.com\/wp-content\/uploads\/2024\/06\/Yuz-Tipine-En-Uygun-Burun-Sekli-Nedir_-Nasil-Belirlenir-370x162.jpg 370w, https:\/\/www.alevcamcioglu.com\/wp-content\/uploads\/2024\/06\/Yuz-Tipine-En-Uygun-Burun-Sekli-Nedir_-Nasil-Belirlenir-760x333.jpg 760w\" sizes=\"(max-width: 1140px) 100vw, 1140px\" title=\"\">\t\t\t\t\t\t\t<\/a>\n  \t\t\t\t\t\t\t  \t\t\t\t\t\t\t  \t\t\t\t\t\t<\/div>\n  \t\t\t\t\t\t  \t\t\t\t\t<\/div>\n          \t\t\t\t\t<div class=\"box-text text-center\" >\n\t\t\t\t\t<div class=\"box-text-inner blog-post-inner\">\n\n\t\t\t\t\t\n\t\t\t\t\t\t\t\t\t\t<h5 class=\"post-title is-large \">\n\t\t\t\t\t\t<a href=\"https:\/\/www.alevcamcioglu.com\/fr\/formes-et-types-de-nez\/\" class=\"plain\">Formes et types de nez<\/a>\n\t\t\t\t\t<\/h5>\n\t\t\t\t\t\t\t\t\t\t<div class=\"is-divider\"><\/div>\n\t\t\t\t\t                    \n\t\t\t\t\t\t\t\t\t\t\t<a href=\"https:\/\/www.alevcamcioglu.com\/fr\/formes-et-types-de-nez\/\" class=\"button primary is-outline is-small mb-0\">\n\t\t\t\t\t\t\tContinue Reading\t\t\t\t\t\t<\/a>\n\t\t\t\t\t\n\t\t\t\t\t\n\t\t\t\t\t<\/div>\n\t\t\t\t\t<\/div>\n\t\t\t\t\t\t\t\t\t\t\t\t\t\t\t\t<div class=\"badge absolute top post-date badge-circle\">\n\t\t\t\t\t\t\t<div class=\"badge-inner\">\n\t\t\t\t\t\t\t\t<span class=\"post-date-day\">14<\/span><br>\n\t\t\t\t\t\t\t\t<span class=\"post-date-month is-xsmall\">Juin<\/span>\n\t\t\t\t\t\t\t<\/div>\n\t\t\t\t\t\t<\/div>\n\t\t\t\t\t\t\t\t\t<\/div>\n\t\t\t<\/div>\n\t\t<\/div><\/div>\n\t\t<\/div>\n\t\t\t\t\t<\/div>\n\n\t\n<\/div>\n\t\t<\/div>\n\n\t\t\n<style>\n#section_2005353645 {\n  padding-top: 30px;\n  padding-bottom: 30px;\n}\n<\/style>\n\t<\/section>\n\t\n","protected":false},"excerpt":{"rendered":"","protected":false},"author":990002,"featured_media":2026,"parent":1689,"menu_order":0,"comment_status":"closed","ping_status":"closed","template":"page-blank.php","meta":{"footnotes":""},"class_list":["post-1816","page","type-page","status-publish","has-post-thumbnail","hentry"],"_links":{"self":[{"href":"https:\/\/www.alevcamcioglu.com\/fr\/wp-json\/wp\/v2\/pages\/1816","targetHints":{"allow":["GET"]}}],"collection":[{"href":"https:\/\/www.alevcamcioglu.com\/fr\/wp-json\/wp\/v2\/pages"}],"about":[{"href":"https:\/\/www.alevcamcioglu.com\/fr\/wp-json\/wp\/v2\/types\/page"}],"author":[{"embeddable":true,"href":"https:\/\/www.alevcamcioglu.com\/fr\/wp-json\/wp\/v2\/users\/990002"}],"replies":[{"embeddable":true,"href":"https:\/\/www.alevcamcioglu.com\/fr\/wp-json\/wp\/v2\/comments?post=1816"}],"version-history":[{"count":2,"href":"https:\/\/www.alevcamcioglu.com\/fr\/wp-json\/wp\/v2\/pages\/1816\/revisions"}],"predecessor-version":[{"id":11657,"href":"https:\/\/www.alevcamcioglu.com\/fr\/wp-json\/wp\/v2\/pages\/1816\/revisions\/11657"}],"up":[{"embeddable":true,"href":"https:\/\/www.alevcamcioglu.com\/fr\/wp-json\/wp\/v2\/pages\/1689"}],"wp:featuredmedia":[{"embeddable":true,"href":"https:\/\/www.alevcamcioglu.com\/fr\/wp-json\/wp\/v2\/media\/2026"}],"wp:attachment":[{"href":"https:\/\/www.alevcamcioglu.com\/fr\/wp-json\/wp\/v2\/media?parent=1816"}],"curies":[{"name":"wp","href":"https:\/\/api.w.org\/{rel}","templated":true}]}}