{"id":8564,"date":"2024-12-26T08:19:47","date_gmt":"2024-12-26T05:19:47","guid":{"rendered":"https:\/\/www.alevcamcioglu.com\/?page_id=8564"},"modified":"2026-03-23T11:15:59","modified_gmt":"2026-03-23T08:15:59","slug":"nasenlochverkleinerung","status":"publish","type":"page","link":"https:\/\/www.alevcamcioglu.com\/de\/nasen-op\/nasenlochverkleinerung\/","title":{"rendered":"Nasenl\u00f6cher Verkleinern OP"},"content":{"rendered":"\n\t<section class=\"section\" id=\"section_44511096\">\n\t\t<div class=\"section-bg fill\" >\n\t\t\t<img decoding=\"async\" width=\"1600\" height=\"900\" src=\"https:\/\/www.alevcamcioglu.com\/wp-content\/uploads\/2024\/12\/Burun-Deligi-Kucultme-Ameliyati-1.jpg\" class=\"bg attachment-2048x2048 size-2048x2048\" alt=\"\" title=\"\">\t\t\t\t\t\t\n\t\t\t\n\n\t\t<\/div>\n\n\t\t\n\n\t\t<div class=\"section-content relative\">\n\t\t\t\n\t\t<\/div>\n\n\t\t\n<style>\n#section_44511096 {\n  padding-top: 150px;\n  padding-bottom: 150px;\n}\n#section_44511096 .section-bg img {\n  object-position: 50% 42%;\n}\n@media (min-width:550px) {\n  #section_44511096 {\n    padding-top: 250px;\n    padding-bottom: 250px;\n  }\n}\n<\/style>\n\t<\/section>\n\t\n\n\t<section class=\"section\" id=\"section_128735923\">\n\t\t<div class=\"section-bg fill\" >\n\t\t\t\t\t\t\t\t\t\n\t\t\t\n\n\t\t<\/div>\n\n\t\t\n\n\t\t<div class=\"section-content relative\">\n\t\t\t\n<div class=\"row\"  id=\"row-1560671035\">\n\n\t<div id=\"col-215076212\" class=\"col show-for-small small-12 large-12\"  >\n\t\t\t\t<div class=\"col-inner text-center\"  >\n\t\t\t\n\t<div class=\"is-border\"\n\t\tstyle=\"border-color:rgb(75, 85, 173);border-radius:20px;border-width:1px 1px 1px 1px;\">\n\t<\/div>\n\t\t\t\n  <div id=\"page-header-983302083\" class=\"page-header-wrapper\">\n  <div class=\"page-title light simple-title\">\n\n    \n    <div class=\"page-title-inner container align-center text-center flex-row-col medium-flex-wrap\" >\n              <div class=\"title-wrapper flex-col\">\n          <h1 class=\"entry-title mb-0\">\n            Nasenl\u00f6cher Verkleinern OP          <\/h1>\n        <\/div>\n                    <div class=\"title-content flex-col\">\n        <div class=\"title-breadcrumbs pb-half pt-half\"><\/div>      <\/div>\n    <\/div>\n\n       <\/div>\n    <\/div>\n  \n\t\t<\/div>\n\t\t\t\t\t<\/div>\n\n\t\n<\/div>\n<div class=\"row\"  id=\"row-575532712\">\n\n\t<div id=\"col-727234326\" class=\"col medium-6 small-12 large-6\"  >\n\t\t\t\t<div class=\"col-inner\"  >\n\t\t\t\n\t\t\t\n  <div id=\"page-header-827587693\" class=\"page-header-wrapper\">\n  <div class=\"page-title hide-for-small light simple-title\">\n\n    \n    <div class=\"page-title-inner container align-center flex-row medium-flex-wrap\" >\n              <div class=\"title-wrapper flex-col text-left medium-text-center\">\n          <h1 class=\"entry-title mb-0\">\n            Nasenl\u00f6cher Verkleinern OP          <\/h1>\n        <\/div>\n                    <div class=\"title-content flex-col flex-right text-right medium-text-center\">\n        <div class=\"title-breadcrumbs pb-half pt-half\"><\/div>      <\/div>\n    <\/div>\n\n       <\/div>\n    <\/div>\n  \n\t<div id=\"gap-1237090580\" class=\"gap-element clearfix hide-for-small\" style=\"display:block; height:auto;\">\n\t\t\n<style>\n#gap-1237090580 {\n  padding-top: 30px;\n}\n<\/style>\n\t<\/div>\n\t\n<p><span style=\"font-weight: 400;\">Nasenl\u00f6cher verkleinern OP in der T\u00fcrkei ist ein \u00e4sthetisch-chirurgischer Eingriff der Rhinoplastik, bei dem zu gro\u00dfe oder asymmetrische Nasenfl\u00fcgel reduziert werden. Ziel der Operation ist ein harmonischeres Nasenprofil sowie eine proportionalere Anpassung der Nasenl\u00f6cher an die gesamte Gesichtsstruktur.<\/span><\/p>\n<p><span style=\"font-weight: 400;\">Kosten der Nasenl\u00f6cher Verkleinerung in der T\u00fcrkei liegen im internationalen Vergleich meist deutlich niedriger und beinhalten h\u00e4ufig Leistungen wie chirurgische Beratung, Operation im akkreditierten Krankenhaus sowie postoperative Kontrollen. Viele Kliniken bieten strukturierte Behandlungsprogramme f\u00fcr internationale Patienten an.<\/span><\/p>\n<p><span style=\"font-weight: 400;\">Ablauf einer Nasenfl\u00fcgelverkleinerung in der T\u00fcrkei umfasst pr\u00e4operative Analyse der Nasenstruktur, detaillierte chirurgische Planung und eine pr\u00e4zise Entfernung kleiner Gewebeanteile am Nasenfl\u00fcgelrand. Der Eingriff erfolgt meist unter lokaler Bet\u00e4ubung oder Vollnarkose und dauert in der Regel weniger als eine Stunde.<\/span><\/p>\n<p><span style=\"font-weight: 400;\">Heilungsprozess nach Nasenl\u00f6cher Verkleinerungsoperation verl\u00e4uft \u00fcblicherweise schnell, da die Schnitte an der nat\u00fcrlichen Nasenfalte platziert werden. Leichte Schwellungen und R\u00f6tungen k\u00f6nnen in den ersten Tagen auftreten, w\u00e4hrend die endg\u00fcltige Form der Nasen\u00f6ffnung innerhalb mehrerer Wochen sichtbar wird.<\/span><\/p>\n\t\t<\/div>\n\t\t\t\t\t<\/div>\n\n\t\n\n\t<div id=\"col-2036662815\" class=\"col medium-6 small-12 large-6\"  >\n\t\t\t\t<div class=\"col-inner\"  >\n\t\t\t\n\t\t\t\n\t<div class=\"img has-hover x md-x lg-x y md-y lg-y\" id=\"image_184539365\">\n\t\t\t\t\t\t\t\t<div class=\"img-inner image-cover dark\" style=\"padding-top:75%;\">\n\t\t\t<img decoding=\"async\" width=\"1242\" height=\"1062\" src=\"https:\/\/www.alevcamcioglu.com\/wp-content\/uploads\/2024\/10\/galeri35.jpg\" class=\"attachment-2048x2048 size-2048x2048\" alt=\"nasen op t\u00fcrkei vorher nachher\" srcset=\"https:\/\/www.alevcamcioglu.com\/wp-content\/uploads\/2024\/10\/galeri35.jpg 1242w, https:\/\/www.alevcamcioglu.com\/wp-content\/uploads\/2024\/10\/galeri35-468x400.jpg 468w, https:\/\/www.alevcamcioglu.com\/wp-content\/uploads\/2024\/10\/galeri35-936x800.jpg 936w, https:\/\/www.alevcamcioglu.com\/wp-content\/uploads\/2024\/10\/galeri35-768x657.jpg 768w, https:\/\/www.alevcamcioglu.com\/wp-content\/uploads\/2024\/10\/galeri35-770x658.jpg 770w, https:\/\/www.alevcamcioglu.com\/wp-content\/uploads\/2024\/10\/galeri35-370x316.jpg 370w\" sizes=\"(max-width: 1242px) 100vw, 1242px\" title=\"\">\t\t\t\t\t\t\n\t\t\t\t\t<\/div>\n\t\t\t\t\t\t\t\t\n<style>\n#image_184539365 {\n  width: 100%;\n}\n<\/style>\n\t<\/div>\n\t\n\t\t<\/div>\n\t\t\t\t\t<\/div>\n\n\t\n\n\t<div id=\"col-852107389\" class=\"col small-12 large-12\"  >\n\t\t\t\t<div class=\"col-inner\"  >\n\t\t\t\n\t\t\t\n\n\t<section class=\"section\" id=\"section_514486694\">\n\t\t<div class=\"section-bg fill\" >\n\t\t\t\t\t\t\t\t\t\n\t\t\t\n\n\t\t<\/div>\n\n\t\t\n\n\t\t<div class=\"section-content relative\">\n\t\t\t\n\n<div class=\"row\"  id=\"row-1806194731\">\n\n\n\t<div id=\"col-1049873101\" class=\"col small-12 large-12\"  >\n\t\t\t\t<div class=\"col-inner box-shadow-2\"  >\n\t\t\t\n\t\t\t\n\n<div class=\"row\"  id=\"row-1880115207\">\n\n\n\t<div id=\"col-73331855\" class=\"col show-for-small medium-3 small-12 large-3\"  >\n\t\t\t\t<div class=\"col-inner\"  >\n\t\t\t\n\t\t\t\n\n\t<div class=\"img has-hover x md-x lg-x y md-y lg-y\" id=\"image_805344315\">\n\t\t\t\t\t\t\t\t<div class=\"img-inner dark\" >\n\t\t\t<img decoding=\"async\" width=\"1231\" height=\"1280\" src=\"https:\/\/www.alevcamcioglu.com\/wp-content\/uploads\/2024\/10\/galeri61.webp\" class=\"attachment-2048x2048 size-2048x2048\" alt=\"Br\u00fcnette Frau vor und nach der Nasenkorrektur\" srcset=\"https:\/\/www.alevcamcioglu.com\/wp-content\/uploads\/2024\/10\/galeri61.webp 1231w, https:\/\/www.alevcamcioglu.com\/wp-content\/uploads\/2024\/10\/galeri61-385x400.webp 385w, https:\/\/www.alevcamcioglu.com\/wp-content\/uploads\/2024\/10\/galeri61-769x800.webp 769w, https:\/\/www.alevcamcioglu.com\/wp-content\/uploads\/2024\/10\/galeri61-768x799.webp 768w\" sizes=\"(max-width: 1231px) 100vw, 1231px\" title=\"\">\t\t\t\t\t\t\n\t\t\t\t\t<\/div>\n\t\t\t\t\t\t\t\t\n<style>\n#image_805344315 {\n  width: 100%;\n}\n<\/style>\n\t<\/div>\n\t\n\n\n\t\t<\/div>\n\t\t\t\t\n<style>\n#col-73331855 > .col-inner {\n  border-radius: 20px;\n}\n<\/style>\n\t<\/div>\n\n\t\n\n\t<div id=\"col-435334852\" class=\"col whatsapp-alani hide-for-small medium-3 small-12 large-3\"  >\n\t\t\t\t<div class=\"col-inner box-shadow-2\" style=\"background-color:rgb(37, 211, 102);\" >\n\t\t\t\n\t\t\t\n\n\t<div id=\"text-82393219\" class=\"text\">\n\t\t\n\n<div><a href=\"https:\/\/api.whatsapp.com\/send\/?phone=905324776496&amp;text=Merhaba%2C+https%3A%2F%2Fwww.alevcamcioglu.com%2F+adresinden+size+ula%C5%9F%C4%B1yorum.&amp;type=phone_number&amp;app_absent=0\"><span style=\"color: #ffffff;\">7\/24 WhatsApp<\/span>\r\n<span style=\"color: #ffffff;\">Jetzt <strong>klicken<\/strong>!<\/span><\/a><\/div>\n\t\t\n<style>\n#text-82393219 {\n  font-size: 1.5rem;\n  text-align: center;\n}\n<\/style>\n\t<\/div>\n\t\n\n\t\t<\/div>\n\t\t\t\t\n<style>\n#col-435334852 > .col-inner {\n  padding: 20px 0px 22px 0px;\n  margin: 0px 0px -31px 0px;\n}\n<\/style>\n\t<\/div>\n\n\t\n\n\t<div id=\"col-1159718296\" class=\"col show-for-small medium-3 small-12 large-3\"  >\n\t\t\t\t<div class=\"col-inner box-shadow-2\" style=\"background-color:rgb(37, 211, 102);\" >\n\t\t\t\n\t\t\t\n\n\t<div id=\"text-2595819451\" class=\"text\">\n\t\t\n\n<div><a href=\"https:\/\/api.whatsapp.com\/send\/?phone=905324776496&amp;text=Merhaba%2C+https%3A%2F%2Fwww.alevcamcioglu.com%2F+adresinden+size+ula%C5%9F%C4%B1yorum.&amp;type=phone_number&amp;app_absent=0\"><span style=\"color: #ffffff;\">7\/24 WhatsApp Jetzt <strong>klicken<\/strong>! <\/span><\/a><\/div>\n\t\t\n<style>\n#text-2595819451 {\n  font-size: 1.5rem;\n  text-align: center;\n}\n<\/style>\n\t<\/div>\n\t\n\n\t\t<\/div>\n\t\t\t\t\n<style>\n#col-1159718296 > .col-inner {\n  padding: 10px 10px 10px 10px;\n  margin: 0px 0px 0px 0px;\n  border-radius: 100px;\n}\n@media (min-width:550px) {\n  #col-1159718296 > .col-inner {\n    padding: 40px 0px 30px 0px;\n    margin: 0px 0px -40px 0px;\n  }\n}\n<\/style>\n\t<\/div>\n\n\t\n\n\t<div id=\"col-578933005\" class=\"col medium-9 small-12 large-9\"  >\n\t\t\t\t<div class=\"col-inner text-left\"  >\n\t\t\t\n\t<div class=\"is-border\"\n\t\tstyle=\"border-width:0px 0px 0px 0px;margin:0px 0px 0px 0px;\">\n\t<\/div>\n\t\t\t\n\n<div class=\"row\"  id=\"row-1300982974\">\n\n\n\t<div id=\"col-1648744043\" class=\"col small-12 large-12\"  >\n\t\t\t\t<div class=\"col-inner\"  >\n\t\t\t\n\t\t\t\n\n\n<div class=\"wpcf7 no-js\" id=\"wpcf7-f1469-o1\" lang=\"de-DE\" dir=\"ltr\" data-wpcf7-id=\"1469\">\n<div class=\"screen-reader-response\"><p role=\"status\" aria-live=\"polite\" aria-atomic=\"true\"><\/p> <ul><\/ul><\/div>\n<form action=\"\/de\/wp-json\/wp\/v2\/pages\/8564#wpcf7-f1469-o1\" method=\"post\" class=\"wpcf7-form init\" aria-label=\"Kontaktformular\" novalidate=\"novalidate\" data-status=\"init\">\n<fieldset class=\"hidden-fields-container\"><input type=\"hidden\" name=\"_wpcf7\" value=\"1469\" \/><input type=\"hidden\" name=\"_wpcf7_version\" value=\"6.1.5\" \/><input type=\"hidden\" name=\"_wpcf7_locale\" value=\"de_DE\" \/><input type=\"hidden\" name=\"_wpcf7_unit_tag\" value=\"wpcf7-f1469-o1\" \/><input type=\"hidden\" name=\"_wpcf7_container_post\" value=\"0\" \/><input type=\"hidden\" name=\"_wpcf7_posted_data_hash\" value=\"\" \/>\n<\/fieldset>\n<div class=\"sp-form\">\n\t<div class=\"col-row\">\n\t\t<div class=\"col-quarter\">\n\t\t\t<p><span class=\"wpcf7-form-control-wrap\" data-name=\"text-340\"><input size=\"40\" maxlength=\"400\" class=\"wpcf7-form-control wpcf7-text wpcf7-validates-as-required\" autocomplete=\"name\" aria-required=\"true\" aria-invalid=\"false\" placeholder=\"Name\" value=\"\" type=\"text\" name=\"text-340\" \/><\/span>\n\t\t\t<\/p>\n\t\t<\/div>\n\t\t<div class=\"col-quarter\">\n\t\t\t<p><span class=\"wpcf7-form-control-wrap\" data-name=\"tel-10\"><input size=\"40\" maxlength=\"400\" class=\"wpcf7-form-control wpcf7-tel wpcf7-validates-as-required wpcf7-text wpcf7-validates-as-tel\" autocomplete=\"name\" aria-required=\"true\" aria-invalid=\"false\" placeholder=\"Telefon\" value=\"\" type=\"tel\" name=\"tel-10\" \/><\/span>\n\t\t\t<\/p>\n\t\t<\/div>\n\t\t<div class=\"col-quarter\">\n\t\t\t<p><span class=\"wpcf7-form-control-wrap\" data-name=\"email-563\"><input size=\"40\" maxlength=\"400\" class=\"wpcf7-form-control wpcf7-email wpcf7-validates-as-required wpcf7-text wpcf7-validates-as-email\" autocomplete=\"name\" aria-required=\"true\" aria-invalid=\"false\" placeholder=\"E-Mail\" value=\"\" type=\"email\" name=\"email-563\" \/><\/span>\n\t\t\t<\/p>\n\t\t<\/div>\n\t\t<div class=\"col-quarter\">\n\t\t\t<p><input class=\"wpcf7-form-control wpcf7-submit has-spinner\" type=\"submit\" value=\"EINREICHEN\" \/>\n\t\t\t<\/p>\n\t\t<\/div>\n\t<\/div>\n<\/div><p style=\"display: none !important;\" class=\"akismet-fields-container\" data-prefix=\"_wpcf7_ak_\"><label>&#916;<textarea name=\"_wpcf7_ak_hp_textarea\" cols=\"45\" rows=\"8\" maxlength=\"100\"><\/textarea><\/label><input type=\"hidden\" id=\"ak_js_1\" name=\"_wpcf7_ak_js\" value=\"1\"\/><script type=\"text\/javascript\">\n\/* <![CDATA[ *\/\ndocument.getElementById( \"ak_js_1\" ).setAttribute( \"value\", ( new Date() ).getTime() );\n\/* ]]> *\/\n<\/script>\n<\/p><div class=\"wpcf7-response-output\" aria-hidden=\"true\"><\/div>\n<\/form>\n<\/div>\n\n\n\n\t\t<\/div>\n\t\t\t\t\n<style>\n#col-1648744043 > .col-inner {\n  margin: 0px 0px -70px 0px;\n}\n<\/style>\n\t<\/div>\n\n\t\n\n\t<div id=\"col-824317182\" class=\"col small-12 large-12\"  >\n\t\t\t\t<div class=\"col-inner\"  >\n\t\t\t\n\t\t\t\n\n\t<div id=\"text-3719543745\" class=\"text\">\n\t\t\n\n<p><span style=\"font-size: 50%;\">Wir empfehlen, alle Felder auszuf\u00fcllen, damit wir Sie bez\u00fcglich * bestm\u00f6glich kontaktieren k\u00f6nnen.<\/span><\/p>\n\t\t\n<style>\n#text-3719543745 {\n  font-size: 1.15rem;\n  line-height: 0.75;\n}\n<\/style>\n\t<\/div>\n\t\n\n\t\t<\/div>\n\t\t\t\t\n<style>\n#col-824317182 > .col-inner {\n  margin: 0px 0px -40px 0px;\n}\n<\/style>\n\t<\/div>\n\n\t\n\n<\/div>\n\n\t\t<\/div>\n\t\t\t\t\n<style>\n#col-578933005 > .col-inner {\n  padding: 0px 0px 0px 0px;\n  margin: 0px 0px -20px 0px;\n}\n@media (min-width:550px) {\n  #col-578933005 > .col-inner {\n    padding: 20px 0px 0px 0px;\n    margin: 0px 0px -66px 0px;\n  }\n}\n<\/style>\n\t<\/div>\n\n\t\n\n<\/div>\n\n\t\t<\/div>\n\t\t\t\t\n<style>\n#col-1049873101 > .col-inner {\n  padding: 30px 10px 0px 10px;\n  border-radius: 30px;\n}\n@media (min-width:550px) {\n  #col-1049873101 > .col-inner {\n    padding: 0px 20px 0px 0px;\n  }\n}\n<\/style>\n\t<\/div>\n\n\t\n\n<\/div>\n\n\t\t<\/div>\n\n\t\t\n<style>\n#section_514486694 {\n  padding-top: 30px;\n  padding-bottom: 30px;\n}\n<\/style>\n\t<\/section>\n\t\n<h2>Was ist eine Nasenlochverkleinerungs-OP?<\/h2>\n<p><img decoding=\"async\" class=\"alignnone size-full wp-image-11012\" src=\"https:\/\/www.alevcamcioglu.com\/wp-content\/uploads\/2025\/09\/Dr.-Alev-Camcioglu-wahrend-einer-Nasenlocher-Verkleinern-OP-in-der-Turkei.jpeg\" alt=\"\" width=\"952\" height=\"1280\" title=\"\" srcset=\"https:\/\/www.alevcamcioglu.com\/wp-content\/uploads\/2025\/09\/Dr.-Alev-Camcioglu-wahrend-einer-Nasenlocher-Verkleinern-OP-in-der-Turkei.jpeg 952w, https:\/\/www.alevcamcioglu.com\/wp-content\/uploads\/2025\/09\/Dr.-Alev-Camcioglu-wahrend-einer-Nasenlocher-Verkleinern-OP-in-der-Turkei-298x400.jpeg 298w, https:\/\/www.alevcamcioglu.com\/wp-content\/uploads\/2025\/09\/Dr.-Alev-Camcioglu-wahrend-einer-Nasenlocher-Verkleinern-OP-in-der-Turkei-595x800.jpeg 595w, https:\/\/www.alevcamcioglu.com\/wp-content\/uploads\/2025\/09\/Dr.-Alev-Camcioglu-wahrend-einer-Nasenlocher-Verkleinern-OP-in-der-Turkei-768x1033.jpeg 768w\" sizes=\"(max-width: 952px) 100vw, 952px\" \/><\/p>\n<p>Die Nasenlochverkleinerungs-OP, medizinisch als Alar-Basis-Reduktion bezeichnet, hat eine lange Geschichte. Erstmals 1892 stellte Dr. Robert Weir diese Technik vor, bei der Gewebe an der Alarbasis entfernt wird, um die Nasenl\u00f6cher zu verkleinern. Obwohl die M\u00f6glichkeiten der \u00e4sthetischen Chirurgie damals begrenzt waren, legte dieser innovative Ansatz die Grundlagen f\u00fcr moderne Nasen-OPs. Dank technologischer Fortschritte und verfeinerter chirurgischer Methoden erzielt der Eingriff heute pr\u00e4zisere und erfolgreichere Ergebnisse. Eine direkte FDA-Zulassung f\u00fcr die Operation ist nicht erforderlich, jedoch werden die eingesetzten medizinischen Ger\u00e4te und Materialien von Beh\u00f6rden wie der FDA auf Sicherheit gepr\u00fcft. So erfolgt die Behandlung in einem \u00e4sthetisch wie gesundheitlich sicheren Rahmen. Im Laufe der Zeit hat sich dieser Eingriff stetig weiterentwickelt und erm\u00f6glicht Patient*innen heute ein nat\u00fcrliches, ausgewogenes Erscheinungsbild ihrer Gesichtsz\u00fcge.<\/p>\n\n\t<section class=\"section\" id=\"section_1841163799\">\n\t\t<div class=\"section-bg fill\" >\n\t\t\t\t\t\t\t\t\t\n\t\t\t\n\n\t\t<\/div>\n\n\t\t\n\n\t\t<div class=\"section-content relative\">\n\t\t\t\n\n<div class=\"row\"  id=\"row-1041231836\">\n\n\n\t<div id=\"col-1360305501\" class=\"col small-12 large-12\"  >\n\t\t\t\t<div class=\"col-inner box-shadow-2\"  >\n\t\t\t\n\t<div class=\"is-border\"\n\t\tstyle=\"border-color:rgb(0, 0, 76);border-radius:15px;border-width:2px 2px 2px 2px;\">\n\t<\/div>\n\t\t\t\n\n<div class=\"row row-full-width align-center\"  id=\"row-568339396\">\n\n\n\t<div id=\"col-97288146\" class=\"col small-12 large-12\"  >\n\t\t\t\t<div class=\"col-inner\"  >\n\t\t\t\n\t\t\t\n\n\t<div id=\"text-223137167\" class=\"text\">\n\t\t\n\n<h2 data-pm-slice=\"1 1 &#091;&#093;\"><span style=\"font-size: 75%;\">6 Gr\u00fcnde f\u00fcr eine  in Istanbul<\/span><\/h2>\n\t\t\n<style>\n#text-223137167 {\n  font-size: 2rem;\n  text-align: center;\n  color: #000065;\n}\n#text-223137167 > * {\n  color: #000065;\n}\n@media (min-width:550px) {\n  #text-223137167 {\n    font-size: 1.2rem;\n  }\n}\n<\/style>\n\t<\/div>\n\t\n\n\t\t<\/div>\n\t\t\t\t\t<\/div>\n\n\t\n\n\t<div id=\"col-1295470815\" class=\"col medium-2 small-6 large-2\"  >\n\t\t\t\t<div class=\"col-inner\"  >\n\t\t\t\n\t\t\t\n\n\t<div class=\"box has-hover   has-hover box-text-bottom\" >\n\n\t\t<div class=\"box-image\" style=\"width:60%;\">\n\t\t\t\t\t\t<div class=\"image-cover\" style=\"padding-top:100%;\">\n\t\t\t\t<img decoding=\"async\" width=\"200\" height=\"200\" src=\"https:\/\/www.alevcamcioglu.com\/wp-content\/uploads\/2025\/04\/Proven-Results.png\" class=\"attachment-2048x2048 size-2048x2048\" alt=\"\" title=\"\">\t\t\t\t\t\t\t\t\t\t\t<\/div>\n\t\t\t\t\t<\/div>\n\n\t\t<div class=\"box-text text-center\" >\n\t\t\t<div class=\"box-text-inner\">\n\t\t\t\t\n\n\t<div id=\"text-1760810322\" class=\"text\">\n\t\t\n\n<p>Bew\u00e4hrte Ergebnisse<\/p>\n\n\t\t\n<style>\n#text-1760810322 {\n  font-size: 1rem;\n  color: #404040;\n}\n#text-1760810322 > * {\n  color: #404040;\n}\n<\/style>\n\t<\/div>\n\t\n\n\t\t\t<\/div>\n\t\t<\/div>\n\t<\/div>\n\t\n\n\t\t<\/div>\n\t\t\t\t\t<\/div>\n\n\t\n\n\t<div id=\"col-409767477\" class=\"col medium-2 small-6 large-2\"  >\n\t\t\t\t<div class=\"col-inner\"  >\n\t\t\t\n\t\t\t\n\n\t<div class=\"box has-hover   has-hover box-text-bottom\" >\n\n\t\t<div class=\"box-image\" style=\"width:60%;\">\n\t\t\t\t\t\t<div class=\"image-cover\" style=\"padding-top:100%;\">\n\t\t\t\t<img decoding=\"async\" width=\"200\" height=\"200\" src=\"https:\/\/www.alevcamcioglu.com\/wp-content\/uploads\/2025\/04\/5-Star-Reviews.png\" class=\"attachment-2048x2048 size-2048x2048\" alt=\"\" title=\"\">\t\t\t\t\t\t\t\t\t\t\t<\/div>\n\t\t\t\t\t<\/div>\n\n\t\t<div class=\"box-text text-center\" >\n\t\t\t<div class=\"box-text-inner\">\n\t\t\t\t\n\n\t<div id=\"text-346186483\" class=\"text\">\n\t\t\n\n<p>5-Sterne-Bewertungen<\/p>\n\n\t\t\n<style>\n#text-346186483 {\n  font-size: 1rem;\n  color: #404040;\n}\n#text-346186483 > * {\n  color: #404040;\n}\n<\/style>\n\t<\/div>\n\t\n\n\t\t\t<\/div>\n\t\t<\/div>\n\t<\/div>\n\t\n\n\t\t<\/div>\n\t\t\t\t\t<\/div>\n\n\t\n\n\t<div id=\"col-1098332552\" class=\"col medium-2 small-6 large-2\"  >\n\t\t\t\t<div class=\"col-inner\"  >\n\t\t\t\n\t\t\t\n\n\t<div class=\"box has-hover   has-hover box-text-bottom\" >\n\n\t\t<div class=\"box-image\" style=\"width:60%;\">\n\t\t\t\t\t\t<div class=\"image-cover\" style=\"padding-top:100%;\">\n\t\t\t\t<img decoding=\"async\" width=\"200\" height=\"200\" src=\"https:\/\/www.alevcamcioglu.com\/wp-content\/uploads\/2025\/04\/All-Inclusive-Packages.png\" class=\"attachment-2048x2048 size-2048x2048\" alt=\"\" title=\"\">\t\t\t\t\t\t\t\t\t\t\t<\/div>\n\t\t\t\t\t<\/div>\n\n\t\t<div class=\"box-text text-center\" >\n\t\t\t<div class=\"box-text-inner\">\n\t\t\t\t\n\n\t<div id=\"text-3782822656\" class=\"text\">\n\t\t\n\n<p>All-Inclusive-Pakete<\/p>\n\n\t\t\n<style>\n#text-3782822656 {\n  font-size: 1rem;\n  color: #404040;\n}\n#text-3782822656 > * {\n  color: #404040;\n}\n<\/style>\n\t<\/div>\n\t\n\n\t\t\t<\/div>\n\t\t<\/div>\n\t<\/div>\n\t\n\n\t\t<\/div>\n\t\t\t\t\t<\/div>\n\n\t\n\n\t<div id=\"col-20052024\" class=\"col medium-2 small-6 large-2\"  >\n\t\t\t\t<div class=\"col-inner\"  >\n\t\t\t\n\t\t\t\n\n\t<div class=\"box has-hover   has-hover box-text-bottom\" >\n\n\t\t<div class=\"box-image\" style=\"width:60%;\">\n\t\t\t\t\t\t<div class=\"image-cover\" style=\"padding-top:100%;\">\n\t\t\t\t<img decoding=\"async\" width=\"200\" height=\"200\" src=\"https:\/\/www.alevcamcioglu.com\/wp-content\/uploads\/2025\/04\/Luxury-Hotels.png\" class=\"attachment-2048x2048 size-2048x2048\" alt=\"\" title=\"\">\t\t\t\t\t\t\t\t\t\t\t<\/div>\n\t\t\t\t\t<\/div>\n\n\t\t<div class=\"box-text text-center\" >\n\t\t\t<div class=\"box-text-inner\">\n\t\t\t\t\n\n\t<div id=\"text-1881210995\" class=\"text\">\n\t\t\n\n<p>Luxushotels<\/p>\n\n\t\t\n<style>\n#text-1881210995 {\n  font-size: 1rem;\n  color: #404040;\n}\n#text-1881210995 > * {\n  color: #404040;\n}\n<\/style>\n\t<\/div>\n\t\n\n\t\t\t<\/div>\n\t\t<\/div>\n\t<\/div>\n\t\n\n\t\t<\/div>\n\t\t\t\t\t<\/div>\n\n\t\n\n\t<div id=\"col-329607298\" class=\"col medium-2 small-6 large-2\"  >\n\t\t\t\t<div class=\"col-inner\"  >\n\t\t\t\n\t\t\t\n\n\t<div class=\"box has-hover   has-hover box-text-bottom\" >\n\n\t\t<div class=\"box-image\" style=\"width:60%;\">\n\t\t\t\t\t\t<div class=\"image-cover\" style=\"padding-top:100%;\">\n\t\t\t\t<img decoding=\"async\" width=\"200\" height=\"200\" src=\"https:\/\/www.alevcamcioglu.com\/wp-content\/uploads\/2025\/04\/Accredited-Hospitals.png\" class=\"attachment-2048x2048 size-2048x2048\" alt=\"\" title=\"\">\t\t\t\t\t\t\t\t\t\t\t<\/div>\n\t\t\t\t\t<\/div>\n\n\t\t<div class=\"box-text text-center\" >\n\t\t\t<div class=\"box-text-inner\">\n\t\t\t\t\n\n\t<div id=\"text-1754324473\" class=\"text\">\n\t\t\n\n<p>Akkreditierte Krankenh\u00e4user<\/p>\n\n\t\t\n<style>\n#text-1754324473 {\n  font-size: 1rem;\n  color: #404040;\n}\n#text-1754324473 > * {\n  color: #404040;\n}\n<\/style>\n\t<\/div>\n\t\n\n\t\t\t<\/div>\n\t\t<\/div>\n\t<\/div>\n\t\n\n\t\t<\/div>\n\t\t\t\t\t<\/div>\n\n\t\n\n\t<div id=\"col-1206266456\" class=\"col medium-2 small-6 large-2\"  >\n\t\t\t\t<div class=\"col-inner\"  >\n\t\t\t\n\t\t\t\n\n\t<div class=\"box has-hover   has-hover box-text-bottom\" >\n\n\t\t<div class=\"box-image\" style=\"width:60%;\">\n\t\t\t\t\t\t<div class=\"image-cover\" style=\"padding-top:100%;\">\n\t\t\t\t<img decoding=\"async\" width=\"200\" height=\"200\" src=\"https:\/\/www.alevcamcioglu.com\/wp-content\/uploads\/2025\/04\/Waiting.png\" class=\"attachment-2048x2048 size-2048x2048\" alt=\"\" title=\"\">\t\t\t\t\t\t\t\t\t\t\t<\/div>\n\t\t\t\t\t<\/div>\n\n\t\t<div class=\"box-text text-center\" >\n\t\t\t<div class=\"box-text-inner\">\n\t\t\t\t\n\n\t<div id=\"text-1617441688\" class=\"text\">\n\t\t\n\n<p>Postoperative Betreuung<\/p>\n\n\t\t\n<style>\n#text-1617441688 {\n  font-size: 1rem;\n  color: #404040;\n}\n#text-1617441688 > * {\n  color: #404040;\n}\n<\/style>\n\t<\/div>\n\t\n\n\t\t\t<\/div>\n\t\t<\/div>\n\t<\/div>\n\t\n\n\t\t<\/div>\n\t\t\t\t\t<\/div>\n\n\t\n\n<\/div>\n\n\t\t<\/div>\n\t\t\t\t\n<style>\n#col-1360305501 > .col-inner {\n  padding: 30px 0px 0px 30px;\n  border-radius: 15px;\n}\n<\/style>\n\t<\/div>\n\n\t\n\n<\/div>\n\n\t\t<\/div>\n\n\t\t\n<style>\n#section_1841163799 {\n  padding-top: 30px;\n  padding-bottom: 30px;\n}\n<\/style>\n\t<\/section>\n\t\r\n\r\n\n\t<section class=\"section\" id=\"section_1710655887\">\n\t\t<div class=\"section-bg fill\" >\n\t\t\t\t\t\t\t\t\t\n\t\t\t\n\n\t\t<\/div>\n\n\t\t\n\n\t\t<div class=\"section-content relative\">\n\t\t\t\r\n\r\n<div class=\"row\"  id=\"row-1478613684\">\r\n\r\n\n\t<div id=\"col-238161591\" class=\"col small-12 large-12\"  >\n\t\t\t\t<div class=\"col-inner text-center\"  >\n\t\t\t\n\t\t\t\r\n\r\n\t<div id=\"text-1083563469\" class=\"text\">\n\t\t\r\n<h2>\u00a0Vorher-Nachher-Fotos in der T\u00fcrkei<\/h2>\r\n\t\t\n<style>\n#text-1083563469 {\n  font-size: 1.25rem;\n  text-align: center;\n  color: rgb(243, 58, 58);\n}\n#text-1083563469 > * {\n  color: rgb(243, 58, 58);\n}\n<\/style>\n\t<\/div>\n\t\r\n\n  \n    <div class=\"row large-columns-4 medium-columns-3 small-columns-2 slider row-slider slider-nav-circle slider-nav-outside slider-nav-push\"  data-flickity-options='{&quot;imagesLoaded&quot;: true, &quot;groupCells&quot;: &quot;100%&quot;, &quot;dragThreshold&quot; : 5, &quot;cellAlign&quot;: &quot;left&quot;,&quot;wrapAround&quot;: true,&quot;prevNextButtons&quot;: true,&quot;percentPosition&quot;: true,&quot;pageDots&quot;: false, &quot;rightToLeft&quot;: false, &quot;autoPlay&quot; : false}' >\n\n  <div class=\"gallery-col col\" >\n          <div class=\"col-inner\">\n            <a class=\"image-lightbox lightbox-gallery\" href=\"https:\/\/www.alevcamcioglu.com\/wp-content\/uploads\/2024\/11\/Nasenkorrektur-Vorher-Nachher-Foto-in-der-Turkei-1.jpg\" title=\"\">            <div class=\"box has-hover gallery-box box-normal\">\n              <div class=\"box-image\" >\n                <img decoding=\"async\" width=\"320\" height=\"400\" src=\"https:\/\/www.alevcamcioglu.com\/wp-content\/uploads\/2024\/11\/Nasenkorrektur-Vorher-Nachher-Foto-in-der-Turkei-1-320x400.jpg\" class=\"attachment-medium size-medium\" alt=\"\" ids=\"8946,8952,8958,8964,8970,8976,8982,8988,8994,9000,9006,9012,9018,9024,9030,9036,9042,9048,9054,9060,9066,9072,9078,9084,9090,9096,9102,9108,9114,9120,9126,9132,9138,9144,9150,9156,9162,9168,9174,9180,9186,9192,9198,9204\" style=\"normal\" lightbox_image_size=\"2048x2048\" type=\"slider\" slider_nav_style=\"circle\" slider_nav_position=\"outside\" srcset=\"https:\/\/www.alevcamcioglu.com\/wp-content\/uploads\/2024\/11\/Nasenkorrektur-Vorher-Nachher-Foto-in-der-Turkei-1-320x400.jpg 320w, https:\/\/www.alevcamcioglu.com\/wp-content\/uploads\/2024\/11\/Nasenkorrektur-Vorher-Nachher-Foto-in-der-Turkei-1-640x800.jpg 640w, https:\/\/www.alevcamcioglu.com\/wp-content\/uploads\/2024\/11\/Nasenkorrektur-Vorher-Nachher-Foto-in-der-Turkei-1-768x960.jpg 768w, https:\/\/www.alevcamcioglu.com\/wp-content\/uploads\/2024\/11\/Nasenkorrektur-Vorher-Nachher-Foto-in-der-Turkei-1.jpg 1200w\" sizes=\"(max-width: 320px) 100vw, 320px\" title=\"\">                                                              <\/div>\n              <div class=\"box-text text-left\" >\n                 <p><\/p>\n              <\/div>\n            <\/div>\n            <\/a>          <\/div>\n         <\/div><div class=\"gallery-col col\" >\n          <div class=\"col-inner\">\n            <a class=\"image-lightbox lightbox-gallery\" href=\"https:\/\/www.alevcamcioglu.com\/wp-content\/uploads\/2024\/11\/Nasenkorrektur-Vorher-Nachher-Foto-in-der-Turkei-2.jpg\" title=\"\">            <div class=\"box has-hover gallery-box box-normal\">\n              <div class=\"box-image\" >\n                <img decoding=\"async\" width=\"320\" height=\"400\" src=\"https:\/\/www.alevcamcioglu.com\/wp-content\/uploads\/2024\/11\/Nasenkorrektur-Vorher-Nachher-Foto-in-der-Turkei-2-320x400.jpg\" class=\"attachment-medium size-medium\" alt=\"\" ids=\"8946,8952,8958,8964,8970,8976,8982,8988,8994,9000,9006,9012,9018,9024,9030,9036,9042,9048,9054,9060,9066,9072,9078,9084,9090,9096,9102,9108,9114,9120,9126,9132,9138,9144,9150,9156,9162,9168,9174,9180,9186,9192,9198,9204\" style=\"normal\" lightbox_image_size=\"2048x2048\" type=\"slider\" slider_nav_style=\"circle\" slider_nav_position=\"outside\" srcset=\"https:\/\/www.alevcamcioglu.com\/wp-content\/uploads\/2024\/11\/Nasenkorrektur-Vorher-Nachher-Foto-in-der-Turkei-2-320x400.jpg 320w, https:\/\/www.alevcamcioglu.com\/wp-content\/uploads\/2024\/11\/Nasenkorrektur-Vorher-Nachher-Foto-in-der-Turkei-2-640x800.jpg 640w, https:\/\/www.alevcamcioglu.com\/wp-content\/uploads\/2024\/11\/Nasenkorrektur-Vorher-Nachher-Foto-in-der-Turkei-2-768x960.jpg 768w, https:\/\/www.alevcamcioglu.com\/wp-content\/uploads\/2024\/11\/Nasenkorrektur-Vorher-Nachher-Foto-in-der-Turkei-2.jpg 1200w\" sizes=\"(max-width: 320px) 100vw, 320px\" title=\"\">                                                              <\/div>\n              <div class=\"box-text text-left\" >\n                 <p><\/p>\n              <\/div>\n            <\/div>\n            <\/a>          <\/div>\n         <\/div><div class=\"gallery-col col\" >\n          <div class=\"col-inner\">\n            <a class=\"image-lightbox lightbox-gallery\" href=\"https:\/\/www.alevcamcioglu.com\/wp-content\/uploads\/2024\/11\/Nasenkorrektur-Vorher-Nachher-Foto-in-der-Turkei-3.jpg\" title=\"\">            <div class=\"box has-hover gallery-box box-normal\">\n              <div class=\"box-image\" >\n                <img decoding=\"async\" width=\"320\" height=\"400\" src=\"https:\/\/www.alevcamcioglu.com\/wp-content\/uploads\/2024\/11\/Nasenkorrektur-Vorher-Nachher-Foto-in-der-Turkei-3-320x400.jpg\" class=\"attachment-medium size-medium\" alt=\"\" ids=\"8946,8952,8958,8964,8970,8976,8982,8988,8994,9000,9006,9012,9018,9024,9030,9036,9042,9048,9054,9060,9066,9072,9078,9084,9090,9096,9102,9108,9114,9120,9126,9132,9138,9144,9150,9156,9162,9168,9174,9180,9186,9192,9198,9204\" style=\"normal\" lightbox_image_size=\"2048x2048\" type=\"slider\" slider_nav_style=\"circle\" slider_nav_position=\"outside\" srcset=\"https:\/\/www.alevcamcioglu.com\/wp-content\/uploads\/2024\/11\/Nasenkorrektur-Vorher-Nachher-Foto-in-der-Turkei-3-320x400.jpg 320w, https:\/\/www.alevcamcioglu.com\/wp-content\/uploads\/2024\/11\/Nasenkorrektur-Vorher-Nachher-Foto-in-der-Turkei-3-640x800.jpg 640w, https:\/\/www.alevcamcioglu.com\/wp-content\/uploads\/2024\/11\/Nasenkorrektur-Vorher-Nachher-Foto-in-der-Turkei-3-768x960.jpg 768w, https:\/\/www.alevcamcioglu.com\/wp-content\/uploads\/2024\/11\/Nasenkorrektur-Vorher-Nachher-Foto-in-der-Turkei-3.jpg 1200w\" sizes=\"(max-width: 320px) 100vw, 320px\" title=\"\">                                                              <\/div>\n              <div class=\"box-text text-left\" >\n                 <p><\/p>\n              <\/div>\n            <\/div>\n            <\/a>          <\/div>\n         <\/div><div class=\"gallery-col col\" >\n          <div class=\"col-inner\">\n            <a class=\"image-lightbox lightbox-gallery\" href=\"https:\/\/www.alevcamcioglu.com\/wp-content\/uploads\/2024\/11\/Nasenkorrektur-Vorher-Nachher-Foto-in-der-Turkei-4.jpg\" title=\"\">            <div class=\"box has-hover gallery-box box-normal\">\n              <div class=\"box-image\" >\n                <img decoding=\"async\" width=\"320\" height=\"400\" src=\"https:\/\/www.alevcamcioglu.com\/wp-content\/uploads\/2024\/11\/Nasenkorrektur-Vorher-Nachher-Foto-in-der-Turkei-4-320x400.jpg\" class=\"attachment-medium size-medium\" alt=\"\" ids=\"8946,8952,8958,8964,8970,8976,8982,8988,8994,9000,9006,9012,9018,9024,9030,9036,9042,9048,9054,9060,9066,9072,9078,9084,9090,9096,9102,9108,9114,9120,9126,9132,9138,9144,9150,9156,9162,9168,9174,9180,9186,9192,9198,9204\" style=\"normal\" lightbox_image_size=\"2048x2048\" type=\"slider\" slider_nav_style=\"circle\" slider_nav_position=\"outside\" srcset=\"https:\/\/www.alevcamcioglu.com\/wp-content\/uploads\/2024\/11\/Nasenkorrektur-Vorher-Nachher-Foto-in-der-Turkei-4-320x400.jpg 320w, https:\/\/www.alevcamcioglu.com\/wp-content\/uploads\/2024\/11\/Nasenkorrektur-Vorher-Nachher-Foto-in-der-Turkei-4-640x800.jpg 640w, https:\/\/www.alevcamcioglu.com\/wp-content\/uploads\/2024\/11\/Nasenkorrektur-Vorher-Nachher-Foto-in-der-Turkei-4-768x960.jpg 768w, https:\/\/www.alevcamcioglu.com\/wp-content\/uploads\/2024\/11\/Nasenkorrektur-Vorher-Nachher-Foto-in-der-Turkei-4.jpg 1200w\" sizes=\"(max-width: 320px) 100vw, 320px\" title=\"\">                                                              <\/div>\n              <div class=\"box-text text-left\" >\n                 <p><\/p>\n              <\/div>\n            <\/div>\n            <\/a>          <\/div>\n         <\/div><div class=\"gallery-col col\" >\n          <div class=\"col-inner\">\n            <a class=\"image-lightbox lightbox-gallery\" href=\"https:\/\/www.alevcamcioglu.com\/wp-content\/uploads\/2024\/11\/Nasenkorrektur-Vorher-Nachher-Foto-in-der-Turkei-5.jpg\" title=\"\">            <div class=\"box has-hover gallery-box box-normal\">\n              <div class=\"box-image\" >\n                <img decoding=\"async\" width=\"320\" height=\"400\" src=\"https:\/\/www.alevcamcioglu.com\/wp-content\/uploads\/2024\/11\/Nasenkorrektur-Vorher-Nachher-Foto-in-der-Turkei-5-320x400.jpg\" class=\"attachment-medium size-medium\" alt=\"\" ids=\"8946,8952,8958,8964,8970,8976,8982,8988,8994,9000,9006,9012,9018,9024,9030,9036,9042,9048,9054,9060,9066,9072,9078,9084,9090,9096,9102,9108,9114,9120,9126,9132,9138,9144,9150,9156,9162,9168,9174,9180,9186,9192,9198,9204\" style=\"normal\" lightbox_image_size=\"2048x2048\" type=\"slider\" slider_nav_style=\"circle\" slider_nav_position=\"outside\" srcset=\"https:\/\/www.alevcamcioglu.com\/wp-content\/uploads\/2024\/11\/Nasenkorrektur-Vorher-Nachher-Foto-in-der-Turkei-5-320x400.jpg 320w, https:\/\/www.alevcamcioglu.com\/wp-content\/uploads\/2024\/11\/Nasenkorrektur-Vorher-Nachher-Foto-in-der-Turkei-5-640x800.jpg 640w, https:\/\/www.alevcamcioglu.com\/wp-content\/uploads\/2024\/11\/Nasenkorrektur-Vorher-Nachher-Foto-in-der-Turkei-5-768x960.jpg 768w, https:\/\/www.alevcamcioglu.com\/wp-content\/uploads\/2024\/11\/Nasenkorrektur-Vorher-Nachher-Foto-in-der-Turkei-5.jpg 1200w\" sizes=\"(max-width: 320px) 100vw, 320px\" title=\"\">                                                              <\/div>\n              <div class=\"box-text text-left\" >\n                 <p><\/p>\n              <\/div>\n            <\/div>\n            <\/a>          <\/div>\n         <\/div><div class=\"gallery-col col\" >\n          <div class=\"col-inner\">\n            <a class=\"image-lightbox lightbox-gallery\" href=\"https:\/\/www.alevcamcioglu.com\/wp-content\/uploads\/2024\/11\/Nasenkorrektur-Vorher-Nachher-Foto-in-der-Turkei-6.jpg\" title=\"\">            <div class=\"box has-hover gallery-box box-normal\">\n              <div class=\"box-image\" >\n                <img decoding=\"async\" width=\"320\" height=\"400\" src=\"https:\/\/www.alevcamcioglu.com\/wp-content\/uploads\/2024\/11\/Nasenkorrektur-Vorher-Nachher-Foto-in-der-Turkei-6-320x400.jpg\" class=\"attachment-medium size-medium\" alt=\"\" ids=\"8946,8952,8958,8964,8970,8976,8982,8988,8994,9000,9006,9012,9018,9024,9030,9036,9042,9048,9054,9060,9066,9072,9078,9084,9090,9096,9102,9108,9114,9120,9126,9132,9138,9144,9150,9156,9162,9168,9174,9180,9186,9192,9198,9204\" style=\"normal\" lightbox_image_size=\"2048x2048\" type=\"slider\" slider_nav_style=\"circle\" slider_nav_position=\"outside\" srcset=\"https:\/\/www.alevcamcioglu.com\/wp-content\/uploads\/2024\/11\/Nasenkorrektur-Vorher-Nachher-Foto-in-der-Turkei-6-320x400.jpg 320w, https:\/\/www.alevcamcioglu.com\/wp-content\/uploads\/2024\/11\/Nasenkorrektur-Vorher-Nachher-Foto-in-der-Turkei-6-640x800.jpg 640w, https:\/\/www.alevcamcioglu.com\/wp-content\/uploads\/2024\/11\/Nasenkorrektur-Vorher-Nachher-Foto-in-der-Turkei-6-768x960.jpg 768w, https:\/\/www.alevcamcioglu.com\/wp-content\/uploads\/2024\/11\/Nasenkorrektur-Vorher-Nachher-Foto-in-der-Turkei-6.jpg 1200w\" sizes=\"(max-width: 320px) 100vw, 320px\" title=\"\">                                                              <\/div>\n              <div class=\"box-text text-left\" >\n                 <p><\/p>\n              <\/div>\n            <\/div>\n            <\/a>          <\/div>\n         <\/div><div class=\"gallery-col col\" >\n          <div class=\"col-inner\">\n            <a class=\"image-lightbox lightbox-gallery\" href=\"https:\/\/www.alevcamcioglu.com\/wp-content\/uploads\/2024\/11\/Nasenkorrektur-Vorher-Nachher-Foto-in-der-Turkei-7.jpg\" title=\"\">            <div class=\"box has-hover gallery-box box-normal\">\n              <div class=\"box-image\" >\n                <img decoding=\"async\" width=\"320\" height=\"400\" src=\"https:\/\/www.alevcamcioglu.com\/wp-content\/uploads\/2024\/11\/Nasenkorrektur-Vorher-Nachher-Foto-in-der-Turkei-7-320x400.jpg\" class=\"attachment-medium size-medium\" alt=\"\" ids=\"8946,8952,8958,8964,8970,8976,8982,8988,8994,9000,9006,9012,9018,9024,9030,9036,9042,9048,9054,9060,9066,9072,9078,9084,9090,9096,9102,9108,9114,9120,9126,9132,9138,9144,9150,9156,9162,9168,9174,9180,9186,9192,9198,9204\" style=\"normal\" lightbox_image_size=\"2048x2048\" type=\"slider\" slider_nav_style=\"circle\" slider_nav_position=\"outside\" srcset=\"https:\/\/www.alevcamcioglu.com\/wp-content\/uploads\/2024\/11\/Nasenkorrektur-Vorher-Nachher-Foto-in-der-Turkei-7-320x400.jpg 320w, https:\/\/www.alevcamcioglu.com\/wp-content\/uploads\/2024\/11\/Nasenkorrektur-Vorher-Nachher-Foto-in-der-Turkei-7-640x800.jpg 640w, https:\/\/www.alevcamcioglu.com\/wp-content\/uploads\/2024\/11\/Nasenkorrektur-Vorher-Nachher-Foto-in-der-Turkei-7-768x960.jpg 768w, https:\/\/www.alevcamcioglu.com\/wp-content\/uploads\/2024\/11\/Nasenkorrektur-Vorher-Nachher-Foto-in-der-Turkei-7.jpg 1200w\" sizes=\"(max-width: 320px) 100vw, 320px\" title=\"\">                                                              <\/div>\n              <div class=\"box-text text-left\" >\n                 <p><\/p>\n              <\/div>\n            <\/div>\n            <\/a>          <\/div>\n         <\/div><div class=\"gallery-col col\" >\n          <div class=\"col-inner\">\n            <a class=\"image-lightbox lightbox-gallery\" href=\"https:\/\/www.alevcamcioglu.com\/wp-content\/uploads\/2024\/11\/Nasenkorrektur-Vorher-Nachher-Foto-in-der-Turkei-8.jpg\" title=\"\">            <div class=\"box has-hover gallery-box box-normal\">\n              <div class=\"box-image\" >\n                <img decoding=\"async\" width=\"320\" height=\"400\" src=\"https:\/\/www.alevcamcioglu.com\/wp-content\/uploads\/2024\/11\/Nasenkorrektur-Vorher-Nachher-Foto-in-der-Turkei-8-320x400.jpg\" class=\"attachment-medium size-medium\" alt=\"\" ids=\"8946,8952,8958,8964,8970,8976,8982,8988,8994,9000,9006,9012,9018,9024,9030,9036,9042,9048,9054,9060,9066,9072,9078,9084,9090,9096,9102,9108,9114,9120,9126,9132,9138,9144,9150,9156,9162,9168,9174,9180,9186,9192,9198,9204\" style=\"normal\" lightbox_image_size=\"2048x2048\" type=\"slider\" slider_nav_style=\"circle\" slider_nav_position=\"outside\" srcset=\"https:\/\/www.alevcamcioglu.com\/wp-content\/uploads\/2024\/11\/Nasenkorrektur-Vorher-Nachher-Foto-in-der-Turkei-8-320x400.jpg 320w, https:\/\/www.alevcamcioglu.com\/wp-content\/uploads\/2024\/11\/Nasenkorrektur-Vorher-Nachher-Foto-in-der-Turkei-8-640x800.jpg 640w, https:\/\/www.alevcamcioglu.com\/wp-content\/uploads\/2024\/11\/Nasenkorrektur-Vorher-Nachher-Foto-in-der-Turkei-8-768x960.jpg 768w, https:\/\/www.alevcamcioglu.com\/wp-content\/uploads\/2024\/11\/Nasenkorrektur-Vorher-Nachher-Foto-in-der-Turkei-8.jpg 1200w\" sizes=\"(max-width: 320px) 100vw, 320px\" title=\"\">                                                              <\/div>\n              <div class=\"box-text text-left\" >\n                 <p><\/p>\n              <\/div>\n            <\/div>\n            <\/a>          <\/div>\n         <\/div><div class=\"gallery-col col\" >\n          <div class=\"col-inner\">\n            <a class=\"image-lightbox lightbox-gallery\" href=\"https:\/\/www.alevcamcioglu.com\/wp-content\/uploads\/2024\/11\/Nasenkorrektur-Vorher-Nachher-Foto-in-der-Turkei-9.jpg\" title=\"\">            <div class=\"box has-hover gallery-box box-normal\">\n              <div class=\"box-image\" >\n                <img decoding=\"async\" width=\"320\" height=\"400\" src=\"https:\/\/www.alevcamcioglu.com\/wp-content\/uploads\/2024\/11\/Nasenkorrektur-Vorher-Nachher-Foto-in-der-Turkei-9-320x400.jpg\" class=\"attachment-medium size-medium\" alt=\"\" ids=\"8946,8952,8958,8964,8970,8976,8982,8988,8994,9000,9006,9012,9018,9024,9030,9036,9042,9048,9054,9060,9066,9072,9078,9084,9090,9096,9102,9108,9114,9120,9126,9132,9138,9144,9150,9156,9162,9168,9174,9180,9186,9192,9198,9204\" style=\"normal\" lightbox_image_size=\"2048x2048\" type=\"slider\" slider_nav_style=\"circle\" slider_nav_position=\"outside\" srcset=\"https:\/\/www.alevcamcioglu.com\/wp-content\/uploads\/2024\/11\/Nasenkorrektur-Vorher-Nachher-Foto-in-der-Turkei-9-320x400.jpg 320w, https:\/\/www.alevcamcioglu.com\/wp-content\/uploads\/2024\/11\/Nasenkorrektur-Vorher-Nachher-Foto-in-der-Turkei-9-640x800.jpg 640w, https:\/\/www.alevcamcioglu.com\/wp-content\/uploads\/2024\/11\/Nasenkorrektur-Vorher-Nachher-Foto-in-der-Turkei-9-768x960.jpg 768w, https:\/\/www.alevcamcioglu.com\/wp-content\/uploads\/2024\/11\/Nasenkorrektur-Vorher-Nachher-Foto-in-der-Turkei-9.jpg 1200w\" sizes=\"(max-width: 320px) 100vw, 320px\" title=\"\">                                                              <\/div>\n              <div class=\"box-text text-left\" >\n                 <p><\/p>\n              <\/div>\n            <\/div>\n            <\/a>          <\/div>\n         <\/div><div class=\"gallery-col col\" >\n          <div class=\"col-inner\">\n            <a class=\"image-lightbox lightbox-gallery\" href=\"https:\/\/www.alevcamcioglu.com\/wp-content\/uploads\/2024\/11\/Nasenkorrektur-Vorher-Nachher-Foto-in-der-Turkei-10.jpg\" title=\"\">            <div class=\"box has-hover gallery-box box-normal\">\n              <div class=\"box-image\" >\n                <img decoding=\"async\" width=\"320\" height=\"400\" src=\"https:\/\/www.alevcamcioglu.com\/wp-content\/uploads\/2024\/11\/Nasenkorrektur-Vorher-Nachher-Foto-in-der-Turkei-10-320x400.jpg\" class=\"attachment-medium size-medium\" alt=\"\" ids=\"8946,8952,8958,8964,8970,8976,8982,8988,8994,9000,9006,9012,9018,9024,9030,9036,9042,9048,9054,9060,9066,9072,9078,9084,9090,9096,9102,9108,9114,9120,9126,9132,9138,9144,9150,9156,9162,9168,9174,9180,9186,9192,9198,9204\" style=\"normal\" lightbox_image_size=\"2048x2048\" type=\"slider\" slider_nav_style=\"circle\" slider_nav_position=\"outside\" srcset=\"https:\/\/www.alevcamcioglu.com\/wp-content\/uploads\/2024\/11\/Nasenkorrektur-Vorher-Nachher-Foto-in-der-Turkei-10-320x400.jpg 320w, https:\/\/www.alevcamcioglu.com\/wp-content\/uploads\/2024\/11\/Nasenkorrektur-Vorher-Nachher-Foto-in-der-Turkei-10-640x800.jpg 640w, https:\/\/www.alevcamcioglu.com\/wp-content\/uploads\/2024\/11\/Nasenkorrektur-Vorher-Nachher-Foto-in-der-Turkei-10-768x960.jpg 768w, https:\/\/www.alevcamcioglu.com\/wp-content\/uploads\/2024\/11\/Nasenkorrektur-Vorher-Nachher-Foto-in-der-Turkei-10.jpg 1200w\" sizes=\"(max-width: 320px) 100vw, 320px\" title=\"\">                                                              <\/div>\n              <div class=\"box-text text-left\" >\n                 <p><\/p>\n              <\/div>\n            <\/div>\n            <\/a>          <\/div>\n         <\/div><div class=\"gallery-col col\" >\n          <div class=\"col-inner\">\n            <a class=\"image-lightbox lightbox-gallery\" href=\"https:\/\/www.alevcamcioglu.com\/wp-content\/uploads\/2024\/11\/Nasenkorrektur-Vorher-Nachher-Foto-in-der-Turkei-11.jpg\" title=\"\">            <div class=\"box has-hover gallery-box box-normal\">\n              <div class=\"box-image\" >\n                <img decoding=\"async\" width=\"320\" height=\"400\" src=\"https:\/\/www.alevcamcioglu.com\/wp-content\/uploads\/2024\/11\/Nasenkorrektur-Vorher-Nachher-Foto-in-der-Turkei-11-320x400.jpg\" class=\"attachment-medium size-medium\" alt=\"\" ids=\"8946,8952,8958,8964,8970,8976,8982,8988,8994,9000,9006,9012,9018,9024,9030,9036,9042,9048,9054,9060,9066,9072,9078,9084,9090,9096,9102,9108,9114,9120,9126,9132,9138,9144,9150,9156,9162,9168,9174,9180,9186,9192,9198,9204\" style=\"normal\" lightbox_image_size=\"2048x2048\" type=\"slider\" slider_nav_style=\"circle\" slider_nav_position=\"outside\" srcset=\"https:\/\/www.alevcamcioglu.com\/wp-content\/uploads\/2024\/11\/Nasenkorrektur-Vorher-Nachher-Foto-in-der-Turkei-11-320x400.jpg 320w, https:\/\/www.alevcamcioglu.com\/wp-content\/uploads\/2024\/11\/Nasenkorrektur-Vorher-Nachher-Foto-in-der-Turkei-11-640x800.jpg 640w, https:\/\/www.alevcamcioglu.com\/wp-content\/uploads\/2024\/11\/Nasenkorrektur-Vorher-Nachher-Foto-in-der-Turkei-11-768x960.jpg 768w, https:\/\/www.alevcamcioglu.com\/wp-content\/uploads\/2024\/11\/Nasenkorrektur-Vorher-Nachher-Foto-in-der-Turkei-11.jpg 1200w\" sizes=\"(max-width: 320px) 100vw, 320px\" title=\"\">                                                              <\/div>\n              <div class=\"box-text text-left\" >\n                 <p><\/p>\n              <\/div>\n            <\/div>\n            <\/a>          <\/div>\n         <\/div><div class=\"gallery-col col\" >\n          <div class=\"col-inner\">\n            <a class=\"image-lightbox lightbox-gallery\" href=\"https:\/\/www.alevcamcioglu.com\/wp-content\/uploads\/2024\/11\/Nasenkorrektur-Vorher-Nachher-Foto-in-der-Turkei-12.jpg\" title=\"\">            <div class=\"box has-hover gallery-box box-normal\">\n              <div class=\"box-image\" >\n                <img decoding=\"async\" width=\"320\" height=\"400\" src=\"https:\/\/www.alevcamcioglu.com\/wp-content\/uploads\/2024\/11\/Nasenkorrektur-Vorher-Nachher-Foto-in-der-Turkei-12-320x400.jpg\" class=\"attachment-medium size-medium\" alt=\"\" ids=\"8946,8952,8958,8964,8970,8976,8982,8988,8994,9000,9006,9012,9018,9024,9030,9036,9042,9048,9054,9060,9066,9072,9078,9084,9090,9096,9102,9108,9114,9120,9126,9132,9138,9144,9150,9156,9162,9168,9174,9180,9186,9192,9198,9204\" style=\"normal\" lightbox_image_size=\"2048x2048\" type=\"slider\" slider_nav_style=\"circle\" slider_nav_position=\"outside\" srcset=\"https:\/\/www.alevcamcioglu.com\/wp-content\/uploads\/2024\/11\/Nasenkorrektur-Vorher-Nachher-Foto-in-der-Turkei-12-320x400.jpg 320w, https:\/\/www.alevcamcioglu.com\/wp-content\/uploads\/2024\/11\/Nasenkorrektur-Vorher-Nachher-Foto-in-der-Turkei-12-640x800.jpg 640w, https:\/\/www.alevcamcioglu.com\/wp-content\/uploads\/2024\/11\/Nasenkorrektur-Vorher-Nachher-Foto-in-der-Turkei-12-768x960.jpg 768w, https:\/\/www.alevcamcioglu.com\/wp-content\/uploads\/2024\/11\/Nasenkorrektur-Vorher-Nachher-Foto-in-der-Turkei-12.jpg 1200w\" sizes=\"(max-width: 320px) 100vw, 320px\" title=\"\">                                                              <\/div>\n              <div class=\"box-text text-left\" >\n                 <p><\/p>\n              <\/div>\n            <\/div>\n            <\/a>          <\/div>\n         <\/div><div class=\"gallery-col col\" >\n          <div class=\"col-inner\">\n            <a class=\"image-lightbox lightbox-gallery\" href=\"https:\/\/www.alevcamcioglu.com\/wp-content\/uploads\/2024\/11\/Nasenkorrektur-Vorher-Nachher-Foto-in-der-Turkei-13.jpg\" title=\"\">            <div class=\"box has-hover gallery-box box-normal\">\n              <div class=\"box-image\" >\n                <img decoding=\"async\" width=\"320\" height=\"400\" src=\"https:\/\/www.alevcamcioglu.com\/wp-content\/uploads\/2024\/11\/Nasenkorrektur-Vorher-Nachher-Foto-in-der-Turkei-13-320x400.jpg\" class=\"attachment-medium size-medium\" alt=\"\" ids=\"8946,8952,8958,8964,8970,8976,8982,8988,8994,9000,9006,9012,9018,9024,9030,9036,9042,9048,9054,9060,9066,9072,9078,9084,9090,9096,9102,9108,9114,9120,9126,9132,9138,9144,9150,9156,9162,9168,9174,9180,9186,9192,9198,9204\" style=\"normal\" lightbox_image_size=\"2048x2048\" type=\"slider\" slider_nav_style=\"circle\" slider_nav_position=\"outside\" srcset=\"https:\/\/www.alevcamcioglu.com\/wp-content\/uploads\/2024\/11\/Nasenkorrektur-Vorher-Nachher-Foto-in-der-Turkei-13-320x400.jpg 320w, https:\/\/www.alevcamcioglu.com\/wp-content\/uploads\/2024\/11\/Nasenkorrektur-Vorher-Nachher-Foto-in-der-Turkei-13-640x800.jpg 640w, https:\/\/www.alevcamcioglu.com\/wp-content\/uploads\/2024\/11\/Nasenkorrektur-Vorher-Nachher-Foto-in-der-Turkei-13-768x960.jpg 768w, https:\/\/www.alevcamcioglu.com\/wp-content\/uploads\/2024\/11\/Nasenkorrektur-Vorher-Nachher-Foto-in-der-Turkei-13.jpg 1200w\" sizes=\"(max-width: 320px) 100vw, 320px\" title=\"\">                                                              <\/div>\n              <div class=\"box-text text-left\" >\n                 <p><\/p>\n              <\/div>\n            <\/div>\n            <\/a>          <\/div>\n         <\/div><div class=\"gallery-col col\" >\n          <div class=\"col-inner\">\n            <a class=\"image-lightbox lightbox-gallery\" href=\"https:\/\/www.alevcamcioglu.com\/wp-content\/uploads\/2024\/11\/Nasenkorrektur-Vorher-Nachher-Foto-in-der-Turkei-14.jpg\" title=\"\">            <div class=\"box has-hover gallery-box box-normal\">\n              <div class=\"box-image\" >\n                <img decoding=\"async\" width=\"320\" height=\"400\" src=\"https:\/\/www.alevcamcioglu.com\/wp-content\/uploads\/2024\/11\/Nasenkorrektur-Vorher-Nachher-Foto-in-der-Turkei-14-320x400.jpg\" class=\"attachment-medium size-medium\" alt=\"\" ids=\"8946,8952,8958,8964,8970,8976,8982,8988,8994,9000,9006,9012,9018,9024,9030,9036,9042,9048,9054,9060,9066,9072,9078,9084,9090,9096,9102,9108,9114,9120,9126,9132,9138,9144,9150,9156,9162,9168,9174,9180,9186,9192,9198,9204\" style=\"normal\" lightbox_image_size=\"2048x2048\" type=\"slider\" slider_nav_style=\"circle\" slider_nav_position=\"outside\" srcset=\"https:\/\/www.alevcamcioglu.com\/wp-content\/uploads\/2024\/11\/Nasenkorrektur-Vorher-Nachher-Foto-in-der-Turkei-14-320x400.jpg 320w, https:\/\/www.alevcamcioglu.com\/wp-content\/uploads\/2024\/11\/Nasenkorrektur-Vorher-Nachher-Foto-in-der-Turkei-14-640x800.jpg 640w, https:\/\/www.alevcamcioglu.com\/wp-content\/uploads\/2024\/11\/Nasenkorrektur-Vorher-Nachher-Foto-in-der-Turkei-14-768x960.jpg 768w, https:\/\/www.alevcamcioglu.com\/wp-content\/uploads\/2024\/11\/Nasenkorrektur-Vorher-Nachher-Foto-in-der-Turkei-14.jpg 1200w\" sizes=\"(max-width: 320px) 100vw, 320px\" title=\"\">                                                              <\/div>\n              <div class=\"box-text text-left\" >\n                 <p><\/p>\n              <\/div>\n            <\/div>\n            <\/a>          <\/div>\n         <\/div><div class=\"gallery-col col\" >\n          <div class=\"col-inner\">\n            <a class=\"image-lightbox lightbox-gallery\" href=\"https:\/\/www.alevcamcioglu.com\/wp-content\/uploads\/2024\/11\/Nasenkorrektur-Vorher-Nachher-Foto-in-der-Turkei-15.jpg\" title=\"\">            <div class=\"box has-hover gallery-box box-normal\">\n              <div class=\"box-image\" >\n                <img decoding=\"async\" width=\"320\" height=\"400\" src=\"https:\/\/www.alevcamcioglu.com\/wp-content\/uploads\/2024\/11\/Nasenkorrektur-Vorher-Nachher-Foto-in-der-Turkei-15-320x400.jpg\" class=\"attachment-medium size-medium\" alt=\"\" ids=\"8946,8952,8958,8964,8970,8976,8982,8988,8994,9000,9006,9012,9018,9024,9030,9036,9042,9048,9054,9060,9066,9072,9078,9084,9090,9096,9102,9108,9114,9120,9126,9132,9138,9144,9150,9156,9162,9168,9174,9180,9186,9192,9198,9204\" style=\"normal\" lightbox_image_size=\"2048x2048\" type=\"slider\" slider_nav_style=\"circle\" slider_nav_position=\"outside\" srcset=\"https:\/\/www.alevcamcioglu.com\/wp-content\/uploads\/2024\/11\/Nasenkorrektur-Vorher-Nachher-Foto-in-der-Turkei-15-320x400.jpg 320w, https:\/\/www.alevcamcioglu.com\/wp-content\/uploads\/2024\/11\/Nasenkorrektur-Vorher-Nachher-Foto-in-der-Turkei-15-640x800.jpg 640w, https:\/\/www.alevcamcioglu.com\/wp-content\/uploads\/2024\/11\/Nasenkorrektur-Vorher-Nachher-Foto-in-der-Turkei-15-768x960.jpg 768w, https:\/\/www.alevcamcioglu.com\/wp-content\/uploads\/2024\/11\/Nasenkorrektur-Vorher-Nachher-Foto-in-der-Turkei-15.jpg 1200w\" sizes=\"(max-width: 320px) 100vw, 320px\" title=\"\">                                                              <\/div>\n              <div class=\"box-text text-left\" >\n                 <p><\/p>\n              <\/div>\n            <\/div>\n            <\/a>          <\/div>\n         <\/div><div class=\"gallery-col col\" >\n          <div class=\"col-inner\">\n            <a class=\"image-lightbox lightbox-gallery\" href=\"https:\/\/www.alevcamcioglu.com\/wp-content\/uploads\/2024\/11\/Nasenkorrektur-Vorher-Nachher-Foto-in-der-Turkei-16.jpg\" title=\"\">            <div class=\"box has-hover gallery-box box-normal\">\n              <div class=\"box-image\" >\n                <img decoding=\"async\" width=\"320\" height=\"400\" src=\"https:\/\/www.alevcamcioglu.com\/wp-content\/uploads\/2024\/11\/Nasenkorrektur-Vorher-Nachher-Foto-in-der-Turkei-16-320x400.jpg\" class=\"attachment-medium size-medium\" alt=\"\" ids=\"8946,8952,8958,8964,8970,8976,8982,8988,8994,9000,9006,9012,9018,9024,9030,9036,9042,9048,9054,9060,9066,9072,9078,9084,9090,9096,9102,9108,9114,9120,9126,9132,9138,9144,9150,9156,9162,9168,9174,9180,9186,9192,9198,9204\" style=\"normal\" lightbox_image_size=\"2048x2048\" type=\"slider\" slider_nav_style=\"circle\" slider_nav_position=\"outside\" srcset=\"https:\/\/www.alevcamcioglu.com\/wp-content\/uploads\/2024\/11\/Nasenkorrektur-Vorher-Nachher-Foto-in-der-Turkei-16-320x400.jpg 320w, https:\/\/www.alevcamcioglu.com\/wp-content\/uploads\/2024\/11\/Nasenkorrektur-Vorher-Nachher-Foto-in-der-Turkei-16-640x800.jpg 640w, https:\/\/www.alevcamcioglu.com\/wp-content\/uploads\/2024\/11\/Nasenkorrektur-Vorher-Nachher-Foto-in-der-Turkei-16-768x960.jpg 768w, https:\/\/www.alevcamcioglu.com\/wp-content\/uploads\/2024\/11\/Nasenkorrektur-Vorher-Nachher-Foto-in-der-Turkei-16.jpg 1200w\" sizes=\"(max-width: 320px) 100vw, 320px\" title=\"\">                                                              <\/div>\n              <div class=\"box-text text-left\" >\n                 <p><\/p>\n              <\/div>\n            <\/div>\n            <\/a>          <\/div>\n         <\/div><div class=\"gallery-col col\" >\n          <div class=\"col-inner\">\n            <a class=\"image-lightbox lightbox-gallery\" href=\"https:\/\/www.alevcamcioglu.com\/wp-content\/uploads\/2024\/11\/Nasenkorrektur-Vorher-Nachher-Foto-in-der-Turkei-17.jpg\" title=\"\">            <div class=\"box has-hover gallery-box box-normal\">\n              <div class=\"box-image\" >\n                <img decoding=\"async\" width=\"320\" height=\"400\" src=\"https:\/\/www.alevcamcioglu.com\/wp-content\/uploads\/2024\/11\/Nasenkorrektur-Vorher-Nachher-Foto-in-der-Turkei-17-320x400.jpg\" class=\"attachment-medium size-medium\" alt=\"\" ids=\"8946,8952,8958,8964,8970,8976,8982,8988,8994,9000,9006,9012,9018,9024,9030,9036,9042,9048,9054,9060,9066,9072,9078,9084,9090,9096,9102,9108,9114,9120,9126,9132,9138,9144,9150,9156,9162,9168,9174,9180,9186,9192,9198,9204\" style=\"normal\" lightbox_image_size=\"2048x2048\" type=\"slider\" slider_nav_style=\"circle\" slider_nav_position=\"outside\" srcset=\"https:\/\/www.alevcamcioglu.com\/wp-content\/uploads\/2024\/11\/Nasenkorrektur-Vorher-Nachher-Foto-in-der-Turkei-17-320x400.jpg 320w, https:\/\/www.alevcamcioglu.com\/wp-content\/uploads\/2024\/11\/Nasenkorrektur-Vorher-Nachher-Foto-in-der-Turkei-17-640x800.jpg 640w, https:\/\/www.alevcamcioglu.com\/wp-content\/uploads\/2024\/11\/Nasenkorrektur-Vorher-Nachher-Foto-in-der-Turkei-17-768x960.jpg 768w, https:\/\/www.alevcamcioglu.com\/wp-content\/uploads\/2024\/11\/Nasenkorrektur-Vorher-Nachher-Foto-in-der-Turkei-17.jpg 1200w\" sizes=\"(max-width: 320px) 100vw, 320px\" title=\"\">                                                              <\/div>\n              <div class=\"box-text text-left\" >\n                 <p><\/p>\n              <\/div>\n            <\/div>\n            <\/a>          <\/div>\n         <\/div><div class=\"gallery-col col\" >\n          <div class=\"col-inner\">\n            <a class=\"image-lightbox lightbox-gallery\" href=\"https:\/\/www.alevcamcioglu.com\/wp-content\/uploads\/2024\/11\/Nasenkorrektur-Vorher-Nachher-Foto-in-der-Turkei-18.jpg\" title=\"\">            <div class=\"box has-hover gallery-box box-normal\">\n              <div class=\"box-image\" >\n                <img decoding=\"async\" width=\"320\" height=\"400\" src=\"https:\/\/www.alevcamcioglu.com\/wp-content\/uploads\/2024\/11\/Nasenkorrektur-Vorher-Nachher-Foto-in-der-Turkei-18-320x400.jpg\" class=\"attachment-medium size-medium\" alt=\"\" ids=\"8946,8952,8958,8964,8970,8976,8982,8988,8994,9000,9006,9012,9018,9024,9030,9036,9042,9048,9054,9060,9066,9072,9078,9084,9090,9096,9102,9108,9114,9120,9126,9132,9138,9144,9150,9156,9162,9168,9174,9180,9186,9192,9198,9204\" style=\"normal\" lightbox_image_size=\"2048x2048\" type=\"slider\" slider_nav_style=\"circle\" slider_nav_position=\"outside\" srcset=\"https:\/\/www.alevcamcioglu.com\/wp-content\/uploads\/2024\/11\/Nasenkorrektur-Vorher-Nachher-Foto-in-der-Turkei-18-320x400.jpg 320w, https:\/\/www.alevcamcioglu.com\/wp-content\/uploads\/2024\/11\/Nasenkorrektur-Vorher-Nachher-Foto-in-der-Turkei-18-640x800.jpg 640w, https:\/\/www.alevcamcioglu.com\/wp-content\/uploads\/2024\/11\/Nasenkorrektur-Vorher-Nachher-Foto-in-der-Turkei-18-768x960.jpg 768w, https:\/\/www.alevcamcioglu.com\/wp-content\/uploads\/2024\/11\/Nasenkorrektur-Vorher-Nachher-Foto-in-der-Turkei-18.jpg 1000w\" sizes=\"(max-width: 320px) 100vw, 320px\" title=\"\">                                                              <\/div>\n              <div class=\"box-text text-left\" >\n                 <p><\/p>\n              <\/div>\n            <\/div>\n            <\/a>          <\/div>\n         <\/div><div class=\"gallery-col col\" >\n          <div class=\"col-inner\">\n            <a class=\"image-lightbox lightbox-gallery\" href=\"https:\/\/www.alevcamcioglu.com\/wp-content\/uploads\/2024\/11\/Nasenkorrektur-Vorher-Nachher-Foto-in-der-Turkei-19.jpg\" title=\"\">            <div class=\"box has-hover gallery-box box-normal\">\n              <div class=\"box-image\" >\n                <img decoding=\"async\" width=\"320\" height=\"400\" src=\"https:\/\/www.alevcamcioglu.com\/wp-content\/uploads\/2024\/11\/Nasenkorrektur-Vorher-Nachher-Foto-in-der-Turkei-19-320x400.jpg\" class=\"attachment-medium size-medium\" alt=\"\" ids=\"8946,8952,8958,8964,8970,8976,8982,8988,8994,9000,9006,9012,9018,9024,9030,9036,9042,9048,9054,9060,9066,9072,9078,9084,9090,9096,9102,9108,9114,9120,9126,9132,9138,9144,9150,9156,9162,9168,9174,9180,9186,9192,9198,9204\" style=\"normal\" lightbox_image_size=\"2048x2048\" type=\"slider\" slider_nav_style=\"circle\" slider_nav_position=\"outside\" srcset=\"https:\/\/www.alevcamcioglu.com\/wp-content\/uploads\/2024\/11\/Nasenkorrektur-Vorher-Nachher-Foto-in-der-Turkei-19-320x400.jpg 320w, https:\/\/www.alevcamcioglu.com\/wp-content\/uploads\/2024\/11\/Nasenkorrektur-Vorher-Nachher-Foto-in-der-Turkei-19-640x800.jpg 640w, https:\/\/www.alevcamcioglu.com\/wp-content\/uploads\/2024\/11\/Nasenkorrektur-Vorher-Nachher-Foto-in-der-Turkei-19-768x960.jpg 768w, https:\/\/www.alevcamcioglu.com\/wp-content\/uploads\/2024\/11\/Nasenkorrektur-Vorher-Nachher-Foto-in-der-Turkei-19.jpg 1000w\" sizes=\"(max-width: 320px) 100vw, 320px\" title=\"\">                                                              <\/div>\n              <div class=\"box-text text-left\" >\n                 <p><\/p>\n              <\/div>\n            <\/div>\n            <\/a>          <\/div>\n         <\/div><div class=\"gallery-col col\" >\n          <div class=\"col-inner\">\n            <a class=\"image-lightbox lightbox-gallery\" href=\"https:\/\/www.alevcamcioglu.com\/wp-content\/uploads\/2024\/11\/Nasenkorrektur-Vorher-Nachher-Foto-in-der-Turkei-20.jpg\" title=\"\">            <div class=\"box has-hover gallery-box box-normal\">\n              <div class=\"box-image\" >\n                <img decoding=\"async\" width=\"320\" height=\"400\" src=\"https:\/\/www.alevcamcioglu.com\/wp-content\/uploads\/2024\/11\/Nasenkorrektur-Vorher-Nachher-Foto-in-der-Turkei-20-320x400.jpg\" class=\"attachment-medium size-medium\" alt=\"\" ids=\"8946,8952,8958,8964,8970,8976,8982,8988,8994,9000,9006,9012,9018,9024,9030,9036,9042,9048,9054,9060,9066,9072,9078,9084,9090,9096,9102,9108,9114,9120,9126,9132,9138,9144,9150,9156,9162,9168,9174,9180,9186,9192,9198,9204\" style=\"normal\" lightbox_image_size=\"2048x2048\" type=\"slider\" slider_nav_style=\"circle\" slider_nav_position=\"outside\" srcset=\"https:\/\/www.alevcamcioglu.com\/wp-content\/uploads\/2024\/11\/Nasenkorrektur-Vorher-Nachher-Foto-in-der-Turkei-20-320x400.jpg 320w, https:\/\/www.alevcamcioglu.com\/wp-content\/uploads\/2024\/11\/Nasenkorrektur-Vorher-Nachher-Foto-in-der-Turkei-20-639x800.jpg 639w, https:\/\/www.alevcamcioglu.com\/wp-content\/uploads\/2024\/11\/Nasenkorrektur-Vorher-Nachher-Foto-in-der-Turkei-20-768x961.jpg 768w, https:\/\/www.alevcamcioglu.com\/wp-content\/uploads\/2024\/11\/Nasenkorrektur-Vorher-Nachher-Foto-in-der-Turkei-20.jpg 999w\" sizes=\"(max-width: 320px) 100vw, 320px\" title=\"\">                                                              <\/div>\n              <div class=\"box-text text-left\" >\n                 <p><\/p>\n              <\/div>\n            <\/div>\n            <\/a>          <\/div>\n         <\/div><div class=\"gallery-col col\" >\n          <div class=\"col-inner\">\n            <a class=\"image-lightbox lightbox-gallery\" href=\"https:\/\/www.alevcamcioglu.com\/wp-content\/uploads\/2024\/11\/Nasenkorrektur-Vorher-Nachher-Foto-in-der-Turkei-21.jpg\" title=\"\">            <div class=\"box has-hover gallery-box box-normal\">\n              <div class=\"box-image\" >\n                <img decoding=\"async\" width=\"320\" height=\"400\" src=\"https:\/\/www.alevcamcioglu.com\/wp-content\/uploads\/2024\/11\/Nasenkorrektur-Vorher-Nachher-Foto-in-der-Turkei-21-320x400.jpg\" class=\"attachment-medium size-medium\" alt=\"\" ids=\"8946,8952,8958,8964,8970,8976,8982,8988,8994,9000,9006,9012,9018,9024,9030,9036,9042,9048,9054,9060,9066,9072,9078,9084,9090,9096,9102,9108,9114,9120,9126,9132,9138,9144,9150,9156,9162,9168,9174,9180,9186,9192,9198,9204\" style=\"normal\" lightbox_image_size=\"2048x2048\" type=\"slider\" slider_nav_style=\"circle\" slider_nav_position=\"outside\" srcset=\"https:\/\/www.alevcamcioglu.com\/wp-content\/uploads\/2024\/11\/Nasenkorrektur-Vorher-Nachher-Foto-in-der-Turkei-21-320x400.jpg 320w, https:\/\/www.alevcamcioglu.com\/wp-content\/uploads\/2024\/11\/Nasenkorrektur-Vorher-Nachher-Foto-in-der-Turkei-21-640x800.jpg 640w, https:\/\/www.alevcamcioglu.com\/wp-content\/uploads\/2024\/11\/Nasenkorrektur-Vorher-Nachher-Foto-in-der-Turkei-21-768x960.jpg 768w, https:\/\/www.alevcamcioglu.com\/wp-content\/uploads\/2024\/11\/Nasenkorrektur-Vorher-Nachher-Foto-in-der-Turkei-21.jpg 1000w\" sizes=\"(max-width: 320px) 100vw, 320px\" title=\"\">                                                              <\/div>\n              <div class=\"box-text text-left\" >\n                 <p><\/p>\n              <\/div>\n            <\/div>\n            <\/a>          <\/div>\n         <\/div><div class=\"gallery-col col\" >\n          <div class=\"col-inner\">\n            <a class=\"image-lightbox lightbox-gallery\" href=\"https:\/\/www.alevcamcioglu.com\/wp-content\/uploads\/2024\/11\/Nasenkorrektur-Vorher-Nachher-Foto-in-der-Turkei-22.jpg\" title=\"\">            <div class=\"box has-hover gallery-box box-normal\">\n              <div class=\"box-image\" >\n                <img decoding=\"async\" width=\"320\" height=\"400\" src=\"https:\/\/www.alevcamcioglu.com\/wp-content\/uploads\/2024\/11\/Nasenkorrektur-Vorher-Nachher-Foto-in-der-Turkei-22-320x400.jpg\" class=\"attachment-medium size-medium\" alt=\"\" ids=\"8946,8952,8958,8964,8970,8976,8982,8988,8994,9000,9006,9012,9018,9024,9030,9036,9042,9048,9054,9060,9066,9072,9078,9084,9090,9096,9102,9108,9114,9120,9126,9132,9138,9144,9150,9156,9162,9168,9174,9180,9186,9192,9198,9204\" style=\"normal\" lightbox_image_size=\"2048x2048\" type=\"slider\" slider_nav_style=\"circle\" slider_nav_position=\"outside\" srcset=\"https:\/\/www.alevcamcioglu.com\/wp-content\/uploads\/2024\/11\/Nasenkorrektur-Vorher-Nachher-Foto-in-der-Turkei-22-320x400.jpg 320w, https:\/\/www.alevcamcioglu.com\/wp-content\/uploads\/2024\/11\/Nasenkorrektur-Vorher-Nachher-Foto-in-der-Turkei-22-640x800.jpg 640w, https:\/\/www.alevcamcioglu.com\/wp-content\/uploads\/2024\/11\/Nasenkorrektur-Vorher-Nachher-Foto-in-der-Turkei-22-768x960.jpg 768w, https:\/\/www.alevcamcioglu.com\/wp-content\/uploads\/2024\/11\/Nasenkorrektur-Vorher-Nachher-Foto-in-der-Turkei-22.jpg 1000w\" sizes=\"(max-width: 320px) 100vw, 320px\" title=\"\">                                                              <\/div>\n              <div class=\"box-text text-left\" >\n                 <p><\/p>\n              <\/div>\n            <\/div>\n            <\/a>          <\/div>\n         <\/div><div class=\"gallery-col col\" >\n          <div class=\"col-inner\">\n            <a class=\"image-lightbox lightbox-gallery\" href=\"https:\/\/www.alevcamcioglu.com\/wp-content\/uploads\/2024\/11\/Nasenkorrektur-Vorher-Nachher-Foto-in-der-Turkei-23.jpg\" title=\"\">            <div class=\"box has-hover gallery-box box-normal\">\n              <div class=\"box-image\" >\n                <img decoding=\"async\" width=\"320\" height=\"400\" src=\"https:\/\/www.alevcamcioglu.com\/wp-content\/uploads\/2024\/11\/Nasenkorrektur-Vorher-Nachher-Foto-in-der-Turkei-23-320x400.jpg\" class=\"attachment-medium size-medium\" alt=\"\" ids=\"8946,8952,8958,8964,8970,8976,8982,8988,8994,9000,9006,9012,9018,9024,9030,9036,9042,9048,9054,9060,9066,9072,9078,9084,9090,9096,9102,9108,9114,9120,9126,9132,9138,9144,9150,9156,9162,9168,9174,9180,9186,9192,9198,9204\" style=\"normal\" lightbox_image_size=\"2048x2048\" type=\"slider\" slider_nav_style=\"circle\" slider_nav_position=\"outside\" srcset=\"https:\/\/www.alevcamcioglu.com\/wp-content\/uploads\/2024\/11\/Nasenkorrektur-Vorher-Nachher-Foto-in-der-Turkei-23-320x400.jpg 320w, https:\/\/www.alevcamcioglu.com\/wp-content\/uploads\/2024\/11\/Nasenkorrektur-Vorher-Nachher-Foto-in-der-Turkei-23-640x800.jpg 640w, https:\/\/www.alevcamcioglu.com\/wp-content\/uploads\/2024\/11\/Nasenkorrektur-Vorher-Nachher-Foto-in-der-Turkei-23-768x960.jpg 768w, https:\/\/www.alevcamcioglu.com\/wp-content\/uploads\/2024\/11\/Nasenkorrektur-Vorher-Nachher-Foto-in-der-Turkei-23.jpg 1000w\" sizes=\"(max-width: 320px) 100vw, 320px\" title=\"\">                                                              <\/div>\n              <div class=\"box-text text-left\" >\n                 <p><\/p>\n              <\/div>\n            <\/div>\n            <\/a>          <\/div>\n         <\/div><div class=\"gallery-col col\" >\n          <div class=\"col-inner\">\n            <a class=\"image-lightbox lightbox-gallery\" href=\"https:\/\/www.alevcamcioglu.com\/wp-content\/uploads\/2024\/11\/Nasenkorrektur-Vorher-Nachher-Foto-in-der-Turkei-24.jpg\" title=\"\">            <div class=\"box has-hover gallery-box box-normal\">\n              <div class=\"box-image\" >\n                <img decoding=\"async\" width=\"320\" height=\"400\" src=\"https:\/\/www.alevcamcioglu.com\/wp-content\/uploads\/2024\/11\/Nasenkorrektur-Vorher-Nachher-Foto-in-der-Turkei-24-320x400.jpg\" class=\"attachment-medium size-medium\" alt=\"\" ids=\"8946,8952,8958,8964,8970,8976,8982,8988,8994,9000,9006,9012,9018,9024,9030,9036,9042,9048,9054,9060,9066,9072,9078,9084,9090,9096,9102,9108,9114,9120,9126,9132,9138,9144,9150,9156,9162,9168,9174,9180,9186,9192,9198,9204\" style=\"normal\" lightbox_image_size=\"2048x2048\" type=\"slider\" slider_nav_style=\"circle\" slider_nav_position=\"outside\" srcset=\"https:\/\/www.alevcamcioglu.com\/wp-content\/uploads\/2024\/11\/Nasenkorrektur-Vorher-Nachher-Foto-in-der-Turkei-24-320x400.jpg 320w, https:\/\/www.alevcamcioglu.com\/wp-content\/uploads\/2024\/11\/Nasenkorrektur-Vorher-Nachher-Foto-in-der-Turkei-24-640x800.jpg 640w, https:\/\/www.alevcamcioglu.com\/wp-content\/uploads\/2024\/11\/Nasenkorrektur-Vorher-Nachher-Foto-in-der-Turkei-24-768x960.jpg 768w, https:\/\/www.alevcamcioglu.com\/wp-content\/uploads\/2024\/11\/Nasenkorrektur-Vorher-Nachher-Foto-in-der-Turkei-24.jpg 1000w\" sizes=\"(max-width: 320px) 100vw, 320px\" title=\"\">                                                              <\/div>\n              <div class=\"box-text text-left\" >\n                 <p><\/p>\n              <\/div>\n            <\/div>\n            <\/a>          <\/div>\n         <\/div><div class=\"gallery-col col\" >\n          <div class=\"col-inner\">\n            <a class=\"image-lightbox lightbox-gallery\" href=\"https:\/\/www.alevcamcioglu.com\/wp-content\/uploads\/2024\/11\/Nasenkorrektur-Vorher-Nachher-Foto-in-der-Turkei-25.jpg\" title=\"\">            <div class=\"box has-hover gallery-box box-normal\">\n              <div class=\"box-image\" >\n                <img decoding=\"async\" width=\"320\" height=\"400\" src=\"https:\/\/www.alevcamcioglu.com\/wp-content\/uploads\/2024\/11\/Nasenkorrektur-Vorher-Nachher-Foto-in-der-Turkei-25-320x400.jpg\" class=\"attachment-medium size-medium\" alt=\"\" ids=\"8946,8952,8958,8964,8970,8976,8982,8988,8994,9000,9006,9012,9018,9024,9030,9036,9042,9048,9054,9060,9066,9072,9078,9084,9090,9096,9102,9108,9114,9120,9126,9132,9138,9144,9150,9156,9162,9168,9174,9180,9186,9192,9198,9204\" style=\"normal\" lightbox_image_size=\"2048x2048\" type=\"slider\" slider_nav_style=\"circle\" slider_nav_position=\"outside\" srcset=\"https:\/\/www.alevcamcioglu.com\/wp-content\/uploads\/2024\/11\/Nasenkorrektur-Vorher-Nachher-Foto-in-der-Turkei-25-320x400.jpg 320w, https:\/\/www.alevcamcioglu.com\/wp-content\/uploads\/2024\/11\/Nasenkorrektur-Vorher-Nachher-Foto-in-der-Turkei-25-640x800.jpg 640w, https:\/\/www.alevcamcioglu.com\/wp-content\/uploads\/2024\/11\/Nasenkorrektur-Vorher-Nachher-Foto-in-der-Turkei-25-768x960.jpg 768w, https:\/\/www.alevcamcioglu.com\/wp-content\/uploads\/2024\/11\/Nasenkorrektur-Vorher-Nachher-Foto-in-der-Turkei-25.jpg 1000w\" sizes=\"(max-width: 320px) 100vw, 320px\" title=\"\">                                                              <\/div>\n              <div class=\"box-text text-left\" >\n                 <p><\/p>\n              <\/div>\n            <\/div>\n            <\/a>          <\/div>\n         <\/div><div class=\"gallery-col col\" >\n          <div class=\"col-inner\">\n            <a class=\"image-lightbox lightbox-gallery\" href=\"https:\/\/www.alevcamcioglu.com\/wp-content\/uploads\/2024\/11\/Nasenkorrektur-Vorher-Nachher-Foto-in-der-Turkei-26.jpg\" title=\"\">            <div class=\"box has-hover gallery-box box-normal\">\n              <div class=\"box-image\" >\n                <img decoding=\"async\" width=\"320\" height=\"400\" src=\"https:\/\/www.alevcamcioglu.com\/wp-content\/uploads\/2024\/11\/Nasenkorrektur-Vorher-Nachher-Foto-in-der-Turkei-26-320x400.jpg\" class=\"attachment-medium size-medium\" alt=\"\" ids=\"8946,8952,8958,8964,8970,8976,8982,8988,8994,9000,9006,9012,9018,9024,9030,9036,9042,9048,9054,9060,9066,9072,9078,9084,9090,9096,9102,9108,9114,9120,9126,9132,9138,9144,9150,9156,9162,9168,9174,9180,9186,9192,9198,9204\" style=\"normal\" lightbox_image_size=\"2048x2048\" type=\"slider\" slider_nav_style=\"circle\" slider_nav_position=\"outside\" srcset=\"https:\/\/www.alevcamcioglu.com\/wp-content\/uploads\/2024\/11\/Nasenkorrektur-Vorher-Nachher-Foto-in-der-Turkei-26-320x400.jpg 320w, https:\/\/www.alevcamcioglu.com\/wp-content\/uploads\/2024\/11\/Nasenkorrektur-Vorher-Nachher-Foto-in-der-Turkei-26-640x800.jpg 640w, https:\/\/www.alevcamcioglu.com\/wp-content\/uploads\/2024\/11\/Nasenkorrektur-Vorher-Nachher-Foto-in-der-Turkei-26-768x960.jpg 768w, https:\/\/www.alevcamcioglu.com\/wp-content\/uploads\/2024\/11\/Nasenkorrektur-Vorher-Nachher-Foto-in-der-Turkei-26.jpg 1000w\" sizes=\"(max-width: 320px) 100vw, 320px\" title=\"\">                                                              <\/div>\n              <div class=\"box-text text-left\" >\n                 <p><\/p>\n              <\/div>\n            <\/div>\n            <\/a>          <\/div>\n         <\/div><div class=\"gallery-col col\" >\n          <div class=\"col-inner\">\n            <a class=\"image-lightbox lightbox-gallery\" href=\"https:\/\/www.alevcamcioglu.com\/wp-content\/uploads\/2024\/11\/Nasenkorrektur-Vorher-Nachher-Foto-in-der-Turkei-27.jpg\" title=\"\">            <div class=\"box has-hover gallery-box box-normal\">\n              <div class=\"box-image\" >\n                <img decoding=\"async\" width=\"320\" height=\"400\" src=\"https:\/\/www.alevcamcioglu.com\/wp-content\/uploads\/2024\/11\/Nasenkorrektur-Vorher-Nachher-Foto-in-der-Turkei-27-320x400.jpg\" class=\"attachment-medium size-medium\" alt=\"\" ids=\"8946,8952,8958,8964,8970,8976,8982,8988,8994,9000,9006,9012,9018,9024,9030,9036,9042,9048,9054,9060,9066,9072,9078,9084,9090,9096,9102,9108,9114,9120,9126,9132,9138,9144,9150,9156,9162,9168,9174,9180,9186,9192,9198,9204\" style=\"normal\" lightbox_image_size=\"2048x2048\" type=\"slider\" slider_nav_style=\"circle\" slider_nav_position=\"outside\" srcset=\"https:\/\/www.alevcamcioglu.com\/wp-content\/uploads\/2024\/11\/Nasenkorrektur-Vorher-Nachher-Foto-in-der-Turkei-27-320x400.jpg 320w, https:\/\/www.alevcamcioglu.com\/wp-content\/uploads\/2024\/11\/Nasenkorrektur-Vorher-Nachher-Foto-in-der-Turkei-27-640x800.jpg 640w, https:\/\/www.alevcamcioglu.com\/wp-content\/uploads\/2024\/11\/Nasenkorrektur-Vorher-Nachher-Foto-in-der-Turkei-27-768x960.jpg 768w, https:\/\/www.alevcamcioglu.com\/wp-content\/uploads\/2024\/11\/Nasenkorrektur-Vorher-Nachher-Foto-in-der-Turkei-27.jpg 1000w\" sizes=\"(max-width: 320px) 100vw, 320px\" title=\"\">                                                              <\/div>\n              <div class=\"box-text text-left\" >\n                 <p><\/p>\n              <\/div>\n            <\/div>\n            <\/a>          <\/div>\n         <\/div><div class=\"gallery-col col\" >\n          <div class=\"col-inner\">\n            <a class=\"image-lightbox lightbox-gallery\" href=\"https:\/\/www.alevcamcioglu.com\/wp-content\/uploads\/2024\/11\/Nasenkorrektur-Vorher-Nachher-Foto-in-der-Turkei-28.jpg\" title=\"\">            <div class=\"box has-hover gallery-box box-normal\">\n              <div class=\"box-image\" >\n                <img decoding=\"async\" width=\"320\" height=\"400\" src=\"https:\/\/www.alevcamcioglu.com\/wp-content\/uploads\/2024\/11\/Nasenkorrektur-Vorher-Nachher-Foto-in-der-Turkei-28-320x400.jpg\" class=\"attachment-medium size-medium\" alt=\"\" ids=\"8946,8952,8958,8964,8970,8976,8982,8988,8994,9000,9006,9012,9018,9024,9030,9036,9042,9048,9054,9060,9066,9072,9078,9084,9090,9096,9102,9108,9114,9120,9126,9132,9138,9144,9150,9156,9162,9168,9174,9180,9186,9192,9198,9204\" style=\"normal\" lightbox_image_size=\"2048x2048\" type=\"slider\" slider_nav_style=\"circle\" slider_nav_position=\"outside\" srcset=\"https:\/\/www.alevcamcioglu.com\/wp-content\/uploads\/2024\/11\/Nasenkorrektur-Vorher-Nachher-Foto-in-der-Turkei-28-320x400.jpg 320w, https:\/\/www.alevcamcioglu.com\/wp-content\/uploads\/2024\/11\/Nasenkorrektur-Vorher-Nachher-Foto-in-der-Turkei-28-640x800.jpg 640w, https:\/\/www.alevcamcioglu.com\/wp-content\/uploads\/2024\/11\/Nasenkorrektur-Vorher-Nachher-Foto-in-der-Turkei-28-768x960.jpg 768w, https:\/\/www.alevcamcioglu.com\/wp-content\/uploads\/2024\/11\/Nasenkorrektur-Vorher-Nachher-Foto-in-der-Turkei-28.jpg 1000w\" sizes=\"(max-width: 320px) 100vw, 320px\" title=\"\">                                                              <\/div>\n              <div class=\"box-text text-left\" >\n                 <p><\/p>\n              <\/div>\n            <\/div>\n            <\/a>          <\/div>\n         <\/div><div class=\"gallery-col col\" >\n          <div class=\"col-inner\">\n            <a class=\"image-lightbox lightbox-gallery\" href=\"https:\/\/www.alevcamcioglu.com\/wp-content\/uploads\/2024\/11\/Nasenkorrektur-Vorher-Nachher-Foto-in-der-Turkei-29.jpg\" title=\"\">            <div class=\"box has-hover gallery-box box-normal\">\n              <div class=\"box-image\" >\n                <img decoding=\"async\" width=\"320\" height=\"400\" src=\"https:\/\/www.alevcamcioglu.com\/wp-content\/uploads\/2024\/11\/Nasenkorrektur-Vorher-Nachher-Foto-in-der-Turkei-29-320x400.jpg\" class=\"attachment-medium size-medium\" alt=\"\" ids=\"8946,8952,8958,8964,8970,8976,8982,8988,8994,9000,9006,9012,9018,9024,9030,9036,9042,9048,9054,9060,9066,9072,9078,9084,9090,9096,9102,9108,9114,9120,9126,9132,9138,9144,9150,9156,9162,9168,9174,9180,9186,9192,9198,9204\" style=\"normal\" lightbox_image_size=\"2048x2048\" type=\"slider\" slider_nav_style=\"circle\" slider_nav_position=\"outside\" srcset=\"https:\/\/www.alevcamcioglu.com\/wp-content\/uploads\/2024\/11\/Nasenkorrektur-Vorher-Nachher-Foto-in-der-Turkei-29-320x400.jpg 320w, https:\/\/www.alevcamcioglu.com\/wp-content\/uploads\/2024\/11\/Nasenkorrektur-Vorher-Nachher-Foto-in-der-Turkei-29-640x800.jpg 640w, https:\/\/www.alevcamcioglu.com\/wp-content\/uploads\/2024\/11\/Nasenkorrektur-Vorher-Nachher-Foto-in-der-Turkei-29-768x960.jpg 768w, https:\/\/www.alevcamcioglu.com\/wp-content\/uploads\/2024\/11\/Nasenkorrektur-Vorher-Nachher-Foto-in-der-Turkei-29.jpg 1000w\" sizes=\"(max-width: 320px) 100vw, 320px\" title=\"\">                                                              <\/div>\n              <div class=\"box-text text-left\" >\n                 <p><\/p>\n              <\/div>\n            <\/div>\n            <\/a>          <\/div>\n         <\/div><div class=\"gallery-col col\" >\n          <div class=\"col-inner\">\n            <a class=\"image-lightbox lightbox-gallery\" href=\"https:\/\/www.alevcamcioglu.com\/wp-content\/uploads\/2024\/11\/Nasenkorrektur-Vorher-Nachher-Foto-in-der-Turkei-30.jpg\" title=\"\">            <div class=\"box has-hover gallery-box box-normal\">\n              <div class=\"box-image\" >\n                <img decoding=\"async\" width=\"320\" height=\"400\" src=\"https:\/\/www.alevcamcioglu.com\/wp-content\/uploads\/2024\/11\/Nasenkorrektur-Vorher-Nachher-Foto-in-der-Turkei-30-320x400.jpg\" class=\"attachment-medium size-medium\" alt=\"\" ids=\"8946,8952,8958,8964,8970,8976,8982,8988,8994,9000,9006,9012,9018,9024,9030,9036,9042,9048,9054,9060,9066,9072,9078,9084,9090,9096,9102,9108,9114,9120,9126,9132,9138,9144,9150,9156,9162,9168,9174,9180,9186,9192,9198,9204\" style=\"normal\" lightbox_image_size=\"2048x2048\" type=\"slider\" slider_nav_style=\"circle\" slider_nav_position=\"outside\" srcset=\"https:\/\/www.alevcamcioglu.com\/wp-content\/uploads\/2024\/11\/Nasenkorrektur-Vorher-Nachher-Foto-in-der-Turkei-30-320x400.jpg 320w, https:\/\/www.alevcamcioglu.com\/wp-content\/uploads\/2024\/11\/Nasenkorrektur-Vorher-Nachher-Foto-in-der-Turkei-30-640x800.jpg 640w, https:\/\/www.alevcamcioglu.com\/wp-content\/uploads\/2024\/11\/Nasenkorrektur-Vorher-Nachher-Foto-in-der-Turkei-30-768x960.jpg 768w, https:\/\/www.alevcamcioglu.com\/wp-content\/uploads\/2024\/11\/Nasenkorrektur-Vorher-Nachher-Foto-in-der-Turkei-30.jpg 1200w\" sizes=\"(max-width: 320px) 100vw, 320px\" title=\"\">                                                              <\/div>\n              <div class=\"box-text text-left\" >\n                 <p><\/p>\n              <\/div>\n            <\/div>\n            <\/a>          <\/div>\n         <\/div><div class=\"gallery-col col\" >\n          <div class=\"col-inner\">\n            <a class=\"image-lightbox lightbox-gallery\" href=\"https:\/\/www.alevcamcioglu.com\/wp-content\/uploads\/2024\/11\/Nasenkorrektur-Vorher-Nachher-Foto-in-der-Turkei-31.jpg\" title=\"\">            <div class=\"box has-hover gallery-box box-normal\">\n              <div class=\"box-image\" >\n                <img decoding=\"async\" width=\"320\" height=\"400\" src=\"https:\/\/www.alevcamcioglu.com\/wp-content\/uploads\/2024\/11\/Nasenkorrektur-Vorher-Nachher-Foto-in-der-Turkei-31-320x400.jpg\" class=\"attachment-medium size-medium\" alt=\"\" ids=\"8946,8952,8958,8964,8970,8976,8982,8988,8994,9000,9006,9012,9018,9024,9030,9036,9042,9048,9054,9060,9066,9072,9078,9084,9090,9096,9102,9108,9114,9120,9126,9132,9138,9144,9150,9156,9162,9168,9174,9180,9186,9192,9198,9204\" style=\"normal\" lightbox_image_size=\"2048x2048\" type=\"slider\" slider_nav_style=\"circle\" slider_nav_position=\"outside\" srcset=\"https:\/\/www.alevcamcioglu.com\/wp-content\/uploads\/2024\/11\/Nasenkorrektur-Vorher-Nachher-Foto-in-der-Turkei-31-320x400.jpg 320w, https:\/\/www.alevcamcioglu.com\/wp-content\/uploads\/2024\/11\/Nasenkorrektur-Vorher-Nachher-Foto-in-der-Turkei-31-640x800.jpg 640w, https:\/\/www.alevcamcioglu.com\/wp-content\/uploads\/2024\/11\/Nasenkorrektur-Vorher-Nachher-Foto-in-der-Turkei-31-768x960.jpg 768w, https:\/\/www.alevcamcioglu.com\/wp-content\/uploads\/2024\/11\/Nasenkorrektur-Vorher-Nachher-Foto-in-der-Turkei-31.jpg 1000w\" sizes=\"(max-width: 320px) 100vw, 320px\" title=\"\">                                                              <\/div>\n              <div class=\"box-text text-left\" >\n                 <p><\/p>\n              <\/div>\n            <\/div>\n            <\/a>          <\/div>\n         <\/div><div class=\"gallery-col col\" >\n          <div class=\"col-inner\">\n            <a class=\"image-lightbox lightbox-gallery\" href=\"https:\/\/www.alevcamcioglu.com\/wp-content\/uploads\/2024\/11\/Nasenkorrektur-Vorher-Nachher-Foto-in-der-Turkei-32.jpg\" title=\"\">            <div class=\"box has-hover gallery-box box-normal\">\n              <div class=\"box-image\" >\n                <img decoding=\"async\" width=\"320\" height=\"400\" src=\"https:\/\/www.alevcamcioglu.com\/wp-content\/uploads\/2024\/11\/Nasenkorrektur-Vorher-Nachher-Foto-in-der-Turkei-32-320x400.jpg\" class=\"attachment-medium size-medium\" alt=\"\" ids=\"8946,8952,8958,8964,8970,8976,8982,8988,8994,9000,9006,9012,9018,9024,9030,9036,9042,9048,9054,9060,9066,9072,9078,9084,9090,9096,9102,9108,9114,9120,9126,9132,9138,9144,9150,9156,9162,9168,9174,9180,9186,9192,9198,9204\" style=\"normal\" lightbox_image_size=\"2048x2048\" type=\"slider\" slider_nav_style=\"circle\" slider_nav_position=\"outside\" srcset=\"https:\/\/www.alevcamcioglu.com\/wp-content\/uploads\/2024\/11\/Nasenkorrektur-Vorher-Nachher-Foto-in-der-Turkei-32-320x400.jpg 320w, https:\/\/www.alevcamcioglu.com\/wp-content\/uploads\/2024\/11\/Nasenkorrektur-Vorher-Nachher-Foto-in-der-Turkei-32-640x800.jpg 640w, https:\/\/www.alevcamcioglu.com\/wp-content\/uploads\/2024\/11\/Nasenkorrektur-Vorher-Nachher-Foto-in-der-Turkei-32-768x960.jpg 768w, https:\/\/www.alevcamcioglu.com\/wp-content\/uploads\/2024\/11\/Nasenkorrektur-Vorher-Nachher-Foto-in-der-Turkei-32.jpg 1000w\" sizes=\"(max-width: 320px) 100vw, 320px\" title=\"\">                                                              <\/div>\n              <div class=\"box-text text-left\" >\n                 <p><\/p>\n              <\/div>\n            <\/div>\n            <\/a>          <\/div>\n         <\/div><div class=\"gallery-col col\" >\n          <div class=\"col-inner\">\n            <a class=\"image-lightbox lightbox-gallery\" href=\"https:\/\/www.alevcamcioglu.com\/wp-content\/uploads\/2024\/11\/Nasenkorrektur-Vorher-Nachher-Foto-in-der-Turkei-33.jpg\" title=\"\">            <div class=\"box has-hover gallery-box box-normal\">\n              <div class=\"box-image\" >\n                <img decoding=\"async\" width=\"320\" height=\"400\" src=\"https:\/\/www.alevcamcioglu.com\/wp-content\/uploads\/2024\/11\/Nasenkorrektur-Vorher-Nachher-Foto-in-der-Turkei-33-320x400.jpg\" class=\"attachment-medium size-medium\" alt=\"\" ids=\"8946,8952,8958,8964,8970,8976,8982,8988,8994,9000,9006,9012,9018,9024,9030,9036,9042,9048,9054,9060,9066,9072,9078,9084,9090,9096,9102,9108,9114,9120,9126,9132,9138,9144,9150,9156,9162,9168,9174,9180,9186,9192,9198,9204\" style=\"normal\" lightbox_image_size=\"2048x2048\" type=\"slider\" slider_nav_style=\"circle\" slider_nav_position=\"outside\" srcset=\"https:\/\/www.alevcamcioglu.com\/wp-content\/uploads\/2024\/11\/Nasenkorrektur-Vorher-Nachher-Foto-in-der-Turkei-33-320x400.jpg 320w, https:\/\/www.alevcamcioglu.com\/wp-content\/uploads\/2024\/11\/Nasenkorrektur-Vorher-Nachher-Foto-in-der-Turkei-33-640x800.jpg 640w, https:\/\/www.alevcamcioglu.com\/wp-content\/uploads\/2024\/11\/Nasenkorrektur-Vorher-Nachher-Foto-in-der-Turkei-33-768x960.jpg 768w, https:\/\/www.alevcamcioglu.com\/wp-content\/uploads\/2024\/11\/Nasenkorrektur-Vorher-Nachher-Foto-in-der-Turkei-33.jpg 1000w\" sizes=\"(max-width: 320px) 100vw, 320px\" title=\"\">                                                              <\/div>\n              <div class=\"box-text text-left\" >\n                 <p><\/p>\n              <\/div>\n            <\/div>\n            <\/a>          <\/div>\n         <\/div><div class=\"gallery-col col\" >\n          <div class=\"col-inner\">\n            <a class=\"image-lightbox lightbox-gallery\" href=\"https:\/\/www.alevcamcioglu.com\/wp-content\/uploads\/2024\/11\/Nasenkorrektur-Vorher-Nachher-Foto-in-der-Turkei-34.jpg\" title=\"\">            <div class=\"box has-hover gallery-box box-normal\">\n              <div class=\"box-image\" >\n                <img decoding=\"async\" width=\"320\" height=\"400\" src=\"https:\/\/www.alevcamcioglu.com\/wp-content\/uploads\/2024\/11\/Nasenkorrektur-Vorher-Nachher-Foto-in-der-Turkei-34-320x400.jpg\" class=\"attachment-medium size-medium\" alt=\"\" ids=\"8946,8952,8958,8964,8970,8976,8982,8988,8994,9000,9006,9012,9018,9024,9030,9036,9042,9048,9054,9060,9066,9072,9078,9084,9090,9096,9102,9108,9114,9120,9126,9132,9138,9144,9150,9156,9162,9168,9174,9180,9186,9192,9198,9204\" style=\"normal\" lightbox_image_size=\"2048x2048\" type=\"slider\" slider_nav_style=\"circle\" slider_nav_position=\"outside\" srcset=\"https:\/\/www.alevcamcioglu.com\/wp-content\/uploads\/2024\/11\/Nasenkorrektur-Vorher-Nachher-Foto-in-der-Turkei-34-320x400.jpg 320w, https:\/\/www.alevcamcioglu.com\/wp-content\/uploads\/2024\/11\/Nasenkorrektur-Vorher-Nachher-Foto-in-der-Turkei-34-640x800.jpg 640w, https:\/\/www.alevcamcioglu.com\/wp-content\/uploads\/2024\/11\/Nasenkorrektur-Vorher-Nachher-Foto-in-der-Turkei-34-768x960.jpg 768w, https:\/\/www.alevcamcioglu.com\/wp-content\/uploads\/2024\/11\/Nasenkorrektur-Vorher-Nachher-Foto-in-der-Turkei-34.jpg 1000w\" sizes=\"(max-width: 320px) 100vw, 320px\" title=\"\">                                                              <\/div>\n              <div class=\"box-text text-left\" >\n                 <p><\/p>\n              <\/div>\n            <\/div>\n            <\/a>          <\/div>\n         <\/div><div class=\"gallery-col col\" >\n          <div class=\"col-inner\">\n            <a class=\"image-lightbox lightbox-gallery\" href=\"https:\/\/www.alevcamcioglu.com\/wp-content\/uploads\/2024\/11\/Nasenkorrektur-Vorher-Nachher-Foto-in-der-Turkei-35.jpg\" title=\"\">            <div class=\"box has-hover gallery-box box-normal\">\n              <div class=\"box-image\" >\n                <img decoding=\"async\" width=\"320\" height=\"400\" src=\"https:\/\/www.alevcamcioglu.com\/wp-content\/uploads\/2024\/11\/Nasenkorrektur-Vorher-Nachher-Foto-in-der-Turkei-35-320x400.jpg\" class=\"attachment-medium size-medium\" alt=\"\" ids=\"8946,8952,8958,8964,8970,8976,8982,8988,8994,9000,9006,9012,9018,9024,9030,9036,9042,9048,9054,9060,9066,9072,9078,9084,9090,9096,9102,9108,9114,9120,9126,9132,9138,9144,9150,9156,9162,9168,9174,9180,9186,9192,9198,9204\" style=\"normal\" lightbox_image_size=\"2048x2048\" type=\"slider\" slider_nav_style=\"circle\" slider_nav_position=\"outside\" srcset=\"https:\/\/www.alevcamcioglu.com\/wp-content\/uploads\/2024\/11\/Nasenkorrektur-Vorher-Nachher-Foto-in-der-Turkei-35-320x400.jpg 320w, https:\/\/www.alevcamcioglu.com\/wp-content\/uploads\/2024\/11\/Nasenkorrektur-Vorher-Nachher-Foto-in-der-Turkei-35-640x800.jpg 640w, https:\/\/www.alevcamcioglu.com\/wp-content\/uploads\/2024\/11\/Nasenkorrektur-Vorher-Nachher-Foto-in-der-Turkei-35-768x960.jpg 768w, https:\/\/www.alevcamcioglu.com\/wp-content\/uploads\/2024\/11\/Nasenkorrektur-Vorher-Nachher-Foto-in-der-Turkei-35.jpg 1000w\" sizes=\"(max-width: 320px) 100vw, 320px\" title=\"\">                                                              <\/div>\n              <div class=\"box-text text-left\" >\n                 <p><\/p>\n              <\/div>\n            <\/div>\n            <\/a>          <\/div>\n         <\/div><div class=\"gallery-col col\" >\n          <div class=\"col-inner\">\n            <a class=\"image-lightbox lightbox-gallery\" href=\"https:\/\/www.alevcamcioglu.com\/wp-content\/uploads\/2024\/11\/Nasenkorrektur-Vorher-Nachher-Foto-in-der-Turkei-36.jpg\" title=\"\">            <div class=\"box has-hover gallery-box box-normal\">\n              <div class=\"box-image\" >\n                <img decoding=\"async\" width=\"320\" height=\"400\" src=\"https:\/\/www.alevcamcioglu.com\/wp-content\/uploads\/2024\/11\/Nasenkorrektur-Vorher-Nachher-Foto-in-der-Turkei-36-320x400.jpg\" class=\"attachment-medium size-medium\" alt=\"\" ids=\"8946,8952,8958,8964,8970,8976,8982,8988,8994,9000,9006,9012,9018,9024,9030,9036,9042,9048,9054,9060,9066,9072,9078,9084,9090,9096,9102,9108,9114,9120,9126,9132,9138,9144,9150,9156,9162,9168,9174,9180,9186,9192,9198,9204\" style=\"normal\" lightbox_image_size=\"2048x2048\" type=\"slider\" slider_nav_style=\"circle\" slider_nav_position=\"outside\" srcset=\"https:\/\/www.alevcamcioglu.com\/wp-content\/uploads\/2024\/11\/Nasenkorrektur-Vorher-Nachher-Foto-in-der-Turkei-36-320x400.jpg 320w, https:\/\/www.alevcamcioglu.com\/wp-content\/uploads\/2024\/11\/Nasenkorrektur-Vorher-Nachher-Foto-in-der-Turkei-36-640x800.jpg 640w, https:\/\/www.alevcamcioglu.com\/wp-content\/uploads\/2024\/11\/Nasenkorrektur-Vorher-Nachher-Foto-in-der-Turkei-36-768x960.jpg 768w, https:\/\/www.alevcamcioglu.com\/wp-content\/uploads\/2024\/11\/Nasenkorrektur-Vorher-Nachher-Foto-in-der-Turkei-36.jpg 1200w\" sizes=\"(max-width: 320px) 100vw, 320px\" title=\"\">                                                              <\/div>\n              <div class=\"box-text text-left\" >\n                 <p><\/p>\n              <\/div>\n            <\/div>\n            <\/a>          <\/div>\n         <\/div><div class=\"gallery-col col\" >\n          <div class=\"col-inner\">\n            <a class=\"image-lightbox lightbox-gallery\" href=\"https:\/\/www.alevcamcioglu.com\/wp-content\/uploads\/2024\/11\/Nasenkorrektur-Vorher-Nachher-Foto-in-der-Turkei-37.jpg\" title=\"\">            <div class=\"box has-hover gallery-box box-normal\">\n              <div class=\"box-image\" >\n                <img decoding=\"async\" width=\"320\" height=\"400\" src=\"https:\/\/www.alevcamcioglu.com\/wp-content\/uploads\/2024\/11\/Nasenkorrektur-Vorher-Nachher-Foto-in-der-Turkei-37-320x400.jpg\" class=\"attachment-medium size-medium\" alt=\"\" ids=\"8946,8952,8958,8964,8970,8976,8982,8988,8994,9000,9006,9012,9018,9024,9030,9036,9042,9048,9054,9060,9066,9072,9078,9084,9090,9096,9102,9108,9114,9120,9126,9132,9138,9144,9150,9156,9162,9168,9174,9180,9186,9192,9198,9204\" style=\"normal\" lightbox_image_size=\"2048x2048\" type=\"slider\" slider_nav_style=\"circle\" slider_nav_position=\"outside\" srcset=\"https:\/\/www.alevcamcioglu.com\/wp-content\/uploads\/2024\/11\/Nasenkorrektur-Vorher-Nachher-Foto-in-der-Turkei-37-320x400.jpg 320w, https:\/\/www.alevcamcioglu.com\/wp-content\/uploads\/2024\/11\/Nasenkorrektur-Vorher-Nachher-Foto-in-der-Turkei-37-640x800.jpg 640w, https:\/\/www.alevcamcioglu.com\/wp-content\/uploads\/2024\/11\/Nasenkorrektur-Vorher-Nachher-Foto-in-der-Turkei-37-768x960.jpg 768w, https:\/\/www.alevcamcioglu.com\/wp-content\/uploads\/2024\/11\/Nasenkorrektur-Vorher-Nachher-Foto-in-der-Turkei-37.jpg 1200w\" sizes=\"(max-width: 320px) 100vw, 320px\" title=\"\">                                                              <\/div>\n              <div class=\"box-text text-left\" >\n                 <p><\/p>\n              <\/div>\n            <\/div>\n            <\/a>          <\/div>\n         <\/div><div class=\"gallery-col col\" >\n          <div class=\"col-inner\">\n            <a class=\"image-lightbox lightbox-gallery\" href=\"https:\/\/www.alevcamcioglu.com\/wp-content\/uploads\/2024\/11\/Nasenkorrektur-Vorher-Nachher-Foto-in-der-Turkei-38.jpg\" title=\"\">            <div class=\"box has-hover gallery-box box-normal\">\n              <div class=\"box-image\" >\n                <img decoding=\"async\" width=\"320\" height=\"400\" src=\"https:\/\/www.alevcamcioglu.com\/wp-content\/uploads\/2024\/11\/Nasenkorrektur-Vorher-Nachher-Foto-in-der-Turkei-38-320x400.jpg\" class=\"attachment-medium size-medium\" alt=\"\" ids=\"8946,8952,8958,8964,8970,8976,8982,8988,8994,9000,9006,9012,9018,9024,9030,9036,9042,9048,9054,9060,9066,9072,9078,9084,9090,9096,9102,9108,9114,9120,9126,9132,9138,9144,9150,9156,9162,9168,9174,9180,9186,9192,9198,9204\" style=\"normal\" lightbox_image_size=\"2048x2048\" type=\"slider\" slider_nav_style=\"circle\" slider_nav_position=\"outside\" srcset=\"https:\/\/www.alevcamcioglu.com\/wp-content\/uploads\/2024\/11\/Nasenkorrektur-Vorher-Nachher-Foto-in-der-Turkei-38-320x400.jpg 320w, https:\/\/www.alevcamcioglu.com\/wp-content\/uploads\/2024\/11\/Nasenkorrektur-Vorher-Nachher-Foto-in-der-Turkei-38-640x800.jpg 640w, https:\/\/www.alevcamcioglu.com\/wp-content\/uploads\/2024\/11\/Nasenkorrektur-Vorher-Nachher-Foto-in-der-Turkei-38-768x960.jpg 768w, https:\/\/www.alevcamcioglu.com\/wp-content\/uploads\/2024\/11\/Nasenkorrektur-Vorher-Nachher-Foto-in-der-Turkei-38.jpg 1200w\" sizes=\"(max-width: 320px) 100vw, 320px\" title=\"\">                                                              <\/div>\n              <div class=\"box-text text-left\" >\n                 <p><\/p>\n              <\/div>\n            <\/div>\n            <\/a>          <\/div>\n         <\/div><div class=\"gallery-col col\" >\n          <div class=\"col-inner\">\n            <a class=\"image-lightbox lightbox-gallery\" href=\"https:\/\/www.alevcamcioglu.com\/wp-content\/uploads\/2024\/11\/Nasenkorrektur-Vorher-Nachher-Foto-in-der-Turkei-39.jpg\" title=\"\">            <div class=\"box has-hover gallery-box box-normal\">\n              <div class=\"box-image\" >\n                <img decoding=\"async\" width=\"320\" height=\"400\" src=\"https:\/\/www.alevcamcioglu.com\/wp-content\/uploads\/2024\/11\/Nasenkorrektur-Vorher-Nachher-Foto-in-der-Turkei-39-320x400.jpg\" class=\"attachment-medium size-medium\" alt=\"\" ids=\"8946,8952,8958,8964,8970,8976,8982,8988,8994,9000,9006,9012,9018,9024,9030,9036,9042,9048,9054,9060,9066,9072,9078,9084,9090,9096,9102,9108,9114,9120,9126,9132,9138,9144,9150,9156,9162,9168,9174,9180,9186,9192,9198,9204\" style=\"normal\" lightbox_image_size=\"2048x2048\" type=\"slider\" slider_nav_style=\"circle\" slider_nav_position=\"outside\" srcset=\"https:\/\/www.alevcamcioglu.com\/wp-content\/uploads\/2024\/11\/Nasenkorrektur-Vorher-Nachher-Foto-in-der-Turkei-39-320x400.jpg 320w, https:\/\/www.alevcamcioglu.com\/wp-content\/uploads\/2024\/11\/Nasenkorrektur-Vorher-Nachher-Foto-in-der-Turkei-39-639x800.jpg 639w, https:\/\/www.alevcamcioglu.com\/wp-content\/uploads\/2024\/11\/Nasenkorrektur-Vorher-Nachher-Foto-in-der-Turkei-39-768x961.jpg 768w, https:\/\/www.alevcamcioglu.com\/wp-content\/uploads\/2024\/11\/Nasenkorrektur-Vorher-Nachher-Foto-in-der-Turkei-39.jpg 999w\" sizes=\"(max-width: 320px) 100vw, 320px\" title=\"\">                                                              <\/div>\n              <div class=\"box-text text-left\" >\n                 <p><\/p>\n              <\/div>\n            <\/div>\n            <\/a>          <\/div>\n         <\/div><div class=\"gallery-col col\" >\n          <div class=\"col-inner\">\n            <a class=\"image-lightbox lightbox-gallery\" href=\"https:\/\/www.alevcamcioglu.com\/wp-content\/uploads\/2024\/11\/Nasenkorrektur-Vorher-Nachher-Foto-in-der-Turkei-40.jpg\" title=\"\">            <div class=\"box has-hover gallery-box box-normal\">\n              <div class=\"box-image\" >\n                <img decoding=\"async\" width=\"320\" height=\"400\" src=\"https:\/\/www.alevcamcioglu.com\/wp-content\/uploads\/2024\/11\/Nasenkorrektur-Vorher-Nachher-Foto-in-der-Turkei-40-320x400.jpg\" class=\"attachment-medium size-medium\" alt=\"\" ids=\"8946,8952,8958,8964,8970,8976,8982,8988,8994,9000,9006,9012,9018,9024,9030,9036,9042,9048,9054,9060,9066,9072,9078,9084,9090,9096,9102,9108,9114,9120,9126,9132,9138,9144,9150,9156,9162,9168,9174,9180,9186,9192,9198,9204\" style=\"normal\" lightbox_image_size=\"2048x2048\" type=\"slider\" slider_nav_style=\"circle\" slider_nav_position=\"outside\" srcset=\"https:\/\/www.alevcamcioglu.com\/wp-content\/uploads\/2024\/11\/Nasenkorrektur-Vorher-Nachher-Foto-in-der-Turkei-40-320x400.jpg 320w, https:\/\/www.alevcamcioglu.com\/wp-content\/uploads\/2024\/11\/Nasenkorrektur-Vorher-Nachher-Foto-in-der-Turkei-40-640x800.jpg 640w, https:\/\/www.alevcamcioglu.com\/wp-content\/uploads\/2024\/11\/Nasenkorrektur-Vorher-Nachher-Foto-in-der-Turkei-40-768x960.jpg 768w, https:\/\/www.alevcamcioglu.com\/wp-content\/uploads\/2024\/11\/Nasenkorrektur-Vorher-Nachher-Foto-in-der-Turkei-40.jpg 1000w\" sizes=\"(max-width: 320px) 100vw, 320px\" title=\"\">                                                              <\/div>\n              <div class=\"box-text text-left\" >\n                 <p><\/p>\n              <\/div>\n            <\/div>\n            <\/a>          <\/div>\n         <\/div><div class=\"gallery-col col\" >\n          <div class=\"col-inner\">\n            <a class=\"image-lightbox lightbox-gallery\" href=\"https:\/\/www.alevcamcioglu.com\/wp-content\/uploads\/2024\/11\/Nasenkorrektur-Vorher-Nachher-Foto-in-der-Turkei-41.jpg\" title=\"\">            <div class=\"box has-hover gallery-box box-normal\">\n              <div class=\"box-image\" >\n                <img decoding=\"async\" width=\"320\" height=\"400\" src=\"https:\/\/www.alevcamcioglu.com\/wp-content\/uploads\/2024\/11\/Nasenkorrektur-Vorher-Nachher-Foto-in-der-Turkei-41-320x400.jpg\" class=\"attachment-medium size-medium\" alt=\"\" ids=\"8946,8952,8958,8964,8970,8976,8982,8988,8994,9000,9006,9012,9018,9024,9030,9036,9042,9048,9054,9060,9066,9072,9078,9084,9090,9096,9102,9108,9114,9120,9126,9132,9138,9144,9150,9156,9162,9168,9174,9180,9186,9192,9198,9204\" style=\"normal\" lightbox_image_size=\"2048x2048\" type=\"slider\" slider_nav_style=\"circle\" slider_nav_position=\"outside\" srcset=\"https:\/\/www.alevcamcioglu.com\/wp-content\/uploads\/2024\/11\/Nasenkorrektur-Vorher-Nachher-Foto-in-der-Turkei-41-320x400.jpg 320w, https:\/\/www.alevcamcioglu.com\/wp-content\/uploads\/2024\/11\/Nasenkorrektur-Vorher-Nachher-Foto-in-der-Turkei-41-640x800.jpg 640w, https:\/\/www.alevcamcioglu.com\/wp-content\/uploads\/2024\/11\/Nasenkorrektur-Vorher-Nachher-Foto-in-der-Turkei-41-768x960.jpg 768w, https:\/\/www.alevcamcioglu.com\/wp-content\/uploads\/2024\/11\/Nasenkorrektur-Vorher-Nachher-Foto-in-der-Turkei-41.jpg 1000w\" sizes=\"(max-width: 320px) 100vw, 320px\" title=\"\">                                                              <\/div>\n              <div class=\"box-text text-left\" >\n                 <p><\/p>\n              <\/div>\n            <\/div>\n            <\/a>          <\/div>\n         <\/div><div class=\"gallery-col col\" >\n          <div class=\"col-inner\">\n            <a class=\"image-lightbox lightbox-gallery\" href=\"https:\/\/www.alevcamcioglu.com\/wp-content\/uploads\/2024\/11\/Nasenkorrektur-Vorher-Nachher-Foto-in-der-Turkei-42.jpg\" title=\"\">            <div class=\"box has-hover gallery-box box-normal\">\n              <div class=\"box-image\" >\n                <img decoding=\"async\" width=\"320\" height=\"400\" src=\"https:\/\/www.alevcamcioglu.com\/wp-content\/uploads\/2024\/11\/Nasenkorrektur-Vorher-Nachher-Foto-in-der-Turkei-42-320x400.jpg\" class=\"attachment-medium size-medium\" alt=\"\" ids=\"8946,8952,8958,8964,8970,8976,8982,8988,8994,9000,9006,9012,9018,9024,9030,9036,9042,9048,9054,9060,9066,9072,9078,9084,9090,9096,9102,9108,9114,9120,9126,9132,9138,9144,9150,9156,9162,9168,9174,9180,9186,9192,9198,9204\" style=\"normal\" lightbox_image_size=\"2048x2048\" type=\"slider\" slider_nav_style=\"circle\" slider_nav_position=\"outside\" srcset=\"https:\/\/www.alevcamcioglu.com\/wp-content\/uploads\/2024\/11\/Nasenkorrektur-Vorher-Nachher-Foto-in-der-Turkei-42-320x400.jpg 320w, https:\/\/www.alevcamcioglu.com\/wp-content\/uploads\/2024\/11\/Nasenkorrektur-Vorher-Nachher-Foto-in-der-Turkei-42-640x800.jpg 640w, https:\/\/www.alevcamcioglu.com\/wp-content\/uploads\/2024\/11\/Nasenkorrektur-Vorher-Nachher-Foto-in-der-Turkei-42-768x960.jpg 768w, https:\/\/www.alevcamcioglu.com\/wp-content\/uploads\/2024\/11\/Nasenkorrektur-Vorher-Nachher-Foto-in-der-Turkei-42.jpg 1200w\" sizes=\"(max-width: 320px) 100vw, 320px\" title=\"\">                                                              <\/div>\n              <div class=\"box-text text-left\" >\n                 <p><\/p>\n              <\/div>\n            <\/div>\n            <\/a>          <\/div>\n         <\/div><div class=\"gallery-col col\" >\n          <div class=\"col-inner\">\n            <a class=\"image-lightbox lightbox-gallery\" href=\"https:\/\/www.alevcamcioglu.com\/wp-content\/uploads\/2024\/11\/Nasenkorrektur-Vorher-Nachher-Foto-in-der-Turkei-43.jpg\" title=\"\">            <div class=\"box has-hover gallery-box box-normal\">\n              <div class=\"box-image\" >\n                <img decoding=\"async\" width=\"320\" height=\"400\" src=\"https:\/\/www.alevcamcioglu.com\/wp-content\/uploads\/2024\/11\/Nasenkorrektur-Vorher-Nachher-Foto-in-der-Turkei-43-320x400.jpg\" class=\"attachment-medium size-medium\" alt=\"\" ids=\"8946,8952,8958,8964,8970,8976,8982,8988,8994,9000,9006,9012,9018,9024,9030,9036,9042,9048,9054,9060,9066,9072,9078,9084,9090,9096,9102,9108,9114,9120,9126,9132,9138,9144,9150,9156,9162,9168,9174,9180,9186,9192,9198,9204\" style=\"normal\" lightbox_image_size=\"2048x2048\" type=\"slider\" slider_nav_style=\"circle\" slider_nav_position=\"outside\" srcset=\"https:\/\/www.alevcamcioglu.com\/wp-content\/uploads\/2024\/11\/Nasenkorrektur-Vorher-Nachher-Foto-in-der-Turkei-43-320x400.jpg 320w, https:\/\/www.alevcamcioglu.com\/wp-content\/uploads\/2024\/11\/Nasenkorrektur-Vorher-Nachher-Foto-in-der-Turkei-43-640x800.jpg 640w, https:\/\/www.alevcamcioglu.com\/wp-content\/uploads\/2024\/11\/Nasenkorrektur-Vorher-Nachher-Foto-in-der-Turkei-43-768x960.jpg 768w, https:\/\/www.alevcamcioglu.com\/wp-content\/uploads\/2024\/11\/Nasenkorrektur-Vorher-Nachher-Foto-in-der-Turkei-43.jpg 1200w\" sizes=\"(max-width: 320px) 100vw, 320px\" title=\"\">                                                              <\/div>\n              <div class=\"box-text text-left\" >\n                 <p><\/p>\n              <\/div>\n            <\/div>\n            <\/a>          <\/div>\n         <\/div><div class=\"gallery-col col\" >\n          <div class=\"col-inner\">\n            <a class=\"image-lightbox lightbox-gallery\" href=\"https:\/\/www.alevcamcioglu.com\/wp-content\/uploads\/2024\/11\/Nasenkorrektur-Vorher-Nachher-Foto-in-der-Turkei-44.jpg\" title=\"\">            <div class=\"box has-hover gallery-box box-normal\">\n              <div class=\"box-image\" >\n                <img decoding=\"async\" width=\"320\" height=\"400\" src=\"https:\/\/www.alevcamcioglu.com\/wp-content\/uploads\/2024\/11\/Nasenkorrektur-Vorher-Nachher-Foto-in-der-Turkei-44-320x400.jpg\" class=\"attachment-medium size-medium\" alt=\"\" ids=\"8946,8952,8958,8964,8970,8976,8982,8988,8994,9000,9006,9012,9018,9024,9030,9036,9042,9048,9054,9060,9066,9072,9078,9084,9090,9096,9102,9108,9114,9120,9126,9132,9138,9144,9150,9156,9162,9168,9174,9180,9186,9192,9198,9204\" style=\"normal\" lightbox_image_size=\"2048x2048\" type=\"slider\" slider_nav_style=\"circle\" slider_nav_position=\"outside\" srcset=\"https:\/\/www.alevcamcioglu.com\/wp-content\/uploads\/2024\/11\/Nasenkorrektur-Vorher-Nachher-Foto-in-der-Turkei-44-320x400.jpg 320w, https:\/\/www.alevcamcioglu.com\/wp-content\/uploads\/2024\/11\/Nasenkorrektur-Vorher-Nachher-Foto-in-der-Turkei-44-640x800.jpg 640w, https:\/\/www.alevcamcioglu.com\/wp-content\/uploads\/2024\/11\/Nasenkorrektur-Vorher-Nachher-Foto-in-der-Turkei-44-768x960.jpg 768w, https:\/\/www.alevcamcioglu.com\/wp-content\/uploads\/2024\/11\/Nasenkorrektur-Vorher-Nachher-Foto-in-der-Turkei-44.jpg 1200w\" sizes=\"(max-width: 320px) 100vw, 320px\" title=\"\">                                                              <\/div>\n              <div class=\"box-text text-left\" >\n                 <p><\/p>\n              <\/div>\n            <\/div>\n            <\/a>          <\/div>\n         <\/div><\/div>\r\n\r\n<a href=\"https:\/\/www.alevcamcioglu.com\/de\/results\/nasen-op-vorher-nachher\/\" class=\"button primary lowercase\" style=\"border-radius:10px;padding:5px 25px 5px 25px;\">\n\t\t<span>Alle unsere Ergebnisse ansehen<\/span>\n\t<i class=\"icon-angle-right\" aria-hidden=\"true\"><\/i><\/a>\n\r\n\r\n\t\t<\/div>\n\t\t\t\t\n<style>\n#col-238161591 > .col-inner {\n  padding: 20px 0px 0px 0px;\n}\n<\/style>\n\t<\/div>\n\n\t\r\n\r\n<\/div>\r\n\r\n\t\t<\/div>\n\n\t\t\n<style>\n#section_1710655887 {\n  padding-top: 0px;\n  padding-bottom: 0px;\n  background-color: rgb(240, 240, 240);\n}\n<\/style>\n\t<\/section>\n\t\n<h2>F\u00fcr wen ist eine Nasenlochverkleinerungs-OP geeignet?<\/h2>\n<p>Die Nasenlochverkleinerungs-OP ist eine Option f\u00fcr Personen, deren Nasenfl\u00fcgel \u00e4sthetisch oder funktionell st\u00f6rend breit sind. Genetische Faktoren f\u00fchren insbesondere bei Patient*innen afrikanischer, asiatischer oder hispanischer Herkunft h\u00e4ufiger zu breiten Nasenl\u00f6chern. Auch ein ausgepr\u00e4gtes Alar Flare oder Asymmetrien nach einer fr\u00fcheren Nasen-OP k\u00f6nnen korrigiert werden. Zus\u00e4tzlich kann \u00fcberm\u00e4\u00dfiges Gewebe die Atmung beeintr\u00e4chtigen \u2013 der Eingriff bietet dann auch funktionelle Vorteile. Eine sorgf\u00e4ltige pr\u00e4operative Analyse von Gesicht und Anatomie ist entscheidend, um individuelle, nat\u00fcrliche Ergebnisse zu erreichen und gleichzeitig die Atemfunktion zu erhalten.<\/p>\n\t<div class=\"img has-hover x md-x lg-x y md-y lg-y\" id=\"image_1773827429\">\n\t\t\t\t\t\t\t\t<div class=\"img-inner dark\" >\n\t\t\t<img decoding=\"async\" width=\"1080\" height=\"1080\" src=\"https:\/\/www.alevcamcioglu.com\/wp-content\/uploads\/2024\/10\/burun-estetigi-ameliyati-oncesi-kontrol.jpg\" class=\"attachment-2048x2048 size-2048x2048\" alt=\"\" srcset=\"https:\/\/www.alevcamcioglu.com\/wp-content\/uploads\/2024\/10\/burun-estetigi-ameliyati-oncesi-kontrol.jpg 1080w, https:\/\/www.alevcamcioglu.com\/wp-content\/uploads\/2024\/10\/burun-estetigi-ameliyati-oncesi-kontrol-400x400.jpg 400w, https:\/\/www.alevcamcioglu.com\/wp-content\/uploads\/2024\/10\/burun-estetigi-ameliyati-oncesi-kontrol-800x800.jpg 800w, https:\/\/www.alevcamcioglu.com\/wp-content\/uploads\/2024\/10\/burun-estetigi-ameliyati-oncesi-kontrol-280x280.jpg 280w, https:\/\/www.alevcamcioglu.com\/wp-content\/uploads\/2024\/10\/burun-estetigi-ameliyati-oncesi-kontrol-768x768.jpg 768w, https:\/\/www.alevcamcioglu.com\/wp-content\/uploads\/2024\/10\/burun-estetigi-ameliyati-oncesi-kontrol-370x370.jpg 370w, https:\/\/www.alevcamcioglu.com\/wp-content\/uploads\/2024\/10\/burun-estetigi-ameliyati-oncesi-kontrol-75x75.jpg 75w, https:\/\/www.alevcamcioglu.com\/wp-content\/uploads\/2024\/10\/burun-estetigi-ameliyati-oncesi-kontrol-770x770.jpg 770w\" sizes=\"(max-width: 1080px) 100vw, 1080px\" title=\"\">\t\t\t\t\t\t\n\t\t\t\t\t<\/div>\n\t\t\t\t\t\t\t\t\n<style>\n#image_1773827429 {\n  width: 100%;\n}\n<\/style>\n\t<\/div>\n\t\n<h2>F\u00fcr wen ist eine Nasenlochverkleinerungs-OP nicht geeignet?<\/h2>\n<p>Obwohl die Nasenlochverkleinerungs-OP sowohl das Aussehen als auch die Nasenfunktion verbessern soll, ist sie nicht f\u00fcr jede Person geeignet. Aktive Nasen- oder Sinusinfektionen erh\u00f6hen das Risiko von Komplikationen und verz\u00f6gern die Heilung, weshalb sie vor dem Eingriff behandelt werden m\u00fcssen. Unkontrollierte systemische Erkrankungen wie Diabetes oder Hypertonie k\u00f6nnen w\u00e4hrend und nach der Operation ernsthafte Probleme verursachen und m\u00fcssen zuerst stabilisiert werden. Bei ausgepr\u00e4gten Septum- oder Nasendeformit\u00e4ten reicht eine alleinige Verkleinerung der Nasenl\u00f6cher oft nicht aus; hier sind umfassendere Nasen-OP-Verfahren erforderlich. Strukturelle Probleme wie ein Kollaps des inneren oder \u00e4u\u00dferen Nasenventils k\u00f6nnen den Operationserfolg ebenso beeintr\u00e4chtigen. Eine geschw\u00e4chte Immunabwehr erh\u00f6ht das Komplikationsrisiko deutlich, weshalb vor dem Eingriff immer eine umfassende gesundheitliche Bewertung erfolgen sollte. <a href=\"https:\/\/www.alevcamcioglu.com\/de\/ist-eine-nasen-op-riskant-und-welche-risiken-gibt-es\/\">Bei Personen mit geschw\u00e4chtem Immunsystem ist das Komplikationsrisiko<\/a> h\u00f6her, sodass eine sorgf\u00e4ltige Abw\u00e4gung unabdingbar ist.<\/p>\n<h2>Wie wird eine Nasenlochverkleinerungs-OP durchgef\u00fchrt?<\/h2>\n<p>Die Nasenlochverkleinerungs-OP zielt darauf ab, die Alarbasis zu verschm\u00e4lern und ein harmonischeres Gesamtbild zu schaffen. Sie wird meist in Lokalan\u00e4sthesie durchgef\u00fchrt und gilt als risikoarm bei kurzer Heilungszeit. Die Chirurg*in setzt kleine Schnitte an der Nasenbasis oder entlang des Nasenlochrands, um \u00fcbersch\u00fcssiges Gewebe zu entfernen und die \u00d6ffnung neu zu formen. Durch Platzierung der Schnitte in nat\u00fcrlichen Falten bleiben Narben nahezu unsichtbar. Zu den g\u00e4ngigen Techniken z\u00e4hlen die Wedge Excision, bei der seitlich ein Gewebekeil entfernt wird, die Sill Excision, die das untere Nasenlochsegment verschm\u00e4lert, sowie die Weir-Technik, bei der dreieckige Gewebest\u00fccke entnommen werden, wenn die Nasenl\u00f6cher besonders weit ge\u00f6ffnet sind. Alternativ k\u00f6nnen interne N\u00e4hte die \u00d6ffnung verengen, ohne \u00e4u\u00dfere Schnitte zu ben\u00f6tigen. Nach der Operation treten leichte Schwellungen, Bluterg\u00fcsse und Schmerzen auf, die in wenigen Tagen abklingen; die F\u00e4den werden nach f\u00fcnf bis sieben Tagen entfernt.<\/p>\n\t<div class=\"img has-hover x md-x lg-x y md-y lg-y\" id=\"image_144299170\">\n\t\t\t\t\t\t\t\t<div class=\"img-inner dark\" >\n\t\t\t<img decoding=\"async\" width=\"1080\" height=\"1080\" src=\"https:\/\/www.alevcamcioglu.com\/wp-content\/uploads\/2024\/10\/Burun-ameliyati-sirasinda-ameliyathaneden-goruntu.jpg\" class=\"attachment-2048x2048 size-2048x2048\" alt=\"\" srcset=\"https:\/\/www.alevcamcioglu.com\/wp-content\/uploads\/2024\/10\/Burun-ameliyati-sirasinda-ameliyathaneden-goruntu.jpg 1080w, https:\/\/www.alevcamcioglu.com\/wp-content\/uploads\/2024\/10\/Burun-ameliyati-sirasinda-ameliyathaneden-goruntu-400x400.jpg 400w, https:\/\/www.alevcamcioglu.com\/wp-content\/uploads\/2024\/10\/Burun-ameliyati-sirasinda-ameliyathaneden-goruntu-800x800.jpg 800w, https:\/\/www.alevcamcioglu.com\/wp-content\/uploads\/2024\/10\/Burun-ameliyati-sirasinda-ameliyathaneden-goruntu-280x280.jpg 280w, https:\/\/www.alevcamcioglu.com\/wp-content\/uploads\/2024\/10\/Burun-ameliyati-sirasinda-ameliyathaneden-goruntu-768x768.jpg 768w, https:\/\/www.alevcamcioglu.com\/wp-content\/uploads\/2024\/10\/Burun-ameliyati-sirasinda-ameliyathaneden-goruntu-370x370.jpg 370w, https:\/\/www.alevcamcioglu.com\/wp-content\/uploads\/2024\/10\/Burun-ameliyati-sirasinda-ameliyathaneden-goruntu-75x75.jpg 75w, https:\/\/www.alevcamcioglu.com\/wp-content\/uploads\/2024\/10\/Burun-ameliyati-sirasinda-ameliyathaneden-goruntu-770x770.jpg 770w\" sizes=\"(max-width: 1080px) 100vw, 1080px\" title=\"\">\t\t\t\t\t\t\n\t\t\t\t\t<\/div>\n\t\t\t\t\t\t\t\t\n<style>\n#image_144299170 {\n  width: 100%;\n}\n<\/style>\n\t<\/div>\n\t\n<h2>Welche Nebenwirkungen hat eine Nasenlochverkleinerungs-OP?<\/h2>\n<p>Kurz nach dem Eingriff sind Schwellungen, R\u00f6tungen und leichte Blutungen \u00fcblich; sie klingen meist innerhalb weniger Tage ab. Eine vor\u00fcbergehende Empfindlichkeit oder ein Spannungsgef\u00fchl im Nasenbereich ist Teil des normalen Heilungsprozesses. Infektionen sind selten, m\u00fcssen aber bei verst\u00e4rkter R\u00f6tung, Schwellung, Schmerzen oder Ausfluss mit Antibiotika behandelt werden. Bei Patient*innen mit Neigung zu hypertrophen Narben oder Keloiden k\u00f6nnen Narben deutlicher sichtbar werden. Heilungsbedingte Asymmetrien k\u00f6nnen zu \u00e4sthetischen Unregelm\u00e4\u00dfigkeiten f\u00fchren und gelegentlich eine Revision erfordern. Wird zu viel Gewebe entfernt, droht eine funktionell nachteilige \u00dcberverengung der Nasenl\u00f6cher. Zudem k\u00f6nnen \u00f6rtliche Taubheitsgef\u00fchle oder Sensibilit\u00e4tsst\u00f6rungen auftreten, die meist vor\u00fcbergehend sind, aber selten dauerhaft bestehen bleiben.<\/p>\n<h2>Wie erfolgreich ist eine Nasenlochverkleinerungs-OP?<\/h2>\n<p>Die Alar-Basis-Reduktion erzielt in der Regel sowohl \u00e4sthetisch als auch funktionell gute Resultate. Konkrete Erfolgsraten variieren aufgrund individueller Anatomie und verwendeter Techniken, doch f\u00fchren pr\u00e4zises Vorgehen und erfahrene Operateur*innen meist zu einem nat\u00fcrlichen, symmetrischen Erscheinungsbild. Im Vergleich zu anderen Nasen-OP-Verfahren weisen entsprechende Eingriffe Erfolgsquoten von \u00fcber 80 % auf, was auf eine hohe Patientenzufriedenheit hinweist.<\/p>\n\t<div class=\"img has-hover x md-x lg-x y md-y lg-y\" id=\"image_1213095265\">\n\t\t\t\t\t\t\t\t<div class=\"img-inner dark\" >\n\t\t\t<img decoding=\"async\" width=\"1080\" height=\"1139\" src=\"https:\/\/www.alevcamcioglu.com\/wp-content\/uploads\/2024\/10\/burun-ameliyati-sonrasi-kontrol-yapan-doktor-ve-kadin-hasta.jpg\" class=\"attachment-2048x2048 size-2048x2048\" alt=\"\" srcset=\"https:\/\/www.alevcamcioglu.com\/wp-content\/uploads\/2024\/10\/burun-ameliyati-sonrasi-kontrol-yapan-doktor-ve-kadin-hasta.jpg 1080w, https:\/\/www.alevcamcioglu.com\/wp-content\/uploads\/2024\/10\/burun-ameliyati-sonrasi-kontrol-yapan-doktor-ve-kadin-hasta-379x400.jpg 379w, https:\/\/www.alevcamcioglu.com\/wp-content\/uploads\/2024\/10\/burun-ameliyati-sonrasi-kontrol-yapan-doktor-ve-kadin-hasta-759x800.jpg 759w, https:\/\/www.alevcamcioglu.com\/wp-content\/uploads\/2024\/10\/burun-ameliyati-sonrasi-kontrol-yapan-doktor-ve-kadin-hasta-768x810.jpg 768w, https:\/\/www.alevcamcioglu.com\/wp-content\/uploads\/2024\/10\/burun-ameliyati-sonrasi-kontrol-yapan-doktor-ve-kadin-hasta-770x812.jpg 770w, https:\/\/www.alevcamcioglu.com\/wp-content\/uploads\/2024\/10\/burun-ameliyati-sonrasi-kontrol-yapan-doktor-ve-kadin-hasta-370x390.jpg 370w\" sizes=\"(max-width: 1080px) 100vw, 1080px\" title=\"\">\t\t\t\t\t\t\n\t\t\t\t\t<\/div>\n\t\t\t\t\t\t\t\t\n<style>\n#image_1213095265 {\n  width: 100%;\n}\n<\/style>\n\t<\/div>\n\t\n<h2>Wie bereitet man sich auf eine Nasenlochverkleinerungs-OP vor?<\/h2>\n<p>Eine sorgf\u00e4ltige Vorbereitung tr\u00e4gt ma\u00dfgeblich zu einem komplikationsarmen Eingriff und einer raschen Genesung bei. In einem ausf\u00fchrlichen Vorgespr\u00e4ch analysiert die Chirurg*in Ihre Nasenstruktur und definiert die Behandlungsziele. Realistische Erwartungen sind entscheidend f\u00fcr die postoperative Zufriedenheit. Mindestens zwei Wochen vor der OP sollten Sie auf Alkohol und Nikotin verzichten, um Durchblutung und Heilung zu f\u00f6rdern. Blutverd\u00fcnner, Aspirin und bestimmte Nahrungserg\u00e4nzungsmittel erh\u00f6hen das Blutungsrisiko und m\u00fcssen in Absprache mit der \u00c4rztin bzw. dem Arzt abgesetzt werden. Pr\u00e4operative Foto- und Bildaufnahmen unterst\u00fctzen die pr\u00e4zise Planung. Am Operationstag sollten Sie bequeme, nicht \u00fcber den Kopf zu ziehende Kleidung tragen und n\u00fcchtern erscheinen, wenn eine Sedierung geplant ist. Organisieren Sie zudem eine Begleitperson f\u00fcr den Heimweg und die erste Erholungsphase.<\/p>\n<h2>Wie sieht die Nachsorge nach einer Nasenlochverkleinerungs-OP aus?<\/h2>\n<p>Eine konsequente Nachsorge ist essenziell f\u00fcr eine st\u00f6rungsfreie Heilung. Lagern Sie den Kopf in den ersten Tagen hoch, um Schwellungen zu reduzieren, und legen Sie kalte Kompressen mit einem Tuch als Schutzschicht auf die betroffene Region. Halten Sie die Wundareale sauber und trocken und befolgen Sie die vom Arzt verordneten Pflegema\u00dfnahmen. Vermeiden Sie k\u00f6rperliche Anstrengungen in den ersten Wochen, um Blutungen und Gewebetraumen vorzubeugen. G\u00f6nnen Sie der Nasenpartie Schutz vor direkter Sonneneinstrahlung und verwenden Sie Breitband-Sonnenschutzmittel. Das konsequente Einnehmen von Antibiotika und Schmerzmitteln senkt das Infektionsrisiko und erh\u00f6ht den Komfort. Verzichten Sie vollst\u00e4ndig auf Nikotin und Alkohol, da beides die Heilung verz\u00f6gert. Bei Anzeichen einer Infektion oder \u00fcberm\u00e4\u00dfiger Schwellung sollten Sie unverz\u00fcglich Ihre \u00c4rztin bzw. Ihren Arzt kontaktieren. Halten Sie alle Nachsorgetermine ein, um ein optimales \u00e4sthetisches und funktionelles Ergebnis zu gew\u00e4hrleisten.<\/p>\n<h2><b>Wie viel kostet eine  in der T\u00fcrkei?<\/b><\/h2>\r\n<p><span style=\"font-weight: 400;\">Die Kosten f\u00fcr eine  \u00a0in Istanbul, T\u00fcrkei, liegen typischerweise zwischen 5000 und 7000 Euro. Der Preis kann je nach mehreren Faktoren variieren, wie zum Beispiel der Erfahrung des Chirurgen, der Komplexit\u00e4t des Eingriffs, dem Ruf der Klinik und zus\u00e4tzlichen Dienstleistungen, die im Paket enthalten sind.<\/span><\/p>\r\n<table>\r\n<tbody>\r\n<tr>\r\n<td><span style=\"font-weight: 400;\">Land<\/span><\/td>\r\n<td><span style=\"font-weight: 400;\">Durchschnittliche Kosten f\u00fcr eine  im Jahr 2024(\u20ac)<\/span><\/td>\r\n<\/tr>\r\n<tr>\r\n<td><a href=\"https:\/\/www.alevcamcioglu.com\/de\/nasen-op-preise\/\"><span style=\"font-weight: 400;\">Deutschland<\/span><\/a><\/td>\r\n<td><span style=\"font-weight: 400;\">\u20ac10,000 \u2013 \u20ac14,000<\/span><\/td>\r\n<\/tr>\r\n<tr>\r\n<td><span style=\"font-weight: 400;\">\u00d6sterreich<\/span><\/td>\r\n<td><span style=\"font-weight: 400;\">\u20ac10,000 \u2013 \u20ac14,000<\/span><\/td>\r\n<\/tr>\r\n<tr>\r\n<td><span style=\"font-weight: 400;\">Schweiz<\/span><\/td>\r\n<td><span style=\"font-weight: 400;\">\u20ac10,000 \u2013 \u20ac14,000<\/span><\/td>\r\n<\/tr>\r\n<tr>\r\n<td><span style=\"font-weight: 400;\">T\u00fcrkei<\/span><\/td>\r\n<td><span style=\"font-weight: 400;\">\u20ac5,000 \u2013 \u20ac7,000<\/span><\/td>\r\n<\/tr>\r\n<\/tbody>\r\n<\/table>\n\t\t<\/div>\n\t\t\t\t\t<\/div>\n\n\t\n\n\t<div id=\"col-2092416546\" class=\"col small-12 large-12\"  >\n\t\t\t\t<div class=\"col-inner\"  >\n\t\t\t\n\t\t\t\n<h2 style=\"text-align: left;\">Eines der besten Klinikteams f\u00fcr  in der T\u00fcrkei<\/h2>\n<p>Dr. Alev Camc\u0131o\u011flu gilt als eine der <a href=\"https:\/\/www.alevcamcioglu.com\/de\/\">besten -Chirurgen<\/a> in der T\u00fcrkei. Sie k\u00f6nnen <a href=\"https:\/\/www.google.com\/search?sca_esv=19415285e7d3a11e&amp;q=Op.+Dr.+Alev+Camc%C4%B1o%C4%9Flu+%7C+Burun+Esteti%C4%9Fi+,+Rinoplasti&amp;si=ACC90nwjPmqJHrCEt6ewASzksVFQDX8zco_7MgBaIawvaF4-7h723rVnZZFvK9OUD_1VBtQCUeVRPTUGteg0cLBOJKCQcF0l8NwoxI3g4M0bcP1xT-CjIKs%3D&amp;uds=ADvngMjY3r6cFmkgAf0Cxo_OKwUu8-9wBrBINI3SgEOgMBDI-5zv7ouVxpoC5B3rGHvBXe2sC4UfcRCjxwtdIZqUOJLNbC7tiBSx22BIl7RGCQjdXli44B_uGb9i1YxcDMMbIHEpYimMnELWSd3nhL869lQu7z7kZ8TooMdqLcQgmPDHyHohCQ8&amp;sa=X&amp;ved=2ahUKEwiiiMOMqeSJAxVxS_EDHdySMG0Q3PALegQIGRAE&amp;biw=2276&amp;bih=1055&amp;dpr=1.13\" target=\"_blank\" rel=\"noopener\">-Bewertungen hier \u00fcberpr\u00fcfen.<\/a><\/p>\n<div class=\"row row-full-width align-center\"  id=\"row-1469170380\">\n\n\n\t<div id=\"col-657867193\" class=\"col medium-2 small-6 large-2\"  >\n\t\t\t\t<div class=\"col-inner\"  >\n\t\t\t\n\t\t\t\n\n    <div class=\"box has-hover has-hover box-text-bottom\" >\n\n                  <div class=\"box-image \" >\n           <div class=\"box-image-inner image-cover\" style=\"padding-top:100%;\">\n              <img decoding=\"async\" width=\"1080\" height=\"1122\" src=\"https:\/\/www.alevcamcioglu.com\/wp-content\/uploads\/2018\/02\/106913305_714307142741324_420816097913162768_n.jpg\" class=\"attachment- size-\" alt=\"\" srcset=\"https:\/\/www.alevcamcioglu.com\/wp-content\/uploads\/2018\/02\/106913305_714307142741324_420816097913162768_n.jpg 1080w, https:\/\/www.alevcamcioglu.com\/wp-content\/uploads\/2018\/02\/106913305_714307142741324_420816097913162768_n-289x300.jpg 289w, https:\/\/www.alevcamcioglu.com\/wp-content\/uploads\/2018\/02\/106913305_714307142741324_420816097913162768_n-986x1024.jpg 986w, https:\/\/www.alevcamcioglu.com\/wp-content\/uploads\/2018\/02\/106913305_714307142741324_420816097913162768_n-768x798.jpg 768w, https:\/\/www.alevcamcioglu.com\/wp-content\/uploads\/2018\/02\/106913305_714307142741324_420816097913162768_n-370x384.jpg 370w, https:\/\/www.alevcamcioglu.com\/wp-content\/uploads\/2018\/02\/106913305_714307142741324_420816097913162768_n-760x790.jpg 760w\" sizes=\"(max-width: 1080px) 100vw, 1080px\" title=\"\">                         <\/div>\n          <\/div>\n         \n          <div class=\"box-text text-center\" >\n                <div class=\"box-text-inner\">\n                  <h4 class=\"uppercase\">\n                    <span class=\"person-name\">Op. Dr. Alev Camc\u0131o\u011flu<\/span><br\/>\n                    <span class=\"person-title is-small thin-font op-7\">\n                      Nasen-OP-Chirurg                    <\/span>\n                  <\/h4>\n\t\t\t\t\t<div class=\"social-icons follow-icons\" ><a href=\"https:\/\/www.facebook.com\/dralevcamcioglu\/\" target=\"_blank\" data-label=\"Facebook\" class=\"icon primary button circle tooltip facebook\" title=\"Auf Facebook folgen\" aria-label=\"Auf Facebook folgen\" rel=\"noopener nofollow\"><i class=\"icon-facebook\" aria-hidden=\"true\"><\/i><\/a><a href=\"https:\/\/www.instagram.com\/dralevcamcioglu\/\" target=\"_blank\" data-label=\"Instagram\" class=\"icon primary button circle tooltip instagram\" title=\"Auf Instagram folgen\" aria-label=\"Auf Instagram folgen\" rel=\"noopener nofollow\"><i class=\"icon-instagram\" aria-hidden=\"true\"><\/i><\/a><\/div>\n\n\n                <\/div>\n          <\/div>\n    <\/div>\n\n\t\n    \n\n\t\t<\/div>\n\t\t\t\t\t<\/div>\n\n\t\n\n\t<div id=\"col-535198647\" class=\"col medium-2 small-6 large-2\"  >\n\t\t\t\t<div class=\"col-inner\"  >\n\t\t\t\n\t\t\t\n\n    <div class=\"box has-hover has-hover box-text-bottom\" >\n\n                  <div class=\"box-image \" >\n           <div class=\"box-image-inner image-cover\" style=\"padding-top:100%;\">\n              <img decoding=\"async\" width=\"1200\" height=\"800\" src=\"https:\/\/www.alevcamcioglu.com\/wp-content\/uploads\/2018\/02\/DSC00496-1200x800-1.jpg\" class=\"attachment- size-\" alt=\"\" srcset=\"https:\/\/www.alevcamcioglu.com\/wp-content\/uploads\/2018\/02\/DSC00496-1200x800-1.jpg 1200w, https:\/\/www.alevcamcioglu.com\/wp-content\/uploads\/2018\/02\/DSC00496-1200x800-1-300x200.jpg 300w, https:\/\/www.alevcamcioglu.com\/wp-content\/uploads\/2018\/02\/DSC00496-1200x800-1-1024x683.jpg 1024w, https:\/\/www.alevcamcioglu.com\/wp-content\/uploads\/2018\/02\/DSC00496-1200x800-1-768x512.jpg 768w, https:\/\/www.alevcamcioglu.com\/wp-content\/uploads\/2018\/02\/DSC00496-1200x800-1-370x247.jpg 370w, https:\/\/www.alevcamcioglu.com\/wp-content\/uploads\/2018\/02\/DSC00496-1200x800-1-760x507.jpg 760w\" sizes=\"(max-width: 1200px) 100vw, 1200px\" title=\"\">                         <\/div>\n          <\/div>\n         \n          <div class=\"box-text text-center\" >\n                <div class=\"box-text-inner\">\n                  <h4 class=\"uppercase\">\n                    <span class=\"person-name\">Aylin Uyu\u015fmak<\/span><br\/>\n                    <span class=\"person-title is-small thin-font op-7\">\n                      Klinikkoordinator                    <\/span>\n                  <\/h4>\n\t\t\t\t\t<div class=\"social-icons follow-icons\" ><a href=\"https:\/\/www.facebook.com\/dralevcamcioglu\/\" target=\"_blank\" data-label=\"Facebook\" class=\"icon primary button circle tooltip facebook\" title=\"Auf Facebook folgen\" aria-label=\"Auf Facebook folgen\" rel=\"noopener nofollow\"><i class=\"icon-facebook\" aria-hidden=\"true\"><\/i><\/a><a href=\"https:\/\/www.instagram.com\/dralevcamcioglu\/\" target=\"_blank\" data-label=\"Instagram\" class=\"icon primary button circle tooltip instagram\" title=\"Auf Instagram folgen\" aria-label=\"Auf Instagram folgen\" rel=\"noopener nofollow\"><i class=\"icon-instagram\" aria-hidden=\"true\"><\/i><\/a><\/div>\n\n\n                <\/div>\n          <\/div>\n    <\/div>\n\n\t\n    \n\n\t\t<\/div>\n\t\t\t\t\t<\/div>\n\n\t\n\n\t<div id=\"col-586584427\" class=\"col medium-2 small-6 large-2\"  >\n\t\t\t\t<div class=\"col-inner\"  >\n\t\t\t\n\t\t\t\n\n    <div class=\"box has-hover has-hover box-text-bottom\" >\n\n                  <div class=\"box-image \" >\n           <div class=\"box-image-inner image-cover\" style=\"padding-top:100%;\">\n              <img decoding=\"async\" width=\"1200\" height=\"1800\" src=\"https:\/\/www.alevcamcioglu.com\/wp-content\/uploads\/2018\/02\/DSC00493-1200x1800-1.jpg\" class=\"attachment- size-\" alt=\"\" srcset=\"https:\/\/www.alevcamcioglu.com\/wp-content\/uploads\/2018\/02\/DSC00493-1200x1800-1.jpg 1200w, https:\/\/www.alevcamcioglu.com\/wp-content\/uploads\/2018\/02\/DSC00493-1200x1800-1-200x300.jpg 200w, https:\/\/www.alevcamcioglu.com\/wp-content\/uploads\/2018\/02\/DSC00493-1200x1800-1-683x1024.jpg 683w, https:\/\/www.alevcamcioglu.com\/wp-content\/uploads\/2018\/02\/DSC00493-1200x1800-1-768x1152.jpg 768w, https:\/\/www.alevcamcioglu.com\/wp-content\/uploads\/2018\/02\/DSC00493-1200x1800-1-1024x1536.jpg 1024w, https:\/\/www.alevcamcioglu.com\/wp-content\/uploads\/2018\/02\/DSC00493-1200x1800-1-370x555.jpg 370w, https:\/\/www.alevcamcioglu.com\/wp-content\/uploads\/2018\/02\/DSC00493-1200x1800-1-760x1140.jpg 760w\" sizes=\"(max-width: 1200px) 100vw, 1200px\" title=\"\">                         <\/div>\n          <\/div>\n         \n          <div class=\"box-text text-center\" >\n                <div class=\"box-text-inner\">\n                  <h4 class=\"uppercase\">\n                    <span class=\"person-name\">Serra Sevgili<\/span><br\/>\n                    <span class=\"person-title is-small thin-font op-7\">\n                      Klinische Assistenz                    <\/span>\n                  <\/h4>\n\t\t\t\t\t<div class=\"social-icons follow-icons\" ><a href=\"https:\/\/www.facebook.com\/dralevcamcioglu\/\" target=\"_blank\" data-label=\"Facebook\" class=\"icon primary button circle tooltip facebook\" title=\"Auf Facebook folgen\" aria-label=\"Auf Facebook folgen\" rel=\"noopener nofollow\"><i class=\"icon-facebook\" aria-hidden=\"true\"><\/i><\/a><a href=\"https:\/\/www.instagram.com\/dralevcamcioglu\/\" target=\"_blank\" data-label=\"Instagram\" class=\"icon primary button circle tooltip instagram\" title=\"Auf Instagram folgen\" aria-label=\"Auf Instagram folgen\" rel=\"noopener nofollow\"><i class=\"icon-instagram\" aria-hidden=\"true\"><\/i><\/a><\/div>\n\n\n                <\/div>\n          <\/div>\n    <\/div>\n\n\t\n    \n\n\t\t<\/div>\n\t\t\t\t\t<\/div>\n\n\t\n\n\t<div id=\"col-1142168373\" class=\"col medium-2 small-6 large-2\"  >\n\t\t\t\t<div class=\"col-inner\"  >\n\t\t\t\n\t\t\t\n\n    <div class=\"box has-hover has-hover box-text-bottom\" >\n\n                  <div class=\"box-image \" >\n           <div class=\"box-image-inner image-cover\" style=\"padding-top:100%;\">\n              <img decoding=\"async\" width=\"1200\" height=\"800\" src=\"https:\/\/www.alevcamcioglu.com\/wp-content\/uploads\/2018\/02\/DSC00510-1200x800-1.jpg\" class=\"attachment- size-\" alt=\"\" srcset=\"https:\/\/www.alevcamcioglu.com\/wp-content\/uploads\/2018\/02\/DSC00510-1200x800-1.jpg 1200w, https:\/\/www.alevcamcioglu.com\/wp-content\/uploads\/2018\/02\/DSC00510-1200x800-1-300x200.jpg 300w, https:\/\/www.alevcamcioglu.com\/wp-content\/uploads\/2018\/02\/DSC00510-1200x800-1-1024x683.jpg 1024w, https:\/\/www.alevcamcioglu.com\/wp-content\/uploads\/2018\/02\/DSC00510-1200x800-1-768x512.jpg 768w, https:\/\/www.alevcamcioglu.com\/wp-content\/uploads\/2018\/02\/DSC00510-1200x800-1-370x247.jpg 370w, https:\/\/www.alevcamcioglu.com\/wp-content\/uploads\/2018\/02\/DSC00510-1200x800-1-760x507.jpg 760w\" sizes=\"(max-width: 1200px) 100vw, 1200px\" title=\"\">                         <\/div>\n          <\/div>\n         \n          <div class=\"box-text text-center\" >\n                <div class=\"box-text-inner\">\n                  <h4 class=\"uppercase\">\n                    <span class=\"person-name\">Sema Yap\u0131c\u0131<\/span><br\/>\n                    <span class=\"person-title is-small thin-font op-7\">\n                      Operations\r\nschwester                    <\/span>\n                  <\/h4>\n\t\t\t\t\t<div class=\"social-icons follow-icons\" ><a href=\"https:\/\/www.facebook.com\/dralevcamcioglu\/\" target=\"_blank\" data-label=\"Facebook\" class=\"icon primary button circle tooltip facebook\" title=\"Auf Facebook folgen\" aria-label=\"Auf Facebook folgen\" rel=\"noopener nofollow\"><i class=\"icon-facebook\" aria-hidden=\"true\"><\/i><\/a><a href=\"https:\/\/www.instagram.com\/dralevcamcioglu\/\" target=\"_blank\" data-label=\"Instagram\" class=\"icon primary button circle tooltip instagram\" title=\"Auf Instagram folgen\" aria-label=\"Auf Instagram folgen\" rel=\"noopener nofollow\"><i class=\"icon-instagram\" aria-hidden=\"true\"><\/i><\/a><\/div>\n\n\n                <\/div>\n          <\/div>\n    <\/div>\n\n\t\n    \n\n\t\t<\/div>\n\t\t\t\t\t<\/div>\n\n\t\n\n\t<div id=\"col-943655988\" class=\"col medium-2 small-6 large-2\"  >\n\t\t\t\t<div class=\"col-inner\"  >\n\t\t\t\n\t\t\t\n\n    <div class=\"box has-hover has-hover box-text-bottom\" >\n\n                  <div class=\"box-image \" >\n           <div class=\"box-image-inner image-cover\" style=\"padding-top:100%;\">\n              <img decoding=\"async\" width=\"1200\" height=\"800\" src=\"https:\/\/www.alevcamcioglu.com\/wp-content\/uploads\/2024\/02\/DSC00524-1200x800-1.jpg\" class=\"attachment- size-\" alt=\"\" srcset=\"https:\/\/www.alevcamcioglu.com\/wp-content\/uploads\/2024\/02\/DSC00524-1200x800-1.jpg 1200w, https:\/\/www.alevcamcioglu.com\/wp-content\/uploads\/2024\/02\/DSC00524-1200x800-1-300x200.jpg 300w, https:\/\/www.alevcamcioglu.com\/wp-content\/uploads\/2024\/02\/DSC00524-1200x800-1-1024x683.jpg 1024w, https:\/\/www.alevcamcioglu.com\/wp-content\/uploads\/2024\/02\/DSC00524-1200x800-1-768x512.jpg 768w, https:\/\/www.alevcamcioglu.com\/wp-content\/uploads\/2024\/02\/DSC00524-1200x800-1-370x247.jpg 370w, https:\/\/www.alevcamcioglu.com\/wp-content\/uploads\/2024\/02\/DSC00524-1200x800-1-760x507.jpg 760w\" sizes=\"(max-width: 1200px) 100vw, 1200px\" title=\"\">                         <\/div>\n          <\/div>\n         \n          <div class=\"box-text text-center\" >\n                <div class=\"box-text-inner\">\n                  <h4 class=\"uppercase\">\n                    <span class=\"person-name\">Aleyna Ceren Kurt<\/span><br\/>\n                    <span class=\"person-title is-small thin-font op-7\">\n                      Social-Media-Verantwortlicher                    <\/span>\n                  <\/h4>\n\t\t\t\t\t<div class=\"social-icons follow-icons\" ><a href=\"https:\/\/www.facebook.com\/dralevcamcioglu\/\" target=\"_blank\" data-label=\"Facebook\" class=\"icon primary button circle tooltip facebook\" title=\"Auf Facebook folgen\" aria-label=\"Auf Facebook folgen\" rel=\"noopener nofollow\"><i class=\"icon-facebook\" aria-hidden=\"true\"><\/i><\/a><a href=\"https:\/\/www.instagram.com\/dralevcamcioglu\/\" target=\"_blank\" data-label=\"Instagram\" class=\"icon primary button circle tooltip instagram\" title=\"Auf Instagram folgen\" aria-label=\"Auf Instagram folgen\" rel=\"noopener nofollow\"><i class=\"icon-instagram\" aria-hidden=\"true\"><\/i><\/a><\/div>\n\n\n                <\/div>\n          <\/div>\n    <\/div>\n\n\t\n    \n\n\t\t<\/div>\n\t\t\t\t\t<\/div>\n\n\t\n\n<\/div>\n\t\t<\/div>\n\t\t\t\t\t<\/div>\n\n\t\n\n\t<div id=\"col-1594466440\" class=\"col small-12 large-12\"  >\n\t\t\t\t<div class=\"col-inner\"  >\n\t\t\t\n\t\t\t\n<h2>Blogbeitr\u00e4ge<\/h2>\n\n  \n    <div class=\"row large-columns-3 medium-columns-1 small-columns-1 slider row-slider slider-nav-circle slider-nav-outside\"  data-flickity-options='{&quot;imagesLoaded&quot;: true, &quot;groupCells&quot;: &quot;100%&quot;, &quot;dragThreshold&quot; : 5, &quot;cellAlign&quot;: &quot;left&quot;,&quot;wrapAround&quot;: true,&quot;prevNextButtons&quot;: true,&quot;percentPosition&quot;: true,&quot;pageDots&quot;: false, &quot;rightToLeft&quot;: false, &quot;autoPlay&quot; : false}' >\n\n  <div class=\"col post-item\" >\n\t\t\t<div class=\"col-inner\">\n\t\t\t\t<div class=\"box box-push box-text-bottom box-blog-post has-hover\">\n            \t\t\t\t\t<div class=\"box-image\" >\n  \t\t\t\t\t\t<div class=\"image-cover\" style=\"padding-top:100%;\">\n\t\t\t\t\t\t\t<a href=\"https:\/\/www.alevcamcioglu.com\/de\/was-ist-rhinophym-und-wie-wird-es-behandelt\/\" class=\"plain\" aria-label=\"Was ist Rhinophym und wie wird es behandelt?\">\n\t\t\t\t\t\t\t\t<img decoding=\"async\" width=\"1600\" height=\"900\" src=\"https:\/\/www.alevcamcioglu.com\/wp-content\/uploads\/2025\/03\/Rinofima-Nedir_-Nasil-Tedavi-Edilir.jpg\" class=\"attachment-2048x2048 size-2048x2048 wp-post-image\" alt=\"\" srcset=\"https:\/\/www.alevcamcioglu.com\/wp-content\/uploads\/2025\/03\/Rinofima-Nedir_-Nasil-Tedavi-Edilir.jpg 1600w, https:\/\/www.alevcamcioglu.com\/wp-content\/uploads\/2025\/03\/Rinofima-Nedir_-Nasil-Tedavi-Edilir-711x400.jpg 711w, https:\/\/www.alevcamcioglu.com\/wp-content\/uploads\/2025\/03\/Rinofima-Nedir_-Nasil-Tedavi-Edilir-1400x788.jpg 1400w, https:\/\/www.alevcamcioglu.com\/wp-content\/uploads\/2025\/03\/Rinofima-Nedir_-Nasil-Tedavi-Edilir-768x432.jpg 768w, https:\/\/www.alevcamcioglu.com\/wp-content\/uploads\/2025\/03\/Rinofima-Nedir_-Nasil-Tedavi-Edilir-1536x864.jpg 1536w\" sizes=\"(max-width: 1600px) 100vw, 1600px\" title=\"\">\t\t\t\t\t\t\t<\/a>\n  \t\t\t\t\t\t\t  \t\t\t\t\t\t\t  \t\t\t\t\t\t<\/div>\n  \t\t\t\t\t\t  \t\t\t\t\t<\/div>\n          \t\t\t\t\t<div class=\"box-text text-center\" >\n\t\t\t\t\t<div class=\"box-text-inner blog-post-inner\">\n\n\t\t\t\t\t\n\t\t\t\t\t\t\t\t\t\t<h5 class=\"post-title is-large \">\n\t\t\t\t\t\t<a href=\"https:\/\/www.alevcamcioglu.com\/de\/was-ist-rhinophym-und-wie-wird-es-behandelt\/\" class=\"plain\">Was ist Rhinophym und wie wird es behandelt?<\/a>\n\t\t\t\t\t<\/h5>\n\t\t\t\t\t\t\t\t\t\t<div class=\"is-divider\"><\/div>\n\t\t\t\t\t                    \n\t\t\t\t\t\t\t\t\t\t\t<a href=\"https:\/\/www.alevcamcioglu.com\/de\/was-ist-rhinophym-und-wie-wird-es-behandelt\/\" class=\"button primary is-outline is-small mb-0\">\n\t\t\t\t\t\t\tWeiterlesen\t\t\t\t\t\t<\/a>\n\t\t\t\t\t\n\t\t\t\t\t\n\t\t\t\t\t<\/div>\n\t\t\t\t\t<\/div>\n\t\t\t\t\t\t\t\t\t\t\t\t\t\t\t\t<div class=\"badge absolute top post-date badge-circle\">\n\t\t\t\t\t\t\t<div class=\"badge-inner\">\n\t\t\t\t\t\t\t\t<span class=\"post-date-day\">20<\/span><br>\n\t\t\t\t\t\t\t\t<span class=\"post-date-month is-xsmall\">M\u00e4rz<\/span>\n\t\t\t\t\t\t\t<\/div>\n\t\t\t\t\t\t<\/div>\n\t\t\t\t\t\t\t\t\t<\/div>\n\t\t\t<\/div>\n\t\t<\/div><div class=\"col post-item\" >\n\t\t\t<div class=\"col-inner\">\n\t\t\t\t<div class=\"box box-push box-text-bottom box-blog-post has-hover\">\n            \t\t\t\t\t<div class=\"box-image\" >\n  \t\t\t\t\t\t<div class=\"image-cover\" style=\"padding-top:100%;\">\n\t\t\t\t\t\t\t<a href=\"https:\/\/www.alevcamcioglu.com\/de\/dorsum-erhaltende-nasen-op\/\" class=\"plain\" aria-label=\"Dorsum-erhaltende Nasen-OP\">\n\t\t\t\t\t\t\t\t<img decoding=\"async\" width=\"1600\" height=\"900\" src=\"https:\/\/www.alevcamcioglu.com\/wp-content\/uploads\/2025\/03\/Dorsum-Koruyucu-Rinoplasti.jpg\" class=\"attachment-2048x2048 size-2048x2048 wp-post-image\" alt=\"\" srcset=\"https:\/\/www.alevcamcioglu.com\/wp-content\/uploads\/2025\/03\/Dorsum-Koruyucu-Rinoplasti.jpg 1600w, https:\/\/www.alevcamcioglu.com\/wp-content\/uploads\/2025\/03\/Dorsum-Koruyucu-Rinoplasti-711x400.jpg 711w, https:\/\/www.alevcamcioglu.com\/wp-content\/uploads\/2025\/03\/Dorsum-Koruyucu-Rinoplasti-1400x788.jpg 1400w, https:\/\/www.alevcamcioglu.com\/wp-content\/uploads\/2025\/03\/Dorsum-Koruyucu-Rinoplasti-768x432.jpg 768w, https:\/\/www.alevcamcioglu.com\/wp-content\/uploads\/2025\/03\/Dorsum-Koruyucu-Rinoplasti-1536x864.jpg 1536w\" sizes=\"(max-width: 1600px) 100vw, 1600px\" title=\"\">\t\t\t\t\t\t\t<\/a>\n  \t\t\t\t\t\t\t  \t\t\t\t\t\t\t  \t\t\t\t\t\t<\/div>\n  \t\t\t\t\t\t  \t\t\t\t\t<\/div>\n          \t\t\t\t\t<div class=\"box-text text-center\" >\n\t\t\t\t\t<div class=\"box-text-inner blog-post-inner\">\n\n\t\t\t\t\t\n\t\t\t\t\t\t\t\t\t\t<h5 class=\"post-title is-large \">\n\t\t\t\t\t\t<a href=\"https:\/\/www.alevcamcioglu.com\/de\/dorsum-erhaltende-nasen-op\/\" class=\"plain\">Dorsum-erhaltende Nasen-OP<\/a>\n\t\t\t\t\t<\/h5>\n\t\t\t\t\t\t\t\t\t\t<div class=\"is-divider\"><\/div>\n\t\t\t\t\t                    \n\t\t\t\t\t\t\t\t\t\t\t<a href=\"https:\/\/www.alevcamcioglu.com\/de\/dorsum-erhaltende-nasen-op\/\" class=\"button primary is-outline is-small mb-0\">\n\t\t\t\t\t\t\tWeiterlesen\t\t\t\t\t\t<\/a>\n\t\t\t\t\t\n\t\t\t\t\t\n\t\t\t\t\t<\/div>\n\t\t\t\t\t<\/div>\n\t\t\t\t\t\t\t\t\t\t\t\t\t\t\t\t<div class=\"badge absolute top post-date badge-circle\">\n\t\t\t\t\t\t\t<div class=\"badge-inner\">\n\t\t\t\t\t\t\t\t<span class=\"post-date-day\">20<\/span><br>\n\t\t\t\t\t\t\t\t<span class=\"post-date-month is-xsmall\">M\u00e4rz<\/span>\n\t\t\t\t\t\t\t<\/div>\n\t\t\t\t\t\t<\/div>\n\t\t\t\t\t\t\t\t\t<\/div>\n\t\t\t<\/div>\n\t\t<\/div><div class=\"col post-item\" >\n\t\t\t<div class=\"col-inner\">\n\t\t\t\t<div class=\"box box-push box-text-bottom box-blog-post has-hover\">\n            \t\t\t\t\t<div class=\"box-image\" >\n  \t\t\t\t\t\t<div class=\"image-cover\" style=\"padding-top:100%;\">\n\t\t\t\t\t\t\t<a href=\"https:\/\/www.alevcamcioglu.com\/de\/was-ist-ein-flaster-und-wofuer-wird-es-verwendet\/\" class=\"plain\" aria-label=\"Was ist ein Flaster und wof\u00fcr wird es verwendet?\">\n\t\t\t\t\t\t\t\t<img decoding=\"async\" width=\"1600\" height=\"900\" src=\"https:\/\/www.alevcamcioglu.com\/wp-content\/uploads\/2025\/03\/Flaster-Nedir-Ne-Ise-Yarar.jpg\" class=\"attachment-2048x2048 size-2048x2048 wp-post-image\" alt=\"\" srcset=\"https:\/\/www.alevcamcioglu.com\/wp-content\/uploads\/2025\/03\/Flaster-Nedir-Ne-Ise-Yarar.jpg 1600w, https:\/\/www.alevcamcioglu.com\/wp-content\/uploads\/2025\/03\/Flaster-Nedir-Ne-Ise-Yarar-711x400.jpg 711w, https:\/\/www.alevcamcioglu.com\/wp-content\/uploads\/2025\/03\/Flaster-Nedir-Ne-Ise-Yarar-1400x788.jpg 1400w, https:\/\/www.alevcamcioglu.com\/wp-content\/uploads\/2025\/03\/Flaster-Nedir-Ne-Ise-Yarar-768x432.jpg 768w, https:\/\/www.alevcamcioglu.com\/wp-content\/uploads\/2025\/03\/Flaster-Nedir-Ne-Ise-Yarar-1536x864.jpg 1536w\" sizes=\"(max-width: 1600px) 100vw, 1600px\" title=\"\">\t\t\t\t\t\t\t<\/a>\n  \t\t\t\t\t\t\t  \t\t\t\t\t\t\t  \t\t\t\t\t\t<\/div>\n  \t\t\t\t\t\t  \t\t\t\t\t<\/div>\n          \t\t\t\t\t<div class=\"box-text text-center\" >\n\t\t\t\t\t<div class=\"box-text-inner blog-post-inner\">\n\n\t\t\t\t\t\n\t\t\t\t\t\t\t\t\t\t<h5 class=\"post-title is-large \">\n\t\t\t\t\t\t<a href=\"https:\/\/www.alevcamcioglu.com\/de\/was-ist-ein-flaster-und-wofuer-wird-es-verwendet\/\" class=\"plain\">Was ist ein Flaster und wof\u00fcr wird es verwendet?<\/a>\n\t\t\t\t\t<\/h5>\n\t\t\t\t\t\t\t\t\t\t<div class=\"is-divider\"><\/div>\n\t\t\t\t\t                    \n\t\t\t\t\t\t\t\t\t\t\t<a href=\"https:\/\/www.alevcamcioglu.com\/de\/was-ist-ein-flaster-und-wofuer-wird-es-verwendet\/\" class=\"button primary is-outline is-small mb-0\">\n\t\t\t\t\t\t\tWeiterlesen\t\t\t\t\t\t<\/a>\n\t\t\t\t\t\n\t\t\t\t\t\n\t\t\t\t\t<\/div>\n\t\t\t\t\t<\/div>\n\t\t\t\t\t\t\t\t\t\t\t\t\t\t\t\t<div class=\"badge absolute top post-date badge-circle\">\n\t\t\t\t\t\t\t<div class=\"badge-inner\">\n\t\t\t\t\t\t\t\t<span class=\"post-date-day\">20<\/span><br>\n\t\t\t\t\t\t\t\t<span class=\"post-date-month is-xsmall\">M\u00e4rz<\/span>\n\t\t\t\t\t\t\t<\/div>\n\t\t\t\t\t\t<\/div>\n\t\t\t\t\t\t\t\t\t<\/div>\n\t\t\t<\/div>\n\t\t<\/div><div class=\"col post-item\" >\n\t\t\t<div class=\"col-inner\">\n\t\t\t\t<div class=\"box box-push box-text-bottom box-blog-post has-hover\">\n            \t\t\t\t\t<div class=\"box-image\" >\n  \t\t\t\t\t\t<div class=\"image-cover\" style=\"padding-top:100%;\">\n\t\t\t\t\t\t\t<a href=\"https:\/\/www.alevcamcioglu.com\/de\/perichondrium\/\" class=\"plain\" aria-label=\"Perichondrium\">\n\t\t\t\t\t\t\t\t<img decoding=\"async\" width=\"1600\" height=\"900\" src=\"https:\/\/www.alevcamcioglu.com\/wp-content\/uploads\/2025\/03\/Perikondriyum.jpg\" class=\"attachment-2048x2048 size-2048x2048 wp-post-image\" alt=\"\" srcset=\"https:\/\/www.alevcamcioglu.com\/wp-content\/uploads\/2025\/03\/Perikondriyum.jpg 1600w, https:\/\/www.alevcamcioglu.com\/wp-content\/uploads\/2025\/03\/Perikondriyum-711x400.jpg 711w, https:\/\/www.alevcamcioglu.com\/wp-content\/uploads\/2025\/03\/Perikondriyum-1400x788.jpg 1400w, https:\/\/www.alevcamcioglu.com\/wp-content\/uploads\/2025\/03\/Perikondriyum-768x432.jpg 768w, https:\/\/www.alevcamcioglu.com\/wp-content\/uploads\/2025\/03\/Perikondriyum-1536x864.jpg 1536w\" sizes=\"(max-width: 1600px) 100vw, 1600px\" title=\"\">\t\t\t\t\t\t\t<\/a>\n  \t\t\t\t\t\t\t  \t\t\t\t\t\t\t  \t\t\t\t\t\t<\/div>\n  \t\t\t\t\t\t  \t\t\t\t\t<\/div>\n          \t\t\t\t\t<div class=\"box-text text-center\" >\n\t\t\t\t\t<div class=\"box-text-inner blog-post-inner\">\n\n\t\t\t\t\t\n\t\t\t\t\t\t\t\t\t\t<h5 class=\"post-title is-large \">\n\t\t\t\t\t\t<a href=\"https:\/\/www.alevcamcioglu.com\/de\/perichondrium\/\" class=\"plain\">Perichondrium<\/a>\n\t\t\t\t\t<\/h5>\n\t\t\t\t\t\t\t\t\t\t<div class=\"is-divider\"><\/div>\n\t\t\t\t\t                    \n\t\t\t\t\t\t\t\t\t\t\t<a href=\"https:\/\/www.alevcamcioglu.com\/de\/perichondrium\/\" class=\"button primary is-outline is-small mb-0\">\n\t\t\t\t\t\t\tWeiterlesen\t\t\t\t\t\t<\/a>\n\t\t\t\t\t\n\t\t\t\t\t\n\t\t\t\t\t<\/div>\n\t\t\t\t\t<\/div>\n\t\t\t\t\t\t\t\t\t\t\t\t\t\t\t\t<div class=\"badge absolute top post-date badge-circle\">\n\t\t\t\t\t\t\t<div class=\"badge-inner\">\n\t\t\t\t\t\t\t\t<span class=\"post-date-day\">20<\/span><br>\n\t\t\t\t\t\t\t\t<span class=\"post-date-month is-xsmall\">M\u00e4rz<\/span>\n\t\t\t\t\t\t\t<\/div>\n\t\t\t\t\t\t<\/div>\n\t\t\t\t\t\t\t\t\t<\/div>\n\t\t\t<\/div>\n\t\t<\/div><div class=\"col post-item\" >\n\t\t\t<div class=\"col-inner\">\n\t\t\t\t<div class=\"box box-push box-text-bottom box-blog-post has-hover\">\n            \t\t\t\t\t<div class=\"box-image\" >\n  \t\t\t\t\t\t<div class=\"image-cover\" style=\"padding-top:100%;\">\n\t\t\t\t\t\t\t<a href=\"https:\/\/www.alevcamcioglu.com\/de\/worauf-sollte-man-vor-einer-nasen-op-achten\/\" class=\"plain\" aria-label=\"Worauf sollte man vor einer Nasen-OP achten?\">\n\t\t\t\t\t\t\t\t<img decoding=\"async\" width=\"1140\" height=\"500\" src=\"https:\/\/www.alevcamcioglu.com\/wp-content\/uploads\/2025\/01\/Burun-Estetigi-Oncesi-Dikkat-Edilmesi-Gerekenler.jpg\" class=\"attachment-2048x2048 size-2048x2048 wp-post-image\" alt=\"\" srcset=\"https:\/\/www.alevcamcioglu.com\/wp-content\/uploads\/2025\/01\/Burun-Estetigi-Oncesi-Dikkat-Edilmesi-Gerekenler.jpg 1140w, https:\/\/www.alevcamcioglu.com\/wp-content\/uploads\/2025\/01\/Burun-Estetigi-Oncesi-Dikkat-Edilmesi-Gerekenler-800x351.jpg 800w, https:\/\/www.alevcamcioglu.com\/wp-content\/uploads\/2025\/01\/Burun-Estetigi-Oncesi-Dikkat-Edilmesi-Gerekenler-768x337.jpg 768w\" sizes=\"(max-width: 1140px) 100vw, 1140px\" title=\"\">\t\t\t\t\t\t\t<\/a>\n  \t\t\t\t\t\t\t  \t\t\t\t\t\t\t  \t\t\t\t\t\t<\/div>\n  \t\t\t\t\t\t  \t\t\t\t\t<\/div>\n          \t\t\t\t\t<div class=\"box-text text-center\" >\n\t\t\t\t\t<div class=\"box-text-inner blog-post-inner\">\n\n\t\t\t\t\t\n\t\t\t\t\t\t\t\t\t\t<h5 class=\"post-title is-large \">\n\t\t\t\t\t\t<a href=\"https:\/\/www.alevcamcioglu.com\/de\/worauf-sollte-man-vor-einer-nasen-op-achten\/\" class=\"plain\">Worauf sollte man vor einer Nasen-OP achten?<\/a>\n\t\t\t\t\t<\/h5>\n\t\t\t\t\t\t\t\t\t\t<div class=\"is-divider\"><\/div>\n\t\t\t\t\t                    \n\t\t\t\t\t\t\t\t\t\t\t<a href=\"https:\/\/www.alevcamcioglu.com\/de\/worauf-sollte-man-vor-einer-nasen-op-achten\/\" class=\"button primary is-outline is-small mb-0\">\n\t\t\t\t\t\t\tWeiterlesen\t\t\t\t\t\t<\/a>\n\t\t\t\t\t\n\t\t\t\t\t\n\t\t\t\t\t<\/div>\n\t\t\t\t\t<\/div>\n\t\t\t\t\t\t\t\t\t\t\t\t\t\t\t\t<div class=\"badge absolute top post-date badge-circle\">\n\t\t\t\t\t\t\t<div class=\"badge-inner\">\n\t\t\t\t\t\t\t\t<span class=\"post-date-day\">31<\/span><br>\n\t\t\t\t\t\t\t\t<span class=\"post-date-month is-xsmall\">Jan.<\/span>\n\t\t\t\t\t\t\t<\/div>\n\t\t\t\t\t\t<\/div>\n\t\t\t\t\t\t\t\t\t<\/div>\n\t\t\t<\/div>\n\t\t<\/div><div class=\"col post-item\" >\n\t\t\t<div class=\"col-inner\">\n\t\t\t\t<div class=\"box box-push box-text-bottom box-blog-post has-hover\">\n            \t\t\t\t\t<div class=\"box-image\" >\n  \t\t\t\t\t\t<div class=\"image-cover\" style=\"padding-top:100%;\">\n\t\t\t\t\t\t\t<a href=\"https:\/\/www.alevcamcioglu.com\/de\/eisanwendung-nach-einer-nasen-op\/\" class=\"plain\" aria-label=\"Eisanwendung nach einer Nasen-OP\">\n\t\t\t\t\t\t\t\t<img decoding=\"async\" width=\"1140\" height=\"500\" src=\"https:\/\/www.alevcamcioglu.com\/wp-content\/uploads\/2025\/01\/Burun-Estetik-Ameliyati-Sonrasi-Buz-Uygulamasi.jpg\" class=\"attachment-2048x2048 size-2048x2048 wp-post-image\" alt=\"\" srcset=\"https:\/\/www.alevcamcioglu.com\/wp-content\/uploads\/2025\/01\/Burun-Estetik-Ameliyati-Sonrasi-Buz-Uygulamasi.jpg 1140w, https:\/\/www.alevcamcioglu.com\/wp-content\/uploads\/2025\/01\/Burun-Estetik-Ameliyati-Sonrasi-Buz-Uygulamasi-800x351.jpg 800w, https:\/\/www.alevcamcioglu.com\/wp-content\/uploads\/2025\/01\/Burun-Estetik-Ameliyati-Sonrasi-Buz-Uygulamasi-768x337.jpg 768w\" sizes=\"(max-width: 1140px) 100vw, 1140px\" title=\"\">\t\t\t\t\t\t\t<\/a>\n  \t\t\t\t\t\t\t  \t\t\t\t\t\t\t  \t\t\t\t\t\t<\/div>\n  \t\t\t\t\t\t  \t\t\t\t\t<\/div>\n          \t\t\t\t\t<div class=\"box-text text-center\" >\n\t\t\t\t\t<div class=\"box-text-inner blog-post-inner\">\n\n\t\t\t\t\t\n\t\t\t\t\t\t\t\t\t\t<h5 class=\"post-title is-large \">\n\t\t\t\t\t\t<a href=\"https:\/\/www.alevcamcioglu.com\/de\/eisanwendung-nach-einer-nasen-op\/\" class=\"plain\">Eisanwendung nach einer Nasen-OP<\/a>\n\t\t\t\t\t<\/h5>\n\t\t\t\t\t\t\t\t\t\t<div class=\"is-divider\"><\/div>\n\t\t\t\t\t                    \n\t\t\t\t\t\t\t\t\t\t\t<a href=\"https:\/\/www.alevcamcioglu.com\/de\/eisanwendung-nach-einer-nasen-op\/\" class=\"button primary is-outline is-small mb-0\">\n\t\t\t\t\t\t\tWeiterlesen\t\t\t\t\t\t<\/a>\n\t\t\t\t\t\n\t\t\t\t\t\n\t\t\t\t\t<\/div>\n\t\t\t\t\t<\/div>\n\t\t\t\t\t\t\t\t\t\t\t\t\t\t\t\t<div class=\"badge absolute top post-date badge-circle\">\n\t\t\t\t\t\t\t<div class=\"badge-inner\">\n\t\t\t\t\t\t\t\t<span class=\"post-date-day\">31<\/span><br>\n\t\t\t\t\t\t\t\t<span class=\"post-date-month is-xsmall\">Jan.<\/span>\n\t\t\t\t\t\t\t<\/div>\n\t\t\t\t\t\t<\/div>\n\t\t\t\t\t\t\t\t\t<\/div>\n\t\t\t<\/div>\n\t\t<\/div><div class=\"col post-item\" >\n\t\t\t<div class=\"col-inner\">\n\t\t\t\t<div class=\"box box-push box-text-bottom box-blog-post has-hover\">\n            \t\t\t\t\t<div class=\"box-image\" >\n  \t\t\t\t\t\t<div class=\"image-cover\" style=\"padding-top:100%;\">\n\t\t\t\t\t\t\t<a href=\"https:\/\/www.alevcamcioglu.com\/de\/welche-tests-werden-vor-einer-nasen-op-durchgefuehrt\/\" class=\"plain\" aria-label=\"Welche Tests werden vor einer Nasen-OP durchgef\u00fchrt?\">\n\t\t\t\t\t\t\t\t<img decoding=\"async\" width=\"1140\" height=\"500\" src=\"https:\/\/www.alevcamcioglu.com\/wp-content\/uploads\/2025\/01\/Burun-Ameliyati-Oncesi-Hangi-Testler-Yapilir.jpg\" class=\"attachment-2048x2048 size-2048x2048 wp-post-image\" alt=\"\" srcset=\"https:\/\/www.alevcamcioglu.com\/wp-content\/uploads\/2025\/01\/Burun-Ameliyati-Oncesi-Hangi-Testler-Yapilir.jpg 1140w, https:\/\/www.alevcamcioglu.com\/wp-content\/uploads\/2025\/01\/Burun-Ameliyati-Oncesi-Hangi-Testler-Yapilir-800x351.jpg 800w, https:\/\/www.alevcamcioglu.com\/wp-content\/uploads\/2025\/01\/Burun-Ameliyati-Oncesi-Hangi-Testler-Yapilir-768x337.jpg 768w\" sizes=\"(max-width: 1140px) 100vw, 1140px\" title=\"\">\t\t\t\t\t\t\t<\/a>\n  \t\t\t\t\t\t\t  \t\t\t\t\t\t\t  \t\t\t\t\t\t<\/div>\n  \t\t\t\t\t\t  \t\t\t\t\t<\/div>\n          \t\t\t\t\t<div class=\"box-text text-center\" >\n\t\t\t\t\t<div class=\"box-text-inner blog-post-inner\">\n\n\t\t\t\t\t\n\t\t\t\t\t\t\t\t\t\t<h5 class=\"post-title is-large \">\n\t\t\t\t\t\t<a href=\"https:\/\/www.alevcamcioglu.com\/de\/welche-tests-werden-vor-einer-nasen-op-durchgefuehrt\/\" class=\"plain\">Welche Tests werden vor einer Nasen-OP durchgef\u00fchrt?<\/a>\n\t\t\t\t\t<\/h5>\n\t\t\t\t\t\t\t\t\t\t<div class=\"is-divider\"><\/div>\n\t\t\t\t\t                    \n\t\t\t\t\t\t\t\t\t\t\t<a href=\"https:\/\/www.alevcamcioglu.com\/de\/welche-tests-werden-vor-einer-nasen-op-durchgefuehrt\/\" class=\"button primary is-outline is-small mb-0\">\n\t\t\t\t\t\t\tWeiterlesen\t\t\t\t\t\t<\/a>\n\t\t\t\t\t\n\t\t\t\t\t\n\t\t\t\t\t<\/div>\n\t\t\t\t\t<\/div>\n\t\t\t\t\t\t\t\t\t\t\t\t\t\t\t\t<div class=\"badge absolute top post-date badge-circle\">\n\t\t\t\t\t\t\t<div class=\"badge-inner\">\n\t\t\t\t\t\t\t\t<span class=\"post-date-day\">31<\/span><br>\n\t\t\t\t\t\t\t\t<span class=\"post-date-month is-xsmall\">Jan.<\/span>\n\t\t\t\t\t\t\t<\/div>\n\t\t\t\t\t\t<\/div>\n\t\t\t\t\t\t\t\t\t<\/div>\n\t\t\t<\/div>\n\t\t<\/div><div class=\"col post-item\" >\n\t\t\t<div class=\"col-inner\">\n\t\t\t\t<div class=\"box box-push box-text-bottom box-blog-post has-hover\">\n            \t\t\t\t\t<div class=\"box-image\" >\n  \t\t\t\t\t\t<div class=\"image-cover\" style=\"padding-top:100%;\">\n\t\t\t\t\t\t\t<a href=\"https:\/\/www.alevcamcioglu.com\/de\/kann-eine-nasen-op-mit-einer-anderen-operation-kombiniert-werden\/\" class=\"plain\" aria-label=\"Kann eine Nasen-OP mit einer anderen Operation kombiniert werden?\">\n\t\t\t\t\t\t\t\t<img decoding=\"async\" width=\"1140\" height=\"500\" src=\"https:\/\/www.alevcamcioglu.com\/wp-content\/uploads\/2025\/01\/Burun-Estetigi-Ameliyati-Baska-Bir-Ameliyat-Ile-Yapilabilir-Mi.jpg\" class=\"attachment-2048x2048 size-2048x2048 wp-post-image\" alt=\"\" srcset=\"https:\/\/www.alevcamcioglu.com\/wp-content\/uploads\/2025\/01\/Burun-Estetigi-Ameliyati-Baska-Bir-Ameliyat-Ile-Yapilabilir-Mi.jpg 1140w, https:\/\/www.alevcamcioglu.com\/wp-content\/uploads\/2025\/01\/Burun-Estetigi-Ameliyati-Baska-Bir-Ameliyat-Ile-Yapilabilir-Mi-800x351.jpg 800w, https:\/\/www.alevcamcioglu.com\/wp-content\/uploads\/2025\/01\/Burun-Estetigi-Ameliyati-Baska-Bir-Ameliyat-Ile-Yapilabilir-Mi-768x337.jpg 768w\" sizes=\"(max-width: 1140px) 100vw, 1140px\" title=\"\">\t\t\t\t\t\t\t<\/a>\n  \t\t\t\t\t\t\t  \t\t\t\t\t\t\t  \t\t\t\t\t\t<\/div>\n  \t\t\t\t\t\t  \t\t\t\t\t<\/div>\n          \t\t\t\t\t<div class=\"box-text text-center\" >\n\t\t\t\t\t<div class=\"box-text-inner blog-post-inner\">\n\n\t\t\t\t\t\n\t\t\t\t\t\t\t\t\t\t<h5 class=\"post-title is-large \">\n\t\t\t\t\t\t<a href=\"https:\/\/www.alevcamcioglu.com\/de\/kann-eine-nasen-op-mit-einer-anderen-operation-kombiniert-werden\/\" class=\"plain\">Kann eine Nasen-OP mit einer anderen Operation kombiniert werden?<\/a>\n\t\t\t\t\t<\/h5>\n\t\t\t\t\t\t\t\t\t\t<div class=\"is-divider\"><\/div>\n\t\t\t\t\t                    \n\t\t\t\t\t\t\t\t\t\t\t<a href=\"https:\/\/www.alevcamcioglu.com\/de\/kann-eine-nasen-op-mit-einer-anderen-operation-kombiniert-werden\/\" class=\"button primary is-outline is-small mb-0\">\n\t\t\t\t\t\t\tWeiterlesen\t\t\t\t\t\t<\/a>\n\t\t\t\t\t\n\t\t\t\t\t\n\t\t\t\t\t<\/div>\n\t\t\t\t\t<\/div>\n\t\t\t\t\t\t\t\t\t\t\t\t\t\t\t\t<div class=\"badge absolute top post-date badge-circle\">\n\t\t\t\t\t\t\t<div class=\"badge-inner\">\n\t\t\t\t\t\t\t\t<span class=\"post-date-day\">31<\/span><br>\n\t\t\t\t\t\t\t\t<span class=\"post-date-month is-xsmall\">Jan.<\/span>\n\t\t\t\t\t\t\t<\/div>\n\t\t\t\t\t\t<\/div>\n\t\t\t\t\t\t\t\t\t<\/div>\n\t\t\t<\/div>\n\t\t<\/div><div class=\"col post-item\" >\n\t\t\t<div class=\"col-inner\">\n\t\t\t\t<div class=\"box box-push box-text-bottom box-blog-post has-hover\">\n            \t\t\t\t\t<div class=\"box-image\" >\n  \t\t\t\t\t\t<div class=\"image-cover\" style=\"padding-top:100%;\">\n\t\t\t\t\t\t\t<a href=\"https:\/\/www.alevcamcioglu.com\/de\/was-sollte-man-nach-einer-nasen-op-vermeiden\/\" class=\"plain\" aria-label=\"Was sollte man nach einer Nasen-OP vermeiden?\">\n\t\t\t\t\t\t\t\t<img decoding=\"async\" width=\"1140\" height=\"500\" src=\"https:\/\/www.alevcamcioglu.com\/wp-content\/uploads\/2025\/01\/Burun-Estetiginden-Sonra-Yapilmamasi-Gerekenler.jpg\" class=\"attachment-2048x2048 size-2048x2048 wp-post-image\" alt=\"\" srcset=\"https:\/\/www.alevcamcioglu.com\/wp-content\/uploads\/2025\/01\/Burun-Estetiginden-Sonra-Yapilmamasi-Gerekenler.jpg 1140w, https:\/\/www.alevcamcioglu.com\/wp-content\/uploads\/2025\/01\/Burun-Estetiginden-Sonra-Yapilmamasi-Gerekenler-800x351.jpg 800w, https:\/\/www.alevcamcioglu.com\/wp-content\/uploads\/2025\/01\/Burun-Estetiginden-Sonra-Yapilmamasi-Gerekenler-768x337.jpg 768w\" sizes=\"(max-width: 1140px) 100vw, 1140px\" title=\"\">\t\t\t\t\t\t\t<\/a>\n  \t\t\t\t\t\t\t  \t\t\t\t\t\t\t  \t\t\t\t\t\t<\/div>\n  \t\t\t\t\t\t  \t\t\t\t\t<\/div>\n          \t\t\t\t\t<div class=\"box-text text-center\" >\n\t\t\t\t\t<div class=\"box-text-inner blog-post-inner\">\n\n\t\t\t\t\t\n\t\t\t\t\t\t\t\t\t\t<h5 class=\"post-title is-large \">\n\t\t\t\t\t\t<a href=\"https:\/\/www.alevcamcioglu.com\/de\/was-sollte-man-nach-einer-nasen-op-vermeiden\/\" class=\"plain\">Was sollte man nach einer Nasen-OP vermeiden?<\/a>\n\t\t\t\t\t<\/h5>\n\t\t\t\t\t\t\t\t\t\t<div class=\"is-divider\"><\/div>\n\t\t\t\t\t                    \n\t\t\t\t\t\t\t\t\t\t\t<a href=\"https:\/\/www.alevcamcioglu.com\/de\/was-sollte-man-nach-einer-nasen-op-vermeiden\/\" class=\"button primary is-outline is-small mb-0\">\n\t\t\t\t\t\t\tWeiterlesen\t\t\t\t\t\t<\/a>\n\t\t\t\t\t\n\t\t\t\t\t\n\t\t\t\t\t<\/div>\n\t\t\t\t\t<\/div>\n\t\t\t\t\t\t\t\t\t\t\t\t\t\t\t\t<div class=\"badge absolute top post-date badge-circle\">\n\t\t\t\t\t\t\t<div class=\"badge-inner\">\n\t\t\t\t\t\t\t\t<span class=\"post-date-day\">31<\/span><br>\n\t\t\t\t\t\t\t\t<span class=\"post-date-month is-xsmall\">Jan.<\/span>\n\t\t\t\t\t\t\t<\/div>\n\t\t\t\t\t\t<\/div>\n\t\t\t\t\t\t\t\t\t<\/div>\n\t\t\t<\/div>\n\t\t<\/div><div class=\"col post-item\" >\n\t\t\t<div class=\"col-inner\">\n\t\t\t\t<div class=\"box box-push box-text-bottom box-blog-post has-hover\">\n            \t\t\t\t\t<div class=\"box-image\" >\n  \t\t\t\t\t\t<div class=\"image-cover\" style=\"padding-top:100%;\">\n\t\t\t\t\t\t\t<a href=\"https:\/\/www.alevcamcioglu.com\/de\/was-ist-der-unterschied-zwischen-offener-und-geschlossener-nasen-op\/\" class=\"plain\" aria-label=\"Was ist der Unterschied zwischen offener und geschlossener Nasen-OP?\">\n\t\t\t\t\t\t\t\t<img decoding=\"async\" width=\"1140\" height=\"500\" src=\"https:\/\/www.alevcamcioglu.com\/wp-content\/uploads\/2024\/12\/Acik-Burun-Ameliyati-ile-Kapali-Arasindaki-Fark-Nedir.jpg\" class=\"attachment-2048x2048 size-2048x2048 wp-post-image\" alt=\"\" srcset=\"https:\/\/www.alevcamcioglu.com\/wp-content\/uploads\/2024\/12\/Acik-Burun-Ameliyati-ile-Kapali-Arasindaki-Fark-Nedir.jpg 1140w, https:\/\/www.alevcamcioglu.com\/wp-content\/uploads\/2024\/12\/Acik-Burun-Ameliyati-ile-Kapali-Arasindaki-Fark-Nedir-800x351.jpg 800w, https:\/\/www.alevcamcioglu.com\/wp-content\/uploads\/2024\/12\/Acik-Burun-Ameliyati-ile-Kapali-Arasindaki-Fark-Nedir-768x337.jpg 768w\" sizes=\"(max-width: 1140px) 100vw, 1140px\" title=\"\">\t\t\t\t\t\t\t<\/a>\n  \t\t\t\t\t\t\t  \t\t\t\t\t\t\t  \t\t\t\t\t\t<\/div>\n  \t\t\t\t\t\t  \t\t\t\t\t<\/div>\n          \t\t\t\t\t<div class=\"box-text text-center\" >\n\t\t\t\t\t<div class=\"box-text-inner blog-post-inner\">\n\n\t\t\t\t\t\n\t\t\t\t\t\t\t\t\t\t<h5 class=\"post-title is-large \">\n\t\t\t\t\t\t<a href=\"https:\/\/www.alevcamcioglu.com\/de\/was-ist-der-unterschied-zwischen-offener-und-geschlossener-nasen-op\/\" class=\"plain\">Was ist der Unterschied zwischen offener und geschlossener Nasen-OP?<\/a>\n\t\t\t\t\t<\/h5>\n\t\t\t\t\t\t\t\t\t\t<div class=\"is-divider\"><\/div>\n\t\t\t\t\t                    \n\t\t\t\t\t\t\t\t\t\t\t<a href=\"https:\/\/www.alevcamcioglu.com\/de\/was-ist-der-unterschied-zwischen-offener-und-geschlossener-nasen-op\/\" class=\"button primary is-outline is-small mb-0\">\n\t\t\t\t\t\t\tWeiterlesen\t\t\t\t\t\t<\/a>\n\t\t\t\t\t\n\t\t\t\t\t\n\t\t\t\t\t<\/div>\n\t\t\t\t\t<\/div>\n\t\t\t\t\t\t\t\t\t\t\t\t\t\t\t\t<div class=\"badge absolute top post-date badge-circle\">\n\t\t\t\t\t\t\t<div class=\"badge-inner\">\n\t\t\t\t\t\t\t\t<span class=\"post-date-day\">26<\/span><br>\n\t\t\t\t\t\t\t\t<span class=\"post-date-month is-xsmall\">Dez.<\/span>\n\t\t\t\t\t\t\t<\/div>\n\t\t\t\t\t\t<\/div>\n\t\t\t\t\t\t\t\t\t<\/div>\n\t\t\t<\/div>\n\t\t<\/div><div class=\"col post-item\" >\n\t\t\t<div class=\"col-inner\">\n\t\t\t\t<div class=\"box box-push box-text-bottom box-blog-post has-hover\">\n            \t\t\t\t\t<div class=\"box-image\" >\n  \t\t\t\t\t\t<div class=\"image-cover\" style=\"padding-top:100%;\">\n\t\t\t\t\t\t\t<a href=\"https:\/\/www.alevcamcioglu.com\/de\/veraendert-seitenschlafen-nach-einer-nasen-op-die-nasenform\/\" class=\"plain\" aria-label=\"Ver\u00e4ndert Seitenschlafen nach einer Nasen-OP die Nasenform?\">\n\t\t\t\t\t\t\t\t<img decoding=\"async\" width=\"1140\" height=\"500\" src=\"https:\/\/www.alevcamcioglu.com\/wp-content\/uploads\/2024\/12\/Burun-Estetigi-Sonrasi-Yan-Yatmak-Burun-Seklini-Bozar-Mi.jpg\" class=\"attachment-2048x2048 size-2048x2048 wp-post-image\" alt=\"\" srcset=\"https:\/\/www.alevcamcioglu.com\/wp-content\/uploads\/2024\/12\/Burun-Estetigi-Sonrasi-Yan-Yatmak-Burun-Seklini-Bozar-Mi.jpg 1140w, https:\/\/www.alevcamcioglu.com\/wp-content\/uploads\/2024\/12\/Burun-Estetigi-Sonrasi-Yan-Yatmak-Burun-Seklini-Bozar-Mi-800x351.jpg 800w, https:\/\/www.alevcamcioglu.com\/wp-content\/uploads\/2024\/12\/Burun-Estetigi-Sonrasi-Yan-Yatmak-Burun-Seklini-Bozar-Mi-768x337.jpg 768w\" sizes=\"(max-width: 1140px) 100vw, 1140px\" title=\"\">\t\t\t\t\t\t\t<\/a>\n  \t\t\t\t\t\t\t  \t\t\t\t\t\t\t  \t\t\t\t\t\t<\/div>\n  \t\t\t\t\t\t  \t\t\t\t\t<\/div>\n          \t\t\t\t\t<div class=\"box-text text-center\" >\n\t\t\t\t\t<div class=\"box-text-inner blog-post-inner\">\n\n\t\t\t\t\t\n\t\t\t\t\t\t\t\t\t\t<h5 class=\"post-title is-large \">\n\t\t\t\t\t\t<a href=\"https:\/\/www.alevcamcioglu.com\/de\/veraendert-seitenschlafen-nach-einer-nasen-op-die-nasenform\/\" class=\"plain\">Ver\u00e4ndert Seitenschlafen nach einer Nasen-OP die Nasenform?<\/a>\n\t\t\t\t\t<\/h5>\n\t\t\t\t\t\t\t\t\t\t<div class=\"is-divider\"><\/div>\n\t\t\t\t\t                    \n\t\t\t\t\t\t\t\t\t\t\t<a href=\"https:\/\/www.alevcamcioglu.com\/de\/veraendert-seitenschlafen-nach-einer-nasen-op-die-nasenform\/\" class=\"button primary is-outline is-small mb-0\">\n\t\t\t\t\t\t\tWeiterlesen\t\t\t\t\t\t<\/a>\n\t\t\t\t\t\n\t\t\t\t\t\n\t\t\t\t\t<\/div>\n\t\t\t\t\t<\/div>\n\t\t\t\t\t\t\t\t\t\t\t\t\t\t\t\t<div class=\"badge absolute top post-date badge-circle\">\n\t\t\t\t\t\t\t<div class=\"badge-inner\">\n\t\t\t\t\t\t\t\t<span class=\"post-date-day\">26<\/span><br>\n\t\t\t\t\t\t\t\t<span class=\"post-date-month is-xsmall\">Dez.<\/span>\n\t\t\t\t\t\t\t<\/div>\n\t\t\t\t\t\t<\/div>\n\t\t\t\t\t\t\t\t\t<\/div>\n\t\t\t<\/div>\n\t\t<\/div><div class=\"col post-item\" >\n\t\t\t<div class=\"col-inner\">\n\t\t\t\t<div class=\"box box-push box-text-bottom box-blog-post has-hover\">\n            \t\t\t\t\t<div class=\"box-image\" >\n  \t\t\t\t\t\t<div class=\"image-cover\" style=\"padding-top:100%;\">\n\t\t\t\t\t\t\t<a href=\"https:\/\/www.alevcamcioglu.com\/de\/wechseln-sie-monat-fuer-monat-nach-der-nasen-op\/\" class=\"plain\" aria-label=\"Wechseln Sie Monat f\u00fcr Monat nach der Nasen-OP\">\n\t\t\t\t\t\t\t\t<img decoding=\"async\" width=\"1140\" height=\"500\" src=\"https:\/\/www.alevcamcioglu.com\/wp-content\/uploads\/2024\/12\/Burun-Estetigi-Sonrasi-Ay-Ay-Degisim.jpg\" class=\"attachment-2048x2048 size-2048x2048 wp-post-image\" alt=\"\" srcset=\"https:\/\/www.alevcamcioglu.com\/wp-content\/uploads\/2024\/12\/Burun-Estetigi-Sonrasi-Ay-Ay-Degisim.jpg 1140w, https:\/\/www.alevcamcioglu.com\/wp-content\/uploads\/2024\/12\/Burun-Estetigi-Sonrasi-Ay-Ay-Degisim-800x351.jpg 800w, https:\/\/www.alevcamcioglu.com\/wp-content\/uploads\/2024\/12\/Burun-Estetigi-Sonrasi-Ay-Ay-Degisim-768x337.jpg 768w\" sizes=\"(max-width: 1140px) 100vw, 1140px\" title=\"\">\t\t\t\t\t\t\t<\/a>\n  \t\t\t\t\t\t\t  \t\t\t\t\t\t\t  \t\t\t\t\t\t<\/div>\n  \t\t\t\t\t\t  \t\t\t\t\t<\/div>\n          \t\t\t\t\t<div class=\"box-text text-center\" >\n\t\t\t\t\t<div class=\"box-text-inner blog-post-inner\">\n\n\t\t\t\t\t\n\t\t\t\t\t\t\t\t\t\t<h5 class=\"post-title is-large \">\n\t\t\t\t\t\t<a href=\"https:\/\/www.alevcamcioglu.com\/de\/wechseln-sie-monat-fuer-monat-nach-der-nasen-op\/\" class=\"plain\">Wechseln Sie Monat f\u00fcr Monat nach der Nasen-OP<\/a>\n\t\t\t\t\t<\/h5>\n\t\t\t\t\t\t\t\t\t\t<div class=\"is-divider\"><\/div>\n\t\t\t\t\t                    \n\t\t\t\t\t\t\t\t\t\t\t<a href=\"https:\/\/www.alevcamcioglu.com\/de\/wechseln-sie-monat-fuer-monat-nach-der-nasen-op\/\" class=\"button primary is-outline is-small mb-0\">\n\t\t\t\t\t\t\tWeiterlesen\t\t\t\t\t\t<\/a>\n\t\t\t\t\t\n\t\t\t\t\t\n\t\t\t\t\t<\/div>\n\t\t\t\t\t<\/div>\n\t\t\t\t\t\t\t\t\t\t\t\t\t\t\t\t<div class=\"badge absolute top post-date badge-circle\">\n\t\t\t\t\t\t\t<div class=\"badge-inner\">\n\t\t\t\t\t\t\t\t<span class=\"post-date-day\">26<\/span><br>\n\t\t\t\t\t\t\t\t<span class=\"post-date-month is-xsmall\">Dez.<\/span>\n\t\t\t\t\t\t\t<\/div>\n\t\t\t\t\t\t<\/div>\n\t\t\t\t\t\t\t\t\t<\/div>\n\t\t\t<\/div>\n\t\t<\/div><div class=\"col post-item\" >\n\t\t\t<div class=\"col-inner\">\n\t\t\t\t<div class=\"box box-push box-text-bottom box-blog-post has-hover\">\n            \t\t\t\t\t<div class=\"box-image\" >\n  \t\t\t\t\t\t<div class=\"image-cover\" style=\"padding-top:100%;\">\n\t\t\t\t\t\t\t<a href=\"https:\/\/www.alevcamcioglu.com\/de\/koennen-nasen-op-und-eine-nasennebenhoehlen-op-zusammen-durchgefuehrt-werden\/\" class=\"plain\" aria-label=\"K\u00f6nnen Nasen-OP und eine Nasennebenh\u00f6hlen-OP zusammen durchgef\u00fchrt werden?\">\n\t\t\t\t\t\t\t\t<img decoding=\"async\" width=\"1140\" height=\"500\" src=\"https:\/\/www.alevcamcioglu.com\/wp-content\/uploads\/2024\/12\/Burun-Estetigi-ve-Sinuzit-Ameliyati-Birlikte-Yapilir-Mi.jpg\" class=\"attachment-2048x2048 size-2048x2048 wp-post-image\" alt=\"\" srcset=\"https:\/\/www.alevcamcioglu.com\/wp-content\/uploads\/2024\/12\/Burun-Estetigi-ve-Sinuzit-Ameliyati-Birlikte-Yapilir-Mi.jpg 1140w, https:\/\/www.alevcamcioglu.com\/wp-content\/uploads\/2024\/12\/Burun-Estetigi-ve-Sinuzit-Ameliyati-Birlikte-Yapilir-Mi-800x351.jpg 800w, https:\/\/www.alevcamcioglu.com\/wp-content\/uploads\/2024\/12\/Burun-Estetigi-ve-Sinuzit-Ameliyati-Birlikte-Yapilir-Mi-768x337.jpg 768w\" sizes=\"(max-width: 1140px) 100vw, 1140px\" title=\"\">\t\t\t\t\t\t\t<\/a>\n  \t\t\t\t\t\t\t  \t\t\t\t\t\t\t  \t\t\t\t\t\t<\/div>\n  \t\t\t\t\t\t  \t\t\t\t\t<\/div>\n          \t\t\t\t\t<div class=\"box-text text-center\" >\n\t\t\t\t\t<div class=\"box-text-inner blog-post-inner\">\n\n\t\t\t\t\t\n\t\t\t\t\t\t\t\t\t\t<h5 class=\"post-title is-large \">\n\t\t\t\t\t\t<a href=\"https:\/\/www.alevcamcioglu.com\/de\/koennen-nasen-op-und-eine-nasennebenhoehlen-op-zusammen-durchgefuehrt-werden\/\" class=\"plain\">K\u00f6nnen Nasen-OP und eine Nasennebenh\u00f6hlen-OP zusammen durchgef\u00fchrt werden?<\/a>\n\t\t\t\t\t<\/h5>\n\t\t\t\t\t\t\t\t\t\t<div class=\"is-divider\"><\/div>\n\t\t\t\t\t                    \n\t\t\t\t\t\t\t\t\t\t\t<a href=\"https:\/\/www.alevcamcioglu.com\/de\/koennen-nasen-op-und-eine-nasennebenhoehlen-op-zusammen-durchgefuehrt-werden\/\" class=\"button primary is-outline is-small mb-0\">\n\t\t\t\t\t\t\tWeiterlesen\t\t\t\t\t\t<\/a>\n\t\t\t\t\t\n\t\t\t\t\t\n\t\t\t\t\t<\/div>\n\t\t\t\t\t<\/div>\n\t\t\t\t\t\t\t\t\t\t\t\t\t\t\t\t<div class=\"badge absolute top post-date badge-circle\">\n\t\t\t\t\t\t\t<div class=\"badge-inner\">\n\t\t\t\t\t\t\t\t<span class=\"post-date-day\">26<\/span><br>\n\t\t\t\t\t\t\t\t<span class=\"post-date-month is-xsmall\">Dez.<\/span>\n\t\t\t\t\t\t\t<\/div>\n\t\t\t\t\t\t<\/div>\n\t\t\t\t\t\t\t\t\t<\/div>\n\t\t\t<\/div>\n\t\t<\/div><div class=\"col post-item\" >\n\t\t\t<div class=\"col-inner\">\n\t\t\t\t<div class=\"box box-push box-text-bottom box-blog-post has-hover\">\n            \t\t\t\t\t<div class=\"box-image\" >\n  \t\t\t\t\t\t<div class=\"image-cover\" style=\"padding-top:100%;\">\n\t\t\t\t\t\t\t<a href=\"https:\/\/www.alevcamcioglu.com\/de\/lippenlift-operation\/\" class=\"plain\" aria-label=\"Lippenlift-Operation\">\n\t\t\t\t\t\t\t\t<img decoding=\"async\" width=\"1140\" height=\"500\" src=\"https:\/\/www.alevcamcioglu.com\/wp-content\/uploads\/2024\/12\/Lip-Lift-Dudak-Kaldirma-Ameliyati.jpg\" class=\"attachment-2048x2048 size-2048x2048 wp-post-image\" alt=\"\" srcset=\"https:\/\/www.alevcamcioglu.com\/wp-content\/uploads\/2024\/12\/Lip-Lift-Dudak-Kaldirma-Ameliyati.jpg 1140w, https:\/\/www.alevcamcioglu.com\/wp-content\/uploads\/2024\/12\/Lip-Lift-Dudak-Kaldirma-Ameliyati-800x351.jpg 800w, https:\/\/www.alevcamcioglu.com\/wp-content\/uploads\/2024\/12\/Lip-Lift-Dudak-Kaldirma-Ameliyati-768x337.jpg 768w\" sizes=\"(max-width: 1140px) 100vw, 1140px\" title=\"\">\t\t\t\t\t\t\t<\/a>\n  \t\t\t\t\t\t\t  \t\t\t\t\t\t\t  \t\t\t\t\t\t<\/div>\n  \t\t\t\t\t\t  \t\t\t\t\t<\/div>\n          \t\t\t\t\t<div class=\"box-text text-center\" >\n\t\t\t\t\t<div class=\"box-text-inner blog-post-inner\">\n\n\t\t\t\t\t\n\t\t\t\t\t\t\t\t\t\t<h5 class=\"post-title is-large \">\n\t\t\t\t\t\t<a href=\"https:\/\/www.alevcamcioglu.com\/de\/lippenlift-operation\/\" class=\"plain\">Lippenlift-Operation<\/a>\n\t\t\t\t\t<\/h5>\n\t\t\t\t\t\t\t\t\t\t<div class=\"is-divider\"><\/div>\n\t\t\t\t\t                    \n\t\t\t\t\t\t\t\t\t\t\t<a href=\"https:\/\/www.alevcamcioglu.com\/de\/lippenlift-operation\/\" class=\"button primary is-outline is-small mb-0\">\n\t\t\t\t\t\t\tWeiterlesen\t\t\t\t\t\t<\/a>\n\t\t\t\t\t\n\t\t\t\t\t\n\t\t\t\t\t<\/div>\n\t\t\t\t\t<\/div>\n\t\t\t\t\t\t\t\t\t\t\t\t\t\t\t\t<div class=\"badge absolute top post-date badge-circle\">\n\t\t\t\t\t\t\t<div class=\"badge-inner\">\n\t\t\t\t\t\t\t\t<span class=\"post-date-day\">26<\/span><br>\n\t\t\t\t\t\t\t\t<span class=\"post-date-month is-xsmall\">Dez.<\/span>\n\t\t\t\t\t\t\t<\/div>\n\t\t\t\t\t\t<\/div>\n\t\t\t\t\t\t\t\t\t<\/div>\n\t\t\t<\/div>\n\t\t<\/div><div class=\"col post-item\" >\n\t\t\t<div class=\"col-inner\">\n\t\t\t\t<div class=\"box box-push box-text-bottom box-blog-post has-hover\">\n            \t\t\t\t\t<div class=\"box-image\" >\n  \t\t\t\t\t\t<div class=\"image-cover\" style=\"padding-top:100%;\">\n\t\t\t\t\t\t\t<a href=\"https:\/\/www.alevcamcioglu.com\/de\/augenlidaesthetik-blepharoplastik\/\" class=\"plain\" aria-label=\"Augenlid\u00e4sthetik (Blepharoplastik)\">\n\t\t\t\t\t\t\t\t<img decoding=\"async\" width=\"1140\" height=\"500\" src=\"https:\/\/www.alevcamcioglu.com\/wp-content\/uploads\/2024\/12\/Goz-Kapagi-Estetigi-Blefaroplasti.jpg\" class=\"attachment-2048x2048 size-2048x2048 wp-post-image\" alt=\"\" srcset=\"https:\/\/www.alevcamcioglu.com\/wp-content\/uploads\/2024\/12\/Goz-Kapagi-Estetigi-Blefaroplasti.jpg 1140w, https:\/\/www.alevcamcioglu.com\/wp-content\/uploads\/2024\/12\/Goz-Kapagi-Estetigi-Blefaroplasti-800x351.jpg 800w, https:\/\/www.alevcamcioglu.com\/wp-content\/uploads\/2024\/12\/Goz-Kapagi-Estetigi-Blefaroplasti-768x337.jpg 768w\" sizes=\"(max-width: 1140px) 100vw, 1140px\" title=\"\">\t\t\t\t\t\t\t<\/a>\n  \t\t\t\t\t\t\t  \t\t\t\t\t\t\t  \t\t\t\t\t\t<\/div>\n  \t\t\t\t\t\t  \t\t\t\t\t<\/div>\n          \t\t\t\t\t<div class=\"box-text text-center\" >\n\t\t\t\t\t<div class=\"box-text-inner blog-post-inner\">\n\n\t\t\t\t\t\n\t\t\t\t\t\t\t\t\t\t<h5 class=\"post-title is-large \">\n\t\t\t\t\t\t<a href=\"https:\/\/www.alevcamcioglu.com\/de\/augenlidaesthetik-blepharoplastik\/\" class=\"plain\">Augenlid\u00e4sthetik (Blepharoplastik)<\/a>\n\t\t\t\t\t<\/h5>\n\t\t\t\t\t\t\t\t\t\t<div class=\"is-divider\"><\/div>\n\t\t\t\t\t                    \n\t\t\t\t\t\t\t\t\t\t\t<a href=\"https:\/\/www.alevcamcioglu.com\/de\/augenlidaesthetik-blepharoplastik\/\" class=\"button primary is-outline is-small mb-0\">\n\t\t\t\t\t\t\tWeiterlesen\t\t\t\t\t\t<\/a>\n\t\t\t\t\t\n\t\t\t\t\t\n\t\t\t\t\t<\/div>\n\t\t\t\t\t<\/div>\n\t\t\t\t\t\t\t\t\t\t\t\t\t\t\t\t<div class=\"badge absolute top post-date badge-circle\">\n\t\t\t\t\t\t\t<div class=\"badge-inner\">\n\t\t\t\t\t\t\t\t<span class=\"post-date-day\">26<\/span><br>\n\t\t\t\t\t\t\t\t<span class=\"post-date-month is-xsmall\">Dez.<\/span>\n\t\t\t\t\t\t\t<\/div>\n\t\t\t\t\t\t<\/div>\n\t\t\t\t\t\t\t\t\t<\/div>\n\t\t\t<\/div>\n\t\t<\/div><div class=\"col post-item\" >\n\t\t\t<div class=\"col-inner\">\n\t\t\t\t<div class=\"box box-push box-text-bottom box-blog-post has-hover\">\n            \t\t\t\t\t<div class=\"box-image\" >\n  \t\t\t\t\t\t<div class=\"image-cover\" style=\"padding-top:100%;\">\n\t\t\t\t\t\t\t<a href=\"https:\/\/www.alevcamcioglu.com\/de\/operation-bei-abstehenden-ohren\/\" class=\"plain\" aria-label=\"Operation bei abstehenden Ohren\">\n\t\t\t\t\t\t\t\t<img decoding=\"async\" width=\"1140\" height=\"500\" src=\"https:\/\/www.alevcamcioglu.com\/wp-content\/uploads\/2024\/12\/Kepce-Kulak-Ameliyati.jpg\" class=\"attachment-2048x2048 size-2048x2048 wp-post-image\" alt=\"\" srcset=\"https:\/\/www.alevcamcioglu.com\/wp-content\/uploads\/2024\/12\/Kepce-Kulak-Ameliyati.jpg 1140w, https:\/\/www.alevcamcioglu.com\/wp-content\/uploads\/2024\/12\/Kepce-Kulak-Ameliyati-800x351.jpg 800w, https:\/\/www.alevcamcioglu.com\/wp-content\/uploads\/2024\/12\/Kepce-Kulak-Ameliyati-768x337.jpg 768w\" sizes=\"(max-width: 1140px) 100vw, 1140px\" title=\"\">\t\t\t\t\t\t\t<\/a>\n  \t\t\t\t\t\t\t  \t\t\t\t\t\t\t  \t\t\t\t\t\t<\/div>\n  \t\t\t\t\t\t  \t\t\t\t\t<\/div>\n          \t\t\t\t\t<div class=\"box-text text-center\" >\n\t\t\t\t\t<div class=\"box-text-inner blog-post-inner\">\n\n\t\t\t\t\t\n\t\t\t\t\t\t\t\t\t\t<h5 class=\"post-title is-large \">\n\t\t\t\t\t\t<a href=\"https:\/\/www.alevcamcioglu.com\/de\/operation-bei-abstehenden-ohren\/\" class=\"plain\">Operation bei abstehenden Ohren<\/a>\n\t\t\t\t\t<\/h5>\n\t\t\t\t\t\t\t\t\t\t<div class=\"is-divider\"><\/div>\n\t\t\t\t\t                    \n\t\t\t\t\t\t\t\t\t\t\t<a href=\"https:\/\/www.alevcamcioglu.com\/de\/operation-bei-abstehenden-ohren\/\" class=\"button primary is-outline is-small mb-0\">\n\t\t\t\t\t\t\tWeiterlesen\t\t\t\t\t\t<\/a>\n\t\t\t\t\t\n\t\t\t\t\t\n\t\t\t\t\t<\/div>\n\t\t\t\t\t<\/div>\n\t\t\t\t\t\t\t\t\t\t\t\t\t\t\t\t<div class=\"badge absolute top post-date badge-circle\">\n\t\t\t\t\t\t\t<div class=\"badge-inner\">\n\t\t\t\t\t\t\t\t<span class=\"post-date-day\">26<\/span><br>\n\t\t\t\t\t\t\t\t<span class=\"post-date-month is-xsmall\">Dez.<\/span>\n\t\t\t\t\t\t\t<\/div>\n\t\t\t\t\t\t<\/div>\n\t\t\t\t\t\t\t\t\t<\/div>\n\t\t\t<\/div>\n\t\t<\/div><div class=\"col post-item\" >\n\t\t\t<div class=\"col-inner\">\n\t\t\t\t<div class=\"box box-push box-text-bottom box-blog-post has-hover\">\n            \t\t\t\t\t<div class=\"box-image\" >\n  \t\t\t\t\t\t<div class=\"image-cover\" style=\"padding-top:100%;\">\n\t\t\t\t\t\t\t<a href=\"https:\/\/www.alevcamcioglu.com\/de\/aesthetische-nasen-op-fuer-eine-stupsnase\/\" class=\"plain\" aria-label=\"\u00c4sthetische Nasen-OP f\u00fcr eine Stupsnase\">\n\t\t\t\t\t\t\t\t<img decoding=\"async\" width=\"1600\" height=\"900\" src=\"https:\/\/www.alevcamcioglu.com\/wp-content\/uploads\/2024\/12\/Hokka-Burun.jpg\" class=\"attachment-2048x2048 size-2048x2048 wp-post-image\" alt=\"\" srcset=\"https:\/\/www.alevcamcioglu.com\/wp-content\/uploads\/2024\/12\/Hokka-Burun.jpg 1600w, https:\/\/www.alevcamcioglu.com\/wp-content\/uploads\/2024\/12\/Hokka-Burun-711x400.jpg 711w, https:\/\/www.alevcamcioglu.com\/wp-content\/uploads\/2024\/12\/Hokka-Burun-1400x788.jpg 1400w, https:\/\/www.alevcamcioglu.com\/wp-content\/uploads\/2024\/12\/Hokka-Burun-768x432.jpg 768w, https:\/\/www.alevcamcioglu.com\/wp-content\/uploads\/2024\/12\/Hokka-Burun-1536x864.jpg 1536w\" sizes=\"(max-width: 1600px) 100vw, 1600px\" title=\"\">\t\t\t\t\t\t\t<\/a>\n  \t\t\t\t\t\t\t  \t\t\t\t\t\t\t  \t\t\t\t\t\t<\/div>\n  \t\t\t\t\t\t  \t\t\t\t\t<\/div>\n          \t\t\t\t\t<div class=\"box-text text-center\" >\n\t\t\t\t\t<div class=\"box-text-inner blog-post-inner\">\n\n\t\t\t\t\t\n\t\t\t\t\t\t\t\t\t\t<h5 class=\"post-title is-large \">\n\t\t\t\t\t\t<a href=\"https:\/\/www.alevcamcioglu.com\/de\/aesthetische-nasen-op-fuer-eine-stupsnase\/\" class=\"plain\">\u00c4sthetische Nasen-OP f\u00fcr eine Stupsnase<\/a>\n\t\t\t\t\t<\/h5>\n\t\t\t\t\t\t\t\t\t\t<div class=\"is-divider\"><\/div>\n\t\t\t\t\t                    \n\t\t\t\t\t\t\t\t\t\t\t<a href=\"https:\/\/www.alevcamcioglu.com\/de\/aesthetische-nasen-op-fuer-eine-stupsnase\/\" class=\"button primary is-outline is-small mb-0\">\n\t\t\t\t\t\t\tWeiterlesen\t\t\t\t\t\t<\/a>\n\t\t\t\t\t\n\t\t\t\t\t\n\t\t\t\t\t<\/div>\n\t\t\t\t\t<\/div>\n\t\t\t\t\t\t\t\t\t\t\t\t\t\t\t\t<div class=\"badge absolute top post-date badge-circle\">\n\t\t\t\t\t\t\t<div class=\"badge-inner\">\n\t\t\t\t\t\t\t\t<span class=\"post-date-day\">21<\/span><br>\n\t\t\t\t\t\t\t\t<span class=\"post-date-month is-xsmall\">Dez.<\/span>\n\t\t\t\t\t\t\t<\/div>\n\t\t\t\t\t\t<\/div>\n\t\t\t\t\t\t\t\t\t<\/div>\n\t\t\t<\/div>\n\t\t<\/div><div class=\"col post-item\" >\n\t\t\t<div class=\"col-inner\">\n\t\t\t\t<div class=\"box box-push box-text-bottom box-blog-post has-hover\">\n            \t\t\t\t\t<div class=\"box-image\" >\n  \t\t\t\t\t\t<div class=\"image-cover\" style=\"padding-top:100%;\">\n\t\t\t\t\t\t\t<a href=\"https:\/\/www.alevcamcioglu.com\/de\/was-ist-eine-knopfnase-und-wie-entsteht-sie\/\" class=\"plain\" aria-label=\"Was ist eine \u201eKnopfnase\u201c und wie entsteht sie?\">\n\t\t\t\t\t\t\t\t<img decoding=\"async\" width=\"1600\" height=\"900\" src=\"https:\/\/www.alevcamcioglu.com\/wp-content\/uploads\/2024\/12\/Findik-Buru.jpg\" class=\"attachment-2048x2048 size-2048x2048 wp-post-image\" alt=\"\" srcset=\"https:\/\/www.alevcamcioglu.com\/wp-content\/uploads\/2024\/12\/Findik-Buru.jpg 1600w, https:\/\/www.alevcamcioglu.com\/wp-content\/uploads\/2024\/12\/Findik-Buru-711x400.jpg 711w, https:\/\/www.alevcamcioglu.com\/wp-content\/uploads\/2024\/12\/Findik-Buru-1400x788.jpg 1400w, https:\/\/www.alevcamcioglu.com\/wp-content\/uploads\/2024\/12\/Findik-Buru-768x432.jpg 768w, https:\/\/www.alevcamcioglu.com\/wp-content\/uploads\/2024\/12\/Findik-Buru-1536x864.jpg 1536w\" sizes=\"(max-width: 1600px) 100vw, 1600px\" title=\"\">\t\t\t\t\t\t\t<\/a>\n  \t\t\t\t\t\t\t  \t\t\t\t\t\t\t  \t\t\t\t\t\t<\/div>\n  \t\t\t\t\t\t  \t\t\t\t\t<\/div>\n          \t\t\t\t\t<div class=\"box-text text-center\" >\n\t\t\t\t\t<div class=\"box-text-inner blog-post-inner\">\n\n\t\t\t\t\t\n\t\t\t\t\t\t\t\t\t\t<h5 class=\"post-title is-large \">\n\t\t\t\t\t\t<a href=\"https:\/\/www.alevcamcioglu.com\/de\/was-ist-eine-knopfnase-und-wie-entsteht-sie\/\" class=\"plain\">Was ist eine \u201eKnopfnase\u201c und wie entsteht sie?<\/a>\n\t\t\t\t\t<\/h5>\n\t\t\t\t\t\t\t\t\t\t<div class=\"is-divider\"><\/div>\n\t\t\t\t\t                    \n\t\t\t\t\t\t\t\t\t\t\t<a href=\"https:\/\/www.alevcamcioglu.com\/de\/was-ist-eine-knopfnase-und-wie-entsteht-sie\/\" class=\"button primary is-outline is-small mb-0\">\n\t\t\t\t\t\t\tWeiterlesen\t\t\t\t\t\t<\/a>\n\t\t\t\t\t\n\t\t\t\t\t\n\t\t\t\t\t<\/div>\n\t\t\t\t\t<\/div>\n\t\t\t\t\t\t\t\t\t\t\t\t\t\t\t\t<div class=\"badge absolute top post-date badge-circle\">\n\t\t\t\t\t\t\t<div class=\"badge-inner\">\n\t\t\t\t\t\t\t\t<span class=\"post-date-day\">21<\/span><br>\n\t\t\t\t\t\t\t\t<span class=\"post-date-month is-xsmall\">Dez.<\/span>\n\t\t\t\t\t\t\t<\/div>\n\t\t\t\t\t\t<\/div>\n\t\t\t\t\t\t\t\t\t<\/div>\n\t\t\t<\/div>\n\t\t<\/div><div class=\"col post-item\" >\n\t\t\t<div class=\"col-inner\">\n\t\t\t\t<div class=\"box box-push box-text-bottom box-blog-post has-hover\">\n            \t\t\t\t\t<div class=\"box-image\" >\n  \t\t\t\t\t\t<div class=\"image-cover\" style=\"padding-top:100%;\">\n\t\t\t\t\t\t\t<a href=\"https:\/\/www.alevcamcioglu.com\/de\/nasenspitzenanhebung\/\" class=\"plain\" aria-label=\"Nasenspitzenanhebung\">\n\t\t\t\t\t\t\t\t<img decoding=\"async\" width=\"1600\" height=\"900\" src=\"https:\/\/www.alevcamcioglu.com\/wp-content\/uploads\/2024\/12\/Burun-Ucu-Kaldirma-Estetigi.jpg\" class=\"attachment-2048x2048 size-2048x2048 wp-post-image\" alt=\"\" srcset=\"https:\/\/www.alevcamcioglu.com\/wp-content\/uploads\/2024\/12\/Burun-Ucu-Kaldirma-Estetigi.jpg 1600w, https:\/\/www.alevcamcioglu.com\/wp-content\/uploads\/2024\/12\/Burun-Ucu-Kaldirma-Estetigi-711x400.jpg 711w, https:\/\/www.alevcamcioglu.com\/wp-content\/uploads\/2024\/12\/Burun-Ucu-Kaldirma-Estetigi-1400x788.jpg 1400w, https:\/\/www.alevcamcioglu.com\/wp-content\/uploads\/2024\/12\/Burun-Ucu-Kaldirma-Estetigi-768x432.jpg 768w, https:\/\/www.alevcamcioglu.com\/wp-content\/uploads\/2024\/12\/Burun-Ucu-Kaldirma-Estetigi-1536x864.jpg 1536w\" sizes=\"(max-width: 1600px) 100vw, 1600px\" title=\"\">\t\t\t\t\t\t\t<\/a>\n  \t\t\t\t\t\t\t  \t\t\t\t\t\t\t  \t\t\t\t\t\t<\/div>\n  \t\t\t\t\t\t  \t\t\t\t\t<\/div>\n          \t\t\t\t\t<div class=\"box-text text-center\" >\n\t\t\t\t\t<div class=\"box-text-inner blog-post-inner\">\n\n\t\t\t\t\t\n\t\t\t\t\t\t\t\t\t\t<h5 class=\"post-title is-large \">\n\t\t\t\t\t\t<a href=\"https:\/\/www.alevcamcioglu.com\/de\/nasenspitzenanhebung\/\" class=\"plain\">Nasenspitzenanhebung<\/a>\n\t\t\t\t\t<\/h5>\n\t\t\t\t\t\t\t\t\t\t<div class=\"is-divider\"><\/div>\n\t\t\t\t\t                    \n\t\t\t\t\t\t\t\t\t\t\t<a href=\"https:\/\/www.alevcamcioglu.com\/de\/nasenspitzenanhebung\/\" class=\"button primary is-outline is-small mb-0\">\n\t\t\t\t\t\t\tWeiterlesen\t\t\t\t\t\t<\/a>\n\t\t\t\t\t\n\t\t\t\t\t\n\t\t\t\t\t<\/div>\n\t\t\t\t\t<\/div>\n\t\t\t\t\t\t\t\t\t\t\t\t\t\t\t\t<div class=\"badge absolute top post-date badge-circle\">\n\t\t\t\t\t\t\t<div class=\"badge-inner\">\n\t\t\t\t\t\t\t\t<span class=\"post-date-day\">21<\/span><br>\n\t\t\t\t\t\t\t\t<span class=\"post-date-month is-xsmall\">Dez.<\/span>\n\t\t\t\t\t\t\t<\/div>\n\t\t\t\t\t\t<\/div>\n\t\t\t\t\t\t\t\t\t<\/div>\n\t\t\t<\/div>\n\t\t<\/div><div class=\"col post-item\" >\n\t\t\t<div class=\"col-inner\">\n\t\t\t\t<div class=\"box box-push box-text-bottom box-blog-post has-hover\">\n            \t\t\t\t\t<div class=\"box-image\" >\n  \t\t\t\t\t\t<div class=\"image-cover\" style=\"padding-top:100%;\">\n\t\t\t\t\t\t\t<a href=\"https:\/\/www.alevcamcioglu.com\/de\/septumdeviation\/\" class=\"plain\" aria-label=\"Septumdeviation\">\n\t\t\t\t\t\t\t\t<img decoding=\"async\" width=\"1600\" height=\"900\" src=\"https:\/\/www.alevcamcioglu.com\/wp-content\/uploads\/2024\/12\/Septum-Deviasyonu.jpg\" class=\"attachment-2048x2048 size-2048x2048 wp-post-image\" alt=\"\" srcset=\"https:\/\/www.alevcamcioglu.com\/wp-content\/uploads\/2024\/12\/Septum-Deviasyonu.jpg 1600w, https:\/\/www.alevcamcioglu.com\/wp-content\/uploads\/2024\/12\/Septum-Deviasyonu-711x400.jpg 711w, https:\/\/www.alevcamcioglu.com\/wp-content\/uploads\/2024\/12\/Septum-Deviasyonu-1400x788.jpg 1400w, https:\/\/www.alevcamcioglu.com\/wp-content\/uploads\/2024\/12\/Septum-Deviasyonu-768x432.jpg 768w, https:\/\/www.alevcamcioglu.com\/wp-content\/uploads\/2024\/12\/Septum-Deviasyonu-1536x864.jpg 1536w\" sizes=\"(max-width: 1600px) 100vw, 1600px\" title=\"\">\t\t\t\t\t\t\t<\/a>\n  \t\t\t\t\t\t\t  \t\t\t\t\t\t\t  \t\t\t\t\t\t<\/div>\n  \t\t\t\t\t\t  \t\t\t\t\t<\/div>\n          \t\t\t\t\t<div class=\"box-text text-center\" >\n\t\t\t\t\t<div class=\"box-text-inner blog-post-inner\">\n\n\t\t\t\t\t\n\t\t\t\t\t\t\t\t\t\t<h5 class=\"post-title is-large \">\n\t\t\t\t\t\t<a href=\"https:\/\/www.alevcamcioglu.com\/de\/septumdeviation\/\" class=\"plain\">Septumdeviation<\/a>\n\t\t\t\t\t<\/h5>\n\t\t\t\t\t\t\t\t\t\t<div class=\"is-divider\"><\/div>\n\t\t\t\t\t                    \n\t\t\t\t\t\t\t\t\t\t\t<a href=\"https:\/\/www.alevcamcioglu.com\/de\/septumdeviation\/\" class=\"button primary is-outline is-small mb-0\">\n\t\t\t\t\t\t\tWeiterlesen\t\t\t\t\t\t<\/a>\n\t\t\t\t\t\n\t\t\t\t\t\n\t\t\t\t\t<\/div>\n\t\t\t\t\t<\/div>\n\t\t\t\t\t\t\t\t\t\t\t\t\t\t\t\t<div class=\"badge absolute top post-date badge-circle\">\n\t\t\t\t\t\t\t<div class=\"badge-inner\">\n\t\t\t\t\t\t\t\t<span class=\"post-date-day\">21<\/span><br>\n\t\t\t\t\t\t\t\t<span class=\"post-date-month is-xsmall\">Dez.<\/span>\n\t\t\t\t\t\t\t<\/div>\n\t\t\t\t\t\t<\/div>\n\t\t\t\t\t\t\t\t\t<\/div>\n\t\t\t<\/div>\n\t\t<\/div><div class=\"col post-item\" >\n\t\t\t<div class=\"col-inner\">\n\t\t\t\t<div class=\"box box-push box-text-bottom box-blog-post has-hover\">\n            \t\t\t\t\t<div class=\"box-image\" >\n  \t\t\t\t\t\t<div class=\"image-cover\" style=\"padding-top:100%;\">\n\t\t\t\t\t\t\t<a href=\"https:\/\/www.alevcamcioglu.com\/de\/piezo-ultraschall-nasen-op\/\" class=\"plain\" aria-label=\"Piezo (Ultraschall) Nasen-OP\">\n\t\t\t\t\t\t\t\t<img decoding=\"async\" width=\"1600\" height=\"900\" src=\"https:\/\/www.alevcamcioglu.com\/wp-content\/uploads\/2024\/12\/Piezo-Ultrasonik-Burun-Estetigi.jpg\" class=\"attachment-2048x2048 size-2048x2048 wp-post-image\" alt=\"\" srcset=\"https:\/\/www.alevcamcioglu.com\/wp-content\/uploads\/2024\/12\/Piezo-Ultrasonik-Burun-Estetigi.jpg 1600w, https:\/\/www.alevcamcioglu.com\/wp-content\/uploads\/2024\/12\/Piezo-Ultrasonik-Burun-Estetigi-711x400.jpg 711w, https:\/\/www.alevcamcioglu.com\/wp-content\/uploads\/2024\/12\/Piezo-Ultrasonik-Burun-Estetigi-1400x788.jpg 1400w, https:\/\/www.alevcamcioglu.com\/wp-content\/uploads\/2024\/12\/Piezo-Ultrasonik-Burun-Estetigi-768x432.jpg 768w, https:\/\/www.alevcamcioglu.com\/wp-content\/uploads\/2024\/12\/Piezo-Ultrasonik-Burun-Estetigi-1536x864.jpg 1536w\" sizes=\"(max-width: 1600px) 100vw, 1600px\" title=\"\">\t\t\t\t\t\t\t<\/a>\n  \t\t\t\t\t\t\t  \t\t\t\t\t\t\t  \t\t\t\t\t\t<\/div>\n  \t\t\t\t\t\t  \t\t\t\t\t<\/div>\n          \t\t\t\t\t<div class=\"box-text text-center\" >\n\t\t\t\t\t<div class=\"box-text-inner blog-post-inner\">\n\n\t\t\t\t\t\n\t\t\t\t\t\t\t\t\t\t<h5 class=\"post-title is-large \">\n\t\t\t\t\t\t<a href=\"https:\/\/www.alevcamcioglu.com\/de\/piezo-ultraschall-nasen-op\/\" class=\"plain\">Piezo (Ultraschall) Nasen-OP<\/a>\n\t\t\t\t\t<\/h5>\n\t\t\t\t\t\t\t\t\t\t<div class=\"is-divider\"><\/div>\n\t\t\t\t\t                    \n\t\t\t\t\t\t\t\t\t\t\t<a href=\"https:\/\/www.alevcamcioglu.com\/de\/piezo-ultraschall-nasen-op\/\" class=\"button primary is-outline is-small mb-0\">\n\t\t\t\t\t\t\tWeiterlesen\t\t\t\t\t\t<\/a>\n\t\t\t\t\t\n\t\t\t\t\t\n\t\t\t\t\t<\/div>\n\t\t\t\t\t<\/div>\n\t\t\t\t\t\t\t\t\t\t\t\t\t\t\t\t<div class=\"badge absolute top post-date badge-circle\">\n\t\t\t\t\t\t\t<div class=\"badge-inner\">\n\t\t\t\t\t\t\t\t<span class=\"post-date-day\">21<\/span><br>\n\t\t\t\t\t\t\t\t<span class=\"post-date-month is-xsmall\">Dez.<\/span>\n\t\t\t\t\t\t\t<\/div>\n\t\t\t\t\t\t<\/div>\n\t\t\t\t\t\t\t\t\t<\/div>\n\t\t\t<\/div>\n\t\t<\/div><div class=\"col post-item\" >\n\t\t\t<div class=\"col-inner\">\n\t\t\t\t<div class=\"box box-push box-text-bottom box-blog-post has-hover\">\n            \t\t\t\t\t<div class=\"box-image\" >\n  \t\t\t\t\t\t<div class=\"image-cover\" style=\"padding-top:100%;\">\n\t\t\t\t\t\t\t<a href=\"https:\/\/www.alevcamcioglu.com\/de\/erhaltende-nasen-op-preservation-rhinoplastik\/\" class=\"plain\" aria-label=\"Erhaltende Nasen-OP (Preservation Rhinoplastik)\">\n\t\t\t\t\t\t\t\t<img decoding=\"async\" width=\"1600\" height=\"900\" src=\"https:\/\/www.alevcamcioglu.com\/wp-content\/uploads\/2024\/12\/Koruyucu-Burun-Estetigi-Preservation-Rinoplasti.jpg\" class=\"attachment-2048x2048 size-2048x2048 wp-post-image\" alt=\"\" srcset=\"https:\/\/www.alevcamcioglu.com\/wp-content\/uploads\/2024\/12\/Koruyucu-Burun-Estetigi-Preservation-Rinoplasti.jpg 1600w, https:\/\/www.alevcamcioglu.com\/wp-content\/uploads\/2024\/12\/Koruyucu-Burun-Estetigi-Preservation-Rinoplasti-711x400.jpg 711w, https:\/\/www.alevcamcioglu.com\/wp-content\/uploads\/2024\/12\/Koruyucu-Burun-Estetigi-Preservation-Rinoplasti-1400x788.jpg 1400w, https:\/\/www.alevcamcioglu.com\/wp-content\/uploads\/2024\/12\/Koruyucu-Burun-Estetigi-Preservation-Rinoplasti-768x432.jpg 768w, https:\/\/www.alevcamcioglu.com\/wp-content\/uploads\/2024\/12\/Koruyucu-Burun-Estetigi-Preservation-Rinoplasti-1536x864.jpg 1536w\" sizes=\"(max-width: 1600px) 100vw, 1600px\" title=\"\">\t\t\t\t\t\t\t<\/a>\n  \t\t\t\t\t\t\t  \t\t\t\t\t\t\t  \t\t\t\t\t\t<\/div>\n  \t\t\t\t\t\t  \t\t\t\t\t<\/div>\n          \t\t\t\t\t<div class=\"box-text text-center\" >\n\t\t\t\t\t<div class=\"box-text-inner blog-post-inner\">\n\n\t\t\t\t\t\n\t\t\t\t\t\t\t\t\t\t<h5 class=\"post-title is-large \">\n\t\t\t\t\t\t<a href=\"https:\/\/www.alevcamcioglu.com\/de\/erhaltende-nasen-op-preservation-rhinoplastik\/\" class=\"plain\">Erhaltende Nasen-OP (Preservation Rhinoplastik)<\/a>\n\t\t\t\t\t<\/h5>\n\t\t\t\t\t\t\t\t\t\t<div class=\"is-divider\"><\/div>\n\t\t\t\t\t                    \n\t\t\t\t\t\t\t\t\t\t\t<a href=\"https:\/\/www.alevcamcioglu.com\/de\/erhaltende-nasen-op-preservation-rhinoplastik\/\" class=\"button primary is-outline is-small mb-0\">\n\t\t\t\t\t\t\tWeiterlesen\t\t\t\t\t\t<\/a>\n\t\t\t\t\t\n\t\t\t\t\t\n\t\t\t\t\t<\/div>\n\t\t\t\t\t<\/div>\n\t\t\t\t\t\t\t\t\t\t\t\t\t\t\t\t<div class=\"badge absolute top post-date badge-circle\">\n\t\t\t\t\t\t\t<div class=\"badge-inner\">\n\t\t\t\t\t\t\t\t<span class=\"post-date-day\">21<\/span><br>\n\t\t\t\t\t\t\t\t<span class=\"post-date-month is-xsmall\">Dez.<\/span>\n\t\t\t\t\t\t\t<\/div>\n\t\t\t\t\t\t<\/div>\n\t\t\t\t\t\t\t\t\t<\/div>\n\t\t\t<\/div>\n\t\t<\/div><div class=\"col post-item\" >\n\t\t\t<div class=\"col-inner\">\n\t\t\t\t<div class=\"box box-push box-text-bottom box-blog-post has-hover\">\n            \t\t\t\t\t<div class=\"box-image\" >\n  \t\t\t\t\t\t<div class=\"image-cover\" style=\"padding-top:100%;\">\n\t\t\t\t\t\t\t<a href=\"https:\/\/www.alevcamcioglu.com\/de\/nasen-op-bei-gebogener-nase\/\" class=\"plain\" aria-label=\"Nasen-OP bei gebogener Nase\">\n\t\t\t\t\t\t\t\t<img decoding=\"async\" width=\"1600\" height=\"900\" src=\"https:\/\/www.alevcamcioglu.com\/wp-content\/uploads\/2024\/12\/Kavisli-Burun-Estetigi.jpg\" class=\"attachment-2048x2048 size-2048x2048 wp-post-image\" alt=\"\" srcset=\"https:\/\/www.alevcamcioglu.com\/wp-content\/uploads\/2024\/12\/Kavisli-Burun-Estetigi.jpg 1600w, https:\/\/www.alevcamcioglu.com\/wp-content\/uploads\/2024\/12\/Kavisli-Burun-Estetigi-711x400.jpg 711w, https:\/\/www.alevcamcioglu.com\/wp-content\/uploads\/2024\/12\/Kavisli-Burun-Estetigi-1400x788.jpg 1400w, https:\/\/www.alevcamcioglu.com\/wp-content\/uploads\/2024\/12\/Kavisli-Burun-Estetigi-768x432.jpg 768w, https:\/\/www.alevcamcioglu.com\/wp-content\/uploads\/2024\/12\/Kavisli-Burun-Estetigi-1536x864.jpg 1536w\" sizes=\"(max-width: 1600px) 100vw, 1600px\" title=\"\">\t\t\t\t\t\t\t<\/a>\n  \t\t\t\t\t\t\t  \t\t\t\t\t\t\t  \t\t\t\t\t\t<\/div>\n  \t\t\t\t\t\t  \t\t\t\t\t<\/div>\n          \t\t\t\t\t<div class=\"box-text text-center\" >\n\t\t\t\t\t<div class=\"box-text-inner blog-post-inner\">\n\n\t\t\t\t\t\n\t\t\t\t\t\t\t\t\t\t<h5 class=\"post-title is-large \">\n\t\t\t\t\t\t<a href=\"https:\/\/www.alevcamcioglu.com\/de\/nasen-op-bei-gebogener-nase\/\" class=\"plain\">Nasen-OP bei gebogener Nase<\/a>\n\t\t\t\t\t<\/h5>\n\t\t\t\t\t\t\t\t\t\t<div class=\"is-divider\"><\/div>\n\t\t\t\t\t                    \n\t\t\t\t\t\t\t\t\t\t\t<a href=\"https:\/\/www.alevcamcioglu.com\/de\/nasen-op-bei-gebogener-nase\/\" class=\"button primary is-outline is-small mb-0\">\n\t\t\t\t\t\t\tWeiterlesen\t\t\t\t\t\t<\/a>\n\t\t\t\t\t\n\t\t\t\t\t\n\t\t\t\t\t<\/div>\n\t\t\t\t\t<\/div>\n\t\t\t\t\t\t\t\t\t\t\t\t\t\t\t\t<div class=\"badge absolute top post-date badge-circle\">\n\t\t\t\t\t\t\t<div class=\"badge-inner\">\n\t\t\t\t\t\t\t\t<span class=\"post-date-day\">21<\/span><br>\n\t\t\t\t\t\t\t\t<span class=\"post-date-month is-xsmall\">Dez.<\/span>\n\t\t\t\t\t\t\t<\/div>\n\t\t\t\t\t\t<\/div>\n\t\t\t\t\t\t\t\t\t<\/div>\n\t\t\t<\/div>\n\t\t<\/div><div class=\"col post-item\" >\n\t\t\t<div class=\"col-inner\">\n\t\t\t\t<div class=\"box box-push box-text-bottom box-blog-post has-hover\">\n            \t\t\t\t\t<div class=\"box-image\" >\n  \t\t\t\t\t\t<div class=\"image-cover\" style=\"padding-top:100%;\">\n\t\t\t\t\t\t\t<a href=\"https:\/\/www.alevcamcioglu.com\/de\/nasenraspel-op\/\" class=\"plain\" aria-label=\"Nasenraspel-OP\">\n\t\t\t\t\t\t\t\t<img decoding=\"async\" width=\"1600\" height=\"900\" src=\"https:\/\/www.alevcamcioglu.com\/wp-content\/uploads\/2024\/12\/Burun-Torpuleme-Ameliyati.jpg\" class=\"attachment-2048x2048 size-2048x2048 wp-post-image\" alt=\"\" srcset=\"https:\/\/www.alevcamcioglu.com\/wp-content\/uploads\/2024\/12\/Burun-Torpuleme-Ameliyati.jpg 1600w, https:\/\/www.alevcamcioglu.com\/wp-content\/uploads\/2024\/12\/Burun-Torpuleme-Ameliyati-711x400.jpg 711w, https:\/\/www.alevcamcioglu.com\/wp-content\/uploads\/2024\/12\/Burun-Torpuleme-Ameliyati-1400x788.jpg 1400w, https:\/\/www.alevcamcioglu.com\/wp-content\/uploads\/2024\/12\/Burun-Torpuleme-Ameliyati-768x432.jpg 768w, https:\/\/www.alevcamcioglu.com\/wp-content\/uploads\/2024\/12\/Burun-Torpuleme-Ameliyati-1536x864.jpg 1536w\" sizes=\"(max-width: 1600px) 100vw, 1600px\" title=\"\">\t\t\t\t\t\t\t<\/a>\n  \t\t\t\t\t\t\t  \t\t\t\t\t\t\t  \t\t\t\t\t\t<\/div>\n  \t\t\t\t\t\t  \t\t\t\t\t<\/div>\n          \t\t\t\t\t<div class=\"box-text text-center\" >\n\t\t\t\t\t<div class=\"box-text-inner blog-post-inner\">\n\n\t\t\t\t\t\n\t\t\t\t\t\t\t\t\t\t<h5 class=\"post-title is-large \">\n\t\t\t\t\t\t<a href=\"https:\/\/www.alevcamcioglu.com\/de\/nasenraspel-op\/\" class=\"plain\">Nasenraspel-OP<\/a>\n\t\t\t\t\t<\/h5>\n\t\t\t\t\t\t\t\t\t\t<div class=\"is-divider\"><\/div>\n\t\t\t\t\t                    \n\t\t\t\t\t\t\t\t\t\t\t<a href=\"https:\/\/www.alevcamcioglu.com\/de\/nasenraspel-op\/\" class=\"button primary is-outline is-small mb-0\">\n\t\t\t\t\t\t\tWeiterlesen\t\t\t\t\t\t<\/a>\n\t\t\t\t\t\n\t\t\t\t\t\n\t\t\t\t\t<\/div>\n\t\t\t\t\t<\/div>\n\t\t\t\t\t\t\t\t\t\t\t\t\t\t\t\t<div class=\"badge absolute top post-date badge-circle\">\n\t\t\t\t\t\t\t<div class=\"badge-inner\">\n\t\t\t\t\t\t\t\t<span class=\"post-date-day\">21<\/span><br>\n\t\t\t\t\t\t\t\t<span class=\"post-date-month is-xsmall\">Dez.<\/span>\n\t\t\t\t\t\t\t<\/div>\n\t\t\t\t\t\t<\/div>\n\t\t\t\t\t\t\t\t\t<\/div>\n\t\t\t<\/div>\n\t\t<\/div><div class=\"col post-item\" >\n\t\t\t<div class=\"col-inner\">\n\t\t\t\t<div class=\"box box-push box-text-bottom box-blog-post has-hover\">\n            \t\t\t\t\t<div class=\"box-image\" >\n  \t\t\t\t\t\t<div class=\"image-cover\" style=\"padding-top:100%;\">\n\t\t\t\t\t\t\t<a href=\"https:\/\/www.alevcamcioglu.com\/de\/nasenkorrektur-zur-verkleinerung-der-nase\/\" class=\"plain\" aria-label=\"Nasenkorrektur zur Verkleinerung der Nase\">\n\t\t\t\t\t\t\t\t<img decoding=\"async\" width=\"1600\" height=\"900\" src=\"https:\/\/www.alevcamcioglu.com\/wp-content\/uploads\/2024\/12\/Burun-Kucultme-Ameliyati.jpg\" class=\"attachment-2048x2048 size-2048x2048 wp-post-image\" alt=\"\" srcset=\"https:\/\/www.alevcamcioglu.com\/wp-content\/uploads\/2024\/12\/Burun-Kucultme-Ameliyati.jpg 1600w, https:\/\/www.alevcamcioglu.com\/wp-content\/uploads\/2024\/12\/Burun-Kucultme-Ameliyati-711x400.jpg 711w, https:\/\/www.alevcamcioglu.com\/wp-content\/uploads\/2024\/12\/Burun-Kucultme-Ameliyati-1400x788.jpg 1400w, https:\/\/www.alevcamcioglu.com\/wp-content\/uploads\/2024\/12\/Burun-Kucultme-Ameliyati-768x432.jpg 768w, https:\/\/www.alevcamcioglu.com\/wp-content\/uploads\/2024\/12\/Burun-Kucultme-Ameliyati-1536x864.jpg 1536w\" sizes=\"(max-width: 1600px) 100vw, 1600px\" title=\"\">\t\t\t\t\t\t\t<\/a>\n  \t\t\t\t\t\t\t  \t\t\t\t\t\t\t  \t\t\t\t\t\t<\/div>\n  \t\t\t\t\t\t  \t\t\t\t\t<\/div>\n          \t\t\t\t\t<div class=\"box-text text-center\" >\n\t\t\t\t\t<div class=\"box-text-inner blog-post-inner\">\n\n\t\t\t\t\t\n\t\t\t\t\t\t\t\t\t\t<h5 class=\"post-title is-large \">\n\t\t\t\t\t\t<a href=\"https:\/\/www.alevcamcioglu.com\/de\/nasenkorrektur-zur-verkleinerung-der-nase\/\" class=\"plain\">Nasenkorrektur zur Verkleinerung der Nase<\/a>\n\t\t\t\t\t<\/h5>\n\t\t\t\t\t\t\t\t\t\t<div class=\"is-divider\"><\/div>\n\t\t\t\t\t                    \n\t\t\t\t\t\t\t\t\t\t\t<a href=\"https:\/\/www.alevcamcioglu.com\/de\/nasenkorrektur-zur-verkleinerung-der-nase\/\" class=\"button primary is-outline is-small mb-0\">\n\t\t\t\t\t\t\tWeiterlesen\t\t\t\t\t\t<\/a>\n\t\t\t\t\t\n\t\t\t\t\t\n\t\t\t\t\t<\/div>\n\t\t\t\t\t<\/div>\n\t\t\t\t\t\t\t\t\t\t\t\t\t\t\t\t<div class=\"badge absolute top post-date badge-circle\">\n\t\t\t\t\t\t\t<div class=\"badge-inner\">\n\t\t\t\t\t\t\t\t<span class=\"post-date-day\">21<\/span><br>\n\t\t\t\t\t\t\t\t<span class=\"post-date-month is-xsmall\">Dez.<\/span>\n\t\t\t\t\t\t\t<\/div>\n\t\t\t\t\t\t<\/div>\n\t\t\t\t\t\t\t\t\t<\/div>\n\t\t\t<\/div>\n\t\t<\/div><div class=\"col post-item\" >\n\t\t\t<div class=\"col-inner\">\n\t\t\t\t<div class=\"box box-push box-text-bottom box-blog-post has-hover\">\n            \t\t\t\t\t<div class=\"box-image\" >\n  \t\t\t\t\t\t<div class=\"image-cover\" style=\"padding-top:100%;\">\n\t\t\t\t\t\t\t<a href=\"https:\/\/www.alevcamcioglu.com\/de\/operation-zur-verkleinerung-der-nasenloecher\/\" class=\"plain\" aria-label=\"Operation zur Verkleinerung der Nasenl\u00f6cher\">\n\t\t\t\t\t\t\t\t<img decoding=\"async\" width=\"1600\" height=\"900\" src=\"https:\/\/www.alevcamcioglu.com\/wp-content\/uploads\/2024\/12\/Burun-Torpuleme-Ameliyati.jpg\" class=\"attachment-2048x2048 size-2048x2048 wp-post-image\" alt=\"\" srcset=\"https:\/\/www.alevcamcioglu.com\/wp-content\/uploads\/2024\/12\/Burun-Torpuleme-Ameliyati.jpg 1600w, https:\/\/www.alevcamcioglu.com\/wp-content\/uploads\/2024\/12\/Burun-Torpuleme-Ameliyati-711x400.jpg 711w, https:\/\/www.alevcamcioglu.com\/wp-content\/uploads\/2024\/12\/Burun-Torpuleme-Ameliyati-1400x788.jpg 1400w, https:\/\/www.alevcamcioglu.com\/wp-content\/uploads\/2024\/12\/Burun-Torpuleme-Ameliyati-768x432.jpg 768w, https:\/\/www.alevcamcioglu.com\/wp-content\/uploads\/2024\/12\/Burun-Torpuleme-Ameliyati-1536x864.jpg 1536w\" sizes=\"(max-width: 1600px) 100vw, 1600px\" title=\"\">\t\t\t\t\t\t\t<\/a>\n  \t\t\t\t\t\t\t  \t\t\t\t\t\t\t  \t\t\t\t\t\t<\/div>\n  \t\t\t\t\t\t  \t\t\t\t\t<\/div>\n          \t\t\t\t\t<div class=\"box-text text-center\" >\n\t\t\t\t\t<div class=\"box-text-inner blog-post-inner\">\n\n\t\t\t\t\t\n\t\t\t\t\t\t\t\t\t\t<h5 class=\"post-title is-large \">\n\t\t\t\t\t\t<a href=\"https:\/\/www.alevcamcioglu.com\/de\/operation-zur-verkleinerung-der-nasenloecher\/\" class=\"plain\">Operation zur Verkleinerung der Nasenl\u00f6cher<\/a>\n\t\t\t\t\t<\/h5>\n\t\t\t\t\t\t\t\t\t\t<div class=\"is-divider\"><\/div>\n\t\t\t\t\t                    \n\t\t\t\t\t\t\t\t\t\t\t<a href=\"https:\/\/www.alevcamcioglu.com\/de\/operation-zur-verkleinerung-der-nasenloecher\/\" class=\"button primary is-outline is-small mb-0\">\n\t\t\t\t\t\t\tWeiterlesen\t\t\t\t\t\t<\/a>\n\t\t\t\t\t\n\t\t\t\t\t\n\t\t\t\t\t<\/div>\n\t\t\t\t\t<\/div>\n\t\t\t\t\t\t\t\t\t\t\t\t\t\t\t\t<div class=\"badge absolute top post-date badge-circle\">\n\t\t\t\t\t\t\t<div class=\"badge-inner\">\n\t\t\t\t\t\t\t\t<span class=\"post-date-day\">21<\/span><br>\n\t\t\t\t\t\t\t\t<span class=\"post-date-month is-xsmall\">Dez.<\/span>\n\t\t\t\t\t\t\t<\/div>\n\t\t\t\t\t\t<\/div>\n\t\t\t\t\t\t\t\t\t<\/div>\n\t\t\t<\/div>\n\t\t<\/div><div class=\"col post-item\" >\n\t\t\t<div class=\"col-inner\">\n\t\t\t\t<div class=\"box box-push box-text-bottom box-blog-post has-hover\">\n            \t\t\t\t\t<div class=\"box-image\" >\n  \t\t\t\t\t\t<div class=\"image-cover\" style=\"padding-top:100%;\">\n\t\t\t\t\t\t\t<a href=\"https:\/\/www.alevcamcioglu.com\/de\/barbie-nose-nasen-op\/\" class=\"plain\" aria-label=\"Barbie Nose Nasen-OP\">\n\t\t\t\t\t\t\t\t<img decoding=\"async\" width=\"1600\" height=\"900\" src=\"https:\/\/www.alevcamcioglu.com\/wp-content\/uploads\/2024\/12\/Barbie-Nose-Burun-Estetigi.jpg\" class=\"attachment-2048x2048 size-2048x2048 wp-post-image\" alt=\"\" srcset=\"https:\/\/www.alevcamcioglu.com\/wp-content\/uploads\/2024\/12\/Barbie-Nose-Burun-Estetigi.jpg 1600w, https:\/\/www.alevcamcioglu.com\/wp-content\/uploads\/2024\/12\/Barbie-Nose-Burun-Estetigi-711x400.jpg 711w, https:\/\/www.alevcamcioglu.com\/wp-content\/uploads\/2024\/12\/Barbie-Nose-Burun-Estetigi-1400x788.jpg 1400w, https:\/\/www.alevcamcioglu.com\/wp-content\/uploads\/2024\/12\/Barbie-Nose-Burun-Estetigi-768x432.jpg 768w, https:\/\/www.alevcamcioglu.com\/wp-content\/uploads\/2024\/12\/Barbie-Nose-Burun-Estetigi-1536x864.jpg 1536w\" sizes=\"(max-width: 1600px) 100vw, 1600px\" title=\"\">\t\t\t\t\t\t\t<\/a>\n  \t\t\t\t\t\t\t  \t\t\t\t\t\t\t  \t\t\t\t\t\t<\/div>\n  \t\t\t\t\t\t  \t\t\t\t\t<\/div>\n          \t\t\t\t\t<div class=\"box-text text-center\" >\n\t\t\t\t\t<div class=\"box-text-inner blog-post-inner\">\n\n\t\t\t\t\t\n\t\t\t\t\t\t\t\t\t\t<h5 class=\"post-title is-large \">\n\t\t\t\t\t\t<a href=\"https:\/\/www.alevcamcioglu.com\/de\/barbie-nose-nasen-op\/\" class=\"plain\">Barbie Nose Nasen-OP<\/a>\n\t\t\t\t\t<\/h5>\n\t\t\t\t\t\t\t\t\t\t<div class=\"is-divider\"><\/div>\n\t\t\t\t\t                    \n\t\t\t\t\t\t\t\t\t\t\t<a href=\"https:\/\/www.alevcamcioglu.com\/de\/barbie-nose-nasen-op\/\" class=\"button primary is-outline is-small mb-0\">\n\t\t\t\t\t\t\tWeiterlesen\t\t\t\t\t\t<\/a>\n\t\t\t\t\t\n\t\t\t\t\t\n\t\t\t\t\t<\/div>\n\t\t\t\t\t<\/div>\n\t\t\t\t\t\t\t\t\t\t\t\t\t\t\t\t<div class=\"badge absolute top post-date badge-circle\">\n\t\t\t\t\t\t\t<div class=\"badge-inner\">\n\t\t\t\t\t\t\t\t<span class=\"post-date-day\">21<\/span><br>\n\t\t\t\t\t\t\t\t<span class=\"post-date-month is-xsmall\">Dez.<\/span>\n\t\t\t\t\t\t\t<\/div>\n\t\t\t\t\t\t<\/div>\n\t\t\t\t\t\t\t\t\t<\/div>\n\t\t\t<\/div>\n\t\t<\/div><div class=\"col post-item\" >\n\t\t\t<div class=\"col-inner\">\n\t\t\t\t<div class=\"box box-push box-text-bottom box-blog-post has-hover\">\n            \t\t\t\t\t<div class=\"box-image\" >\n  \t\t\t\t\t\t<div class=\"image-cover\" style=\"padding-top:100%;\">\n\t\t\t\t\t\t\t<a href=\"https:\/\/www.alevcamcioglu.com\/de\/nasen-op-im-ausland\/\" class=\"plain\" aria-label=\"Nasen-OP im Ausland\">\n\t\t\t\t\t\t\t\t<img decoding=\"async\" width=\"1600\" height=\"900\" src=\"https:\/\/www.alevcamcioglu.com\/wp-content\/uploads\/2024\/11\/Nasen-OP-im-Ausland_-Risiken-Vorteile-und-wichtige-Uberlegungen.jpg\" class=\"attachment-2048x2048 size-2048x2048 wp-post-image\" alt=\"\" srcset=\"https:\/\/www.alevcamcioglu.com\/wp-content\/uploads\/2024\/11\/Nasen-OP-im-Ausland_-Risiken-Vorteile-und-wichtige-Uberlegungen.jpg 1600w, https:\/\/www.alevcamcioglu.com\/wp-content\/uploads\/2024\/11\/Nasen-OP-im-Ausland_-Risiken-Vorteile-und-wichtige-Uberlegungen-711x400.jpg 711w, https:\/\/www.alevcamcioglu.com\/wp-content\/uploads\/2024\/11\/Nasen-OP-im-Ausland_-Risiken-Vorteile-und-wichtige-Uberlegungen-1400x788.jpg 1400w, https:\/\/www.alevcamcioglu.com\/wp-content\/uploads\/2024\/11\/Nasen-OP-im-Ausland_-Risiken-Vorteile-und-wichtige-Uberlegungen-768x432.jpg 768w, https:\/\/www.alevcamcioglu.com\/wp-content\/uploads\/2024\/11\/Nasen-OP-im-Ausland_-Risiken-Vorteile-und-wichtige-Uberlegungen-1536x864.jpg 1536w\" sizes=\"(max-width: 1600px) 100vw, 1600px\" title=\"\">\t\t\t\t\t\t\t<\/a>\n  \t\t\t\t\t\t\t  \t\t\t\t\t\t\t  \t\t\t\t\t\t<\/div>\n  \t\t\t\t\t\t  \t\t\t\t\t<\/div>\n          \t\t\t\t\t<div class=\"box-text text-center\" >\n\t\t\t\t\t<div class=\"box-text-inner blog-post-inner\">\n\n\t\t\t\t\t\n\t\t\t\t\t\t\t\t\t\t<h5 class=\"post-title is-large \">\n\t\t\t\t\t\t<a href=\"https:\/\/www.alevcamcioglu.com\/de\/nasen-op-im-ausland\/\" class=\"plain\">Nasen-OP im Ausland<\/a>\n\t\t\t\t\t<\/h5>\n\t\t\t\t\t\t\t\t\t\t<div class=\"is-divider\"><\/div>\n\t\t\t\t\t                    \n\t\t\t\t\t\t\t\t\t\t\t<a href=\"https:\/\/www.alevcamcioglu.com\/de\/nasen-op-im-ausland\/\" class=\"button primary is-outline is-small mb-0\">\n\t\t\t\t\t\t\tWeiterlesen\t\t\t\t\t\t<\/a>\n\t\t\t\t\t\n\t\t\t\t\t\n\t\t\t\t\t<\/div>\n\t\t\t\t\t<\/div>\n\t\t\t\t\t\t\t\t\t\t\t\t\t\t\t\t<div class=\"badge absolute top post-date badge-circle\">\n\t\t\t\t\t\t\t<div class=\"badge-inner\">\n\t\t\t\t\t\t\t\t<span class=\"post-date-day\">26<\/span><br>\n\t\t\t\t\t\t\t\t<span class=\"post-date-month is-xsmall\">Nov.<\/span>\n\t\t\t\t\t\t\t<\/div>\n\t\t\t\t\t\t<\/div>\n\t\t\t\t\t\t\t\t\t<\/div>\n\t\t\t<\/div>\n\t\t<\/div><div class=\"col post-item\" >\n\t\t\t<div class=\"col-inner\">\n\t\t\t\t<div class=\"box box-push box-text-bottom box-blog-post has-hover\">\n            \t\t\t\t\t<div class=\"box-image\" >\n  \t\t\t\t\t\t<div class=\"image-cover\" style=\"padding-top:100%;\">\n\t\t\t\t\t\t\t<a href=\"https:\/\/www.alevcamcioglu.com\/de\/was-ist-ein-knorpeltransplantat-bei-einer-nasen-op\/\" class=\"plain\" aria-label=\"Was ist ein Knorpeltransplantat bei einer Nasen-OP?\">\n\t\t\t\t\t\t\t\t<img decoding=\"async\" width=\"1140\" height=\"500\" src=\"https:\/\/www.alevcamcioglu.com\/wp-content\/uploads\/2024\/11\/Burun-Estetiginde-Kikirdak-Greft-Nedir.jpg\" class=\"attachment-2048x2048 size-2048x2048 wp-post-image\" alt=\"\" srcset=\"https:\/\/www.alevcamcioglu.com\/wp-content\/uploads\/2024\/11\/Burun-Estetiginde-Kikirdak-Greft-Nedir.jpg 1140w, https:\/\/www.alevcamcioglu.com\/wp-content\/uploads\/2024\/11\/Burun-Estetiginde-Kikirdak-Greft-Nedir-800x351.jpg 800w, https:\/\/www.alevcamcioglu.com\/wp-content\/uploads\/2024\/11\/Burun-Estetiginde-Kikirdak-Greft-Nedir-768x337.jpg 768w\" sizes=\"(max-width: 1140px) 100vw, 1140px\" title=\"\">\t\t\t\t\t\t\t<\/a>\n  \t\t\t\t\t\t\t  \t\t\t\t\t\t\t  \t\t\t\t\t\t<\/div>\n  \t\t\t\t\t\t  \t\t\t\t\t<\/div>\n          \t\t\t\t\t<div class=\"box-text text-center\" >\n\t\t\t\t\t<div class=\"box-text-inner blog-post-inner\">\n\n\t\t\t\t\t\n\t\t\t\t\t\t\t\t\t\t<h5 class=\"post-title is-large \">\n\t\t\t\t\t\t<a href=\"https:\/\/www.alevcamcioglu.com\/de\/was-ist-ein-knorpeltransplantat-bei-einer-nasen-op\/\" class=\"plain\">Was ist ein Knorpeltransplantat bei einer Nasen-OP?<\/a>\n\t\t\t\t\t<\/h5>\n\t\t\t\t\t\t\t\t\t\t<div class=\"is-divider\"><\/div>\n\t\t\t\t\t                    \n\t\t\t\t\t\t\t\t\t\t\t<a href=\"https:\/\/www.alevcamcioglu.com\/de\/was-ist-ein-knorpeltransplantat-bei-einer-nasen-op\/\" class=\"button primary is-outline is-small mb-0\">\n\t\t\t\t\t\t\tWeiterlesen\t\t\t\t\t\t<\/a>\n\t\t\t\t\t\n\t\t\t\t\t\n\t\t\t\t\t<\/div>\n\t\t\t\t\t<\/div>\n\t\t\t\t\t\t\t\t\t\t\t\t\t\t\t\t<div class=\"badge absolute top post-date badge-circle\">\n\t\t\t\t\t\t\t<div class=\"badge-inner\">\n\t\t\t\t\t\t\t\t<span class=\"post-date-day\">22<\/span><br>\n\t\t\t\t\t\t\t\t<span class=\"post-date-month is-xsmall\">Nov.<\/span>\n\t\t\t\t\t\t\t<\/div>\n\t\t\t\t\t\t<\/div>\n\t\t\t\t\t\t\t\t\t<\/div>\n\t\t\t<\/div>\n\t\t<\/div><div class=\"col post-item\" >\n\t\t\t<div class=\"col-inner\">\n\t\t\t\t<div class=\"box box-push box-text-bottom box-blog-post has-hover\">\n            \t\t\t\t\t<div class=\"box-image\" >\n  \t\t\t\t\t\t<div class=\"image-cover\" style=\"padding-top:100%;\">\n\t\t\t\t\t\t\t<a href=\"https:\/\/www.alevcamcioglu.com\/de\/nasolabialwinkel-und-columellolabialer-winkel\/\" class=\"plain\" aria-label=\"Nasolabialwinkel und columellolabialer Winkel\">\n\t\t\t\t\t\t\t\t<img decoding=\"async\" width=\"1140\" height=\"500\" src=\"https:\/\/www.alevcamcioglu.com\/wp-content\/uploads\/2024\/11\/Nasolabial-Aci-ve-Kolumellalobuler-Aci.jpg\" class=\"attachment-2048x2048 size-2048x2048 wp-post-image\" alt=\"\" srcset=\"https:\/\/www.alevcamcioglu.com\/wp-content\/uploads\/2024\/11\/Nasolabial-Aci-ve-Kolumellalobuler-Aci.jpg 1140w, https:\/\/www.alevcamcioglu.com\/wp-content\/uploads\/2024\/11\/Nasolabial-Aci-ve-Kolumellalobuler-Aci-800x351.jpg 800w, https:\/\/www.alevcamcioglu.com\/wp-content\/uploads\/2024\/11\/Nasolabial-Aci-ve-Kolumellalobuler-Aci-768x337.jpg 768w\" sizes=\"(max-width: 1140px) 100vw, 1140px\" title=\"\">\t\t\t\t\t\t\t<\/a>\n  \t\t\t\t\t\t\t  \t\t\t\t\t\t\t  \t\t\t\t\t\t<\/div>\n  \t\t\t\t\t\t  \t\t\t\t\t<\/div>\n          \t\t\t\t\t<div class=\"box-text text-center\" >\n\t\t\t\t\t<div class=\"box-text-inner blog-post-inner\">\n\n\t\t\t\t\t\n\t\t\t\t\t\t\t\t\t\t<h5 class=\"post-title is-large \">\n\t\t\t\t\t\t<a href=\"https:\/\/www.alevcamcioglu.com\/de\/nasolabialwinkel-und-columellolabialer-winkel\/\" class=\"plain\">Nasolabialwinkel und columellolabialer Winkel<\/a>\n\t\t\t\t\t<\/h5>\n\t\t\t\t\t\t\t\t\t\t<div class=\"is-divider\"><\/div>\n\t\t\t\t\t                    \n\t\t\t\t\t\t\t\t\t\t\t<a href=\"https:\/\/www.alevcamcioglu.com\/de\/nasolabialwinkel-und-columellolabialer-winkel\/\" class=\"button primary is-outline is-small mb-0\">\n\t\t\t\t\t\t\tWeiterlesen\t\t\t\t\t\t<\/a>\n\t\t\t\t\t\n\t\t\t\t\t\n\t\t\t\t\t<\/div>\n\t\t\t\t\t<\/div>\n\t\t\t\t\t\t\t\t\t\t\t\t\t\t\t\t<div class=\"badge absolute top post-date badge-circle\">\n\t\t\t\t\t\t\t<div class=\"badge-inner\">\n\t\t\t\t\t\t\t\t<span class=\"post-date-day\">22<\/span><br>\n\t\t\t\t\t\t\t\t<span class=\"post-date-month is-xsmall\">Nov.<\/span>\n\t\t\t\t\t\t\t<\/div>\n\t\t\t\t\t\t<\/div>\n\t\t\t\t\t\t\t\t\t<\/div>\n\t\t\t<\/div>\n\t\t<\/div><\/div>\n\t\t<\/div>\n\t\t\t\t\t<\/div>\n\n\t\n<\/div>\n\t\t<\/div>\n\n\t\t\n<style>\n#section_128735923 {\n  padding-top: 30px;\n  padding-bottom: 30px;\n}\n<\/style>\n\t<\/section>\n\t\n","protected":false},"excerpt":{"rendered":"","protected":false},"author":990002,"featured_media":7775,"parent":1437,"menu_order":0,"comment_status":"closed","ping_status":"closed","template":"page-blank.php","meta":{"footnotes":""},"class_list":["post-8564","page","type-page","status-publish","has-post-thumbnail","hentry"],"_links":{"self":[{"href":"https:\/\/www.alevcamcioglu.com\/de\/wp-json\/wp\/v2\/pages\/8564","targetHints":{"allow":["GET"]}}],"collection":[{"href":"https:\/\/www.alevcamcioglu.com\/de\/wp-json\/wp\/v2\/pages"}],"about":[{"href":"https:\/\/www.alevcamcioglu.com\/de\/wp-json\/wp\/v2\/types\/page"}],"author":[{"embeddable":true,"href":"https:\/\/www.alevcamcioglu.com\/de\/wp-json\/wp\/v2\/users\/990002"}],"replies":[{"embeddable":true,"href":"https:\/\/www.alevcamcioglu.com\/de\/wp-json\/wp\/v2\/comments?post=8564"}],"version-history":[{"count":2,"href":"https:\/\/www.alevcamcioglu.com\/de\/wp-json\/wp\/v2\/pages\/8564\/revisions"}],"predecessor-version":[{"id":11689,"href":"https:\/\/www.alevcamcioglu.com\/de\/wp-json\/wp\/v2\/pages\/8564\/revisions\/11689"}],"up":[{"embeddable":true,"href":"https:\/\/www.alevcamcioglu.com\/de\/wp-json\/wp\/v2\/pages\/1437"}],"wp:featuredmedia":[{"embeddable":true,"href":"https:\/\/www.alevcamcioglu.com\/de\/wp-json\/wp\/v2\/media\/7775"}],"wp:attachment":[{"href":"https:\/\/www.alevcamcioglu.com\/de\/wp-json\/wp\/v2\/media?parent=8564"}],"curies":[{"name":"wp","href":"https:\/\/api.w.org\/{rel}","templated":true}]}}