{"id":8559,"date":"2024-12-26T09:00:33","date_gmt":"2024-12-26T06:00:33","guid":{"rendered":"https:\/\/www.alevcamcioglu.com\/?page_id=8559"},"modified":"2026-03-23T11:18:30","modified_gmt":"2026-03-23T08:18:30","slug":"septumdeviationschirurgie","status":"publish","type":"page","link":"https:\/\/www.alevcamcioglu.com\/de\/nasen-op\/septumdeviationschirurgie\/","title":{"rendered":"Septumdeviation OP"},"content":{"rendered":"\n\t<section class=\"section\" id=\"section_1560977975\">\n\t\t<div class=\"section-bg fill\" >\n\t\t\t<img decoding=\"async\" width=\"1600\" height=\"900\" src=\"https:\/\/www.alevcamcioglu.com\/wp-content\/uploads\/2024\/12\/Septum-Deviasyonu-1.jpg\" class=\"bg attachment-2048x2048 size-2048x2048\" alt=\"\" title=\"\">\t\t\t\t\t\t\n\t\t\t\n\n\t\t<\/div>\n\n\t\t\n\n\t\t<div class=\"section-content relative\">\n\t\t\t\n\t\t<\/div>\n\n\t\t\n<style>\n#section_1560977975 {\n  padding-top: 150px;\n  padding-bottom: 150px;\n}\n#section_1560977975 .section-bg img {\n  object-position: 50% 42%;\n}\n@media (min-width:550px) {\n  #section_1560977975 {\n    padding-top: 250px;\n    padding-bottom: 250px;\n  }\n}\n<\/style>\n\t<\/section>\n\t\n\n\t<section class=\"section\" id=\"section_822075508\">\n\t\t<div class=\"section-bg fill\" >\n\t\t\t\t\t\t\t\t\t\n\t\t\t\n\n\t\t<\/div>\n\n\t\t\n\n\t\t<div class=\"section-content relative\">\n\t\t\t\n<div class=\"row\"  id=\"row-1860508765\">\n\n\t<div id=\"col-1725783972\" class=\"col show-for-small small-12 large-12\"  >\n\t\t\t\t<div class=\"col-inner text-center\"  >\n\t\t\t\n\t<div class=\"is-border\"\n\t\tstyle=\"border-color:rgb(75, 85, 173);border-radius:20px;border-width:1px 1px 1px 1px;\">\n\t<\/div>\n\t\t\t\n  <div id=\"page-header-136411028\" class=\"page-header-wrapper\">\n  <div class=\"page-title light simple-title\">\n\n    \n    <div class=\"page-title-inner container align-center text-center flex-row-col medium-flex-wrap\" >\n              <div class=\"title-wrapper flex-col\">\n          <h1 class=\"entry-title mb-0\">\n            Septumdeviation OP          <\/h1>\n        <\/div>\n                    <div class=\"title-content flex-col\">\n        <div class=\"title-breadcrumbs pb-half pt-half\"><\/div>      <\/div>\n    <\/div>\n\n       <\/div>\n    <\/div>\n  \n\t\t<\/div>\n\t\t\t\t\t<\/div>\n\n\t\n<\/div>\n<div class=\"row\"  id=\"row-708472257\">\n\n\t<div id=\"col-1831280852\" class=\"col medium-6 small-12 large-6\"  >\n\t\t\t\t<div class=\"col-inner\"  >\n\t\t\t\n\t\t\t\n  <div id=\"page-header-1145015565\" class=\"page-header-wrapper\">\n  <div class=\"page-title hide-for-small light simple-title\">\n\n    \n    <div class=\"page-title-inner container align-center flex-row medium-flex-wrap\" >\n              <div class=\"title-wrapper flex-col text-left medium-text-center\">\n          <h1 class=\"entry-title mb-0\">\n            Septumdeviation OP          <\/h1>\n        <\/div>\n                    <div class=\"title-content flex-col flex-right text-right medium-text-center\">\n        <div class=\"title-breadcrumbs pb-half pt-half\"><\/div>      <\/div>\n    <\/div>\n\n       <\/div>\n    <\/div>\n  \n\t<div id=\"gap-1213255654\" class=\"gap-element clearfix hide-for-small\" style=\"display:block; height:auto;\">\n\t\t\n<style>\n#gap-1213255654 {\n  padding-top: 30px;\n}\n<\/style>\n\t<\/div>\n\t\n<p><span style=\"font-weight: 400;\">Die Septumdeviation-OP in der T\u00fcrkei ist ein chirurgischer Eingriff zur Korrektur einer Nasenscheidewandverkr\u00fcmmung, der die Nasenatmung verbessert und funktionelle Beschwerden reduziert. Der Eingriff wird in modernen Kliniken durch HNO-Fach\u00e4rzte durchgef\u00fchrt und folgt internationalen medizinischen Standards.<\/span><\/p>\n<p><span style=\"font-weight: 400;\">Septumdeviation-Operation in der T\u00fcrkei umfasst eine pr\u00e4zise Begradigung der Nasenscheidewand, wodurch die Luftpassage durch beide Nasenh\u00e4lften optimiert wird. Der Eingriff erfolgt meist unter Vollnarkose und dauert etwa 30 bis 90 Minuten. Viele Kliniken bieten strukturierte Diagnostik, pr\u00e4operative Planung und postoperative Betreuung.<\/span><\/p>\n<p><span style=\"font-weight: 400;\">Kosten und Behandlungsablauf der Septumdeviation-OP in der T\u00fcrkei variieren je nach Klinik, chirurgischer Technik und zus\u00e4tzlichen Leistungen wie Bilddiagnostik oder station\u00e4rer Aufenthalt. Im Vergleich zu vielen europ\u00e4ischen L\u00e4ndern sind die Behandlungskosten h\u00e4ufig niedriger, w\u00e4hrend medizinische Ausstattung und Fachkompetenz hoch bleiben.<\/span><\/p>\n<p><span style=\"font-weight: 400;\">Heilungsprozess nach Septumdeviation-OP in der T\u00fcrkei verl\u00e4uft in der Regel schrittweise \u00fcber mehrere Wochen. Leichte Schwellungen oder vor\u00fcbergehende Nasenverstopfung k\u00f6nnen auftreten, klingen jedoch meist rasch ab. Regelm\u00e4\u00dfige Nachkontrollen und \u00e4rztliche Empfehlungen unterst\u00fctzen eine stabile funktionelle Genesung.<\/span><\/p>\n\t\t<\/div>\n\t\t\t\t\t<\/div>\n\n\t\n\n\t<div id=\"col-1757548769\" class=\"col medium-6 small-12 large-6\"  >\n\t\t\t\t<div class=\"col-inner\"  >\n\t\t\t\n\t\t\t\n\t<div class=\"img has-hover x md-x lg-x y md-y lg-y\" id=\"image_155502808\">\n\t\t\t\t\t\t\t\t<div class=\"img-inner image-cover dark\" style=\"padding-top:75%;\">\n\t\t\t<img decoding=\"async\" width=\"1242\" height=\"1062\" src=\"https:\/\/www.alevcamcioglu.com\/wp-content\/uploads\/2024\/10\/galeri35.jpg\" class=\"attachment-2048x2048 size-2048x2048\" alt=\"nasen op t\u00fcrkei vorher nachher\" srcset=\"https:\/\/www.alevcamcioglu.com\/wp-content\/uploads\/2024\/10\/galeri35.jpg 1242w, https:\/\/www.alevcamcioglu.com\/wp-content\/uploads\/2024\/10\/galeri35-468x400.jpg 468w, https:\/\/www.alevcamcioglu.com\/wp-content\/uploads\/2024\/10\/galeri35-936x800.jpg 936w, https:\/\/www.alevcamcioglu.com\/wp-content\/uploads\/2024\/10\/galeri35-768x657.jpg 768w, https:\/\/www.alevcamcioglu.com\/wp-content\/uploads\/2024\/10\/galeri35-770x658.jpg 770w, https:\/\/www.alevcamcioglu.com\/wp-content\/uploads\/2024\/10\/galeri35-370x316.jpg 370w\" sizes=\"(max-width: 1242px) 100vw, 1242px\" title=\"\">\t\t\t\t\t\t\n\t\t\t\t\t<\/div>\n\t\t\t\t\t\t\t\t\n<style>\n#image_155502808 {\n  width: 100%;\n}\n<\/style>\n\t<\/div>\n\t\n\t\t<\/div>\n\t\t\t\t\t<\/div>\n\n\t\n\n\t<div id=\"col-1265992333\" class=\"col small-12 large-12\"  >\n\t\t\t\t<div class=\"col-inner\"  >\n\t\t\t\n\t\t\t\n\n\t<section class=\"section\" id=\"section_1823020992\">\n\t\t<div class=\"section-bg fill\" >\n\t\t\t\t\t\t\t\t\t\n\t\t\t\n\n\t\t<\/div>\n\n\t\t\n\n\t\t<div class=\"section-content relative\">\n\t\t\t\n\n<div class=\"row\"  id=\"row-1013279619\">\n\n\n\t<div id=\"col-425192517\" class=\"col small-12 large-12\"  >\n\t\t\t\t<div class=\"col-inner box-shadow-2\"  >\n\t\t\t\n\t\t\t\n\n<div class=\"row\"  id=\"row-1636422078\">\n\n\n\t<div id=\"col-1512990552\" class=\"col show-for-small medium-3 small-12 large-3\"  >\n\t\t\t\t<div class=\"col-inner\"  >\n\t\t\t\n\t\t\t\n\n\t<div class=\"img has-hover x md-x lg-x y md-y lg-y\" id=\"image_1769634430\">\n\t\t\t\t\t\t\t\t<div class=\"img-inner dark\" >\n\t\t\t<img decoding=\"async\" width=\"1231\" height=\"1280\" src=\"https:\/\/www.alevcamcioglu.com\/wp-content\/uploads\/2024\/10\/galeri61.webp\" class=\"attachment-2048x2048 size-2048x2048\" alt=\"Br\u00fcnette Frau vor und nach der Nasenkorrektur\" srcset=\"https:\/\/www.alevcamcioglu.com\/wp-content\/uploads\/2024\/10\/galeri61.webp 1231w, https:\/\/www.alevcamcioglu.com\/wp-content\/uploads\/2024\/10\/galeri61-385x400.webp 385w, https:\/\/www.alevcamcioglu.com\/wp-content\/uploads\/2024\/10\/galeri61-769x800.webp 769w, https:\/\/www.alevcamcioglu.com\/wp-content\/uploads\/2024\/10\/galeri61-768x799.webp 768w\" sizes=\"(max-width: 1231px) 100vw, 1231px\" title=\"\">\t\t\t\t\t\t\n\t\t\t\t\t<\/div>\n\t\t\t\t\t\t\t\t\n<style>\n#image_1769634430 {\n  width: 100%;\n}\n<\/style>\n\t<\/div>\n\t\n\n\n\t\t<\/div>\n\t\t\t\t\n<style>\n#col-1512990552 > .col-inner {\n  border-radius: 20px;\n}\n<\/style>\n\t<\/div>\n\n\t\n\n\t<div id=\"col-11029667\" class=\"col whatsapp-alani hide-for-small medium-3 small-12 large-3\"  >\n\t\t\t\t<div class=\"col-inner box-shadow-2\" style=\"background-color:rgb(37, 211, 102);\" >\n\t\t\t\n\t\t\t\n\n\t<div id=\"text-1958618947\" class=\"text\">\n\t\t\n\n<div><a href=\"https:\/\/api.whatsapp.com\/send\/?phone=905324776496&amp;text=Merhaba%2C+https%3A%2F%2Fwww.alevcamcioglu.com%2F+adresinden+size+ula%C5%9F%C4%B1yorum.&amp;type=phone_number&amp;app_absent=0\"><span style=\"color: #ffffff;\">7\/24 WhatsApp<\/span>\r\n<span style=\"color: #ffffff;\">Jetzt <strong>klicken<\/strong>!<\/span><\/a><\/div>\n\t\t\n<style>\n#text-1958618947 {\n  font-size: 1.5rem;\n  text-align: center;\n}\n<\/style>\n\t<\/div>\n\t\n\n\t\t<\/div>\n\t\t\t\t\n<style>\n#col-11029667 > .col-inner {\n  padding: 20px 0px 22px 0px;\n  margin: 0px 0px -31px 0px;\n}\n<\/style>\n\t<\/div>\n\n\t\n\n\t<div id=\"col-1330885911\" class=\"col show-for-small medium-3 small-12 large-3\"  >\n\t\t\t\t<div class=\"col-inner box-shadow-2\" style=\"background-color:rgb(37, 211, 102);\" >\n\t\t\t\n\t\t\t\n\n\t<div id=\"text-944091350\" class=\"text\">\n\t\t\n\n<div><a href=\"https:\/\/api.whatsapp.com\/send\/?phone=905324776496&amp;text=Merhaba%2C+https%3A%2F%2Fwww.alevcamcioglu.com%2F+adresinden+size+ula%C5%9F%C4%B1yorum.&amp;type=phone_number&amp;app_absent=0\"><span style=\"color: #ffffff;\">7\/24 WhatsApp Jetzt <strong>klicken<\/strong>! <\/span><\/a><\/div>\n\t\t\n<style>\n#text-944091350 {\n  font-size: 1.5rem;\n  text-align: center;\n}\n<\/style>\n\t<\/div>\n\t\n\n\t\t<\/div>\n\t\t\t\t\n<style>\n#col-1330885911 > .col-inner {\n  padding: 10px 10px 10px 10px;\n  margin: 0px 0px 0px 0px;\n  border-radius: 100px;\n}\n@media (min-width:550px) {\n  #col-1330885911 > .col-inner {\n    padding: 40px 0px 30px 0px;\n    margin: 0px 0px -40px 0px;\n  }\n}\n<\/style>\n\t<\/div>\n\n\t\n\n\t<div id=\"col-752052570\" class=\"col medium-9 small-12 large-9\"  >\n\t\t\t\t<div class=\"col-inner text-left\"  >\n\t\t\t\n\t<div class=\"is-border\"\n\t\tstyle=\"border-width:0px 0px 0px 0px;margin:0px 0px 0px 0px;\">\n\t<\/div>\n\t\t\t\n\n<div class=\"row\"  id=\"row-403633612\">\n\n\n\t<div id=\"col-2110534065\" class=\"col small-12 large-12\"  >\n\t\t\t\t<div class=\"col-inner\"  >\n\t\t\t\n\t\t\t\n\n\n<div class=\"wpcf7 no-js\" id=\"wpcf7-f1469-o1\" lang=\"de-DE\" dir=\"ltr\" data-wpcf7-id=\"1469\">\n<div class=\"screen-reader-response\"><p role=\"status\" aria-live=\"polite\" aria-atomic=\"true\"><\/p> <ul><\/ul><\/div>\n<form action=\"\/de\/wp-json\/wp\/v2\/pages\/8559#wpcf7-f1469-o1\" method=\"post\" class=\"wpcf7-form init\" aria-label=\"Kontaktformular\" novalidate=\"novalidate\" data-status=\"init\">\n<fieldset class=\"hidden-fields-container\"><input type=\"hidden\" name=\"_wpcf7\" value=\"1469\" \/><input type=\"hidden\" name=\"_wpcf7_version\" value=\"6.1.5\" \/><input type=\"hidden\" name=\"_wpcf7_locale\" value=\"de_DE\" \/><input type=\"hidden\" name=\"_wpcf7_unit_tag\" value=\"wpcf7-f1469-o1\" \/><input type=\"hidden\" name=\"_wpcf7_container_post\" value=\"0\" \/><input type=\"hidden\" name=\"_wpcf7_posted_data_hash\" value=\"\" \/>\n<\/fieldset>\n<div class=\"sp-form\">\n\t<div class=\"col-row\">\n\t\t<div class=\"col-quarter\">\n\t\t\t<p><span class=\"wpcf7-form-control-wrap\" data-name=\"text-340\"><input size=\"40\" maxlength=\"400\" class=\"wpcf7-form-control wpcf7-text wpcf7-validates-as-required\" autocomplete=\"name\" aria-required=\"true\" aria-invalid=\"false\" placeholder=\"Name\" value=\"\" type=\"text\" name=\"text-340\" \/><\/span>\n\t\t\t<\/p>\n\t\t<\/div>\n\t\t<div class=\"col-quarter\">\n\t\t\t<p><span class=\"wpcf7-form-control-wrap\" data-name=\"tel-10\"><input size=\"40\" maxlength=\"400\" class=\"wpcf7-form-control wpcf7-tel wpcf7-validates-as-required wpcf7-text wpcf7-validates-as-tel\" autocomplete=\"name\" aria-required=\"true\" aria-invalid=\"false\" placeholder=\"Telefon\" value=\"\" type=\"tel\" name=\"tel-10\" \/><\/span>\n\t\t\t<\/p>\n\t\t<\/div>\n\t\t<div class=\"col-quarter\">\n\t\t\t<p><span class=\"wpcf7-form-control-wrap\" data-name=\"email-563\"><input size=\"40\" maxlength=\"400\" class=\"wpcf7-form-control wpcf7-email wpcf7-validates-as-required wpcf7-text wpcf7-validates-as-email\" autocomplete=\"name\" aria-required=\"true\" aria-invalid=\"false\" placeholder=\"E-Mail\" value=\"\" type=\"email\" name=\"email-563\" \/><\/span>\n\t\t\t<\/p>\n\t\t<\/div>\n\t\t<div class=\"col-quarter\">\n\t\t\t<p><input class=\"wpcf7-form-control wpcf7-submit has-spinner\" type=\"submit\" value=\"EINREICHEN\" \/>\n\t\t\t<\/p>\n\t\t<\/div>\n\t<\/div>\n<\/div><p style=\"display: none !important;\" class=\"akismet-fields-container\" data-prefix=\"_wpcf7_ak_\"><label>&#916;<textarea name=\"_wpcf7_ak_hp_textarea\" cols=\"45\" rows=\"8\" maxlength=\"100\"><\/textarea><\/label><input type=\"hidden\" id=\"ak_js_1\" name=\"_wpcf7_ak_js\" value=\"231\"\/><script type=\"text\/javascript\">\n\/* <![CDATA[ *\/\ndocument.getElementById( \"ak_js_1\" ).setAttribute( \"value\", ( new Date() ).getTime() );\n\/* ]]> *\/\n<\/script>\n<\/p><div class=\"wpcf7-response-output\" aria-hidden=\"true\"><\/div>\n<\/form>\n<\/div>\n\n\n\n\t\t<\/div>\n\t\t\t\t\n<style>\n#col-2110534065 > .col-inner {\n  margin: 0px 0px -70px 0px;\n}\n<\/style>\n\t<\/div>\n\n\t\n\n\t<div id=\"col-1379594289\" class=\"col small-12 large-12\"  >\n\t\t\t\t<div class=\"col-inner\"  >\n\t\t\t\n\t\t\t\n\n\t<div id=\"text-52161424\" class=\"text\">\n\t\t\n\n<p><span style=\"font-size: 50%;\">Wir empfehlen, alle Felder auszuf\u00fcllen, damit wir Sie bez\u00fcglich * bestm\u00f6glich kontaktieren k\u00f6nnen.<\/span><\/p>\n\t\t\n<style>\n#text-52161424 {\n  font-size: 1.15rem;\n  line-height: 0.75;\n}\n<\/style>\n\t<\/div>\n\t\n\n\t\t<\/div>\n\t\t\t\t\n<style>\n#col-1379594289 > .col-inner {\n  margin: 0px 0px -40px 0px;\n}\n<\/style>\n\t<\/div>\n\n\t\n\n<\/div>\n\n\t\t<\/div>\n\t\t\t\t\n<style>\n#col-752052570 > .col-inner {\n  padding: 0px 0px 0px 0px;\n  margin: 0px 0px -20px 0px;\n}\n@media (min-width:550px) {\n  #col-752052570 > .col-inner {\n    padding: 20px 0px 0px 0px;\n    margin: 0px 0px -66px 0px;\n  }\n}\n<\/style>\n\t<\/div>\n\n\t\n\n<\/div>\n\n\t\t<\/div>\n\t\t\t\t\n<style>\n#col-425192517 > .col-inner {\n  padding: 30px 10px 0px 10px;\n  border-radius: 30px;\n}\n@media (min-width:550px) {\n  #col-425192517 > .col-inner {\n    padding: 0px 20px 0px 0px;\n  }\n}\n<\/style>\n\t<\/div>\n\n\t\n\n<\/div>\n\n\t\t<\/div>\n\n\t\t\n<style>\n#section_1823020992 {\n  padding-top: 30px;\n  padding-bottom: 30px;\n}\n<\/style>\n\t<\/section>\n\t\n<h2>Was ist eine Septumdeviation?<\/h2>\n<p><img decoding=\"async\" class=\"alignnone size-full wp-image-11048\" src=\"https:\/\/www.alevcamcioglu.com\/wp-content\/uploads\/2025\/09\/Dr.-Alev-Camcioglu-wahrend-einer-Septumdeviation-OP-in-der-Turkei.jpeg\" alt=\"\" width=\"952\" height=\"1280\" title=\"\" srcset=\"https:\/\/www.alevcamcioglu.com\/wp-content\/uploads\/2025\/09\/Dr.-Alev-Camcioglu-wahrend-einer-Septumdeviation-OP-in-der-Turkei.jpeg 952w, https:\/\/www.alevcamcioglu.com\/wp-content\/uploads\/2025\/09\/Dr.-Alev-Camcioglu-wahrend-einer-Septumdeviation-OP-in-der-Turkei-298x400.jpeg 298w, https:\/\/www.alevcamcioglu.com\/wp-content\/uploads\/2025\/09\/Dr.-Alev-Camcioglu-wahrend-einer-Septumdeviation-OP-in-der-Turkei-595x800.jpeg 595w, https:\/\/www.alevcamcioglu.com\/wp-content\/uploads\/2025\/09\/Dr.-Alev-Camcioglu-wahrend-einer-Septumdeviation-OP-in-der-Turkei-768x1033.jpeg 768w\" sizes=\"(max-width: 952px) 100vw, 952px\" \/><\/p>\n<p>Die Behandlung der Septumdeviation hat sich im Laufe der Menschheitsgeschichte parallel zur Entwicklung chirurgischer Techniken stark gewandelt. Erste Aufzeichnungen reichen bis in die Antike zur\u00fcck. Im alt\u00e4gyptischen Edwin-Smith-Papyrus (ca. 3500 v. Chr.) wurden \u00e4u\u00dfere Schienen und in die Nase eingelegte Baumwolltamponaden zur Versorgung von Nasenfrakturen beschrieben \u2013 bereits ein fortschrittlicher Ansatz jener Zeit. Der indische Arzt Sushruta (ca. 600 v. Chr.) erl\u00e4uterte in seinen Schriften das Entfernen von Nasenpolypen und die Untersuchung der Nase mit Bambusinstrumenten. In der r\u00f6mischen Antike dokumentierte Aulus Cornelius Celsus detaillierte plastisch-chirurgische Techniken zur Korrektur von Nasendeformationen.<\/p>\n<p>Mit der Renaissance wurden im 18. Jahrhundert systematischere Methoden entwickelt. Quelmaltz schlug 1757 die manuelle Kompression der Nase vor. Einige Chirurgen nutzten Stahlkompressoren oder Nasenschienen aus Elfenbein, um eine Deviation zu korrigieren. Im 19. Jahrhundert entwickelte Ephraim Fletcher Ingals (1882) die \u201eFensterresektion\u201c \u2013 ein Verfahren, bei dem gekr\u00fcmmter Knorpel entfernt und die Schleimhaut geschont wurde, um funktionelle und \u00e4sthetische Ergebnisse zu erzielen.<\/p>\n<p>Das 20. Jahrhundert brachte bahnbrechende Neuerungen. Freer (1902) und Killian (1904) etablierten die submukosale Resektion, bei der gekr\u00fcmmte Knochen- und Knorpelanteile entfernt, aber die strukturelle St\u00fctze bewahrt wird. Metzenbaum (1929) f\u00fchrte die \u201eSchwingt\u00fcr\u201c-Technik ein, die auf einer Repositionierung des Septums beruht. Maurice H. Cottle (1947) wies darauf hin, dass zu aggressive Eingriffe zu Nasenkollaps f\u00fchren k\u00f6nnen, und entwickelte schonendere Techniken.<\/p>\n<p>Zu Beginn des 21. Jahrhunderts erm\u00f6glichten endoskopische Septoplastiken den Chirurgen ein exakteres Vorgehen bei geringerer Komplikationsrate und verbesserten Patientenergebnissen. Dank moderner Technologie und chirurgischer Expertise gilt die Septoplastik heute als sichere, effektive Operation, die die Lebensqualit\u00e4t deutlich verbessert.<\/p>\n\n\t<section class=\"section\" id=\"section_1652694492\">\n\t\t<div class=\"section-bg fill\" >\n\t\t\t\t\t\t\t\t\t\n\t\t\t\n\n\t\t<\/div>\n\n\t\t\n\n\t\t<div class=\"section-content relative\">\n\t\t\t\n\n<div class=\"row\"  id=\"row-486773355\">\n\n\n\t<div id=\"col-885026664\" class=\"col small-12 large-12\"  >\n\t\t\t\t<div class=\"col-inner box-shadow-2\"  >\n\t\t\t\n\t<div class=\"is-border\"\n\t\tstyle=\"border-color:rgb(0, 0, 76);border-radius:15px;border-width:2px 2px 2px 2px;\">\n\t<\/div>\n\t\t\t\n\n<div class=\"row row-full-width align-center\"  id=\"row-652624585\">\n\n\n\t<div id=\"col-1516025494\" class=\"col small-12 large-12\"  >\n\t\t\t\t<div class=\"col-inner\"  >\n\t\t\t\n\t\t\t\n\n\t<div id=\"text-1472793305\" class=\"text\">\n\t\t\n\n<h2 data-pm-slice=\"1 1 &#091;&#093;\"><span style=\"font-size: 75%;\">6 Gr\u00fcnde f\u00fcr eine  in Istanbul<\/span><\/h2>\n\t\t\n<style>\n#text-1472793305 {\n  font-size: 2rem;\n  text-align: center;\n  color: #000065;\n}\n#text-1472793305 > * {\n  color: #000065;\n}\n@media (min-width:550px) {\n  #text-1472793305 {\n    font-size: 1.2rem;\n  }\n}\n<\/style>\n\t<\/div>\n\t\n\n\t\t<\/div>\n\t\t\t\t\t<\/div>\n\n\t\n\n\t<div id=\"col-1837661308\" class=\"col medium-2 small-6 large-2\"  >\n\t\t\t\t<div class=\"col-inner\"  >\n\t\t\t\n\t\t\t\n\n\t<div class=\"box has-hover   has-hover box-text-bottom\" >\n\n\t\t<div class=\"box-image\" style=\"width:60%;\">\n\t\t\t\t\t\t<div class=\"image-cover\" style=\"padding-top:100%;\">\n\t\t\t\t<img decoding=\"async\" width=\"200\" height=\"200\" src=\"https:\/\/www.alevcamcioglu.com\/wp-content\/uploads\/2025\/04\/Proven-Results.png\" class=\"attachment-2048x2048 size-2048x2048\" alt=\"\" title=\"\">\t\t\t\t\t\t\t\t\t\t\t<\/div>\n\t\t\t\t\t<\/div>\n\n\t\t<div class=\"box-text text-center\" >\n\t\t\t<div class=\"box-text-inner\">\n\t\t\t\t\n\n\t<div id=\"text-2974289366\" class=\"text\">\n\t\t\n\n<p>Bew\u00e4hrte Ergebnisse<\/p>\n\n\t\t\n<style>\n#text-2974289366 {\n  font-size: 1rem;\n  color: #404040;\n}\n#text-2974289366 > * {\n  color: #404040;\n}\n<\/style>\n\t<\/div>\n\t\n\n\t\t\t<\/div>\n\t\t<\/div>\n\t<\/div>\n\t\n\n\t\t<\/div>\n\t\t\t\t\t<\/div>\n\n\t\n\n\t<div id=\"col-744101564\" class=\"col medium-2 small-6 large-2\"  >\n\t\t\t\t<div class=\"col-inner\"  >\n\t\t\t\n\t\t\t\n\n\t<div class=\"box has-hover   has-hover box-text-bottom\" >\n\n\t\t<div class=\"box-image\" style=\"width:60%;\">\n\t\t\t\t\t\t<div class=\"image-cover\" style=\"padding-top:100%;\">\n\t\t\t\t<img decoding=\"async\" width=\"200\" height=\"200\" src=\"https:\/\/www.alevcamcioglu.com\/wp-content\/uploads\/2025\/04\/5-Star-Reviews.png\" class=\"attachment-2048x2048 size-2048x2048\" alt=\"\" title=\"\">\t\t\t\t\t\t\t\t\t\t\t<\/div>\n\t\t\t\t\t<\/div>\n\n\t\t<div class=\"box-text text-center\" >\n\t\t\t<div class=\"box-text-inner\">\n\t\t\t\t\n\n\t<div id=\"text-2677916890\" class=\"text\">\n\t\t\n\n<p>5-Sterne-Bewertungen<\/p>\n\n\t\t\n<style>\n#text-2677916890 {\n  font-size: 1rem;\n  color: #404040;\n}\n#text-2677916890 > * {\n  color: #404040;\n}\n<\/style>\n\t<\/div>\n\t\n\n\t\t\t<\/div>\n\t\t<\/div>\n\t<\/div>\n\t\n\n\t\t<\/div>\n\t\t\t\t\t<\/div>\n\n\t\n\n\t<div id=\"col-1859807214\" class=\"col medium-2 small-6 large-2\"  >\n\t\t\t\t<div class=\"col-inner\"  >\n\t\t\t\n\t\t\t\n\n\t<div class=\"box has-hover   has-hover box-text-bottom\" >\n\n\t\t<div class=\"box-image\" style=\"width:60%;\">\n\t\t\t\t\t\t<div class=\"image-cover\" style=\"padding-top:100%;\">\n\t\t\t\t<img decoding=\"async\" width=\"200\" height=\"200\" src=\"https:\/\/www.alevcamcioglu.com\/wp-content\/uploads\/2025\/04\/All-Inclusive-Packages.png\" class=\"attachment-2048x2048 size-2048x2048\" alt=\"\" title=\"\">\t\t\t\t\t\t\t\t\t\t\t<\/div>\n\t\t\t\t\t<\/div>\n\n\t\t<div class=\"box-text text-center\" >\n\t\t\t<div class=\"box-text-inner\">\n\t\t\t\t\n\n\t<div id=\"text-2138128350\" class=\"text\">\n\t\t\n\n<p>All-Inclusive-Pakete<\/p>\n\n\t\t\n<style>\n#text-2138128350 {\n  font-size: 1rem;\n  color: #404040;\n}\n#text-2138128350 > * {\n  color: #404040;\n}\n<\/style>\n\t<\/div>\n\t\n\n\t\t\t<\/div>\n\t\t<\/div>\n\t<\/div>\n\t\n\n\t\t<\/div>\n\t\t\t\t\t<\/div>\n\n\t\n\n\t<div id=\"col-411599883\" class=\"col medium-2 small-6 large-2\"  >\n\t\t\t\t<div class=\"col-inner\"  >\n\t\t\t\n\t\t\t\n\n\t<div class=\"box has-hover   has-hover box-text-bottom\" >\n\n\t\t<div class=\"box-image\" style=\"width:60%;\">\n\t\t\t\t\t\t<div class=\"image-cover\" style=\"padding-top:100%;\">\n\t\t\t\t<img decoding=\"async\" width=\"200\" height=\"200\" src=\"https:\/\/www.alevcamcioglu.com\/wp-content\/uploads\/2025\/04\/Luxury-Hotels.png\" class=\"attachment-2048x2048 size-2048x2048\" alt=\"\" title=\"\">\t\t\t\t\t\t\t\t\t\t\t<\/div>\n\t\t\t\t\t<\/div>\n\n\t\t<div class=\"box-text text-center\" >\n\t\t\t<div class=\"box-text-inner\">\n\t\t\t\t\n\n\t<div id=\"text-3249987906\" class=\"text\">\n\t\t\n\n<p>Luxushotels<\/p>\n\n\t\t\n<style>\n#text-3249987906 {\n  font-size: 1rem;\n  color: #404040;\n}\n#text-3249987906 > * {\n  color: #404040;\n}\n<\/style>\n\t<\/div>\n\t\n\n\t\t\t<\/div>\n\t\t<\/div>\n\t<\/div>\n\t\n\n\t\t<\/div>\n\t\t\t\t\t<\/div>\n\n\t\n\n\t<div id=\"col-864435697\" class=\"col medium-2 small-6 large-2\"  >\n\t\t\t\t<div class=\"col-inner\"  >\n\t\t\t\n\t\t\t\n\n\t<div class=\"box has-hover   has-hover box-text-bottom\" >\n\n\t\t<div class=\"box-image\" style=\"width:60%;\">\n\t\t\t\t\t\t<div class=\"image-cover\" style=\"padding-top:100%;\">\n\t\t\t\t<img decoding=\"async\" width=\"200\" height=\"200\" src=\"https:\/\/www.alevcamcioglu.com\/wp-content\/uploads\/2025\/04\/Accredited-Hospitals.png\" class=\"attachment-2048x2048 size-2048x2048\" alt=\"\" title=\"\">\t\t\t\t\t\t\t\t\t\t\t<\/div>\n\t\t\t\t\t<\/div>\n\n\t\t<div class=\"box-text text-center\" >\n\t\t\t<div class=\"box-text-inner\">\n\t\t\t\t\n\n\t<div id=\"text-3062965206\" class=\"text\">\n\t\t\n\n<p>Akkreditierte Krankenh\u00e4user<\/p>\n\n\t\t\n<style>\n#text-3062965206 {\n  font-size: 1rem;\n  color: #404040;\n}\n#text-3062965206 > * {\n  color: #404040;\n}\n<\/style>\n\t<\/div>\n\t\n\n\t\t\t<\/div>\n\t\t<\/div>\n\t<\/div>\n\t\n\n\t\t<\/div>\n\t\t\t\t\t<\/div>\n\n\t\n\n\t<div id=\"col-742430209\" class=\"col medium-2 small-6 large-2\"  >\n\t\t\t\t<div class=\"col-inner\"  >\n\t\t\t\n\t\t\t\n\n\t<div class=\"box has-hover   has-hover box-text-bottom\" >\n\n\t\t<div class=\"box-image\" style=\"width:60%;\">\n\t\t\t\t\t\t<div class=\"image-cover\" style=\"padding-top:100%;\">\n\t\t\t\t<img decoding=\"async\" width=\"200\" height=\"200\" src=\"https:\/\/www.alevcamcioglu.com\/wp-content\/uploads\/2025\/04\/Waiting.png\" class=\"attachment-2048x2048 size-2048x2048\" alt=\"\" title=\"\">\t\t\t\t\t\t\t\t\t\t\t<\/div>\n\t\t\t\t\t<\/div>\n\n\t\t<div class=\"box-text text-center\" >\n\t\t\t<div class=\"box-text-inner\">\n\t\t\t\t\n\n\t<div id=\"text-1800806443\" class=\"text\">\n\t\t\n\n<p>Postoperative Betreuung<\/p>\n\n\t\t\n<style>\n#text-1800806443 {\n  font-size: 1rem;\n  color: #404040;\n}\n#text-1800806443 > * {\n  color: #404040;\n}\n<\/style>\n\t<\/div>\n\t\n\n\t\t\t<\/div>\n\t\t<\/div>\n\t<\/div>\n\t\n\n\t\t<\/div>\n\t\t\t\t\t<\/div>\n\n\t\n\n<\/div>\n\n\t\t<\/div>\n\t\t\t\t\n<style>\n#col-885026664 > .col-inner {\n  padding: 30px 0px 0px 30px;\n  border-radius: 15px;\n}\n<\/style>\n\t<\/div>\n\n\t\n\n<\/div>\n\n\t\t<\/div>\n\n\t\t\n<style>\n#section_1652694492 {\n  padding-top: 30px;\n  padding-bottom: 30px;\n}\n<\/style>\n\t<\/section>\n\t\r\n\r\n\n\t<section class=\"section\" id=\"section_899987376\">\n\t\t<div class=\"section-bg fill\" >\n\t\t\t\t\t\t\t\t\t\n\t\t\t\n\n\t\t<\/div>\n\n\t\t\n\n\t\t<div class=\"section-content relative\">\n\t\t\t\r\n\r\n<div class=\"row\"  id=\"row-1036042127\">\r\n\r\n\n\t<div id=\"col-2058445049\" class=\"col small-12 large-12\"  >\n\t\t\t\t<div class=\"col-inner text-center\"  >\n\t\t\t\n\t\t\t\r\n\r\n\t<div id=\"text-1232414913\" class=\"text\">\n\t\t\r\n<h2>\u00a0Vorher-Nachher-Fotos in der T\u00fcrkei<\/h2>\r\n\t\t\n<style>\n#text-1232414913 {\n  font-size: 1.25rem;\n  text-align: center;\n  color: rgb(243, 58, 58);\n}\n#text-1232414913 > * {\n  color: rgb(243, 58, 58);\n}\n<\/style>\n\t<\/div>\n\t\r\n\n  \n    <div class=\"row large-columns-4 medium-columns-3 small-columns-2 slider row-slider slider-nav-circle slider-nav-outside slider-nav-push\"  data-flickity-options='{&quot;imagesLoaded&quot;: true, &quot;groupCells&quot;: &quot;100%&quot;, &quot;dragThreshold&quot; : 5, &quot;cellAlign&quot;: &quot;left&quot;,&quot;wrapAround&quot;: true,&quot;prevNextButtons&quot;: true,&quot;percentPosition&quot;: true,&quot;pageDots&quot;: false, &quot;rightToLeft&quot;: false, &quot;autoPlay&quot; : false}' >\n\n  <div class=\"gallery-col col\" >\n          <div class=\"col-inner\">\n            <a class=\"image-lightbox lightbox-gallery\" href=\"https:\/\/www.alevcamcioglu.com\/wp-content\/uploads\/2024\/11\/Nasenkorrektur-Vorher-Nachher-Foto-in-der-Turkei-1.jpg\" title=\"\">            <div class=\"box has-hover gallery-box box-normal\">\n              <div class=\"box-image\" >\n                <img decoding=\"async\" width=\"320\" height=\"400\" src=\"https:\/\/www.alevcamcioglu.com\/wp-content\/uploads\/2024\/11\/Nasenkorrektur-Vorher-Nachher-Foto-in-der-Turkei-1-320x400.jpg\" class=\"attachment-medium size-medium\" alt=\"\" ids=\"8946,8952,8958,8964,8970,8976,8982,8988,8994,9000,9006,9012,9018,9024,9030,9036,9042,9048,9054,9060,9066,9072,9078,9084,9090,9096,9102,9108,9114,9120,9126,9132,9138,9144,9150,9156,9162,9168,9174,9180,9186,9192,9198,9204\" style=\"normal\" lightbox_image_size=\"2048x2048\" type=\"slider\" slider_nav_style=\"circle\" slider_nav_position=\"outside\" srcset=\"https:\/\/www.alevcamcioglu.com\/wp-content\/uploads\/2024\/11\/Nasenkorrektur-Vorher-Nachher-Foto-in-der-Turkei-1-320x400.jpg 320w, https:\/\/www.alevcamcioglu.com\/wp-content\/uploads\/2024\/11\/Nasenkorrektur-Vorher-Nachher-Foto-in-der-Turkei-1-640x800.jpg 640w, https:\/\/www.alevcamcioglu.com\/wp-content\/uploads\/2024\/11\/Nasenkorrektur-Vorher-Nachher-Foto-in-der-Turkei-1-768x960.jpg 768w, https:\/\/www.alevcamcioglu.com\/wp-content\/uploads\/2024\/11\/Nasenkorrektur-Vorher-Nachher-Foto-in-der-Turkei-1.jpg 1200w\" sizes=\"(max-width: 320px) 100vw, 320px\" title=\"\">                                                              <\/div>\n              <div class=\"box-text text-left\" >\n                 <p><\/p>\n              <\/div>\n            <\/div>\n            <\/a>          <\/div>\n         <\/div><div class=\"gallery-col col\" >\n          <div class=\"col-inner\">\n            <a class=\"image-lightbox lightbox-gallery\" href=\"https:\/\/www.alevcamcioglu.com\/wp-content\/uploads\/2024\/11\/Nasenkorrektur-Vorher-Nachher-Foto-in-der-Turkei-2.jpg\" title=\"\">            <div class=\"box has-hover gallery-box box-normal\">\n              <div class=\"box-image\" >\n                <img decoding=\"async\" width=\"320\" height=\"400\" src=\"https:\/\/www.alevcamcioglu.com\/wp-content\/uploads\/2024\/11\/Nasenkorrektur-Vorher-Nachher-Foto-in-der-Turkei-2-320x400.jpg\" class=\"attachment-medium size-medium\" alt=\"\" ids=\"8946,8952,8958,8964,8970,8976,8982,8988,8994,9000,9006,9012,9018,9024,9030,9036,9042,9048,9054,9060,9066,9072,9078,9084,9090,9096,9102,9108,9114,9120,9126,9132,9138,9144,9150,9156,9162,9168,9174,9180,9186,9192,9198,9204\" style=\"normal\" lightbox_image_size=\"2048x2048\" type=\"slider\" slider_nav_style=\"circle\" slider_nav_position=\"outside\" srcset=\"https:\/\/www.alevcamcioglu.com\/wp-content\/uploads\/2024\/11\/Nasenkorrektur-Vorher-Nachher-Foto-in-der-Turkei-2-320x400.jpg 320w, https:\/\/www.alevcamcioglu.com\/wp-content\/uploads\/2024\/11\/Nasenkorrektur-Vorher-Nachher-Foto-in-der-Turkei-2-640x800.jpg 640w, https:\/\/www.alevcamcioglu.com\/wp-content\/uploads\/2024\/11\/Nasenkorrektur-Vorher-Nachher-Foto-in-der-Turkei-2-768x960.jpg 768w, https:\/\/www.alevcamcioglu.com\/wp-content\/uploads\/2024\/11\/Nasenkorrektur-Vorher-Nachher-Foto-in-der-Turkei-2.jpg 1200w\" sizes=\"(max-width: 320px) 100vw, 320px\" title=\"\">                                                              <\/div>\n              <div class=\"box-text text-left\" >\n                 <p><\/p>\n              <\/div>\n            <\/div>\n            <\/a>          <\/div>\n         <\/div><div class=\"gallery-col col\" >\n          <div class=\"col-inner\">\n            <a class=\"image-lightbox lightbox-gallery\" href=\"https:\/\/www.alevcamcioglu.com\/wp-content\/uploads\/2024\/11\/Nasenkorrektur-Vorher-Nachher-Foto-in-der-Turkei-3.jpg\" title=\"\">            <div class=\"box has-hover gallery-box box-normal\">\n              <div class=\"box-image\" >\n                <img decoding=\"async\" width=\"320\" height=\"400\" src=\"https:\/\/www.alevcamcioglu.com\/wp-content\/uploads\/2024\/11\/Nasenkorrektur-Vorher-Nachher-Foto-in-der-Turkei-3-320x400.jpg\" class=\"attachment-medium size-medium\" alt=\"\" ids=\"8946,8952,8958,8964,8970,8976,8982,8988,8994,9000,9006,9012,9018,9024,9030,9036,9042,9048,9054,9060,9066,9072,9078,9084,9090,9096,9102,9108,9114,9120,9126,9132,9138,9144,9150,9156,9162,9168,9174,9180,9186,9192,9198,9204\" style=\"normal\" lightbox_image_size=\"2048x2048\" type=\"slider\" slider_nav_style=\"circle\" slider_nav_position=\"outside\" srcset=\"https:\/\/www.alevcamcioglu.com\/wp-content\/uploads\/2024\/11\/Nasenkorrektur-Vorher-Nachher-Foto-in-der-Turkei-3-320x400.jpg 320w, https:\/\/www.alevcamcioglu.com\/wp-content\/uploads\/2024\/11\/Nasenkorrektur-Vorher-Nachher-Foto-in-der-Turkei-3-640x800.jpg 640w, https:\/\/www.alevcamcioglu.com\/wp-content\/uploads\/2024\/11\/Nasenkorrektur-Vorher-Nachher-Foto-in-der-Turkei-3-768x960.jpg 768w, https:\/\/www.alevcamcioglu.com\/wp-content\/uploads\/2024\/11\/Nasenkorrektur-Vorher-Nachher-Foto-in-der-Turkei-3.jpg 1200w\" sizes=\"(max-width: 320px) 100vw, 320px\" title=\"\">                                                              <\/div>\n              <div class=\"box-text text-left\" >\n                 <p><\/p>\n              <\/div>\n            <\/div>\n            <\/a>          <\/div>\n         <\/div><div class=\"gallery-col col\" >\n          <div class=\"col-inner\">\n            <a class=\"image-lightbox lightbox-gallery\" href=\"https:\/\/www.alevcamcioglu.com\/wp-content\/uploads\/2024\/11\/Nasenkorrektur-Vorher-Nachher-Foto-in-der-Turkei-4.jpg\" title=\"\">            <div class=\"box has-hover gallery-box box-normal\">\n              <div class=\"box-image\" >\n                <img decoding=\"async\" width=\"320\" height=\"400\" src=\"https:\/\/www.alevcamcioglu.com\/wp-content\/uploads\/2024\/11\/Nasenkorrektur-Vorher-Nachher-Foto-in-der-Turkei-4-320x400.jpg\" class=\"attachment-medium size-medium\" alt=\"\" ids=\"8946,8952,8958,8964,8970,8976,8982,8988,8994,9000,9006,9012,9018,9024,9030,9036,9042,9048,9054,9060,9066,9072,9078,9084,9090,9096,9102,9108,9114,9120,9126,9132,9138,9144,9150,9156,9162,9168,9174,9180,9186,9192,9198,9204\" style=\"normal\" lightbox_image_size=\"2048x2048\" type=\"slider\" slider_nav_style=\"circle\" slider_nav_position=\"outside\" srcset=\"https:\/\/www.alevcamcioglu.com\/wp-content\/uploads\/2024\/11\/Nasenkorrektur-Vorher-Nachher-Foto-in-der-Turkei-4-320x400.jpg 320w, https:\/\/www.alevcamcioglu.com\/wp-content\/uploads\/2024\/11\/Nasenkorrektur-Vorher-Nachher-Foto-in-der-Turkei-4-640x800.jpg 640w, https:\/\/www.alevcamcioglu.com\/wp-content\/uploads\/2024\/11\/Nasenkorrektur-Vorher-Nachher-Foto-in-der-Turkei-4-768x960.jpg 768w, https:\/\/www.alevcamcioglu.com\/wp-content\/uploads\/2024\/11\/Nasenkorrektur-Vorher-Nachher-Foto-in-der-Turkei-4.jpg 1200w\" sizes=\"(max-width: 320px) 100vw, 320px\" title=\"\">                                                              <\/div>\n              <div class=\"box-text text-left\" >\n                 <p><\/p>\n              <\/div>\n            <\/div>\n            <\/a>          <\/div>\n         <\/div><div class=\"gallery-col col\" >\n          <div class=\"col-inner\">\n            <a class=\"image-lightbox lightbox-gallery\" href=\"https:\/\/www.alevcamcioglu.com\/wp-content\/uploads\/2024\/11\/Nasenkorrektur-Vorher-Nachher-Foto-in-der-Turkei-5.jpg\" title=\"\">            <div class=\"box has-hover gallery-box box-normal\">\n              <div class=\"box-image\" >\n                <img decoding=\"async\" width=\"320\" height=\"400\" src=\"https:\/\/www.alevcamcioglu.com\/wp-content\/uploads\/2024\/11\/Nasenkorrektur-Vorher-Nachher-Foto-in-der-Turkei-5-320x400.jpg\" class=\"attachment-medium size-medium\" alt=\"\" ids=\"8946,8952,8958,8964,8970,8976,8982,8988,8994,9000,9006,9012,9018,9024,9030,9036,9042,9048,9054,9060,9066,9072,9078,9084,9090,9096,9102,9108,9114,9120,9126,9132,9138,9144,9150,9156,9162,9168,9174,9180,9186,9192,9198,9204\" style=\"normal\" lightbox_image_size=\"2048x2048\" type=\"slider\" slider_nav_style=\"circle\" slider_nav_position=\"outside\" srcset=\"https:\/\/www.alevcamcioglu.com\/wp-content\/uploads\/2024\/11\/Nasenkorrektur-Vorher-Nachher-Foto-in-der-Turkei-5-320x400.jpg 320w, https:\/\/www.alevcamcioglu.com\/wp-content\/uploads\/2024\/11\/Nasenkorrektur-Vorher-Nachher-Foto-in-der-Turkei-5-640x800.jpg 640w, https:\/\/www.alevcamcioglu.com\/wp-content\/uploads\/2024\/11\/Nasenkorrektur-Vorher-Nachher-Foto-in-der-Turkei-5-768x960.jpg 768w, https:\/\/www.alevcamcioglu.com\/wp-content\/uploads\/2024\/11\/Nasenkorrektur-Vorher-Nachher-Foto-in-der-Turkei-5.jpg 1200w\" sizes=\"(max-width: 320px) 100vw, 320px\" title=\"\">                                                              <\/div>\n              <div class=\"box-text text-left\" >\n                 <p><\/p>\n              <\/div>\n            <\/div>\n            <\/a>          <\/div>\n         <\/div><div class=\"gallery-col col\" >\n          <div class=\"col-inner\">\n            <a class=\"image-lightbox lightbox-gallery\" href=\"https:\/\/www.alevcamcioglu.com\/wp-content\/uploads\/2024\/11\/Nasenkorrektur-Vorher-Nachher-Foto-in-der-Turkei-6.jpg\" title=\"\">            <div class=\"box has-hover gallery-box box-normal\">\n              <div class=\"box-image\" >\n                <img decoding=\"async\" width=\"320\" height=\"400\" src=\"https:\/\/www.alevcamcioglu.com\/wp-content\/uploads\/2024\/11\/Nasenkorrektur-Vorher-Nachher-Foto-in-der-Turkei-6-320x400.jpg\" class=\"attachment-medium size-medium\" alt=\"\" ids=\"8946,8952,8958,8964,8970,8976,8982,8988,8994,9000,9006,9012,9018,9024,9030,9036,9042,9048,9054,9060,9066,9072,9078,9084,9090,9096,9102,9108,9114,9120,9126,9132,9138,9144,9150,9156,9162,9168,9174,9180,9186,9192,9198,9204\" style=\"normal\" lightbox_image_size=\"2048x2048\" type=\"slider\" slider_nav_style=\"circle\" slider_nav_position=\"outside\" srcset=\"https:\/\/www.alevcamcioglu.com\/wp-content\/uploads\/2024\/11\/Nasenkorrektur-Vorher-Nachher-Foto-in-der-Turkei-6-320x400.jpg 320w, https:\/\/www.alevcamcioglu.com\/wp-content\/uploads\/2024\/11\/Nasenkorrektur-Vorher-Nachher-Foto-in-der-Turkei-6-640x800.jpg 640w, https:\/\/www.alevcamcioglu.com\/wp-content\/uploads\/2024\/11\/Nasenkorrektur-Vorher-Nachher-Foto-in-der-Turkei-6-768x960.jpg 768w, https:\/\/www.alevcamcioglu.com\/wp-content\/uploads\/2024\/11\/Nasenkorrektur-Vorher-Nachher-Foto-in-der-Turkei-6.jpg 1200w\" sizes=\"(max-width: 320px) 100vw, 320px\" title=\"\">                                                              <\/div>\n              <div class=\"box-text text-left\" >\n                 <p><\/p>\n              <\/div>\n            <\/div>\n            <\/a>          <\/div>\n         <\/div><div class=\"gallery-col col\" >\n          <div class=\"col-inner\">\n            <a class=\"image-lightbox lightbox-gallery\" href=\"https:\/\/www.alevcamcioglu.com\/wp-content\/uploads\/2024\/11\/Nasenkorrektur-Vorher-Nachher-Foto-in-der-Turkei-7.jpg\" title=\"\">            <div class=\"box has-hover gallery-box box-normal\">\n              <div class=\"box-image\" >\n                <img decoding=\"async\" width=\"320\" height=\"400\" src=\"https:\/\/www.alevcamcioglu.com\/wp-content\/uploads\/2024\/11\/Nasenkorrektur-Vorher-Nachher-Foto-in-der-Turkei-7-320x400.jpg\" class=\"attachment-medium size-medium\" alt=\"\" ids=\"8946,8952,8958,8964,8970,8976,8982,8988,8994,9000,9006,9012,9018,9024,9030,9036,9042,9048,9054,9060,9066,9072,9078,9084,9090,9096,9102,9108,9114,9120,9126,9132,9138,9144,9150,9156,9162,9168,9174,9180,9186,9192,9198,9204\" style=\"normal\" lightbox_image_size=\"2048x2048\" type=\"slider\" slider_nav_style=\"circle\" slider_nav_position=\"outside\" srcset=\"https:\/\/www.alevcamcioglu.com\/wp-content\/uploads\/2024\/11\/Nasenkorrektur-Vorher-Nachher-Foto-in-der-Turkei-7-320x400.jpg 320w, https:\/\/www.alevcamcioglu.com\/wp-content\/uploads\/2024\/11\/Nasenkorrektur-Vorher-Nachher-Foto-in-der-Turkei-7-640x800.jpg 640w, https:\/\/www.alevcamcioglu.com\/wp-content\/uploads\/2024\/11\/Nasenkorrektur-Vorher-Nachher-Foto-in-der-Turkei-7-768x960.jpg 768w, https:\/\/www.alevcamcioglu.com\/wp-content\/uploads\/2024\/11\/Nasenkorrektur-Vorher-Nachher-Foto-in-der-Turkei-7.jpg 1200w\" sizes=\"(max-width: 320px) 100vw, 320px\" title=\"\">                                                              <\/div>\n              <div class=\"box-text text-left\" >\n                 <p><\/p>\n              <\/div>\n            <\/div>\n            <\/a>          <\/div>\n         <\/div><div class=\"gallery-col col\" >\n          <div class=\"col-inner\">\n            <a class=\"image-lightbox lightbox-gallery\" href=\"https:\/\/www.alevcamcioglu.com\/wp-content\/uploads\/2024\/11\/Nasenkorrektur-Vorher-Nachher-Foto-in-der-Turkei-8.jpg\" title=\"\">            <div class=\"box has-hover gallery-box box-normal\">\n              <div class=\"box-image\" >\n                <img decoding=\"async\" width=\"320\" height=\"400\" src=\"https:\/\/www.alevcamcioglu.com\/wp-content\/uploads\/2024\/11\/Nasenkorrektur-Vorher-Nachher-Foto-in-der-Turkei-8-320x400.jpg\" class=\"attachment-medium size-medium\" alt=\"\" ids=\"8946,8952,8958,8964,8970,8976,8982,8988,8994,9000,9006,9012,9018,9024,9030,9036,9042,9048,9054,9060,9066,9072,9078,9084,9090,9096,9102,9108,9114,9120,9126,9132,9138,9144,9150,9156,9162,9168,9174,9180,9186,9192,9198,9204\" style=\"normal\" lightbox_image_size=\"2048x2048\" type=\"slider\" slider_nav_style=\"circle\" slider_nav_position=\"outside\" srcset=\"https:\/\/www.alevcamcioglu.com\/wp-content\/uploads\/2024\/11\/Nasenkorrektur-Vorher-Nachher-Foto-in-der-Turkei-8-320x400.jpg 320w, https:\/\/www.alevcamcioglu.com\/wp-content\/uploads\/2024\/11\/Nasenkorrektur-Vorher-Nachher-Foto-in-der-Turkei-8-640x800.jpg 640w, https:\/\/www.alevcamcioglu.com\/wp-content\/uploads\/2024\/11\/Nasenkorrektur-Vorher-Nachher-Foto-in-der-Turkei-8-768x960.jpg 768w, https:\/\/www.alevcamcioglu.com\/wp-content\/uploads\/2024\/11\/Nasenkorrektur-Vorher-Nachher-Foto-in-der-Turkei-8.jpg 1200w\" sizes=\"(max-width: 320px) 100vw, 320px\" title=\"\">                                                              <\/div>\n              <div class=\"box-text text-left\" >\n                 <p><\/p>\n              <\/div>\n            <\/div>\n            <\/a>          <\/div>\n         <\/div><div class=\"gallery-col col\" >\n          <div class=\"col-inner\">\n            <a class=\"image-lightbox lightbox-gallery\" href=\"https:\/\/www.alevcamcioglu.com\/wp-content\/uploads\/2024\/11\/Nasenkorrektur-Vorher-Nachher-Foto-in-der-Turkei-9.jpg\" title=\"\">            <div class=\"box has-hover gallery-box box-normal\">\n              <div class=\"box-image\" >\n                <img decoding=\"async\" width=\"320\" height=\"400\" src=\"https:\/\/www.alevcamcioglu.com\/wp-content\/uploads\/2024\/11\/Nasenkorrektur-Vorher-Nachher-Foto-in-der-Turkei-9-320x400.jpg\" class=\"attachment-medium size-medium\" alt=\"\" ids=\"8946,8952,8958,8964,8970,8976,8982,8988,8994,9000,9006,9012,9018,9024,9030,9036,9042,9048,9054,9060,9066,9072,9078,9084,9090,9096,9102,9108,9114,9120,9126,9132,9138,9144,9150,9156,9162,9168,9174,9180,9186,9192,9198,9204\" style=\"normal\" lightbox_image_size=\"2048x2048\" type=\"slider\" slider_nav_style=\"circle\" slider_nav_position=\"outside\" srcset=\"https:\/\/www.alevcamcioglu.com\/wp-content\/uploads\/2024\/11\/Nasenkorrektur-Vorher-Nachher-Foto-in-der-Turkei-9-320x400.jpg 320w, https:\/\/www.alevcamcioglu.com\/wp-content\/uploads\/2024\/11\/Nasenkorrektur-Vorher-Nachher-Foto-in-der-Turkei-9-640x800.jpg 640w, https:\/\/www.alevcamcioglu.com\/wp-content\/uploads\/2024\/11\/Nasenkorrektur-Vorher-Nachher-Foto-in-der-Turkei-9-768x960.jpg 768w, https:\/\/www.alevcamcioglu.com\/wp-content\/uploads\/2024\/11\/Nasenkorrektur-Vorher-Nachher-Foto-in-der-Turkei-9.jpg 1200w\" sizes=\"(max-width: 320px) 100vw, 320px\" title=\"\">                                                              <\/div>\n              <div class=\"box-text text-left\" >\n                 <p><\/p>\n              <\/div>\n            <\/div>\n            <\/a>          <\/div>\n         <\/div><div class=\"gallery-col col\" >\n          <div class=\"col-inner\">\n            <a class=\"image-lightbox lightbox-gallery\" href=\"https:\/\/www.alevcamcioglu.com\/wp-content\/uploads\/2024\/11\/Nasenkorrektur-Vorher-Nachher-Foto-in-der-Turkei-10.jpg\" title=\"\">            <div class=\"box has-hover gallery-box box-normal\">\n              <div class=\"box-image\" >\n                <img decoding=\"async\" width=\"320\" height=\"400\" src=\"https:\/\/www.alevcamcioglu.com\/wp-content\/uploads\/2024\/11\/Nasenkorrektur-Vorher-Nachher-Foto-in-der-Turkei-10-320x400.jpg\" class=\"attachment-medium size-medium\" alt=\"\" ids=\"8946,8952,8958,8964,8970,8976,8982,8988,8994,9000,9006,9012,9018,9024,9030,9036,9042,9048,9054,9060,9066,9072,9078,9084,9090,9096,9102,9108,9114,9120,9126,9132,9138,9144,9150,9156,9162,9168,9174,9180,9186,9192,9198,9204\" style=\"normal\" lightbox_image_size=\"2048x2048\" type=\"slider\" slider_nav_style=\"circle\" slider_nav_position=\"outside\" srcset=\"https:\/\/www.alevcamcioglu.com\/wp-content\/uploads\/2024\/11\/Nasenkorrektur-Vorher-Nachher-Foto-in-der-Turkei-10-320x400.jpg 320w, https:\/\/www.alevcamcioglu.com\/wp-content\/uploads\/2024\/11\/Nasenkorrektur-Vorher-Nachher-Foto-in-der-Turkei-10-640x800.jpg 640w, https:\/\/www.alevcamcioglu.com\/wp-content\/uploads\/2024\/11\/Nasenkorrektur-Vorher-Nachher-Foto-in-der-Turkei-10-768x960.jpg 768w, https:\/\/www.alevcamcioglu.com\/wp-content\/uploads\/2024\/11\/Nasenkorrektur-Vorher-Nachher-Foto-in-der-Turkei-10.jpg 1200w\" sizes=\"(max-width: 320px) 100vw, 320px\" title=\"\">                                                              <\/div>\n              <div class=\"box-text text-left\" >\n                 <p><\/p>\n              <\/div>\n            <\/div>\n            <\/a>          <\/div>\n         <\/div><div class=\"gallery-col col\" >\n          <div class=\"col-inner\">\n            <a class=\"image-lightbox lightbox-gallery\" href=\"https:\/\/www.alevcamcioglu.com\/wp-content\/uploads\/2024\/11\/Nasenkorrektur-Vorher-Nachher-Foto-in-der-Turkei-11.jpg\" title=\"\">            <div class=\"box has-hover gallery-box box-normal\">\n              <div class=\"box-image\" >\n                <img decoding=\"async\" width=\"320\" height=\"400\" src=\"https:\/\/www.alevcamcioglu.com\/wp-content\/uploads\/2024\/11\/Nasenkorrektur-Vorher-Nachher-Foto-in-der-Turkei-11-320x400.jpg\" class=\"attachment-medium size-medium\" alt=\"\" ids=\"8946,8952,8958,8964,8970,8976,8982,8988,8994,9000,9006,9012,9018,9024,9030,9036,9042,9048,9054,9060,9066,9072,9078,9084,9090,9096,9102,9108,9114,9120,9126,9132,9138,9144,9150,9156,9162,9168,9174,9180,9186,9192,9198,9204\" style=\"normal\" lightbox_image_size=\"2048x2048\" type=\"slider\" slider_nav_style=\"circle\" slider_nav_position=\"outside\" srcset=\"https:\/\/www.alevcamcioglu.com\/wp-content\/uploads\/2024\/11\/Nasenkorrektur-Vorher-Nachher-Foto-in-der-Turkei-11-320x400.jpg 320w, https:\/\/www.alevcamcioglu.com\/wp-content\/uploads\/2024\/11\/Nasenkorrektur-Vorher-Nachher-Foto-in-der-Turkei-11-640x800.jpg 640w, https:\/\/www.alevcamcioglu.com\/wp-content\/uploads\/2024\/11\/Nasenkorrektur-Vorher-Nachher-Foto-in-der-Turkei-11-768x960.jpg 768w, https:\/\/www.alevcamcioglu.com\/wp-content\/uploads\/2024\/11\/Nasenkorrektur-Vorher-Nachher-Foto-in-der-Turkei-11.jpg 1200w\" sizes=\"(max-width: 320px) 100vw, 320px\" title=\"\">                                                              <\/div>\n              <div class=\"box-text text-left\" >\n                 <p><\/p>\n              <\/div>\n            <\/div>\n            <\/a>          <\/div>\n         <\/div><div class=\"gallery-col col\" >\n          <div class=\"col-inner\">\n            <a class=\"image-lightbox lightbox-gallery\" href=\"https:\/\/www.alevcamcioglu.com\/wp-content\/uploads\/2024\/11\/Nasenkorrektur-Vorher-Nachher-Foto-in-der-Turkei-12.jpg\" title=\"\">            <div class=\"box has-hover gallery-box box-normal\">\n              <div class=\"box-image\" >\n                <img decoding=\"async\" width=\"320\" height=\"400\" src=\"https:\/\/www.alevcamcioglu.com\/wp-content\/uploads\/2024\/11\/Nasenkorrektur-Vorher-Nachher-Foto-in-der-Turkei-12-320x400.jpg\" class=\"attachment-medium size-medium\" alt=\"\" ids=\"8946,8952,8958,8964,8970,8976,8982,8988,8994,9000,9006,9012,9018,9024,9030,9036,9042,9048,9054,9060,9066,9072,9078,9084,9090,9096,9102,9108,9114,9120,9126,9132,9138,9144,9150,9156,9162,9168,9174,9180,9186,9192,9198,9204\" style=\"normal\" lightbox_image_size=\"2048x2048\" type=\"slider\" slider_nav_style=\"circle\" slider_nav_position=\"outside\" srcset=\"https:\/\/www.alevcamcioglu.com\/wp-content\/uploads\/2024\/11\/Nasenkorrektur-Vorher-Nachher-Foto-in-der-Turkei-12-320x400.jpg 320w, https:\/\/www.alevcamcioglu.com\/wp-content\/uploads\/2024\/11\/Nasenkorrektur-Vorher-Nachher-Foto-in-der-Turkei-12-640x800.jpg 640w, https:\/\/www.alevcamcioglu.com\/wp-content\/uploads\/2024\/11\/Nasenkorrektur-Vorher-Nachher-Foto-in-der-Turkei-12-768x960.jpg 768w, https:\/\/www.alevcamcioglu.com\/wp-content\/uploads\/2024\/11\/Nasenkorrektur-Vorher-Nachher-Foto-in-der-Turkei-12.jpg 1200w\" sizes=\"(max-width: 320px) 100vw, 320px\" title=\"\">                                                              <\/div>\n              <div class=\"box-text text-left\" >\n                 <p><\/p>\n              <\/div>\n            <\/div>\n            <\/a>          <\/div>\n         <\/div><div class=\"gallery-col col\" >\n          <div class=\"col-inner\">\n            <a class=\"image-lightbox lightbox-gallery\" href=\"https:\/\/www.alevcamcioglu.com\/wp-content\/uploads\/2024\/11\/Nasenkorrektur-Vorher-Nachher-Foto-in-der-Turkei-13.jpg\" title=\"\">            <div class=\"box has-hover gallery-box box-normal\">\n              <div class=\"box-image\" >\n                <img decoding=\"async\" width=\"320\" height=\"400\" src=\"https:\/\/www.alevcamcioglu.com\/wp-content\/uploads\/2024\/11\/Nasenkorrektur-Vorher-Nachher-Foto-in-der-Turkei-13-320x400.jpg\" class=\"attachment-medium size-medium\" alt=\"\" ids=\"8946,8952,8958,8964,8970,8976,8982,8988,8994,9000,9006,9012,9018,9024,9030,9036,9042,9048,9054,9060,9066,9072,9078,9084,9090,9096,9102,9108,9114,9120,9126,9132,9138,9144,9150,9156,9162,9168,9174,9180,9186,9192,9198,9204\" style=\"normal\" lightbox_image_size=\"2048x2048\" type=\"slider\" slider_nav_style=\"circle\" slider_nav_position=\"outside\" srcset=\"https:\/\/www.alevcamcioglu.com\/wp-content\/uploads\/2024\/11\/Nasenkorrektur-Vorher-Nachher-Foto-in-der-Turkei-13-320x400.jpg 320w, https:\/\/www.alevcamcioglu.com\/wp-content\/uploads\/2024\/11\/Nasenkorrektur-Vorher-Nachher-Foto-in-der-Turkei-13-640x800.jpg 640w, https:\/\/www.alevcamcioglu.com\/wp-content\/uploads\/2024\/11\/Nasenkorrektur-Vorher-Nachher-Foto-in-der-Turkei-13-768x960.jpg 768w, https:\/\/www.alevcamcioglu.com\/wp-content\/uploads\/2024\/11\/Nasenkorrektur-Vorher-Nachher-Foto-in-der-Turkei-13.jpg 1200w\" sizes=\"(max-width: 320px) 100vw, 320px\" title=\"\">                                                              <\/div>\n              <div class=\"box-text text-left\" >\n                 <p><\/p>\n              <\/div>\n            <\/div>\n            <\/a>          <\/div>\n         <\/div><div class=\"gallery-col col\" >\n          <div class=\"col-inner\">\n            <a class=\"image-lightbox lightbox-gallery\" href=\"https:\/\/www.alevcamcioglu.com\/wp-content\/uploads\/2024\/11\/Nasenkorrektur-Vorher-Nachher-Foto-in-der-Turkei-14.jpg\" title=\"\">            <div class=\"box has-hover gallery-box box-normal\">\n              <div class=\"box-image\" >\n                <img decoding=\"async\" width=\"320\" height=\"400\" src=\"https:\/\/www.alevcamcioglu.com\/wp-content\/uploads\/2024\/11\/Nasenkorrektur-Vorher-Nachher-Foto-in-der-Turkei-14-320x400.jpg\" class=\"attachment-medium size-medium\" alt=\"\" ids=\"8946,8952,8958,8964,8970,8976,8982,8988,8994,9000,9006,9012,9018,9024,9030,9036,9042,9048,9054,9060,9066,9072,9078,9084,9090,9096,9102,9108,9114,9120,9126,9132,9138,9144,9150,9156,9162,9168,9174,9180,9186,9192,9198,9204\" style=\"normal\" lightbox_image_size=\"2048x2048\" type=\"slider\" slider_nav_style=\"circle\" slider_nav_position=\"outside\" srcset=\"https:\/\/www.alevcamcioglu.com\/wp-content\/uploads\/2024\/11\/Nasenkorrektur-Vorher-Nachher-Foto-in-der-Turkei-14-320x400.jpg 320w, https:\/\/www.alevcamcioglu.com\/wp-content\/uploads\/2024\/11\/Nasenkorrektur-Vorher-Nachher-Foto-in-der-Turkei-14-640x800.jpg 640w, https:\/\/www.alevcamcioglu.com\/wp-content\/uploads\/2024\/11\/Nasenkorrektur-Vorher-Nachher-Foto-in-der-Turkei-14-768x960.jpg 768w, https:\/\/www.alevcamcioglu.com\/wp-content\/uploads\/2024\/11\/Nasenkorrektur-Vorher-Nachher-Foto-in-der-Turkei-14.jpg 1200w\" sizes=\"(max-width: 320px) 100vw, 320px\" title=\"\">                                                              <\/div>\n              <div class=\"box-text text-left\" >\n                 <p><\/p>\n              <\/div>\n            <\/div>\n            <\/a>          <\/div>\n         <\/div><div class=\"gallery-col col\" >\n          <div class=\"col-inner\">\n            <a class=\"image-lightbox lightbox-gallery\" href=\"https:\/\/www.alevcamcioglu.com\/wp-content\/uploads\/2024\/11\/Nasenkorrektur-Vorher-Nachher-Foto-in-der-Turkei-15.jpg\" title=\"\">            <div class=\"box has-hover gallery-box box-normal\">\n              <div class=\"box-image\" >\n                <img decoding=\"async\" width=\"320\" height=\"400\" src=\"https:\/\/www.alevcamcioglu.com\/wp-content\/uploads\/2024\/11\/Nasenkorrektur-Vorher-Nachher-Foto-in-der-Turkei-15-320x400.jpg\" class=\"attachment-medium size-medium\" alt=\"\" ids=\"8946,8952,8958,8964,8970,8976,8982,8988,8994,9000,9006,9012,9018,9024,9030,9036,9042,9048,9054,9060,9066,9072,9078,9084,9090,9096,9102,9108,9114,9120,9126,9132,9138,9144,9150,9156,9162,9168,9174,9180,9186,9192,9198,9204\" style=\"normal\" lightbox_image_size=\"2048x2048\" type=\"slider\" slider_nav_style=\"circle\" slider_nav_position=\"outside\" srcset=\"https:\/\/www.alevcamcioglu.com\/wp-content\/uploads\/2024\/11\/Nasenkorrektur-Vorher-Nachher-Foto-in-der-Turkei-15-320x400.jpg 320w, https:\/\/www.alevcamcioglu.com\/wp-content\/uploads\/2024\/11\/Nasenkorrektur-Vorher-Nachher-Foto-in-der-Turkei-15-640x800.jpg 640w, https:\/\/www.alevcamcioglu.com\/wp-content\/uploads\/2024\/11\/Nasenkorrektur-Vorher-Nachher-Foto-in-der-Turkei-15-768x960.jpg 768w, https:\/\/www.alevcamcioglu.com\/wp-content\/uploads\/2024\/11\/Nasenkorrektur-Vorher-Nachher-Foto-in-der-Turkei-15.jpg 1200w\" sizes=\"(max-width: 320px) 100vw, 320px\" title=\"\">                                                              <\/div>\n              <div class=\"box-text text-left\" >\n                 <p><\/p>\n              <\/div>\n            <\/div>\n            <\/a>          <\/div>\n         <\/div><div class=\"gallery-col col\" >\n          <div class=\"col-inner\">\n            <a class=\"image-lightbox lightbox-gallery\" href=\"https:\/\/www.alevcamcioglu.com\/wp-content\/uploads\/2024\/11\/Nasenkorrektur-Vorher-Nachher-Foto-in-der-Turkei-16.jpg\" title=\"\">            <div class=\"box has-hover gallery-box box-normal\">\n              <div class=\"box-image\" >\n                <img decoding=\"async\" width=\"320\" height=\"400\" src=\"https:\/\/www.alevcamcioglu.com\/wp-content\/uploads\/2024\/11\/Nasenkorrektur-Vorher-Nachher-Foto-in-der-Turkei-16-320x400.jpg\" class=\"attachment-medium size-medium\" alt=\"\" ids=\"8946,8952,8958,8964,8970,8976,8982,8988,8994,9000,9006,9012,9018,9024,9030,9036,9042,9048,9054,9060,9066,9072,9078,9084,9090,9096,9102,9108,9114,9120,9126,9132,9138,9144,9150,9156,9162,9168,9174,9180,9186,9192,9198,9204\" style=\"normal\" lightbox_image_size=\"2048x2048\" type=\"slider\" slider_nav_style=\"circle\" slider_nav_position=\"outside\" srcset=\"https:\/\/www.alevcamcioglu.com\/wp-content\/uploads\/2024\/11\/Nasenkorrektur-Vorher-Nachher-Foto-in-der-Turkei-16-320x400.jpg 320w, https:\/\/www.alevcamcioglu.com\/wp-content\/uploads\/2024\/11\/Nasenkorrektur-Vorher-Nachher-Foto-in-der-Turkei-16-640x800.jpg 640w, https:\/\/www.alevcamcioglu.com\/wp-content\/uploads\/2024\/11\/Nasenkorrektur-Vorher-Nachher-Foto-in-der-Turkei-16-768x960.jpg 768w, https:\/\/www.alevcamcioglu.com\/wp-content\/uploads\/2024\/11\/Nasenkorrektur-Vorher-Nachher-Foto-in-der-Turkei-16.jpg 1200w\" sizes=\"(max-width: 320px) 100vw, 320px\" title=\"\">                                                              <\/div>\n              <div class=\"box-text text-left\" >\n                 <p><\/p>\n              <\/div>\n            <\/div>\n            <\/a>          <\/div>\n         <\/div><div class=\"gallery-col col\" >\n          <div class=\"col-inner\">\n            <a class=\"image-lightbox lightbox-gallery\" href=\"https:\/\/www.alevcamcioglu.com\/wp-content\/uploads\/2024\/11\/Nasenkorrektur-Vorher-Nachher-Foto-in-der-Turkei-17.jpg\" title=\"\">            <div class=\"box has-hover gallery-box box-normal\">\n              <div class=\"box-image\" >\n                <img decoding=\"async\" width=\"320\" height=\"400\" src=\"https:\/\/www.alevcamcioglu.com\/wp-content\/uploads\/2024\/11\/Nasenkorrektur-Vorher-Nachher-Foto-in-der-Turkei-17-320x400.jpg\" class=\"attachment-medium size-medium\" alt=\"\" ids=\"8946,8952,8958,8964,8970,8976,8982,8988,8994,9000,9006,9012,9018,9024,9030,9036,9042,9048,9054,9060,9066,9072,9078,9084,9090,9096,9102,9108,9114,9120,9126,9132,9138,9144,9150,9156,9162,9168,9174,9180,9186,9192,9198,9204\" style=\"normal\" lightbox_image_size=\"2048x2048\" type=\"slider\" slider_nav_style=\"circle\" slider_nav_position=\"outside\" srcset=\"https:\/\/www.alevcamcioglu.com\/wp-content\/uploads\/2024\/11\/Nasenkorrektur-Vorher-Nachher-Foto-in-der-Turkei-17-320x400.jpg 320w, https:\/\/www.alevcamcioglu.com\/wp-content\/uploads\/2024\/11\/Nasenkorrektur-Vorher-Nachher-Foto-in-der-Turkei-17-640x800.jpg 640w, https:\/\/www.alevcamcioglu.com\/wp-content\/uploads\/2024\/11\/Nasenkorrektur-Vorher-Nachher-Foto-in-der-Turkei-17-768x960.jpg 768w, https:\/\/www.alevcamcioglu.com\/wp-content\/uploads\/2024\/11\/Nasenkorrektur-Vorher-Nachher-Foto-in-der-Turkei-17.jpg 1200w\" sizes=\"(max-width: 320px) 100vw, 320px\" title=\"\">                                                              <\/div>\n              <div class=\"box-text text-left\" >\n                 <p><\/p>\n              <\/div>\n            <\/div>\n            <\/a>          <\/div>\n         <\/div><div class=\"gallery-col col\" >\n          <div class=\"col-inner\">\n            <a class=\"image-lightbox lightbox-gallery\" href=\"https:\/\/www.alevcamcioglu.com\/wp-content\/uploads\/2024\/11\/Nasenkorrektur-Vorher-Nachher-Foto-in-der-Turkei-18.jpg\" title=\"\">            <div class=\"box has-hover gallery-box box-normal\">\n              <div class=\"box-image\" >\n                <img decoding=\"async\" width=\"320\" height=\"400\" src=\"https:\/\/www.alevcamcioglu.com\/wp-content\/uploads\/2024\/11\/Nasenkorrektur-Vorher-Nachher-Foto-in-der-Turkei-18-320x400.jpg\" class=\"attachment-medium size-medium\" alt=\"\" ids=\"8946,8952,8958,8964,8970,8976,8982,8988,8994,9000,9006,9012,9018,9024,9030,9036,9042,9048,9054,9060,9066,9072,9078,9084,9090,9096,9102,9108,9114,9120,9126,9132,9138,9144,9150,9156,9162,9168,9174,9180,9186,9192,9198,9204\" style=\"normal\" lightbox_image_size=\"2048x2048\" type=\"slider\" slider_nav_style=\"circle\" slider_nav_position=\"outside\" srcset=\"https:\/\/www.alevcamcioglu.com\/wp-content\/uploads\/2024\/11\/Nasenkorrektur-Vorher-Nachher-Foto-in-der-Turkei-18-320x400.jpg 320w, https:\/\/www.alevcamcioglu.com\/wp-content\/uploads\/2024\/11\/Nasenkorrektur-Vorher-Nachher-Foto-in-der-Turkei-18-640x800.jpg 640w, https:\/\/www.alevcamcioglu.com\/wp-content\/uploads\/2024\/11\/Nasenkorrektur-Vorher-Nachher-Foto-in-der-Turkei-18-768x960.jpg 768w, https:\/\/www.alevcamcioglu.com\/wp-content\/uploads\/2024\/11\/Nasenkorrektur-Vorher-Nachher-Foto-in-der-Turkei-18.jpg 1000w\" sizes=\"(max-width: 320px) 100vw, 320px\" title=\"\">                                                              <\/div>\n              <div class=\"box-text text-left\" >\n                 <p><\/p>\n              <\/div>\n            <\/div>\n            <\/a>          <\/div>\n         <\/div><div class=\"gallery-col col\" >\n          <div class=\"col-inner\">\n            <a class=\"image-lightbox lightbox-gallery\" href=\"https:\/\/www.alevcamcioglu.com\/wp-content\/uploads\/2024\/11\/Nasenkorrektur-Vorher-Nachher-Foto-in-der-Turkei-19.jpg\" title=\"\">            <div class=\"box has-hover gallery-box box-normal\">\n              <div class=\"box-image\" >\n                <img decoding=\"async\" width=\"320\" height=\"400\" src=\"https:\/\/www.alevcamcioglu.com\/wp-content\/uploads\/2024\/11\/Nasenkorrektur-Vorher-Nachher-Foto-in-der-Turkei-19-320x400.jpg\" class=\"attachment-medium size-medium\" alt=\"\" ids=\"8946,8952,8958,8964,8970,8976,8982,8988,8994,9000,9006,9012,9018,9024,9030,9036,9042,9048,9054,9060,9066,9072,9078,9084,9090,9096,9102,9108,9114,9120,9126,9132,9138,9144,9150,9156,9162,9168,9174,9180,9186,9192,9198,9204\" style=\"normal\" lightbox_image_size=\"2048x2048\" type=\"slider\" slider_nav_style=\"circle\" slider_nav_position=\"outside\" srcset=\"https:\/\/www.alevcamcioglu.com\/wp-content\/uploads\/2024\/11\/Nasenkorrektur-Vorher-Nachher-Foto-in-der-Turkei-19-320x400.jpg 320w, https:\/\/www.alevcamcioglu.com\/wp-content\/uploads\/2024\/11\/Nasenkorrektur-Vorher-Nachher-Foto-in-der-Turkei-19-640x800.jpg 640w, https:\/\/www.alevcamcioglu.com\/wp-content\/uploads\/2024\/11\/Nasenkorrektur-Vorher-Nachher-Foto-in-der-Turkei-19-768x960.jpg 768w, https:\/\/www.alevcamcioglu.com\/wp-content\/uploads\/2024\/11\/Nasenkorrektur-Vorher-Nachher-Foto-in-der-Turkei-19.jpg 1000w\" sizes=\"(max-width: 320px) 100vw, 320px\" title=\"\">                                                              <\/div>\n              <div class=\"box-text text-left\" >\n                 <p><\/p>\n              <\/div>\n            <\/div>\n            <\/a>          <\/div>\n         <\/div><div class=\"gallery-col col\" >\n          <div class=\"col-inner\">\n            <a class=\"image-lightbox lightbox-gallery\" href=\"https:\/\/www.alevcamcioglu.com\/wp-content\/uploads\/2024\/11\/Nasenkorrektur-Vorher-Nachher-Foto-in-der-Turkei-20.jpg\" title=\"\">            <div class=\"box has-hover gallery-box box-normal\">\n              <div class=\"box-image\" >\n                <img decoding=\"async\" width=\"320\" height=\"400\" src=\"https:\/\/www.alevcamcioglu.com\/wp-content\/uploads\/2024\/11\/Nasenkorrektur-Vorher-Nachher-Foto-in-der-Turkei-20-320x400.jpg\" class=\"attachment-medium size-medium\" alt=\"\" ids=\"8946,8952,8958,8964,8970,8976,8982,8988,8994,9000,9006,9012,9018,9024,9030,9036,9042,9048,9054,9060,9066,9072,9078,9084,9090,9096,9102,9108,9114,9120,9126,9132,9138,9144,9150,9156,9162,9168,9174,9180,9186,9192,9198,9204\" style=\"normal\" lightbox_image_size=\"2048x2048\" type=\"slider\" slider_nav_style=\"circle\" slider_nav_position=\"outside\" srcset=\"https:\/\/www.alevcamcioglu.com\/wp-content\/uploads\/2024\/11\/Nasenkorrektur-Vorher-Nachher-Foto-in-der-Turkei-20-320x400.jpg 320w, https:\/\/www.alevcamcioglu.com\/wp-content\/uploads\/2024\/11\/Nasenkorrektur-Vorher-Nachher-Foto-in-der-Turkei-20-639x800.jpg 639w, https:\/\/www.alevcamcioglu.com\/wp-content\/uploads\/2024\/11\/Nasenkorrektur-Vorher-Nachher-Foto-in-der-Turkei-20-768x961.jpg 768w, https:\/\/www.alevcamcioglu.com\/wp-content\/uploads\/2024\/11\/Nasenkorrektur-Vorher-Nachher-Foto-in-der-Turkei-20.jpg 999w\" sizes=\"(max-width: 320px) 100vw, 320px\" title=\"\">                                                              <\/div>\n              <div class=\"box-text text-left\" >\n                 <p><\/p>\n              <\/div>\n            <\/div>\n            <\/a>          <\/div>\n         <\/div><div class=\"gallery-col col\" >\n          <div class=\"col-inner\">\n            <a class=\"image-lightbox lightbox-gallery\" href=\"https:\/\/www.alevcamcioglu.com\/wp-content\/uploads\/2024\/11\/Nasenkorrektur-Vorher-Nachher-Foto-in-der-Turkei-21.jpg\" title=\"\">            <div class=\"box has-hover gallery-box box-normal\">\n              <div class=\"box-image\" >\n                <img decoding=\"async\" width=\"320\" height=\"400\" src=\"https:\/\/www.alevcamcioglu.com\/wp-content\/uploads\/2024\/11\/Nasenkorrektur-Vorher-Nachher-Foto-in-der-Turkei-21-320x400.jpg\" class=\"attachment-medium size-medium\" alt=\"\" ids=\"8946,8952,8958,8964,8970,8976,8982,8988,8994,9000,9006,9012,9018,9024,9030,9036,9042,9048,9054,9060,9066,9072,9078,9084,9090,9096,9102,9108,9114,9120,9126,9132,9138,9144,9150,9156,9162,9168,9174,9180,9186,9192,9198,9204\" style=\"normal\" lightbox_image_size=\"2048x2048\" type=\"slider\" slider_nav_style=\"circle\" slider_nav_position=\"outside\" srcset=\"https:\/\/www.alevcamcioglu.com\/wp-content\/uploads\/2024\/11\/Nasenkorrektur-Vorher-Nachher-Foto-in-der-Turkei-21-320x400.jpg 320w, https:\/\/www.alevcamcioglu.com\/wp-content\/uploads\/2024\/11\/Nasenkorrektur-Vorher-Nachher-Foto-in-der-Turkei-21-640x800.jpg 640w, https:\/\/www.alevcamcioglu.com\/wp-content\/uploads\/2024\/11\/Nasenkorrektur-Vorher-Nachher-Foto-in-der-Turkei-21-768x960.jpg 768w, https:\/\/www.alevcamcioglu.com\/wp-content\/uploads\/2024\/11\/Nasenkorrektur-Vorher-Nachher-Foto-in-der-Turkei-21.jpg 1000w\" sizes=\"(max-width: 320px) 100vw, 320px\" title=\"\">                                                              <\/div>\n              <div class=\"box-text text-left\" >\n                 <p><\/p>\n              <\/div>\n            <\/div>\n            <\/a>          <\/div>\n         <\/div><div class=\"gallery-col col\" >\n          <div class=\"col-inner\">\n            <a class=\"image-lightbox lightbox-gallery\" href=\"https:\/\/www.alevcamcioglu.com\/wp-content\/uploads\/2024\/11\/Nasenkorrektur-Vorher-Nachher-Foto-in-der-Turkei-22.jpg\" title=\"\">            <div class=\"box has-hover gallery-box box-normal\">\n              <div class=\"box-image\" >\n                <img decoding=\"async\" width=\"320\" height=\"400\" src=\"https:\/\/www.alevcamcioglu.com\/wp-content\/uploads\/2024\/11\/Nasenkorrektur-Vorher-Nachher-Foto-in-der-Turkei-22-320x400.jpg\" class=\"attachment-medium size-medium\" alt=\"\" ids=\"8946,8952,8958,8964,8970,8976,8982,8988,8994,9000,9006,9012,9018,9024,9030,9036,9042,9048,9054,9060,9066,9072,9078,9084,9090,9096,9102,9108,9114,9120,9126,9132,9138,9144,9150,9156,9162,9168,9174,9180,9186,9192,9198,9204\" style=\"normal\" lightbox_image_size=\"2048x2048\" type=\"slider\" slider_nav_style=\"circle\" slider_nav_position=\"outside\" srcset=\"https:\/\/www.alevcamcioglu.com\/wp-content\/uploads\/2024\/11\/Nasenkorrektur-Vorher-Nachher-Foto-in-der-Turkei-22-320x400.jpg 320w, https:\/\/www.alevcamcioglu.com\/wp-content\/uploads\/2024\/11\/Nasenkorrektur-Vorher-Nachher-Foto-in-der-Turkei-22-640x800.jpg 640w, https:\/\/www.alevcamcioglu.com\/wp-content\/uploads\/2024\/11\/Nasenkorrektur-Vorher-Nachher-Foto-in-der-Turkei-22-768x960.jpg 768w, https:\/\/www.alevcamcioglu.com\/wp-content\/uploads\/2024\/11\/Nasenkorrektur-Vorher-Nachher-Foto-in-der-Turkei-22.jpg 1000w\" sizes=\"(max-width: 320px) 100vw, 320px\" title=\"\">                                                              <\/div>\n              <div class=\"box-text text-left\" >\n                 <p><\/p>\n              <\/div>\n            <\/div>\n            <\/a>          <\/div>\n         <\/div><div class=\"gallery-col col\" >\n          <div class=\"col-inner\">\n            <a class=\"image-lightbox lightbox-gallery\" href=\"https:\/\/www.alevcamcioglu.com\/wp-content\/uploads\/2024\/11\/Nasenkorrektur-Vorher-Nachher-Foto-in-der-Turkei-23.jpg\" title=\"\">            <div class=\"box has-hover gallery-box box-normal\">\n              <div class=\"box-image\" >\n                <img decoding=\"async\" width=\"320\" height=\"400\" src=\"https:\/\/www.alevcamcioglu.com\/wp-content\/uploads\/2024\/11\/Nasenkorrektur-Vorher-Nachher-Foto-in-der-Turkei-23-320x400.jpg\" class=\"attachment-medium size-medium\" alt=\"\" ids=\"8946,8952,8958,8964,8970,8976,8982,8988,8994,9000,9006,9012,9018,9024,9030,9036,9042,9048,9054,9060,9066,9072,9078,9084,9090,9096,9102,9108,9114,9120,9126,9132,9138,9144,9150,9156,9162,9168,9174,9180,9186,9192,9198,9204\" style=\"normal\" lightbox_image_size=\"2048x2048\" type=\"slider\" slider_nav_style=\"circle\" slider_nav_position=\"outside\" srcset=\"https:\/\/www.alevcamcioglu.com\/wp-content\/uploads\/2024\/11\/Nasenkorrektur-Vorher-Nachher-Foto-in-der-Turkei-23-320x400.jpg 320w, https:\/\/www.alevcamcioglu.com\/wp-content\/uploads\/2024\/11\/Nasenkorrektur-Vorher-Nachher-Foto-in-der-Turkei-23-640x800.jpg 640w, https:\/\/www.alevcamcioglu.com\/wp-content\/uploads\/2024\/11\/Nasenkorrektur-Vorher-Nachher-Foto-in-der-Turkei-23-768x960.jpg 768w, https:\/\/www.alevcamcioglu.com\/wp-content\/uploads\/2024\/11\/Nasenkorrektur-Vorher-Nachher-Foto-in-der-Turkei-23.jpg 1000w\" sizes=\"(max-width: 320px) 100vw, 320px\" title=\"\">                                                              <\/div>\n              <div class=\"box-text text-left\" >\n                 <p><\/p>\n              <\/div>\n            <\/div>\n            <\/a>          <\/div>\n         <\/div><div class=\"gallery-col col\" >\n          <div class=\"col-inner\">\n            <a class=\"image-lightbox lightbox-gallery\" href=\"https:\/\/www.alevcamcioglu.com\/wp-content\/uploads\/2024\/11\/Nasenkorrektur-Vorher-Nachher-Foto-in-der-Turkei-24.jpg\" title=\"\">            <div class=\"box has-hover gallery-box box-normal\">\n              <div class=\"box-image\" >\n                <img decoding=\"async\" width=\"320\" height=\"400\" src=\"https:\/\/www.alevcamcioglu.com\/wp-content\/uploads\/2024\/11\/Nasenkorrektur-Vorher-Nachher-Foto-in-der-Turkei-24-320x400.jpg\" class=\"attachment-medium size-medium\" alt=\"\" ids=\"8946,8952,8958,8964,8970,8976,8982,8988,8994,9000,9006,9012,9018,9024,9030,9036,9042,9048,9054,9060,9066,9072,9078,9084,9090,9096,9102,9108,9114,9120,9126,9132,9138,9144,9150,9156,9162,9168,9174,9180,9186,9192,9198,9204\" style=\"normal\" lightbox_image_size=\"2048x2048\" type=\"slider\" slider_nav_style=\"circle\" slider_nav_position=\"outside\" srcset=\"https:\/\/www.alevcamcioglu.com\/wp-content\/uploads\/2024\/11\/Nasenkorrektur-Vorher-Nachher-Foto-in-der-Turkei-24-320x400.jpg 320w, https:\/\/www.alevcamcioglu.com\/wp-content\/uploads\/2024\/11\/Nasenkorrektur-Vorher-Nachher-Foto-in-der-Turkei-24-640x800.jpg 640w, https:\/\/www.alevcamcioglu.com\/wp-content\/uploads\/2024\/11\/Nasenkorrektur-Vorher-Nachher-Foto-in-der-Turkei-24-768x960.jpg 768w, https:\/\/www.alevcamcioglu.com\/wp-content\/uploads\/2024\/11\/Nasenkorrektur-Vorher-Nachher-Foto-in-der-Turkei-24.jpg 1000w\" sizes=\"(max-width: 320px) 100vw, 320px\" title=\"\">                                                              <\/div>\n              <div class=\"box-text text-left\" >\n                 <p><\/p>\n              <\/div>\n            <\/div>\n            <\/a>          <\/div>\n         <\/div><div class=\"gallery-col col\" >\n          <div class=\"col-inner\">\n            <a class=\"image-lightbox lightbox-gallery\" href=\"https:\/\/www.alevcamcioglu.com\/wp-content\/uploads\/2024\/11\/Nasenkorrektur-Vorher-Nachher-Foto-in-der-Turkei-25.jpg\" title=\"\">            <div class=\"box has-hover gallery-box box-normal\">\n              <div class=\"box-image\" >\n                <img decoding=\"async\" width=\"320\" height=\"400\" src=\"https:\/\/www.alevcamcioglu.com\/wp-content\/uploads\/2024\/11\/Nasenkorrektur-Vorher-Nachher-Foto-in-der-Turkei-25-320x400.jpg\" class=\"attachment-medium size-medium\" alt=\"\" ids=\"8946,8952,8958,8964,8970,8976,8982,8988,8994,9000,9006,9012,9018,9024,9030,9036,9042,9048,9054,9060,9066,9072,9078,9084,9090,9096,9102,9108,9114,9120,9126,9132,9138,9144,9150,9156,9162,9168,9174,9180,9186,9192,9198,9204\" style=\"normal\" lightbox_image_size=\"2048x2048\" type=\"slider\" slider_nav_style=\"circle\" slider_nav_position=\"outside\" srcset=\"https:\/\/www.alevcamcioglu.com\/wp-content\/uploads\/2024\/11\/Nasenkorrektur-Vorher-Nachher-Foto-in-der-Turkei-25-320x400.jpg 320w, https:\/\/www.alevcamcioglu.com\/wp-content\/uploads\/2024\/11\/Nasenkorrektur-Vorher-Nachher-Foto-in-der-Turkei-25-640x800.jpg 640w, https:\/\/www.alevcamcioglu.com\/wp-content\/uploads\/2024\/11\/Nasenkorrektur-Vorher-Nachher-Foto-in-der-Turkei-25-768x960.jpg 768w, https:\/\/www.alevcamcioglu.com\/wp-content\/uploads\/2024\/11\/Nasenkorrektur-Vorher-Nachher-Foto-in-der-Turkei-25.jpg 1000w\" sizes=\"(max-width: 320px) 100vw, 320px\" title=\"\">                                                              <\/div>\n              <div class=\"box-text text-left\" >\n                 <p><\/p>\n              <\/div>\n            <\/div>\n            <\/a>          <\/div>\n         <\/div><div class=\"gallery-col col\" >\n          <div class=\"col-inner\">\n            <a class=\"image-lightbox lightbox-gallery\" href=\"https:\/\/www.alevcamcioglu.com\/wp-content\/uploads\/2024\/11\/Nasenkorrektur-Vorher-Nachher-Foto-in-der-Turkei-26.jpg\" title=\"\">            <div class=\"box has-hover gallery-box box-normal\">\n              <div class=\"box-image\" >\n                <img decoding=\"async\" width=\"320\" height=\"400\" src=\"https:\/\/www.alevcamcioglu.com\/wp-content\/uploads\/2024\/11\/Nasenkorrektur-Vorher-Nachher-Foto-in-der-Turkei-26-320x400.jpg\" class=\"attachment-medium size-medium\" alt=\"\" ids=\"8946,8952,8958,8964,8970,8976,8982,8988,8994,9000,9006,9012,9018,9024,9030,9036,9042,9048,9054,9060,9066,9072,9078,9084,9090,9096,9102,9108,9114,9120,9126,9132,9138,9144,9150,9156,9162,9168,9174,9180,9186,9192,9198,9204\" style=\"normal\" lightbox_image_size=\"2048x2048\" type=\"slider\" slider_nav_style=\"circle\" slider_nav_position=\"outside\" srcset=\"https:\/\/www.alevcamcioglu.com\/wp-content\/uploads\/2024\/11\/Nasenkorrektur-Vorher-Nachher-Foto-in-der-Turkei-26-320x400.jpg 320w, https:\/\/www.alevcamcioglu.com\/wp-content\/uploads\/2024\/11\/Nasenkorrektur-Vorher-Nachher-Foto-in-der-Turkei-26-640x800.jpg 640w, https:\/\/www.alevcamcioglu.com\/wp-content\/uploads\/2024\/11\/Nasenkorrektur-Vorher-Nachher-Foto-in-der-Turkei-26-768x960.jpg 768w, https:\/\/www.alevcamcioglu.com\/wp-content\/uploads\/2024\/11\/Nasenkorrektur-Vorher-Nachher-Foto-in-der-Turkei-26.jpg 1000w\" sizes=\"(max-width: 320px) 100vw, 320px\" title=\"\">                                                              <\/div>\n              <div class=\"box-text text-left\" >\n                 <p><\/p>\n              <\/div>\n            <\/div>\n            <\/a>          <\/div>\n         <\/div><div class=\"gallery-col col\" >\n          <div class=\"col-inner\">\n            <a class=\"image-lightbox lightbox-gallery\" href=\"https:\/\/www.alevcamcioglu.com\/wp-content\/uploads\/2024\/11\/Nasenkorrektur-Vorher-Nachher-Foto-in-der-Turkei-27.jpg\" title=\"\">            <div class=\"box has-hover gallery-box box-normal\">\n              <div class=\"box-image\" >\n                <img decoding=\"async\" width=\"320\" height=\"400\" src=\"https:\/\/www.alevcamcioglu.com\/wp-content\/uploads\/2024\/11\/Nasenkorrektur-Vorher-Nachher-Foto-in-der-Turkei-27-320x400.jpg\" class=\"attachment-medium size-medium\" alt=\"\" ids=\"8946,8952,8958,8964,8970,8976,8982,8988,8994,9000,9006,9012,9018,9024,9030,9036,9042,9048,9054,9060,9066,9072,9078,9084,9090,9096,9102,9108,9114,9120,9126,9132,9138,9144,9150,9156,9162,9168,9174,9180,9186,9192,9198,9204\" style=\"normal\" lightbox_image_size=\"2048x2048\" type=\"slider\" slider_nav_style=\"circle\" slider_nav_position=\"outside\" srcset=\"https:\/\/www.alevcamcioglu.com\/wp-content\/uploads\/2024\/11\/Nasenkorrektur-Vorher-Nachher-Foto-in-der-Turkei-27-320x400.jpg 320w, https:\/\/www.alevcamcioglu.com\/wp-content\/uploads\/2024\/11\/Nasenkorrektur-Vorher-Nachher-Foto-in-der-Turkei-27-640x800.jpg 640w, https:\/\/www.alevcamcioglu.com\/wp-content\/uploads\/2024\/11\/Nasenkorrektur-Vorher-Nachher-Foto-in-der-Turkei-27-768x960.jpg 768w, https:\/\/www.alevcamcioglu.com\/wp-content\/uploads\/2024\/11\/Nasenkorrektur-Vorher-Nachher-Foto-in-der-Turkei-27.jpg 1000w\" sizes=\"(max-width: 320px) 100vw, 320px\" title=\"\">                                                              <\/div>\n              <div class=\"box-text text-left\" >\n                 <p><\/p>\n              <\/div>\n            <\/div>\n            <\/a>          <\/div>\n         <\/div><div class=\"gallery-col col\" >\n          <div class=\"col-inner\">\n            <a class=\"image-lightbox lightbox-gallery\" href=\"https:\/\/www.alevcamcioglu.com\/wp-content\/uploads\/2024\/11\/Nasenkorrektur-Vorher-Nachher-Foto-in-der-Turkei-28.jpg\" title=\"\">            <div class=\"box has-hover gallery-box box-normal\">\n              <div class=\"box-image\" >\n                <img decoding=\"async\" width=\"320\" height=\"400\" src=\"https:\/\/www.alevcamcioglu.com\/wp-content\/uploads\/2024\/11\/Nasenkorrektur-Vorher-Nachher-Foto-in-der-Turkei-28-320x400.jpg\" class=\"attachment-medium size-medium\" alt=\"\" ids=\"8946,8952,8958,8964,8970,8976,8982,8988,8994,9000,9006,9012,9018,9024,9030,9036,9042,9048,9054,9060,9066,9072,9078,9084,9090,9096,9102,9108,9114,9120,9126,9132,9138,9144,9150,9156,9162,9168,9174,9180,9186,9192,9198,9204\" style=\"normal\" lightbox_image_size=\"2048x2048\" type=\"slider\" slider_nav_style=\"circle\" slider_nav_position=\"outside\" srcset=\"https:\/\/www.alevcamcioglu.com\/wp-content\/uploads\/2024\/11\/Nasenkorrektur-Vorher-Nachher-Foto-in-der-Turkei-28-320x400.jpg 320w, https:\/\/www.alevcamcioglu.com\/wp-content\/uploads\/2024\/11\/Nasenkorrektur-Vorher-Nachher-Foto-in-der-Turkei-28-640x800.jpg 640w, https:\/\/www.alevcamcioglu.com\/wp-content\/uploads\/2024\/11\/Nasenkorrektur-Vorher-Nachher-Foto-in-der-Turkei-28-768x960.jpg 768w, https:\/\/www.alevcamcioglu.com\/wp-content\/uploads\/2024\/11\/Nasenkorrektur-Vorher-Nachher-Foto-in-der-Turkei-28.jpg 1000w\" sizes=\"(max-width: 320px) 100vw, 320px\" title=\"\">                                                              <\/div>\n              <div class=\"box-text text-left\" >\n                 <p><\/p>\n              <\/div>\n            <\/div>\n            <\/a>          <\/div>\n         <\/div><div class=\"gallery-col col\" >\n          <div class=\"col-inner\">\n            <a class=\"image-lightbox lightbox-gallery\" href=\"https:\/\/www.alevcamcioglu.com\/wp-content\/uploads\/2024\/11\/Nasenkorrektur-Vorher-Nachher-Foto-in-der-Turkei-29.jpg\" title=\"\">            <div class=\"box has-hover gallery-box box-normal\">\n              <div class=\"box-image\" >\n                <img decoding=\"async\" width=\"320\" height=\"400\" src=\"https:\/\/www.alevcamcioglu.com\/wp-content\/uploads\/2024\/11\/Nasenkorrektur-Vorher-Nachher-Foto-in-der-Turkei-29-320x400.jpg\" class=\"attachment-medium size-medium\" alt=\"\" ids=\"8946,8952,8958,8964,8970,8976,8982,8988,8994,9000,9006,9012,9018,9024,9030,9036,9042,9048,9054,9060,9066,9072,9078,9084,9090,9096,9102,9108,9114,9120,9126,9132,9138,9144,9150,9156,9162,9168,9174,9180,9186,9192,9198,9204\" style=\"normal\" lightbox_image_size=\"2048x2048\" type=\"slider\" slider_nav_style=\"circle\" slider_nav_position=\"outside\" srcset=\"https:\/\/www.alevcamcioglu.com\/wp-content\/uploads\/2024\/11\/Nasenkorrektur-Vorher-Nachher-Foto-in-der-Turkei-29-320x400.jpg 320w, https:\/\/www.alevcamcioglu.com\/wp-content\/uploads\/2024\/11\/Nasenkorrektur-Vorher-Nachher-Foto-in-der-Turkei-29-640x800.jpg 640w, https:\/\/www.alevcamcioglu.com\/wp-content\/uploads\/2024\/11\/Nasenkorrektur-Vorher-Nachher-Foto-in-der-Turkei-29-768x960.jpg 768w, https:\/\/www.alevcamcioglu.com\/wp-content\/uploads\/2024\/11\/Nasenkorrektur-Vorher-Nachher-Foto-in-der-Turkei-29.jpg 1000w\" sizes=\"(max-width: 320px) 100vw, 320px\" title=\"\">                                                              <\/div>\n              <div class=\"box-text text-left\" >\n                 <p><\/p>\n              <\/div>\n            <\/div>\n            <\/a>          <\/div>\n         <\/div><div class=\"gallery-col col\" >\n          <div class=\"col-inner\">\n            <a class=\"image-lightbox lightbox-gallery\" href=\"https:\/\/www.alevcamcioglu.com\/wp-content\/uploads\/2024\/11\/Nasenkorrektur-Vorher-Nachher-Foto-in-der-Turkei-30.jpg\" title=\"\">            <div class=\"box has-hover gallery-box box-normal\">\n              <div class=\"box-image\" >\n                <img decoding=\"async\" width=\"320\" height=\"400\" src=\"https:\/\/www.alevcamcioglu.com\/wp-content\/uploads\/2024\/11\/Nasenkorrektur-Vorher-Nachher-Foto-in-der-Turkei-30-320x400.jpg\" class=\"attachment-medium size-medium\" alt=\"\" ids=\"8946,8952,8958,8964,8970,8976,8982,8988,8994,9000,9006,9012,9018,9024,9030,9036,9042,9048,9054,9060,9066,9072,9078,9084,9090,9096,9102,9108,9114,9120,9126,9132,9138,9144,9150,9156,9162,9168,9174,9180,9186,9192,9198,9204\" style=\"normal\" lightbox_image_size=\"2048x2048\" type=\"slider\" slider_nav_style=\"circle\" slider_nav_position=\"outside\" srcset=\"https:\/\/www.alevcamcioglu.com\/wp-content\/uploads\/2024\/11\/Nasenkorrektur-Vorher-Nachher-Foto-in-der-Turkei-30-320x400.jpg 320w, https:\/\/www.alevcamcioglu.com\/wp-content\/uploads\/2024\/11\/Nasenkorrektur-Vorher-Nachher-Foto-in-der-Turkei-30-640x800.jpg 640w, https:\/\/www.alevcamcioglu.com\/wp-content\/uploads\/2024\/11\/Nasenkorrektur-Vorher-Nachher-Foto-in-der-Turkei-30-768x960.jpg 768w, https:\/\/www.alevcamcioglu.com\/wp-content\/uploads\/2024\/11\/Nasenkorrektur-Vorher-Nachher-Foto-in-der-Turkei-30.jpg 1200w\" sizes=\"(max-width: 320px) 100vw, 320px\" title=\"\">                                                              <\/div>\n              <div class=\"box-text text-left\" >\n                 <p><\/p>\n              <\/div>\n            <\/div>\n            <\/a>          <\/div>\n         <\/div><div class=\"gallery-col col\" >\n          <div class=\"col-inner\">\n            <a class=\"image-lightbox lightbox-gallery\" href=\"https:\/\/www.alevcamcioglu.com\/wp-content\/uploads\/2024\/11\/Nasenkorrektur-Vorher-Nachher-Foto-in-der-Turkei-31.jpg\" title=\"\">            <div class=\"box has-hover gallery-box box-normal\">\n              <div class=\"box-image\" >\n                <img decoding=\"async\" width=\"320\" height=\"400\" src=\"https:\/\/www.alevcamcioglu.com\/wp-content\/uploads\/2024\/11\/Nasenkorrektur-Vorher-Nachher-Foto-in-der-Turkei-31-320x400.jpg\" class=\"attachment-medium size-medium\" alt=\"\" ids=\"8946,8952,8958,8964,8970,8976,8982,8988,8994,9000,9006,9012,9018,9024,9030,9036,9042,9048,9054,9060,9066,9072,9078,9084,9090,9096,9102,9108,9114,9120,9126,9132,9138,9144,9150,9156,9162,9168,9174,9180,9186,9192,9198,9204\" style=\"normal\" lightbox_image_size=\"2048x2048\" type=\"slider\" slider_nav_style=\"circle\" slider_nav_position=\"outside\" srcset=\"https:\/\/www.alevcamcioglu.com\/wp-content\/uploads\/2024\/11\/Nasenkorrektur-Vorher-Nachher-Foto-in-der-Turkei-31-320x400.jpg 320w, https:\/\/www.alevcamcioglu.com\/wp-content\/uploads\/2024\/11\/Nasenkorrektur-Vorher-Nachher-Foto-in-der-Turkei-31-640x800.jpg 640w, https:\/\/www.alevcamcioglu.com\/wp-content\/uploads\/2024\/11\/Nasenkorrektur-Vorher-Nachher-Foto-in-der-Turkei-31-768x960.jpg 768w, https:\/\/www.alevcamcioglu.com\/wp-content\/uploads\/2024\/11\/Nasenkorrektur-Vorher-Nachher-Foto-in-der-Turkei-31.jpg 1000w\" sizes=\"(max-width: 320px) 100vw, 320px\" title=\"\">                                                              <\/div>\n              <div class=\"box-text text-left\" >\n                 <p><\/p>\n              <\/div>\n            <\/div>\n            <\/a>          <\/div>\n         <\/div><div class=\"gallery-col col\" >\n          <div class=\"col-inner\">\n            <a class=\"image-lightbox lightbox-gallery\" href=\"https:\/\/www.alevcamcioglu.com\/wp-content\/uploads\/2024\/11\/Nasenkorrektur-Vorher-Nachher-Foto-in-der-Turkei-32.jpg\" title=\"\">            <div class=\"box has-hover gallery-box box-normal\">\n              <div class=\"box-image\" >\n                <img decoding=\"async\" width=\"320\" height=\"400\" src=\"https:\/\/www.alevcamcioglu.com\/wp-content\/uploads\/2024\/11\/Nasenkorrektur-Vorher-Nachher-Foto-in-der-Turkei-32-320x400.jpg\" class=\"attachment-medium size-medium\" alt=\"\" ids=\"8946,8952,8958,8964,8970,8976,8982,8988,8994,9000,9006,9012,9018,9024,9030,9036,9042,9048,9054,9060,9066,9072,9078,9084,9090,9096,9102,9108,9114,9120,9126,9132,9138,9144,9150,9156,9162,9168,9174,9180,9186,9192,9198,9204\" style=\"normal\" lightbox_image_size=\"2048x2048\" type=\"slider\" slider_nav_style=\"circle\" slider_nav_position=\"outside\" srcset=\"https:\/\/www.alevcamcioglu.com\/wp-content\/uploads\/2024\/11\/Nasenkorrektur-Vorher-Nachher-Foto-in-der-Turkei-32-320x400.jpg 320w, https:\/\/www.alevcamcioglu.com\/wp-content\/uploads\/2024\/11\/Nasenkorrektur-Vorher-Nachher-Foto-in-der-Turkei-32-640x800.jpg 640w, https:\/\/www.alevcamcioglu.com\/wp-content\/uploads\/2024\/11\/Nasenkorrektur-Vorher-Nachher-Foto-in-der-Turkei-32-768x960.jpg 768w, https:\/\/www.alevcamcioglu.com\/wp-content\/uploads\/2024\/11\/Nasenkorrektur-Vorher-Nachher-Foto-in-der-Turkei-32.jpg 1000w\" sizes=\"(max-width: 320px) 100vw, 320px\" title=\"\">                                                              <\/div>\n              <div class=\"box-text text-left\" >\n                 <p><\/p>\n              <\/div>\n            <\/div>\n            <\/a>          <\/div>\n         <\/div><div class=\"gallery-col col\" >\n          <div class=\"col-inner\">\n            <a class=\"image-lightbox lightbox-gallery\" href=\"https:\/\/www.alevcamcioglu.com\/wp-content\/uploads\/2024\/11\/Nasenkorrektur-Vorher-Nachher-Foto-in-der-Turkei-33.jpg\" title=\"\">            <div class=\"box has-hover gallery-box box-normal\">\n              <div class=\"box-image\" >\n                <img decoding=\"async\" width=\"320\" height=\"400\" src=\"https:\/\/www.alevcamcioglu.com\/wp-content\/uploads\/2024\/11\/Nasenkorrektur-Vorher-Nachher-Foto-in-der-Turkei-33-320x400.jpg\" class=\"attachment-medium size-medium\" alt=\"\" ids=\"8946,8952,8958,8964,8970,8976,8982,8988,8994,9000,9006,9012,9018,9024,9030,9036,9042,9048,9054,9060,9066,9072,9078,9084,9090,9096,9102,9108,9114,9120,9126,9132,9138,9144,9150,9156,9162,9168,9174,9180,9186,9192,9198,9204\" style=\"normal\" lightbox_image_size=\"2048x2048\" type=\"slider\" slider_nav_style=\"circle\" slider_nav_position=\"outside\" srcset=\"https:\/\/www.alevcamcioglu.com\/wp-content\/uploads\/2024\/11\/Nasenkorrektur-Vorher-Nachher-Foto-in-der-Turkei-33-320x400.jpg 320w, https:\/\/www.alevcamcioglu.com\/wp-content\/uploads\/2024\/11\/Nasenkorrektur-Vorher-Nachher-Foto-in-der-Turkei-33-640x800.jpg 640w, https:\/\/www.alevcamcioglu.com\/wp-content\/uploads\/2024\/11\/Nasenkorrektur-Vorher-Nachher-Foto-in-der-Turkei-33-768x960.jpg 768w, https:\/\/www.alevcamcioglu.com\/wp-content\/uploads\/2024\/11\/Nasenkorrektur-Vorher-Nachher-Foto-in-der-Turkei-33.jpg 1000w\" sizes=\"(max-width: 320px) 100vw, 320px\" title=\"\">                                                              <\/div>\n              <div class=\"box-text text-left\" >\n                 <p><\/p>\n              <\/div>\n            <\/div>\n            <\/a>          <\/div>\n         <\/div><div class=\"gallery-col col\" >\n          <div class=\"col-inner\">\n            <a class=\"image-lightbox lightbox-gallery\" href=\"https:\/\/www.alevcamcioglu.com\/wp-content\/uploads\/2024\/11\/Nasenkorrektur-Vorher-Nachher-Foto-in-der-Turkei-34.jpg\" title=\"\">            <div class=\"box has-hover gallery-box box-normal\">\n              <div class=\"box-image\" >\n                <img decoding=\"async\" width=\"320\" height=\"400\" src=\"https:\/\/www.alevcamcioglu.com\/wp-content\/uploads\/2024\/11\/Nasenkorrektur-Vorher-Nachher-Foto-in-der-Turkei-34-320x400.jpg\" class=\"attachment-medium size-medium\" alt=\"\" ids=\"8946,8952,8958,8964,8970,8976,8982,8988,8994,9000,9006,9012,9018,9024,9030,9036,9042,9048,9054,9060,9066,9072,9078,9084,9090,9096,9102,9108,9114,9120,9126,9132,9138,9144,9150,9156,9162,9168,9174,9180,9186,9192,9198,9204\" style=\"normal\" lightbox_image_size=\"2048x2048\" type=\"slider\" slider_nav_style=\"circle\" slider_nav_position=\"outside\" srcset=\"https:\/\/www.alevcamcioglu.com\/wp-content\/uploads\/2024\/11\/Nasenkorrektur-Vorher-Nachher-Foto-in-der-Turkei-34-320x400.jpg 320w, https:\/\/www.alevcamcioglu.com\/wp-content\/uploads\/2024\/11\/Nasenkorrektur-Vorher-Nachher-Foto-in-der-Turkei-34-640x800.jpg 640w, https:\/\/www.alevcamcioglu.com\/wp-content\/uploads\/2024\/11\/Nasenkorrektur-Vorher-Nachher-Foto-in-der-Turkei-34-768x960.jpg 768w, https:\/\/www.alevcamcioglu.com\/wp-content\/uploads\/2024\/11\/Nasenkorrektur-Vorher-Nachher-Foto-in-der-Turkei-34.jpg 1000w\" sizes=\"(max-width: 320px) 100vw, 320px\" title=\"\">                                                              <\/div>\n              <div class=\"box-text text-left\" >\n                 <p><\/p>\n              <\/div>\n            <\/div>\n            <\/a>          <\/div>\n         <\/div><div class=\"gallery-col col\" >\n          <div class=\"col-inner\">\n            <a class=\"image-lightbox lightbox-gallery\" href=\"https:\/\/www.alevcamcioglu.com\/wp-content\/uploads\/2024\/11\/Nasenkorrektur-Vorher-Nachher-Foto-in-der-Turkei-35.jpg\" title=\"\">            <div class=\"box has-hover gallery-box box-normal\">\n              <div class=\"box-image\" >\n                <img decoding=\"async\" width=\"320\" height=\"400\" src=\"https:\/\/www.alevcamcioglu.com\/wp-content\/uploads\/2024\/11\/Nasenkorrektur-Vorher-Nachher-Foto-in-der-Turkei-35-320x400.jpg\" class=\"attachment-medium size-medium\" alt=\"\" ids=\"8946,8952,8958,8964,8970,8976,8982,8988,8994,9000,9006,9012,9018,9024,9030,9036,9042,9048,9054,9060,9066,9072,9078,9084,9090,9096,9102,9108,9114,9120,9126,9132,9138,9144,9150,9156,9162,9168,9174,9180,9186,9192,9198,9204\" style=\"normal\" lightbox_image_size=\"2048x2048\" type=\"slider\" slider_nav_style=\"circle\" slider_nav_position=\"outside\" srcset=\"https:\/\/www.alevcamcioglu.com\/wp-content\/uploads\/2024\/11\/Nasenkorrektur-Vorher-Nachher-Foto-in-der-Turkei-35-320x400.jpg 320w, https:\/\/www.alevcamcioglu.com\/wp-content\/uploads\/2024\/11\/Nasenkorrektur-Vorher-Nachher-Foto-in-der-Turkei-35-640x800.jpg 640w, https:\/\/www.alevcamcioglu.com\/wp-content\/uploads\/2024\/11\/Nasenkorrektur-Vorher-Nachher-Foto-in-der-Turkei-35-768x960.jpg 768w, https:\/\/www.alevcamcioglu.com\/wp-content\/uploads\/2024\/11\/Nasenkorrektur-Vorher-Nachher-Foto-in-der-Turkei-35.jpg 1000w\" sizes=\"(max-width: 320px) 100vw, 320px\" title=\"\">                                                              <\/div>\n              <div class=\"box-text text-left\" >\n                 <p><\/p>\n              <\/div>\n            <\/div>\n            <\/a>          <\/div>\n         <\/div><div class=\"gallery-col col\" >\n          <div class=\"col-inner\">\n            <a class=\"image-lightbox lightbox-gallery\" href=\"https:\/\/www.alevcamcioglu.com\/wp-content\/uploads\/2024\/11\/Nasenkorrektur-Vorher-Nachher-Foto-in-der-Turkei-36.jpg\" title=\"\">            <div class=\"box has-hover gallery-box box-normal\">\n              <div class=\"box-image\" >\n                <img decoding=\"async\" width=\"320\" height=\"400\" src=\"https:\/\/www.alevcamcioglu.com\/wp-content\/uploads\/2024\/11\/Nasenkorrektur-Vorher-Nachher-Foto-in-der-Turkei-36-320x400.jpg\" class=\"attachment-medium size-medium\" alt=\"\" ids=\"8946,8952,8958,8964,8970,8976,8982,8988,8994,9000,9006,9012,9018,9024,9030,9036,9042,9048,9054,9060,9066,9072,9078,9084,9090,9096,9102,9108,9114,9120,9126,9132,9138,9144,9150,9156,9162,9168,9174,9180,9186,9192,9198,9204\" style=\"normal\" lightbox_image_size=\"2048x2048\" type=\"slider\" slider_nav_style=\"circle\" slider_nav_position=\"outside\" srcset=\"https:\/\/www.alevcamcioglu.com\/wp-content\/uploads\/2024\/11\/Nasenkorrektur-Vorher-Nachher-Foto-in-der-Turkei-36-320x400.jpg 320w, https:\/\/www.alevcamcioglu.com\/wp-content\/uploads\/2024\/11\/Nasenkorrektur-Vorher-Nachher-Foto-in-der-Turkei-36-640x800.jpg 640w, https:\/\/www.alevcamcioglu.com\/wp-content\/uploads\/2024\/11\/Nasenkorrektur-Vorher-Nachher-Foto-in-der-Turkei-36-768x960.jpg 768w, https:\/\/www.alevcamcioglu.com\/wp-content\/uploads\/2024\/11\/Nasenkorrektur-Vorher-Nachher-Foto-in-der-Turkei-36.jpg 1200w\" sizes=\"(max-width: 320px) 100vw, 320px\" title=\"\">                                                              <\/div>\n              <div class=\"box-text text-left\" >\n                 <p><\/p>\n              <\/div>\n            <\/div>\n            <\/a>          <\/div>\n         <\/div><div class=\"gallery-col col\" >\n          <div class=\"col-inner\">\n            <a class=\"image-lightbox lightbox-gallery\" href=\"https:\/\/www.alevcamcioglu.com\/wp-content\/uploads\/2024\/11\/Nasenkorrektur-Vorher-Nachher-Foto-in-der-Turkei-37.jpg\" title=\"\">            <div class=\"box has-hover gallery-box box-normal\">\n              <div class=\"box-image\" >\n                <img decoding=\"async\" width=\"320\" height=\"400\" src=\"https:\/\/www.alevcamcioglu.com\/wp-content\/uploads\/2024\/11\/Nasenkorrektur-Vorher-Nachher-Foto-in-der-Turkei-37-320x400.jpg\" class=\"attachment-medium size-medium\" alt=\"\" ids=\"8946,8952,8958,8964,8970,8976,8982,8988,8994,9000,9006,9012,9018,9024,9030,9036,9042,9048,9054,9060,9066,9072,9078,9084,9090,9096,9102,9108,9114,9120,9126,9132,9138,9144,9150,9156,9162,9168,9174,9180,9186,9192,9198,9204\" style=\"normal\" lightbox_image_size=\"2048x2048\" type=\"slider\" slider_nav_style=\"circle\" slider_nav_position=\"outside\" srcset=\"https:\/\/www.alevcamcioglu.com\/wp-content\/uploads\/2024\/11\/Nasenkorrektur-Vorher-Nachher-Foto-in-der-Turkei-37-320x400.jpg 320w, https:\/\/www.alevcamcioglu.com\/wp-content\/uploads\/2024\/11\/Nasenkorrektur-Vorher-Nachher-Foto-in-der-Turkei-37-640x800.jpg 640w, https:\/\/www.alevcamcioglu.com\/wp-content\/uploads\/2024\/11\/Nasenkorrektur-Vorher-Nachher-Foto-in-der-Turkei-37-768x960.jpg 768w, https:\/\/www.alevcamcioglu.com\/wp-content\/uploads\/2024\/11\/Nasenkorrektur-Vorher-Nachher-Foto-in-der-Turkei-37.jpg 1200w\" sizes=\"(max-width: 320px) 100vw, 320px\" title=\"\">                                                              <\/div>\n              <div class=\"box-text text-left\" >\n                 <p><\/p>\n              <\/div>\n            <\/div>\n            <\/a>          <\/div>\n         <\/div><div class=\"gallery-col col\" >\n          <div class=\"col-inner\">\n            <a class=\"image-lightbox lightbox-gallery\" href=\"https:\/\/www.alevcamcioglu.com\/wp-content\/uploads\/2024\/11\/Nasenkorrektur-Vorher-Nachher-Foto-in-der-Turkei-38.jpg\" title=\"\">            <div class=\"box has-hover gallery-box box-normal\">\n              <div class=\"box-image\" >\n                <img decoding=\"async\" width=\"320\" height=\"400\" src=\"https:\/\/www.alevcamcioglu.com\/wp-content\/uploads\/2024\/11\/Nasenkorrektur-Vorher-Nachher-Foto-in-der-Turkei-38-320x400.jpg\" class=\"attachment-medium size-medium\" alt=\"\" ids=\"8946,8952,8958,8964,8970,8976,8982,8988,8994,9000,9006,9012,9018,9024,9030,9036,9042,9048,9054,9060,9066,9072,9078,9084,9090,9096,9102,9108,9114,9120,9126,9132,9138,9144,9150,9156,9162,9168,9174,9180,9186,9192,9198,9204\" style=\"normal\" lightbox_image_size=\"2048x2048\" type=\"slider\" slider_nav_style=\"circle\" slider_nav_position=\"outside\" srcset=\"https:\/\/www.alevcamcioglu.com\/wp-content\/uploads\/2024\/11\/Nasenkorrektur-Vorher-Nachher-Foto-in-der-Turkei-38-320x400.jpg 320w, https:\/\/www.alevcamcioglu.com\/wp-content\/uploads\/2024\/11\/Nasenkorrektur-Vorher-Nachher-Foto-in-der-Turkei-38-640x800.jpg 640w, https:\/\/www.alevcamcioglu.com\/wp-content\/uploads\/2024\/11\/Nasenkorrektur-Vorher-Nachher-Foto-in-der-Turkei-38-768x960.jpg 768w, https:\/\/www.alevcamcioglu.com\/wp-content\/uploads\/2024\/11\/Nasenkorrektur-Vorher-Nachher-Foto-in-der-Turkei-38.jpg 1200w\" sizes=\"(max-width: 320px) 100vw, 320px\" title=\"\">                                                              <\/div>\n              <div class=\"box-text text-left\" >\n                 <p><\/p>\n              <\/div>\n            <\/div>\n            <\/a>          <\/div>\n         <\/div><div class=\"gallery-col col\" >\n          <div class=\"col-inner\">\n            <a class=\"image-lightbox lightbox-gallery\" href=\"https:\/\/www.alevcamcioglu.com\/wp-content\/uploads\/2024\/11\/Nasenkorrektur-Vorher-Nachher-Foto-in-der-Turkei-39.jpg\" title=\"\">            <div class=\"box has-hover gallery-box box-normal\">\n              <div class=\"box-image\" >\n                <img decoding=\"async\" width=\"320\" height=\"400\" src=\"https:\/\/www.alevcamcioglu.com\/wp-content\/uploads\/2024\/11\/Nasenkorrektur-Vorher-Nachher-Foto-in-der-Turkei-39-320x400.jpg\" class=\"attachment-medium size-medium\" alt=\"\" ids=\"8946,8952,8958,8964,8970,8976,8982,8988,8994,9000,9006,9012,9018,9024,9030,9036,9042,9048,9054,9060,9066,9072,9078,9084,9090,9096,9102,9108,9114,9120,9126,9132,9138,9144,9150,9156,9162,9168,9174,9180,9186,9192,9198,9204\" style=\"normal\" lightbox_image_size=\"2048x2048\" type=\"slider\" slider_nav_style=\"circle\" slider_nav_position=\"outside\" srcset=\"https:\/\/www.alevcamcioglu.com\/wp-content\/uploads\/2024\/11\/Nasenkorrektur-Vorher-Nachher-Foto-in-der-Turkei-39-320x400.jpg 320w, https:\/\/www.alevcamcioglu.com\/wp-content\/uploads\/2024\/11\/Nasenkorrektur-Vorher-Nachher-Foto-in-der-Turkei-39-639x800.jpg 639w, https:\/\/www.alevcamcioglu.com\/wp-content\/uploads\/2024\/11\/Nasenkorrektur-Vorher-Nachher-Foto-in-der-Turkei-39-768x961.jpg 768w, https:\/\/www.alevcamcioglu.com\/wp-content\/uploads\/2024\/11\/Nasenkorrektur-Vorher-Nachher-Foto-in-der-Turkei-39.jpg 999w\" sizes=\"(max-width: 320px) 100vw, 320px\" title=\"\">                                                              <\/div>\n              <div class=\"box-text text-left\" >\n                 <p><\/p>\n              <\/div>\n            <\/div>\n            <\/a>          <\/div>\n         <\/div><div class=\"gallery-col col\" >\n          <div class=\"col-inner\">\n            <a class=\"image-lightbox lightbox-gallery\" href=\"https:\/\/www.alevcamcioglu.com\/wp-content\/uploads\/2024\/11\/Nasenkorrektur-Vorher-Nachher-Foto-in-der-Turkei-40.jpg\" title=\"\">            <div class=\"box has-hover gallery-box box-normal\">\n              <div class=\"box-image\" >\n                <img decoding=\"async\" width=\"320\" height=\"400\" src=\"https:\/\/www.alevcamcioglu.com\/wp-content\/uploads\/2024\/11\/Nasenkorrektur-Vorher-Nachher-Foto-in-der-Turkei-40-320x400.jpg\" class=\"attachment-medium size-medium\" alt=\"\" ids=\"8946,8952,8958,8964,8970,8976,8982,8988,8994,9000,9006,9012,9018,9024,9030,9036,9042,9048,9054,9060,9066,9072,9078,9084,9090,9096,9102,9108,9114,9120,9126,9132,9138,9144,9150,9156,9162,9168,9174,9180,9186,9192,9198,9204\" style=\"normal\" lightbox_image_size=\"2048x2048\" type=\"slider\" slider_nav_style=\"circle\" slider_nav_position=\"outside\" srcset=\"https:\/\/www.alevcamcioglu.com\/wp-content\/uploads\/2024\/11\/Nasenkorrektur-Vorher-Nachher-Foto-in-der-Turkei-40-320x400.jpg 320w, https:\/\/www.alevcamcioglu.com\/wp-content\/uploads\/2024\/11\/Nasenkorrektur-Vorher-Nachher-Foto-in-der-Turkei-40-640x800.jpg 640w, https:\/\/www.alevcamcioglu.com\/wp-content\/uploads\/2024\/11\/Nasenkorrektur-Vorher-Nachher-Foto-in-der-Turkei-40-768x960.jpg 768w, https:\/\/www.alevcamcioglu.com\/wp-content\/uploads\/2024\/11\/Nasenkorrektur-Vorher-Nachher-Foto-in-der-Turkei-40.jpg 1000w\" sizes=\"(max-width: 320px) 100vw, 320px\" title=\"\">                                                              <\/div>\n              <div class=\"box-text text-left\" >\n                 <p><\/p>\n              <\/div>\n            <\/div>\n            <\/a>          <\/div>\n         <\/div><div class=\"gallery-col col\" >\n          <div class=\"col-inner\">\n            <a class=\"image-lightbox lightbox-gallery\" href=\"https:\/\/www.alevcamcioglu.com\/wp-content\/uploads\/2024\/11\/Nasenkorrektur-Vorher-Nachher-Foto-in-der-Turkei-41.jpg\" title=\"\">            <div class=\"box has-hover gallery-box box-normal\">\n              <div class=\"box-image\" >\n                <img decoding=\"async\" width=\"320\" height=\"400\" src=\"https:\/\/www.alevcamcioglu.com\/wp-content\/uploads\/2024\/11\/Nasenkorrektur-Vorher-Nachher-Foto-in-der-Turkei-41-320x400.jpg\" class=\"attachment-medium size-medium\" alt=\"\" ids=\"8946,8952,8958,8964,8970,8976,8982,8988,8994,9000,9006,9012,9018,9024,9030,9036,9042,9048,9054,9060,9066,9072,9078,9084,9090,9096,9102,9108,9114,9120,9126,9132,9138,9144,9150,9156,9162,9168,9174,9180,9186,9192,9198,9204\" style=\"normal\" lightbox_image_size=\"2048x2048\" type=\"slider\" slider_nav_style=\"circle\" slider_nav_position=\"outside\" srcset=\"https:\/\/www.alevcamcioglu.com\/wp-content\/uploads\/2024\/11\/Nasenkorrektur-Vorher-Nachher-Foto-in-der-Turkei-41-320x400.jpg 320w, https:\/\/www.alevcamcioglu.com\/wp-content\/uploads\/2024\/11\/Nasenkorrektur-Vorher-Nachher-Foto-in-der-Turkei-41-640x800.jpg 640w, https:\/\/www.alevcamcioglu.com\/wp-content\/uploads\/2024\/11\/Nasenkorrektur-Vorher-Nachher-Foto-in-der-Turkei-41-768x960.jpg 768w, https:\/\/www.alevcamcioglu.com\/wp-content\/uploads\/2024\/11\/Nasenkorrektur-Vorher-Nachher-Foto-in-der-Turkei-41.jpg 1000w\" sizes=\"(max-width: 320px) 100vw, 320px\" title=\"\">                                                              <\/div>\n              <div class=\"box-text text-left\" >\n                 <p><\/p>\n              <\/div>\n            <\/div>\n            <\/a>          <\/div>\n         <\/div><div class=\"gallery-col col\" >\n          <div class=\"col-inner\">\n            <a class=\"image-lightbox lightbox-gallery\" href=\"https:\/\/www.alevcamcioglu.com\/wp-content\/uploads\/2024\/11\/Nasenkorrektur-Vorher-Nachher-Foto-in-der-Turkei-42.jpg\" title=\"\">            <div class=\"box has-hover gallery-box box-normal\">\n              <div class=\"box-image\" >\n                <img decoding=\"async\" width=\"320\" height=\"400\" src=\"https:\/\/www.alevcamcioglu.com\/wp-content\/uploads\/2024\/11\/Nasenkorrektur-Vorher-Nachher-Foto-in-der-Turkei-42-320x400.jpg\" class=\"attachment-medium size-medium\" alt=\"\" ids=\"8946,8952,8958,8964,8970,8976,8982,8988,8994,9000,9006,9012,9018,9024,9030,9036,9042,9048,9054,9060,9066,9072,9078,9084,9090,9096,9102,9108,9114,9120,9126,9132,9138,9144,9150,9156,9162,9168,9174,9180,9186,9192,9198,9204\" style=\"normal\" lightbox_image_size=\"2048x2048\" type=\"slider\" slider_nav_style=\"circle\" slider_nav_position=\"outside\" srcset=\"https:\/\/www.alevcamcioglu.com\/wp-content\/uploads\/2024\/11\/Nasenkorrektur-Vorher-Nachher-Foto-in-der-Turkei-42-320x400.jpg 320w, https:\/\/www.alevcamcioglu.com\/wp-content\/uploads\/2024\/11\/Nasenkorrektur-Vorher-Nachher-Foto-in-der-Turkei-42-640x800.jpg 640w, https:\/\/www.alevcamcioglu.com\/wp-content\/uploads\/2024\/11\/Nasenkorrektur-Vorher-Nachher-Foto-in-der-Turkei-42-768x960.jpg 768w, https:\/\/www.alevcamcioglu.com\/wp-content\/uploads\/2024\/11\/Nasenkorrektur-Vorher-Nachher-Foto-in-der-Turkei-42.jpg 1200w\" sizes=\"(max-width: 320px) 100vw, 320px\" title=\"\">                                                              <\/div>\n              <div class=\"box-text text-left\" >\n                 <p><\/p>\n              <\/div>\n            <\/div>\n            <\/a>          <\/div>\n         <\/div><div class=\"gallery-col col\" >\n          <div class=\"col-inner\">\n            <a class=\"image-lightbox lightbox-gallery\" href=\"https:\/\/www.alevcamcioglu.com\/wp-content\/uploads\/2024\/11\/Nasenkorrektur-Vorher-Nachher-Foto-in-der-Turkei-43.jpg\" title=\"\">            <div class=\"box has-hover gallery-box box-normal\">\n              <div class=\"box-image\" >\n                <img decoding=\"async\" width=\"320\" height=\"400\" src=\"https:\/\/www.alevcamcioglu.com\/wp-content\/uploads\/2024\/11\/Nasenkorrektur-Vorher-Nachher-Foto-in-der-Turkei-43-320x400.jpg\" class=\"attachment-medium size-medium\" alt=\"\" ids=\"8946,8952,8958,8964,8970,8976,8982,8988,8994,9000,9006,9012,9018,9024,9030,9036,9042,9048,9054,9060,9066,9072,9078,9084,9090,9096,9102,9108,9114,9120,9126,9132,9138,9144,9150,9156,9162,9168,9174,9180,9186,9192,9198,9204\" style=\"normal\" lightbox_image_size=\"2048x2048\" type=\"slider\" slider_nav_style=\"circle\" slider_nav_position=\"outside\" srcset=\"https:\/\/www.alevcamcioglu.com\/wp-content\/uploads\/2024\/11\/Nasenkorrektur-Vorher-Nachher-Foto-in-der-Turkei-43-320x400.jpg 320w, https:\/\/www.alevcamcioglu.com\/wp-content\/uploads\/2024\/11\/Nasenkorrektur-Vorher-Nachher-Foto-in-der-Turkei-43-640x800.jpg 640w, https:\/\/www.alevcamcioglu.com\/wp-content\/uploads\/2024\/11\/Nasenkorrektur-Vorher-Nachher-Foto-in-der-Turkei-43-768x960.jpg 768w, https:\/\/www.alevcamcioglu.com\/wp-content\/uploads\/2024\/11\/Nasenkorrektur-Vorher-Nachher-Foto-in-der-Turkei-43.jpg 1200w\" sizes=\"(max-width: 320px) 100vw, 320px\" title=\"\">                                                              <\/div>\n              <div class=\"box-text text-left\" >\n                 <p><\/p>\n              <\/div>\n            <\/div>\n            <\/a>          <\/div>\n         <\/div><div class=\"gallery-col col\" >\n          <div class=\"col-inner\">\n            <a class=\"image-lightbox lightbox-gallery\" href=\"https:\/\/www.alevcamcioglu.com\/wp-content\/uploads\/2024\/11\/Nasenkorrektur-Vorher-Nachher-Foto-in-der-Turkei-44.jpg\" title=\"\">            <div class=\"box has-hover gallery-box box-normal\">\n              <div class=\"box-image\" >\n                <img decoding=\"async\" width=\"320\" height=\"400\" src=\"https:\/\/www.alevcamcioglu.com\/wp-content\/uploads\/2024\/11\/Nasenkorrektur-Vorher-Nachher-Foto-in-der-Turkei-44-320x400.jpg\" class=\"attachment-medium size-medium\" alt=\"\" ids=\"8946,8952,8958,8964,8970,8976,8982,8988,8994,9000,9006,9012,9018,9024,9030,9036,9042,9048,9054,9060,9066,9072,9078,9084,9090,9096,9102,9108,9114,9120,9126,9132,9138,9144,9150,9156,9162,9168,9174,9180,9186,9192,9198,9204\" style=\"normal\" lightbox_image_size=\"2048x2048\" type=\"slider\" slider_nav_style=\"circle\" slider_nav_position=\"outside\" srcset=\"https:\/\/www.alevcamcioglu.com\/wp-content\/uploads\/2024\/11\/Nasenkorrektur-Vorher-Nachher-Foto-in-der-Turkei-44-320x400.jpg 320w, https:\/\/www.alevcamcioglu.com\/wp-content\/uploads\/2024\/11\/Nasenkorrektur-Vorher-Nachher-Foto-in-der-Turkei-44-640x800.jpg 640w, https:\/\/www.alevcamcioglu.com\/wp-content\/uploads\/2024\/11\/Nasenkorrektur-Vorher-Nachher-Foto-in-der-Turkei-44-768x960.jpg 768w, https:\/\/www.alevcamcioglu.com\/wp-content\/uploads\/2024\/11\/Nasenkorrektur-Vorher-Nachher-Foto-in-der-Turkei-44.jpg 1200w\" sizes=\"(max-width: 320px) 100vw, 320px\" title=\"\">                                                              <\/div>\n              <div class=\"box-text text-left\" >\n                 <p><\/p>\n              <\/div>\n            <\/div>\n            <\/a>          <\/div>\n         <\/div><\/div>\r\n\r\n<a href=\"https:\/\/www.alevcamcioglu.com\/de\/results\/nasen-op-vorher-nachher\/\" class=\"button primary lowercase\" style=\"border-radius:10px;padding:5px 25px 5px 25px;\">\n\t\t<span>Alle unsere Ergebnisse ansehen<\/span>\n\t<i class=\"icon-angle-right\" aria-hidden=\"true\"><\/i><\/a>\n\r\n\r\n\t\t<\/div>\n\t\t\t\t\n<style>\n#col-2058445049 > .col-inner {\n  padding: 20px 0px 0px 0px;\n}\n<\/style>\n\t<\/div>\n\n\t\r\n\r\n<\/div>\r\n\r\n\t\t<\/div>\n\n\t\t\n<style>\n#section_899987376 {\n  padding-top: 0px;\n  padding-bottom: 0px;\n  background-color: rgb(240, 240, 240);\n}\n<\/style>\n\t<\/section>\n\t\n<h2>Was sind die Ursachen einer Septumdeviation?<\/h2>\n<p>Eine Septumdeviation entsteht durch das Abweichen der Nasenscheidewand von der Mittellinie und kann verschiedene Ursachen haben. Angeborene Faktoren resultieren aus Entwicklungsst\u00f6rungen des Septums w\u00e4hrend der fetalen Phase. Traumatische Einfl\u00fcsse sind ebenfalls h\u00e4ufig: Geburtskomplikationen, St\u00fcrze, Unf\u00e4lle oder Sportverletzungen k\u00f6nnen das Septum verschieben. Selbst wiederholte kleine St\u00f6\u00dfe k\u00f6nnen im Laufe der Zeit mikroskopische Frakturen verursachen und so eine Kr\u00fcmmung hervorrufen.<\/p>\n<p>Wachstumsungleichgewichte im Gesicht k\u00f6nnen die normale Septumentwicklung st\u00f6ren. Besonders in der Pubert\u00e4t f\u00fchren unterschiedliche Wachstumsraten der Gesichtsknochen zu Septumabweichungen. Genetische Faktoren erh\u00f6hen die Anf\u00e4lligkeit \u2013 bei Bindegewebserkrankungen wie dem Marfan- oder Ehlers-Danlos-Syndrom tritt die Deviation h\u00e4ufiger auf.<\/p>\n<p>Chronische Entz\u00fcndungen der Nase k\u00f6nnen im Laufe der Zeit strukturelle Ver\u00e4nderungen bewirken. Allergische Rhinitis oder chronische Sinusitis \u00fcben Druck auf das Septum aus und f\u00f6rdern eine Kr\u00fcmmung. Seltener verschieben Tumoren oder Raumforderungen das Septum. Diese Ursachen st\u00f6ren das Gleichgewicht des Septums, f\u00fchren zu Nasenatmungsbehinderung, Atemnot und einer deutlichen Beeintr\u00e4chtigung der Lebensqualit\u00e4t.<\/p>\n\t<div class=\"img has-hover x md-x lg-x y md-y lg-y\" id=\"image_1298885641\">\n\t\t\t\t\t\t\t\t<div class=\"img-inner dark\" >\n\t\t\t<img decoding=\"async\" width=\"1080\" height=\"1080\" src=\"https:\/\/www.alevcamcioglu.com\/wp-content\/uploads\/2024\/10\/burun-estetigi-ameliyati-oncesi-kontrol.jpg\" class=\"attachment-2048x2048 size-2048x2048\" alt=\"\" srcset=\"https:\/\/www.alevcamcioglu.com\/wp-content\/uploads\/2024\/10\/burun-estetigi-ameliyati-oncesi-kontrol.jpg 1080w, https:\/\/www.alevcamcioglu.com\/wp-content\/uploads\/2024\/10\/burun-estetigi-ameliyati-oncesi-kontrol-400x400.jpg 400w, https:\/\/www.alevcamcioglu.com\/wp-content\/uploads\/2024\/10\/burun-estetigi-ameliyati-oncesi-kontrol-800x800.jpg 800w, https:\/\/www.alevcamcioglu.com\/wp-content\/uploads\/2024\/10\/burun-estetigi-ameliyati-oncesi-kontrol-280x280.jpg 280w, https:\/\/www.alevcamcioglu.com\/wp-content\/uploads\/2024\/10\/burun-estetigi-ameliyati-oncesi-kontrol-768x768.jpg 768w, https:\/\/www.alevcamcioglu.com\/wp-content\/uploads\/2024\/10\/burun-estetigi-ameliyati-oncesi-kontrol-370x370.jpg 370w, https:\/\/www.alevcamcioglu.com\/wp-content\/uploads\/2024\/10\/burun-estetigi-ameliyati-oncesi-kontrol-75x75.jpg 75w, https:\/\/www.alevcamcioglu.com\/wp-content\/uploads\/2024\/10\/burun-estetigi-ameliyati-oncesi-kontrol-770x770.jpg 770w\" sizes=\"(max-width: 1080px) 100vw, 1080px\" title=\"\">\t\t\t\t\t\t\n\t\t\t\t\t<\/div>\n\t\t\t\t\t\t\t\t\n<style>\n#image_1298885641 {\n  width: 100%;\n}\n<\/style>\n\t<\/div>\n\t\n<h2>Wie h\u00e4ufig ist eine Septumdeviation?<\/h2>\n<p>Die Septumdeviation (SD) ist eine anatomische Variante, bei der die Nasenscheidewand von der Mittellinie abweicht und in vielen Bev\u00f6lkerungsgruppen weit verbreitet ist. Ihre H\u00e4ufigkeit variiert je nach Diagnosemethode, Studienpopulation und regionalen Unterschieden. In einer HNO-Klinik in Hyderabad (Indien) wurde bei 30,9 % von 446 Patienten eine SD festgestellt. Bei Einsatz hochaufl\u00f6sender Bildgebung wie Cone-Beam-CT kann die Pr\u00e4valenz auf \u00fcber 80 % steigen.<\/p>\n<p>Geschlechtsbezogene Untersuchungen liefern uneinheitliche Ergebnisse. Einige Studien finden keinen signifikanten Unterschied, andere berichten h\u00f6here Raten bei M\u00e4nnern. So wurde in einer Untersuchung die SD bei Frauen zu 79,41 % und bei M\u00e4nnern zu 83,33 % nachgewiesen \u2013 statistisch jedoch nicht signifikant. Insgesamt scheint SD nicht klar geschlechtsabh\u00e4ngig.<\/p>\n<p>Mit zunehmendem Alter steigen H\u00e4ufigkeit und Schweregrad der Deviation, was auf lebenslange Traumata und Wachstums\u00e4nderungen zur\u00fcckzuf\u00fchren sein kann. Studien zeigen, dass schwere Deviationen h\u00e4ufiger bei Personen um die 50 Jahre auftreten.<\/p>\n<p>Zusammengefasst tritt die Septumdeviation bei 30 \u2013 80 % der Bev\u00f6lkerung auf. W\u00e4hrend die Pr\u00e4valenz mit dem Alter zunimmt, ist ein klarer Zusammenhang mit dem Geschlecht nicht belegt.<\/p>\n<h2>Wie entsteht eine Septumdeviation?<\/h2>\n<p>Die Entstehung einer Septumdeviation beruht auf einem komplexen Zusammenspiel genetischer, entwicklungsbedingter und umweltbedingter Faktoren. In der Embryonalphase bildet sich das Nasenseptum aus frontonasalen und medialen Nasenforts\u00e4tzen sowie neuralen Leisten-Zellen. St\u00f6rungen w\u00e4hrend dieses Prozesses k\u00f6nnen angeborene Septumkr\u00fcmmungen hervorrufen.<\/p>\n<p>Nach der Geburt w\u00e4chst das Septum weiter. Knorpel- und Knochenstrukturen entwickeln sich jedoch unterschiedlich schnell, was zu asymmetrischem Wachstum und Abweichungen f\u00fchren kann. Leichte Kindheitsverletzungen beeinflussen das noch unreife Septum und f\u00f6rdern Kr\u00fcmmungen. Selbst geringf\u00fcgige Traumata wie St\u00fcrze k\u00f6nnen auf Dauer eine Deviation verursachen.<\/p>\n<p>Septale H\u00e4matome oder Infektionen ver\u00e4ndern die Struktur des Septums, indem sie die Blutversorgung st\u00f6ren und Gewebeabbau verursachen. Systemische Bindegewebskrankheiten wie Marfan- oder Ehlers-Danlos-Syndrom erh\u00f6hen aufgrund der Gewebeschw\u00e4che die Wahrscheinlichkeit einer Deviation.<\/p>\n<p>Die Entwicklung des Septums ist zudem eng mit den Gesichtsknochen verkn\u00fcpft. Asymmetrisches Wachstum des Ober- oder Unterkiefers kann die Septumachse verschieben. Somit bestimmen genetische Anlage und Umweltfaktoren gemeinsam den Grad der Abweichung.<\/p>\n\t<div class=\"img has-hover x md-x lg-x y md-y lg-y\" id=\"image_915435065\">\n\t\t\t\t\t\t\t\t<div class=\"img-inner dark\" >\n\t\t\t<img decoding=\"async\" width=\"1080\" height=\"1080\" src=\"https:\/\/www.alevcamcioglu.com\/wp-content\/uploads\/2024\/10\/Burun-ameliyati-sirasinda-ameliyathaneden-goruntu.jpg\" class=\"attachment-2048x2048 size-2048x2048\" alt=\"\" srcset=\"https:\/\/www.alevcamcioglu.com\/wp-content\/uploads\/2024\/10\/Burun-ameliyati-sirasinda-ameliyathaneden-goruntu.jpg 1080w, https:\/\/www.alevcamcioglu.com\/wp-content\/uploads\/2024\/10\/Burun-ameliyati-sirasinda-ameliyathaneden-goruntu-400x400.jpg 400w, https:\/\/www.alevcamcioglu.com\/wp-content\/uploads\/2024\/10\/Burun-ameliyati-sirasinda-ameliyathaneden-goruntu-800x800.jpg 800w, https:\/\/www.alevcamcioglu.com\/wp-content\/uploads\/2024\/10\/Burun-ameliyati-sirasinda-ameliyathaneden-goruntu-280x280.jpg 280w, https:\/\/www.alevcamcioglu.com\/wp-content\/uploads\/2024\/10\/Burun-ameliyati-sirasinda-ameliyathaneden-goruntu-768x768.jpg 768w, https:\/\/www.alevcamcioglu.com\/wp-content\/uploads\/2024\/10\/Burun-ameliyati-sirasinda-ameliyathaneden-goruntu-370x370.jpg 370w, https:\/\/www.alevcamcioglu.com\/wp-content\/uploads\/2024\/10\/Burun-ameliyati-sirasinda-ameliyathaneden-goruntu-75x75.jpg 75w, https:\/\/www.alevcamcioglu.com\/wp-content\/uploads\/2024\/10\/Burun-ameliyati-sirasinda-ameliyathaneden-goruntu-770x770.jpg 770w\" sizes=\"(max-width: 1080px) 100vw, 1080px\" title=\"\">\t\t\t\t\t\t\n\t\t\t\t\t<\/div>\n\t\t\t\t\t\t\t\t\n<style>\n#image_915435065 {\n  width: 100%;\n}\n<\/style>\n\t<\/div>\n\t\n<h2>Welche Symptome verursacht eine Septumdeviation?<\/h2>\n<p>Eine Septumdeviation verursacht je nach Kr\u00fcmmungsgrad, begleitenden Problemen und Umweltfaktoren unterschiedliche Beschwerden.<\/p>\n<p>Das h\u00e4ufigste Symptom ist Nasenatmungsbehinderung. Die Abweichung verengt den Luftweg, h\u00e4ufig einseitig betont. Im Liegen oder bei Erk\u00e4ltungen verst\u00e4rkt sich die Verstopfung und beeintr\u00e4chtigt die Lebensqualit\u00e4t.<\/p>\n<p>Wiederkehrende Sinusitis ist ein weiteres typisches Anzeichen. Die Deviation st\u00f6rt die nat\u00fcrliche Drainage der Nebenh\u00f6hlen und beg\u00fcnstigt Infektionen, die mit Gesichtsschmerzen, Druckgef\u00fchl und eitrigem Nasensekret einhergehen.<\/p>\n<p>H\u00e4ufige Nasenbluten treten auf, weil der unregelm\u00e4\u00dfige Luftstrom die Schleimhaut austrocknet und verkrustet. Schlafst\u00f6rungen wie Schnarchen oder Schlafapnoe ergeben sich aus der Nasenobstruktion, was Tagesm\u00fcdigkeit und Konzentrationsschwierigkeiten nach sich zieht.<\/p>\n<p>Mundatmung ist eine Folge der Nasenblockade und f\u00fchrt zu Mundtrockenheit und Halsreizungen. Langfristig kann sie die Zahngesundheit beeintr\u00e4chtigen. Bei einigen Patienten verschlechtert sich zudem der Geruchs- und Geschmackssinn, weil die Luft schwer zum Riechfeld gelangt.<\/p>\n<p>Weitere m\u00f6gliche Symptome sind postnasaler Schleimfluss, Ohrendruck, Stimmver\u00e4nderungen sowie selten Gesichtsschmerz oder Kopfschmerzen. Treten Beschwerden ausgepr\u00e4gt auf, sollte ein HNO-Arzt konsultiert werden, um die Lebensqualit\u00e4t zu verbessern.<\/p>\n<h2>Wie wird eine Septumdeviation diagnostiziert?<\/h2>\n<p>Die Diagnose beginnt mit einer sorgf\u00e4ltigen Anamnese. Typische Beschwerden sind Nasenverstopfung, wiederkehrende Sinusitis, Nasenbluten, Gesichtsschmerz, Schnarchen und Schlafst\u00f6rungen. Diese Symptome zeigen, wie stark die Deviation den Alltag beeinflusst.<\/p>\n<p>Bei der k\u00f6rperlichen Untersuchung wird mittels vorderer Rhinoskopie die Nasenh\u00f6hle mit einem Spekulum inspiziert. So beurteilt man die Form des Septums, den Kr\u00fcmmungsgrad und bestehende Obstruktionen. Um tieferliegende Strukturen genauer darzustellen, erfolgt h\u00e4ufig eine Nasenendoskopie mit starren oder flexiblen Endoskopen. Dabei erkennt man exakt Lage und Ausma\u00df der Deviation sowie Polypen oder vergr\u00f6\u00dferte Nasenmuscheln.<\/p>\n<p>In komplexen F\u00e4llen und zur OP-Planung wird die Computertomografie (CT) eingesetzt, die Nasen- und Nebenh\u00f6hlenstrukturen dreidimensional darstellt. Sie deckt zus\u00e4tzliche Anomalien oder Sinusitis auf.<\/p>\n<p>Funktionelle Tests erg\u00e4nzen die Diagnostik: Die akustische Rhinometrie misst Querschnittsfl\u00e4chen mittels Schallreflexion, die Rhinomanometrie erfasst Luftfluss und Widerstand. So lassen sich Atembeschwerden objektivieren.<\/p>\n<p>Diese umfassende Diagnostik sichert die exakte Beurteilung der Septumdeviation und m\u00f6glicher Begleiterkrankungen, um den optimalen Therapieplan zu erstellen und die Lebensqualit\u00e4t zu verbessern.<\/p>\n\t<div class=\"img has-hover x md-x lg-x y md-y lg-y\" id=\"image_252758516\">\n\t\t\t\t\t\t\t\t<div class=\"img-inner dark\" >\n\t\t\t<img decoding=\"async\" width=\"1080\" height=\"1139\" src=\"https:\/\/www.alevcamcioglu.com\/wp-content\/uploads\/2024\/10\/burun-ameliyati-sonrasi-kontrol-yapan-doktor-ve-kadin-hasta.jpg\" class=\"attachment-2048x2048 size-2048x2048\" alt=\"\" srcset=\"https:\/\/www.alevcamcioglu.com\/wp-content\/uploads\/2024\/10\/burun-ameliyati-sonrasi-kontrol-yapan-doktor-ve-kadin-hasta.jpg 1080w, https:\/\/www.alevcamcioglu.com\/wp-content\/uploads\/2024\/10\/burun-ameliyati-sonrasi-kontrol-yapan-doktor-ve-kadin-hasta-379x400.jpg 379w, https:\/\/www.alevcamcioglu.com\/wp-content\/uploads\/2024\/10\/burun-ameliyati-sonrasi-kontrol-yapan-doktor-ve-kadin-hasta-759x800.jpg 759w, https:\/\/www.alevcamcioglu.com\/wp-content\/uploads\/2024\/10\/burun-ameliyati-sonrasi-kontrol-yapan-doktor-ve-kadin-hasta-768x810.jpg 768w, https:\/\/www.alevcamcioglu.com\/wp-content\/uploads\/2024\/10\/burun-ameliyati-sonrasi-kontrol-yapan-doktor-ve-kadin-hasta-770x812.jpg 770w, https:\/\/www.alevcamcioglu.com\/wp-content\/uploads\/2024\/10\/burun-ameliyati-sonrasi-kontrol-yapan-doktor-ve-kadin-hasta-370x390.jpg 370w\" sizes=\"(max-width: 1080px) 100vw, 1080px\" title=\"\">\t\t\t\t\t\t\n\t\t\t\t\t<\/div>\n\t\t\t\t\t\t\t\t\n<style>\n#image_252758516 {\n  width: 100%;\n}\n<\/style>\n\t<\/div>\n\t\n<h2>Wie wird eine Septumdeviation behandelt?<\/h2>\n<p>Bei einer Septumdeviation wird meist eine Septoplastik durchgef\u00fchrt; kombiniert man sie mit \u00e4sthetischen Korrekturen, spricht man von Septorinoplastik. Ziel ist es, sowohl die Atmung zu verbessern als auch eine nat\u00fcrliche Nasenform herzustellen.<\/p>\n<p>Der Eingriff kann endonasal (geschlossen) oder extern (offen) erfolgen. Bei der geschlossenen Technik verlaufen alle Schnitte innerhalb der Nasenl\u00f6cher, sodass keine \u00e4u\u00dferen Narben entstehen \u2013 geeignet f\u00fcr kleinere Korrekturen. Die offene Technik erfordert einen kleinen Schnitt an der Columella und bietet bei komplexen F\u00e4llen bessere Sicht.<\/p>\n<p>Zun\u00e4chst wird die Deviation im Rahmen der Septoplastik korrigiert: Die Schleimhaut wird gel\u00f6st, gekr\u00fcmmte Knorpel- oder Knochenanteile werden begradigt oder entfernt und mit N\u00e4hten, Spreader-Grafts oder Splints stabilisiert, um die Atmung zu optimieren.<\/p>\n<p>Bei der Rhinoplastik-Phase werden Formdefekte beseitigt: Ein dorsaler H\u00f6cker wird abgetragen, Knochen mittels Osteotomie neu positioniert und die Nasenspitze durch Knorpelmodellierung ausgeglichen. Bei starken Deformit\u00e4ten setzt man autologe Grafts aus Septum-, Ohr- oder Rippenknorpel ein und st\u00e4rkt die inneren und \u00e4u\u00dferen Nasenventile.<\/p>\n<p>Moderne Technologien wie endoskopische Assistenz und computerbasierte 3D-Planung erm\u00f6glichen detaillierte Analysen und verbessern Vorhersagbarkeit sowie Ergebnisse.<\/p>\n<h2>Welche Komplikationen k\u00f6nnen auftreten?<\/h2>\n<p>Wie jede Operation birgt die Septorinoplastik Risiken. Patientenspezifische Faktoren sind Alter, Rauchen, Diabetes, Allergische Rhinitis und anatomische Besonderheiten. Rauchen verschlechtert die Durchblutung, erh\u00f6ht Infektionsrisiken und verz\u00f6gert die Heilung. Diabetes oder Gerinnungsst\u00f6rungen k\u00f6nnen Komplikationen beg\u00fcnstigen. Allergische Rhinitis steigert postoperativ das \u00d6demrisiko.<\/p>\n<p>Operationsabh\u00e4ngige Risiken h\u00e4ngen von Komplexit\u00e4t, Technik, Dauer und Erfahrung des Chirurgen ab. Bei schweren Deviationen ist die Gefahr von Schleimhauteinrissen gr\u00f6\u00dfer \u2013 werden sie nicht rechtzeitig repariert, kann sich eine septale Perforation entwickeln, die zu Blutungen, Krustenbildung und Atmungsproblemen f\u00fchrt.<\/p>\n<p>Weitere m\u00f6gliche Komplikationen sind Instabilit\u00e4t der St\u00fctzstrukturen, verz\u00f6gerte Wundheilung und unerw\u00fcnschte Formver\u00e4nderungen. Selten erschwert eine unzureichende Gewebemenge die Stabilisierung.<\/p>\n<h2>Wann sollte eine Septumdeviation operiert werden?<\/h2>\n<p>Der Zeitpunkt der Therapie richtet sich nach Symptomschwere, Lebensqualit\u00e4tsverlust und Ansprechen auf konservative Ma\u00dfnahmen. Nasensprays oder Medikamente lindern nur vor\u00fcbergehend und korrigieren die Deviation nicht.<\/p>\n<p>Bei chronischer Nasenverstopfung, die den Alltag massiv einschr\u00e4nkt, ist eine Septorinoplastik indiziert. Wiederkehrende Sinusitis, die durch Abflussbehinderung entsteht, wird durch eine Operation oft deutlich verbessert. H\u00e4ufige Nasenbluten oder Gesichtsschmerz, die auf septale Kontaktstellen zur\u00fcckgehen, lassen sich chirurgisch beheben.<\/p>\n<p>Bei Schlafapnoe oder starker Schnarchproblematik kann die Beseitigung der Nasenobstruktion das Krankheitsbild entscheidend beeinflussen und die CPAP-Therapietoleranz erh\u00f6hen. \u00c4sthetische Bedenken sind ebenfalls ein legitimer Grund f\u00fcr eine Septorinoplastik, wenn die Deviation das Nasenprofil verzerrt.<\/p>\n<h2>Wann darf nicht operiert werden?<\/h2>\n<p>Eine Septorinoplastik ist kontraindiziert, wenn akute Nasen- oder Sinusinfektionen vorliegen, da diese den Heilungsverlauf st\u00f6ren. Systemische Erkrankungen wie vaskul\u00e4re Entz\u00fcndungen, unkontrollierter Diabetes, starke Hypertonie oder Gerinnungsst\u00f6rungen erh\u00f6hen das Operationsrisiko erheblich.<\/p>\n<p>Nasaler Kokainkonsum sch\u00e4digt Schleimhaut und Gef\u00e4\u00dfe und verschlechtert die Wundheilung; Betroffene sollten vorher langfristig abstinent sein. Auch Rauchen verz\u00f6gert die Genesung, weshalb ein Nikotinverzicht empfohlen wird.<\/p>\n<p>Unrealistische Erwartungen oder psychische St\u00f6rungen (z. B. K\u00f6rperdysmorphophobie) k\u00f6nnen zu Unzufriedenheit f\u00fchren und m\u00fcssen vorab gekl\u00e4rt werden. Nach einer vorherigen Septorinoplastik sollte man mindestens ein Jahr bis zur Revisions-OP warten, damit das Gewebe stabil heilt.<\/p>\n<p>Bestimmte Medikamente, insbesondere nasale Kortikosteroide, k\u00f6nnen die Operationsplanung beeinflussen.<\/p>\n<h2>Wie verl\u00e4uft die Heilung?<\/h2>\n<p>Nach einer Septorinoplastik treten in den ersten Tagen Schmerzen und leichte Blutungen auf, die sich mit verordneten Analgetika kontrollieren lassen. Tamponaden verbleiben meist 1 \u2013 3 Tage, um Blutungen zu stoppen und die Schleimhautheilung zu unterst\u00fctzen. W\u00e4hrend dieser Zeit atmen Patienten durch den Mund und vermeiden Druck auf die Nase.<\/p>\n<p>Schwellungen und H\u00e4matome um Augen und Wangen sind \u00fcblich, erreichen am dritten Tag ihren H\u00f6hepunkt und klingen danach ab. Ein hochgelagerter Kopf und regelm\u00e4\u00dfige K\u00fchlung reduzieren \u00d6deme. Dorsale Splints oder \u00e4u\u00dfere Schienen sch\u00fctzen die neue Form; sie werden nach etwa einer Woche entfernt.<\/p>\n<p>Leichtere Alltagsaktivit\u00e4ten sind nach 7 \u2013 14 Tagen m\u00f6glich, intensive k\u00f6rperliche Belastung erst nach zwei Wochen. Salzsp\u00fclungen halten die Schleimh\u00e4ute feucht und f\u00f6rdern die Heilung. Regelm\u00e4\u00dfige Kontrollen beim Operateur sind entscheidend, um Komplikationen fr\u00fchzeitig zu erkennen.<\/p>\n<h2>Wie l\u00e4sst sich eine Septumdeviation vorbeugen?<\/h2>\n<p>Angeborene Septumdeviationen k\u00f6nnen nicht verhindert werden, doch traumabedingte Abweichungen lassen sich reduzieren. Besonders bei Kindern und Jugendlichen, deren Nase sich noch entwickelt, sollten Verletzungen vermieden werden: sichere Spielbereiche, Helme beim Rad- oder Rollerfahren und Schutzmasken bei Kontaktsportarten sind essenziell. Auch Erwachsene sollten in risikoreichen Berufen stets Schutzausr\u00fcstung tragen.<\/p>\n<p>Bei \u00e4sthetischen Nasenkorrekturen verringern moderne, st\u00fctzende Operationstechniken das Risiko einer postoperativen Deviation. Spezielle Nahttechniken \u2013 etwa \u201eAcht\u201c- oder Ringn\u00e4hte \u2013 stabilisieren den Knorpel in korrekter Position.<\/p>\n<p>Nach Nasenverletzungen ist eine fr\u00fchzeitige medizinische Abkl\u00e4rung wichtig. Schwellung, Schmerzen oder Nasenverstopfung nach einem Trauma sollten umgehend von einer HNO-\u00c4rztin bzw. einem HNO-Arzt untersucht werden, um Fehlheilungen zu verhindern.<\/p>\n<p>Obwohl angeborene Deviationen unvermeidlich sind, l\u00e4sst sich durch Pr\u00e4vention von Nasenverletzungen das Risiko f\u00fcr sp\u00e4tere Abweichungen deutlich reduzieren und eine gesunde Nasenfunktion bewahren.<\/p>\n<h2><b>Wie viel kostet eine  in der T\u00fcrkei?<\/b><\/h2>\r\n<p><span style=\"font-weight: 400;\">Die Kosten f\u00fcr eine  \u00a0in Istanbul, T\u00fcrkei, liegen typischerweise zwischen 5000 und 7000 Euro. Der Preis kann je nach mehreren Faktoren variieren, wie zum Beispiel der Erfahrung des Chirurgen, der Komplexit\u00e4t des Eingriffs, dem Ruf der Klinik und zus\u00e4tzlichen Dienstleistungen, die im Paket enthalten sind.<\/span><\/p>\r\n<table>\r\n<tbody>\r\n<tr>\r\n<td><span style=\"font-weight: 400;\">Land<\/span><\/td>\r\n<td><span style=\"font-weight: 400;\">Durchschnittliche Kosten f\u00fcr eine  im Jahr 2024(\u20ac)<\/span><\/td>\r\n<\/tr>\r\n<tr>\r\n<td><a href=\"https:\/\/www.alevcamcioglu.com\/de\/nasen-op-preise\/\"><span style=\"font-weight: 400;\">Deutschland<\/span><\/a><\/td>\r\n<td><span style=\"font-weight: 400;\">\u20ac10,000 \u2013 \u20ac14,000<\/span><\/td>\r\n<\/tr>\r\n<tr>\r\n<td><span style=\"font-weight: 400;\">\u00d6sterreich<\/span><\/td>\r\n<td><span style=\"font-weight: 400;\">\u20ac10,000 \u2013 \u20ac14,000<\/span><\/td>\r\n<\/tr>\r\n<tr>\r\n<td><span style=\"font-weight: 400;\">Schweiz<\/span><\/td>\r\n<td><span style=\"font-weight: 400;\">\u20ac10,000 \u2013 \u20ac14,000<\/span><\/td>\r\n<\/tr>\r\n<tr>\r\n<td><span style=\"font-weight: 400;\">T\u00fcrkei<\/span><\/td>\r\n<td><span style=\"font-weight: 400;\">\u20ac5,000 \u2013 \u20ac7,000<\/span><\/td>\r\n<\/tr>\r\n<\/tbody>\r\n<\/table>\n\t\t<\/div>\n\t\t\t\t\t<\/div>\n\n\t\n\n\t<div id=\"col-1957613941\" class=\"col small-12 large-12\"  >\n\t\t\t\t<div class=\"col-inner\"  >\n\t\t\t\n\t\t\t\n<h2 style=\"text-align: left;\">Eines der besten Klinikteams f\u00fcr  in der T\u00fcrkei<\/h2>\n<p>Dr. Alev Camc\u0131o\u011flu gilt als eine der <a href=\"https:\/\/www.alevcamcioglu.com\/de\/\">besten -Chirurgen<\/a> in der T\u00fcrkei. Sie k\u00f6nnen <a href=\"https:\/\/www.google.com\/search?sca_esv=19415285e7d3a11e&amp;q=Op.+Dr.+Alev+Camc%C4%B1o%C4%9Flu+%7C+Burun+Esteti%C4%9Fi+,+Rinoplasti&amp;si=ACC90nwjPmqJHrCEt6ewASzksVFQDX8zco_7MgBaIawvaF4-7h723rVnZZFvK9OUD_1VBtQCUeVRPTUGteg0cLBOJKCQcF0l8NwoxI3g4M0bcP1xT-CjIKs%3D&amp;uds=ADvngMjY3r6cFmkgAf0Cxo_OKwUu8-9wBrBINI3SgEOgMBDI-5zv7ouVxpoC5B3rGHvBXe2sC4UfcRCjxwtdIZqUOJLNbC7tiBSx22BIl7RGCQjdXli44B_uGb9i1YxcDMMbIHEpYimMnELWSd3nhL869lQu7z7kZ8TooMdqLcQgmPDHyHohCQ8&amp;sa=X&amp;ved=2ahUKEwiiiMOMqeSJAxVxS_EDHdySMG0Q3PALegQIGRAE&amp;biw=2276&amp;bih=1055&amp;dpr=1.13\" target=\"_blank\" rel=\"noopener\">-Bewertungen hier \u00fcberpr\u00fcfen.<\/a><\/p>\n<div class=\"row row-full-width align-center\"  id=\"row-1992827608\">\n\n\n\t<div id=\"col-988980150\" class=\"col medium-2 small-6 large-2\"  >\n\t\t\t\t<div class=\"col-inner\"  >\n\t\t\t\n\t\t\t\n\n    <div class=\"box has-hover has-hover box-text-bottom\" >\n\n                  <div class=\"box-image \" >\n           <div class=\"box-image-inner image-cover\" style=\"padding-top:100%;\">\n              <img decoding=\"async\" width=\"1080\" height=\"1122\" src=\"https:\/\/www.alevcamcioglu.com\/wp-content\/uploads\/2018\/02\/106913305_714307142741324_420816097913162768_n.jpg\" class=\"attachment- size-\" alt=\"\" srcset=\"https:\/\/www.alevcamcioglu.com\/wp-content\/uploads\/2018\/02\/106913305_714307142741324_420816097913162768_n.jpg 1080w, https:\/\/www.alevcamcioglu.com\/wp-content\/uploads\/2018\/02\/106913305_714307142741324_420816097913162768_n-289x300.jpg 289w, https:\/\/www.alevcamcioglu.com\/wp-content\/uploads\/2018\/02\/106913305_714307142741324_420816097913162768_n-986x1024.jpg 986w, https:\/\/www.alevcamcioglu.com\/wp-content\/uploads\/2018\/02\/106913305_714307142741324_420816097913162768_n-768x798.jpg 768w, https:\/\/www.alevcamcioglu.com\/wp-content\/uploads\/2018\/02\/106913305_714307142741324_420816097913162768_n-370x384.jpg 370w, https:\/\/www.alevcamcioglu.com\/wp-content\/uploads\/2018\/02\/106913305_714307142741324_420816097913162768_n-760x790.jpg 760w\" sizes=\"(max-width: 1080px) 100vw, 1080px\" title=\"\">                         <\/div>\n          <\/div>\n         \n          <div class=\"box-text text-center\" >\n                <div class=\"box-text-inner\">\n                  <h4 class=\"uppercase\">\n                    <span class=\"person-name\">Op. Dr. Alev Camc\u0131o\u011flu<\/span><br\/>\n                    <span class=\"person-title is-small thin-font op-7\">\n                      Nasen-OP-Chirurg                    <\/span>\n                  <\/h4>\n\t\t\t\t\t<div class=\"social-icons follow-icons\" ><a href=\"https:\/\/www.facebook.com\/dralevcamcioglu\/\" target=\"_blank\" data-label=\"Facebook\" class=\"icon primary button circle tooltip facebook\" title=\"Auf Facebook folgen\" aria-label=\"Auf Facebook folgen\" rel=\"noopener nofollow\"><i class=\"icon-facebook\" aria-hidden=\"true\"><\/i><\/a><a href=\"https:\/\/www.instagram.com\/dralevcamcioglu\/\" target=\"_blank\" data-label=\"Instagram\" class=\"icon primary button circle tooltip instagram\" title=\"Auf Instagram folgen\" aria-label=\"Auf Instagram folgen\" rel=\"noopener nofollow\"><i class=\"icon-instagram\" aria-hidden=\"true\"><\/i><\/a><\/div>\n\n\n                <\/div>\n          <\/div>\n    <\/div>\n\n\t\n    \n\n\t\t<\/div>\n\t\t\t\t\t<\/div>\n\n\t\n\n\t<div id=\"col-1807469084\" class=\"col medium-2 small-6 large-2\"  >\n\t\t\t\t<div class=\"col-inner\"  >\n\t\t\t\n\t\t\t\n\n    <div class=\"box has-hover has-hover box-text-bottom\" >\n\n                  <div class=\"box-image \" >\n           <div class=\"box-image-inner image-cover\" style=\"padding-top:100%;\">\n              <img decoding=\"async\" width=\"1200\" height=\"800\" src=\"https:\/\/www.alevcamcioglu.com\/wp-content\/uploads\/2018\/02\/DSC00496-1200x800-1.jpg\" class=\"attachment- size-\" alt=\"\" srcset=\"https:\/\/www.alevcamcioglu.com\/wp-content\/uploads\/2018\/02\/DSC00496-1200x800-1.jpg 1200w, https:\/\/www.alevcamcioglu.com\/wp-content\/uploads\/2018\/02\/DSC00496-1200x800-1-300x200.jpg 300w, https:\/\/www.alevcamcioglu.com\/wp-content\/uploads\/2018\/02\/DSC00496-1200x800-1-1024x683.jpg 1024w, https:\/\/www.alevcamcioglu.com\/wp-content\/uploads\/2018\/02\/DSC00496-1200x800-1-768x512.jpg 768w, https:\/\/www.alevcamcioglu.com\/wp-content\/uploads\/2018\/02\/DSC00496-1200x800-1-370x247.jpg 370w, https:\/\/www.alevcamcioglu.com\/wp-content\/uploads\/2018\/02\/DSC00496-1200x800-1-760x507.jpg 760w\" sizes=\"(max-width: 1200px) 100vw, 1200px\" title=\"\">                         <\/div>\n          <\/div>\n         \n          <div class=\"box-text text-center\" >\n                <div class=\"box-text-inner\">\n                  <h4 class=\"uppercase\">\n                    <span class=\"person-name\">Aylin Uyu\u015fmak<\/span><br\/>\n                    <span class=\"person-title is-small thin-font op-7\">\n                      Klinikkoordinator                    <\/span>\n                  <\/h4>\n\t\t\t\t\t<div class=\"social-icons follow-icons\" ><a href=\"https:\/\/www.facebook.com\/dralevcamcioglu\/\" target=\"_blank\" data-label=\"Facebook\" class=\"icon primary button circle tooltip facebook\" title=\"Auf Facebook folgen\" aria-label=\"Auf Facebook folgen\" rel=\"noopener nofollow\"><i class=\"icon-facebook\" aria-hidden=\"true\"><\/i><\/a><a href=\"https:\/\/www.instagram.com\/dralevcamcioglu\/\" target=\"_blank\" data-label=\"Instagram\" class=\"icon primary button circle tooltip instagram\" title=\"Auf Instagram folgen\" aria-label=\"Auf Instagram folgen\" rel=\"noopener nofollow\"><i class=\"icon-instagram\" aria-hidden=\"true\"><\/i><\/a><\/div>\n\n\n                <\/div>\n          <\/div>\n    <\/div>\n\n\t\n    \n\n\t\t<\/div>\n\t\t\t\t\t<\/div>\n\n\t\n\n\t<div id=\"col-1597746818\" class=\"col medium-2 small-6 large-2\"  >\n\t\t\t\t<div class=\"col-inner\"  >\n\t\t\t\n\t\t\t\n\n    <div class=\"box has-hover has-hover box-text-bottom\" >\n\n                  <div class=\"box-image \" >\n           <div class=\"box-image-inner image-cover\" style=\"padding-top:100%;\">\n              <img decoding=\"async\" width=\"1200\" height=\"1800\" src=\"https:\/\/www.alevcamcioglu.com\/wp-content\/uploads\/2018\/02\/DSC00493-1200x1800-1.jpg\" class=\"attachment- size-\" alt=\"\" srcset=\"https:\/\/www.alevcamcioglu.com\/wp-content\/uploads\/2018\/02\/DSC00493-1200x1800-1.jpg 1200w, https:\/\/www.alevcamcioglu.com\/wp-content\/uploads\/2018\/02\/DSC00493-1200x1800-1-200x300.jpg 200w, https:\/\/www.alevcamcioglu.com\/wp-content\/uploads\/2018\/02\/DSC00493-1200x1800-1-683x1024.jpg 683w, https:\/\/www.alevcamcioglu.com\/wp-content\/uploads\/2018\/02\/DSC00493-1200x1800-1-768x1152.jpg 768w, https:\/\/www.alevcamcioglu.com\/wp-content\/uploads\/2018\/02\/DSC00493-1200x1800-1-1024x1536.jpg 1024w, https:\/\/www.alevcamcioglu.com\/wp-content\/uploads\/2018\/02\/DSC00493-1200x1800-1-370x555.jpg 370w, https:\/\/www.alevcamcioglu.com\/wp-content\/uploads\/2018\/02\/DSC00493-1200x1800-1-760x1140.jpg 760w\" sizes=\"(max-width: 1200px) 100vw, 1200px\" title=\"\">                         <\/div>\n          <\/div>\n         \n          <div class=\"box-text text-center\" >\n                <div class=\"box-text-inner\">\n                  <h4 class=\"uppercase\">\n                    <span class=\"person-name\">Serra Sevgili<\/span><br\/>\n                    <span class=\"person-title is-small thin-font op-7\">\n                      Klinische Assistenz                    <\/span>\n                  <\/h4>\n\t\t\t\t\t<div class=\"social-icons follow-icons\" ><a href=\"https:\/\/www.facebook.com\/dralevcamcioglu\/\" target=\"_blank\" data-label=\"Facebook\" class=\"icon primary button circle tooltip facebook\" title=\"Auf Facebook folgen\" aria-label=\"Auf Facebook folgen\" rel=\"noopener nofollow\"><i class=\"icon-facebook\" aria-hidden=\"true\"><\/i><\/a><a href=\"https:\/\/www.instagram.com\/dralevcamcioglu\/\" target=\"_blank\" data-label=\"Instagram\" class=\"icon primary button circle tooltip instagram\" title=\"Auf Instagram folgen\" aria-label=\"Auf Instagram folgen\" rel=\"noopener nofollow\"><i class=\"icon-instagram\" aria-hidden=\"true\"><\/i><\/a><\/div>\n\n\n                <\/div>\n          <\/div>\n    <\/div>\n\n\t\n    \n\n\t\t<\/div>\n\t\t\t\t\t<\/div>\n\n\t\n\n\t<div id=\"col-620369490\" class=\"col medium-2 small-6 large-2\"  >\n\t\t\t\t<div class=\"col-inner\"  >\n\t\t\t\n\t\t\t\n\n    <div class=\"box has-hover has-hover box-text-bottom\" >\n\n                  <div class=\"box-image \" >\n           <div class=\"box-image-inner image-cover\" style=\"padding-top:100%;\">\n              <img decoding=\"async\" width=\"1200\" height=\"800\" src=\"https:\/\/www.alevcamcioglu.com\/wp-content\/uploads\/2018\/02\/DSC00510-1200x800-1.jpg\" class=\"attachment- size-\" alt=\"\" srcset=\"https:\/\/www.alevcamcioglu.com\/wp-content\/uploads\/2018\/02\/DSC00510-1200x800-1.jpg 1200w, https:\/\/www.alevcamcioglu.com\/wp-content\/uploads\/2018\/02\/DSC00510-1200x800-1-300x200.jpg 300w, https:\/\/www.alevcamcioglu.com\/wp-content\/uploads\/2018\/02\/DSC00510-1200x800-1-1024x683.jpg 1024w, https:\/\/www.alevcamcioglu.com\/wp-content\/uploads\/2018\/02\/DSC00510-1200x800-1-768x512.jpg 768w, https:\/\/www.alevcamcioglu.com\/wp-content\/uploads\/2018\/02\/DSC00510-1200x800-1-370x247.jpg 370w, https:\/\/www.alevcamcioglu.com\/wp-content\/uploads\/2018\/02\/DSC00510-1200x800-1-760x507.jpg 760w\" sizes=\"(max-width: 1200px) 100vw, 1200px\" title=\"\">                         <\/div>\n          <\/div>\n         \n          <div class=\"box-text text-center\" >\n                <div class=\"box-text-inner\">\n                  <h4 class=\"uppercase\">\n                    <span class=\"person-name\">Sema Yap\u0131c\u0131<\/span><br\/>\n                    <span class=\"person-title is-small thin-font op-7\">\n                      Operations\r\nschwester                    <\/span>\n                  <\/h4>\n\t\t\t\t\t<div class=\"social-icons follow-icons\" ><a href=\"https:\/\/www.facebook.com\/dralevcamcioglu\/\" target=\"_blank\" data-label=\"Facebook\" class=\"icon primary button circle tooltip facebook\" title=\"Auf Facebook folgen\" aria-label=\"Auf Facebook folgen\" rel=\"noopener nofollow\"><i class=\"icon-facebook\" aria-hidden=\"true\"><\/i><\/a><a href=\"https:\/\/www.instagram.com\/dralevcamcioglu\/\" target=\"_blank\" data-label=\"Instagram\" class=\"icon primary button circle tooltip instagram\" title=\"Auf Instagram folgen\" aria-label=\"Auf Instagram folgen\" rel=\"noopener nofollow\"><i class=\"icon-instagram\" aria-hidden=\"true\"><\/i><\/a><\/div>\n\n\n                <\/div>\n          <\/div>\n    <\/div>\n\n\t\n    \n\n\t\t<\/div>\n\t\t\t\t\t<\/div>\n\n\t\n\n\t<div id=\"col-318866950\" class=\"col medium-2 small-6 large-2\"  >\n\t\t\t\t<div class=\"col-inner\"  >\n\t\t\t\n\t\t\t\n\n    <div class=\"box has-hover has-hover box-text-bottom\" >\n\n                  <div class=\"box-image \" >\n           <div class=\"box-image-inner image-cover\" style=\"padding-top:100%;\">\n              <img decoding=\"async\" width=\"1200\" height=\"800\" src=\"https:\/\/www.alevcamcioglu.com\/wp-content\/uploads\/2024\/02\/DSC00524-1200x800-1.jpg\" class=\"attachment- size-\" alt=\"\" srcset=\"https:\/\/www.alevcamcioglu.com\/wp-content\/uploads\/2024\/02\/DSC00524-1200x800-1.jpg 1200w, https:\/\/www.alevcamcioglu.com\/wp-content\/uploads\/2024\/02\/DSC00524-1200x800-1-300x200.jpg 300w, https:\/\/www.alevcamcioglu.com\/wp-content\/uploads\/2024\/02\/DSC00524-1200x800-1-1024x683.jpg 1024w, https:\/\/www.alevcamcioglu.com\/wp-content\/uploads\/2024\/02\/DSC00524-1200x800-1-768x512.jpg 768w, https:\/\/www.alevcamcioglu.com\/wp-content\/uploads\/2024\/02\/DSC00524-1200x800-1-370x247.jpg 370w, https:\/\/www.alevcamcioglu.com\/wp-content\/uploads\/2024\/02\/DSC00524-1200x800-1-760x507.jpg 760w\" sizes=\"(max-width: 1200px) 100vw, 1200px\" title=\"\">                         <\/div>\n          <\/div>\n         \n          <div class=\"box-text text-center\" >\n                <div class=\"box-text-inner\">\n                  <h4 class=\"uppercase\">\n                    <span class=\"person-name\">Aleyna Ceren Kurt<\/span><br\/>\n                    <span class=\"person-title is-small thin-font op-7\">\n                      Social-Media-Verantwortlicher                    <\/span>\n                  <\/h4>\n\t\t\t\t\t<div class=\"social-icons follow-icons\" ><a href=\"https:\/\/www.facebook.com\/dralevcamcioglu\/\" target=\"_blank\" data-label=\"Facebook\" class=\"icon primary button circle tooltip facebook\" title=\"Auf Facebook folgen\" aria-label=\"Auf Facebook folgen\" rel=\"noopener nofollow\"><i class=\"icon-facebook\" aria-hidden=\"true\"><\/i><\/a><a href=\"https:\/\/www.instagram.com\/dralevcamcioglu\/\" target=\"_blank\" data-label=\"Instagram\" class=\"icon primary button circle tooltip instagram\" title=\"Auf Instagram folgen\" aria-label=\"Auf Instagram folgen\" rel=\"noopener nofollow\"><i class=\"icon-instagram\" aria-hidden=\"true\"><\/i><\/a><\/div>\n\n\n                <\/div>\n          <\/div>\n    <\/div>\n\n\t\n    \n\n\t\t<\/div>\n\t\t\t\t\t<\/div>\n\n\t\n\n<\/div>\n\t\t<\/div>\n\t\t\t\t\t<\/div>\n\n\t\n\n\t<div id=\"col-662691871\" class=\"col small-12 large-12\"  >\n\t\t\t\t<div class=\"col-inner\"  >\n\t\t\t\n\t\t\t\n<h2>Blog-Beitr\u00e4ge<\/h2>\n\n  \n    <div class=\"row large-columns-3 medium-columns-1 small-columns-1 slider row-slider slider-nav-circle slider-nav-outside\"  data-flickity-options='{&quot;imagesLoaded&quot;: true, &quot;groupCells&quot;: &quot;100%&quot;, &quot;dragThreshold&quot; : 5, &quot;cellAlign&quot;: &quot;left&quot;,&quot;wrapAround&quot;: true,&quot;prevNextButtons&quot;: true,&quot;percentPosition&quot;: true,&quot;pageDots&quot;: false, &quot;rightToLeft&quot;: false, &quot;autoPlay&quot; : false}' >\n\n  <div class=\"col post-item\" >\n\t\t\t<div class=\"col-inner\">\n\t\t\t\t<div class=\"box box-push box-text-bottom box-blog-post has-hover\">\n            \t\t\t\t\t<div class=\"box-image\" >\n  \t\t\t\t\t\t<div class=\"image-cover\" style=\"padding-top:100%;\">\n\t\t\t\t\t\t\t<a href=\"https:\/\/www.alevcamcioglu.com\/de\/was-ist-rhinophym-und-wie-wird-es-behandelt\/\" class=\"plain\" aria-label=\"Was ist Rhinophym und wie wird es behandelt?\">\n\t\t\t\t\t\t\t\t<img decoding=\"async\" width=\"1600\" height=\"900\" src=\"https:\/\/www.alevcamcioglu.com\/wp-content\/uploads\/2025\/03\/Rinofima-Nedir_-Nasil-Tedavi-Edilir.jpg\" class=\"attachment-2048x2048 size-2048x2048 wp-post-image\" alt=\"\" srcset=\"https:\/\/www.alevcamcioglu.com\/wp-content\/uploads\/2025\/03\/Rinofima-Nedir_-Nasil-Tedavi-Edilir.jpg 1600w, https:\/\/www.alevcamcioglu.com\/wp-content\/uploads\/2025\/03\/Rinofima-Nedir_-Nasil-Tedavi-Edilir-711x400.jpg 711w, https:\/\/www.alevcamcioglu.com\/wp-content\/uploads\/2025\/03\/Rinofima-Nedir_-Nasil-Tedavi-Edilir-1400x788.jpg 1400w, https:\/\/www.alevcamcioglu.com\/wp-content\/uploads\/2025\/03\/Rinofima-Nedir_-Nasil-Tedavi-Edilir-768x432.jpg 768w, https:\/\/www.alevcamcioglu.com\/wp-content\/uploads\/2025\/03\/Rinofima-Nedir_-Nasil-Tedavi-Edilir-1536x864.jpg 1536w\" sizes=\"(max-width: 1600px) 100vw, 1600px\" title=\"\">\t\t\t\t\t\t\t<\/a>\n  \t\t\t\t\t\t\t  \t\t\t\t\t\t\t  \t\t\t\t\t\t<\/div>\n  \t\t\t\t\t\t  \t\t\t\t\t<\/div>\n          \t\t\t\t\t<div class=\"box-text text-center\" >\n\t\t\t\t\t<div class=\"box-text-inner blog-post-inner\">\n\n\t\t\t\t\t\n\t\t\t\t\t\t\t\t\t\t<h5 class=\"post-title is-large \">\n\t\t\t\t\t\t<a href=\"https:\/\/www.alevcamcioglu.com\/de\/was-ist-rhinophym-und-wie-wird-es-behandelt\/\" class=\"plain\">Was ist Rhinophym und wie wird es behandelt?<\/a>\n\t\t\t\t\t<\/h5>\n\t\t\t\t\t\t\t\t\t\t<div class=\"is-divider\"><\/div>\n\t\t\t\t\t                    \n\t\t\t\t\t\t\t\t\t\t\t<a href=\"https:\/\/www.alevcamcioglu.com\/de\/was-ist-rhinophym-und-wie-wird-es-behandelt\/\" class=\"button primary is-outline is-small mb-0\">\n\t\t\t\t\t\t\tWeiterlesen\t\t\t\t\t\t<\/a>\n\t\t\t\t\t\n\t\t\t\t\t\n\t\t\t\t\t<\/div>\n\t\t\t\t\t<\/div>\n\t\t\t\t\t\t\t\t\t\t\t\t\t\t\t\t<div class=\"badge absolute top post-date badge-circle\">\n\t\t\t\t\t\t\t<div class=\"badge-inner\">\n\t\t\t\t\t\t\t\t<span class=\"post-date-day\">20<\/span><br>\n\t\t\t\t\t\t\t\t<span class=\"post-date-month is-xsmall\">M\u00e4rz<\/span>\n\t\t\t\t\t\t\t<\/div>\n\t\t\t\t\t\t<\/div>\n\t\t\t\t\t\t\t\t\t<\/div>\n\t\t\t<\/div>\n\t\t<\/div><div class=\"col post-item\" >\n\t\t\t<div class=\"col-inner\">\n\t\t\t\t<div class=\"box box-push box-text-bottom box-blog-post has-hover\">\n            \t\t\t\t\t<div class=\"box-image\" >\n  \t\t\t\t\t\t<div class=\"image-cover\" style=\"padding-top:100%;\">\n\t\t\t\t\t\t\t<a href=\"https:\/\/www.alevcamcioglu.com\/de\/dorsum-erhaltende-nasen-op\/\" class=\"plain\" aria-label=\"Dorsum-erhaltende Nasen-OP\">\n\t\t\t\t\t\t\t\t<img decoding=\"async\" width=\"1600\" height=\"900\" src=\"https:\/\/www.alevcamcioglu.com\/wp-content\/uploads\/2025\/03\/Dorsum-Koruyucu-Rinoplasti.jpg\" class=\"attachment-2048x2048 size-2048x2048 wp-post-image\" alt=\"\" srcset=\"https:\/\/www.alevcamcioglu.com\/wp-content\/uploads\/2025\/03\/Dorsum-Koruyucu-Rinoplasti.jpg 1600w, https:\/\/www.alevcamcioglu.com\/wp-content\/uploads\/2025\/03\/Dorsum-Koruyucu-Rinoplasti-711x400.jpg 711w, https:\/\/www.alevcamcioglu.com\/wp-content\/uploads\/2025\/03\/Dorsum-Koruyucu-Rinoplasti-1400x788.jpg 1400w, https:\/\/www.alevcamcioglu.com\/wp-content\/uploads\/2025\/03\/Dorsum-Koruyucu-Rinoplasti-768x432.jpg 768w, https:\/\/www.alevcamcioglu.com\/wp-content\/uploads\/2025\/03\/Dorsum-Koruyucu-Rinoplasti-1536x864.jpg 1536w\" sizes=\"(max-width: 1600px) 100vw, 1600px\" title=\"\">\t\t\t\t\t\t\t<\/a>\n  \t\t\t\t\t\t\t  \t\t\t\t\t\t\t  \t\t\t\t\t\t<\/div>\n  \t\t\t\t\t\t  \t\t\t\t\t<\/div>\n          \t\t\t\t\t<div class=\"box-text text-center\" >\n\t\t\t\t\t<div class=\"box-text-inner blog-post-inner\">\n\n\t\t\t\t\t\n\t\t\t\t\t\t\t\t\t\t<h5 class=\"post-title is-large \">\n\t\t\t\t\t\t<a href=\"https:\/\/www.alevcamcioglu.com\/de\/dorsum-erhaltende-nasen-op\/\" class=\"plain\">Dorsum-erhaltende Nasen-OP<\/a>\n\t\t\t\t\t<\/h5>\n\t\t\t\t\t\t\t\t\t\t<div class=\"is-divider\"><\/div>\n\t\t\t\t\t                    \n\t\t\t\t\t\t\t\t\t\t\t<a href=\"https:\/\/www.alevcamcioglu.com\/de\/dorsum-erhaltende-nasen-op\/\" class=\"button primary is-outline is-small mb-0\">\n\t\t\t\t\t\t\tWeiterlesen\t\t\t\t\t\t<\/a>\n\t\t\t\t\t\n\t\t\t\t\t\n\t\t\t\t\t<\/div>\n\t\t\t\t\t<\/div>\n\t\t\t\t\t\t\t\t\t\t\t\t\t\t\t\t<div class=\"badge absolute top post-date badge-circle\">\n\t\t\t\t\t\t\t<div class=\"badge-inner\">\n\t\t\t\t\t\t\t\t<span class=\"post-date-day\">20<\/span><br>\n\t\t\t\t\t\t\t\t<span class=\"post-date-month is-xsmall\">M\u00e4rz<\/span>\n\t\t\t\t\t\t\t<\/div>\n\t\t\t\t\t\t<\/div>\n\t\t\t\t\t\t\t\t\t<\/div>\n\t\t\t<\/div>\n\t\t<\/div><div class=\"col post-item\" >\n\t\t\t<div class=\"col-inner\">\n\t\t\t\t<div class=\"box box-push box-text-bottom box-blog-post has-hover\">\n            \t\t\t\t\t<div class=\"box-image\" >\n  \t\t\t\t\t\t<div class=\"image-cover\" style=\"padding-top:100%;\">\n\t\t\t\t\t\t\t<a href=\"https:\/\/www.alevcamcioglu.com\/de\/was-ist-ein-flaster-und-wofuer-wird-es-verwendet\/\" class=\"plain\" aria-label=\"Was ist ein Flaster und wof\u00fcr wird es verwendet?\">\n\t\t\t\t\t\t\t\t<img decoding=\"async\" width=\"1600\" height=\"900\" src=\"https:\/\/www.alevcamcioglu.com\/wp-content\/uploads\/2025\/03\/Flaster-Nedir-Ne-Ise-Yarar.jpg\" class=\"attachment-2048x2048 size-2048x2048 wp-post-image\" alt=\"\" srcset=\"https:\/\/www.alevcamcioglu.com\/wp-content\/uploads\/2025\/03\/Flaster-Nedir-Ne-Ise-Yarar.jpg 1600w, https:\/\/www.alevcamcioglu.com\/wp-content\/uploads\/2025\/03\/Flaster-Nedir-Ne-Ise-Yarar-711x400.jpg 711w, https:\/\/www.alevcamcioglu.com\/wp-content\/uploads\/2025\/03\/Flaster-Nedir-Ne-Ise-Yarar-1400x788.jpg 1400w, https:\/\/www.alevcamcioglu.com\/wp-content\/uploads\/2025\/03\/Flaster-Nedir-Ne-Ise-Yarar-768x432.jpg 768w, https:\/\/www.alevcamcioglu.com\/wp-content\/uploads\/2025\/03\/Flaster-Nedir-Ne-Ise-Yarar-1536x864.jpg 1536w\" sizes=\"(max-width: 1600px) 100vw, 1600px\" title=\"\">\t\t\t\t\t\t\t<\/a>\n  \t\t\t\t\t\t\t  \t\t\t\t\t\t\t  \t\t\t\t\t\t<\/div>\n  \t\t\t\t\t\t  \t\t\t\t\t<\/div>\n          \t\t\t\t\t<div class=\"box-text text-center\" >\n\t\t\t\t\t<div class=\"box-text-inner blog-post-inner\">\n\n\t\t\t\t\t\n\t\t\t\t\t\t\t\t\t\t<h5 class=\"post-title is-large \">\n\t\t\t\t\t\t<a href=\"https:\/\/www.alevcamcioglu.com\/de\/was-ist-ein-flaster-und-wofuer-wird-es-verwendet\/\" class=\"plain\">Was ist ein Flaster und wof\u00fcr wird es verwendet?<\/a>\n\t\t\t\t\t<\/h5>\n\t\t\t\t\t\t\t\t\t\t<div class=\"is-divider\"><\/div>\n\t\t\t\t\t                    \n\t\t\t\t\t\t\t\t\t\t\t<a href=\"https:\/\/www.alevcamcioglu.com\/de\/was-ist-ein-flaster-und-wofuer-wird-es-verwendet\/\" class=\"button primary is-outline is-small mb-0\">\n\t\t\t\t\t\t\tWeiterlesen\t\t\t\t\t\t<\/a>\n\t\t\t\t\t\n\t\t\t\t\t\n\t\t\t\t\t<\/div>\n\t\t\t\t\t<\/div>\n\t\t\t\t\t\t\t\t\t\t\t\t\t\t\t\t<div class=\"badge absolute top post-date badge-circle\">\n\t\t\t\t\t\t\t<div class=\"badge-inner\">\n\t\t\t\t\t\t\t\t<span class=\"post-date-day\">20<\/span><br>\n\t\t\t\t\t\t\t\t<span class=\"post-date-month is-xsmall\">M\u00e4rz<\/span>\n\t\t\t\t\t\t\t<\/div>\n\t\t\t\t\t\t<\/div>\n\t\t\t\t\t\t\t\t\t<\/div>\n\t\t\t<\/div>\n\t\t<\/div><div class=\"col post-item\" >\n\t\t\t<div class=\"col-inner\">\n\t\t\t\t<div class=\"box box-push box-text-bottom box-blog-post has-hover\">\n            \t\t\t\t\t<div class=\"box-image\" >\n  \t\t\t\t\t\t<div class=\"image-cover\" style=\"padding-top:100%;\">\n\t\t\t\t\t\t\t<a href=\"https:\/\/www.alevcamcioglu.com\/de\/perichondrium\/\" class=\"plain\" aria-label=\"Perichondrium\">\n\t\t\t\t\t\t\t\t<img decoding=\"async\" width=\"1600\" height=\"900\" src=\"https:\/\/www.alevcamcioglu.com\/wp-content\/uploads\/2025\/03\/Perikondriyum.jpg\" class=\"attachment-2048x2048 size-2048x2048 wp-post-image\" alt=\"\" srcset=\"https:\/\/www.alevcamcioglu.com\/wp-content\/uploads\/2025\/03\/Perikondriyum.jpg 1600w, https:\/\/www.alevcamcioglu.com\/wp-content\/uploads\/2025\/03\/Perikondriyum-711x400.jpg 711w, https:\/\/www.alevcamcioglu.com\/wp-content\/uploads\/2025\/03\/Perikondriyum-1400x788.jpg 1400w, https:\/\/www.alevcamcioglu.com\/wp-content\/uploads\/2025\/03\/Perikondriyum-768x432.jpg 768w, https:\/\/www.alevcamcioglu.com\/wp-content\/uploads\/2025\/03\/Perikondriyum-1536x864.jpg 1536w\" sizes=\"(max-width: 1600px) 100vw, 1600px\" title=\"\">\t\t\t\t\t\t\t<\/a>\n  \t\t\t\t\t\t\t  \t\t\t\t\t\t\t  \t\t\t\t\t\t<\/div>\n  \t\t\t\t\t\t  \t\t\t\t\t<\/div>\n          \t\t\t\t\t<div class=\"box-text text-center\" >\n\t\t\t\t\t<div class=\"box-text-inner blog-post-inner\">\n\n\t\t\t\t\t\n\t\t\t\t\t\t\t\t\t\t<h5 class=\"post-title is-large \">\n\t\t\t\t\t\t<a href=\"https:\/\/www.alevcamcioglu.com\/de\/perichondrium\/\" class=\"plain\">Perichondrium<\/a>\n\t\t\t\t\t<\/h5>\n\t\t\t\t\t\t\t\t\t\t<div class=\"is-divider\"><\/div>\n\t\t\t\t\t                    \n\t\t\t\t\t\t\t\t\t\t\t<a href=\"https:\/\/www.alevcamcioglu.com\/de\/perichondrium\/\" class=\"button primary is-outline is-small mb-0\">\n\t\t\t\t\t\t\tWeiterlesen\t\t\t\t\t\t<\/a>\n\t\t\t\t\t\n\t\t\t\t\t\n\t\t\t\t\t<\/div>\n\t\t\t\t\t<\/div>\n\t\t\t\t\t\t\t\t\t\t\t\t\t\t\t\t<div class=\"badge absolute top post-date badge-circle\">\n\t\t\t\t\t\t\t<div class=\"badge-inner\">\n\t\t\t\t\t\t\t\t<span class=\"post-date-day\">20<\/span><br>\n\t\t\t\t\t\t\t\t<span class=\"post-date-month is-xsmall\">M\u00e4rz<\/span>\n\t\t\t\t\t\t\t<\/div>\n\t\t\t\t\t\t<\/div>\n\t\t\t\t\t\t\t\t\t<\/div>\n\t\t\t<\/div>\n\t\t<\/div><div class=\"col post-item\" >\n\t\t\t<div class=\"col-inner\">\n\t\t\t\t<div class=\"box box-push box-text-bottom box-blog-post has-hover\">\n            \t\t\t\t\t<div class=\"box-image\" >\n  \t\t\t\t\t\t<div class=\"image-cover\" style=\"padding-top:100%;\">\n\t\t\t\t\t\t\t<a href=\"https:\/\/www.alevcamcioglu.com\/de\/worauf-sollte-man-vor-einer-nasen-op-achten\/\" class=\"plain\" aria-label=\"Worauf sollte man vor einer Nasen-OP achten?\">\n\t\t\t\t\t\t\t\t<img decoding=\"async\" width=\"1140\" height=\"500\" src=\"https:\/\/www.alevcamcioglu.com\/wp-content\/uploads\/2025\/01\/Burun-Estetigi-Oncesi-Dikkat-Edilmesi-Gerekenler.jpg\" class=\"attachment-2048x2048 size-2048x2048 wp-post-image\" alt=\"\" srcset=\"https:\/\/www.alevcamcioglu.com\/wp-content\/uploads\/2025\/01\/Burun-Estetigi-Oncesi-Dikkat-Edilmesi-Gerekenler.jpg 1140w, https:\/\/www.alevcamcioglu.com\/wp-content\/uploads\/2025\/01\/Burun-Estetigi-Oncesi-Dikkat-Edilmesi-Gerekenler-800x351.jpg 800w, https:\/\/www.alevcamcioglu.com\/wp-content\/uploads\/2025\/01\/Burun-Estetigi-Oncesi-Dikkat-Edilmesi-Gerekenler-768x337.jpg 768w\" sizes=\"(max-width: 1140px) 100vw, 1140px\" title=\"\">\t\t\t\t\t\t\t<\/a>\n  \t\t\t\t\t\t\t  \t\t\t\t\t\t\t  \t\t\t\t\t\t<\/div>\n  \t\t\t\t\t\t  \t\t\t\t\t<\/div>\n          \t\t\t\t\t<div class=\"box-text text-center\" >\n\t\t\t\t\t<div class=\"box-text-inner blog-post-inner\">\n\n\t\t\t\t\t\n\t\t\t\t\t\t\t\t\t\t<h5 class=\"post-title is-large \">\n\t\t\t\t\t\t<a href=\"https:\/\/www.alevcamcioglu.com\/de\/worauf-sollte-man-vor-einer-nasen-op-achten\/\" class=\"plain\">Worauf sollte man vor einer Nasen-OP achten?<\/a>\n\t\t\t\t\t<\/h5>\n\t\t\t\t\t\t\t\t\t\t<div class=\"is-divider\"><\/div>\n\t\t\t\t\t                    \n\t\t\t\t\t\t\t\t\t\t\t<a href=\"https:\/\/www.alevcamcioglu.com\/de\/worauf-sollte-man-vor-einer-nasen-op-achten\/\" class=\"button primary is-outline is-small mb-0\">\n\t\t\t\t\t\t\tWeiterlesen\t\t\t\t\t\t<\/a>\n\t\t\t\t\t\n\t\t\t\t\t\n\t\t\t\t\t<\/div>\n\t\t\t\t\t<\/div>\n\t\t\t\t\t\t\t\t\t\t\t\t\t\t\t\t<div class=\"badge absolute top post-date badge-circle\">\n\t\t\t\t\t\t\t<div class=\"badge-inner\">\n\t\t\t\t\t\t\t\t<span class=\"post-date-day\">31<\/span><br>\n\t\t\t\t\t\t\t\t<span class=\"post-date-month is-xsmall\">Jan.<\/span>\n\t\t\t\t\t\t\t<\/div>\n\t\t\t\t\t\t<\/div>\n\t\t\t\t\t\t\t\t\t<\/div>\n\t\t\t<\/div>\n\t\t<\/div><div class=\"col post-item\" >\n\t\t\t<div class=\"col-inner\">\n\t\t\t\t<div class=\"box box-push box-text-bottom box-blog-post has-hover\">\n            \t\t\t\t\t<div class=\"box-image\" >\n  \t\t\t\t\t\t<div class=\"image-cover\" style=\"padding-top:100%;\">\n\t\t\t\t\t\t\t<a href=\"https:\/\/www.alevcamcioglu.com\/de\/eisanwendung-nach-einer-nasen-op\/\" class=\"plain\" aria-label=\"Eisanwendung nach einer Nasen-OP\">\n\t\t\t\t\t\t\t\t<img decoding=\"async\" width=\"1140\" height=\"500\" src=\"https:\/\/www.alevcamcioglu.com\/wp-content\/uploads\/2025\/01\/Burun-Estetik-Ameliyati-Sonrasi-Buz-Uygulamasi.jpg\" class=\"attachment-2048x2048 size-2048x2048 wp-post-image\" alt=\"\" srcset=\"https:\/\/www.alevcamcioglu.com\/wp-content\/uploads\/2025\/01\/Burun-Estetik-Ameliyati-Sonrasi-Buz-Uygulamasi.jpg 1140w, https:\/\/www.alevcamcioglu.com\/wp-content\/uploads\/2025\/01\/Burun-Estetik-Ameliyati-Sonrasi-Buz-Uygulamasi-800x351.jpg 800w, https:\/\/www.alevcamcioglu.com\/wp-content\/uploads\/2025\/01\/Burun-Estetik-Ameliyati-Sonrasi-Buz-Uygulamasi-768x337.jpg 768w\" sizes=\"(max-width: 1140px) 100vw, 1140px\" title=\"\">\t\t\t\t\t\t\t<\/a>\n  \t\t\t\t\t\t\t  \t\t\t\t\t\t\t  \t\t\t\t\t\t<\/div>\n  \t\t\t\t\t\t  \t\t\t\t\t<\/div>\n          \t\t\t\t\t<div class=\"box-text text-center\" >\n\t\t\t\t\t<div class=\"box-text-inner blog-post-inner\">\n\n\t\t\t\t\t\n\t\t\t\t\t\t\t\t\t\t<h5 class=\"post-title is-large \">\n\t\t\t\t\t\t<a href=\"https:\/\/www.alevcamcioglu.com\/de\/eisanwendung-nach-einer-nasen-op\/\" class=\"plain\">Eisanwendung nach einer Nasen-OP<\/a>\n\t\t\t\t\t<\/h5>\n\t\t\t\t\t\t\t\t\t\t<div class=\"is-divider\"><\/div>\n\t\t\t\t\t                    \n\t\t\t\t\t\t\t\t\t\t\t<a href=\"https:\/\/www.alevcamcioglu.com\/de\/eisanwendung-nach-einer-nasen-op\/\" class=\"button primary is-outline is-small mb-0\">\n\t\t\t\t\t\t\tWeiterlesen\t\t\t\t\t\t<\/a>\n\t\t\t\t\t\n\t\t\t\t\t\n\t\t\t\t\t<\/div>\n\t\t\t\t\t<\/div>\n\t\t\t\t\t\t\t\t\t\t\t\t\t\t\t\t<div class=\"badge absolute top post-date badge-circle\">\n\t\t\t\t\t\t\t<div class=\"badge-inner\">\n\t\t\t\t\t\t\t\t<span class=\"post-date-day\">31<\/span><br>\n\t\t\t\t\t\t\t\t<span class=\"post-date-month is-xsmall\">Jan.<\/span>\n\t\t\t\t\t\t\t<\/div>\n\t\t\t\t\t\t<\/div>\n\t\t\t\t\t\t\t\t\t<\/div>\n\t\t\t<\/div>\n\t\t<\/div><div class=\"col post-item\" >\n\t\t\t<div class=\"col-inner\">\n\t\t\t\t<div class=\"box box-push box-text-bottom box-blog-post has-hover\">\n            \t\t\t\t\t<div class=\"box-image\" >\n  \t\t\t\t\t\t<div class=\"image-cover\" style=\"padding-top:100%;\">\n\t\t\t\t\t\t\t<a href=\"https:\/\/www.alevcamcioglu.com\/de\/welche-tests-werden-vor-einer-nasen-op-durchgefuehrt\/\" class=\"plain\" aria-label=\"Welche Tests werden vor einer Nasen-OP durchgef\u00fchrt?\">\n\t\t\t\t\t\t\t\t<img decoding=\"async\" width=\"1140\" height=\"500\" src=\"https:\/\/www.alevcamcioglu.com\/wp-content\/uploads\/2025\/01\/Burun-Ameliyati-Oncesi-Hangi-Testler-Yapilir.jpg\" class=\"attachment-2048x2048 size-2048x2048 wp-post-image\" alt=\"\" srcset=\"https:\/\/www.alevcamcioglu.com\/wp-content\/uploads\/2025\/01\/Burun-Ameliyati-Oncesi-Hangi-Testler-Yapilir.jpg 1140w, https:\/\/www.alevcamcioglu.com\/wp-content\/uploads\/2025\/01\/Burun-Ameliyati-Oncesi-Hangi-Testler-Yapilir-800x351.jpg 800w, https:\/\/www.alevcamcioglu.com\/wp-content\/uploads\/2025\/01\/Burun-Ameliyati-Oncesi-Hangi-Testler-Yapilir-768x337.jpg 768w\" sizes=\"(max-width: 1140px) 100vw, 1140px\" title=\"\">\t\t\t\t\t\t\t<\/a>\n  \t\t\t\t\t\t\t  \t\t\t\t\t\t\t  \t\t\t\t\t\t<\/div>\n  \t\t\t\t\t\t  \t\t\t\t\t<\/div>\n          \t\t\t\t\t<div class=\"box-text text-center\" >\n\t\t\t\t\t<div class=\"box-text-inner blog-post-inner\">\n\n\t\t\t\t\t\n\t\t\t\t\t\t\t\t\t\t<h5 class=\"post-title is-large \">\n\t\t\t\t\t\t<a href=\"https:\/\/www.alevcamcioglu.com\/de\/welche-tests-werden-vor-einer-nasen-op-durchgefuehrt\/\" class=\"plain\">Welche Tests werden vor einer Nasen-OP durchgef\u00fchrt?<\/a>\n\t\t\t\t\t<\/h5>\n\t\t\t\t\t\t\t\t\t\t<div class=\"is-divider\"><\/div>\n\t\t\t\t\t                    \n\t\t\t\t\t\t\t\t\t\t\t<a href=\"https:\/\/www.alevcamcioglu.com\/de\/welche-tests-werden-vor-einer-nasen-op-durchgefuehrt\/\" class=\"button primary is-outline is-small mb-0\">\n\t\t\t\t\t\t\tWeiterlesen\t\t\t\t\t\t<\/a>\n\t\t\t\t\t\n\t\t\t\t\t\n\t\t\t\t\t<\/div>\n\t\t\t\t\t<\/div>\n\t\t\t\t\t\t\t\t\t\t\t\t\t\t\t\t<div class=\"badge absolute top post-date badge-circle\">\n\t\t\t\t\t\t\t<div class=\"badge-inner\">\n\t\t\t\t\t\t\t\t<span class=\"post-date-day\">31<\/span><br>\n\t\t\t\t\t\t\t\t<span class=\"post-date-month is-xsmall\">Jan.<\/span>\n\t\t\t\t\t\t\t<\/div>\n\t\t\t\t\t\t<\/div>\n\t\t\t\t\t\t\t\t\t<\/div>\n\t\t\t<\/div>\n\t\t<\/div><div class=\"col post-item\" >\n\t\t\t<div class=\"col-inner\">\n\t\t\t\t<div class=\"box box-push box-text-bottom box-blog-post has-hover\">\n            \t\t\t\t\t<div class=\"box-image\" >\n  \t\t\t\t\t\t<div class=\"image-cover\" style=\"padding-top:100%;\">\n\t\t\t\t\t\t\t<a href=\"https:\/\/www.alevcamcioglu.com\/de\/kann-eine-nasen-op-mit-einer-anderen-operation-kombiniert-werden\/\" class=\"plain\" aria-label=\"Kann eine Nasen-OP mit einer anderen Operation kombiniert werden?\">\n\t\t\t\t\t\t\t\t<img decoding=\"async\" width=\"1140\" height=\"500\" src=\"https:\/\/www.alevcamcioglu.com\/wp-content\/uploads\/2025\/01\/Burun-Estetigi-Ameliyati-Baska-Bir-Ameliyat-Ile-Yapilabilir-Mi.jpg\" class=\"attachment-2048x2048 size-2048x2048 wp-post-image\" alt=\"\" srcset=\"https:\/\/www.alevcamcioglu.com\/wp-content\/uploads\/2025\/01\/Burun-Estetigi-Ameliyati-Baska-Bir-Ameliyat-Ile-Yapilabilir-Mi.jpg 1140w, https:\/\/www.alevcamcioglu.com\/wp-content\/uploads\/2025\/01\/Burun-Estetigi-Ameliyati-Baska-Bir-Ameliyat-Ile-Yapilabilir-Mi-800x351.jpg 800w, https:\/\/www.alevcamcioglu.com\/wp-content\/uploads\/2025\/01\/Burun-Estetigi-Ameliyati-Baska-Bir-Ameliyat-Ile-Yapilabilir-Mi-768x337.jpg 768w\" sizes=\"(max-width: 1140px) 100vw, 1140px\" title=\"\">\t\t\t\t\t\t\t<\/a>\n  \t\t\t\t\t\t\t  \t\t\t\t\t\t\t  \t\t\t\t\t\t<\/div>\n  \t\t\t\t\t\t  \t\t\t\t\t<\/div>\n          \t\t\t\t\t<div class=\"box-text text-center\" >\n\t\t\t\t\t<div class=\"box-text-inner blog-post-inner\">\n\n\t\t\t\t\t\n\t\t\t\t\t\t\t\t\t\t<h5 class=\"post-title is-large \">\n\t\t\t\t\t\t<a href=\"https:\/\/www.alevcamcioglu.com\/de\/kann-eine-nasen-op-mit-einer-anderen-operation-kombiniert-werden\/\" class=\"plain\">Kann eine Nasen-OP mit einer anderen Operation kombiniert werden?<\/a>\n\t\t\t\t\t<\/h5>\n\t\t\t\t\t\t\t\t\t\t<div class=\"is-divider\"><\/div>\n\t\t\t\t\t                    \n\t\t\t\t\t\t\t\t\t\t\t<a href=\"https:\/\/www.alevcamcioglu.com\/de\/kann-eine-nasen-op-mit-einer-anderen-operation-kombiniert-werden\/\" class=\"button primary is-outline is-small mb-0\">\n\t\t\t\t\t\t\tWeiterlesen\t\t\t\t\t\t<\/a>\n\t\t\t\t\t\n\t\t\t\t\t\n\t\t\t\t\t<\/div>\n\t\t\t\t\t<\/div>\n\t\t\t\t\t\t\t\t\t\t\t\t\t\t\t\t<div class=\"badge absolute top post-date badge-circle\">\n\t\t\t\t\t\t\t<div class=\"badge-inner\">\n\t\t\t\t\t\t\t\t<span class=\"post-date-day\">31<\/span><br>\n\t\t\t\t\t\t\t\t<span class=\"post-date-month is-xsmall\">Jan.<\/span>\n\t\t\t\t\t\t\t<\/div>\n\t\t\t\t\t\t<\/div>\n\t\t\t\t\t\t\t\t\t<\/div>\n\t\t\t<\/div>\n\t\t<\/div><div class=\"col post-item\" >\n\t\t\t<div class=\"col-inner\">\n\t\t\t\t<div class=\"box box-push box-text-bottom box-blog-post has-hover\">\n            \t\t\t\t\t<div class=\"box-image\" >\n  \t\t\t\t\t\t<div class=\"image-cover\" style=\"padding-top:100%;\">\n\t\t\t\t\t\t\t<a href=\"https:\/\/www.alevcamcioglu.com\/de\/was-sollte-man-nach-einer-nasen-op-vermeiden\/\" class=\"plain\" aria-label=\"Was sollte man nach einer Nasen-OP vermeiden?\">\n\t\t\t\t\t\t\t\t<img decoding=\"async\" width=\"1140\" height=\"500\" src=\"https:\/\/www.alevcamcioglu.com\/wp-content\/uploads\/2025\/01\/Burun-Estetiginden-Sonra-Yapilmamasi-Gerekenler.jpg\" class=\"attachment-2048x2048 size-2048x2048 wp-post-image\" alt=\"\" srcset=\"https:\/\/www.alevcamcioglu.com\/wp-content\/uploads\/2025\/01\/Burun-Estetiginden-Sonra-Yapilmamasi-Gerekenler.jpg 1140w, https:\/\/www.alevcamcioglu.com\/wp-content\/uploads\/2025\/01\/Burun-Estetiginden-Sonra-Yapilmamasi-Gerekenler-800x351.jpg 800w, https:\/\/www.alevcamcioglu.com\/wp-content\/uploads\/2025\/01\/Burun-Estetiginden-Sonra-Yapilmamasi-Gerekenler-768x337.jpg 768w\" sizes=\"(max-width: 1140px) 100vw, 1140px\" title=\"\">\t\t\t\t\t\t\t<\/a>\n  \t\t\t\t\t\t\t  \t\t\t\t\t\t\t  \t\t\t\t\t\t<\/div>\n  \t\t\t\t\t\t  \t\t\t\t\t<\/div>\n          \t\t\t\t\t<div class=\"box-text text-center\" >\n\t\t\t\t\t<div class=\"box-text-inner blog-post-inner\">\n\n\t\t\t\t\t\n\t\t\t\t\t\t\t\t\t\t<h5 class=\"post-title is-large \">\n\t\t\t\t\t\t<a href=\"https:\/\/www.alevcamcioglu.com\/de\/was-sollte-man-nach-einer-nasen-op-vermeiden\/\" class=\"plain\">Was sollte man nach einer Nasen-OP vermeiden?<\/a>\n\t\t\t\t\t<\/h5>\n\t\t\t\t\t\t\t\t\t\t<div class=\"is-divider\"><\/div>\n\t\t\t\t\t                    \n\t\t\t\t\t\t\t\t\t\t\t<a href=\"https:\/\/www.alevcamcioglu.com\/de\/was-sollte-man-nach-einer-nasen-op-vermeiden\/\" class=\"button primary is-outline is-small mb-0\">\n\t\t\t\t\t\t\tWeiterlesen\t\t\t\t\t\t<\/a>\n\t\t\t\t\t\n\t\t\t\t\t\n\t\t\t\t\t<\/div>\n\t\t\t\t\t<\/div>\n\t\t\t\t\t\t\t\t\t\t\t\t\t\t\t\t<div class=\"badge absolute top post-date badge-circle\">\n\t\t\t\t\t\t\t<div class=\"badge-inner\">\n\t\t\t\t\t\t\t\t<span class=\"post-date-day\">31<\/span><br>\n\t\t\t\t\t\t\t\t<span class=\"post-date-month is-xsmall\">Jan.<\/span>\n\t\t\t\t\t\t\t<\/div>\n\t\t\t\t\t\t<\/div>\n\t\t\t\t\t\t\t\t\t<\/div>\n\t\t\t<\/div>\n\t\t<\/div><div class=\"col post-item\" >\n\t\t\t<div class=\"col-inner\">\n\t\t\t\t<div class=\"box box-push box-text-bottom box-blog-post has-hover\">\n            \t\t\t\t\t<div class=\"box-image\" >\n  \t\t\t\t\t\t<div class=\"image-cover\" style=\"padding-top:100%;\">\n\t\t\t\t\t\t\t<a href=\"https:\/\/www.alevcamcioglu.com\/de\/was-ist-der-unterschied-zwischen-offener-und-geschlossener-nasen-op\/\" class=\"plain\" aria-label=\"Was ist der Unterschied zwischen offener und geschlossener Nasen-OP?\">\n\t\t\t\t\t\t\t\t<img decoding=\"async\" width=\"1140\" height=\"500\" src=\"https:\/\/www.alevcamcioglu.com\/wp-content\/uploads\/2024\/12\/Acik-Burun-Ameliyati-ile-Kapali-Arasindaki-Fark-Nedir.jpg\" class=\"attachment-2048x2048 size-2048x2048 wp-post-image\" alt=\"\" srcset=\"https:\/\/www.alevcamcioglu.com\/wp-content\/uploads\/2024\/12\/Acik-Burun-Ameliyati-ile-Kapali-Arasindaki-Fark-Nedir.jpg 1140w, https:\/\/www.alevcamcioglu.com\/wp-content\/uploads\/2024\/12\/Acik-Burun-Ameliyati-ile-Kapali-Arasindaki-Fark-Nedir-800x351.jpg 800w, https:\/\/www.alevcamcioglu.com\/wp-content\/uploads\/2024\/12\/Acik-Burun-Ameliyati-ile-Kapali-Arasindaki-Fark-Nedir-768x337.jpg 768w\" sizes=\"(max-width: 1140px) 100vw, 1140px\" title=\"\">\t\t\t\t\t\t\t<\/a>\n  \t\t\t\t\t\t\t  \t\t\t\t\t\t\t  \t\t\t\t\t\t<\/div>\n  \t\t\t\t\t\t  \t\t\t\t\t<\/div>\n          \t\t\t\t\t<div class=\"box-text text-center\" >\n\t\t\t\t\t<div class=\"box-text-inner blog-post-inner\">\n\n\t\t\t\t\t\n\t\t\t\t\t\t\t\t\t\t<h5 class=\"post-title is-large \">\n\t\t\t\t\t\t<a href=\"https:\/\/www.alevcamcioglu.com\/de\/was-ist-der-unterschied-zwischen-offener-und-geschlossener-nasen-op\/\" class=\"plain\">Was ist der Unterschied zwischen offener und geschlossener Nasen-OP?<\/a>\n\t\t\t\t\t<\/h5>\n\t\t\t\t\t\t\t\t\t\t<div class=\"is-divider\"><\/div>\n\t\t\t\t\t                    \n\t\t\t\t\t\t\t\t\t\t\t<a href=\"https:\/\/www.alevcamcioglu.com\/de\/was-ist-der-unterschied-zwischen-offener-und-geschlossener-nasen-op\/\" class=\"button primary is-outline is-small mb-0\">\n\t\t\t\t\t\t\tWeiterlesen\t\t\t\t\t\t<\/a>\n\t\t\t\t\t\n\t\t\t\t\t\n\t\t\t\t\t<\/div>\n\t\t\t\t\t<\/div>\n\t\t\t\t\t\t\t\t\t\t\t\t\t\t\t\t<div class=\"badge absolute top post-date badge-circle\">\n\t\t\t\t\t\t\t<div class=\"badge-inner\">\n\t\t\t\t\t\t\t\t<span class=\"post-date-day\">26<\/span><br>\n\t\t\t\t\t\t\t\t<span class=\"post-date-month is-xsmall\">Dez.<\/span>\n\t\t\t\t\t\t\t<\/div>\n\t\t\t\t\t\t<\/div>\n\t\t\t\t\t\t\t\t\t<\/div>\n\t\t\t<\/div>\n\t\t<\/div><div class=\"col post-item\" >\n\t\t\t<div class=\"col-inner\">\n\t\t\t\t<div class=\"box box-push box-text-bottom box-blog-post has-hover\">\n            \t\t\t\t\t<div class=\"box-image\" >\n  \t\t\t\t\t\t<div class=\"image-cover\" style=\"padding-top:100%;\">\n\t\t\t\t\t\t\t<a href=\"https:\/\/www.alevcamcioglu.com\/de\/veraendert-seitenschlafen-nach-einer-nasen-op-die-nasenform\/\" class=\"plain\" aria-label=\"Ver\u00e4ndert Seitenschlafen nach einer Nasen-OP die Nasenform?\">\n\t\t\t\t\t\t\t\t<img decoding=\"async\" width=\"1140\" height=\"500\" src=\"https:\/\/www.alevcamcioglu.com\/wp-content\/uploads\/2024\/12\/Burun-Estetigi-Sonrasi-Yan-Yatmak-Burun-Seklini-Bozar-Mi.jpg\" class=\"attachment-2048x2048 size-2048x2048 wp-post-image\" alt=\"\" srcset=\"https:\/\/www.alevcamcioglu.com\/wp-content\/uploads\/2024\/12\/Burun-Estetigi-Sonrasi-Yan-Yatmak-Burun-Seklini-Bozar-Mi.jpg 1140w, https:\/\/www.alevcamcioglu.com\/wp-content\/uploads\/2024\/12\/Burun-Estetigi-Sonrasi-Yan-Yatmak-Burun-Seklini-Bozar-Mi-800x351.jpg 800w, https:\/\/www.alevcamcioglu.com\/wp-content\/uploads\/2024\/12\/Burun-Estetigi-Sonrasi-Yan-Yatmak-Burun-Seklini-Bozar-Mi-768x337.jpg 768w\" sizes=\"(max-width: 1140px) 100vw, 1140px\" title=\"\">\t\t\t\t\t\t\t<\/a>\n  \t\t\t\t\t\t\t  \t\t\t\t\t\t\t  \t\t\t\t\t\t<\/div>\n  \t\t\t\t\t\t  \t\t\t\t\t<\/div>\n          \t\t\t\t\t<div class=\"box-text text-center\" >\n\t\t\t\t\t<div class=\"box-text-inner blog-post-inner\">\n\n\t\t\t\t\t\n\t\t\t\t\t\t\t\t\t\t<h5 class=\"post-title is-large \">\n\t\t\t\t\t\t<a href=\"https:\/\/www.alevcamcioglu.com\/de\/veraendert-seitenschlafen-nach-einer-nasen-op-die-nasenform\/\" class=\"plain\">Ver\u00e4ndert Seitenschlafen nach einer Nasen-OP die Nasenform?<\/a>\n\t\t\t\t\t<\/h5>\n\t\t\t\t\t\t\t\t\t\t<div class=\"is-divider\"><\/div>\n\t\t\t\t\t                    \n\t\t\t\t\t\t\t\t\t\t\t<a href=\"https:\/\/www.alevcamcioglu.com\/de\/veraendert-seitenschlafen-nach-einer-nasen-op-die-nasenform\/\" class=\"button primary is-outline is-small mb-0\">\n\t\t\t\t\t\t\tWeiterlesen\t\t\t\t\t\t<\/a>\n\t\t\t\t\t\n\t\t\t\t\t\n\t\t\t\t\t<\/div>\n\t\t\t\t\t<\/div>\n\t\t\t\t\t\t\t\t\t\t\t\t\t\t\t\t<div class=\"badge absolute top post-date badge-circle\">\n\t\t\t\t\t\t\t<div class=\"badge-inner\">\n\t\t\t\t\t\t\t\t<span class=\"post-date-day\">26<\/span><br>\n\t\t\t\t\t\t\t\t<span class=\"post-date-month is-xsmall\">Dez.<\/span>\n\t\t\t\t\t\t\t<\/div>\n\t\t\t\t\t\t<\/div>\n\t\t\t\t\t\t\t\t\t<\/div>\n\t\t\t<\/div>\n\t\t<\/div><div class=\"col post-item\" >\n\t\t\t<div class=\"col-inner\">\n\t\t\t\t<div class=\"box box-push box-text-bottom box-blog-post has-hover\">\n            \t\t\t\t\t<div class=\"box-image\" >\n  \t\t\t\t\t\t<div class=\"image-cover\" style=\"padding-top:100%;\">\n\t\t\t\t\t\t\t<a href=\"https:\/\/www.alevcamcioglu.com\/de\/wechseln-sie-monat-fuer-monat-nach-der-nasen-op\/\" class=\"plain\" aria-label=\"Wechseln Sie Monat f\u00fcr Monat nach der Nasen-OP\">\n\t\t\t\t\t\t\t\t<img decoding=\"async\" width=\"1140\" height=\"500\" src=\"https:\/\/www.alevcamcioglu.com\/wp-content\/uploads\/2024\/12\/Burun-Estetigi-Sonrasi-Ay-Ay-Degisim.jpg\" class=\"attachment-2048x2048 size-2048x2048 wp-post-image\" alt=\"\" srcset=\"https:\/\/www.alevcamcioglu.com\/wp-content\/uploads\/2024\/12\/Burun-Estetigi-Sonrasi-Ay-Ay-Degisim.jpg 1140w, https:\/\/www.alevcamcioglu.com\/wp-content\/uploads\/2024\/12\/Burun-Estetigi-Sonrasi-Ay-Ay-Degisim-800x351.jpg 800w, https:\/\/www.alevcamcioglu.com\/wp-content\/uploads\/2024\/12\/Burun-Estetigi-Sonrasi-Ay-Ay-Degisim-768x337.jpg 768w\" sizes=\"(max-width: 1140px) 100vw, 1140px\" title=\"\">\t\t\t\t\t\t\t<\/a>\n  \t\t\t\t\t\t\t  \t\t\t\t\t\t\t  \t\t\t\t\t\t<\/div>\n  \t\t\t\t\t\t  \t\t\t\t\t<\/div>\n          \t\t\t\t\t<div class=\"box-text text-center\" >\n\t\t\t\t\t<div class=\"box-text-inner blog-post-inner\">\n\n\t\t\t\t\t\n\t\t\t\t\t\t\t\t\t\t<h5 class=\"post-title is-large \">\n\t\t\t\t\t\t<a href=\"https:\/\/www.alevcamcioglu.com\/de\/wechseln-sie-monat-fuer-monat-nach-der-nasen-op\/\" class=\"plain\">Wechseln Sie Monat f\u00fcr Monat nach der Nasen-OP<\/a>\n\t\t\t\t\t<\/h5>\n\t\t\t\t\t\t\t\t\t\t<div class=\"is-divider\"><\/div>\n\t\t\t\t\t                    \n\t\t\t\t\t\t\t\t\t\t\t<a href=\"https:\/\/www.alevcamcioglu.com\/de\/wechseln-sie-monat-fuer-monat-nach-der-nasen-op\/\" class=\"button primary is-outline is-small mb-0\">\n\t\t\t\t\t\t\tWeiterlesen\t\t\t\t\t\t<\/a>\n\t\t\t\t\t\n\t\t\t\t\t\n\t\t\t\t\t<\/div>\n\t\t\t\t\t<\/div>\n\t\t\t\t\t\t\t\t\t\t\t\t\t\t\t\t<div class=\"badge absolute top post-date badge-circle\">\n\t\t\t\t\t\t\t<div class=\"badge-inner\">\n\t\t\t\t\t\t\t\t<span class=\"post-date-day\">26<\/span><br>\n\t\t\t\t\t\t\t\t<span class=\"post-date-month is-xsmall\">Dez.<\/span>\n\t\t\t\t\t\t\t<\/div>\n\t\t\t\t\t\t<\/div>\n\t\t\t\t\t\t\t\t\t<\/div>\n\t\t\t<\/div>\n\t\t<\/div><div class=\"col post-item\" >\n\t\t\t<div class=\"col-inner\">\n\t\t\t\t<div class=\"box box-push box-text-bottom box-blog-post has-hover\">\n            \t\t\t\t\t<div class=\"box-image\" >\n  \t\t\t\t\t\t<div class=\"image-cover\" style=\"padding-top:100%;\">\n\t\t\t\t\t\t\t<a href=\"https:\/\/www.alevcamcioglu.com\/de\/koennen-nasen-op-und-eine-nasennebenhoehlen-op-zusammen-durchgefuehrt-werden\/\" class=\"plain\" aria-label=\"K\u00f6nnen Nasen-OP und eine Nasennebenh\u00f6hlen-OP zusammen durchgef\u00fchrt werden?\">\n\t\t\t\t\t\t\t\t<img decoding=\"async\" width=\"1140\" height=\"500\" src=\"https:\/\/www.alevcamcioglu.com\/wp-content\/uploads\/2024\/12\/Burun-Estetigi-ve-Sinuzit-Ameliyati-Birlikte-Yapilir-Mi.jpg\" class=\"attachment-2048x2048 size-2048x2048 wp-post-image\" alt=\"\" srcset=\"https:\/\/www.alevcamcioglu.com\/wp-content\/uploads\/2024\/12\/Burun-Estetigi-ve-Sinuzit-Ameliyati-Birlikte-Yapilir-Mi.jpg 1140w, https:\/\/www.alevcamcioglu.com\/wp-content\/uploads\/2024\/12\/Burun-Estetigi-ve-Sinuzit-Ameliyati-Birlikte-Yapilir-Mi-800x351.jpg 800w, https:\/\/www.alevcamcioglu.com\/wp-content\/uploads\/2024\/12\/Burun-Estetigi-ve-Sinuzit-Ameliyati-Birlikte-Yapilir-Mi-768x337.jpg 768w\" sizes=\"(max-width: 1140px) 100vw, 1140px\" title=\"\">\t\t\t\t\t\t\t<\/a>\n  \t\t\t\t\t\t\t  \t\t\t\t\t\t\t  \t\t\t\t\t\t<\/div>\n  \t\t\t\t\t\t  \t\t\t\t\t<\/div>\n          \t\t\t\t\t<div class=\"box-text text-center\" >\n\t\t\t\t\t<div class=\"box-text-inner blog-post-inner\">\n\n\t\t\t\t\t\n\t\t\t\t\t\t\t\t\t\t<h5 class=\"post-title is-large \">\n\t\t\t\t\t\t<a href=\"https:\/\/www.alevcamcioglu.com\/de\/koennen-nasen-op-und-eine-nasennebenhoehlen-op-zusammen-durchgefuehrt-werden\/\" class=\"plain\">K\u00f6nnen Nasen-OP und eine Nasennebenh\u00f6hlen-OP zusammen durchgef\u00fchrt werden?<\/a>\n\t\t\t\t\t<\/h5>\n\t\t\t\t\t\t\t\t\t\t<div class=\"is-divider\"><\/div>\n\t\t\t\t\t                    \n\t\t\t\t\t\t\t\t\t\t\t<a href=\"https:\/\/www.alevcamcioglu.com\/de\/koennen-nasen-op-und-eine-nasennebenhoehlen-op-zusammen-durchgefuehrt-werden\/\" class=\"button primary is-outline is-small mb-0\">\n\t\t\t\t\t\t\tWeiterlesen\t\t\t\t\t\t<\/a>\n\t\t\t\t\t\n\t\t\t\t\t\n\t\t\t\t\t<\/div>\n\t\t\t\t\t<\/div>\n\t\t\t\t\t\t\t\t\t\t\t\t\t\t\t\t<div class=\"badge absolute top post-date badge-circle\">\n\t\t\t\t\t\t\t<div class=\"badge-inner\">\n\t\t\t\t\t\t\t\t<span class=\"post-date-day\">26<\/span><br>\n\t\t\t\t\t\t\t\t<span class=\"post-date-month is-xsmall\">Dez.<\/span>\n\t\t\t\t\t\t\t<\/div>\n\t\t\t\t\t\t<\/div>\n\t\t\t\t\t\t\t\t\t<\/div>\n\t\t\t<\/div>\n\t\t<\/div><div class=\"col post-item\" >\n\t\t\t<div class=\"col-inner\">\n\t\t\t\t<div class=\"box box-push box-text-bottom box-blog-post has-hover\">\n            \t\t\t\t\t<div class=\"box-image\" >\n  \t\t\t\t\t\t<div class=\"image-cover\" style=\"padding-top:100%;\">\n\t\t\t\t\t\t\t<a href=\"https:\/\/www.alevcamcioglu.com\/de\/lippenlift-operation\/\" class=\"plain\" aria-label=\"Lippenlift-Operation\">\n\t\t\t\t\t\t\t\t<img decoding=\"async\" width=\"1140\" height=\"500\" src=\"https:\/\/www.alevcamcioglu.com\/wp-content\/uploads\/2024\/12\/Lip-Lift-Dudak-Kaldirma-Ameliyati.jpg\" class=\"attachment-2048x2048 size-2048x2048 wp-post-image\" alt=\"\" srcset=\"https:\/\/www.alevcamcioglu.com\/wp-content\/uploads\/2024\/12\/Lip-Lift-Dudak-Kaldirma-Ameliyati.jpg 1140w, https:\/\/www.alevcamcioglu.com\/wp-content\/uploads\/2024\/12\/Lip-Lift-Dudak-Kaldirma-Ameliyati-800x351.jpg 800w, https:\/\/www.alevcamcioglu.com\/wp-content\/uploads\/2024\/12\/Lip-Lift-Dudak-Kaldirma-Ameliyati-768x337.jpg 768w\" sizes=\"(max-width: 1140px) 100vw, 1140px\" title=\"\">\t\t\t\t\t\t\t<\/a>\n  \t\t\t\t\t\t\t  \t\t\t\t\t\t\t  \t\t\t\t\t\t<\/div>\n  \t\t\t\t\t\t  \t\t\t\t\t<\/div>\n          \t\t\t\t\t<div class=\"box-text text-center\" >\n\t\t\t\t\t<div class=\"box-text-inner blog-post-inner\">\n\n\t\t\t\t\t\n\t\t\t\t\t\t\t\t\t\t<h5 class=\"post-title is-large \">\n\t\t\t\t\t\t<a href=\"https:\/\/www.alevcamcioglu.com\/de\/lippenlift-operation\/\" class=\"plain\">Lippenlift-Operation<\/a>\n\t\t\t\t\t<\/h5>\n\t\t\t\t\t\t\t\t\t\t<div class=\"is-divider\"><\/div>\n\t\t\t\t\t                    \n\t\t\t\t\t\t\t\t\t\t\t<a href=\"https:\/\/www.alevcamcioglu.com\/de\/lippenlift-operation\/\" class=\"button primary is-outline is-small mb-0\">\n\t\t\t\t\t\t\tWeiterlesen\t\t\t\t\t\t<\/a>\n\t\t\t\t\t\n\t\t\t\t\t\n\t\t\t\t\t<\/div>\n\t\t\t\t\t<\/div>\n\t\t\t\t\t\t\t\t\t\t\t\t\t\t\t\t<div class=\"badge absolute top post-date badge-circle\">\n\t\t\t\t\t\t\t<div class=\"badge-inner\">\n\t\t\t\t\t\t\t\t<span class=\"post-date-day\">26<\/span><br>\n\t\t\t\t\t\t\t\t<span class=\"post-date-month is-xsmall\">Dez.<\/span>\n\t\t\t\t\t\t\t<\/div>\n\t\t\t\t\t\t<\/div>\n\t\t\t\t\t\t\t\t\t<\/div>\n\t\t\t<\/div>\n\t\t<\/div><div class=\"col post-item\" >\n\t\t\t<div class=\"col-inner\">\n\t\t\t\t<div class=\"box box-push box-text-bottom box-blog-post has-hover\">\n            \t\t\t\t\t<div class=\"box-image\" >\n  \t\t\t\t\t\t<div class=\"image-cover\" style=\"padding-top:100%;\">\n\t\t\t\t\t\t\t<a href=\"https:\/\/www.alevcamcioglu.com\/de\/augenlidaesthetik-blepharoplastik\/\" class=\"plain\" aria-label=\"Augenlid\u00e4sthetik (Blepharoplastik)\">\n\t\t\t\t\t\t\t\t<img decoding=\"async\" width=\"1140\" height=\"500\" src=\"https:\/\/www.alevcamcioglu.com\/wp-content\/uploads\/2024\/12\/Goz-Kapagi-Estetigi-Blefaroplasti.jpg\" class=\"attachment-2048x2048 size-2048x2048 wp-post-image\" alt=\"\" srcset=\"https:\/\/www.alevcamcioglu.com\/wp-content\/uploads\/2024\/12\/Goz-Kapagi-Estetigi-Blefaroplasti.jpg 1140w, https:\/\/www.alevcamcioglu.com\/wp-content\/uploads\/2024\/12\/Goz-Kapagi-Estetigi-Blefaroplasti-800x351.jpg 800w, https:\/\/www.alevcamcioglu.com\/wp-content\/uploads\/2024\/12\/Goz-Kapagi-Estetigi-Blefaroplasti-768x337.jpg 768w\" sizes=\"(max-width: 1140px) 100vw, 1140px\" title=\"\">\t\t\t\t\t\t\t<\/a>\n  \t\t\t\t\t\t\t  \t\t\t\t\t\t\t  \t\t\t\t\t\t<\/div>\n  \t\t\t\t\t\t  \t\t\t\t\t<\/div>\n          \t\t\t\t\t<div class=\"box-text text-center\" >\n\t\t\t\t\t<div class=\"box-text-inner blog-post-inner\">\n\n\t\t\t\t\t\n\t\t\t\t\t\t\t\t\t\t<h5 class=\"post-title is-large \">\n\t\t\t\t\t\t<a href=\"https:\/\/www.alevcamcioglu.com\/de\/augenlidaesthetik-blepharoplastik\/\" class=\"plain\">Augenlid\u00e4sthetik (Blepharoplastik)<\/a>\n\t\t\t\t\t<\/h5>\n\t\t\t\t\t\t\t\t\t\t<div class=\"is-divider\"><\/div>\n\t\t\t\t\t                    \n\t\t\t\t\t\t\t\t\t\t\t<a href=\"https:\/\/www.alevcamcioglu.com\/de\/augenlidaesthetik-blepharoplastik\/\" class=\"button primary is-outline is-small mb-0\">\n\t\t\t\t\t\t\tWeiterlesen\t\t\t\t\t\t<\/a>\n\t\t\t\t\t\n\t\t\t\t\t\n\t\t\t\t\t<\/div>\n\t\t\t\t\t<\/div>\n\t\t\t\t\t\t\t\t\t\t\t\t\t\t\t\t<div class=\"badge absolute top post-date badge-circle\">\n\t\t\t\t\t\t\t<div class=\"badge-inner\">\n\t\t\t\t\t\t\t\t<span class=\"post-date-day\">26<\/span><br>\n\t\t\t\t\t\t\t\t<span class=\"post-date-month is-xsmall\">Dez.<\/span>\n\t\t\t\t\t\t\t<\/div>\n\t\t\t\t\t\t<\/div>\n\t\t\t\t\t\t\t\t\t<\/div>\n\t\t\t<\/div>\n\t\t<\/div><div class=\"col post-item\" >\n\t\t\t<div class=\"col-inner\">\n\t\t\t\t<div class=\"box box-push box-text-bottom box-blog-post has-hover\">\n            \t\t\t\t\t<div class=\"box-image\" >\n  \t\t\t\t\t\t<div class=\"image-cover\" style=\"padding-top:100%;\">\n\t\t\t\t\t\t\t<a href=\"https:\/\/www.alevcamcioglu.com\/de\/operation-bei-abstehenden-ohren\/\" class=\"plain\" aria-label=\"Operation bei abstehenden Ohren\">\n\t\t\t\t\t\t\t\t<img decoding=\"async\" width=\"1140\" height=\"500\" src=\"https:\/\/www.alevcamcioglu.com\/wp-content\/uploads\/2024\/12\/Kepce-Kulak-Ameliyati.jpg\" class=\"attachment-2048x2048 size-2048x2048 wp-post-image\" alt=\"\" srcset=\"https:\/\/www.alevcamcioglu.com\/wp-content\/uploads\/2024\/12\/Kepce-Kulak-Ameliyati.jpg 1140w, https:\/\/www.alevcamcioglu.com\/wp-content\/uploads\/2024\/12\/Kepce-Kulak-Ameliyati-800x351.jpg 800w, https:\/\/www.alevcamcioglu.com\/wp-content\/uploads\/2024\/12\/Kepce-Kulak-Ameliyati-768x337.jpg 768w\" sizes=\"(max-width: 1140px) 100vw, 1140px\" title=\"\">\t\t\t\t\t\t\t<\/a>\n  \t\t\t\t\t\t\t  \t\t\t\t\t\t\t  \t\t\t\t\t\t<\/div>\n  \t\t\t\t\t\t  \t\t\t\t\t<\/div>\n          \t\t\t\t\t<div class=\"box-text text-center\" >\n\t\t\t\t\t<div class=\"box-text-inner blog-post-inner\">\n\n\t\t\t\t\t\n\t\t\t\t\t\t\t\t\t\t<h5 class=\"post-title is-large \">\n\t\t\t\t\t\t<a href=\"https:\/\/www.alevcamcioglu.com\/de\/operation-bei-abstehenden-ohren\/\" class=\"plain\">Operation bei abstehenden Ohren<\/a>\n\t\t\t\t\t<\/h5>\n\t\t\t\t\t\t\t\t\t\t<div class=\"is-divider\"><\/div>\n\t\t\t\t\t                    \n\t\t\t\t\t\t\t\t\t\t\t<a href=\"https:\/\/www.alevcamcioglu.com\/de\/operation-bei-abstehenden-ohren\/\" class=\"button primary is-outline is-small mb-0\">\n\t\t\t\t\t\t\tWeiterlesen\t\t\t\t\t\t<\/a>\n\t\t\t\t\t\n\t\t\t\t\t\n\t\t\t\t\t<\/div>\n\t\t\t\t\t<\/div>\n\t\t\t\t\t\t\t\t\t\t\t\t\t\t\t\t<div class=\"badge absolute top post-date badge-circle\">\n\t\t\t\t\t\t\t<div class=\"badge-inner\">\n\t\t\t\t\t\t\t\t<span class=\"post-date-day\">26<\/span><br>\n\t\t\t\t\t\t\t\t<span class=\"post-date-month is-xsmall\">Dez.<\/span>\n\t\t\t\t\t\t\t<\/div>\n\t\t\t\t\t\t<\/div>\n\t\t\t\t\t\t\t\t\t<\/div>\n\t\t\t<\/div>\n\t\t<\/div><div class=\"col post-item\" >\n\t\t\t<div class=\"col-inner\">\n\t\t\t\t<div class=\"box box-push box-text-bottom box-blog-post has-hover\">\n            \t\t\t\t\t<div class=\"box-image\" >\n  \t\t\t\t\t\t<div class=\"image-cover\" style=\"padding-top:100%;\">\n\t\t\t\t\t\t\t<a href=\"https:\/\/www.alevcamcioglu.com\/de\/aesthetische-nasen-op-fuer-eine-stupsnase\/\" class=\"plain\" aria-label=\"\u00c4sthetische Nasen-OP f\u00fcr eine Stupsnase\">\n\t\t\t\t\t\t\t\t<img decoding=\"async\" width=\"1600\" height=\"900\" src=\"https:\/\/www.alevcamcioglu.com\/wp-content\/uploads\/2024\/12\/Hokka-Burun.jpg\" class=\"attachment-2048x2048 size-2048x2048 wp-post-image\" alt=\"\" srcset=\"https:\/\/www.alevcamcioglu.com\/wp-content\/uploads\/2024\/12\/Hokka-Burun.jpg 1600w, https:\/\/www.alevcamcioglu.com\/wp-content\/uploads\/2024\/12\/Hokka-Burun-711x400.jpg 711w, https:\/\/www.alevcamcioglu.com\/wp-content\/uploads\/2024\/12\/Hokka-Burun-1400x788.jpg 1400w, https:\/\/www.alevcamcioglu.com\/wp-content\/uploads\/2024\/12\/Hokka-Burun-768x432.jpg 768w, https:\/\/www.alevcamcioglu.com\/wp-content\/uploads\/2024\/12\/Hokka-Burun-1536x864.jpg 1536w\" sizes=\"(max-width: 1600px) 100vw, 1600px\" title=\"\">\t\t\t\t\t\t\t<\/a>\n  \t\t\t\t\t\t\t  \t\t\t\t\t\t\t  \t\t\t\t\t\t<\/div>\n  \t\t\t\t\t\t  \t\t\t\t\t<\/div>\n          \t\t\t\t\t<div class=\"box-text text-center\" >\n\t\t\t\t\t<div class=\"box-text-inner blog-post-inner\">\n\n\t\t\t\t\t\n\t\t\t\t\t\t\t\t\t\t<h5 class=\"post-title is-large \">\n\t\t\t\t\t\t<a href=\"https:\/\/www.alevcamcioglu.com\/de\/aesthetische-nasen-op-fuer-eine-stupsnase\/\" class=\"plain\">\u00c4sthetische Nasen-OP f\u00fcr eine Stupsnase<\/a>\n\t\t\t\t\t<\/h5>\n\t\t\t\t\t\t\t\t\t\t<div class=\"is-divider\"><\/div>\n\t\t\t\t\t                    \n\t\t\t\t\t\t\t\t\t\t\t<a href=\"https:\/\/www.alevcamcioglu.com\/de\/aesthetische-nasen-op-fuer-eine-stupsnase\/\" class=\"button primary is-outline is-small mb-0\">\n\t\t\t\t\t\t\tWeiterlesen\t\t\t\t\t\t<\/a>\n\t\t\t\t\t\n\t\t\t\t\t\n\t\t\t\t\t<\/div>\n\t\t\t\t\t<\/div>\n\t\t\t\t\t\t\t\t\t\t\t\t\t\t\t\t<div class=\"badge absolute top post-date badge-circle\">\n\t\t\t\t\t\t\t<div class=\"badge-inner\">\n\t\t\t\t\t\t\t\t<span class=\"post-date-day\">21<\/span><br>\n\t\t\t\t\t\t\t\t<span class=\"post-date-month is-xsmall\">Dez.<\/span>\n\t\t\t\t\t\t\t<\/div>\n\t\t\t\t\t\t<\/div>\n\t\t\t\t\t\t\t\t\t<\/div>\n\t\t\t<\/div>\n\t\t<\/div><div class=\"col post-item\" >\n\t\t\t<div class=\"col-inner\">\n\t\t\t\t<div class=\"box box-push box-text-bottom box-blog-post has-hover\">\n            \t\t\t\t\t<div class=\"box-image\" >\n  \t\t\t\t\t\t<div class=\"image-cover\" style=\"padding-top:100%;\">\n\t\t\t\t\t\t\t<a href=\"https:\/\/www.alevcamcioglu.com\/de\/was-ist-eine-knopfnase-und-wie-entsteht-sie\/\" class=\"plain\" aria-label=\"Was ist eine \u201eKnopfnase\u201c und wie entsteht sie?\">\n\t\t\t\t\t\t\t\t<img decoding=\"async\" width=\"1600\" height=\"900\" src=\"https:\/\/www.alevcamcioglu.com\/wp-content\/uploads\/2024\/12\/Findik-Buru.jpg\" class=\"attachment-2048x2048 size-2048x2048 wp-post-image\" alt=\"\" srcset=\"https:\/\/www.alevcamcioglu.com\/wp-content\/uploads\/2024\/12\/Findik-Buru.jpg 1600w, https:\/\/www.alevcamcioglu.com\/wp-content\/uploads\/2024\/12\/Findik-Buru-711x400.jpg 711w, https:\/\/www.alevcamcioglu.com\/wp-content\/uploads\/2024\/12\/Findik-Buru-1400x788.jpg 1400w, https:\/\/www.alevcamcioglu.com\/wp-content\/uploads\/2024\/12\/Findik-Buru-768x432.jpg 768w, https:\/\/www.alevcamcioglu.com\/wp-content\/uploads\/2024\/12\/Findik-Buru-1536x864.jpg 1536w\" sizes=\"(max-width: 1600px) 100vw, 1600px\" title=\"\">\t\t\t\t\t\t\t<\/a>\n  \t\t\t\t\t\t\t  \t\t\t\t\t\t\t  \t\t\t\t\t\t<\/div>\n  \t\t\t\t\t\t  \t\t\t\t\t<\/div>\n          \t\t\t\t\t<div class=\"box-text text-center\" >\n\t\t\t\t\t<div class=\"box-text-inner blog-post-inner\">\n\n\t\t\t\t\t\n\t\t\t\t\t\t\t\t\t\t<h5 class=\"post-title is-large \">\n\t\t\t\t\t\t<a href=\"https:\/\/www.alevcamcioglu.com\/de\/was-ist-eine-knopfnase-und-wie-entsteht-sie\/\" class=\"plain\">Was ist eine \u201eKnopfnase\u201c und wie entsteht sie?<\/a>\n\t\t\t\t\t<\/h5>\n\t\t\t\t\t\t\t\t\t\t<div class=\"is-divider\"><\/div>\n\t\t\t\t\t                    \n\t\t\t\t\t\t\t\t\t\t\t<a href=\"https:\/\/www.alevcamcioglu.com\/de\/was-ist-eine-knopfnase-und-wie-entsteht-sie\/\" class=\"button primary is-outline is-small mb-0\">\n\t\t\t\t\t\t\tWeiterlesen\t\t\t\t\t\t<\/a>\n\t\t\t\t\t\n\t\t\t\t\t\n\t\t\t\t\t<\/div>\n\t\t\t\t\t<\/div>\n\t\t\t\t\t\t\t\t\t\t\t\t\t\t\t\t<div class=\"badge absolute top post-date badge-circle\">\n\t\t\t\t\t\t\t<div class=\"badge-inner\">\n\t\t\t\t\t\t\t\t<span class=\"post-date-day\">21<\/span><br>\n\t\t\t\t\t\t\t\t<span class=\"post-date-month is-xsmall\">Dez.<\/span>\n\t\t\t\t\t\t\t<\/div>\n\t\t\t\t\t\t<\/div>\n\t\t\t\t\t\t\t\t\t<\/div>\n\t\t\t<\/div>\n\t\t<\/div><div class=\"col post-item\" >\n\t\t\t<div class=\"col-inner\">\n\t\t\t\t<div class=\"box box-push box-text-bottom box-blog-post has-hover\">\n            \t\t\t\t\t<div class=\"box-image\" >\n  \t\t\t\t\t\t<div class=\"image-cover\" style=\"padding-top:100%;\">\n\t\t\t\t\t\t\t<a href=\"https:\/\/www.alevcamcioglu.com\/de\/nasenspitzenanhebung\/\" class=\"plain\" aria-label=\"Nasenspitzenanhebung\">\n\t\t\t\t\t\t\t\t<img decoding=\"async\" width=\"1600\" height=\"900\" src=\"https:\/\/www.alevcamcioglu.com\/wp-content\/uploads\/2024\/12\/Burun-Ucu-Kaldirma-Estetigi.jpg\" class=\"attachment-2048x2048 size-2048x2048 wp-post-image\" alt=\"\" srcset=\"https:\/\/www.alevcamcioglu.com\/wp-content\/uploads\/2024\/12\/Burun-Ucu-Kaldirma-Estetigi.jpg 1600w, https:\/\/www.alevcamcioglu.com\/wp-content\/uploads\/2024\/12\/Burun-Ucu-Kaldirma-Estetigi-711x400.jpg 711w, https:\/\/www.alevcamcioglu.com\/wp-content\/uploads\/2024\/12\/Burun-Ucu-Kaldirma-Estetigi-1400x788.jpg 1400w, https:\/\/www.alevcamcioglu.com\/wp-content\/uploads\/2024\/12\/Burun-Ucu-Kaldirma-Estetigi-768x432.jpg 768w, https:\/\/www.alevcamcioglu.com\/wp-content\/uploads\/2024\/12\/Burun-Ucu-Kaldirma-Estetigi-1536x864.jpg 1536w\" sizes=\"(max-width: 1600px) 100vw, 1600px\" title=\"\">\t\t\t\t\t\t\t<\/a>\n  \t\t\t\t\t\t\t  \t\t\t\t\t\t\t  \t\t\t\t\t\t<\/div>\n  \t\t\t\t\t\t  \t\t\t\t\t<\/div>\n          \t\t\t\t\t<div class=\"box-text text-center\" >\n\t\t\t\t\t<div class=\"box-text-inner blog-post-inner\">\n\n\t\t\t\t\t\n\t\t\t\t\t\t\t\t\t\t<h5 class=\"post-title is-large \">\n\t\t\t\t\t\t<a href=\"https:\/\/www.alevcamcioglu.com\/de\/nasenspitzenanhebung\/\" class=\"plain\">Nasenspitzenanhebung<\/a>\n\t\t\t\t\t<\/h5>\n\t\t\t\t\t\t\t\t\t\t<div class=\"is-divider\"><\/div>\n\t\t\t\t\t                    \n\t\t\t\t\t\t\t\t\t\t\t<a href=\"https:\/\/www.alevcamcioglu.com\/de\/nasenspitzenanhebung\/\" class=\"button primary is-outline is-small mb-0\">\n\t\t\t\t\t\t\tWeiterlesen\t\t\t\t\t\t<\/a>\n\t\t\t\t\t\n\t\t\t\t\t\n\t\t\t\t\t<\/div>\n\t\t\t\t\t<\/div>\n\t\t\t\t\t\t\t\t\t\t\t\t\t\t\t\t<div class=\"badge absolute top post-date badge-circle\">\n\t\t\t\t\t\t\t<div class=\"badge-inner\">\n\t\t\t\t\t\t\t\t<span class=\"post-date-day\">21<\/span><br>\n\t\t\t\t\t\t\t\t<span class=\"post-date-month is-xsmall\">Dez.<\/span>\n\t\t\t\t\t\t\t<\/div>\n\t\t\t\t\t\t<\/div>\n\t\t\t\t\t\t\t\t\t<\/div>\n\t\t\t<\/div>\n\t\t<\/div><div class=\"col post-item\" >\n\t\t\t<div class=\"col-inner\">\n\t\t\t\t<div class=\"box box-push box-text-bottom box-blog-post has-hover\">\n            \t\t\t\t\t<div class=\"box-image\" >\n  \t\t\t\t\t\t<div class=\"image-cover\" style=\"padding-top:100%;\">\n\t\t\t\t\t\t\t<a href=\"https:\/\/www.alevcamcioglu.com\/de\/septumdeviation\/\" class=\"plain\" aria-label=\"Septumdeviation\">\n\t\t\t\t\t\t\t\t<img decoding=\"async\" width=\"1600\" height=\"900\" src=\"https:\/\/www.alevcamcioglu.com\/wp-content\/uploads\/2024\/12\/Septum-Deviasyonu.jpg\" class=\"attachment-2048x2048 size-2048x2048 wp-post-image\" alt=\"\" srcset=\"https:\/\/www.alevcamcioglu.com\/wp-content\/uploads\/2024\/12\/Septum-Deviasyonu.jpg 1600w, https:\/\/www.alevcamcioglu.com\/wp-content\/uploads\/2024\/12\/Septum-Deviasyonu-711x400.jpg 711w, https:\/\/www.alevcamcioglu.com\/wp-content\/uploads\/2024\/12\/Septum-Deviasyonu-1400x788.jpg 1400w, https:\/\/www.alevcamcioglu.com\/wp-content\/uploads\/2024\/12\/Septum-Deviasyonu-768x432.jpg 768w, https:\/\/www.alevcamcioglu.com\/wp-content\/uploads\/2024\/12\/Septum-Deviasyonu-1536x864.jpg 1536w\" sizes=\"(max-width: 1600px) 100vw, 1600px\" title=\"\">\t\t\t\t\t\t\t<\/a>\n  \t\t\t\t\t\t\t  \t\t\t\t\t\t\t  \t\t\t\t\t\t<\/div>\n  \t\t\t\t\t\t  \t\t\t\t\t<\/div>\n          \t\t\t\t\t<div class=\"box-text text-center\" >\n\t\t\t\t\t<div class=\"box-text-inner blog-post-inner\">\n\n\t\t\t\t\t\n\t\t\t\t\t\t\t\t\t\t<h5 class=\"post-title is-large \">\n\t\t\t\t\t\t<a href=\"https:\/\/www.alevcamcioglu.com\/de\/septumdeviation\/\" class=\"plain\">Septumdeviation<\/a>\n\t\t\t\t\t<\/h5>\n\t\t\t\t\t\t\t\t\t\t<div class=\"is-divider\"><\/div>\n\t\t\t\t\t                    \n\t\t\t\t\t\t\t\t\t\t\t<a href=\"https:\/\/www.alevcamcioglu.com\/de\/septumdeviation\/\" class=\"button primary is-outline is-small mb-0\">\n\t\t\t\t\t\t\tWeiterlesen\t\t\t\t\t\t<\/a>\n\t\t\t\t\t\n\t\t\t\t\t\n\t\t\t\t\t<\/div>\n\t\t\t\t\t<\/div>\n\t\t\t\t\t\t\t\t\t\t\t\t\t\t\t\t<div class=\"badge absolute top post-date badge-circle\">\n\t\t\t\t\t\t\t<div class=\"badge-inner\">\n\t\t\t\t\t\t\t\t<span class=\"post-date-day\">21<\/span><br>\n\t\t\t\t\t\t\t\t<span class=\"post-date-month is-xsmall\">Dez.<\/span>\n\t\t\t\t\t\t\t<\/div>\n\t\t\t\t\t\t<\/div>\n\t\t\t\t\t\t\t\t\t<\/div>\n\t\t\t<\/div>\n\t\t<\/div><div class=\"col post-item\" >\n\t\t\t<div class=\"col-inner\">\n\t\t\t\t<div class=\"box box-push box-text-bottom box-blog-post has-hover\">\n            \t\t\t\t\t<div class=\"box-image\" >\n  \t\t\t\t\t\t<div class=\"image-cover\" style=\"padding-top:100%;\">\n\t\t\t\t\t\t\t<a href=\"https:\/\/www.alevcamcioglu.com\/de\/piezo-ultraschall-nasen-op\/\" class=\"plain\" aria-label=\"Piezo (Ultraschall) Nasen-OP\">\n\t\t\t\t\t\t\t\t<img decoding=\"async\" width=\"1600\" height=\"900\" src=\"https:\/\/www.alevcamcioglu.com\/wp-content\/uploads\/2024\/12\/Piezo-Ultrasonik-Burun-Estetigi.jpg\" class=\"attachment-2048x2048 size-2048x2048 wp-post-image\" alt=\"\" srcset=\"https:\/\/www.alevcamcioglu.com\/wp-content\/uploads\/2024\/12\/Piezo-Ultrasonik-Burun-Estetigi.jpg 1600w, https:\/\/www.alevcamcioglu.com\/wp-content\/uploads\/2024\/12\/Piezo-Ultrasonik-Burun-Estetigi-711x400.jpg 711w, https:\/\/www.alevcamcioglu.com\/wp-content\/uploads\/2024\/12\/Piezo-Ultrasonik-Burun-Estetigi-1400x788.jpg 1400w, https:\/\/www.alevcamcioglu.com\/wp-content\/uploads\/2024\/12\/Piezo-Ultrasonik-Burun-Estetigi-768x432.jpg 768w, https:\/\/www.alevcamcioglu.com\/wp-content\/uploads\/2024\/12\/Piezo-Ultrasonik-Burun-Estetigi-1536x864.jpg 1536w\" sizes=\"(max-width: 1600px) 100vw, 1600px\" title=\"\">\t\t\t\t\t\t\t<\/a>\n  \t\t\t\t\t\t\t  \t\t\t\t\t\t\t  \t\t\t\t\t\t<\/div>\n  \t\t\t\t\t\t  \t\t\t\t\t<\/div>\n          \t\t\t\t\t<div class=\"box-text text-center\" >\n\t\t\t\t\t<div class=\"box-text-inner blog-post-inner\">\n\n\t\t\t\t\t\n\t\t\t\t\t\t\t\t\t\t<h5 class=\"post-title is-large \">\n\t\t\t\t\t\t<a href=\"https:\/\/www.alevcamcioglu.com\/de\/piezo-ultraschall-nasen-op\/\" class=\"plain\">Piezo (Ultraschall) Nasen-OP<\/a>\n\t\t\t\t\t<\/h5>\n\t\t\t\t\t\t\t\t\t\t<div class=\"is-divider\"><\/div>\n\t\t\t\t\t                    \n\t\t\t\t\t\t\t\t\t\t\t<a href=\"https:\/\/www.alevcamcioglu.com\/de\/piezo-ultraschall-nasen-op\/\" class=\"button primary is-outline is-small mb-0\">\n\t\t\t\t\t\t\tWeiterlesen\t\t\t\t\t\t<\/a>\n\t\t\t\t\t\n\t\t\t\t\t\n\t\t\t\t\t<\/div>\n\t\t\t\t\t<\/div>\n\t\t\t\t\t\t\t\t\t\t\t\t\t\t\t\t<div class=\"badge absolute top post-date badge-circle\">\n\t\t\t\t\t\t\t<div class=\"badge-inner\">\n\t\t\t\t\t\t\t\t<span class=\"post-date-day\">21<\/span><br>\n\t\t\t\t\t\t\t\t<span class=\"post-date-month is-xsmall\">Dez.<\/span>\n\t\t\t\t\t\t\t<\/div>\n\t\t\t\t\t\t<\/div>\n\t\t\t\t\t\t\t\t\t<\/div>\n\t\t\t<\/div>\n\t\t<\/div><div class=\"col post-item\" >\n\t\t\t<div class=\"col-inner\">\n\t\t\t\t<div class=\"box box-push box-text-bottom box-blog-post has-hover\">\n            \t\t\t\t\t<div class=\"box-image\" >\n  \t\t\t\t\t\t<div class=\"image-cover\" style=\"padding-top:100%;\">\n\t\t\t\t\t\t\t<a href=\"https:\/\/www.alevcamcioglu.com\/de\/erhaltende-nasen-op-preservation-rhinoplastik\/\" class=\"plain\" aria-label=\"Erhaltende Nasen-OP (Preservation Rhinoplastik)\">\n\t\t\t\t\t\t\t\t<img decoding=\"async\" width=\"1600\" height=\"900\" src=\"https:\/\/www.alevcamcioglu.com\/wp-content\/uploads\/2024\/12\/Koruyucu-Burun-Estetigi-Preservation-Rinoplasti.jpg\" class=\"attachment-2048x2048 size-2048x2048 wp-post-image\" alt=\"\" srcset=\"https:\/\/www.alevcamcioglu.com\/wp-content\/uploads\/2024\/12\/Koruyucu-Burun-Estetigi-Preservation-Rinoplasti.jpg 1600w, https:\/\/www.alevcamcioglu.com\/wp-content\/uploads\/2024\/12\/Koruyucu-Burun-Estetigi-Preservation-Rinoplasti-711x400.jpg 711w, https:\/\/www.alevcamcioglu.com\/wp-content\/uploads\/2024\/12\/Koruyucu-Burun-Estetigi-Preservation-Rinoplasti-1400x788.jpg 1400w, https:\/\/www.alevcamcioglu.com\/wp-content\/uploads\/2024\/12\/Koruyucu-Burun-Estetigi-Preservation-Rinoplasti-768x432.jpg 768w, https:\/\/www.alevcamcioglu.com\/wp-content\/uploads\/2024\/12\/Koruyucu-Burun-Estetigi-Preservation-Rinoplasti-1536x864.jpg 1536w\" sizes=\"(max-width: 1600px) 100vw, 1600px\" title=\"\">\t\t\t\t\t\t\t<\/a>\n  \t\t\t\t\t\t\t  \t\t\t\t\t\t\t  \t\t\t\t\t\t<\/div>\n  \t\t\t\t\t\t  \t\t\t\t\t<\/div>\n          \t\t\t\t\t<div class=\"box-text text-center\" >\n\t\t\t\t\t<div class=\"box-text-inner blog-post-inner\">\n\n\t\t\t\t\t\n\t\t\t\t\t\t\t\t\t\t<h5 class=\"post-title is-large \">\n\t\t\t\t\t\t<a href=\"https:\/\/www.alevcamcioglu.com\/de\/erhaltende-nasen-op-preservation-rhinoplastik\/\" class=\"plain\">Erhaltende Nasen-OP (Preservation Rhinoplastik)<\/a>\n\t\t\t\t\t<\/h5>\n\t\t\t\t\t\t\t\t\t\t<div class=\"is-divider\"><\/div>\n\t\t\t\t\t                    \n\t\t\t\t\t\t\t\t\t\t\t<a href=\"https:\/\/www.alevcamcioglu.com\/de\/erhaltende-nasen-op-preservation-rhinoplastik\/\" class=\"button primary is-outline is-small mb-0\">\n\t\t\t\t\t\t\tWeiterlesen\t\t\t\t\t\t<\/a>\n\t\t\t\t\t\n\t\t\t\t\t\n\t\t\t\t\t<\/div>\n\t\t\t\t\t<\/div>\n\t\t\t\t\t\t\t\t\t\t\t\t\t\t\t\t<div class=\"badge absolute top post-date badge-circle\">\n\t\t\t\t\t\t\t<div class=\"badge-inner\">\n\t\t\t\t\t\t\t\t<span class=\"post-date-day\">21<\/span><br>\n\t\t\t\t\t\t\t\t<span class=\"post-date-month is-xsmall\">Dez.<\/span>\n\t\t\t\t\t\t\t<\/div>\n\t\t\t\t\t\t<\/div>\n\t\t\t\t\t\t\t\t\t<\/div>\n\t\t\t<\/div>\n\t\t<\/div><div class=\"col post-item\" >\n\t\t\t<div class=\"col-inner\">\n\t\t\t\t<div class=\"box box-push box-text-bottom box-blog-post has-hover\">\n            \t\t\t\t\t<div class=\"box-image\" >\n  \t\t\t\t\t\t<div class=\"image-cover\" style=\"padding-top:100%;\">\n\t\t\t\t\t\t\t<a href=\"https:\/\/www.alevcamcioglu.com\/de\/nasen-op-bei-gebogener-nase\/\" class=\"plain\" aria-label=\"Nasen-OP bei gebogener Nase\">\n\t\t\t\t\t\t\t\t<img decoding=\"async\" width=\"1600\" height=\"900\" src=\"https:\/\/www.alevcamcioglu.com\/wp-content\/uploads\/2024\/12\/Kavisli-Burun-Estetigi.jpg\" class=\"attachment-2048x2048 size-2048x2048 wp-post-image\" alt=\"\" srcset=\"https:\/\/www.alevcamcioglu.com\/wp-content\/uploads\/2024\/12\/Kavisli-Burun-Estetigi.jpg 1600w, https:\/\/www.alevcamcioglu.com\/wp-content\/uploads\/2024\/12\/Kavisli-Burun-Estetigi-711x400.jpg 711w, https:\/\/www.alevcamcioglu.com\/wp-content\/uploads\/2024\/12\/Kavisli-Burun-Estetigi-1400x788.jpg 1400w, https:\/\/www.alevcamcioglu.com\/wp-content\/uploads\/2024\/12\/Kavisli-Burun-Estetigi-768x432.jpg 768w, https:\/\/www.alevcamcioglu.com\/wp-content\/uploads\/2024\/12\/Kavisli-Burun-Estetigi-1536x864.jpg 1536w\" sizes=\"(max-width: 1600px) 100vw, 1600px\" title=\"\">\t\t\t\t\t\t\t<\/a>\n  \t\t\t\t\t\t\t  \t\t\t\t\t\t\t  \t\t\t\t\t\t<\/div>\n  \t\t\t\t\t\t  \t\t\t\t\t<\/div>\n          \t\t\t\t\t<div class=\"box-text text-center\" >\n\t\t\t\t\t<div class=\"box-text-inner blog-post-inner\">\n\n\t\t\t\t\t\n\t\t\t\t\t\t\t\t\t\t<h5 class=\"post-title is-large \">\n\t\t\t\t\t\t<a href=\"https:\/\/www.alevcamcioglu.com\/de\/nasen-op-bei-gebogener-nase\/\" class=\"plain\">Nasen-OP bei gebogener Nase<\/a>\n\t\t\t\t\t<\/h5>\n\t\t\t\t\t\t\t\t\t\t<div class=\"is-divider\"><\/div>\n\t\t\t\t\t                    \n\t\t\t\t\t\t\t\t\t\t\t<a href=\"https:\/\/www.alevcamcioglu.com\/de\/nasen-op-bei-gebogener-nase\/\" class=\"button primary is-outline is-small mb-0\">\n\t\t\t\t\t\t\tWeiterlesen\t\t\t\t\t\t<\/a>\n\t\t\t\t\t\n\t\t\t\t\t\n\t\t\t\t\t<\/div>\n\t\t\t\t\t<\/div>\n\t\t\t\t\t\t\t\t\t\t\t\t\t\t\t\t<div class=\"badge absolute top post-date badge-circle\">\n\t\t\t\t\t\t\t<div class=\"badge-inner\">\n\t\t\t\t\t\t\t\t<span class=\"post-date-day\">21<\/span><br>\n\t\t\t\t\t\t\t\t<span class=\"post-date-month is-xsmall\">Dez.<\/span>\n\t\t\t\t\t\t\t<\/div>\n\t\t\t\t\t\t<\/div>\n\t\t\t\t\t\t\t\t\t<\/div>\n\t\t\t<\/div>\n\t\t<\/div><div class=\"col post-item\" >\n\t\t\t<div class=\"col-inner\">\n\t\t\t\t<div class=\"box box-push box-text-bottom box-blog-post has-hover\">\n            \t\t\t\t\t<div class=\"box-image\" >\n  \t\t\t\t\t\t<div class=\"image-cover\" style=\"padding-top:100%;\">\n\t\t\t\t\t\t\t<a href=\"https:\/\/www.alevcamcioglu.com\/de\/nasenraspel-op\/\" class=\"plain\" aria-label=\"Nasenraspel-OP\">\n\t\t\t\t\t\t\t\t<img decoding=\"async\" width=\"1600\" height=\"900\" src=\"https:\/\/www.alevcamcioglu.com\/wp-content\/uploads\/2024\/12\/Burun-Torpuleme-Ameliyati.jpg\" class=\"attachment-2048x2048 size-2048x2048 wp-post-image\" alt=\"\" srcset=\"https:\/\/www.alevcamcioglu.com\/wp-content\/uploads\/2024\/12\/Burun-Torpuleme-Ameliyati.jpg 1600w, https:\/\/www.alevcamcioglu.com\/wp-content\/uploads\/2024\/12\/Burun-Torpuleme-Ameliyati-711x400.jpg 711w, https:\/\/www.alevcamcioglu.com\/wp-content\/uploads\/2024\/12\/Burun-Torpuleme-Ameliyati-1400x788.jpg 1400w, https:\/\/www.alevcamcioglu.com\/wp-content\/uploads\/2024\/12\/Burun-Torpuleme-Ameliyati-768x432.jpg 768w, https:\/\/www.alevcamcioglu.com\/wp-content\/uploads\/2024\/12\/Burun-Torpuleme-Ameliyati-1536x864.jpg 1536w\" sizes=\"(max-width: 1600px) 100vw, 1600px\" title=\"\">\t\t\t\t\t\t\t<\/a>\n  \t\t\t\t\t\t\t  \t\t\t\t\t\t\t  \t\t\t\t\t\t<\/div>\n  \t\t\t\t\t\t  \t\t\t\t\t<\/div>\n          \t\t\t\t\t<div class=\"box-text text-center\" >\n\t\t\t\t\t<div class=\"box-text-inner blog-post-inner\">\n\n\t\t\t\t\t\n\t\t\t\t\t\t\t\t\t\t<h5 class=\"post-title is-large \">\n\t\t\t\t\t\t<a href=\"https:\/\/www.alevcamcioglu.com\/de\/nasenraspel-op\/\" class=\"plain\">Nasenraspel-OP<\/a>\n\t\t\t\t\t<\/h5>\n\t\t\t\t\t\t\t\t\t\t<div class=\"is-divider\"><\/div>\n\t\t\t\t\t                    \n\t\t\t\t\t\t\t\t\t\t\t<a href=\"https:\/\/www.alevcamcioglu.com\/de\/nasenraspel-op\/\" class=\"button primary is-outline is-small mb-0\">\n\t\t\t\t\t\t\tWeiterlesen\t\t\t\t\t\t<\/a>\n\t\t\t\t\t\n\t\t\t\t\t\n\t\t\t\t\t<\/div>\n\t\t\t\t\t<\/div>\n\t\t\t\t\t\t\t\t\t\t\t\t\t\t\t\t<div class=\"badge absolute top post-date badge-circle\">\n\t\t\t\t\t\t\t<div class=\"badge-inner\">\n\t\t\t\t\t\t\t\t<span class=\"post-date-day\">21<\/span><br>\n\t\t\t\t\t\t\t\t<span class=\"post-date-month is-xsmall\">Dez.<\/span>\n\t\t\t\t\t\t\t<\/div>\n\t\t\t\t\t\t<\/div>\n\t\t\t\t\t\t\t\t\t<\/div>\n\t\t\t<\/div>\n\t\t<\/div><div class=\"col post-item\" >\n\t\t\t<div class=\"col-inner\">\n\t\t\t\t<div class=\"box box-push box-text-bottom box-blog-post has-hover\">\n            \t\t\t\t\t<div class=\"box-image\" >\n  \t\t\t\t\t\t<div class=\"image-cover\" style=\"padding-top:100%;\">\n\t\t\t\t\t\t\t<a href=\"https:\/\/www.alevcamcioglu.com\/de\/nasenkorrektur-zur-verkleinerung-der-nase\/\" class=\"plain\" aria-label=\"Nasenkorrektur zur Verkleinerung der Nase\">\n\t\t\t\t\t\t\t\t<img decoding=\"async\" width=\"1600\" height=\"900\" src=\"https:\/\/www.alevcamcioglu.com\/wp-content\/uploads\/2024\/12\/Burun-Kucultme-Ameliyati.jpg\" class=\"attachment-2048x2048 size-2048x2048 wp-post-image\" alt=\"\" srcset=\"https:\/\/www.alevcamcioglu.com\/wp-content\/uploads\/2024\/12\/Burun-Kucultme-Ameliyati.jpg 1600w, https:\/\/www.alevcamcioglu.com\/wp-content\/uploads\/2024\/12\/Burun-Kucultme-Ameliyati-711x400.jpg 711w, https:\/\/www.alevcamcioglu.com\/wp-content\/uploads\/2024\/12\/Burun-Kucultme-Ameliyati-1400x788.jpg 1400w, https:\/\/www.alevcamcioglu.com\/wp-content\/uploads\/2024\/12\/Burun-Kucultme-Ameliyati-768x432.jpg 768w, https:\/\/www.alevcamcioglu.com\/wp-content\/uploads\/2024\/12\/Burun-Kucultme-Ameliyati-1536x864.jpg 1536w\" sizes=\"(max-width: 1600px) 100vw, 1600px\" title=\"\">\t\t\t\t\t\t\t<\/a>\n  \t\t\t\t\t\t\t  \t\t\t\t\t\t\t  \t\t\t\t\t\t<\/div>\n  \t\t\t\t\t\t  \t\t\t\t\t<\/div>\n          \t\t\t\t\t<div class=\"box-text text-center\" >\n\t\t\t\t\t<div class=\"box-text-inner blog-post-inner\">\n\n\t\t\t\t\t\n\t\t\t\t\t\t\t\t\t\t<h5 class=\"post-title is-large \">\n\t\t\t\t\t\t<a href=\"https:\/\/www.alevcamcioglu.com\/de\/nasenkorrektur-zur-verkleinerung-der-nase\/\" class=\"plain\">Nasenkorrektur zur Verkleinerung der Nase<\/a>\n\t\t\t\t\t<\/h5>\n\t\t\t\t\t\t\t\t\t\t<div class=\"is-divider\"><\/div>\n\t\t\t\t\t                    \n\t\t\t\t\t\t\t\t\t\t\t<a href=\"https:\/\/www.alevcamcioglu.com\/de\/nasenkorrektur-zur-verkleinerung-der-nase\/\" class=\"button primary is-outline is-small mb-0\">\n\t\t\t\t\t\t\tWeiterlesen\t\t\t\t\t\t<\/a>\n\t\t\t\t\t\n\t\t\t\t\t\n\t\t\t\t\t<\/div>\n\t\t\t\t\t<\/div>\n\t\t\t\t\t\t\t\t\t\t\t\t\t\t\t\t<div class=\"badge absolute top post-date badge-circle\">\n\t\t\t\t\t\t\t<div class=\"badge-inner\">\n\t\t\t\t\t\t\t\t<span class=\"post-date-day\">21<\/span><br>\n\t\t\t\t\t\t\t\t<span class=\"post-date-month is-xsmall\">Dez.<\/span>\n\t\t\t\t\t\t\t<\/div>\n\t\t\t\t\t\t<\/div>\n\t\t\t\t\t\t\t\t\t<\/div>\n\t\t\t<\/div>\n\t\t<\/div><div class=\"col post-item\" >\n\t\t\t<div class=\"col-inner\">\n\t\t\t\t<div class=\"box box-push box-text-bottom box-blog-post has-hover\">\n            \t\t\t\t\t<div class=\"box-image\" >\n  \t\t\t\t\t\t<div class=\"image-cover\" style=\"padding-top:100%;\">\n\t\t\t\t\t\t\t<a href=\"https:\/\/www.alevcamcioglu.com\/de\/operation-zur-verkleinerung-der-nasenloecher\/\" class=\"plain\" aria-label=\"Operation zur Verkleinerung der Nasenl\u00f6cher\">\n\t\t\t\t\t\t\t\t<img decoding=\"async\" width=\"1600\" height=\"900\" src=\"https:\/\/www.alevcamcioglu.com\/wp-content\/uploads\/2024\/12\/Burun-Torpuleme-Ameliyati.jpg\" class=\"attachment-2048x2048 size-2048x2048 wp-post-image\" alt=\"\" srcset=\"https:\/\/www.alevcamcioglu.com\/wp-content\/uploads\/2024\/12\/Burun-Torpuleme-Ameliyati.jpg 1600w, https:\/\/www.alevcamcioglu.com\/wp-content\/uploads\/2024\/12\/Burun-Torpuleme-Ameliyati-711x400.jpg 711w, https:\/\/www.alevcamcioglu.com\/wp-content\/uploads\/2024\/12\/Burun-Torpuleme-Ameliyati-1400x788.jpg 1400w, https:\/\/www.alevcamcioglu.com\/wp-content\/uploads\/2024\/12\/Burun-Torpuleme-Ameliyati-768x432.jpg 768w, https:\/\/www.alevcamcioglu.com\/wp-content\/uploads\/2024\/12\/Burun-Torpuleme-Ameliyati-1536x864.jpg 1536w\" sizes=\"(max-width: 1600px) 100vw, 1600px\" title=\"\">\t\t\t\t\t\t\t<\/a>\n  \t\t\t\t\t\t\t  \t\t\t\t\t\t\t  \t\t\t\t\t\t<\/div>\n  \t\t\t\t\t\t  \t\t\t\t\t<\/div>\n          \t\t\t\t\t<div class=\"box-text text-center\" >\n\t\t\t\t\t<div class=\"box-text-inner blog-post-inner\">\n\n\t\t\t\t\t\n\t\t\t\t\t\t\t\t\t\t<h5 class=\"post-title is-large \">\n\t\t\t\t\t\t<a href=\"https:\/\/www.alevcamcioglu.com\/de\/operation-zur-verkleinerung-der-nasenloecher\/\" class=\"plain\">Operation zur Verkleinerung der Nasenl\u00f6cher<\/a>\n\t\t\t\t\t<\/h5>\n\t\t\t\t\t\t\t\t\t\t<div class=\"is-divider\"><\/div>\n\t\t\t\t\t                    \n\t\t\t\t\t\t\t\t\t\t\t<a href=\"https:\/\/www.alevcamcioglu.com\/de\/operation-zur-verkleinerung-der-nasenloecher\/\" class=\"button primary is-outline is-small mb-0\">\n\t\t\t\t\t\t\tWeiterlesen\t\t\t\t\t\t<\/a>\n\t\t\t\t\t\n\t\t\t\t\t\n\t\t\t\t\t<\/div>\n\t\t\t\t\t<\/div>\n\t\t\t\t\t\t\t\t\t\t\t\t\t\t\t\t<div class=\"badge absolute top post-date badge-circle\">\n\t\t\t\t\t\t\t<div class=\"badge-inner\">\n\t\t\t\t\t\t\t\t<span class=\"post-date-day\">21<\/span><br>\n\t\t\t\t\t\t\t\t<span class=\"post-date-month is-xsmall\">Dez.<\/span>\n\t\t\t\t\t\t\t<\/div>\n\t\t\t\t\t\t<\/div>\n\t\t\t\t\t\t\t\t\t<\/div>\n\t\t\t<\/div>\n\t\t<\/div><div class=\"col post-item\" >\n\t\t\t<div class=\"col-inner\">\n\t\t\t\t<div class=\"box box-push box-text-bottom box-blog-post has-hover\">\n            \t\t\t\t\t<div class=\"box-image\" >\n  \t\t\t\t\t\t<div class=\"image-cover\" style=\"padding-top:100%;\">\n\t\t\t\t\t\t\t<a href=\"https:\/\/www.alevcamcioglu.com\/de\/barbie-nose-nasen-op\/\" class=\"plain\" aria-label=\"Barbie Nose Nasen-OP\">\n\t\t\t\t\t\t\t\t<img decoding=\"async\" width=\"1600\" height=\"900\" src=\"https:\/\/www.alevcamcioglu.com\/wp-content\/uploads\/2024\/12\/Barbie-Nose-Burun-Estetigi.jpg\" class=\"attachment-2048x2048 size-2048x2048 wp-post-image\" alt=\"\" srcset=\"https:\/\/www.alevcamcioglu.com\/wp-content\/uploads\/2024\/12\/Barbie-Nose-Burun-Estetigi.jpg 1600w, https:\/\/www.alevcamcioglu.com\/wp-content\/uploads\/2024\/12\/Barbie-Nose-Burun-Estetigi-711x400.jpg 711w, https:\/\/www.alevcamcioglu.com\/wp-content\/uploads\/2024\/12\/Barbie-Nose-Burun-Estetigi-1400x788.jpg 1400w, https:\/\/www.alevcamcioglu.com\/wp-content\/uploads\/2024\/12\/Barbie-Nose-Burun-Estetigi-768x432.jpg 768w, https:\/\/www.alevcamcioglu.com\/wp-content\/uploads\/2024\/12\/Barbie-Nose-Burun-Estetigi-1536x864.jpg 1536w\" sizes=\"(max-width: 1600px) 100vw, 1600px\" title=\"\">\t\t\t\t\t\t\t<\/a>\n  \t\t\t\t\t\t\t  \t\t\t\t\t\t\t  \t\t\t\t\t\t<\/div>\n  \t\t\t\t\t\t  \t\t\t\t\t<\/div>\n          \t\t\t\t\t<div class=\"box-text text-center\" >\n\t\t\t\t\t<div class=\"box-text-inner blog-post-inner\">\n\n\t\t\t\t\t\n\t\t\t\t\t\t\t\t\t\t<h5 class=\"post-title is-large \">\n\t\t\t\t\t\t<a href=\"https:\/\/www.alevcamcioglu.com\/de\/barbie-nose-nasen-op\/\" class=\"plain\">Barbie Nose Nasen-OP<\/a>\n\t\t\t\t\t<\/h5>\n\t\t\t\t\t\t\t\t\t\t<div class=\"is-divider\"><\/div>\n\t\t\t\t\t                    \n\t\t\t\t\t\t\t\t\t\t\t<a href=\"https:\/\/www.alevcamcioglu.com\/de\/barbie-nose-nasen-op\/\" class=\"button primary is-outline is-small mb-0\">\n\t\t\t\t\t\t\tWeiterlesen\t\t\t\t\t\t<\/a>\n\t\t\t\t\t\n\t\t\t\t\t\n\t\t\t\t\t<\/div>\n\t\t\t\t\t<\/div>\n\t\t\t\t\t\t\t\t\t\t\t\t\t\t\t\t<div class=\"badge absolute top post-date badge-circle\">\n\t\t\t\t\t\t\t<div class=\"badge-inner\">\n\t\t\t\t\t\t\t\t<span class=\"post-date-day\">21<\/span><br>\n\t\t\t\t\t\t\t\t<span class=\"post-date-month is-xsmall\">Dez.<\/span>\n\t\t\t\t\t\t\t<\/div>\n\t\t\t\t\t\t<\/div>\n\t\t\t\t\t\t\t\t\t<\/div>\n\t\t\t<\/div>\n\t\t<\/div><div class=\"col post-item\" >\n\t\t\t<div class=\"col-inner\">\n\t\t\t\t<div class=\"box box-push box-text-bottom box-blog-post has-hover\">\n            \t\t\t\t\t<div class=\"box-image\" >\n  \t\t\t\t\t\t<div class=\"image-cover\" style=\"padding-top:100%;\">\n\t\t\t\t\t\t\t<a href=\"https:\/\/www.alevcamcioglu.com\/de\/nasen-op-im-ausland\/\" class=\"plain\" aria-label=\"Nasen-OP im Ausland\">\n\t\t\t\t\t\t\t\t<img decoding=\"async\" width=\"1600\" height=\"900\" src=\"https:\/\/www.alevcamcioglu.com\/wp-content\/uploads\/2024\/11\/Nasen-OP-im-Ausland_-Risiken-Vorteile-und-wichtige-Uberlegungen.jpg\" class=\"attachment-2048x2048 size-2048x2048 wp-post-image\" alt=\"\" srcset=\"https:\/\/www.alevcamcioglu.com\/wp-content\/uploads\/2024\/11\/Nasen-OP-im-Ausland_-Risiken-Vorteile-und-wichtige-Uberlegungen.jpg 1600w, https:\/\/www.alevcamcioglu.com\/wp-content\/uploads\/2024\/11\/Nasen-OP-im-Ausland_-Risiken-Vorteile-und-wichtige-Uberlegungen-711x400.jpg 711w, https:\/\/www.alevcamcioglu.com\/wp-content\/uploads\/2024\/11\/Nasen-OP-im-Ausland_-Risiken-Vorteile-und-wichtige-Uberlegungen-1400x788.jpg 1400w, https:\/\/www.alevcamcioglu.com\/wp-content\/uploads\/2024\/11\/Nasen-OP-im-Ausland_-Risiken-Vorteile-und-wichtige-Uberlegungen-768x432.jpg 768w, https:\/\/www.alevcamcioglu.com\/wp-content\/uploads\/2024\/11\/Nasen-OP-im-Ausland_-Risiken-Vorteile-und-wichtige-Uberlegungen-1536x864.jpg 1536w\" sizes=\"(max-width: 1600px) 100vw, 1600px\" title=\"\">\t\t\t\t\t\t\t<\/a>\n  \t\t\t\t\t\t\t  \t\t\t\t\t\t\t  \t\t\t\t\t\t<\/div>\n  \t\t\t\t\t\t  \t\t\t\t\t<\/div>\n          \t\t\t\t\t<div class=\"box-text text-center\" >\n\t\t\t\t\t<div class=\"box-text-inner blog-post-inner\">\n\n\t\t\t\t\t\n\t\t\t\t\t\t\t\t\t\t<h5 class=\"post-title is-large \">\n\t\t\t\t\t\t<a href=\"https:\/\/www.alevcamcioglu.com\/de\/nasen-op-im-ausland\/\" class=\"plain\">Nasen-OP im Ausland<\/a>\n\t\t\t\t\t<\/h5>\n\t\t\t\t\t\t\t\t\t\t<div class=\"is-divider\"><\/div>\n\t\t\t\t\t                    \n\t\t\t\t\t\t\t\t\t\t\t<a href=\"https:\/\/www.alevcamcioglu.com\/de\/nasen-op-im-ausland\/\" class=\"button primary is-outline is-small mb-0\">\n\t\t\t\t\t\t\tWeiterlesen\t\t\t\t\t\t<\/a>\n\t\t\t\t\t\n\t\t\t\t\t\n\t\t\t\t\t<\/div>\n\t\t\t\t\t<\/div>\n\t\t\t\t\t\t\t\t\t\t\t\t\t\t\t\t<div class=\"badge absolute top post-date badge-circle\">\n\t\t\t\t\t\t\t<div class=\"badge-inner\">\n\t\t\t\t\t\t\t\t<span class=\"post-date-day\">26<\/span><br>\n\t\t\t\t\t\t\t\t<span class=\"post-date-month is-xsmall\">Nov.<\/span>\n\t\t\t\t\t\t\t<\/div>\n\t\t\t\t\t\t<\/div>\n\t\t\t\t\t\t\t\t\t<\/div>\n\t\t\t<\/div>\n\t\t<\/div><div class=\"col post-item\" >\n\t\t\t<div class=\"col-inner\">\n\t\t\t\t<div class=\"box box-push box-text-bottom box-blog-post has-hover\">\n            \t\t\t\t\t<div class=\"box-image\" >\n  \t\t\t\t\t\t<div class=\"image-cover\" style=\"padding-top:100%;\">\n\t\t\t\t\t\t\t<a href=\"https:\/\/www.alevcamcioglu.com\/de\/was-ist-ein-knorpeltransplantat-bei-einer-nasen-op\/\" class=\"plain\" aria-label=\"Was ist ein Knorpeltransplantat bei einer Nasen-OP?\">\n\t\t\t\t\t\t\t\t<img decoding=\"async\" width=\"1140\" height=\"500\" src=\"https:\/\/www.alevcamcioglu.com\/wp-content\/uploads\/2024\/11\/Burun-Estetiginde-Kikirdak-Greft-Nedir.jpg\" class=\"attachment-2048x2048 size-2048x2048 wp-post-image\" alt=\"\" srcset=\"https:\/\/www.alevcamcioglu.com\/wp-content\/uploads\/2024\/11\/Burun-Estetiginde-Kikirdak-Greft-Nedir.jpg 1140w, https:\/\/www.alevcamcioglu.com\/wp-content\/uploads\/2024\/11\/Burun-Estetiginde-Kikirdak-Greft-Nedir-800x351.jpg 800w, https:\/\/www.alevcamcioglu.com\/wp-content\/uploads\/2024\/11\/Burun-Estetiginde-Kikirdak-Greft-Nedir-768x337.jpg 768w\" sizes=\"(max-width: 1140px) 100vw, 1140px\" title=\"\">\t\t\t\t\t\t\t<\/a>\n  \t\t\t\t\t\t\t  \t\t\t\t\t\t\t  \t\t\t\t\t\t<\/div>\n  \t\t\t\t\t\t  \t\t\t\t\t<\/div>\n          \t\t\t\t\t<div class=\"box-text text-center\" >\n\t\t\t\t\t<div class=\"box-text-inner blog-post-inner\">\n\n\t\t\t\t\t\n\t\t\t\t\t\t\t\t\t\t<h5 class=\"post-title is-large \">\n\t\t\t\t\t\t<a href=\"https:\/\/www.alevcamcioglu.com\/de\/was-ist-ein-knorpeltransplantat-bei-einer-nasen-op\/\" class=\"plain\">Was ist ein Knorpeltransplantat bei einer Nasen-OP?<\/a>\n\t\t\t\t\t<\/h5>\n\t\t\t\t\t\t\t\t\t\t<div class=\"is-divider\"><\/div>\n\t\t\t\t\t                    \n\t\t\t\t\t\t\t\t\t\t\t<a href=\"https:\/\/www.alevcamcioglu.com\/de\/was-ist-ein-knorpeltransplantat-bei-einer-nasen-op\/\" class=\"button primary is-outline is-small mb-0\">\n\t\t\t\t\t\t\tWeiterlesen\t\t\t\t\t\t<\/a>\n\t\t\t\t\t\n\t\t\t\t\t\n\t\t\t\t\t<\/div>\n\t\t\t\t\t<\/div>\n\t\t\t\t\t\t\t\t\t\t\t\t\t\t\t\t<div class=\"badge absolute top post-date badge-circle\">\n\t\t\t\t\t\t\t<div class=\"badge-inner\">\n\t\t\t\t\t\t\t\t<span class=\"post-date-day\">22<\/span><br>\n\t\t\t\t\t\t\t\t<span class=\"post-date-month is-xsmall\">Nov.<\/span>\n\t\t\t\t\t\t\t<\/div>\n\t\t\t\t\t\t<\/div>\n\t\t\t\t\t\t\t\t\t<\/div>\n\t\t\t<\/div>\n\t\t<\/div><div class=\"col post-item\" >\n\t\t\t<div class=\"col-inner\">\n\t\t\t\t<div class=\"box box-push box-text-bottom box-blog-post has-hover\">\n            \t\t\t\t\t<div class=\"box-image\" >\n  \t\t\t\t\t\t<div class=\"image-cover\" style=\"padding-top:100%;\">\n\t\t\t\t\t\t\t<a href=\"https:\/\/www.alevcamcioglu.com\/de\/nasolabialwinkel-und-columellolabialer-winkel\/\" class=\"plain\" aria-label=\"Nasolabialwinkel und columellolabialer Winkel\">\n\t\t\t\t\t\t\t\t<img decoding=\"async\" width=\"1140\" height=\"500\" src=\"https:\/\/www.alevcamcioglu.com\/wp-content\/uploads\/2024\/11\/Nasolabial-Aci-ve-Kolumellalobuler-Aci.jpg\" class=\"attachment-2048x2048 size-2048x2048 wp-post-image\" alt=\"\" srcset=\"https:\/\/www.alevcamcioglu.com\/wp-content\/uploads\/2024\/11\/Nasolabial-Aci-ve-Kolumellalobuler-Aci.jpg 1140w, https:\/\/www.alevcamcioglu.com\/wp-content\/uploads\/2024\/11\/Nasolabial-Aci-ve-Kolumellalobuler-Aci-800x351.jpg 800w, https:\/\/www.alevcamcioglu.com\/wp-content\/uploads\/2024\/11\/Nasolabial-Aci-ve-Kolumellalobuler-Aci-768x337.jpg 768w\" sizes=\"(max-width: 1140px) 100vw, 1140px\" title=\"\">\t\t\t\t\t\t\t<\/a>\n  \t\t\t\t\t\t\t  \t\t\t\t\t\t\t  \t\t\t\t\t\t<\/div>\n  \t\t\t\t\t\t  \t\t\t\t\t<\/div>\n          \t\t\t\t\t<div class=\"box-text text-center\" >\n\t\t\t\t\t<div class=\"box-text-inner blog-post-inner\">\n\n\t\t\t\t\t\n\t\t\t\t\t\t\t\t\t\t<h5 class=\"post-title is-large \">\n\t\t\t\t\t\t<a href=\"https:\/\/www.alevcamcioglu.com\/de\/nasolabialwinkel-und-columellolabialer-winkel\/\" class=\"plain\">Nasolabialwinkel und columellolabialer Winkel<\/a>\n\t\t\t\t\t<\/h5>\n\t\t\t\t\t\t\t\t\t\t<div class=\"is-divider\"><\/div>\n\t\t\t\t\t                    \n\t\t\t\t\t\t\t\t\t\t\t<a href=\"https:\/\/www.alevcamcioglu.com\/de\/nasolabialwinkel-und-columellolabialer-winkel\/\" class=\"button primary is-outline is-small mb-0\">\n\t\t\t\t\t\t\tWeiterlesen\t\t\t\t\t\t<\/a>\n\t\t\t\t\t\n\t\t\t\t\t\n\t\t\t\t\t<\/div>\n\t\t\t\t\t<\/div>\n\t\t\t\t\t\t\t\t\t\t\t\t\t\t\t\t<div class=\"badge absolute top post-date badge-circle\">\n\t\t\t\t\t\t\t<div class=\"badge-inner\">\n\t\t\t\t\t\t\t\t<span class=\"post-date-day\">22<\/span><br>\n\t\t\t\t\t\t\t\t<span class=\"post-date-month is-xsmall\">Nov.<\/span>\n\t\t\t\t\t\t\t<\/div>\n\t\t\t\t\t\t<\/div>\n\t\t\t\t\t\t\t\t\t<\/div>\n\t\t\t<\/div>\n\t\t<\/div><\/div>\n\t\t<\/div>\n\t\t\t\t\t<\/div>\n\n\t\n<\/div>\n\t\t<\/div>\n\n\t\t\n<style>\n#section_822075508 {\n  padding-top: 30px;\n  padding-bottom: 30px;\n}\n<\/style>\n\t<\/section>\n\t\n","protected":false},"excerpt":{"rendered":"","protected":false},"author":990002,"featured_media":7829,"parent":1437,"menu_order":0,"comment_status":"closed","ping_status":"closed","template":"page-blank.php","meta":{"footnotes":""},"class_list":["post-8559","page","type-page","status-publish","has-post-thumbnail","hentry"],"_links":{"self":[{"href":"https:\/\/www.alevcamcioglu.com\/de\/wp-json\/wp\/v2\/pages\/8559","targetHints":{"allow":["GET"]}}],"collection":[{"href":"https:\/\/www.alevcamcioglu.com\/de\/wp-json\/wp\/v2\/pages"}],"about":[{"href":"https:\/\/www.alevcamcioglu.com\/de\/wp-json\/wp\/v2\/types\/page"}],"author":[{"embeddable":true,"href":"https:\/\/www.alevcamcioglu.com\/de\/wp-json\/wp\/v2\/users\/990002"}],"replies":[{"embeddable":true,"href":"https:\/\/www.alevcamcioglu.com\/de\/wp-json\/wp\/v2\/comments?post=8559"}],"version-history":[{"count":2,"href":"https:\/\/www.alevcamcioglu.com\/de\/wp-json\/wp\/v2\/pages\/8559\/revisions"}],"predecessor-version":[{"id":11693,"href":"https:\/\/www.alevcamcioglu.com\/de\/wp-json\/wp\/v2\/pages\/8559\/revisions\/11693"}],"up":[{"embeddable":true,"href":"https:\/\/www.alevcamcioglu.com\/de\/wp-json\/wp\/v2\/pages\/1437"}],"wp:featuredmedia":[{"embeddable":true,"href":"https:\/\/www.alevcamcioglu.com\/de\/wp-json\/wp\/v2\/media\/7829"}],"wp:attachment":[{"href":"https:\/\/www.alevcamcioglu.com\/de\/wp-json\/wp\/v2\/media?parent=8559"}],"curies":[{"name":"wp","href":"https:\/\/api.w.org\/{rel}","templated":true}]}}