{"id":8557,"date":"2024-12-26T09:07:02","date_gmt":"2024-12-26T06:07:02","guid":{"rendered":"https:\/\/www.alevcamcioglu.com\/?page_id=8557"},"modified":"2026-03-23T11:14:52","modified_gmt":"2026-03-23T08:14:52","slug":"haselnuss-nasenkorrektur","status":"publish","type":"page","link":"https:\/\/www.alevcamcioglu.com\/de\/nasen-op\/haselnuss-nasenkorrektur\/","title":{"rendered":"Haselnuss-Nasenkorrektur"},"content":{"rendered":"\n\t<section class=\"section\" id=\"section_711948029\">\n\t\t<div class=\"section-bg fill\" >\n\t\t\t<img decoding=\"async\" width=\"1600\" height=\"900\" src=\"https:\/\/www.alevcamcioglu.com\/wp-content\/uploads\/2024\/12\/Findik-Burun-Estetigi.jpg\" class=\"bg attachment-2048x2048 size-2048x2048\" alt=\"\" title=\"\">\t\t\t\t\t\t\n\t\t\t\n\n\t\t<\/div>\n\n\t\t\n\n\t\t<div class=\"section-content relative\">\n\t\t\t\n\t\t<\/div>\n\n\t\t\n<style>\n#section_711948029 {\n  padding-top: 150px;\n  padding-bottom: 150px;\n}\n#section_711948029 .section-bg img {\n  object-position: 50% 42%;\n}\n@media (min-width:550px) {\n  #section_711948029 {\n    padding-top: 250px;\n    padding-bottom: 250px;\n  }\n}\n<\/style>\n\t<\/section>\n\t\n\n\t<section class=\"section\" id=\"section_1523851612\">\n\t\t<div class=\"section-bg fill\" >\n\t\t\t\t\t\t\t\t\t\n\t\t\t\n\n\t\t<\/div>\n\n\t\t\n\n\t\t<div class=\"section-content relative\">\n\t\t\t\n<div class=\"row\"  id=\"row-66208434\">\n\n\t<div id=\"col-646221022\" class=\"col show-for-small small-12 large-12\"  >\n\t\t\t\t<div class=\"col-inner text-center\"  >\n\t\t\t\n\t<div class=\"is-border\"\n\t\tstyle=\"border-color:rgb(75, 85, 173);border-radius:20px;border-width:1px 1px 1px 1px;\">\n\t<\/div>\n\t\t\t\n  <div id=\"page-header-682605174\" class=\"page-header-wrapper\">\n  <div class=\"page-title light simple-title\">\n\n    \n    <div class=\"page-title-inner container align-center text-center flex-row-col medium-flex-wrap\" >\n              <div class=\"title-wrapper flex-col\">\n          <h1 class=\"entry-title mb-0\">\n            Haselnuss-Nasenkorrektur          <\/h1>\n        <\/div>\n                    <div class=\"title-content flex-col\">\n        <div class=\"title-breadcrumbs pb-half pt-half\"><\/div>      <\/div>\n    <\/div>\n\n       <\/div>\n    <\/div>\n  \n\t\t<\/div>\n\t\t\t\t\t<\/div>\n\n\t\n<\/div>\n<div class=\"row\"  id=\"row-1113018773\">\n\n\t<div id=\"col-147890499\" class=\"col medium-6 small-12 large-6\"  >\n\t\t\t\t<div class=\"col-inner\"  >\n\t\t\t\n\t\t\t\n  <div id=\"page-header-1214716665\" class=\"page-header-wrapper\">\n  <div class=\"page-title hide-for-small light simple-title\">\n\n    \n    <div class=\"page-title-inner container align-center flex-row medium-flex-wrap\" >\n              <div class=\"title-wrapper flex-col text-left medium-text-center\">\n          <h1 class=\"entry-title mb-0\">\n            Haselnuss-Nasenkorrektur          <\/h1>\n        <\/div>\n                    <div class=\"title-content flex-col flex-right text-right medium-text-center\">\n        <div class=\"title-breadcrumbs pb-half pt-half\"><\/div>      <\/div>\n    <\/div>\n\n       <\/div>\n    <\/div>\n  \n\t<div id=\"gap-326691011\" class=\"gap-element clearfix hide-for-small\" style=\"display:block; height:auto;\">\n\t\t\n<style>\n#gap-326691011 {\n  padding-top: 30px;\n}\n<\/style>\n\t<\/div>\n\t\n<p><span style=\"font-weight: 400;\">Die Haselnuss-Nasenkorrektur in der T\u00fcrkei ist eine \u00e4sthetische Rhinoplastik-Technik, bei der die Nasenspitze kompakt, rund und proportional geformt wird, sodass ein weiches und harmonisches Profil entsteht. Der Eingriff wird von spezialisierten plastischen Chirurgen unter sterilen klinischen Bedingungen durchgef\u00fchrt und zielt auf funktionelle und \u00e4sthetische Balance ab.<\/span><\/p>\n<p><span style=\"font-weight: 400;\">Haselnuss-Nasenkorrektur Methode beschreibt eine pr\u00e4zise chirurgische Technik zur Modellierung der Nasenspitze und des Nasenr\u00fcckens. Dabei werden Knorpelstrukturen sorgf\u00e4ltig angepasst, um eine nat\u00fcrliche, kleine und symmetrische Nasenform zu erreichen. Moderne Operationstechniken reduzieren Gewebetrauma und unterst\u00fctzen eine kontrollierte Heilungsphase.<\/span><\/p>\n<p><span style=\"font-weight: 400;\">\u00c4sthetische Nasenkorrektur T\u00fcrkei Kosten und Ablauf umfassen pr\u00e4operative Analyse, digitale Planung und einen individuell angepassten Operationsplan. Kliniken in der T\u00fcrkei arbeiten nach internationalen medizinischen Standards und kombinieren moderne chirurgische Technologien mit erfahrenen Fach\u00e4rzten, um sichere und konsistente Ergebnisse zu erzielen.<\/span><\/p>\n<p><span style=\"font-weight: 400;\">Postoperative Pflege nach Haselnuss-Nasenkorrektur umfasst kontrollierte Schwellungsreduktion, regelm\u00e4\u00dfige \u00e4rztliche Nachkontrollen und eine strukturierte Heilungsphase. Patienten erhalten detaillierte medizinische Empfehlungen zur Nasenpflege, Aktivit\u00e4tsbegrenzung und Hautschutz, um stabile Ergebnisse und eine gesunde Gewebeheilung sicherzustellen.<\/span><\/p>\n\t\t<\/div>\n\t\t\t\t\t<\/div>\n\n\t\n\n\t<div id=\"col-1660901985\" class=\"col medium-6 small-12 large-6\"  >\n\t\t\t\t<div class=\"col-inner\"  >\n\t\t\t\n\t\t\t\n\t<div class=\"img has-hover x md-x lg-x y md-y lg-y\" id=\"image_691685233\">\n\t\t\t\t\t\t\t\t<div class=\"img-inner image-cover dark\" style=\"padding-top:75%;\">\n\t\t\t<img decoding=\"async\" width=\"1242\" height=\"1062\" src=\"https:\/\/www.alevcamcioglu.com\/wp-content\/uploads\/2024\/10\/galeri35.jpg\" class=\"attachment-2048x2048 size-2048x2048\" alt=\"nasen op t\u00fcrkei vorher nachher\" srcset=\"https:\/\/www.alevcamcioglu.com\/wp-content\/uploads\/2024\/10\/galeri35.jpg 1242w, https:\/\/www.alevcamcioglu.com\/wp-content\/uploads\/2024\/10\/galeri35-468x400.jpg 468w, https:\/\/www.alevcamcioglu.com\/wp-content\/uploads\/2024\/10\/galeri35-936x800.jpg 936w, https:\/\/www.alevcamcioglu.com\/wp-content\/uploads\/2024\/10\/galeri35-768x657.jpg 768w, https:\/\/www.alevcamcioglu.com\/wp-content\/uploads\/2024\/10\/galeri35-770x658.jpg 770w, https:\/\/www.alevcamcioglu.com\/wp-content\/uploads\/2024\/10\/galeri35-370x316.jpg 370w\" sizes=\"(max-width: 1242px) 100vw, 1242px\" title=\"\">\t\t\t\t\t\t\n\t\t\t\t\t<\/div>\n\t\t\t\t\t\t\t\t\n<style>\n#image_691685233 {\n  width: 100%;\n}\n<\/style>\n\t<\/div>\n\t\n\t\t<\/div>\n\t\t\t\t\t<\/div>\n\n\t\n\n\t<div id=\"col-955376148\" class=\"col small-12 large-12\"  >\n\t\t\t\t<div class=\"col-inner\"  >\n\t\t\t\n\t\t\t\n\n\t<section class=\"section\" id=\"section_703520599\">\n\t\t<div class=\"section-bg fill\" >\n\t\t\t\t\t\t\t\t\t\n\t\t\t\n\n\t\t<\/div>\n\n\t\t\n\n\t\t<div class=\"section-content relative\">\n\t\t\t\n\n<div class=\"row\"  id=\"row-107864710\">\n\n\n\t<div id=\"col-239671345\" class=\"col small-12 large-12\"  >\n\t\t\t\t<div class=\"col-inner box-shadow-2\"  >\n\t\t\t\n\t\t\t\n\n<div class=\"row\"  id=\"row-917887320\">\n\n\n\t<div id=\"col-764328304\" class=\"col show-for-small medium-3 small-12 large-3\"  >\n\t\t\t\t<div class=\"col-inner\"  >\n\t\t\t\n\t\t\t\n\n\t<div class=\"img has-hover x md-x lg-x y md-y lg-y\" id=\"image_1908662802\">\n\t\t\t\t\t\t\t\t<div class=\"img-inner dark\" >\n\t\t\t<img decoding=\"async\" width=\"1231\" height=\"1280\" src=\"https:\/\/www.alevcamcioglu.com\/wp-content\/uploads\/2024\/10\/galeri61.webp\" class=\"attachment-2048x2048 size-2048x2048\" alt=\"Br\u00fcnette Frau vor und nach der Nasenkorrektur\" srcset=\"https:\/\/www.alevcamcioglu.com\/wp-content\/uploads\/2024\/10\/galeri61.webp 1231w, https:\/\/www.alevcamcioglu.com\/wp-content\/uploads\/2024\/10\/galeri61-385x400.webp 385w, https:\/\/www.alevcamcioglu.com\/wp-content\/uploads\/2024\/10\/galeri61-769x800.webp 769w, https:\/\/www.alevcamcioglu.com\/wp-content\/uploads\/2024\/10\/galeri61-768x799.webp 768w\" sizes=\"(max-width: 1231px) 100vw, 1231px\" title=\"\">\t\t\t\t\t\t\n\t\t\t\t\t<\/div>\n\t\t\t\t\t\t\t\t\n<style>\n#image_1908662802 {\n  width: 100%;\n}\n<\/style>\n\t<\/div>\n\t\n\n\n\t\t<\/div>\n\t\t\t\t\n<style>\n#col-764328304 > .col-inner {\n  border-radius: 20px;\n}\n<\/style>\n\t<\/div>\n\n\t\n\n\t<div id=\"col-342482943\" class=\"col whatsapp-alani hide-for-small medium-3 small-12 large-3\"  >\n\t\t\t\t<div class=\"col-inner box-shadow-2\" style=\"background-color:rgb(37, 211, 102);\" >\n\t\t\t\n\t\t\t\n\n\t<div id=\"text-1838411169\" class=\"text\">\n\t\t\n\n<div><a href=\"https:\/\/api.whatsapp.com\/send\/?phone=905324776496&amp;text=Merhaba%2C+https%3A%2F%2Fwww.alevcamcioglu.com%2F+adresinden+size+ula%C5%9F%C4%B1yorum.&amp;type=phone_number&amp;app_absent=0\"><span style=\"color: #ffffff;\">7\/24 WhatsApp<\/span>\r\n<span style=\"color: #ffffff;\">Jetzt <strong>klicken<\/strong>!<\/span><\/a><\/div>\n\t\t\n<style>\n#text-1838411169 {\n  font-size: 1.5rem;\n  text-align: center;\n}\n<\/style>\n\t<\/div>\n\t\n\n\t\t<\/div>\n\t\t\t\t\n<style>\n#col-342482943 > .col-inner {\n  padding: 20px 0px 22px 0px;\n  margin: 0px 0px -31px 0px;\n}\n<\/style>\n\t<\/div>\n\n\t\n\n\t<div id=\"col-832793897\" class=\"col show-for-small medium-3 small-12 large-3\"  >\n\t\t\t\t<div class=\"col-inner box-shadow-2\" style=\"background-color:rgb(37, 211, 102);\" >\n\t\t\t\n\t\t\t\n\n\t<div id=\"text-2425896289\" class=\"text\">\n\t\t\n\n<div><a href=\"https:\/\/api.whatsapp.com\/send\/?phone=905324776496&amp;text=Merhaba%2C+https%3A%2F%2Fwww.alevcamcioglu.com%2F+adresinden+size+ula%C5%9F%C4%B1yorum.&amp;type=phone_number&amp;app_absent=0\"><span style=\"color: #ffffff;\">7\/24 WhatsApp Jetzt <strong>klicken<\/strong>! <\/span><\/a><\/div>\n\t\t\n<style>\n#text-2425896289 {\n  font-size: 1.5rem;\n  text-align: center;\n}\n<\/style>\n\t<\/div>\n\t\n\n\t\t<\/div>\n\t\t\t\t\n<style>\n#col-832793897 > .col-inner {\n  padding: 10px 10px 10px 10px;\n  margin: 0px 0px 0px 0px;\n  border-radius: 100px;\n}\n@media (min-width:550px) {\n  #col-832793897 > .col-inner {\n    padding: 40px 0px 30px 0px;\n    margin: 0px 0px -40px 0px;\n  }\n}\n<\/style>\n\t<\/div>\n\n\t\n\n\t<div id=\"col-762593602\" class=\"col medium-9 small-12 large-9\"  >\n\t\t\t\t<div class=\"col-inner text-left\"  >\n\t\t\t\n\t<div class=\"is-border\"\n\t\tstyle=\"border-width:0px 0px 0px 0px;margin:0px 0px 0px 0px;\">\n\t<\/div>\n\t\t\t\n\n<div class=\"row\"  id=\"row-1848800968\">\n\n\n\t<div id=\"col-1864428369\" class=\"col small-12 large-12\"  >\n\t\t\t\t<div class=\"col-inner\"  >\n\t\t\t\n\t\t\t\n\n\n<div class=\"wpcf7 no-js\" id=\"wpcf7-f1469-o1\" lang=\"de-DE\" dir=\"ltr\" data-wpcf7-id=\"1469\">\n<div class=\"screen-reader-response\"><p role=\"status\" aria-live=\"polite\" aria-atomic=\"true\"><\/p> <ul><\/ul><\/div>\n<form action=\"\/de\/wp-json\/wp\/v2\/pages\/8557#wpcf7-f1469-o1\" method=\"post\" class=\"wpcf7-form init\" aria-label=\"Kontaktformular\" novalidate=\"novalidate\" data-status=\"init\">\n<fieldset class=\"hidden-fields-container\"><input type=\"hidden\" name=\"_wpcf7\" value=\"1469\" \/><input type=\"hidden\" name=\"_wpcf7_version\" value=\"6.1.5\" \/><input type=\"hidden\" name=\"_wpcf7_locale\" value=\"de_DE\" \/><input type=\"hidden\" name=\"_wpcf7_unit_tag\" value=\"wpcf7-f1469-o1\" \/><input type=\"hidden\" name=\"_wpcf7_container_post\" value=\"0\" \/><input type=\"hidden\" name=\"_wpcf7_posted_data_hash\" value=\"\" \/>\n<\/fieldset>\n<div class=\"sp-form\">\n\t<div class=\"col-row\">\n\t\t<div class=\"col-quarter\">\n\t\t\t<p><span class=\"wpcf7-form-control-wrap\" data-name=\"text-340\"><input size=\"40\" maxlength=\"400\" class=\"wpcf7-form-control wpcf7-text wpcf7-validates-as-required\" autocomplete=\"name\" aria-required=\"true\" aria-invalid=\"false\" placeholder=\"Name\" value=\"\" type=\"text\" name=\"text-340\" \/><\/span>\n\t\t\t<\/p>\n\t\t<\/div>\n\t\t<div class=\"col-quarter\">\n\t\t\t<p><span class=\"wpcf7-form-control-wrap\" data-name=\"tel-10\"><input size=\"40\" maxlength=\"400\" class=\"wpcf7-form-control wpcf7-tel wpcf7-validates-as-required wpcf7-text wpcf7-validates-as-tel\" autocomplete=\"name\" aria-required=\"true\" aria-invalid=\"false\" placeholder=\"Telefon\" value=\"\" type=\"tel\" name=\"tel-10\" \/><\/span>\n\t\t\t<\/p>\n\t\t<\/div>\n\t\t<div class=\"col-quarter\">\n\t\t\t<p><span class=\"wpcf7-form-control-wrap\" data-name=\"email-563\"><input size=\"40\" maxlength=\"400\" class=\"wpcf7-form-control wpcf7-email wpcf7-validates-as-required wpcf7-text wpcf7-validates-as-email\" autocomplete=\"name\" aria-required=\"true\" aria-invalid=\"false\" placeholder=\"E-Mail\" value=\"\" type=\"email\" name=\"email-563\" \/><\/span>\n\t\t\t<\/p>\n\t\t<\/div>\n\t\t<div class=\"col-quarter\">\n\t\t\t<p><input class=\"wpcf7-form-control wpcf7-submit has-spinner\" type=\"submit\" value=\"EINREICHEN\" \/>\n\t\t\t<\/p>\n\t\t<\/div>\n\t<\/div>\n<\/div><p style=\"display: none !important;\" class=\"akismet-fields-container\" data-prefix=\"_wpcf7_ak_\"><label>&#916;<textarea name=\"_wpcf7_ak_hp_textarea\" cols=\"45\" rows=\"8\" maxlength=\"100\"><\/textarea><\/label><input type=\"hidden\" id=\"ak_js_1\" name=\"_wpcf7_ak_js\" value=\"50\"\/><script type=\"text\/javascript\">\n\/* <![CDATA[ *\/\ndocument.getElementById( \"ak_js_1\" ).setAttribute( \"value\", ( new Date() ).getTime() );\n\/* ]]> *\/\n<\/script>\n<\/p><div class=\"wpcf7-response-output\" aria-hidden=\"true\"><\/div>\n<\/form>\n<\/div>\n\n\n\n\t\t<\/div>\n\t\t\t\t\n<style>\n#col-1864428369 > .col-inner {\n  margin: 0px 0px -70px 0px;\n}\n<\/style>\n\t<\/div>\n\n\t\n\n\t<div id=\"col-407937519\" class=\"col small-12 large-12\"  >\n\t\t\t\t<div class=\"col-inner\"  >\n\t\t\t\n\t\t\t\n\n\t<div id=\"text-1064084040\" class=\"text\">\n\t\t\n\n<p><span style=\"font-size: 50%;\">Wir empfehlen, alle Felder auszuf\u00fcllen, damit wir Sie bez\u00fcglich * bestm\u00f6glich kontaktieren k\u00f6nnen.<\/span><\/p>\n\t\t\n<style>\n#text-1064084040 {\n  font-size: 1.15rem;\n  line-height: 0.75;\n}\n<\/style>\n\t<\/div>\n\t\n\n\t\t<\/div>\n\t\t\t\t\n<style>\n#col-407937519 > .col-inner {\n  margin: 0px 0px -40px 0px;\n}\n<\/style>\n\t<\/div>\n\n\t\n\n<\/div>\n\n\t\t<\/div>\n\t\t\t\t\n<style>\n#col-762593602 > .col-inner {\n  padding: 0px 0px 0px 0px;\n  margin: 0px 0px -20px 0px;\n}\n@media (min-width:550px) {\n  #col-762593602 > .col-inner {\n    padding: 20px 0px 0px 0px;\n    margin: 0px 0px -66px 0px;\n  }\n}\n<\/style>\n\t<\/div>\n\n\t\n\n<\/div>\n\n\t\t<\/div>\n\t\t\t\t\n<style>\n#col-239671345 > .col-inner {\n  padding: 30px 10px 0px 10px;\n  border-radius: 30px;\n}\n@media (min-width:550px) {\n  #col-239671345 > .col-inner {\n    padding: 0px 20px 0px 0px;\n  }\n}\n<\/style>\n\t<\/div>\n\n\t\n\n<\/div>\n\n\t\t<\/div>\n\n\t\t\n<style>\n#section_703520599 {\n  padding-top: 30px;\n  padding-bottom: 30px;\n}\n<\/style>\n\t<\/section>\n\t\n<h2>Ist Genetik an der Entstehung der F\u0131nd\u0131k-Nase beteiligt?<\/h2>\n<p><img decoding=\"async\" class=\"alignnone size-full wp-image-10996\" src=\"https:\/\/www.alevcamcioglu.com\/wp-content\/uploads\/2025\/09\/Dr.-Alev-Camcioglu-wahrend-einer-Haselnuss-Nasenkorrektur-in-der-Turkei.jpeg\" alt=\"\" width=\"952\" height=\"1280\" title=\"\" srcset=\"https:\/\/www.alevcamcioglu.com\/wp-content\/uploads\/2025\/09\/Dr.-Alev-Camcioglu-wahrend-einer-Haselnuss-Nasenkorrektur-in-der-Turkei.jpeg 952w, https:\/\/www.alevcamcioglu.com\/wp-content\/uploads\/2025\/09\/Dr.-Alev-Camcioglu-wahrend-einer-Haselnuss-Nasenkorrektur-in-der-Turkei-298x400.jpeg 298w, https:\/\/www.alevcamcioglu.com\/wp-content\/uploads\/2025\/09\/Dr.-Alev-Camcioglu-wahrend-einer-Haselnuss-Nasenkorrektur-in-der-Turkei-595x800.jpeg 595w, https:\/\/www.alevcamcioglu.com\/wp-content\/uploads\/2025\/09\/Dr.-Alev-Camcioglu-wahrend-einer-Haselnuss-Nasenkorrektur-in-der-Turkei-768x1033.jpeg 768w\" sizes=\"(max-width: 952px) 100vw, 952px\" \/><\/p>\n<p>Bei der Ausbildung der kleinen, runden und leicht nach oben gerichteten F\u0131nd\u0131k-Nase spielen genetische Faktoren eine wesentliche Rolle. Bestimmte Gene, die die Nasenmorphologie beeinflussen, k\u00f6nnen direkt zur Auspr\u00e4gung dieser \u00e4sthetischen Form beitragen.<\/p>\n<p>Der **DCHS2-Genlokus** reguliert Winkel und Projektion der Nasenspitze. Varianten in diesem Gen k\u00f6nnen die Spitze st\u00e4rker anheben und somit das typische Erscheinungsbild unterst\u00fctzen.<\/p>\n<p>Das **RUNX2-Gen** steht mit der kn\u00f6chernen Entwicklung in Zusammenhang und beeinflusst die Nasenl\u00e4nge. Bestimmte Allele k\u00f6nnen zu einer k\u00fcrzeren Nase f\u00fchren und dadurch den kompakten Charakter der F\u0131nd\u0131k-Nase verst\u00e4rken.<\/p>\n<p>Das **GLI3-Gen** steuert die Bildung von Knorpelgewebe und beeinflusst die Nasenbreite. Polymorphismen in diesem Gen k\u00f6nnen eine schmalere Nase beg\u00fcnstigen und so das zierliche Erscheinungsbild betonen.<\/p>\n<p>Dar\u00fcber hinaus spielen **PAX1**- und **PAX3-Gene** eine Schl\u00fcsselrolle in der Gesichtsentwicklung. Sie formen die Breite des Nasenansatzes, den Augenabstand und die Form der Nasenl\u00f6cher, was zu einem harmonischen Gesamtbild beitr\u00e4gt.<\/p>\n<p>Schlie\u00dflich reguliert das **COL17A1-Gen** die Breite des Nasenr\u00fcckens und die Gesamtform. Neben genetischen Faktoren tragen auch Umwelt- und evolution\u00e4re Anpassungen zur endg\u00fcltigen Nasenform bei. Die F\u0131nd\u0131k-Nase ist somit das Ergebnis individueller genetischer Variationen und evolution\u00e4rer Anpassungen.<\/p>\n\n\t<section class=\"section\" id=\"section_445416588\">\n\t\t<div class=\"section-bg fill\" >\n\t\t\t\t\t\t\t\t\t\n\t\t\t\n\n\t\t<\/div>\n\n\t\t\n\n\t\t<div class=\"section-content relative\">\n\t\t\t\n\n<div class=\"row\"  id=\"row-1097268771\">\n\n\n\t<div id=\"col-1196876033\" class=\"col small-12 large-12\"  >\n\t\t\t\t<div class=\"col-inner box-shadow-2\"  >\n\t\t\t\n\t<div class=\"is-border\"\n\t\tstyle=\"border-color:rgb(0, 0, 76);border-radius:15px;border-width:2px 2px 2px 2px;\">\n\t<\/div>\n\t\t\t\n\n<div class=\"row row-full-width align-center\"  id=\"row-1594114110\">\n\n\n\t<div id=\"col-1119855345\" class=\"col small-12 large-12\"  >\n\t\t\t\t<div class=\"col-inner\"  >\n\t\t\t\n\t\t\t\n\n\t<div id=\"text-3551764317\" class=\"text\">\n\t\t\n\n<h2 data-pm-slice=\"1 1 &#091;&#093;\"><span style=\"font-size: 75%;\">6 Gr\u00fcnde f\u00fcr eine  in Istanbul<\/span><\/h2>\n\t\t\n<style>\n#text-3551764317 {\n  font-size: 2rem;\n  text-align: center;\n  color: #000065;\n}\n#text-3551764317 > * {\n  color: #000065;\n}\n@media (min-width:550px) {\n  #text-3551764317 {\n    font-size: 1.2rem;\n  }\n}\n<\/style>\n\t<\/div>\n\t\n\n\t\t<\/div>\n\t\t\t\t\t<\/div>\n\n\t\n\n\t<div id=\"col-1883050663\" class=\"col medium-2 small-6 large-2\"  >\n\t\t\t\t<div class=\"col-inner\"  >\n\t\t\t\n\t\t\t\n\n\t<div class=\"box has-hover   has-hover box-text-bottom\" >\n\n\t\t<div class=\"box-image\" style=\"width:60%;\">\n\t\t\t\t\t\t<div class=\"image-cover\" style=\"padding-top:100%;\">\n\t\t\t\t<img decoding=\"async\" width=\"200\" height=\"200\" src=\"https:\/\/www.alevcamcioglu.com\/wp-content\/uploads\/2025\/04\/Proven-Results.png\" class=\"attachment-2048x2048 size-2048x2048\" alt=\"\" title=\"\">\t\t\t\t\t\t\t\t\t\t\t<\/div>\n\t\t\t\t\t<\/div>\n\n\t\t<div class=\"box-text text-center\" >\n\t\t\t<div class=\"box-text-inner\">\n\t\t\t\t\n\n\t<div id=\"text-2886362262\" class=\"text\">\n\t\t\n\n<p>Bew\u00e4hrte Ergebnisse<\/p>\n\n\t\t\n<style>\n#text-2886362262 {\n  font-size: 1rem;\n  color: #404040;\n}\n#text-2886362262 > * {\n  color: #404040;\n}\n<\/style>\n\t<\/div>\n\t\n\n\t\t\t<\/div>\n\t\t<\/div>\n\t<\/div>\n\t\n\n\t\t<\/div>\n\t\t\t\t\t<\/div>\n\n\t\n\n\t<div id=\"col-231074852\" class=\"col medium-2 small-6 large-2\"  >\n\t\t\t\t<div class=\"col-inner\"  >\n\t\t\t\n\t\t\t\n\n\t<div class=\"box has-hover   has-hover box-text-bottom\" >\n\n\t\t<div class=\"box-image\" style=\"width:60%;\">\n\t\t\t\t\t\t<div class=\"image-cover\" style=\"padding-top:100%;\">\n\t\t\t\t<img decoding=\"async\" width=\"200\" height=\"200\" src=\"https:\/\/www.alevcamcioglu.com\/wp-content\/uploads\/2025\/04\/5-Star-Reviews.png\" class=\"attachment-2048x2048 size-2048x2048\" alt=\"\" title=\"\">\t\t\t\t\t\t\t\t\t\t\t<\/div>\n\t\t\t\t\t<\/div>\n\n\t\t<div class=\"box-text text-center\" >\n\t\t\t<div class=\"box-text-inner\">\n\t\t\t\t\n\n\t<div id=\"text-3469498012\" class=\"text\">\n\t\t\n\n<p>5-Sterne-Bewertungen<\/p>\n\n\t\t\n<style>\n#text-3469498012 {\n  font-size: 1rem;\n  color: #404040;\n}\n#text-3469498012 > * {\n  color: #404040;\n}\n<\/style>\n\t<\/div>\n\t\n\n\t\t\t<\/div>\n\t\t<\/div>\n\t<\/div>\n\t\n\n\t\t<\/div>\n\t\t\t\t\t<\/div>\n\n\t\n\n\t<div id=\"col-1811097904\" class=\"col medium-2 small-6 large-2\"  >\n\t\t\t\t<div class=\"col-inner\"  >\n\t\t\t\n\t\t\t\n\n\t<div class=\"box has-hover   has-hover box-text-bottom\" >\n\n\t\t<div class=\"box-image\" style=\"width:60%;\">\n\t\t\t\t\t\t<div class=\"image-cover\" style=\"padding-top:100%;\">\n\t\t\t\t<img decoding=\"async\" width=\"200\" height=\"200\" src=\"https:\/\/www.alevcamcioglu.com\/wp-content\/uploads\/2025\/04\/All-Inclusive-Packages.png\" class=\"attachment-2048x2048 size-2048x2048\" alt=\"\" title=\"\">\t\t\t\t\t\t\t\t\t\t\t<\/div>\n\t\t\t\t\t<\/div>\n\n\t\t<div class=\"box-text text-center\" >\n\t\t\t<div class=\"box-text-inner\">\n\t\t\t\t\n\n\t<div id=\"text-533754697\" class=\"text\">\n\t\t\n\n<p>All-Inclusive-Pakete<\/p>\n\n\t\t\n<style>\n#text-533754697 {\n  font-size: 1rem;\n  color: #404040;\n}\n#text-533754697 > * {\n  color: #404040;\n}\n<\/style>\n\t<\/div>\n\t\n\n\t\t\t<\/div>\n\t\t<\/div>\n\t<\/div>\n\t\n\n\t\t<\/div>\n\t\t\t\t\t<\/div>\n\n\t\n\n\t<div id=\"col-1097219634\" class=\"col medium-2 small-6 large-2\"  >\n\t\t\t\t<div class=\"col-inner\"  >\n\t\t\t\n\t\t\t\n\n\t<div class=\"box has-hover   has-hover box-text-bottom\" >\n\n\t\t<div class=\"box-image\" style=\"width:60%;\">\n\t\t\t\t\t\t<div class=\"image-cover\" style=\"padding-top:100%;\">\n\t\t\t\t<img decoding=\"async\" width=\"200\" height=\"200\" src=\"https:\/\/www.alevcamcioglu.com\/wp-content\/uploads\/2025\/04\/Luxury-Hotels.png\" class=\"attachment-2048x2048 size-2048x2048\" alt=\"\" title=\"\">\t\t\t\t\t\t\t\t\t\t\t<\/div>\n\t\t\t\t\t<\/div>\n\n\t\t<div class=\"box-text text-center\" >\n\t\t\t<div class=\"box-text-inner\">\n\t\t\t\t\n\n\t<div id=\"text-1430070044\" class=\"text\">\n\t\t\n\n<p>Luxushotels<\/p>\n\n\t\t\n<style>\n#text-1430070044 {\n  font-size: 1rem;\n  color: #404040;\n}\n#text-1430070044 > * {\n  color: #404040;\n}\n<\/style>\n\t<\/div>\n\t\n\n\t\t\t<\/div>\n\t\t<\/div>\n\t<\/div>\n\t\n\n\t\t<\/div>\n\t\t\t\t\t<\/div>\n\n\t\n\n\t<div id=\"col-834527727\" class=\"col medium-2 small-6 large-2\"  >\n\t\t\t\t<div class=\"col-inner\"  >\n\t\t\t\n\t\t\t\n\n\t<div class=\"box has-hover   has-hover box-text-bottom\" >\n\n\t\t<div class=\"box-image\" style=\"width:60%;\">\n\t\t\t\t\t\t<div class=\"image-cover\" style=\"padding-top:100%;\">\n\t\t\t\t<img decoding=\"async\" width=\"200\" height=\"200\" src=\"https:\/\/www.alevcamcioglu.com\/wp-content\/uploads\/2025\/04\/Accredited-Hospitals.png\" class=\"attachment-2048x2048 size-2048x2048\" alt=\"\" title=\"\">\t\t\t\t\t\t\t\t\t\t\t<\/div>\n\t\t\t\t\t<\/div>\n\n\t\t<div class=\"box-text text-center\" >\n\t\t\t<div class=\"box-text-inner\">\n\t\t\t\t\n\n\t<div id=\"text-2055148336\" class=\"text\">\n\t\t\n\n<p>Akkreditierte Krankenh\u00e4user<\/p>\n\n\t\t\n<style>\n#text-2055148336 {\n  font-size: 1rem;\n  color: #404040;\n}\n#text-2055148336 > * {\n  color: #404040;\n}\n<\/style>\n\t<\/div>\n\t\n\n\t\t\t<\/div>\n\t\t<\/div>\n\t<\/div>\n\t\n\n\t\t<\/div>\n\t\t\t\t\t<\/div>\n\n\t\n\n\t<div id=\"col-1840942917\" class=\"col medium-2 small-6 large-2\"  >\n\t\t\t\t<div class=\"col-inner\"  >\n\t\t\t\n\t\t\t\n\n\t<div class=\"box has-hover   has-hover box-text-bottom\" >\n\n\t\t<div class=\"box-image\" style=\"width:60%;\">\n\t\t\t\t\t\t<div class=\"image-cover\" style=\"padding-top:100%;\">\n\t\t\t\t<img decoding=\"async\" width=\"200\" height=\"200\" src=\"https:\/\/www.alevcamcioglu.com\/wp-content\/uploads\/2025\/04\/Waiting.png\" class=\"attachment-2048x2048 size-2048x2048\" alt=\"\" title=\"\">\t\t\t\t\t\t\t\t\t\t\t<\/div>\n\t\t\t\t\t<\/div>\n\n\t\t<div class=\"box-text text-center\" >\n\t\t\t<div class=\"box-text-inner\">\n\t\t\t\t\n\n\t<div id=\"text-2588368050\" class=\"text\">\n\t\t\n\n<p>Postoperative Betreuung<\/p>\n\n\t\t\n<style>\n#text-2588368050 {\n  font-size: 1rem;\n  color: #404040;\n}\n#text-2588368050 > * {\n  color: #404040;\n}\n<\/style>\n\t<\/div>\n\t\n\n\t\t\t<\/div>\n\t\t<\/div>\n\t<\/div>\n\t\n\n\t\t<\/div>\n\t\t\t\t\t<\/div>\n\n\t\n\n<\/div>\n\n\t\t<\/div>\n\t\t\t\t\n<style>\n#col-1196876033 > .col-inner {\n  padding: 30px 0px 0px 30px;\n  border-radius: 15px;\n}\n<\/style>\n\t<\/div>\n\n\t\n\n<\/div>\n\n\t\t<\/div>\n\n\t\t\n<style>\n#section_445416588 {\n  padding-top: 30px;\n  padding-bottom: 30px;\n}\n<\/style>\n\t<\/section>\n\t\r\n\r\n\n\t<section class=\"section\" id=\"section_1721494706\">\n\t\t<div class=\"section-bg fill\" >\n\t\t\t\t\t\t\t\t\t\n\t\t\t\n\n\t\t<\/div>\n\n\t\t\n\n\t\t<div class=\"section-content relative\">\n\t\t\t\r\n\r\n<div class=\"row\"  id=\"row-1458952944\">\r\n\r\n\n\t<div id=\"col-1847787227\" class=\"col small-12 large-12\"  >\n\t\t\t\t<div class=\"col-inner text-center\"  >\n\t\t\t\n\t\t\t\r\n\r\n\t<div id=\"text-3828050627\" class=\"text\">\n\t\t\r\n<h2>\u00a0Vorher-Nachher-Fotos in der T\u00fcrkei<\/h2>\r\n\t\t\n<style>\n#text-3828050627 {\n  font-size: 1.25rem;\n  text-align: center;\n  color: rgb(243, 58, 58);\n}\n#text-3828050627 > * {\n  color: rgb(243, 58, 58);\n}\n<\/style>\n\t<\/div>\n\t\r\n\n  \n    <div class=\"row large-columns-4 medium-columns-3 small-columns-2 slider row-slider slider-nav-circle slider-nav-outside slider-nav-push\"  data-flickity-options='{&quot;imagesLoaded&quot;: true, &quot;groupCells&quot;: &quot;100%&quot;, &quot;dragThreshold&quot; : 5, &quot;cellAlign&quot;: &quot;left&quot;,&quot;wrapAround&quot;: true,&quot;prevNextButtons&quot;: true,&quot;percentPosition&quot;: true,&quot;pageDots&quot;: false, &quot;rightToLeft&quot;: false, &quot;autoPlay&quot; : false}' >\n\n  <div class=\"gallery-col col\" >\n          <div class=\"col-inner\">\n            <a class=\"image-lightbox lightbox-gallery\" href=\"https:\/\/www.alevcamcioglu.com\/wp-content\/uploads\/2024\/11\/Nasenkorrektur-Vorher-Nachher-Foto-in-der-Turkei-1.jpg\" title=\"\">            <div class=\"box has-hover gallery-box box-normal\">\n              <div class=\"box-image\" >\n                <img decoding=\"async\" width=\"320\" height=\"400\" src=\"https:\/\/www.alevcamcioglu.com\/wp-content\/uploads\/2024\/11\/Nasenkorrektur-Vorher-Nachher-Foto-in-der-Turkei-1-320x400.jpg\" class=\"attachment-medium size-medium\" alt=\"\" ids=\"8946,8952,8958,8964,8970,8976,8982,8988,8994,9000,9006,9012,9018,9024,9030,9036,9042,9048,9054,9060,9066,9072,9078,9084,9090,9096,9102,9108,9114,9120,9126,9132,9138,9144,9150,9156,9162,9168,9174,9180,9186,9192,9198,9204\" style=\"normal\" lightbox_image_size=\"2048x2048\" type=\"slider\" slider_nav_style=\"circle\" slider_nav_position=\"outside\" srcset=\"https:\/\/www.alevcamcioglu.com\/wp-content\/uploads\/2024\/11\/Nasenkorrektur-Vorher-Nachher-Foto-in-der-Turkei-1-320x400.jpg 320w, https:\/\/www.alevcamcioglu.com\/wp-content\/uploads\/2024\/11\/Nasenkorrektur-Vorher-Nachher-Foto-in-der-Turkei-1-640x800.jpg 640w, https:\/\/www.alevcamcioglu.com\/wp-content\/uploads\/2024\/11\/Nasenkorrektur-Vorher-Nachher-Foto-in-der-Turkei-1-768x960.jpg 768w, https:\/\/www.alevcamcioglu.com\/wp-content\/uploads\/2024\/11\/Nasenkorrektur-Vorher-Nachher-Foto-in-der-Turkei-1.jpg 1200w\" sizes=\"(max-width: 320px) 100vw, 320px\" title=\"\">                                                              <\/div>\n              <div class=\"box-text text-left\" >\n                 <p><\/p>\n              <\/div>\n            <\/div>\n            <\/a>          <\/div>\n         <\/div><div class=\"gallery-col col\" >\n          <div class=\"col-inner\">\n            <a class=\"image-lightbox lightbox-gallery\" href=\"https:\/\/www.alevcamcioglu.com\/wp-content\/uploads\/2024\/11\/Nasenkorrektur-Vorher-Nachher-Foto-in-der-Turkei-2.jpg\" title=\"\">            <div class=\"box has-hover gallery-box box-normal\">\n              <div class=\"box-image\" >\n                <img decoding=\"async\" width=\"320\" height=\"400\" src=\"https:\/\/www.alevcamcioglu.com\/wp-content\/uploads\/2024\/11\/Nasenkorrektur-Vorher-Nachher-Foto-in-der-Turkei-2-320x400.jpg\" class=\"attachment-medium size-medium\" alt=\"\" ids=\"8946,8952,8958,8964,8970,8976,8982,8988,8994,9000,9006,9012,9018,9024,9030,9036,9042,9048,9054,9060,9066,9072,9078,9084,9090,9096,9102,9108,9114,9120,9126,9132,9138,9144,9150,9156,9162,9168,9174,9180,9186,9192,9198,9204\" style=\"normal\" lightbox_image_size=\"2048x2048\" type=\"slider\" slider_nav_style=\"circle\" slider_nav_position=\"outside\" srcset=\"https:\/\/www.alevcamcioglu.com\/wp-content\/uploads\/2024\/11\/Nasenkorrektur-Vorher-Nachher-Foto-in-der-Turkei-2-320x400.jpg 320w, https:\/\/www.alevcamcioglu.com\/wp-content\/uploads\/2024\/11\/Nasenkorrektur-Vorher-Nachher-Foto-in-der-Turkei-2-640x800.jpg 640w, https:\/\/www.alevcamcioglu.com\/wp-content\/uploads\/2024\/11\/Nasenkorrektur-Vorher-Nachher-Foto-in-der-Turkei-2-768x960.jpg 768w, https:\/\/www.alevcamcioglu.com\/wp-content\/uploads\/2024\/11\/Nasenkorrektur-Vorher-Nachher-Foto-in-der-Turkei-2.jpg 1200w\" sizes=\"(max-width: 320px) 100vw, 320px\" title=\"\">                                                              <\/div>\n              <div class=\"box-text text-left\" >\n                 <p><\/p>\n              <\/div>\n            <\/div>\n            <\/a>          <\/div>\n         <\/div><div class=\"gallery-col col\" >\n          <div class=\"col-inner\">\n            <a class=\"image-lightbox lightbox-gallery\" href=\"https:\/\/www.alevcamcioglu.com\/wp-content\/uploads\/2024\/11\/Nasenkorrektur-Vorher-Nachher-Foto-in-der-Turkei-3.jpg\" title=\"\">            <div class=\"box has-hover gallery-box box-normal\">\n              <div class=\"box-image\" >\n                <img decoding=\"async\" width=\"320\" height=\"400\" src=\"https:\/\/www.alevcamcioglu.com\/wp-content\/uploads\/2024\/11\/Nasenkorrektur-Vorher-Nachher-Foto-in-der-Turkei-3-320x400.jpg\" class=\"attachment-medium size-medium\" alt=\"\" ids=\"8946,8952,8958,8964,8970,8976,8982,8988,8994,9000,9006,9012,9018,9024,9030,9036,9042,9048,9054,9060,9066,9072,9078,9084,9090,9096,9102,9108,9114,9120,9126,9132,9138,9144,9150,9156,9162,9168,9174,9180,9186,9192,9198,9204\" style=\"normal\" lightbox_image_size=\"2048x2048\" type=\"slider\" slider_nav_style=\"circle\" slider_nav_position=\"outside\" srcset=\"https:\/\/www.alevcamcioglu.com\/wp-content\/uploads\/2024\/11\/Nasenkorrektur-Vorher-Nachher-Foto-in-der-Turkei-3-320x400.jpg 320w, https:\/\/www.alevcamcioglu.com\/wp-content\/uploads\/2024\/11\/Nasenkorrektur-Vorher-Nachher-Foto-in-der-Turkei-3-640x800.jpg 640w, https:\/\/www.alevcamcioglu.com\/wp-content\/uploads\/2024\/11\/Nasenkorrektur-Vorher-Nachher-Foto-in-der-Turkei-3-768x960.jpg 768w, https:\/\/www.alevcamcioglu.com\/wp-content\/uploads\/2024\/11\/Nasenkorrektur-Vorher-Nachher-Foto-in-der-Turkei-3.jpg 1200w\" sizes=\"(max-width: 320px) 100vw, 320px\" title=\"\">                                                              <\/div>\n              <div class=\"box-text text-left\" >\n                 <p><\/p>\n              <\/div>\n            <\/div>\n            <\/a>          <\/div>\n         <\/div><div class=\"gallery-col col\" >\n          <div class=\"col-inner\">\n            <a class=\"image-lightbox lightbox-gallery\" href=\"https:\/\/www.alevcamcioglu.com\/wp-content\/uploads\/2024\/11\/Nasenkorrektur-Vorher-Nachher-Foto-in-der-Turkei-4.jpg\" title=\"\">            <div class=\"box has-hover gallery-box box-normal\">\n              <div class=\"box-image\" >\n                <img decoding=\"async\" width=\"320\" height=\"400\" src=\"https:\/\/www.alevcamcioglu.com\/wp-content\/uploads\/2024\/11\/Nasenkorrektur-Vorher-Nachher-Foto-in-der-Turkei-4-320x400.jpg\" class=\"attachment-medium size-medium\" alt=\"\" ids=\"8946,8952,8958,8964,8970,8976,8982,8988,8994,9000,9006,9012,9018,9024,9030,9036,9042,9048,9054,9060,9066,9072,9078,9084,9090,9096,9102,9108,9114,9120,9126,9132,9138,9144,9150,9156,9162,9168,9174,9180,9186,9192,9198,9204\" style=\"normal\" lightbox_image_size=\"2048x2048\" type=\"slider\" slider_nav_style=\"circle\" slider_nav_position=\"outside\" srcset=\"https:\/\/www.alevcamcioglu.com\/wp-content\/uploads\/2024\/11\/Nasenkorrektur-Vorher-Nachher-Foto-in-der-Turkei-4-320x400.jpg 320w, https:\/\/www.alevcamcioglu.com\/wp-content\/uploads\/2024\/11\/Nasenkorrektur-Vorher-Nachher-Foto-in-der-Turkei-4-640x800.jpg 640w, https:\/\/www.alevcamcioglu.com\/wp-content\/uploads\/2024\/11\/Nasenkorrektur-Vorher-Nachher-Foto-in-der-Turkei-4-768x960.jpg 768w, https:\/\/www.alevcamcioglu.com\/wp-content\/uploads\/2024\/11\/Nasenkorrektur-Vorher-Nachher-Foto-in-der-Turkei-4.jpg 1200w\" sizes=\"(max-width: 320px) 100vw, 320px\" title=\"\">                                                              <\/div>\n              <div class=\"box-text text-left\" >\n                 <p><\/p>\n              <\/div>\n            <\/div>\n            <\/a>          <\/div>\n         <\/div><div class=\"gallery-col col\" >\n          <div class=\"col-inner\">\n            <a class=\"image-lightbox lightbox-gallery\" href=\"https:\/\/www.alevcamcioglu.com\/wp-content\/uploads\/2024\/11\/Nasenkorrektur-Vorher-Nachher-Foto-in-der-Turkei-5.jpg\" title=\"\">            <div class=\"box has-hover gallery-box box-normal\">\n              <div class=\"box-image\" >\n                <img decoding=\"async\" width=\"320\" height=\"400\" src=\"https:\/\/www.alevcamcioglu.com\/wp-content\/uploads\/2024\/11\/Nasenkorrektur-Vorher-Nachher-Foto-in-der-Turkei-5-320x400.jpg\" class=\"attachment-medium size-medium\" alt=\"\" ids=\"8946,8952,8958,8964,8970,8976,8982,8988,8994,9000,9006,9012,9018,9024,9030,9036,9042,9048,9054,9060,9066,9072,9078,9084,9090,9096,9102,9108,9114,9120,9126,9132,9138,9144,9150,9156,9162,9168,9174,9180,9186,9192,9198,9204\" style=\"normal\" lightbox_image_size=\"2048x2048\" type=\"slider\" slider_nav_style=\"circle\" slider_nav_position=\"outside\" srcset=\"https:\/\/www.alevcamcioglu.com\/wp-content\/uploads\/2024\/11\/Nasenkorrektur-Vorher-Nachher-Foto-in-der-Turkei-5-320x400.jpg 320w, https:\/\/www.alevcamcioglu.com\/wp-content\/uploads\/2024\/11\/Nasenkorrektur-Vorher-Nachher-Foto-in-der-Turkei-5-640x800.jpg 640w, https:\/\/www.alevcamcioglu.com\/wp-content\/uploads\/2024\/11\/Nasenkorrektur-Vorher-Nachher-Foto-in-der-Turkei-5-768x960.jpg 768w, https:\/\/www.alevcamcioglu.com\/wp-content\/uploads\/2024\/11\/Nasenkorrektur-Vorher-Nachher-Foto-in-der-Turkei-5.jpg 1200w\" sizes=\"(max-width: 320px) 100vw, 320px\" title=\"\">                                                              <\/div>\n              <div class=\"box-text text-left\" >\n                 <p><\/p>\n              <\/div>\n            <\/div>\n            <\/a>          <\/div>\n         <\/div><div class=\"gallery-col col\" >\n          <div class=\"col-inner\">\n            <a class=\"image-lightbox lightbox-gallery\" href=\"https:\/\/www.alevcamcioglu.com\/wp-content\/uploads\/2024\/11\/Nasenkorrektur-Vorher-Nachher-Foto-in-der-Turkei-6.jpg\" title=\"\">            <div class=\"box has-hover gallery-box box-normal\">\n              <div class=\"box-image\" >\n                <img decoding=\"async\" width=\"320\" height=\"400\" src=\"https:\/\/www.alevcamcioglu.com\/wp-content\/uploads\/2024\/11\/Nasenkorrektur-Vorher-Nachher-Foto-in-der-Turkei-6-320x400.jpg\" class=\"attachment-medium size-medium\" alt=\"\" ids=\"8946,8952,8958,8964,8970,8976,8982,8988,8994,9000,9006,9012,9018,9024,9030,9036,9042,9048,9054,9060,9066,9072,9078,9084,9090,9096,9102,9108,9114,9120,9126,9132,9138,9144,9150,9156,9162,9168,9174,9180,9186,9192,9198,9204\" style=\"normal\" lightbox_image_size=\"2048x2048\" type=\"slider\" slider_nav_style=\"circle\" slider_nav_position=\"outside\" srcset=\"https:\/\/www.alevcamcioglu.com\/wp-content\/uploads\/2024\/11\/Nasenkorrektur-Vorher-Nachher-Foto-in-der-Turkei-6-320x400.jpg 320w, https:\/\/www.alevcamcioglu.com\/wp-content\/uploads\/2024\/11\/Nasenkorrektur-Vorher-Nachher-Foto-in-der-Turkei-6-640x800.jpg 640w, https:\/\/www.alevcamcioglu.com\/wp-content\/uploads\/2024\/11\/Nasenkorrektur-Vorher-Nachher-Foto-in-der-Turkei-6-768x960.jpg 768w, https:\/\/www.alevcamcioglu.com\/wp-content\/uploads\/2024\/11\/Nasenkorrektur-Vorher-Nachher-Foto-in-der-Turkei-6.jpg 1200w\" sizes=\"(max-width: 320px) 100vw, 320px\" title=\"\">                                                              <\/div>\n              <div class=\"box-text text-left\" >\n                 <p><\/p>\n              <\/div>\n            <\/div>\n            <\/a>          <\/div>\n         <\/div><div class=\"gallery-col col\" >\n          <div class=\"col-inner\">\n            <a class=\"image-lightbox lightbox-gallery\" href=\"https:\/\/www.alevcamcioglu.com\/wp-content\/uploads\/2024\/11\/Nasenkorrektur-Vorher-Nachher-Foto-in-der-Turkei-7.jpg\" title=\"\">            <div class=\"box has-hover gallery-box box-normal\">\n              <div class=\"box-image\" >\n                <img decoding=\"async\" width=\"320\" height=\"400\" src=\"https:\/\/www.alevcamcioglu.com\/wp-content\/uploads\/2024\/11\/Nasenkorrektur-Vorher-Nachher-Foto-in-der-Turkei-7-320x400.jpg\" class=\"attachment-medium size-medium\" alt=\"\" ids=\"8946,8952,8958,8964,8970,8976,8982,8988,8994,9000,9006,9012,9018,9024,9030,9036,9042,9048,9054,9060,9066,9072,9078,9084,9090,9096,9102,9108,9114,9120,9126,9132,9138,9144,9150,9156,9162,9168,9174,9180,9186,9192,9198,9204\" style=\"normal\" lightbox_image_size=\"2048x2048\" type=\"slider\" slider_nav_style=\"circle\" slider_nav_position=\"outside\" srcset=\"https:\/\/www.alevcamcioglu.com\/wp-content\/uploads\/2024\/11\/Nasenkorrektur-Vorher-Nachher-Foto-in-der-Turkei-7-320x400.jpg 320w, https:\/\/www.alevcamcioglu.com\/wp-content\/uploads\/2024\/11\/Nasenkorrektur-Vorher-Nachher-Foto-in-der-Turkei-7-640x800.jpg 640w, https:\/\/www.alevcamcioglu.com\/wp-content\/uploads\/2024\/11\/Nasenkorrektur-Vorher-Nachher-Foto-in-der-Turkei-7-768x960.jpg 768w, https:\/\/www.alevcamcioglu.com\/wp-content\/uploads\/2024\/11\/Nasenkorrektur-Vorher-Nachher-Foto-in-der-Turkei-7.jpg 1200w\" sizes=\"(max-width: 320px) 100vw, 320px\" title=\"\">                                                              <\/div>\n              <div class=\"box-text text-left\" >\n                 <p><\/p>\n              <\/div>\n            <\/div>\n            <\/a>          <\/div>\n         <\/div><div class=\"gallery-col col\" >\n          <div class=\"col-inner\">\n            <a class=\"image-lightbox lightbox-gallery\" href=\"https:\/\/www.alevcamcioglu.com\/wp-content\/uploads\/2024\/11\/Nasenkorrektur-Vorher-Nachher-Foto-in-der-Turkei-8.jpg\" title=\"\">            <div class=\"box has-hover gallery-box box-normal\">\n              <div class=\"box-image\" >\n                <img decoding=\"async\" width=\"320\" height=\"400\" src=\"https:\/\/www.alevcamcioglu.com\/wp-content\/uploads\/2024\/11\/Nasenkorrektur-Vorher-Nachher-Foto-in-der-Turkei-8-320x400.jpg\" class=\"attachment-medium size-medium\" alt=\"\" ids=\"8946,8952,8958,8964,8970,8976,8982,8988,8994,9000,9006,9012,9018,9024,9030,9036,9042,9048,9054,9060,9066,9072,9078,9084,9090,9096,9102,9108,9114,9120,9126,9132,9138,9144,9150,9156,9162,9168,9174,9180,9186,9192,9198,9204\" style=\"normal\" lightbox_image_size=\"2048x2048\" type=\"slider\" slider_nav_style=\"circle\" slider_nav_position=\"outside\" srcset=\"https:\/\/www.alevcamcioglu.com\/wp-content\/uploads\/2024\/11\/Nasenkorrektur-Vorher-Nachher-Foto-in-der-Turkei-8-320x400.jpg 320w, https:\/\/www.alevcamcioglu.com\/wp-content\/uploads\/2024\/11\/Nasenkorrektur-Vorher-Nachher-Foto-in-der-Turkei-8-640x800.jpg 640w, https:\/\/www.alevcamcioglu.com\/wp-content\/uploads\/2024\/11\/Nasenkorrektur-Vorher-Nachher-Foto-in-der-Turkei-8-768x960.jpg 768w, https:\/\/www.alevcamcioglu.com\/wp-content\/uploads\/2024\/11\/Nasenkorrektur-Vorher-Nachher-Foto-in-der-Turkei-8.jpg 1200w\" sizes=\"(max-width: 320px) 100vw, 320px\" title=\"\">                                                              <\/div>\n              <div class=\"box-text text-left\" >\n                 <p><\/p>\n              <\/div>\n            <\/div>\n            <\/a>          <\/div>\n         <\/div><div class=\"gallery-col col\" >\n          <div class=\"col-inner\">\n            <a class=\"image-lightbox lightbox-gallery\" href=\"https:\/\/www.alevcamcioglu.com\/wp-content\/uploads\/2024\/11\/Nasenkorrektur-Vorher-Nachher-Foto-in-der-Turkei-9.jpg\" title=\"\">            <div class=\"box has-hover gallery-box box-normal\">\n              <div class=\"box-image\" >\n                <img decoding=\"async\" width=\"320\" height=\"400\" src=\"https:\/\/www.alevcamcioglu.com\/wp-content\/uploads\/2024\/11\/Nasenkorrektur-Vorher-Nachher-Foto-in-der-Turkei-9-320x400.jpg\" class=\"attachment-medium size-medium\" alt=\"\" ids=\"8946,8952,8958,8964,8970,8976,8982,8988,8994,9000,9006,9012,9018,9024,9030,9036,9042,9048,9054,9060,9066,9072,9078,9084,9090,9096,9102,9108,9114,9120,9126,9132,9138,9144,9150,9156,9162,9168,9174,9180,9186,9192,9198,9204\" style=\"normal\" lightbox_image_size=\"2048x2048\" type=\"slider\" slider_nav_style=\"circle\" slider_nav_position=\"outside\" srcset=\"https:\/\/www.alevcamcioglu.com\/wp-content\/uploads\/2024\/11\/Nasenkorrektur-Vorher-Nachher-Foto-in-der-Turkei-9-320x400.jpg 320w, https:\/\/www.alevcamcioglu.com\/wp-content\/uploads\/2024\/11\/Nasenkorrektur-Vorher-Nachher-Foto-in-der-Turkei-9-640x800.jpg 640w, https:\/\/www.alevcamcioglu.com\/wp-content\/uploads\/2024\/11\/Nasenkorrektur-Vorher-Nachher-Foto-in-der-Turkei-9-768x960.jpg 768w, https:\/\/www.alevcamcioglu.com\/wp-content\/uploads\/2024\/11\/Nasenkorrektur-Vorher-Nachher-Foto-in-der-Turkei-9.jpg 1200w\" sizes=\"(max-width: 320px) 100vw, 320px\" title=\"\">                                                              <\/div>\n              <div class=\"box-text text-left\" >\n                 <p><\/p>\n              <\/div>\n            <\/div>\n            <\/a>          <\/div>\n         <\/div><div class=\"gallery-col col\" >\n          <div class=\"col-inner\">\n            <a class=\"image-lightbox lightbox-gallery\" href=\"https:\/\/www.alevcamcioglu.com\/wp-content\/uploads\/2024\/11\/Nasenkorrektur-Vorher-Nachher-Foto-in-der-Turkei-10.jpg\" title=\"\">            <div class=\"box has-hover gallery-box box-normal\">\n              <div class=\"box-image\" >\n                <img decoding=\"async\" width=\"320\" height=\"400\" src=\"https:\/\/www.alevcamcioglu.com\/wp-content\/uploads\/2024\/11\/Nasenkorrektur-Vorher-Nachher-Foto-in-der-Turkei-10-320x400.jpg\" class=\"attachment-medium size-medium\" alt=\"\" ids=\"8946,8952,8958,8964,8970,8976,8982,8988,8994,9000,9006,9012,9018,9024,9030,9036,9042,9048,9054,9060,9066,9072,9078,9084,9090,9096,9102,9108,9114,9120,9126,9132,9138,9144,9150,9156,9162,9168,9174,9180,9186,9192,9198,9204\" style=\"normal\" lightbox_image_size=\"2048x2048\" type=\"slider\" slider_nav_style=\"circle\" slider_nav_position=\"outside\" srcset=\"https:\/\/www.alevcamcioglu.com\/wp-content\/uploads\/2024\/11\/Nasenkorrektur-Vorher-Nachher-Foto-in-der-Turkei-10-320x400.jpg 320w, https:\/\/www.alevcamcioglu.com\/wp-content\/uploads\/2024\/11\/Nasenkorrektur-Vorher-Nachher-Foto-in-der-Turkei-10-640x800.jpg 640w, https:\/\/www.alevcamcioglu.com\/wp-content\/uploads\/2024\/11\/Nasenkorrektur-Vorher-Nachher-Foto-in-der-Turkei-10-768x960.jpg 768w, https:\/\/www.alevcamcioglu.com\/wp-content\/uploads\/2024\/11\/Nasenkorrektur-Vorher-Nachher-Foto-in-der-Turkei-10.jpg 1200w\" sizes=\"(max-width: 320px) 100vw, 320px\" title=\"\">                                                              <\/div>\n              <div class=\"box-text text-left\" >\n                 <p><\/p>\n              <\/div>\n            <\/div>\n            <\/a>          <\/div>\n         <\/div><div class=\"gallery-col col\" >\n          <div class=\"col-inner\">\n            <a class=\"image-lightbox lightbox-gallery\" href=\"https:\/\/www.alevcamcioglu.com\/wp-content\/uploads\/2024\/11\/Nasenkorrektur-Vorher-Nachher-Foto-in-der-Turkei-11.jpg\" title=\"\">            <div class=\"box has-hover gallery-box box-normal\">\n              <div class=\"box-image\" >\n                <img decoding=\"async\" width=\"320\" height=\"400\" src=\"https:\/\/www.alevcamcioglu.com\/wp-content\/uploads\/2024\/11\/Nasenkorrektur-Vorher-Nachher-Foto-in-der-Turkei-11-320x400.jpg\" class=\"attachment-medium size-medium\" alt=\"\" ids=\"8946,8952,8958,8964,8970,8976,8982,8988,8994,9000,9006,9012,9018,9024,9030,9036,9042,9048,9054,9060,9066,9072,9078,9084,9090,9096,9102,9108,9114,9120,9126,9132,9138,9144,9150,9156,9162,9168,9174,9180,9186,9192,9198,9204\" style=\"normal\" lightbox_image_size=\"2048x2048\" type=\"slider\" slider_nav_style=\"circle\" slider_nav_position=\"outside\" srcset=\"https:\/\/www.alevcamcioglu.com\/wp-content\/uploads\/2024\/11\/Nasenkorrektur-Vorher-Nachher-Foto-in-der-Turkei-11-320x400.jpg 320w, https:\/\/www.alevcamcioglu.com\/wp-content\/uploads\/2024\/11\/Nasenkorrektur-Vorher-Nachher-Foto-in-der-Turkei-11-640x800.jpg 640w, https:\/\/www.alevcamcioglu.com\/wp-content\/uploads\/2024\/11\/Nasenkorrektur-Vorher-Nachher-Foto-in-der-Turkei-11-768x960.jpg 768w, https:\/\/www.alevcamcioglu.com\/wp-content\/uploads\/2024\/11\/Nasenkorrektur-Vorher-Nachher-Foto-in-der-Turkei-11.jpg 1200w\" sizes=\"(max-width: 320px) 100vw, 320px\" title=\"\">                                                              <\/div>\n              <div class=\"box-text text-left\" >\n                 <p><\/p>\n              <\/div>\n            <\/div>\n            <\/a>          <\/div>\n         <\/div><div class=\"gallery-col col\" >\n          <div class=\"col-inner\">\n            <a class=\"image-lightbox lightbox-gallery\" href=\"https:\/\/www.alevcamcioglu.com\/wp-content\/uploads\/2024\/11\/Nasenkorrektur-Vorher-Nachher-Foto-in-der-Turkei-12.jpg\" title=\"\">            <div class=\"box has-hover gallery-box box-normal\">\n              <div class=\"box-image\" >\n                <img decoding=\"async\" width=\"320\" height=\"400\" src=\"https:\/\/www.alevcamcioglu.com\/wp-content\/uploads\/2024\/11\/Nasenkorrektur-Vorher-Nachher-Foto-in-der-Turkei-12-320x400.jpg\" class=\"attachment-medium size-medium\" alt=\"\" ids=\"8946,8952,8958,8964,8970,8976,8982,8988,8994,9000,9006,9012,9018,9024,9030,9036,9042,9048,9054,9060,9066,9072,9078,9084,9090,9096,9102,9108,9114,9120,9126,9132,9138,9144,9150,9156,9162,9168,9174,9180,9186,9192,9198,9204\" style=\"normal\" lightbox_image_size=\"2048x2048\" type=\"slider\" slider_nav_style=\"circle\" slider_nav_position=\"outside\" srcset=\"https:\/\/www.alevcamcioglu.com\/wp-content\/uploads\/2024\/11\/Nasenkorrektur-Vorher-Nachher-Foto-in-der-Turkei-12-320x400.jpg 320w, https:\/\/www.alevcamcioglu.com\/wp-content\/uploads\/2024\/11\/Nasenkorrektur-Vorher-Nachher-Foto-in-der-Turkei-12-640x800.jpg 640w, https:\/\/www.alevcamcioglu.com\/wp-content\/uploads\/2024\/11\/Nasenkorrektur-Vorher-Nachher-Foto-in-der-Turkei-12-768x960.jpg 768w, https:\/\/www.alevcamcioglu.com\/wp-content\/uploads\/2024\/11\/Nasenkorrektur-Vorher-Nachher-Foto-in-der-Turkei-12.jpg 1200w\" sizes=\"(max-width: 320px) 100vw, 320px\" title=\"\">                                                              <\/div>\n              <div class=\"box-text text-left\" >\n                 <p><\/p>\n              <\/div>\n            <\/div>\n            <\/a>          <\/div>\n         <\/div><div class=\"gallery-col col\" >\n          <div class=\"col-inner\">\n            <a class=\"image-lightbox lightbox-gallery\" href=\"https:\/\/www.alevcamcioglu.com\/wp-content\/uploads\/2024\/11\/Nasenkorrektur-Vorher-Nachher-Foto-in-der-Turkei-13.jpg\" title=\"\">            <div class=\"box has-hover gallery-box box-normal\">\n              <div class=\"box-image\" >\n                <img decoding=\"async\" width=\"320\" height=\"400\" src=\"https:\/\/www.alevcamcioglu.com\/wp-content\/uploads\/2024\/11\/Nasenkorrektur-Vorher-Nachher-Foto-in-der-Turkei-13-320x400.jpg\" class=\"attachment-medium size-medium\" alt=\"\" ids=\"8946,8952,8958,8964,8970,8976,8982,8988,8994,9000,9006,9012,9018,9024,9030,9036,9042,9048,9054,9060,9066,9072,9078,9084,9090,9096,9102,9108,9114,9120,9126,9132,9138,9144,9150,9156,9162,9168,9174,9180,9186,9192,9198,9204\" style=\"normal\" lightbox_image_size=\"2048x2048\" type=\"slider\" slider_nav_style=\"circle\" slider_nav_position=\"outside\" srcset=\"https:\/\/www.alevcamcioglu.com\/wp-content\/uploads\/2024\/11\/Nasenkorrektur-Vorher-Nachher-Foto-in-der-Turkei-13-320x400.jpg 320w, https:\/\/www.alevcamcioglu.com\/wp-content\/uploads\/2024\/11\/Nasenkorrektur-Vorher-Nachher-Foto-in-der-Turkei-13-640x800.jpg 640w, https:\/\/www.alevcamcioglu.com\/wp-content\/uploads\/2024\/11\/Nasenkorrektur-Vorher-Nachher-Foto-in-der-Turkei-13-768x960.jpg 768w, https:\/\/www.alevcamcioglu.com\/wp-content\/uploads\/2024\/11\/Nasenkorrektur-Vorher-Nachher-Foto-in-der-Turkei-13.jpg 1200w\" sizes=\"(max-width: 320px) 100vw, 320px\" title=\"\">                                                              <\/div>\n              <div class=\"box-text text-left\" >\n                 <p><\/p>\n              <\/div>\n            <\/div>\n            <\/a>          <\/div>\n         <\/div><div class=\"gallery-col col\" >\n          <div class=\"col-inner\">\n            <a class=\"image-lightbox lightbox-gallery\" href=\"https:\/\/www.alevcamcioglu.com\/wp-content\/uploads\/2024\/11\/Nasenkorrektur-Vorher-Nachher-Foto-in-der-Turkei-14.jpg\" title=\"\">            <div class=\"box has-hover gallery-box box-normal\">\n              <div class=\"box-image\" >\n                <img decoding=\"async\" width=\"320\" height=\"400\" src=\"https:\/\/www.alevcamcioglu.com\/wp-content\/uploads\/2024\/11\/Nasenkorrektur-Vorher-Nachher-Foto-in-der-Turkei-14-320x400.jpg\" class=\"attachment-medium size-medium\" alt=\"\" ids=\"8946,8952,8958,8964,8970,8976,8982,8988,8994,9000,9006,9012,9018,9024,9030,9036,9042,9048,9054,9060,9066,9072,9078,9084,9090,9096,9102,9108,9114,9120,9126,9132,9138,9144,9150,9156,9162,9168,9174,9180,9186,9192,9198,9204\" style=\"normal\" lightbox_image_size=\"2048x2048\" type=\"slider\" slider_nav_style=\"circle\" slider_nav_position=\"outside\" srcset=\"https:\/\/www.alevcamcioglu.com\/wp-content\/uploads\/2024\/11\/Nasenkorrektur-Vorher-Nachher-Foto-in-der-Turkei-14-320x400.jpg 320w, https:\/\/www.alevcamcioglu.com\/wp-content\/uploads\/2024\/11\/Nasenkorrektur-Vorher-Nachher-Foto-in-der-Turkei-14-640x800.jpg 640w, https:\/\/www.alevcamcioglu.com\/wp-content\/uploads\/2024\/11\/Nasenkorrektur-Vorher-Nachher-Foto-in-der-Turkei-14-768x960.jpg 768w, https:\/\/www.alevcamcioglu.com\/wp-content\/uploads\/2024\/11\/Nasenkorrektur-Vorher-Nachher-Foto-in-der-Turkei-14.jpg 1200w\" sizes=\"(max-width: 320px) 100vw, 320px\" title=\"\">                                                              <\/div>\n              <div class=\"box-text text-left\" >\n                 <p><\/p>\n              <\/div>\n            <\/div>\n            <\/a>          <\/div>\n         <\/div><div class=\"gallery-col col\" >\n          <div class=\"col-inner\">\n            <a class=\"image-lightbox lightbox-gallery\" href=\"https:\/\/www.alevcamcioglu.com\/wp-content\/uploads\/2024\/11\/Nasenkorrektur-Vorher-Nachher-Foto-in-der-Turkei-15.jpg\" title=\"\">            <div class=\"box has-hover gallery-box box-normal\">\n              <div class=\"box-image\" >\n                <img decoding=\"async\" width=\"320\" height=\"400\" src=\"https:\/\/www.alevcamcioglu.com\/wp-content\/uploads\/2024\/11\/Nasenkorrektur-Vorher-Nachher-Foto-in-der-Turkei-15-320x400.jpg\" class=\"attachment-medium size-medium\" alt=\"\" ids=\"8946,8952,8958,8964,8970,8976,8982,8988,8994,9000,9006,9012,9018,9024,9030,9036,9042,9048,9054,9060,9066,9072,9078,9084,9090,9096,9102,9108,9114,9120,9126,9132,9138,9144,9150,9156,9162,9168,9174,9180,9186,9192,9198,9204\" style=\"normal\" lightbox_image_size=\"2048x2048\" type=\"slider\" slider_nav_style=\"circle\" slider_nav_position=\"outside\" srcset=\"https:\/\/www.alevcamcioglu.com\/wp-content\/uploads\/2024\/11\/Nasenkorrektur-Vorher-Nachher-Foto-in-der-Turkei-15-320x400.jpg 320w, https:\/\/www.alevcamcioglu.com\/wp-content\/uploads\/2024\/11\/Nasenkorrektur-Vorher-Nachher-Foto-in-der-Turkei-15-640x800.jpg 640w, https:\/\/www.alevcamcioglu.com\/wp-content\/uploads\/2024\/11\/Nasenkorrektur-Vorher-Nachher-Foto-in-der-Turkei-15-768x960.jpg 768w, https:\/\/www.alevcamcioglu.com\/wp-content\/uploads\/2024\/11\/Nasenkorrektur-Vorher-Nachher-Foto-in-der-Turkei-15.jpg 1200w\" sizes=\"(max-width: 320px) 100vw, 320px\" title=\"\">                                                              <\/div>\n              <div class=\"box-text text-left\" >\n                 <p><\/p>\n              <\/div>\n            <\/div>\n            <\/a>          <\/div>\n         <\/div><div class=\"gallery-col col\" >\n          <div class=\"col-inner\">\n            <a class=\"image-lightbox lightbox-gallery\" href=\"https:\/\/www.alevcamcioglu.com\/wp-content\/uploads\/2024\/11\/Nasenkorrektur-Vorher-Nachher-Foto-in-der-Turkei-16.jpg\" title=\"\">            <div class=\"box has-hover gallery-box box-normal\">\n              <div class=\"box-image\" >\n                <img decoding=\"async\" width=\"320\" height=\"400\" src=\"https:\/\/www.alevcamcioglu.com\/wp-content\/uploads\/2024\/11\/Nasenkorrektur-Vorher-Nachher-Foto-in-der-Turkei-16-320x400.jpg\" class=\"attachment-medium size-medium\" alt=\"\" ids=\"8946,8952,8958,8964,8970,8976,8982,8988,8994,9000,9006,9012,9018,9024,9030,9036,9042,9048,9054,9060,9066,9072,9078,9084,9090,9096,9102,9108,9114,9120,9126,9132,9138,9144,9150,9156,9162,9168,9174,9180,9186,9192,9198,9204\" style=\"normal\" lightbox_image_size=\"2048x2048\" type=\"slider\" slider_nav_style=\"circle\" slider_nav_position=\"outside\" srcset=\"https:\/\/www.alevcamcioglu.com\/wp-content\/uploads\/2024\/11\/Nasenkorrektur-Vorher-Nachher-Foto-in-der-Turkei-16-320x400.jpg 320w, https:\/\/www.alevcamcioglu.com\/wp-content\/uploads\/2024\/11\/Nasenkorrektur-Vorher-Nachher-Foto-in-der-Turkei-16-640x800.jpg 640w, https:\/\/www.alevcamcioglu.com\/wp-content\/uploads\/2024\/11\/Nasenkorrektur-Vorher-Nachher-Foto-in-der-Turkei-16-768x960.jpg 768w, https:\/\/www.alevcamcioglu.com\/wp-content\/uploads\/2024\/11\/Nasenkorrektur-Vorher-Nachher-Foto-in-der-Turkei-16.jpg 1200w\" sizes=\"(max-width: 320px) 100vw, 320px\" title=\"\">                                                              <\/div>\n              <div class=\"box-text text-left\" >\n                 <p><\/p>\n              <\/div>\n            <\/div>\n            <\/a>          <\/div>\n         <\/div><div class=\"gallery-col col\" >\n          <div class=\"col-inner\">\n            <a class=\"image-lightbox lightbox-gallery\" href=\"https:\/\/www.alevcamcioglu.com\/wp-content\/uploads\/2024\/11\/Nasenkorrektur-Vorher-Nachher-Foto-in-der-Turkei-17.jpg\" title=\"\">            <div class=\"box has-hover gallery-box box-normal\">\n              <div class=\"box-image\" >\n                <img decoding=\"async\" width=\"320\" height=\"400\" src=\"https:\/\/www.alevcamcioglu.com\/wp-content\/uploads\/2024\/11\/Nasenkorrektur-Vorher-Nachher-Foto-in-der-Turkei-17-320x400.jpg\" class=\"attachment-medium size-medium\" alt=\"\" ids=\"8946,8952,8958,8964,8970,8976,8982,8988,8994,9000,9006,9012,9018,9024,9030,9036,9042,9048,9054,9060,9066,9072,9078,9084,9090,9096,9102,9108,9114,9120,9126,9132,9138,9144,9150,9156,9162,9168,9174,9180,9186,9192,9198,9204\" style=\"normal\" lightbox_image_size=\"2048x2048\" type=\"slider\" slider_nav_style=\"circle\" slider_nav_position=\"outside\" srcset=\"https:\/\/www.alevcamcioglu.com\/wp-content\/uploads\/2024\/11\/Nasenkorrektur-Vorher-Nachher-Foto-in-der-Turkei-17-320x400.jpg 320w, https:\/\/www.alevcamcioglu.com\/wp-content\/uploads\/2024\/11\/Nasenkorrektur-Vorher-Nachher-Foto-in-der-Turkei-17-640x800.jpg 640w, https:\/\/www.alevcamcioglu.com\/wp-content\/uploads\/2024\/11\/Nasenkorrektur-Vorher-Nachher-Foto-in-der-Turkei-17-768x960.jpg 768w, https:\/\/www.alevcamcioglu.com\/wp-content\/uploads\/2024\/11\/Nasenkorrektur-Vorher-Nachher-Foto-in-der-Turkei-17.jpg 1200w\" sizes=\"(max-width: 320px) 100vw, 320px\" title=\"\">                                                              <\/div>\n              <div class=\"box-text text-left\" >\n                 <p><\/p>\n              <\/div>\n            <\/div>\n            <\/a>          <\/div>\n         <\/div><div class=\"gallery-col col\" >\n          <div class=\"col-inner\">\n            <a class=\"image-lightbox lightbox-gallery\" href=\"https:\/\/www.alevcamcioglu.com\/wp-content\/uploads\/2024\/11\/Nasenkorrektur-Vorher-Nachher-Foto-in-der-Turkei-18.jpg\" title=\"\">            <div class=\"box has-hover gallery-box box-normal\">\n              <div class=\"box-image\" >\n                <img decoding=\"async\" width=\"320\" height=\"400\" src=\"https:\/\/www.alevcamcioglu.com\/wp-content\/uploads\/2024\/11\/Nasenkorrektur-Vorher-Nachher-Foto-in-der-Turkei-18-320x400.jpg\" class=\"attachment-medium size-medium\" alt=\"\" ids=\"8946,8952,8958,8964,8970,8976,8982,8988,8994,9000,9006,9012,9018,9024,9030,9036,9042,9048,9054,9060,9066,9072,9078,9084,9090,9096,9102,9108,9114,9120,9126,9132,9138,9144,9150,9156,9162,9168,9174,9180,9186,9192,9198,9204\" style=\"normal\" lightbox_image_size=\"2048x2048\" type=\"slider\" slider_nav_style=\"circle\" slider_nav_position=\"outside\" srcset=\"https:\/\/www.alevcamcioglu.com\/wp-content\/uploads\/2024\/11\/Nasenkorrektur-Vorher-Nachher-Foto-in-der-Turkei-18-320x400.jpg 320w, https:\/\/www.alevcamcioglu.com\/wp-content\/uploads\/2024\/11\/Nasenkorrektur-Vorher-Nachher-Foto-in-der-Turkei-18-640x800.jpg 640w, https:\/\/www.alevcamcioglu.com\/wp-content\/uploads\/2024\/11\/Nasenkorrektur-Vorher-Nachher-Foto-in-der-Turkei-18-768x960.jpg 768w, https:\/\/www.alevcamcioglu.com\/wp-content\/uploads\/2024\/11\/Nasenkorrektur-Vorher-Nachher-Foto-in-der-Turkei-18.jpg 1000w\" sizes=\"(max-width: 320px) 100vw, 320px\" title=\"\">                                                              <\/div>\n              <div class=\"box-text text-left\" >\n                 <p><\/p>\n              <\/div>\n            <\/div>\n            <\/a>          <\/div>\n         <\/div><div class=\"gallery-col col\" >\n          <div class=\"col-inner\">\n            <a class=\"image-lightbox lightbox-gallery\" href=\"https:\/\/www.alevcamcioglu.com\/wp-content\/uploads\/2024\/11\/Nasenkorrektur-Vorher-Nachher-Foto-in-der-Turkei-19.jpg\" title=\"\">            <div class=\"box has-hover gallery-box box-normal\">\n              <div class=\"box-image\" >\n                <img decoding=\"async\" width=\"320\" height=\"400\" src=\"https:\/\/www.alevcamcioglu.com\/wp-content\/uploads\/2024\/11\/Nasenkorrektur-Vorher-Nachher-Foto-in-der-Turkei-19-320x400.jpg\" class=\"attachment-medium size-medium\" alt=\"\" ids=\"8946,8952,8958,8964,8970,8976,8982,8988,8994,9000,9006,9012,9018,9024,9030,9036,9042,9048,9054,9060,9066,9072,9078,9084,9090,9096,9102,9108,9114,9120,9126,9132,9138,9144,9150,9156,9162,9168,9174,9180,9186,9192,9198,9204\" style=\"normal\" lightbox_image_size=\"2048x2048\" type=\"slider\" slider_nav_style=\"circle\" slider_nav_position=\"outside\" srcset=\"https:\/\/www.alevcamcioglu.com\/wp-content\/uploads\/2024\/11\/Nasenkorrektur-Vorher-Nachher-Foto-in-der-Turkei-19-320x400.jpg 320w, https:\/\/www.alevcamcioglu.com\/wp-content\/uploads\/2024\/11\/Nasenkorrektur-Vorher-Nachher-Foto-in-der-Turkei-19-640x800.jpg 640w, https:\/\/www.alevcamcioglu.com\/wp-content\/uploads\/2024\/11\/Nasenkorrektur-Vorher-Nachher-Foto-in-der-Turkei-19-768x960.jpg 768w, https:\/\/www.alevcamcioglu.com\/wp-content\/uploads\/2024\/11\/Nasenkorrektur-Vorher-Nachher-Foto-in-der-Turkei-19.jpg 1000w\" sizes=\"(max-width: 320px) 100vw, 320px\" title=\"\">                                                              <\/div>\n              <div class=\"box-text text-left\" >\n                 <p><\/p>\n              <\/div>\n            <\/div>\n            <\/a>          <\/div>\n         <\/div><div class=\"gallery-col col\" >\n          <div class=\"col-inner\">\n            <a class=\"image-lightbox lightbox-gallery\" href=\"https:\/\/www.alevcamcioglu.com\/wp-content\/uploads\/2024\/11\/Nasenkorrektur-Vorher-Nachher-Foto-in-der-Turkei-20.jpg\" title=\"\">            <div class=\"box has-hover gallery-box box-normal\">\n              <div class=\"box-image\" >\n                <img decoding=\"async\" width=\"320\" height=\"400\" src=\"https:\/\/www.alevcamcioglu.com\/wp-content\/uploads\/2024\/11\/Nasenkorrektur-Vorher-Nachher-Foto-in-der-Turkei-20-320x400.jpg\" class=\"attachment-medium size-medium\" alt=\"\" ids=\"8946,8952,8958,8964,8970,8976,8982,8988,8994,9000,9006,9012,9018,9024,9030,9036,9042,9048,9054,9060,9066,9072,9078,9084,9090,9096,9102,9108,9114,9120,9126,9132,9138,9144,9150,9156,9162,9168,9174,9180,9186,9192,9198,9204\" style=\"normal\" lightbox_image_size=\"2048x2048\" type=\"slider\" slider_nav_style=\"circle\" slider_nav_position=\"outside\" srcset=\"https:\/\/www.alevcamcioglu.com\/wp-content\/uploads\/2024\/11\/Nasenkorrektur-Vorher-Nachher-Foto-in-der-Turkei-20-320x400.jpg 320w, https:\/\/www.alevcamcioglu.com\/wp-content\/uploads\/2024\/11\/Nasenkorrektur-Vorher-Nachher-Foto-in-der-Turkei-20-639x800.jpg 639w, https:\/\/www.alevcamcioglu.com\/wp-content\/uploads\/2024\/11\/Nasenkorrektur-Vorher-Nachher-Foto-in-der-Turkei-20-768x961.jpg 768w, https:\/\/www.alevcamcioglu.com\/wp-content\/uploads\/2024\/11\/Nasenkorrektur-Vorher-Nachher-Foto-in-der-Turkei-20.jpg 999w\" sizes=\"(max-width: 320px) 100vw, 320px\" title=\"\">                                                              <\/div>\n              <div class=\"box-text text-left\" >\n                 <p><\/p>\n              <\/div>\n            <\/div>\n            <\/a>          <\/div>\n         <\/div><div class=\"gallery-col col\" >\n          <div class=\"col-inner\">\n            <a class=\"image-lightbox lightbox-gallery\" href=\"https:\/\/www.alevcamcioglu.com\/wp-content\/uploads\/2024\/11\/Nasenkorrektur-Vorher-Nachher-Foto-in-der-Turkei-21.jpg\" title=\"\">            <div class=\"box has-hover gallery-box box-normal\">\n              <div class=\"box-image\" >\n                <img decoding=\"async\" width=\"320\" height=\"400\" src=\"https:\/\/www.alevcamcioglu.com\/wp-content\/uploads\/2024\/11\/Nasenkorrektur-Vorher-Nachher-Foto-in-der-Turkei-21-320x400.jpg\" class=\"attachment-medium size-medium\" alt=\"\" ids=\"8946,8952,8958,8964,8970,8976,8982,8988,8994,9000,9006,9012,9018,9024,9030,9036,9042,9048,9054,9060,9066,9072,9078,9084,9090,9096,9102,9108,9114,9120,9126,9132,9138,9144,9150,9156,9162,9168,9174,9180,9186,9192,9198,9204\" style=\"normal\" lightbox_image_size=\"2048x2048\" type=\"slider\" slider_nav_style=\"circle\" slider_nav_position=\"outside\" srcset=\"https:\/\/www.alevcamcioglu.com\/wp-content\/uploads\/2024\/11\/Nasenkorrektur-Vorher-Nachher-Foto-in-der-Turkei-21-320x400.jpg 320w, https:\/\/www.alevcamcioglu.com\/wp-content\/uploads\/2024\/11\/Nasenkorrektur-Vorher-Nachher-Foto-in-der-Turkei-21-640x800.jpg 640w, https:\/\/www.alevcamcioglu.com\/wp-content\/uploads\/2024\/11\/Nasenkorrektur-Vorher-Nachher-Foto-in-der-Turkei-21-768x960.jpg 768w, https:\/\/www.alevcamcioglu.com\/wp-content\/uploads\/2024\/11\/Nasenkorrektur-Vorher-Nachher-Foto-in-der-Turkei-21.jpg 1000w\" sizes=\"(max-width: 320px) 100vw, 320px\" title=\"\">                                                              <\/div>\n              <div class=\"box-text text-left\" >\n                 <p><\/p>\n              <\/div>\n            <\/div>\n            <\/a>          <\/div>\n         <\/div><div class=\"gallery-col col\" >\n          <div class=\"col-inner\">\n            <a class=\"image-lightbox lightbox-gallery\" href=\"https:\/\/www.alevcamcioglu.com\/wp-content\/uploads\/2024\/11\/Nasenkorrektur-Vorher-Nachher-Foto-in-der-Turkei-22.jpg\" title=\"\">            <div class=\"box has-hover gallery-box box-normal\">\n              <div class=\"box-image\" >\n                <img decoding=\"async\" width=\"320\" height=\"400\" src=\"https:\/\/www.alevcamcioglu.com\/wp-content\/uploads\/2024\/11\/Nasenkorrektur-Vorher-Nachher-Foto-in-der-Turkei-22-320x400.jpg\" class=\"attachment-medium size-medium\" alt=\"\" ids=\"8946,8952,8958,8964,8970,8976,8982,8988,8994,9000,9006,9012,9018,9024,9030,9036,9042,9048,9054,9060,9066,9072,9078,9084,9090,9096,9102,9108,9114,9120,9126,9132,9138,9144,9150,9156,9162,9168,9174,9180,9186,9192,9198,9204\" style=\"normal\" lightbox_image_size=\"2048x2048\" type=\"slider\" slider_nav_style=\"circle\" slider_nav_position=\"outside\" srcset=\"https:\/\/www.alevcamcioglu.com\/wp-content\/uploads\/2024\/11\/Nasenkorrektur-Vorher-Nachher-Foto-in-der-Turkei-22-320x400.jpg 320w, https:\/\/www.alevcamcioglu.com\/wp-content\/uploads\/2024\/11\/Nasenkorrektur-Vorher-Nachher-Foto-in-der-Turkei-22-640x800.jpg 640w, https:\/\/www.alevcamcioglu.com\/wp-content\/uploads\/2024\/11\/Nasenkorrektur-Vorher-Nachher-Foto-in-der-Turkei-22-768x960.jpg 768w, https:\/\/www.alevcamcioglu.com\/wp-content\/uploads\/2024\/11\/Nasenkorrektur-Vorher-Nachher-Foto-in-der-Turkei-22.jpg 1000w\" sizes=\"(max-width: 320px) 100vw, 320px\" title=\"\">                                                              <\/div>\n              <div class=\"box-text text-left\" >\n                 <p><\/p>\n              <\/div>\n            <\/div>\n            <\/a>          <\/div>\n         <\/div><div class=\"gallery-col col\" >\n          <div class=\"col-inner\">\n            <a class=\"image-lightbox lightbox-gallery\" href=\"https:\/\/www.alevcamcioglu.com\/wp-content\/uploads\/2024\/11\/Nasenkorrektur-Vorher-Nachher-Foto-in-der-Turkei-23.jpg\" title=\"\">            <div class=\"box has-hover gallery-box box-normal\">\n              <div class=\"box-image\" >\n                <img decoding=\"async\" width=\"320\" height=\"400\" src=\"https:\/\/www.alevcamcioglu.com\/wp-content\/uploads\/2024\/11\/Nasenkorrektur-Vorher-Nachher-Foto-in-der-Turkei-23-320x400.jpg\" class=\"attachment-medium size-medium\" alt=\"\" ids=\"8946,8952,8958,8964,8970,8976,8982,8988,8994,9000,9006,9012,9018,9024,9030,9036,9042,9048,9054,9060,9066,9072,9078,9084,9090,9096,9102,9108,9114,9120,9126,9132,9138,9144,9150,9156,9162,9168,9174,9180,9186,9192,9198,9204\" style=\"normal\" lightbox_image_size=\"2048x2048\" type=\"slider\" slider_nav_style=\"circle\" slider_nav_position=\"outside\" srcset=\"https:\/\/www.alevcamcioglu.com\/wp-content\/uploads\/2024\/11\/Nasenkorrektur-Vorher-Nachher-Foto-in-der-Turkei-23-320x400.jpg 320w, https:\/\/www.alevcamcioglu.com\/wp-content\/uploads\/2024\/11\/Nasenkorrektur-Vorher-Nachher-Foto-in-der-Turkei-23-640x800.jpg 640w, https:\/\/www.alevcamcioglu.com\/wp-content\/uploads\/2024\/11\/Nasenkorrektur-Vorher-Nachher-Foto-in-der-Turkei-23-768x960.jpg 768w, https:\/\/www.alevcamcioglu.com\/wp-content\/uploads\/2024\/11\/Nasenkorrektur-Vorher-Nachher-Foto-in-der-Turkei-23.jpg 1000w\" sizes=\"(max-width: 320px) 100vw, 320px\" title=\"\">                                                              <\/div>\n              <div class=\"box-text text-left\" >\n                 <p><\/p>\n              <\/div>\n            <\/div>\n            <\/a>          <\/div>\n         <\/div><div class=\"gallery-col col\" >\n          <div class=\"col-inner\">\n            <a class=\"image-lightbox lightbox-gallery\" href=\"https:\/\/www.alevcamcioglu.com\/wp-content\/uploads\/2024\/11\/Nasenkorrektur-Vorher-Nachher-Foto-in-der-Turkei-24.jpg\" title=\"\">            <div class=\"box has-hover gallery-box box-normal\">\n              <div class=\"box-image\" >\n                <img decoding=\"async\" width=\"320\" height=\"400\" src=\"https:\/\/www.alevcamcioglu.com\/wp-content\/uploads\/2024\/11\/Nasenkorrektur-Vorher-Nachher-Foto-in-der-Turkei-24-320x400.jpg\" class=\"attachment-medium size-medium\" alt=\"\" ids=\"8946,8952,8958,8964,8970,8976,8982,8988,8994,9000,9006,9012,9018,9024,9030,9036,9042,9048,9054,9060,9066,9072,9078,9084,9090,9096,9102,9108,9114,9120,9126,9132,9138,9144,9150,9156,9162,9168,9174,9180,9186,9192,9198,9204\" style=\"normal\" lightbox_image_size=\"2048x2048\" type=\"slider\" slider_nav_style=\"circle\" slider_nav_position=\"outside\" srcset=\"https:\/\/www.alevcamcioglu.com\/wp-content\/uploads\/2024\/11\/Nasenkorrektur-Vorher-Nachher-Foto-in-der-Turkei-24-320x400.jpg 320w, https:\/\/www.alevcamcioglu.com\/wp-content\/uploads\/2024\/11\/Nasenkorrektur-Vorher-Nachher-Foto-in-der-Turkei-24-640x800.jpg 640w, https:\/\/www.alevcamcioglu.com\/wp-content\/uploads\/2024\/11\/Nasenkorrektur-Vorher-Nachher-Foto-in-der-Turkei-24-768x960.jpg 768w, https:\/\/www.alevcamcioglu.com\/wp-content\/uploads\/2024\/11\/Nasenkorrektur-Vorher-Nachher-Foto-in-der-Turkei-24.jpg 1000w\" sizes=\"(max-width: 320px) 100vw, 320px\" title=\"\">                                                              <\/div>\n              <div class=\"box-text text-left\" >\n                 <p><\/p>\n              <\/div>\n            <\/div>\n            <\/a>          <\/div>\n         <\/div><div class=\"gallery-col col\" >\n          <div class=\"col-inner\">\n            <a class=\"image-lightbox lightbox-gallery\" href=\"https:\/\/www.alevcamcioglu.com\/wp-content\/uploads\/2024\/11\/Nasenkorrektur-Vorher-Nachher-Foto-in-der-Turkei-25.jpg\" title=\"\">            <div class=\"box has-hover gallery-box box-normal\">\n              <div class=\"box-image\" >\n                <img decoding=\"async\" width=\"320\" height=\"400\" src=\"https:\/\/www.alevcamcioglu.com\/wp-content\/uploads\/2024\/11\/Nasenkorrektur-Vorher-Nachher-Foto-in-der-Turkei-25-320x400.jpg\" class=\"attachment-medium size-medium\" alt=\"\" ids=\"8946,8952,8958,8964,8970,8976,8982,8988,8994,9000,9006,9012,9018,9024,9030,9036,9042,9048,9054,9060,9066,9072,9078,9084,9090,9096,9102,9108,9114,9120,9126,9132,9138,9144,9150,9156,9162,9168,9174,9180,9186,9192,9198,9204\" style=\"normal\" lightbox_image_size=\"2048x2048\" type=\"slider\" slider_nav_style=\"circle\" slider_nav_position=\"outside\" srcset=\"https:\/\/www.alevcamcioglu.com\/wp-content\/uploads\/2024\/11\/Nasenkorrektur-Vorher-Nachher-Foto-in-der-Turkei-25-320x400.jpg 320w, https:\/\/www.alevcamcioglu.com\/wp-content\/uploads\/2024\/11\/Nasenkorrektur-Vorher-Nachher-Foto-in-der-Turkei-25-640x800.jpg 640w, https:\/\/www.alevcamcioglu.com\/wp-content\/uploads\/2024\/11\/Nasenkorrektur-Vorher-Nachher-Foto-in-der-Turkei-25-768x960.jpg 768w, https:\/\/www.alevcamcioglu.com\/wp-content\/uploads\/2024\/11\/Nasenkorrektur-Vorher-Nachher-Foto-in-der-Turkei-25.jpg 1000w\" sizes=\"(max-width: 320px) 100vw, 320px\" title=\"\">                                                              <\/div>\n              <div class=\"box-text text-left\" >\n                 <p><\/p>\n              <\/div>\n            <\/div>\n            <\/a>          <\/div>\n         <\/div><div class=\"gallery-col col\" >\n          <div class=\"col-inner\">\n            <a class=\"image-lightbox lightbox-gallery\" href=\"https:\/\/www.alevcamcioglu.com\/wp-content\/uploads\/2024\/11\/Nasenkorrektur-Vorher-Nachher-Foto-in-der-Turkei-26.jpg\" title=\"\">            <div class=\"box has-hover gallery-box box-normal\">\n              <div class=\"box-image\" >\n                <img decoding=\"async\" width=\"320\" height=\"400\" src=\"https:\/\/www.alevcamcioglu.com\/wp-content\/uploads\/2024\/11\/Nasenkorrektur-Vorher-Nachher-Foto-in-der-Turkei-26-320x400.jpg\" class=\"attachment-medium size-medium\" alt=\"\" ids=\"8946,8952,8958,8964,8970,8976,8982,8988,8994,9000,9006,9012,9018,9024,9030,9036,9042,9048,9054,9060,9066,9072,9078,9084,9090,9096,9102,9108,9114,9120,9126,9132,9138,9144,9150,9156,9162,9168,9174,9180,9186,9192,9198,9204\" style=\"normal\" lightbox_image_size=\"2048x2048\" type=\"slider\" slider_nav_style=\"circle\" slider_nav_position=\"outside\" srcset=\"https:\/\/www.alevcamcioglu.com\/wp-content\/uploads\/2024\/11\/Nasenkorrektur-Vorher-Nachher-Foto-in-der-Turkei-26-320x400.jpg 320w, https:\/\/www.alevcamcioglu.com\/wp-content\/uploads\/2024\/11\/Nasenkorrektur-Vorher-Nachher-Foto-in-der-Turkei-26-640x800.jpg 640w, https:\/\/www.alevcamcioglu.com\/wp-content\/uploads\/2024\/11\/Nasenkorrektur-Vorher-Nachher-Foto-in-der-Turkei-26-768x960.jpg 768w, https:\/\/www.alevcamcioglu.com\/wp-content\/uploads\/2024\/11\/Nasenkorrektur-Vorher-Nachher-Foto-in-der-Turkei-26.jpg 1000w\" sizes=\"(max-width: 320px) 100vw, 320px\" title=\"\">                                                              <\/div>\n              <div class=\"box-text text-left\" >\n                 <p><\/p>\n              <\/div>\n            <\/div>\n            <\/a>          <\/div>\n         <\/div><div class=\"gallery-col col\" >\n          <div class=\"col-inner\">\n            <a class=\"image-lightbox lightbox-gallery\" href=\"https:\/\/www.alevcamcioglu.com\/wp-content\/uploads\/2024\/11\/Nasenkorrektur-Vorher-Nachher-Foto-in-der-Turkei-27.jpg\" title=\"\">            <div class=\"box has-hover gallery-box box-normal\">\n              <div class=\"box-image\" >\n                <img decoding=\"async\" width=\"320\" height=\"400\" src=\"https:\/\/www.alevcamcioglu.com\/wp-content\/uploads\/2024\/11\/Nasenkorrektur-Vorher-Nachher-Foto-in-der-Turkei-27-320x400.jpg\" class=\"attachment-medium size-medium\" alt=\"\" ids=\"8946,8952,8958,8964,8970,8976,8982,8988,8994,9000,9006,9012,9018,9024,9030,9036,9042,9048,9054,9060,9066,9072,9078,9084,9090,9096,9102,9108,9114,9120,9126,9132,9138,9144,9150,9156,9162,9168,9174,9180,9186,9192,9198,9204\" style=\"normal\" lightbox_image_size=\"2048x2048\" type=\"slider\" slider_nav_style=\"circle\" slider_nav_position=\"outside\" srcset=\"https:\/\/www.alevcamcioglu.com\/wp-content\/uploads\/2024\/11\/Nasenkorrektur-Vorher-Nachher-Foto-in-der-Turkei-27-320x400.jpg 320w, https:\/\/www.alevcamcioglu.com\/wp-content\/uploads\/2024\/11\/Nasenkorrektur-Vorher-Nachher-Foto-in-der-Turkei-27-640x800.jpg 640w, https:\/\/www.alevcamcioglu.com\/wp-content\/uploads\/2024\/11\/Nasenkorrektur-Vorher-Nachher-Foto-in-der-Turkei-27-768x960.jpg 768w, https:\/\/www.alevcamcioglu.com\/wp-content\/uploads\/2024\/11\/Nasenkorrektur-Vorher-Nachher-Foto-in-der-Turkei-27.jpg 1000w\" sizes=\"(max-width: 320px) 100vw, 320px\" title=\"\">                                                              <\/div>\n              <div class=\"box-text text-left\" >\n                 <p><\/p>\n              <\/div>\n            <\/div>\n            <\/a>          <\/div>\n         <\/div><div class=\"gallery-col col\" >\n          <div class=\"col-inner\">\n            <a class=\"image-lightbox lightbox-gallery\" href=\"https:\/\/www.alevcamcioglu.com\/wp-content\/uploads\/2024\/11\/Nasenkorrektur-Vorher-Nachher-Foto-in-der-Turkei-28.jpg\" title=\"\">            <div class=\"box has-hover gallery-box box-normal\">\n              <div class=\"box-image\" >\n                <img decoding=\"async\" width=\"320\" height=\"400\" src=\"https:\/\/www.alevcamcioglu.com\/wp-content\/uploads\/2024\/11\/Nasenkorrektur-Vorher-Nachher-Foto-in-der-Turkei-28-320x400.jpg\" class=\"attachment-medium size-medium\" alt=\"\" ids=\"8946,8952,8958,8964,8970,8976,8982,8988,8994,9000,9006,9012,9018,9024,9030,9036,9042,9048,9054,9060,9066,9072,9078,9084,9090,9096,9102,9108,9114,9120,9126,9132,9138,9144,9150,9156,9162,9168,9174,9180,9186,9192,9198,9204\" style=\"normal\" lightbox_image_size=\"2048x2048\" type=\"slider\" slider_nav_style=\"circle\" slider_nav_position=\"outside\" srcset=\"https:\/\/www.alevcamcioglu.com\/wp-content\/uploads\/2024\/11\/Nasenkorrektur-Vorher-Nachher-Foto-in-der-Turkei-28-320x400.jpg 320w, https:\/\/www.alevcamcioglu.com\/wp-content\/uploads\/2024\/11\/Nasenkorrektur-Vorher-Nachher-Foto-in-der-Turkei-28-640x800.jpg 640w, https:\/\/www.alevcamcioglu.com\/wp-content\/uploads\/2024\/11\/Nasenkorrektur-Vorher-Nachher-Foto-in-der-Turkei-28-768x960.jpg 768w, https:\/\/www.alevcamcioglu.com\/wp-content\/uploads\/2024\/11\/Nasenkorrektur-Vorher-Nachher-Foto-in-der-Turkei-28.jpg 1000w\" sizes=\"(max-width: 320px) 100vw, 320px\" title=\"\">                                                              <\/div>\n              <div class=\"box-text text-left\" >\n                 <p><\/p>\n              <\/div>\n            <\/div>\n            <\/a>          <\/div>\n         <\/div><div class=\"gallery-col col\" >\n          <div class=\"col-inner\">\n            <a class=\"image-lightbox lightbox-gallery\" href=\"https:\/\/www.alevcamcioglu.com\/wp-content\/uploads\/2024\/11\/Nasenkorrektur-Vorher-Nachher-Foto-in-der-Turkei-29.jpg\" title=\"\">            <div class=\"box has-hover gallery-box box-normal\">\n              <div class=\"box-image\" >\n                <img decoding=\"async\" width=\"320\" height=\"400\" src=\"https:\/\/www.alevcamcioglu.com\/wp-content\/uploads\/2024\/11\/Nasenkorrektur-Vorher-Nachher-Foto-in-der-Turkei-29-320x400.jpg\" class=\"attachment-medium size-medium\" alt=\"\" ids=\"8946,8952,8958,8964,8970,8976,8982,8988,8994,9000,9006,9012,9018,9024,9030,9036,9042,9048,9054,9060,9066,9072,9078,9084,9090,9096,9102,9108,9114,9120,9126,9132,9138,9144,9150,9156,9162,9168,9174,9180,9186,9192,9198,9204\" style=\"normal\" lightbox_image_size=\"2048x2048\" type=\"slider\" slider_nav_style=\"circle\" slider_nav_position=\"outside\" srcset=\"https:\/\/www.alevcamcioglu.com\/wp-content\/uploads\/2024\/11\/Nasenkorrektur-Vorher-Nachher-Foto-in-der-Turkei-29-320x400.jpg 320w, https:\/\/www.alevcamcioglu.com\/wp-content\/uploads\/2024\/11\/Nasenkorrektur-Vorher-Nachher-Foto-in-der-Turkei-29-640x800.jpg 640w, https:\/\/www.alevcamcioglu.com\/wp-content\/uploads\/2024\/11\/Nasenkorrektur-Vorher-Nachher-Foto-in-der-Turkei-29-768x960.jpg 768w, https:\/\/www.alevcamcioglu.com\/wp-content\/uploads\/2024\/11\/Nasenkorrektur-Vorher-Nachher-Foto-in-der-Turkei-29.jpg 1000w\" sizes=\"(max-width: 320px) 100vw, 320px\" title=\"\">                                                              <\/div>\n              <div class=\"box-text text-left\" >\n                 <p><\/p>\n              <\/div>\n            <\/div>\n            <\/a>          <\/div>\n         <\/div><div class=\"gallery-col col\" >\n          <div class=\"col-inner\">\n            <a class=\"image-lightbox lightbox-gallery\" href=\"https:\/\/www.alevcamcioglu.com\/wp-content\/uploads\/2024\/11\/Nasenkorrektur-Vorher-Nachher-Foto-in-der-Turkei-30.jpg\" title=\"\">            <div class=\"box has-hover gallery-box box-normal\">\n              <div class=\"box-image\" >\n                <img decoding=\"async\" width=\"320\" height=\"400\" src=\"https:\/\/www.alevcamcioglu.com\/wp-content\/uploads\/2024\/11\/Nasenkorrektur-Vorher-Nachher-Foto-in-der-Turkei-30-320x400.jpg\" class=\"attachment-medium size-medium\" alt=\"\" ids=\"8946,8952,8958,8964,8970,8976,8982,8988,8994,9000,9006,9012,9018,9024,9030,9036,9042,9048,9054,9060,9066,9072,9078,9084,9090,9096,9102,9108,9114,9120,9126,9132,9138,9144,9150,9156,9162,9168,9174,9180,9186,9192,9198,9204\" style=\"normal\" lightbox_image_size=\"2048x2048\" type=\"slider\" slider_nav_style=\"circle\" slider_nav_position=\"outside\" srcset=\"https:\/\/www.alevcamcioglu.com\/wp-content\/uploads\/2024\/11\/Nasenkorrektur-Vorher-Nachher-Foto-in-der-Turkei-30-320x400.jpg 320w, https:\/\/www.alevcamcioglu.com\/wp-content\/uploads\/2024\/11\/Nasenkorrektur-Vorher-Nachher-Foto-in-der-Turkei-30-640x800.jpg 640w, https:\/\/www.alevcamcioglu.com\/wp-content\/uploads\/2024\/11\/Nasenkorrektur-Vorher-Nachher-Foto-in-der-Turkei-30-768x960.jpg 768w, https:\/\/www.alevcamcioglu.com\/wp-content\/uploads\/2024\/11\/Nasenkorrektur-Vorher-Nachher-Foto-in-der-Turkei-30.jpg 1200w\" sizes=\"(max-width: 320px) 100vw, 320px\" title=\"\">                                                              <\/div>\n              <div class=\"box-text text-left\" >\n                 <p><\/p>\n              <\/div>\n            <\/div>\n            <\/a>          <\/div>\n         <\/div><div class=\"gallery-col col\" >\n          <div class=\"col-inner\">\n            <a class=\"image-lightbox lightbox-gallery\" href=\"https:\/\/www.alevcamcioglu.com\/wp-content\/uploads\/2024\/11\/Nasenkorrektur-Vorher-Nachher-Foto-in-der-Turkei-31.jpg\" title=\"\">            <div class=\"box has-hover gallery-box box-normal\">\n              <div class=\"box-image\" >\n                <img decoding=\"async\" width=\"320\" height=\"400\" src=\"https:\/\/www.alevcamcioglu.com\/wp-content\/uploads\/2024\/11\/Nasenkorrektur-Vorher-Nachher-Foto-in-der-Turkei-31-320x400.jpg\" class=\"attachment-medium size-medium\" alt=\"\" ids=\"8946,8952,8958,8964,8970,8976,8982,8988,8994,9000,9006,9012,9018,9024,9030,9036,9042,9048,9054,9060,9066,9072,9078,9084,9090,9096,9102,9108,9114,9120,9126,9132,9138,9144,9150,9156,9162,9168,9174,9180,9186,9192,9198,9204\" style=\"normal\" lightbox_image_size=\"2048x2048\" type=\"slider\" slider_nav_style=\"circle\" slider_nav_position=\"outside\" srcset=\"https:\/\/www.alevcamcioglu.com\/wp-content\/uploads\/2024\/11\/Nasenkorrektur-Vorher-Nachher-Foto-in-der-Turkei-31-320x400.jpg 320w, https:\/\/www.alevcamcioglu.com\/wp-content\/uploads\/2024\/11\/Nasenkorrektur-Vorher-Nachher-Foto-in-der-Turkei-31-640x800.jpg 640w, https:\/\/www.alevcamcioglu.com\/wp-content\/uploads\/2024\/11\/Nasenkorrektur-Vorher-Nachher-Foto-in-der-Turkei-31-768x960.jpg 768w, https:\/\/www.alevcamcioglu.com\/wp-content\/uploads\/2024\/11\/Nasenkorrektur-Vorher-Nachher-Foto-in-der-Turkei-31.jpg 1000w\" sizes=\"(max-width: 320px) 100vw, 320px\" title=\"\">                                                              <\/div>\n              <div class=\"box-text text-left\" >\n                 <p><\/p>\n              <\/div>\n            <\/div>\n            <\/a>          <\/div>\n         <\/div><div class=\"gallery-col col\" >\n          <div class=\"col-inner\">\n            <a class=\"image-lightbox lightbox-gallery\" href=\"https:\/\/www.alevcamcioglu.com\/wp-content\/uploads\/2024\/11\/Nasenkorrektur-Vorher-Nachher-Foto-in-der-Turkei-32.jpg\" title=\"\">            <div class=\"box has-hover gallery-box box-normal\">\n              <div class=\"box-image\" >\n                <img decoding=\"async\" width=\"320\" height=\"400\" src=\"https:\/\/www.alevcamcioglu.com\/wp-content\/uploads\/2024\/11\/Nasenkorrektur-Vorher-Nachher-Foto-in-der-Turkei-32-320x400.jpg\" class=\"attachment-medium size-medium\" alt=\"\" ids=\"8946,8952,8958,8964,8970,8976,8982,8988,8994,9000,9006,9012,9018,9024,9030,9036,9042,9048,9054,9060,9066,9072,9078,9084,9090,9096,9102,9108,9114,9120,9126,9132,9138,9144,9150,9156,9162,9168,9174,9180,9186,9192,9198,9204\" style=\"normal\" lightbox_image_size=\"2048x2048\" type=\"slider\" slider_nav_style=\"circle\" slider_nav_position=\"outside\" srcset=\"https:\/\/www.alevcamcioglu.com\/wp-content\/uploads\/2024\/11\/Nasenkorrektur-Vorher-Nachher-Foto-in-der-Turkei-32-320x400.jpg 320w, https:\/\/www.alevcamcioglu.com\/wp-content\/uploads\/2024\/11\/Nasenkorrektur-Vorher-Nachher-Foto-in-der-Turkei-32-640x800.jpg 640w, https:\/\/www.alevcamcioglu.com\/wp-content\/uploads\/2024\/11\/Nasenkorrektur-Vorher-Nachher-Foto-in-der-Turkei-32-768x960.jpg 768w, https:\/\/www.alevcamcioglu.com\/wp-content\/uploads\/2024\/11\/Nasenkorrektur-Vorher-Nachher-Foto-in-der-Turkei-32.jpg 1000w\" sizes=\"(max-width: 320px) 100vw, 320px\" title=\"\">                                                              <\/div>\n              <div class=\"box-text text-left\" >\n                 <p><\/p>\n              <\/div>\n            <\/div>\n            <\/a>          <\/div>\n         <\/div><div class=\"gallery-col col\" >\n          <div class=\"col-inner\">\n            <a class=\"image-lightbox lightbox-gallery\" href=\"https:\/\/www.alevcamcioglu.com\/wp-content\/uploads\/2024\/11\/Nasenkorrektur-Vorher-Nachher-Foto-in-der-Turkei-33.jpg\" title=\"\">            <div class=\"box has-hover gallery-box box-normal\">\n              <div class=\"box-image\" >\n                <img decoding=\"async\" width=\"320\" height=\"400\" src=\"https:\/\/www.alevcamcioglu.com\/wp-content\/uploads\/2024\/11\/Nasenkorrektur-Vorher-Nachher-Foto-in-der-Turkei-33-320x400.jpg\" class=\"attachment-medium size-medium\" alt=\"\" ids=\"8946,8952,8958,8964,8970,8976,8982,8988,8994,9000,9006,9012,9018,9024,9030,9036,9042,9048,9054,9060,9066,9072,9078,9084,9090,9096,9102,9108,9114,9120,9126,9132,9138,9144,9150,9156,9162,9168,9174,9180,9186,9192,9198,9204\" style=\"normal\" lightbox_image_size=\"2048x2048\" type=\"slider\" slider_nav_style=\"circle\" slider_nav_position=\"outside\" srcset=\"https:\/\/www.alevcamcioglu.com\/wp-content\/uploads\/2024\/11\/Nasenkorrektur-Vorher-Nachher-Foto-in-der-Turkei-33-320x400.jpg 320w, https:\/\/www.alevcamcioglu.com\/wp-content\/uploads\/2024\/11\/Nasenkorrektur-Vorher-Nachher-Foto-in-der-Turkei-33-640x800.jpg 640w, https:\/\/www.alevcamcioglu.com\/wp-content\/uploads\/2024\/11\/Nasenkorrektur-Vorher-Nachher-Foto-in-der-Turkei-33-768x960.jpg 768w, https:\/\/www.alevcamcioglu.com\/wp-content\/uploads\/2024\/11\/Nasenkorrektur-Vorher-Nachher-Foto-in-der-Turkei-33.jpg 1000w\" sizes=\"(max-width: 320px) 100vw, 320px\" title=\"\">                                                              <\/div>\n              <div class=\"box-text text-left\" >\n                 <p><\/p>\n              <\/div>\n            <\/div>\n            <\/a>          <\/div>\n         <\/div><div class=\"gallery-col col\" >\n          <div class=\"col-inner\">\n            <a class=\"image-lightbox lightbox-gallery\" href=\"https:\/\/www.alevcamcioglu.com\/wp-content\/uploads\/2024\/11\/Nasenkorrektur-Vorher-Nachher-Foto-in-der-Turkei-34.jpg\" title=\"\">            <div class=\"box has-hover gallery-box box-normal\">\n              <div class=\"box-image\" >\n                <img decoding=\"async\" width=\"320\" height=\"400\" src=\"https:\/\/www.alevcamcioglu.com\/wp-content\/uploads\/2024\/11\/Nasenkorrektur-Vorher-Nachher-Foto-in-der-Turkei-34-320x400.jpg\" class=\"attachment-medium size-medium\" alt=\"\" ids=\"8946,8952,8958,8964,8970,8976,8982,8988,8994,9000,9006,9012,9018,9024,9030,9036,9042,9048,9054,9060,9066,9072,9078,9084,9090,9096,9102,9108,9114,9120,9126,9132,9138,9144,9150,9156,9162,9168,9174,9180,9186,9192,9198,9204\" style=\"normal\" lightbox_image_size=\"2048x2048\" type=\"slider\" slider_nav_style=\"circle\" slider_nav_position=\"outside\" srcset=\"https:\/\/www.alevcamcioglu.com\/wp-content\/uploads\/2024\/11\/Nasenkorrektur-Vorher-Nachher-Foto-in-der-Turkei-34-320x400.jpg 320w, https:\/\/www.alevcamcioglu.com\/wp-content\/uploads\/2024\/11\/Nasenkorrektur-Vorher-Nachher-Foto-in-der-Turkei-34-640x800.jpg 640w, https:\/\/www.alevcamcioglu.com\/wp-content\/uploads\/2024\/11\/Nasenkorrektur-Vorher-Nachher-Foto-in-der-Turkei-34-768x960.jpg 768w, https:\/\/www.alevcamcioglu.com\/wp-content\/uploads\/2024\/11\/Nasenkorrektur-Vorher-Nachher-Foto-in-der-Turkei-34.jpg 1000w\" sizes=\"(max-width: 320px) 100vw, 320px\" title=\"\">                                                              <\/div>\n              <div class=\"box-text text-left\" >\n                 <p><\/p>\n              <\/div>\n            <\/div>\n            <\/a>          <\/div>\n         <\/div><div class=\"gallery-col col\" >\n          <div class=\"col-inner\">\n            <a class=\"image-lightbox lightbox-gallery\" href=\"https:\/\/www.alevcamcioglu.com\/wp-content\/uploads\/2024\/11\/Nasenkorrektur-Vorher-Nachher-Foto-in-der-Turkei-35.jpg\" title=\"\">            <div class=\"box has-hover gallery-box box-normal\">\n              <div class=\"box-image\" >\n                <img decoding=\"async\" width=\"320\" height=\"400\" src=\"https:\/\/www.alevcamcioglu.com\/wp-content\/uploads\/2024\/11\/Nasenkorrektur-Vorher-Nachher-Foto-in-der-Turkei-35-320x400.jpg\" class=\"attachment-medium size-medium\" alt=\"\" ids=\"8946,8952,8958,8964,8970,8976,8982,8988,8994,9000,9006,9012,9018,9024,9030,9036,9042,9048,9054,9060,9066,9072,9078,9084,9090,9096,9102,9108,9114,9120,9126,9132,9138,9144,9150,9156,9162,9168,9174,9180,9186,9192,9198,9204\" style=\"normal\" lightbox_image_size=\"2048x2048\" type=\"slider\" slider_nav_style=\"circle\" slider_nav_position=\"outside\" srcset=\"https:\/\/www.alevcamcioglu.com\/wp-content\/uploads\/2024\/11\/Nasenkorrektur-Vorher-Nachher-Foto-in-der-Turkei-35-320x400.jpg 320w, https:\/\/www.alevcamcioglu.com\/wp-content\/uploads\/2024\/11\/Nasenkorrektur-Vorher-Nachher-Foto-in-der-Turkei-35-640x800.jpg 640w, https:\/\/www.alevcamcioglu.com\/wp-content\/uploads\/2024\/11\/Nasenkorrektur-Vorher-Nachher-Foto-in-der-Turkei-35-768x960.jpg 768w, https:\/\/www.alevcamcioglu.com\/wp-content\/uploads\/2024\/11\/Nasenkorrektur-Vorher-Nachher-Foto-in-der-Turkei-35.jpg 1000w\" sizes=\"(max-width: 320px) 100vw, 320px\" title=\"\">                                                              <\/div>\n              <div class=\"box-text text-left\" >\n                 <p><\/p>\n              <\/div>\n            <\/div>\n            <\/a>          <\/div>\n         <\/div><div class=\"gallery-col col\" >\n          <div class=\"col-inner\">\n            <a class=\"image-lightbox lightbox-gallery\" href=\"https:\/\/www.alevcamcioglu.com\/wp-content\/uploads\/2024\/11\/Nasenkorrektur-Vorher-Nachher-Foto-in-der-Turkei-36.jpg\" title=\"\">            <div class=\"box has-hover gallery-box box-normal\">\n              <div class=\"box-image\" >\n                <img decoding=\"async\" width=\"320\" height=\"400\" src=\"https:\/\/www.alevcamcioglu.com\/wp-content\/uploads\/2024\/11\/Nasenkorrektur-Vorher-Nachher-Foto-in-der-Turkei-36-320x400.jpg\" class=\"attachment-medium size-medium\" alt=\"\" ids=\"8946,8952,8958,8964,8970,8976,8982,8988,8994,9000,9006,9012,9018,9024,9030,9036,9042,9048,9054,9060,9066,9072,9078,9084,9090,9096,9102,9108,9114,9120,9126,9132,9138,9144,9150,9156,9162,9168,9174,9180,9186,9192,9198,9204\" style=\"normal\" lightbox_image_size=\"2048x2048\" type=\"slider\" slider_nav_style=\"circle\" slider_nav_position=\"outside\" srcset=\"https:\/\/www.alevcamcioglu.com\/wp-content\/uploads\/2024\/11\/Nasenkorrektur-Vorher-Nachher-Foto-in-der-Turkei-36-320x400.jpg 320w, https:\/\/www.alevcamcioglu.com\/wp-content\/uploads\/2024\/11\/Nasenkorrektur-Vorher-Nachher-Foto-in-der-Turkei-36-640x800.jpg 640w, https:\/\/www.alevcamcioglu.com\/wp-content\/uploads\/2024\/11\/Nasenkorrektur-Vorher-Nachher-Foto-in-der-Turkei-36-768x960.jpg 768w, https:\/\/www.alevcamcioglu.com\/wp-content\/uploads\/2024\/11\/Nasenkorrektur-Vorher-Nachher-Foto-in-der-Turkei-36.jpg 1200w\" sizes=\"(max-width: 320px) 100vw, 320px\" title=\"\">                                                              <\/div>\n              <div class=\"box-text text-left\" >\n                 <p><\/p>\n              <\/div>\n            <\/div>\n            <\/a>          <\/div>\n         <\/div><div class=\"gallery-col col\" >\n          <div class=\"col-inner\">\n            <a class=\"image-lightbox lightbox-gallery\" href=\"https:\/\/www.alevcamcioglu.com\/wp-content\/uploads\/2024\/11\/Nasenkorrektur-Vorher-Nachher-Foto-in-der-Turkei-37.jpg\" title=\"\">            <div class=\"box has-hover gallery-box box-normal\">\n              <div class=\"box-image\" >\n                <img decoding=\"async\" width=\"320\" height=\"400\" src=\"https:\/\/www.alevcamcioglu.com\/wp-content\/uploads\/2024\/11\/Nasenkorrektur-Vorher-Nachher-Foto-in-der-Turkei-37-320x400.jpg\" class=\"attachment-medium size-medium\" alt=\"\" ids=\"8946,8952,8958,8964,8970,8976,8982,8988,8994,9000,9006,9012,9018,9024,9030,9036,9042,9048,9054,9060,9066,9072,9078,9084,9090,9096,9102,9108,9114,9120,9126,9132,9138,9144,9150,9156,9162,9168,9174,9180,9186,9192,9198,9204\" style=\"normal\" lightbox_image_size=\"2048x2048\" type=\"slider\" slider_nav_style=\"circle\" slider_nav_position=\"outside\" srcset=\"https:\/\/www.alevcamcioglu.com\/wp-content\/uploads\/2024\/11\/Nasenkorrektur-Vorher-Nachher-Foto-in-der-Turkei-37-320x400.jpg 320w, https:\/\/www.alevcamcioglu.com\/wp-content\/uploads\/2024\/11\/Nasenkorrektur-Vorher-Nachher-Foto-in-der-Turkei-37-640x800.jpg 640w, https:\/\/www.alevcamcioglu.com\/wp-content\/uploads\/2024\/11\/Nasenkorrektur-Vorher-Nachher-Foto-in-der-Turkei-37-768x960.jpg 768w, https:\/\/www.alevcamcioglu.com\/wp-content\/uploads\/2024\/11\/Nasenkorrektur-Vorher-Nachher-Foto-in-der-Turkei-37.jpg 1200w\" sizes=\"(max-width: 320px) 100vw, 320px\" title=\"\">                                                              <\/div>\n              <div class=\"box-text text-left\" >\n                 <p><\/p>\n              <\/div>\n            <\/div>\n            <\/a>          <\/div>\n         <\/div><div class=\"gallery-col col\" >\n          <div class=\"col-inner\">\n            <a class=\"image-lightbox lightbox-gallery\" href=\"https:\/\/www.alevcamcioglu.com\/wp-content\/uploads\/2024\/11\/Nasenkorrektur-Vorher-Nachher-Foto-in-der-Turkei-38.jpg\" title=\"\">            <div class=\"box has-hover gallery-box box-normal\">\n              <div class=\"box-image\" >\n                <img decoding=\"async\" width=\"320\" height=\"400\" src=\"https:\/\/www.alevcamcioglu.com\/wp-content\/uploads\/2024\/11\/Nasenkorrektur-Vorher-Nachher-Foto-in-der-Turkei-38-320x400.jpg\" class=\"attachment-medium size-medium\" alt=\"\" ids=\"8946,8952,8958,8964,8970,8976,8982,8988,8994,9000,9006,9012,9018,9024,9030,9036,9042,9048,9054,9060,9066,9072,9078,9084,9090,9096,9102,9108,9114,9120,9126,9132,9138,9144,9150,9156,9162,9168,9174,9180,9186,9192,9198,9204\" style=\"normal\" lightbox_image_size=\"2048x2048\" type=\"slider\" slider_nav_style=\"circle\" slider_nav_position=\"outside\" srcset=\"https:\/\/www.alevcamcioglu.com\/wp-content\/uploads\/2024\/11\/Nasenkorrektur-Vorher-Nachher-Foto-in-der-Turkei-38-320x400.jpg 320w, https:\/\/www.alevcamcioglu.com\/wp-content\/uploads\/2024\/11\/Nasenkorrektur-Vorher-Nachher-Foto-in-der-Turkei-38-640x800.jpg 640w, https:\/\/www.alevcamcioglu.com\/wp-content\/uploads\/2024\/11\/Nasenkorrektur-Vorher-Nachher-Foto-in-der-Turkei-38-768x960.jpg 768w, https:\/\/www.alevcamcioglu.com\/wp-content\/uploads\/2024\/11\/Nasenkorrektur-Vorher-Nachher-Foto-in-der-Turkei-38.jpg 1200w\" sizes=\"(max-width: 320px) 100vw, 320px\" title=\"\">                                                              <\/div>\n              <div class=\"box-text text-left\" >\n                 <p><\/p>\n              <\/div>\n            <\/div>\n            <\/a>          <\/div>\n         <\/div><div class=\"gallery-col col\" >\n          <div class=\"col-inner\">\n            <a class=\"image-lightbox lightbox-gallery\" href=\"https:\/\/www.alevcamcioglu.com\/wp-content\/uploads\/2024\/11\/Nasenkorrektur-Vorher-Nachher-Foto-in-der-Turkei-39.jpg\" title=\"\">            <div class=\"box has-hover gallery-box box-normal\">\n              <div class=\"box-image\" >\n                <img decoding=\"async\" width=\"320\" height=\"400\" src=\"https:\/\/www.alevcamcioglu.com\/wp-content\/uploads\/2024\/11\/Nasenkorrektur-Vorher-Nachher-Foto-in-der-Turkei-39-320x400.jpg\" class=\"attachment-medium size-medium\" alt=\"\" ids=\"8946,8952,8958,8964,8970,8976,8982,8988,8994,9000,9006,9012,9018,9024,9030,9036,9042,9048,9054,9060,9066,9072,9078,9084,9090,9096,9102,9108,9114,9120,9126,9132,9138,9144,9150,9156,9162,9168,9174,9180,9186,9192,9198,9204\" style=\"normal\" lightbox_image_size=\"2048x2048\" type=\"slider\" slider_nav_style=\"circle\" slider_nav_position=\"outside\" srcset=\"https:\/\/www.alevcamcioglu.com\/wp-content\/uploads\/2024\/11\/Nasenkorrektur-Vorher-Nachher-Foto-in-der-Turkei-39-320x400.jpg 320w, https:\/\/www.alevcamcioglu.com\/wp-content\/uploads\/2024\/11\/Nasenkorrektur-Vorher-Nachher-Foto-in-der-Turkei-39-639x800.jpg 639w, https:\/\/www.alevcamcioglu.com\/wp-content\/uploads\/2024\/11\/Nasenkorrektur-Vorher-Nachher-Foto-in-der-Turkei-39-768x961.jpg 768w, https:\/\/www.alevcamcioglu.com\/wp-content\/uploads\/2024\/11\/Nasenkorrektur-Vorher-Nachher-Foto-in-der-Turkei-39.jpg 999w\" sizes=\"(max-width: 320px) 100vw, 320px\" title=\"\">                                                              <\/div>\n              <div class=\"box-text text-left\" >\n                 <p><\/p>\n              <\/div>\n            <\/div>\n            <\/a>          <\/div>\n         <\/div><div class=\"gallery-col col\" >\n          <div class=\"col-inner\">\n            <a class=\"image-lightbox lightbox-gallery\" href=\"https:\/\/www.alevcamcioglu.com\/wp-content\/uploads\/2024\/11\/Nasenkorrektur-Vorher-Nachher-Foto-in-der-Turkei-40.jpg\" title=\"\">            <div class=\"box has-hover gallery-box box-normal\">\n              <div class=\"box-image\" >\n                <img decoding=\"async\" width=\"320\" height=\"400\" src=\"https:\/\/www.alevcamcioglu.com\/wp-content\/uploads\/2024\/11\/Nasenkorrektur-Vorher-Nachher-Foto-in-der-Turkei-40-320x400.jpg\" class=\"attachment-medium size-medium\" alt=\"\" ids=\"8946,8952,8958,8964,8970,8976,8982,8988,8994,9000,9006,9012,9018,9024,9030,9036,9042,9048,9054,9060,9066,9072,9078,9084,9090,9096,9102,9108,9114,9120,9126,9132,9138,9144,9150,9156,9162,9168,9174,9180,9186,9192,9198,9204\" style=\"normal\" lightbox_image_size=\"2048x2048\" type=\"slider\" slider_nav_style=\"circle\" slider_nav_position=\"outside\" srcset=\"https:\/\/www.alevcamcioglu.com\/wp-content\/uploads\/2024\/11\/Nasenkorrektur-Vorher-Nachher-Foto-in-der-Turkei-40-320x400.jpg 320w, https:\/\/www.alevcamcioglu.com\/wp-content\/uploads\/2024\/11\/Nasenkorrektur-Vorher-Nachher-Foto-in-der-Turkei-40-640x800.jpg 640w, https:\/\/www.alevcamcioglu.com\/wp-content\/uploads\/2024\/11\/Nasenkorrektur-Vorher-Nachher-Foto-in-der-Turkei-40-768x960.jpg 768w, https:\/\/www.alevcamcioglu.com\/wp-content\/uploads\/2024\/11\/Nasenkorrektur-Vorher-Nachher-Foto-in-der-Turkei-40.jpg 1000w\" sizes=\"(max-width: 320px) 100vw, 320px\" title=\"\">                                                              <\/div>\n              <div class=\"box-text text-left\" >\n                 <p><\/p>\n              <\/div>\n            <\/div>\n            <\/a>          <\/div>\n         <\/div><div class=\"gallery-col col\" >\n          <div class=\"col-inner\">\n            <a class=\"image-lightbox lightbox-gallery\" href=\"https:\/\/www.alevcamcioglu.com\/wp-content\/uploads\/2024\/11\/Nasenkorrektur-Vorher-Nachher-Foto-in-der-Turkei-41.jpg\" title=\"\">            <div class=\"box has-hover gallery-box box-normal\">\n              <div class=\"box-image\" >\n                <img decoding=\"async\" width=\"320\" height=\"400\" src=\"https:\/\/www.alevcamcioglu.com\/wp-content\/uploads\/2024\/11\/Nasenkorrektur-Vorher-Nachher-Foto-in-der-Turkei-41-320x400.jpg\" class=\"attachment-medium size-medium\" alt=\"\" ids=\"8946,8952,8958,8964,8970,8976,8982,8988,8994,9000,9006,9012,9018,9024,9030,9036,9042,9048,9054,9060,9066,9072,9078,9084,9090,9096,9102,9108,9114,9120,9126,9132,9138,9144,9150,9156,9162,9168,9174,9180,9186,9192,9198,9204\" style=\"normal\" lightbox_image_size=\"2048x2048\" type=\"slider\" slider_nav_style=\"circle\" slider_nav_position=\"outside\" srcset=\"https:\/\/www.alevcamcioglu.com\/wp-content\/uploads\/2024\/11\/Nasenkorrektur-Vorher-Nachher-Foto-in-der-Turkei-41-320x400.jpg 320w, https:\/\/www.alevcamcioglu.com\/wp-content\/uploads\/2024\/11\/Nasenkorrektur-Vorher-Nachher-Foto-in-der-Turkei-41-640x800.jpg 640w, https:\/\/www.alevcamcioglu.com\/wp-content\/uploads\/2024\/11\/Nasenkorrektur-Vorher-Nachher-Foto-in-der-Turkei-41-768x960.jpg 768w, https:\/\/www.alevcamcioglu.com\/wp-content\/uploads\/2024\/11\/Nasenkorrektur-Vorher-Nachher-Foto-in-der-Turkei-41.jpg 1000w\" sizes=\"(max-width: 320px) 100vw, 320px\" title=\"\">                                                              <\/div>\n              <div class=\"box-text text-left\" >\n                 <p><\/p>\n              <\/div>\n            <\/div>\n            <\/a>          <\/div>\n         <\/div><div class=\"gallery-col col\" >\n          <div class=\"col-inner\">\n            <a class=\"image-lightbox lightbox-gallery\" href=\"https:\/\/www.alevcamcioglu.com\/wp-content\/uploads\/2024\/11\/Nasenkorrektur-Vorher-Nachher-Foto-in-der-Turkei-42.jpg\" title=\"\">            <div class=\"box has-hover gallery-box box-normal\">\n              <div class=\"box-image\" >\n                <img decoding=\"async\" width=\"320\" height=\"400\" src=\"https:\/\/www.alevcamcioglu.com\/wp-content\/uploads\/2024\/11\/Nasenkorrektur-Vorher-Nachher-Foto-in-der-Turkei-42-320x400.jpg\" class=\"attachment-medium size-medium\" alt=\"\" ids=\"8946,8952,8958,8964,8970,8976,8982,8988,8994,9000,9006,9012,9018,9024,9030,9036,9042,9048,9054,9060,9066,9072,9078,9084,9090,9096,9102,9108,9114,9120,9126,9132,9138,9144,9150,9156,9162,9168,9174,9180,9186,9192,9198,9204\" style=\"normal\" lightbox_image_size=\"2048x2048\" type=\"slider\" slider_nav_style=\"circle\" slider_nav_position=\"outside\" srcset=\"https:\/\/www.alevcamcioglu.com\/wp-content\/uploads\/2024\/11\/Nasenkorrektur-Vorher-Nachher-Foto-in-der-Turkei-42-320x400.jpg 320w, https:\/\/www.alevcamcioglu.com\/wp-content\/uploads\/2024\/11\/Nasenkorrektur-Vorher-Nachher-Foto-in-der-Turkei-42-640x800.jpg 640w, https:\/\/www.alevcamcioglu.com\/wp-content\/uploads\/2024\/11\/Nasenkorrektur-Vorher-Nachher-Foto-in-der-Turkei-42-768x960.jpg 768w, https:\/\/www.alevcamcioglu.com\/wp-content\/uploads\/2024\/11\/Nasenkorrektur-Vorher-Nachher-Foto-in-der-Turkei-42.jpg 1200w\" sizes=\"(max-width: 320px) 100vw, 320px\" title=\"\">                                                              <\/div>\n              <div class=\"box-text text-left\" >\n                 <p><\/p>\n              <\/div>\n            <\/div>\n            <\/a>          <\/div>\n         <\/div><div class=\"gallery-col col\" >\n          <div class=\"col-inner\">\n            <a class=\"image-lightbox lightbox-gallery\" href=\"https:\/\/www.alevcamcioglu.com\/wp-content\/uploads\/2024\/11\/Nasenkorrektur-Vorher-Nachher-Foto-in-der-Turkei-43.jpg\" title=\"\">            <div class=\"box has-hover gallery-box box-normal\">\n              <div class=\"box-image\" >\n                <img decoding=\"async\" width=\"320\" height=\"400\" src=\"https:\/\/www.alevcamcioglu.com\/wp-content\/uploads\/2024\/11\/Nasenkorrektur-Vorher-Nachher-Foto-in-der-Turkei-43-320x400.jpg\" class=\"attachment-medium size-medium\" alt=\"\" ids=\"8946,8952,8958,8964,8970,8976,8982,8988,8994,9000,9006,9012,9018,9024,9030,9036,9042,9048,9054,9060,9066,9072,9078,9084,9090,9096,9102,9108,9114,9120,9126,9132,9138,9144,9150,9156,9162,9168,9174,9180,9186,9192,9198,9204\" style=\"normal\" lightbox_image_size=\"2048x2048\" type=\"slider\" slider_nav_style=\"circle\" slider_nav_position=\"outside\" srcset=\"https:\/\/www.alevcamcioglu.com\/wp-content\/uploads\/2024\/11\/Nasenkorrektur-Vorher-Nachher-Foto-in-der-Turkei-43-320x400.jpg 320w, https:\/\/www.alevcamcioglu.com\/wp-content\/uploads\/2024\/11\/Nasenkorrektur-Vorher-Nachher-Foto-in-der-Turkei-43-640x800.jpg 640w, https:\/\/www.alevcamcioglu.com\/wp-content\/uploads\/2024\/11\/Nasenkorrektur-Vorher-Nachher-Foto-in-der-Turkei-43-768x960.jpg 768w, https:\/\/www.alevcamcioglu.com\/wp-content\/uploads\/2024\/11\/Nasenkorrektur-Vorher-Nachher-Foto-in-der-Turkei-43.jpg 1200w\" sizes=\"(max-width: 320px) 100vw, 320px\" title=\"\">                                                              <\/div>\n              <div class=\"box-text text-left\" >\n                 <p><\/p>\n              <\/div>\n            <\/div>\n            <\/a>          <\/div>\n         <\/div><div class=\"gallery-col col\" >\n          <div class=\"col-inner\">\n            <a class=\"image-lightbox lightbox-gallery\" href=\"https:\/\/www.alevcamcioglu.com\/wp-content\/uploads\/2024\/11\/Nasenkorrektur-Vorher-Nachher-Foto-in-der-Turkei-44.jpg\" title=\"\">            <div class=\"box has-hover gallery-box box-normal\">\n              <div class=\"box-image\" >\n                <img decoding=\"async\" width=\"320\" height=\"400\" src=\"https:\/\/www.alevcamcioglu.com\/wp-content\/uploads\/2024\/11\/Nasenkorrektur-Vorher-Nachher-Foto-in-der-Turkei-44-320x400.jpg\" class=\"attachment-medium size-medium\" alt=\"\" ids=\"8946,8952,8958,8964,8970,8976,8982,8988,8994,9000,9006,9012,9018,9024,9030,9036,9042,9048,9054,9060,9066,9072,9078,9084,9090,9096,9102,9108,9114,9120,9126,9132,9138,9144,9150,9156,9162,9168,9174,9180,9186,9192,9198,9204\" style=\"normal\" lightbox_image_size=\"2048x2048\" type=\"slider\" slider_nav_style=\"circle\" slider_nav_position=\"outside\" srcset=\"https:\/\/www.alevcamcioglu.com\/wp-content\/uploads\/2024\/11\/Nasenkorrektur-Vorher-Nachher-Foto-in-der-Turkei-44-320x400.jpg 320w, https:\/\/www.alevcamcioglu.com\/wp-content\/uploads\/2024\/11\/Nasenkorrektur-Vorher-Nachher-Foto-in-der-Turkei-44-640x800.jpg 640w, https:\/\/www.alevcamcioglu.com\/wp-content\/uploads\/2024\/11\/Nasenkorrektur-Vorher-Nachher-Foto-in-der-Turkei-44-768x960.jpg 768w, https:\/\/www.alevcamcioglu.com\/wp-content\/uploads\/2024\/11\/Nasenkorrektur-Vorher-Nachher-Foto-in-der-Turkei-44.jpg 1200w\" sizes=\"(max-width: 320px) 100vw, 320px\" title=\"\">                                                              <\/div>\n              <div class=\"box-text text-left\" >\n                 <p><\/p>\n              <\/div>\n            <\/div>\n            <\/a>          <\/div>\n         <\/div><\/div>\r\n\r\n<a href=\"https:\/\/www.alevcamcioglu.com\/de\/results\/nasen-op-vorher-nachher\/\" class=\"button primary lowercase\" style=\"border-radius:10px;padding:5px 25px 5px 25px;\">\n\t\t<span>Alle unsere Ergebnisse ansehen<\/span>\n\t<i class=\"icon-angle-right\" aria-hidden=\"true\"><\/i><\/a>\n\r\n\r\n\t\t<\/div>\n\t\t\t\t\n<style>\n#col-1847787227 > .col-inner {\n  padding: 20px 0px 0px 0px;\n}\n<\/style>\n\t<\/div>\n\n\t\r\n\r\n<\/div>\r\n\r\n\t\t<\/div>\n\n\t\t\n<style>\n#section_1721494706 {\n  padding-top: 0px;\n  padding-bottom: 0px;\n  background-color: rgb(240, 240, 240);\n}\n<\/style>\n\t<\/section>\n\t\n<h2>Welche chirurgischen Optionen gibt es, um eine F\u0131nd\u0131k-Nase zu erreichen?<\/h2>\n<p>Die F\u0131nd\u0131k-Nase \u2013 definiert durch eine kleine, runde und leicht angehobene Nasenspitze \u2013 wird am effektivsten durch eine Rhinoplastie erzielt. Dieser Eingriff formt Knochen-, Knorpel- und Weichgewebestrukturen entsprechend der individuellen Anatomie und \u00e4sthetischen Ziele.<\/p>\n<p>**Offene Rhinoplastie:** \u00dcber einen kleinen Schnitt an der Columella erh\u00e4lt die Chirurgin bzw. der Chirurg freie Sicht auf die Nasenstrukturen. Diese Technik eignet sich besonders, wenn die Nasenspitze detailliert modelliert werden muss.<\/p>\n<p>**Geschlossene Rhinoplastie:** Alle Schnitte verlaufen innerhalb der Nasenl\u00f6cher, sodass \u00e4u\u00dferlich keine Narben sichtbar sind und die Heilung schneller verl\u00e4uft. Aufgrund des eingeschr\u00e4nkten Zugangs ist sie vor allem f\u00fcr kleinere Korrekturen geeignet.<\/p>\n<p>Das **Formen der Nasenspitze** ist zentral. Dabei werden die unteren lateralen Knorpel neu strukturiert oder durch Knorpelgrafts gest\u00fctzt. Zus\u00e4tzlich erm\u00f6glichen spezielle Nahttechniken, Projektion und Rundung der Spitze pr\u00e4zise anzupassen.<\/p>\n<p>Bei gro\u00dfen Nasenl\u00f6chern kann eine **Alar-Basis-Reduktion (Alarplasty)** die Nasenbasis verschm\u00e4lern und ein harmonisches Gesamtbild schaffen. Nicht-operative Dermal-Filler k\u00f6nnen zwar vor\u00fcbergehend eine F\u0131nd\u0131k-Nase simulieren, dauerhafte strukturelle Ver\u00e4nderungen sind jedoch nur chirurgisch m\u00f6glich.<\/p>\n\t<div class=\"img has-hover x md-x lg-x y md-y lg-y\" id=\"image_94405543\">\n\t\t\t\t\t\t\t\t<div class=\"img-inner dark\" >\n\t\t\t<img decoding=\"async\" width=\"1080\" height=\"1080\" src=\"https:\/\/www.alevcamcioglu.com\/wp-content\/uploads\/2024\/10\/Burun-ameliyati-sirasinda-ameliyathaneden-goruntu.jpg\" class=\"attachment-2048x2048 size-2048x2048\" alt=\"\" srcset=\"https:\/\/www.alevcamcioglu.com\/wp-content\/uploads\/2024\/10\/Burun-ameliyati-sirasinda-ameliyathaneden-goruntu.jpg 1080w, https:\/\/www.alevcamcioglu.com\/wp-content\/uploads\/2024\/10\/Burun-ameliyati-sirasinda-ameliyathaneden-goruntu-400x400.jpg 400w, https:\/\/www.alevcamcioglu.com\/wp-content\/uploads\/2024\/10\/Burun-ameliyati-sirasinda-ameliyathaneden-goruntu-800x800.jpg 800w, https:\/\/www.alevcamcioglu.com\/wp-content\/uploads\/2024\/10\/Burun-ameliyati-sirasinda-ameliyathaneden-goruntu-280x280.jpg 280w, https:\/\/www.alevcamcioglu.com\/wp-content\/uploads\/2024\/10\/Burun-ameliyati-sirasinda-ameliyathaneden-goruntu-768x768.jpg 768w, https:\/\/www.alevcamcioglu.com\/wp-content\/uploads\/2024\/10\/Burun-ameliyati-sirasinda-ameliyathaneden-goruntu-370x370.jpg 370w, https:\/\/www.alevcamcioglu.com\/wp-content\/uploads\/2024\/10\/Burun-ameliyati-sirasinda-ameliyathaneden-goruntu-75x75.jpg 75w, https:\/\/www.alevcamcioglu.com\/wp-content\/uploads\/2024\/10\/Burun-ameliyati-sirasinda-ameliyathaneden-goruntu-770x770.jpg 770w\" sizes=\"(max-width: 1080px) 100vw, 1080px\" title=\"\">\t\t\t\t\t\t\n\t\t\t\t\t<\/div>\n\t\t\t\t\t\t\t\t\n<style>\n#image_94405543 {\n  width: 100%;\n}\n<\/style>\n\t<\/div>\n\t\n<h2>Welche m\u00f6glichen Risiken bestehen bei der F\u0131nd\u0131k-Nase?<\/h2>\n<p>Das Ziel der F\u0131nd\u0131k-Nasen\u00e4sthetik ist eine leicht angehobene, runde Nasenspitze, die sich harmonisch in die Gesichtsz\u00fcge einf\u00fcgt. Sowohl chirurgische Rhinoplastie als auch nicht-chirurgische Verfahren bergen spezifische Risiken.<\/p>\n<h2>Rhinoplastie: Chirurgische Methode<\/h2>\n<p>Die Rhinoplastie formt Knochen, Knorpel und Weichteil dauerhaft \u2013 wie bei allen Operationen sind dabei Risiken zu beachten:<\/p>\n<ul>\n<li><strong>Blutung und Infektion:<\/strong> Peri- und postoperative Blutungen oder Infektionen k\u00f6nnen durch operative Technik und sorgf\u00e4ltige Nachsorge minimiert werden.<\/li>\n<li><strong>An\u00e4sthesiekomplikationen:<\/strong> Seltene allergische Reaktionen lassen sich durch umfassende Pr\u00e4-OP-Untersuchungen weitgehend ausschlie\u00dfen.<\/li>\n<li><strong>Atemprobleme:<\/strong> Postoperatives \u00d6dem oder strukturelle Ver\u00e4nderungen k\u00f6nnen vor\u00fcbergehende Obstruktion verursachen.<\/li>\n<li><strong>Sensibilit\u00e4tsst\u00f6rungen:<\/strong> Taubheitsgef\u00fchle rund um die Nase sind meist vor\u00fcbergehend, k\u00f6nnen jedoch selten dauerhaft bleiben.<\/li>\n<li><strong>Narbenbildung:<\/strong> Bei offener Technik k\u00f6nnen \u00e4u\u00dferlich Narben entstehen, die jedoch meist mit der Zeit verblassen.<\/li>\n<li><strong>Revisionseingriff:<\/strong> Etwa 5\u201315 % der F\u00e4lle erfordern eine zweite Korrektur-OP, wenn das Ergebnis nicht vollst\u00e4ndig den Erwartungen entspricht.<\/li>\n<\/ul>\n\t<div class=\"img has-hover x md-x lg-x y md-y lg-y\" id=\"image_854085493\">\n\t\t\t\t\t\t\t\t<div class=\"img-inner dark\" >\n\t\t\t<img decoding=\"async\" width=\"1080\" height=\"1139\" src=\"https:\/\/www.alevcamcioglu.com\/wp-content\/uploads\/2024\/10\/burun-ameliyati-sonrasi-kontrol-yapan-doktor-ve-kadin-hasta.jpg\" class=\"attachment-2048x2048 size-2048x2048\" alt=\"\" srcset=\"https:\/\/www.alevcamcioglu.com\/wp-content\/uploads\/2024\/10\/burun-ameliyati-sonrasi-kontrol-yapan-doktor-ve-kadin-hasta.jpg 1080w, https:\/\/www.alevcamcioglu.com\/wp-content\/uploads\/2024\/10\/burun-ameliyati-sonrasi-kontrol-yapan-doktor-ve-kadin-hasta-379x400.jpg 379w, https:\/\/www.alevcamcioglu.com\/wp-content\/uploads\/2024\/10\/burun-ameliyati-sonrasi-kontrol-yapan-doktor-ve-kadin-hasta-759x800.jpg 759w, https:\/\/www.alevcamcioglu.com\/wp-content\/uploads\/2024\/10\/burun-ameliyati-sonrasi-kontrol-yapan-doktor-ve-kadin-hasta-768x810.jpg 768w, https:\/\/www.alevcamcioglu.com\/wp-content\/uploads\/2024\/10\/burun-ameliyati-sonrasi-kontrol-yapan-doktor-ve-kadin-hasta-770x812.jpg 770w, https:\/\/www.alevcamcioglu.com\/wp-content\/uploads\/2024\/10\/burun-ameliyati-sonrasi-kontrol-yapan-doktor-ve-kadin-hasta-370x390.jpg 370w\" sizes=\"(max-width: 1080px) 100vw, 1080px\" title=\"\">\t\t\t\t\t\t\n\t\t\t\t\t<\/div>\n\t\t\t\t\t\t\t\t\n<style>\n#image_854085493 {\n  width: 100%;\n}\n<\/style>\n\t<\/div>\n\t\n<h2>Fl\u00fcssige Rhinoplastie: Nicht-chirurgische Methode<\/h2>\n<p>Bei der fl\u00fcssigen Rhinoplastie werden Dermal-Filler eingesetzt, um die Nasenform vor\u00fcbergehend zu ver\u00e4ndern. Sie ist weniger invasiv, bringt jedoch eigene Risiken mit sich:<\/p>\n<ul>\n<li><strong>Gef\u00e4\u00dfkomplikationen:<\/strong> Falsch platzierte Injektionen k\u00f6nnen Gef\u00e4\u00dfverschl\u00fcsse verursachen, was im Extremfall zu Gewebs- oder Sehverlust f\u00fchrt und eine sofortige Behandlung mit Hyaluronidase erfordert.<\/li>\n<li><strong>Infektion:<\/strong> Unsachgem\u00e4\u00dfe Sterilit\u00e4t erh\u00f6ht das Infektionsrisiko; erfahrene Fachkr\u00e4fte k\u00f6nnen dieses Risiko minimieren.<\/li>\n<li><strong>Asymmetrie und Unregelm\u00e4\u00dfigkeiten:<\/strong> Ungleichm\u00e4\u00dfige Fillerverteilung kann Korrekturen n\u00f6tig machen.<\/li>\n<\/ul>\n<p>Entscheidend ist, dass ein qualifizierter und zertifizierter Facharzt die individuelle Anatomie und die \u00e4sthetischen Ziele ber\u00fccksichtigt. Das Verst\u00e4ndnis m\u00f6glicher Risiken unterst\u00fctzt eine sichere Entscheidung und zufriedenstellende Ergebnisse.<\/p>\n<h2><b>Wie viel kostet eine  in der T\u00fcrkei?<\/b><\/h2>\r\n<p><span style=\"font-weight: 400;\">Die Kosten f\u00fcr eine  \u00a0in Istanbul, T\u00fcrkei, liegen typischerweise zwischen 5000 und 7000 Euro. Der Preis kann je nach mehreren Faktoren variieren, wie zum Beispiel der Erfahrung des Chirurgen, der Komplexit\u00e4t des Eingriffs, dem Ruf der Klinik und zus\u00e4tzlichen Dienstleistungen, die im Paket enthalten sind.<\/span><\/p>\r\n<table>\r\n<tbody>\r\n<tr>\r\n<td><span style=\"font-weight: 400;\">Land<\/span><\/td>\r\n<td><span style=\"font-weight: 400;\">Durchschnittliche Kosten f\u00fcr eine  im Jahr 2024(\u20ac)<\/span><\/td>\r\n<\/tr>\r\n<tr>\r\n<td><a href=\"https:\/\/www.alevcamcioglu.com\/de\/nasen-op-preise\/\"><span style=\"font-weight: 400;\">Deutschland<\/span><\/a><\/td>\r\n<td><span style=\"font-weight: 400;\">\u20ac10,000 \u2013 \u20ac14,000<\/span><\/td>\r\n<\/tr>\r\n<tr>\r\n<td><span style=\"font-weight: 400;\">\u00d6sterreich<\/span><\/td>\r\n<td><span style=\"font-weight: 400;\">\u20ac10,000 \u2013 \u20ac14,000<\/span><\/td>\r\n<\/tr>\r\n<tr>\r\n<td><span style=\"font-weight: 400;\">Schweiz<\/span><\/td>\r\n<td><span style=\"font-weight: 400;\">\u20ac10,000 \u2013 \u20ac14,000<\/span><\/td>\r\n<\/tr>\r\n<tr>\r\n<td><span style=\"font-weight: 400;\">T\u00fcrkei<\/span><\/td>\r\n<td><span style=\"font-weight: 400;\">\u20ac5,000 \u2013 \u20ac7,000<\/span><\/td>\r\n<\/tr>\r\n<\/tbody>\r\n<\/table>\n\t\t<\/div>\n\t\t\t\t\t<\/div>\n\n\t\n\n\t<div id=\"col-814897377\" class=\"col small-12 large-12\"  >\n\t\t\t\t<div class=\"col-inner\"  >\n\t\t\t\n\t\t\t\n<h2 style=\"text-align: left;\">Eines der besten Klinikteams f\u00fcr  in der T\u00fcrkei<\/h2>\n<p>Dr. Alev Camc\u0131o\u011flu gilt als eine der <a href=\"https:\/\/www.alevcamcioglu.com\/de\/\">besten -Chirurgen<\/a> in der T\u00fcrkei. Sie k\u00f6nnen <a href=\"https:\/\/www.google.com\/search?sca_esv=19415285e7d3a11e&amp;q=Op.+Dr.+Alev+Camc%C4%B1o%C4%9Flu+%7C+Burun+Esteti%C4%9Fi+,+Rinoplasti&amp;si=ACC90nwjPmqJHrCEt6ewASzksVFQDX8zco_7MgBaIawvaF4-7h723rVnZZFvK9OUD_1VBtQCUeVRPTUGteg0cLBOJKCQcF0l8NwoxI3g4M0bcP1xT-CjIKs%3D&amp;uds=ADvngMjY3r6cFmkgAf0Cxo_OKwUu8-9wBrBINI3SgEOgMBDI-5zv7ouVxpoC5B3rGHvBXe2sC4UfcRCjxwtdIZqUOJLNbC7tiBSx22BIl7RGCQjdXli44B_uGb9i1YxcDMMbIHEpYimMnELWSd3nhL869lQu7z7kZ8TooMdqLcQgmPDHyHohCQ8&amp;sa=X&amp;ved=2ahUKEwiiiMOMqeSJAxVxS_EDHdySMG0Q3PALegQIGRAE&amp;biw=2276&amp;bih=1055&amp;dpr=1.13\" target=\"_blank\" rel=\"noopener\">-Bewertungen hier \u00fcberpr\u00fcfen.<\/a><\/p>\n<div class=\"row row-full-width align-center\"  id=\"row-267340253\">\n\n\n\t<div id=\"col-1117227789\" class=\"col medium-2 small-6 large-2\"  >\n\t\t\t\t<div class=\"col-inner\"  >\n\t\t\t\n\t\t\t\n\n    <div class=\"box has-hover has-hover box-text-bottom\" >\n\n                  <div class=\"box-image \" >\n           <div class=\"box-image-inner image-cover\" style=\"padding-top:100%;\">\n              <img decoding=\"async\" width=\"1080\" height=\"1122\" src=\"https:\/\/www.alevcamcioglu.com\/wp-content\/uploads\/2018\/02\/106913305_714307142741324_420816097913162768_n.jpg\" class=\"attachment- size-\" alt=\"\" srcset=\"https:\/\/www.alevcamcioglu.com\/wp-content\/uploads\/2018\/02\/106913305_714307142741324_420816097913162768_n.jpg 1080w, https:\/\/www.alevcamcioglu.com\/wp-content\/uploads\/2018\/02\/106913305_714307142741324_420816097913162768_n-289x300.jpg 289w, https:\/\/www.alevcamcioglu.com\/wp-content\/uploads\/2018\/02\/106913305_714307142741324_420816097913162768_n-986x1024.jpg 986w, https:\/\/www.alevcamcioglu.com\/wp-content\/uploads\/2018\/02\/106913305_714307142741324_420816097913162768_n-768x798.jpg 768w, https:\/\/www.alevcamcioglu.com\/wp-content\/uploads\/2018\/02\/106913305_714307142741324_420816097913162768_n-370x384.jpg 370w, https:\/\/www.alevcamcioglu.com\/wp-content\/uploads\/2018\/02\/106913305_714307142741324_420816097913162768_n-760x790.jpg 760w\" sizes=\"(max-width: 1080px) 100vw, 1080px\" title=\"\">                         <\/div>\n          <\/div>\n         \n          <div class=\"box-text text-center\" >\n                <div class=\"box-text-inner\">\n                  <h4 class=\"uppercase\">\n                    <span class=\"person-name\">Op. Dr. Alev Camc\u0131o\u011flu<\/span><br\/>\n                    <span class=\"person-title is-small thin-font op-7\">\n                      Nasen-OP-Chirurg                    <\/span>\n                  <\/h4>\n\t\t\t\t\t<div class=\"social-icons follow-icons\" ><a href=\"https:\/\/www.facebook.com\/dralevcamcioglu\/\" target=\"_blank\" data-label=\"Facebook\" class=\"icon primary button circle tooltip facebook\" title=\"Auf Facebook folgen\" aria-label=\"Auf Facebook folgen\" rel=\"noopener nofollow\"><i class=\"icon-facebook\" aria-hidden=\"true\"><\/i><\/a><a href=\"https:\/\/www.instagram.com\/dralevcamcioglu\/\" target=\"_blank\" data-label=\"Instagram\" class=\"icon primary button circle tooltip instagram\" title=\"Auf Instagram folgen\" aria-label=\"Auf Instagram folgen\" rel=\"noopener nofollow\"><i class=\"icon-instagram\" aria-hidden=\"true\"><\/i><\/a><\/div>\n\n\n                <\/div>\n          <\/div>\n    <\/div>\n\n\t\n    \n\n\t\t<\/div>\n\t\t\t\t\t<\/div>\n\n\t\n\n\t<div id=\"col-48856174\" class=\"col medium-2 small-6 large-2\"  >\n\t\t\t\t<div class=\"col-inner\"  >\n\t\t\t\n\t\t\t\n\n    <div class=\"box has-hover has-hover box-text-bottom\" >\n\n                  <div class=\"box-image \" >\n           <div class=\"box-image-inner image-cover\" style=\"padding-top:100%;\">\n              <img decoding=\"async\" width=\"1200\" height=\"800\" src=\"https:\/\/www.alevcamcioglu.com\/wp-content\/uploads\/2018\/02\/DSC00496-1200x800-1.jpg\" class=\"attachment- size-\" alt=\"\" srcset=\"https:\/\/www.alevcamcioglu.com\/wp-content\/uploads\/2018\/02\/DSC00496-1200x800-1.jpg 1200w, https:\/\/www.alevcamcioglu.com\/wp-content\/uploads\/2018\/02\/DSC00496-1200x800-1-300x200.jpg 300w, https:\/\/www.alevcamcioglu.com\/wp-content\/uploads\/2018\/02\/DSC00496-1200x800-1-1024x683.jpg 1024w, https:\/\/www.alevcamcioglu.com\/wp-content\/uploads\/2018\/02\/DSC00496-1200x800-1-768x512.jpg 768w, https:\/\/www.alevcamcioglu.com\/wp-content\/uploads\/2018\/02\/DSC00496-1200x800-1-370x247.jpg 370w, https:\/\/www.alevcamcioglu.com\/wp-content\/uploads\/2018\/02\/DSC00496-1200x800-1-760x507.jpg 760w\" sizes=\"(max-width: 1200px) 100vw, 1200px\" title=\"\">                         <\/div>\n          <\/div>\n         \n          <div class=\"box-text text-center\" >\n                <div class=\"box-text-inner\">\n                  <h4 class=\"uppercase\">\n                    <span class=\"person-name\">Aylin Uyu\u015fmak<\/span><br\/>\n                    <span class=\"person-title is-small thin-font op-7\">\n                      Klinikkoordinator                    <\/span>\n                  <\/h4>\n\t\t\t\t\t<div class=\"social-icons follow-icons\" ><a href=\"https:\/\/www.facebook.com\/dralevcamcioglu\/\" target=\"_blank\" data-label=\"Facebook\" class=\"icon primary button circle tooltip facebook\" title=\"Auf Facebook folgen\" aria-label=\"Auf Facebook folgen\" rel=\"noopener nofollow\"><i class=\"icon-facebook\" aria-hidden=\"true\"><\/i><\/a><a href=\"https:\/\/www.instagram.com\/dralevcamcioglu\/\" target=\"_blank\" data-label=\"Instagram\" class=\"icon primary button circle tooltip instagram\" title=\"Auf Instagram folgen\" aria-label=\"Auf Instagram folgen\" rel=\"noopener nofollow\"><i class=\"icon-instagram\" aria-hidden=\"true\"><\/i><\/a><\/div>\n\n\n                <\/div>\n          <\/div>\n    <\/div>\n\n\t\n    \n\n\t\t<\/div>\n\t\t\t\t\t<\/div>\n\n\t\n\n\t<div id=\"col-470790043\" class=\"col medium-2 small-6 large-2\"  >\n\t\t\t\t<div class=\"col-inner\"  >\n\t\t\t\n\t\t\t\n\n    <div class=\"box has-hover has-hover box-text-bottom\" >\n\n                  <div class=\"box-image \" >\n           <div class=\"box-image-inner image-cover\" style=\"padding-top:100%;\">\n              <img decoding=\"async\" width=\"1200\" height=\"1800\" src=\"https:\/\/www.alevcamcioglu.com\/wp-content\/uploads\/2018\/02\/DSC00493-1200x1800-1.jpg\" class=\"attachment- size-\" alt=\"\" srcset=\"https:\/\/www.alevcamcioglu.com\/wp-content\/uploads\/2018\/02\/DSC00493-1200x1800-1.jpg 1200w, https:\/\/www.alevcamcioglu.com\/wp-content\/uploads\/2018\/02\/DSC00493-1200x1800-1-200x300.jpg 200w, https:\/\/www.alevcamcioglu.com\/wp-content\/uploads\/2018\/02\/DSC00493-1200x1800-1-683x1024.jpg 683w, https:\/\/www.alevcamcioglu.com\/wp-content\/uploads\/2018\/02\/DSC00493-1200x1800-1-768x1152.jpg 768w, https:\/\/www.alevcamcioglu.com\/wp-content\/uploads\/2018\/02\/DSC00493-1200x1800-1-1024x1536.jpg 1024w, https:\/\/www.alevcamcioglu.com\/wp-content\/uploads\/2018\/02\/DSC00493-1200x1800-1-370x555.jpg 370w, https:\/\/www.alevcamcioglu.com\/wp-content\/uploads\/2018\/02\/DSC00493-1200x1800-1-760x1140.jpg 760w\" sizes=\"(max-width: 1200px) 100vw, 1200px\" title=\"\">                         <\/div>\n          <\/div>\n         \n          <div class=\"box-text text-center\" >\n                <div class=\"box-text-inner\">\n                  <h4 class=\"uppercase\">\n                    <span class=\"person-name\">Serra Sevgili<\/span><br\/>\n                    <span class=\"person-title is-small thin-font op-7\">\n                      Klinische Assistenz                    <\/span>\n                  <\/h4>\n\t\t\t\t\t<div class=\"social-icons follow-icons\" ><a href=\"https:\/\/www.facebook.com\/dralevcamcioglu\/\" target=\"_blank\" data-label=\"Facebook\" class=\"icon primary button circle tooltip facebook\" title=\"Auf Facebook folgen\" aria-label=\"Auf Facebook folgen\" rel=\"noopener nofollow\"><i class=\"icon-facebook\" aria-hidden=\"true\"><\/i><\/a><a href=\"https:\/\/www.instagram.com\/dralevcamcioglu\/\" target=\"_blank\" data-label=\"Instagram\" class=\"icon primary button circle tooltip instagram\" title=\"Auf Instagram folgen\" aria-label=\"Auf Instagram folgen\" rel=\"noopener nofollow\"><i class=\"icon-instagram\" aria-hidden=\"true\"><\/i><\/a><\/div>\n\n\n                <\/div>\n          <\/div>\n    <\/div>\n\n\t\n    \n\n\t\t<\/div>\n\t\t\t\t\t<\/div>\n\n\t\n\n\t<div id=\"col-334248084\" class=\"col medium-2 small-6 large-2\"  >\n\t\t\t\t<div class=\"col-inner\"  >\n\t\t\t\n\t\t\t\n\n    <div class=\"box has-hover has-hover box-text-bottom\" >\n\n                  <div class=\"box-image \" >\n           <div class=\"box-image-inner image-cover\" style=\"padding-top:100%;\">\n              <img decoding=\"async\" width=\"1200\" height=\"800\" src=\"https:\/\/www.alevcamcioglu.com\/wp-content\/uploads\/2018\/02\/DSC00510-1200x800-1.jpg\" class=\"attachment- size-\" alt=\"\" srcset=\"https:\/\/www.alevcamcioglu.com\/wp-content\/uploads\/2018\/02\/DSC00510-1200x800-1.jpg 1200w, https:\/\/www.alevcamcioglu.com\/wp-content\/uploads\/2018\/02\/DSC00510-1200x800-1-300x200.jpg 300w, https:\/\/www.alevcamcioglu.com\/wp-content\/uploads\/2018\/02\/DSC00510-1200x800-1-1024x683.jpg 1024w, https:\/\/www.alevcamcioglu.com\/wp-content\/uploads\/2018\/02\/DSC00510-1200x800-1-768x512.jpg 768w, https:\/\/www.alevcamcioglu.com\/wp-content\/uploads\/2018\/02\/DSC00510-1200x800-1-370x247.jpg 370w, https:\/\/www.alevcamcioglu.com\/wp-content\/uploads\/2018\/02\/DSC00510-1200x800-1-760x507.jpg 760w\" sizes=\"(max-width: 1200px) 100vw, 1200px\" title=\"\">                         <\/div>\n          <\/div>\n         \n          <div class=\"box-text text-center\" >\n                <div class=\"box-text-inner\">\n                  <h4 class=\"uppercase\">\n                    <span class=\"person-name\">Sema Yap\u0131c\u0131<\/span><br\/>\n                    <span class=\"person-title is-small thin-font op-7\">\n                      Operations\r\nschwester                    <\/span>\n                  <\/h4>\n\t\t\t\t\t<div class=\"social-icons follow-icons\" ><a href=\"https:\/\/www.facebook.com\/dralevcamcioglu\/\" target=\"_blank\" data-label=\"Facebook\" class=\"icon primary button circle tooltip facebook\" title=\"Auf Facebook folgen\" aria-label=\"Auf Facebook folgen\" rel=\"noopener nofollow\"><i class=\"icon-facebook\" aria-hidden=\"true\"><\/i><\/a><a href=\"https:\/\/www.instagram.com\/dralevcamcioglu\/\" target=\"_blank\" data-label=\"Instagram\" class=\"icon primary button circle tooltip instagram\" title=\"Auf Instagram folgen\" aria-label=\"Auf Instagram folgen\" rel=\"noopener nofollow\"><i class=\"icon-instagram\" aria-hidden=\"true\"><\/i><\/a><\/div>\n\n\n                <\/div>\n          <\/div>\n    <\/div>\n\n\t\n    \n\n\t\t<\/div>\n\t\t\t\t\t<\/div>\n\n\t\n\n\t<div id=\"col-677818372\" class=\"col medium-2 small-6 large-2\"  >\n\t\t\t\t<div class=\"col-inner\"  >\n\t\t\t\n\t\t\t\n\n    <div class=\"box has-hover has-hover box-text-bottom\" >\n\n                  <div class=\"box-image \" >\n           <div class=\"box-image-inner image-cover\" style=\"padding-top:100%;\">\n              <img decoding=\"async\" width=\"1200\" height=\"800\" src=\"https:\/\/www.alevcamcioglu.com\/wp-content\/uploads\/2024\/02\/DSC00524-1200x800-1.jpg\" class=\"attachment- size-\" alt=\"\" srcset=\"https:\/\/www.alevcamcioglu.com\/wp-content\/uploads\/2024\/02\/DSC00524-1200x800-1.jpg 1200w, https:\/\/www.alevcamcioglu.com\/wp-content\/uploads\/2024\/02\/DSC00524-1200x800-1-300x200.jpg 300w, https:\/\/www.alevcamcioglu.com\/wp-content\/uploads\/2024\/02\/DSC00524-1200x800-1-1024x683.jpg 1024w, https:\/\/www.alevcamcioglu.com\/wp-content\/uploads\/2024\/02\/DSC00524-1200x800-1-768x512.jpg 768w, https:\/\/www.alevcamcioglu.com\/wp-content\/uploads\/2024\/02\/DSC00524-1200x800-1-370x247.jpg 370w, https:\/\/www.alevcamcioglu.com\/wp-content\/uploads\/2024\/02\/DSC00524-1200x800-1-760x507.jpg 760w\" sizes=\"(max-width: 1200px) 100vw, 1200px\" title=\"\">                         <\/div>\n          <\/div>\n         \n          <div class=\"box-text text-center\" >\n                <div class=\"box-text-inner\">\n                  <h4 class=\"uppercase\">\n                    <span class=\"person-name\">Aleyna Ceren Kurt<\/span><br\/>\n                    <span class=\"person-title is-small thin-font op-7\">\n                      Social-Media-Verantwortlicher                    <\/span>\n                  <\/h4>\n\t\t\t\t\t<div class=\"social-icons follow-icons\" ><a href=\"https:\/\/www.facebook.com\/dralevcamcioglu\/\" target=\"_blank\" data-label=\"Facebook\" class=\"icon primary button circle tooltip facebook\" title=\"Auf Facebook folgen\" aria-label=\"Auf Facebook folgen\" rel=\"noopener nofollow\"><i class=\"icon-facebook\" aria-hidden=\"true\"><\/i><\/a><a href=\"https:\/\/www.instagram.com\/dralevcamcioglu\/\" target=\"_blank\" data-label=\"Instagram\" class=\"icon primary button circle tooltip instagram\" title=\"Auf Instagram folgen\" aria-label=\"Auf Instagram folgen\" rel=\"noopener nofollow\"><i class=\"icon-instagram\" aria-hidden=\"true\"><\/i><\/a><\/div>\n\n\n                <\/div>\n          <\/div>\n    <\/div>\n\n\t\n    \n\n\t\t<\/div>\n\t\t\t\t\t<\/div>\n\n\t\n\n<\/div>\n\t\t<\/div>\n\t\t\t\t\t<\/div>\n\n\t\n\n\t<div id=\"col-1741371659\" class=\"col small-12 large-12\"  >\n\t\t\t\t<div class=\"col-inner\"  >\n\t\t\t\n\t\t\t\n<h2>Blog-Beitr\u00e4ge<\/h2>\n\n  \n    <div class=\"row large-columns-3 medium-columns-1 small-columns-1 slider row-slider slider-nav-circle slider-nav-outside\"  data-flickity-options='{&quot;imagesLoaded&quot;: true, &quot;groupCells&quot;: &quot;100%&quot;, &quot;dragThreshold&quot; : 5, &quot;cellAlign&quot;: &quot;left&quot;,&quot;wrapAround&quot;: true,&quot;prevNextButtons&quot;: true,&quot;percentPosition&quot;: true,&quot;pageDots&quot;: false, &quot;rightToLeft&quot;: false, &quot;autoPlay&quot; : false}' >\n\n  <div class=\"col post-item\" >\n\t\t\t<div class=\"col-inner\">\n\t\t\t\t<div class=\"box box-push box-text-bottom box-blog-post has-hover\">\n            \t\t\t\t\t<div class=\"box-image\" >\n  \t\t\t\t\t\t<div class=\"image-cover\" style=\"padding-top:100%;\">\n\t\t\t\t\t\t\t<a href=\"https:\/\/www.alevcamcioglu.com\/de\/was-ist-rhinophym-und-wie-wird-es-behandelt\/\" class=\"plain\" aria-label=\"Was ist Rhinophym und wie wird es behandelt?\">\n\t\t\t\t\t\t\t\t<img decoding=\"async\" width=\"1600\" height=\"900\" src=\"https:\/\/www.alevcamcioglu.com\/wp-content\/uploads\/2025\/03\/Rinofima-Nedir_-Nasil-Tedavi-Edilir.jpg\" class=\"attachment-2048x2048 size-2048x2048 wp-post-image\" alt=\"\" srcset=\"https:\/\/www.alevcamcioglu.com\/wp-content\/uploads\/2025\/03\/Rinofima-Nedir_-Nasil-Tedavi-Edilir.jpg 1600w, https:\/\/www.alevcamcioglu.com\/wp-content\/uploads\/2025\/03\/Rinofima-Nedir_-Nasil-Tedavi-Edilir-711x400.jpg 711w, https:\/\/www.alevcamcioglu.com\/wp-content\/uploads\/2025\/03\/Rinofima-Nedir_-Nasil-Tedavi-Edilir-1400x788.jpg 1400w, https:\/\/www.alevcamcioglu.com\/wp-content\/uploads\/2025\/03\/Rinofima-Nedir_-Nasil-Tedavi-Edilir-768x432.jpg 768w, https:\/\/www.alevcamcioglu.com\/wp-content\/uploads\/2025\/03\/Rinofima-Nedir_-Nasil-Tedavi-Edilir-1536x864.jpg 1536w\" sizes=\"(max-width: 1600px) 100vw, 1600px\" title=\"\">\t\t\t\t\t\t\t<\/a>\n  \t\t\t\t\t\t\t  \t\t\t\t\t\t\t  \t\t\t\t\t\t<\/div>\n  \t\t\t\t\t\t  \t\t\t\t\t<\/div>\n          \t\t\t\t\t<div class=\"box-text text-center\" >\n\t\t\t\t\t<div class=\"box-text-inner blog-post-inner\">\n\n\t\t\t\t\t\n\t\t\t\t\t\t\t\t\t\t<h5 class=\"post-title is-large \">\n\t\t\t\t\t\t<a href=\"https:\/\/www.alevcamcioglu.com\/de\/was-ist-rhinophym-und-wie-wird-es-behandelt\/\" class=\"plain\">Was ist Rhinophym und wie wird es behandelt?<\/a>\n\t\t\t\t\t<\/h5>\n\t\t\t\t\t\t\t\t\t\t<div class=\"is-divider\"><\/div>\n\t\t\t\t\t                    \n\t\t\t\t\t\t\t\t\t\t\t<a href=\"https:\/\/www.alevcamcioglu.com\/de\/was-ist-rhinophym-und-wie-wird-es-behandelt\/\" class=\"button primary is-outline is-small mb-0\">\n\t\t\t\t\t\t\tWeiterlesen\t\t\t\t\t\t<\/a>\n\t\t\t\t\t\n\t\t\t\t\t\n\t\t\t\t\t<\/div>\n\t\t\t\t\t<\/div>\n\t\t\t\t\t\t\t\t\t\t\t\t\t\t\t\t<div class=\"badge absolute top post-date badge-circle\">\n\t\t\t\t\t\t\t<div class=\"badge-inner\">\n\t\t\t\t\t\t\t\t<span class=\"post-date-day\">20<\/span><br>\n\t\t\t\t\t\t\t\t<span class=\"post-date-month is-xsmall\">M\u00e4rz<\/span>\n\t\t\t\t\t\t\t<\/div>\n\t\t\t\t\t\t<\/div>\n\t\t\t\t\t\t\t\t\t<\/div>\n\t\t\t<\/div>\n\t\t<\/div><div class=\"col post-item\" >\n\t\t\t<div class=\"col-inner\">\n\t\t\t\t<div class=\"box box-push box-text-bottom box-blog-post has-hover\">\n            \t\t\t\t\t<div class=\"box-image\" >\n  \t\t\t\t\t\t<div class=\"image-cover\" style=\"padding-top:100%;\">\n\t\t\t\t\t\t\t<a href=\"https:\/\/www.alevcamcioglu.com\/de\/dorsum-erhaltende-nasen-op\/\" class=\"plain\" aria-label=\"Dorsum-erhaltende Nasen-OP\">\n\t\t\t\t\t\t\t\t<img decoding=\"async\" width=\"1600\" height=\"900\" src=\"https:\/\/www.alevcamcioglu.com\/wp-content\/uploads\/2025\/03\/Dorsum-Koruyucu-Rinoplasti.jpg\" class=\"attachment-2048x2048 size-2048x2048 wp-post-image\" alt=\"\" srcset=\"https:\/\/www.alevcamcioglu.com\/wp-content\/uploads\/2025\/03\/Dorsum-Koruyucu-Rinoplasti.jpg 1600w, https:\/\/www.alevcamcioglu.com\/wp-content\/uploads\/2025\/03\/Dorsum-Koruyucu-Rinoplasti-711x400.jpg 711w, https:\/\/www.alevcamcioglu.com\/wp-content\/uploads\/2025\/03\/Dorsum-Koruyucu-Rinoplasti-1400x788.jpg 1400w, https:\/\/www.alevcamcioglu.com\/wp-content\/uploads\/2025\/03\/Dorsum-Koruyucu-Rinoplasti-768x432.jpg 768w, https:\/\/www.alevcamcioglu.com\/wp-content\/uploads\/2025\/03\/Dorsum-Koruyucu-Rinoplasti-1536x864.jpg 1536w\" sizes=\"(max-width: 1600px) 100vw, 1600px\" title=\"\">\t\t\t\t\t\t\t<\/a>\n  \t\t\t\t\t\t\t  \t\t\t\t\t\t\t  \t\t\t\t\t\t<\/div>\n  \t\t\t\t\t\t  \t\t\t\t\t<\/div>\n          \t\t\t\t\t<div class=\"box-text text-center\" >\n\t\t\t\t\t<div class=\"box-text-inner blog-post-inner\">\n\n\t\t\t\t\t\n\t\t\t\t\t\t\t\t\t\t<h5 class=\"post-title is-large \">\n\t\t\t\t\t\t<a href=\"https:\/\/www.alevcamcioglu.com\/de\/dorsum-erhaltende-nasen-op\/\" class=\"plain\">Dorsum-erhaltende Nasen-OP<\/a>\n\t\t\t\t\t<\/h5>\n\t\t\t\t\t\t\t\t\t\t<div class=\"is-divider\"><\/div>\n\t\t\t\t\t                    \n\t\t\t\t\t\t\t\t\t\t\t<a href=\"https:\/\/www.alevcamcioglu.com\/de\/dorsum-erhaltende-nasen-op\/\" class=\"button primary is-outline is-small mb-0\">\n\t\t\t\t\t\t\tWeiterlesen\t\t\t\t\t\t<\/a>\n\t\t\t\t\t\n\t\t\t\t\t\n\t\t\t\t\t<\/div>\n\t\t\t\t\t<\/div>\n\t\t\t\t\t\t\t\t\t\t\t\t\t\t\t\t<div class=\"badge absolute top post-date badge-circle\">\n\t\t\t\t\t\t\t<div class=\"badge-inner\">\n\t\t\t\t\t\t\t\t<span class=\"post-date-day\">20<\/span><br>\n\t\t\t\t\t\t\t\t<span class=\"post-date-month is-xsmall\">M\u00e4rz<\/span>\n\t\t\t\t\t\t\t<\/div>\n\t\t\t\t\t\t<\/div>\n\t\t\t\t\t\t\t\t\t<\/div>\n\t\t\t<\/div>\n\t\t<\/div><div class=\"col post-item\" >\n\t\t\t<div class=\"col-inner\">\n\t\t\t\t<div class=\"box box-push box-text-bottom box-blog-post has-hover\">\n            \t\t\t\t\t<div class=\"box-image\" >\n  \t\t\t\t\t\t<div class=\"image-cover\" style=\"padding-top:100%;\">\n\t\t\t\t\t\t\t<a href=\"https:\/\/www.alevcamcioglu.com\/de\/was-ist-ein-flaster-und-wofuer-wird-es-verwendet\/\" class=\"plain\" aria-label=\"Was ist ein Flaster und wof\u00fcr wird es verwendet?\">\n\t\t\t\t\t\t\t\t<img decoding=\"async\" width=\"1600\" height=\"900\" src=\"https:\/\/www.alevcamcioglu.com\/wp-content\/uploads\/2025\/03\/Flaster-Nedir-Ne-Ise-Yarar.jpg\" class=\"attachment-2048x2048 size-2048x2048 wp-post-image\" alt=\"\" srcset=\"https:\/\/www.alevcamcioglu.com\/wp-content\/uploads\/2025\/03\/Flaster-Nedir-Ne-Ise-Yarar.jpg 1600w, https:\/\/www.alevcamcioglu.com\/wp-content\/uploads\/2025\/03\/Flaster-Nedir-Ne-Ise-Yarar-711x400.jpg 711w, https:\/\/www.alevcamcioglu.com\/wp-content\/uploads\/2025\/03\/Flaster-Nedir-Ne-Ise-Yarar-1400x788.jpg 1400w, https:\/\/www.alevcamcioglu.com\/wp-content\/uploads\/2025\/03\/Flaster-Nedir-Ne-Ise-Yarar-768x432.jpg 768w, https:\/\/www.alevcamcioglu.com\/wp-content\/uploads\/2025\/03\/Flaster-Nedir-Ne-Ise-Yarar-1536x864.jpg 1536w\" sizes=\"(max-width: 1600px) 100vw, 1600px\" title=\"\">\t\t\t\t\t\t\t<\/a>\n  \t\t\t\t\t\t\t  \t\t\t\t\t\t\t  \t\t\t\t\t\t<\/div>\n  \t\t\t\t\t\t  \t\t\t\t\t<\/div>\n          \t\t\t\t\t<div class=\"box-text text-center\" >\n\t\t\t\t\t<div class=\"box-text-inner blog-post-inner\">\n\n\t\t\t\t\t\n\t\t\t\t\t\t\t\t\t\t<h5 class=\"post-title is-large \">\n\t\t\t\t\t\t<a href=\"https:\/\/www.alevcamcioglu.com\/de\/was-ist-ein-flaster-und-wofuer-wird-es-verwendet\/\" class=\"plain\">Was ist ein Flaster und wof\u00fcr wird es verwendet?<\/a>\n\t\t\t\t\t<\/h5>\n\t\t\t\t\t\t\t\t\t\t<div class=\"is-divider\"><\/div>\n\t\t\t\t\t                    \n\t\t\t\t\t\t\t\t\t\t\t<a href=\"https:\/\/www.alevcamcioglu.com\/de\/was-ist-ein-flaster-und-wofuer-wird-es-verwendet\/\" class=\"button primary is-outline is-small mb-0\">\n\t\t\t\t\t\t\tWeiterlesen\t\t\t\t\t\t<\/a>\n\t\t\t\t\t\n\t\t\t\t\t\n\t\t\t\t\t<\/div>\n\t\t\t\t\t<\/div>\n\t\t\t\t\t\t\t\t\t\t\t\t\t\t\t\t<div class=\"badge absolute top post-date badge-circle\">\n\t\t\t\t\t\t\t<div class=\"badge-inner\">\n\t\t\t\t\t\t\t\t<span class=\"post-date-day\">20<\/span><br>\n\t\t\t\t\t\t\t\t<span class=\"post-date-month is-xsmall\">M\u00e4rz<\/span>\n\t\t\t\t\t\t\t<\/div>\n\t\t\t\t\t\t<\/div>\n\t\t\t\t\t\t\t\t\t<\/div>\n\t\t\t<\/div>\n\t\t<\/div><div class=\"col post-item\" >\n\t\t\t<div class=\"col-inner\">\n\t\t\t\t<div class=\"box box-push box-text-bottom box-blog-post has-hover\">\n            \t\t\t\t\t<div class=\"box-image\" >\n  \t\t\t\t\t\t<div class=\"image-cover\" style=\"padding-top:100%;\">\n\t\t\t\t\t\t\t<a href=\"https:\/\/www.alevcamcioglu.com\/de\/perichondrium\/\" class=\"plain\" aria-label=\"Perichondrium\">\n\t\t\t\t\t\t\t\t<img decoding=\"async\" width=\"1600\" height=\"900\" src=\"https:\/\/www.alevcamcioglu.com\/wp-content\/uploads\/2025\/03\/Perikondriyum.jpg\" class=\"attachment-2048x2048 size-2048x2048 wp-post-image\" alt=\"\" srcset=\"https:\/\/www.alevcamcioglu.com\/wp-content\/uploads\/2025\/03\/Perikondriyum.jpg 1600w, https:\/\/www.alevcamcioglu.com\/wp-content\/uploads\/2025\/03\/Perikondriyum-711x400.jpg 711w, https:\/\/www.alevcamcioglu.com\/wp-content\/uploads\/2025\/03\/Perikondriyum-1400x788.jpg 1400w, https:\/\/www.alevcamcioglu.com\/wp-content\/uploads\/2025\/03\/Perikondriyum-768x432.jpg 768w, https:\/\/www.alevcamcioglu.com\/wp-content\/uploads\/2025\/03\/Perikondriyum-1536x864.jpg 1536w\" sizes=\"(max-width: 1600px) 100vw, 1600px\" title=\"\">\t\t\t\t\t\t\t<\/a>\n  \t\t\t\t\t\t\t  \t\t\t\t\t\t\t  \t\t\t\t\t\t<\/div>\n  \t\t\t\t\t\t  \t\t\t\t\t<\/div>\n          \t\t\t\t\t<div class=\"box-text text-center\" >\n\t\t\t\t\t<div class=\"box-text-inner blog-post-inner\">\n\n\t\t\t\t\t\n\t\t\t\t\t\t\t\t\t\t<h5 class=\"post-title is-large \">\n\t\t\t\t\t\t<a href=\"https:\/\/www.alevcamcioglu.com\/de\/perichondrium\/\" class=\"plain\">Perichondrium<\/a>\n\t\t\t\t\t<\/h5>\n\t\t\t\t\t\t\t\t\t\t<div class=\"is-divider\"><\/div>\n\t\t\t\t\t                    \n\t\t\t\t\t\t\t\t\t\t\t<a href=\"https:\/\/www.alevcamcioglu.com\/de\/perichondrium\/\" class=\"button primary is-outline is-small mb-0\">\n\t\t\t\t\t\t\tWeiterlesen\t\t\t\t\t\t<\/a>\n\t\t\t\t\t\n\t\t\t\t\t\n\t\t\t\t\t<\/div>\n\t\t\t\t\t<\/div>\n\t\t\t\t\t\t\t\t\t\t\t\t\t\t\t\t<div class=\"badge absolute top post-date badge-circle\">\n\t\t\t\t\t\t\t<div class=\"badge-inner\">\n\t\t\t\t\t\t\t\t<span class=\"post-date-day\">20<\/span><br>\n\t\t\t\t\t\t\t\t<span class=\"post-date-month is-xsmall\">M\u00e4rz<\/span>\n\t\t\t\t\t\t\t<\/div>\n\t\t\t\t\t\t<\/div>\n\t\t\t\t\t\t\t\t\t<\/div>\n\t\t\t<\/div>\n\t\t<\/div><div class=\"col post-item\" >\n\t\t\t<div class=\"col-inner\">\n\t\t\t\t<div class=\"box box-push box-text-bottom box-blog-post has-hover\">\n            \t\t\t\t\t<div class=\"box-image\" >\n  \t\t\t\t\t\t<div class=\"image-cover\" style=\"padding-top:100%;\">\n\t\t\t\t\t\t\t<a href=\"https:\/\/www.alevcamcioglu.com\/de\/worauf-sollte-man-vor-einer-nasen-op-achten\/\" class=\"plain\" aria-label=\"Worauf sollte man vor einer Nasen-OP achten?\">\n\t\t\t\t\t\t\t\t<img decoding=\"async\" width=\"1140\" height=\"500\" src=\"https:\/\/www.alevcamcioglu.com\/wp-content\/uploads\/2025\/01\/Burun-Estetigi-Oncesi-Dikkat-Edilmesi-Gerekenler.jpg\" class=\"attachment-2048x2048 size-2048x2048 wp-post-image\" alt=\"\" srcset=\"https:\/\/www.alevcamcioglu.com\/wp-content\/uploads\/2025\/01\/Burun-Estetigi-Oncesi-Dikkat-Edilmesi-Gerekenler.jpg 1140w, https:\/\/www.alevcamcioglu.com\/wp-content\/uploads\/2025\/01\/Burun-Estetigi-Oncesi-Dikkat-Edilmesi-Gerekenler-800x351.jpg 800w, https:\/\/www.alevcamcioglu.com\/wp-content\/uploads\/2025\/01\/Burun-Estetigi-Oncesi-Dikkat-Edilmesi-Gerekenler-768x337.jpg 768w\" sizes=\"(max-width: 1140px) 100vw, 1140px\" title=\"\">\t\t\t\t\t\t\t<\/a>\n  \t\t\t\t\t\t\t  \t\t\t\t\t\t\t  \t\t\t\t\t\t<\/div>\n  \t\t\t\t\t\t  \t\t\t\t\t<\/div>\n          \t\t\t\t\t<div class=\"box-text text-center\" >\n\t\t\t\t\t<div class=\"box-text-inner blog-post-inner\">\n\n\t\t\t\t\t\n\t\t\t\t\t\t\t\t\t\t<h5 class=\"post-title is-large \">\n\t\t\t\t\t\t<a href=\"https:\/\/www.alevcamcioglu.com\/de\/worauf-sollte-man-vor-einer-nasen-op-achten\/\" class=\"plain\">Worauf sollte man vor einer Nasen-OP achten?<\/a>\n\t\t\t\t\t<\/h5>\n\t\t\t\t\t\t\t\t\t\t<div class=\"is-divider\"><\/div>\n\t\t\t\t\t                    \n\t\t\t\t\t\t\t\t\t\t\t<a href=\"https:\/\/www.alevcamcioglu.com\/de\/worauf-sollte-man-vor-einer-nasen-op-achten\/\" class=\"button primary is-outline is-small mb-0\">\n\t\t\t\t\t\t\tWeiterlesen\t\t\t\t\t\t<\/a>\n\t\t\t\t\t\n\t\t\t\t\t\n\t\t\t\t\t<\/div>\n\t\t\t\t\t<\/div>\n\t\t\t\t\t\t\t\t\t\t\t\t\t\t\t\t<div class=\"badge absolute top post-date badge-circle\">\n\t\t\t\t\t\t\t<div class=\"badge-inner\">\n\t\t\t\t\t\t\t\t<span class=\"post-date-day\">31<\/span><br>\n\t\t\t\t\t\t\t\t<span class=\"post-date-month is-xsmall\">Jan.<\/span>\n\t\t\t\t\t\t\t<\/div>\n\t\t\t\t\t\t<\/div>\n\t\t\t\t\t\t\t\t\t<\/div>\n\t\t\t<\/div>\n\t\t<\/div><div class=\"col post-item\" >\n\t\t\t<div class=\"col-inner\">\n\t\t\t\t<div class=\"box box-push box-text-bottom box-blog-post has-hover\">\n            \t\t\t\t\t<div class=\"box-image\" >\n  \t\t\t\t\t\t<div class=\"image-cover\" style=\"padding-top:100%;\">\n\t\t\t\t\t\t\t<a href=\"https:\/\/www.alevcamcioglu.com\/de\/eisanwendung-nach-einer-nasen-op\/\" class=\"plain\" aria-label=\"Eisanwendung nach einer Nasen-OP\">\n\t\t\t\t\t\t\t\t<img decoding=\"async\" width=\"1140\" height=\"500\" src=\"https:\/\/www.alevcamcioglu.com\/wp-content\/uploads\/2025\/01\/Burun-Estetik-Ameliyati-Sonrasi-Buz-Uygulamasi.jpg\" class=\"attachment-2048x2048 size-2048x2048 wp-post-image\" alt=\"\" srcset=\"https:\/\/www.alevcamcioglu.com\/wp-content\/uploads\/2025\/01\/Burun-Estetik-Ameliyati-Sonrasi-Buz-Uygulamasi.jpg 1140w, https:\/\/www.alevcamcioglu.com\/wp-content\/uploads\/2025\/01\/Burun-Estetik-Ameliyati-Sonrasi-Buz-Uygulamasi-800x351.jpg 800w, https:\/\/www.alevcamcioglu.com\/wp-content\/uploads\/2025\/01\/Burun-Estetik-Ameliyati-Sonrasi-Buz-Uygulamasi-768x337.jpg 768w\" sizes=\"(max-width: 1140px) 100vw, 1140px\" title=\"\">\t\t\t\t\t\t\t<\/a>\n  \t\t\t\t\t\t\t  \t\t\t\t\t\t\t  \t\t\t\t\t\t<\/div>\n  \t\t\t\t\t\t  \t\t\t\t\t<\/div>\n          \t\t\t\t\t<div class=\"box-text text-center\" >\n\t\t\t\t\t<div class=\"box-text-inner blog-post-inner\">\n\n\t\t\t\t\t\n\t\t\t\t\t\t\t\t\t\t<h5 class=\"post-title is-large \">\n\t\t\t\t\t\t<a href=\"https:\/\/www.alevcamcioglu.com\/de\/eisanwendung-nach-einer-nasen-op\/\" class=\"plain\">Eisanwendung nach einer Nasen-OP<\/a>\n\t\t\t\t\t<\/h5>\n\t\t\t\t\t\t\t\t\t\t<div class=\"is-divider\"><\/div>\n\t\t\t\t\t                    \n\t\t\t\t\t\t\t\t\t\t\t<a href=\"https:\/\/www.alevcamcioglu.com\/de\/eisanwendung-nach-einer-nasen-op\/\" class=\"button primary is-outline is-small mb-0\">\n\t\t\t\t\t\t\tWeiterlesen\t\t\t\t\t\t<\/a>\n\t\t\t\t\t\n\t\t\t\t\t\n\t\t\t\t\t<\/div>\n\t\t\t\t\t<\/div>\n\t\t\t\t\t\t\t\t\t\t\t\t\t\t\t\t<div class=\"badge absolute top post-date badge-circle\">\n\t\t\t\t\t\t\t<div class=\"badge-inner\">\n\t\t\t\t\t\t\t\t<span class=\"post-date-day\">31<\/span><br>\n\t\t\t\t\t\t\t\t<span class=\"post-date-month is-xsmall\">Jan.<\/span>\n\t\t\t\t\t\t\t<\/div>\n\t\t\t\t\t\t<\/div>\n\t\t\t\t\t\t\t\t\t<\/div>\n\t\t\t<\/div>\n\t\t<\/div><div class=\"col post-item\" >\n\t\t\t<div class=\"col-inner\">\n\t\t\t\t<div class=\"box box-push box-text-bottom box-blog-post has-hover\">\n            \t\t\t\t\t<div class=\"box-image\" >\n  \t\t\t\t\t\t<div class=\"image-cover\" style=\"padding-top:100%;\">\n\t\t\t\t\t\t\t<a href=\"https:\/\/www.alevcamcioglu.com\/de\/welche-tests-werden-vor-einer-nasen-op-durchgefuehrt\/\" class=\"plain\" aria-label=\"Welche Tests werden vor einer Nasen-OP durchgef\u00fchrt?\">\n\t\t\t\t\t\t\t\t<img decoding=\"async\" width=\"1140\" height=\"500\" src=\"https:\/\/www.alevcamcioglu.com\/wp-content\/uploads\/2025\/01\/Burun-Ameliyati-Oncesi-Hangi-Testler-Yapilir.jpg\" class=\"attachment-2048x2048 size-2048x2048 wp-post-image\" alt=\"\" srcset=\"https:\/\/www.alevcamcioglu.com\/wp-content\/uploads\/2025\/01\/Burun-Ameliyati-Oncesi-Hangi-Testler-Yapilir.jpg 1140w, https:\/\/www.alevcamcioglu.com\/wp-content\/uploads\/2025\/01\/Burun-Ameliyati-Oncesi-Hangi-Testler-Yapilir-800x351.jpg 800w, https:\/\/www.alevcamcioglu.com\/wp-content\/uploads\/2025\/01\/Burun-Ameliyati-Oncesi-Hangi-Testler-Yapilir-768x337.jpg 768w\" sizes=\"(max-width: 1140px) 100vw, 1140px\" title=\"\">\t\t\t\t\t\t\t<\/a>\n  \t\t\t\t\t\t\t  \t\t\t\t\t\t\t  \t\t\t\t\t\t<\/div>\n  \t\t\t\t\t\t  \t\t\t\t\t<\/div>\n          \t\t\t\t\t<div class=\"box-text text-center\" >\n\t\t\t\t\t<div class=\"box-text-inner blog-post-inner\">\n\n\t\t\t\t\t\n\t\t\t\t\t\t\t\t\t\t<h5 class=\"post-title is-large \">\n\t\t\t\t\t\t<a href=\"https:\/\/www.alevcamcioglu.com\/de\/welche-tests-werden-vor-einer-nasen-op-durchgefuehrt\/\" class=\"plain\">Welche Tests werden vor einer Nasen-OP durchgef\u00fchrt?<\/a>\n\t\t\t\t\t<\/h5>\n\t\t\t\t\t\t\t\t\t\t<div class=\"is-divider\"><\/div>\n\t\t\t\t\t                    \n\t\t\t\t\t\t\t\t\t\t\t<a href=\"https:\/\/www.alevcamcioglu.com\/de\/welche-tests-werden-vor-einer-nasen-op-durchgefuehrt\/\" class=\"button primary is-outline is-small mb-0\">\n\t\t\t\t\t\t\tWeiterlesen\t\t\t\t\t\t<\/a>\n\t\t\t\t\t\n\t\t\t\t\t\n\t\t\t\t\t<\/div>\n\t\t\t\t\t<\/div>\n\t\t\t\t\t\t\t\t\t\t\t\t\t\t\t\t<div class=\"badge absolute top post-date badge-circle\">\n\t\t\t\t\t\t\t<div class=\"badge-inner\">\n\t\t\t\t\t\t\t\t<span class=\"post-date-day\">31<\/span><br>\n\t\t\t\t\t\t\t\t<span class=\"post-date-month is-xsmall\">Jan.<\/span>\n\t\t\t\t\t\t\t<\/div>\n\t\t\t\t\t\t<\/div>\n\t\t\t\t\t\t\t\t\t<\/div>\n\t\t\t<\/div>\n\t\t<\/div><div class=\"col post-item\" >\n\t\t\t<div class=\"col-inner\">\n\t\t\t\t<div class=\"box box-push box-text-bottom box-blog-post has-hover\">\n            \t\t\t\t\t<div class=\"box-image\" >\n  \t\t\t\t\t\t<div class=\"image-cover\" style=\"padding-top:100%;\">\n\t\t\t\t\t\t\t<a href=\"https:\/\/www.alevcamcioglu.com\/de\/kann-eine-nasen-op-mit-einer-anderen-operation-kombiniert-werden\/\" class=\"plain\" aria-label=\"Kann eine Nasen-OP mit einer anderen Operation kombiniert werden?\">\n\t\t\t\t\t\t\t\t<img decoding=\"async\" width=\"1140\" height=\"500\" src=\"https:\/\/www.alevcamcioglu.com\/wp-content\/uploads\/2025\/01\/Burun-Estetigi-Ameliyati-Baska-Bir-Ameliyat-Ile-Yapilabilir-Mi.jpg\" class=\"attachment-2048x2048 size-2048x2048 wp-post-image\" alt=\"\" srcset=\"https:\/\/www.alevcamcioglu.com\/wp-content\/uploads\/2025\/01\/Burun-Estetigi-Ameliyati-Baska-Bir-Ameliyat-Ile-Yapilabilir-Mi.jpg 1140w, https:\/\/www.alevcamcioglu.com\/wp-content\/uploads\/2025\/01\/Burun-Estetigi-Ameliyati-Baska-Bir-Ameliyat-Ile-Yapilabilir-Mi-800x351.jpg 800w, https:\/\/www.alevcamcioglu.com\/wp-content\/uploads\/2025\/01\/Burun-Estetigi-Ameliyati-Baska-Bir-Ameliyat-Ile-Yapilabilir-Mi-768x337.jpg 768w\" sizes=\"(max-width: 1140px) 100vw, 1140px\" title=\"\">\t\t\t\t\t\t\t<\/a>\n  \t\t\t\t\t\t\t  \t\t\t\t\t\t\t  \t\t\t\t\t\t<\/div>\n  \t\t\t\t\t\t  \t\t\t\t\t<\/div>\n          \t\t\t\t\t<div class=\"box-text text-center\" >\n\t\t\t\t\t<div class=\"box-text-inner blog-post-inner\">\n\n\t\t\t\t\t\n\t\t\t\t\t\t\t\t\t\t<h5 class=\"post-title is-large \">\n\t\t\t\t\t\t<a href=\"https:\/\/www.alevcamcioglu.com\/de\/kann-eine-nasen-op-mit-einer-anderen-operation-kombiniert-werden\/\" class=\"plain\">Kann eine Nasen-OP mit einer anderen Operation kombiniert werden?<\/a>\n\t\t\t\t\t<\/h5>\n\t\t\t\t\t\t\t\t\t\t<div class=\"is-divider\"><\/div>\n\t\t\t\t\t                    \n\t\t\t\t\t\t\t\t\t\t\t<a href=\"https:\/\/www.alevcamcioglu.com\/de\/kann-eine-nasen-op-mit-einer-anderen-operation-kombiniert-werden\/\" class=\"button primary is-outline is-small mb-0\">\n\t\t\t\t\t\t\tWeiterlesen\t\t\t\t\t\t<\/a>\n\t\t\t\t\t\n\t\t\t\t\t\n\t\t\t\t\t<\/div>\n\t\t\t\t\t<\/div>\n\t\t\t\t\t\t\t\t\t\t\t\t\t\t\t\t<div class=\"badge absolute top post-date badge-circle\">\n\t\t\t\t\t\t\t<div class=\"badge-inner\">\n\t\t\t\t\t\t\t\t<span class=\"post-date-day\">31<\/span><br>\n\t\t\t\t\t\t\t\t<span class=\"post-date-month is-xsmall\">Jan.<\/span>\n\t\t\t\t\t\t\t<\/div>\n\t\t\t\t\t\t<\/div>\n\t\t\t\t\t\t\t\t\t<\/div>\n\t\t\t<\/div>\n\t\t<\/div><div class=\"col post-item\" >\n\t\t\t<div class=\"col-inner\">\n\t\t\t\t<div class=\"box box-push box-text-bottom box-blog-post has-hover\">\n            \t\t\t\t\t<div class=\"box-image\" >\n  \t\t\t\t\t\t<div class=\"image-cover\" style=\"padding-top:100%;\">\n\t\t\t\t\t\t\t<a href=\"https:\/\/www.alevcamcioglu.com\/de\/was-sollte-man-nach-einer-nasen-op-vermeiden\/\" class=\"plain\" aria-label=\"Was sollte man nach einer Nasen-OP vermeiden?\">\n\t\t\t\t\t\t\t\t<img decoding=\"async\" width=\"1140\" height=\"500\" src=\"https:\/\/www.alevcamcioglu.com\/wp-content\/uploads\/2025\/01\/Burun-Estetiginden-Sonra-Yapilmamasi-Gerekenler.jpg\" class=\"attachment-2048x2048 size-2048x2048 wp-post-image\" alt=\"\" srcset=\"https:\/\/www.alevcamcioglu.com\/wp-content\/uploads\/2025\/01\/Burun-Estetiginden-Sonra-Yapilmamasi-Gerekenler.jpg 1140w, https:\/\/www.alevcamcioglu.com\/wp-content\/uploads\/2025\/01\/Burun-Estetiginden-Sonra-Yapilmamasi-Gerekenler-800x351.jpg 800w, https:\/\/www.alevcamcioglu.com\/wp-content\/uploads\/2025\/01\/Burun-Estetiginden-Sonra-Yapilmamasi-Gerekenler-768x337.jpg 768w\" sizes=\"(max-width: 1140px) 100vw, 1140px\" title=\"\">\t\t\t\t\t\t\t<\/a>\n  \t\t\t\t\t\t\t  \t\t\t\t\t\t\t  \t\t\t\t\t\t<\/div>\n  \t\t\t\t\t\t  \t\t\t\t\t<\/div>\n          \t\t\t\t\t<div class=\"box-text text-center\" >\n\t\t\t\t\t<div class=\"box-text-inner blog-post-inner\">\n\n\t\t\t\t\t\n\t\t\t\t\t\t\t\t\t\t<h5 class=\"post-title is-large \">\n\t\t\t\t\t\t<a href=\"https:\/\/www.alevcamcioglu.com\/de\/was-sollte-man-nach-einer-nasen-op-vermeiden\/\" class=\"plain\">Was sollte man nach einer Nasen-OP vermeiden?<\/a>\n\t\t\t\t\t<\/h5>\n\t\t\t\t\t\t\t\t\t\t<div class=\"is-divider\"><\/div>\n\t\t\t\t\t                    \n\t\t\t\t\t\t\t\t\t\t\t<a href=\"https:\/\/www.alevcamcioglu.com\/de\/was-sollte-man-nach-einer-nasen-op-vermeiden\/\" class=\"button primary is-outline is-small mb-0\">\n\t\t\t\t\t\t\tWeiterlesen\t\t\t\t\t\t<\/a>\n\t\t\t\t\t\n\t\t\t\t\t\n\t\t\t\t\t<\/div>\n\t\t\t\t\t<\/div>\n\t\t\t\t\t\t\t\t\t\t\t\t\t\t\t\t<div class=\"badge absolute top post-date badge-circle\">\n\t\t\t\t\t\t\t<div class=\"badge-inner\">\n\t\t\t\t\t\t\t\t<span class=\"post-date-day\">31<\/span><br>\n\t\t\t\t\t\t\t\t<span class=\"post-date-month is-xsmall\">Jan.<\/span>\n\t\t\t\t\t\t\t<\/div>\n\t\t\t\t\t\t<\/div>\n\t\t\t\t\t\t\t\t\t<\/div>\n\t\t\t<\/div>\n\t\t<\/div><div class=\"col post-item\" >\n\t\t\t<div class=\"col-inner\">\n\t\t\t\t<div class=\"box box-push box-text-bottom box-blog-post has-hover\">\n            \t\t\t\t\t<div class=\"box-image\" >\n  \t\t\t\t\t\t<div class=\"image-cover\" style=\"padding-top:100%;\">\n\t\t\t\t\t\t\t<a href=\"https:\/\/www.alevcamcioglu.com\/de\/was-ist-der-unterschied-zwischen-offener-und-geschlossener-nasen-op\/\" class=\"plain\" aria-label=\"Was ist der Unterschied zwischen offener und geschlossener Nasen-OP?\">\n\t\t\t\t\t\t\t\t<img decoding=\"async\" width=\"1140\" height=\"500\" src=\"https:\/\/www.alevcamcioglu.com\/wp-content\/uploads\/2024\/12\/Acik-Burun-Ameliyati-ile-Kapali-Arasindaki-Fark-Nedir.jpg\" class=\"attachment-2048x2048 size-2048x2048 wp-post-image\" alt=\"\" srcset=\"https:\/\/www.alevcamcioglu.com\/wp-content\/uploads\/2024\/12\/Acik-Burun-Ameliyati-ile-Kapali-Arasindaki-Fark-Nedir.jpg 1140w, https:\/\/www.alevcamcioglu.com\/wp-content\/uploads\/2024\/12\/Acik-Burun-Ameliyati-ile-Kapali-Arasindaki-Fark-Nedir-800x351.jpg 800w, https:\/\/www.alevcamcioglu.com\/wp-content\/uploads\/2024\/12\/Acik-Burun-Ameliyati-ile-Kapali-Arasindaki-Fark-Nedir-768x337.jpg 768w\" sizes=\"(max-width: 1140px) 100vw, 1140px\" title=\"\">\t\t\t\t\t\t\t<\/a>\n  \t\t\t\t\t\t\t  \t\t\t\t\t\t\t  \t\t\t\t\t\t<\/div>\n  \t\t\t\t\t\t  \t\t\t\t\t<\/div>\n          \t\t\t\t\t<div class=\"box-text text-center\" >\n\t\t\t\t\t<div class=\"box-text-inner blog-post-inner\">\n\n\t\t\t\t\t\n\t\t\t\t\t\t\t\t\t\t<h5 class=\"post-title is-large \">\n\t\t\t\t\t\t<a href=\"https:\/\/www.alevcamcioglu.com\/de\/was-ist-der-unterschied-zwischen-offener-und-geschlossener-nasen-op\/\" class=\"plain\">Was ist der Unterschied zwischen offener und geschlossener Nasen-OP?<\/a>\n\t\t\t\t\t<\/h5>\n\t\t\t\t\t\t\t\t\t\t<div class=\"is-divider\"><\/div>\n\t\t\t\t\t                    \n\t\t\t\t\t\t\t\t\t\t\t<a href=\"https:\/\/www.alevcamcioglu.com\/de\/was-ist-der-unterschied-zwischen-offener-und-geschlossener-nasen-op\/\" class=\"button primary is-outline is-small mb-0\">\n\t\t\t\t\t\t\tWeiterlesen\t\t\t\t\t\t<\/a>\n\t\t\t\t\t\n\t\t\t\t\t\n\t\t\t\t\t<\/div>\n\t\t\t\t\t<\/div>\n\t\t\t\t\t\t\t\t\t\t\t\t\t\t\t\t<div class=\"badge absolute top post-date badge-circle\">\n\t\t\t\t\t\t\t<div class=\"badge-inner\">\n\t\t\t\t\t\t\t\t<span class=\"post-date-day\">26<\/span><br>\n\t\t\t\t\t\t\t\t<span class=\"post-date-month is-xsmall\">Dez.<\/span>\n\t\t\t\t\t\t\t<\/div>\n\t\t\t\t\t\t<\/div>\n\t\t\t\t\t\t\t\t\t<\/div>\n\t\t\t<\/div>\n\t\t<\/div><div class=\"col post-item\" >\n\t\t\t<div class=\"col-inner\">\n\t\t\t\t<div class=\"box box-push box-text-bottom box-blog-post has-hover\">\n            \t\t\t\t\t<div class=\"box-image\" >\n  \t\t\t\t\t\t<div class=\"image-cover\" style=\"padding-top:100%;\">\n\t\t\t\t\t\t\t<a href=\"https:\/\/www.alevcamcioglu.com\/de\/veraendert-seitenschlafen-nach-einer-nasen-op-die-nasenform\/\" class=\"plain\" aria-label=\"Ver\u00e4ndert Seitenschlafen nach einer Nasen-OP die Nasenform?\">\n\t\t\t\t\t\t\t\t<img decoding=\"async\" width=\"1140\" height=\"500\" src=\"https:\/\/www.alevcamcioglu.com\/wp-content\/uploads\/2024\/12\/Burun-Estetigi-Sonrasi-Yan-Yatmak-Burun-Seklini-Bozar-Mi.jpg\" class=\"attachment-2048x2048 size-2048x2048 wp-post-image\" alt=\"\" srcset=\"https:\/\/www.alevcamcioglu.com\/wp-content\/uploads\/2024\/12\/Burun-Estetigi-Sonrasi-Yan-Yatmak-Burun-Seklini-Bozar-Mi.jpg 1140w, https:\/\/www.alevcamcioglu.com\/wp-content\/uploads\/2024\/12\/Burun-Estetigi-Sonrasi-Yan-Yatmak-Burun-Seklini-Bozar-Mi-800x351.jpg 800w, https:\/\/www.alevcamcioglu.com\/wp-content\/uploads\/2024\/12\/Burun-Estetigi-Sonrasi-Yan-Yatmak-Burun-Seklini-Bozar-Mi-768x337.jpg 768w\" sizes=\"(max-width: 1140px) 100vw, 1140px\" title=\"\">\t\t\t\t\t\t\t<\/a>\n  \t\t\t\t\t\t\t  \t\t\t\t\t\t\t  \t\t\t\t\t\t<\/div>\n  \t\t\t\t\t\t  \t\t\t\t\t<\/div>\n          \t\t\t\t\t<div class=\"box-text text-center\" >\n\t\t\t\t\t<div class=\"box-text-inner blog-post-inner\">\n\n\t\t\t\t\t\n\t\t\t\t\t\t\t\t\t\t<h5 class=\"post-title is-large \">\n\t\t\t\t\t\t<a href=\"https:\/\/www.alevcamcioglu.com\/de\/veraendert-seitenschlafen-nach-einer-nasen-op-die-nasenform\/\" class=\"plain\">Ver\u00e4ndert Seitenschlafen nach einer Nasen-OP die Nasenform?<\/a>\n\t\t\t\t\t<\/h5>\n\t\t\t\t\t\t\t\t\t\t<div class=\"is-divider\"><\/div>\n\t\t\t\t\t                    \n\t\t\t\t\t\t\t\t\t\t\t<a href=\"https:\/\/www.alevcamcioglu.com\/de\/veraendert-seitenschlafen-nach-einer-nasen-op-die-nasenform\/\" class=\"button primary is-outline is-small mb-0\">\n\t\t\t\t\t\t\tWeiterlesen\t\t\t\t\t\t<\/a>\n\t\t\t\t\t\n\t\t\t\t\t\n\t\t\t\t\t<\/div>\n\t\t\t\t\t<\/div>\n\t\t\t\t\t\t\t\t\t\t\t\t\t\t\t\t<div class=\"badge absolute top post-date badge-circle\">\n\t\t\t\t\t\t\t<div class=\"badge-inner\">\n\t\t\t\t\t\t\t\t<span class=\"post-date-day\">26<\/span><br>\n\t\t\t\t\t\t\t\t<span class=\"post-date-month is-xsmall\">Dez.<\/span>\n\t\t\t\t\t\t\t<\/div>\n\t\t\t\t\t\t<\/div>\n\t\t\t\t\t\t\t\t\t<\/div>\n\t\t\t<\/div>\n\t\t<\/div><div class=\"col post-item\" >\n\t\t\t<div class=\"col-inner\">\n\t\t\t\t<div class=\"box box-push box-text-bottom box-blog-post has-hover\">\n            \t\t\t\t\t<div class=\"box-image\" >\n  \t\t\t\t\t\t<div class=\"image-cover\" style=\"padding-top:100%;\">\n\t\t\t\t\t\t\t<a href=\"https:\/\/www.alevcamcioglu.com\/de\/wechseln-sie-monat-fuer-monat-nach-der-nasen-op\/\" class=\"plain\" aria-label=\"Wechseln Sie Monat f\u00fcr Monat nach der Nasen-OP\">\n\t\t\t\t\t\t\t\t<img decoding=\"async\" width=\"1140\" height=\"500\" src=\"https:\/\/www.alevcamcioglu.com\/wp-content\/uploads\/2024\/12\/Burun-Estetigi-Sonrasi-Ay-Ay-Degisim.jpg\" class=\"attachment-2048x2048 size-2048x2048 wp-post-image\" alt=\"\" srcset=\"https:\/\/www.alevcamcioglu.com\/wp-content\/uploads\/2024\/12\/Burun-Estetigi-Sonrasi-Ay-Ay-Degisim.jpg 1140w, https:\/\/www.alevcamcioglu.com\/wp-content\/uploads\/2024\/12\/Burun-Estetigi-Sonrasi-Ay-Ay-Degisim-800x351.jpg 800w, https:\/\/www.alevcamcioglu.com\/wp-content\/uploads\/2024\/12\/Burun-Estetigi-Sonrasi-Ay-Ay-Degisim-768x337.jpg 768w\" sizes=\"(max-width: 1140px) 100vw, 1140px\" title=\"\">\t\t\t\t\t\t\t<\/a>\n  \t\t\t\t\t\t\t  \t\t\t\t\t\t\t  \t\t\t\t\t\t<\/div>\n  \t\t\t\t\t\t  \t\t\t\t\t<\/div>\n          \t\t\t\t\t<div class=\"box-text text-center\" >\n\t\t\t\t\t<div class=\"box-text-inner blog-post-inner\">\n\n\t\t\t\t\t\n\t\t\t\t\t\t\t\t\t\t<h5 class=\"post-title is-large \">\n\t\t\t\t\t\t<a href=\"https:\/\/www.alevcamcioglu.com\/de\/wechseln-sie-monat-fuer-monat-nach-der-nasen-op\/\" class=\"plain\">Wechseln Sie Monat f\u00fcr Monat nach der Nasen-OP<\/a>\n\t\t\t\t\t<\/h5>\n\t\t\t\t\t\t\t\t\t\t<div class=\"is-divider\"><\/div>\n\t\t\t\t\t                    \n\t\t\t\t\t\t\t\t\t\t\t<a href=\"https:\/\/www.alevcamcioglu.com\/de\/wechseln-sie-monat-fuer-monat-nach-der-nasen-op\/\" class=\"button primary is-outline is-small mb-0\">\n\t\t\t\t\t\t\tWeiterlesen\t\t\t\t\t\t<\/a>\n\t\t\t\t\t\n\t\t\t\t\t\n\t\t\t\t\t<\/div>\n\t\t\t\t\t<\/div>\n\t\t\t\t\t\t\t\t\t\t\t\t\t\t\t\t<div class=\"badge absolute top post-date badge-circle\">\n\t\t\t\t\t\t\t<div class=\"badge-inner\">\n\t\t\t\t\t\t\t\t<span class=\"post-date-day\">26<\/span><br>\n\t\t\t\t\t\t\t\t<span class=\"post-date-month is-xsmall\">Dez.<\/span>\n\t\t\t\t\t\t\t<\/div>\n\t\t\t\t\t\t<\/div>\n\t\t\t\t\t\t\t\t\t<\/div>\n\t\t\t<\/div>\n\t\t<\/div><div class=\"col post-item\" >\n\t\t\t<div class=\"col-inner\">\n\t\t\t\t<div class=\"box box-push box-text-bottom box-blog-post has-hover\">\n            \t\t\t\t\t<div class=\"box-image\" >\n  \t\t\t\t\t\t<div class=\"image-cover\" style=\"padding-top:100%;\">\n\t\t\t\t\t\t\t<a href=\"https:\/\/www.alevcamcioglu.com\/de\/koennen-nasen-op-und-eine-nasennebenhoehlen-op-zusammen-durchgefuehrt-werden\/\" class=\"plain\" aria-label=\"K\u00f6nnen Nasen-OP und eine Nasennebenh\u00f6hlen-OP zusammen durchgef\u00fchrt werden?\">\n\t\t\t\t\t\t\t\t<img decoding=\"async\" width=\"1140\" height=\"500\" src=\"https:\/\/www.alevcamcioglu.com\/wp-content\/uploads\/2024\/12\/Burun-Estetigi-ve-Sinuzit-Ameliyati-Birlikte-Yapilir-Mi.jpg\" class=\"attachment-2048x2048 size-2048x2048 wp-post-image\" alt=\"\" srcset=\"https:\/\/www.alevcamcioglu.com\/wp-content\/uploads\/2024\/12\/Burun-Estetigi-ve-Sinuzit-Ameliyati-Birlikte-Yapilir-Mi.jpg 1140w, https:\/\/www.alevcamcioglu.com\/wp-content\/uploads\/2024\/12\/Burun-Estetigi-ve-Sinuzit-Ameliyati-Birlikte-Yapilir-Mi-800x351.jpg 800w, https:\/\/www.alevcamcioglu.com\/wp-content\/uploads\/2024\/12\/Burun-Estetigi-ve-Sinuzit-Ameliyati-Birlikte-Yapilir-Mi-768x337.jpg 768w\" sizes=\"(max-width: 1140px) 100vw, 1140px\" title=\"\">\t\t\t\t\t\t\t<\/a>\n  \t\t\t\t\t\t\t  \t\t\t\t\t\t\t  \t\t\t\t\t\t<\/div>\n  \t\t\t\t\t\t  \t\t\t\t\t<\/div>\n          \t\t\t\t\t<div class=\"box-text text-center\" >\n\t\t\t\t\t<div class=\"box-text-inner blog-post-inner\">\n\n\t\t\t\t\t\n\t\t\t\t\t\t\t\t\t\t<h5 class=\"post-title is-large \">\n\t\t\t\t\t\t<a href=\"https:\/\/www.alevcamcioglu.com\/de\/koennen-nasen-op-und-eine-nasennebenhoehlen-op-zusammen-durchgefuehrt-werden\/\" class=\"plain\">K\u00f6nnen Nasen-OP und eine Nasennebenh\u00f6hlen-OP zusammen durchgef\u00fchrt werden?<\/a>\n\t\t\t\t\t<\/h5>\n\t\t\t\t\t\t\t\t\t\t<div class=\"is-divider\"><\/div>\n\t\t\t\t\t                    \n\t\t\t\t\t\t\t\t\t\t\t<a href=\"https:\/\/www.alevcamcioglu.com\/de\/koennen-nasen-op-und-eine-nasennebenhoehlen-op-zusammen-durchgefuehrt-werden\/\" class=\"button primary is-outline is-small mb-0\">\n\t\t\t\t\t\t\tWeiterlesen\t\t\t\t\t\t<\/a>\n\t\t\t\t\t\n\t\t\t\t\t\n\t\t\t\t\t<\/div>\n\t\t\t\t\t<\/div>\n\t\t\t\t\t\t\t\t\t\t\t\t\t\t\t\t<div class=\"badge absolute top post-date badge-circle\">\n\t\t\t\t\t\t\t<div class=\"badge-inner\">\n\t\t\t\t\t\t\t\t<span class=\"post-date-day\">26<\/span><br>\n\t\t\t\t\t\t\t\t<span class=\"post-date-month is-xsmall\">Dez.<\/span>\n\t\t\t\t\t\t\t<\/div>\n\t\t\t\t\t\t<\/div>\n\t\t\t\t\t\t\t\t\t<\/div>\n\t\t\t<\/div>\n\t\t<\/div><div class=\"col post-item\" >\n\t\t\t<div class=\"col-inner\">\n\t\t\t\t<div class=\"box box-push box-text-bottom box-blog-post has-hover\">\n            \t\t\t\t\t<div class=\"box-image\" >\n  \t\t\t\t\t\t<div class=\"image-cover\" style=\"padding-top:100%;\">\n\t\t\t\t\t\t\t<a href=\"https:\/\/www.alevcamcioglu.com\/de\/lippenlift-operation\/\" class=\"plain\" aria-label=\"Lippenlift-Operation\">\n\t\t\t\t\t\t\t\t<img decoding=\"async\" width=\"1140\" height=\"500\" src=\"https:\/\/www.alevcamcioglu.com\/wp-content\/uploads\/2024\/12\/Lip-Lift-Dudak-Kaldirma-Ameliyati.jpg\" class=\"attachment-2048x2048 size-2048x2048 wp-post-image\" alt=\"\" srcset=\"https:\/\/www.alevcamcioglu.com\/wp-content\/uploads\/2024\/12\/Lip-Lift-Dudak-Kaldirma-Ameliyati.jpg 1140w, https:\/\/www.alevcamcioglu.com\/wp-content\/uploads\/2024\/12\/Lip-Lift-Dudak-Kaldirma-Ameliyati-800x351.jpg 800w, https:\/\/www.alevcamcioglu.com\/wp-content\/uploads\/2024\/12\/Lip-Lift-Dudak-Kaldirma-Ameliyati-768x337.jpg 768w\" sizes=\"(max-width: 1140px) 100vw, 1140px\" title=\"\">\t\t\t\t\t\t\t<\/a>\n  \t\t\t\t\t\t\t  \t\t\t\t\t\t\t  \t\t\t\t\t\t<\/div>\n  \t\t\t\t\t\t  \t\t\t\t\t<\/div>\n          \t\t\t\t\t<div class=\"box-text text-center\" >\n\t\t\t\t\t<div class=\"box-text-inner blog-post-inner\">\n\n\t\t\t\t\t\n\t\t\t\t\t\t\t\t\t\t<h5 class=\"post-title is-large \">\n\t\t\t\t\t\t<a href=\"https:\/\/www.alevcamcioglu.com\/de\/lippenlift-operation\/\" class=\"plain\">Lippenlift-Operation<\/a>\n\t\t\t\t\t<\/h5>\n\t\t\t\t\t\t\t\t\t\t<div class=\"is-divider\"><\/div>\n\t\t\t\t\t                    \n\t\t\t\t\t\t\t\t\t\t\t<a href=\"https:\/\/www.alevcamcioglu.com\/de\/lippenlift-operation\/\" class=\"button primary is-outline is-small mb-0\">\n\t\t\t\t\t\t\tWeiterlesen\t\t\t\t\t\t<\/a>\n\t\t\t\t\t\n\t\t\t\t\t\n\t\t\t\t\t<\/div>\n\t\t\t\t\t<\/div>\n\t\t\t\t\t\t\t\t\t\t\t\t\t\t\t\t<div class=\"badge absolute top post-date badge-circle\">\n\t\t\t\t\t\t\t<div class=\"badge-inner\">\n\t\t\t\t\t\t\t\t<span class=\"post-date-day\">26<\/span><br>\n\t\t\t\t\t\t\t\t<span class=\"post-date-month is-xsmall\">Dez.<\/span>\n\t\t\t\t\t\t\t<\/div>\n\t\t\t\t\t\t<\/div>\n\t\t\t\t\t\t\t\t\t<\/div>\n\t\t\t<\/div>\n\t\t<\/div><div class=\"col post-item\" >\n\t\t\t<div class=\"col-inner\">\n\t\t\t\t<div class=\"box box-push box-text-bottom box-blog-post has-hover\">\n            \t\t\t\t\t<div class=\"box-image\" >\n  \t\t\t\t\t\t<div class=\"image-cover\" style=\"padding-top:100%;\">\n\t\t\t\t\t\t\t<a href=\"https:\/\/www.alevcamcioglu.com\/de\/augenlidaesthetik-blepharoplastik\/\" class=\"plain\" aria-label=\"Augenlid\u00e4sthetik (Blepharoplastik)\">\n\t\t\t\t\t\t\t\t<img decoding=\"async\" width=\"1140\" height=\"500\" src=\"https:\/\/www.alevcamcioglu.com\/wp-content\/uploads\/2024\/12\/Goz-Kapagi-Estetigi-Blefaroplasti.jpg\" class=\"attachment-2048x2048 size-2048x2048 wp-post-image\" alt=\"\" srcset=\"https:\/\/www.alevcamcioglu.com\/wp-content\/uploads\/2024\/12\/Goz-Kapagi-Estetigi-Blefaroplasti.jpg 1140w, https:\/\/www.alevcamcioglu.com\/wp-content\/uploads\/2024\/12\/Goz-Kapagi-Estetigi-Blefaroplasti-800x351.jpg 800w, https:\/\/www.alevcamcioglu.com\/wp-content\/uploads\/2024\/12\/Goz-Kapagi-Estetigi-Blefaroplasti-768x337.jpg 768w\" sizes=\"(max-width: 1140px) 100vw, 1140px\" title=\"\">\t\t\t\t\t\t\t<\/a>\n  \t\t\t\t\t\t\t  \t\t\t\t\t\t\t  \t\t\t\t\t\t<\/div>\n  \t\t\t\t\t\t  \t\t\t\t\t<\/div>\n          \t\t\t\t\t<div class=\"box-text text-center\" >\n\t\t\t\t\t<div class=\"box-text-inner blog-post-inner\">\n\n\t\t\t\t\t\n\t\t\t\t\t\t\t\t\t\t<h5 class=\"post-title is-large \">\n\t\t\t\t\t\t<a href=\"https:\/\/www.alevcamcioglu.com\/de\/augenlidaesthetik-blepharoplastik\/\" class=\"plain\">Augenlid\u00e4sthetik (Blepharoplastik)<\/a>\n\t\t\t\t\t<\/h5>\n\t\t\t\t\t\t\t\t\t\t<div class=\"is-divider\"><\/div>\n\t\t\t\t\t                    \n\t\t\t\t\t\t\t\t\t\t\t<a href=\"https:\/\/www.alevcamcioglu.com\/de\/augenlidaesthetik-blepharoplastik\/\" class=\"button primary is-outline is-small mb-0\">\n\t\t\t\t\t\t\tWeiterlesen\t\t\t\t\t\t<\/a>\n\t\t\t\t\t\n\t\t\t\t\t\n\t\t\t\t\t<\/div>\n\t\t\t\t\t<\/div>\n\t\t\t\t\t\t\t\t\t\t\t\t\t\t\t\t<div class=\"badge absolute top post-date badge-circle\">\n\t\t\t\t\t\t\t<div class=\"badge-inner\">\n\t\t\t\t\t\t\t\t<span class=\"post-date-day\">26<\/span><br>\n\t\t\t\t\t\t\t\t<span class=\"post-date-month is-xsmall\">Dez.<\/span>\n\t\t\t\t\t\t\t<\/div>\n\t\t\t\t\t\t<\/div>\n\t\t\t\t\t\t\t\t\t<\/div>\n\t\t\t<\/div>\n\t\t<\/div><div class=\"col post-item\" >\n\t\t\t<div class=\"col-inner\">\n\t\t\t\t<div class=\"box box-push box-text-bottom box-blog-post has-hover\">\n            \t\t\t\t\t<div class=\"box-image\" >\n  \t\t\t\t\t\t<div class=\"image-cover\" style=\"padding-top:100%;\">\n\t\t\t\t\t\t\t<a href=\"https:\/\/www.alevcamcioglu.com\/de\/operation-bei-abstehenden-ohren\/\" class=\"plain\" aria-label=\"Operation bei abstehenden Ohren\">\n\t\t\t\t\t\t\t\t<img decoding=\"async\" width=\"1140\" height=\"500\" src=\"https:\/\/www.alevcamcioglu.com\/wp-content\/uploads\/2024\/12\/Kepce-Kulak-Ameliyati.jpg\" class=\"attachment-2048x2048 size-2048x2048 wp-post-image\" alt=\"\" srcset=\"https:\/\/www.alevcamcioglu.com\/wp-content\/uploads\/2024\/12\/Kepce-Kulak-Ameliyati.jpg 1140w, https:\/\/www.alevcamcioglu.com\/wp-content\/uploads\/2024\/12\/Kepce-Kulak-Ameliyati-800x351.jpg 800w, https:\/\/www.alevcamcioglu.com\/wp-content\/uploads\/2024\/12\/Kepce-Kulak-Ameliyati-768x337.jpg 768w\" sizes=\"(max-width: 1140px) 100vw, 1140px\" title=\"\">\t\t\t\t\t\t\t<\/a>\n  \t\t\t\t\t\t\t  \t\t\t\t\t\t\t  \t\t\t\t\t\t<\/div>\n  \t\t\t\t\t\t  \t\t\t\t\t<\/div>\n          \t\t\t\t\t<div class=\"box-text text-center\" >\n\t\t\t\t\t<div class=\"box-text-inner blog-post-inner\">\n\n\t\t\t\t\t\n\t\t\t\t\t\t\t\t\t\t<h5 class=\"post-title is-large \">\n\t\t\t\t\t\t<a href=\"https:\/\/www.alevcamcioglu.com\/de\/operation-bei-abstehenden-ohren\/\" class=\"plain\">Operation bei abstehenden Ohren<\/a>\n\t\t\t\t\t<\/h5>\n\t\t\t\t\t\t\t\t\t\t<div class=\"is-divider\"><\/div>\n\t\t\t\t\t                    \n\t\t\t\t\t\t\t\t\t\t\t<a href=\"https:\/\/www.alevcamcioglu.com\/de\/operation-bei-abstehenden-ohren\/\" class=\"button primary is-outline is-small mb-0\">\n\t\t\t\t\t\t\tWeiterlesen\t\t\t\t\t\t<\/a>\n\t\t\t\t\t\n\t\t\t\t\t\n\t\t\t\t\t<\/div>\n\t\t\t\t\t<\/div>\n\t\t\t\t\t\t\t\t\t\t\t\t\t\t\t\t<div class=\"badge absolute top post-date badge-circle\">\n\t\t\t\t\t\t\t<div class=\"badge-inner\">\n\t\t\t\t\t\t\t\t<span class=\"post-date-day\">26<\/span><br>\n\t\t\t\t\t\t\t\t<span class=\"post-date-month is-xsmall\">Dez.<\/span>\n\t\t\t\t\t\t\t<\/div>\n\t\t\t\t\t\t<\/div>\n\t\t\t\t\t\t\t\t\t<\/div>\n\t\t\t<\/div>\n\t\t<\/div><div class=\"col post-item\" >\n\t\t\t<div class=\"col-inner\">\n\t\t\t\t<div class=\"box box-push box-text-bottom box-blog-post has-hover\">\n            \t\t\t\t\t<div class=\"box-image\" >\n  \t\t\t\t\t\t<div class=\"image-cover\" style=\"padding-top:100%;\">\n\t\t\t\t\t\t\t<a href=\"https:\/\/www.alevcamcioglu.com\/de\/aesthetische-nasen-op-fuer-eine-stupsnase\/\" class=\"plain\" aria-label=\"\u00c4sthetische Nasen-OP f\u00fcr eine Stupsnase\">\n\t\t\t\t\t\t\t\t<img decoding=\"async\" width=\"1600\" height=\"900\" src=\"https:\/\/www.alevcamcioglu.com\/wp-content\/uploads\/2024\/12\/Hokka-Burun.jpg\" class=\"attachment-2048x2048 size-2048x2048 wp-post-image\" alt=\"\" srcset=\"https:\/\/www.alevcamcioglu.com\/wp-content\/uploads\/2024\/12\/Hokka-Burun.jpg 1600w, https:\/\/www.alevcamcioglu.com\/wp-content\/uploads\/2024\/12\/Hokka-Burun-711x400.jpg 711w, https:\/\/www.alevcamcioglu.com\/wp-content\/uploads\/2024\/12\/Hokka-Burun-1400x788.jpg 1400w, https:\/\/www.alevcamcioglu.com\/wp-content\/uploads\/2024\/12\/Hokka-Burun-768x432.jpg 768w, https:\/\/www.alevcamcioglu.com\/wp-content\/uploads\/2024\/12\/Hokka-Burun-1536x864.jpg 1536w\" sizes=\"(max-width: 1600px) 100vw, 1600px\" title=\"\">\t\t\t\t\t\t\t<\/a>\n  \t\t\t\t\t\t\t  \t\t\t\t\t\t\t  \t\t\t\t\t\t<\/div>\n  \t\t\t\t\t\t  \t\t\t\t\t<\/div>\n          \t\t\t\t\t<div class=\"box-text text-center\" >\n\t\t\t\t\t<div class=\"box-text-inner blog-post-inner\">\n\n\t\t\t\t\t\n\t\t\t\t\t\t\t\t\t\t<h5 class=\"post-title is-large \">\n\t\t\t\t\t\t<a href=\"https:\/\/www.alevcamcioglu.com\/de\/aesthetische-nasen-op-fuer-eine-stupsnase\/\" class=\"plain\">\u00c4sthetische Nasen-OP f\u00fcr eine Stupsnase<\/a>\n\t\t\t\t\t<\/h5>\n\t\t\t\t\t\t\t\t\t\t<div class=\"is-divider\"><\/div>\n\t\t\t\t\t                    \n\t\t\t\t\t\t\t\t\t\t\t<a href=\"https:\/\/www.alevcamcioglu.com\/de\/aesthetische-nasen-op-fuer-eine-stupsnase\/\" class=\"button primary is-outline is-small mb-0\">\n\t\t\t\t\t\t\tWeiterlesen\t\t\t\t\t\t<\/a>\n\t\t\t\t\t\n\t\t\t\t\t\n\t\t\t\t\t<\/div>\n\t\t\t\t\t<\/div>\n\t\t\t\t\t\t\t\t\t\t\t\t\t\t\t\t<div class=\"badge absolute top post-date badge-circle\">\n\t\t\t\t\t\t\t<div class=\"badge-inner\">\n\t\t\t\t\t\t\t\t<span class=\"post-date-day\">21<\/span><br>\n\t\t\t\t\t\t\t\t<span class=\"post-date-month is-xsmall\">Dez.<\/span>\n\t\t\t\t\t\t\t<\/div>\n\t\t\t\t\t\t<\/div>\n\t\t\t\t\t\t\t\t\t<\/div>\n\t\t\t<\/div>\n\t\t<\/div><div class=\"col post-item\" >\n\t\t\t<div class=\"col-inner\">\n\t\t\t\t<div class=\"box box-push box-text-bottom box-blog-post has-hover\">\n            \t\t\t\t\t<div class=\"box-image\" >\n  \t\t\t\t\t\t<div class=\"image-cover\" style=\"padding-top:100%;\">\n\t\t\t\t\t\t\t<a href=\"https:\/\/www.alevcamcioglu.com\/de\/was-ist-eine-knopfnase-und-wie-entsteht-sie\/\" class=\"plain\" aria-label=\"Was ist eine \u201eKnopfnase\u201c und wie entsteht sie?\">\n\t\t\t\t\t\t\t\t<img decoding=\"async\" width=\"1600\" height=\"900\" src=\"https:\/\/www.alevcamcioglu.com\/wp-content\/uploads\/2024\/12\/Findik-Buru.jpg\" class=\"attachment-2048x2048 size-2048x2048 wp-post-image\" alt=\"\" srcset=\"https:\/\/www.alevcamcioglu.com\/wp-content\/uploads\/2024\/12\/Findik-Buru.jpg 1600w, https:\/\/www.alevcamcioglu.com\/wp-content\/uploads\/2024\/12\/Findik-Buru-711x400.jpg 711w, https:\/\/www.alevcamcioglu.com\/wp-content\/uploads\/2024\/12\/Findik-Buru-1400x788.jpg 1400w, https:\/\/www.alevcamcioglu.com\/wp-content\/uploads\/2024\/12\/Findik-Buru-768x432.jpg 768w, https:\/\/www.alevcamcioglu.com\/wp-content\/uploads\/2024\/12\/Findik-Buru-1536x864.jpg 1536w\" sizes=\"(max-width: 1600px) 100vw, 1600px\" title=\"\">\t\t\t\t\t\t\t<\/a>\n  \t\t\t\t\t\t\t  \t\t\t\t\t\t\t  \t\t\t\t\t\t<\/div>\n  \t\t\t\t\t\t  \t\t\t\t\t<\/div>\n          \t\t\t\t\t<div class=\"box-text text-center\" >\n\t\t\t\t\t<div class=\"box-text-inner blog-post-inner\">\n\n\t\t\t\t\t\n\t\t\t\t\t\t\t\t\t\t<h5 class=\"post-title is-large \">\n\t\t\t\t\t\t<a href=\"https:\/\/www.alevcamcioglu.com\/de\/was-ist-eine-knopfnase-und-wie-entsteht-sie\/\" class=\"plain\">Was ist eine \u201eKnopfnase\u201c und wie entsteht sie?<\/a>\n\t\t\t\t\t<\/h5>\n\t\t\t\t\t\t\t\t\t\t<div class=\"is-divider\"><\/div>\n\t\t\t\t\t                    \n\t\t\t\t\t\t\t\t\t\t\t<a href=\"https:\/\/www.alevcamcioglu.com\/de\/was-ist-eine-knopfnase-und-wie-entsteht-sie\/\" class=\"button primary is-outline is-small mb-0\">\n\t\t\t\t\t\t\tWeiterlesen\t\t\t\t\t\t<\/a>\n\t\t\t\t\t\n\t\t\t\t\t\n\t\t\t\t\t<\/div>\n\t\t\t\t\t<\/div>\n\t\t\t\t\t\t\t\t\t\t\t\t\t\t\t\t<div class=\"badge absolute top post-date badge-circle\">\n\t\t\t\t\t\t\t<div class=\"badge-inner\">\n\t\t\t\t\t\t\t\t<span class=\"post-date-day\">21<\/span><br>\n\t\t\t\t\t\t\t\t<span class=\"post-date-month is-xsmall\">Dez.<\/span>\n\t\t\t\t\t\t\t<\/div>\n\t\t\t\t\t\t<\/div>\n\t\t\t\t\t\t\t\t\t<\/div>\n\t\t\t<\/div>\n\t\t<\/div><div class=\"col post-item\" >\n\t\t\t<div class=\"col-inner\">\n\t\t\t\t<div class=\"box box-push box-text-bottom box-blog-post has-hover\">\n            \t\t\t\t\t<div class=\"box-image\" >\n  \t\t\t\t\t\t<div class=\"image-cover\" style=\"padding-top:100%;\">\n\t\t\t\t\t\t\t<a href=\"https:\/\/www.alevcamcioglu.com\/de\/nasenspitzenanhebung\/\" class=\"plain\" aria-label=\"Nasenspitzenanhebung\">\n\t\t\t\t\t\t\t\t<img decoding=\"async\" width=\"1600\" height=\"900\" src=\"https:\/\/www.alevcamcioglu.com\/wp-content\/uploads\/2024\/12\/Burun-Ucu-Kaldirma-Estetigi.jpg\" class=\"attachment-2048x2048 size-2048x2048 wp-post-image\" alt=\"\" srcset=\"https:\/\/www.alevcamcioglu.com\/wp-content\/uploads\/2024\/12\/Burun-Ucu-Kaldirma-Estetigi.jpg 1600w, https:\/\/www.alevcamcioglu.com\/wp-content\/uploads\/2024\/12\/Burun-Ucu-Kaldirma-Estetigi-711x400.jpg 711w, https:\/\/www.alevcamcioglu.com\/wp-content\/uploads\/2024\/12\/Burun-Ucu-Kaldirma-Estetigi-1400x788.jpg 1400w, https:\/\/www.alevcamcioglu.com\/wp-content\/uploads\/2024\/12\/Burun-Ucu-Kaldirma-Estetigi-768x432.jpg 768w, https:\/\/www.alevcamcioglu.com\/wp-content\/uploads\/2024\/12\/Burun-Ucu-Kaldirma-Estetigi-1536x864.jpg 1536w\" sizes=\"(max-width: 1600px) 100vw, 1600px\" title=\"\">\t\t\t\t\t\t\t<\/a>\n  \t\t\t\t\t\t\t  \t\t\t\t\t\t\t  \t\t\t\t\t\t<\/div>\n  \t\t\t\t\t\t  \t\t\t\t\t<\/div>\n          \t\t\t\t\t<div class=\"box-text text-center\" >\n\t\t\t\t\t<div class=\"box-text-inner blog-post-inner\">\n\n\t\t\t\t\t\n\t\t\t\t\t\t\t\t\t\t<h5 class=\"post-title is-large \">\n\t\t\t\t\t\t<a href=\"https:\/\/www.alevcamcioglu.com\/de\/nasenspitzenanhebung\/\" class=\"plain\">Nasenspitzenanhebung<\/a>\n\t\t\t\t\t<\/h5>\n\t\t\t\t\t\t\t\t\t\t<div class=\"is-divider\"><\/div>\n\t\t\t\t\t                    \n\t\t\t\t\t\t\t\t\t\t\t<a href=\"https:\/\/www.alevcamcioglu.com\/de\/nasenspitzenanhebung\/\" class=\"button primary is-outline is-small mb-0\">\n\t\t\t\t\t\t\tWeiterlesen\t\t\t\t\t\t<\/a>\n\t\t\t\t\t\n\t\t\t\t\t\n\t\t\t\t\t<\/div>\n\t\t\t\t\t<\/div>\n\t\t\t\t\t\t\t\t\t\t\t\t\t\t\t\t<div class=\"badge absolute top post-date badge-circle\">\n\t\t\t\t\t\t\t<div class=\"badge-inner\">\n\t\t\t\t\t\t\t\t<span class=\"post-date-day\">21<\/span><br>\n\t\t\t\t\t\t\t\t<span class=\"post-date-month is-xsmall\">Dez.<\/span>\n\t\t\t\t\t\t\t<\/div>\n\t\t\t\t\t\t<\/div>\n\t\t\t\t\t\t\t\t\t<\/div>\n\t\t\t<\/div>\n\t\t<\/div><div class=\"col post-item\" >\n\t\t\t<div class=\"col-inner\">\n\t\t\t\t<div class=\"box box-push box-text-bottom box-blog-post has-hover\">\n            \t\t\t\t\t<div class=\"box-image\" >\n  \t\t\t\t\t\t<div class=\"image-cover\" style=\"padding-top:100%;\">\n\t\t\t\t\t\t\t<a href=\"https:\/\/www.alevcamcioglu.com\/de\/septumdeviation\/\" class=\"plain\" aria-label=\"Septumdeviation\">\n\t\t\t\t\t\t\t\t<img decoding=\"async\" width=\"1600\" height=\"900\" src=\"https:\/\/www.alevcamcioglu.com\/wp-content\/uploads\/2024\/12\/Septum-Deviasyonu.jpg\" class=\"attachment-2048x2048 size-2048x2048 wp-post-image\" alt=\"\" srcset=\"https:\/\/www.alevcamcioglu.com\/wp-content\/uploads\/2024\/12\/Septum-Deviasyonu.jpg 1600w, https:\/\/www.alevcamcioglu.com\/wp-content\/uploads\/2024\/12\/Septum-Deviasyonu-711x400.jpg 711w, https:\/\/www.alevcamcioglu.com\/wp-content\/uploads\/2024\/12\/Septum-Deviasyonu-1400x788.jpg 1400w, https:\/\/www.alevcamcioglu.com\/wp-content\/uploads\/2024\/12\/Septum-Deviasyonu-768x432.jpg 768w, https:\/\/www.alevcamcioglu.com\/wp-content\/uploads\/2024\/12\/Septum-Deviasyonu-1536x864.jpg 1536w\" sizes=\"(max-width: 1600px) 100vw, 1600px\" title=\"\">\t\t\t\t\t\t\t<\/a>\n  \t\t\t\t\t\t\t  \t\t\t\t\t\t\t  \t\t\t\t\t\t<\/div>\n  \t\t\t\t\t\t  \t\t\t\t\t<\/div>\n          \t\t\t\t\t<div class=\"box-text text-center\" >\n\t\t\t\t\t<div class=\"box-text-inner blog-post-inner\">\n\n\t\t\t\t\t\n\t\t\t\t\t\t\t\t\t\t<h5 class=\"post-title is-large \">\n\t\t\t\t\t\t<a href=\"https:\/\/www.alevcamcioglu.com\/de\/septumdeviation\/\" class=\"plain\">Septumdeviation<\/a>\n\t\t\t\t\t<\/h5>\n\t\t\t\t\t\t\t\t\t\t<div class=\"is-divider\"><\/div>\n\t\t\t\t\t                    \n\t\t\t\t\t\t\t\t\t\t\t<a href=\"https:\/\/www.alevcamcioglu.com\/de\/septumdeviation\/\" class=\"button primary is-outline is-small mb-0\">\n\t\t\t\t\t\t\tWeiterlesen\t\t\t\t\t\t<\/a>\n\t\t\t\t\t\n\t\t\t\t\t\n\t\t\t\t\t<\/div>\n\t\t\t\t\t<\/div>\n\t\t\t\t\t\t\t\t\t\t\t\t\t\t\t\t<div class=\"badge absolute top post-date badge-circle\">\n\t\t\t\t\t\t\t<div class=\"badge-inner\">\n\t\t\t\t\t\t\t\t<span class=\"post-date-day\">21<\/span><br>\n\t\t\t\t\t\t\t\t<span class=\"post-date-month is-xsmall\">Dez.<\/span>\n\t\t\t\t\t\t\t<\/div>\n\t\t\t\t\t\t<\/div>\n\t\t\t\t\t\t\t\t\t<\/div>\n\t\t\t<\/div>\n\t\t<\/div><div class=\"col post-item\" >\n\t\t\t<div class=\"col-inner\">\n\t\t\t\t<div class=\"box box-push box-text-bottom box-blog-post has-hover\">\n            \t\t\t\t\t<div class=\"box-image\" >\n  \t\t\t\t\t\t<div class=\"image-cover\" style=\"padding-top:100%;\">\n\t\t\t\t\t\t\t<a href=\"https:\/\/www.alevcamcioglu.com\/de\/piezo-ultraschall-nasen-op\/\" class=\"plain\" aria-label=\"Piezo (Ultraschall) Nasen-OP\">\n\t\t\t\t\t\t\t\t<img decoding=\"async\" width=\"1600\" height=\"900\" src=\"https:\/\/www.alevcamcioglu.com\/wp-content\/uploads\/2024\/12\/Piezo-Ultrasonik-Burun-Estetigi.jpg\" class=\"attachment-2048x2048 size-2048x2048 wp-post-image\" alt=\"\" srcset=\"https:\/\/www.alevcamcioglu.com\/wp-content\/uploads\/2024\/12\/Piezo-Ultrasonik-Burun-Estetigi.jpg 1600w, https:\/\/www.alevcamcioglu.com\/wp-content\/uploads\/2024\/12\/Piezo-Ultrasonik-Burun-Estetigi-711x400.jpg 711w, https:\/\/www.alevcamcioglu.com\/wp-content\/uploads\/2024\/12\/Piezo-Ultrasonik-Burun-Estetigi-1400x788.jpg 1400w, https:\/\/www.alevcamcioglu.com\/wp-content\/uploads\/2024\/12\/Piezo-Ultrasonik-Burun-Estetigi-768x432.jpg 768w, https:\/\/www.alevcamcioglu.com\/wp-content\/uploads\/2024\/12\/Piezo-Ultrasonik-Burun-Estetigi-1536x864.jpg 1536w\" sizes=\"(max-width: 1600px) 100vw, 1600px\" title=\"\">\t\t\t\t\t\t\t<\/a>\n  \t\t\t\t\t\t\t  \t\t\t\t\t\t\t  \t\t\t\t\t\t<\/div>\n  \t\t\t\t\t\t  \t\t\t\t\t<\/div>\n          \t\t\t\t\t<div class=\"box-text text-center\" >\n\t\t\t\t\t<div class=\"box-text-inner blog-post-inner\">\n\n\t\t\t\t\t\n\t\t\t\t\t\t\t\t\t\t<h5 class=\"post-title is-large \">\n\t\t\t\t\t\t<a href=\"https:\/\/www.alevcamcioglu.com\/de\/piezo-ultraschall-nasen-op\/\" class=\"plain\">Piezo (Ultraschall) Nasen-OP<\/a>\n\t\t\t\t\t<\/h5>\n\t\t\t\t\t\t\t\t\t\t<div class=\"is-divider\"><\/div>\n\t\t\t\t\t                    \n\t\t\t\t\t\t\t\t\t\t\t<a href=\"https:\/\/www.alevcamcioglu.com\/de\/piezo-ultraschall-nasen-op\/\" class=\"button primary is-outline is-small mb-0\">\n\t\t\t\t\t\t\tWeiterlesen\t\t\t\t\t\t<\/a>\n\t\t\t\t\t\n\t\t\t\t\t\n\t\t\t\t\t<\/div>\n\t\t\t\t\t<\/div>\n\t\t\t\t\t\t\t\t\t\t\t\t\t\t\t\t<div class=\"badge absolute top post-date badge-circle\">\n\t\t\t\t\t\t\t<div class=\"badge-inner\">\n\t\t\t\t\t\t\t\t<span class=\"post-date-day\">21<\/span><br>\n\t\t\t\t\t\t\t\t<span class=\"post-date-month is-xsmall\">Dez.<\/span>\n\t\t\t\t\t\t\t<\/div>\n\t\t\t\t\t\t<\/div>\n\t\t\t\t\t\t\t\t\t<\/div>\n\t\t\t<\/div>\n\t\t<\/div><div class=\"col post-item\" >\n\t\t\t<div class=\"col-inner\">\n\t\t\t\t<div class=\"box box-push box-text-bottom box-blog-post has-hover\">\n            \t\t\t\t\t<div class=\"box-image\" >\n  \t\t\t\t\t\t<div class=\"image-cover\" style=\"padding-top:100%;\">\n\t\t\t\t\t\t\t<a href=\"https:\/\/www.alevcamcioglu.com\/de\/erhaltende-nasen-op-preservation-rhinoplastik\/\" class=\"plain\" aria-label=\"Erhaltende Nasen-OP (Preservation Rhinoplastik)\">\n\t\t\t\t\t\t\t\t<img decoding=\"async\" width=\"1600\" height=\"900\" src=\"https:\/\/www.alevcamcioglu.com\/wp-content\/uploads\/2024\/12\/Koruyucu-Burun-Estetigi-Preservation-Rinoplasti.jpg\" class=\"attachment-2048x2048 size-2048x2048 wp-post-image\" alt=\"\" srcset=\"https:\/\/www.alevcamcioglu.com\/wp-content\/uploads\/2024\/12\/Koruyucu-Burun-Estetigi-Preservation-Rinoplasti.jpg 1600w, https:\/\/www.alevcamcioglu.com\/wp-content\/uploads\/2024\/12\/Koruyucu-Burun-Estetigi-Preservation-Rinoplasti-711x400.jpg 711w, https:\/\/www.alevcamcioglu.com\/wp-content\/uploads\/2024\/12\/Koruyucu-Burun-Estetigi-Preservation-Rinoplasti-1400x788.jpg 1400w, https:\/\/www.alevcamcioglu.com\/wp-content\/uploads\/2024\/12\/Koruyucu-Burun-Estetigi-Preservation-Rinoplasti-768x432.jpg 768w, https:\/\/www.alevcamcioglu.com\/wp-content\/uploads\/2024\/12\/Koruyucu-Burun-Estetigi-Preservation-Rinoplasti-1536x864.jpg 1536w\" sizes=\"(max-width: 1600px) 100vw, 1600px\" title=\"\">\t\t\t\t\t\t\t<\/a>\n  \t\t\t\t\t\t\t  \t\t\t\t\t\t\t  \t\t\t\t\t\t<\/div>\n  \t\t\t\t\t\t  \t\t\t\t\t<\/div>\n          \t\t\t\t\t<div class=\"box-text text-center\" >\n\t\t\t\t\t<div class=\"box-text-inner blog-post-inner\">\n\n\t\t\t\t\t\n\t\t\t\t\t\t\t\t\t\t<h5 class=\"post-title is-large \">\n\t\t\t\t\t\t<a href=\"https:\/\/www.alevcamcioglu.com\/de\/erhaltende-nasen-op-preservation-rhinoplastik\/\" class=\"plain\">Erhaltende Nasen-OP (Preservation Rhinoplastik)<\/a>\n\t\t\t\t\t<\/h5>\n\t\t\t\t\t\t\t\t\t\t<div class=\"is-divider\"><\/div>\n\t\t\t\t\t                    \n\t\t\t\t\t\t\t\t\t\t\t<a href=\"https:\/\/www.alevcamcioglu.com\/de\/erhaltende-nasen-op-preservation-rhinoplastik\/\" class=\"button primary is-outline is-small mb-0\">\n\t\t\t\t\t\t\tWeiterlesen\t\t\t\t\t\t<\/a>\n\t\t\t\t\t\n\t\t\t\t\t\n\t\t\t\t\t<\/div>\n\t\t\t\t\t<\/div>\n\t\t\t\t\t\t\t\t\t\t\t\t\t\t\t\t<div class=\"badge absolute top post-date badge-circle\">\n\t\t\t\t\t\t\t<div class=\"badge-inner\">\n\t\t\t\t\t\t\t\t<span class=\"post-date-day\">21<\/span><br>\n\t\t\t\t\t\t\t\t<span class=\"post-date-month is-xsmall\">Dez.<\/span>\n\t\t\t\t\t\t\t<\/div>\n\t\t\t\t\t\t<\/div>\n\t\t\t\t\t\t\t\t\t<\/div>\n\t\t\t<\/div>\n\t\t<\/div><div class=\"col post-item\" >\n\t\t\t<div class=\"col-inner\">\n\t\t\t\t<div class=\"box box-push box-text-bottom box-blog-post has-hover\">\n            \t\t\t\t\t<div class=\"box-image\" >\n  \t\t\t\t\t\t<div class=\"image-cover\" style=\"padding-top:100%;\">\n\t\t\t\t\t\t\t<a href=\"https:\/\/www.alevcamcioglu.com\/de\/nasen-op-bei-gebogener-nase\/\" class=\"plain\" aria-label=\"Nasen-OP bei gebogener Nase\">\n\t\t\t\t\t\t\t\t<img decoding=\"async\" width=\"1600\" height=\"900\" src=\"https:\/\/www.alevcamcioglu.com\/wp-content\/uploads\/2024\/12\/Kavisli-Burun-Estetigi.jpg\" class=\"attachment-2048x2048 size-2048x2048 wp-post-image\" alt=\"\" srcset=\"https:\/\/www.alevcamcioglu.com\/wp-content\/uploads\/2024\/12\/Kavisli-Burun-Estetigi.jpg 1600w, https:\/\/www.alevcamcioglu.com\/wp-content\/uploads\/2024\/12\/Kavisli-Burun-Estetigi-711x400.jpg 711w, https:\/\/www.alevcamcioglu.com\/wp-content\/uploads\/2024\/12\/Kavisli-Burun-Estetigi-1400x788.jpg 1400w, https:\/\/www.alevcamcioglu.com\/wp-content\/uploads\/2024\/12\/Kavisli-Burun-Estetigi-768x432.jpg 768w, https:\/\/www.alevcamcioglu.com\/wp-content\/uploads\/2024\/12\/Kavisli-Burun-Estetigi-1536x864.jpg 1536w\" sizes=\"(max-width: 1600px) 100vw, 1600px\" title=\"\">\t\t\t\t\t\t\t<\/a>\n  \t\t\t\t\t\t\t  \t\t\t\t\t\t\t  \t\t\t\t\t\t<\/div>\n  \t\t\t\t\t\t  \t\t\t\t\t<\/div>\n          \t\t\t\t\t<div class=\"box-text text-center\" >\n\t\t\t\t\t<div class=\"box-text-inner blog-post-inner\">\n\n\t\t\t\t\t\n\t\t\t\t\t\t\t\t\t\t<h5 class=\"post-title is-large \">\n\t\t\t\t\t\t<a href=\"https:\/\/www.alevcamcioglu.com\/de\/nasen-op-bei-gebogener-nase\/\" class=\"plain\">Nasen-OP bei gebogener Nase<\/a>\n\t\t\t\t\t<\/h5>\n\t\t\t\t\t\t\t\t\t\t<div class=\"is-divider\"><\/div>\n\t\t\t\t\t                    \n\t\t\t\t\t\t\t\t\t\t\t<a href=\"https:\/\/www.alevcamcioglu.com\/de\/nasen-op-bei-gebogener-nase\/\" class=\"button primary is-outline is-small mb-0\">\n\t\t\t\t\t\t\tWeiterlesen\t\t\t\t\t\t<\/a>\n\t\t\t\t\t\n\t\t\t\t\t\n\t\t\t\t\t<\/div>\n\t\t\t\t\t<\/div>\n\t\t\t\t\t\t\t\t\t\t\t\t\t\t\t\t<div class=\"badge absolute top post-date badge-circle\">\n\t\t\t\t\t\t\t<div class=\"badge-inner\">\n\t\t\t\t\t\t\t\t<span class=\"post-date-day\">21<\/span><br>\n\t\t\t\t\t\t\t\t<span class=\"post-date-month is-xsmall\">Dez.<\/span>\n\t\t\t\t\t\t\t<\/div>\n\t\t\t\t\t\t<\/div>\n\t\t\t\t\t\t\t\t\t<\/div>\n\t\t\t<\/div>\n\t\t<\/div><div class=\"col post-item\" >\n\t\t\t<div class=\"col-inner\">\n\t\t\t\t<div class=\"box box-push box-text-bottom box-blog-post has-hover\">\n            \t\t\t\t\t<div class=\"box-image\" >\n  \t\t\t\t\t\t<div class=\"image-cover\" style=\"padding-top:100%;\">\n\t\t\t\t\t\t\t<a href=\"https:\/\/www.alevcamcioglu.com\/de\/nasenraspel-op\/\" class=\"plain\" aria-label=\"Nasenraspel-OP\">\n\t\t\t\t\t\t\t\t<img decoding=\"async\" width=\"1600\" height=\"900\" src=\"https:\/\/www.alevcamcioglu.com\/wp-content\/uploads\/2024\/12\/Burun-Torpuleme-Ameliyati.jpg\" class=\"attachment-2048x2048 size-2048x2048 wp-post-image\" alt=\"\" srcset=\"https:\/\/www.alevcamcioglu.com\/wp-content\/uploads\/2024\/12\/Burun-Torpuleme-Ameliyati.jpg 1600w, https:\/\/www.alevcamcioglu.com\/wp-content\/uploads\/2024\/12\/Burun-Torpuleme-Ameliyati-711x400.jpg 711w, https:\/\/www.alevcamcioglu.com\/wp-content\/uploads\/2024\/12\/Burun-Torpuleme-Ameliyati-1400x788.jpg 1400w, https:\/\/www.alevcamcioglu.com\/wp-content\/uploads\/2024\/12\/Burun-Torpuleme-Ameliyati-768x432.jpg 768w, https:\/\/www.alevcamcioglu.com\/wp-content\/uploads\/2024\/12\/Burun-Torpuleme-Ameliyati-1536x864.jpg 1536w\" sizes=\"(max-width: 1600px) 100vw, 1600px\" title=\"\">\t\t\t\t\t\t\t<\/a>\n  \t\t\t\t\t\t\t  \t\t\t\t\t\t\t  \t\t\t\t\t\t<\/div>\n  \t\t\t\t\t\t  \t\t\t\t\t<\/div>\n          \t\t\t\t\t<div class=\"box-text text-center\" >\n\t\t\t\t\t<div class=\"box-text-inner blog-post-inner\">\n\n\t\t\t\t\t\n\t\t\t\t\t\t\t\t\t\t<h5 class=\"post-title is-large \">\n\t\t\t\t\t\t<a href=\"https:\/\/www.alevcamcioglu.com\/de\/nasenraspel-op\/\" class=\"plain\">Nasenraspel-OP<\/a>\n\t\t\t\t\t<\/h5>\n\t\t\t\t\t\t\t\t\t\t<div class=\"is-divider\"><\/div>\n\t\t\t\t\t                    \n\t\t\t\t\t\t\t\t\t\t\t<a href=\"https:\/\/www.alevcamcioglu.com\/de\/nasenraspel-op\/\" class=\"button primary is-outline is-small mb-0\">\n\t\t\t\t\t\t\tWeiterlesen\t\t\t\t\t\t<\/a>\n\t\t\t\t\t\n\t\t\t\t\t\n\t\t\t\t\t<\/div>\n\t\t\t\t\t<\/div>\n\t\t\t\t\t\t\t\t\t\t\t\t\t\t\t\t<div class=\"badge absolute top post-date badge-circle\">\n\t\t\t\t\t\t\t<div class=\"badge-inner\">\n\t\t\t\t\t\t\t\t<span class=\"post-date-day\">21<\/span><br>\n\t\t\t\t\t\t\t\t<span class=\"post-date-month is-xsmall\">Dez.<\/span>\n\t\t\t\t\t\t\t<\/div>\n\t\t\t\t\t\t<\/div>\n\t\t\t\t\t\t\t\t\t<\/div>\n\t\t\t<\/div>\n\t\t<\/div><div class=\"col post-item\" >\n\t\t\t<div class=\"col-inner\">\n\t\t\t\t<div class=\"box box-push box-text-bottom box-blog-post has-hover\">\n            \t\t\t\t\t<div class=\"box-image\" >\n  \t\t\t\t\t\t<div class=\"image-cover\" style=\"padding-top:100%;\">\n\t\t\t\t\t\t\t<a href=\"https:\/\/www.alevcamcioglu.com\/de\/nasenkorrektur-zur-verkleinerung-der-nase\/\" class=\"plain\" aria-label=\"Nasenkorrektur zur Verkleinerung der Nase\">\n\t\t\t\t\t\t\t\t<img decoding=\"async\" width=\"1600\" height=\"900\" src=\"https:\/\/www.alevcamcioglu.com\/wp-content\/uploads\/2024\/12\/Burun-Kucultme-Ameliyati.jpg\" class=\"attachment-2048x2048 size-2048x2048 wp-post-image\" alt=\"\" srcset=\"https:\/\/www.alevcamcioglu.com\/wp-content\/uploads\/2024\/12\/Burun-Kucultme-Ameliyati.jpg 1600w, https:\/\/www.alevcamcioglu.com\/wp-content\/uploads\/2024\/12\/Burun-Kucultme-Ameliyati-711x400.jpg 711w, https:\/\/www.alevcamcioglu.com\/wp-content\/uploads\/2024\/12\/Burun-Kucultme-Ameliyati-1400x788.jpg 1400w, https:\/\/www.alevcamcioglu.com\/wp-content\/uploads\/2024\/12\/Burun-Kucultme-Ameliyati-768x432.jpg 768w, https:\/\/www.alevcamcioglu.com\/wp-content\/uploads\/2024\/12\/Burun-Kucultme-Ameliyati-1536x864.jpg 1536w\" sizes=\"(max-width: 1600px) 100vw, 1600px\" title=\"\">\t\t\t\t\t\t\t<\/a>\n  \t\t\t\t\t\t\t  \t\t\t\t\t\t\t  \t\t\t\t\t\t<\/div>\n  \t\t\t\t\t\t  \t\t\t\t\t<\/div>\n          \t\t\t\t\t<div class=\"box-text text-center\" >\n\t\t\t\t\t<div class=\"box-text-inner blog-post-inner\">\n\n\t\t\t\t\t\n\t\t\t\t\t\t\t\t\t\t<h5 class=\"post-title is-large \">\n\t\t\t\t\t\t<a href=\"https:\/\/www.alevcamcioglu.com\/de\/nasenkorrektur-zur-verkleinerung-der-nase\/\" class=\"plain\">Nasenkorrektur zur Verkleinerung der Nase<\/a>\n\t\t\t\t\t<\/h5>\n\t\t\t\t\t\t\t\t\t\t<div class=\"is-divider\"><\/div>\n\t\t\t\t\t                    \n\t\t\t\t\t\t\t\t\t\t\t<a href=\"https:\/\/www.alevcamcioglu.com\/de\/nasenkorrektur-zur-verkleinerung-der-nase\/\" class=\"button primary is-outline is-small mb-0\">\n\t\t\t\t\t\t\tWeiterlesen\t\t\t\t\t\t<\/a>\n\t\t\t\t\t\n\t\t\t\t\t\n\t\t\t\t\t<\/div>\n\t\t\t\t\t<\/div>\n\t\t\t\t\t\t\t\t\t\t\t\t\t\t\t\t<div class=\"badge absolute top post-date badge-circle\">\n\t\t\t\t\t\t\t<div class=\"badge-inner\">\n\t\t\t\t\t\t\t\t<span class=\"post-date-day\">21<\/span><br>\n\t\t\t\t\t\t\t\t<span class=\"post-date-month is-xsmall\">Dez.<\/span>\n\t\t\t\t\t\t\t<\/div>\n\t\t\t\t\t\t<\/div>\n\t\t\t\t\t\t\t\t\t<\/div>\n\t\t\t<\/div>\n\t\t<\/div><div class=\"col post-item\" >\n\t\t\t<div class=\"col-inner\">\n\t\t\t\t<div class=\"box box-push box-text-bottom box-blog-post has-hover\">\n            \t\t\t\t\t<div class=\"box-image\" >\n  \t\t\t\t\t\t<div class=\"image-cover\" style=\"padding-top:100%;\">\n\t\t\t\t\t\t\t<a href=\"https:\/\/www.alevcamcioglu.com\/de\/operation-zur-verkleinerung-der-nasenloecher\/\" class=\"plain\" aria-label=\"Operation zur Verkleinerung der Nasenl\u00f6cher\">\n\t\t\t\t\t\t\t\t<img decoding=\"async\" width=\"1600\" height=\"900\" src=\"https:\/\/www.alevcamcioglu.com\/wp-content\/uploads\/2024\/12\/Burun-Torpuleme-Ameliyati.jpg\" class=\"attachment-2048x2048 size-2048x2048 wp-post-image\" alt=\"\" srcset=\"https:\/\/www.alevcamcioglu.com\/wp-content\/uploads\/2024\/12\/Burun-Torpuleme-Ameliyati.jpg 1600w, https:\/\/www.alevcamcioglu.com\/wp-content\/uploads\/2024\/12\/Burun-Torpuleme-Ameliyati-711x400.jpg 711w, https:\/\/www.alevcamcioglu.com\/wp-content\/uploads\/2024\/12\/Burun-Torpuleme-Ameliyati-1400x788.jpg 1400w, https:\/\/www.alevcamcioglu.com\/wp-content\/uploads\/2024\/12\/Burun-Torpuleme-Ameliyati-768x432.jpg 768w, https:\/\/www.alevcamcioglu.com\/wp-content\/uploads\/2024\/12\/Burun-Torpuleme-Ameliyati-1536x864.jpg 1536w\" sizes=\"(max-width: 1600px) 100vw, 1600px\" title=\"\">\t\t\t\t\t\t\t<\/a>\n  \t\t\t\t\t\t\t  \t\t\t\t\t\t\t  \t\t\t\t\t\t<\/div>\n  \t\t\t\t\t\t  \t\t\t\t\t<\/div>\n          \t\t\t\t\t<div class=\"box-text text-center\" >\n\t\t\t\t\t<div class=\"box-text-inner blog-post-inner\">\n\n\t\t\t\t\t\n\t\t\t\t\t\t\t\t\t\t<h5 class=\"post-title is-large \">\n\t\t\t\t\t\t<a href=\"https:\/\/www.alevcamcioglu.com\/de\/operation-zur-verkleinerung-der-nasenloecher\/\" class=\"plain\">Operation zur Verkleinerung der Nasenl\u00f6cher<\/a>\n\t\t\t\t\t<\/h5>\n\t\t\t\t\t\t\t\t\t\t<div class=\"is-divider\"><\/div>\n\t\t\t\t\t                    \n\t\t\t\t\t\t\t\t\t\t\t<a href=\"https:\/\/www.alevcamcioglu.com\/de\/operation-zur-verkleinerung-der-nasenloecher\/\" class=\"button primary is-outline is-small mb-0\">\n\t\t\t\t\t\t\tWeiterlesen\t\t\t\t\t\t<\/a>\n\t\t\t\t\t\n\t\t\t\t\t\n\t\t\t\t\t<\/div>\n\t\t\t\t\t<\/div>\n\t\t\t\t\t\t\t\t\t\t\t\t\t\t\t\t<div class=\"badge absolute top post-date badge-circle\">\n\t\t\t\t\t\t\t<div class=\"badge-inner\">\n\t\t\t\t\t\t\t\t<span class=\"post-date-day\">21<\/span><br>\n\t\t\t\t\t\t\t\t<span class=\"post-date-month is-xsmall\">Dez.<\/span>\n\t\t\t\t\t\t\t<\/div>\n\t\t\t\t\t\t<\/div>\n\t\t\t\t\t\t\t\t\t<\/div>\n\t\t\t<\/div>\n\t\t<\/div><div class=\"col post-item\" >\n\t\t\t<div class=\"col-inner\">\n\t\t\t\t<div class=\"box box-push box-text-bottom box-blog-post has-hover\">\n            \t\t\t\t\t<div class=\"box-image\" >\n  \t\t\t\t\t\t<div class=\"image-cover\" style=\"padding-top:100%;\">\n\t\t\t\t\t\t\t<a href=\"https:\/\/www.alevcamcioglu.com\/de\/barbie-nose-nasen-op\/\" class=\"plain\" aria-label=\"Barbie Nose Nasen-OP\">\n\t\t\t\t\t\t\t\t<img decoding=\"async\" width=\"1600\" height=\"900\" src=\"https:\/\/www.alevcamcioglu.com\/wp-content\/uploads\/2024\/12\/Barbie-Nose-Burun-Estetigi.jpg\" class=\"attachment-2048x2048 size-2048x2048 wp-post-image\" alt=\"\" srcset=\"https:\/\/www.alevcamcioglu.com\/wp-content\/uploads\/2024\/12\/Barbie-Nose-Burun-Estetigi.jpg 1600w, https:\/\/www.alevcamcioglu.com\/wp-content\/uploads\/2024\/12\/Barbie-Nose-Burun-Estetigi-711x400.jpg 711w, https:\/\/www.alevcamcioglu.com\/wp-content\/uploads\/2024\/12\/Barbie-Nose-Burun-Estetigi-1400x788.jpg 1400w, https:\/\/www.alevcamcioglu.com\/wp-content\/uploads\/2024\/12\/Barbie-Nose-Burun-Estetigi-768x432.jpg 768w, https:\/\/www.alevcamcioglu.com\/wp-content\/uploads\/2024\/12\/Barbie-Nose-Burun-Estetigi-1536x864.jpg 1536w\" sizes=\"(max-width: 1600px) 100vw, 1600px\" title=\"\">\t\t\t\t\t\t\t<\/a>\n  \t\t\t\t\t\t\t  \t\t\t\t\t\t\t  \t\t\t\t\t\t<\/div>\n  \t\t\t\t\t\t  \t\t\t\t\t<\/div>\n          \t\t\t\t\t<div class=\"box-text text-center\" >\n\t\t\t\t\t<div class=\"box-text-inner blog-post-inner\">\n\n\t\t\t\t\t\n\t\t\t\t\t\t\t\t\t\t<h5 class=\"post-title is-large \">\n\t\t\t\t\t\t<a href=\"https:\/\/www.alevcamcioglu.com\/de\/barbie-nose-nasen-op\/\" class=\"plain\">Barbie Nose Nasen-OP<\/a>\n\t\t\t\t\t<\/h5>\n\t\t\t\t\t\t\t\t\t\t<div class=\"is-divider\"><\/div>\n\t\t\t\t\t                    \n\t\t\t\t\t\t\t\t\t\t\t<a href=\"https:\/\/www.alevcamcioglu.com\/de\/barbie-nose-nasen-op\/\" class=\"button primary is-outline is-small mb-0\">\n\t\t\t\t\t\t\tWeiterlesen\t\t\t\t\t\t<\/a>\n\t\t\t\t\t\n\t\t\t\t\t\n\t\t\t\t\t<\/div>\n\t\t\t\t\t<\/div>\n\t\t\t\t\t\t\t\t\t\t\t\t\t\t\t\t<div class=\"badge absolute top post-date badge-circle\">\n\t\t\t\t\t\t\t<div class=\"badge-inner\">\n\t\t\t\t\t\t\t\t<span class=\"post-date-day\">21<\/span><br>\n\t\t\t\t\t\t\t\t<span class=\"post-date-month is-xsmall\">Dez.<\/span>\n\t\t\t\t\t\t\t<\/div>\n\t\t\t\t\t\t<\/div>\n\t\t\t\t\t\t\t\t\t<\/div>\n\t\t\t<\/div>\n\t\t<\/div><div class=\"col post-item\" >\n\t\t\t<div class=\"col-inner\">\n\t\t\t\t<div class=\"box box-push box-text-bottom box-blog-post has-hover\">\n            \t\t\t\t\t<div class=\"box-image\" >\n  \t\t\t\t\t\t<div class=\"image-cover\" style=\"padding-top:100%;\">\n\t\t\t\t\t\t\t<a href=\"https:\/\/www.alevcamcioglu.com\/de\/nasen-op-im-ausland\/\" class=\"plain\" aria-label=\"Nasen-OP im Ausland\">\n\t\t\t\t\t\t\t\t<img decoding=\"async\" width=\"1600\" height=\"900\" src=\"https:\/\/www.alevcamcioglu.com\/wp-content\/uploads\/2024\/11\/Nasen-OP-im-Ausland_-Risiken-Vorteile-und-wichtige-Uberlegungen.jpg\" class=\"attachment-2048x2048 size-2048x2048 wp-post-image\" alt=\"\" srcset=\"https:\/\/www.alevcamcioglu.com\/wp-content\/uploads\/2024\/11\/Nasen-OP-im-Ausland_-Risiken-Vorteile-und-wichtige-Uberlegungen.jpg 1600w, https:\/\/www.alevcamcioglu.com\/wp-content\/uploads\/2024\/11\/Nasen-OP-im-Ausland_-Risiken-Vorteile-und-wichtige-Uberlegungen-711x400.jpg 711w, https:\/\/www.alevcamcioglu.com\/wp-content\/uploads\/2024\/11\/Nasen-OP-im-Ausland_-Risiken-Vorteile-und-wichtige-Uberlegungen-1400x788.jpg 1400w, https:\/\/www.alevcamcioglu.com\/wp-content\/uploads\/2024\/11\/Nasen-OP-im-Ausland_-Risiken-Vorteile-und-wichtige-Uberlegungen-768x432.jpg 768w, https:\/\/www.alevcamcioglu.com\/wp-content\/uploads\/2024\/11\/Nasen-OP-im-Ausland_-Risiken-Vorteile-und-wichtige-Uberlegungen-1536x864.jpg 1536w\" sizes=\"(max-width: 1600px) 100vw, 1600px\" title=\"\">\t\t\t\t\t\t\t<\/a>\n  \t\t\t\t\t\t\t  \t\t\t\t\t\t\t  \t\t\t\t\t\t<\/div>\n  \t\t\t\t\t\t  \t\t\t\t\t<\/div>\n          \t\t\t\t\t<div class=\"box-text text-center\" >\n\t\t\t\t\t<div class=\"box-text-inner blog-post-inner\">\n\n\t\t\t\t\t\n\t\t\t\t\t\t\t\t\t\t<h5 class=\"post-title is-large \">\n\t\t\t\t\t\t<a href=\"https:\/\/www.alevcamcioglu.com\/de\/nasen-op-im-ausland\/\" class=\"plain\">Nasen-OP im Ausland<\/a>\n\t\t\t\t\t<\/h5>\n\t\t\t\t\t\t\t\t\t\t<div class=\"is-divider\"><\/div>\n\t\t\t\t\t                    \n\t\t\t\t\t\t\t\t\t\t\t<a href=\"https:\/\/www.alevcamcioglu.com\/de\/nasen-op-im-ausland\/\" class=\"button primary is-outline is-small mb-0\">\n\t\t\t\t\t\t\tWeiterlesen\t\t\t\t\t\t<\/a>\n\t\t\t\t\t\n\t\t\t\t\t\n\t\t\t\t\t<\/div>\n\t\t\t\t\t<\/div>\n\t\t\t\t\t\t\t\t\t\t\t\t\t\t\t\t<div class=\"badge absolute top post-date badge-circle\">\n\t\t\t\t\t\t\t<div class=\"badge-inner\">\n\t\t\t\t\t\t\t\t<span class=\"post-date-day\">26<\/span><br>\n\t\t\t\t\t\t\t\t<span class=\"post-date-month is-xsmall\">Nov.<\/span>\n\t\t\t\t\t\t\t<\/div>\n\t\t\t\t\t\t<\/div>\n\t\t\t\t\t\t\t\t\t<\/div>\n\t\t\t<\/div>\n\t\t<\/div><div class=\"col post-item\" >\n\t\t\t<div class=\"col-inner\">\n\t\t\t\t<div class=\"box box-push box-text-bottom box-blog-post has-hover\">\n            \t\t\t\t\t<div class=\"box-image\" >\n  \t\t\t\t\t\t<div class=\"image-cover\" style=\"padding-top:100%;\">\n\t\t\t\t\t\t\t<a href=\"https:\/\/www.alevcamcioglu.com\/de\/was-ist-ein-knorpeltransplantat-bei-einer-nasen-op\/\" class=\"plain\" aria-label=\"Was ist ein Knorpeltransplantat bei einer Nasen-OP?\">\n\t\t\t\t\t\t\t\t<img decoding=\"async\" width=\"1140\" height=\"500\" src=\"https:\/\/www.alevcamcioglu.com\/wp-content\/uploads\/2024\/11\/Burun-Estetiginde-Kikirdak-Greft-Nedir.jpg\" class=\"attachment-2048x2048 size-2048x2048 wp-post-image\" alt=\"\" srcset=\"https:\/\/www.alevcamcioglu.com\/wp-content\/uploads\/2024\/11\/Burun-Estetiginde-Kikirdak-Greft-Nedir.jpg 1140w, https:\/\/www.alevcamcioglu.com\/wp-content\/uploads\/2024\/11\/Burun-Estetiginde-Kikirdak-Greft-Nedir-800x351.jpg 800w, https:\/\/www.alevcamcioglu.com\/wp-content\/uploads\/2024\/11\/Burun-Estetiginde-Kikirdak-Greft-Nedir-768x337.jpg 768w\" sizes=\"(max-width: 1140px) 100vw, 1140px\" title=\"\">\t\t\t\t\t\t\t<\/a>\n  \t\t\t\t\t\t\t  \t\t\t\t\t\t\t  \t\t\t\t\t\t<\/div>\n  \t\t\t\t\t\t  \t\t\t\t\t<\/div>\n          \t\t\t\t\t<div class=\"box-text text-center\" >\n\t\t\t\t\t<div class=\"box-text-inner blog-post-inner\">\n\n\t\t\t\t\t\n\t\t\t\t\t\t\t\t\t\t<h5 class=\"post-title is-large \">\n\t\t\t\t\t\t<a href=\"https:\/\/www.alevcamcioglu.com\/de\/was-ist-ein-knorpeltransplantat-bei-einer-nasen-op\/\" class=\"plain\">Was ist ein Knorpeltransplantat bei einer Nasen-OP?<\/a>\n\t\t\t\t\t<\/h5>\n\t\t\t\t\t\t\t\t\t\t<div class=\"is-divider\"><\/div>\n\t\t\t\t\t                    \n\t\t\t\t\t\t\t\t\t\t\t<a href=\"https:\/\/www.alevcamcioglu.com\/de\/was-ist-ein-knorpeltransplantat-bei-einer-nasen-op\/\" class=\"button primary is-outline is-small mb-0\">\n\t\t\t\t\t\t\tWeiterlesen\t\t\t\t\t\t<\/a>\n\t\t\t\t\t\n\t\t\t\t\t\n\t\t\t\t\t<\/div>\n\t\t\t\t\t<\/div>\n\t\t\t\t\t\t\t\t\t\t\t\t\t\t\t\t<div class=\"badge absolute top post-date badge-circle\">\n\t\t\t\t\t\t\t<div class=\"badge-inner\">\n\t\t\t\t\t\t\t\t<span class=\"post-date-day\">22<\/span><br>\n\t\t\t\t\t\t\t\t<span class=\"post-date-month is-xsmall\">Nov.<\/span>\n\t\t\t\t\t\t\t<\/div>\n\t\t\t\t\t\t<\/div>\n\t\t\t\t\t\t\t\t\t<\/div>\n\t\t\t<\/div>\n\t\t<\/div><div class=\"col post-item\" >\n\t\t\t<div class=\"col-inner\">\n\t\t\t\t<div class=\"box box-push box-text-bottom box-blog-post has-hover\">\n            \t\t\t\t\t<div class=\"box-image\" >\n  \t\t\t\t\t\t<div class=\"image-cover\" style=\"padding-top:100%;\">\n\t\t\t\t\t\t\t<a href=\"https:\/\/www.alevcamcioglu.com\/de\/nasolabialwinkel-und-columellolabialer-winkel\/\" class=\"plain\" aria-label=\"Nasolabialwinkel und columellolabialer Winkel\">\n\t\t\t\t\t\t\t\t<img decoding=\"async\" width=\"1140\" height=\"500\" src=\"https:\/\/www.alevcamcioglu.com\/wp-content\/uploads\/2024\/11\/Nasolabial-Aci-ve-Kolumellalobuler-Aci.jpg\" class=\"attachment-2048x2048 size-2048x2048 wp-post-image\" alt=\"\" srcset=\"https:\/\/www.alevcamcioglu.com\/wp-content\/uploads\/2024\/11\/Nasolabial-Aci-ve-Kolumellalobuler-Aci.jpg 1140w, https:\/\/www.alevcamcioglu.com\/wp-content\/uploads\/2024\/11\/Nasolabial-Aci-ve-Kolumellalobuler-Aci-800x351.jpg 800w, https:\/\/www.alevcamcioglu.com\/wp-content\/uploads\/2024\/11\/Nasolabial-Aci-ve-Kolumellalobuler-Aci-768x337.jpg 768w\" sizes=\"(max-width: 1140px) 100vw, 1140px\" title=\"\">\t\t\t\t\t\t\t<\/a>\n  \t\t\t\t\t\t\t  \t\t\t\t\t\t\t  \t\t\t\t\t\t<\/div>\n  \t\t\t\t\t\t  \t\t\t\t\t<\/div>\n          \t\t\t\t\t<div class=\"box-text text-center\" >\n\t\t\t\t\t<div class=\"box-text-inner blog-post-inner\">\n\n\t\t\t\t\t\n\t\t\t\t\t\t\t\t\t\t<h5 class=\"post-title is-large \">\n\t\t\t\t\t\t<a href=\"https:\/\/www.alevcamcioglu.com\/de\/nasolabialwinkel-und-columellolabialer-winkel\/\" class=\"plain\">Nasolabialwinkel und columellolabialer Winkel<\/a>\n\t\t\t\t\t<\/h5>\n\t\t\t\t\t\t\t\t\t\t<div class=\"is-divider\"><\/div>\n\t\t\t\t\t                    \n\t\t\t\t\t\t\t\t\t\t\t<a href=\"https:\/\/www.alevcamcioglu.com\/de\/nasolabialwinkel-und-columellolabialer-winkel\/\" class=\"button primary is-outline is-small mb-0\">\n\t\t\t\t\t\t\tWeiterlesen\t\t\t\t\t\t<\/a>\n\t\t\t\t\t\n\t\t\t\t\t\n\t\t\t\t\t<\/div>\n\t\t\t\t\t<\/div>\n\t\t\t\t\t\t\t\t\t\t\t\t\t\t\t\t<div class=\"badge absolute top post-date badge-circle\">\n\t\t\t\t\t\t\t<div class=\"badge-inner\">\n\t\t\t\t\t\t\t\t<span class=\"post-date-day\">22<\/span><br>\n\t\t\t\t\t\t\t\t<span class=\"post-date-month is-xsmall\">Nov.<\/span>\n\t\t\t\t\t\t\t<\/div>\n\t\t\t\t\t\t<\/div>\n\t\t\t\t\t\t\t\t\t<\/div>\n\t\t\t<\/div>\n\t\t<\/div><\/div>\n\t\t<\/div>\n\t\t\t\t\t<\/div>\n\n\t\n<\/div>\n\t\t<\/div>\n\n\t\t\n<style>\n#section_1523851612 {\n  padding-top: 30px;\n  padding-bottom: 30px;\n}\n<\/style>\n\t<\/section>\n\t\n","protected":false},"excerpt":{"rendered":"","protected":false},"author":990002,"featured_media":7799,"parent":1437,"menu_order":0,"comment_status":"closed","ping_status":"closed","template":"page-blank.php","meta":{"footnotes":""},"class_list":["post-8557","page","type-page","status-publish","has-post-thumbnail","hentry"],"_links":{"self":[{"href":"https:\/\/www.alevcamcioglu.com\/de\/wp-json\/wp\/v2\/pages\/8557","targetHints":{"allow":["GET"]}}],"collection":[{"href":"https:\/\/www.alevcamcioglu.com\/de\/wp-json\/wp\/v2\/pages"}],"about":[{"href":"https:\/\/www.alevcamcioglu.com\/de\/wp-json\/wp\/v2\/types\/page"}],"author":[{"embeddable":true,"href":"https:\/\/www.alevcamcioglu.com\/de\/wp-json\/wp\/v2\/users\/990002"}],"replies":[{"embeddable":true,"href":"https:\/\/www.alevcamcioglu.com\/de\/wp-json\/wp\/v2\/comments?post=8557"}],"version-history":[{"count":2,"href":"https:\/\/www.alevcamcioglu.com\/de\/wp-json\/wp\/v2\/pages\/8557\/revisions"}],"predecessor-version":[{"id":11687,"href":"https:\/\/www.alevcamcioglu.com\/de\/wp-json\/wp\/v2\/pages\/8557\/revisions\/11687"}],"up":[{"embeddable":true,"href":"https:\/\/www.alevcamcioglu.com\/de\/wp-json\/wp\/v2\/pages\/1437"}],"wp:featuredmedia":[{"embeddable":true,"href":"https:\/\/www.alevcamcioglu.com\/de\/wp-json\/wp\/v2\/media\/7799"}],"wp:attachment":[{"href":"https:\/\/www.alevcamcioglu.com\/de\/wp-json\/wp\/v2\/media?parent=8557"}],"curies":[{"name":"wp","href":"https:\/\/api.w.org\/{rel}","templated":true}]}}