{"id":2571,"date":"2024-06-14T18:54:03","date_gmt":"2024-06-14T15:54:03","guid":{"rendered":"https:\/\/great-greider.212-227-6-40.plesk.page\/?page_id=2571"},"modified":"2026-03-23T11:06:23","modified_gmt":"2026-03-23T08:06:23","slug":"hoeckernasenaesthetik","status":"publish","type":"page","link":"https:\/\/www.alevcamcioglu.com\/de\/nasen-op\/hoeckernasenaesthetik\/","title":{"rendered":"H\u00f6ckernase OP"},"content":{"rendered":"\n\t<section class=\"section\" id=\"section_2051873383\">\n\t\t<div class=\"section-bg fill\" >\n\t\t\t<img decoding=\"async\" width=\"1600\" height=\"900\" src=\"https:\/\/www.alevcamcioglu.com\/wp-content\/uploads\/2024\/10\/Kemerli-Burun-Estetigi.jpg\" class=\"bg attachment-2048x2048 size-2048x2048\" alt=\"\" title=\"\">\t\t\t\t\t\t\n\t\t\t\n\n\t\t<\/div>\n\n\t\t\n\n\t\t<div class=\"section-content relative\">\n\t\t\t\n\t\t<\/div>\n\n\t\t\n<style>\n#section_2051873383 {\n  padding-top: 150px;\n  padding-bottom: 150px;\n}\n#section_2051873383 .section-bg img {\n  object-position: 50% 42%;\n}\n@media (min-width:550px) {\n  #section_2051873383 {\n    padding-top: 250px;\n    padding-bottom: 250px;\n  }\n}\n<\/style>\n\t<\/section>\n\t\n\n\t<section class=\"section\" id=\"section_2101654752\">\n\t\t<div class=\"section-bg fill\" >\n\t\t\t\t\t\t\t\t\t\n\t\t\t\n\n\t\t<\/div>\n\n\t\t\n\n\t\t<div class=\"section-content relative\">\n\t\t\t\n<div class=\"row\"  id=\"row-2009971914\">\n\n\t<div id=\"col-1969571210\" class=\"col show-for-small small-12 large-12\"  >\n\t\t\t\t<div class=\"col-inner text-center\"  >\n\t\t\t\n\t<div class=\"is-border\"\n\t\tstyle=\"border-color:rgb(75, 85, 173);border-radius:20px;border-width:1px 1px 1px 1px;\">\n\t<\/div>\n\t\t\t\n  <div id=\"page-header-1833562455\" class=\"page-header-wrapper\">\n  <div class=\"page-title light simple-title\">\n\n    \n    <div class=\"page-title-inner container align-center text-center flex-row-col medium-flex-wrap\" >\n              <div class=\"title-wrapper flex-col\">\n          <h1 class=\"entry-title mb-0\">\n            H\u00f6ckernase OP in der T\u00fcrkei          <\/h1>\n        <\/div>\n                    <div class=\"title-content flex-col\">\n        <div class=\"title-breadcrumbs pb-half pt-half\"><\/div>      <\/div>\n    <\/div>\n\n       <\/div>\n    <\/div>\n  \n\t\t<\/div>\n\t\t\t\t\t<\/div>\n\n\t\n<\/div>\n<div class=\"row\"  id=\"row-1424642663\">\n\n\t<div id=\"col-671703710\" class=\"col medium-6 small-12 large-6\"  >\n\t\t\t\t<div class=\"col-inner\"  >\n\t\t\t\n\t\t\t\n  <div id=\"page-header-1641878389\" class=\"page-header-wrapper\">\n  <div class=\"page-title hide-for-small light simple-title\">\n\n    \n    <div class=\"page-title-inner container align-center flex-row medium-flex-wrap\" >\n              <div class=\"title-wrapper flex-col text-left medium-text-center\">\n          <h1 class=\"entry-title mb-0\">\n            H\u00f6ckernase OP in der T\u00fcrkei          <\/h1>\n        <\/div>\n                    <div class=\"title-content flex-col flex-right text-right medium-text-center\">\n        <div class=\"title-breadcrumbs pb-half pt-half\"><\/div>      <\/div>\n    <\/div>\n\n       <\/div>\n    <\/div>\n  \n\t<div id=\"gap-1801945672\" class=\"gap-element clearfix hide-for-small\" style=\"display:block; height:auto;\">\n\t\t\n<style>\n#gap-1801945672 {\n  padding-top: 30px;\n}\n<\/style>\n\t<\/div>\n\t\n<p><span style=\"font-weight: 400;\">Die H\u00f6ckernase OP in der T\u00fcrkei ist ein chirurgischer Eingriff der \u00e4sthetischen Nasenchirurgie, bei dem ein Nasenh\u00f6cker pr\u00e4zise entfernt und die Nasenkontur harmonisch modelliert wird. Ziel der Operation ist eine funktionell stabile und \u00e4sthetisch ausgewogene Nasenform, die proportional zum Gesicht des Patienten passt.<\/span><\/p>\n<p><span style=\"font-weight: 400;\">H\u00f6ckernase Operation T\u00fcrkei Kosten und Behandlung umfassen in der Regel pr\u00e4operative Analysen, digitale Nasenplanung und einen operativen Eingriff unter Vollnarkose. W\u00e4hrend der Rhinoplastik wird der kn\u00f6cherne oder knorpelige H\u00f6cker reduziert und die Nasenstruktur neu geformt, um eine gerade und anatomisch ausgewogene Nasenlinie zu erzielen.<\/span><\/p>\n<p><span style=\"font-weight: 400;\">H\u00f6ckernase Korrektur T\u00fcrkei Methode basiert auf modernen rhinoplastischen Techniken wie der offenen oder geschlossenen Nasenoperation. Der Chirurg entfernt \u00fcbersch\u00fcssiges Knochen- oder Knorpelgewebe und stabilisiert anschlie\u00dfend die Nasenstruktur. Dadurch wird eine nat\u00fcrliche Nasenform erreicht, ohne die Atemfunktion zu beeintr\u00e4chtigen.<\/span><\/p>\n<p><span style=\"font-weight: 400;\">Rhinoplastik bei H\u00f6ckernase in der T\u00fcrkei Nachsorge umfasst eine kontrollierte Heilungsphase mit Schienung der Nase und regelm\u00e4\u00dfigen \u00e4rztlichen Kontrollen. Schwellungen und leichte Bluterg\u00fcsse sind in den ersten Tagen normal, w\u00e4hrend das endg\u00fcltige \u00e4sthetische Ergebnis sich im Verlauf mehrerer Monate vollst\u00e4ndig entwickelt.<\/span><\/p>\n\t\t<\/div>\n\t\t\t\t\t<\/div>\n\n\t\n\n\t<div id=\"col-1024868621\" class=\"col medium-6 small-12 large-6\"  >\n\t\t\t\t<div class=\"col-inner\"  >\n\t\t\t\n\t\t\t\n\t<div class=\"img has-hover x md-x lg-x y md-y lg-y\" id=\"image_878411246\">\n\t\t\t\t\t\t\t\t<div class=\"img-inner image-cover dark\" style=\"padding-top:75%;\">\n\t\t\t<img decoding=\"async\" width=\"1135\" height=\"1125\" src=\"https:\/\/www.alevcamcioglu.com\/wp-content\/uploads\/2024\/02\/galeri15.jpg\" class=\"attachment-2048x2048 size-2048x2048\" alt=\"Kemerli Burun Esteti\u011fi\" srcset=\"https:\/\/www.alevcamcioglu.com\/wp-content\/uploads\/2024\/02\/galeri15.jpg 1135w, https:\/\/www.alevcamcioglu.com\/wp-content\/uploads\/2024\/02\/galeri15-300x297.jpg 300w, https:\/\/www.alevcamcioglu.com\/wp-content\/uploads\/2024\/02\/galeri15-1024x1015.jpg 1024w, https:\/\/www.alevcamcioglu.com\/wp-content\/uploads\/2024\/02\/galeri15-150x150.jpg 150w, https:\/\/www.alevcamcioglu.com\/wp-content\/uploads\/2024\/02\/galeri15-768x761.jpg 768w, https:\/\/www.alevcamcioglu.com\/wp-content\/uploads\/2024\/02\/galeri15-370x367.jpg 370w, https:\/\/www.alevcamcioglu.com\/wp-content\/uploads\/2024\/02\/galeri15-760x753.jpg 760w\" sizes=\"(max-width: 1135px) 100vw, 1135px\" title=\"\">\t\t\t\t\t\t\n\t\t\t\t\t<\/div>\n\t\t\t\t\t\t\t\t\n<style>\n#image_878411246 {\n  width: 100%;\n}\n<\/style>\n\t<\/div>\n\t\n\t\t<\/div>\n\t\t\t\t\t<\/div>\n\n\t\n\n\t<div id=\"col-366632537\" class=\"col small-12 large-12\"  >\n\t\t\t\t<div class=\"col-inner\"  >\n\t\t\t\n\t\t\t\n<h2>Was sind die Symptome eines Dorsalen H\u00f6ckers?<\/h2>\n<p><img decoding=\"async\" class=\"alignnone size-full wp-image-10895\" src=\"https:\/\/www.alevcamcioglu.com\/wp-content\/uploads\/2025\/09\/Dr.-Alev-Camcioglu-wahrend-einer-Hockernase-OP-in-der-Turkei.jpeg\" alt=\"\" width=\"952\" height=\"1280\" title=\"\" srcset=\"https:\/\/www.alevcamcioglu.com\/wp-content\/uploads\/2025\/09\/Dr.-Alev-Camcioglu-wahrend-einer-Hockernase-OP-in-der-Turkei.jpeg 952w, https:\/\/www.alevcamcioglu.com\/wp-content\/uploads\/2025\/09\/Dr.-Alev-Camcioglu-wahrend-einer-Hockernase-OP-in-der-Turkei-298x400.jpeg 298w, https:\/\/www.alevcamcioglu.com\/wp-content\/uploads\/2025\/09\/Dr.-Alev-Camcioglu-wahrend-einer-Hockernase-OP-in-der-Turkei-595x800.jpeg 595w, https:\/\/www.alevcamcioglu.com\/wp-content\/uploads\/2025\/09\/Dr.-Alev-Camcioglu-wahrend-einer-Hockernase-OP-in-der-Turkei-768x1033.jpeg 768w\" sizes=\"(max-width: 952px) 100vw, 952px\" \/><\/p>\n<p>Ein dorsaler H\u00f6cker zeigt sich durch verschiedene Symptome. Diese Bedingung wird als eine anormale Schwellung der Nasenstruktur definiert. Die Schwellung befindet sich normalerweise auf dem Nasenr\u00fccken und kann \u00e4sthetische Bedenken verursachen. Au\u00dferdem kann sie mit den folgenden Symptomen in und um die Nase erkannt werden:<\/p>\n<ul>\n<li aria-level=\"1\">Schwellungen oder Pickel auf der Nase<\/li>\n<li aria-level=\"1\">Schmerzen in der Nasen\u00f6ffnung<\/li>\n<li aria-level=\"1\">R\u00f6tung in oder um die Nase<\/li>\n<li aria-level=\"1\">Empfindlichkeit in oder um die Nase<\/li>\n<li aria-level=\"1\">Fremdk\u00f6rpergef\u00fchl<\/li>\n<\/ul>\n<p>Einige dieser Symptome k\u00f6nnen durch die Reizung der Haare, die das Innere der Nase auskleiden, oder durch Verstopfung entstehen. Eine Verstopfung kann zur Ansammlung von Mikroorganismen in der Nase und zur Erh\u00f6hung des Infektionsrisikos f\u00fchren. Eine infizierte Nase schwillt an, wird rot und empfindlich bei Ber\u00fchrung. Diese Infektionen tragen manchmal zur Bildung eines dorsalen H\u00f6ckers bei. In schweren F\u00e4llen k\u00f6nnen auch Pickel in den Nasenl\u00f6chern zu einer Schwellung f\u00fchren. Diese Symptome weisen auf das Vorhandensein eines dorsalen H\u00f6ckers und m\u00f6gliche zugrunde liegende Probleme hin. Besonders bei der \u00dcberlegung \u00e4sthetischer Korrekturen ist es wichtig, sich dieser Symptome bewusst zu sein. Auf diese Weise k\u00f6nnen die Betroffenen geeignete Behandlungsmethoden recherchieren und L\u00f6sungen f\u00fcr ihre Probleme suchen.<\/p>\n\t\t<\/div>\n\t\t\t\t\t<\/div>\n\n\t\n<\/div>\n\t\t<\/div>\n\n\t\t\n<style>\n#section_2101654752 {\n  padding-top: 30px;\n  padding-bottom: 30px;\n}\n<\/style>\n\t<\/section>\n\t\n\n\t<section class=\"section\" id=\"section_1455948193\">\n\t\t<div class=\"section-bg fill\" >\n\t\t\t\t\t\t\t\t\t\n\t\t\t\n\n\t\t<\/div>\n\n\t\t\n\n\t\t<div class=\"section-content relative\">\n\t\t\t\n\n<div class=\"row\"  id=\"row-1630994143\">\n\n\n\t<div id=\"col-1977784603\" class=\"col small-12 large-12\"  >\n\t\t\t\t<div class=\"col-inner box-shadow-2\"  >\n\t\t\t\n\t<div class=\"is-border\"\n\t\tstyle=\"border-color:rgb(0, 0, 76);border-radius:15px;border-width:2px 2px 2px 2px;\">\n\t<\/div>\n\t\t\t\n\n<div class=\"row row-full-width align-center\"  id=\"row-1636613548\">\n\n\n\t<div id=\"col-639515903\" class=\"col small-12 large-12\"  >\n\t\t\t\t<div class=\"col-inner\"  >\n\t\t\t\n\t\t\t\n\n\t<div id=\"text-1562099253\" class=\"text\">\n\t\t\n\n<h2 data-pm-slice=\"1 1 &#091;&#093;\"><span style=\"font-size: 75%;\">6 Gr\u00fcnde f\u00fcr eine  in Istanbul<\/span><\/h2>\n\t\t\n<style>\n#text-1562099253 {\n  font-size: 2rem;\n  text-align: center;\n  color: #000065;\n}\n#text-1562099253 > * {\n  color: #000065;\n}\n@media (min-width:550px) {\n  #text-1562099253 {\n    font-size: 1.2rem;\n  }\n}\n<\/style>\n\t<\/div>\n\t\n\n\t\t<\/div>\n\t\t\t\t\t<\/div>\n\n\t\n\n\t<div id=\"col-2114817420\" class=\"col medium-2 small-6 large-2\"  >\n\t\t\t\t<div class=\"col-inner\"  >\n\t\t\t\n\t\t\t\n\n\t<div class=\"box has-hover   has-hover box-text-bottom\" >\n\n\t\t<div class=\"box-image\" style=\"width:60%;\">\n\t\t\t\t\t\t<div class=\"image-cover\" style=\"padding-top:100%;\">\n\t\t\t\t<img decoding=\"async\" width=\"200\" height=\"200\" src=\"https:\/\/www.alevcamcioglu.com\/wp-content\/uploads\/2025\/04\/Proven-Results.png\" class=\"attachment-2048x2048 size-2048x2048\" alt=\"\" title=\"\">\t\t\t\t\t\t\t\t\t\t\t<\/div>\n\t\t\t\t\t<\/div>\n\n\t\t<div class=\"box-text text-center\" >\n\t\t\t<div class=\"box-text-inner\">\n\t\t\t\t\n\n\t<div id=\"text-389043762\" class=\"text\">\n\t\t\n\n<p>Bew\u00e4hrte Ergebnisse<\/p>\n\n\t\t\n<style>\n#text-389043762 {\n  font-size: 1rem;\n  color: #404040;\n}\n#text-389043762 > * {\n  color: #404040;\n}\n<\/style>\n\t<\/div>\n\t\n\n\t\t\t<\/div>\n\t\t<\/div>\n\t<\/div>\n\t\n\n\t\t<\/div>\n\t\t\t\t\t<\/div>\n\n\t\n\n\t<div id=\"col-237365503\" class=\"col medium-2 small-6 large-2\"  >\n\t\t\t\t<div class=\"col-inner\"  >\n\t\t\t\n\t\t\t\n\n\t<div class=\"box has-hover   has-hover box-text-bottom\" >\n\n\t\t<div class=\"box-image\" style=\"width:60%;\">\n\t\t\t\t\t\t<div class=\"image-cover\" style=\"padding-top:100%;\">\n\t\t\t\t<img decoding=\"async\" width=\"200\" height=\"200\" src=\"https:\/\/www.alevcamcioglu.com\/wp-content\/uploads\/2025\/04\/5-Star-Reviews.png\" class=\"attachment-2048x2048 size-2048x2048\" alt=\"\" title=\"\">\t\t\t\t\t\t\t\t\t\t\t<\/div>\n\t\t\t\t\t<\/div>\n\n\t\t<div class=\"box-text text-center\" >\n\t\t\t<div class=\"box-text-inner\">\n\t\t\t\t\n\n\t<div id=\"text-2388166987\" class=\"text\">\n\t\t\n\n<p>5-Sterne-Bewertungen<\/p>\n\n\t\t\n<style>\n#text-2388166987 {\n  font-size: 1rem;\n  color: #404040;\n}\n#text-2388166987 > * {\n  color: #404040;\n}\n<\/style>\n\t<\/div>\n\t\n\n\t\t\t<\/div>\n\t\t<\/div>\n\t<\/div>\n\t\n\n\t\t<\/div>\n\t\t\t\t\t<\/div>\n\n\t\n\n\t<div id=\"col-1006520879\" class=\"col medium-2 small-6 large-2\"  >\n\t\t\t\t<div class=\"col-inner\"  >\n\t\t\t\n\t\t\t\n\n\t<div class=\"box has-hover   has-hover box-text-bottom\" >\n\n\t\t<div class=\"box-image\" style=\"width:60%;\">\n\t\t\t\t\t\t<div class=\"image-cover\" style=\"padding-top:100%;\">\n\t\t\t\t<img decoding=\"async\" width=\"200\" height=\"200\" src=\"https:\/\/www.alevcamcioglu.com\/wp-content\/uploads\/2025\/04\/All-Inclusive-Packages.png\" class=\"attachment-2048x2048 size-2048x2048\" alt=\"\" title=\"\">\t\t\t\t\t\t\t\t\t\t\t<\/div>\n\t\t\t\t\t<\/div>\n\n\t\t<div class=\"box-text text-center\" >\n\t\t\t<div class=\"box-text-inner\">\n\t\t\t\t\n\n\t<div id=\"text-179814095\" class=\"text\">\n\t\t\n\n<p>All-Inclusive-Pakete<\/p>\n\n\t\t\n<style>\n#text-179814095 {\n  font-size: 1rem;\n  color: #404040;\n}\n#text-179814095 > * {\n  color: #404040;\n}\n<\/style>\n\t<\/div>\n\t\n\n\t\t\t<\/div>\n\t\t<\/div>\n\t<\/div>\n\t\n\n\t\t<\/div>\n\t\t\t\t\t<\/div>\n\n\t\n\n\t<div id=\"col-1843336177\" class=\"col medium-2 small-6 large-2\"  >\n\t\t\t\t<div class=\"col-inner\"  >\n\t\t\t\n\t\t\t\n\n\t<div class=\"box has-hover   has-hover box-text-bottom\" >\n\n\t\t<div class=\"box-image\" style=\"width:60%;\">\n\t\t\t\t\t\t<div class=\"image-cover\" style=\"padding-top:100%;\">\n\t\t\t\t<img decoding=\"async\" width=\"200\" height=\"200\" src=\"https:\/\/www.alevcamcioglu.com\/wp-content\/uploads\/2025\/04\/Luxury-Hotels.png\" class=\"attachment-2048x2048 size-2048x2048\" alt=\"\" title=\"\">\t\t\t\t\t\t\t\t\t\t\t<\/div>\n\t\t\t\t\t<\/div>\n\n\t\t<div class=\"box-text text-center\" >\n\t\t\t<div class=\"box-text-inner\">\n\t\t\t\t\n\n\t<div id=\"text-3622003765\" class=\"text\">\n\t\t\n\n<p>Luxushotels<\/p>\n\n\t\t\n<style>\n#text-3622003765 {\n  font-size: 1rem;\n  color: #404040;\n}\n#text-3622003765 > * {\n  color: #404040;\n}\n<\/style>\n\t<\/div>\n\t\n\n\t\t\t<\/div>\n\t\t<\/div>\n\t<\/div>\n\t\n\n\t\t<\/div>\n\t\t\t\t\t<\/div>\n\n\t\n\n\t<div id=\"col-767142399\" class=\"col medium-2 small-6 large-2\"  >\n\t\t\t\t<div class=\"col-inner\"  >\n\t\t\t\n\t\t\t\n\n\t<div class=\"box has-hover   has-hover box-text-bottom\" >\n\n\t\t<div class=\"box-image\" style=\"width:60%;\">\n\t\t\t\t\t\t<div class=\"image-cover\" style=\"padding-top:100%;\">\n\t\t\t\t<img decoding=\"async\" width=\"200\" height=\"200\" src=\"https:\/\/www.alevcamcioglu.com\/wp-content\/uploads\/2025\/04\/Accredited-Hospitals.png\" class=\"attachment-2048x2048 size-2048x2048\" alt=\"\" title=\"\">\t\t\t\t\t\t\t\t\t\t\t<\/div>\n\t\t\t\t\t<\/div>\n\n\t\t<div class=\"box-text text-center\" >\n\t\t\t<div class=\"box-text-inner\">\n\t\t\t\t\n\n\t<div id=\"text-368349280\" class=\"text\">\n\t\t\n\n<p>Akkreditierte Krankenh\u00e4user<\/p>\n\n\t\t\n<style>\n#text-368349280 {\n  font-size: 1rem;\n  color: #404040;\n}\n#text-368349280 > * {\n  color: #404040;\n}\n<\/style>\n\t<\/div>\n\t\n\n\t\t\t<\/div>\n\t\t<\/div>\n\t<\/div>\n\t\n\n\t\t<\/div>\n\t\t\t\t\t<\/div>\n\n\t\n\n\t<div id=\"col-890104125\" class=\"col medium-2 small-6 large-2\"  >\n\t\t\t\t<div class=\"col-inner\"  >\n\t\t\t\n\t\t\t\n\n\t<div class=\"box has-hover   has-hover box-text-bottom\" >\n\n\t\t<div class=\"box-image\" style=\"width:60%;\">\n\t\t\t\t\t\t<div class=\"image-cover\" style=\"padding-top:100%;\">\n\t\t\t\t<img decoding=\"async\" width=\"200\" height=\"200\" src=\"https:\/\/www.alevcamcioglu.com\/wp-content\/uploads\/2025\/04\/Waiting.png\" class=\"attachment-2048x2048 size-2048x2048\" alt=\"\" title=\"\">\t\t\t\t\t\t\t\t\t\t\t<\/div>\n\t\t\t\t\t<\/div>\n\n\t\t<div class=\"box-text text-center\" >\n\t\t\t<div class=\"box-text-inner\">\n\t\t\t\t\n\n\t<div id=\"text-1803626449\" class=\"text\">\n\t\t\n\n<p>Postoperative Betreuung<\/p>\n\n\t\t\n<style>\n#text-1803626449 {\n  font-size: 1rem;\n  color: #404040;\n}\n#text-1803626449 > * {\n  color: #404040;\n}\n<\/style>\n\t<\/div>\n\t\n\n\t\t\t<\/div>\n\t\t<\/div>\n\t<\/div>\n\t\n\n\t\t<\/div>\n\t\t\t\t\t<\/div>\n\n\t\n\n<\/div>\n\n\t\t<\/div>\n\t\t\t\t\n<style>\n#col-1977784603 > .col-inner {\n  padding: 30px 0px 0px 30px;\n  border-radius: 15px;\n}\n<\/style>\n\t<\/div>\n\n\t\n\n<\/div>\n\n\t\t<\/div>\n\n\t\t\n<style>\n#section_1455948193 {\n  padding-top: 30px;\n  padding-bottom: 30px;\n}\n<\/style>\n\t<\/section>\n\t\r\n\r\n\n\t<section class=\"section\" id=\"section_807050592\">\n\t\t<div class=\"section-bg fill\" >\n\t\t\t\t\t\t\t\t\t\n\t\t\t\n\n\t\t<\/div>\n\n\t\t\n\n\t\t<div class=\"section-content relative\">\n\t\t\t\r\n\r\n<div class=\"row\"  id=\"row-1902034596\">\r\n\r\n\n\t<div id=\"col-583154149\" class=\"col small-12 large-12\"  >\n\t\t\t\t<div class=\"col-inner text-center\"  >\n\t\t\t\n\t\t\t\r\n\r\n\t<div id=\"text-1346339658\" class=\"text\">\n\t\t\r\n<h2>\u00a0Vorher-Nachher-Fotos in der T\u00fcrkei<\/h2>\r\n\t\t\n<style>\n#text-1346339658 {\n  font-size: 1.25rem;\n  text-align: center;\n  color: rgb(243, 58, 58);\n}\n#text-1346339658 > * {\n  color: rgb(243, 58, 58);\n}\n<\/style>\n\t<\/div>\n\t\r\n\n  \n    <div class=\"row large-columns-4 medium-columns-3 small-columns-2 slider row-slider slider-nav-circle slider-nav-outside slider-nav-push\"  data-flickity-options='{&quot;imagesLoaded&quot;: true, &quot;groupCells&quot;: &quot;100%&quot;, &quot;dragThreshold&quot; : 5, &quot;cellAlign&quot;: &quot;left&quot;,&quot;wrapAround&quot;: true,&quot;prevNextButtons&quot;: true,&quot;percentPosition&quot;: true,&quot;pageDots&quot;: false, &quot;rightToLeft&quot;: false, &quot;autoPlay&quot; : false}' >\n\n  <div class=\"gallery-col col\" >\n          <div class=\"col-inner\">\n            <a class=\"image-lightbox lightbox-gallery\" href=\"https:\/\/www.alevcamcioglu.com\/wp-content\/uploads\/2024\/11\/Nasenkorrektur-Vorher-Nachher-Foto-in-der-Turkei-1.jpg\" title=\"\">            <div class=\"box has-hover gallery-box box-normal\">\n              <div class=\"box-image\" >\n                <img decoding=\"async\" width=\"320\" height=\"400\" src=\"https:\/\/www.alevcamcioglu.com\/wp-content\/uploads\/2024\/11\/Nasenkorrektur-Vorher-Nachher-Foto-in-der-Turkei-1-320x400.jpg\" class=\"attachment-medium size-medium\" alt=\"\" ids=\"8946,8952,8958,8964,8970,8976,8982,8988,8994,9000,9006,9012,9018,9024,9030,9036,9042,9048,9054,9060,9066,9072,9078,9084,9090,9096,9102,9108,9114,9120,9126,9132,9138,9144,9150,9156,9162,9168,9174,9180,9186,9192,9198,9204\" style=\"normal\" lightbox_image_size=\"2048x2048\" type=\"slider\" slider_nav_style=\"circle\" slider_nav_position=\"outside\" srcset=\"https:\/\/www.alevcamcioglu.com\/wp-content\/uploads\/2024\/11\/Nasenkorrektur-Vorher-Nachher-Foto-in-der-Turkei-1-320x400.jpg 320w, https:\/\/www.alevcamcioglu.com\/wp-content\/uploads\/2024\/11\/Nasenkorrektur-Vorher-Nachher-Foto-in-der-Turkei-1-640x800.jpg 640w, https:\/\/www.alevcamcioglu.com\/wp-content\/uploads\/2024\/11\/Nasenkorrektur-Vorher-Nachher-Foto-in-der-Turkei-1-768x960.jpg 768w, https:\/\/www.alevcamcioglu.com\/wp-content\/uploads\/2024\/11\/Nasenkorrektur-Vorher-Nachher-Foto-in-der-Turkei-1.jpg 1200w\" sizes=\"(max-width: 320px) 100vw, 320px\" title=\"\">                                                              <\/div>\n              <div class=\"box-text text-left\" >\n                 <p><\/p>\n              <\/div>\n            <\/div>\n            <\/a>          <\/div>\n         <\/div><div class=\"gallery-col col\" >\n          <div class=\"col-inner\">\n            <a class=\"image-lightbox lightbox-gallery\" href=\"https:\/\/www.alevcamcioglu.com\/wp-content\/uploads\/2024\/11\/Nasenkorrektur-Vorher-Nachher-Foto-in-der-Turkei-2.jpg\" title=\"\">            <div class=\"box has-hover gallery-box box-normal\">\n              <div class=\"box-image\" >\n                <img decoding=\"async\" width=\"320\" height=\"400\" src=\"https:\/\/www.alevcamcioglu.com\/wp-content\/uploads\/2024\/11\/Nasenkorrektur-Vorher-Nachher-Foto-in-der-Turkei-2-320x400.jpg\" class=\"attachment-medium size-medium\" alt=\"\" ids=\"8946,8952,8958,8964,8970,8976,8982,8988,8994,9000,9006,9012,9018,9024,9030,9036,9042,9048,9054,9060,9066,9072,9078,9084,9090,9096,9102,9108,9114,9120,9126,9132,9138,9144,9150,9156,9162,9168,9174,9180,9186,9192,9198,9204\" style=\"normal\" lightbox_image_size=\"2048x2048\" type=\"slider\" slider_nav_style=\"circle\" slider_nav_position=\"outside\" srcset=\"https:\/\/www.alevcamcioglu.com\/wp-content\/uploads\/2024\/11\/Nasenkorrektur-Vorher-Nachher-Foto-in-der-Turkei-2-320x400.jpg 320w, https:\/\/www.alevcamcioglu.com\/wp-content\/uploads\/2024\/11\/Nasenkorrektur-Vorher-Nachher-Foto-in-der-Turkei-2-640x800.jpg 640w, https:\/\/www.alevcamcioglu.com\/wp-content\/uploads\/2024\/11\/Nasenkorrektur-Vorher-Nachher-Foto-in-der-Turkei-2-768x960.jpg 768w, https:\/\/www.alevcamcioglu.com\/wp-content\/uploads\/2024\/11\/Nasenkorrektur-Vorher-Nachher-Foto-in-der-Turkei-2.jpg 1200w\" sizes=\"(max-width: 320px) 100vw, 320px\" title=\"\">                                                              <\/div>\n              <div class=\"box-text text-left\" >\n                 <p><\/p>\n              <\/div>\n            <\/div>\n            <\/a>          <\/div>\n         <\/div><div class=\"gallery-col col\" >\n          <div class=\"col-inner\">\n            <a class=\"image-lightbox lightbox-gallery\" href=\"https:\/\/www.alevcamcioglu.com\/wp-content\/uploads\/2024\/11\/Nasenkorrektur-Vorher-Nachher-Foto-in-der-Turkei-3.jpg\" title=\"\">            <div class=\"box has-hover gallery-box box-normal\">\n              <div class=\"box-image\" >\n                <img decoding=\"async\" width=\"320\" height=\"400\" src=\"https:\/\/www.alevcamcioglu.com\/wp-content\/uploads\/2024\/11\/Nasenkorrektur-Vorher-Nachher-Foto-in-der-Turkei-3-320x400.jpg\" class=\"attachment-medium size-medium\" alt=\"\" ids=\"8946,8952,8958,8964,8970,8976,8982,8988,8994,9000,9006,9012,9018,9024,9030,9036,9042,9048,9054,9060,9066,9072,9078,9084,9090,9096,9102,9108,9114,9120,9126,9132,9138,9144,9150,9156,9162,9168,9174,9180,9186,9192,9198,9204\" style=\"normal\" lightbox_image_size=\"2048x2048\" type=\"slider\" slider_nav_style=\"circle\" slider_nav_position=\"outside\" srcset=\"https:\/\/www.alevcamcioglu.com\/wp-content\/uploads\/2024\/11\/Nasenkorrektur-Vorher-Nachher-Foto-in-der-Turkei-3-320x400.jpg 320w, https:\/\/www.alevcamcioglu.com\/wp-content\/uploads\/2024\/11\/Nasenkorrektur-Vorher-Nachher-Foto-in-der-Turkei-3-640x800.jpg 640w, https:\/\/www.alevcamcioglu.com\/wp-content\/uploads\/2024\/11\/Nasenkorrektur-Vorher-Nachher-Foto-in-der-Turkei-3-768x960.jpg 768w, https:\/\/www.alevcamcioglu.com\/wp-content\/uploads\/2024\/11\/Nasenkorrektur-Vorher-Nachher-Foto-in-der-Turkei-3.jpg 1200w\" sizes=\"(max-width: 320px) 100vw, 320px\" title=\"\">                                                              <\/div>\n              <div class=\"box-text text-left\" >\n                 <p><\/p>\n              <\/div>\n            <\/div>\n            <\/a>          <\/div>\n         <\/div><div class=\"gallery-col col\" >\n          <div class=\"col-inner\">\n            <a class=\"image-lightbox lightbox-gallery\" href=\"https:\/\/www.alevcamcioglu.com\/wp-content\/uploads\/2024\/11\/Nasenkorrektur-Vorher-Nachher-Foto-in-der-Turkei-4.jpg\" title=\"\">            <div class=\"box has-hover gallery-box box-normal\">\n              <div class=\"box-image\" >\n                <img decoding=\"async\" width=\"320\" height=\"400\" src=\"https:\/\/www.alevcamcioglu.com\/wp-content\/uploads\/2024\/11\/Nasenkorrektur-Vorher-Nachher-Foto-in-der-Turkei-4-320x400.jpg\" class=\"attachment-medium size-medium\" alt=\"\" ids=\"8946,8952,8958,8964,8970,8976,8982,8988,8994,9000,9006,9012,9018,9024,9030,9036,9042,9048,9054,9060,9066,9072,9078,9084,9090,9096,9102,9108,9114,9120,9126,9132,9138,9144,9150,9156,9162,9168,9174,9180,9186,9192,9198,9204\" style=\"normal\" lightbox_image_size=\"2048x2048\" type=\"slider\" slider_nav_style=\"circle\" slider_nav_position=\"outside\" srcset=\"https:\/\/www.alevcamcioglu.com\/wp-content\/uploads\/2024\/11\/Nasenkorrektur-Vorher-Nachher-Foto-in-der-Turkei-4-320x400.jpg 320w, https:\/\/www.alevcamcioglu.com\/wp-content\/uploads\/2024\/11\/Nasenkorrektur-Vorher-Nachher-Foto-in-der-Turkei-4-640x800.jpg 640w, https:\/\/www.alevcamcioglu.com\/wp-content\/uploads\/2024\/11\/Nasenkorrektur-Vorher-Nachher-Foto-in-der-Turkei-4-768x960.jpg 768w, https:\/\/www.alevcamcioglu.com\/wp-content\/uploads\/2024\/11\/Nasenkorrektur-Vorher-Nachher-Foto-in-der-Turkei-4.jpg 1200w\" sizes=\"(max-width: 320px) 100vw, 320px\" title=\"\">                                                              <\/div>\n              <div class=\"box-text text-left\" >\n                 <p><\/p>\n              <\/div>\n            <\/div>\n            <\/a>          <\/div>\n         <\/div><div class=\"gallery-col col\" >\n          <div class=\"col-inner\">\n            <a class=\"image-lightbox lightbox-gallery\" href=\"https:\/\/www.alevcamcioglu.com\/wp-content\/uploads\/2024\/11\/Nasenkorrektur-Vorher-Nachher-Foto-in-der-Turkei-5.jpg\" title=\"\">            <div class=\"box has-hover gallery-box box-normal\">\n              <div class=\"box-image\" >\n                <img decoding=\"async\" width=\"320\" height=\"400\" src=\"https:\/\/www.alevcamcioglu.com\/wp-content\/uploads\/2024\/11\/Nasenkorrektur-Vorher-Nachher-Foto-in-der-Turkei-5-320x400.jpg\" class=\"attachment-medium size-medium\" alt=\"\" ids=\"8946,8952,8958,8964,8970,8976,8982,8988,8994,9000,9006,9012,9018,9024,9030,9036,9042,9048,9054,9060,9066,9072,9078,9084,9090,9096,9102,9108,9114,9120,9126,9132,9138,9144,9150,9156,9162,9168,9174,9180,9186,9192,9198,9204\" style=\"normal\" lightbox_image_size=\"2048x2048\" type=\"slider\" slider_nav_style=\"circle\" slider_nav_position=\"outside\" srcset=\"https:\/\/www.alevcamcioglu.com\/wp-content\/uploads\/2024\/11\/Nasenkorrektur-Vorher-Nachher-Foto-in-der-Turkei-5-320x400.jpg 320w, https:\/\/www.alevcamcioglu.com\/wp-content\/uploads\/2024\/11\/Nasenkorrektur-Vorher-Nachher-Foto-in-der-Turkei-5-640x800.jpg 640w, https:\/\/www.alevcamcioglu.com\/wp-content\/uploads\/2024\/11\/Nasenkorrektur-Vorher-Nachher-Foto-in-der-Turkei-5-768x960.jpg 768w, https:\/\/www.alevcamcioglu.com\/wp-content\/uploads\/2024\/11\/Nasenkorrektur-Vorher-Nachher-Foto-in-der-Turkei-5.jpg 1200w\" sizes=\"(max-width: 320px) 100vw, 320px\" title=\"\">                                                              <\/div>\n              <div class=\"box-text text-left\" >\n                 <p><\/p>\n              <\/div>\n            <\/div>\n            <\/a>          <\/div>\n         <\/div><div class=\"gallery-col col\" >\n          <div class=\"col-inner\">\n            <a class=\"image-lightbox lightbox-gallery\" href=\"https:\/\/www.alevcamcioglu.com\/wp-content\/uploads\/2024\/11\/Nasenkorrektur-Vorher-Nachher-Foto-in-der-Turkei-6.jpg\" title=\"\">            <div class=\"box has-hover gallery-box box-normal\">\n              <div class=\"box-image\" >\n                <img decoding=\"async\" width=\"320\" height=\"400\" src=\"https:\/\/www.alevcamcioglu.com\/wp-content\/uploads\/2024\/11\/Nasenkorrektur-Vorher-Nachher-Foto-in-der-Turkei-6-320x400.jpg\" class=\"attachment-medium size-medium\" alt=\"\" ids=\"8946,8952,8958,8964,8970,8976,8982,8988,8994,9000,9006,9012,9018,9024,9030,9036,9042,9048,9054,9060,9066,9072,9078,9084,9090,9096,9102,9108,9114,9120,9126,9132,9138,9144,9150,9156,9162,9168,9174,9180,9186,9192,9198,9204\" style=\"normal\" lightbox_image_size=\"2048x2048\" type=\"slider\" slider_nav_style=\"circle\" slider_nav_position=\"outside\" srcset=\"https:\/\/www.alevcamcioglu.com\/wp-content\/uploads\/2024\/11\/Nasenkorrektur-Vorher-Nachher-Foto-in-der-Turkei-6-320x400.jpg 320w, https:\/\/www.alevcamcioglu.com\/wp-content\/uploads\/2024\/11\/Nasenkorrektur-Vorher-Nachher-Foto-in-der-Turkei-6-640x800.jpg 640w, https:\/\/www.alevcamcioglu.com\/wp-content\/uploads\/2024\/11\/Nasenkorrektur-Vorher-Nachher-Foto-in-der-Turkei-6-768x960.jpg 768w, https:\/\/www.alevcamcioglu.com\/wp-content\/uploads\/2024\/11\/Nasenkorrektur-Vorher-Nachher-Foto-in-der-Turkei-6.jpg 1200w\" sizes=\"(max-width: 320px) 100vw, 320px\" title=\"\">                                                              <\/div>\n              <div class=\"box-text text-left\" >\n                 <p><\/p>\n              <\/div>\n            <\/div>\n            <\/a>          <\/div>\n         <\/div><div class=\"gallery-col col\" >\n          <div class=\"col-inner\">\n            <a class=\"image-lightbox lightbox-gallery\" href=\"https:\/\/www.alevcamcioglu.com\/wp-content\/uploads\/2024\/11\/Nasenkorrektur-Vorher-Nachher-Foto-in-der-Turkei-7.jpg\" title=\"\">            <div class=\"box has-hover gallery-box box-normal\">\n              <div class=\"box-image\" >\n                <img decoding=\"async\" width=\"320\" height=\"400\" src=\"https:\/\/www.alevcamcioglu.com\/wp-content\/uploads\/2024\/11\/Nasenkorrektur-Vorher-Nachher-Foto-in-der-Turkei-7-320x400.jpg\" class=\"attachment-medium size-medium\" alt=\"\" ids=\"8946,8952,8958,8964,8970,8976,8982,8988,8994,9000,9006,9012,9018,9024,9030,9036,9042,9048,9054,9060,9066,9072,9078,9084,9090,9096,9102,9108,9114,9120,9126,9132,9138,9144,9150,9156,9162,9168,9174,9180,9186,9192,9198,9204\" style=\"normal\" lightbox_image_size=\"2048x2048\" type=\"slider\" slider_nav_style=\"circle\" slider_nav_position=\"outside\" srcset=\"https:\/\/www.alevcamcioglu.com\/wp-content\/uploads\/2024\/11\/Nasenkorrektur-Vorher-Nachher-Foto-in-der-Turkei-7-320x400.jpg 320w, https:\/\/www.alevcamcioglu.com\/wp-content\/uploads\/2024\/11\/Nasenkorrektur-Vorher-Nachher-Foto-in-der-Turkei-7-640x800.jpg 640w, https:\/\/www.alevcamcioglu.com\/wp-content\/uploads\/2024\/11\/Nasenkorrektur-Vorher-Nachher-Foto-in-der-Turkei-7-768x960.jpg 768w, https:\/\/www.alevcamcioglu.com\/wp-content\/uploads\/2024\/11\/Nasenkorrektur-Vorher-Nachher-Foto-in-der-Turkei-7.jpg 1200w\" sizes=\"(max-width: 320px) 100vw, 320px\" title=\"\">                                                              <\/div>\n              <div class=\"box-text text-left\" >\n                 <p><\/p>\n              <\/div>\n            <\/div>\n            <\/a>          <\/div>\n         <\/div><div class=\"gallery-col col\" >\n          <div class=\"col-inner\">\n            <a class=\"image-lightbox lightbox-gallery\" href=\"https:\/\/www.alevcamcioglu.com\/wp-content\/uploads\/2024\/11\/Nasenkorrektur-Vorher-Nachher-Foto-in-der-Turkei-8.jpg\" title=\"\">            <div class=\"box has-hover gallery-box box-normal\">\n              <div class=\"box-image\" >\n                <img decoding=\"async\" width=\"320\" height=\"400\" src=\"https:\/\/www.alevcamcioglu.com\/wp-content\/uploads\/2024\/11\/Nasenkorrektur-Vorher-Nachher-Foto-in-der-Turkei-8-320x400.jpg\" class=\"attachment-medium size-medium\" alt=\"\" ids=\"8946,8952,8958,8964,8970,8976,8982,8988,8994,9000,9006,9012,9018,9024,9030,9036,9042,9048,9054,9060,9066,9072,9078,9084,9090,9096,9102,9108,9114,9120,9126,9132,9138,9144,9150,9156,9162,9168,9174,9180,9186,9192,9198,9204\" style=\"normal\" lightbox_image_size=\"2048x2048\" type=\"slider\" slider_nav_style=\"circle\" slider_nav_position=\"outside\" srcset=\"https:\/\/www.alevcamcioglu.com\/wp-content\/uploads\/2024\/11\/Nasenkorrektur-Vorher-Nachher-Foto-in-der-Turkei-8-320x400.jpg 320w, https:\/\/www.alevcamcioglu.com\/wp-content\/uploads\/2024\/11\/Nasenkorrektur-Vorher-Nachher-Foto-in-der-Turkei-8-640x800.jpg 640w, https:\/\/www.alevcamcioglu.com\/wp-content\/uploads\/2024\/11\/Nasenkorrektur-Vorher-Nachher-Foto-in-der-Turkei-8-768x960.jpg 768w, https:\/\/www.alevcamcioglu.com\/wp-content\/uploads\/2024\/11\/Nasenkorrektur-Vorher-Nachher-Foto-in-der-Turkei-8.jpg 1200w\" sizes=\"(max-width: 320px) 100vw, 320px\" title=\"\">                                                              <\/div>\n              <div class=\"box-text text-left\" >\n                 <p><\/p>\n              <\/div>\n            <\/div>\n            <\/a>          <\/div>\n         <\/div><div class=\"gallery-col col\" >\n          <div class=\"col-inner\">\n            <a class=\"image-lightbox lightbox-gallery\" href=\"https:\/\/www.alevcamcioglu.com\/wp-content\/uploads\/2024\/11\/Nasenkorrektur-Vorher-Nachher-Foto-in-der-Turkei-9.jpg\" title=\"\">            <div class=\"box has-hover gallery-box box-normal\">\n              <div class=\"box-image\" >\n                <img decoding=\"async\" width=\"320\" height=\"400\" src=\"https:\/\/www.alevcamcioglu.com\/wp-content\/uploads\/2024\/11\/Nasenkorrektur-Vorher-Nachher-Foto-in-der-Turkei-9-320x400.jpg\" class=\"attachment-medium size-medium\" alt=\"\" ids=\"8946,8952,8958,8964,8970,8976,8982,8988,8994,9000,9006,9012,9018,9024,9030,9036,9042,9048,9054,9060,9066,9072,9078,9084,9090,9096,9102,9108,9114,9120,9126,9132,9138,9144,9150,9156,9162,9168,9174,9180,9186,9192,9198,9204\" style=\"normal\" lightbox_image_size=\"2048x2048\" type=\"slider\" slider_nav_style=\"circle\" slider_nav_position=\"outside\" srcset=\"https:\/\/www.alevcamcioglu.com\/wp-content\/uploads\/2024\/11\/Nasenkorrektur-Vorher-Nachher-Foto-in-der-Turkei-9-320x400.jpg 320w, https:\/\/www.alevcamcioglu.com\/wp-content\/uploads\/2024\/11\/Nasenkorrektur-Vorher-Nachher-Foto-in-der-Turkei-9-640x800.jpg 640w, https:\/\/www.alevcamcioglu.com\/wp-content\/uploads\/2024\/11\/Nasenkorrektur-Vorher-Nachher-Foto-in-der-Turkei-9-768x960.jpg 768w, https:\/\/www.alevcamcioglu.com\/wp-content\/uploads\/2024\/11\/Nasenkorrektur-Vorher-Nachher-Foto-in-der-Turkei-9.jpg 1200w\" sizes=\"(max-width: 320px) 100vw, 320px\" title=\"\">                                                              <\/div>\n              <div class=\"box-text text-left\" >\n                 <p><\/p>\n              <\/div>\n            <\/div>\n            <\/a>          <\/div>\n         <\/div><div class=\"gallery-col col\" >\n          <div class=\"col-inner\">\n            <a class=\"image-lightbox lightbox-gallery\" href=\"https:\/\/www.alevcamcioglu.com\/wp-content\/uploads\/2024\/11\/Nasenkorrektur-Vorher-Nachher-Foto-in-der-Turkei-10.jpg\" title=\"\">            <div class=\"box has-hover gallery-box box-normal\">\n              <div class=\"box-image\" >\n                <img decoding=\"async\" width=\"320\" height=\"400\" src=\"https:\/\/www.alevcamcioglu.com\/wp-content\/uploads\/2024\/11\/Nasenkorrektur-Vorher-Nachher-Foto-in-der-Turkei-10-320x400.jpg\" class=\"attachment-medium size-medium\" alt=\"\" ids=\"8946,8952,8958,8964,8970,8976,8982,8988,8994,9000,9006,9012,9018,9024,9030,9036,9042,9048,9054,9060,9066,9072,9078,9084,9090,9096,9102,9108,9114,9120,9126,9132,9138,9144,9150,9156,9162,9168,9174,9180,9186,9192,9198,9204\" style=\"normal\" lightbox_image_size=\"2048x2048\" type=\"slider\" slider_nav_style=\"circle\" slider_nav_position=\"outside\" srcset=\"https:\/\/www.alevcamcioglu.com\/wp-content\/uploads\/2024\/11\/Nasenkorrektur-Vorher-Nachher-Foto-in-der-Turkei-10-320x400.jpg 320w, https:\/\/www.alevcamcioglu.com\/wp-content\/uploads\/2024\/11\/Nasenkorrektur-Vorher-Nachher-Foto-in-der-Turkei-10-640x800.jpg 640w, https:\/\/www.alevcamcioglu.com\/wp-content\/uploads\/2024\/11\/Nasenkorrektur-Vorher-Nachher-Foto-in-der-Turkei-10-768x960.jpg 768w, https:\/\/www.alevcamcioglu.com\/wp-content\/uploads\/2024\/11\/Nasenkorrektur-Vorher-Nachher-Foto-in-der-Turkei-10.jpg 1200w\" sizes=\"(max-width: 320px) 100vw, 320px\" title=\"\">                                                              <\/div>\n              <div class=\"box-text text-left\" >\n                 <p><\/p>\n              <\/div>\n            <\/div>\n            <\/a>          <\/div>\n         <\/div><div class=\"gallery-col col\" >\n          <div class=\"col-inner\">\n            <a class=\"image-lightbox lightbox-gallery\" href=\"https:\/\/www.alevcamcioglu.com\/wp-content\/uploads\/2024\/11\/Nasenkorrektur-Vorher-Nachher-Foto-in-der-Turkei-11.jpg\" title=\"\">            <div class=\"box has-hover gallery-box box-normal\">\n              <div class=\"box-image\" >\n                <img decoding=\"async\" width=\"320\" height=\"400\" src=\"https:\/\/www.alevcamcioglu.com\/wp-content\/uploads\/2024\/11\/Nasenkorrektur-Vorher-Nachher-Foto-in-der-Turkei-11-320x400.jpg\" class=\"attachment-medium size-medium\" alt=\"\" ids=\"8946,8952,8958,8964,8970,8976,8982,8988,8994,9000,9006,9012,9018,9024,9030,9036,9042,9048,9054,9060,9066,9072,9078,9084,9090,9096,9102,9108,9114,9120,9126,9132,9138,9144,9150,9156,9162,9168,9174,9180,9186,9192,9198,9204\" style=\"normal\" lightbox_image_size=\"2048x2048\" type=\"slider\" slider_nav_style=\"circle\" slider_nav_position=\"outside\" srcset=\"https:\/\/www.alevcamcioglu.com\/wp-content\/uploads\/2024\/11\/Nasenkorrektur-Vorher-Nachher-Foto-in-der-Turkei-11-320x400.jpg 320w, https:\/\/www.alevcamcioglu.com\/wp-content\/uploads\/2024\/11\/Nasenkorrektur-Vorher-Nachher-Foto-in-der-Turkei-11-640x800.jpg 640w, https:\/\/www.alevcamcioglu.com\/wp-content\/uploads\/2024\/11\/Nasenkorrektur-Vorher-Nachher-Foto-in-der-Turkei-11-768x960.jpg 768w, https:\/\/www.alevcamcioglu.com\/wp-content\/uploads\/2024\/11\/Nasenkorrektur-Vorher-Nachher-Foto-in-der-Turkei-11.jpg 1200w\" sizes=\"(max-width: 320px) 100vw, 320px\" title=\"\">                                                              <\/div>\n              <div class=\"box-text text-left\" >\n                 <p><\/p>\n              <\/div>\n            <\/div>\n            <\/a>          <\/div>\n         <\/div><div class=\"gallery-col col\" >\n          <div class=\"col-inner\">\n            <a class=\"image-lightbox lightbox-gallery\" href=\"https:\/\/www.alevcamcioglu.com\/wp-content\/uploads\/2024\/11\/Nasenkorrektur-Vorher-Nachher-Foto-in-der-Turkei-12.jpg\" title=\"\">            <div class=\"box has-hover gallery-box box-normal\">\n              <div class=\"box-image\" >\n                <img decoding=\"async\" width=\"320\" height=\"400\" src=\"https:\/\/www.alevcamcioglu.com\/wp-content\/uploads\/2024\/11\/Nasenkorrektur-Vorher-Nachher-Foto-in-der-Turkei-12-320x400.jpg\" class=\"attachment-medium size-medium\" alt=\"\" ids=\"8946,8952,8958,8964,8970,8976,8982,8988,8994,9000,9006,9012,9018,9024,9030,9036,9042,9048,9054,9060,9066,9072,9078,9084,9090,9096,9102,9108,9114,9120,9126,9132,9138,9144,9150,9156,9162,9168,9174,9180,9186,9192,9198,9204\" style=\"normal\" lightbox_image_size=\"2048x2048\" type=\"slider\" slider_nav_style=\"circle\" slider_nav_position=\"outside\" srcset=\"https:\/\/www.alevcamcioglu.com\/wp-content\/uploads\/2024\/11\/Nasenkorrektur-Vorher-Nachher-Foto-in-der-Turkei-12-320x400.jpg 320w, https:\/\/www.alevcamcioglu.com\/wp-content\/uploads\/2024\/11\/Nasenkorrektur-Vorher-Nachher-Foto-in-der-Turkei-12-640x800.jpg 640w, https:\/\/www.alevcamcioglu.com\/wp-content\/uploads\/2024\/11\/Nasenkorrektur-Vorher-Nachher-Foto-in-der-Turkei-12-768x960.jpg 768w, https:\/\/www.alevcamcioglu.com\/wp-content\/uploads\/2024\/11\/Nasenkorrektur-Vorher-Nachher-Foto-in-der-Turkei-12.jpg 1200w\" sizes=\"(max-width: 320px) 100vw, 320px\" title=\"\">                                                              <\/div>\n              <div class=\"box-text text-left\" >\n                 <p><\/p>\n              <\/div>\n            <\/div>\n            <\/a>          <\/div>\n         <\/div><div class=\"gallery-col col\" >\n          <div class=\"col-inner\">\n            <a class=\"image-lightbox lightbox-gallery\" href=\"https:\/\/www.alevcamcioglu.com\/wp-content\/uploads\/2024\/11\/Nasenkorrektur-Vorher-Nachher-Foto-in-der-Turkei-13.jpg\" title=\"\">            <div class=\"box has-hover gallery-box box-normal\">\n              <div class=\"box-image\" >\n                <img decoding=\"async\" width=\"320\" height=\"400\" src=\"https:\/\/www.alevcamcioglu.com\/wp-content\/uploads\/2024\/11\/Nasenkorrektur-Vorher-Nachher-Foto-in-der-Turkei-13-320x400.jpg\" class=\"attachment-medium size-medium\" alt=\"\" ids=\"8946,8952,8958,8964,8970,8976,8982,8988,8994,9000,9006,9012,9018,9024,9030,9036,9042,9048,9054,9060,9066,9072,9078,9084,9090,9096,9102,9108,9114,9120,9126,9132,9138,9144,9150,9156,9162,9168,9174,9180,9186,9192,9198,9204\" style=\"normal\" lightbox_image_size=\"2048x2048\" type=\"slider\" slider_nav_style=\"circle\" slider_nav_position=\"outside\" srcset=\"https:\/\/www.alevcamcioglu.com\/wp-content\/uploads\/2024\/11\/Nasenkorrektur-Vorher-Nachher-Foto-in-der-Turkei-13-320x400.jpg 320w, https:\/\/www.alevcamcioglu.com\/wp-content\/uploads\/2024\/11\/Nasenkorrektur-Vorher-Nachher-Foto-in-der-Turkei-13-640x800.jpg 640w, https:\/\/www.alevcamcioglu.com\/wp-content\/uploads\/2024\/11\/Nasenkorrektur-Vorher-Nachher-Foto-in-der-Turkei-13-768x960.jpg 768w, https:\/\/www.alevcamcioglu.com\/wp-content\/uploads\/2024\/11\/Nasenkorrektur-Vorher-Nachher-Foto-in-der-Turkei-13.jpg 1200w\" sizes=\"(max-width: 320px) 100vw, 320px\" title=\"\">                                                              <\/div>\n              <div class=\"box-text text-left\" >\n                 <p><\/p>\n              <\/div>\n            <\/div>\n            <\/a>          <\/div>\n         <\/div><div class=\"gallery-col col\" >\n          <div class=\"col-inner\">\n            <a class=\"image-lightbox lightbox-gallery\" href=\"https:\/\/www.alevcamcioglu.com\/wp-content\/uploads\/2024\/11\/Nasenkorrektur-Vorher-Nachher-Foto-in-der-Turkei-14.jpg\" title=\"\">            <div class=\"box has-hover gallery-box box-normal\">\n              <div class=\"box-image\" >\n                <img decoding=\"async\" width=\"320\" height=\"400\" src=\"https:\/\/www.alevcamcioglu.com\/wp-content\/uploads\/2024\/11\/Nasenkorrektur-Vorher-Nachher-Foto-in-der-Turkei-14-320x400.jpg\" class=\"attachment-medium size-medium\" alt=\"\" ids=\"8946,8952,8958,8964,8970,8976,8982,8988,8994,9000,9006,9012,9018,9024,9030,9036,9042,9048,9054,9060,9066,9072,9078,9084,9090,9096,9102,9108,9114,9120,9126,9132,9138,9144,9150,9156,9162,9168,9174,9180,9186,9192,9198,9204\" style=\"normal\" lightbox_image_size=\"2048x2048\" type=\"slider\" slider_nav_style=\"circle\" slider_nav_position=\"outside\" srcset=\"https:\/\/www.alevcamcioglu.com\/wp-content\/uploads\/2024\/11\/Nasenkorrektur-Vorher-Nachher-Foto-in-der-Turkei-14-320x400.jpg 320w, https:\/\/www.alevcamcioglu.com\/wp-content\/uploads\/2024\/11\/Nasenkorrektur-Vorher-Nachher-Foto-in-der-Turkei-14-640x800.jpg 640w, https:\/\/www.alevcamcioglu.com\/wp-content\/uploads\/2024\/11\/Nasenkorrektur-Vorher-Nachher-Foto-in-der-Turkei-14-768x960.jpg 768w, https:\/\/www.alevcamcioglu.com\/wp-content\/uploads\/2024\/11\/Nasenkorrektur-Vorher-Nachher-Foto-in-der-Turkei-14.jpg 1200w\" sizes=\"(max-width: 320px) 100vw, 320px\" title=\"\">                                                              <\/div>\n              <div class=\"box-text text-left\" >\n                 <p><\/p>\n              <\/div>\n            <\/div>\n            <\/a>          <\/div>\n         <\/div><div class=\"gallery-col col\" >\n          <div class=\"col-inner\">\n            <a class=\"image-lightbox lightbox-gallery\" href=\"https:\/\/www.alevcamcioglu.com\/wp-content\/uploads\/2024\/11\/Nasenkorrektur-Vorher-Nachher-Foto-in-der-Turkei-15.jpg\" title=\"\">            <div class=\"box has-hover gallery-box box-normal\">\n              <div class=\"box-image\" >\n                <img decoding=\"async\" width=\"320\" height=\"400\" src=\"https:\/\/www.alevcamcioglu.com\/wp-content\/uploads\/2024\/11\/Nasenkorrektur-Vorher-Nachher-Foto-in-der-Turkei-15-320x400.jpg\" class=\"attachment-medium size-medium\" alt=\"\" ids=\"8946,8952,8958,8964,8970,8976,8982,8988,8994,9000,9006,9012,9018,9024,9030,9036,9042,9048,9054,9060,9066,9072,9078,9084,9090,9096,9102,9108,9114,9120,9126,9132,9138,9144,9150,9156,9162,9168,9174,9180,9186,9192,9198,9204\" style=\"normal\" lightbox_image_size=\"2048x2048\" type=\"slider\" slider_nav_style=\"circle\" slider_nav_position=\"outside\" srcset=\"https:\/\/www.alevcamcioglu.com\/wp-content\/uploads\/2024\/11\/Nasenkorrektur-Vorher-Nachher-Foto-in-der-Turkei-15-320x400.jpg 320w, https:\/\/www.alevcamcioglu.com\/wp-content\/uploads\/2024\/11\/Nasenkorrektur-Vorher-Nachher-Foto-in-der-Turkei-15-640x800.jpg 640w, https:\/\/www.alevcamcioglu.com\/wp-content\/uploads\/2024\/11\/Nasenkorrektur-Vorher-Nachher-Foto-in-der-Turkei-15-768x960.jpg 768w, https:\/\/www.alevcamcioglu.com\/wp-content\/uploads\/2024\/11\/Nasenkorrektur-Vorher-Nachher-Foto-in-der-Turkei-15.jpg 1200w\" sizes=\"(max-width: 320px) 100vw, 320px\" title=\"\">                                                              <\/div>\n              <div class=\"box-text text-left\" >\n                 <p><\/p>\n              <\/div>\n            <\/div>\n            <\/a>          <\/div>\n         <\/div><div class=\"gallery-col col\" >\n          <div class=\"col-inner\">\n            <a class=\"image-lightbox lightbox-gallery\" href=\"https:\/\/www.alevcamcioglu.com\/wp-content\/uploads\/2024\/11\/Nasenkorrektur-Vorher-Nachher-Foto-in-der-Turkei-16.jpg\" title=\"\">            <div class=\"box has-hover gallery-box box-normal\">\n              <div class=\"box-image\" >\n                <img decoding=\"async\" width=\"320\" height=\"400\" src=\"https:\/\/www.alevcamcioglu.com\/wp-content\/uploads\/2024\/11\/Nasenkorrektur-Vorher-Nachher-Foto-in-der-Turkei-16-320x400.jpg\" class=\"attachment-medium size-medium\" alt=\"\" ids=\"8946,8952,8958,8964,8970,8976,8982,8988,8994,9000,9006,9012,9018,9024,9030,9036,9042,9048,9054,9060,9066,9072,9078,9084,9090,9096,9102,9108,9114,9120,9126,9132,9138,9144,9150,9156,9162,9168,9174,9180,9186,9192,9198,9204\" style=\"normal\" lightbox_image_size=\"2048x2048\" type=\"slider\" slider_nav_style=\"circle\" slider_nav_position=\"outside\" srcset=\"https:\/\/www.alevcamcioglu.com\/wp-content\/uploads\/2024\/11\/Nasenkorrektur-Vorher-Nachher-Foto-in-der-Turkei-16-320x400.jpg 320w, https:\/\/www.alevcamcioglu.com\/wp-content\/uploads\/2024\/11\/Nasenkorrektur-Vorher-Nachher-Foto-in-der-Turkei-16-640x800.jpg 640w, https:\/\/www.alevcamcioglu.com\/wp-content\/uploads\/2024\/11\/Nasenkorrektur-Vorher-Nachher-Foto-in-der-Turkei-16-768x960.jpg 768w, https:\/\/www.alevcamcioglu.com\/wp-content\/uploads\/2024\/11\/Nasenkorrektur-Vorher-Nachher-Foto-in-der-Turkei-16.jpg 1200w\" sizes=\"(max-width: 320px) 100vw, 320px\" title=\"\">                                                              <\/div>\n              <div class=\"box-text text-left\" >\n                 <p><\/p>\n              <\/div>\n            <\/div>\n            <\/a>          <\/div>\n         <\/div><div class=\"gallery-col col\" >\n          <div class=\"col-inner\">\n            <a class=\"image-lightbox lightbox-gallery\" href=\"https:\/\/www.alevcamcioglu.com\/wp-content\/uploads\/2024\/11\/Nasenkorrektur-Vorher-Nachher-Foto-in-der-Turkei-17.jpg\" title=\"\">            <div class=\"box has-hover gallery-box box-normal\">\n              <div class=\"box-image\" >\n                <img decoding=\"async\" width=\"320\" height=\"400\" src=\"https:\/\/www.alevcamcioglu.com\/wp-content\/uploads\/2024\/11\/Nasenkorrektur-Vorher-Nachher-Foto-in-der-Turkei-17-320x400.jpg\" class=\"attachment-medium size-medium\" alt=\"\" ids=\"8946,8952,8958,8964,8970,8976,8982,8988,8994,9000,9006,9012,9018,9024,9030,9036,9042,9048,9054,9060,9066,9072,9078,9084,9090,9096,9102,9108,9114,9120,9126,9132,9138,9144,9150,9156,9162,9168,9174,9180,9186,9192,9198,9204\" style=\"normal\" lightbox_image_size=\"2048x2048\" type=\"slider\" slider_nav_style=\"circle\" slider_nav_position=\"outside\" srcset=\"https:\/\/www.alevcamcioglu.com\/wp-content\/uploads\/2024\/11\/Nasenkorrektur-Vorher-Nachher-Foto-in-der-Turkei-17-320x400.jpg 320w, https:\/\/www.alevcamcioglu.com\/wp-content\/uploads\/2024\/11\/Nasenkorrektur-Vorher-Nachher-Foto-in-der-Turkei-17-640x800.jpg 640w, https:\/\/www.alevcamcioglu.com\/wp-content\/uploads\/2024\/11\/Nasenkorrektur-Vorher-Nachher-Foto-in-der-Turkei-17-768x960.jpg 768w, https:\/\/www.alevcamcioglu.com\/wp-content\/uploads\/2024\/11\/Nasenkorrektur-Vorher-Nachher-Foto-in-der-Turkei-17.jpg 1200w\" sizes=\"(max-width: 320px) 100vw, 320px\" title=\"\">                                                              <\/div>\n              <div class=\"box-text text-left\" >\n                 <p><\/p>\n              <\/div>\n            <\/div>\n            <\/a>          <\/div>\n         <\/div><div class=\"gallery-col col\" >\n          <div class=\"col-inner\">\n            <a class=\"image-lightbox lightbox-gallery\" href=\"https:\/\/www.alevcamcioglu.com\/wp-content\/uploads\/2024\/11\/Nasenkorrektur-Vorher-Nachher-Foto-in-der-Turkei-18.jpg\" title=\"\">            <div class=\"box has-hover gallery-box box-normal\">\n              <div class=\"box-image\" >\n                <img decoding=\"async\" width=\"320\" height=\"400\" src=\"https:\/\/www.alevcamcioglu.com\/wp-content\/uploads\/2024\/11\/Nasenkorrektur-Vorher-Nachher-Foto-in-der-Turkei-18-320x400.jpg\" class=\"attachment-medium size-medium\" alt=\"\" ids=\"8946,8952,8958,8964,8970,8976,8982,8988,8994,9000,9006,9012,9018,9024,9030,9036,9042,9048,9054,9060,9066,9072,9078,9084,9090,9096,9102,9108,9114,9120,9126,9132,9138,9144,9150,9156,9162,9168,9174,9180,9186,9192,9198,9204\" style=\"normal\" lightbox_image_size=\"2048x2048\" type=\"slider\" slider_nav_style=\"circle\" slider_nav_position=\"outside\" srcset=\"https:\/\/www.alevcamcioglu.com\/wp-content\/uploads\/2024\/11\/Nasenkorrektur-Vorher-Nachher-Foto-in-der-Turkei-18-320x400.jpg 320w, https:\/\/www.alevcamcioglu.com\/wp-content\/uploads\/2024\/11\/Nasenkorrektur-Vorher-Nachher-Foto-in-der-Turkei-18-640x800.jpg 640w, https:\/\/www.alevcamcioglu.com\/wp-content\/uploads\/2024\/11\/Nasenkorrektur-Vorher-Nachher-Foto-in-der-Turkei-18-768x960.jpg 768w, https:\/\/www.alevcamcioglu.com\/wp-content\/uploads\/2024\/11\/Nasenkorrektur-Vorher-Nachher-Foto-in-der-Turkei-18.jpg 1000w\" sizes=\"(max-width: 320px) 100vw, 320px\" title=\"\">                                                              <\/div>\n              <div class=\"box-text text-left\" >\n                 <p><\/p>\n              <\/div>\n            <\/div>\n            <\/a>          <\/div>\n         <\/div><div class=\"gallery-col col\" >\n          <div class=\"col-inner\">\n            <a class=\"image-lightbox lightbox-gallery\" href=\"https:\/\/www.alevcamcioglu.com\/wp-content\/uploads\/2024\/11\/Nasenkorrektur-Vorher-Nachher-Foto-in-der-Turkei-19.jpg\" title=\"\">            <div class=\"box has-hover gallery-box box-normal\">\n              <div class=\"box-image\" >\n                <img decoding=\"async\" width=\"320\" height=\"400\" src=\"https:\/\/www.alevcamcioglu.com\/wp-content\/uploads\/2024\/11\/Nasenkorrektur-Vorher-Nachher-Foto-in-der-Turkei-19-320x400.jpg\" class=\"attachment-medium size-medium\" alt=\"\" ids=\"8946,8952,8958,8964,8970,8976,8982,8988,8994,9000,9006,9012,9018,9024,9030,9036,9042,9048,9054,9060,9066,9072,9078,9084,9090,9096,9102,9108,9114,9120,9126,9132,9138,9144,9150,9156,9162,9168,9174,9180,9186,9192,9198,9204\" style=\"normal\" lightbox_image_size=\"2048x2048\" type=\"slider\" slider_nav_style=\"circle\" slider_nav_position=\"outside\" srcset=\"https:\/\/www.alevcamcioglu.com\/wp-content\/uploads\/2024\/11\/Nasenkorrektur-Vorher-Nachher-Foto-in-der-Turkei-19-320x400.jpg 320w, https:\/\/www.alevcamcioglu.com\/wp-content\/uploads\/2024\/11\/Nasenkorrektur-Vorher-Nachher-Foto-in-der-Turkei-19-640x800.jpg 640w, https:\/\/www.alevcamcioglu.com\/wp-content\/uploads\/2024\/11\/Nasenkorrektur-Vorher-Nachher-Foto-in-der-Turkei-19-768x960.jpg 768w, https:\/\/www.alevcamcioglu.com\/wp-content\/uploads\/2024\/11\/Nasenkorrektur-Vorher-Nachher-Foto-in-der-Turkei-19.jpg 1000w\" sizes=\"(max-width: 320px) 100vw, 320px\" title=\"\">                                                              <\/div>\n              <div class=\"box-text text-left\" >\n                 <p><\/p>\n              <\/div>\n            <\/div>\n            <\/a>          <\/div>\n         <\/div><div class=\"gallery-col col\" >\n          <div class=\"col-inner\">\n            <a class=\"image-lightbox lightbox-gallery\" href=\"https:\/\/www.alevcamcioglu.com\/wp-content\/uploads\/2024\/11\/Nasenkorrektur-Vorher-Nachher-Foto-in-der-Turkei-20.jpg\" title=\"\">            <div class=\"box has-hover gallery-box box-normal\">\n              <div class=\"box-image\" >\n                <img decoding=\"async\" width=\"320\" height=\"400\" src=\"https:\/\/www.alevcamcioglu.com\/wp-content\/uploads\/2024\/11\/Nasenkorrektur-Vorher-Nachher-Foto-in-der-Turkei-20-320x400.jpg\" class=\"attachment-medium size-medium\" alt=\"\" ids=\"8946,8952,8958,8964,8970,8976,8982,8988,8994,9000,9006,9012,9018,9024,9030,9036,9042,9048,9054,9060,9066,9072,9078,9084,9090,9096,9102,9108,9114,9120,9126,9132,9138,9144,9150,9156,9162,9168,9174,9180,9186,9192,9198,9204\" style=\"normal\" lightbox_image_size=\"2048x2048\" type=\"slider\" slider_nav_style=\"circle\" slider_nav_position=\"outside\" srcset=\"https:\/\/www.alevcamcioglu.com\/wp-content\/uploads\/2024\/11\/Nasenkorrektur-Vorher-Nachher-Foto-in-der-Turkei-20-320x400.jpg 320w, https:\/\/www.alevcamcioglu.com\/wp-content\/uploads\/2024\/11\/Nasenkorrektur-Vorher-Nachher-Foto-in-der-Turkei-20-639x800.jpg 639w, https:\/\/www.alevcamcioglu.com\/wp-content\/uploads\/2024\/11\/Nasenkorrektur-Vorher-Nachher-Foto-in-der-Turkei-20-768x961.jpg 768w, https:\/\/www.alevcamcioglu.com\/wp-content\/uploads\/2024\/11\/Nasenkorrektur-Vorher-Nachher-Foto-in-der-Turkei-20.jpg 999w\" sizes=\"(max-width: 320px) 100vw, 320px\" title=\"\">                                                              <\/div>\n              <div class=\"box-text text-left\" >\n                 <p><\/p>\n              <\/div>\n            <\/div>\n            <\/a>          <\/div>\n         <\/div><div class=\"gallery-col col\" >\n          <div class=\"col-inner\">\n            <a class=\"image-lightbox lightbox-gallery\" href=\"https:\/\/www.alevcamcioglu.com\/wp-content\/uploads\/2024\/11\/Nasenkorrektur-Vorher-Nachher-Foto-in-der-Turkei-21.jpg\" title=\"\">            <div class=\"box has-hover gallery-box box-normal\">\n              <div class=\"box-image\" >\n                <img decoding=\"async\" width=\"320\" height=\"400\" src=\"https:\/\/www.alevcamcioglu.com\/wp-content\/uploads\/2024\/11\/Nasenkorrektur-Vorher-Nachher-Foto-in-der-Turkei-21-320x400.jpg\" class=\"attachment-medium size-medium\" alt=\"\" ids=\"8946,8952,8958,8964,8970,8976,8982,8988,8994,9000,9006,9012,9018,9024,9030,9036,9042,9048,9054,9060,9066,9072,9078,9084,9090,9096,9102,9108,9114,9120,9126,9132,9138,9144,9150,9156,9162,9168,9174,9180,9186,9192,9198,9204\" style=\"normal\" lightbox_image_size=\"2048x2048\" type=\"slider\" slider_nav_style=\"circle\" slider_nav_position=\"outside\" srcset=\"https:\/\/www.alevcamcioglu.com\/wp-content\/uploads\/2024\/11\/Nasenkorrektur-Vorher-Nachher-Foto-in-der-Turkei-21-320x400.jpg 320w, https:\/\/www.alevcamcioglu.com\/wp-content\/uploads\/2024\/11\/Nasenkorrektur-Vorher-Nachher-Foto-in-der-Turkei-21-640x800.jpg 640w, https:\/\/www.alevcamcioglu.com\/wp-content\/uploads\/2024\/11\/Nasenkorrektur-Vorher-Nachher-Foto-in-der-Turkei-21-768x960.jpg 768w, https:\/\/www.alevcamcioglu.com\/wp-content\/uploads\/2024\/11\/Nasenkorrektur-Vorher-Nachher-Foto-in-der-Turkei-21.jpg 1000w\" sizes=\"(max-width: 320px) 100vw, 320px\" title=\"\">                                                              <\/div>\n              <div class=\"box-text text-left\" >\n                 <p><\/p>\n              <\/div>\n            <\/div>\n            <\/a>          <\/div>\n         <\/div><div class=\"gallery-col col\" >\n          <div class=\"col-inner\">\n            <a class=\"image-lightbox lightbox-gallery\" href=\"https:\/\/www.alevcamcioglu.com\/wp-content\/uploads\/2024\/11\/Nasenkorrektur-Vorher-Nachher-Foto-in-der-Turkei-22.jpg\" title=\"\">            <div class=\"box has-hover gallery-box box-normal\">\n              <div class=\"box-image\" >\n                <img decoding=\"async\" width=\"320\" height=\"400\" src=\"https:\/\/www.alevcamcioglu.com\/wp-content\/uploads\/2024\/11\/Nasenkorrektur-Vorher-Nachher-Foto-in-der-Turkei-22-320x400.jpg\" class=\"attachment-medium size-medium\" alt=\"\" ids=\"8946,8952,8958,8964,8970,8976,8982,8988,8994,9000,9006,9012,9018,9024,9030,9036,9042,9048,9054,9060,9066,9072,9078,9084,9090,9096,9102,9108,9114,9120,9126,9132,9138,9144,9150,9156,9162,9168,9174,9180,9186,9192,9198,9204\" style=\"normal\" lightbox_image_size=\"2048x2048\" type=\"slider\" slider_nav_style=\"circle\" slider_nav_position=\"outside\" srcset=\"https:\/\/www.alevcamcioglu.com\/wp-content\/uploads\/2024\/11\/Nasenkorrektur-Vorher-Nachher-Foto-in-der-Turkei-22-320x400.jpg 320w, https:\/\/www.alevcamcioglu.com\/wp-content\/uploads\/2024\/11\/Nasenkorrektur-Vorher-Nachher-Foto-in-der-Turkei-22-640x800.jpg 640w, https:\/\/www.alevcamcioglu.com\/wp-content\/uploads\/2024\/11\/Nasenkorrektur-Vorher-Nachher-Foto-in-der-Turkei-22-768x960.jpg 768w, https:\/\/www.alevcamcioglu.com\/wp-content\/uploads\/2024\/11\/Nasenkorrektur-Vorher-Nachher-Foto-in-der-Turkei-22.jpg 1000w\" sizes=\"(max-width: 320px) 100vw, 320px\" title=\"\">                                                              <\/div>\n              <div class=\"box-text text-left\" >\n                 <p><\/p>\n              <\/div>\n            <\/div>\n            <\/a>          <\/div>\n         <\/div><div class=\"gallery-col col\" >\n          <div class=\"col-inner\">\n            <a class=\"image-lightbox lightbox-gallery\" href=\"https:\/\/www.alevcamcioglu.com\/wp-content\/uploads\/2024\/11\/Nasenkorrektur-Vorher-Nachher-Foto-in-der-Turkei-23.jpg\" title=\"\">            <div class=\"box has-hover gallery-box box-normal\">\n              <div class=\"box-image\" >\n                <img decoding=\"async\" width=\"320\" height=\"400\" src=\"https:\/\/www.alevcamcioglu.com\/wp-content\/uploads\/2024\/11\/Nasenkorrektur-Vorher-Nachher-Foto-in-der-Turkei-23-320x400.jpg\" class=\"attachment-medium size-medium\" alt=\"\" ids=\"8946,8952,8958,8964,8970,8976,8982,8988,8994,9000,9006,9012,9018,9024,9030,9036,9042,9048,9054,9060,9066,9072,9078,9084,9090,9096,9102,9108,9114,9120,9126,9132,9138,9144,9150,9156,9162,9168,9174,9180,9186,9192,9198,9204\" style=\"normal\" lightbox_image_size=\"2048x2048\" type=\"slider\" slider_nav_style=\"circle\" slider_nav_position=\"outside\" srcset=\"https:\/\/www.alevcamcioglu.com\/wp-content\/uploads\/2024\/11\/Nasenkorrektur-Vorher-Nachher-Foto-in-der-Turkei-23-320x400.jpg 320w, https:\/\/www.alevcamcioglu.com\/wp-content\/uploads\/2024\/11\/Nasenkorrektur-Vorher-Nachher-Foto-in-der-Turkei-23-640x800.jpg 640w, https:\/\/www.alevcamcioglu.com\/wp-content\/uploads\/2024\/11\/Nasenkorrektur-Vorher-Nachher-Foto-in-der-Turkei-23-768x960.jpg 768w, https:\/\/www.alevcamcioglu.com\/wp-content\/uploads\/2024\/11\/Nasenkorrektur-Vorher-Nachher-Foto-in-der-Turkei-23.jpg 1000w\" sizes=\"(max-width: 320px) 100vw, 320px\" title=\"\">                                                              <\/div>\n              <div class=\"box-text text-left\" >\n                 <p><\/p>\n              <\/div>\n            <\/div>\n            <\/a>          <\/div>\n         <\/div><div class=\"gallery-col col\" >\n          <div class=\"col-inner\">\n            <a class=\"image-lightbox lightbox-gallery\" href=\"https:\/\/www.alevcamcioglu.com\/wp-content\/uploads\/2024\/11\/Nasenkorrektur-Vorher-Nachher-Foto-in-der-Turkei-24.jpg\" title=\"\">            <div class=\"box has-hover gallery-box box-normal\">\n              <div class=\"box-image\" >\n                <img decoding=\"async\" width=\"320\" height=\"400\" src=\"https:\/\/www.alevcamcioglu.com\/wp-content\/uploads\/2024\/11\/Nasenkorrektur-Vorher-Nachher-Foto-in-der-Turkei-24-320x400.jpg\" class=\"attachment-medium size-medium\" alt=\"\" ids=\"8946,8952,8958,8964,8970,8976,8982,8988,8994,9000,9006,9012,9018,9024,9030,9036,9042,9048,9054,9060,9066,9072,9078,9084,9090,9096,9102,9108,9114,9120,9126,9132,9138,9144,9150,9156,9162,9168,9174,9180,9186,9192,9198,9204\" style=\"normal\" lightbox_image_size=\"2048x2048\" type=\"slider\" slider_nav_style=\"circle\" slider_nav_position=\"outside\" srcset=\"https:\/\/www.alevcamcioglu.com\/wp-content\/uploads\/2024\/11\/Nasenkorrektur-Vorher-Nachher-Foto-in-der-Turkei-24-320x400.jpg 320w, https:\/\/www.alevcamcioglu.com\/wp-content\/uploads\/2024\/11\/Nasenkorrektur-Vorher-Nachher-Foto-in-der-Turkei-24-640x800.jpg 640w, https:\/\/www.alevcamcioglu.com\/wp-content\/uploads\/2024\/11\/Nasenkorrektur-Vorher-Nachher-Foto-in-der-Turkei-24-768x960.jpg 768w, https:\/\/www.alevcamcioglu.com\/wp-content\/uploads\/2024\/11\/Nasenkorrektur-Vorher-Nachher-Foto-in-der-Turkei-24.jpg 1000w\" sizes=\"(max-width: 320px) 100vw, 320px\" title=\"\">                                                              <\/div>\n              <div class=\"box-text text-left\" >\n                 <p><\/p>\n              <\/div>\n            <\/div>\n            <\/a>          <\/div>\n         <\/div><div class=\"gallery-col col\" >\n          <div class=\"col-inner\">\n            <a class=\"image-lightbox lightbox-gallery\" href=\"https:\/\/www.alevcamcioglu.com\/wp-content\/uploads\/2024\/11\/Nasenkorrektur-Vorher-Nachher-Foto-in-der-Turkei-25.jpg\" title=\"\">            <div class=\"box has-hover gallery-box box-normal\">\n              <div class=\"box-image\" >\n                <img decoding=\"async\" width=\"320\" height=\"400\" src=\"https:\/\/www.alevcamcioglu.com\/wp-content\/uploads\/2024\/11\/Nasenkorrektur-Vorher-Nachher-Foto-in-der-Turkei-25-320x400.jpg\" class=\"attachment-medium size-medium\" alt=\"\" ids=\"8946,8952,8958,8964,8970,8976,8982,8988,8994,9000,9006,9012,9018,9024,9030,9036,9042,9048,9054,9060,9066,9072,9078,9084,9090,9096,9102,9108,9114,9120,9126,9132,9138,9144,9150,9156,9162,9168,9174,9180,9186,9192,9198,9204\" style=\"normal\" lightbox_image_size=\"2048x2048\" type=\"slider\" slider_nav_style=\"circle\" slider_nav_position=\"outside\" srcset=\"https:\/\/www.alevcamcioglu.com\/wp-content\/uploads\/2024\/11\/Nasenkorrektur-Vorher-Nachher-Foto-in-der-Turkei-25-320x400.jpg 320w, https:\/\/www.alevcamcioglu.com\/wp-content\/uploads\/2024\/11\/Nasenkorrektur-Vorher-Nachher-Foto-in-der-Turkei-25-640x800.jpg 640w, https:\/\/www.alevcamcioglu.com\/wp-content\/uploads\/2024\/11\/Nasenkorrektur-Vorher-Nachher-Foto-in-der-Turkei-25-768x960.jpg 768w, https:\/\/www.alevcamcioglu.com\/wp-content\/uploads\/2024\/11\/Nasenkorrektur-Vorher-Nachher-Foto-in-der-Turkei-25.jpg 1000w\" sizes=\"(max-width: 320px) 100vw, 320px\" title=\"\">                                                              <\/div>\n              <div class=\"box-text text-left\" >\n                 <p><\/p>\n              <\/div>\n            <\/div>\n            <\/a>          <\/div>\n         <\/div><div class=\"gallery-col col\" >\n          <div class=\"col-inner\">\n            <a class=\"image-lightbox lightbox-gallery\" href=\"https:\/\/www.alevcamcioglu.com\/wp-content\/uploads\/2024\/11\/Nasenkorrektur-Vorher-Nachher-Foto-in-der-Turkei-26.jpg\" title=\"\">            <div class=\"box has-hover gallery-box box-normal\">\n              <div class=\"box-image\" >\n                <img decoding=\"async\" width=\"320\" height=\"400\" src=\"https:\/\/www.alevcamcioglu.com\/wp-content\/uploads\/2024\/11\/Nasenkorrektur-Vorher-Nachher-Foto-in-der-Turkei-26-320x400.jpg\" class=\"attachment-medium size-medium\" alt=\"\" ids=\"8946,8952,8958,8964,8970,8976,8982,8988,8994,9000,9006,9012,9018,9024,9030,9036,9042,9048,9054,9060,9066,9072,9078,9084,9090,9096,9102,9108,9114,9120,9126,9132,9138,9144,9150,9156,9162,9168,9174,9180,9186,9192,9198,9204\" style=\"normal\" lightbox_image_size=\"2048x2048\" type=\"slider\" slider_nav_style=\"circle\" slider_nav_position=\"outside\" srcset=\"https:\/\/www.alevcamcioglu.com\/wp-content\/uploads\/2024\/11\/Nasenkorrektur-Vorher-Nachher-Foto-in-der-Turkei-26-320x400.jpg 320w, https:\/\/www.alevcamcioglu.com\/wp-content\/uploads\/2024\/11\/Nasenkorrektur-Vorher-Nachher-Foto-in-der-Turkei-26-640x800.jpg 640w, https:\/\/www.alevcamcioglu.com\/wp-content\/uploads\/2024\/11\/Nasenkorrektur-Vorher-Nachher-Foto-in-der-Turkei-26-768x960.jpg 768w, https:\/\/www.alevcamcioglu.com\/wp-content\/uploads\/2024\/11\/Nasenkorrektur-Vorher-Nachher-Foto-in-der-Turkei-26.jpg 1000w\" sizes=\"(max-width: 320px) 100vw, 320px\" title=\"\">                                                              <\/div>\n              <div class=\"box-text text-left\" >\n                 <p><\/p>\n              <\/div>\n            <\/div>\n            <\/a>          <\/div>\n         <\/div><div class=\"gallery-col col\" >\n          <div class=\"col-inner\">\n            <a class=\"image-lightbox lightbox-gallery\" href=\"https:\/\/www.alevcamcioglu.com\/wp-content\/uploads\/2024\/11\/Nasenkorrektur-Vorher-Nachher-Foto-in-der-Turkei-27.jpg\" title=\"\">            <div class=\"box has-hover gallery-box box-normal\">\n              <div class=\"box-image\" >\n                <img decoding=\"async\" width=\"320\" height=\"400\" src=\"https:\/\/www.alevcamcioglu.com\/wp-content\/uploads\/2024\/11\/Nasenkorrektur-Vorher-Nachher-Foto-in-der-Turkei-27-320x400.jpg\" class=\"attachment-medium size-medium\" alt=\"\" ids=\"8946,8952,8958,8964,8970,8976,8982,8988,8994,9000,9006,9012,9018,9024,9030,9036,9042,9048,9054,9060,9066,9072,9078,9084,9090,9096,9102,9108,9114,9120,9126,9132,9138,9144,9150,9156,9162,9168,9174,9180,9186,9192,9198,9204\" style=\"normal\" lightbox_image_size=\"2048x2048\" type=\"slider\" slider_nav_style=\"circle\" slider_nav_position=\"outside\" srcset=\"https:\/\/www.alevcamcioglu.com\/wp-content\/uploads\/2024\/11\/Nasenkorrektur-Vorher-Nachher-Foto-in-der-Turkei-27-320x400.jpg 320w, https:\/\/www.alevcamcioglu.com\/wp-content\/uploads\/2024\/11\/Nasenkorrektur-Vorher-Nachher-Foto-in-der-Turkei-27-640x800.jpg 640w, https:\/\/www.alevcamcioglu.com\/wp-content\/uploads\/2024\/11\/Nasenkorrektur-Vorher-Nachher-Foto-in-der-Turkei-27-768x960.jpg 768w, https:\/\/www.alevcamcioglu.com\/wp-content\/uploads\/2024\/11\/Nasenkorrektur-Vorher-Nachher-Foto-in-der-Turkei-27.jpg 1000w\" sizes=\"(max-width: 320px) 100vw, 320px\" title=\"\">                                                              <\/div>\n              <div class=\"box-text text-left\" >\n                 <p><\/p>\n              <\/div>\n            <\/div>\n            <\/a>          <\/div>\n         <\/div><div class=\"gallery-col col\" >\n          <div class=\"col-inner\">\n            <a class=\"image-lightbox lightbox-gallery\" href=\"https:\/\/www.alevcamcioglu.com\/wp-content\/uploads\/2024\/11\/Nasenkorrektur-Vorher-Nachher-Foto-in-der-Turkei-28.jpg\" title=\"\">            <div class=\"box has-hover gallery-box box-normal\">\n              <div class=\"box-image\" >\n                <img decoding=\"async\" width=\"320\" height=\"400\" src=\"https:\/\/www.alevcamcioglu.com\/wp-content\/uploads\/2024\/11\/Nasenkorrektur-Vorher-Nachher-Foto-in-der-Turkei-28-320x400.jpg\" class=\"attachment-medium size-medium\" alt=\"\" ids=\"8946,8952,8958,8964,8970,8976,8982,8988,8994,9000,9006,9012,9018,9024,9030,9036,9042,9048,9054,9060,9066,9072,9078,9084,9090,9096,9102,9108,9114,9120,9126,9132,9138,9144,9150,9156,9162,9168,9174,9180,9186,9192,9198,9204\" style=\"normal\" lightbox_image_size=\"2048x2048\" type=\"slider\" slider_nav_style=\"circle\" slider_nav_position=\"outside\" srcset=\"https:\/\/www.alevcamcioglu.com\/wp-content\/uploads\/2024\/11\/Nasenkorrektur-Vorher-Nachher-Foto-in-der-Turkei-28-320x400.jpg 320w, https:\/\/www.alevcamcioglu.com\/wp-content\/uploads\/2024\/11\/Nasenkorrektur-Vorher-Nachher-Foto-in-der-Turkei-28-640x800.jpg 640w, https:\/\/www.alevcamcioglu.com\/wp-content\/uploads\/2024\/11\/Nasenkorrektur-Vorher-Nachher-Foto-in-der-Turkei-28-768x960.jpg 768w, https:\/\/www.alevcamcioglu.com\/wp-content\/uploads\/2024\/11\/Nasenkorrektur-Vorher-Nachher-Foto-in-der-Turkei-28.jpg 1000w\" sizes=\"(max-width: 320px) 100vw, 320px\" title=\"\">                                                              <\/div>\n              <div class=\"box-text text-left\" >\n                 <p><\/p>\n              <\/div>\n            <\/div>\n            <\/a>          <\/div>\n         <\/div><div class=\"gallery-col col\" >\n          <div class=\"col-inner\">\n            <a class=\"image-lightbox lightbox-gallery\" href=\"https:\/\/www.alevcamcioglu.com\/wp-content\/uploads\/2024\/11\/Nasenkorrektur-Vorher-Nachher-Foto-in-der-Turkei-29.jpg\" title=\"\">            <div class=\"box has-hover gallery-box box-normal\">\n              <div class=\"box-image\" >\n                <img decoding=\"async\" width=\"320\" height=\"400\" src=\"https:\/\/www.alevcamcioglu.com\/wp-content\/uploads\/2024\/11\/Nasenkorrektur-Vorher-Nachher-Foto-in-der-Turkei-29-320x400.jpg\" class=\"attachment-medium size-medium\" alt=\"\" ids=\"8946,8952,8958,8964,8970,8976,8982,8988,8994,9000,9006,9012,9018,9024,9030,9036,9042,9048,9054,9060,9066,9072,9078,9084,9090,9096,9102,9108,9114,9120,9126,9132,9138,9144,9150,9156,9162,9168,9174,9180,9186,9192,9198,9204\" style=\"normal\" lightbox_image_size=\"2048x2048\" type=\"slider\" slider_nav_style=\"circle\" slider_nav_position=\"outside\" srcset=\"https:\/\/www.alevcamcioglu.com\/wp-content\/uploads\/2024\/11\/Nasenkorrektur-Vorher-Nachher-Foto-in-der-Turkei-29-320x400.jpg 320w, https:\/\/www.alevcamcioglu.com\/wp-content\/uploads\/2024\/11\/Nasenkorrektur-Vorher-Nachher-Foto-in-der-Turkei-29-640x800.jpg 640w, https:\/\/www.alevcamcioglu.com\/wp-content\/uploads\/2024\/11\/Nasenkorrektur-Vorher-Nachher-Foto-in-der-Turkei-29-768x960.jpg 768w, https:\/\/www.alevcamcioglu.com\/wp-content\/uploads\/2024\/11\/Nasenkorrektur-Vorher-Nachher-Foto-in-der-Turkei-29.jpg 1000w\" sizes=\"(max-width: 320px) 100vw, 320px\" title=\"\">                                                              <\/div>\n              <div class=\"box-text text-left\" >\n                 <p><\/p>\n              <\/div>\n            <\/div>\n            <\/a>          <\/div>\n         <\/div><div class=\"gallery-col col\" >\n          <div class=\"col-inner\">\n            <a class=\"image-lightbox lightbox-gallery\" href=\"https:\/\/www.alevcamcioglu.com\/wp-content\/uploads\/2024\/11\/Nasenkorrektur-Vorher-Nachher-Foto-in-der-Turkei-30.jpg\" title=\"\">            <div class=\"box has-hover gallery-box box-normal\">\n              <div class=\"box-image\" >\n                <img decoding=\"async\" width=\"320\" height=\"400\" src=\"https:\/\/www.alevcamcioglu.com\/wp-content\/uploads\/2024\/11\/Nasenkorrektur-Vorher-Nachher-Foto-in-der-Turkei-30-320x400.jpg\" class=\"attachment-medium size-medium\" alt=\"\" ids=\"8946,8952,8958,8964,8970,8976,8982,8988,8994,9000,9006,9012,9018,9024,9030,9036,9042,9048,9054,9060,9066,9072,9078,9084,9090,9096,9102,9108,9114,9120,9126,9132,9138,9144,9150,9156,9162,9168,9174,9180,9186,9192,9198,9204\" style=\"normal\" lightbox_image_size=\"2048x2048\" type=\"slider\" slider_nav_style=\"circle\" slider_nav_position=\"outside\" srcset=\"https:\/\/www.alevcamcioglu.com\/wp-content\/uploads\/2024\/11\/Nasenkorrektur-Vorher-Nachher-Foto-in-der-Turkei-30-320x400.jpg 320w, https:\/\/www.alevcamcioglu.com\/wp-content\/uploads\/2024\/11\/Nasenkorrektur-Vorher-Nachher-Foto-in-der-Turkei-30-640x800.jpg 640w, https:\/\/www.alevcamcioglu.com\/wp-content\/uploads\/2024\/11\/Nasenkorrektur-Vorher-Nachher-Foto-in-der-Turkei-30-768x960.jpg 768w, https:\/\/www.alevcamcioglu.com\/wp-content\/uploads\/2024\/11\/Nasenkorrektur-Vorher-Nachher-Foto-in-der-Turkei-30.jpg 1200w\" sizes=\"(max-width: 320px) 100vw, 320px\" title=\"\">                                                              <\/div>\n              <div class=\"box-text text-left\" >\n                 <p><\/p>\n              <\/div>\n            <\/div>\n            <\/a>          <\/div>\n         <\/div><div class=\"gallery-col col\" >\n          <div class=\"col-inner\">\n            <a class=\"image-lightbox lightbox-gallery\" href=\"https:\/\/www.alevcamcioglu.com\/wp-content\/uploads\/2024\/11\/Nasenkorrektur-Vorher-Nachher-Foto-in-der-Turkei-31.jpg\" title=\"\">            <div class=\"box has-hover gallery-box box-normal\">\n              <div class=\"box-image\" >\n                <img decoding=\"async\" width=\"320\" height=\"400\" src=\"https:\/\/www.alevcamcioglu.com\/wp-content\/uploads\/2024\/11\/Nasenkorrektur-Vorher-Nachher-Foto-in-der-Turkei-31-320x400.jpg\" class=\"attachment-medium size-medium\" alt=\"\" ids=\"8946,8952,8958,8964,8970,8976,8982,8988,8994,9000,9006,9012,9018,9024,9030,9036,9042,9048,9054,9060,9066,9072,9078,9084,9090,9096,9102,9108,9114,9120,9126,9132,9138,9144,9150,9156,9162,9168,9174,9180,9186,9192,9198,9204\" style=\"normal\" lightbox_image_size=\"2048x2048\" type=\"slider\" slider_nav_style=\"circle\" slider_nav_position=\"outside\" srcset=\"https:\/\/www.alevcamcioglu.com\/wp-content\/uploads\/2024\/11\/Nasenkorrektur-Vorher-Nachher-Foto-in-der-Turkei-31-320x400.jpg 320w, https:\/\/www.alevcamcioglu.com\/wp-content\/uploads\/2024\/11\/Nasenkorrektur-Vorher-Nachher-Foto-in-der-Turkei-31-640x800.jpg 640w, https:\/\/www.alevcamcioglu.com\/wp-content\/uploads\/2024\/11\/Nasenkorrektur-Vorher-Nachher-Foto-in-der-Turkei-31-768x960.jpg 768w, https:\/\/www.alevcamcioglu.com\/wp-content\/uploads\/2024\/11\/Nasenkorrektur-Vorher-Nachher-Foto-in-der-Turkei-31.jpg 1000w\" sizes=\"(max-width: 320px) 100vw, 320px\" title=\"\">                                                              <\/div>\n              <div class=\"box-text text-left\" >\n                 <p><\/p>\n              <\/div>\n            <\/div>\n            <\/a>          <\/div>\n         <\/div><div class=\"gallery-col col\" >\n          <div class=\"col-inner\">\n            <a class=\"image-lightbox lightbox-gallery\" href=\"https:\/\/www.alevcamcioglu.com\/wp-content\/uploads\/2024\/11\/Nasenkorrektur-Vorher-Nachher-Foto-in-der-Turkei-32.jpg\" title=\"\">            <div class=\"box has-hover gallery-box box-normal\">\n              <div class=\"box-image\" >\n                <img decoding=\"async\" width=\"320\" height=\"400\" src=\"https:\/\/www.alevcamcioglu.com\/wp-content\/uploads\/2024\/11\/Nasenkorrektur-Vorher-Nachher-Foto-in-der-Turkei-32-320x400.jpg\" class=\"attachment-medium size-medium\" alt=\"\" ids=\"8946,8952,8958,8964,8970,8976,8982,8988,8994,9000,9006,9012,9018,9024,9030,9036,9042,9048,9054,9060,9066,9072,9078,9084,9090,9096,9102,9108,9114,9120,9126,9132,9138,9144,9150,9156,9162,9168,9174,9180,9186,9192,9198,9204\" style=\"normal\" lightbox_image_size=\"2048x2048\" type=\"slider\" slider_nav_style=\"circle\" slider_nav_position=\"outside\" srcset=\"https:\/\/www.alevcamcioglu.com\/wp-content\/uploads\/2024\/11\/Nasenkorrektur-Vorher-Nachher-Foto-in-der-Turkei-32-320x400.jpg 320w, https:\/\/www.alevcamcioglu.com\/wp-content\/uploads\/2024\/11\/Nasenkorrektur-Vorher-Nachher-Foto-in-der-Turkei-32-640x800.jpg 640w, https:\/\/www.alevcamcioglu.com\/wp-content\/uploads\/2024\/11\/Nasenkorrektur-Vorher-Nachher-Foto-in-der-Turkei-32-768x960.jpg 768w, https:\/\/www.alevcamcioglu.com\/wp-content\/uploads\/2024\/11\/Nasenkorrektur-Vorher-Nachher-Foto-in-der-Turkei-32.jpg 1000w\" sizes=\"(max-width: 320px) 100vw, 320px\" title=\"\">                                                              <\/div>\n              <div class=\"box-text text-left\" >\n                 <p><\/p>\n              <\/div>\n            <\/div>\n            <\/a>          <\/div>\n         <\/div><div class=\"gallery-col col\" >\n          <div class=\"col-inner\">\n            <a class=\"image-lightbox lightbox-gallery\" href=\"https:\/\/www.alevcamcioglu.com\/wp-content\/uploads\/2024\/11\/Nasenkorrektur-Vorher-Nachher-Foto-in-der-Turkei-33.jpg\" title=\"\">            <div class=\"box has-hover gallery-box box-normal\">\n              <div class=\"box-image\" >\n                <img decoding=\"async\" width=\"320\" height=\"400\" src=\"https:\/\/www.alevcamcioglu.com\/wp-content\/uploads\/2024\/11\/Nasenkorrektur-Vorher-Nachher-Foto-in-der-Turkei-33-320x400.jpg\" class=\"attachment-medium size-medium\" alt=\"\" ids=\"8946,8952,8958,8964,8970,8976,8982,8988,8994,9000,9006,9012,9018,9024,9030,9036,9042,9048,9054,9060,9066,9072,9078,9084,9090,9096,9102,9108,9114,9120,9126,9132,9138,9144,9150,9156,9162,9168,9174,9180,9186,9192,9198,9204\" style=\"normal\" lightbox_image_size=\"2048x2048\" type=\"slider\" slider_nav_style=\"circle\" slider_nav_position=\"outside\" srcset=\"https:\/\/www.alevcamcioglu.com\/wp-content\/uploads\/2024\/11\/Nasenkorrektur-Vorher-Nachher-Foto-in-der-Turkei-33-320x400.jpg 320w, https:\/\/www.alevcamcioglu.com\/wp-content\/uploads\/2024\/11\/Nasenkorrektur-Vorher-Nachher-Foto-in-der-Turkei-33-640x800.jpg 640w, https:\/\/www.alevcamcioglu.com\/wp-content\/uploads\/2024\/11\/Nasenkorrektur-Vorher-Nachher-Foto-in-der-Turkei-33-768x960.jpg 768w, https:\/\/www.alevcamcioglu.com\/wp-content\/uploads\/2024\/11\/Nasenkorrektur-Vorher-Nachher-Foto-in-der-Turkei-33.jpg 1000w\" sizes=\"(max-width: 320px) 100vw, 320px\" title=\"\">                                                              <\/div>\n              <div class=\"box-text text-left\" >\n                 <p><\/p>\n              <\/div>\n            <\/div>\n            <\/a>          <\/div>\n         <\/div><div class=\"gallery-col col\" >\n          <div class=\"col-inner\">\n            <a class=\"image-lightbox lightbox-gallery\" href=\"https:\/\/www.alevcamcioglu.com\/wp-content\/uploads\/2024\/11\/Nasenkorrektur-Vorher-Nachher-Foto-in-der-Turkei-34.jpg\" title=\"\">            <div class=\"box has-hover gallery-box box-normal\">\n              <div class=\"box-image\" >\n                <img decoding=\"async\" width=\"320\" height=\"400\" src=\"https:\/\/www.alevcamcioglu.com\/wp-content\/uploads\/2024\/11\/Nasenkorrektur-Vorher-Nachher-Foto-in-der-Turkei-34-320x400.jpg\" class=\"attachment-medium size-medium\" alt=\"\" ids=\"8946,8952,8958,8964,8970,8976,8982,8988,8994,9000,9006,9012,9018,9024,9030,9036,9042,9048,9054,9060,9066,9072,9078,9084,9090,9096,9102,9108,9114,9120,9126,9132,9138,9144,9150,9156,9162,9168,9174,9180,9186,9192,9198,9204\" style=\"normal\" lightbox_image_size=\"2048x2048\" type=\"slider\" slider_nav_style=\"circle\" slider_nav_position=\"outside\" srcset=\"https:\/\/www.alevcamcioglu.com\/wp-content\/uploads\/2024\/11\/Nasenkorrektur-Vorher-Nachher-Foto-in-der-Turkei-34-320x400.jpg 320w, https:\/\/www.alevcamcioglu.com\/wp-content\/uploads\/2024\/11\/Nasenkorrektur-Vorher-Nachher-Foto-in-der-Turkei-34-640x800.jpg 640w, https:\/\/www.alevcamcioglu.com\/wp-content\/uploads\/2024\/11\/Nasenkorrektur-Vorher-Nachher-Foto-in-der-Turkei-34-768x960.jpg 768w, https:\/\/www.alevcamcioglu.com\/wp-content\/uploads\/2024\/11\/Nasenkorrektur-Vorher-Nachher-Foto-in-der-Turkei-34.jpg 1000w\" sizes=\"(max-width: 320px) 100vw, 320px\" title=\"\">                                                              <\/div>\n              <div class=\"box-text text-left\" >\n                 <p><\/p>\n              <\/div>\n            <\/div>\n            <\/a>          <\/div>\n         <\/div><div class=\"gallery-col col\" >\n          <div class=\"col-inner\">\n            <a class=\"image-lightbox lightbox-gallery\" href=\"https:\/\/www.alevcamcioglu.com\/wp-content\/uploads\/2024\/11\/Nasenkorrektur-Vorher-Nachher-Foto-in-der-Turkei-35.jpg\" title=\"\">            <div class=\"box has-hover gallery-box box-normal\">\n              <div class=\"box-image\" >\n                <img decoding=\"async\" width=\"320\" height=\"400\" src=\"https:\/\/www.alevcamcioglu.com\/wp-content\/uploads\/2024\/11\/Nasenkorrektur-Vorher-Nachher-Foto-in-der-Turkei-35-320x400.jpg\" class=\"attachment-medium size-medium\" alt=\"\" ids=\"8946,8952,8958,8964,8970,8976,8982,8988,8994,9000,9006,9012,9018,9024,9030,9036,9042,9048,9054,9060,9066,9072,9078,9084,9090,9096,9102,9108,9114,9120,9126,9132,9138,9144,9150,9156,9162,9168,9174,9180,9186,9192,9198,9204\" style=\"normal\" lightbox_image_size=\"2048x2048\" type=\"slider\" slider_nav_style=\"circle\" slider_nav_position=\"outside\" srcset=\"https:\/\/www.alevcamcioglu.com\/wp-content\/uploads\/2024\/11\/Nasenkorrektur-Vorher-Nachher-Foto-in-der-Turkei-35-320x400.jpg 320w, https:\/\/www.alevcamcioglu.com\/wp-content\/uploads\/2024\/11\/Nasenkorrektur-Vorher-Nachher-Foto-in-der-Turkei-35-640x800.jpg 640w, https:\/\/www.alevcamcioglu.com\/wp-content\/uploads\/2024\/11\/Nasenkorrektur-Vorher-Nachher-Foto-in-der-Turkei-35-768x960.jpg 768w, https:\/\/www.alevcamcioglu.com\/wp-content\/uploads\/2024\/11\/Nasenkorrektur-Vorher-Nachher-Foto-in-der-Turkei-35.jpg 1000w\" sizes=\"(max-width: 320px) 100vw, 320px\" title=\"\">                                                              <\/div>\n              <div class=\"box-text text-left\" >\n                 <p><\/p>\n              <\/div>\n            <\/div>\n            <\/a>          <\/div>\n         <\/div><div class=\"gallery-col col\" >\n          <div class=\"col-inner\">\n            <a class=\"image-lightbox lightbox-gallery\" href=\"https:\/\/www.alevcamcioglu.com\/wp-content\/uploads\/2024\/11\/Nasenkorrektur-Vorher-Nachher-Foto-in-der-Turkei-36.jpg\" title=\"\">            <div class=\"box has-hover gallery-box box-normal\">\n              <div class=\"box-image\" >\n                <img decoding=\"async\" width=\"320\" height=\"400\" src=\"https:\/\/www.alevcamcioglu.com\/wp-content\/uploads\/2024\/11\/Nasenkorrektur-Vorher-Nachher-Foto-in-der-Turkei-36-320x400.jpg\" class=\"attachment-medium size-medium\" alt=\"\" ids=\"8946,8952,8958,8964,8970,8976,8982,8988,8994,9000,9006,9012,9018,9024,9030,9036,9042,9048,9054,9060,9066,9072,9078,9084,9090,9096,9102,9108,9114,9120,9126,9132,9138,9144,9150,9156,9162,9168,9174,9180,9186,9192,9198,9204\" style=\"normal\" lightbox_image_size=\"2048x2048\" type=\"slider\" slider_nav_style=\"circle\" slider_nav_position=\"outside\" srcset=\"https:\/\/www.alevcamcioglu.com\/wp-content\/uploads\/2024\/11\/Nasenkorrektur-Vorher-Nachher-Foto-in-der-Turkei-36-320x400.jpg 320w, https:\/\/www.alevcamcioglu.com\/wp-content\/uploads\/2024\/11\/Nasenkorrektur-Vorher-Nachher-Foto-in-der-Turkei-36-640x800.jpg 640w, https:\/\/www.alevcamcioglu.com\/wp-content\/uploads\/2024\/11\/Nasenkorrektur-Vorher-Nachher-Foto-in-der-Turkei-36-768x960.jpg 768w, https:\/\/www.alevcamcioglu.com\/wp-content\/uploads\/2024\/11\/Nasenkorrektur-Vorher-Nachher-Foto-in-der-Turkei-36.jpg 1200w\" sizes=\"(max-width: 320px) 100vw, 320px\" title=\"\">                                                              <\/div>\n              <div class=\"box-text text-left\" >\n                 <p><\/p>\n              <\/div>\n            <\/div>\n            <\/a>          <\/div>\n         <\/div><div class=\"gallery-col col\" >\n          <div class=\"col-inner\">\n            <a class=\"image-lightbox lightbox-gallery\" href=\"https:\/\/www.alevcamcioglu.com\/wp-content\/uploads\/2024\/11\/Nasenkorrektur-Vorher-Nachher-Foto-in-der-Turkei-37.jpg\" title=\"\">            <div class=\"box has-hover gallery-box box-normal\">\n              <div class=\"box-image\" >\n                <img decoding=\"async\" width=\"320\" height=\"400\" src=\"https:\/\/www.alevcamcioglu.com\/wp-content\/uploads\/2024\/11\/Nasenkorrektur-Vorher-Nachher-Foto-in-der-Turkei-37-320x400.jpg\" class=\"attachment-medium size-medium\" alt=\"\" ids=\"8946,8952,8958,8964,8970,8976,8982,8988,8994,9000,9006,9012,9018,9024,9030,9036,9042,9048,9054,9060,9066,9072,9078,9084,9090,9096,9102,9108,9114,9120,9126,9132,9138,9144,9150,9156,9162,9168,9174,9180,9186,9192,9198,9204\" style=\"normal\" lightbox_image_size=\"2048x2048\" type=\"slider\" slider_nav_style=\"circle\" slider_nav_position=\"outside\" srcset=\"https:\/\/www.alevcamcioglu.com\/wp-content\/uploads\/2024\/11\/Nasenkorrektur-Vorher-Nachher-Foto-in-der-Turkei-37-320x400.jpg 320w, https:\/\/www.alevcamcioglu.com\/wp-content\/uploads\/2024\/11\/Nasenkorrektur-Vorher-Nachher-Foto-in-der-Turkei-37-640x800.jpg 640w, https:\/\/www.alevcamcioglu.com\/wp-content\/uploads\/2024\/11\/Nasenkorrektur-Vorher-Nachher-Foto-in-der-Turkei-37-768x960.jpg 768w, https:\/\/www.alevcamcioglu.com\/wp-content\/uploads\/2024\/11\/Nasenkorrektur-Vorher-Nachher-Foto-in-der-Turkei-37.jpg 1200w\" sizes=\"(max-width: 320px) 100vw, 320px\" title=\"\">                                                              <\/div>\n              <div class=\"box-text text-left\" >\n                 <p><\/p>\n              <\/div>\n            <\/div>\n            <\/a>          <\/div>\n         <\/div><div class=\"gallery-col col\" >\n          <div class=\"col-inner\">\n            <a class=\"image-lightbox lightbox-gallery\" href=\"https:\/\/www.alevcamcioglu.com\/wp-content\/uploads\/2024\/11\/Nasenkorrektur-Vorher-Nachher-Foto-in-der-Turkei-38.jpg\" title=\"\">            <div class=\"box has-hover gallery-box box-normal\">\n              <div class=\"box-image\" >\n                <img decoding=\"async\" width=\"320\" height=\"400\" src=\"https:\/\/www.alevcamcioglu.com\/wp-content\/uploads\/2024\/11\/Nasenkorrektur-Vorher-Nachher-Foto-in-der-Turkei-38-320x400.jpg\" class=\"attachment-medium size-medium\" alt=\"\" ids=\"8946,8952,8958,8964,8970,8976,8982,8988,8994,9000,9006,9012,9018,9024,9030,9036,9042,9048,9054,9060,9066,9072,9078,9084,9090,9096,9102,9108,9114,9120,9126,9132,9138,9144,9150,9156,9162,9168,9174,9180,9186,9192,9198,9204\" style=\"normal\" lightbox_image_size=\"2048x2048\" type=\"slider\" slider_nav_style=\"circle\" slider_nav_position=\"outside\" srcset=\"https:\/\/www.alevcamcioglu.com\/wp-content\/uploads\/2024\/11\/Nasenkorrektur-Vorher-Nachher-Foto-in-der-Turkei-38-320x400.jpg 320w, https:\/\/www.alevcamcioglu.com\/wp-content\/uploads\/2024\/11\/Nasenkorrektur-Vorher-Nachher-Foto-in-der-Turkei-38-640x800.jpg 640w, https:\/\/www.alevcamcioglu.com\/wp-content\/uploads\/2024\/11\/Nasenkorrektur-Vorher-Nachher-Foto-in-der-Turkei-38-768x960.jpg 768w, https:\/\/www.alevcamcioglu.com\/wp-content\/uploads\/2024\/11\/Nasenkorrektur-Vorher-Nachher-Foto-in-der-Turkei-38.jpg 1200w\" sizes=\"(max-width: 320px) 100vw, 320px\" title=\"\">                                                              <\/div>\n              <div class=\"box-text text-left\" >\n                 <p><\/p>\n              <\/div>\n            <\/div>\n            <\/a>          <\/div>\n         <\/div><div class=\"gallery-col col\" >\n          <div class=\"col-inner\">\n            <a class=\"image-lightbox lightbox-gallery\" href=\"https:\/\/www.alevcamcioglu.com\/wp-content\/uploads\/2024\/11\/Nasenkorrektur-Vorher-Nachher-Foto-in-der-Turkei-39.jpg\" title=\"\">            <div class=\"box has-hover gallery-box box-normal\">\n              <div class=\"box-image\" >\n                <img decoding=\"async\" width=\"320\" height=\"400\" src=\"https:\/\/www.alevcamcioglu.com\/wp-content\/uploads\/2024\/11\/Nasenkorrektur-Vorher-Nachher-Foto-in-der-Turkei-39-320x400.jpg\" class=\"attachment-medium size-medium\" alt=\"\" ids=\"8946,8952,8958,8964,8970,8976,8982,8988,8994,9000,9006,9012,9018,9024,9030,9036,9042,9048,9054,9060,9066,9072,9078,9084,9090,9096,9102,9108,9114,9120,9126,9132,9138,9144,9150,9156,9162,9168,9174,9180,9186,9192,9198,9204\" style=\"normal\" lightbox_image_size=\"2048x2048\" type=\"slider\" slider_nav_style=\"circle\" slider_nav_position=\"outside\" srcset=\"https:\/\/www.alevcamcioglu.com\/wp-content\/uploads\/2024\/11\/Nasenkorrektur-Vorher-Nachher-Foto-in-der-Turkei-39-320x400.jpg 320w, https:\/\/www.alevcamcioglu.com\/wp-content\/uploads\/2024\/11\/Nasenkorrektur-Vorher-Nachher-Foto-in-der-Turkei-39-639x800.jpg 639w, https:\/\/www.alevcamcioglu.com\/wp-content\/uploads\/2024\/11\/Nasenkorrektur-Vorher-Nachher-Foto-in-der-Turkei-39-768x961.jpg 768w, https:\/\/www.alevcamcioglu.com\/wp-content\/uploads\/2024\/11\/Nasenkorrektur-Vorher-Nachher-Foto-in-der-Turkei-39.jpg 999w\" sizes=\"(max-width: 320px) 100vw, 320px\" title=\"\">                                                              <\/div>\n              <div class=\"box-text text-left\" >\n                 <p><\/p>\n              <\/div>\n            <\/div>\n            <\/a>          <\/div>\n         <\/div><div class=\"gallery-col col\" >\n          <div class=\"col-inner\">\n            <a class=\"image-lightbox lightbox-gallery\" href=\"https:\/\/www.alevcamcioglu.com\/wp-content\/uploads\/2024\/11\/Nasenkorrektur-Vorher-Nachher-Foto-in-der-Turkei-40.jpg\" title=\"\">            <div class=\"box has-hover gallery-box box-normal\">\n              <div class=\"box-image\" >\n                <img decoding=\"async\" width=\"320\" height=\"400\" src=\"https:\/\/www.alevcamcioglu.com\/wp-content\/uploads\/2024\/11\/Nasenkorrektur-Vorher-Nachher-Foto-in-der-Turkei-40-320x400.jpg\" class=\"attachment-medium size-medium\" alt=\"\" ids=\"8946,8952,8958,8964,8970,8976,8982,8988,8994,9000,9006,9012,9018,9024,9030,9036,9042,9048,9054,9060,9066,9072,9078,9084,9090,9096,9102,9108,9114,9120,9126,9132,9138,9144,9150,9156,9162,9168,9174,9180,9186,9192,9198,9204\" style=\"normal\" lightbox_image_size=\"2048x2048\" type=\"slider\" slider_nav_style=\"circle\" slider_nav_position=\"outside\" srcset=\"https:\/\/www.alevcamcioglu.com\/wp-content\/uploads\/2024\/11\/Nasenkorrektur-Vorher-Nachher-Foto-in-der-Turkei-40-320x400.jpg 320w, https:\/\/www.alevcamcioglu.com\/wp-content\/uploads\/2024\/11\/Nasenkorrektur-Vorher-Nachher-Foto-in-der-Turkei-40-640x800.jpg 640w, https:\/\/www.alevcamcioglu.com\/wp-content\/uploads\/2024\/11\/Nasenkorrektur-Vorher-Nachher-Foto-in-der-Turkei-40-768x960.jpg 768w, https:\/\/www.alevcamcioglu.com\/wp-content\/uploads\/2024\/11\/Nasenkorrektur-Vorher-Nachher-Foto-in-der-Turkei-40.jpg 1000w\" sizes=\"(max-width: 320px) 100vw, 320px\" title=\"\">                                                              <\/div>\n              <div class=\"box-text text-left\" >\n                 <p><\/p>\n              <\/div>\n            <\/div>\n            <\/a>          <\/div>\n         <\/div><div class=\"gallery-col col\" >\n          <div class=\"col-inner\">\n            <a class=\"image-lightbox lightbox-gallery\" href=\"https:\/\/www.alevcamcioglu.com\/wp-content\/uploads\/2024\/11\/Nasenkorrektur-Vorher-Nachher-Foto-in-der-Turkei-41.jpg\" title=\"\">            <div class=\"box has-hover gallery-box box-normal\">\n              <div class=\"box-image\" >\n                <img decoding=\"async\" width=\"320\" height=\"400\" src=\"https:\/\/www.alevcamcioglu.com\/wp-content\/uploads\/2024\/11\/Nasenkorrektur-Vorher-Nachher-Foto-in-der-Turkei-41-320x400.jpg\" class=\"attachment-medium size-medium\" alt=\"\" ids=\"8946,8952,8958,8964,8970,8976,8982,8988,8994,9000,9006,9012,9018,9024,9030,9036,9042,9048,9054,9060,9066,9072,9078,9084,9090,9096,9102,9108,9114,9120,9126,9132,9138,9144,9150,9156,9162,9168,9174,9180,9186,9192,9198,9204\" style=\"normal\" lightbox_image_size=\"2048x2048\" type=\"slider\" slider_nav_style=\"circle\" slider_nav_position=\"outside\" srcset=\"https:\/\/www.alevcamcioglu.com\/wp-content\/uploads\/2024\/11\/Nasenkorrektur-Vorher-Nachher-Foto-in-der-Turkei-41-320x400.jpg 320w, https:\/\/www.alevcamcioglu.com\/wp-content\/uploads\/2024\/11\/Nasenkorrektur-Vorher-Nachher-Foto-in-der-Turkei-41-640x800.jpg 640w, https:\/\/www.alevcamcioglu.com\/wp-content\/uploads\/2024\/11\/Nasenkorrektur-Vorher-Nachher-Foto-in-der-Turkei-41-768x960.jpg 768w, https:\/\/www.alevcamcioglu.com\/wp-content\/uploads\/2024\/11\/Nasenkorrektur-Vorher-Nachher-Foto-in-der-Turkei-41.jpg 1000w\" sizes=\"(max-width: 320px) 100vw, 320px\" title=\"\">                                                              <\/div>\n              <div class=\"box-text text-left\" >\n                 <p><\/p>\n              <\/div>\n            <\/div>\n            <\/a>          <\/div>\n         <\/div><div class=\"gallery-col col\" >\n          <div class=\"col-inner\">\n            <a class=\"image-lightbox lightbox-gallery\" href=\"https:\/\/www.alevcamcioglu.com\/wp-content\/uploads\/2024\/11\/Nasenkorrektur-Vorher-Nachher-Foto-in-der-Turkei-42.jpg\" title=\"\">            <div class=\"box has-hover gallery-box box-normal\">\n              <div class=\"box-image\" >\n                <img decoding=\"async\" width=\"320\" height=\"400\" src=\"https:\/\/www.alevcamcioglu.com\/wp-content\/uploads\/2024\/11\/Nasenkorrektur-Vorher-Nachher-Foto-in-der-Turkei-42-320x400.jpg\" class=\"attachment-medium size-medium\" alt=\"\" ids=\"8946,8952,8958,8964,8970,8976,8982,8988,8994,9000,9006,9012,9018,9024,9030,9036,9042,9048,9054,9060,9066,9072,9078,9084,9090,9096,9102,9108,9114,9120,9126,9132,9138,9144,9150,9156,9162,9168,9174,9180,9186,9192,9198,9204\" style=\"normal\" lightbox_image_size=\"2048x2048\" type=\"slider\" slider_nav_style=\"circle\" slider_nav_position=\"outside\" srcset=\"https:\/\/www.alevcamcioglu.com\/wp-content\/uploads\/2024\/11\/Nasenkorrektur-Vorher-Nachher-Foto-in-der-Turkei-42-320x400.jpg 320w, https:\/\/www.alevcamcioglu.com\/wp-content\/uploads\/2024\/11\/Nasenkorrektur-Vorher-Nachher-Foto-in-der-Turkei-42-640x800.jpg 640w, https:\/\/www.alevcamcioglu.com\/wp-content\/uploads\/2024\/11\/Nasenkorrektur-Vorher-Nachher-Foto-in-der-Turkei-42-768x960.jpg 768w, https:\/\/www.alevcamcioglu.com\/wp-content\/uploads\/2024\/11\/Nasenkorrektur-Vorher-Nachher-Foto-in-der-Turkei-42.jpg 1200w\" sizes=\"(max-width: 320px) 100vw, 320px\" title=\"\">                                                              <\/div>\n              <div class=\"box-text text-left\" >\n                 <p><\/p>\n              <\/div>\n            <\/div>\n            <\/a>          <\/div>\n         <\/div><div class=\"gallery-col col\" >\n          <div class=\"col-inner\">\n            <a class=\"image-lightbox lightbox-gallery\" href=\"https:\/\/www.alevcamcioglu.com\/wp-content\/uploads\/2024\/11\/Nasenkorrektur-Vorher-Nachher-Foto-in-der-Turkei-43.jpg\" title=\"\">            <div class=\"box has-hover gallery-box box-normal\">\n              <div class=\"box-image\" >\n                <img decoding=\"async\" width=\"320\" height=\"400\" src=\"https:\/\/www.alevcamcioglu.com\/wp-content\/uploads\/2024\/11\/Nasenkorrektur-Vorher-Nachher-Foto-in-der-Turkei-43-320x400.jpg\" class=\"attachment-medium size-medium\" alt=\"\" ids=\"8946,8952,8958,8964,8970,8976,8982,8988,8994,9000,9006,9012,9018,9024,9030,9036,9042,9048,9054,9060,9066,9072,9078,9084,9090,9096,9102,9108,9114,9120,9126,9132,9138,9144,9150,9156,9162,9168,9174,9180,9186,9192,9198,9204\" style=\"normal\" lightbox_image_size=\"2048x2048\" type=\"slider\" slider_nav_style=\"circle\" slider_nav_position=\"outside\" srcset=\"https:\/\/www.alevcamcioglu.com\/wp-content\/uploads\/2024\/11\/Nasenkorrektur-Vorher-Nachher-Foto-in-der-Turkei-43-320x400.jpg 320w, https:\/\/www.alevcamcioglu.com\/wp-content\/uploads\/2024\/11\/Nasenkorrektur-Vorher-Nachher-Foto-in-der-Turkei-43-640x800.jpg 640w, https:\/\/www.alevcamcioglu.com\/wp-content\/uploads\/2024\/11\/Nasenkorrektur-Vorher-Nachher-Foto-in-der-Turkei-43-768x960.jpg 768w, https:\/\/www.alevcamcioglu.com\/wp-content\/uploads\/2024\/11\/Nasenkorrektur-Vorher-Nachher-Foto-in-der-Turkei-43.jpg 1200w\" sizes=\"(max-width: 320px) 100vw, 320px\" title=\"\">                                                              <\/div>\n              <div class=\"box-text text-left\" >\n                 <p><\/p>\n              <\/div>\n            <\/div>\n            <\/a>          <\/div>\n         <\/div><div class=\"gallery-col col\" >\n          <div class=\"col-inner\">\n            <a class=\"image-lightbox lightbox-gallery\" href=\"https:\/\/www.alevcamcioglu.com\/wp-content\/uploads\/2024\/11\/Nasenkorrektur-Vorher-Nachher-Foto-in-der-Turkei-44.jpg\" title=\"\">            <div class=\"box has-hover gallery-box box-normal\">\n              <div class=\"box-image\" >\n                <img decoding=\"async\" width=\"320\" height=\"400\" src=\"https:\/\/www.alevcamcioglu.com\/wp-content\/uploads\/2024\/11\/Nasenkorrektur-Vorher-Nachher-Foto-in-der-Turkei-44-320x400.jpg\" class=\"attachment-medium size-medium\" alt=\"\" ids=\"8946,8952,8958,8964,8970,8976,8982,8988,8994,9000,9006,9012,9018,9024,9030,9036,9042,9048,9054,9060,9066,9072,9078,9084,9090,9096,9102,9108,9114,9120,9126,9132,9138,9144,9150,9156,9162,9168,9174,9180,9186,9192,9198,9204\" style=\"normal\" lightbox_image_size=\"2048x2048\" type=\"slider\" slider_nav_style=\"circle\" slider_nav_position=\"outside\" srcset=\"https:\/\/www.alevcamcioglu.com\/wp-content\/uploads\/2024\/11\/Nasenkorrektur-Vorher-Nachher-Foto-in-der-Turkei-44-320x400.jpg 320w, https:\/\/www.alevcamcioglu.com\/wp-content\/uploads\/2024\/11\/Nasenkorrektur-Vorher-Nachher-Foto-in-der-Turkei-44-640x800.jpg 640w, https:\/\/www.alevcamcioglu.com\/wp-content\/uploads\/2024\/11\/Nasenkorrektur-Vorher-Nachher-Foto-in-der-Turkei-44-768x960.jpg 768w, https:\/\/www.alevcamcioglu.com\/wp-content\/uploads\/2024\/11\/Nasenkorrektur-Vorher-Nachher-Foto-in-der-Turkei-44.jpg 1200w\" sizes=\"(max-width: 320px) 100vw, 320px\" title=\"\">                                                              <\/div>\n              <div class=\"box-text text-left\" >\n                 <p><\/p>\n              <\/div>\n            <\/div>\n            <\/a>          <\/div>\n         <\/div><\/div>\r\n\r\n<a href=\"https:\/\/www.alevcamcioglu.com\/de\/results\/nasen-op-vorher-nachher\/\" class=\"button primary lowercase\" style=\"border-radius:10px;padding:5px 25px 5px 25px;\">\n\t\t<span>Alle unsere Ergebnisse ansehen<\/span>\n\t<i class=\"icon-angle-right\" aria-hidden=\"true\"><\/i><\/a>\n\r\n\r\n\t\t<\/div>\n\t\t\t\t\n<style>\n#col-583154149 > .col-inner {\n  padding: 20px 0px 0px 0px;\n}\n<\/style>\n\t<\/div>\n\n\t\r\n\r\n<\/div>\r\n\r\n\t\t<\/div>\n\n\t\t\n<style>\n#section_807050592 {\n  padding-top: 0px;\n  padding-bottom: 0px;\n  background-color: rgb(240, 240, 240);\n}\n<\/style>\n\t<\/section>\n\t\n\n\t<section class=\"section\" id=\"section_1814525384\">\n\t\t<div class=\"section-bg fill\" >\n\t\t\t\t\t\t\t\t\t\n\t\t\t\n\n\t\t<\/div>\n\n\t\t\n\n\t\t<div class=\"section-content relative\">\n\t\t\t\n<div class=\"row\"  id=\"row-1266659820\">\n\n\t<div id=\"col-462178390\" class=\"col small-12 large-12\"  >\n\t\t\t\t<div class=\"col-inner\"  >\n\t\t\t\n\t\t\t\n<h2>Welche Faktoren Tragen zur Bildung einer H\u00f6ckernase Bei?<\/h2>\n<p>Eine H\u00f6ckernase entsteht aufgrund abnormaler Erhebungen der Knochen- und Knorpelstruktur, die als Nasenr\u00fccken bekannt ist. Diese Bedingung wird durch genetische Faktoren und verschiedene Umwelteinfl\u00fcsse geformt. Die genetische Veranlagung ist einer der auff\u00e4lligsten Gr\u00fcnde f\u00fcr die Bildung einer H\u00f6ckernase. <a href=\"https:\/\/www.healthline.com\/health\/dorsal-hump\" target=\"_blank\" rel=\"noopener\">Das Vorhandensein von Personen mit einer H\u00f6ckernase in der Familie erh\u00f6ht die Wahrscheinlichkeit, eine \u00e4hnliche Nasenstruktur zu haben.<\/a> Diese genetischen Merkmale werden normalerweise w\u00e4hrend der Pubert\u00e4t sichtbar, wenn die Nase w\u00e4chst.<\/p>\n<p>Die Nase besteht aus verschiedenen Teilen, und in jedem von ihnen k\u00f6nnen Erhebungen auftreten:<\/p>\n<ul>\n<li aria-level=\"1\">Nasenl\u00f6cher: Der Ausgangspunkt der Nasenh\u00f6hle.<\/li>\n<li aria-level=\"1\">Septum: Trennt die Nasenl\u00f6cher und besteht aus Knochen und Knorpel.<\/li>\n<li aria-level=\"1\">Nasenh\u00f6hle: Der hintere Teil der Nase, der mit dem Rachen verbunden ist.<\/li>\n<\/ul>\n<p>Traumata oder Verletzungen k\u00f6nnen ebenfalls zur Bildung einer H\u00f6ckernase f\u00fchren. St\u00f6\u00dfe oder schlecht verheilte Br\u00fcche k\u00f6nnen zu Ungleichgewichten in der Nasenstruktur f\u00fchren. Diese physischen Einfl\u00fcsse f\u00fchren normalerweise zu sichtbaren Deformationen.<\/p>\n<p>Neben Verletzungen k\u00f6nnen auch Infektionen die Bildung einer H\u00f6ckernase beeinflussen. Besonders die Haarfollikel, die die Nasenl\u00f6cher auskleiden, sind anf\u00e4llig f\u00fcr Infektionen durch Bakterien und Pilze. Wenn sich diese Infektionen verschlimmern, tragen R\u00f6tungen und Schwellungen zur Bildung dorsaler Erhebungen bei.<\/p>\n<p>Medizinische Bedingungen sind weitere Faktoren, die die Bildung einer H\u00f6ckernase beeinflussen:<\/p>\n<ul>\n<li aria-level=\"1\">Allergien: F\u00fchren h\u00e4ufig zu Schwellungen und Verstopfungen in der Nase.<\/li>\n<li aria-level=\"1\">Polypen: Verstopfen die Nasennebenh\u00f6hlen und erschweren das Atmen.<\/li>\n<li aria-level=\"1\">Furunkel: Haarfollikelinfektionen, die meist durch das Bakterium Staphylococcus aureus verursacht werden.<\/li>\n<\/ul>\n<p>Schlie\u00dflich geh\u00f6ren zu den weiteren Faktoren, die zur Bildung einer H\u00f6ckernase beitragen, Eingriffe in die Nasenl\u00f6cher. \u00c4sthetische Eingriffe wie Nasenpiercings oder routinem\u00e4\u00dfige Aktivit\u00e4ten wie das Zupfen der Haare k\u00f6nnen die Nasenregion reizen und zur Bildung dorsaler Erhebungen f\u00fchren. Diese Reizungen k\u00f6nnen schlie\u00dflich zu Infektionen und Ver\u00e4nderungen der Nasenstruktur f\u00fchren.<\/p>\n<p>Jeder dieser Faktoren spielt eine Rolle bei der Bildung einer H\u00f6ckernase und kann \u00e4sthetische Bedenken bei den Betroffenen hervorrufen. In allen F\u00e4llen stellt eine H\u00f6ckernase f\u00fcr die meisten Menschen kein gesundheitliches Problem dar, kann jedoch das \u00e4sthetische Erscheinungsbild beeinflussen.<\/p>\n<h2>Wie Beeinflusst die H\u00f6ckernasen\u00e4sthetik die Atmungsfunktionen?<\/h2>\n<p>Eine H\u00f6ckernase wird in der Regel als \u00e4sthetisches Anliegen betrachtet und beeintr\u00e4chtigt in den meisten F\u00e4llen nicht direkt die Atmungsfunktionen. Diese anatomische Eigenschaft resultiert aus Unregelm\u00e4\u00dfigkeiten in den Knochen und Knorpeln im oberen Teil der Nase. Sie sollte nicht mit einer Nasenscheidewandverkr\u00fcmmung verwechselt werden, die die Atemwege in der Nase blockieren und das Atmen erschweren kann.<\/p>\n<ul>\n<li aria-level=\"1\">H\u00f6ckernase und Atmung: Die H\u00f6ckernase ist ein \u00e4sthetisches Problem und beeintr\u00e4chtigt in der Regel nicht direkt die Atmung.<\/li>\n<li aria-level=\"1\">Nasenscheidewandverkr\u00fcmmung: Eine andere Bedingung, die die Atmung direkt beeinflussen kann.<\/li>\n<\/ul>\n<p>In einigen F\u00e4llen kann eine Verletzung, die sowohl die H\u00f6ckernase als auch die Nasenscheidewand betrifft, die Atemwege teilweise beeintr\u00e4chtigen. Dieser Effekt ist jedoch in der Regel auf die Nasenscheidewandverkr\u00fcmmung und nicht auf die H\u00f6ckernase zur\u00fcckzuf\u00fchren. Das Entfernen des H\u00f6ckers bietet eine \u00e4sthetische Korrektur, aber es wird nicht erwartet, dass es die Atemkapazit\u00e4t signifikant verbessert. Die Hauptmotivation f\u00fcr die Entfernung des H\u00f6ckers ist in der Regel die Unzufriedenheit mit dem \u00e4sthetischen Erscheinungsbild der Nase.<\/p>\n<p>Daher wird die H\u00f6ckernasen\u00e4sthetik mehr aus pers\u00f6nlichen \u00e4sthetischen Vorlieben heraus durchgef\u00fchrt und nicht zur L\u00f6sung von Atemproblemen. Es wird nicht erwartet, dass das Entfernen des H\u00f6ckers einen positiven Effekt auf die Atmung hat. Dieser \u00e4sthetische Eingriff ver\u00e4ndert nur die Form und das Erscheinungsbild der Nase.<\/p>\n<h2>Wie Wird die H\u00f6ckernasen\u00e4sthetik mit der Offenen Rhinoplastik Methode Durchgef\u00fchrt?<\/h2>\n<figure id=\"attachment_2100\" aria-describedby=\"caption-attachment-2100\" style=\"width: 1024px\" class=\"wp-caption aligncenter\"><img decoding=\"async\" class=\"wp-image-2100 size-large\" src=\"https:\/\/www.alevcamcioglu.com\/wp-content\/uploads\/2024\/06\/Burun-ameliyati-sirasinda-ameliyathaneden-goruntu-1024x1024.jpg\" alt=\"Bild aus dem Operationssaal w\u00e4hrend der \" width=\"1024\" height=\"1024\" title=\"\" srcset=\"https:\/\/www.alevcamcioglu.com\/wp-content\/uploads\/2024\/06\/Burun-ameliyati-sirasinda-ameliyathaneden-goruntu-1024x1024.jpg 1024w, https:\/\/www.alevcamcioglu.com\/wp-content\/uploads\/2024\/06\/Burun-ameliyati-sirasinda-ameliyathaneden-goruntu-300x300.jpg 300w, https:\/\/www.alevcamcioglu.com\/wp-content\/uploads\/2024\/06\/Burun-ameliyati-sirasinda-ameliyathaneden-goruntu-150x150.jpg 150w, https:\/\/www.alevcamcioglu.com\/wp-content\/uploads\/2024\/06\/Burun-ameliyati-sirasinda-ameliyathaneden-goruntu-768x768.jpg 768w, https:\/\/www.alevcamcioglu.com\/wp-content\/uploads\/2024\/06\/Burun-ameliyati-sirasinda-ameliyathaneden-goruntu-370x370.jpg 370w, https:\/\/www.alevcamcioglu.com\/wp-content\/uploads\/2024\/06\/Burun-ameliyati-sirasinda-ameliyathaneden-goruntu-244x244.jpg 244w, https:\/\/www.alevcamcioglu.com\/wp-content\/uploads\/2024\/06\/Burun-ameliyati-sirasinda-ameliyathaneden-goruntu-760x760.jpg 760w, https:\/\/www.alevcamcioglu.com\/wp-content\/uploads\/2024\/06\/Burun-ameliyati-sirasinda-ameliyathaneden-goruntu.jpg 1080w\" sizes=\"(max-width: 1024px) 100vw, 1024px\" \/><figcaption id=\"caption-attachment-2100\" class=\"wp-caption-text\">Bild aus dem Operationssaal w\u00e4hrend der [sc name=\"title\"][\/sc]<\/figcaption><\/figure><a href=\"https:\/\/www.alevcamcioglu.com\/de\/nasen-op\/offene-nasenaesthetik\/\">Die offene Rhinoplastik<\/a> ist die am h\u00e4ufigsten verwendete Methode zur Korrektur von H\u00f6ckernasen. Diese Technik erm\u00f6glicht eine detaillierte Untersuchung der Nasenstruktur. Der Chirurg kann die Strukturen unter der Haut klar sehen und so pr\u00e4zisere Korrekturen vornehmen. W\u00e4hrend des Eingriffs macht der Chirurg einen kleinen Schnitt und hebt die Haut der Nase an, wodurch die Nasenknochen und der Knorpel freigelegt werden.<\/p>\n<p>Vorteile:<\/p>\n<ul>\n<li aria-level=\"1\">Bietet eine bessere Visualisierung.<\/li>\n<li aria-level=\"1\">Erm\u00f6glicht pr\u00e4zisere Korrekturen.<\/li>\n<li aria-level=\"1\">Erm\u00f6glicht die Korrektur komplexer Deformit\u00e4ten.<\/li>\n<\/ul>\n<p>Mit dieser Methode hat der Chirurg vollen Zugang zur Nasenanatomie und kann die notwendigen Korrekturen vornehmen. Besonders bei komplexen Nasenproblemen erm\u00f6glicht dieser Zugang erfolgreichere Ergebnisse. Der Heilungsprozess beginnt nach dem Eingriff und ist in der Regel innerhalb von drei Wochen abgeschlossen. In der ersten Woche wird die Nase mit einer Schiene oder einem Gips gesch\u00fctzt, was hilft, die neue Form zu erhalten.<\/p>\n<p>Zusammenfassend l\u00e4sst sich sagen, dass die offene Rhinoplastik besonders bei der Korrektur auff\u00e4lliger physischer Probleme wie einer H\u00f6ckernase eine effektive Methode ist. Das hohe Ma\u00df an visueller Kontrolle des Chirurgen minimiert die Risiken w\u00e4hrend des Eingriffs und liefert zufriedenstellendere Ergebnisse. Durch diese Technik k\u00f6nnen die Patienten eine \u00e4sthetisch ansprechendere Nasenstruktur erreichen.<\/p>\n<h2>Geschlossene Rhinoplastik: Ein Verborgener Ansatz in der Nasen\u00e4sthetik<\/h2>\n<p>Die geschlossene Rhinoplastik ist eine der bevorzugten Methoden in der \u00e4sthetischen Nasenchirurgie. Diese Technik zeichnet sich durch Eingriffe aus, die von den Nasenl\u00f6chern aus vorgenommen werden. Daher hinterl\u00e4sst sie keine sichtbaren Narben im Gesicht. Der Chirurg gestaltet die Nasenstruktur von innen neu, um das gew\u00fcnschte \u00e4sthetische Erscheinungsbild zu erreichen.<\/p>\n<ul>\n<li aria-level=\"1\">An\u00e4sthesie: Dieser Eingriff wird unter Vollnarkose durchgef\u00fchrt, was f\u00fcr den Komfort und die Sicherheit des Patienten wichtig ist.<\/li>\n<li aria-level=\"1\">Heilungsprozess: Der Heilungsprozess nach einer geschlossenen Rhinoplastik ist in der Regel schneller. Die meisten Patienten k\u00f6nnen innerhalb einer Woche wieder ihren t\u00e4glichen Aktivit\u00e4ten nachgehen.<\/li>\n<\/ul>\n<p>W\u00e4hrend der Operation werden durch die vorgenommenen Schnitte \u00c4nderungen an der inneren Struktur der Nase vorgenommen. So wird die Nase entsprechend den \u00e4sthetischen Zielen neu geformt. Die geschlossene Methode wird so geplant, dass die Schnitte im Inneren der Nasenl\u00f6cher verbleiben. Dadurch sind nach der Operation keine Narben sichtbar.<\/p>\n<p>Die Ergebnisse der Operation k\u00f6nnen in \u00e4sthetische und funktionelle Verbesserungen unterteilt werden:<\/p>\n<ul>\n<li aria-level=\"1\">\u00c4sthetische Verbesserungen: Ein glatterer Nasenr\u00fccken und eine symmetrische Nasenspitze.<\/li>\n<li aria-level=\"1\">Funktionelle Verbesserungen: Eine verbesserte Luftdurchl\u00e4ssigkeit erleichtert das Atmen.<\/li>\n<\/ul>\n<p>Die Erfahrung und das K\u00f6nnen des Chirurgen sind bei diesem Eingriff von gro\u00dfer Bedeutung. Eine sorgf\u00e4ltige Voruntersuchung und detaillierte Planung sind bei der geschlossenen Rhinoplastik erforderlich, um das \u00e4sthetische Gleichgewicht des Gesichts zu ber\u00fccksichtigen. Die \u00dcbereinstimmung der Nase mit den anderen Gesichtsz\u00fcgen erh\u00f6ht den Erfolg der Operation.<\/p>\n<p>Zusammenfassend l\u00e4sst sich sagen, dass die geschlossene Rhinoplastik sowohl \u00e4sthetische als auch funktionelle Verbesserungen bietet. Sie ist eine ideale Option f\u00fcr diejenigen, die eine Nasenkorrektur ohne sichtbare Narben w\u00fcnschen. Diese Methode kann bei richtiger Durchf\u00fchrung durch einen erfahrenen Chirurgen die Gesichtssch\u00f6nheit erheblich verbessern. Mit einem umfassenden Heilungsprozess und der richtigen Pflege kann der Patient kurz nach der Operation wieder in sein soziales Leben zur\u00fcckkehren.<\/p>\n<h2>Welche Nicht-Chirurgischen Methoden Gibt es zur Korrektur einer H\u00f6ckernase?<\/h2>\n<p>Die nicht-chirurgische Nasenkorrektur bietet eine attraktive Alternative f\u00fcr Menschen mit \u00e4sthetischen Bedenken. Diese Methode erfordert keinen chirurgischen Eingriff und die Ergebnisse sind in der Regel vor\u00fcbergehend, was es der Person erm\u00f6glicht, im Laufe der Zeit verschiedene \u00e4sthetische Entscheidungen zu treffen. W\u00e4hrend des Eingriffs verwendet der plastische Chirurg spezielle Dermalfiller. Diese Filler gl\u00e4tten die Unregelm\u00e4\u00dfigkeiten auf dem Nasenr\u00fccken und sorgen f\u00fcr ein gleichm\u00e4\u00dfigeres Erscheinungsbild.<\/p>\n<ul>\n<li aria-level=\"1\">Dauer des Eingriffs: Etwa eine halbe Stunde<\/li>\n<li aria-level=\"1\">Art der An\u00e4sthesie: Es wird eine topische An\u00e4sthesie verwendet<\/li>\n<li aria-level=\"1\">Haltbarkeit der Ergebnisse: Kann von 6 Monaten bis zu 2 Jahren dauern<\/li>\n<\/ul>\n<p>Diese Methode ist im Vergleich zur traditionellen Rhinoplastik kosteng\u00fcnstiger. Ihre geringeren Kosten machen diese Prozedur f\u00fcr viele Menschen zug\u00e4nglicher. Dar\u00fcber hinaus ist das Risiko von Komplikationen bei der nicht-chirurgischen Nasenkorrektur geringer. Die Patienten k\u00f6nnen ihre t\u00e4glichen Aktivit\u00e4ten unmittelbar nach dem Eingriff wieder aufnehmen, was bedeutet, dass es praktisch keine Erholungszeit gibt. Dies ist ein gro\u00dfer Vorteil f\u00fcr Menschen mit einem vollen Terminkalender.<\/p>\n<p>Zusammenfassend l\u00e4sst sich sagen, dass die nicht-chirurgische Nasenkorrektur eine ideale L\u00f6sung f\u00fcr diejenigen ist, die eine schnelle und minimale Korrektur der Nasen\u00e4sthetik suchen. Diese Methode stellt eine effektive Alternative dar, sowohl in Bezug auf die Zeit als auch auf die Kosten.<\/p>\n<h2>Gibt es die M\u00f6glichkeit, dass sich der Dorsale H\u00f6cker Wiederbildet?<\/h2>\n<figure id=\"attachment_2118\" aria-describedby=\"caption-attachment-2118\" style=\"width: 1080px\" class=\"wp-caption aligncenter\"><img decoding=\"async\" class=\"wp-image-2118 size-full\" src=\"https:\/\/www.alevcamcioglu.com\/wp-content\/uploads\/2024\/06\/burun-ameliyati-sonrasi-kontrol-yapan-doktor-ve-kadin-hasta.jpg\" alt=\"Doktor und Patientin bei der Nachuntersuchung nach der Nasenoperation\" width=\"1080\" height=\"1139\" title=\"\" srcset=\"https:\/\/www.alevcamcioglu.com\/wp-content\/uploads\/2024\/06\/burun-ameliyati-sonrasi-kontrol-yapan-doktor-ve-kadin-hasta.jpg 1080w, https:\/\/www.alevcamcioglu.com\/wp-content\/uploads\/2024\/06\/burun-ameliyati-sonrasi-kontrol-yapan-doktor-ve-kadin-hasta-284x300.jpg 284w, https:\/\/www.alevcamcioglu.com\/wp-content\/uploads\/2024\/06\/burun-ameliyati-sonrasi-kontrol-yapan-doktor-ve-kadin-hasta-971x1024.jpg 971w, https:\/\/www.alevcamcioglu.com\/wp-content\/uploads\/2024\/06\/burun-ameliyati-sonrasi-kontrol-yapan-doktor-ve-kadin-hasta-768x810.jpg 768w, https:\/\/www.alevcamcioglu.com\/wp-content\/uploads\/2024\/06\/burun-ameliyati-sonrasi-kontrol-yapan-doktor-ve-kadin-hasta-370x390.jpg 370w, https:\/\/www.alevcamcioglu.com\/wp-content\/uploads\/2024\/06\/burun-ameliyati-sonrasi-kontrol-yapan-doktor-ve-kadin-hasta-760x802.jpg 760w\" sizes=\"(max-width: 1080px) 100vw, 1080px\" \/><figcaption id=\"caption-attachment-2118\" class=\"wp-caption-text\">Doktor und Patientin bei der Nachuntersuchung nach der Nasenoperation<\/figcaption><\/figure>\n<p>Ein Problem, dem Patienten nach einer Rhinoplastik begegnen k\u00f6nnen, ist die Neubildung von Erhebungen im Operationsbereich. Trotz der Entfernung von Knochen und Knorpel k\u00f6nnen sich in einigen F\u00e4llen kleine Erhebungen wieder entwickeln. Dies geschieht normalerweise aufgrund der Bildung von narben\u00e4hnlichem Gewebe.<\/p>\n<ul>\n<li aria-level=\"1\">W\u00e4hrend des Heilungsprozesses kann der Operationsbereich geschwollen und erweitert erscheinen. Dies ist eine normale Reaktion.<\/li>\n<li aria-level=\"1\">Die Schwellung nach der Operation nimmt normalerweise innerhalb einer Woche ab. Es wird jedoch erwartet, dass sich die Gewebe in dieser Zeit richtig setzen.<\/li>\n<li aria-level=\"1\">Chirurgische Techniken und nachfolgende Behandlungen sind von gro\u00dfer Bedeutung, um die Neubildung des dorsalen H\u00f6ckers zu verhindern.<\/li>\n<\/ul>\n<p>Wenn der Heilungsprozess nach einer Rhinoplastik sorgf\u00e4ltig verwaltet wird, kann die Neubildung des dorsalen H\u00f6ckers minimiert werden. Chirurgen verbessern st\u00e4ndig ihre Techniken, was hilft, das Risiko einer Neubildung zu reduzieren. Andererseits k\u00f6nnen die Gewebe jedes Individuums unterschiedlich reagieren, und bei einigen Menschen k\u00f6nnen kleine Erhebungen erneut auftreten.<\/p>\n<p>Zusammenfassend l\u00e4sst sich sagen, dass die Neubildung des dorsalen H\u00f6ckers m\u00f6glich ist, dies jedoch durch eine sorgf\u00e4ltige chirurgische und postoperative Heilungsmanagement weitgehend kontrolliert werden kann. Regelm\u00e4\u00dfige Kontrollen nach der Operation und die Einhaltung der Empfehlungen des Arztes sind wirksame Ma\u00dfnahmen zur Vorbeugung.<\/p>\n<h2><b>Wie viel kostet eine  in der T\u00fcrkei?<\/b><\/h2>\r\n<p><span style=\"font-weight: 400;\">Die Kosten f\u00fcr eine  \u00a0in Istanbul, T\u00fcrkei, liegen typischerweise zwischen 5000 und 7000 Euro. Der Preis kann je nach mehreren Faktoren variieren, wie zum Beispiel der Erfahrung des Chirurgen, der Komplexit\u00e4t des Eingriffs, dem Ruf der Klinik und zus\u00e4tzlichen Dienstleistungen, die im Paket enthalten sind.<\/span><\/p>\r\n<table>\r\n<tbody>\r\n<tr>\r\n<td><span style=\"font-weight: 400;\">Land<\/span><\/td>\r\n<td><span style=\"font-weight: 400;\">Durchschnittliche Kosten f\u00fcr eine  im Jahr 2024(\u20ac)<\/span><\/td>\r\n<\/tr>\r\n<tr>\r\n<td><a href=\"https:\/\/www.alevcamcioglu.com\/de\/nasen-op-preise\/\"><span style=\"font-weight: 400;\">Deutschland<\/span><\/a><\/td>\r\n<td><span style=\"font-weight: 400;\">\u20ac10,000 \u2013 \u20ac14,000<\/span><\/td>\r\n<\/tr>\r\n<tr>\r\n<td><span style=\"font-weight: 400;\">\u00d6sterreich<\/span><\/td>\r\n<td><span style=\"font-weight: 400;\">\u20ac10,000 \u2013 \u20ac14,000<\/span><\/td>\r\n<\/tr>\r\n<tr>\r\n<td><span style=\"font-weight: 400;\">Schweiz<\/span><\/td>\r\n<td><span style=\"font-weight: 400;\">\u20ac10,000 \u2013 \u20ac14,000<\/span><\/td>\r\n<\/tr>\r\n<tr>\r\n<td><span style=\"font-weight: 400;\">T\u00fcrkei<\/span><\/td>\r\n<td><span style=\"font-weight: 400;\">\u20ac5,000 \u2013 \u20ac7,000<\/span><\/td>\r\n<\/tr>\r\n<\/tbody>\r\n<\/table>\n\t\t<\/div>\n\t\t\t\t\t<\/div>\n\n\t\n\n\t<div id=\"col-66753684\" class=\"col small-12 large-12\"  >\n\t\t\t\t<div class=\"col-inner\"  >\n\t\t\t\n\t\t\t\n<h2><span class=\"ez-toc-section\" id=\"Haeufig_gestellte_Fragen\"><\/span>H\u00e4ufig gestellte Fragen<span class=\"ez-toc-section-end\"><\/span><\/h2>\n<div class=\"accordion ameliyatlar-sss\">\n\t<div id=\"accordion-1125972096\" class=\"accordion-item\">\n\t\t<a id=\"accordion-1125972096-label\" class=\"accordion-title plain\" href=\"#accordion-item-wie-lange-dauert-eine-operation-zur-korrektur-einer-h\u00f6ckernase?\" aria-expanded=\"false\" aria-controls=\"accordion-1125972096-content\">\n\t\t\t<button class=\"toggle\" aria-label=\"Umschalten\"><i class=\"icon-angle-down\" aria-hidden=\"true\"><\/i><\/button>\n\t\t\t<h3 class=\"accordion-heading\" role=\"heading\" aria-level=\"3\">Wie lange dauert eine Operation zur Korrektur einer H\u00f6ckernase?<\/h3>\n\t\t<\/a>\n\t\t<div id=\"accordion-1125972096-content\" class=\"accordion-inner\" aria-labelledby=\"accordion-1125972096-label\">\n\t\t\t\n<p>Eine Operation zur Korrektur einer H\u00f6ckernase dauert in der Regel zwei Stunden. Diese Dauer kann jedoch abh\u00e4ngig von zus\u00e4tzlichen Eingriffen an der Nase verl\u00e4ngert werden. Beispielsweise kann sich die Operationsdauer verl\u00e4ngern, wenn eine Verengung der Nasenl\u00f6cher oder eine Korrektur der Knochenstruktur des Nasenr\u00fcckens erforderlich ist. Daher kann die Dauer der Operation je nach den Bed\u00fcrfnissen des Patienten variieren. Es ist wichtig, vor der Operation mit Ihrem Arzt zu sprechen und Informationen \u00fcber die Dauer des Eingriffs zu erhalten.<\/p>\n\t\t<\/div>\n\t<\/div>\n\t\n\t<div id=\"accordion-2232688062\" class=\"accordion-item\">\n\t\t<a id=\"accordion-2232688062-label\" class=\"accordion-title plain\" href=\"#accordion-item-verschwindet-der-nasenh\u00f6cker-nach-der-nasenkorrektur?\" aria-expanded=\"false\" aria-controls=\"accordion-2232688062-content\">\n\t\t\t<button class=\"toggle\" aria-label=\"Umschalten\"><i class=\"icon-angle-down\" aria-hidden=\"true\"><\/i><\/button>\n\t\t\t<h3 class=\"accordion-heading\" role=\"heading\" aria-level=\"3\">Verschwindet der Nasenh\u00f6cker nach der Nasenkorrektur?<\/h3>\n\t\t<\/a>\n\t\t<div id=\"accordion-2232688062-content\" class=\"accordion-inner\" aria-labelledby=\"accordion-2232688062-label\">\n\t\t\t\n<p>Nach einer Nasenkorrektur ist das Auftreten von Nasenh\u00f6ckern normalerweise vor\u00fcbergehend. W\u00e4hrend des Heilungsprozesses nach der Operation formen sich die Nasengewebe und -knochen neu. Die in dieser Zeit auftretenden tempor\u00e4ren Nasenh\u00f6cker k\u00f6nnen innerhalb weniger Monate von selbst verschwinden. In einigen F\u00e4llen k\u00f6nnen diese Nasenh\u00f6cker jedoch dauerhaft werden. Eine dauerhafte H\u00f6ckerbildung kann zus\u00e4tzliche Behandlungen oder Eingriffe erfordern. Besonders bei Patienten mit d\u00fcnner Haut k\u00f6nnen die Nasenh\u00f6cker deutlicher ausgepr\u00e4gt sein. Patienten mit dicker Haut sind von dieser Situation weniger betroffen, da die H\u00f6cker leichter von der Haut verdeckt werden k\u00f6nnen.<\/p>\n\t\t<\/div>\n\t<\/div>\n\t\n\t<div id=\"accordion-1843013094\" class=\"accordion-item\">\n\t\t<a id=\"accordion-1843013094-label\" class=\"accordion-title plain\" href=\"#accordion-item-wird-die-nasenspitze-bei-der-operation-einer-h\u00f6ckernase-angehoben?\" aria-expanded=\"false\" aria-controls=\"accordion-1843013094-content\">\n\t\t\t<button class=\"toggle\" aria-label=\"Umschalten\"><i class=\"icon-angle-down\" aria-hidden=\"true\"><\/i><\/button>\n\t\t\t<h3 class=\"accordion-heading\" role=\"heading\" aria-level=\"3\">Wird die Nasenspitze bei der Operation einer H\u00f6ckernase angehoben?<\/h3>\n\t\t<\/a>\n\t\t<div id=\"accordion-1843013094-content\" class=\"accordion-inner\" aria-labelledby=\"accordion-1843013094-label\">\n\t\t\t\n<p>Die H\u00f6he der Nasenspitze wird in der Regel bei der Operation einer H\u00f6ckernase korrigiert. Dieser Eingriff beinhaltet das Anheben der Projektion der Nasenspitze auf das vom Arzt bestimmte ideale Niveau. Dadurch erh\u00e4lt die Nasenspitze ein angehobenes Erscheinungsbild. Der Grad der Anhebung der Nasenspitze kann jedoch je nach Gesichtsanatomie des Patienten und \u00e4sthetischen Zielen variieren. Daher ist die Anhebung der Nasenspitze nicht immer auf dem gleichen Niveau. Ziel der Operation ist es, die \u00c4sthetik der Nase zu verbessern und ein harmonisches Erscheinungsbild mit dem Gesicht zu erzielen.<\/p>\n\t\t<\/div>\n\t<\/div>\n\t\n\t<div id=\"accordion-2597886020\" class=\"accordion-item\">\n\t\t<a id=\"accordion-2597886020-label\" class=\"accordion-title plain\" href=\"#accordion-item-wie-wird-nach-einer-\u00e4sthetischen-h\u00f6ckernasenoperation-ein-nat\u00fcrliches-erscheinungsbild-der-nase-erreicht?\" aria-expanded=\"false\" aria-controls=\"accordion-2597886020-content\">\n\t\t\t<button class=\"toggle\" aria-label=\"Umschalten\"><i class=\"icon-angle-down\" aria-hidden=\"true\"><\/i><\/button>\n\t\t\t<h3 class=\"accordion-heading\" role=\"heading\" aria-level=\"3\">Wie wird nach einer \u00e4sthetischen H\u00f6ckernasenoperation ein nat\u00fcrliches Erscheinungsbild der Nase erreicht?<\/h3>\n\t\t<\/a>\n\t\t<div id=\"accordion-2597886020-content\" class=\"accordion-inner\" aria-labelledby=\"accordion-2597886020-label\">\n\t\t\t\n<p>Um nach einer \u00e4sthetischen H\u00f6ckernasenoperation ein nat\u00fcrliches Erscheinungsbild der Nase zu erreichen, werden mehrere Schritte befolgt. Zun\u00e4chst spielt die Erfahrung des Chirurgen eine entscheidende Rolle in diesem Prozess. W\u00e4hrend der Operation werden die Nasenknochen und der Knorpel sorgf\u00e4ltig geformt, was hilft, die H\u00f6cker auf dem Nasenr\u00fccken zu korrigieren. W\u00e4hrend der Erholungsphase sollte das Innere der Nase regelm\u00e4\u00dfig gereinigt und die gebildeten Krusten vorsichtig entfernt werden. Au\u00dferdem sollten Aktivit\u00e4ten, die Druck auf die Nase aus\u00fcben, vermieden und intensive k\u00f6rperliche Aktivit\u00e4ten vermieden werden. Die vom Arzt empfohlenen Massagetechniken k\u00f6nnen bei der Reduzierung von Schwellungen und \u00d6demen wirksam sein. Der Heilungsprozess kann je nach Hauttyp variieren, wobei d\u00fcnne Haut schneller heilt und dicke Haut mehr Zeit ben\u00f6tigt.<\/p>\n\t\t<\/div>\n\t<\/div>\n\t\n\t<div id=\"accordion-194670273\" class=\"accordion-item\">\n\t\t<a id=\"accordion-194670273-label\" class=\"accordion-title plain\" href=\"#accordion-item-besteht-nach-einer-\u00e4sthetischen-h\u00f6ckernasenoperation-das-risiko,-dass-sich-der-nasenh\u00f6cker-wieder-bildet?\" aria-expanded=\"false\" aria-controls=\"accordion-194670273-content\">\n\t\t\t<button class=\"toggle\" aria-label=\"Umschalten\"><i class=\"icon-angle-down\" aria-hidden=\"true\"><\/i><\/button>\n\t\t\t<h3 class=\"accordion-heading\" role=\"heading\" aria-level=\"3\">Besteht nach einer \u00e4sthetischen H\u00f6ckernasenoperation das Risiko, dass sich der Nasenh\u00f6cker wieder bildet?<\/h3>\n\t\t<\/a>\n\t\t<div id=\"accordion-194670273-content\" class=\"accordion-inner\" aria-labelledby=\"accordion-194670273-label\">\n\t\t\t\n<p>Es besteht das Risiko, dass sich der Nasenh\u00f6cker nach einer \u00e4sthetischen H\u00f6ckernasenoperation wieder bildet. Dies liegt normalerweise an einer unzureichenden Knorpelunterst\u00fctzung nach der Operation. Ein Mangel an Knorpelunterst\u00fctzung f\u00fchrt zu einer Stufenbildung zwischen Knochen und Knorpel und der H\u00f6cker kann sich wieder bilden. Au\u00dferdem kann \u00fcbersch\u00fcssiges Knochengewebe, das sich w\u00e4hrend des Heilungsprozesses bildet, zu einer F\u00fclle und Erweiterung des Nasenr\u00fcckens f\u00fchren. Diese Probleme l\u00f6sen sich normalerweise innerhalb weniger Monate von selbst. In einigen F\u00e4llen kann jedoch ein chirurgischer Eingriff erforderlich sein.<\/p>\n\t\t<\/div>\n\t<\/div>\n\t\n\t<div id=\"accordion-1008688880\" class=\"accordion-item\">\n\t\t<a id=\"accordion-1008688880-label\" class=\"accordion-title plain\" href=\"#accordion-item-wer-hat-eine-h\u00f6ckernase?\" aria-expanded=\"false\" aria-controls=\"accordion-1008688880-content\">\n\t\t\t<button class=\"toggle\" aria-label=\"Umschalten\"><i class=\"icon-angle-down\" aria-hidden=\"true\"><\/i><\/button>\n\t\t\t<h3 class=\"accordion-heading\" role=\"heading\" aria-level=\"3\">Wer hat eine H\u00f6ckernase?<\/h3>\n\t\t<\/a>\n\t\t<div id=\"accordion-1008688880-content\" class=\"accordion-inner\" aria-labelledby=\"accordion-1008688880-label\">\n\t\t\t\n<p>Eine H\u00f6ckernase ist in verschiedenen ethnischen Gruppen zu finden, insbesondere bei Menschen s\u00fcdasiatischer, nah\u00f6stlicher und mediterraner Abstammung. Sie kann auch in Europa und anderen Regionen vorkommen. Diese Eigenschaft kann aufgrund genetischer Vielfalt in verschiedenen Gemeinschaften weltweit auftreten. Daher k\u00f6nnen Personen mit einer H\u00f6ckernase in einem breiten geografischen und kulturellen Spektrum gefunden werden. Obwohl sie in einigen Regionen h\u00e4ufiger vorkommt, ist eine H\u00f6ckernase eine global auftretende Eigenschaft.<\/p>\n\t\t<\/div>\n\t<\/div>\n\t\n\t<div id=\"accordion-2776372913\" class=\"accordion-item\">\n\t\t<a id=\"accordion-2776372913-label\" class=\"accordion-title plain\" href=\"#accordion-item-ist-eine-h\u00f6ckernase-gesund?\" aria-expanded=\"false\" aria-controls=\"accordion-2776372913-content\">\n\t\t\t<button class=\"toggle\" aria-label=\"Umschalten\"><i class=\"icon-angle-down\" aria-hidden=\"true\"><\/i><\/button>\n\t\t\t<h3 class=\"accordion-heading\" role=\"heading\" aria-level=\"3\">Ist eine H\u00f6ckernase gesund?<\/h3>\n\t\t<\/a>\n\t\t<div id=\"accordion-2776372913-content\" class=\"accordion-inner\" aria-labelledby=\"accordion-2776372913-label\">\n\t\t\t\n<p>Eine H\u00f6ckernase ist sowohl \u00e4sthetisch als auch gesundheitlich ein Aspekt, der Aufmerksamkeit erfordert. Diese Nasenstruktur kann das Aussehen negativ beeinflussen und zu Atemproblemen f\u00fchren. Der H\u00f6cker auf dem Nasenr\u00fccken kann die Atemwege blockieren und eine richtige und bequeme Atmung verhindern. Daher kann eine H\u00f6ckernase sowohl mit gesundheitlichen Problemen als auch mit \u00e4sthetischen Bedenken verbunden sein. Eine Atemwegsblockade kann die Lebensqualit\u00e4t einer Person verringern und gesundheitliche Probleme verursachen.<\/p>\n\t\t<\/div>\n\t<\/div>\n\t\n\t<div id=\"accordion-3385497927\" class=\"accordion-item\">\n\t\t<a id=\"accordion-3385497927-label\" class=\"accordion-title plain\" href=\"#accordion-item-in-welchem-alter-erscheint-ein-nasenh\u00f6cker?\" aria-expanded=\"false\" aria-controls=\"accordion-3385497927-content\">\n\t\t\t<button class=\"toggle\" aria-label=\"Umschalten\"><i class=\"icon-angle-down\" aria-hidden=\"true\"><\/i><\/button>\n\t\t\t<h3 class=\"accordion-heading\" role=\"heading\" aria-level=\"3\">In welchem Alter erscheint ein Nasenh\u00f6cker?<\/h3>\n\t\t<\/a>\n\t\t<div id=\"accordion-3385497927-content\" class=\"accordion-inner\" aria-labelledby=\"accordion-3385497927-label\">\n\t\t\t\n<p>Ein Nasenh\u00f6cker beginnt normalerweise w\u00e4hrend der Pubert\u00e4t zu erscheinen. Bei M\u00e4dchen beginnt das Nasenwachstum fr\u00fcher und ist im Alter von 16-18 Jahren abgeschlossen. Bei Jungen beginnt das Nasenwachstum etwas sp\u00e4ter und kann bis zum Alter von 25 Jahren andauern. Daher kann die vollst\u00e4ndige Entwicklung eines Nasenh\u00f6ckers je nach Geschlecht und individuellem Wachstum variieren.<\/p>\n\t\t<\/div>\n\t<\/div>\n\t\n\t<div id=\"accordion-2024677131\" class=\"accordion-item\">\n\t\t<a id=\"accordion-2024677131-label\" class=\"accordion-title plain\" href=\"#accordion-item-ist-es-m\u00f6glich,-einen-nasenh\u00f6cker-auf-nat\u00fcrliche-weise-zu-korrigieren?\" aria-expanded=\"false\" aria-controls=\"accordion-2024677131-content\">\n\t\t\t<button class=\"toggle\" aria-label=\"Umschalten\"><i class=\"icon-angle-down\" aria-hidden=\"true\"><\/i><\/button>\n\t\t\t<h3 class=\"accordion-heading\" role=\"heading\" aria-level=\"3\">Ist es m\u00f6glich, einen Nasenh\u00f6cker auf nat\u00fcrliche Weise zu korrigieren?<\/h3>\n\t\t<\/a>\n\t\t<div id=\"accordion-2024677131-content\" class=\"accordion-inner\" aria-labelledby=\"accordion-2024677131-label\">\n\t\t\t\n<p>Wissenschaftliche Beweise zeigen, dass nat\u00fcrliche Methoden, \u00dcbungen oder Ger\u00e4te bei der Korrektur eines Nasenh\u00f6ckers unwirksam sind. Dies liegt daran, dass die Nasenstruktur aus Knochen und Knorpel besteht. Insbesondere neigt Knorpel dazu, nach vor\u00fcbergehenden Effekten in seine urspr\u00fcngliche Form zur\u00fcckzukehren. Daher empfehlen medizinische Fachleute in der Regel einen chirurgischen Eingriff f\u00fcr dauerhafte \u00c4nderungen der Form und Struktur der Nase. Es ist also nicht m\u00f6glich, einen Nasenh\u00f6cker durch nat\u00fcrliche Methoden zu korrigieren.<\/p>\n\t\t<\/div>\n\t<\/div>\n\t\n\t<div id=\"accordion-1938635077\" class=\"accordion-item\">\n\t\t<a id=\"accordion-1938635077-label\" class=\"accordion-title plain\" href=\"#accordion-item-gibt-es-nachteile-einer-h\u00f6ckernase?-verhindert-sie-das-atmen?\" aria-expanded=\"false\" aria-controls=\"accordion-1938635077-content\">\n\t\t\t<button class=\"toggle\" aria-label=\"Umschalten\"><i class=\"icon-angle-down\" aria-hidden=\"true\"><\/i><\/button>\n\t\t\t<h3 class=\"accordion-heading\" role=\"heading\" aria-level=\"3\">Gibt es Nachteile einer H\u00f6ckernase? Verhindert sie das Atmen?<\/h3>\n\t\t<\/a>\n\t\t<div id=\"accordion-1938635077-content\" class=\"accordion-inner\" aria-labelledby=\"accordion-1938635077-label\">\n\t\t\t\n<p>Eine H\u00f6ckernase kann das Atmen verhindern und negative Auswirkungen haben. Insbesondere kann die Kr\u00fcmmung des Nasenr\u00fcckens das Atmen erschweren und die Lebensqualit\u00e4t im Alltag verringern. Dar\u00fcber hinaus k\u00f6nnen Personen mit einer H\u00f6ckernase h\u00e4ufig Nasenverstopfung erleben und sich aufgrund unzureichender Sauerstoffzufuhr m\u00fcde f\u00fchlen. Dar\u00fcber hinaus kann die Kr\u00fcmmung des Nasenknochens zu Schnarchen und Schlafapnoe w\u00e4hrend des Schlafs f\u00fchren. Daher kann eine H\u00f6ckernase das Atmen erschweren und verschiedene gesundheitliche Probleme verursachen.<\/p>\n\t\t<\/div>\n\t<\/div>\n\t\n\t<div id=\"accordion-4078335318\" class=\"accordion-item\">\n\t\t<a id=\"accordion-4078335318-label\" class=\"accordion-title plain\" href=\"#accordion-item-in-welchem-alter-wird-das-raspeln-des-nasenh\u00f6ckers-durchgef\u00fchrt?\" aria-expanded=\"false\" aria-controls=\"accordion-4078335318-content\">\n\t\t\t<button class=\"toggle\" aria-label=\"Umschalten\"><i class=\"icon-angle-down\" aria-hidden=\"true\"><\/i><\/button>\n\t\t\t<h3 class=\"accordion-heading\" role=\"heading\" aria-level=\"3\">In welchem Alter wird das Raspeln des Nasenh\u00f6ckers durchgef\u00fchrt?<\/h3>\n\t\t<\/a>\n\t\t<div id=\"accordion-4078335318-content\" class=\"accordion-inner\" aria-labelledby=\"accordion-4078335318-label\">\n\t\t\t\n<p>F\u00fcr die Operation des Nasenh\u00f6ckerrasierens m\u00fcssen M\u00e4dchen mindestens 18 Jahre alt sein. Au\u00dferdem m\u00fcssen Jungen mindestens 22 Jahre alt sein. Diese Altersgrenzen markieren den Abschluss der Knochenentwicklung. Daher wird die Operation des Nasenh\u00f6ckerrasierens in der Regel f\u00fcr M\u00e4dchen im Alter von 18 Jahren und f\u00fcr Jungen im Alter von 22 Jahren durchgef\u00fchrt. Es ist wichtig, diese Altersgrenzen einzuhalten. Personen unter dem angegebenen Alter sollten also keine Nasenh\u00f6cker-Rasieroperation durchf\u00fchren lassen. Wer jedoch die Knochenentwicklung abgeschlossen hat, kann diese Operation sicher durchf\u00fchren lassen.<\/p>\n\t\t<\/div>\n\t<\/div>\n\t\n<\/div>\n\t\t<\/div>\n\t\t\t\t\t<\/div>\n\n\t\n\n\t<div id=\"col-184475425\" class=\"col small-12 large-12\"  >\n\t\t\t\t<div class=\"col-inner\"  >\n\t\t\t\n\t\t\t\n<h2 style=\"text-align: left;\">Eines der besten Klinikteams f\u00fcr  in der T\u00fcrkei<\/h2>\n<p>Dr. Alev Camc\u0131o\u011flu gilt als eine der <a href=\"https:\/\/www.alevcamcioglu.com\/de\/\">besten -Chirurgen<\/a> in der T\u00fcrkei. Sie k\u00f6nnen <a href=\"https:\/\/www.google.com\/search?sca_esv=19415285e7d3a11e&amp;q=Op.+Dr.+Alev+Camc%C4%B1o%C4%9Flu+%7C+Burun+Esteti%C4%9Fi+,+Rinoplasti&amp;si=ACC90nwjPmqJHrCEt6ewASzksVFQDX8zco_7MgBaIawvaF4-7h723rVnZZFvK9OUD_1VBtQCUeVRPTUGteg0cLBOJKCQcF0l8NwoxI3g4M0bcP1xT-CjIKs%3D&amp;uds=ADvngMjY3r6cFmkgAf0Cxo_OKwUu8-9wBrBINI3SgEOgMBDI-5zv7ouVxpoC5B3rGHvBXe2sC4UfcRCjxwtdIZqUOJLNbC7tiBSx22BIl7RGCQjdXli44B_uGb9i1YxcDMMbIHEpYimMnELWSd3nhL869lQu7z7kZ8TooMdqLcQgmPDHyHohCQ8&amp;sa=X&amp;ved=2ahUKEwiiiMOMqeSJAxVxS_EDHdySMG0Q3PALegQIGRAE&amp;biw=2276&amp;bih=1055&amp;dpr=1.13\" target=\"_blank\" rel=\"noopener\">-Bewertungen hier \u00fcberpr\u00fcfen.<\/a><\/p>\n<div class=\"row row-full-width align-center\"  id=\"row-206217755\">\n\n\n\t<div id=\"col-1464762980\" class=\"col medium-2 small-6 large-2\"  >\n\t\t\t\t<div class=\"col-inner\"  >\n\t\t\t\n\t\t\t\n\n    <div class=\"box has-hover has-hover box-text-bottom\" >\n\n                  <div class=\"box-image \" >\n           <div class=\"box-image-inner image-cover\" style=\"padding-top:100%;\">\n              <img decoding=\"async\" width=\"1080\" height=\"1122\" src=\"https:\/\/www.alevcamcioglu.com\/wp-content\/uploads\/2018\/02\/106913305_714307142741324_420816097913162768_n.jpg\" class=\"attachment- size-\" alt=\"\" srcset=\"https:\/\/www.alevcamcioglu.com\/wp-content\/uploads\/2018\/02\/106913305_714307142741324_420816097913162768_n.jpg 1080w, https:\/\/www.alevcamcioglu.com\/wp-content\/uploads\/2018\/02\/106913305_714307142741324_420816097913162768_n-289x300.jpg 289w, https:\/\/www.alevcamcioglu.com\/wp-content\/uploads\/2018\/02\/106913305_714307142741324_420816097913162768_n-986x1024.jpg 986w, https:\/\/www.alevcamcioglu.com\/wp-content\/uploads\/2018\/02\/106913305_714307142741324_420816097913162768_n-768x798.jpg 768w, https:\/\/www.alevcamcioglu.com\/wp-content\/uploads\/2018\/02\/106913305_714307142741324_420816097913162768_n-370x384.jpg 370w, https:\/\/www.alevcamcioglu.com\/wp-content\/uploads\/2018\/02\/106913305_714307142741324_420816097913162768_n-760x790.jpg 760w\" sizes=\"(max-width: 1080px) 100vw, 1080px\" title=\"\">                         <\/div>\n          <\/div>\n         \n          <div class=\"box-text text-center\" >\n                <div class=\"box-text-inner\">\n                  <h4 class=\"uppercase\">\n                    <span class=\"person-name\">Op. Dr. Alev Camc\u0131o\u011flu<\/span><br\/>\n                    <span class=\"person-title is-small thin-font op-7\">\n                      Nasen-OP-Chirurg                    <\/span>\n                  <\/h4>\n\t\t\t\t\t<div class=\"social-icons follow-icons\" ><a href=\"https:\/\/www.facebook.com\/dralevcamcioglu\/\" target=\"_blank\" data-label=\"Facebook\" class=\"icon primary button circle tooltip facebook\" title=\"Auf Facebook folgen\" aria-label=\"Auf Facebook folgen\" rel=\"noopener nofollow\"><i class=\"icon-facebook\" aria-hidden=\"true\"><\/i><\/a><a href=\"https:\/\/www.instagram.com\/dralevcamcioglu\/\" target=\"_blank\" data-label=\"Instagram\" class=\"icon primary button circle tooltip instagram\" title=\"Auf Instagram folgen\" aria-label=\"Auf Instagram folgen\" rel=\"noopener nofollow\"><i class=\"icon-instagram\" aria-hidden=\"true\"><\/i><\/a><\/div>\n\n\n                <\/div>\n          <\/div>\n    <\/div>\n\n\t\n    \n\n\t\t<\/div>\n\t\t\t\t\t<\/div>\n\n\t\n\n\t<div id=\"col-771995002\" class=\"col medium-2 small-6 large-2\"  >\n\t\t\t\t<div class=\"col-inner\"  >\n\t\t\t\n\t\t\t\n\n    <div class=\"box has-hover has-hover box-text-bottom\" >\n\n                  <div class=\"box-image \" >\n           <div class=\"box-image-inner image-cover\" style=\"padding-top:100%;\">\n              <img decoding=\"async\" width=\"1200\" height=\"800\" src=\"https:\/\/www.alevcamcioglu.com\/wp-content\/uploads\/2018\/02\/DSC00496-1200x800-1.jpg\" class=\"attachment- size-\" alt=\"\" srcset=\"https:\/\/www.alevcamcioglu.com\/wp-content\/uploads\/2018\/02\/DSC00496-1200x800-1.jpg 1200w, https:\/\/www.alevcamcioglu.com\/wp-content\/uploads\/2018\/02\/DSC00496-1200x800-1-300x200.jpg 300w, https:\/\/www.alevcamcioglu.com\/wp-content\/uploads\/2018\/02\/DSC00496-1200x800-1-1024x683.jpg 1024w, https:\/\/www.alevcamcioglu.com\/wp-content\/uploads\/2018\/02\/DSC00496-1200x800-1-768x512.jpg 768w, https:\/\/www.alevcamcioglu.com\/wp-content\/uploads\/2018\/02\/DSC00496-1200x800-1-370x247.jpg 370w, https:\/\/www.alevcamcioglu.com\/wp-content\/uploads\/2018\/02\/DSC00496-1200x800-1-760x507.jpg 760w\" sizes=\"(max-width: 1200px) 100vw, 1200px\" title=\"\">                         <\/div>\n          <\/div>\n         \n          <div class=\"box-text text-center\" >\n                <div class=\"box-text-inner\">\n                  <h4 class=\"uppercase\">\n                    <span class=\"person-name\">Aylin Uyu\u015fmak<\/span><br\/>\n                    <span class=\"person-title is-small thin-font op-7\">\n                      Klinikkoordinator                    <\/span>\n                  <\/h4>\n\t\t\t\t\t<div class=\"social-icons follow-icons\" ><a href=\"https:\/\/www.facebook.com\/dralevcamcioglu\/\" target=\"_blank\" data-label=\"Facebook\" class=\"icon primary button circle tooltip facebook\" title=\"Auf Facebook folgen\" aria-label=\"Auf Facebook folgen\" rel=\"noopener nofollow\"><i class=\"icon-facebook\" aria-hidden=\"true\"><\/i><\/a><a href=\"https:\/\/www.instagram.com\/dralevcamcioglu\/\" target=\"_blank\" data-label=\"Instagram\" class=\"icon primary button circle tooltip instagram\" title=\"Auf Instagram folgen\" aria-label=\"Auf Instagram folgen\" rel=\"noopener nofollow\"><i class=\"icon-instagram\" aria-hidden=\"true\"><\/i><\/a><\/div>\n\n\n                <\/div>\n          <\/div>\n    <\/div>\n\n\t\n    \n\n\t\t<\/div>\n\t\t\t\t\t<\/div>\n\n\t\n\n\t<div id=\"col-1770379863\" class=\"col medium-2 small-6 large-2\"  >\n\t\t\t\t<div class=\"col-inner\"  >\n\t\t\t\n\t\t\t\n\n    <div class=\"box has-hover has-hover box-text-bottom\" >\n\n                  <div class=\"box-image \" >\n           <div class=\"box-image-inner image-cover\" style=\"padding-top:100%;\">\n              <img decoding=\"async\" width=\"1200\" height=\"1800\" src=\"https:\/\/www.alevcamcioglu.com\/wp-content\/uploads\/2018\/02\/DSC00493-1200x1800-1.jpg\" class=\"attachment- size-\" alt=\"\" srcset=\"https:\/\/www.alevcamcioglu.com\/wp-content\/uploads\/2018\/02\/DSC00493-1200x1800-1.jpg 1200w, https:\/\/www.alevcamcioglu.com\/wp-content\/uploads\/2018\/02\/DSC00493-1200x1800-1-200x300.jpg 200w, https:\/\/www.alevcamcioglu.com\/wp-content\/uploads\/2018\/02\/DSC00493-1200x1800-1-683x1024.jpg 683w, https:\/\/www.alevcamcioglu.com\/wp-content\/uploads\/2018\/02\/DSC00493-1200x1800-1-768x1152.jpg 768w, https:\/\/www.alevcamcioglu.com\/wp-content\/uploads\/2018\/02\/DSC00493-1200x1800-1-1024x1536.jpg 1024w, https:\/\/www.alevcamcioglu.com\/wp-content\/uploads\/2018\/02\/DSC00493-1200x1800-1-370x555.jpg 370w, https:\/\/www.alevcamcioglu.com\/wp-content\/uploads\/2018\/02\/DSC00493-1200x1800-1-760x1140.jpg 760w\" sizes=\"(max-width: 1200px) 100vw, 1200px\" title=\"\">                         <\/div>\n          <\/div>\n         \n          <div class=\"box-text text-center\" >\n                <div class=\"box-text-inner\">\n                  <h4 class=\"uppercase\">\n                    <span class=\"person-name\">Serra Sevgili<\/span><br\/>\n                    <span class=\"person-title is-small thin-font op-7\">\n                      Klinische Assistenz                    <\/span>\n                  <\/h4>\n\t\t\t\t\t<div class=\"social-icons follow-icons\" ><a href=\"https:\/\/www.facebook.com\/dralevcamcioglu\/\" target=\"_blank\" data-label=\"Facebook\" class=\"icon primary button circle tooltip facebook\" title=\"Auf Facebook folgen\" aria-label=\"Auf Facebook folgen\" rel=\"noopener nofollow\"><i class=\"icon-facebook\" aria-hidden=\"true\"><\/i><\/a><a href=\"https:\/\/www.instagram.com\/dralevcamcioglu\/\" target=\"_blank\" data-label=\"Instagram\" class=\"icon primary button circle tooltip instagram\" title=\"Auf Instagram folgen\" aria-label=\"Auf Instagram folgen\" rel=\"noopener nofollow\"><i class=\"icon-instagram\" aria-hidden=\"true\"><\/i><\/a><\/div>\n\n\n                <\/div>\n          <\/div>\n    <\/div>\n\n\t\n    \n\n\t\t<\/div>\n\t\t\t\t\t<\/div>\n\n\t\n\n\t<div id=\"col-933023752\" class=\"col medium-2 small-6 large-2\"  >\n\t\t\t\t<div class=\"col-inner\"  >\n\t\t\t\n\t\t\t\n\n    <div class=\"box has-hover has-hover box-text-bottom\" >\n\n                  <div class=\"box-image \" >\n           <div class=\"box-image-inner image-cover\" style=\"padding-top:100%;\">\n              <img decoding=\"async\" width=\"1200\" height=\"800\" src=\"https:\/\/www.alevcamcioglu.com\/wp-content\/uploads\/2018\/02\/DSC00510-1200x800-1.jpg\" class=\"attachment- size-\" alt=\"\" srcset=\"https:\/\/www.alevcamcioglu.com\/wp-content\/uploads\/2018\/02\/DSC00510-1200x800-1.jpg 1200w, https:\/\/www.alevcamcioglu.com\/wp-content\/uploads\/2018\/02\/DSC00510-1200x800-1-300x200.jpg 300w, https:\/\/www.alevcamcioglu.com\/wp-content\/uploads\/2018\/02\/DSC00510-1200x800-1-1024x683.jpg 1024w, https:\/\/www.alevcamcioglu.com\/wp-content\/uploads\/2018\/02\/DSC00510-1200x800-1-768x512.jpg 768w, https:\/\/www.alevcamcioglu.com\/wp-content\/uploads\/2018\/02\/DSC00510-1200x800-1-370x247.jpg 370w, https:\/\/www.alevcamcioglu.com\/wp-content\/uploads\/2018\/02\/DSC00510-1200x800-1-760x507.jpg 760w\" sizes=\"(max-width: 1200px) 100vw, 1200px\" title=\"\">                         <\/div>\n          <\/div>\n         \n          <div class=\"box-text text-center\" >\n                <div class=\"box-text-inner\">\n                  <h4 class=\"uppercase\">\n                    <span class=\"person-name\">Sema Yap\u0131c\u0131<\/span><br\/>\n                    <span class=\"person-title is-small thin-font op-7\">\n                      Operations\r\nschwester                    <\/span>\n                  <\/h4>\n\t\t\t\t\t<div class=\"social-icons follow-icons\" ><a href=\"https:\/\/www.facebook.com\/dralevcamcioglu\/\" target=\"_blank\" data-label=\"Facebook\" class=\"icon primary button circle tooltip facebook\" title=\"Auf Facebook folgen\" aria-label=\"Auf Facebook folgen\" rel=\"noopener nofollow\"><i class=\"icon-facebook\" aria-hidden=\"true\"><\/i><\/a><a href=\"https:\/\/www.instagram.com\/dralevcamcioglu\/\" target=\"_blank\" data-label=\"Instagram\" class=\"icon primary button circle tooltip instagram\" title=\"Auf Instagram folgen\" aria-label=\"Auf Instagram folgen\" rel=\"noopener nofollow\"><i class=\"icon-instagram\" aria-hidden=\"true\"><\/i><\/a><\/div>\n\n\n                <\/div>\n          <\/div>\n    <\/div>\n\n\t\n    \n\n\t\t<\/div>\n\t\t\t\t\t<\/div>\n\n\t\n\n\t<div id=\"col-587576167\" class=\"col medium-2 small-6 large-2\"  >\n\t\t\t\t<div class=\"col-inner\"  >\n\t\t\t\n\t\t\t\n\n    <div class=\"box has-hover has-hover box-text-bottom\" >\n\n                  <div class=\"box-image \" >\n           <div class=\"box-image-inner image-cover\" style=\"padding-top:100%;\">\n              <img decoding=\"async\" width=\"1200\" height=\"800\" src=\"https:\/\/www.alevcamcioglu.com\/wp-content\/uploads\/2024\/02\/DSC00524-1200x800-1.jpg\" class=\"attachment- size-\" alt=\"\" srcset=\"https:\/\/www.alevcamcioglu.com\/wp-content\/uploads\/2024\/02\/DSC00524-1200x800-1.jpg 1200w, https:\/\/www.alevcamcioglu.com\/wp-content\/uploads\/2024\/02\/DSC00524-1200x800-1-300x200.jpg 300w, https:\/\/www.alevcamcioglu.com\/wp-content\/uploads\/2024\/02\/DSC00524-1200x800-1-1024x683.jpg 1024w, https:\/\/www.alevcamcioglu.com\/wp-content\/uploads\/2024\/02\/DSC00524-1200x800-1-768x512.jpg 768w, https:\/\/www.alevcamcioglu.com\/wp-content\/uploads\/2024\/02\/DSC00524-1200x800-1-370x247.jpg 370w, https:\/\/www.alevcamcioglu.com\/wp-content\/uploads\/2024\/02\/DSC00524-1200x800-1-760x507.jpg 760w\" sizes=\"(max-width: 1200px) 100vw, 1200px\" title=\"\">                         <\/div>\n          <\/div>\n         \n          <div class=\"box-text text-center\" >\n                <div class=\"box-text-inner\">\n                  <h4 class=\"uppercase\">\n                    <span class=\"person-name\">Aleyna Ceren Kurt<\/span><br\/>\n                    <span class=\"person-title is-small thin-font op-7\">\n                      Social-Media-Verantwortlicher                    <\/span>\n                  <\/h4>\n\t\t\t\t\t<div class=\"social-icons follow-icons\" ><a href=\"https:\/\/www.facebook.com\/dralevcamcioglu\/\" target=\"_blank\" data-label=\"Facebook\" class=\"icon primary button circle tooltip facebook\" title=\"Auf Facebook folgen\" aria-label=\"Auf Facebook folgen\" rel=\"noopener nofollow\"><i class=\"icon-facebook\" aria-hidden=\"true\"><\/i><\/a><a href=\"https:\/\/www.instagram.com\/dralevcamcioglu\/\" target=\"_blank\" data-label=\"Instagram\" class=\"icon primary button circle tooltip instagram\" title=\"Auf Instagram folgen\" aria-label=\"Auf Instagram folgen\" rel=\"noopener nofollow\"><i class=\"icon-instagram\" aria-hidden=\"true\"><\/i><\/a><\/div>\n\n\n                <\/div>\n          <\/div>\n    <\/div>\n\n\t\n    \n\n\t\t<\/div>\n\t\t\t\t\t<\/div>\n\n\t\n\n<\/div>\n\t\t<\/div>\n\t\t\t\t\t<\/div>\n\n\t\n\n\t<div id=\"col-1005571806\" class=\"col small-12 large-12\"  >\n\t\t\t\t<div class=\"col-inner\"  >\n\t\t\t\n\t\t\t\n<h2>Blog-Beitr\u00e4ge<\/h2>\n\n  \n    <div class=\"row large-columns-3 medium-columns-1 small-columns-1 slider row-slider slider-nav-circle slider-nav-outside\"  data-flickity-options='{&quot;imagesLoaded&quot;: true, &quot;groupCells&quot;: &quot;100%&quot;, &quot;dragThreshold&quot; : 5, &quot;cellAlign&quot;: &quot;left&quot;,&quot;wrapAround&quot;: true,&quot;prevNextButtons&quot;: true,&quot;percentPosition&quot;: true,&quot;pageDots&quot;: false, &quot;rightToLeft&quot;: false, &quot;autoPlay&quot; : false}' >\n\n  <div class=\"col post-item\" >\n\t\t\t<div class=\"col-inner\">\n\t\t\t\t<div class=\"box box-push box-text-bottom box-blog-post has-hover\">\n            \t\t\t\t\t<div class=\"box-image\" >\n  \t\t\t\t\t\t<div class=\"image-cover\" style=\"padding-top:100%;\">\n\t\t\t\t\t\t\t<a href=\"https:\/\/www.alevcamcioglu.com\/de\/was-ist-rhinophym-und-wie-wird-es-behandelt\/\" class=\"plain\" aria-label=\"Was ist Rhinophym und wie wird es behandelt?\">\n\t\t\t\t\t\t\t\t<img decoding=\"async\" width=\"1600\" height=\"900\" src=\"https:\/\/www.alevcamcioglu.com\/wp-content\/uploads\/2025\/03\/Rinofima-Nedir_-Nasil-Tedavi-Edilir.jpg\" class=\"attachment-2048x2048 size-2048x2048 wp-post-image\" alt=\"\" srcset=\"https:\/\/www.alevcamcioglu.com\/wp-content\/uploads\/2025\/03\/Rinofima-Nedir_-Nasil-Tedavi-Edilir.jpg 1600w, https:\/\/www.alevcamcioglu.com\/wp-content\/uploads\/2025\/03\/Rinofima-Nedir_-Nasil-Tedavi-Edilir-711x400.jpg 711w, https:\/\/www.alevcamcioglu.com\/wp-content\/uploads\/2025\/03\/Rinofima-Nedir_-Nasil-Tedavi-Edilir-1400x788.jpg 1400w, https:\/\/www.alevcamcioglu.com\/wp-content\/uploads\/2025\/03\/Rinofima-Nedir_-Nasil-Tedavi-Edilir-768x432.jpg 768w, https:\/\/www.alevcamcioglu.com\/wp-content\/uploads\/2025\/03\/Rinofima-Nedir_-Nasil-Tedavi-Edilir-1536x864.jpg 1536w\" sizes=\"(max-width: 1600px) 100vw, 1600px\" title=\"\">\t\t\t\t\t\t\t<\/a>\n  \t\t\t\t\t\t\t  \t\t\t\t\t\t\t  \t\t\t\t\t\t<\/div>\n  \t\t\t\t\t\t  \t\t\t\t\t<\/div>\n          \t\t\t\t\t<div class=\"box-text text-center\" >\n\t\t\t\t\t<div class=\"box-text-inner blog-post-inner\">\n\n\t\t\t\t\t\n\t\t\t\t\t\t\t\t\t\t<h5 class=\"post-title is-large \">\n\t\t\t\t\t\t<a href=\"https:\/\/www.alevcamcioglu.com\/de\/was-ist-rhinophym-und-wie-wird-es-behandelt\/\" class=\"plain\">Was ist Rhinophym und wie wird es behandelt?<\/a>\n\t\t\t\t\t<\/h5>\n\t\t\t\t\t\t\t\t\t\t<div class=\"is-divider\"><\/div>\n\t\t\t\t\t                    \n\t\t\t\t\t\t\t\t\t\t\t<a href=\"https:\/\/www.alevcamcioglu.com\/de\/was-ist-rhinophym-und-wie-wird-es-behandelt\/\" class=\"button primary is-outline is-small mb-0\">\n\t\t\t\t\t\t\tContinue Reading\t\t\t\t\t\t<\/a>\n\t\t\t\t\t\n\t\t\t\t\t\n\t\t\t\t\t<\/div>\n\t\t\t\t\t<\/div>\n\t\t\t\t\t\t\t\t\t\t\t\t\t\t\t\t<div class=\"badge absolute top post-date badge-circle\">\n\t\t\t\t\t\t\t<div class=\"badge-inner\">\n\t\t\t\t\t\t\t\t<span class=\"post-date-day\">20<\/span><br>\n\t\t\t\t\t\t\t\t<span class=\"post-date-month is-xsmall\">M\u00e4rz<\/span>\n\t\t\t\t\t\t\t<\/div>\n\t\t\t\t\t\t<\/div>\n\t\t\t\t\t\t\t\t\t<\/div>\n\t\t\t<\/div>\n\t\t<\/div><div class=\"col post-item\" >\n\t\t\t<div class=\"col-inner\">\n\t\t\t\t<div class=\"box box-push box-text-bottom box-blog-post has-hover\">\n            \t\t\t\t\t<div class=\"box-image\" >\n  \t\t\t\t\t\t<div class=\"image-cover\" style=\"padding-top:100%;\">\n\t\t\t\t\t\t\t<a href=\"https:\/\/www.alevcamcioglu.com\/de\/dorsum-erhaltende-nasen-op\/\" class=\"plain\" aria-label=\"Dorsum-erhaltende Nasen-OP\">\n\t\t\t\t\t\t\t\t<img decoding=\"async\" width=\"1600\" height=\"900\" src=\"https:\/\/www.alevcamcioglu.com\/wp-content\/uploads\/2025\/03\/Dorsum-Koruyucu-Rinoplasti.jpg\" class=\"attachment-2048x2048 size-2048x2048 wp-post-image\" alt=\"\" srcset=\"https:\/\/www.alevcamcioglu.com\/wp-content\/uploads\/2025\/03\/Dorsum-Koruyucu-Rinoplasti.jpg 1600w, https:\/\/www.alevcamcioglu.com\/wp-content\/uploads\/2025\/03\/Dorsum-Koruyucu-Rinoplasti-711x400.jpg 711w, https:\/\/www.alevcamcioglu.com\/wp-content\/uploads\/2025\/03\/Dorsum-Koruyucu-Rinoplasti-1400x788.jpg 1400w, https:\/\/www.alevcamcioglu.com\/wp-content\/uploads\/2025\/03\/Dorsum-Koruyucu-Rinoplasti-768x432.jpg 768w, https:\/\/www.alevcamcioglu.com\/wp-content\/uploads\/2025\/03\/Dorsum-Koruyucu-Rinoplasti-1536x864.jpg 1536w\" sizes=\"(max-width: 1600px) 100vw, 1600px\" title=\"\">\t\t\t\t\t\t\t<\/a>\n  \t\t\t\t\t\t\t  \t\t\t\t\t\t\t  \t\t\t\t\t\t<\/div>\n  \t\t\t\t\t\t  \t\t\t\t\t<\/div>\n          \t\t\t\t\t<div class=\"box-text text-center\" >\n\t\t\t\t\t<div class=\"box-text-inner blog-post-inner\">\n\n\t\t\t\t\t\n\t\t\t\t\t\t\t\t\t\t<h5 class=\"post-title is-large \">\n\t\t\t\t\t\t<a href=\"https:\/\/www.alevcamcioglu.com\/de\/dorsum-erhaltende-nasen-op\/\" class=\"plain\">Dorsum-erhaltende Nasen-OP<\/a>\n\t\t\t\t\t<\/h5>\n\t\t\t\t\t\t\t\t\t\t<div class=\"is-divider\"><\/div>\n\t\t\t\t\t                    \n\t\t\t\t\t\t\t\t\t\t\t<a href=\"https:\/\/www.alevcamcioglu.com\/de\/dorsum-erhaltende-nasen-op\/\" class=\"button primary is-outline is-small mb-0\">\n\t\t\t\t\t\t\tContinue Reading\t\t\t\t\t\t<\/a>\n\t\t\t\t\t\n\t\t\t\t\t\n\t\t\t\t\t<\/div>\n\t\t\t\t\t<\/div>\n\t\t\t\t\t\t\t\t\t\t\t\t\t\t\t\t<div class=\"badge absolute top post-date badge-circle\">\n\t\t\t\t\t\t\t<div class=\"badge-inner\">\n\t\t\t\t\t\t\t\t<span class=\"post-date-day\">20<\/span><br>\n\t\t\t\t\t\t\t\t<span class=\"post-date-month is-xsmall\">M\u00e4rz<\/span>\n\t\t\t\t\t\t\t<\/div>\n\t\t\t\t\t\t<\/div>\n\t\t\t\t\t\t\t\t\t<\/div>\n\t\t\t<\/div>\n\t\t<\/div><div class=\"col post-item\" >\n\t\t\t<div class=\"col-inner\">\n\t\t\t\t<div class=\"box box-push box-text-bottom box-blog-post has-hover\">\n            \t\t\t\t\t<div class=\"box-image\" >\n  \t\t\t\t\t\t<div class=\"image-cover\" style=\"padding-top:100%;\">\n\t\t\t\t\t\t\t<a href=\"https:\/\/www.alevcamcioglu.com\/de\/was-ist-ein-flaster-und-wofuer-wird-es-verwendet\/\" class=\"plain\" aria-label=\"Was ist ein Flaster und wof\u00fcr wird es verwendet?\">\n\t\t\t\t\t\t\t\t<img decoding=\"async\" width=\"1600\" height=\"900\" src=\"https:\/\/www.alevcamcioglu.com\/wp-content\/uploads\/2025\/03\/Flaster-Nedir-Ne-Ise-Yarar.jpg\" class=\"attachment-2048x2048 size-2048x2048 wp-post-image\" alt=\"\" srcset=\"https:\/\/www.alevcamcioglu.com\/wp-content\/uploads\/2025\/03\/Flaster-Nedir-Ne-Ise-Yarar.jpg 1600w, https:\/\/www.alevcamcioglu.com\/wp-content\/uploads\/2025\/03\/Flaster-Nedir-Ne-Ise-Yarar-711x400.jpg 711w, https:\/\/www.alevcamcioglu.com\/wp-content\/uploads\/2025\/03\/Flaster-Nedir-Ne-Ise-Yarar-1400x788.jpg 1400w, https:\/\/www.alevcamcioglu.com\/wp-content\/uploads\/2025\/03\/Flaster-Nedir-Ne-Ise-Yarar-768x432.jpg 768w, https:\/\/www.alevcamcioglu.com\/wp-content\/uploads\/2025\/03\/Flaster-Nedir-Ne-Ise-Yarar-1536x864.jpg 1536w\" sizes=\"(max-width: 1600px) 100vw, 1600px\" title=\"\">\t\t\t\t\t\t\t<\/a>\n  \t\t\t\t\t\t\t  \t\t\t\t\t\t\t  \t\t\t\t\t\t<\/div>\n  \t\t\t\t\t\t  \t\t\t\t\t<\/div>\n          \t\t\t\t\t<div class=\"box-text text-center\" >\n\t\t\t\t\t<div class=\"box-text-inner blog-post-inner\">\n\n\t\t\t\t\t\n\t\t\t\t\t\t\t\t\t\t<h5 class=\"post-title is-large \">\n\t\t\t\t\t\t<a href=\"https:\/\/www.alevcamcioglu.com\/de\/was-ist-ein-flaster-und-wofuer-wird-es-verwendet\/\" class=\"plain\">Was ist ein Flaster und wof\u00fcr wird es verwendet?<\/a>\n\t\t\t\t\t<\/h5>\n\t\t\t\t\t\t\t\t\t\t<div class=\"is-divider\"><\/div>\n\t\t\t\t\t                    \n\t\t\t\t\t\t\t\t\t\t\t<a href=\"https:\/\/www.alevcamcioglu.com\/de\/was-ist-ein-flaster-und-wofuer-wird-es-verwendet\/\" class=\"button primary is-outline is-small mb-0\">\n\t\t\t\t\t\t\tContinue Reading\t\t\t\t\t\t<\/a>\n\t\t\t\t\t\n\t\t\t\t\t\n\t\t\t\t\t<\/div>\n\t\t\t\t\t<\/div>\n\t\t\t\t\t\t\t\t\t\t\t\t\t\t\t\t<div class=\"badge absolute top post-date badge-circle\">\n\t\t\t\t\t\t\t<div class=\"badge-inner\">\n\t\t\t\t\t\t\t\t<span class=\"post-date-day\">20<\/span><br>\n\t\t\t\t\t\t\t\t<span class=\"post-date-month is-xsmall\">M\u00e4rz<\/span>\n\t\t\t\t\t\t\t<\/div>\n\t\t\t\t\t\t<\/div>\n\t\t\t\t\t\t\t\t\t<\/div>\n\t\t\t<\/div>\n\t\t<\/div><div class=\"col post-item\" >\n\t\t\t<div class=\"col-inner\">\n\t\t\t\t<div class=\"box box-push box-text-bottom box-blog-post has-hover\">\n            \t\t\t\t\t<div class=\"box-image\" >\n  \t\t\t\t\t\t<div class=\"image-cover\" style=\"padding-top:100%;\">\n\t\t\t\t\t\t\t<a href=\"https:\/\/www.alevcamcioglu.com\/de\/perichondrium\/\" class=\"plain\" aria-label=\"Perichondrium\">\n\t\t\t\t\t\t\t\t<img decoding=\"async\" width=\"1600\" height=\"900\" src=\"https:\/\/www.alevcamcioglu.com\/wp-content\/uploads\/2025\/03\/Perikondriyum.jpg\" class=\"attachment-2048x2048 size-2048x2048 wp-post-image\" alt=\"\" srcset=\"https:\/\/www.alevcamcioglu.com\/wp-content\/uploads\/2025\/03\/Perikondriyum.jpg 1600w, https:\/\/www.alevcamcioglu.com\/wp-content\/uploads\/2025\/03\/Perikondriyum-711x400.jpg 711w, https:\/\/www.alevcamcioglu.com\/wp-content\/uploads\/2025\/03\/Perikondriyum-1400x788.jpg 1400w, https:\/\/www.alevcamcioglu.com\/wp-content\/uploads\/2025\/03\/Perikondriyum-768x432.jpg 768w, https:\/\/www.alevcamcioglu.com\/wp-content\/uploads\/2025\/03\/Perikondriyum-1536x864.jpg 1536w\" sizes=\"(max-width: 1600px) 100vw, 1600px\" title=\"\">\t\t\t\t\t\t\t<\/a>\n  \t\t\t\t\t\t\t  \t\t\t\t\t\t\t  \t\t\t\t\t\t<\/div>\n  \t\t\t\t\t\t  \t\t\t\t\t<\/div>\n          \t\t\t\t\t<div class=\"box-text text-center\" >\n\t\t\t\t\t<div class=\"box-text-inner blog-post-inner\">\n\n\t\t\t\t\t\n\t\t\t\t\t\t\t\t\t\t<h5 class=\"post-title is-large \">\n\t\t\t\t\t\t<a href=\"https:\/\/www.alevcamcioglu.com\/de\/perichondrium\/\" class=\"plain\">Perichondrium<\/a>\n\t\t\t\t\t<\/h5>\n\t\t\t\t\t\t\t\t\t\t<div class=\"is-divider\"><\/div>\n\t\t\t\t\t                    \n\t\t\t\t\t\t\t\t\t\t\t<a href=\"https:\/\/www.alevcamcioglu.com\/de\/perichondrium\/\" class=\"button primary is-outline is-small mb-0\">\n\t\t\t\t\t\t\tContinue Reading\t\t\t\t\t\t<\/a>\n\t\t\t\t\t\n\t\t\t\t\t\n\t\t\t\t\t<\/div>\n\t\t\t\t\t<\/div>\n\t\t\t\t\t\t\t\t\t\t\t\t\t\t\t\t<div class=\"badge absolute top post-date badge-circle\">\n\t\t\t\t\t\t\t<div class=\"badge-inner\">\n\t\t\t\t\t\t\t\t<span class=\"post-date-day\">20<\/span><br>\n\t\t\t\t\t\t\t\t<span class=\"post-date-month is-xsmall\">M\u00e4rz<\/span>\n\t\t\t\t\t\t\t<\/div>\n\t\t\t\t\t\t<\/div>\n\t\t\t\t\t\t\t\t\t<\/div>\n\t\t\t<\/div>\n\t\t<\/div><div class=\"col post-item\" >\n\t\t\t<div class=\"col-inner\">\n\t\t\t\t<div class=\"box box-push box-text-bottom box-blog-post has-hover\">\n            \t\t\t\t\t<div class=\"box-image\" >\n  \t\t\t\t\t\t<div class=\"image-cover\" style=\"padding-top:100%;\">\n\t\t\t\t\t\t\t<a href=\"https:\/\/www.alevcamcioglu.com\/de\/worauf-sollte-man-vor-einer-nasen-op-achten\/\" class=\"plain\" aria-label=\"Worauf sollte man vor einer Nasen-OP achten?\">\n\t\t\t\t\t\t\t\t<img decoding=\"async\" width=\"1140\" height=\"500\" src=\"https:\/\/www.alevcamcioglu.com\/wp-content\/uploads\/2025\/01\/Burun-Estetigi-Oncesi-Dikkat-Edilmesi-Gerekenler.jpg\" class=\"attachment-2048x2048 size-2048x2048 wp-post-image\" alt=\"\" srcset=\"https:\/\/www.alevcamcioglu.com\/wp-content\/uploads\/2025\/01\/Burun-Estetigi-Oncesi-Dikkat-Edilmesi-Gerekenler.jpg 1140w, https:\/\/www.alevcamcioglu.com\/wp-content\/uploads\/2025\/01\/Burun-Estetigi-Oncesi-Dikkat-Edilmesi-Gerekenler-800x351.jpg 800w, https:\/\/www.alevcamcioglu.com\/wp-content\/uploads\/2025\/01\/Burun-Estetigi-Oncesi-Dikkat-Edilmesi-Gerekenler-768x337.jpg 768w\" sizes=\"(max-width: 1140px) 100vw, 1140px\" title=\"\">\t\t\t\t\t\t\t<\/a>\n  \t\t\t\t\t\t\t  \t\t\t\t\t\t\t  \t\t\t\t\t\t<\/div>\n  \t\t\t\t\t\t  \t\t\t\t\t<\/div>\n          \t\t\t\t\t<div class=\"box-text text-center\" >\n\t\t\t\t\t<div class=\"box-text-inner blog-post-inner\">\n\n\t\t\t\t\t\n\t\t\t\t\t\t\t\t\t\t<h5 class=\"post-title is-large \">\n\t\t\t\t\t\t<a href=\"https:\/\/www.alevcamcioglu.com\/de\/worauf-sollte-man-vor-einer-nasen-op-achten\/\" class=\"plain\">Worauf sollte man vor einer Nasen-OP achten?<\/a>\n\t\t\t\t\t<\/h5>\n\t\t\t\t\t\t\t\t\t\t<div class=\"is-divider\"><\/div>\n\t\t\t\t\t                    \n\t\t\t\t\t\t\t\t\t\t\t<a href=\"https:\/\/www.alevcamcioglu.com\/de\/worauf-sollte-man-vor-einer-nasen-op-achten\/\" class=\"button primary is-outline is-small mb-0\">\n\t\t\t\t\t\t\tContinue Reading\t\t\t\t\t\t<\/a>\n\t\t\t\t\t\n\t\t\t\t\t\n\t\t\t\t\t<\/div>\n\t\t\t\t\t<\/div>\n\t\t\t\t\t\t\t\t\t\t\t\t\t\t\t\t<div class=\"badge absolute top post-date badge-circle\">\n\t\t\t\t\t\t\t<div class=\"badge-inner\">\n\t\t\t\t\t\t\t\t<span class=\"post-date-day\">31<\/span><br>\n\t\t\t\t\t\t\t\t<span class=\"post-date-month is-xsmall\">Jan.<\/span>\n\t\t\t\t\t\t\t<\/div>\n\t\t\t\t\t\t<\/div>\n\t\t\t\t\t\t\t\t\t<\/div>\n\t\t\t<\/div>\n\t\t<\/div><div class=\"col post-item\" >\n\t\t\t<div class=\"col-inner\">\n\t\t\t\t<div class=\"box box-push box-text-bottom box-blog-post has-hover\">\n            \t\t\t\t\t<div class=\"box-image\" >\n  \t\t\t\t\t\t<div class=\"image-cover\" style=\"padding-top:100%;\">\n\t\t\t\t\t\t\t<a href=\"https:\/\/www.alevcamcioglu.com\/de\/eisanwendung-nach-einer-nasen-op\/\" class=\"plain\" aria-label=\"Eisanwendung nach einer Nasen-OP\">\n\t\t\t\t\t\t\t\t<img decoding=\"async\" width=\"1140\" height=\"500\" src=\"https:\/\/www.alevcamcioglu.com\/wp-content\/uploads\/2025\/01\/Burun-Estetik-Ameliyati-Sonrasi-Buz-Uygulamasi.jpg\" class=\"attachment-2048x2048 size-2048x2048 wp-post-image\" alt=\"\" srcset=\"https:\/\/www.alevcamcioglu.com\/wp-content\/uploads\/2025\/01\/Burun-Estetik-Ameliyati-Sonrasi-Buz-Uygulamasi.jpg 1140w, https:\/\/www.alevcamcioglu.com\/wp-content\/uploads\/2025\/01\/Burun-Estetik-Ameliyati-Sonrasi-Buz-Uygulamasi-800x351.jpg 800w, https:\/\/www.alevcamcioglu.com\/wp-content\/uploads\/2025\/01\/Burun-Estetik-Ameliyati-Sonrasi-Buz-Uygulamasi-768x337.jpg 768w\" sizes=\"(max-width: 1140px) 100vw, 1140px\" title=\"\">\t\t\t\t\t\t\t<\/a>\n  \t\t\t\t\t\t\t  \t\t\t\t\t\t\t  \t\t\t\t\t\t<\/div>\n  \t\t\t\t\t\t  \t\t\t\t\t<\/div>\n          \t\t\t\t\t<div class=\"box-text text-center\" >\n\t\t\t\t\t<div class=\"box-text-inner blog-post-inner\">\n\n\t\t\t\t\t\n\t\t\t\t\t\t\t\t\t\t<h5 class=\"post-title is-large \">\n\t\t\t\t\t\t<a href=\"https:\/\/www.alevcamcioglu.com\/de\/eisanwendung-nach-einer-nasen-op\/\" class=\"plain\">Eisanwendung nach einer Nasen-OP<\/a>\n\t\t\t\t\t<\/h5>\n\t\t\t\t\t\t\t\t\t\t<div class=\"is-divider\"><\/div>\n\t\t\t\t\t                    \n\t\t\t\t\t\t\t\t\t\t\t<a href=\"https:\/\/www.alevcamcioglu.com\/de\/eisanwendung-nach-einer-nasen-op\/\" class=\"button primary is-outline is-small mb-0\">\n\t\t\t\t\t\t\tContinue Reading\t\t\t\t\t\t<\/a>\n\t\t\t\t\t\n\t\t\t\t\t\n\t\t\t\t\t<\/div>\n\t\t\t\t\t<\/div>\n\t\t\t\t\t\t\t\t\t\t\t\t\t\t\t\t<div class=\"badge absolute top post-date badge-circle\">\n\t\t\t\t\t\t\t<div class=\"badge-inner\">\n\t\t\t\t\t\t\t\t<span class=\"post-date-day\">31<\/span><br>\n\t\t\t\t\t\t\t\t<span class=\"post-date-month is-xsmall\">Jan.<\/span>\n\t\t\t\t\t\t\t<\/div>\n\t\t\t\t\t\t<\/div>\n\t\t\t\t\t\t\t\t\t<\/div>\n\t\t\t<\/div>\n\t\t<\/div><div class=\"col post-item\" >\n\t\t\t<div class=\"col-inner\">\n\t\t\t\t<div class=\"box box-push box-text-bottom box-blog-post has-hover\">\n            \t\t\t\t\t<div class=\"box-image\" >\n  \t\t\t\t\t\t<div class=\"image-cover\" style=\"padding-top:100%;\">\n\t\t\t\t\t\t\t<a href=\"https:\/\/www.alevcamcioglu.com\/de\/welche-tests-werden-vor-einer-nasen-op-durchgefuehrt\/\" class=\"plain\" aria-label=\"Welche Tests werden vor einer Nasen-OP durchgef\u00fchrt?\">\n\t\t\t\t\t\t\t\t<img decoding=\"async\" width=\"1140\" height=\"500\" src=\"https:\/\/www.alevcamcioglu.com\/wp-content\/uploads\/2025\/01\/Burun-Ameliyati-Oncesi-Hangi-Testler-Yapilir.jpg\" class=\"attachment-2048x2048 size-2048x2048 wp-post-image\" alt=\"\" srcset=\"https:\/\/www.alevcamcioglu.com\/wp-content\/uploads\/2025\/01\/Burun-Ameliyati-Oncesi-Hangi-Testler-Yapilir.jpg 1140w, https:\/\/www.alevcamcioglu.com\/wp-content\/uploads\/2025\/01\/Burun-Ameliyati-Oncesi-Hangi-Testler-Yapilir-800x351.jpg 800w, https:\/\/www.alevcamcioglu.com\/wp-content\/uploads\/2025\/01\/Burun-Ameliyati-Oncesi-Hangi-Testler-Yapilir-768x337.jpg 768w\" sizes=\"(max-width: 1140px) 100vw, 1140px\" title=\"\">\t\t\t\t\t\t\t<\/a>\n  \t\t\t\t\t\t\t  \t\t\t\t\t\t\t  \t\t\t\t\t\t<\/div>\n  \t\t\t\t\t\t  \t\t\t\t\t<\/div>\n          \t\t\t\t\t<div class=\"box-text text-center\" >\n\t\t\t\t\t<div class=\"box-text-inner blog-post-inner\">\n\n\t\t\t\t\t\n\t\t\t\t\t\t\t\t\t\t<h5 class=\"post-title is-large \">\n\t\t\t\t\t\t<a href=\"https:\/\/www.alevcamcioglu.com\/de\/welche-tests-werden-vor-einer-nasen-op-durchgefuehrt\/\" class=\"plain\">Welche Tests werden vor einer Nasen-OP durchgef\u00fchrt?<\/a>\n\t\t\t\t\t<\/h5>\n\t\t\t\t\t\t\t\t\t\t<div class=\"is-divider\"><\/div>\n\t\t\t\t\t                    \n\t\t\t\t\t\t\t\t\t\t\t<a href=\"https:\/\/www.alevcamcioglu.com\/de\/welche-tests-werden-vor-einer-nasen-op-durchgefuehrt\/\" class=\"button primary is-outline is-small mb-0\">\n\t\t\t\t\t\t\tContinue Reading\t\t\t\t\t\t<\/a>\n\t\t\t\t\t\n\t\t\t\t\t\n\t\t\t\t\t<\/div>\n\t\t\t\t\t<\/div>\n\t\t\t\t\t\t\t\t\t\t\t\t\t\t\t\t<div class=\"badge absolute top post-date badge-circle\">\n\t\t\t\t\t\t\t<div class=\"badge-inner\">\n\t\t\t\t\t\t\t\t<span class=\"post-date-day\">31<\/span><br>\n\t\t\t\t\t\t\t\t<span class=\"post-date-month is-xsmall\">Jan.<\/span>\n\t\t\t\t\t\t\t<\/div>\n\t\t\t\t\t\t<\/div>\n\t\t\t\t\t\t\t\t\t<\/div>\n\t\t\t<\/div>\n\t\t<\/div><div class=\"col post-item\" >\n\t\t\t<div class=\"col-inner\">\n\t\t\t\t<div class=\"box box-push box-text-bottom box-blog-post has-hover\">\n            \t\t\t\t\t<div class=\"box-image\" >\n  \t\t\t\t\t\t<div class=\"image-cover\" style=\"padding-top:100%;\">\n\t\t\t\t\t\t\t<a href=\"https:\/\/www.alevcamcioglu.com\/de\/kann-eine-nasen-op-mit-einer-anderen-operation-kombiniert-werden\/\" class=\"plain\" aria-label=\"Kann eine Nasen-OP mit einer anderen Operation kombiniert werden?\">\n\t\t\t\t\t\t\t\t<img decoding=\"async\" width=\"1140\" height=\"500\" src=\"https:\/\/www.alevcamcioglu.com\/wp-content\/uploads\/2025\/01\/Burun-Estetigi-Ameliyati-Baska-Bir-Ameliyat-Ile-Yapilabilir-Mi.jpg\" class=\"attachment-2048x2048 size-2048x2048 wp-post-image\" alt=\"\" srcset=\"https:\/\/www.alevcamcioglu.com\/wp-content\/uploads\/2025\/01\/Burun-Estetigi-Ameliyati-Baska-Bir-Ameliyat-Ile-Yapilabilir-Mi.jpg 1140w, https:\/\/www.alevcamcioglu.com\/wp-content\/uploads\/2025\/01\/Burun-Estetigi-Ameliyati-Baska-Bir-Ameliyat-Ile-Yapilabilir-Mi-800x351.jpg 800w, https:\/\/www.alevcamcioglu.com\/wp-content\/uploads\/2025\/01\/Burun-Estetigi-Ameliyati-Baska-Bir-Ameliyat-Ile-Yapilabilir-Mi-768x337.jpg 768w\" sizes=\"(max-width: 1140px) 100vw, 1140px\" title=\"\">\t\t\t\t\t\t\t<\/a>\n  \t\t\t\t\t\t\t  \t\t\t\t\t\t\t  \t\t\t\t\t\t<\/div>\n  \t\t\t\t\t\t  \t\t\t\t\t<\/div>\n          \t\t\t\t\t<div class=\"box-text text-center\" >\n\t\t\t\t\t<div class=\"box-text-inner blog-post-inner\">\n\n\t\t\t\t\t\n\t\t\t\t\t\t\t\t\t\t<h5 class=\"post-title is-large \">\n\t\t\t\t\t\t<a href=\"https:\/\/www.alevcamcioglu.com\/de\/kann-eine-nasen-op-mit-einer-anderen-operation-kombiniert-werden\/\" class=\"plain\">Kann eine Nasen-OP mit einer anderen Operation kombiniert werden?<\/a>\n\t\t\t\t\t<\/h5>\n\t\t\t\t\t\t\t\t\t\t<div class=\"is-divider\"><\/div>\n\t\t\t\t\t                    \n\t\t\t\t\t\t\t\t\t\t\t<a href=\"https:\/\/www.alevcamcioglu.com\/de\/kann-eine-nasen-op-mit-einer-anderen-operation-kombiniert-werden\/\" class=\"button primary is-outline is-small mb-0\">\n\t\t\t\t\t\t\tContinue Reading\t\t\t\t\t\t<\/a>\n\t\t\t\t\t\n\t\t\t\t\t\n\t\t\t\t\t<\/div>\n\t\t\t\t\t<\/div>\n\t\t\t\t\t\t\t\t\t\t\t\t\t\t\t\t<div class=\"badge absolute top post-date badge-circle\">\n\t\t\t\t\t\t\t<div class=\"badge-inner\">\n\t\t\t\t\t\t\t\t<span class=\"post-date-day\">31<\/span><br>\n\t\t\t\t\t\t\t\t<span class=\"post-date-month is-xsmall\">Jan.<\/span>\n\t\t\t\t\t\t\t<\/div>\n\t\t\t\t\t\t<\/div>\n\t\t\t\t\t\t\t\t\t<\/div>\n\t\t\t<\/div>\n\t\t<\/div><div class=\"col post-item\" >\n\t\t\t<div class=\"col-inner\">\n\t\t\t\t<div class=\"box box-push box-text-bottom box-blog-post has-hover\">\n            \t\t\t\t\t<div class=\"box-image\" >\n  \t\t\t\t\t\t<div class=\"image-cover\" style=\"padding-top:100%;\">\n\t\t\t\t\t\t\t<a href=\"https:\/\/www.alevcamcioglu.com\/de\/was-sollte-man-nach-einer-nasen-op-vermeiden\/\" class=\"plain\" aria-label=\"Was sollte man nach einer Nasen-OP vermeiden?\">\n\t\t\t\t\t\t\t\t<img decoding=\"async\" width=\"1140\" height=\"500\" src=\"https:\/\/www.alevcamcioglu.com\/wp-content\/uploads\/2025\/01\/Burun-Estetiginden-Sonra-Yapilmamasi-Gerekenler.jpg\" class=\"attachment-2048x2048 size-2048x2048 wp-post-image\" alt=\"\" srcset=\"https:\/\/www.alevcamcioglu.com\/wp-content\/uploads\/2025\/01\/Burun-Estetiginden-Sonra-Yapilmamasi-Gerekenler.jpg 1140w, https:\/\/www.alevcamcioglu.com\/wp-content\/uploads\/2025\/01\/Burun-Estetiginden-Sonra-Yapilmamasi-Gerekenler-800x351.jpg 800w, https:\/\/www.alevcamcioglu.com\/wp-content\/uploads\/2025\/01\/Burun-Estetiginden-Sonra-Yapilmamasi-Gerekenler-768x337.jpg 768w\" sizes=\"(max-width: 1140px) 100vw, 1140px\" title=\"\">\t\t\t\t\t\t\t<\/a>\n  \t\t\t\t\t\t\t  \t\t\t\t\t\t\t  \t\t\t\t\t\t<\/div>\n  \t\t\t\t\t\t  \t\t\t\t\t<\/div>\n          \t\t\t\t\t<div class=\"box-text text-center\" >\n\t\t\t\t\t<div class=\"box-text-inner blog-post-inner\">\n\n\t\t\t\t\t\n\t\t\t\t\t\t\t\t\t\t<h5 class=\"post-title is-large \">\n\t\t\t\t\t\t<a href=\"https:\/\/www.alevcamcioglu.com\/de\/was-sollte-man-nach-einer-nasen-op-vermeiden\/\" class=\"plain\">Was sollte man nach einer Nasen-OP vermeiden?<\/a>\n\t\t\t\t\t<\/h5>\n\t\t\t\t\t\t\t\t\t\t<div class=\"is-divider\"><\/div>\n\t\t\t\t\t                    \n\t\t\t\t\t\t\t\t\t\t\t<a href=\"https:\/\/www.alevcamcioglu.com\/de\/was-sollte-man-nach-einer-nasen-op-vermeiden\/\" class=\"button primary is-outline is-small mb-0\">\n\t\t\t\t\t\t\tContinue Reading\t\t\t\t\t\t<\/a>\n\t\t\t\t\t\n\t\t\t\t\t\n\t\t\t\t\t<\/div>\n\t\t\t\t\t<\/div>\n\t\t\t\t\t\t\t\t\t\t\t\t\t\t\t\t<div class=\"badge absolute top post-date badge-circle\">\n\t\t\t\t\t\t\t<div class=\"badge-inner\">\n\t\t\t\t\t\t\t\t<span class=\"post-date-day\">31<\/span><br>\n\t\t\t\t\t\t\t\t<span class=\"post-date-month is-xsmall\">Jan.<\/span>\n\t\t\t\t\t\t\t<\/div>\n\t\t\t\t\t\t<\/div>\n\t\t\t\t\t\t\t\t\t<\/div>\n\t\t\t<\/div>\n\t\t<\/div><div class=\"col post-item\" >\n\t\t\t<div class=\"col-inner\">\n\t\t\t\t<div class=\"box box-push box-text-bottom box-blog-post has-hover\">\n            \t\t\t\t\t<div class=\"box-image\" >\n  \t\t\t\t\t\t<div class=\"image-cover\" style=\"padding-top:100%;\">\n\t\t\t\t\t\t\t<a href=\"https:\/\/www.alevcamcioglu.com\/de\/was-ist-der-unterschied-zwischen-offener-und-geschlossener-nasen-op\/\" class=\"plain\" aria-label=\"Was ist der Unterschied zwischen offener und geschlossener Nasen-OP?\">\n\t\t\t\t\t\t\t\t<img decoding=\"async\" width=\"1140\" height=\"500\" src=\"https:\/\/www.alevcamcioglu.com\/wp-content\/uploads\/2024\/12\/Acik-Burun-Ameliyati-ile-Kapali-Arasindaki-Fark-Nedir.jpg\" class=\"attachment-2048x2048 size-2048x2048 wp-post-image\" alt=\"\" srcset=\"https:\/\/www.alevcamcioglu.com\/wp-content\/uploads\/2024\/12\/Acik-Burun-Ameliyati-ile-Kapali-Arasindaki-Fark-Nedir.jpg 1140w, https:\/\/www.alevcamcioglu.com\/wp-content\/uploads\/2024\/12\/Acik-Burun-Ameliyati-ile-Kapali-Arasindaki-Fark-Nedir-800x351.jpg 800w, https:\/\/www.alevcamcioglu.com\/wp-content\/uploads\/2024\/12\/Acik-Burun-Ameliyati-ile-Kapali-Arasindaki-Fark-Nedir-768x337.jpg 768w\" sizes=\"(max-width: 1140px) 100vw, 1140px\" title=\"\">\t\t\t\t\t\t\t<\/a>\n  \t\t\t\t\t\t\t  \t\t\t\t\t\t\t  \t\t\t\t\t\t<\/div>\n  \t\t\t\t\t\t  \t\t\t\t\t<\/div>\n          \t\t\t\t\t<div class=\"box-text text-center\" >\n\t\t\t\t\t<div class=\"box-text-inner blog-post-inner\">\n\n\t\t\t\t\t\n\t\t\t\t\t\t\t\t\t\t<h5 class=\"post-title is-large \">\n\t\t\t\t\t\t<a href=\"https:\/\/www.alevcamcioglu.com\/de\/was-ist-der-unterschied-zwischen-offener-und-geschlossener-nasen-op\/\" class=\"plain\">Was ist der Unterschied zwischen offener und geschlossener Nasen-OP?<\/a>\n\t\t\t\t\t<\/h5>\n\t\t\t\t\t\t\t\t\t\t<div class=\"is-divider\"><\/div>\n\t\t\t\t\t                    \n\t\t\t\t\t\t\t\t\t\t\t<a href=\"https:\/\/www.alevcamcioglu.com\/de\/was-ist-der-unterschied-zwischen-offener-und-geschlossener-nasen-op\/\" class=\"button primary is-outline is-small mb-0\">\n\t\t\t\t\t\t\tContinue Reading\t\t\t\t\t\t<\/a>\n\t\t\t\t\t\n\t\t\t\t\t\n\t\t\t\t\t<\/div>\n\t\t\t\t\t<\/div>\n\t\t\t\t\t\t\t\t\t\t\t\t\t\t\t\t<div class=\"badge absolute top post-date badge-circle\">\n\t\t\t\t\t\t\t<div class=\"badge-inner\">\n\t\t\t\t\t\t\t\t<span class=\"post-date-day\">26<\/span><br>\n\t\t\t\t\t\t\t\t<span class=\"post-date-month is-xsmall\">Dez.<\/span>\n\t\t\t\t\t\t\t<\/div>\n\t\t\t\t\t\t<\/div>\n\t\t\t\t\t\t\t\t\t<\/div>\n\t\t\t<\/div>\n\t\t<\/div><div class=\"col post-item\" >\n\t\t\t<div class=\"col-inner\">\n\t\t\t\t<div class=\"box box-push box-text-bottom box-blog-post has-hover\">\n            \t\t\t\t\t<div class=\"box-image\" >\n  \t\t\t\t\t\t<div class=\"image-cover\" style=\"padding-top:100%;\">\n\t\t\t\t\t\t\t<a href=\"https:\/\/www.alevcamcioglu.com\/de\/veraendert-seitenschlafen-nach-einer-nasen-op-die-nasenform\/\" class=\"plain\" aria-label=\"Ver\u00e4ndert Seitenschlafen nach einer Nasen-OP die Nasenform?\">\n\t\t\t\t\t\t\t\t<img decoding=\"async\" width=\"1140\" height=\"500\" src=\"https:\/\/www.alevcamcioglu.com\/wp-content\/uploads\/2024\/12\/Burun-Estetigi-Sonrasi-Yan-Yatmak-Burun-Seklini-Bozar-Mi.jpg\" class=\"attachment-2048x2048 size-2048x2048 wp-post-image\" alt=\"\" srcset=\"https:\/\/www.alevcamcioglu.com\/wp-content\/uploads\/2024\/12\/Burun-Estetigi-Sonrasi-Yan-Yatmak-Burun-Seklini-Bozar-Mi.jpg 1140w, https:\/\/www.alevcamcioglu.com\/wp-content\/uploads\/2024\/12\/Burun-Estetigi-Sonrasi-Yan-Yatmak-Burun-Seklini-Bozar-Mi-800x351.jpg 800w, https:\/\/www.alevcamcioglu.com\/wp-content\/uploads\/2024\/12\/Burun-Estetigi-Sonrasi-Yan-Yatmak-Burun-Seklini-Bozar-Mi-768x337.jpg 768w\" sizes=\"(max-width: 1140px) 100vw, 1140px\" title=\"\">\t\t\t\t\t\t\t<\/a>\n  \t\t\t\t\t\t\t  \t\t\t\t\t\t\t  \t\t\t\t\t\t<\/div>\n  \t\t\t\t\t\t  \t\t\t\t\t<\/div>\n          \t\t\t\t\t<div class=\"box-text text-center\" >\n\t\t\t\t\t<div class=\"box-text-inner blog-post-inner\">\n\n\t\t\t\t\t\n\t\t\t\t\t\t\t\t\t\t<h5 class=\"post-title is-large \">\n\t\t\t\t\t\t<a href=\"https:\/\/www.alevcamcioglu.com\/de\/veraendert-seitenschlafen-nach-einer-nasen-op-die-nasenform\/\" class=\"plain\">Ver\u00e4ndert Seitenschlafen nach einer Nasen-OP die Nasenform?<\/a>\n\t\t\t\t\t<\/h5>\n\t\t\t\t\t\t\t\t\t\t<div class=\"is-divider\"><\/div>\n\t\t\t\t\t                    \n\t\t\t\t\t\t\t\t\t\t\t<a href=\"https:\/\/www.alevcamcioglu.com\/de\/veraendert-seitenschlafen-nach-einer-nasen-op-die-nasenform\/\" class=\"button primary is-outline is-small mb-0\">\n\t\t\t\t\t\t\tContinue Reading\t\t\t\t\t\t<\/a>\n\t\t\t\t\t\n\t\t\t\t\t\n\t\t\t\t\t<\/div>\n\t\t\t\t\t<\/div>\n\t\t\t\t\t\t\t\t\t\t\t\t\t\t\t\t<div class=\"badge absolute top post-date badge-circle\">\n\t\t\t\t\t\t\t<div class=\"badge-inner\">\n\t\t\t\t\t\t\t\t<span class=\"post-date-day\">26<\/span><br>\n\t\t\t\t\t\t\t\t<span class=\"post-date-month is-xsmall\">Dez.<\/span>\n\t\t\t\t\t\t\t<\/div>\n\t\t\t\t\t\t<\/div>\n\t\t\t\t\t\t\t\t\t<\/div>\n\t\t\t<\/div>\n\t\t<\/div><div class=\"col post-item\" >\n\t\t\t<div class=\"col-inner\">\n\t\t\t\t<div class=\"box box-push box-text-bottom box-blog-post has-hover\">\n            \t\t\t\t\t<div class=\"box-image\" >\n  \t\t\t\t\t\t<div class=\"image-cover\" style=\"padding-top:100%;\">\n\t\t\t\t\t\t\t<a href=\"https:\/\/www.alevcamcioglu.com\/de\/wechseln-sie-monat-fuer-monat-nach-der-nasen-op\/\" class=\"plain\" aria-label=\"Wechseln Sie Monat f\u00fcr Monat nach der Nasen-OP\">\n\t\t\t\t\t\t\t\t<img decoding=\"async\" width=\"1140\" height=\"500\" src=\"https:\/\/www.alevcamcioglu.com\/wp-content\/uploads\/2024\/12\/Burun-Estetigi-Sonrasi-Ay-Ay-Degisim.jpg\" class=\"attachment-2048x2048 size-2048x2048 wp-post-image\" alt=\"\" srcset=\"https:\/\/www.alevcamcioglu.com\/wp-content\/uploads\/2024\/12\/Burun-Estetigi-Sonrasi-Ay-Ay-Degisim.jpg 1140w, https:\/\/www.alevcamcioglu.com\/wp-content\/uploads\/2024\/12\/Burun-Estetigi-Sonrasi-Ay-Ay-Degisim-800x351.jpg 800w, https:\/\/www.alevcamcioglu.com\/wp-content\/uploads\/2024\/12\/Burun-Estetigi-Sonrasi-Ay-Ay-Degisim-768x337.jpg 768w\" sizes=\"(max-width: 1140px) 100vw, 1140px\" title=\"\">\t\t\t\t\t\t\t<\/a>\n  \t\t\t\t\t\t\t  \t\t\t\t\t\t\t  \t\t\t\t\t\t<\/div>\n  \t\t\t\t\t\t  \t\t\t\t\t<\/div>\n          \t\t\t\t\t<div class=\"box-text text-center\" >\n\t\t\t\t\t<div class=\"box-text-inner blog-post-inner\">\n\n\t\t\t\t\t\n\t\t\t\t\t\t\t\t\t\t<h5 class=\"post-title is-large \">\n\t\t\t\t\t\t<a href=\"https:\/\/www.alevcamcioglu.com\/de\/wechseln-sie-monat-fuer-monat-nach-der-nasen-op\/\" class=\"plain\">Wechseln Sie Monat f\u00fcr Monat nach der Nasen-OP<\/a>\n\t\t\t\t\t<\/h5>\n\t\t\t\t\t\t\t\t\t\t<div class=\"is-divider\"><\/div>\n\t\t\t\t\t                    \n\t\t\t\t\t\t\t\t\t\t\t<a href=\"https:\/\/www.alevcamcioglu.com\/de\/wechseln-sie-monat-fuer-monat-nach-der-nasen-op\/\" class=\"button primary is-outline is-small mb-0\">\n\t\t\t\t\t\t\tContinue Reading\t\t\t\t\t\t<\/a>\n\t\t\t\t\t\n\t\t\t\t\t\n\t\t\t\t\t<\/div>\n\t\t\t\t\t<\/div>\n\t\t\t\t\t\t\t\t\t\t\t\t\t\t\t\t<div class=\"badge absolute top post-date badge-circle\">\n\t\t\t\t\t\t\t<div class=\"badge-inner\">\n\t\t\t\t\t\t\t\t<span class=\"post-date-day\">26<\/span><br>\n\t\t\t\t\t\t\t\t<span class=\"post-date-month is-xsmall\">Dez.<\/span>\n\t\t\t\t\t\t\t<\/div>\n\t\t\t\t\t\t<\/div>\n\t\t\t\t\t\t\t\t\t<\/div>\n\t\t\t<\/div>\n\t\t<\/div><div class=\"col post-item\" >\n\t\t\t<div class=\"col-inner\">\n\t\t\t\t<div class=\"box box-push box-text-bottom box-blog-post has-hover\">\n            \t\t\t\t\t<div class=\"box-image\" >\n  \t\t\t\t\t\t<div class=\"image-cover\" style=\"padding-top:100%;\">\n\t\t\t\t\t\t\t<a href=\"https:\/\/www.alevcamcioglu.com\/de\/koennen-nasen-op-und-eine-nasennebenhoehlen-op-zusammen-durchgefuehrt-werden\/\" class=\"plain\" aria-label=\"K\u00f6nnen Nasen-OP und eine Nasennebenh\u00f6hlen-OP zusammen durchgef\u00fchrt werden?\">\n\t\t\t\t\t\t\t\t<img decoding=\"async\" width=\"1140\" height=\"500\" src=\"https:\/\/www.alevcamcioglu.com\/wp-content\/uploads\/2024\/12\/Burun-Estetigi-ve-Sinuzit-Ameliyati-Birlikte-Yapilir-Mi.jpg\" class=\"attachment-2048x2048 size-2048x2048 wp-post-image\" alt=\"\" srcset=\"https:\/\/www.alevcamcioglu.com\/wp-content\/uploads\/2024\/12\/Burun-Estetigi-ve-Sinuzit-Ameliyati-Birlikte-Yapilir-Mi.jpg 1140w, https:\/\/www.alevcamcioglu.com\/wp-content\/uploads\/2024\/12\/Burun-Estetigi-ve-Sinuzit-Ameliyati-Birlikte-Yapilir-Mi-800x351.jpg 800w, https:\/\/www.alevcamcioglu.com\/wp-content\/uploads\/2024\/12\/Burun-Estetigi-ve-Sinuzit-Ameliyati-Birlikte-Yapilir-Mi-768x337.jpg 768w\" sizes=\"(max-width: 1140px) 100vw, 1140px\" title=\"\">\t\t\t\t\t\t\t<\/a>\n  \t\t\t\t\t\t\t  \t\t\t\t\t\t\t  \t\t\t\t\t\t<\/div>\n  \t\t\t\t\t\t  \t\t\t\t\t<\/div>\n          \t\t\t\t\t<div class=\"box-text text-center\" >\n\t\t\t\t\t<div class=\"box-text-inner blog-post-inner\">\n\n\t\t\t\t\t\n\t\t\t\t\t\t\t\t\t\t<h5 class=\"post-title is-large \">\n\t\t\t\t\t\t<a href=\"https:\/\/www.alevcamcioglu.com\/de\/koennen-nasen-op-und-eine-nasennebenhoehlen-op-zusammen-durchgefuehrt-werden\/\" class=\"plain\">K\u00f6nnen Nasen-OP und eine Nasennebenh\u00f6hlen-OP zusammen durchgef\u00fchrt werden?<\/a>\n\t\t\t\t\t<\/h5>\n\t\t\t\t\t\t\t\t\t\t<div class=\"is-divider\"><\/div>\n\t\t\t\t\t                    \n\t\t\t\t\t\t\t\t\t\t\t<a href=\"https:\/\/www.alevcamcioglu.com\/de\/koennen-nasen-op-und-eine-nasennebenhoehlen-op-zusammen-durchgefuehrt-werden\/\" class=\"button primary is-outline is-small mb-0\">\n\t\t\t\t\t\t\tContinue Reading\t\t\t\t\t\t<\/a>\n\t\t\t\t\t\n\t\t\t\t\t\n\t\t\t\t\t<\/div>\n\t\t\t\t\t<\/div>\n\t\t\t\t\t\t\t\t\t\t\t\t\t\t\t\t<div class=\"badge absolute top post-date badge-circle\">\n\t\t\t\t\t\t\t<div class=\"badge-inner\">\n\t\t\t\t\t\t\t\t<span class=\"post-date-day\">26<\/span><br>\n\t\t\t\t\t\t\t\t<span class=\"post-date-month is-xsmall\">Dez.<\/span>\n\t\t\t\t\t\t\t<\/div>\n\t\t\t\t\t\t<\/div>\n\t\t\t\t\t\t\t\t\t<\/div>\n\t\t\t<\/div>\n\t\t<\/div><div class=\"col post-item\" >\n\t\t\t<div class=\"col-inner\">\n\t\t\t\t<div class=\"box box-push box-text-bottom box-blog-post has-hover\">\n            \t\t\t\t\t<div class=\"box-image\" >\n  \t\t\t\t\t\t<div class=\"image-cover\" style=\"padding-top:100%;\">\n\t\t\t\t\t\t\t<a href=\"https:\/\/www.alevcamcioglu.com\/de\/lippenlift-operation\/\" class=\"plain\" aria-label=\"Lippenlift-Operation\">\n\t\t\t\t\t\t\t\t<img decoding=\"async\" width=\"1140\" height=\"500\" src=\"https:\/\/www.alevcamcioglu.com\/wp-content\/uploads\/2024\/12\/Lip-Lift-Dudak-Kaldirma-Ameliyati.jpg\" class=\"attachment-2048x2048 size-2048x2048 wp-post-image\" alt=\"\" srcset=\"https:\/\/www.alevcamcioglu.com\/wp-content\/uploads\/2024\/12\/Lip-Lift-Dudak-Kaldirma-Ameliyati.jpg 1140w, https:\/\/www.alevcamcioglu.com\/wp-content\/uploads\/2024\/12\/Lip-Lift-Dudak-Kaldirma-Ameliyati-800x351.jpg 800w, https:\/\/www.alevcamcioglu.com\/wp-content\/uploads\/2024\/12\/Lip-Lift-Dudak-Kaldirma-Ameliyati-768x337.jpg 768w\" sizes=\"(max-width: 1140px) 100vw, 1140px\" title=\"\">\t\t\t\t\t\t\t<\/a>\n  \t\t\t\t\t\t\t  \t\t\t\t\t\t\t  \t\t\t\t\t\t<\/div>\n  \t\t\t\t\t\t  \t\t\t\t\t<\/div>\n          \t\t\t\t\t<div class=\"box-text text-center\" >\n\t\t\t\t\t<div class=\"box-text-inner blog-post-inner\">\n\n\t\t\t\t\t\n\t\t\t\t\t\t\t\t\t\t<h5 class=\"post-title is-large \">\n\t\t\t\t\t\t<a href=\"https:\/\/www.alevcamcioglu.com\/de\/lippenlift-operation\/\" class=\"plain\">Lippenlift-Operation<\/a>\n\t\t\t\t\t<\/h5>\n\t\t\t\t\t\t\t\t\t\t<div class=\"is-divider\"><\/div>\n\t\t\t\t\t                    \n\t\t\t\t\t\t\t\t\t\t\t<a href=\"https:\/\/www.alevcamcioglu.com\/de\/lippenlift-operation\/\" class=\"button primary is-outline is-small mb-0\">\n\t\t\t\t\t\t\tContinue Reading\t\t\t\t\t\t<\/a>\n\t\t\t\t\t\n\t\t\t\t\t\n\t\t\t\t\t<\/div>\n\t\t\t\t\t<\/div>\n\t\t\t\t\t\t\t\t\t\t\t\t\t\t\t\t<div class=\"badge absolute top post-date badge-circle\">\n\t\t\t\t\t\t\t<div class=\"badge-inner\">\n\t\t\t\t\t\t\t\t<span class=\"post-date-day\">26<\/span><br>\n\t\t\t\t\t\t\t\t<span class=\"post-date-month is-xsmall\">Dez.<\/span>\n\t\t\t\t\t\t\t<\/div>\n\t\t\t\t\t\t<\/div>\n\t\t\t\t\t\t\t\t\t<\/div>\n\t\t\t<\/div>\n\t\t<\/div><div class=\"col post-item\" >\n\t\t\t<div class=\"col-inner\">\n\t\t\t\t<div class=\"box box-push box-text-bottom box-blog-post has-hover\">\n            \t\t\t\t\t<div class=\"box-image\" >\n  \t\t\t\t\t\t<div class=\"image-cover\" style=\"padding-top:100%;\">\n\t\t\t\t\t\t\t<a href=\"https:\/\/www.alevcamcioglu.com\/de\/augenlidaesthetik-blepharoplastik\/\" class=\"plain\" aria-label=\"Augenlid\u00e4sthetik (Blepharoplastik)\">\n\t\t\t\t\t\t\t\t<img decoding=\"async\" width=\"1140\" height=\"500\" src=\"https:\/\/www.alevcamcioglu.com\/wp-content\/uploads\/2024\/12\/Goz-Kapagi-Estetigi-Blefaroplasti.jpg\" class=\"attachment-2048x2048 size-2048x2048 wp-post-image\" alt=\"\" srcset=\"https:\/\/www.alevcamcioglu.com\/wp-content\/uploads\/2024\/12\/Goz-Kapagi-Estetigi-Blefaroplasti.jpg 1140w, https:\/\/www.alevcamcioglu.com\/wp-content\/uploads\/2024\/12\/Goz-Kapagi-Estetigi-Blefaroplasti-800x351.jpg 800w, https:\/\/www.alevcamcioglu.com\/wp-content\/uploads\/2024\/12\/Goz-Kapagi-Estetigi-Blefaroplasti-768x337.jpg 768w\" sizes=\"(max-width: 1140px) 100vw, 1140px\" title=\"\">\t\t\t\t\t\t\t<\/a>\n  \t\t\t\t\t\t\t  \t\t\t\t\t\t\t  \t\t\t\t\t\t<\/div>\n  \t\t\t\t\t\t  \t\t\t\t\t<\/div>\n          \t\t\t\t\t<div class=\"box-text text-center\" >\n\t\t\t\t\t<div class=\"box-text-inner blog-post-inner\">\n\n\t\t\t\t\t\n\t\t\t\t\t\t\t\t\t\t<h5 class=\"post-title is-large \">\n\t\t\t\t\t\t<a href=\"https:\/\/www.alevcamcioglu.com\/de\/augenlidaesthetik-blepharoplastik\/\" class=\"plain\">Augenlid\u00e4sthetik (Blepharoplastik)<\/a>\n\t\t\t\t\t<\/h5>\n\t\t\t\t\t\t\t\t\t\t<div class=\"is-divider\"><\/div>\n\t\t\t\t\t                    \n\t\t\t\t\t\t\t\t\t\t\t<a href=\"https:\/\/www.alevcamcioglu.com\/de\/augenlidaesthetik-blepharoplastik\/\" class=\"button primary is-outline is-small mb-0\">\n\t\t\t\t\t\t\tContinue Reading\t\t\t\t\t\t<\/a>\n\t\t\t\t\t\n\t\t\t\t\t\n\t\t\t\t\t<\/div>\n\t\t\t\t\t<\/div>\n\t\t\t\t\t\t\t\t\t\t\t\t\t\t\t\t<div class=\"badge absolute top post-date badge-circle\">\n\t\t\t\t\t\t\t<div class=\"badge-inner\">\n\t\t\t\t\t\t\t\t<span class=\"post-date-day\">26<\/span><br>\n\t\t\t\t\t\t\t\t<span class=\"post-date-month is-xsmall\">Dez.<\/span>\n\t\t\t\t\t\t\t<\/div>\n\t\t\t\t\t\t<\/div>\n\t\t\t\t\t\t\t\t\t<\/div>\n\t\t\t<\/div>\n\t\t<\/div><div class=\"col post-item\" >\n\t\t\t<div class=\"col-inner\">\n\t\t\t\t<div class=\"box box-push box-text-bottom box-blog-post has-hover\">\n            \t\t\t\t\t<div class=\"box-image\" >\n  \t\t\t\t\t\t<div class=\"image-cover\" style=\"padding-top:100%;\">\n\t\t\t\t\t\t\t<a href=\"https:\/\/www.alevcamcioglu.com\/de\/operation-bei-abstehenden-ohren\/\" class=\"plain\" aria-label=\"Operation bei abstehenden Ohren\">\n\t\t\t\t\t\t\t\t<img decoding=\"async\" width=\"1140\" height=\"500\" src=\"https:\/\/www.alevcamcioglu.com\/wp-content\/uploads\/2024\/12\/Kepce-Kulak-Ameliyati.jpg\" class=\"attachment-2048x2048 size-2048x2048 wp-post-image\" alt=\"\" srcset=\"https:\/\/www.alevcamcioglu.com\/wp-content\/uploads\/2024\/12\/Kepce-Kulak-Ameliyati.jpg 1140w, https:\/\/www.alevcamcioglu.com\/wp-content\/uploads\/2024\/12\/Kepce-Kulak-Ameliyati-800x351.jpg 800w, https:\/\/www.alevcamcioglu.com\/wp-content\/uploads\/2024\/12\/Kepce-Kulak-Ameliyati-768x337.jpg 768w\" sizes=\"(max-width: 1140px) 100vw, 1140px\" title=\"\">\t\t\t\t\t\t\t<\/a>\n  \t\t\t\t\t\t\t  \t\t\t\t\t\t\t  \t\t\t\t\t\t<\/div>\n  \t\t\t\t\t\t  \t\t\t\t\t<\/div>\n          \t\t\t\t\t<div class=\"box-text text-center\" >\n\t\t\t\t\t<div class=\"box-text-inner blog-post-inner\">\n\n\t\t\t\t\t\n\t\t\t\t\t\t\t\t\t\t<h5 class=\"post-title is-large \">\n\t\t\t\t\t\t<a href=\"https:\/\/www.alevcamcioglu.com\/de\/operation-bei-abstehenden-ohren\/\" class=\"plain\">Operation bei abstehenden Ohren<\/a>\n\t\t\t\t\t<\/h5>\n\t\t\t\t\t\t\t\t\t\t<div class=\"is-divider\"><\/div>\n\t\t\t\t\t                    \n\t\t\t\t\t\t\t\t\t\t\t<a href=\"https:\/\/www.alevcamcioglu.com\/de\/operation-bei-abstehenden-ohren\/\" class=\"button primary is-outline is-small mb-0\">\n\t\t\t\t\t\t\tContinue Reading\t\t\t\t\t\t<\/a>\n\t\t\t\t\t\n\t\t\t\t\t\n\t\t\t\t\t<\/div>\n\t\t\t\t\t<\/div>\n\t\t\t\t\t\t\t\t\t\t\t\t\t\t\t\t<div class=\"badge absolute top post-date badge-circle\">\n\t\t\t\t\t\t\t<div class=\"badge-inner\">\n\t\t\t\t\t\t\t\t<span class=\"post-date-day\">26<\/span><br>\n\t\t\t\t\t\t\t\t<span class=\"post-date-month is-xsmall\">Dez.<\/span>\n\t\t\t\t\t\t\t<\/div>\n\t\t\t\t\t\t<\/div>\n\t\t\t\t\t\t\t\t\t<\/div>\n\t\t\t<\/div>\n\t\t<\/div><div class=\"col post-item\" >\n\t\t\t<div class=\"col-inner\">\n\t\t\t\t<div class=\"box box-push box-text-bottom box-blog-post has-hover\">\n            \t\t\t\t\t<div class=\"box-image\" >\n  \t\t\t\t\t\t<div class=\"image-cover\" style=\"padding-top:100%;\">\n\t\t\t\t\t\t\t<a href=\"https:\/\/www.alevcamcioglu.com\/de\/aesthetische-nasen-op-fuer-eine-stupsnase\/\" class=\"plain\" aria-label=\"\u00c4sthetische Nasen-OP f\u00fcr eine Stupsnase\">\n\t\t\t\t\t\t\t\t<img decoding=\"async\" width=\"1600\" height=\"900\" src=\"https:\/\/www.alevcamcioglu.com\/wp-content\/uploads\/2024\/12\/Hokka-Burun.jpg\" class=\"attachment-2048x2048 size-2048x2048 wp-post-image\" alt=\"\" srcset=\"https:\/\/www.alevcamcioglu.com\/wp-content\/uploads\/2024\/12\/Hokka-Burun.jpg 1600w, https:\/\/www.alevcamcioglu.com\/wp-content\/uploads\/2024\/12\/Hokka-Burun-711x400.jpg 711w, https:\/\/www.alevcamcioglu.com\/wp-content\/uploads\/2024\/12\/Hokka-Burun-1400x788.jpg 1400w, https:\/\/www.alevcamcioglu.com\/wp-content\/uploads\/2024\/12\/Hokka-Burun-768x432.jpg 768w, https:\/\/www.alevcamcioglu.com\/wp-content\/uploads\/2024\/12\/Hokka-Burun-1536x864.jpg 1536w\" sizes=\"(max-width: 1600px) 100vw, 1600px\" title=\"\">\t\t\t\t\t\t\t<\/a>\n  \t\t\t\t\t\t\t  \t\t\t\t\t\t\t  \t\t\t\t\t\t<\/div>\n  \t\t\t\t\t\t  \t\t\t\t\t<\/div>\n          \t\t\t\t\t<div class=\"box-text text-center\" >\n\t\t\t\t\t<div class=\"box-text-inner blog-post-inner\">\n\n\t\t\t\t\t\n\t\t\t\t\t\t\t\t\t\t<h5 class=\"post-title is-large \">\n\t\t\t\t\t\t<a href=\"https:\/\/www.alevcamcioglu.com\/de\/aesthetische-nasen-op-fuer-eine-stupsnase\/\" class=\"plain\">\u00c4sthetische Nasen-OP f\u00fcr eine Stupsnase<\/a>\n\t\t\t\t\t<\/h5>\n\t\t\t\t\t\t\t\t\t\t<div class=\"is-divider\"><\/div>\n\t\t\t\t\t                    \n\t\t\t\t\t\t\t\t\t\t\t<a href=\"https:\/\/www.alevcamcioglu.com\/de\/aesthetische-nasen-op-fuer-eine-stupsnase\/\" class=\"button primary is-outline is-small mb-0\">\n\t\t\t\t\t\t\tContinue Reading\t\t\t\t\t\t<\/a>\n\t\t\t\t\t\n\t\t\t\t\t\n\t\t\t\t\t<\/div>\n\t\t\t\t\t<\/div>\n\t\t\t\t\t\t\t\t\t\t\t\t\t\t\t\t<div class=\"badge absolute top post-date badge-circle\">\n\t\t\t\t\t\t\t<div class=\"badge-inner\">\n\t\t\t\t\t\t\t\t<span class=\"post-date-day\">21<\/span><br>\n\t\t\t\t\t\t\t\t<span class=\"post-date-month is-xsmall\">Dez.<\/span>\n\t\t\t\t\t\t\t<\/div>\n\t\t\t\t\t\t<\/div>\n\t\t\t\t\t\t\t\t\t<\/div>\n\t\t\t<\/div>\n\t\t<\/div><div class=\"col post-item\" >\n\t\t\t<div class=\"col-inner\">\n\t\t\t\t<div class=\"box box-push box-text-bottom box-blog-post has-hover\">\n            \t\t\t\t\t<div class=\"box-image\" >\n  \t\t\t\t\t\t<div class=\"image-cover\" style=\"padding-top:100%;\">\n\t\t\t\t\t\t\t<a href=\"https:\/\/www.alevcamcioglu.com\/de\/was-ist-eine-knopfnase-und-wie-entsteht-sie\/\" class=\"plain\" aria-label=\"Was ist eine \u201eKnopfnase\u201c und wie entsteht sie?\">\n\t\t\t\t\t\t\t\t<img decoding=\"async\" width=\"1600\" height=\"900\" src=\"https:\/\/www.alevcamcioglu.com\/wp-content\/uploads\/2024\/12\/Findik-Buru.jpg\" class=\"attachment-2048x2048 size-2048x2048 wp-post-image\" alt=\"\" srcset=\"https:\/\/www.alevcamcioglu.com\/wp-content\/uploads\/2024\/12\/Findik-Buru.jpg 1600w, https:\/\/www.alevcamcioglu.com\/wp-content\/uploads\/2024\/12\/Findik-Buru-711x400.jpg 711w, https:\/\/www.alevcamcioglu.com\/wp-content\/uploads\/2024\/12\/Findik-Buru-1400x788.jpg 1400w, https:\/\/www.alevcamcioglu.com\/wp-content\/uploads\/2024\/12\/Findik-Buru-768x432.jpg 768w, https:\/\/www.alevcamcioglu.com\/wp-content\/uploads\/2024\/12\/Findik-Buru-1536x864.jpg 1536w\" sizes=\"(max-width: 1600px) 100vw, 1600px\" title=\"\">\t\t\t\t\t\t\t<\/a>\n  \t\t\t\t\t\t\t  \t\t\t\t\t\t\t  \t\t\t\t\t\t<\/div>\n  \t\t\t\t\t\t  \t\t\t\t\t<\/div>\n          \t\t\t\t\t<div class=\"box-text text-center\" >\n\t\t\t\t\t<div class=\"box-text-inner blog-post-inner\">\n\n\t\t\t\t\t\n\t\t\t\t\t\t\t\t\t\t<h5 class=\"post-title is-large \">\n\t\t\t\t\t\t<a href=\"https:\/\/www.alevcamcioglu.com\/de\/was-ist-eine-knopfnase-und-wie-entsteht-sie\/\" class=\"plain\">Was ist eine \u201eKnopfnase\u201c und wie entsteht sie?<\/a>\n\t\t\t\t\t<\/h5>\n\t\t\t\t\t\t\t\t\t\t<div class=\"is-divider\"><\/div>\n\t\t\t\t\t                    \n\t\t\t\t\t\t\t\t\t\t\t<a href=\"https:\/\/www.alevcamcioglu.com\/de\/was-ist-eine-knopfnase-und-wie-entsteht-sie\/\" class=\"button primary is-outline is-small mb-0\">\n\t\t\t\t\t\t\tContinue Reading\t\t\t\t\t\t<\/a>\n\t\t\t\t\t\n\t\t\t\t\t\n\t\t\t\t\t<\/div>\n\t\t\t\t\t<\/div>\n\t\t\t\t\t\t\t\t\t\t\t\t\t\t\t\t<div class=\"badge absolute top post-date badge-circle\">\n\t\t\t\t\t\t\t<div class=\"badge-inner\">\n\t\t\t\t\t\t\t\t<span class=\"post-date-day\">21<\/span><br>\n\t\t\t\t\t\t\t\t<span class=\"post-date-month is-xsmall\">Dez.<\/span>\n\t\t\t\t\t\t\t<\/div>\n\t\t\t\t\t\t<\/div>\n\t\t\t\t\t\t\t\t\t<\/div>\n\t\t\t<\/div>\n\t\t<\/div><div class=\"col post-item\" >\n\t\t\t<div class=\"col-inner\">\n\t\t\t\t<div class=\"box box-push box-text-bottom box-blog-post has-hover\">\n            \t\t\t\t\t<div class=\"box-image\" >\n  \t\t\t\t\t\t<div class=\"image-cover\" style=\"padding-top:100%;\">\n\t\t\t\t\t\t\t<a href=\"https:\/\/www.alevcamcioglu.com\/de\/nasenspitzenanhebung\/\" class=\"plain\" aria-label=\"Nasenspitzenanhebung\">\n\t\t\t\t\t\t\t\t<img decoding=\"async\" width=\"1600\" height=\"900\" src=\"https:\/\/www.alevcamcioglu.com\/wp-content\/uploads\/2024\/12\/Burun-Ucu-Kaldirma-Estetigi.jpg\" class=\"attachment-2048x2048 size-2048x2048 wp-post-image\" alt=\"\" srcset=\"https:\/\/www.alevcamcioglu.com\/wp-content\/uploads\/2024\/12\/Burun-Ucu-Kaldirma-Estetigi.jpg 1600w, https:\/\/www.alevcamcioglu.com\/wp-content\/uploads\/2024\/12\/Burun-Ucu-Kaldirma-Estetigi-711x400.jpg 711w, https:\/\/www.alevcamcioglu.com\/wp-content\/uploads\/2024\/12\/Burun-Ucu-Kaldirma-Estetigi-1400x788.jpg 1400w, https:\/\/www.alevcamcioglu.com\/wp-content\/uploads\/2024\/12\/Burun-Ucu-Kaldirma-Estetigi-768x432.jpg 768w, https:\/\/www.alevcamcioglu.com\/wp-content\/uploads\/2024\/12\/Burun-Ucu-Kaldirma-Estetigi-1536x864.jpg 1536w\" sizes=\"(max-width: 1600px) 100vw, 1600px\" title=\"\">\t\t\t\t\t\t\t<\/a>\n  \t\t\t\t\t\t\t  \t\t\t\t\t\t\t  \t\t\t\t\t\t<\/div>\n  \t\t\t\t\t\t  \t\t\t\t\t<\/div>\n          \t\t\t\t\t<div class=\"box-text text-center\" >\n\t\t\t\t\t<div class=\"box-text-inner blog-post-inner\">\n\n\t\t\t\t\t\n\t\t\t\t\t\t\t\t\t\t<h5 class=\"post-title is-large \">\n\t\t\t\t\t\t<a href=\"https:\/\/www.alevcamcioglu.com\/de\/nasenspitzenanhebung\/\" class=\"plain\">Nasenspitzenanhebung<\/a>\n\t\t\t\t\t<\/h5>\n\t\t\t\t\t\t\t\t\t\t<div class=\"is-divider\"><\/div>\n\t\t\t\t\t                    \n\t\t\t\t\t\t\t\t\t\t\t<a href=\"https:\/\/www.alevcamcioglu.com\/de\/nasenspitzenanhebung\/\" class=\"button primary is-outline is-small mb-0\">\n\t\t\t\t\t\t\tContinue Reading\t\t\t\t\t\t<\/a>\n\t\t\t\t\t\n\t\t\t\t\t\n\t\t\t\t\t<\/div>\n\t\t\t\t\t<\/div>\n\t\t\t\t\t\t\t\t\t\t\t\t\t\t\t\t<div class=\"badge absolute top post-date badge-circle\">\n\t\t\t\t\t\t\t<div class=\"badge-inner\">\n\t\t\t\t\t\t\t\t<span class=\"post-date-day\">21<\/span><br>\n\t\t\t\t\t\t\t\t<span class=\"post-date-month is-xsmall\">Dez.<\/span>\n\t\t\t\t\t\t\t<\/div>\n\t\t\t\t\t\t<\/div>\n\t\t\t\t\t\t\t\t\t<\/div>\n\t\t\t<\/div>\n\t\t<\/div><div class=\"col post-item\" >\n\t\t\t<div class=\"col-inner\">\n\t\t\t\t<div class=\"box box-push box-text-bottom box-blog-post has-hover\">\n            \t\t\t\t\t<div class=\"box-image\" >\n  \t\t\t\t\t\t<div class=\"image-cover\" style=\"padding-top:100%;\">\n\t\t\t\t\t\t\t<a href=\"https:\/\/www.alevcamcioglu.com\/de\/septumdeviation\/\" class=\"plain\" aria-label=\"Septumdeviation\">\n\t\t\t\t\t\t\t\t<img decoding=\"async\" width=\"1600\" height=\"900\" src=\"https:\/\/www.alevcamcioglu.com\/wp-content\/uploads\/2024\/12\/Septum-Deviasyonu.jpg\" class=\"attachment-2048x2048 size-2048x2048 wp-post-image\" alt=\"\" srcset=\"https:\/\/www.alevcamcioglu.com\/wp-content\/uploads\/2024\/12\/Septum-Deviasyonu.jpg 1600w, https:\/\/www.alevcamcioglu.com\/wp-content\/uploads\/2024\/12\/Septum-Deviasyonu-711x400.jpg 711w, https:\/\/www.alevcamcioglu.com\/wp-content\/uploads\/2024\/12\/Septum-Deviasyonu-1400x788.jpg 1400w, https:\/\/www.alevcamcioglu.com\/wp-content\/uploads\/2024\/12\/Septum-Deviasyonu-768x432.jpg 768w, https:\/\/www.alevcamcioglu.com\/wp-content\/uploads\/2024\/12\/Septum-Deviasyonu-1536x864.jpg 1536w\" sizes=\"(max-width: 1600px) 100vw, 1600px\" title=\"\">\t\t\t\t\t\t\t<\/a>\n  \t\t\t\t\t\t\t  \t\t\t\t\t\t\t  \t\t\t\t\t\t<\/div>\n  \t\t\t\t\t\t  \t\t\t\t\t<\/div>\n          \t\t\t\t\t<div class=\"box-text text-center\" >\n\t\t\t\t\t<div class=\"box-text-inner blog-post-inner\">\n\n\t\t\t\t\t\n\t\t\t\t\t\t\t\t\t\t<h5 class=\"post-title is-large \">\n\t\t\t\t\t\t<a href=\"https:\/\/www.alevcamcioglu.com\/de\/septumdeviation\/\" class=\"plain\">Septumdeviation<\/a>\n\t\t\t\t\t<\/h5>\n\t\t\t\t\t\t\t\t\t\t<div class=\"is-divider\"><\/div>\n\t\t\t\t\t                    \n\t\t\t\t\t\t\t\t\t\t\t<a href=\"https:\/\/www.alevcamcioglu.com\/de\/septumdeviation\/\" class=\"button primary is-outline is-small mb-0\">\n\t\t\t\t\t\t\tContinue Reading\t\t\t\t\t\t<\/a>\n\t\t\t\t\t\n\t\t\t\t\t\n\t\t\t\t\t<\/div>\n\t\t\t\t\t<\/div>\n\t\t\t\t\t\t\t\t\t\t\t\t\t\t\t\t<div class=\"badge absolute top post-date badge-circle\">\n\t\t\t\t\t\t\t<div class=\"badge-inner\">\n\t\t\t\t\t\t\t\t<span class=\"post-date-day\">21<\/span><br>\n\t\t\t\t\t\t\t\t<span class=\"post-date-month is-xsmall\">Dez.<\/span>\n\t\t\t\t\t\t\t<\/div>\n\t\t\t\t\t\t<\/div>\n\t\t\t\t\t\t\t\t\t<\/div>\n\t\t\t<\/div>\n\t\t<\/div><div class=\"col post-item\" >\n\t\t\t<div class=\"col-inner\">\n\t\t\t\t<div class=\"box box-push box-text-bottom box-blog-post has-hover\">\n            \t\t\t\t\t<div class=\"box-image\" >\n  \t\t\t\t\t\t<div class=\"image-cover\" style=\"padding-top:100%;\">\n\t\t\t\t\t\t\t<a href=\"https:\/\/www.alevcamcioglu.com\/de\/piezo-ultraschall-nasen-op\/\" class=\"plain\" aria-label=\"Piezo (Ultraschall) Nasen-OP\">\n\t\t\t\t\t\t\t\t<img decoding=\"async\" width=\"1600\" height=\"900\" src=\"https:\/\/www.alevcamcioglu.com\/wp-content\/uploads\/2024\/12\/Piezo-Ultrasonik-Burun-Estetigi.jpg\" class=\"attachment-2048x2048 size-2048x2048 wp-post-image\" alt=\"\" srcset=\"https:\/\/www.alevcamcioglu.com\/wp-content\/uploads\/2024\/12\/Piezo-Ultrasonik-Burun-Estetigi.jpg 1600w, https:\/\/www.alevcamcioglu.com\/wp-content\/uploads\/2024\/12\/Piezo-Ultrasonik-Burun-Estetigi-711x400.jpg 711w, https:\/\/www.alevcamcioglu.com\/wp-content\/uploads\/2024\/12\/Piezo-Ultrasonik-Burun-Estetigi-1400x788.jpg 1400w, https:\/\/www.alevcamcioglu.com\/wp-content\/uploads\/2024\/12\/Piezo-Ultrasonik-Burun-Estetigi-768x432.jpg 768w, https:\/\/www.alevcamcioglu.com\/wp-content\/uploads\/2024\/12\/Piezo-Ultrasonik-Burun-Estetigi-1536x864.jpg 1536w\" sizes=\"(max-width: 1600px) 100vw, 1600px\" title=\"\">\t\t\t\t\t\t\t<\/a>\n  \t\t\t\t\t\t\t  \t\t\t\t\t\t\t  \t\t\t\t\t\t<\/div>\n  \t\t\t\t\t\t  \t\t\t\t\t<\/div>\n          \t\t\t\t\t<div class=\"box-text text-center\" >\n\t\t\t\t\t<div class=\"box-text-inner blog-post-inner\">\n\n\t\t\t\t\t\n\t\t\t\t\t\t\t\t\t\t<h5 class=\"post-title is-large \">\n\t\t\t\t\t\t<a href=\"https:\/\/www.alevcamcioglu.com\/de\/piezo-ultraschall-nasen-op\/\" class=\"plain\">Piezo (Ultraschall) Nasen-OP<\/a>\n\t\t\t\t\t<\/h5>\n\t\t\t\t\t\t\t\t\t\t<div class=\"is-divider\"><\/div>\n\t\t\t\t\t                    \n\t\t\t\t\t\t\t\t\t\t\t<a href=\"https:\/\/www.alevcamcioglu.com\/de\/piezo-ultraschall-nasen-op\/\" class=\"button primary is-outline is-small mb-0\">\n\t\t\t\t\t\t\tContinue Reading\t\t\t\t\t\t<\/a>\n\t\t\t\t\t\n\t\t\t\t\t\n\t\t\t\t\t<\/div>\n\t\t\t\t\t<\/div>\n\t\t\t\t\t\t\t\t\t\t\t\t\t\t\t\t<div class=\"badge absolute top post-date badge-circle\">\n\t\t\t\t\t\t\t<div class=\"badge-inner\">\n\t\t\t\t\t\t\t\t<span class=\"post-date-day\">21<\/span><br>\n\t\t\t\t\t\t\t\t<span class=\"post-date-month is-xsmall\">Dez.<\/span>\n\t\t\t\t\t\t\t<\/div>\n\t\t\t\t\t\t<\/div>\n\t\t\t\t\t\t\t\t\t<\/div>\n\t\t\t<\/div>\n\t\t<\/div><div class=\"col post-item\" >\n\t\t\t<div class=\"col-inner\">\n\t\t\t\t<div class=\"box box-push box-text-bottom box-blog-post has-hover\">\n            \t\t\t\t\t<div class=\"box-image\" >\n  \t\t\t\t\t\t<div class=\"image-cover\" style=\"padding-top:100%;\">\n\t\t\t\t\t\t\t<a href=\"https:\/\/www.alevcamcioglu.com\/de\/erhaltende-nasen-op-preservation-rhinoplastik\/\" class=\"plain\" aria-label=\"Erhaltende Nasen-OP (Preservation Rhinoplastik)\">\n\t\t\t\t\t\t\t\t<img decoding=\"async\" width=\"1600\" height=\"900\" src=\"https:\/\/www.alevcamcioglu.com\/wp-content\/uploads\/2024\/12\/Koruyucu-Burun-Estetigi-Preservation-Rinoplasti.jpg\" class=\"attachment-2048x2048 size-2048x2048 wp-post-image\" alt=\"\" srcset=\"https:\/\/www.alevcamcioglu.com\/wp-content\/uploads\/2024\/12\/Koruyucu-Burun-Estetigi-Preservation-Rinoplasti.jpg 1600w, https:\/\/www.alevcamcioglu.com\/wp-content\/uploads\/2024\/12\/Koruyucu-Burun-Estetigi-Preservation-Rinoplasti-711x400.jpg 711w, https:\/\/www.alevcamcioglu.com\/wp-content\/uploads\/2024\/12\/Koruyucu-Burun-Estetigi-Preservation-Rinoplasti-1400x788.jpg 1400w, https:\/\/www.alevcamcioglu.com\/wp-content\/uploads\/2024\/12\/Koruyucu-Burun-Estetigi-Preservation-Rinoplasti-768x432.jpg 768w, https:\/\/www.alevcamcioglu.com\/wp-content\/uploads\/2024\/12\/Koruyucu-Burun-Estetigi-Preservation-Rinoplasti-1536x864.jpg 1536w\" sizes=\"(max-width: 1600px) 100vw, 1600px\" title=\"\">\t\t\t\t\t\t\t<\/a>\n  \t\t\t\t\t\t\t  \t\t\t\t\t\t\t  \t\t\t\t\t\t<\/div>\n  \t\t\t\t\t\t  \t\t\t\t\t<\/div>\n          \t\t\t\t\t<div class=\"box-text text-center\" >\n\t\t\t\t\t<div class=\"box-text-inner blog-post-inner\">\n\n\t\t\t\t\t\n\t\t\t\t\t\t\t\t\t\t<h5 class=\"post-title is-large \">\n\t\t\t\t\t\t<a href=\"https:\/\/www.alevcamcioglu.com\/de\/erhaltende-nasen-op-preservation-rhinoplastik\/\" class=\"plain\">Erhaltende Nasen-OP (Preservation Rhinoplastik)<\/a>\n\t\t\t\t\t<\/h5>\n\t\t\t\t\t\t\t\t\t\t<div class=\"is-divider\"><\/div>\n\t\t\t\t\t                    \n\t\t\t\t\t\t\t\t\t\t\t<a href=\"https:\/\/www.alevcamcioglu.com\/de\/erhaltende-nasen-op-preservation-rhinoplastik\/\" class=\"button primary is-outline is-small mb-0\">\n\t\t\t\t\t\t\tContinue Reading\t\t\t\t\t\t<\/a>\n\t\t\t\t\t\n\t\t\t\t\t\n\t\t\t\t\t<\/div>\n\t\t\t\t\t<\/div>\n\t\t\t\t\t\t\t\t\t\t\t\t\t\t\t\t<div class=\"badge absolute top post-date badge-circle\">\n\t\t\t\t\t\t\t<div class=\"badge-inner\">\n\t\t\t\t\t\t\t\t<span class=\"post-date-day\">21<\/span><br>\n\t\t\t\t\t\t\t\t<span class=\"post-date-month is-xsmall\">Dez.<\/span>\n\t\t\t\t\t\t\t<\/div>\n\t\t\t\t\t\t<\/div>\n\t\t\t\t\t\t\t\t\t<\/div>\n\t\t\t<\/div>\n\t\t<\/div><div class=\"col post-item\" >\n\t\t\t<div class=\"col-inner\">\n\t\t\t\t<div class=\"box box-push box-text-bottom box-blog-post has-hover\">\n            \t\t\t\t\t<div class=\"box-image\" >\n  \t\t\t\t\t\t<div class=\"image-cover\" style=\"padding-top:100%;\">\n\t\t\t\t\t\t\t<a href=\"https:\/\/www.alevcamcioglu.com\/de\/nasen-op-bei-gebogener-nase\/\" class=\"plain\" aria-label=\"Nasen-OP bei gebogener Nase\">\n\t\t\t\t\t\t\t\t<img decoding=\"async\" width=\"1600\" height=\"900\" src=\"https:\/\/www.alevcamcioglu.com\/wp-content\/uploads\/2024\/12\/Kavisli-Burun-Estetigi.jpg\" class=\"attachment-2048x2048 size-2048x2048 wp-post-image\" alt=\"\" srcset=\"https:\/\/www.alevcamcioglu.com\/wp-content\/uploads\/2024\/12\/Kavisli-Burun-Estetigi.jpg 1600w, https:\/\/www.alevcamcioglu.com\/wp-content\/uploads\/2024\/12\/Kavisli-Burun-Estetigi-711x400.jpg 711w, https:\/\/www.alevcamcioglu.com\/wp-content\/uploads\/2024\/12\/Kavisli-Burun-Estetigi-1400x788.jpg 1400w, https:\/\/www.alevcamcioglu.com\/wp-content\/uploads\/2024\/12\/Kavisli-Burun-Estetigi-768x432.jpg 768w, https:\/\/www.alevcamcioglu.com\/wp-content\/uploads\/2024\/12\/Kavisli-Burun-Estetigi-1536x864.jpg 1536w\" sizes=\"(max-width: 1600px) 100vw, 1600px\" title=\"\">\t\t\t\t\t\t\t<\/a>\n  \t\t\t\t\t\t\t  \t\t\t\t\t\t\t  \t\t\t\t\t\t<\/div>\n  \t\t\t\t\t\t  \t\t\t\t\t<\/div>\n          \t\t\t\t\t<div class=\"box-text text-center\" >\n\t\t\t\t\t<div class=\"box-text-inner blog-post-inner\">\n\n\t\t\t\t\t\n\t\t\t\t\t\t\t\t\t\t<h5 class=\"post-title is-large \">\n\t\t\t\t\t\t<a href=\"https:\/\/www.alevcamcioglu.com\/de\/nasen-op-bei-gebogener-nase\/\" class=\"plain\">Nasen-OP bei gebogener Nase<\/a>\n\t\t\t\t\t<\/h5>\n\t\t\t\t\t\t\t\t\t\t<div class=\"is-divider\"><\/div>\n\t\t\t\t\t                    \n\t\t\t\t\t\t\t\t\t\t\t<a href=\"https:\/\/www.alevcamcioglu.com\/de\/nasen-op-bei-gebogener-nase\/\" class=\"button primary is-outline is-small mb-0\">\n\t\t\t\t\t\t\tContinue Reading\t\t\t\t\t\t<\/a>\n\t\t\t\t\t\n\t\t\t\t\t\n\t\t\t\t\t<\/div>\n\t\t\t\t\t<\/div>\n\t\t\t\t\t\t\t\t\t\t\t\t\t\t\t\t<div class=\"badge absolute top post-date badge-circle\">\n\t\t\t\t\t\t\t<div class=\"badge-inner\">\n\t\t\t\t\t\t\t\t<span class=\"post-date-day\">21<\/span><br>\n\t\t\t\t\t\t\t\t<span class=\"post-date-month is-xsmall\">Dez.<\/span>\n\t\t\t\t\t\t\t<\/div>\n\t\t\t\t\t\t<\/div>\n\t\t\t\t\t\t\t\t\t<\/div>\n\t\t\t<\/div>\n\t\t<\/div><div class=\"col post-item\" >\n\t\t\t<div class=\"col-inner\">\n\t\t\t\t<div class=\"box box-push box-text-bottom box-blog-post has-hover\">\n            \t\t\t\t\t<div class=\"box-image\" >\n  \t\t\t\t\t\t<div class=\"image-cover\" style=\"padding-top:100%;\">\n\t\t\t\t\t\t\t<a href=\"https:\/\/www.alevcamcioglu.com\/de\/nasenraspel-op\/\" class=\"plain\" aria-label=\"Nasenraspel-OP\">\n\t\t\t\t\t\t\t\t<img decoding=\"async\" width=\"1600\" height=\"900\" src=\"https:\/\/www.alevcamcioglu.com\/wp-content\/uploads\/2024\/12\/Burun-Torpuleme-Ameliyati.jpg\" class=\"attachment-2048x2048 size-2048x2048 wp-post-image\" alt=\"\" srcset=\"https:\/\/www.alevcamcioglu.com\/wp-content\/uploads\/2024\/12\/Burun-Torpuleme-Ameliyati.jpg 1600w, https:\/\/www.alevcamcioglu.com\/wp-content\/uploads\/2024\/12\/Burun-Torpuleme-Ameliyati-711x400.jpg 711w, https:\/\/www.alevcamcioglu.com\/wp-content\/uploads\/2024\/12\/Burun-Torpuleme-Ameliyati-1400x788.jpg 1400w, https:\/\/www.alevcamcioglu.com\/wp-content\/uploads\/2024\/12\/Burun-Torpuleme-Ameliyati-768x432.jpg 768w, https:\/\/www.alevcamcioglu.com\/wp-content\/uploads\/2024\/12\/Burun-Torpuleme-Ameliyati-1536x864.jpg 1536w\" sizes=\"(max-width: 1600px) 100vw, 1600px\" title=\"\">\t\t\t\t\t\t\t<\/a>\n  \t\t\t\t\t\t\t  \t\t\t\t\t\t\t  \t\t\t\t\t\t<\/div>\n  \t\t\t\t\t\t  \t\t\t\t\t<\/div>\n          \t\t\t\t\t<div class=\"box-text text-center\" >\n\t\t\t\t\t<div class=\"box-text-inner blog-post-inner\">\n\n\t\t\t\t\t\n\t\t\t\t\t\t\t\t\t\t<h5 class=\"post-title is-large \">\n\t\t\t\t\t\t<a href=\"https:\/\/www.alevcamcioglu.com\/de\/nasenraspel-op\/\" class=\"plain\">Nasenraspel-OP<\/a>\n\t\t\t\t\t<\/h5>\n\t\t\t\t\t\t\t\t\t\t<div class=\"is-divider\"><\/div>\n\t\t\t\t\t                    \n\t\t\t\t\t\t\t\t\t\t\t<a href=\"https:\/\/www.alevcamcioglu.com\/de\/nasenraspel-op\/\" class=\"button primary is-outline is-small mb-0\">\n\t\t\t\t\t\t\tContinue Reading\t\t\t\t\t\t<\/a>\n\t\t\t\t\t\n\t\t\t\t\t\n\t\t\t\t\t<\/div>\n\t\t\t\t\t<\/div>\n\t\t\t\t\t\t\t\t\t\t\t\t\t\t\t\t<div class=\"badge absolute top post-date badge-circle\">\n\t\t\t\t\t\t\t<div class=\"badge-inner\">\n\t\t\t\t\t\t\t\t<span class=\"post-date-day\">21<\/span><br>\n\t\t\t\t\t\t\t\t<span class=\"post-date-month is-xsmall\">Dez.<\/span>\n\t\t\t\t\t\t\t<\/div>\n\t\t\t\t\t\t<\/div>\n\t\t\t\t\t\t\t\t\t<\/div>\n\t\t\t<\/div>\n\t\t<\/div><div class=\"col post-item\" >\n\t\t\t<div class=\"col-inner\">\n\t\t\t\t<div class=\"box box-push box-text-bottom box-blog-post has-hover\">\n            \t\t\t\t\t<div class=\"box-image\" >\n  \t\t\t\t\t\t<div class=\"image-cover\" style=\"padding-top:100%;\">\n\t\t\t\t\t\t\t<a href=\"https:\/\/www.alevcamcioglu.com\/de\/nasenkorrektur-zur-verkleinerung-der-nase\/\" class=\"plain\" aria-label=\"Nasenkorrektur zur Verkleinerung der Nase\">\n\t\t\t\t\t\t\t\t<img decoding=\"async\" width=\"1600\" height=\"900\" src=\"https:\/\/www.alevcamcioglu.com\/wp-content\/uploads\/2024\/12\/Burun-Kucultme-Ameliyati.jpg\" class=\"attachment-2048x2048 size-2048x2048 wp-post-image\" alt=\"\" srcset=\"https:\/\/www.alevcamcioglu.com\/wp-content\/uploads\/2024\/12\/Burun-Kucultme-Ameliyati.jpg 1600w, https:\/\/www.alevcamcioglu.com\/wp-content\/uploads\/2024\/12\/Burun-Kucultme-Ameliyati-711x400.jpg 711w, https:\/\/www.alevcamcioglu.com\/wp-content\/uploads\/2024\/12\/Burun-Kucultme-Ameliyati-1400x788.jpg 1400w, https:\/\/www.alevcamcioglu.com\/wp-content\/uploads\/2024\/12\/Burun-Kucultme-Ameliyati-768x432.jpg 768w, https:\/\/www.alevcamcioglu.com\/wp-content\/uploads\/2024\/12\/Burun-Kucultme-Ameliyati-1536x864.jpg 1536w\" sizes=\"(max-width: 1600px) 100vw, 1600px\" title=\"\">\t\t\t\t\t\t\t<\/a>\n  \t\t\t\t\t\t\t  \t\t\t\t\t\t\t  \t\t\t\t\t\t<\/div>\n  \t\t\t\t\t\t  \t\t\t\t\t<\/div>\n          \t\t\t\t\t<div class=\"box-text text-center\" >\n\t\t\t\t\t<div class=\"box-text-inner blog-post-inner\">\n\n\t\t\t\t\t\n\t\t\t\t\t\t\t\t\t\t<h5 class=\"post-title is-large \">\n\t\t\t\t\t\t<a href=\"https:\/\/www.alevcamcioglu.com\/de\/nasenkorrektur-zur-verkleinerung-der-nase\/\" class=\"plain\">Nasenkorrektur zur Verkleinerung der Nase<\/a>\n\t\t\t\t\t<\/h5>\n\t\t\t\t\t\t\t\t\t\t<div class=\"is-divider\"><\/div>\n\t\t\t\t\t                    \n\t\t\t\t\t\t\t\t\t\t\t<a href=\"https:\/\/www.alevcamcioglu.com\/de\/nasenkorrektur-zur-verkleinerung-der-nase\/\" class=\"button primary is-outline is-small mb-0\">\n\t\t\t\t\t\t\tContinue Reading\t\t\t\t\t\t<\/a>\n\t\t\t\t\t\n\t\t\t\t\t\n\t\t\t\t\t<\/div>\n\t\t\t\t\t<\/div>\n\t\t\t\t\t\t\t\t\t\t\t\t\t\t\t\t<div class=\"badge absolute top post-date badge-circle\">\n\t\t\t\t\t\t\t<div class=\"badge-inner\">\n\t\t\t\t\t\t\t\t<span class=\"post-date-day\">21<\/span><br>\n\t\t\t\t\t\t\t\t<span class=\"post-date-month is-xsmall\">Dez.<\/span>\n\t\t\t\t\t\t\t<\/div>\n\t\t\t\t\t\t<\/div>\n\t\t\t\t\t\t\t\t\t<\/div>\n\t\t\t<\/div>\n\t\t<\/div><div class=\"col post-item\" >\n\t\t\t<div class=\"col-inner\">\n\t\t\t\t<div class=\"box box-push box-text-bottom box-blog-post has-hover\">\n            \t\t\t\t\t<div class=\"box-image\" >\n  \t\t\t\t\t\t<div class=\"image-cover\" style=\"padding-top:100%;\">\n\t\t\t\t\t\t\t<a href=\"https:\/\/www.alevcamcioglu.com\/de\/operation-zur-verkleinerung-der-nasenloecher\/\" class=\"plain\" aria-label=\"Operation zur Verkleinerung der Nasenl\u00f6cher\">\n\t\t\t\t\t\t\t\t<img decoding=\"async\" width=\"1600\" height=\"900\" src=\"https:\/\/www.alevcamcioglu.com\/wp-content\/uploads\/2024\/12\/Burun-Torpuleme-Ameliyati.jpg\" class=\"attachment-2048x2048 size-2048x2048 wp-post-image\" alt=\"\" srcset=\"https:\/\/www.alevcamcioglu.com\/wp-content\/uploads\/2024\/12\/Burun-Torpuleme-Ameliyati.jpg 1600w, https:\/\/www.alevcamcioglu.com\/wp-content\/uploads\/2024\/12\/Burun-Torpuleme-Ameliyati-711x400.jpg 711w, https:\/\/www.alevcamcioglu.com\/wp-content\/uploads\/2024\/12\/Burun-Torpuleme-Ameliyati-1400x788.jpg 1400w, https:\/\/www.alevcamcioglu.com\/wp-content\/uploads\/2024\/12\/Burun-Torpuleme-Ameliyati-768x432.jpg 768w, https:\/\/www.alevcamcioglu.com\/wp-content\/uploads\/2024\/12\/Burun-Torpuleme-Ameliyati-1536x864.jpg 1536w\" sizes=\"(max-width: 1600px) 100vw, 1600px\" title=\"\">\t\t\t\t\t\t\t<\/a>\n  \t\t\t\t\t\t\t  \t\t\t\t\t\t\t  \t\t\t\t\t\t<\/div>\n  \t\t\t\t\t\t  \t\t\t\t\t<\/div>\n          \t\t\t\t\t<div class=\"box-text text-center\" >\n\t\t\t\t\t<div class=\"box-text-inner blog-post-inner\">\n\n\t\t\t\t\t\n\t\t\t\t\t\t\t\t\t\t<h5 class=\"post-title is-large \">\n\t\t\t\t\t\t<a href=\"https:\/\/www.alevcamcioglu.com\/de\/operation-zur-verkleinerung-der-nasenloecher\/\" class=\"plain\">Operation zur Verkleinerung der Nasenl\u00f6cher<\/a>\n\t\t\t\t\t<\/h5>\n\t\t\t\t\t\t\t\t\t\t<div class=\"is-divider\"><\/div>\n\t\t\t\t\t                    \n\t\t\t\t\t\t\t\t\t\t\t<a href=\"https:\/\/www.alevcamcioglu.com\/de\/operation-zur-verkleinerung-der-nasenloecher\/\" class=\"button primary is-outline is-small mb-0\">\n\t\t\t\t\t\t\tContinue Reading\t\t\t\t\t\t<\/a>\n\t\t\t\t\t\n\t\t\t\t\t\n\t\t\t\t\t<\/div>\n\t\t\t\t\t<\/div>\n\t\t\t\t\t\t\t\t\t\t\t\t\t\t\t\t<div class=\"badge absolute top post-date badge-circle\">\n\t\t\t\t\t\t\t<div class=\"badge-inner\">\n\t\t\t\t\t\t\t\t<span class=\"post-date-day\">21<\/span><br>\n\t\t\t\t\t\t\t\t<span class=\"post-date-month is-xsmall\">Dez.<\/span>\n\t\t\t\t\t\t\t<\/div>\n\t\t\t\t\t\t<\/div>\n\t\t\t\t\t\t\t\t\t<\/div>\n\t\t\t<\/div>\n\t\t<\/div><div class=\"col post-item\" >\n\t\t\t<div class=\"col-inner\">\n\t\t\t\t<div class=\"box box-push box-text-bottom box-blog-post has-hover\">\n            \t\t\t\t\t<div class=\"box-image\" >\n  \t\t\t\t\t\t<div class=\"image-cover\" style=\"padding-top:100%;\">\n\t\t\t\t\t\t\t<a href=\"https:\/\/www.alevcamcioglu.com\/de\/barbie-nose-nasen-op\/\" class=\"plain\" aria-label=\"Barbie Nose Nasen-OP\">\n\t\t\t\t\t\t\t\t<img decoding=\"async\" width=\"1600\" height=\"900\" src=\"https:\/\/www.alevcamcioglu.com\/wp-content\/uploads\/2024\/12\/Barbie-Nose-Burun-Estetigi.jpg\" class=\"attachment-2048x2048 size-2048x2048 wp-post-image\" alt=\"\" srcset=\"https:\/\/www.alevcamcioglu.com\/wp-content\/uploads\/2024\/12\/Barbie-Nose-Burun-Estetigi.jpg 1600w, https:\/\/www.alevcamcioglu.com\/wp-content\/uploads\/2024\/12\/Barbie-Nose-Burun-Estetigi-711x400.jpg 711w, https:\/\/www.alevcamcioglu.com\/wp-content\/uploads\/2024\/12\/Barbie-Nose-Burun-Estetigi-1400x788.jpg 1400w, https:\/\/www.alevcamcioglu.com\/wp-content\/uploads\/2024\/12\/Barbie-Nose-Burun-Estetigi-768x432.jpg 768w, https:\/\/www.alevcamcioglu.com\/wp-content\/uploads\/2024\/12\/Barbie-Nose-Burun-Estetigi-1536x864.jpg 1536w\" sizes=\"(max-width: 1600px) 100vw, 1600px\" title=\"\">\t\t\t\t\t\t\t<\/a>\n  \t\t\t\t\t\t\t  \t\t\t\t\t\t\t  \t\t\t\t\t\t<\/div>\n  \t\t\t\t\t\t  \t\t\t\t\t<\/div>\n          \t\t\t\t\t<div class=\"box-text text-center\" >\n\t\t\t\t\t<div class=\"box-text-inner blog-post-inner\">\n\n\t\t\t\t\t\n\t\t\t\t\t\t\t\t\t\t<h5 class=\"post-title is-large \">\n\t\t\t\t\t\t<a href=\"https:\/\/www.alevcamcioglu.com\/de\/barbie-nose-nasen-op\/\" class=\"plain\">Barbie Nose Nasen-OP<\/a>\n\t\t\t\t\t<\/h5>\n\t\t\t\t\t\t\t\t\t\t<div class=\"is-divider\"><\/div>\n\t\t\t\t\t                    \n\t\t\t\t\t\t\t\t\t\t\t<a href=\"https:\/\/www.alevcamcioglu.com\/de\/barbie-nose-nasen-op\/\" class=\"button primary is-outline is-small mb-0\">\n\t\t\t\t\t\t\tContinue Reading\t\t\t\t\t\t<\/a>\n\t\t\t\t\t\n\t\t\t\t\t\n\t\t\t\t\t<\/div>\n\t\t\t\t\t<\/div>\n\t\t\t\t\t\t\t\t\t\t\t\t\t\t\t\t<div class=\"badge absolute top post-date badge-circle\">\n\t\t\t\t\t\t\t<div class=\"badge-inner\">\n\t\t\t\t\t\t\t\t<span class=\"post-date-day\">21<\/span><br>\n\t\t\t\t\t\t\t\t<span class=\"post-date-month is-xsmall\">Dez.<\/span>\n\t\t\t\t\t\t\t<\/div>\n\t\t\t\t\t\t<\/div>\n\t\t\t\t\t\t\t\t\t<\/div>\n\t\t\t<\/div>\n\t\t<\/div><div class=\"col post-item\" >\n\t\t\t<div class=\"col-inner\">\n\t\t\t\t<div class=\"box box-push box-text-bottom box-blog-post has-hover\">\n            \t\t\t\t\t<div class=\"box-image\" >\n  \t\t\t\t\t\t<div class=\"image-cover\" style=\"padding-top:100%;\">\n\t\t\t\t\t\t\t<a href=\"https:\/\/www.alevcamcioglu.com\/de\/nasen-op-im-ausland\/\" class=\"plain\" aria-label=\"Nasen-OP im Ausland\">\n\t\t\t\t\t\t\t\t<img decoding=\"async\" width=\"1600\" height=\"900\" src=\"https:\/\/www.alevcamcioglu.com\/wp-content\/uploads\/2024\/11\/Nasen-OP-im-Ausland_-Risiken-Vorteile-und-wichtige-Uberlegungen.jpg\" class=\"attachment-2048x2048 size-2048x2048 wp-post-image\" alt=\"\" srcset=\"https:\/\/www.alevcamcioglu.com\/wp-content\/uploads\/2024\/11\/Nasen-OP-im-Ausland_-Risiken-Vorteile-und-wichtige-Uberlegungen.jpg 1600w, https:\/\/www.alevcamcioglu.com\/wp-content\/uploads\/2024\/11\/Nasen-OP-im-Ausland_-Risiken-Vorteile-und-wichtige-Uberlegungen-711x400.jpg 711w, https:\/\/www.alevcamcioglu.com\/wp-content\/uploads\/2024\/11\/Nasen-OP-im-Ausland_-Risiken-Vorteile-und-wichtige-Uberlegungen-1400x788.jpg 1400w, https:\/\/www.alevcamcioglu.com\/wp-content\/uploads\/2024\/11\/Nasen-OP-im-Ausland_-Risiken-Vorteile-und-wichtige-Uberlegungen-768x432.jpg 768w, https:\/\/www.alevcamcioglu.com\/wp-content\/uploads\/2024\/11\/Nasen-OP-im-Ausland_-Risiken-Vorteile-und-wichtige-Uberlegungen-1536x864.jpg 1536w\" sizes=\"(max-width: 1600px) 100vw, 1600px\" title=\"\">\t\t\t\t\t\t\t<\/a>\n  \t\t\t\t\t\t\t  \t\t\t\t\t\t\t  \t\t\t\t\t\t<\/div>\n  \t\t\t\t\t\t  \t\t\t\t\t<\/div>\n          \t\t\t\t\t<div class=\"box-text text-center\" >\n\t\t\t\t\t<div class=\"box-text-inner blog-post-inner\">\n\n\t\t\t\t\t\n\t\t\t\t\t\t\t\t\t\t<h5 class=\"post-title is-large \">\n\t\t\t\t\t\t<a href=\"https:\/\/www.alevcamcioglu.com\/de\/nasen-op-im-ausland\/\" class=\"plain\">Nasen-OP im Ausland<\/a>\n\t\t\t\t\t<\/h5>\n\t\t\t\t\t\t\t\t\t\t<div class=\"is-divider\"><\/div>\n\t\t\t\t\t                    \n\t\t\t\t\t\t\t\t\t\t\t<a href=\"https:\/\/www.alevcamcioglu.com\/de\/nasen-op-im-ausland\/\" class=\"button primary is-outline is-small mb-0\">\n\t\t\t\t\t\t\tContinue Reading\t\t\t\t\t\t<\/a>\n\t\t\t\t\t\n\t\t\t\t\t\n\t\t\t\t\t<\/div>\n\t\t\t\t\t<\/div>\n\t\t\t\t\t\t\t\t\t\t\t\t\t\t\t\t<div class=\"badge absolute top post-date badge-circle\">\n\t\t\t\t\t\t\t<div class=\"badge-inner\">\n\t\t\t\t\t\t\t\t<span class=\"post-date-day\">26<\/span><br>\n\t\t\t\t\t\t\t\t<span class=\"post-date-month is-xsmall\">Nov.<\/span>\n\t\t\t\t\t\t\t<\/div>\n\t\t\t\t\t\t<\/div>\n\t\t\t\t\t\t\t\t\t<\/div>\n\t\t\t<\/div>\n\t\t<\/div><div class=\"col post-item\" >\n\t\t\t<div class=\"col-inner\">\n\t\t\t\t<div class=\"box box-push box-text-bottom box-blog-post has-hover\">\n            \t\t\t\t\t<div class=\"box-image\" >\n  \t\t\t\t\t\t<div class=\"image-cover\" style=\"padding-top:100%;\">\n\t\t\t\t\t\t\t<a href=\"https:\/\/www.alevcamcioglu.com\/de\/was-ist-ein-knorpeltransplantat-bei-einer-nasen-op\/\" class=\"plain\" aria-label=\"Was ist ein Knorpeltransplantat bei einer Nasen-OP?\">\n\t\t\t\t\t\t\t\t<img decoding=\"async\" width=\"1140\" height=\"500\" src=\"https:\/\/www.alevcamcioglu.com\/wp-content\/uploads\/2024\/11\/Burun-Estetiginde-Kikirdak-Greft-Nedir.jpg\" class=\"attachment-2048x2048 size-2048x2048 wp-post-image\" alt=\"\" srcset=\"https:\/\/www.alevcamcioglu.com\/wp-content\/uploads\/2024\/11\/Burun-Estetiginde-Kikirdak-Greft-Nedir.jpg 1140w, https:\/\/www.alevcamcioglu.com\/wp-content\/uploads\/2024\/11\/Burun-Estetiginde-Kikirdak-Greft-Nedir-800x351.jpg 800w, https:\/\/www.alevcamcioglu.com\/wp-content\/uploads\/2024\/11\/Burun-Estetiginde-Kikirdak-Greft-Nedir-768x337.jpg 768w\" sizes=\"(max-width: 1140px) 100vw, 1140px\" title=\"\">\t\t\t\t\t\t\t<\/a>\n  \t\t\t\t\t\t\t  \t\t\t\t\t\t\t  \t\t\t\t\t\t<\/div>\n  \t\t\t\t\t\t  \t\t\t\t\t<\/div>\n          \t\t\t\t\t<div class=\"box-text text-center\" >\n\t\t\t\t\t<div class=\"box-text-inner blog-post-inner\">\n\n\t\t\t\t\t\n\t\t\t\t\t\t\t\t\t\t<h5 class=\"post-title is-large \">\n\t\t\t\t\t\t<a href=\"https:\/\/www.alevcamcioglu.com\/de\/was-ist-ein-knorpeltransplantat-bei-einer-nasen-op\/\" class=\"plain\">Was ist ein Knorpeltransplantat bei einer Nasen-OP?<\/a>\n\t\t\t\t\t<\/h5>\n\t\t\t\t\t\t\t\t\t\t<div class=\"is-divider\"><\/div>\n\t\t\t\t\t                    \n\t\t\t\t\t\t\t\t\t\t\t<a href=\"https:\/\/www.alevcamcioglu.com\/de\/was-ist-ein-knorpeltransplantat-bei-einer-nasen-op\/\" class=\"button primary is-outline is-small mb-0\">\n\t\t\t\t\t\t\tContinue Reading\t\t\t\t\t\t<\/a>\n\t\t\t\t\t\n\t\t\t\t\t\n\t\t\t\t\t<\/div>\n\t\t\t\t\t<\/div>\n\t\t\t\t\t\t\t\t\t\t\t\t\t\t\t\t<div class=\"badge absolute top post-date badge-circle\">\n\t\t\t\t\t\t\t<div class=\"badge-inner\">\n\t\t\t\t\t\t\t\t<span class=\"post-date-day\">22<\/span><br>\n\t\t\t\t\t\t\t\t<span class=\"post-date-month is-xsmall\">Nov.<\/span>\n\t\t\t\t\t\t\t<\/div>\n\t\t\t\t\t\t<\/div>\n\t\t\t\t\t\t\t\t\t<\/div>\n\t\t\t<\/div>\n\t\t<\/div><div class=\"col post-item\" >\n\t\t\t<div class=\"col-inner\">\n\t\t\t\t<div class=\"box box-push box-text-bottom box-blog-post has-hover\">\n            \t\t\t\t\t<div class=\"box-image\" >\n  \t\t\t\t\t\t<div class=\"image-cover\" style=\"padding-top:100%;\">\n\t\t\t\t\t\t\t<a href=\"https:\/\/www.alevcamcioglu.com\/de\/nasolabialwinkel-und-columellolabialer-winkel\/\" class=\"plain\" aria-label=\"Nasolabialwinkel und columellolabialer Winkel\">\n\t\t\t\t\t\t\t\t<img decoding=\"async\" width=\"1140\" height=\"500\" src=\"https:\/\/www.alevcamcioglu.com\/wp-content\/uploads\/2024\/11\/Nasolabial-Aci-ve-Kolumellalobuler-Aci.jpg\" class=\"attachment-2048x2048 size-2048x2048 wp-post-image\" alt=\"\" srcset=\"https:\/\/www.alevcamcioglu.com\/wp-content\/uploads\/2024\/11\/Nasolabial-Aci-ve-Kolumellalobuler-Aci.jpg 1140w, https:\/\/www.alevcamcioglu.com\/wp-content\/uploads\/2024\/11\/Nasolabial-Aci-ve-Kolumellalobuler-Aci-800x351.jpg 800w, https:\/\/www.alevcamcioglu.com\/wp-content\/uploads\/2024\/11\/Nasolabial-Aci-ve-Kolumellalobuler-Aci-768x337.jpg 768w\" sizes=\"(max-width: 1140px) 100vw, 1140px\" title=\"\">\t\t\t\t\t\t\t<\/a>\n  \t\t\t\t\t\t\t  \t\t\t\t\t\t\t  \t\t\t\t\t\t<\/div>\n  \t\t\t\t\t\t  \t\t\t\t\t<\/div>\n          \t\t\t\t\t<div class=\"box-text text-center\" >\n\t\t\t\t\t<div class=\"box-text-inner blog-post-inner\">\n\n\t\t\t\t\t\n\t\t\t\t\t\t\t\t\t\t<h5 class=\"post-title is-large \">\n\t\t\t\t\t\t<a href=\"https:\/\/www.alevcamcioglu.com\/de\/nasolabialwinkel-und-columellolabialer-winkel\/\" class=\"plain\">Nasolabialwinkel und columellolabialer Winkel<\/a>\n\t\t\t\t\t<\/h5>\n\t\t\t\t\t\t\t\t\t\t<div class=\"is-divider\"><\/div>\n\t\t\t\t\t                    \n\t\t\t\t\t\t\t\t\t\t\t<a href=\"https:\/\/www.alevcamcioglu.com\/de\/nasolabialwinkel-und-columellolabialer-winkel\/\" class=\"button primary is-outline is-small mb-0\">\n\t\t\t\t\t\t\tContinue Reading\t\t\t\t\t\t<\/a>\n\t\t\t\t\t\n\t\t\t\t\t\n\t\t\t\t\t<\/div>\n\t\t\t\t\t<\/div>\n\t\t\t\t\t\t\t\t\t\t\t\t\t\t\t\t<div class=\"badge absolute top post-date badge-circle\">\n\t\t\t\t\t\t\t<div class=\"badge-inner\">\n\t\t\t\t\t\t\t\t<span class=\"post-date-day\">22<\/span><br>\n\t\t\t\t\t\t\t\t<span class=\"post-date-month is-xsmall\">Nov.<\/span>\n\t\t\t\t\t\t\t<\/div>\n\t\t\t\t\t\t<\/div>\n\t\t\t\t\t\t\t\t\t<\/div>\n\t\t\t<\/div>\n\t\t<\/div><\/div>\n\t\t<\/div>\n\t\t\t\t\t<\/div>\n\n\t\n<\/div>\n\t\t<\/div>\n\n\t\t\n<style>\n#section_1814525384 {\n  padding-top: 30px;\n  padding-bottom: 30px;\n}\n<\/style>\n\t<\/section>\n\t\n\n\t<section class=\"section\" id=\"section_877723809\">\n\t\t<div class=\"section-bg fill\" >\n\t\t\t\t\t\t\t\t\t\n\t\t\t\n\n\t\t<\/div>\n\n\t\t\n\n\t\t<div class=\"section-content relative\">\n\t\t\t\n\n<div class=\"row\"  id=\"row-1277192075\">\n\n\n\t<div id=\"col-1740677451\" class=\"col medium-5 small-12 large-5\"  >\n\t\t\t\t<div class=\"col-inner\"  >\n\t\t\t\n\t<div class=\"is-border\"\n\t\tstyle=\"border-color:rgb(243, 58, 58);border-width:0px 3px 0px 0px;margin:4% 0px 5% 0px 0px;\">\n\t<\/div>\n\t\t\t\n\n\t<div id=\"text-984837310\" class=\"text\">\n\t\t\n\n<h2 class=\"thin-font\"><span style=\"font-size: 85%;\"><span style=\"color: #ffffff;\"><strong>Dr. Alevs<br \/>-Ergebnisse<\/strong><\/span><\/span><\/h2>\n\t\t\n<style>\n#text-984837310 {\n  font-size: 1.25rem;\n  color: rgb(43, 0, 98);\n}\n#text-984837310 > * {\n  color: rgb(43, 0, 98);\n}\n<\/style>\n\t<\/div>\n\t\n\n\t\t<\/div>\n\t\t\t\t\t<\/div>\n\n\t\n\n<\/div>\n<div class=\"slider-wrapper relative\" id=\"slider-1482067100\" >\n    <div class=\"slider slider-nav-circle slider-nav-large slider-nav-light slider-nav-outside slider-style-normal\"\n        data-flickity-options='{\n            \"cellAlign\": \"center\",\n            \"imagesLoaded\": true,\n            \"lazyLoad\": 1,\n            \"freeScroll\": false,\n            \"wrapAround\": true,\n            \"autoPlay\": 6000,\n            \"pauseAutoPlayOnHover\" : true,\n            \"prevNextButtons\": false,\n            \"contain\" : true,\n            \"adaptiveHeight\" : true,\n            \"dragThreshold\" : 10,\n            \"percentPosition\": true,\n            \"pageDots\": true,\n            \"rightToLeft\": false,\n            \"draggable\": true,\n            \"selectedAttraction\": 0.1,\n            \"parallax\" : 0,\n            \"friction\": 0.6        }'\n        >\n        \n\n\n\t<section class=\"section\" id=\"section_1494050445\">\n\t\t<div class=\"section-bg fill\" >\n\t\t\t\t\t\t\t\t\t\n\t\t\t\n\n\t\t<\/div>\n\n\t\t\n\n\t\t<div class=\"section-content relative\">\n\t\t\t\n\n<div class=\"row\"  id=\"row-560376851\">\n\n\n\t<div id=\"col-1056158393\" class=\"col small-12 large-12\"  >\n\t\t\t\t<div class=\"col-inner\"  >\n\t\t\t\n\t\t\t\n\n<div class=\"video video-fit mb\" style=\"padding-top:175%;\"><div class=\"lyte-wrapper fourthree\" style=\"width:480px;max-width:100%;margin:5px;\"><div class=\"lyMe\" id=\"WYL_kyf9WqtFgtE\"><div id=\"lyte_kyf9WqtFgtE\" data-src=\"https:\/\/www.alevcamcioglu.com\/wp-content\/plugins\/wp-youtube-lyte\/lyteCache.php?origThumbUrl=%2F%2Fi.ytimg.com%2Fvi%2Fkyf9WqtFgtE%2Fhqdefault.jpg\" class=\"pL\"><div class=\"tC\"><div class=\"tT\"><\/div><\/div><div class=\"play\"><\/div><div class=\"ctrl\"><div class=\"Lctrl\"><\/div><div class=\"Rctrl\"><\/div><\/div><\/div><noscript><a href=\"https:\/\/youtu.be\/kyf9WqtFgtE\" rel=\"nofollow noopener\" target=\"_blank\"><img decoding=\"async\" src=\"https:\/\/www.alevcamcioglu.com\/wp-content\/plugins\/wp-youtube-lyte\/lyteCache.php?origThumbUrl=https%3A%2F%2Fi.ytimg.com%2Fvi%2Fkyf9WqtFgtE%2F0.jpg\" alt=\"YouTube-Video-Vorschaubild\" width=\"480\" height=\"340\" title=\"\"><br \/>Dieses Video auf YouTube ansehen<\/a><\/noscript><\/div><\/div><div class=\"lL\" style=\"max-width:100%;width:480px;margin:5px;\"><\/div>\n<\/div>\n\n\n\t\t<\/div>\n\t\t\t\t\t<\/div>\n\n\t\n\n<\/div>\n\n\t\t<\/div>\n\n\t\t\n<style>\n#section_1494050445 {\n  padding-top: 30px;\n  padding-bottom: 30px;\n}\n<\/style>\n\t<\/section>\n\t\n\n\t<section class=\"section\" id=\"section_1582480072\">\n\t\t<div class=\"section-bg fill\" >\n\t\t\t\t\t\t\t\t\t\n\t\t\t\n\n\t\t<\/div>\n\n\t\t\n\n\t\t<div class=\"section-content relative\">\n\t\t\t\n\n<div class=\"row\"  id=\"row-32334150\">\n\n\n\t<div id=\"col-662818058\" class=\"col small-12 large-12\"  >\n\t\t\t\t<div class=\"col-inner\"  >\n\t\t\t\n\t\t\t\n\n<div class=\"video video-fit mb\" style=\"padding-top:175%;\"><div class=\"lyte-wrapper fourthree\" style=\"width:480px;max-width:100%;margin:5px;\"><div class=\"lyMe\" id=\"WYL_NggPxCNxl0s\"><div id=\"lyte_NggPxCNxl0s\" data-src=\"https:\/\/www.alevcamcioglu.com\/wp-content\/plugins\/wp-youtube-lyte\/lyteCache.php?origThumbUrl=%2F%2Fi.ytimg.com%2Fvi%2FNggPxCNxl0s%2Fhqdefault.jpg\" class=\"pL\"><div class=\"tC\"><div class=\"tT\"><\/div><\/div><div class=\"play\"><\/div><div class=\"ctrl\"><div class=\"Lctrl\"><\/div><div class=\"Rctrl\"><\/div><\/div><\/div><noscript><a href=\"https:\/\/youtu.be\/NggPxCNxl0s\" rel=\"nofollow noopener\" target=\"_blank\"><img decoding=\"async\" src=\"https:\/\/www.alevcamcioglu.com\/wp-content\/plugins\/wp-youtube-lyte\/lyteCache.php?origThumbUrl=https%3A%2F%2Fi.ytimg.com%2Fvi%2FNggPxCNxl0s%2F0.jpg\" alt=\"YouTube-Video-Vorschaubild\" width=\"480\" height=\"340\" title=\"\"><br \/>Dieses Video auf YouTube ansehen<\/a><\/noscript><\/div><\/div><div class=\"lL\" style=\"max-width:100%;width:480px;margin:5px;\"><\/div>\n<\/div>\n\n\n\t\t<\/div>\n\t\t\t\t\t<\/div>\n\n\t\n\n<\/div>\n\n\t\t<\/div>\n\n\t\t\n<style>\n#section_1582480072 {\n  padding-top: 30px;\n  padding-bottom: 30px;\n}\n<\/style>\n\t<\/section>\n\t\n\n\t<section class=\"section\" id=\"section_830939015\">\n\t\t<div class=\"section-bg fill\" >\n\t\t\t\t\t\t\t\t\t\n\t\t\t\n\n\t\t<\/div>\n\n\t\t\n\n\t\t<div class=\"section-content relative\">\n\t\t\t\n\n<div class=\"row\"  id=\"row-918131323\">\n\n\n\t<div id=\"col-1902267743\" class=\"col small-12 large-12\"  >\n\t\t\t\t<div class=\"col-inner\"  >\n\t\t\t\n\t\t\t\n\n<div class=\"video video-fit mb\" style=\"padding-top:175%;\"><div class=\"lyte-wrapper fourthree\" style=\"width:480px;max-width:100%;margin:5px;\"><div class=\"lyMe\" id=\"WYL_LSg8hXh9qD4\"><div id=\"lyte_LSg8hXh9qD4\" data-src=\"https:\/\/www.alevcamcioglu.com\/wp-content\/plugins\/wp-youtube-lyte\/lyteCache.php?origThumbUrl=%2F%2Fi.ytimg.com%2Fvi%2FLSg8hXh9qD4%2Fhqdefault.jpg\" class=\"pL\"><div class=\"tC\"><div class=\"tT\"><\/div><\/div><div class=\"play\"><\/div><div class=\"ctrl\"><div class=\"Lctrl\"><\/div><div class=\"Rctrl\"><\/div><\/div><\/div><noscript><a href=\"https:\/\/youtu.be\/LSg8hXh9qD4\" rel=\"nofollow noopener\" target=\"_blank\"><img decoding=\"async\" src=\"https:\/\/www.alevcamcioglu.com\/wp-content\/plugins\/wp-youtube-lyte\/lyteCache.php?origThumbUrl=https%3A%2F%2Fi.ytimg.com%2Fvi%2FLSg8hXh9qD4%2F0.jpg\" alt=\"YouTube-Video-Vorschaubild\" width=\"480\" height=\"340\" title=\"\"><br \/>Dieses Video auf YouTube ansehen<\/a><\/noscript><\/div><\/div><div class=\"lL\" style=\"max-width:100%;width:480px;margin:5px;\"><\/div>\n<\/div>\n\n\n\t\t<\/div>\n\t\t\t\t\t<\/div>\n\n\t\n\n<\/div>\n\n\t\t<\/div>\n\n\t\t\n<style>\n#section_830939015 {\n  padding-top: 30px;\n  padding-bottom: 30px;\n}\n<\/style>\n\t<\/section>\n\t\n\n\t<section class=\"section\" id=\"section_172877918\">\n\t\t<div class=\"section-bg fill\" >\n\t\t\t\t\t\t\t\t\t\n\t\t\t\n\n\t\t<\/div>\n\n\t\t\n\n\t\t<div class=\"section-content relative\">\n\t\t\t\n\n<div class=\"row\"  id=\"row-1015790595\">\n\n\n\t<div id=\"col-1286832897\" class=\"col small-12 large-12\"  >\n\t\t\t\t<div class=\"col-inner\"  >\n\t\t\t\n\t\t\t\n\n<div class=\"video video-fit mb\" style=\"padding-top:175%;\"><div class=\"lyte-wrapper fourthree\" style=\"width:480px;max-width:100%;margin:5px;\"><div class=\"lyMe\" id=\"WYL_9vDnAmXINHE\"><div id=\"lyte_9vDnAmXINHE\" data-src=\"https:\/\/www.alevcamcioglu.com\/wp-content\/plugins\/wp-youtube-lyte\/lyteCache.php?origThumbUrl=%2F%2Fi.ytimg.com%2Fvi%2F9vDnAmXINHE%2Fhqdefault.jpg\" class=\"pL\"><div class=\"tC\"><div class=\"tT\"><\/div><\/div><div class=\"play\"><\/div><div class=\"ctrl\"><div class=\"Lctrl\"><\/div><div class=\"Rctrl\"><\/div><\/div><\/div><noscript><a href=\"https:\/\/youtu.be\/9vDnAmXINHE\" rel=\"nofollow noopener\" target=\"_blank\"><img decoding=\"async\" src=\"https:\/\/www.alevcamcioglu.com\/wp-content\/plugins\/wp-youtube-lyte\/lyteCache.php?origThumbUrl=https%3A%2F%2Fi.ytimg.com%2Fvi%2F9vDnAmXINHE%2F0.jpg\" alt=\"YouTube-Video-Vorschaubild\" width=\"480\" height=\"340\" title=\"\"><br \/>Dieses Video auf YouTube ansehen<\/a><\/noscript><\/div><\/div><div class=\"lL\" style=\"max-width:100%;width:480px;margin:5px;\"><\/div>\n<\/div>\n\n\n\t\t<\/div>\n\t\t\t\t\t<\/div>\n\n\t\n\n<\/div>\n\n\t\t<\/div>\n\n\t\t\n<style>\n#section_172877918 {\n  padding-top: 30px;\n  padding-bottom: 30px;\n}\n<\/style>\n\t<\/section>\n\t\n\n\t<section class=\"section\" id=\"section_505158284\">\n\t\t<div class=\"section-bg fill\" >\n\t\t\t\t\t\t\t\t\t\n\t\t\t\n\n\t\t<\/div>\n\n\t\t\n\n\t\t<div class=\"section-content relative\">\n\t\t\t\n\n<div class=\"row\"  id=\"row-577054481\">\n\n\n\t<div id=\"col-1417342460\" class=\"col small-12 large-12\"  >\n\t\t\t\t<div class=\"col-inner\"  >\n\t\t\t\n\t\t\t\n\n<div class=\"video video-fit mb\" style=\"padding-top:175%;\"><div class=\"lyte-wrapper fourthree\" style=\"width:480px;max-width:100%;margin:5px;\"><div class=\"lyMe\" id=\"WYL_gy66F9ScrP4\"><div id=\"lyte_gy66F9ScrP4\" data-src=\"https:\/\/www.alevcamcioglu.com\/wp-content\/plugins\/wp-youtube-lyte\/lyteCache.php?origThumbUrl=%2F%2Fi.ytimg.com%2Fvi%2Fgy66F9ScrP4%2Fhqdefault.jpg\" class=\"pL\"><div class=\"tC\"><div class=\"tT\"><\/div><\/div><div class=\"play\"><\/div><div class=\"ctrl\"><div class=\"Lctrl\"><\/div><div class=\"Rctrl\"><\/div><\/div><\/div><noscript><a href=\"https:\/\/youtu.be\/gy66F9ScrP4\" rel=\"nofollow noopener\" target=\"_blank\"><img decoding=\"async\" src=\"https:\/\/www.alevcamcioglu.com\/wp-content\/plugins\/wp-youtube-lyte\/lyteCache.php?origThumbUrl=https%3A%2F%2Fi.ytimg.com%2Fvi%2Fgy66F9ScrP4%2F0.jpg\" alt=\"YouTube-Video-Vorschaubild\" width=\"480\" height=\"340\" title=\"\"><br \/>Dieses Video auf YouTube ansehen<\/a><\/noscript><\/div><\/div><div class=\"lL\" style=\"max-width:100%;width:480px;margin:5px;\"><\/div>\n<\/div>\n\n\n\t\t<\/div>\n\t\t\t\t\t<\/div>\n\n\t\n\n<\/div>\n\n\t\t<\/div>\n\n\t\t\n<style>\n#section_505158284 {\n  padding-top: 30px;\n  padding-bottom: 30px;\n}\n<\/style>\n\t<\/section>\n\t\n\n\t<section class=\"section\" id=\"section_607113242\">\n\t\t<div class=\"section-bg fill\" >\n\t\t\t\t\t\t\t\t\t\n\t\t\t\n\n\t\t<\/div>\n\n\t\t\n\n\t\t<div class=\"section-content relative\">\n\t\t\t\n\n<div class=\"row\"  id=\"row-806978927\">\n\n\n\t<div id=\"col-1696060849\" class=\"col small-12 large-12\"  >\n\t\t\t\t<div class=\"col-inner\"  >\n\t\t\t\n\t\t\t\n\n<div class=\"video video-fit mb\" style=\"padding-top:175%;\"><div class=\"lyte-wrapper fourthree\" style=\"width:480px;max-width:100%;margin:5px;\"><div class=\"lyMe\" id=\"WYL_Vbo_eAm8Gt0\"><div id=\"lyte_Vbo_eAm8Gt0\" data-src=\"https:\/\/www.alevcamcioglu.com\/wp-content\/plugins\/wp-youtube-lyte\/lyteCache.php?origThumbUrl=%2F%2Fi.ytimg.com%2Fvi%2FVbo_eAm8Gt0%2Fhqdefault.jpg\" class=\"pL\"><div class=\"tC\"><div class=\"tT\"><\/div><\/div><div class=\"play\"><\/div><div class=\"ctrl\"><div class=\"Lctrl\"><\/div><div class=\"Rctrl\"><\/div><\/div><\/div><noscript><a href=\"https:\/\/youtu.be\/Vbo_eAm8Gt0\" rel=\"nofollow noopener\" target=\"_blank\"><img decoding=\"async\" src=\"https:\/\/www.alevcamcioglu.com\/wp-content\/plugins\/wp-youtube-lyte\/lyteCache.php?origThumbUrl=https%3A%2F%2Fi.ytimg.com%2Fvi%2FVbo_eAm8Gt0%2F0.jpg\" alt=\"YouTube-Video-Vorschaubild\" width=\"480\" height=\"340\" title=\"\"><br \/>Dieses Video auf YouTube ansehen<\/a><\/noscript><\/div><\/div><div class=\"lL\" style=\"max-width:100%;width:480px;margin:5px;\"><\/div>\n<\/div>\n\n\n\t\t<\/div>\n\t\t\t\t\t<\/div>\n\n\t\n\n<\/div>\n\n\t\t<\/div>\n\n\t\t\n<style>\n#section_607113242 {\n  padding-top: 30px;\n  padding-bottom: 30px;\n}\n<\/style>\n\t<\/section>\n\t\n\n\t<section class=\"section\" id=\"section_1721752081\">\n\t\t<div class=\"section-bg fill\" >\n\t\t\t\t\t\t\t\t\t\n\t\t\t\n\n\t\t<\/div>\n\n\t\t\n\n\t\t<div class=\"section-content relative\">\n\t\t\t\n\n<div class=\"row\"  id=\"row-330352977\">\n\n\n\t<div id=\"col-2030905214\" class=\"col small-12 large-12\"  >\n\t\t\t\t<div class=\"col-inner\"  >\n\t\t\t\n\t\t\t\n\n<div class=\"video video-fit mb\" style=\"padding-top:175%;\"><div class=\"lyte-wrapper fourthree\" style=\"width:480px;max-width:100%;margin:5px;\"><div class=\"lyMe\" id=\"WYL_h0fg4HcCqg8\"><div id=\"lyte_h0fg4HcCqg8\" data-src=\"https:\/\/www.alevcamcioglu.com\/wp-content\/plugins\/wp-youtube-lyte\/lyteCache.php?origThumbUrl=%2F%2Fi.ytimg.com%2Fvi%2Fh0fg4HcCqg8%2Fhqdefault.jpg\" class=\"pL\"><div class=\"tC\"><div class=\"tT\"><\/div><\/div><div class=\"play\"><\/div><div class=\"ctrl\"><div class=\"Lctrl\"><\/div><div class=\"Rctrl\"><\/div><\/div><\/div><noscript><a href=\"https:\/\/youtu.be\/h0fg4HcCqg8\" rel=\"nofollow noopener\" target=\"_blank\"><img decoding=\"async\" src=\"https:\/\/www.alevcamcioglu.com\/wp-content\/plugins\/wp-youtube-lyte\/lyteCache.php?origThumbUrl=https%3A%2F%2Fi.ytimg.com%2Fvi%2Fh0fg4HcCqg8%2F0.jpg\" alt=\"YouTube-Video-Vorschaubild\" width=\"480\" height=\"340\" title=\"\"><br \/>Dieses Video auf YouTube ansehen<\/a><\/noscript><\/div><\/div><div class=\"lL\" style=\"max-width:100%;width:480px;margin:5px;\"><\/div>\n<\/div>\n\n\n\t\t<\/div>\n\t\t\t\t\t<\/div>\n\n\t\n\n<\/div>\n\n\t\t<\/div>\n\n\t\t\n<style>\n#section_1721752081 {\n  padding-top: 30px;\n  padding-bottom: 30px;\n}\n<\/style>\n\t<\/section>\n\t\n\n\t<section class=\"section\" id=\"section_802625631\">\n\t\t<div class=\"section-bg fill\" >\n\t\t\t\t\t\t\t\t\t\n\t\t\t\n\n\t\t<\/div>\n\n\t\t\n\n\t\t<div class=\"section-content relative\">\n\t\t\t\n\n<div class=\"row\"  id=\"row-742824935\">\n\n\n\t<div id=\"col-1664521090\" class=\"col small-12 large-12\"  >\n\t\t\t\t<div class=\"col-inner\"  >\n\t\t\t\n\t\t\t\n\n<div class=\"video video-fit mb\" style=\"padding-top:175%;\"><div class=\"lyte-wrapper fourthree\" style=\"width:480px;max-width:100%;margin:5px;\"><div class=\"lyMe\" id=\"WYL_XhLxtxJ8LPI\"><div id=\"lyte_XhLxtxJ8LPI\" data-src=\"https:\/\/www.alevcamcioglu.com\/wp-content\/plugins\/wp-youtube-lyte\/lyteCache.php?origThumbUrl=%2F%2Fi.ytimg.com%2Fvi%2FXhLxtxJ8LPI%2Fhqdefault.jpg\" class=\"pL\"><div class=\"tC\"><div class=\"tT\"><\/div><\/div><div class=\"play\"><\/div><div class=\"ctrl\"><div class=\"Lctrl\"><\/div><div class=\"Rctrl\"><\/div><\/div><\/div><noscript><a href=\"https:\/\/youtu.be\/XhLxtxJ8LPI\" rel=\"nofollow noopener\" target=\"_blank\"><img decoding=\"async\" src=\"https:\/\/www.alevcamcioglu.com\/wp-content\/plugins\/wp-youtube-lyte\/lyteCache.php?origThumbUrl=https%3A%2F%2Fi.ytimg.com%2Fvi%2FXhLxtxJ8LPI%2F0.jpg\" alt=\"YouTube-Video-Vorschaubild\" width=\"480\" height=\"340\" title=\"\"><br \/>Dieses Video auf YouTube ansehen<\/a><\/noscript><\/div><\/div><div class=\"lL\" style=\"max-width:100%;width:480px;margin:5px;\"><\/div>\n<\/div>\n\n\n\t\t<\/div>\n\t\t\t\t\t<\/div>\n\n\t\n\n<\/div>\n\n\t\t<\/div>\n\n\t\t\n<style>\n#section_802625631 {\n  padding-top: 30px;\n  padding-bottom: 30px;\n}\n<\/style>\n\t<\/section>\n\t\n\n\t<section class=\"section\" id=\"section_105517562\">\n\t\t<div class=\"section-bg fill\" >\n\t\t\t\t\t\t\t\t\t\n\t\t\t\n\n\t\t<\/div>\n\n\t\t\n\n\t\t<div class=\"section-content relative\">\n\t\t\t\n\n<div class=\"row\"  id=\"row-1433833679\">\n\n\n\t<div id=\"col-1352613172\" class=\"col small-12 large-12\"  >\n\t\t\t\t<div class=\"col-inner\"  >\n\t\t\t\n\t\t\t\n\n<div class=\"video video-fit mb\" style=\"padding-top:175%;\"><div class=\"lyte-wrapper fourthree\" style=\"width:480px;max-width:100%;margin:5px;\"><div class=\"lyMe\" id=\"WYL_1K4aHCsNX1A\"><div id=\"lyte_1K4aHCsNX1A\" data-src=\"https:\/\/www.alevcamcioglu.com\/wp-content\/plugins\/wp-youtube-lyte\/lyteCache.php?origThumbUrl=%2F%2Fi.ytimg.com%2Fvi%2F1K4aHCsNX1A%2Fhqdefault.jpg\" class=\"pL\"><div class=\"tC\"><div class=\"tT\"><\/div><\/div><div class=\"play\"><\/div><div class=\"ctrl\"><div class=\"Lctrl\"><\/div><div class=\"Rctrl\"><\/div><\/div><\/div><noscript><a href=\"https:\/\/youtu.be\/1K4aHCsNX1A\" rel=\"nofollow noopener\" target=\"_blank\"><img decoding=\"async\" src=\"https:\/\/www.alevcamcioglu.com\/wp-content\/plugins\/wp-youtube-lyte\/lyteCache.php?origThumbUrl=https%3A%2F%2Fi.ytimg.com%2Fvi%2F1K4aHCsNX1A%2F0.jpg\" alt=\"YouTube-Video-Vorschaubild\" width=\"480\" height=\"340\" title=\"\"><br \/>Dieses Video auf YouTube ansehen<\/a><\/noscript><\/div><\/div><div class=\"lL\" style=\"max-width:100%;width:480px;margin:5px;\"><\/div>\n<\/div>\n\n\n\t\t<\/div>\n\t\t\t\t\t<\/div>\n\n\t\n\n<\/div>\n\n\t\t<\/div>\n\n\t\t\n<style>\n#section_105517562 {\n  padding-top: 30px;\n  padding-bottom: 30px;\n}\n<\/style>\n\t<\/section>\n\t\n\n\t<section class=\"section\" id=\"section_81638047\">\n\t\t<div class=\"section-bg fill\" >\n\t\t\t\t\t\t\t\t\t\n\t\t\t\n\n\t\t<\/div>\n\n\t\t\n\n\t\t<div class=\"section-content relative\">\n\t\t\t\n\n<div class=\"row\"  id=\"row-89746241\">\n\n\n\t<div id=\"col-522229599\" class=\"col small-12 large-12\"  >\n\t\t\t\t<div class=\"col-inner\"  >\n\t\t\t\n\t\t\t\n\n<div class=\"video video-fit mb\" style=\"padding-top:175%;\"><div class=\"lyte-wrapper fourthree\" style=\"width:480px;max-width:100%;margin:5px;\"><div class=\"lyMe\" id=\"WYL_cHuLyyysaDo\"><div id=\"lyte_cHuLyyysaDo\" data-src=\"https:\/\/www.alevcamcioglu.com\/wp-content\/plugins\/wp-youtube-lyte\/lyteCache.php?origThumbUrl=%2F%2Fi.ytimg.com%2Fvi%2FcHuLyyysaDo%2Fhqdefault.jpg\" class=\"pL\"><div class=\"tC\"><div class=\"tT\"><\/div><\/div><div class=\"play\"><\/div><div class=\"ctrl\"><div class=\"Lctrl\"><\/div><div class=\"Rctrl\"><\/div><\/div><\/div><noscript><a href=\"https:\/\/youtu.be\/cHuLyyysaDo\" rel=\"nofollow noopener\" target=\"_blank\"><img decoding=\"async\" src=\"https:\/\/www.alevcamcioglu.com\/wp-content\/plugins\/wp-youtube-lyte\/lyteCache.php?origThumbUrl=https%3A%2F%2Fi.ytimg.com%2Fvi%2FcHuLyyysaDo%2F0.jpg\" alt=\"YouTube-Video-Vorschaubild\" width=\"480\" height=\"340\" title=\"\"><br \/>Dieses Video auf YouTube ansehen<\/a><\/noscript><\/div><\/div><div class=\"lL\" style=\"max-width:100%;width:480px;margin:5px;\"><\/div>\n<\/div>\n\n\n\t\t<\/div>\n\t\t\t\t\t<\/div>\n\n\t\n\n<\/div>\n\n\t\t<\/div>\n\n\t\t\n<style>\n#section_81638047 {\n  padding-top: 30px;\n  padding-bottom: 30px;\n}\n<\/style>\n\t<\/section>\n\t\n\n     <\/div>\n\n     <div class=\"loading-spin dark large centered\"><\/div>\n\n\t\n<style>\n#slider-1482067100 .flickity-slider > * {\n  max-width: 350px!important;\n}\n<\/style>\n<\/div>\n\n\n\n\t\t<\/div>\n\n\t\t\n<style>\n#section_877723809 {\n  padding-top: 30px;\n  padding-bottom: 30px;\n  background-color: #2b0062;\n}\n<\/style>\n\t<\/section>\n\t\n\n\t<section class=\"section\" id=\"section_1647236864\">\n\t\t<div class=\"section-bg fill\" >\n\t\t\t\t\t\t\t\t\t\n\t\t\t\n\n\t\t<\/div>\n\n\t\t\n\n\t\t<div class=\"section-content relative\">\n\t\t\t\n\n<div class=\"row\"  id=\"row-1648326018\">\n\n\n\t<div id=\"col-718356841\" class=\"col medium-5 small-12 large-5\"  >\n\t\t\t\t<div class=\"col-inner\"  >\n\t\t\t\n\t<div class=\"is-border\"\n\t\tstyle=\"border-color:rgb(243, 58, 58);border-width:0px 3px 0px 0px;margin:4% 0px 5% 0px;\">\n\t<\/div>\n\t\t\t\n\n\t<div id=\"text-3696316602\" class=\"text\">\n\t\t\n\n<h2 class=\"thin-font\"><span style=\"color: #ffffff;\"><strong><span style=\"font-size: 100%;\"> - Erfahrungen in der T\u00fcrkei<\/span><\/strong><\/span><\/h2>\n\t\t\n<style>\n#text-3696316602 {\n  font-size: 1.25rem;\n  color: rgb(43, 0, 98);\n}\n#text-3696316602 > * {\n  color: rgb(43, 0, 98);\n}\n<\/style>\n\t<\/div>\n\t\n\n\t\t<\/div>\n\t\t\t\t\t<\/div>\n\n\t\n\n\t<div id=\"col-2091965067\" class=\"col medium-7 small-12 large-7\"  >\n\t\t\t\t<div class=\"col-inner\"  >\n\t\t\t\n\t\t\t\n\n\t<div id=\"text-1010008163\" class=\"text\">\n\t\t\n\n<div>Hier sind einige meiner -Bewertungen aus den letzten 20 Jahren... Sie k\u00f6nnen mehr auf Google Maps ansehen.<\/div>\n\t\t\n<style>\n#text-1010008163 {\n  color: rgb(218, 217, 217);\n}\n#text-1010008163 > * {\n  color: rgb(218, 217, 217);\n}\n<\/style>\n\t<\/div>\n\t\n\n\t\t<\/div>\n\t\t\t\t\n<style>\n#col-2091965067 > .col-inner {\n  padding: 0px 0px 0px 0px;\n}\n@media (min-width:550px) {\n  #col-2091965067 > .col-inner {\n    padding: 30px 0px 0px 0px;\n  }\n}\n<\/style>\n\t<\/div>\n\n\t\n\n<\/div>\n<div class=\"slider-wrapper relative\" id=\"slider-1416340187\" >\n    <div class=\"slider slider-nav-simple slider-nav-large slider-nav-light slider-style-normal\"\n        data-flickity-options='{\n            \"cellAlign\": \"center\",\n            \"imagesLoaded\": true,\n            \"lazyLoad\": 1,\n            \"freeScroll\": false,\n            \"wrapAround\": true,\n            \"autoPlay\": 6000,\n            \"pauseAutoPlayOnHover\" : true,\n            \"prevNextButtons\": true,\n            \"contain\" : true,\n            \"adaptiveHeight\" : true,\n            \"dragThreshold\" : 10,\n            \"percentPosition\": true,\n            \"pageDots\": false,\n            \"rightToLeft\": false,\n            \"draggable\": true,\n            \"selectedAttraction\": 0.1,\n            \"parallax\" : 0,\n            \"friction\": 0.6        }'\n        >\n        \n\n\n\t<section class=\"section\" id=\"section_44809820\">\n\t\t<div class=\"section-bg fill\" >\n\t\t\t<img decoding=\"async\" width=\"1000\" height=\"300\" src=\"https:\/\/www.alevcamcioglu.com\/wp-content\/uploads\/2024\/10\/Adsiz-tasarim-4.png\" class=\"bg attachment-2048x2048 size-2048x2048\" alt=\"\" title=\"\">\t\t\t\t\t\t\n\t\t\t\n\n\t\t<\/div>\n\n\t\t\n\n\t\t<div class=\"section-content relative\">\n\t\t\t\n\n<div class=\"row align-center\"  id=\"row-1769402901\">\n\n\n\t<div id=\"col-334966016\" class=\"col small-12 large-12\"  >\n\t\t\t\t<div class=\"col-inner text-center\"  >\n\t\t\t\n\t\t\t\n\n\t<div id=\"text-237615839\" class=\"text\">\n\t\t\n\n<span style=\"font-size: 120%;\">Irmak<\/span>\r\n\r\nDer erste Monat nach meiner Nasenoperation ist gerade vorbei, und ich bin so gl\u00fccklich, dass ich mich f\u00fcr Herrn Alev und sein Team entschieden habe. Ich liebe meine Nase; sie ist sowohl sehr nat\u00fcrlich als auch genau so, wie ich es mir gew\u00fcnscht habe. Auch alle in meiner Umgebung lieben sie. Das Ergebnis hat mich definitiv sehr gl\u00fccklich gemacht. Herr Alev und sein Team sind Experten und die Besten auf diesem Gebiet. Vielen Dank nochmals.\n\t\t\n<style>\n#text-237615839 {\n  text-align: center;\n  color: rgb(255,255,255);\n}\n#text-237615839 > * {\n  color: rgb(255,255,255);\n}\n<\/style>\n\t<\/div>\n\t\n\t<div id=\"gap-2023082517\" class=\"gap-element clearfix\" style=\"display:block; height:auto;\">\n\t\t\n<style>\n#gap-2023082517 {\n  padding-top: 30px;\n}\n<\/style>\n\t<\/div>\n\t\n\n\t<div class=\"img has-hover x md-x lg-x y md-y lg-y\" id=\"image_833979662\">\n\t\t\t\t\t\t\t\t<div class=\"img-inner dark\" >\n\t\t\t<img decoding=\"async\" width=\"500\" height=\"150\" src=\"https:\/\/www.alevcamcioglu.com\/wp-content\/uploads\/2024\/10\/Adsiz-tasarim-2.png\" class=\"attachment-2048x2048 size-2048x2048\" alt=\"\" title=\"\">\t\t\t\t\t\t\n\t\t\t\t\t<\/div>\n\t\t\t\t\t\t\t\t\n<style>\n#image_833979662 {\n  width: 40%;\n}\n@media (min-width:550px) {\n  #image_833979662 {\n    width: 15%;\n  }\n}\n<\/style>\n\t<\/div>\n\t\n\n\n\t\t<\/div>\n\t\t\t\t\t<\/div>\n\n\t\n\n<\/div>\n\n\t\t<\/div>\n\n\t\t\n<style>\n#section_44809820 {\n  padding-top: 10px;\n  padding-bottom: 10px;\n}\n#section_44809820 .section-bg img {\n  object-position: 49% 100%;\n}\n@media (min-width:550px) {\n  #section_44809820 {\n    padding-top: 50px;\n    padding-bottom: 50px;\n  }\n}\n<\/style>\n\t<\/section>\n\t\n\n\t<section class=\"section\" id=\"section_695539446\">\n\t\t<div class=\"section-bg fill\" >\n\t\t\t<img decoding=\"async\" width=\"1000\" height=\"300\" src=\"https:\/\/www.alevcamcioglu.com\/wp-content\/uploads\/2024\/10\/Adsiz-tasarim-4.png\" class=\"bg attachment-2048x2048 size-2048x2048\" alt=\"\" title=\"\">\t\t\t\t\t\t\n\t\t\t\n\n\t\t<\/div>\n\n\t\t\n\n\t\t<div class=\"section-content relative\">\n\t\t\t\n\n<div class=\"row align-center\"  id=\"row-1978290276\">\n\n\n\t<div id=\"col-545756925\" class=\"col small-12 large-12\"  >\n\t\t\t\t<div class=\"col-inner text-center\"  >\n\t\t\t\n\t\t\t\n\n\t<div id=\"text-3345404105\" class=\"text\">\n\t\t\n\n<span style=\"font-size: 120%;\">G\u00f6k\u00e7e Ay<\/span>\r\n\r\nNachdem ich umfangreiche Recherchen durchgef\u00fchrt hatte, um einen Arzt f\u00fcr meine Nasenoperation zu finden, traf ich auf Dr. Alev. Als ich die Nasen sah, die er gemacht hatte, und insbesondere als ich mit ihm sprach, f\u00fchlte ich gro\u00dfes Vertrauen. Ich bin so gl\u00fccklich, dass ich ihm vertraut habe, denn meine Nase ist sogar besser geworden, als ich es mir vorgestellt habe. Sie ist so nat\u00fcrlich, dass niemand merkt, dass ich operiert wurde. Dank Dr. Alev l\u00e4chle ich jedes Mal, wenn ich in den Spiegel schaue. Ich danke ihm sehr.\n\t\t\n<style>\n#text-3345404105 {\n  text-align: center;\n  color: rgb(255,255,255);\n}\n#text-3345404105 > * {\n  color: rgb(255,255,255);\n}\n<\/style>\n\t<\/div>\n\t\n\t<div id=\"gap-451044772\" class=\"gap-element clearfix\" style=\"display:block; height:auto;\">\n\t\t\n<style>\n#gap-451044772 {\n  padding-top: 30px;\n}\n<\/style>\n\t<\/div>\n\t\n\n\t<div class=\"img has-hover x md-x lg-x y md-y lg-y\" id=\"image_346628873\">\n\t\t\t\t\t\t\t\t<div class=\"img-inner dark\" >\n\t\t\t<img decoding=\"async\" width=\"500\" height=\"150\" src=\"https:\/\/www.alevcamcioglu.com\/wp-content\/uploads\/2024\/10\/Adsiz-tasarim-2.png\" class=\"attachment-2048x2048 size-2048x2048\" alt=\"\" title=\"\">\t\t\t\t\t\t\n\t\t\t\t\t<\/div>\n\t\t\t\t\t\t\t\t\n<style>\n#image_346628873 {\n  width: 40%;\n}\n@media (min-width:550px) {\n  #image_346628873 {\n    width: 15%;\n  }\n}\n<\/style>\n\t<\/div>\n\t\n\n\n\t\t<\/div>\n\t\t\t\t\t<\/div>\n\n\t\n\n<\/div>\n\n\t\t<\/div>\n\n\t\t\n<style>\n#section_695539446 {\n  padding-top: 10px;\n  padding-bottom: 10px;\n}\n#section_695539446 .section-bg img {\n  object-position: 49% 100%;\n}\n@media (min-width:550px) {\n  #section_695539446 {\n    padding-top: 50px;\n    padding-bottom: 50px;\n  }\n}\n<\/style>\n\t<\/section>\n\t\n\n\t<section class=\"section\" id=\"section_1674075561\">\n\t\t<div class=\"section-bg fill\" >\n\t\t\t<img decoding=\"async\" width=\"1000\" height=\"300\" src=\"https:\/\/www.alevcamcioglu.com\/wp-content\/uploads\/2024\/10\/Adsiz-tasarim-4.png\" class=\"bg attachment-2048x2048 size-2048x2048\" alt=\"\" title=\"\">\t\t\t\t\t\t\n\t\t\t\n\n\t\t<\/div>\n\n\t\t\n\n\t\t<div class=\"section-content relative\">\n\t\t\t\n\n<div class=\"row align-center\"  id=\"row-113726964\">\n\n\n\t<div id=\"col-926867043\" class=\"col small-12 large-12\"  >\n\t\t\t\t<div class=\"col-inner text-center\"  >\n\t\t\t\n\t\t\t\n\n\t<div id=\"text-4096871362\" class=\"text\">\n\t\t\n\n<span style=\"font-size: 120%;\">Zehra Nur \u00dcnver<\/span>\r\n\r\nEs ist ein Monat seit meiner Operation vergangen, und ich bin so gl\u00fccklich, dass ich mich f\u00fcr Dr. Alev und sein Team entschieden habe. Ich liebe meine Nase; sie ist sehr nat\u00fcrlich und genau so, wie ich es wollte. Auch alle um mich herum lieben sie. Das Ergebnis hat mich wirklich sehr gl\u00fccklich gemacht. Ich kann sagen, dass Dr. Alev und sein Team Experten auf diesem Gebiet sind und die Besten in dem, was sie tun. Ich m\u00f6chte ihnen nochmals danken \ud83d\ude07.\n\t\t\n<style>\n#text-4096871362 {\n  text-align: center;\n  color: rgb(255,255,255);\n}\n#text-4096871362 > * {\n  color: rgb(255,255,255);\n}\n<\/style>\n\t<\/div>\n\t\n\t<div id=\"gap-1023967108\" class=\"gap-element clearfix\" style=\"display:block; height:auto;\">\n\t\t\n<style>\n#gap-1023967108 {\n  padding-top: 30px;\n}\n<\/style>\n\t<\/div>\n\t\n\n\t<div class=\"img has-hover x md-x lg-x y md-y lg-y\" id=\"image_1499091157\">\n\t\t\t\t\t\t\t\t<div class=\"img-inner dark\" >\n\t\t\t<img decoding=\"async\" width=\"500\" height=\"150\" src=\"https:\/\/www.alevcamcioglu.com\/wp-content\/uploads\/2024\/10\/Adsiz-tasarim-2.png\" class=\"attachment-2048x2048 size-2048x2048\" alt=\"\" title=\"\">\t\t\t\t\t\t\n\t\t\t\t\t<\/div>\n\t\t\t\t\t\t\t\t\n<style>\n#image_1499091157 {\n  width: 40%;\n}\n@media (min-width:550px) {\n  #image_1499091157 {\n    width: 15%;\n  }\n}\n<\/style>\n\t<\/div>\n\t\n\n\n\t\t<\/div>\n\t\t\t\t\t<\/div>\n\n\t\n\n<\/div>\n\n\t\t<\/div>\n\n\t\t\n<style>\n#section_1674075561 {\n  padding-top: 10px;\n  padding-bottom: 10px;\n}\n#section_1674075561 .section-bg img {\n  object-position: 49% 100%;\n}\n@media (min-width:550px) {\n  #section_1674075561 {\n    padding-top: 50px;\n    padding-bottom: 50px;\n  }\n}\n<\/style>\n\t<\/section>\n\t\n\n\t<section class=\"section\" id=\"section_996356775\">\n\t\t<div class=\"section-bg fill\" >\n\t\t\t<img decoding=\"async\" width=\"1000\" height=\"300\" src=\"https:\/\/www.alevcamcioglu.com\/wp-content\/uploads\/2024\/10\/Adsiz-tasarim-4.png\" class=\"bg attachment-2048x2048 size-2048x2048\" alt=\"\" title=\"\">\t\t\t\t\t\t\n\t\t\t\n\n\t\t<\/div>\n\n\t\t\n\n\t\t<div class=\"section-content relative\">\n\t\t\t\n\n<div class=\"row align-center\"  id=\"row-840129633\">\n\n\n\t<div id=\"col-1290224697\" class=\"col small-12 large-12\"  >\n\t\t\t\t<div class=\"col-inner text-center\"  >\n\t\t\t\n\t\t\t\n\n\t<div id=\"text-1451212026\" class=\"text\">\n\t\t\n\n<span style=\"font-size: 120%;\">Pekcan Ertem<\/span>\r\n\r\nIch wurde vor etwa drei Monaten von Dr. Alev operiert. Ich habe genau die nat\u00fcrliche und sch\u00f6ne Nase bekommen, die ich wollte. Dr. Alevs selbstbewusste und warme Art hat mich w\u00e4hrend des gesamten Prozesses wirklich beruhigt \ud83d\ude4f\ud83c\udffb.\n\t\t\n<style>\n#text-1451212026 {\n  text-align: center;\n  color: rgb(255,255,255);\n}\n#text-1451212026 > * {\n  color: rgb(255,255,255);\n}\n<\/style>\n\t<\/div>\n\t\n\t<div id=\"gap-1679463064\" class=\"gap-element clearfix\" style=\"display:block; height:auto;\">\n\t\t\n<style>\n#gap-1679463064 {\n  padding-top: 30px;\n}\n<\/style>\n\t<\/div>\n\t\n\n\t<div class=\"img has-hover x md-x lg-x y md-y lg-y\" id=\"image_443052589\">\n\t\t\t\t\t\t\t\t<div class=\"img-inner dark\" >\n\t\t\t<img decoding=\"async\" width=\"500\" height=\"150\" src=\"https:\/\/www.alevcamcioglu.com\/wp-content\/uploads\/2024\/10\/Adsiz-tasarim-2.png\" class=\"attachment-2048x2048 size-2048x2048\" alt=\"\" title=\"\">\t\t\t\t\t\t\n\t\t\t\t\t<\/div>\n\t\t\t\t\t\t\t\t\n<style>\n#image_443052589 {\n  width: 40%;\n}\n@media (min-width:550px) {\n  #image_443052589 {\n    width: 15%;\n  }\n}\n<\/style>\n\t<\/div>\n\t\n\n\n\t\t<\/div>\n\t\t\t\t\t<\/div>\n\n\t\n\n<\/div>\n\n\t\t<\/div>\n\n\t\t\n<style>\n#section_996356775 {\n  padding-top: 10px;\n  padding-bottom: 10px;\n}\n#section_996356775 .section-bg img {\n  object-position: 49% 100%;\n}\n@media (min-width:550px) {\n  #section_996356775 {\n    padding-top: 50px;\n    padding-bottom: 50px;\n  }\n}\n<\/style>\n\t<\/section>\n\t\n\n\t<section class=\"section\" id=\"section_557357843\">\n\t\t<div class=\"section-bg fill\" >\n\t\t\t<img decoding=\"async\" width=\"1000\" height=\"300\" src=\"https:\/\/www.alevcamcioglu.com\/wp-content\/uploads\/2024\/10\/Adsiz-tasarim-4.png\" class=\"bg attachment-2048x2048 size-2048x2048\" alt=\"\" title=\"\">\t\t\t\t\t\t\n\t\t\t\n\n\t\t<\/div>\n\n\t\t\n\n\t\t<div class=\"section-content relative\">\n\t\t\t\n\n<div class=\"row align-center\"  id=\"row-1094189227\">\n\n\n\t<div id=\"col-344572769\" class=\"col small-12 large-12\"  >\n\t\t\t\t<div class=\"col-inner text-center\"  >\n\t\t\t\n\t\t\t\n\n\t<div id=\"text-4182822955\" class=\"text\">\n\t\t\n\n<span style=\"font-size: 120%;\">Serpil K\u0131l\u0131\u00e7aslan<\/span>\r\n\r\nDr. Alev ist ein Arzt, der seine Arbeit perfekt macht. Er f\u00fchrte die Revision-Operation meiner Schwester durch, und jetzt hat sie eine Nase, die perfekt zu ihrem Gesicht passt. Vor einem Monat hatte ich eine Schnarchoperation, bei der mein weicher Gaumen mit Laser reduziert wurde, und gleichzeitig wurde eine Nasenoperation durchgef\u00fchrt. Dank dieser Operation haben sich meine Atemwege ge\u00f6ffnet, und ich bin endlich mein Schnarchen losgeworden, Gott sei Dank. Ich empfehle jedem, sich ohne Z\u00f6gern von Dr. Alev operieren zu lassen.\n\t\t\n<style>\n#text-4182822955 {\n  text-align: center;\n  color: rgb(255,255,255);\n}\n#text-4182822955 > * {\n  color: rgb(255,255,255);\n}\n<\/style>\n\t<\/div>\n\t\n\t<div id=\"gap-1535749344\" class=\"gap-element clearfix\" style=\"display:block; height:auto;\">\n\t\t\n<style>\n#gap-1535749344 {\n  padding-top: 30px;\n}\n<\/style>\n\t<\/div>\n\t\n\n\t<div class=\"img has-hover x md-x lg-x y md-y lg-y\" id=\"image_338703112\">\n\t\t\t\t\t\t\t\t<div class=\"img-inner dark\" >\n\t\t\t<img decoding=\"async\" width=\"500\" height=\"150\" src=\"https:\/\/www.alevcamcioglu.com\/wp-content\/uploads\/2024\/10\/Adsiz-tasarim-2.png\" class=\"attachment-2048x2048 size-2048x2048\" alt=\"\" title=\"\">\t\t\t\t\t\t\n\t\t\t\t\t<\/div>\n\t\t\t\t\t\t\t\t\n<style>\n#image_338703112 {\n  width: 40%;\n}\n@media (min-width:550px) {\n  #image_338703112 {\n    width: 15%;\n  }\n}\n<\/style>\n\t<\/div>\n\t\n\n\n\t\t<\/div>\n\t\t\t\t\t<\/div>\n\n\t\n\n<\/div>\n\n\t\t<\/div>\n\n\t\t\n<style>\n#section_557357843 {\n  padding-top: 10px;\n  padding-bottom: 10px;\n}\n#section_557357843 .section-bg img {\n  object-position: 49% 100%;\n}\n@media (min-width:550px) {\n  #section_557357843 {\n    padding-top: 50px;\n    padding-bottom: 50px;\n  }\n}\n<\/style>\n\t<\/section>\n\t\n\n\t<section class=\"section\" id=\"section_924651573\">\n\t\t<div class=\"section-bg fill\" >\n\t\t\t<img decoding=\"async\" width=\"1000\" height=\"300\" src=\"https:\/\/www.alevcamcioglu.com\/wp-content\/uploads\/2024\/10\/Adsiz-tasarim-4.png\" class=\"bg attachment-2048x2048 size-2048x2048\" alt=\"\" title=\"\">\t\t\t\t\t\t\n\t\t\t\n\n\t\t<\/div>\n\n\t\t\n\n\t\t<div class=\"section-content relative\">\n\t\t\t\n\n<div class=\"row align-center\"  id=\"row-606886289\">\n\n\n\t<div id=\"col-420578912\" class=\"col small-12 large-12\"  >\n\t\t\t\t<div class=\"col-inner text-center\"  >\n\t\t\t\n\t\t\t\n\n\t<div id=\"text-1196088159\" class=\"text\">\n\t\t\n\n<span style=\"font-size: 120%;\">Sibel As\u0131r<\/span>\r\n\r\n&nbsp;\r\n\r\nDank Dr. Alev kann ich sowohl atmen als auch eine sch\u00f6ne Nase haben, dank meiner funktionalen Nasenoperation. W\u00e4hrend ich nach einem HNO-Spezialisten suchte, der ausgezeichnete langfristige \u00e4sthetische Ergebnisse liefern konnte, traf ich ihn und war sehr zufrieden. Meine Operation war erfolgreich, und sowohl er als auch sein Team zeigten eine sehr aufmerksame, freundliche und ausgezeichnete Herangehensweise. Ihr seid gro\u00dfartig!\n\t\t\n<style>\n#text-1196088159 {\n  text-align: center;\n  color: rgb(255,255,255);\n}\n#text-1196088159 > * {\n  color: rgb(255,255,255);\n}\n<\/style>\n\t<\/div>\n\t\n\t<div id=\"gap-274358926\" class=\"gap-element clearfix\" style=\"display:block; height:auto;\">\n\t\t\n<style>\n#gap-274358926 {\n  padding-top: 30px;\n}\n<\/style>\n\t<\/div>\n\t\n\n\t<div class=\"img has-hover x md-x lg-x y md-y lg-y\" id=\"image_128638897\">\n\t\t\t\t\t\t\t\t<div class=\"img-inner dark\" >\n\t\t\t<img decoding=\"async\" width=\"500\" height=\"150\" src=\"https:\/\/www.alevcamcioglu.com\/wp-content\/uploads\/2024\/10\/Adsiz-tasarim-2.png\" class=\"attachment-2048x2048 size-2048x2048\" alt=\"\" title=\"\">\t\t\t\t\t\t\n\t\t\t\t\t<\/div>\n\t\t\t\t\t\t\t\t\n<style>\n#image_128638897 {\n  width: 40%;\n}\n@media (min-width:550px) {\n  #image_128638897 {\n    width: 15%;\n  }\n}\n<\/style>\n\t<\/div>\n\t\n\n\n\t\t<\/div>\n\t\t\t\t\t<\/div>\n\n\t\n\n<\/div>\n\n\t\t<\/div>\n\n\t\t\n<style>\n#section_924651573 {\n  padding-top: 10px;\n  padding-bottom: 10px;\n}\n#section_924651573 .section-bg img {\n  object-position: 49% 100%;\n}\n@media (min-width:550px) {\n  #section_924651573 {\n    padding-top: 50px;\n    padding-bottom: 50px;\n  }\n}\n<\/style>\n\t<\/section>\n\t\n\n\t<section class=\"section\" id=\"section_1934498311\">\n\t\t<div class=\"section-bg fill\" >\n\t\t\t<img decoding=\"async\" width=\"1000\" height=\"300\" src=\"https:\/\/www.alevcamcioglu.com\/wp-content\/uploads\/2024\/10\/Adsiz-tasarim-4.png\" class=\"bg attachment-2048x2048 size-2048x2048\" alt=\"\" title=\"\">\t\t\t\t\t\t\n\t\t\t\n\n\t\t<\/div>\n\n\t\t\n\n\t\t<div class=\"section-content relative\">\n\t\t\t\n\n<div class=\"row align-center\"  id=\"row-1748165569\">\n\n\n\t<div id=\"col-2106539525\" class=\"col small-12 large-12\"  >\n\t\t\t\t<div class=\"col-inner text-center\"  >\n\t\t\t\n\t\t\t\n\n\t<div id=\"text-1857463089\" class=\"text\">\n\t\t\n\n<span style=\"font-size: 120%;\">Selen Acar<\/span>\r\n\r\nVor acht Monaten hatte ich eine Revision-Nasenoperation bei Dr. Alev. Da ich wegen der Revision-Operation ziemlich nerv\u00f6s war, haben sein Vertrauen und seine ehrlichen Antworten auf all meine Fragen meine Bedenken gemildert. Er erkl\u00e4rte mit seiner Erfahrung detailliert, was vor und nach der Operation passieren w\u00fcrde. Ich danke ihm sehr. Dank ihm habe ich mein Selbstvertrauen zur\u00fcckgewonnen.\n\t\t\n<style>\n#text-1857463089 {\n  text-align: center;\n  color: rgb(255,255,255);\n}\n#text-1857463089 > * {\n  color: rgb(255,255,255);\n}\n<\/style>\n\t<\/div>\n\t\n\t<div id=\"gap-1021433581\" class=\"gap-element clearfix\" style=\"display:block; height:auto;\">\n\t\t\n<style>\n#gap-1021433581 {\n  padding-top: 30px;\n}\n<\/style>\n\t<\/div>\n\t\n\n\t<div class=\"img has-hover x md-x lg-x y md-y lg-y\" id=\"image_1694824368\">\n\t\t\t\t\t\t\t\t<div class=\"img-inner dark\" >\n\t\t\t<img decoding=\"async\" width=\"500\" height=\"150\" src=\"https:\/\/www.alevcamcioglu.com\/wp-content\/uploads\/2024\/10\/Adsiz-tasarim-2.png\" class=\"attachment-2048x2048 size-2048x2048\" alt=\"\" title=\"\">\t\t\t\t\t\t\n\t\t\t\t\t<\/div>\n\t\t\t\t\t\t\t\t\n<style>\n#image_1694824368 {\n  width: 40%;\n}\n@media (min-width:550px) {\n  #image_1694824368 {\n    width: 15%;\n  }\n}\n<\/style>\n\t<\/div>\n\t\n\n\n\t\t<\/div>\n\t\t\t\t\t<\/div>\n\n\t\n\n<\/div>\n\n\t\t<\/div>\n\n\t\t\n<style>\n#section_1934498311 {\n  padding-top: 10px;\n  padding-bottom: 10px;\n}\n#section_1934498311 .section-bg img {\n  object-position: 49% 100%;\n}\n@media (min-width:550px) {\n  #section_1934498311 {\n    padding-top: 50px;\n    padding-bottom: 50px;\n  }\n}\n<\/style>\n\t<\/section>\n\t\n\n\t<section class=\"section\" id=\"section_155128131\">\n\t\t<div class=\"section-bg fill\" >\n\t\t\t<img decoding=\"async\" width=\"1000\" height=\"300\" src=\"https:\/\/www.alevcamcioglu.com\/wp-content\/uploads\/2024\/10\/Adsiz-tasarim-4.png\" class=\"bg attachment-2048x2048 size-2048x2048\" alt=\"\" title=\"\">\t\t\t\t\t\t\n\t\t\t\n\n\t\t<\/div>\n\n\t\t\n\n\t\t<div class=\"section-content relative\">\n\t\t\t\n\n<div class=\"row align-center\"  id=\"row-1186903576\">\n\n\n\t<div id=\"col-1372068562\" class=\"col small-12 large-12\"  >\n\t\t\t\t<div class=\"col-inner text-center\"  >\n\t\t\t\n\t\t\t\n\n\t<div id=\"text-530913889\" class=\"text\">\n\t\t\n\n<span style=\"font-size: 120%;\">Selda Aciman<\/span>\r\n\r\nIch konsultierte ihn aufgrund schwerer Atembeschwerden und fortgeschrittener Nasendeviation. Von meinem ersten Arzttermin bis zur Operation und w\u00e4hrend eines Jahres von Nachsorgeterminen waren sowohl Dr. Alev als auch das gesamte Personal sehr aufmerksam, hilfsbereit und unterst\u00fctzend. Vielen Dank f\u00fcr alles \ud83d\ude4f.\n\t\t\n<style>\n#text-530913889 {\n  text-align: center;\n  color: rgb(255,255,255);\n}\n#text-530913889 > * {\n  color: rgb(255,255,255);\n}\n<\/style>\n\t<\/div>\n\t\n\t<div id=\"gap-1685841950\" class=\"gap-element clearfix\" style=\"display:block; height:auto;\">\n\t\t\n<style>\n#gap-1685841950 {\n  padding-top: 30px;\n}\n<\/style>\n\t<\/div>\n\t\n\n\t<div class=\"img has-hover x md-x lg-x y md-y lg-y\" id=\"image_1739545495\">\n\t\t\t\t\t\t\t\t<div class=\"img-inner dark\" >\n\t\t\t<img decoding=\"async\" width=\"500\" height=\"150\" src=\"https:\/\/www.alevcamcioglu.com\/wp-content\/uploads\/2024\/10\/Adsiz-tasarim-2.png\" class=\"attachment-2048x2048 size-2048x2048\" alt=\"\" title=\"\">\t\t\t\t\t\t\n\t\t\t\t\t<\/div>\n\t\t\t\t\t\t\t\t\n<style>\n#image_1739545495 {\n  width: 40%;\n}\n@media (min-width:550px) {\n  #image_1739545495 {\n    width: 15%;\n  }\n}\n<\/style>\n\t<\/div>\n\t\n\n\n\t\t<\/div>\n\t\t\t\t\t<\/div>\n\n\t\n\n<\/div>\n\n\t\t<\/div>\n\n\t\t\n<style>\n#section_155128131 {\n  padding-top: 10px;\n  padding-bottom: 10px;\n}\n#section_155128131 .section-bg img {\n  object-position: 49% 100%;\n}\n@media (min-width:550px) {\n  #section_155128131 {\n    padding-top: 50px;\n    padding-bottom: 50px;\n  }\n}\n<\/style>\n\t<\/section>\n\t\n\n\t<section class=\"section\" id=\"section_1746931874\">\n\t\t<div class=\"section-bg fill\" >\n\t\t\t<img decoding=\"async\" width=\"1000\" height=\"300\" src=\"https:\/\/www.alevcamcioglu.com\/wp-content\/uploads\/2024\/10\/Adsiz-tasarim-4.png\" class=\"bg attachment-2048x2048 size-2048x2048\" alt=\"\" title=\"\">\t\t\t\t\t\t\n\t\t\t\n\n\t\t<\/div>\n\n\t\t\n\n\t\t<div class=\"section-content relative\">\n\t\t\t\n\n<div class=\"row align-center\"  id=\"row-2109120754\">\n\n\n\t<div id=\"col-417436140\" class=\"col small-12 large-12\"  >\n\t\t\t\t<div class=\"col-inner text-center\"  >\n\t\t\t\n\t\t\t\n\n\t<div id=\"text-4117054337\" class=\"text\">\n\t\t\n\n<span style=\"font-size: 120%;\">Gizem Alt\u0131nta\u015f<\/span>\r\n\r\nVor sechs Monaten wurde ich von ihm operiert. Ich bin mit dem Ergebnis sehr zufrieden. Ich habe eine Nase, die sowohl sehr nat\u00fcrlich als auch erstaunlich ist. Dr. Alevs Arbeit ist bereits fantastisch \ud83e\uddff. Ich m\u00f6chte ihm und seinem Team sehr danken. Vor der Operation haben sie so detaillierte Informationen \u00fcber den Prozess gegeben, dass es, wann immer ich mir nach der Operation Sorgen machte, ausreichte, die Notizen anzusehen, und es war, als h\u00e4tten sie vorab Antworten auf meine Bedenken vorbereitet. Eine gro\u00dfartige Teamleistung. \ud83d\udc4f Ich habe vielleicht nicht genug Worte, um meine Zufriedenheit auszudr\u00fccken, aber Sie verstehen, was ich meine \ud83d\ude42\n\t\t\n<style>\n#text-4117054337 {\n  text-align: center;\n  color: rgb(255,255,255);\n}\n#text-4117054337 > * {\n  color: rgb(255,255,255);\n}\n<\/style>\n\t<\/div>\n\t\n\t<div id=\"gap-606212184\" class=\"gap-element clearfix\" style=\"display:block; height:auto;\">\n\t\t\n<style>\n#gap-606212184 {\n  padding-top: 30px;\n}\n<\/style>\n\t<\/div>\n\t\n\n\t<div class=\"img has-hover x md-x lg-x y md-y lg-y\" id=\"image_1633608931\">\n\t\t\t\t\t\t\t\t<div class=\"img-inner dark\" >\n\t\t\t<img decoding=\"async\" width=\"500\" height=\"150\" src=\"https:\/\/www.alevcamcioglu.com\/wp-content\/uploads\/2024\/10\/Adsiz-tasarim-2.png\" class=\"attachment-2048x2048 size-2048x2048\" alt=\"\" title=\"\">\t\t\t\t\t\t\n\t\t\t\t\t<\/div>\n\t\t\t\t\t\t\t\t\n<style>\n#image_1633608931 {\n  width: 40%;\n}\n@media (min-width:550px) {\n  #image_1633608931 {\n    width: 15%;\n  }\n}\n<\/style>\n\t<\/div>\n\t\n\n\n\t\t<\/div>\n\t\t\t\t\t<\/div>\n\n\t\n\n<\/div>\n\n\t\t<\/div>\n\n\t\t\n<style>\n#section_1746931874 {\n  padding-top: 10px;\n  padding-bottom: 10px;\n}\n#section_1746931874 .section-bg img {\n  object-position: 49% 100%;\n}\n@media (min-width:550px) {\n  #section_1746931874 {\n    padding-top: 50px;\n    padding-bottom: 50px;\n  }\n}\n<\/style>\n\t<\/section>\n\t\n\n     <\/div>\n\n     <div class=\"loading-spin dark large centered\"><\/div>\n\n\t<\/div>\n\n\n\n\t\t<\/div>\n\n\t\t\n<style>\n#section_1647236864 {\n  padding-top: 10px;\n  padding-bottom: 10px;\n  background-color: #2b0062;\n}\n@media (min-width:550px) {\n  #section_1647236864 {\n    padding-top: 30px;\n    padding-bottom: 30px;\n  }\n}\n<\/style>\n\t<\/section>\n\t\n","protected":false},"excerpt":{"rendered":"","protected":false},"author":990002,"featured_media":1214,"parent":1437,"menu_order":0,"comment_status":"closed","ping_status":"closed","template":"page-blank.php","meta":{"footnotes":""},"class_list":["post-2571","page","type-page","status-publish","has-post-thumbnail","hentry"],"_links":{"self":[{"href":"https:\/\/www.alevcamcioglu.com\/de\/wp-json\/wp\/v2\/pages\/2571","targetHints":{"allow":["GET"]}}],"collection":[{"href":"https:\/\/www.alevcamcioglu.com\/de\/wp-json\/wp\/v2\/pages"}],"about":[{"href":"https:\/\/www.alevcamcioglu.com\/de\/wp-json\/wp\/v2\/types\/page"}],"author":[{"embeddable":true,"href":"https:\/\/www.alevcamcioglu.com\/de\/wp-json\/wp\/v2\/users\/990002"}],"replies":[{"embeddable":true,"href":"https:\/\/www.alevcamcioglu.com\/de\/wp-json\/wp\/v2\/comments?post=2571"}],"version-history":[{"count":2,"href":"https:\/\/www.alevcamcioglu.com\/de\/wp-json\/wp\/v2\/pages\/2571\/revisions"}],"predecessor-version":[{"id":11673,"href":"https:\/\/www.alevcamcioglu.com\/de\/wp-json\/wp\/v2\/pages\/2571\/revisions\/11673"}],"up":[{"embeddable":true,"href":"https:\/\/www.alevcamcioglu.com\/de\/wp-json\/wp\/v2\/pages\/1437"}],"wp:featuredmedia":[{"embeddable":true,"href":"https:\/\/www.alevcamcioglu.com\/de\/wp-json\/wp\/v2\/media\/1214"}],"wp:attachment":[{"href":"https:\/\/www.alevcamcioglu.com\/de\/wp-json\/wp\/v2\/media?parent=2571"}],"curies":[{"name":"wp","href":"https:\/\/api.w.org\/{rel}","templated":true}]}}